{"version":"1.0","provider_name":"Alcald\u00eda de Medell\u00edn","provider_url":"https:\/\/www.medellin.gov.co\/es","title":"Feria Popular D\u00edas del Libro","type":"rich","width":600,"height":338,"html":"<blockquote class=\"wp-embedded-content\" data-secret=\"Ao5EsUqpmH\"><a href=\"https:\/\/www.medellin.gov.co\/es\/eventos\/feria-popular-dias-del-libro-2\/\">Feria Popular D\u00edas del Libro<\/a><\/blockquote><iframe sandbox=\"allow-scripts\" security=\"restricted\" src=\"https:\/\/www.medellin.gov.co\/es\/eventos\/feria-popular-dias-del-libro-2\/embed\/#?secret=Ao5EsUqpmH\" width=\"600\" height=\"338\" title=\"\u00abFeria Popular D\u00edas del Libro\u00bb \u2014 Alcald\u00eda de Medell\u00edn\" data-secret=\"Ao5EsUqpmH\" frameborder=\"0\" marginwidth=\"0\" marginheight=\"0\" scrolling=\"no\" class=\"wp-embedded-content\"><\/iframe><script type=\"text\/javascript\">\n\/*! This file is auto-generated *\/\n!function(c,d){\"use strict\";var e=!1,o=!1;if(d.querySelector)if(c.addEventListener)e=!0;if(c.wp=c.wp||{},!c.wp.receiveEmbedMessage)if(c.wp.receiveEmbedMessage=function(e){var t=e.data;if(t)if(t.secret||t.message||t.value)if(!\/[^a-zA-Z0-9]\/.test(t.secret)){for(var r,a,i,s=d.querySelectorAll('iframe[data-secret=\"'+t.secret+'\"]'),n=d.querySelectorAll('blockquote[data-secret=\"'+t.secret+'\"]'),o=0;o<n.length;o++)n[o].style.display=\"none\";for(o=0;o<s.length;o++)if(r=s[o],e.source===r.contentWindow){if(r.removeAttribute(\"style\"),\"height\"===t.message){if(1e3<(i=parseInt(t.value,10)))i=1e3;else if(~~i<200)i=200;r.height=i}if(\"link\"===t.message)if(a=d.createElement(\"a\"),i=d.createElement(\"a\"),a.href=r.getAttribute(\"src\"),i.href=t.value,i.host===a.host)if(d.activeElement===r)c.top.location.href=t.value}}},e)c.addEventListener(\"message\",c.wp.receiveEmbedMessage,!1),d.addEventListener(\"DOMContentLoaded\",t,!1),c.addEventListener(\"load\",t,!1);function t(){if(!o){o=!0;for(var e,t,r,a=-1!==navigator.appVersion.indexOf(\"MSIE 10\"),i=!!navigator.userAgent.match(\/Trident.*rv:11\\.\/),s=d.querySelectorAll(\"iframe.wp-embedded-content\"),n=0;n<s.length;n++){if(!(r=(t=s[n]).getAttribute(\"data-secret\")))r=Math.random().toString(36).substr(2,10),t.src+=\"#?secret=\"+r,t.setAttribute(\"data-secret\",r);if(a||i)(e=t.cloneNode(!0)).removeAttribute(\"security\"),t.parentNode.replaceChild(e,t);t.contentWindow.postMessage({message:\"ready\",secret:r},\"*\")}}}}(window,document);\n<\/script>\n","thumbnail_url":"https:\/\/www.medellin.gov.co\/es\/wp-content\/uploads\/2026\/04\/imagen-nina.jpeg","thumbnail_width":1280,"thumbnail_height":886,"description":"Del 22 al 24 de mayo, Medell\u00edn celebrar\u00e1 los 20 a\u00f1os de la Feria Popular D\u00edas del Libro, un evento liderado por la Alcald\u00eda que reunir\u00e1 cerca de 300 actividades gratuitas para toda la ciudadan\u00eda."}