{"id":150687,"date":"2023-01-24T16:08:00","date_gmt":"2023-01-24T21:08:00","guid":{"rendered":"https:\/\/www.medellin.gov.co\/es\/?post_type=centro_documental&#038;p=150687"},"modified":"2025-01-25T09:56:41","modified_gmt":"2025-01-25T14:56:41","slug":"plan-estrategico-de-tecnologia-de-informacion","status":"publish","type":"centro_documental","link":"https:\/\/www.medellin.gov.co\/es\/centro-documental\/plan-estrategico-de-tecnologia-de-informacion\/","title":{"rendered":"Plan Estrat\u00e9gico de Tecnolog\u00eda de Informaci\u00f3n"},"content":{"rendered":"<div class=\"wrap contenido\">\n<div class=\"generica\">\n<h6 style=\"text-align: justify;\"><span style=\"color: #34495e;\">\u00daltima actualizaci\u00f3n: 22\/ 01 \/ 2025<\/span><\/h6>\n<p><a href=\"https:\/\/www.medellin.gov.co\/es\/wp-content\/uploads\/2023\/01\/Plan-Estrategico-de-Tecnologias-de-la-Informacion-2025-2028.pdf\" target=\"_blank\" rel=\"noopener\">Plan Estrat\u00e9gico de Tecnolog\u00eda de Informaci\u00f3n 2025 &#8211; 2028<\/a><\/p>\n<p>Conforme a los principios de \u201cPrioridad al acceso y uso de las Tecnolog\u00edas de la Informaci\u00f3n y las Comunicaciones\u201d y la \u201cMasificaci\u00f3n del Gobierno en L\u00ednea\u201d, ahora Gobierno Digital, consagrados respectivamente en los numerales 1\u00b0 y 8\u00b0 del art\u00edculo 2 de la Ley 1341 de 20091, las entidades p\u00fablicas deber\u00e1n priorizar el acceso y uso a las Tecnolog\u00edas de la Informaci\u00f3n y las Comunicaciones (TIC) en la producci\u00f3n de bienes y servicios, as\u00ed como adoptar todas las medidas necesarias para garantizar el m\u00e1ximo aprovechamiento de las Tecnolog\u00edas de la Informaci\u00f3n (TI) en el desarrollo de sus funciones, con el fin de lograr la prestaci\u00f3n de servicios eficientes a los ciudadanos.<strong>\u00a0<\/strong><\/p>\n<p>Es por lo anterior, \u201cde acuerdo con el Decreto \u00danico Reglamentario del Sector de Funci\u00f3n P\u00fablica, desde el Decreto 1083 de 2015 y su modificaci\u00f3n mediante el 1499 de 2017 y el 612 de 2018 del Departamento Administrativo de la Funci\u00f3n P\u00fablica, los organismos y entidades de los \u00f3rdenes nacional y territorial de la Rama Ejecutiva del Poder P\u00fablico deben liderar la gesti\u00f3n estrat\u00e9gica de las TIC mediante la definici\u00f3n, implementaci\u00f3n, ejecuci\u00f3n, seguimiento y divulgaci\u00f3n de un PETI, el cual debe estar alineado con el Plan Nacional de Desarrollo, los planes sectoriales, los planes decenales, lo planes de desarrollo territorial y la estrategia institucional seg\u00fan corresponda. As\u00ed mismo el PETI debe alinearse con el modelo integrado de gesti\u00f3n de la entidad (MIPG) a fin de generar valor p\u00fablico y habilitar capacidades y servicios tecnol\u00f3gicos necesarios para impulsar las transformaciones, la eficiencia y la transparencia del Estado.<strong>\u00a0<\/strong><\/p>\n<p>La Secretar\u00eda de Innovaci\u00f3n Digital del Distrito de Medell\u00edn, a trav\u00e9s de la definici\u00f3n de su plan estrat\u00e9gico de Tecnolog\u00edas de la Informaci\u00f3n \u2013 PETI 2025 -2028, tendr\u00e1 la oportunidad de transformar digitalmente los servicios que brinda a sus grupos de inter\u00e9s, adoptar los lineamientos de la Gesti\u00f3n de TI del Estado Colombiano, desarrollar su rol estrat\u00e9gico al interior de la Entidad, apoyar las \u00e1reas misionales mientras se piensa en tecnolog\u00eda, liderar las iniciativas de TI que deriven en soluciones reales y tener la capacidad de transformar su gesti\u00f3n, como parte de los beneficios que un plan estrat\u00e9gico de TI debe producir una vez se inicie su ejecuci\u00f3n.<\/p>\n<p>\u2022 <a href=\"https:\/\/www.medellin.gov.co\/es\/wp-content\/uploads\/2023\/01\/Plan-Estrategico-de-Tecnologias-de-la-Informacion-2025-2028.pdf\" target=\"_blank\" rel=\"noopener\">Plan Estrat\u00e9gico de Tecnolog\u00edas de la Informaci\u00f3n 2025-2028<\/a><\/p>\n<p>\u2022 <a href=\"https:\/\/www.medellin.gov.co\/es\/wp-content\/uploads\/2023\/01\/Anexo-1-Hoja-de-Ruta-PETI.pdf\" target=\"_blank\" rel=\"noopener\">Anexo 1 Hoja de Ruta PETI<\/a><br \/>\n\u2022 <a href=\"https:\/\/www.medellin.gov.co\/es\/wp-content\/uploads\/2023\/01\/Acta-05-12-2024-Comite-Extraordinario.pdf\" target=\"_blank\" rel=\"noopener\">Acta 05-12-2024 Comite Extraordinario<\/a><\/p>\n<\/div>\n<\/div>\n<div class=\"wrap contenido\">\n<div class=\"generica\">\n<div class=\"divContAdjuntos\">\n<h4><strong>Hist\u00f3rico:<\/strong><\/h4>\n<p>&nbsp;<\/p>\n<p>\u2022 <a href=\"https:\/\/www.medellin.gov.co\/es\/wp-content\/uploads\/2023\/01\/Actualizacion_Documento_PETI_2021_2024.pdf\" target=\"_blank\" rel=\"noopener\">Documento actualizaci\u00f3n hoja de ruta estrat\u00e9gica PETI 2021-2024<\/a> | pdf | 1.0 MB<strong><br \/>\n<\/strong>\u2022 <a href=\"https:\/\/www.medellin.gov.co\/es\/wp-content\/uploads\/2023\/01\/Actualizacion-2023-Documento-PETI-2021-2024.pdf\" target=\"_blank\" rel=\"noopener\">Documento actualizaci\u00f3n hoja de ruta estrat\u00e9gica Plan Estrat\u00e9gico de Tecnolog\u00edas de la Informaci\u00f3n 2021-2024<\/a> | pdf | 1.0 MB<br \/>\n\u2022 <a href=\"https:\/\/www.medellin.gov.co\/es\/wp-content\/uploads\/2023\/01\/Acta-CIGD-24-ago-de-2023.pdf\" target=\"_blank\" rel=\"noopener\">Acta Comit\u00e9 Institucional de Gesti\u00f3n y Desempe\u00f1o<\/a> | Agosto de 2023 | pdf | 1 MB<br \/>\n\u2022 <a href=\"https:\/\/www.medellin.gov.co\/es\/wp-content\/uploads\/2023\/01\/Acta-CIGD-24-nov-de-2022.pdf\" target=\"_blank\" rel=\"noopener\">Acta Comit\u00e9 Institucional de Gesti\u00f3n y Desempe\u00f1o<\/a> | Noviembre de 2022 | pdf | 2.2 MB<br \/>\n\u2022 <a href=\"\/irj\/go\/km\/docs\/pccdesign\/medellin\/Temas\/NuestroGobierno\/PlanesInstitucionalesyEstratgicos\/Shared%20Content\/Documentos\/2021\/Plan%20Estrategico%20de%20Tecnologias%20de%20la%20Informaci%c3%b3n%202021-2024.pdf\" target=\"_blank\" rel=\"noopener\">Plan Estrat\u00e9gico de Tecnolog\u00edas de la Informaci\u00f3n 2021 &#8211; 2024<\/a> | pdf | 8.0 MB &#8211; 19.03.2021<br \/>\n\u2022 <a href=\"\/irj\/go\/km\/docs\/pccdesign\/medellin\/Temas\/NuestroGobierno\/PlanesInstitucionalesyEstratgicos\/Shared%20Content\/Documentos\/2021\/PETI_Anexo1.pdf\" target=\"_blank\" rel=\"noopener\">Plan Estrat\u00e9gico de Tecnolog\u00edas de la Informaci\u00f3n 2021 &#8211; 2024 ( Anexo 1)<\/a> | pdf | 15 MB &#8211; 19.03.2021<br \/>\n\u2022 <a title=\"Plan Estrat\u00e9gico de Tecnolog\u00edas de la Informaci\u00f3n y las Comunicaciones (PETI) \/ 2016 - 2020\" href=\"\/irj\/go\/km\/docs\/pccdesign\/medellin\/Temas\/NuestroGobierno\/PlanesInstitucionalesyEstratgicos\/Shared Content\/Documentos\/PlanEstrategicodeTecnologiaInformacionPETI.pdf\" target=\"_blank\" rel=\"noopener\">Plan Estrat\u00e9gico de Tecnolog\u00edas de la Informaci\u00f3n y las Comunicaciones (PETI) \/ 2016 &#8211; 2020<\/a> | pdf | 4.7 MB<\/p>\n<\/div>\n<\/div>\n<\/div>\n","protected":false},"template":"","categories":[19],"tags":[],"tax_documento":[547],"acf":[],"_links":{"self":[{"href":"https:\/\/www.medellin.gov.co\/es\/wp-json\/wp\/v2\/centro_documental\/150687"}],"collection":[{"href":"https:\/\/www.medellin.gov.co\/es\/wp-json\/wp\/v2\/centro_documental"}],"about":[{"href":"https:\/\/www.medellin.gov.co\/es\/wp-json\/wp\/v2\/types\/centro_documental"}],"wp:attachment":[{"href":"https:\/\/www.medellin.gov.co\/es\/wp-json\/wp\/v2\/media?parent=150687"}],"wp:term":[{"taxonomy":"category","embeddable":true,"href":"https:\/\/www.medellin.gov.co\/es\/wp-json\/wp\/v2\/categories?post=150687"},{"taxonomy":"post_tag","embeddable":true,"href":"https:\/\/www.medellin.gov.co\/es\/wp-json\/wp\/v2\/tags?post=150687"},{"taxonomy":"tax_documento","embeddable":true,"href":"https:\/\/www.medellin.gov.co\/es\/wp-json\/wp\/v2\/tax_documento?post=150687"}],"curies":[{"name":"wp","href":"https:\/\/api.w.org\/{rel}","templated":true}]}}