{"id":39428,"date":"2021-12-07T10:59:41","date_gmt":"2021-12-07T15:59:41","guid":{"rendered":"https:\/\/www.medellin.gov.co\/es\/pdf\/desplazamiento-forzado-en-medellin-caracterizacion-de-un-fenomeno-complejo\/"},"modified":"2022-03-13T13:06:52","modified_gmt":"2022-03-13T18:06:52","slug":"desplazamiento-forzado-en-medellin-caracterizacion-de-un-fenomeno-complejo","status":"publish","type":"centro_documental","link":"https:\/\/www.medellin.gov.co\/es\/centro-documental\/desplazamiento-forzado-en-medellin-caracterizacion-de-un-fenomeno-complejo\/","title":{"rendered":"Desplazamiento forzado en Medell\u00edn. Caracterizaci\u00f3n de un fen\u00f3meno complejo"},"content":{"rendered":"<p>Esta investigaci\u00f3n parti\u00f3 del inter\u00e9s del SISC por analizar fen\u00f3menos de violencia que vulneraran derechos humanos de los habitantes de Medell\u00edn. En esta propuesta se comenz\u00f3 por indagar sobre el desplazamiento forzado intraurbano (DFI) en la ciudad, su comportamiento y el impacto que genera en sus habitantes.<\/p>\n","protected":false},"template":"","categories":[21],"tags":[],"tax_documento":[549],"acf":[],"_links":{"self":[{"href":"https:\/\/www.medellin.gov.co\/es\/wp-json\/wp\/v2\/centro_documental\/39428"}],"collection":[{"href":"https:\/\/www.medellin.gov.co\/es\/wp-json\/wp\/v2\/centro_documental"}],"about":[{"href":"https:\/\/www.medellin.gov.co\/es\/wp-json\/wp\/v2\/types\/centro_documental"}],"wp:featuredmedia":[{"embeddable":true,"href":"https:\/\/www.medellin.gov.co\/es\/wp-json\/wp\/v2\/media\/33690"}],"wp:attachment":[{"href":"https:\/\/www.medellin.gov.co\/es\/wp-json\/wp\/v2\/media?parent=39428"}],"wp:term":[{"taxonomy":"category","embeddable":true,"href":"https:\/\/www.medellin.gov.co\/es\/wp-json\/wp\/v2\/categories?post=39428"},{"taxonomy":"post_tag","embeddable":true,"href":"https:\/\/www.medellin.gov.co\/es\/wp-json\/wp\/v2\/tags?post=39428"},{"taxonomy":"tax_documento","embeddable":true,"href":"https:\/\/www.medellin.gov.co\/es\/wp-json\/wp\/v2\/tax_documento?post=39428"}],"curies":[{"name":"wp","href":"https:\/\/api.w.org\/{rel}","templated":true}]}}