{"id":139743,"date":"2022-12-10T12:51:54","date_gmt":"2022-12-10T17:51:54","guid":{"rendered":"https:\/\/www.medellin.gov.co\/es\/?post_type=eventos&#038;p=139743"},"modified":"2022-12-10T12:51:54","modified_gmt":"2022-12-10T17:51:54","slug":"caperucita-en-el-pais-de-las-maravillas","status":"publish","type":"eventos","link":"https:\/\/www.medellin.gov.co\/es\/eventos\/caperucita-en-el-pais-de-las-maravillas\/","title":{"rendered":"Caperucita en el pa\u00eds de las maravillas"},"content":{"rendered":"<p>La Red de Pr\u00e1cticas Art\u00edsticas y Culturales de Medell\u00edn invita a toda la ciudadan\u00eda al cierre de sus procesos formativos en teatro. Te invitamos a la muestra teatral \u00abCaperucita en el pa\u00eds de las maravillas\u00bb del Laboratorio de Creaci\u00f3n Esc\u00e9nica en convenio con el Laboratorio de Creaci\u00f3n Esc\u00e9nica de la Casa de Cultura \u00c1vila.<\/p>\n<p><img src=\"https:\/\/www.medellin.gov.co\/es\/wp-content\/uploads\/2022\/12\/Caperucita-en-el-pais-de-las-maravillas.jpg\" \/><\/p>\n","protected":false},"featured_media":139754,"template":"","categories":[31],"tags":[428,627],"acf":{"extracto_del_evento":"La Red de Pr\u00e1cticas Art\u00edsticas y Culturales de Medell\u00edn invita a toda la ciudadan\u00eda al cierre de sus procesos formativos en teatro. Te invitamos a la muestra teatral\"Caperucita en el pa\u00eds de las maravillas\" del Laboratorio de Creaci\u00f3n Esc\u00e9nica en convenio con el Laboratorio de Creaci\u00f3n Esc\u00e9nica de la Casa de Cultura \u00c1vila.\r\n","inicio_del_evento":"20221210","hora_inicio":"16:00:00","fin_del_evento":"20221211","hora_fin":"18:00:00","estado_del_evento":"Activo","ubicacion":"Calle 64#39-19 Sala Ziruma","tipo_de_ingreso":"Gratis","organizacion_event":"Red de Pr\u00e1cticas Art\u00edsticas y Culturales","telefonos_eventos":"6044444144","email_eventos":"movilizacionredpracticasac@medellin.gov.co","mapa_evento":"<iframe src=\"https:\/\/www.google.com\/maps\/embed?pb=!1m18!1m12!1m3!1d3966.0637127474665!2d-75.555237485445!3d6.255336995472253!2m3!1f0!2f0!3f0!3m2!1i1024!2i768!4f13.1!3m3!1m2!1s0x8e4428f31ace85f7%3A0x5e1e7acf08b1c9cf!2sziruma%20Sala%20Artistica!5e0!3m2!1ses-419!2sco!4v1670694554444!5m2!1ses-419!2sco\" width=\"600\" height=\"450\" style=\"border:0;\" allowfullscreen=\"\" loading=\"lazy\" referrerpolicy=\"no-referrer-when-downgrade\"><\/iframe>"},"_links":{"self":[{"href":"https:\/\/www.medellin.gov.co\/es\/wp-json\/wp\/v2\/eventos\/139743"}],"collection":[{"href":"https:\/\/www.medellin.gov.co\/es\/wp-json\/wp\/v2\/eventos"}],"about":[{"href":"https:\/\/www.medellin.gov.co\/es\/wp-json\/wp\/v2\/types\/eventos"}],"wp:featuredmedia":[{"embeddable":true,"href":"https:\/\/www.medellin.gov.co\/es\/wp-json\/wp\/v2\/media\/139754"}],"wp:attachment":[{"href":"https:\/\/www.medellin.gov.co\/es\/wp-json\/wp\/v2\/media?parent=139743"}],"wp:term":[{"taxonomy":"category","embeddable":true,"href":"https:\/\/www.medellin.gov.co\/es\/wp-json\/wp\/v2\/categories?post=139743"},{"taxonomy":"post_tag","embeddable":true,"href":"https:\/\/www.medellin.gov.co\/es\/wp-json\/wp\/v2\/tags?post=139743"}],"curies":[{"name":"wp","href":"https:\/\/api.w.org\/{rel}","templated":true}]}}