{"id":176555,"date":"2023-04-14T11:59:45","date_gmt":"2023-04-14T16:59:45","guid":{"rendered":"https:\/\/www.medellin.gov.co\/es\/?post_type=eventos&#038;p=176555"},"modified":"2023-04-14T12:07:06","modified_gmt":"2023-04-14T17:07:06","slug":"concierto-de-temporada-de-la-red-de-musicas","status":"publish","type":"eventos","link":"https:\/\/www.medellin.gov.co\/es\/eventos\/concierto-de-temporada-de-la-red-de-musicas\/","title":{"rendered":"Asiste al Concierto de Temporada de la Red de M\u00fasicas"},"content":{"rendered":"<p>El lunes, 24 de abril, el Teatro Universidad de Medell\u00edn abrir\u00e1 sus puertas desde las 6:00 p. m. para el primer Concierto de Temporada de la Red de M\u00fasicas de este a\u00f1o \u201cMemorials, un contraste de emociones\u201d con la interpretaci\u00f3n de 90 ni\u00f1os, ni\u00f1as y j\u00f3venes de la Banda Sinf\u00f3nica Juvenil.<\/p>\n<p>Esta vez, se espera que alrededor de 1.700 personas disfruten de esta presentaci\u00f3n la cual har\u00e1 un recorrido por las obras m\u00e1s representativas de la cultura occidental en repertorios de las bandas sinf\u00f3nicas.<\/p>\n<p>El secretario de Cultura Ciudadana, \u00c1lvaro Narv\u00e1ez, afirm\u00f3 que con este concierto, las personas podr\u00e1n \u201cconocer ese proceso que ha transformado a la ciudad, por lo que nos caracteriza. Vamos a apostarle desde el arte y la m\u00fasica a la transformaci\u00f3n educativa y cultural de la ciudad. Medell\u00edn es creativa de la m\u00fasica, gracias a estas actividades\u201d.<\/p>\n<p>A las 6:00 p. m., en el hall del teatro, se har\u00e1 una activaci\u00f3n musical con la agrupaci\u00f3n A viento y ca\u00f1a, un cuarteto de clarinetes de la Escuela de M\u00fasica de Robledo. A las 7:00 p. m. inicia un viaje musical en el que se interpretar\u00e1 un repertorio de obras cl\u00e1sicas.<\/p>\n<p>Este a\u00f1o, la red realizar\u00e1 nueve Conciertos de Temporada, a trav\u00e9s de los cuales compartir\u00e1 el talento de sus integrantes en diferentes g\u00e9neros musicales.<\/p>\n<p>Con estos eventos, la Red contin\u00faa afianzando la alianza con la Universidad de Medell\u00edn para el desarrollo de este evento insignia del proyecto. De esta manera, se reconoce la importancia de estos escenarios de participaci\u00f3n que se crean para la ciudadan\u00eda, amplificados gracias a la uni\u00f3n del sector p\u00fablico y el privado.<\/p>\n<p><img loading=\"lazy\" class=\"alignnone size-medium wp-image-177040\" src=\"https:\/\/www.medellin.gov.co\/es\/wp-content\/uploads\/2023\/04\/Concierto-de-temporada-1-298x300.jpg\" alt=\"Concierto de temporada\" width=\"298\" height=\"300\" srcset=\"https:\/\/www.medellin.gov.co\/es\/wp-content\/uploads\/2023\/04\/Concierto-de-temporada-1-298x300.jpg 298w, https:\/\/www.medellin.gov.co\/es\/wp-content\/uploads\/2023\/04\/Concierto-de-temporada-1-1017x1024.jpg 1017w, https:\/\/www.medellin.gov.co\/es\/wp-content\/uploads\/2023\/04\/Concierto-de-temporada-1-150x150.jpg 150w, https:\/\/www.medellin.gov.co\/es\/wp-content\/uploads\/2023\/04\/Concierto-de-temporada-1-768x773.jpg 768w, https:\/\/www.medellin.gov.co\/es\/wp-content\/uploads\/2023\/04\/Concierto-de-temporada-1.jpg 1126w\" sizes=\"(max-width: 298px) 100vw, 298px\" \/><\/p>\n","protected":false},"featured_media":176558,"template":"","categories":[31],"tags":[444,428,627],"acf":{"extracto_del_evento":"El lunes, 24 de abril, el Teatro Universidad de Medell\u00edn abrir\u00e1 sus puertas desde las 6:00 p. m. para el primer Concierto de Temporada de la Red de M\u00fasicas de este a\u00f1o \u201cMemorials, un contraste de emociones\u201d con la interpretaci\u00f3n de 90 ni\u00f1os, ni\u00f1as y j\u00f3venes de la Banda Sinf\u00f3nica Juvenil. ","inicio_del_evento":"20230424","hora_inicio":"18:00:00","fin_del_evento":"20230424","hora_fin":"20:30:00","estado_del_evento":"Activo","ubicacion":"Cra. 87 #30-65, Medell\u00edn, Bel\u00e9n, Medell\u00edn, Antioquia","tipo_de_ingreso":"Gratis","organizacion_event":"Red de M\u00fasicas de Medell\u00edn","telefonos_eventos":"No reporta","email_eventos":"comunicacionesredmusicamedellin@udea.edu.co","mapa_evento":"<iframe src=\"https:\/\/www.google.com\/maps\/embed?pb=!1m18!1m12!1m3!1d3966.243588922928!2d-75.61244292535834!3d6.2315849937566234!2m3!1f0!2f0!3f0!3m2!1i1024!2i768!4f13.1!3m3!1m2!1s0x8e44298d0551a085%3A0xd6c06b6158ba814d!2sUniversidad%20de%20Medell%C3%ADn!5e0!3m2!1ses-419!2sco!4v1681491370611!5m2!1ses-419!2sco\" width=\"600\" height=\"450\" style=\"border:0;\" allowfullscreen=\"\" loading=\"lazy\" referrerpolicy=\"no-referrer-when-downgrade\"><\/iframe>"},"_links":{"self":[{"href":"https:\/\/www.medellin.gov.co\/es\/wp-json\/wp\/v2\/eventos\/176555"}],"collection":[{"href":"https:\/\/www.medellin.gov.co\/es\/wp-json\/wp\/v2\/eventos"}],"about":[{"href":"https:\/\/www.medellin.gov.co\/es\/wp-json\/wp\/v2\/types\/eventos"}],"wp:featuredmedia":[{"embeddable":true,"href":"https:\/\/www.medellin.gov.co\/es\/wp-json\/wp\/v2\/media\/176558"}],"wp:attachment":[{"href":"https:\/\/www.medellin.gov.co\/es\/wp-json\/wp\/v2\/media?parent=176555"}],"wp:term":[{"taxonomy":"category","embeddable":true,"href":"https:\/\/www.medellin.gov.co\/es\/wp-json\/wp\/v2\/categories?post=176555"},{"taxonomy":"post_tag","embeddable":true,"href":"https:\/\/www.medellin.gov.co\/es\/wp-json\/wp\/v2\/tags?post=176555"}],"curies":[{"name":"wp","href":"https:\/\/api.w.org\/{rel}","templated":true}]}}