{"id":207783,"date":"2023-06-16T17:04:01","date_gmt":"2023-06-16T22:04:01","guid":{"rendered":"https:\/\/www.medellin.gov.co\/es\/?post_type=eventos&#038;p=207783"},"modified":"2023-06-16T17:04:01","modified_gmt":"2023-06-16T22:04:01","slug":"a-pie-pelao-danza-en-la-comuna-7","status":"publish","type":"eventos","link":"https:\/\/www.medellin.gov.co\/es\/eventos\/a-pie-pelao-danza-en-la-comuna-7\/","title":{"rendered":"A pie pelao Danza en la comuna 7"},"content":{"rendered":"<div dir=\"auto\">\u00a0\u00danete a este movimiento de vida, sabor y folclor<\/div>\n<div dir=\"auto\"><\/div>\n<div dir=\"auto\">Vamos a mover el cuerpo, crear con la danza y explorar al ritmo de las danzas tradicionales de la cultura afrocolombianas del Pac\u00edfico y el Atl\u00e1ntico colombiano junto a @casatumac y la Red de Danzas<\/div>\n<div dir=\"auto\"><\/div>\n<div dir=\"auto\">Haz parte de la po\u00e9tica danc\u00edstica de esta gran Red. \u00a1Te esperamos!<\/div>\n<div dir=\"auto\"><\/div>\n<div dir=\"auto\">#NosMueveLaCultura cuando nos reconocemos en la diversidad de #LaRedDeMedell\u00edn<\/div>\n<div dir=\"auto\"><img src=\"https:\/\/www.medellin.gov.co\/es\/wp-content\/uploads\/2023\/06\/DANZAS-CASA-TUMAC-02.jpg\" \/><\/div>\n","protected":false},"featured_media":137987,"template":"","categories":[31],"tags":[444,428,627],"acf":{"extracto_del_evento":"\u00a1Abrimos convocatoria con #LaRedDeMedell\u00edn! \u00bfQuieres ser parte de los Laboratorios de la Red de Danzas? Haz parte de la diversidad de encuentros de formaci\u00f3n que tenemos en diferentes comunas de la ciudad.","inicio_del_evento":"20230622","hora_inicio":"14:00:00","fin_del_evento":"20231130","hora_fin":"11:00:00","estado_del_evento":"Pendiente","ubicacion":"Parque Biblioteca Tom\u00e1s Carrasquilla - La Quintana, Avenida 80, Luis Lopez de Mesa, Medell\u00edn.","tipo_de_ingreso":"Gratis","organizacion_event":"Red de Pr\u00e1cticas Art\u00edsticas y Culturales","telefonos_eventos":"3172235339","email_eventos":"No reporta","mapa_evento":"<iframe src=\"https:\/\/www.google.com\/maps\/embed?pb=!1m18!1m12!1m3!1d3965.8347620880477!2d-75.58609842535799!3d6.285439793703502!2m3!1f0!2f0!3f0!3m2!1i1024!2i768!4f13.1!3m3!1m2!1s0x8e44292dd0bdaf09%3A0x25d3684a5e06a767!2sParque%20Biblioteca%20Tom%C3%A1s%20Carrasquilla%20-%20La%20Quintana!5e0!3m2!1ses-419!2sco!4v1686953023695!5m2!1ses-419!2sco\" width=\"600\" height=\"450\" style=\"border:0;\" allowfullscreen=\"\" loading=\"lazy\" referrerpolicy=\"no-referrer-when-downgrade\"><\/iframe>"},"_links":{"self":[{"href":"https:\/\/www.medellin.gov.co\/es\/wp-json\/wp\/v2\/eventos\/207783"}],"collection":[{"href":"https:\/\/www.medellin.gov.co\/es\/wp-json\/wp\/v2\/eventos"}],"about":[{"href":"https:\/\/www.medellin.gov.co\/es\/wp-json\/wp\/v2\/types\/eventos"}],"wp:featuredmedia":[{"embeddable":true,"href":"https:\/\/www.medellin.gov.co\/es\/wp-json\/wp\/v2\/media\/137987"}],"wp:attachment":[{"href":"https:\/\/www.medellin.gov.co\/es\/wp-json\/wp\/v2\/media?parent=207783"}],"wp:term":[{"taxonomy":"category","embeddable":true,"href":"https:\/\/www.medellin.gov.co\/es\/wp-json\/wp\/v2\/categories?post=207783"},{"taxonomy":"post_tag","embeddable":true,"href":"https:\/\/www.medellin.gov.co\/es\/wp-json\/wp\/v2\/tags?post=207783"}],"curies":[{"name":"wp","href":"https:\/\/api.w.org\/{rel}","templated":true}]}}