{"id":208163,"date":"2023-06-21T07:34:57","date_gmt":"2023-06-21T12:34:57","guid":{"rendered":"https:\/\/www.medellin.gov.co\/es\/?post_type=eventos&#038;p=208163"},"modified":"2023-06-21T07:34:57","modified_gmt":"2023-06-21T12:34:57","slug":"circo-social-en-la-comuna-10","status":"publish","type":"eventos","link":"https:\/\/www.medellin.gov.co\/es\/eventos\/circo-social-en-la-comuna-10\/","title":{"rendered":"Circo social en la comuna 10"},"content":{"rendered":"<div dir=\"auto\">Haz parte de una Red que habita a Medell\u00edn desde diferentes expresiones esc\u00e9nicas<\/div>\n<div dir=\"auto\"><\/div>\n<div dir=\"auto\">Junto a @circomomo y la Red de Creaci\u00f3n Esc\u00e9nica te invitamos a ser parte del Laboratorio Base con \u00e9nfasis en Circo Social.<\/div>\n<div dir=\"auto\"><\/div>\n<div dir=\"auto\">#NosMueveLaCultura<\/div>\n<div dir=\"auto\">#LaRedDeMedell\u00edn<\/div>\n<div dir=\"auto\"><img src=\"https:\/\/www.medellin.gov.co\/es\/wp-content\/uploads\/2023\/06\/CIRCO-SOCIAL-CIRCO-MOMO-scaled.jpg\" \/><\/div>\n","protected":false},"featured_media":208165,"template":"","categories":[31],"tags":[444,428,627],"acf":{"extracto_del_evento":"\u00a1Abrimos convocatoria con #LaRedDeMedell\u00edn! \u00bfQuieres ser parte de la Red de Creaci\u00f3n Esc\u00e9nica de Medellin? Haz parte de la diversidad de encuentros de formaci\u00f3n que tenemos en la ciudad.","inicio_del_evento":"20230624","hora_inicio":"08:00:00","fin_del_evento":"20231130","hora_fin":"18:00:00","estado_del_evento":"Activo","ubicacion":"UVA de la Imaginaci\u00f3n, Carrera 40, Medell\u00edn.","tipo_de_ingreso":"Gratis","organizacion_event":"Red de Pr\u00e1cticas Art\u00edsticas y Culturales","telefonos_eventos":"3195274924 - 3167116242","email_eventos":"No reporta","mapa_evento":"<iframe src=\"https:\/\/www.google.com\/maps\/embed?pb=!1m18!1m12!1m3!1d3966.07939873477!2d-75.55793192535829!3d6.25326929373521!2m3!1f0!2f0!3f0!3m2!1i1024!2i768!4f13.1!3m3!1m2!1s0x8e4428f4725f1d6b%3A0xbde7d950c5b950d!2sUVA%20de%20la%20Imaginaci%C3%B3n!5e0!3m2!1ses-419!2sco!4v1687350883947!5m2!1ses-419!2sco\" width=\"600\" height=\"450\" style=\"border:0;\" allowfullscreen=\"\" loading=\"lazy\" referrerpolicy=\"no-referrer-when-downgrade\"><\/iframe>"},"_links":{"self":[{"href":"https:\/\/www.medellin.gov.co\/es\/wp-json\/wp\/v2\/eventos\/208163"}],"collection":[{"href":"https:\/\/www.medellin.gov.co\/es\/wp-json\/wp\/v2\/eventos"}],"about":[{"href":"https:\/\/www.medellin.gov.co\/es\/wp-json\/wp\/v2\/types\/eventos"}],"wp:featuredmedia":[{"embeddable":true,"href":"https:\/\/www.medellin.gov.co\/es\/wp-json\/wp\/v2\/media\/208165"}],"wp:attachment":[{"href":"https:\/\/www.medellin.gov.co\/es\/wp-json\/wp\/v2\/media?parent=208163"}],"wp:term":[{"taxonomy":"category","embeddable":true,"href":"https:\/\/www.medellin.gov.co\/es\/wp-json\/wp\/v2\/categories?post=208163"},{"taxonomy":"post_tag","embeddable":true,"href":"https:\/\/www.medellin.gov.co\/es\/wp-json\/wp\/v2\/tags?post=208163"}],"curies":[{"name":"wp","href":"https:\/\/api.w.org\/{rel}","templated":true}]}}