{"id":472574,"date":"2025-11-06T13:36:39","date_gmt":"2025-11-06T18:36:39","guid":{"rendered":"https:\/\/www.medellin.gov.co\/es\/?post_type=eventos&#038;p=472574"},"modified":"2025-11-06T13:41:02","modified_gmt":"2025-11-06T18:41:02","slug":"festival-entre-redes-2025","status":"publish","type":"eventos","link":"https:\/\/www.medellin.gov.co\/es\/eventos\/festival-entre-redes-2025\/","title":{"rendered":"Festival Entre Redes 2025"},"content":{"rendered":"<p><strong>\u2728<\/strong><strong> \u00a1Vive la Creatividad! Festival Entre Redes 2025: Celebrando el Talento de Nuestros J\u00f3venes<\/strong><\/p>\n<p>La <strong>Alcald\u00eda de la Gente<\/strong>\u00a0se complace en invitar a todos los Servidores y sus familias al <strong>Festival Entre Redes 2025<\/strong>, un encuentro emblem\u00e1tico que conecta las artes y celebra el talento de nuestros ni\u00f1os, ni\u00f1as y j\u00f3venes de la Red de Pr\u00e1cticas Art\u00edsticas y Culturales.<\/p>\n\n\t\t<style type=\"text\/css\">\n\t\t\t#gallery-1 {\n\t\t\t\tmargin: auto;\n\t\t\t}\n\t\t\t#gallery-1 .gallery-item {\n\t\t\t\tfloat: left;\n\t\t\t\tmargin-top: 10px;\n\t\t\t\ttext-align: center;\n\t\t\t\twidth: 50%;\n\t\t\t}\n\t\t\t#gallery-1 img {\n\t\t\t\tborder: 2px solid #cfcfcf;\n\t\t\t}\n\t\t\t#gallery-1 .gallery-caption {\n\t\t\t\tmargin-left: 0;\n\t\t\t}\n\t\t\t\/* see gallery_shortcode() in wp-includes\/media.php *\/\n\t\t<\/style>\n\t\t<div id='gallery-1' class='gallery galleryid-472574 gallery-columns-2 gallery-size-large'><dl class='gallery-item'>\n\t\t\t<dt class='gallery-icon landscape'>\n\t\t\t\t<a href='https:\/\/www.medellin.gov.co\/es\/eventos\/festival-entre-redes-2025\/imagen-1-redes_2\/'><img width=\"1024\" height=\"682\" src=\"https:\/\/www.medellin.gov.co\/es\/wp-content\/uploads\/2025\/11\/imagen-1-redes_2-1024x682.jpg\" class=\"attachment-large size-large\" alt=\"\" loading=\"lazy\" srcset=\"https:\/\/www.medellin.gov.co\/es\/wp-content\/uploads\/2025\/11\/imagen-1-redes_2-1024x682.jpg 1024w, https:\/\/www.medellin.gov.co\/es\/wp-content\/uploads\/2025\/11\/imagen-1-redes_2-300x200.jpg 300w, https:\/\/www.medellin.gov.co\/es\/wp-content\/uploads\/2025\/11\/imagen-1-redes_2-150x100.jpg 150w, https:\/\/www.medellin.gov.co\/es\/wp-content\/uploads\/2025\/11\/imagen-1-redes_2-768x512.jpg 768w, https:\/\/www.medellin.gov.co\/es\/wp-content\/uploads\/2025\/11\/imagen-1-redes_2.jpg 1280w\" sizes=\"(max-width: 1024px) 100vw, 1024px\" \/><\/a>\n\t\t\t<\/dt><\/dl><dl class='gallery-item'>\n\t\t\t<dt class='gallery-icon landscape'>\n\t\t\t\t<a href='https:\/\/www.medellin.gov.co\/es\/eventos\/festival-entre-redes-2025\/imagen-1-redes_1\/'><img width=\"1024\" height=\"663\" src=\"https:\/\/www.medellin.gov.co\/es\/wp-content\/uploads\/2025\/11\/imagen-1-redes_1-1024x663.jpg\" class=\"attachment-large size-large\" alt=\"\" loading=\"lazy\" srcset=\"https:\/\/www.medellin.gov.co\/es\/wp-content\/uploads\/2025\/11\/imagen-1-redes_1-1024x663.jpg 1024w, https:\/\/www.medellin.gov.co\/es\/wp-content\/uploads\/2025\/11\/imagen-1-redes_1-300x194.jpg 300w, https:\/\/www.medellin.gov.co\/es\/wp-content\/uploads\/2025\/11\/imagen-1-redes_1-150x97.jpg 150w, https:\/\/www.medellin.gov.co\/es\/wp-content\/uploads\/2025\/11\/imagen-1-redes_1-768x497.jpg 768w, https:\/\/www.medellin.gov.co\/es\/wp-content\/uploads\/2025\/11\/imagen-1-redes_1.jpg 1280w\" sizes=\"(max-width: 1024px) 100vw, 1024px\" \/><\/a>\n\t\t\t<\/dt><\/dl><br style=\"clear: both\" \/>\n\t\t<\/div>\n\n<p><strong>\ud83c\udfad<\/strong><strong> Dos Momentos Estelares que No te Puedes Perder: <\/strong>El festival ha sido dise\u00f1ado para mostrar la riqueza del proceso de formaci\u00f3n de la RPAC en dos grandes actos centrales:<\/p>\n<ol>\n<li><strong> Acto de Apertura: Festivaliando: <\/strong>Un espacio vibrante y abierto donde podr\u00e1 disfrutar de <strong>muestras art\u00edsticas y experiencias creativas <\/strong>diversas. &#8216;Festivaliando&#8217; es la oportunidad perfecta para presenciar el reflejo del proceso de formaci\u00f3n y la vasta diversidad de expresiones art\u00edsticas que confluyen en la Red.<\/li>\n<li><strong> Acto de Cierre: Ensamble Entre Redes \u201cLa Tierra del Sol\u201d: <\/strong>Una espectacular <strong>puesta en escena <\/strong>de gran formato que rinde homenaje a los 350 a\u00f1os de historia de Medell\u00edn. Esta producci\u00f3n ser\u00e1 protagonizada por los talentosos participantes de las redes de <strong>danza, creaci\u00f3n esc\u00e9nica, m\u00fasica, artes pl\u00e1sticas y audiovisuales<\/strong>, ofreciendo un recorrido hist\u00f3rico y cultural inolvidable.<\/li>\n<\/ol>\n<ul data-editing-info=\"{&quot;applyListStyleFromLevel&quot;:false,&quot;unorderedStyleType&quot;:1}\">\n<li><strong>Fecha:<\/strong>\u00a0Martes 12 de noviembre<\/li>\n<li><strong>Lugar:<\/strong>\u00a0Teatro Metropolitano<\/li>\n<li><strong>Entrada:<\/strong>\u00a0Libre<\/li>\n<\/ul>\n<p><strong>Este festival es un viaje donde el protagonista eres t\u00fa.<\/strong>\u00a0Te esperamos para celebrar juntos lo que somos: creatividad, talento y diversidad.<\/p>\n\n\t\t<style type=\"text\/css\">\n\t\t\t#gallery-2 {\n\t\t\t\tmargin: auto;\n\t\t\t}\n\t\t\t#gallery-2 .gallery-item {\n\t\t\t\tfloat: left;\n\t\t\t\tmargin-top: 10px;\n\t\t\t\ttext-align: center;\n\t\t\t\twidth: 50%;\n\t\t\t}\n\t\t\t#gallery-2 img {\n\t\t\t\tborder: 2px solid #cfcfcf;\n\t\t\t}\n\t\t\t#gallery-2 .gallery-caption {\n\t\t\t\tmargin-left: 0;\n\t\t\t}\n\t\t\t\/* see gallery_shortcode() in wp-includes\/media.php *\/\n\t\t<\/style>\n\t\t<div id='gallery-2' class='gallery galleryid-472574 gallery-columns-2 gallery-size-large'><dl class='gallery-item'>\n\t\t\t<dt class='gallery-icon portrait'>\n\t\t\t\t<a href='https:\/\/www.medellin.gov.co\/es\/eventos\/festival-entre-redes-2025\/ecard-redes-1\/'><img width=\"819\" height=\"1024\" src=\"https:\/\/www.medellin.gov.co\/es\/wp-content\/uploads\/2025\/11\/ecard-redes-1-819x1024.jpg\" class=\"attachment-large size-large\" alt=\"\" loading=\"lazy\" srcset=\"https:\/\/www.medellin.gov.co\/es\/wp-content\/uploads\/2025\/11\/ecard-redes-1-819x1024.jpg 819w, https:\/\/www.medellin.gov.co\/es\/wp-content\/uploads\/2025\/11\/ecard-redes-1-240x300.jpg 240w, https:\/\/www.medellin.gov.co\/es\/wp-content\/uploads\/2025\/11\/ecard-redes-1-120x150.jpg 120w, https:\/\/www.medellin.gov.co\/es\/wp-content\/uploads\/2025\/11\/ecard-redes-1-768x960.jpg 768w, https:\/\/www.medellin.gov.co\/es\/wp-content\/uploads\/2025\/11\/ecard-redes-1-1229x1536.jpg 1229w, https:\/\/www.medellin.gov.co\/es\/wp-content\/uploads\/2025\/11\/ecard-redes-1-1639x2048.jpg 1639w, https:\/\/www.medellin.gov.co\/es\/wp-content\/uploads\/2025\/11\/ecard-redes-1-scaled.jpg 2048w\" sizes=\"(max-width: 819px) 100vw, 819px\" \/><\/a>\n\t\t\t<\/dt><\/dl><dl class='gallery-item'>\n\t\t\t<dt class='gallery-icon portrait'>\n\t\t\t\t<a href='https:\/\/www.medellin.gov.co\/es\/eventos\/festival-entre-redes-2025\/redesprogramacion\/'><img width=\"819\" height=\"1024\" src=\"https:\/\/www.medellin.gov.co\/es\/wp-content\/uploads\/2025\/11\/redesprogramacion-819x1024.jpg\" class=\"attachment-large size-large\" alt=\"\" loading=\"lazy\" srcset=\"https:\/\/www.medellin.gov.co\/es\/wp-content\/uploads\/2025\/11\/redesprogramacion-819x1024.jpg 819w, https:\/\/www.medellin.gov.co\/es\/wp-content\/uploads\/2025\/11\/redesprogramacion-240x300.jpg 240w, https:\/\/www.medellin.gov.co\/es\/wp-content\/uploads\/2025\/11\/redesprogramacion-120x150.jpg 120w, https:\/\/www.medellin.gov.co\/es\/wp-content\/uploads\/2025\/11\/redesprogramacion-768x960.jpg 768w, https:\/\/www.medellin.gov.co\/es\/wp-content\/uploads\/2025\/11\/redesprogramacion.jpg 1024w\" sizes=\"(max-width: 819px) 100vw, 819px\" \/><\/a>\n\t\t\t<\/dt><\/dl><br style=\"clear: both\" \/>\n\t\t<\/div>\n\n","protected":false},"featured_media":472585,"template":"","categories":[31],"tags":[444,428],"acf":{"extracto_del_evento":"\u2728 \u00a1Vive la Creatividad! Festival Entre Redes 2025: Celebrando el Talento de Nuestros J\u00f3venes","inicio_del_evento":"20251112","hora_inicio":"19:00:00","fin_del_evento":"20251112","hora_fin":"23:00:00","estado_del_evento":"Pendiente","ubicacion":"Teatro Metropolitano","tipo_de_ingreso":"Gratis","organizacion_event":"Secretar\u00eda de Cultura Ciudadana","telefonos_eventos":"","email_eventos":"","mapa_evento":"<iframe src=\"https:\/\/www.google.com\/maps\/embed?pb=!1m18!1m12!1m3!1d3966.157017102714!2d-75.58003222432082!3d6.243027726357716!2m3!1f0!2f0!3f0!3m2!1i1024!2i768!4f13.1!3m3!1m2!1s0x8e4429ac634fe2db%3A0x941f556c01ec412e!2sTeatro%20Metropolitano%20Jos%C3%A9%20Guti%C3%A9rrez%20G%C3%B3mez!5e0!3m2!1ses!2sco!4v1762453524351!5m2!1ses!2sco\" width=\"600\" height=\"450\" style=\"border:0;\" allowfullscreen=\"\" loading=\"lazy\" referrerpolicy=\"no-referrer-when-downgrade\"><\/iframe>"},"_links":{"self":[{"href":"https:\/\/www.medellin.gov.co\/es\/wp-json\/wp\/v2\/eventos\/472574"}],"collection":[{"href":"https:\/\/www.medellin.gov.co\/es\/wp-json\/wp\/v2\/eventos"}],"about":[{"href":"https:\/\/www.medellin.gov.co\/es\/wp-json\/wp\/v2\/types\/eventos"}],"wp:featuredmedia":[{"embeddable":true,"href":"https:\/\/www.medellin.gov.co\/es\/wp-json\/wp\/v2\/media\/472585"}],"wp:attachment":[{"href":"https:\/\/www.medellin.gov.co\/es\/wp-json\/wp\/v2\/media?parent=472574"}],"wp:term":[{"taxonomy":"category","embeddable":true,"href":"https:\/\/www.medellin.gov.co\/es\/wp-json\/wp\/v2\/categories?post=472574"},{"taxonomy":"post_tag","embeddable":true,"href":"https:\/\/www.medellin.gov.co\/es\/wp-json\/wp\/v2\/tags?post=472574"}],"curies":[{"name":"wp","href":"https:\/\/api.w.org\/{rel}","templated":true}]}}