{"id":524065,"date":"2026-04-28T12:47:01","date_gmt":"2026-04-28T17:47:01","guid":{"rendered":"https:\/\/www.medellin.gov.co\/es\/?post_type=eventos&#038;p=524065"},"modified":"2026-04-28T12:47:01","modified_gmt":"2026-04-28T17:47:01","slug":"mil-acciones-por-medellin","status":"publish","type":"eventos","link":"https:\/\/www.medellin.gov.co\/es\/eventos\/mil-acciones-por-medellin\/","title":{"rendered":"Mil acciones por Medell\u00edn"},"content":{"rendered":"<p><strong>Abiertas las inscripciones para \u201cMil acciones por Medell\u00edn\u201d, jornada que promueve el voluntariado<\/strong><\/p>\n<p>La Administraci\u00f3n Distrital abri\u00f3 las inscripciones para el circuito \u201cMil acciones por Medell\u00edn\u201d, una jornada l\u00fadica y pedag\u00f3gica que busca fortalecer la solidaridad y el sentido de pertenencia en la ciudad. La actividad se realizar\u00e1 el <strong>s\u00e1bado 23 de mayo, de 9:00 a. m. a 3:00 p. m., en el Parque La Floresta, <\/strong>y contar\u00e1 con la participaci\u00f3n de organizaciones de voluntariado, sector corporativo, universidades e iniciativas independientes.<\/p>\n\n\t\t<style type=\"text\/css\">\n\t\t\t#gallery-1 {\n\t\t\t\tmargin: auto;\n\t\t\t}\n\t\t\t#gallery-1 .gallery-item {\n\t\t\t\tfloat: left;\n\t\t\t\tmargin-top: 10px;\n\t\t\t\ttext-align: center;\n\t\t\t\twidth: 50%;\n\t\t\t}\n\t\t\t#gallery-1 img {\n\t\t\t\tborder: 2px solid #cfcfcf;\n\t\t\t}\n\t\t\t#gallery-1 .gallery-caption {\n\t\t\t\tmargin-left: 0;\n\t\t\t}\n\t\t\t\/* see gallery_shortcode() in wp-includes\/media.php *\/\n\t\t<\/style>\n\t\t<div id='gallery-1' class='gallery galleryid-524065 gallery-columns-2 gallery-size-large'><dl class='gallery-item'>\n\t\t\t<dt class='gallery-icon landscape'>\n\t\t\t\t<a href='https:\/\/www.medellin.gov.co\/es\/eventos\/mil-acciones-por-medellin\/voluntariado_med-1\/'><img width=\"1024\" height=\"682\" src=\"https:\/\/www.medellin.gov.co\/es\/wp-content\/uploads\/2026\/04\/voluntariado_med-1-1024x682.jpg\" class=\"attachment-large size-large\" alt=\"\" loading=\"lazy\" aria-describedby=\"gallery-1-524112\" srcset=\"https:\/\/www.medellin.gov.co\/es\/wp-content\/uploads\/2026\/04\/voluntariado_med-1-1024x682.jpg 1024w, https:\/\/www.medellin.gov.co\/es\/wp-content\/uploads\/2026\/04\/voluntariado_med-1-300x200.jpg 300w, https:\/\/www.medellin.gov.co\/es\/wp-content\/uploads\/2026\/04\/voluntariado_med-1-150x100.jpg 150w, https:\/\/www.medellin.gov.co\/es\/wp-content\/uploads\/2026\/04\/voluntariado_med-1-768x512.jpg 768w, https:\/\/www.medellin.gov.co\/es\/wp-content\/uploads\/2026\/04\/voluntariado_med-1.jpg 1276w\" sizes=\"(max-width: 1024px) 100vw, 1024px\" \/><\/a>\n\t\t\t<\/dt>\n\t\t\t\t<dd class='wp-caption-text gallery-caption' id='gallery-1-524112'>\n\t\t\t\tVoluntariado Medell\u00edn\n\t\t\t\t<\/dd><\/dl><dl class='gallery-item'>\n\t\t\t<dt class='gallery-icon landscape'>\n\t\t\t\t<a href='https:\/\/www.medellin.gov.co\/es\/eventos\/mil-acciones-por-medellin\/voluntariado_med-4\/'><img width=\"1024\" height=\"682\" src=\"https:\/\/www.medellin.gov.co\/es\/wp-content\/uploads\/2026\/04\/voluntariado_med-4-1024x682.jpg\" class=\"attachment-large size-large\" alt=\"Voluntariado Medell\u00edn\" loading=\"lazy\" aria-describedby=\"gallery-1-524107\" srcset=\"https:\/\/www.medellin.gov.co\/es\/wp-content\/uploads\/2026\/04\/voluntariado_med-4-1024x682.jpg 1024w, https:\/\/www.medellin.gov.co\/es\/wp-content\/uploads\/2026\/04\/voluntariado_med-4-300x200.jpg 300w, https:\/\/www.medellin.gov.co\/es\/wp-content\/uploads\/2026\/04\/voluntariado_med-4-150x100.jpg 150w, https:\/\/www.medellin.gov.co\/es\/wp-content\/uploads\/2026\/04\/voluntariado_med-4-768x512.jpg 768w, https:\/\/www.medellin.gov.co\/es\/wp-content\/uploads\/2026\/04\/voluntariado_med-4.jpg 1276w\" sizes=\"(max-width: 1024px) 100vw, 1024px\" \/><\/a>\n\t\t\t<\/dt>\n\t\t\t\t<dd class='wp-caption-text gallery-caption' id='gallery-1-524107'>\n\t\t\t\tVoluntariado Medell\u00edn\n\t\t\t\t<\/dd><\/dl><br style=\"clear: both\" \/>\n\t\t<\/div>\n\n<p>Las personas interesadas podr\u00e1n inscribirse hasta el 4 de mayo. Los equipos, conformados por cuatro integrantes, participar\u00e1n en un circuito de retos enfocados en liderazgo, creatividad y trabajo colaborativo. Adem\u00e1s, la jornada incluir\u00e1 actividades como donaci\u00f3n de sangre, apoyo a fundaciones de animales, acciones con personas mayores y siembra de \u00e1rboles. Los tres grupos con mejor puntaje recibir\u00e1n respaldo para desarrollar iniciativas voluntarias en sus comunidades. Esta iniciativa se desarrolla en el marco del A\u00f1o Internacional de los Voluntarios para el Desarrollo Sostenible 2026 y fortalece la participaci\u00f3n ciudadana y el trabajo colectivo en los territorios.<\/p>\n<p>\ud83d\udd17 Inscripciones: <a href=\"https:\/\/n9.cl\/8o1sk\" target=\"_blank\" rel=\"noopener\">https:\/\/n9.cl\/8o1sk<\/a><br \/>\n\ud83d\udd17 M\u00e1s informaci\u00f3n: <a href=\"http:\/\/www.medellin.gov.co\" data-start=\"1266\" data-end=\"1285\">www.medellin.gov.co<\/a><br \/>\n\ud83d\udcf2 Redes: <a href=\"https:\/\/www.instagram.com\/cultura.med\/\" target=\"_blank\" rel=\"noopener\">@cultura.med<\/a><\/p>\n","protected":false},"featured_media":524109,"template":"","categories":[31],"tags":[444,428],"acf":{"extracto_del_evento":"Abiertas las inscripciones para \u201cMil acciones por Medell\u00edn\u201d, jornada que promueve el voluntariado.","inicio_del_evento":"20260523","hora_inicio":"09:00:00","fin_del_evento":"20260523","hora_fin":"15:00:00","estado_del_evento":"Activo","ubicacion":"Parque La Floresta","tipo_de_ingreso":"Gratis","organizacion_event":"Secretar\u00eda de Cultura Ciudadana","telefonos_eventos":"604 4444144","email_eventos":"","mapa_evento":"<iframe src=\"https:\/\/www.google.com\/maps\/embed?pb=!1m18!1m12!1m3!1d31728.480139879124!2d-75.63961922568359!3d6.255824000000019!2m3!1f0!2f0!3f0!3m2!1i1024!2i768!4f13.1!3m3!1m2!1s0x8e44297396740ccb%3A0xdf2ebdea455df74c!2sParque%20La%20Floresta!5e0!3m2!1ses!2sco!4v1777397961211!5m2!1ses!2sco\" width=\"600\" height=\"450\" style=\"border:0;\" allowfullscreen=\"\" loading=\"lazy\" referrerpolicy=\"no-referrer-when-downgrade\"><\/iframe>"},"_links":{"self":[{"href":"https:\/\/www.medellin.gov.co\/es\/wp-json\/wp\/v2\/eventos\/524065"}],"collection":[{"href":"https:\/\/www.medellin.gov.co\/es\/wp-json\/wp\/v2\/eventos"}],"about":[{"href":"https:\/\/www.medellin.gov.co\/es\/wp-json\/wp\/v2\/types\/eventos"}],"wp:featuredmedia":[{"embeddable":true,"href":"https:\/\/www.medellin.gov.co\/es\/wp-json\/wp\/v2\/media\/524109"}],"wp:attachment":[{"href":"https:\/\/www.medellin.gov.co\/es\/wp-json\/wp\/v2\/media?parent=524065"}],"wp:term":[{"taxonomy":"category","embeddable":true,"href":"https:\/\/www.medellin.gov.co\/es\/wp-json\/wp\/v2\/categories?post=524065"},{"taxonomy":"post_tag","embeddable":true,"href":"https:\/\/www.medellin.gov.co\/es\/wp-json\/wp\/v2\/tags?post=524065"}],"curies":[{"name":"wp","href":"https:\/\/api.w.org\/{rel}","templated":true}]}}