{"id":54613,"date":"2022-03-14T07:52:47","date_gmt":"2022-03-14T12:52:47","guid":{"rendered":"https:\/\/www.medellin.gov.co\/es\/eventos\/celebracion-del-mes-del-patrimonio-2\/"},"modified":"2026-09-02T13:03:47","modified_gmt":"2026-09-02T18:03:47","slug":"mes-del-patrimonio","status":"publish","type":"eventos","link":"https:\/\/www.medellin.gov.co\/es\/eventos\/mes-del-patrimonio\/","title":{"rendered":"Celebraci\u00f3n del Mes del Patrimonio"},"content":{"rendered":"<p><strong>Medell\u00edn celebra el Mes del Patrimonio con m\u00e1s de 60 actividades gratuitas<\/strong><\/p>\n<p>Con recorridos, charlas, exposiciones y experiencias para descubrir las historias, memorias y saberes que hacen parte de nuestra ciudad, la Alcald\u00eda de Medell\u00edn celebrar\u00e1 durante septiembre el Mes del Patrimonio con una programaci\u00f3n pensada para habitantes y visitantes de todas las edades. Se har\u00e1 un reconocimiento especial al trabajo de cultores, portadores de saberes, organizaciones y colectivos que contribuyen a preservar y compartir el patrimonio de la ciudad.<\/p>\n\n\t\t<style type=\"text\/css\">\n\t\t\t#gallery-1 {\n\t\t\t\tmargin: auto;\n\t\t\t}\n\t\t\t#gallery-1 .gallery-item {\n\t\t\t\tfloat: left;\n\t\t\t\tmargin-top: 10px;\n\t\t\t\ttext-align: center;\n\t\t\t\twidth: 50%;\n\t\t\t}\n\t\t\t#gallery-1 img {\n\t\t\t\tborder: 2px solid #cfcfcf;\n\t\t\t}\n\t\t\t#gallery-1 .gallery-caption {\n\t\t\t\tmargin-left: 0;\n\t\t\t}\n\t\t\t\/* see gallery_shortcode() in wp-includes\/media.php *\/\n\t\t<\/style>\n\t\t<div id='gallery-1' class='gallery galleryid-54613 gallery-columns-2 gallery-size-large'><dl class='gallery-item'>\n\t\t\t<dt class='gallery-icon landscape'>\n\t\t\t\t<a href='https:\/\/www.medellin.gov.co\/es\/eventos\/mes-del-patrimonio\/patrimonio_medellin-2\/'><img width=\"1024\" height=\"682\" src=\"https:\/\/www.medellin.gov.co\/es\/wp-content\/uploads\/2022\/03\/patrimonio_medellin-2-1024x682.jpg\" class=\"attachment-large size-large\" alt=\"Mes del Patrimonio\" loading=\"lazy\" aria-describedby=\"gallery-1-563834\" srcset=\"https:\/\/www.medellin.gov.co\/es\/wp-content\/uploads\/2022\/03\/patrimonio_medellin-2-1024x682.jpg 1024w, https:\/\/www.medellin.gov.co\/es\/wp-content\/uploads\/2022\/03\/patrimonio_medellin-2-300x200.jpg 300w, https:\/\/www.medellin.gov.co\/es\/wp-content\/uploads\/2022\/03\/patrimonio_medellin-2-150x100.jpg 150w, https:\/\/www.medellin.gov.co\/es\/wp-content\/uploads\/2022\/03\/patrimonio_medellin-2-768x512.jpg 768w, https:\/\/www.medellin.gov.co\/es\/wp-content\/uploads\/2022\/03\/patrimonio_medellin-2.jpg 1276w\" sizes=\"(max-width: 1024px) 100vw, 1024px\" \/><\/a>\n\t\t\t<\/dt>\n\t\t\t\t<dd class='wp-caption-text gallery-caption' id='gallery-1-563834'>\n\t\t\t\tMes del Patrimonio \n\t\t\t\t<\/dd><\/dl><dl class='gallery-item'>\n\t\t\t<dt class='gallery-icon landscape'>\n\t\t\t\t<a href='https:\/\/www.medellin.gov.co\/es\/eventos\/mes-del-patrimonio\/patrimonio_medellin-4\/'><img width=\"1024\" height=\"682\" src=\"https:\/\/www.medellin.gov.co\/es\/wp-content\/uploads\/2022\/03\/patrimonio_medellin-4-1024x682.jpg\" class=\"attachment-large size-large\" alt=\"Mes del Patrimonio\" loading=\"lazy\" aria-describedby=\"gallery-1-563839\" srcset=\"https:\/\/www.medellin.gov.co\/es\/wp-content\/uploads\/2022\/03\/patrimonio_medellin-4-1024x682.jpg 1024w, https:\/\/www.medellin.gov.co\/es\/wp-content\/uploads\/2022\/03\/patrimonio_medellin-4-300x200.jpg 300w, https:\/\/www.medellin.gov.co\/es\/wp-content\/uploads\/2022\/03\/patrimonio_medellin-4-150x100.jpg 150w, https:\/\/www.medellin.gov.co\/es\/wp-content\/uploads\/2022\/03\/patrimonio_medellin-4-768x512.jpg 768w, https:\/\/www.medellin.gov.co\/es\/wp-content\/uploads\/2022\/03\/patrimonio_medellin-4.jpg 1276w\" sizes=\"(max-width: 1024px) 100vw, 1024px\" \/><\/a>\n\t\t\t<\/dt>\n\t\t\t\t<dd class='wp-caption-text gallery-caption' id='gallery-1-563839'>\n\t\t\t\tMes del Patrimonio \n\t\t\t\t<\/dd><\/dl><br style=\"clear: both\" \/>\n\t\t<\/div>\n\n<p>Uno de los protagonistas de esta edici\u00f3n ser\u00e1 el barrio Prado, que conmemora 100 a\u00f1os desde su urbanizaci\u00f3n en 1926. La Casa del Patrimonio ser\u00e1 el referente simb\u00f3lico de esta celebraci\u00f3n, destacando el valor hist\u00f3rico y cultural de este territorio y su importancia para las nuevas generaciones. Disfruta en <a href=\"https:\/\/linkprotect.cudasvc.com\/url?a=https%3a%2f%2fplay.patrimoniomedellin.gov.co%2f&amp;c=E,1,iU9rmJIbpE9wkfAtG0DVAhmftPV_6ewD9E7kvLsNiHYNmH4PducSs_yW1y9VetS9RMo1seXrow4wEflMzjZbAa7UufkOX0pd9A6UpLiH7ytElbgY9y-sLQtDFfZz&amp;typo=1\" data-auth=\"NotApplicable\" data-linkindex=\"0\">play.patrimoniomedellin.gov.co<\/a>\u00a0una serie que reconoce el trabajo de personas, colectivos y grupos de vig\u00edas que, desde diferentes comunas, contribuyen a visibilizar y proteger el patrimonio de Medell\u00edn.<\/p>\n<p>Consulta toda la programaci\u00f3n en <a href=\"https:\/\/linkprotect.cudasvc.com\/url?a=https%3a%2f%2fagenda.patrimoniomedellin.gov.co%2f&amp;c=E,1,lamTBRTM9JX3SWoLO-9AffaMjPGXO_TDugMe77bRAUWrmB5qAYIlCAPQrZ1qb2UhAo9huIeLPGztK8XNXabQGk2zAMUQsUJZIDh_GpuTWSfgaBHxTw,,&amp;typo=1\" data-auth=\"NotApplicable\" data-linkindex=\"1\">agenda.patrimoniomedellin.gov.co<\/a><\/p>\n","protected":false},"featured_media":563833,"template":"","categories":[23,31],"tags":[444,428,455],"acf":{"extracto_del_evento":"Con recorridos, charlas, exposiciones y experiencias para descubrir las historias, memorias y saberes que hacen parte de nuestra ciudad, la Alcald\u00eda de Medell\u00edn celebrar\u00e1 durante septiembre el Mes del Patrimonio con una programaci\u00f3n pensada para habitantes y visitantes de todas las edades.","inicio_del_evento":"20260901","hora_inicio":"08:00:00","fin_del_evento":"20260930","hora_fin":"19:00:00","estado_del_evento":"Activo","ubicacion":"Diferentes comunas de la ciudad","tipo_de_ingreso":"Gratis","organizacion_event":"Secretar\u00eda de Cultura Ciudadana","telefonos_eventos":"","email_eventos":"","mapa_evento":"<iframe src=\"https:\/\/www.google.com\/maps\/embed?pb=!1m18!1m12!1m3!1d75274.17402667686!2d-75.62241117234014!3d6.244287171847811!2m3!1f0!2f0!3f0!3m2!1i1024!2i768!4f13.1!3m3!1m2!1s0x8e4428dfb80fad05%3A0x42137cfcc7b53b56!2sMedell%C3%ADn%2C%20Antioquia!5e1!3m2!1ses!2sco!4v1788372043502!5m2!1ses!2sco\" width=\"600\" height=\"450\" style=\"border:0;\" allowfullscreen=\"\" loading=\"lazy\" referrerpolicy=\"strict-origin-when-cross-origin\"><\/iframe>"},"_links":{"self":[{"href":"https:\/\/www.medellin.gov.co\/es\/wp-json\/wp\/v2\/eventos\/54613"}],"collection":[{"href":"https:\/\/www.medellin.gov.co\/es\/wp-json\/wp\/v2\/eventos"}],"about":[{"href":"https:\/\/www.medellin.gov.co\/es\/wp-json\/wp\/v2\/types\/eventos"}],"wp:featuredmedia":[{"embeddable":true,"href":"https:\/\/www.medellin.gov.co\/es\/wp-json\/wp\/v2\/media\/563833"}],"wp:attachment":[{"href":"https:\/\/www.medellin.gov.co\/es\/wp-json\/wp\/v2\/media?parent=54613"}],"wp:term":[{"taxonomy":"category","embeddable":true,"href":"https:\/\/www.medellin.gov.co\/es\/wp-json\/wp\/v2\/categories?post=54613"},{"taxonomy":"post_tag","embeddable":true,"href":"https:\/\/www.medellin.gov.co\/es\/wp-json\/wp\/v2\/tags?post=54613"}],"curies":[{"name":"wp","href":"https:\/\/api.w.org\/{rel}","templated":true}]}}