{"id":10906,"date":"2021-08-27T21:33:46","date_gmt":"2021-08-28T02:33:46","guid":{"rendered":"https:\/\/www.medellin.gov.co\/es\/?page_id=10906"},"modified":"2024-09-10T10:31:14","modified_gmt":"2024-09-10T15:31:14","slug":"internacionalizacion","status":"publish","type":"page","link":"https:\/\/www.medellin.gov.co\/es\/secretaria-desarrollo-economico\/subsecretaria-de-creacion-y-fortalecimiento-empresarial\/internacionalizacion\/","title":{"rendered":"Programa de Internacionalizaci\u00f3n de la Alcald\u00eda de Medell\u00edn"},"content":{"rendered":"\t\t<div data-elementor-type=\"wp-page\" data-elementor-id=\"10906\" class=\"elementor elementor-10906\">\n\t\t\t\t\t\t<div class=\"elementor-inner\">\n\t\t\t\t<div class=\"elementor-section-wrap\">\n\t\t\t\t\t\t\t\t\t<section class=\"elementor-section elementor-top-section elementor-element elementor-element-99d0e4d elementor-section-boxed elementor-section-height-default elementor-section-height-default\" data-id=\"99d0e4d\" data-element_type=\"section\">\n\t\t\t\t\t\t<div class=\"elementor-container elementor-column-gap-default\">\n\t\t\t\t\t\t\t<div class=\"elementor-row\">\n\t\t\t\t\t<div class=\"elementor-column elementor-col-100 elementor-top-column elementor-element elementor-element-a120376\" data-id=\"a120376\" data-element_type=\"column\">\n\t\t\t<div class=\"elementor-column-wrap elementor-element-populated\">\n\t\t\t\t\t\t\t<div class=\"elementor-widget-wrap\">\n\t\t\t\t\t\t<div class=\"elementor-element elementor-element-de075dc elementor-widget elementor-widget-heading\" data-id=\"de075dc\" data-element_type=\"widget\" data-widget_type=\"heading.default\">\n\t\t\t\t<div class=\"elementor-widget-container\">\n\t\t\t<h1 class=\"elementor-heading-title elementor-size-default\">Programa de Internacionalizaci\u00f3n de la Alcald\u00eda de Medell\u00edn<\/h1>\t\t<\/div>\n\t\t\t\t<\/div>\n\t\t\t\t<div class=\"elementor-element elementor-element-36fd849 elementor-widget elementor-widget-image\" data-id=\"36fd849\" data-element_type=\"widget\" data-widget_type=\"image.default\">\n\t\t\t\t<div class=\"elementor-widget-container\">\n\t\t\t\t\t\t\t\t<div class=\"elementor-image\">\n\t\t\t\t\t\t\t\t\t\t\t\t<img width=\"1200\" height=\"800\" src=\"https:\/\/www.medellin.gov.co\/es\/wp-content\/uploads\/2021\/08\/panoramica-centro-medellin.jpg\" class=\"attachment-full size-full\" alt=\"Panor\u00e1mica centro de Medell\u00edn\" loading=\"lazy\" srcset=\"https:\/\/www.medellin.gov.co\/es\/wp-content\/uploads\/2021\/08\/panoramica-centro-medellin.jpg 1200w, https:\/\/www.medellin.gov.co\/es\/wp-content\/uploads\/2021\/08\/panoramica-centro-medellin-300x200.jpg 300w, https:\/\/www.medellin.gov.co\/es\/wp-content\/uploads\/2021\/08\/panoramica-centro-medellin-1024x683.jpg 1024w, https:\/\/www.medellin.gov.co\/es\/wp-content\/uploads\/2021\/08\/panoramica-centro-medellin-150x100.jpg 150w, https:\/\/www.medellin.gov.co\/es\/wp-content\/uploads\/2021\/08\/panoramica-centro-medellin-768x512.jpg 768w\" sizes=\"(max-width: 1200px) 100vw, 1200px\" \/>\t\t\t\t\t\t\t\t\t\t\t\t\t\t<\/div>\n\t\t\t\t\t\t<\/div>\n\t\t\t\t<\/div>\n\t\t\t\t<div class=\"elementor-element elementor-element-3d0355a elementor-widget elementor-widget-text-editor\" data-id=\"3d0355a\" data-element_type=\"widget\" data-widget_type=\"text-editor.default\">\n\t\t\t\t<div class=\"elementor-widget-container\">\n\t\t\t\t\t\t\t\t<div class=\"elementor-text-editor elementor-clearfix\">\n\t\t\t\t<p>Contamos con un programa de acompa\u00f1amiento en el desarrollo de actividades estrat\u00e9gicas para el acceso de las empresas de la ciudad a mercados internacionales.<\/p><p>Esto se logra a trav\u00e9s de:<\/p>\t\t\t\t\t<\/div>\n\t\t\t\t\t\t<\/div>\n\t\t\t\t<\/div>\n\t\t\t\t<div class=\"elementor-element elementor-element-5b83d18 elementor-widget elementor-widget-text-editor\" data-id=\"5b83d18\" data-element_type=\"widget\" data-widget_type=\"text-editor.default\">\n\t\t\t\t<div class=\"elementor-widget-container\">\n\t\t\t\t\t\t\t\t<div class=\"elementor-text-editor elementor-clearfix\">\n\t\t\t\t<ul><li>Capacitaci\u00f3n y formaci\u00f3n a empresas de la ciudad en tem\u00e1ticas de internacionalizaci\u00f3n y acceso a mercados internacionales.<\/li><li>Generaci\u00f3n de conexiones internacionales con potenciales compradores internacionales para obtener una exportaci\u00f3n efectiva de bienes, servicios o modelos de negocio.<\/li><li>Espacios de promoci\u00f3n y fomento que generen cultura exportadora en las empresas de la ciudad.<\/li><\/ul>\t\t\t\t\t<\/div>\n\t\t\t\t\t\t<\/div>\n\t\t\t\t<\/div>\n\t\t\t\t<div class=\"elementor-element elementor-element-b6e8657 elementor-widget elementor-widget-heading\" data-id=\"b6e8657\" data-element_type=\"widget\" data-widget_type=\"heading.default\">\n\t\t\t\t<div class=\"elementor-widget-container\">\n\t\t\t<h2 class=\"elementor-heading-title elementor-size-default\"><b>Actores claves<\/b> de la internacionalizaci\u00f3n<\/h2>\t\t<\/div>\n\t\t\t\t<\/div>\n\t\t\t\t<div class=\"elementor-element elementor-element-f389d3a elementor-widget elementor-widget-text-editor\" data-id=\"f389d3a\" data-element_type=\"widget\" data-widget_type=\"text-editor.default\">\n\t\t\t\t<div class=\"elementor-widget-container\">\n\t\t\t\t\t\t\t\t<div class=\"elementor-text-editor elementor-clearfix\">\n\t\t\t\t<p>En conjunto con otros actores de la ciudad, como la ACI, Ruta N, Greater Medell\u00edn Convention &amp; Visitors Bureau Plaza Mayor se posibilita la incursi\u00f3n de la ciudad en el contexto internacional y se ofrecen servicios efectivos a los empresarios para generar conexiones, de acuerdo a sus necesidades de expansi\u00f3n de mercados.<\/p>\t\t\t\t\t<\/div>\n\t\t\t\t\t\t<\/div>\n\t\t\t\t<\/div>\n\t\t\t\t\t\t<\/div>\n\t\t\t\t\t<\/div>\n\t\t<\/div>\n\t\t\t\t\t\t\t\t<\/div>\n\t\t\t\t\t<\/div>\n\t\t<\/section>\n\t\t\t\t\t\t\t\t\t<\/div>\n\t\t\t<\/div>\n\t\t\t\t\t<\/div>\n\t\t","protected":false},"excerpt":{"rendered":"<p>Programa de Internacionalizaci\u00f3n de la Alcald\u00eda de Medell\u00edn Contamos con un programa de acompa\u00f1amiento en el desarrollo de actividades estrat\u00e9gicas para el acceso de las empresas de la ciudad a mercados internacionales. Esto se logra &#8230;<\/p>\n","protected":false},"author":1,"featured_media":11116,"parent":10890,"menu_order":40,"comment_status":"closed","ping_status":"closed","template":"sec-desarrolloeconomico\/elementor.php","meta":[],"acf":[],"_links":{"self":[{"href":"https:\/\/www.medellin.gov.co\/es\/wp-json\/wp\/v2\/pages\/10906"}],"collection":[{"href":"https:\/\/www.medellin.gov.co\/es\/wp-json\/wp\/v2\/pages"}],"about":[{"href":"https:\/\/www.medellin.gov.co\/es\/wp-json\/wp\/v2\/types\/page"}],"author":[{"embeddable":true,"href":"https:\/\/www.medellin.gov.co\/es\/wp-json\/wp\/v2\/users\/1"}],"replies":[{"embeddable":true,"href":"https:\/\/www.medellin.gov.co\/es\/wp-json\/wp\/v2\/comments?post=10906"}],"version-history":[{"count":10,"href":"https:\/\/www.medellin.gov.co\/es\/wp-json\/wp\/v2\/pages\/10906\/revisions"}],"predecessor-version":[{"id":341169,"href":"https:\/\/www.medellin.gov.co\/es\/wp-json\/wp\/v2\/pages\/10906\/revisions\/341169"}],"up":[{"embeddable":true,"href":"https:\/\/www.medellin.gov.co\/es\/wp-json\/wp\/v2\/pages\/10890"}],"wp:featuredmedia":[{"embeddable":true,"href":"https:\/\/www.medellin.gov.co\/es\/wp-json\/wp\/v2\/media\/11116"}],"wp:attachment":[{"href":"https:\/\/www.medellin.gov.co\/es\/wp-json\/wp\/v2\/media?parent=10906"}],"curies":[{"name":"wp","href":"https:\/\/api.w.org\/{rel}","templated":true}]}}