{"id":127187,"date":"2022-11-04T09:01:17","date_gmt":"2022-11-04T14:01:17","guid":{"rendered":"https:\/\/www.medellin.gov.co\/es\/?page_id=127187"},"modified":"2026-04-24T13:40:47","modified_gmt":"2026-04-24T18:40:47","slug":"observatorio-de-salud-de-medellin","status":"publish","type":"page","link":"https:\/\/www.medellin.gov.co\/es\/secretaria-de-salud\/que-hacemos\/observatorio-de-salud\/observatorio-de-salud-de-medellin\/","title":{"rendered":"Observatorio de salud de Medell\u00edn"},"content":{"rendered":"\t\t<div data-elementor-type=\"wp-page\" data-elementor-id=\"127187\" class=\"elementor elementor-127187\">\n\t\t\t\t\t\t<div class=\"elementor-inner\">\n\t\t\t\t<div class=\"elementor-section-wrap\">\n\t\t\t\t\t\t\t\t\t<section class=\"elementor-section elementor-top-section elementor-element elementor-element-ad03ff3 elementor-section-boxed elementor-section-height-default elementor-section-height-default\" data-id=\"ad03ff3\" data-element_type=\"section\">\n\t\t\t\t\t\t<div class=\"elementor-container elementor-column-gap-default\">\n\t\t\t\t\t\t\t<div class=\"elementor-row\">\n\t\t\t\t\t<div class=\"elementor-column elementor-col-100 elementor-top-column elementor-element elementor-element-5b2aa83\" data-id=\"5b2aa83\" data-element_type=\"column\">\n\t\t\t<div class=\"elementor-column-wrap elementor-element-populated\">\n\t\t\t\t\t\t\t<div class=\"elementor-widget-wrap\">\n\t\t\t\t\t\t<div class=\"elementor-element elementor-element-b234cb5 elementor-widget elementor-widget-heading\" data-id=\"b234cb5\" data-element_type=\"widget\" data-widget_type=\"heading.default\">\n\t\t\t\t<div class=\"elementor-widget-container\">\n\t\t\t<h1 class=\"elementor-heading-title elementor-size-default\">Observatorio de salud<\/h1>\t\t<\/div>\n\t\t\t\t<\/div>\n\t\t\t\t<section class=\"elementor-section elementor-inner-section elementor-element elementor-element-c92c02e elementor-section-boxed elementor-section-height-default elementor-section-height-default\" data-id=\"c92c02e\" data-element_type=\"section\">\n\t\t\t\t\t\t<div class=\"elementor-container elementor-column-gap-default\">\n\t\t\t\t\t\t\t<div class=\"elementor-row\">\n\t\t\t\t\t<div class=\"elementor-column elementor-col-50 elementor-inner-column elementor-element elementor-element-8af4396\" data-id=\"8af4396\" data-element_type=\"column\">\n\t\t\t<div class=\"elementor-column-wrap elementor-element-populated\">\n\t\t\t\t\t\t\t<div class=\"elementor-widget-wrap\">\n\t\t\t\t\t\t<div class=\"elementor-element elementor-element-3aebe34 elementor-widget elementor-widget-text-editor\" data-id=\"3aebe34\" data-element_type=\"widget\" data-widget_type=\"text-editor.default\">\n\t\t\t\t<div class=\"elementor-widget-container\">\n\t\t\t\t\t\t\t\t<div class=\"elementor-text-editor elementor-clearfix\">\n\t\t\t\t<p>El Observatorio de Salud de Medell\u00edn es una herramienta de ciudad dispuesta para la difusi\u00f3n de indicadores, datos e informaci\u00f3n, el an\u00e1lisis y seguimiento de temas o situaciones relacionadas con la salud en el Municipio, el cual a partir de un proceso articulado desde la gesti\u00f3n de informaci\u00f3n, el conocimiento de t\u00e9cnicos, referentes especializados, comunidades interesadas, evidencias y otros elementos propios de cada tema, genera conocimiento para la toma de decisiones, la definici\u00f3n de pol\u00edticas y estrategias y, en definitiva, el mejoramiento de las condiciones de vida de los habitantes de Medell\u00edn.<\/p><h2>Objetivos del Observatorio de Salud<\/h2><p>El objetivo general del Observatorio es propiciar elementos y espacios que aporten en mejorar el conocimiento de la situaci\u00f3n de salud, para facilitar la toma de decisiones y la construcci\u00f3n e implementaci\u00f3n de las pol\u00edticas, planes y programas, para el mejoramiento de la calidad de vida, la equidad y salud de la poblaci\u00f3n, a partir de la visualizaci\u00f3n, el an\u00e1lisis integral y el seguimiento de aspectos priorizados y relacionados con la salud en Medell\u00edn y sus determinantes.<\/p>\t\t\t\t\t<\/div>\n\t\t\t\t\t\t<\/div>\n\t\t\t\t<\/div>\n\t\t\t\t\t\t<\/div>\n\t\t\t\t\t<\/div>\n\t\t<\/div>\n\t\t\t\t<div class=\"elementor-column elementor-col-50 elementor-inner-column elementor-element elementor-element-45d82e7\" data-id=\"45d82e7\" data-element_type=\"column\">\n\t\t\t<div class=\"elementor-column-wrap elementor-element-populated\">\n\t\t\t\t\t\t\t<div class=\"elementor-widget-wrap\">\n\t\t\t\t\t\t<div class=\"elementor-element elementor-element-61dcd07 elementor-widget elementor-widget-image\" data-id=\"61dcd07\" data-element_type=\"widget\" data-widget_type=\"image.default\">\n\t\t\t\t<div class=\"elementor-widget-container\">\n\t\t\t\t\t\t\t\t<div class=\"elementor-image\">\n\t\t\t\t\t\t\t\t\t\t\t\t<img width=\"1024\" height=\"818\" src=\"https:\/\/www.medellin.gov.co\/es\/wp-content\/uploads\/2022\/11\/observatorio-de-salud-medellin.jpeg\" class=\"attachment-full size-full\" alt=\"Observatorio de salud\" loading=\"lazy\" srcset=\"https:\/\/www.medellin.gov.co\/es\/wp-content\/uploads\/2022\/11\/observatorio-de-salud-medellin.jpeg 1024w, https:\/\/www.medellin.gov.co\/es\/wp-content\/uploads\/2022\/11\/observatorio-de-salud-medellin-300x240.jpeg 300w, https:\/\/www.medellin.gov.co\/es\/wp-content\/uploads\/2022\/11\/observatorio-de-salud-medellin-150x120.jpeg 150w, https:\/\/www.medellin.gov.co\/es\/wp-content\/uploads\/2022\/11\/observatorio-de-salud-medellin-768x614.jpeg 768w\" sizes=\"(max-width: 1024px) 100vw, 1024px\" \/>\t\t\t\t\t\t\t\t\t\t\t\t\t\t<\/div>\n\t\t\t\t\t\t<\/div>\n\t\t\t\t<\/div>\n\t\t\t\t\t\t<\/div>\n\t\t\t\t\t<\/div>\n\t\t<\/div>\n\t\t\t\t\t\t\t\t<\/div>\n\t\t\t\t\t<\/div>\n\t\t<\/section>\n\t\t\t\t<div class=\"elementor-element elementor-element-56f672d elementor-widget elementor-widget-text-editor\" data-id=\"56f672d\" data-element_type=\"widget\" data-widget_type=\"text-editor.default\">\n\t\t\t\t<div class=\"elementor-widget-container\">\n\t\t\t\t\t\t\t\t<div class=\"elementor-text-editor elementor-clearfix\">\n\t\t\t\t<h3>Objetivos espec\u00edficos<\/h3><ul><li>Propiciar la cooperaci\u00f3n de diferentes sectores, mediante la creaci\u00f3n de espacios de reflexi\u00f3n permanentes, en relaci\u00f3n con la salud de la poblaci\u00f3n y sus determinantes sociales.<\/li><li>Aportar en la elaboraci\u00f3n de diagn\u00f3sticos situacionales de salud y en el planteamiento de recomendaciones como insumos para la formulaci\u00f3n de pol\u00edticas, planes y programas basados en la evidencia, en articulaci\u00f3n con los planes nacionales y locales de salud.<\/li><li>Contribuir con la investigaci\u00f3n y la gesti\u00f3n del conocimiento a partir del uso y el an\u00e1lisis integral de la informaci\u00f3n que se genera en torno a la situaci\u00f3n de salud de la poblaci\u00f3n y sus determinantes sociales.<\/li><\/ul>\t\t\t\t\t<\/div>\n\t\t\t\t\t\t<\/div>\n\t\t\t\t<\/div>\n\t\t\t\t<section class=\"elementor-section elementor-inner-section elementor-element elementor-element-03120a7 elementor-section-boxed elementor-section-height-default elementor-section-height-default\" data-id=\"03120a7\" data-element_type=\"section\">\n\t\t\t\t\t\t<div class=\"elementor-container elementor-column-gap-default\">\n\t\t\t\t\t\t\t<div class=\"elementor-row\">\n\t\t\t\t\t<div class=\"elementor-column elementor-col-50 elementor-inner-column elementor-element elementor-element-2dacebc\" data-id=\"2dacebc\" data-element_type=\"column\">\n\t\t\t<div class=\"elementor-column-wrap elementor-element-populated\">\n\t\t\t\t\t\t\t<div class=\"elementor-widget-wrap\">\n\t\t\t\t\t\t<div class=\"elementor-element elementor-element-d913d1e elementor-widget elementor-widget-heading\" data-id=\"d913d1e\" data-element_type=\"widget\" data-widget_type=\"heading.default\">\n\t\t\t\t<div class=\"elementor-widget-container\">\n\t\t\t<h3 class=\"elementor-heading-title elementor-size-default\">An\u00e1lisis situacional de salud en Medell\u00edn<\/h3>\t\t<\/div>\n\t\t\t\t<\/div>\n\t\t\t\t<div class=\"elementor-element elementor-element-15c26dc elementor-widget elementor-widget-text-editor\" data-id=\"15c26dc\" data-element_type=\"widget\" data-widget_type=\"text-editor.default\">\n\t\t\t\t<div class=\"elementor-widget-container\">\n\t\t\t\t\t\t\t\t<div class=\"elementor-text-editor elementor-clearfix\">\n\t\t\t\t<p>El inter\u00e9s y la necesidad de la Alcald\u00eda de Medell\u00edn por conocer el comportamiento y la din\u00e1mica de sus poblaciones, as\u00ed como los retos a los que estas se impulsan d\u00eda a d\u00eda, constituyen el motor principal de la presente profundizaci\u00f3n del An\u00e1lisis de Situaci\u00f3n de Salud (ASIS), donde no solo se pretenden documentar las causas priorizadas de enfermar y de fallecimiento de la poblaci\u00f3n, sino tambi\u00e9n ilustrar efectivamente el comportamiento de los eventos en salud en las diecis\u00e9is comunas y cinco corregimientos que componen el Distrito, con el fin de lograr una mejor comprensi\u00f3n de la situaci\u00f3n de salud-enfermedad en todo el territorio, bajo el modelo de los determinantes sociales de la salud que inciden en dicha realidad.<\/p>\t\t\t\t\t<\/div>\n\t\t\t\t\t\t<\/div>\n\t\t\t\t<\/div>\n\t\t\t\t<div class=\"elementor-element elementor-element-700acd7 elementor-tablet-align-left elementor-mobile-align-center elementor-widget elementor-widget-button\" data-id=\"700acd7\" data-element_type=\"widget\" data-widget_type=\"button.default\">\n\t\t\t\t<div class=\"elementor-widget-container\">\n\t\t\t\t\t<div class=\"elementor-button-wrapper\">\n\t\t\t<a href=\"https:\/\/www.medellin.gov.co\/es\/secretaria-de-salud\/que-hacemos\/observatorio-de-salud\/analisis-situacional-de-salud\/\" class=\"elementor-button-link elementor-button elementor-size-sm\" role=\"button\">\n\t\t\t\t\t\t<span class=\"elementor-button-content-wrapper\">\n\t\t\t\t\t\t<span class=\"elementor-button-text\">Conoce m\u00e1s<\/span>\n\t\t<\/span>\n\t\t\t\t\t<\/a>\n\t\t<\/div>\n\t\t\t\t<\/div>\n\t\t\t\t<\/div>\n\t\t\t\t\t\t<\/div>\n\t\t\t\t\t<\/div>\n\t\t<\/div>\n\t\t\t\t<div class=\"elementor-column elementor-col-50 elementor-inner-column elementor-element elementor-element-aac8219\" data-id=\"aac8219\" data-element_type=\"column\">\n\t\t\t<div class=\"elementor-column-wrap elementor-element-populated\">\n\t\t\t\t\t\t\t<div class=\"elementor-widget-wrap\">\n\t\t\t\t\t\t<div class=\"elementor-element elementor-element-eff40a6 elementor-widget elementor-widget-image\" data-id=\"eff40a6\" data-element_type=\"widget\" data-widget_type=\"image.default\">\n\t\t\t\t<div class=\"elementor-widget-container\">\n\t\t\t\t\t\t\t\t<div class=\"elementor-image\">\n\t\t\t\t\t\t\t\t\t\t\t\t<img width=\"1024\" height=\"678\" src=\"https:\/\/www.medellin.gov.co\/es\/wp-content\/uploads\/2021\/09\/resultados-de-la-salud-publica-en-medellin.jpg\" class=\"attachment-full size-full\" alt=\"Resultados de la salud p\u00fablica en Medell\u00edn\" loading=\"lazy\" srcset=\"https:\/\/www.medellin.gov.co\/es\/wp-content\/uploads\/2021\/09\/resultados-de-la-salud-publica-en-medellin.jpg 1024w, https:\/\/www.medellin.gov.co\/es\/wp-content\/uploads\/2021\/09\/resultados-de-la-salud-publica-en-medellin-300x199.jpg 300w, https:\/\/www.medellin.gov.co\/es\/wp-content\/uploads\/2021\/09\/resultados-de-la-salud-publica-en-medellin-150x99.jpg 150w, https:\/\/www.medellin.gov.co\/es\/wp-content\/uploads\/2021\/09\/resultados-de-la-salud-publica-en-medellin-768x509.jpg 768w\" sizes=\"(max-width: 1024px) 100vw, 1024px\" \/>\t\t\t\t\t\t\t\t\t\t\t\t\t\t<\/div>\n\t\t\t\t\t\t<\/div>\n\t\t\t\t<\/div>\n\t\t\t\t\t\t<\/div>\n\t\t\t\t\t<\/div>\n\t\t<\/div>\n\t\t\t\t\t\t\t\t<\/div>\n\t\t\t\t\t<\/div>\n\t\t<\/section>\n\t\t\t\t<section class=\"elementor-section elementor-inner-section elementor-element elementor-element-73a8fdd elementor-reverse-tablet elementor-reverse-mobile elementor-section-boxed elementor-section-height-default elementor-section-height-default\" data-id=\"73a8fdd\" data-element_type=\"section\">\n\t\t\t\t\t\t<div class=\"elementor-container elementor-column-gap-default\">\n\t\t\t\t\t\t\t<div class=\"elementor-row\">\n\t\t\t\t\t<div class=\"elementor-column elementor-col-50 elementor-inner-column elementor-element elementor-element-ed7727d\" data-id=\"ed7727d\" data-element_type=\"column\">\n\t\t\t<div class=\"elementor-column-wrap elementor-element-populated\">\n\t\t\t\t\t\t\t<div class=\"elementor-widget-wrap\">\n\t\t\t\t\t\t<div class=\"elementor-element elementor-element-b136065 elementor-widget elementor-widget-image\" data-id=\"b136065\" data-element_type=\"widget\" data-widget_type=\"image.default\">\n\t\t\t\t<div class=\"elementor-widget-container\">\n\t\t\t\t\t\t\t\t<div class=\"elementor-image\">\n\t\t\t\t\t\t\t\t\t\t\t\t<img width=\"1024\" height=\"678\" src=\"https:\/\/www.medellin.gov.co\/es\/wp-content\/uploads\/2021\/09\/monitoreo-de-inquietudes-sanitarias.jpg\" class=\"attachment-full size-full\" alt=\"Monitoreo de inquietudes sanitarias\" loading=\"lazy\" srcset=\"https:\/\/www.medellin.gov.co\/es\/wp-content\/uploads\/2021\/09\/monitoreo-de-inquietudes-sanitarias.jpg 1024w, https:\/\/www.medellin.gov.co\/es\/wp-content\/uploads\/2021\/09\/monitoreo-de-inquietudes-sanitarias-300x199.jpg 300w, https:\/\/www.medellin.gov.co\/es\/wp-content\/uploads\/2021\/09\/monitoreo-de-inquietudes-sanitarias-150x99.jpg 150w, https:\/\/www.medellin.gov.co\/es\/wp-content\/uploads\/2021\/09\/monitoreo-de-inquietudes-sanitarias-768x509.jpg 768w\" sizes=\"(max-width: 1024px) 100vw, 1024px\" \/>\t\t\t\t\t\t\t\t\t\t\t\t\t\t<\/div>\n\t\t\t\t\t\t<\/div>\n\t\t\t\t<\/div>\n\t\t\t\t\t\t<\/div>\n\t\t\t\t\t<\/div>\n\t\t<\/div>\n\t\t\t\t<div class=\"elementor-column elementor-col-50 elementor-inner-column elementor-element elementor-element-7ee1004\" data-id=\"7ee1004\" data-element_type=\"column\">\n\t\t\t<div class=\"elementor-column-wrap elementor-element-populated\">\n\t\t\t\t\t\t\t<div class=\"elementor-widget-wrap\">\n\t\t\t\t\t\t<div class=\"elementor-element elementor-element-8911268 elementor-widget elementor-widget-heading\" data-id=\"8911268\" data-element_type=\"widget\" data-widget_type=\"heading.default\">\n\t\t\t\t<div class=\"elementor-widget-container\">\n\t\t\t<h3 class=\"elementor-heading-title elementor-size-default\">An\u00e1lisis de desigualdades sociales en salud<\/h3>\t\t<\/div>\n\t\t\t\t<\/div>\n\t\t\t\t<div class=\"elementor-element elementor-element-12b535c elementor-widget elementor-widget-text-editor\" data-id=\"12b535c\" data-element_type=\"widget\" data-widget_type=\"text-editor.default\">\n\t\t\t\t<div class=\"elementor-widget-container\">\n\t\t\t\t\t\t\t\t<div class=\"elementor-text-editor elementor-clearfix\">\n\t\t\t\t<p>Las inequidades en salud son diferencias sistem\u00e1ticas, socialmente modificables e injustas en la salud. La equidad es un imperativo \u00e9tico y un principio esencial de la agenda sostenible de cada pa\u00eds. El progreso en la reducci\u00f3n de la inequidad es un objetivo clave que es fundamental medir, como indicador de efectividad de las Pol\u00edticas P\u00fablicas.<\/p>\t\t\t\t\t<\/div>\n\t\t\t\t\t\t<\/div>\n\t\t\t\t<\/div>\n\t\t\t\t<div class=\"elementor-element elementor-element-62d873f elementor-tablet-align-left elementor-mobile-align-center elementor-widget elementor-widget-button\" data-id=\"62d873f\" data-element_type=\"widget\" data-widget_type=\"button.default\">\n\t\t\t\t<div class=\"elementor-widget-container\">\n\t\t\t\t\t<div class=\"elementor-button-wrapper\">\n\t\t\t<a href=\"https:\/\/www.medellin.gov.co\/es\/secretaria-de-salud\/que-hacemos\/observatorio-de-salud\/analisis-de-desigualdades-sociales-en-salud\/\" class=\"elementor-button-link elementor-button elementor-size-sm\" role=\"button\">\n\t\t\t\t\t\t<span class=\"elementor-button-content-wrapper\">\n\t\t\t\t\t\t<span class=\"elementor-button-text\">Conoce m\u00e1s<\/span>\n\t\t<\/span>\n\t\t\t\t\t<\/a>\n\t\t<\/div>\n\t\t\t\t<\/div>\n\t\t\t\t<\/div>\n\t\t\t\t\t\t<\/div>\n\t\t\t\t\t<\/div>\n\t\t<\/div>\n\t\t\t\t\t\t\t\t<\/div>\n\t\t\t\t\t<\/div>\n\t\t<\/section>\n\t\t\t\t<section class=\"elementor-section elementor-inner-section elementor-element elementor-element-7ba761b elementor-section-boxed elementor-section-height-default elementor-section-height-default\" data-id=\"7ba761b\" data-element_type=\"section\">\n\t\t\t\t\t\t<div class=\"elementor-container elementor-column-gap-default\">\n\t\t\t\t\t\t\t<div class=\"elementor-row\">\n\t\t\t\t\t<div class=\"elementor-column elementor-col-50 elementor-inner-column elementor-element elementor-element-f1e902f\" data-id=\"f1e902f\" data-element_type=\"column\">\n\t\t\t<div class=\"elementor-column-wrap elementor-element-populated\">\n\t\t\t\t\t\t\t<div class=\"elementor-widget-wrap\">\n\t\t\t\t\t\t<div class=\"elementor-element elementor-element-3bc6f76 elementor-widget elementor-widget-heading\" data-id=\"3bc6f76\" data-element_type=\"widget\" data-widget_type=\"heading.default\">\n\t\t\t\t<div class=\"elementor-widget-container\">\n\t\t\t<h3 class=\"elementor-heading-title elementor-size-default\">Gesti\u00f3n de pol\u00edticas p\u00fablicas en salud<\/h3>\t\t<\/div>\n\t\t\t\t<\/div>\n\t\t\t\t<div class=\"elementor-element elementor-element-333bdbf elementor-widget elementor-widget-text-editor\" data-id=\"333bdbf\" data-element_type=\"widget\" data-widget_type=\"text-editor.default\">\n\t\t\t\t<div class=\"elementor-widget-container\">\n\t\t\t\t\t\t\t\t<div class=\"elementor-text-editor elementor-clearfix\">\n\t\t\t\t<p><span style=\"font-weight: 400;\">La Pol\u00edtica P\u00fablica como construcci\u00f3n social puede ser definida como una estrategia con la cual el gobierno coordina y articula el comportamiento de los actores, a trav\u00e9s de un conjunto de sucesivas acciones intencionales, que representan la realizaci\u00f3n concreta de decisiones en torno a uno o varios objetivos colectivos, considerados necesarios o deseables en la medida en que hacen frente a situaciones socialmente relevantes (Jaime Torres-Melo Jairo Santander A, 2003).<\/span><\/p>\t\t\t\t\t<\/div>\n\t\t\t\t\t\t<\/div>\n\t\t\t\t<\/div>\n\t\t\t\t<div class=\"elementor-element elementor-element-8859710 elementor-tablet-align-left elementor-mobile-align-center elementor-widget elementor-widget-button\" data-id=\"8859710\" data-element_type=\"widget\" data-widget_type=\"button.default\">\n\t\t\t\t<div class=\"elementor-widget-container\">\n\t\t\t\t\t<div class=\"elementor-button-wrapper\">\n\t\t\t<a href=\"https:\/\/www.medellin.gov.co\/es\/secretaria-de-salud\/que-hacemos\/observatorio-de-salud\/gestion-de-politicas-publicas-en-salud\/\" class=\"elementor-button-link elementor-button elementor-size-sm\" role=\"button\">\n\t\t\t\t\t\t<span class=\"elementor-button-content-wrapper\">\n\t\t\t\t\t\t<span class=\"elementor-button-text\">Conoce m\u00e1s<\/span>\n\t\t<\/span>\n\t\t\t\t\t<\/a>\n\t\t<\/div>\n\t\t\t\t<\/div>\n\t\t\t\t<\/div>\n\t\t\t\t\t\t<\/div>\n\t\t\t\t\t<\/div>\n\t\t<\/div>\n\t\t\t\t<div class=\"elementor-column elementor-col-50 elementor-inner-column elementor-element elementor-element-52ecd3d\" data-id=\"52ecd3d\" data-element_type=\"column\">\n\t\t\t<div class=\"elementor-column-wrap elementor-element-populated\">\n\t\t\t\t\t\t\t<div class=\"elementor-widget-wrap\">\n\t\t\t\t\t\t<div class=\"elementor-element elementor-element-001d4fb elementor-widget elementor-widget-image\" data-id=\"001d4fb\" data-element_type=\"widget\" data-widget_type=\"image.default\">\n\t\t\t\t<div class=\"elementor-widget-container\">\n\t\t\t\t\t\t\t\t<div class=\"elementor-image\">\n\t\t\t\t\t\t\t\t\t\t\t\t<img width=\"1200\" height=\"674\" src=\"https:\/\/www.medellin.gov.co\/es\/wp-content\/uploads\/2021\/09\/objetivos-sanitarios-de-la-secretaria-de-salud.jpg\" class=\"attachment-full size-full\" alt=\"Objetivos sanitarios de la Secretaria de Salud\" loading=\"lazy\" srcset=\"https:\/\/www.medellin.gov.co\/es\/wp-content\/uploads\/2021\/09\/objetivos-sanitarios-de-la-secretaria-de-salud.jpg 1200w, https:\/\/www.medellin.gov.co\/es\/wp-content\/uploads\/2021\/09\/objetivos-sanitarios-de-la-secretaria-de-salud-300x169.jpg 300w, https:\/\/www.medellin.gov.co\/es\/wp-content\/uploads\/2021\/09\/objetivos-sanitarios-de-la-secretaria-de-salud-1024x575.jpg 1024w, https:\/\/www.medellin.gov.co\/es\/wp-content\/uploads\/2021\/09\/objetivos-sanitarios-de-la-secretaria-de-salud-150x84.jpg 150w, https:\/\/www.medellin.gov.co\/es\/wp-content\/uploads\/2021\/09\/objetivos-sanitarios-de-la-secretaria-de-salud-768x431.jpg 768w\" sizes=\"(max-width: 1200px) 100vw, 1200px\" \/>\t\t\t\t\t\t\t\t\t\t\t\t\t\t<\/div>\n\t\t\t\t\t\t<\/div>\n\t\t\t\t<\/div>\n\t\t\t\t\t\t<\/div>\n\t\t\t\t\t<\/div>\n\t\t<\/div>\n\t\t\t\t\t\t\t\t<\/div>\n\t\t\t\t\t<\/div>\n\t\t<\/section>\n\t\t\t\t<div class=\"elementor-element elementor-element-4699686 elementor-widget elementor-widget-heading\" data-id=\"4699686\" data-element_type=\"widget\" data-widget_type=\"heading.default\">\n\t\t\t\t<div class=\"elementor-widget-container\">\n\t\t\t<h2 class=\"elementor-heading-title elementor-size-default\"><b>Publicaciones, investigaciones<\/b> y repositorio<\/h2>\t\t<\/div>\n\t\t\t\t<\/div>\n\t\t\t\t<div class=\"elementor-element elementor-element-3bac3c3 elementor-widget elementor-widget-image\" data-id=\"3bac3c3\" data-element_type=\"widget\" data-widget_type=\"image.default\">\n\t\t\t\t<div class=\"elementor-widget-container\">\n\t\t\t\t\t\t\t\t<div class=\"elementor-image\">\n\t\t\t\t\t\t\t\t\t\t\t\t<img width=\"1200\" height=\"797\" src=\"https:\/\/www.medellin.gov.co\/es\/wp-content\/uploads\/2021\/09\/especialistas-en-documentacion-sanitaria.jpg\" class=\"attachment-full size-full\" alt=\"Especialistas en documentaci\u00f3n sanitaria\" loading=\"lazy\" srcset=\"https:\/\/www.medellin.gov.co\/es\/wp-content\/uploads\/2021\/09\/especialistas-en-documentacion-sanitaria.jpg 1200w, https:\/\/www.medellin.gov.co\/es\/wp-content\/uploads\/2021\/09\/especialistas-en-documentacion-sanitaria-300x199.jpg 300w, https:\/\/www.medellin.gov.co\/es\/wp-content\/uploads\/2021\/09\/especialistas-en-documentacion-sanitaria-1024x680.jpg 1024w, https:\/\/www.medellin.gov.co\/es\/wp-content\/uploads\/2021\/09\/especialistas-en-documentacion-sanitaria-150x100.jpg 150w, https:\/\/www.medellin.gov.co\/es\/wp-content\/uploads\/2021\/09\/especialistas-en-documentacion-sanitaria-768x510.jpg 768w\" sizes=\"(max-width: 1200px) 100vw, 1200px\" \/>\t\t\t\t\t\t\t\t\t\t\t\t\t\t<\/div>\n\t\t\t\t\t\t<\/div>\n\t\t\t\t<\/div>\n\t\t\t\t<div class=\"elementor-element elementor-element-da94413 elementor-widget elementor-widget-text-editor\" data-id=\"da94413\" data-element_type=\"widget\" data-widget_type=\"text-editor.default\">\n\t\t\t\t<div class=\"elementor-widget-container\">\n\t\t\t\t\t\t\t\t<div class=\"elementor-text-editor elementor-clearfix\">\n\t\t\t\t<p>En el Observatorio de Salud contamos con contenido producto de la actividad acad\u00e9mica y cient\u00edfica de la Secretar\u00eda de Salud de Medell\u00edn.<\/p>\t\t\t\t\t<\/div>\n\t\t\t\t\t\t<\/div>\n\t\t\t\t<\/div>\n\t\t\t\t<div class=\"elementor-element elementor-element-5822b7f elementor-widget elementor-widget-pp-faq\" data-id=\"5822b7f\" data-element_type=\"widget\" data-settings=\"{&quot;faq_layout&quot;:&quot;accordion&quot;,&quot;accordion_type&quot;:&quot;accordion&quot;,&quot;toggle_speed&quot;:300}\" data-widget_type=\"pp-faq.default\">\n\t\t\t\t<div class=\"elementor-widget-container\">\n\t\t\t\t\t<div class=\"pp-faqs pp-advanced-accordion pp-toggle-icon-align-right\" id=\"pp-advanced-accordion-5822b7f\" data-accordion-id=\"5822b7f\">\n\t\t\t\t\t\t<div class=\"pp-faq-item-wrap elementor-grid-item\">\n\t\t\t\t<div class=\"pp-faq-item pp-accordion-item\">\n\t\t\t\t\t<div id=\"pp-accordion-tab-title-9241\" class=\"pp-faq-question pp-accordion-tab-title\" tabindex=\"9241\" data-tab=\"1\">\n\t\t\t\t\t\t<div class=\"pp-accordion-title-icon\">\n\t\t\t\t\t\t\t\t\t\t\t\t\t\t\t\t\t\t\t\t\t<div class=\"pp-accordion-title-text\">\n\t\t\t\t\t\t\t\tBoletines\t\t\t\t\t\t\t<\/div>\n\t\t\t\t\t\t<\/div>\n\t\t\t\t\t\t\t\t\t\t\t\t\t<div class=\"pp-accordion-toggle-icon\">\n\t\t\t\t\t\t\t\t\t\t\t\t\t\t\t\t\t<span class='pp-accordion-toggle-icon-close pp-icon'>\n\t\t\t\t\t\t\t\t\t\t<i aria-hidden=\"true\" class=\"fas fa-plus\"><\/i>\t\t\t\t\t\t\t\t\t<\/span>\n\t\t\t\t\t\t\t\t\t\t\t\t\t\t\t\t\t\t\t\t\t\t\t\t\t<span class='pp-accordion-toggle-icon-open pp-icon'>\n\t\t\t\t\t\t\t\t\t\t<i aria-hidden=\"true\" class=\"fas fa-minus\"><\/i>\t\t\t\t\t\t\t\t\t<\/span>\n\t\t\t\t\t\t\t\t\t\t\t\t\t\t\t<\/div>\n\t\t\t\t\t\t\t\t\t\t\t<\/div>\n\n\t\t\t\t\t<div id=\"pp-accordion-tab-content-9241\" class=\"pp-faq-answer pp-accordion-tab-content\" data-tab=\"1\">\n\t\t\t\t\t\t<p><a href=\"https:\/\/www.medellin.gov.co\/es\/wp-content\/uploads\/2025\/07\/Boleti\u0301n-1-2025-Bajo-peso-al-Nacer.pdf\" target=\"_blank\" rel=\"noopener\">Boleti\u0301n 1 -2025 Bajo peso al Nacer<\/a><\/p>\n\t\t\t\t\t<\/div>\n\t\t\t\t<\/div>\n\t\t\t<\/div>\n\t\t\t\t\t<\/div>\n\t\t\t\t<\/div>\n\t\t\t\t<\/div>\n\t\t\t\t<section class=\"elementor-section elementor-inner-section elementor-element elementor-element-b786b6a elementor-section-boxed elementor-section-height-default elementor-section-height-default\" data-id=\"b786b6a\" data-element_type=\"section\">\n\t\t\t\t\t\t<div class=\"elementor-container elementor-column-gap-default\">\n\t\t\t\t\t\t\t<div class=\"elementor-row\">\n\t\t\t\t\t<div class=\"elementor-column elementor-col-50 elementor-inner-column elementor-element elementor-element-6a2df47\" data-id=\"6a2df47\" data-element_type=\"column\" data-settings=\"{&quot;background_background&quot;:&quot;classic&quot;}\">\n\t\t\t<div class=\"elementor-column-wrap elementor-element-populated\">\n\t\t\t\t\t\t\t<div class=\"elementor-widget-wrap\">\n\t\t\t\t\t\t<div class=\"elementor-element elementor-element-f881df7 elementor-widget elementor-widget-heading\" data-id=\"f881df7\" data-element_type=\"widget\" data-widget_type=\"heading.default\">\n\t\t\t\t<div class=\"elementor-widget-container\">\n\t\t\t<h2 class=\"elementor-heading-title elementor-size-default\"><a href=\"https:\/\/medellingovco-my.sharepoint.com\/:b:\/g\/personal\/43742193_medellin_gov_co\/EYeoBMLRl-tCqGPLI0uxf8sBAr8EpI_tBYdzvxgYZIyTGg?e=qZR5Wc\" target=\"_blank\">Conoce el Comit\u00e9 de Investigaciones<\/a><\/h2>\t\t<\/div>\n\t\t\t\t<\/div>\n\t\t\t\t\t\t<\/div>\n\t\t\t\t\t<\/div>\n\t\t<\/div>\n\t\t\t\t<div class=\"elementor-column elementor-col-50 elementor-inner-column elementor-element elementor-element-3dd6c75\" data-id=\"3dd6c75\" data-element_type=\"column\" data-settings=\"{&quot;background_background&quot;:&quot;classic&quot;}\">\n\t\t\t<div class=\"elementor-column-wrap elementor-element-populated\">\n\t\t\t\t\t\t\t<div class=\"elementor-widget-wrap\">\n\t\t\t\t\t\t<div class=\"elementor-element elementor-element-a33770c elementor-widget elementor-widget-heading\" data-id=\"a33770c\" data-element_type=\"widget\" data-widget_type=\"heading.default\">\n\t\t\t\t<div class=\"elementor-widget-container\">\n\t\t\t<h2 class=\"elementor-heading-title elementor-size-default\"><a href=\"https:\/\/www.medellin.gov.co\/es\/wp-content\/uploads\/2026\/04\/FO-GESA-039-Formato_Solicituddeinformacion_marzo_2023.pdf\" target=\"_blank\">Formato Solicitud de informaci\u00f3n<\/a><\/h2>\t\t<\/div>\n\t\t\t\t<\/div>\n\t\t\t\t<div class=\"elementor-element elementor-element-17ff91c elementor-widget elementor-widget-heading\" data-id=\"17ff91c\" data-element_type=\"widget\" data-widget_type=\"heading.default\">\n\t\t\t\t<div class=\"elementor-widget-container\">\n\t\t\t<h2 class=\"elementor-heading-title elementor-size-default\"><a href=\"https:\/\/www.medellin.gov.co\/es\/wp-content\/uploads\/2026\/04\/FO-GESA-013_Acuerdodeconfidencialidad_V4.14062023docx.pdf\" target=\"_blank\">Acuerdo de confidencialidad<\/a><\/h2>\t\t<\/div>\n\t\t\t\t<\/div>\n\t\t\t\t\t\t<\/div>\n\t\t\t\t\t<\/div>\n\t\t<\/div>\n\t\t\t\t\t\t\t\t<\/div>\n\t\t\t\t\t<\/div>\n\t\t<\/section>\n\t\t\t\t<section class=\"elementor-section elementor-inner-section elementor-element elementor-element-09ec0b2 elementor-section-boxed elementor-section-height-default elementor-section-height-default\" data-id=\"09ec0b2\" data-element_type=\"section\">\n\t\t\t\t\t\t<div class=\"elementor-container elementor-column-gap-default\">\n\t\t\t\t\t\t\t<div class=\"elementor-row\">\n\t\t\t\t\t<div class=\"elementor-column elementor-col-50 elementor-inner-column elementor-element elementor-element-29fe350\" data-id=\"29fe350\" data-element_type=\"column\">\n\t\t\t<div class=\"elementor-column-wrap elementor-element-populated\">\n\t\t\t\t\t\t\t<div class=\"elementor-widget-wrap\">\n\t\t\t\t\t\t<div class=\"elementor-element elementor-element-35724a2 elementor-widget elementor-widget-image\" data-id=\"35724a2\" data-element_type=\"widget\" data-widget_type=\"image.default\">\n\t\t\t\t<div class=\"elementor-widget-container\">\n\t\t\t\t\t\t\t\t<div class=\"elementor-image\">\n\t\t\t\t\t\t\t\t\t\t\t\t<img width=\"1024\" height=\"683\" src=\"https:\/\/www.medellin.gov.co\/es\/wp-content\/uploads\/2022\/04\/cartas-personal-salud.jpg\" class=\"attachment-large size-large\" alt=\"Cartas Personal Salud\" loading=\"lazy\" srcset=\"https:\/\/www.medellin.gov.co\/es\/wp-content\/uploads\/2022\/04\/cartas-personal-salud.jpg 1024w, https:\/\/www.medellin.gov.co\/es\/wp-content\/uploads\/2022\/04\/cartas-personal-salud-300x200.jpg 300w, https:\/\/www.medellin.gov.co\/es\/wp-content\/uploads\/2022\/04\/cartas-personal-salud-150x100.jpg 150w, https:\/\/www.medellin.gov.co\/es\/wp-content\/uploads\/2022\/04\/cartas-personal-salud-768x512.jpg 768w\" sizes=\"(max-width: 1024px) 100vw, 1024px\" \/>\t\t\t\t\t\t\t\t\t\t\t\t\t\t<\/div>\n\t\t\t\t\t\t<\/div>\n\t\t\t\t<\/div>\n\t\t\t\t\t\t<\/div>\n\t\t\t\t\t<\/div>\n\t\t<\/div>\n\t\t\t\t<div class=\"elementor-column elementor-col-50 elementor-inner-column elementor-element elementor-element-354ede5\" data-id=\"354ede5\" data-element_type=\"column\">\n\t\t\t<div class=\"elementor-column-wrap elementor-element-populated\">\n\t\t\t\t\t\t\t<div class=\"elementor-widget-wrap\">\n\t\t\t\t\t\t<div class=\"elementor-element elementor-element-01615e0 elementor-widget elementor-widget-heading\" data-id=\"01615e0\" data-element_type=\"widget\" data-widget_type=\"heading.default\">\n\t\t\t\t<div class=\"elementor-widget-container\">\n\t\t\t<h2 class=\"elementor-heading-title elementor-size-default\">Simposio de investigaciones<\/h2>\t\t<\/div>\n\t\t\t\t<\/div>\n\t\t\t\t<div class=\"elementor-element elementor-element-8c60057 elementor-widget elementor-widget-text-editor\" data-id=\"8c60057\" data-element_type=\"widget\" data-widget_type=\"text-editor.default\">\n\t\t\t\t<div class=\"elementor-widget-container\">\n\t\t\t\t\t\t\t\t<div class=\"elementor-text-editor elementor-clearfix\">\n\t\t\t\t<p><span style=\"font-weight: 400;\">Este es un espacio de la Secretaria de Salud abierto a los diferentes grupos de investigaci\u00f3n, instituciones acad\u00e9micas, del sector salud y otros sectores, como tambi\u00e9n para personas y comunidad interesados en la generaci\u00f3n de conocimiento de la ciudad, para presentar y compartir avances y resultados de las investigaciones relacionadas con salud y sus determinantes, con el fin de aportar elementos que enriquezcan el conocimiento en la construcci\u00f3n de estrategias de intervenci\u00f3n frente a los problemas en salud de la poblaci\u00f3n de la ciudad, que pueden desarrollarse en el marco de mediano plazo en el Plan Territorial de Salud.<\/span><\/p>\t\t\t\t\t<\/div>\n\t\t\t\t\t\t<\/div>\n\t\t\t\t<\/div>\n\t\t\t\t<div class=\"elementor-element elementor-element-2b35e41 elementor-mobile-align-left elementor-widget elementor-widget-button\" data-id=\"2b35e41\" data-element_type=\"widget\" data-widget_type=\"button.default\">\n\t\t\t\t<div class=\"elementor-widget-container\">\n\t\t\t\t\t<div class=\"elementor-button-wrapper\">\n\t\t\t<a href=\"https:\/\/www.medellin.gov.co\/es\/wp-content\/uploads\/2023\/12\/memorias-simposio-2023.pdf\" target=\"_blank\" class=\"elementor-button-link elementor-button elementor-size-sm\" role=\"button\">\n\t\t\t\t\t\t<span class=\"elementor-button-content-wrapper\">\n\t\t\t\t\t\t<span class=\"elementor-button-text\">Conoce las memorias del 2023<\/span>\n\t\t<\/span>\n\t\t\t\t\t<\/a>\n\t\t<\/div>\n\t\t\t\t<\/div>\n\t\t\t\t<\/div>\n\t\t\t\t<div class=\"elementor-element elementor-element-abf03c4 elementor-tablet-align-left elementor-mobile-align-center elementor-widget elementor-widget-button\" data-id=\"abf03c4\" data-element_type=\"widget\" data-widget_type=\"button.default\">\n\t\t\t\t<div class=\"elementor-widget-container\">\n\t\t\t\t\t<div class=\"elementor-button-wrapper\">\n\t\t\t<a href=\"https:\/\/www.medellin.gov.co\/es\/wp-content\/uploads\/2023\/12\/memorias-simposio-investigaciones-2021.pdf\" target=\"_blank\" class=\"elementor-button-link elementor-button elementor-size-sm\" role=\"button\">\n\t\t\t\t\t\t<span class=\"elementor-button-content-wrapper\">\n\t\t\t\t\t\t<span class=\"elementor-button-text\">Conoce las memorias del 2021<\/span>\n\t\t<\/span>\n\t\t\t\t\t<\/a>\n\t\t<\/div>\n\t\t\t\t<\/div>\n\t\t\t\t<\/div>\n\t\t\t\t<div class=\"elementor-element elementor-element-1ba3810 elementor-mobile-align-left elementor-widget elementor-widget-button\" data-id=\"1ba3810\" data-element_type=\"widget\" data-widget_type=\"button.default\">\n\t\t\t\t<div class=\"elementor-widget-container\">\n\t\t\t\t\t<div class=\"elementor-button-wrapper\">\n\t\t\t<a href=\"https:\/\/www.medellin.gov.co\/es\/wp-content\/uploads\/2023\/12\/memorias-simposio-investigaciones-2019.pdf\" target=\"_blank\" class=\"elementor-button-link elementor-button elementor-size-sm\" role=\"button\">\n\t\t\t\t\t\t<span class=\"elementor-button-content-wrapper\">\n\t\t\t\t\t\t<span class=\"elementor-button-text\">Conoce las memorias del 2019<\/span>\n\t\t<\/span>\n\t\t\t\t\t<\/a>\n\t\t<\/div>\n\t\t\t\t<\/div>\n\t\t\t\t<\/div>\n\t\t\t\t\t\t<\/div>\n\t\t\t\t\t<\/div>\n\t\t<\/div>\n\t\t\t\t\t\t\t\t<\/div>\n\t\t\t\t\t<\/div>\n\t\t<\/section>\n\t\t\t\t<div class=\"elementor-element elementor-element-e73bf0c elementor-widget elementor-widget-heading\" data-id=\"e73bf0c\" data-element_type=\"widget\" data-widget_type=\"heading.default\">\n\t\t\t\t<div class=\"elementor-widget-container\">\n\t\t\t<h2 class=\"elementor-heading-title elementor-size-default\"><b>Indicadores b\u00e1sicos<\/b> en salud<\/h2>\t\t<\/div>\n\t\t\t\t<\/div>\n\t\t\t\t<div class=\"elementor-element elementor-element-a8a2a18 elementor-widget elementor-widget-text-editor\" data-id=\"a8a2a18\" data-element_type=\"widget\" data-widget_type=\"text-editor.default\">\n\t\t\t\t<div class=\"elementor-widget-container\">\n\t\t\t\t\t\t\t\t<div class=\"elementor-text-editor elementor-clearfix\">\n\t\t\t\t<p>Los indicadores de salud son los instrumentos que ayudan a determinar el estado o condici\u00f3n de una situaci\u00f3n particular, para compararla con otras situaciones de la realidad y a partir de ah\u00ed, dise\u00f1ar nuevos planes y proyectos en salud.<\/p><p>Los indicadores que presenta la Secretar\u00eda de Salud de Medell\u00edn desarrollan los siguientes contenidos:<\/p>\t\t\t\t\t<\/div>\n\t\t\t\t\t\t<\/div>\n\t\t\t\t<\/div>\n\t\t\t\t<div class=\"elementor-element elementor-element-8f36bb8 elementor-widget elementor-widget-text-editor\" data-id=\"8f36bb8\" data-element_type=\"widget\" data-widget_type=\"text-editor.default\">\n\t\t\t\t<div class=\"elementor-widget-container\">\n\t\t\t\t\t\t\t\t<div class=\"elementor-text-editor elementor-clearfix\">\n\t\t\t\t<ul><li>Presentaci\u00f3n<\/li><li>Indicadores<\/li><li>Din\u00e1mica de la poblaci\u00f3n<\/li><li>Pir\u00e1mide poblacional<\/li><li>Pir\u00e1mide de la poblaci\u00f3n en situaci\u00f3n de desplazamiento<\/li><li>Oferta de servicios de salud<\/li><li>Afiliaci\u00f3n al r\u00e9gimen subsidiado<\/li><li>Estructura poblacional del r\u00e9gimen subsidiado<\/li><li>Nacimientos<\/li><li>Comportamiento del embarazo adolescente<\/li><li>Eventos de inter\u00e9s en salud p\u00fablica<\/li><li>Coberturas de vacunaci\u00f3n<\/li><li>Indicadores de mortalidad<\/li><li>Indicadores de morbilidad<\/li><li>Definiciones <\/li><\/ul>\t\t\t\t\t<\/div>\n\t\t\t\t\t\t<\/div>\n\t\t\t\t<\/div>\n\t\t\t\t<div class=\"elementor-element elementor-element-174d9e6 elementor-widget elementor-widget-text-editor\" data-id=\"174d9e6\" data-element_type=\"widget\" data-widget_type=\"text-editor.default\">\n\t\t\t\t<div class=\"elementor-widget-container\">\n\t\t\t\t\t\t\t\t<div class=\"elementor-text-editor elementor-clearfix\">\n\t\t\t\t<p>Encuentra aqu\u00ed el hist\u00f3rico de indicadores que ha sacado la Secretar\u00eda de Salud de Medell\u00edn:<\/p>\t\t\t\t\t<\/div>\n\t\t\t\t\t\t<\/div>\n\t\t\t\t<\/div>\n\t\t\t\t<section class=\"elementor-section elementor-inner-section elementor-element elementor-element-d69df69 elementor-section-boxed elementor-section-height-default elementor-section-height-default\" data-id=\"d69df69\" data-element_type=\"section\">\n\t\t\t\t\t\t<div class=\"elementor-container elementor-column-gap-default\">\n\t\t\t\t\t\t\t<div class=\"elementor-row\">\n\t\t\t\t\t<div class=\"elementor-column elementor-col-25 elementor-inner-column elementor-element elementor-element-e2cef64\" data-id=\"e2cef64\" data-element_type=\"column\">\n\t\t\t<div class=\"elementor-column-wrap elementor-element-populated\">\n\t\t\t\t\t\t\t<div class=\"elementor-widget-wrap\">\n\t\t\t\t\t\t<div class=\"elementor-element elementor-element-fdc7d79 elementor-widget elementor-widget-image\" data-id=\"fdc7d79\" data-element_type=\"widget\" data-widget_type=\"image.default\">\n\t\t\t\t<div class=\"elementor-widget-container\">\n\t\t\t\t\t\t\t\t<div class=\"elementor-image\">\n\t\t\t\t\t\t\t\t\t\t\t\t\t<a href=\"https:\/\/www.medellin.gov.co\/es\/wp-content\/uploads\/2025\/03\/Libro-de-Indicadores-ba\u0301sicos-2022.pdf\" target=\"_blank\">\n\t\t\t\t\t\t\t<img width=\"780\" height=\"1008\" src=\"https:\/\/www.medellin.gov.co\/es\/wp-content\/uploads\/2024\/12\/libro-de-indicadores-2022.jpg\" class=\"attachment-large size-large\" alt=\"\" loading=\"lazy\" srcset=\"https:\/\/www.medellin.gov.co\/es\/wp-content\/uploads\/2024\/12\/libro-de-indicadores-2022.jpg 780w, https:\/\/www.medellin.gov.co\/es\/wp-content\/uploads\/2024\/12\/libro-de-indicadores-2022-232x300.jpg 232w, https:\/\/www.medellin.gov.co\/es\/wp-content\/uploads\/2024\/12\/libro-de-indicadores-2022-116x150.jpg 116w, https:\/\/www.medellin.gov.co\/es\/wp-content\/uploads\/2024\/12\/libro-de-indicadores-2022-768x992.jpg 768w\" sizes=\"(max-width: 780px) 100vw, 780px\" \/>\t\t\t\t\t\t\t\t<\/a>\n\t\t\t\t\t\t\t\t\t\t\t\t\t\t<\/div>\n\t\t\t\t\t\t<\/div>\n\t\t\t\t<\/div>\n\t\t\t\t<div class=\"elementor-element elementor-element-1015fc1 elementor-widget elementor-widget-heading\" data-id=\"1015fc1\" data-element_type=\"widget\" data-widget_type=\"heading.default\">\n\t\t\t\t<div class=\"elementor-widget-container\">\n\t\t\t<h3 class=\"elementor-heading-title elementor-size-default\"><a href=\"https:\/\/www.medellin.gov.co\/es\/wp-content\/uploads\/2025\/03\/Libro-de-Indicadores-ba\u0301sicos-2022.pdf\" target=\"_blank\">Indicadores b\u00e1sicos 2022<\/a><\/h3>\t\t<\/div>\n\t\t\t\t<\/div>\n\t\t\t\t\t\t<\/div>\n\t\t\t\t\t<\/div>\n\t\t<\/div>\n\t\t\t\t<div class=\"elementor-column elementor-col-25 elementor-inner-column elementor-element elementor-element-5e63598\" data-id=\"5e63598\" data-element_type=\"column\">\n\t\t\t<div class=\"elementor-column-wrap elementor-element-populated\">\n\t\t\t\t\t\t\t<div class=\"elementor-widget-wrap\">\n\t\t\t\t\t\t<div class=\"elementor-element elementor-element-991bdb1 elementor-widget elementor-widget-image\" data-id=\"991bdb1\" data-element_type=\"widget\" data-widget_type=\"image.default\">\n\t\t\t\t<div class=\"elementor-widget-container\">\n\t\t\t\t\t\t\t\t<div class=\"elementor-image\">\n\t\t\t\t\t\t\t\t\t\t\t\t\t<a href=\"https:\/\/www.medellin.gov.co\/irj\/go\/km\/docs\/pccdesign\/SubportaldelCiudadano_2\/PlandeDesarrollo_0_19\/IndicadoresyEstadsticas\/Shared%20Content\/Libros%20de%20indicadores\/libro_indicadores_2018.pdf\" target=\"_blank\">\n\t\t\t\t\t\t\t<img width=\"780\" height=\"1024\" src=\"https:\/\/www.medellin.gov.co\/es\/wp-content\/uploads\/2023\/12\/libro-de-indicadores-2021-780x1024.jpeg\" class=\"attachment-large size-large\" alt=\"Libro de indicadores\" loading=\"lazy\" srcset=\"https:\/\/www.medellin.gov.co\/es\/wp-content\/uploads\/2023\/12\/libro-de-indicadores-2021-780x1024.jpeg 780w, https:\/\/www.medellin.gov.co\/es\/wp-content\/uploads\/2023\/12\/libro-de-indicadores-2021-229x300.jpeg 229w, https:\/\/www.medellin.gov.co\/es\/wp-content\/uploads\/2023\/12\/libro-de-indicadores-2021-114x150.jpeg 114w, https:\/\/www.medellin.gov.co\/es\/wp-content\/uploads\/2023\/12\/libro-de-indicadores-2021-768x1008.jpeg 768w, https:\/\/www.medellin.gov.co\/es\/wp-content\/uploads\/2023\/12\/libro-de-indicadores-2021.jpeg 1154w\" sizes=\"(max-width: 780px) 100vw, 780px\" \/>\t\t\t\t\t\t\t\t<\/a>\n\t\t\t\t\t\t\t\t\t\t\t\t\t\t<\/div>\n\t\t\t\t\t\t<\/div>\n\t\t\t\t<\/div>\n\t\t\t\t<div class=\"elementor-element elementor-element-3eecdbf elementor-widget elementor-widget-heading\" data-id=\"3eecdbf\" data-element_type=\"widget\" data-widget_type=\"heading.default\">\n\t\t\t\t<div class=\"elementor-widget-container\">\n\t\t\t<h3 class=\"elementor-heading-title elementor-size-default\"><a href=\"https:\/\/www.medellin.gov.co\/es\/wp-content\/uploads\/2023\/12\/libro-indicadores-2021-completo.pdf\" target=\"_blank\">Indicadores b\u00e1sicos 2021<\/a><\/h3>\t\t<\/div>\n\t\t\t\t<\/div>\n\t\t\t\t\t\t<\/div>\n\t\t\t\t\t<\/div>\n\t\t<\/div>\n\t\t\t\t<div class=\"elementor-column elementor-col-25 elementor-inner-column elementor-element elementor-element-dd4d0ed\" data-id=\"dd4d0ed\" data-element_type=\"column\">\n\t\t\t<div class=\"elementor-column-wrap elementor-element-populated\">\n\t\t\t\t\t\t\t<div class=\"elementor-widget-wrap\">\n\t\t\t\t\t\t<div class=\"elementor-element elementor-element-cfff3e0 elementor-widget elementor-widget-image\" data-id=\"cfff3e0\" data-element_type=\"widget\" data-widget_type=\"image.default\">\n\t\t\t\t<div class=\"elementor-widget-container\">\n\t\t\t\t\t\t\t\t<div class=\"elementor-image\">\n\t\t\t\t\t\t\t\t\t\t\t\t\t<a href=\"https:\/\/www.medellin.gov.co\/irj\/go\/km\/docs\/pccdesign\/SubportaldelCiudadano_2\/PlandeDesarrollo_0_19\/IndicadoresyEstadsticas\/Shared%20Content\/Libros%20de%20indicadores\/libro_indicadores_2018.pdf\" target=\"_blank\">\n\t\t\t\t\t\t\t<img width=\"408\" height=\"530\" src=\"https:\/\/www.medellin.gov.co\/es\/wp-content\/uploads\/2021\/09\/situacion-de-salud-en-medellin-en-2018.jpg\" class=\"attachment-large size-large\" alt=\"Situaci\u00f3n de salud en Medell\u00edn en 2018\" loading=\"lazy\" srcset=\"https:\/\/www.medellin.gov.co\/es\/wp-content\/uploads\/2021\/09\/situacion-de-salud-en-medellin-en-2018.jpg 408w, https:\/\/www.medellin.gov.co\/es\/wp-content\/uploads\/2021\/09\/situacion-de-salud-en-medellin-en-2018-231x300.jpg 231w, https:\/\/www.medellin.gov.co\/es\/wp-content\/uploads\/2021\/09\/situacion-de-salud-en-medellin-en-2018-115x150.jpg 115w\" sizes=\"(max-width: 408px) 100vw, 408px\" \/>\t\t\t\t\t\t\t\t<\/a>\n\t\t\t\t\t\t\t\t\t\t\t\t\t\t<\/div>\n\t\t\t\t\t\t<\/div>\n\t\t\t\t<\/div>\n\t\t\t\t<div class=\"elementor-element elementor-element-280cc27 elementor-widget elementor-widget-heading\" data-id=\"280cc27\" data-element_type=\"widget\" data-widget_type=\"heading.default\">\n\t\t\t\t<div class=\"elementor-widget-container\">\n\t\t\t<h3 class=\"elementor-heading-title elementor-size-default\"><a href=\"https:\/\/www.medellin.gov.co\/irj\/go\/km\/docs\/pccdesign\/SubportaldelCiudadano_2\/PlandeDesarrollo_0_19\/IndicadoresyEstadsticas\/Shared%20Content\/Libros%20de%20indicadores\/libro_indicadores_2018.pdf\" target=\"_blank\">Indicadores b\u00e1sicos 2018<\/a><\/h3>\t\t<\/div>\n\t\t\t\t<\/div>\n\t\t\t\t\t\t<\/div>\n\t\t\t\t\t<\/div>\n\t\t<\/div>\n\t\t\t\t<div class=\"elementor-column elementor-col-25 elementor-inner-column elementor-element elementor-element-0fc465c\" data-id=\"0fc465c\" data-element_type=\"column\">\n\t\t\t<div class=\"elementor-column-wrap elementor-element-populated\">\n\t\t\t\t\t\t\t<div class=\"elementor-widget-wrap\">\n\t\t\t\t\t\t<div class=\"elementor-element elementor-element-14907c1 elementor-widget elementor-widget-image\" data-id=\"14907c1\" data-element_type=\"widget\" data-widget_type=\"image.default\">\n\t\t\t\t<div class=\"elementor-widget-container\">\n\t\t\t\t\t\t\t\t<div class=\"elementor-image\">\n\t\t\t\t\t\t\t\t\t\t\t\t\t<a href=\"https:\/\/www.medellin.gov.co\/irj\/go\/km\/docs\/pccdesign\/SubportaldelCiudadano_2\/PlandeDesarrollo_0_19\/IndicadoresyEstadsticas\/Shared%20Content\/Libros%20de%20indicadores\/Libro%20indicadores%20%202017%20-%20Secretar%c3%ada%20de%20Salud.pdf\" target=\"_blank\">\n\t\t\t\t\t\t\t<img width=\"400\" height=\"527\" src=\"https:\/\/www.medellin.gov.co\/es\/wp-content\/uploads\/2021\/09\/situacion-de-salud-en-medellin-en-2017.jpg\" class=\"attachment-full size-full\" alt=\"Situaci\u00f3n de salud en Medell\u00edn en 2017\" loading=\"lazy\" srcset=\"https:\/\/www.medellin.gov.co\/es\/wp-content\/uploads\/2021\/09\/situacion-de-salud-en-medellin-en-2017.jpg 400w, https:\/\/www.medellin.gov.co\/es\/wp-content\/uploads\/2021\/09\/situacion-de-salud-en-medellin-en-2017-228x300.jpg 228w, https:\/\/www.medellin.gov.co\/es\/wp-content\/uploads\/2021\/09\/situacion-de-salud-en-medellin-en-2017-114x150.jpg 114w\" sizes=\"(max-width: 400px) 100vw, 400px\" \/>\t\t\t\t\t\t\t\t<\/a>\n\t\t\t\t\t\t\t\t\t\t\t\t\t\t<\/div>\n\t\t\t\t\t\t<\/div>\n\t\t\t\t<\/div>\n\t\t\t\t<div class=\"elementor-element elementor-element-1511961 elementor-widget elementor-widget-heading\" data-id=\"1511961\" data-element_type=\"widget\" data-widget_type=\"heading.default\">\n\t\t\t\t<div class=\"elementor-widget-container\">\n\t\t\t<h3 class=\"elementor-heading-title elementor-size-default\"><a href=\"https:\/\/www.medellin.gov.co\/irj\/go\/km\/docs\/pccdesign\/SubportaldelCiudadano_2\/PlandeDesarrollo_0_19\/IndicadoresyEstadsticas\/Shared%20Content\/Libros%20de%20indicadores\/Libro%20indicadores%20%202017%20-%20Secretar%c3%ada%20de%20Salud.pdf\" target=\"_blank\">Indicadores b\u00e1sicos 2017<\/a><\/h3>\t\t<\/div>\n\t\t\t\t<\/div>\n\t\t\t\t\t\t<\/div>\n\t\t\t\t\t<\/div>\n\t\t<\/div>\n\t\t\t\t\t\t\t\t<\/div>\n\t\t\t\t\t<\/div>\n\t\t<\/section>\n\t\t\t\t<section class=\"elementor-section elementor-inner-section elementor-element elementor-element-baa4085 elementor-section-boxed elementor-section-height-default elementor-section-height-default\" data-id=\"baa4085\" data-element_type=\"section\">\n\t\t\t\t\t\t<div class=\"elementor-container elementor-column-gap-default\">\n\t\t\t\t\t\t\t<div class=\"elementor-row\">\n\t\t\t\t\t<div class=\"elementor-column elementor-col-25 elementor-inner-column elementor-element elementor-element-ecb8766\" data-id=\"ecb8766\" data-element_type=\"column\">\n\t\t\t<div class=\"elementor-column-wrap elementor-element-populated\">\n\t\t\t\t\t\t\t<div class=\"elementor-widget-wrap\">\n\t\t\t\t\t\t<div class=\"elementor-element elementor-element-bbc4e26 elementor-widget elementor-widget-image\" data-id=\"bbc4e26\" data-element_type=\"widget\" data-widget_type=\"image.default\">\n\t\t\t\t<div class=\"elementor-widget-container\">\n\t\t\t\t\t\t\t\t<div class=\"elementor-image\">\n\t\t\t\t\t\t\t\t\t\t\t\t\t<a href=\"https:\/\/www.medellin.gov.co\/irj\/go\/km\/docs\/pccdesign\/SubportaldelCiudadano_2\/PlandeDesarrollo_0_19\/IndicadoresyEstadsticas\/Shared%20Content\/Libros%20de%20indicadores\/libro_indi_2016_baja.pdf\" target=\"_blank\">\n\t\t\t\t\t\t\t<img width=\"396\" height=\"504\" src=\"https:\/\/www.medellin.gov.co\/es\/wp-content\/uploads\/2021\/09\/situacion-de-salud-en-medellin-en-2016.jpg\" class=\"attachment-full size-full\" alt=\"Situaci\u00f3n de salud en Medell\u00edn en 2016\" loading=\"lazy\" srcset=\"https:\/\/www.medellin.gov.co\/es\/wp-content\/uploads\/2021\/09\/situacion-de-salud-en-medellin-en-2016.jpg 396w, https:\/\/www.medellin.gov.co\/es\/wp-content\/uploads\/2021\/09\/situacion-de-salud-en-medellin-en-2016-236x300.jpg 236w, https:\/\/www.medellin.gov.co\/es\/wp-content\/uploads\/2021\/09\/situacion-de-salud-en-medellin-en-2016-118x150.jpg 118w\" sizes=\"(max-width: 396px) 100vw, 396px\" \/>\t\t\t\t\t\t\t\t<\/a>\n\t\t\t\t\t\t\t\t\t\t\t\t\t\t<\/div>\n\t\t\t\t\t\t<\/div>\n\t\t\t\t<\/div>\n\t\t\t\t<div class=\"elementor-element elementor-element-4ad2623 elementor-widget elementor-widget-heading\" data-id=\"4ad2623\" data-element_type=\"widget\" data-widget_type=\"heading.default\">\n\t\t\t\t<div class=\"elementor-widget-container\">\n\t\t\t<h3 class=\"elementor-heading-title elementor-size-default\"><a href=\"https:\/\/www.medellin.gov.co\/irj\/go\/km\/docs\/pccdesign\/SubportaldelCiudadano_2\/PlandeDesarrollo_0_19\/IndicadoresyEstadsticas\/Shared%20Content\/Libros%20de%20indicadores\/libro_indi_2016_baja.pdf\" target=\"_blank\">Indicadores b\u00e1sicos 2016<\/a><\/h3>\t\t<\/div>\n\t\t\t\t<\/div>\n\t\t\t\t\t\t<\/div>\n\t\t\t\t\t<\/div>\n\t\t<\/div>\n\t\t\t\t<div class=\"elementor-column elementor-col-25 elementor-inner-column elementor-element elementor-element-8c4b10c\" data-id=\"8c4b10c\" data-element_type=\"column\">\n\t\t\t<div class=\"elementor-column-wrap\">\n\t\t\t\t\t\t\t<div class=\"elementor-widget-wrap\">\n\t\t\t\t\t\t\t\t<\/div>\n\t\t\t\t\t<\/div>\n\t\t<\/div>\n\t\t\t\t<div class=\"elementor-column elementor-col-25 elementor-inner-column elementor-element elementor-element-ee01e43\" data-id=\"ee01e43\" data-element_type=\"column\">\n\t\t\t<div class=\"elementor-column-wrap\">\n\t\t\t\t\t\t\t<div class=\"elementor-widget-wrap\">\n\t\t\t\t\t\t\t\t<\/div>\n\t\t\t\t\t<\/div>\n\t\t<\/div>\n\t\t\t\t<div class=\"elementor-column elementor-col-25 elementor-inner-column elementor-element elementor-element-2d3eace\" data-id=\"2d3eace\" data-element_type=\"column\">\n\t\t\t<div class=\"elementor-column-wrap\">\n\t\t\t\t\t\t\t<div class=\"elementor-widget-wrap\">\n\t\t\t\t\t\t\t\t<\/div>\n\t\t\t\t\t<\/div>\n\t\t<\/div>\n\t\t\t\t\t\t\t\t<\/div>\n\t\t\t\t\t<\/div>\n\t\t<\/section>\n\t\t\t\t<div class=\"elementor-element elementor-element-1f2cc26 elementor-widget elementor-widget-heading\" data-id=\"1f2cc26\" data-element_type=\"widget\" data-widget_type=\"heading.default\">\n\t\t\t\t<div class=\"elementor-widget-container\">\n\t\t\t<h2 class=\"elementor-heading-title elementor-size-default\"><b>Revista<\/b> de Salud P\u00fablica <\/h2>\t\t<\/div>\n\t\t\t\t<\/div>\n\t\t\t\t<section class=\"elementor-section elementor-inner-section elementor-element elementor-element-3938ca9 elementor-reverse-mobile elementor-section-boxed elementor-section-height-default elementor-section-height-default\" data-id=\"3938ca9\" data-element_type=\"section\">\n\t\t\t\t\t\t<div class=\"elementor-container elementor-column-gap-default\">\n\t\t\t\t\t\t\t<div class=\"elementor-row\">\n\t\t\t\t\t<div class=\"elementor-column elementor-col-50 elementor-inner-column elementor-element elementor-element-b9bf293\" data-id=\"b9bf293\" data-element_type=\"column\">\n\t\t\t<div class=\"elementor-column-wrap elementor-element-populated\">\n\t\t\t\t\t\t\t<div class=\"elementor-widget-wrap\">\n\t\t\t\t\t\t<div class=\"elementor-element elementor-element-0097830 elementor-widget elementor-widget-text-editor\" data-id=\"0097830\" data-element_type=\"widget\" data-widget_type=\"text-editor.default\">\n\t\t\t\t<div class=\"elementor-widget-container\">\n\t\t\t\t\t\t\t\t<div class=\"elementor-text-editor elementor-clearfix\">\n\t\t\t\t<p>En la mayor\u00eda de los pa\u00edses en desarrollo de la Regi\u00f3n de las Am\u00e9ricas, la Salud P\u00fablica constituye una necesidad sentida y una obligaci\u00f3n \u00e9tica, como una de las v\u00edas para el logro de mayores niveles de equidad, calidad de vida y desarrollo. La ciudad de Medell\u00edn ha dado un salto del miedo a la esperanza; es hoy el sitio de nuestro pa\u00eds en donde se percibe mayor ilusi\u00f3n, mayores perspectivas de mejoramiento y una mejor visi\u00f3n de futuro.<\/p><p>De la mano de esta transformaci\u00f3n nos hemos comprometido con los objetivos del milenio emanados de la Organizaci\u00f3n de Naciones Unidas y trabajamos arduamente por mejorar los indicadores de calidad de vida de los hombres y mujeres de nuestra ciudad, que a diario se comprometen con sentido de corresponsabilidad.<\/p>\t\t\t\t\t<\/div>\n\t\t\t\t\t\t<\/div>\n\t\t\t\t<\/div>\n\t\t\t\t\t\t<\/div>\n\t\t\t\t\t<\/div>\n\t\t<\/div>\n\t\t\t\t<div class=\"elementor-column elementor-col-50 elementor-inner-column elementor-element elementor-element-be543e0\" data-id=\"be543e0\" data-element_type=\"column\">\n\t\t\t<div class=\"elementor-column-wrap elementor-element-populated\">\n\t\t\t\t\t\t\t<div class=\"elementor-widget-wrap\">\n\t\t\t\t\t\t<div class=\"elementor-element elementor-element-5a42ddc elementor-widget elementor-widget-image\" data-id=\"5a42ddc\" data-element_type=\"widget\" data-widget_type=\"image.default\">\n\t\t\t\t<div class=\"elementor-widget-container\">\n\t\t\t\t\t\t\t\t<div class=\"elementor-image\">\n\t\t\t\t\t\t\t\t\t\t\t\t<img width=\"1024\" height=\"680\" src=\"https:\/\/www.medellin.gov.co\/es\/wp-content\/uploads\/2021\/09\/analisis-de-la-salud-publica-en-medellin.jpeg\" class=\"attachment-full size-full\" alt=\"An\u00e1lisis de la salud p\u00fablica en Medell\u00edn\" loading=\"lazy\" srcset=\"https:\/\/www.medellin.gov.co\/es\/wp-content\/uploads\/2021\/09\/analisis-de-la-salud-publica-en-medellin.jpeg 1024w, https:\/\/www.medellin.gov.co\/es\/wp-content\/uploads\/2021\/09\/analisis-de-la-salud-publica-en-medellin-300x199.jpeg 300w, https:\/\/www.medellin.gov.co\/es\/wp-content\/uploads\/2021\/09\/analisis-de-la-salud-publica-en-medellin-150x100.jpeg 150w, https:\/\/www.medellin.gov.co\/es\/wp-content\/uploads\/2021\/09\/analisis-de-la-salud-publica-en-medellin-768x510.jpeg 768w\" sizes=\"(max-width: 1024px) 100vw, 1024px\" \/>\t\t\t\t\t\t\t\t\t\t\t\t\t\t<\/div>\n\t\t\t\t\t\t<\/div>\n\t\t\t\t<\/div>\n\t\t\t\t\t\t<\/div>\n\t\t\t\t\t<\/div>\n\t\t<\/div>\n\t\t\t\t\t\t\t\t<\/div>\n\t\t\t\t\t<\/div>\n\t\t<\/section>\n\t\t\t\t<div class=\"elementor-element elementor-element-07d68bc elementor-widget elementor-widget-text-editor\" data-id=\"07d68bc\" data-element_type=\"widget\" data-widget_type=\"text-editor.default\">\n\t\t\t\t<div class=\"elementor-widget-container\">\n\t\t\t\t\t\t\t\t<div class=\"elementor-text-editor elementor-clearfix\">\n\t\t\t\t<p>Para la Secretar\u00eda de Salud es muy grato poner a disposici\u00f3n de la comunidad acad\u00e9mica, de las entidades territoriales y del p\u00fablico en general, esta Revista Salud P\u00fablica de Medell\u00edn que permitir\u00e1 la difusi\u00f3n y el debate de los principales logros y retos que como ciudad asumimos en este campo.<\/p>\t\t\t\t\t<\/div>\n\t\t\t\t\t\t<\/div>\n\t\t\t\t<\/div>\n\t\t\t\t<section class=\"elementor-section elementor-inner-section elementor-element elementor-element-e036fd7 elementor-section-boxed elementor-section-height-default elementor-section-height-default\" data-id=\"e036fd7\" data-element_type=\"section\">\n\t\t\t\t\t\t<div class=\"elementor-container elementor-column-gap-default\">\n\t\t\t\t\t\t\t<div class=\"elementor-row\">\n\t\t\t\t\t<div class=\"elementor-column elementor-col-33 elementor-inner-column elementor-element elementor-element-c2a0984\" data-id=\"c2a0984\" data-element_type=\"column\">\n\t\t\t<div class=\"elementor-column-wrap elementor-element-populated\">\n\t\t\t\t\t\t\t<div class=\"elementor-widget-wrap\">\n\t\t\t\t\t\t<div class=\"elementor-element elementor-element-89f1ed5 elementor-widget elementor-widget-image\" data-id=\"89f1ed5\" data-element_type=\"widget\" data-widget_type=\"image.default\">\n\t\t\t\t<div class=\"elementor-widget-container\">\n\t\t\t\t\t\t\t\t<div class=\"elementor-image\">\n\t\t\t\t\t\t\t\t\t\t\t\t\t<a href=\"https:\/\/www.medellin.gov.co\/irj\/go\/km\/docs\/pccdesign\/SubportaldelCiudadano_2\/PlandeDesarrollo_0_19\/Publicaciones\/Shared%20Content\/Revista%20Salud%20Publica\/Galer%C3%ADa\/Revista%20Volumen%209%20N%C2%B02.pdf\" target=\"_blank\">\n\t\t\t\t\t\t\t<img width=\"424\" height=\"527\" src=\"https:\/\/www.medellin.gov.co\/es\/wp-content\/uploads\/2021\/09\/volumen-10-no-1-de-la-revista-de-la-secretaria-de-salud-de-medellin.jpg\" class=\"attachment-full size-full\" alt=\"Volumen 10 No. 1 de la revista de la Secretar\u00eda de Salud de Medell\u00edn\" loading=\"lazy\" srcset=\"https:\/\/www.medellin.gov.co\/es\/wp-content\/uploads\/2021\/09\/volumen-10-no-1-de-la-revista-de-la-secretaria-de-salud-de-medellin.jpg 424w, https:\/\/www.medellin.gov.co\/es\/wp-content\/uploads\/2021\/09\/volumen-10-no-1-de-la-revista-de-la-secretaria-de-salud-de-medellin-241x300.jpg 241w, https:\/\/www.medellin.gov.co\/es\/wp-content\/uploads\/2021\/09\/volumen-10-no-1-de-la-revista-de-la-secretaria-de-salud-de-medellin-121x150.jpg 121w\" sizes=\"(max-width: 424px) 100vw, 424px\" \/>\t\t\t\t\t\t\t\t<\/a>\n\t\t\t\t\t\t\t\t\t\t\t\t\t\t<\/div>\n\t\t\t\t\t\t<\/div>\n\t\t\t\t<\/div>\n\t\t\t\t<div class=\"elementor-element elementor-element-175e8cb elementor-widget elementor-widget-heading\" data-id=\"175e8cb\" data-element_type=\"widget\" data-widget_type=\"heading.default\">\n\t\t\t\t<div class=\"elementor-widget-container\">\n\t\t\t<h3 class=\"elementor-heading-title elementor-size-default\"><a href=\"https:\/\/www.medellin.gov.co\/irj\/go\/km\/docs\/pccdesign\/SubportaldelCiudadano_2\/PlandeDesarrollo_0_19\/Publicaciones\/Shared%20Content\/Revista%20Salud%20Publica\/Galer%C3%ADa\/Revista%20Volumen%209%20N%C2%B02.pdf\" target=\"_blank\">Revista Volumen 10 No. 1 - Junio de 2019<\/a><\/h3>\t\t<\/div>\n\t\t\t\t<\/div>\n\t\t\t\t\t\t<\/div>\n\t\t\t\t\t<\/div>\n\t\t<\/div>\n\t\t\t\t<div class=\"elementor-column elementor-col-33 elementor-inner-column elementor-element elementor-element-0066553\" data-id=\"0066553\" data-element_type=\"column\">\n\t\t\t<div class=\"elementor-column-wrap elementor-element-populated\">\n\t\t\t\t\t\t\t<div class=\"elementor-widget-wrap\">\n\t\t\t\t\t\t<div class=\"elementor-element elementor-element-a066796 elementor-widget elementor-widget-image\" data-id=\"a066796\" data-element_type=\"widget\" data-widget_type=\"image.default\">\n\t\t\t\t<div class=\"elementor-widget-container\">\n\t\t\t\t\t\t\t\t<div class=\"elementor-image\">\n\t\t\t\t\t\t\t\t\t\t\t\t\t<a href=\"https:\/\/www.medellin.gov.co\/irj\/go\/km\/docs\/pccdesign\/SubportaldelCiudadano_2\/PlandeDesarrollo_0_19\/Publicaciones\/Shared%20Content\/Revista%20Salud%20Publica\/Galer%C3%ADa\/Revista%20Volumen%209%20N%C2%B01.pdf\" target=\"_blank\">\n\t\t\t\t\t\t\t<img width=\"437\" height=\"544\" src=\"https:\/\/www.medellin.gov.co\/es\/wp-content\/uploads\/2021\/09\/volumen-9-no-1-de-la-revista-de-la-secretaria-de-salud-de-medellin.jpg\" class=\"attachment-full size-full\" alt=\"Volumen 9 No. 1 de la revista de la Secretar\u00eda de Salud de Medell\u00edn\" loading=\"lazy\" srcset=\"https:\/\/www.medellin.gov.co\/es\/wp-content\/uploads\/2021\/09\/volumen-9-no-1-de-la-revista-de-la-secretaria-de-salud-de-medellin.jpg 437w, https:\/\/www.medellin.gov.co\/es\/wp-content\/uploads\/2021\/09\/volumen-9-no-1-de-la-revista-de-la-secretaria-de-salud-de-medellin-241x300.jpg 241w, https:\/\/www.medellin.gov.co\/es\/wp-content\/uploads\/2021\/09\/volumen-9-no-1-de-la-revista-de-la-secretaria-de-salud-de-medellin-120x150.jpg 120w\" sizes=\"(max-width: 437px) 100vw, 437px\" \/>\t\t\t\t\t\t\t\t<\/a>\n\t\t\t\t\t\t\t\t\t\t\t\t\t\t<\/div>\n\t\t\t\t\t\t<\/div>\n\t\t\t\t<\/div>\n\t\t\t\t<div class=\"elementor-element elementor-element-114efd6 elementor-widget elementor-widget-heading\" data-id=\"114efd6\" data-element_type=\"widget\" data-widget_type=\"heading.default\">\n\t\t\t\t<div class=\"elementor-widget-container\">\n\t\t\t<h3 class=\"elementor-heading-title elementor-size-default\"><a href=\"https:\/\/www.medellin.gov.co\/irj\/go\/km\/docs\/pccdesign\/SubportaldelCiudadano_2\/PlandeDesarrollo_0_19\/Publicaciones\/Shared%20Content\/Revista%20Salud%20Publica\/Galer%C3%ADa\/Revista%20Volumen%209%20N%C2%B01.pdf\" target=\"_blank\">Revista Volumen 09 No. 1 - Enero de 2019<\/a><\/h3>\t\t<\/div>\n\t\t\t\t<\/div>\n\t\t\t\t\t\t<\/div>\n\t\t\t\t\t<\/div>\n\t\t<\/div>\n\t\t\t\t<div class=\"elementor-column elementor-col-33 elementor-inner-column elementor-element elementor-element-9dd18e5\" data-id=\"9dd18e5\" data-element_type=\"column\">\n\t\t\t<div class=\"elementor-column-wrap elementor-element-populated\">\n\t\t\t\t\t\t\t<div class=\"elementor-widget-wrap\">\n\t\t\t\t\t\t<div class=\"elementor-element elementor-element-5ed003a elementor-widget elementor-widget-image\" data-id=\"5ed003a\" data-element_type=\"widget\" data-widget_type=\"image.default\">\n\t\t\t\t<div class=\"elementor-widget-container\">\n\t\t\t\t\t\t\t\t<div class=\"elementor-image\">\n\t\t\t\t\t\t\t\t\t\t\t\t\t<a href=\"https:\/\/www.medellin.gov.co\/irj\/go\/km\/docs\/pccdesign\/SubportaldelCiudadano_2\/PlandeDesarrollo_0_19\/Publicaciones\/Shared%20Content\/Revista%20Salud%20Publica\/PDF\/Revista%20Salud%20-%20Vol.%208%20N%c2%b01.pdf\" target=\"_blank\">\n\t\t\t\t\t\t\t<img width=\"386\" height=\"506\" src=\"https:\/\/www.medellin.gov.co\/es\/wp-content\/uploads\/2021\/09\/volumen-8-no-1-de-la-revista-de-la-secretaria-de-salud-de-medellin.jpg\" class=\"attachment-full size-full\" alt=\"Volumen 8 No. 1 de la revista de la Secretar\u00eda de Salud de Medell\u00edn\" loading=\"lazy\" srcset=\"https:\/\/www.medellin.gov.co\/es\/wp-content\/uploads\/2021\/09\/volumen-8-no-1-de-la-revista-de-la-secretaria-de-salud-de-medellin.jpg 386w, https:\/\/www.medellin.gov.co\/es\/wp-content\/uploads\/2021\/09\/volumen-8-no-1-de-la-revista-de-la-secretaria-de-salud-de-medellin-229x300.jpg 229w, https:\/\/www.medellin.gov.co\/es\/wp-content\/uploads\/2021\/09\/volumen-8-no-1-de-la-revista-de-la-secretaria-de-salud-de-medellin-114x150.jpg 114w\" sizes=\"(max-width: 386px) 100vw, 386px\" \/>\t\t\t\t\t\t\t\t<\/a>\n\t\t\t\t\t\t\t\t\t\t\t\t\t\t<\/div>\n\t\t\t\t\t\t<\/div>\n\t\t\t\t<\/div>\n\t\t\t\t<div class=\"elementor-element elementor-element-90f8d2a elementor-widget elementor-widget-heading\" data-id=\"90f8d2a\" data-element_type=\"widget\" data-widget_type=\"heading.default\">\n\t\t\t\t<div class=\"elementor-widget-container\">\n\t\t\t<h3 class=\"elementor-heading-title elementor-size-default\"><a href=\"https:\/\/www.medellin.gov.co\/irj\/go\/km\/docs\/pccdesign\/SubportaldelCiudadano_2\/PlandeDesarrollo_0_19\/Publicaciones\/Shared%20Content\/Revista%20Salud%20Publica\/PDF\/Revista%20Salud%20-%20Vol.%208%20N%c2%b01.pdf\" target=\"_blank\">Revista Volumen 08 No. 1 - Junio de 2018<\/a><\/h3>\t\t<\/div>\n\t\t\t\t<\/div>\n\t\t\t\t\t\t<\/div>\n\t\t\t\t\t<\/div>\n\t\t<\/div>\n\t\t\t\t\t\t\t\t<\/div>\n\t\t\t\t\t<\/div>\n\t\t<\/section>\n\t\t\t\t\t\t<\/div>\n\t\t\t\t\t<\/div>\n\t\t<\/div>\n\t\t\t\t\t\t\t\t<\/div>\n\t\t\t\t\t<\/div>\n\t\t<\/section>\n\t\t\t\t\t\t\t\t\t<\/div>\n\t\t\t<\/div>\n\t\t\t\t\t<\/div>\n\t\t","protected":false},"excerpt":{"rendered":"<p>Observatorio de salud El Observatorio de Salud de Medell\u00edn es una herramienta de ciudad dispuesta para la difusi\u00f3n de indicadores, datos e informaci\u00f3n, el an\u00e1lisis y seguimiento de temas o situaciones relacionadas con la salud &#8230;<\/p>\n","protected":false},"author":4,"featured_media":17425,"parent":17589,"menu_order":0,"comment_status":"closed","ping_status":"closed","template":"sec-salud\/elementor.php","meta":[],"acf":[],"_links":{"self":[{"href":"https:\/\/www.medellin.gov.co\/es\/wp-json\/wp\/v2\/pages\/127187"}],"collection":[{"href":"https:\/\/www.medellin.gov.co\/es\/wp-json\/wp\/v2\/pages"}],"about":[{"href":"https:\/\/www.medellin.gov.co\/es\/wp-json\/wp\/v2\/types\/page"}],"author":[{"embeddable":true,"href":"https:\/\/www.medellin.gov.co\/es\/wp-json\/wp\/v2\/users\/4"}],"replies":[{"embeddable":true,"href":"https:\/\/www.medellin.gov.co\/es\/wp-json\/wp\/v2\/comments?post=127187"}],"version-history":[{"count":10,"href":"https:\/\/www.medellin.gov.co\/es\/wp-json\/wp\/v2\/pages\/127187\/revisions"}],"predecessor-version":[{"id":522639,"href":"https:\/\/www.medellin.gov.co\/es\/wp-json\/wp\/v2\/pages\/127187\/revisions\/522639"}],"up":[{"embeddable":true,"href":"https:\/\/www.medellin.gov.co\/es\/wp-json\/wp\/v2\/pages\/17589"}],"wp:featuredmedia":[{"embeddable":true,"href":"https:\/\/www.medellin.gov.co\/es\/wp-json\/wp\/v2\/media\/17425"}],"wp:attachment":[{"href":"https:\/\/www.medellin.gov.co\/es\/wp-json\/wp\/v2\/media?parent=127187"}],"curies":[{"name":"wp","href":"https:\/\/api.w.org\/{rel}","templated":true}]}}