{"id":13673,"date":"2021-09-13T18:44:31","date_gmt":"2021-09-13T23:44:31","guid":{"rendered":"https:\/\/www.medellin.gov.co\/es\/?page_id=13673"},"modified":"2026-04-17T11:32:41","modified_gmt":"2026-04-17T16:32:41","slug":"gerencia-del-centro","status":"publish","type":"page","link":"https:\/\/www.medellin.gov.co\/es\/gerencia-del-centro\/","title":{"rendered":"Gerencia del Centro"},"content":{"rendered":"\t\t<div data-elementor-type=\"wp-page\" data-elementor-id=\"13673\" class=\"elementor elementor-13673\">\n\t\t\t\t\t\t<div class=\"elementor-inner\">\n\t\t\t\t<div class=\"elementor-section-wrap\">\n\t\t\t\t\t\t\t\t\t<section class=\"elementor-section elementor-top-section elementor-element elementor-element-d73a507 elementor-section-boxed elementor-section-height-default elementor-section-height-default\" data-id=\"d73a507\" data-element_type=\"section\">\n\t\t\t\t\t\t<div class=\"elementor-container elementor-column-gap-default\">\n\t\t\t\t\t\t\t<div class=\"elementor-row\">\n\t\t\t\t\t<div class=\"elementor-column elementor-col-100 elementor-top-column elementor-element elementor-element-3bdc8a85\" data-id=\"3bdc8a85\" data-element_type=\"column\">\n\t\t\t<div class=\"elementor-column-wrap elementor-element-populated\">\n\t\t\t\t\t\t\t<div class=\"elementor-widget-wrap\">\n\t\t\t\t\t\t<div class=\"elementor-element elementor-element-2dcd97a0 elementor-grid-1 elementor-grid-tablet-2 elementor-grid-mobile-1 elementor-widget elementor-widget-pp-posts\" data-id=\"2dcd97a0\" data-element_type=\"widget\" data-widget_type=\"pp-posts.template\">\n\t\t\t\t<div class=\"elementor-widget-container\">\n\t\t\t\t\t<div class=\"pp-posts-container\">\n\t\t\t\n\t\t\t\t\t\t\t\t\t\t\n\t\t\t<div class=\"pp-posts pp-posts-skin-template pp-elementor-grid pp-posts-grid\" data-query-type=\"custom\" data-layout=\"grid\" data-page=\"13673\" data-skin=\"template\">\n\t\t\t\t\t\t\t\t\t\t\t<div class=\"pp-post-wrap pp-grid-item-wrap\">\n\t\t\t\t\t\t<div class=\"pp-post pp-grid-item\">\n\t\t\t\t<div class=\"elementor-template\"><style>.elementor-387588 .elementor-element.elementor-element-7395188f{--display:flex;--width:100%;--overlay-transition:0.3s;}.elementor-387588 .elementor-element.elementor-element-d600463{--display:flex;--width:100%;--overlay-transition:0.3s;}.elementor-387588 .elementor-element.elementor-element-7f7ccbd7{--display:flex;--width:100%;--flex-direction:row;--overlay-transition:0.3s;}.elementor-387588 .elementor-element.elementor-element-1a5fed08{--display:flex;--width:100%;--flex-direction:column;--gap:20px;--overlay-transition:0.3s;}.elementor-387588 .elementor-element.elementor-element-4b9dd72e .elementor-heading-title{color:var( --e-global-color-accent );font-family:\"Montserrat\", Sans-serif;font-weight:600;line-height:1.25em;}.elementor-387588 .elementor-element.elementor-element-37a90fbd .elementor-button{background-color:var( --e-global-color-7510ce7 );}.elementor-387588 .elementor-element.elementor-element-2444fc48{--display:flex;--width:100%;--overlay-transition:0.3s;}.elementor-387588 .elementor-element.elementor-element-424d28db img{width:100%;}.elementor-387588 .elementor-element.elementor-element-729dd7d8{--display:flex;--width:100%;--flex-direction:row;--overlay-transition:0.3s;}.elementor-387588 .elementor-element.elementor-element-37455d41{--display:flex;--width:100%;--overlay-transition:0.3s;}.elementor-387588 .elementor-element.elementor-element-3e4b53b4{text-align:center;}.elementor-387588 .elementor-element.elementor-element-3e4b53b4 img{height:350px;object-fit:contain;}.elementor-387588 .elementor-element.elementor-element-3e0353cc{--display:flex;--width:100%;--flex-direction:column;--overlay-transition:0.3s;}.elementor-387588 .elementor-element.elementor-element-5f18d613{--display:flex;--width:100%;--gap:20px;--overlay-transition:0.3s;}.elementor-387588 .elementor-element.elementor-element-1a635940 .elementor-heading-title{color:var( --e-global-color-6f123f6 );font-family:\"Montserrat\", Sans-serif;font-weight:600;line-height:1.25em;}.elementor-387588 .elementor-element.elementor-element-5aa78cad{color:#707070;font-family:\"Work Sans\", Sans-serif;font-size:16px;font-weight:300;line-height:22px;}.elementor-387588 .elementor-element.elementor-element-5aa78cad > .elementor-widget-container{margin:-20px 0px 0px 0px;}.elementor-387588 .elementor-element.elementor-element-491a5b26{color:var( --e-global-color-text );}.elementor-387588 .elementor-element.elementor-element-625ba188 .elementor-button{font-family:\"Work Sans\", Sans-serif;font-size:18px;font-weight:700;text-transform:none;fill:var( --e-global-color-accent );color:var( --e-global-color-accent );background-color:#FF880300;padding:0px 0px 0px 0px;}.elementor-widget .tippy-tooltip .tippy-content{text-align:center;}@media(max-width:320px){.elementor-387588 .elementor-element.elementor-element-4b9dd72e .elementor-heading-title{font-size:15px;line-height:15px;}.elementor-387588 .elementor-element.elementor-element-1a635940 .elementor-heading-title{font-size:15px;line-height:15px;}.elementor-387588 .elementor-element.elementor-element-5aa78cad{font-size:13px;line-height:16px;}}\/* Start custom CSS for container, class: .elementor-element-729dd7d8 *\/.elementor-387588 .elementor-element.elementor-element-729dd7d8.elsecre_ .texto_ {\n  padding: 40px;\n  padding-top: 20px;\n}\/* End custom CSS *\/<\/style>\t\t<div data-elementor-type=\"page\" data-elementor-id=\"387588\" class=\"elementor elementor-387588\">\n\t\t\t\t\t\t<div class=\"elementor-inner\">\n\t\t\t\t<div class=\"elementor-section-wrap\">\n\t\t\t\t\t\t\t<div data-pp-template-widget-id=\"7395188f-8616\" class=\"elementor-pp-element-7395188f-8616 elementor-element elementor-element-7395188f e-container--column e-container\" data-id=\"7395188f\" data-element_type=\"container\">\t\t<div data-pp-template-widget-id=\"d600463-8616\" class=\"elementor-pp-element-d600463-8616 elementor-element elementor-element-d600463 e-container--column e-container\" data-id=\"d600463\" data-element_type=\"container\">\t\t\t\t<div data-pp-template-widget-id=\"2886f293-8616\" class=\"elementor-pp-element-2886f293-8616 elementor-element elementor-element-2886f293 elementor-widget elementor-widget-container-tabs\" data-id=\"2886f293\" data-element_type=\"widget\" data-widget_type=\"container-tabs.default\">\n\t\t\t\t<div class=\"elementor-widget-container\">\n\t\t\t        <div class=\"container-tabs\">\n            <div class=\"d-inline-block\">\n                <ul class=\"nav nav-tabs\" role=\"tablist\">\n                                            <li class=\"nav-item\" data-widget-id=\"7f7ccbd7\" >\n                            <a href=\"#\" role=\"tab\"><p><strong>Funci\u00f3n<\/strong> de la gerencia<\/p><\/a>\n                        <\/li>\n                                            <li class=\"nav-item\" data-widget-id=\"729dd7d8\" >\n                            <a href=\"#\" role=\"tab\"><p><strong>Composici\u00f3n<\/strong> de la gerencia<\/p><\/a>\n                        <\/li>\n                                    <\/ul>\n            <\/div>\n            <div class=\"link-on-right\">\n                <a >\n                                    <\/a>\n            <\/div>\n        <\/div>\n        \t\t<\/div>\n\t\t\t\t<\/div>\n\t\t<\/div><div data-pp-template-widget-id=\"7f7ccbd7-8616\" class=\"elementor-pp-element-7f7ccbd7-8616 elementor-element elementor-element-7f7ccbd7 e-container--row e-container\" data-id=\"7f7ccbd7\" data-element_type=\"container\">\t\t<div data-pp-template-widget-id=\"1a5fed08-8616\" class=\"elementor-pp-element-1a5fed08-8616 elementor-element elementor-element-1a5fed08 e-container--column e-container\" data-id=\"1a5fed08\" data-element_type=\"container\">\t\t\t\t<div data-pp-template-widget-id=\"4b9dd72e-8616\" class=\"elementor-pp-element-4b9dd72e-8616 elementor-element elementor-element-4b9dd72e elementor-widget elementor-widget-heading\" data-id=\"4b9dd72e\" data-element_type=\"widget\" data-widget_type=\"heading.default\">\n\t\t\t\t<div class=\"elementor-widget-container\">\n\t\t\t<h2 class=\"elementor-heading-title elementor-size-large\">\u00bfQu\u00e9 hace la Gerencia del Centro y Territorios Estrat\u00e9gicos?<\/h2>\t\t<\/div>\n\t\t\t\t<\/div>\n\t\t\t\t<div data-pp-template-widget-id=\"1567af65-8616\" class=\"elementor-pp-element-1567af65-8616 elementor-element elementor-element-1567af65 elementor-widget elementor-widget-text-editor\" data-id=\"1567af65\" data-element_type=\"widget\" data-widget_type=\"text-editor.default\">\n\t\t\t\t<div class=\"elementor-widget-container\">\n\t\t\t\t\t\t\t\t<div class=\"elementor-text-editor elementor-clearfix\">\n\t\t\t\tLa Gerencia del Centro es una dependencia del Despacho del alcalde de Medell\u00edn y por lo tanto hace parte del gabinete municipal.\r\nEs la encargada de articular, gestionar y liderar intervenciones en la comuna 10 &#8211; La Candelaria.\t\t\t\t\t<\/div>\n\t\t\t\t\t\t<\/div>\n\t\t\t\t<\/div>\n\t\t\t\t<div data-pp-template-widget-id=\"37a90fbd-8616\" class=\"elementor-pp-element-37a90fbd-8616 elementor-element elementor-element-37a90fbd elementor-widget elementor-widget-button\" data-id=\"37a90fbd\" data-element_type=\"widget\" data-widget_type=\"button.default\">\n\t\t\t\t<div class=\"elementor-widget-container\">\n\t\t\t\t\t<div class=\"elementor-button-wrapper\">\n\t\t\t<a href=\"\/es\/gerencia-del-centro\/que-hace-la-gerencia\/\" class=\"elementor-button-link elementor-button elementor-size-sm\" role=\"button\">\n\t\t\t\t\t\t<span class=\"elementor-button-content-wrapper\">\n\t\t\t\t\t\t<span class=\"elementor-button-text\">Conoce m\u00e1s<\/span>\n\t\t<\/span>\n\t\t\t\t\t<\/a>\n\t\t<\/div>\n\t\t\t\t<\/div>\n\t\t\t\t<\/div>\n\t\t<\/div><div data-pp-template-widget-id=\"2444fc48-8616\" class=\"elementor-pp-element-2444fc48-8616 elementor-element elementor-element-2444fc48 e-container--column e-container\" data-id=\"2444fc48\" data-element_type=\"container\">\t\t\t\t<div data-pp-template-widget-id=\"424d28db-8616\" class=\"elementor-pp-element-424d28db-8616 elementor-element elementor-element-424d28db elementor-widget elementor-widget-image\" data-id=\"424d28db\" data-element_type=\"widget\" data-widget_type=\"image.default\">\n\t\t\t\t<div class=\"elementor-widget-container\">\n\t\t\t\t\t\t\t\t<div class=\"elementor-image\">\n\t\t\t\t\t\t\t\t\t\t\t\t<img width=\"1024\" height=\"682\" src=\"https:\/\/www.medellin.gov.co\/es\/wp-content\/uploads\/2021\/09\/panoramica-medellin-2.jpg\" class=\"attachment-full size-full\" alt=\"Panor\u00e1mica Medell\u00edn 2\" loading=\"lazy\" srcset=\"https:\/\/www.medellin.gov.co\/es\/wp-content\/uploads\/2021\/09\/panoramica-medellin-2.jpg 1024w, https:\/\/www.medellin.gov.co\/es\/wp-content\/uploads\/2021\/09\/panoramica-medellin-2-300x200.jpg 300w, https:\/\/www.medellin.gov.co\/es\/wp-content\/uploads\/2021\/09\/panoramica-medellin-2-150x100.jpg 150w, https:\/\/www.medellin.gov.co\/es\/wp-content\/uploads\/2021\/09\/panoramica-medellin-2-768x512.jpg 768w\" sizes=\"(max-width: 1024px) 100vw, 1024px\" \/>\t\t\t\t\t\t\t\t\t\t\t\t\t\t<\/div>\n\t\t\t\t\t\t<\/div>\n\t\t\t\t<\/div>\n\t\t<\/div><\/div><div data-pp-template-widget-id=\"729dd7d8-8616\" class=\"elementor-pp-element-729dd7d8-8616 elementor-element elementor-element-729dd7d8 elsecre_ e-container--row e-container\" data-id=\"729dd7d8\" data-element_type=\"container\">\t\t<div data-pp-template-widget-id=\"37455d41-8616\" class=\"elementor-pp-element-37455d41-8616 elementor-element elementor-element-37455d41 e-container--column e-container\" data-id=\"37455d41\" data-element_type=\"container\">\t\t\t\t<div data-pp-template-widget-id=\"3e4b53b4-8616\" class=\"elementor-pp-element-3e4b53b4-8616 elementor-element elementor-element-3e4b53b4 elementor-widget elementor-widget-image\" data-id=\"3e4b53b4\" data-element_type=\"widget\" data-widget_type=\"image.default\">\n\t\t\t\t<div class=\"elementor-widget-container\">\n\t\t\t\t\t\t\t\t<div class=\"elementor-image\">\n\t\t\t\t\t\t\t\t\t\t\t\t<img width=\"600\" height=\"719\" src=\"https:\/\/www.medellin.gov.co\/es\/wp-content\/uploads\/2021\/08\/Juliana_Coral_1a.jpg\" class=\"attachment-large size-large\" alt=\"\" loading=\"lazy\" srcset=\"https:\/\/www.medellin.gov.co\/es\/wp-content\/uploads\/2021\/08\/Juliana_Coral_1a.jpg 600w, https:\/\/www.medellin.gov.co\/es\/wp-content\/uploads\/2021\/08\/Juliana_Coral_1a-250x300.jpg 250w, https:\/\/www.medellin.gov.co\/es\/wp-content\/uploads\/2021\/08\/Juliana_Coral_1a-125x150.jpg 125w\" sizes=\"(max-width: 600px) 100vw, 600px\" \/>\t\t\t\t\t\t\t\t\t\t\t\t\t\t<\/div>\n\t\t\t\t\t\t<\/div>\n\t\t\t\t<\/div>\n\t\t<\/div><div data-pp-template-widget-id=\"3e0353cc-8616\" class=\"elementor-pp-element-3e0353cc-8616 elementor-element elementor-element-3e0353cc texto_ e-container--column e-container\" data-id=\"3e0353cc\" data-element_type=\"container\">\t\t<div data-pp-template-widget-id=\"5f18d613-8616\" class=\"elementor-pp-element-5f18d613-8616 elementor-element elementor-element-5f18d613 centrado_tex e-container--column e-container\" data-id=\"5f18d613\" data-element_type=\"container\">\t\t\t\t<div data-pp-template-widget-id=\"1a635940-8616\" class=\"elementor-pp-element-1a635940-8616 elementor-element elementor-element-1a635940 elementor-widget elementor-widget-heading\" data-id=\"1a635940\" data-element_type=\"widget\" data-widget_type=\"heading.default\">\n\t\t\t\t<div class=\"elementor-widget-container\">\n\t\t\t<h2 class=\"elementor-heading-title elementor-size-large\">Juliana Coral Posada<\/h2>\t\t<\/div>\n\t\t\t\t<\/div>\n\t\t\t\t<div data-pp-template-widget-id=\"5aa78cad-8616\" class=\"elementor-pp-element-5aa78cad-8616 elementor-element elementor-element-5aa78cad elementor-widget elementor-widget-text-editor\" data-id=\"5aa78cad\" data-element_type=\"widget\" data-widget_type=\"text-editor.default\">\n\t\t\t\t<div class=\"elementor-widget-container\">\n\t\t\t\t\t\t\t\t<div class=\"elementor-text-editor elementor-clearfix\">\n\t\t\t\tGerente del Centro y Territorios Estrat\u00e9gicos\t\t\t\t\t<\/div>\n\t\t\t\t\t\t<\/div>\n\t\t\t\t<\/div>\n\t\t\t\t<div data-pp-template-widget-id=\"491a5b26-8616\" class=\"elementor-pp-element-491a5b26-8616 elementor-element elementor-element-491a5b26 elementor-widget elementor-widget-text-editor\" data-id=\"491a5b26\" data-element_type=\"widget\" data-widget_type=\"text-editor.default\">\n\t\t\t\t<div class=\"elementor-widget-container\">\n\t\t\t\t\t\t\t\t<div class=\"elementor-text-editor elementor-clearfix\">\n\t\t\t\tAdministradora de empresas de la Pontificia Universidad Javeriana.  Cuenta con 25 a\u00f1os de experiencia profesional en el sector p\u00fablico y privado en el que se ha destacado en el sector financiero y comercial. Y en el sector p\u00fablico en temas de turismo | <strong><a href=\"https:\/\/www.funcionpublica.gov.co\/web\/sigep\/hdv\/-\/directorio\/S2147302-0426-4\/view\" target=\"_blank\" rel=\"noopener\">Hoja de vida en el SIGEP<\/a><\/strong>\r\n\r\n\t\t\t\t\t<\/div>\n\t\t\t\t\t\t<\/div>\n\t\t\t\t<\/div>\n\t\t\t\t<div data-pp-template-widget-id=\"625ba188-8616\" class=\"elementor-pp-element-625ba188-8616 elementor-element elementor-element-625ba188 elementor-widget elementor-widget-button\" data-id=\"625ba188\" data-element_type=\"widget\" data-widget_type=\"button.default\">\n\t\t\t\t<div class=\"elementor-widget-container\">\n\t\t\t\t\t<div class=\"elementor-button-wrapper\">\n\t\t\t<a href=\"\/es\/gerencia-del-centro\/que-hace-la-gerencia\/#ger_cen_comp\" class=\"elementor-button-link elementor-button elementor-size-sm\" role=\"button\">\n\t\t\t\t\t\t<span class=\"elementor-button-content-wrapper\">\n\t\t\t\t\t\t<span class=\"elementor-button-text\">Conoce m\u00e1s<\/span>\n\t\t<\/span>\n\t\t\t\t\t<\/a>\n\t\t<\/div>\n\t\t\t\t<\/div>\n\t\t\t\t<\/div>\n\t\t<\/div><\/div><\/div><\/div>\t\t\t\t\t\t\t<\/div>\n\t\t\t<\/div>\n\t\t\t\t\t<\/div>\n\t\t<\/div>\t\t\t<\/div>\n\t\t\t\t\t<\/div>\n\t\t\t\t\t\t\t\t\t<\/div>\n\t\t\t\n\t\t\t\n\t\t\t\n\t\t\t\n\t\t\t\t\t\t\t\t\t\t\t\t<\/div>\n\n\t\t\n\t\t\t\t<\/div>\n\t\t\t\t<\/div>\n\t\t\t\t<div class=\"elementor-element elementor-element-4d06d597 elementor-widget elementor-widget-heading\" data-id=\"4d06d597\" data-element_type=\"widget\" data-widget_type=\"heading.default\">\n\t\t\t\t<div class=\"elementor-widget-container\">\n\t\t\t<h2 class=\"elementor-heading-title elementor-size-default\"><b>Noticias destacadas <\/b>Gerencia del Centro y Territorios Estrat\u00e9gicos<\/h2>\t\t<\/div>\n\t\t\t\t<\/div>\n\t\t\t\t\t\t<\/div>\n\t\t\t\t\t<\/div>\n\t\t<\/div>\n\t\t\t\t\t\t\t\t<\/div>\n\t\t\t\t\t<\/div>\n\t\t<\/section>\n\t\t\t\t<section class=\"elementor-section elementor-top-section elementor-element elementor-element-6b6a129 elementor-section-stretched elementor-section-boxed elementor-section-height-default elementor-section-height-default\" data-id=\"6b6a129\" data-element_type=\"section\" data-settings=\"{&quot;stretch_section&quot;:&quot;section-stretched&quot;}\">\n\t\t\t\t\t\t<div class=\"elementor-container elementor-column-gap-default\">\n\t\t\t\t\t\t\t<div class=\"elementor-row\">\n\t\t\t\t\t<div class=\"elementor-column elementor-col-100 elementor-top-column elementor-element elementor-element-795f96c\" data-id=\"795f96c\" data-element_type=\"column\">\n\t\t\t<div class=\"elementor-column-wrap elementor-element-populated\">\n\t\t\t\t\t\t\t<div class=\"elementor-widget-wrap\">\n\t\t\t\t\t\t<div class=\"elementor-element elementor-element-d3687e0 elementor-widget elementor-widget-slider-noticias\" data-id=\"d3687e0\" data-element_type=\"widget\" data-widget_type=\"slider-noticias.default\">\n\t\t\t\t<div class=\"elementor-widget-container\">\n\t\t\t\n        <div class=\"cover_top_home_\">\n        <div id=\"slidernoticias_Destacadas\" class=\"carousel slide\" data-ride=\"carousel\" data-interval=\"false\">\n            <ol class=\"carousel-indicators\">\n                                                            <li data-target=\"#slidernoticias_Destacadas\" data-slide-to=\"0\" class=\"active\"><\/li>\n                                            <li data-target=\"#slidernoticias_Destacadas\" data-slide-to=\"1\" class=\"\"><\/li>\n                                            <li data-target=\"#slidernoticias_Destacadas\" data-slide-to=\"2\" class=\"\"><\/li>\n                                            <li data-target=\"#slidernoticias_Destacadas\" data-slide-to=\"3\" class=\"\"><\/li>\n                                                <\/ol>\n            <div class=\"carousel-inner\">\n                        <div class=\"carousel-item active\">\n                <div class=\"cover_home_slider\">\n                \n                <div class=\"imagen_slider_\">\n                                        <a href=\"https:\/\/www.medellin.gov.co\/es\/sala-de-prensa\/noticias\/medellin-tendra-nuevo-recorrido-para-conocer-teatros-casas-culturales-y-corredores-emblematicos-del-centro\/\">\n                        <img width=\"1013\" height=\"760\" src=\"https:\/\/www.medellin.gov.co\/es\/wp-content\/uploads\/2026\/04\/Imagen-de-una-biblioteca.jpg\" class=\"attachment-post-thumbnail size-post-thumbnail wp-post-image\" alt=\"Imagen de una biblioteca\" loading=\"lazy\" srcset=\"https:\/\/www.medellin.gov.co\/es\/wp-content\/uploads\/2026\/04\/Imagen-de-una-biblioteca.jpg 1013w, https:\/\/www.medellin.gov.co\/es\/wp-content\/uploads\/2026\/04\/Imagen-de-una-biblioteca-300x225.jpg 300w, https:\/\/www.medellin.gov.co\/es\/wp-content\/uploads\/2026\/04\/Imagen-de-una-biblioteca-150x113.jpg 150w, https:\/\/www.medellin.gov.co\/es\/wp-content\/uploads\/2026\/04\/Imagen-de-una-biblioteca-768x576.jpg 768w\" sizes=\"(max-width: 1013px) 100vw, 1013px\" \/>                    <\/a>\n                                    <\/div>\n                <div class=\"bluetotal texto_slider_\">\n                    <div class=\"elcon_\">\n                    <h3 class=\"titulo_slide\">\n                                            <a href=\"https:\/\/www.medellin.gov.co\/es\/sala-de-prensa\/noticias\/medellin-tendra-nuevo-recorrido-para-conocer-teatros-casas-culturales-y-corredores-emblematicos-del-centro\/\">\n                        Medell\u00edn tendr\u00e1 nuevo recorrido para conocer teatros, casas culturales y corredores emblem\u00e1ticos del Centro ...                        <\/a>\n                                            <\/h3>\n                                            <small>Contenido asociado a<\/small>\n                                                \n                    <div class=\"tag_s_\">\n                        <ul><li><ion-icon name=\"radio-button-on-outline\"><\/ion-icon><a href=\"https:\/\/www.medellin.gov.co\/es\/temas-de-ciudad\/bienestar\/\" rel=\"tag\">Bienestar<\/a><\/li><li><ion-icon name=\"radio-button-on-outline\"><\/ion-icon><a href=\"https:\/\/www.medellin.gov.co\/es\/temas-de-ciudad\/cultura\/\" rel=\"tag\">Cultura<\/a><\/li><li><ion-icon name=\"radio-button-on-outline\"><\/ion-icon><a href=\"https:\/\/www.medellin.gov.co\/es\/temas-de-ciudad\/nuestro-gobierno\/\" rel=\"tag\">Nuestro Gobierno<\/a><\/li><\/ul>                    <\/div>\n                    <p>La tercera edici\u00f3n de la estrategia Cooltur\u00edzate propone un circuito art\u00edstico y cultural...<\/p>\n                                            <a id=\"\" href=\"https:\/\/www.medellin.gov.co\/es\/sala-de-prensa\/noticias\/medellin-tendra-nuevo-recorrido-para-conocer-teatros-casas-culturales-y-corredores-emblematicos-del-centro\/\" class=\"botonslider_\">Conoce m\u00e1s<\/a>\n                                            <\/div>\n                <\/div>\n                <\/div>\n            <\/div>\n            \n                                    <div class=\"carousel-item noactivo\">\n                <div class=\"cover_home_slider\">\n                \n                <div class=\"imagen_slider_\">\n                                        <a href=\"https:\/\/www.medellin.gov.co\/es\/sala-de-prensa\/noticias\/la-avenida-la-playa-corredor-estrategico-del-centro-de-medellin-ahora-esta-mas-iluminada-con-nuevos-puntos-de-alumbrado-publico\/\">\n                        <img width=\"1280\" height=\"720\" src=\"https:\/\/www.medellin.gov.co\/es\/wp-content\/uploads\/2026\/04\/Imagen-nocturna-panoramica-de-La-Playa-con-la-Oriental.jpg\" class=\"attachment-post-thumbnail size-post-thumbnail wp-post-image\" alt=\"Imagen nocturna panor\u00e1mica de La Playa con la Oriental\" loading=\"lazy\" srcset=\"https:\/\/www.medellin.gov.co\/es\/wp-content\/uploads\/2026\/04\/Imagen-nocturna-panoramica-de-La-Playa-con-la-Oriental.jpg 1280w, https:\/\/www.medellin.gov.co\/es\/wp-content\/uploads\/2026\/04\/Imagen-nocturna-panoramica-de-La-Playa-con-la-Oriental-300x169.jpg 300w, https:\/\/www.medellin.gov.co\/es\/wp-content\/uploads\/2026\/04\/Imagen-nocturna-panoramica-de-La-Playa-con-la-Oriental-1024x576.jpg 1024w, https:\/\/www.medellin.gov.co\/es\/wp-content\/uploads\/2026\/04\/Imagen-nocturna-panoramica-de-La-Playa-con-la-Oriental-150x84.jpg 150w, https:\/\/www.medellin.gov.co\/es\/wp-content\/uploads\/2026\/04\/Imagen-nocturna-panoramica-de-La-Playa-con-la-Oriental-768x432.jpg 768w\" sizes=\"(max-width: 1280px) 100vw, 1280px\" \/>                    <\/a>\n                                    <\/div>\n                <div class=\"bluetotal texto_slider_\">\n                    <div class=\"elcon_\">\n                    <h3 class=\"titulo_slide\">\n                                            <a href=\"https:\/\/www.medellin.gov.co\/es\/sala-de-prensa\/noticias\/la-avenida-la-playa-corredor-estrategico-del-centro-de-medellin-ahora-esta-mas-iluminada-con-nuevos-puntos-de-alumbrado-publico\/\">\n                        La avenida La Playa, corredor estrat\u00e9gico del Centro de Medell\u00edn, ahora est\u00e1 m\u00e1s iluminada con ...                        <\/a>\n                                            <\/h3>\n                                            <small>Contenido asociado a<\/small>\n                                                \n                    <div class=\"tag_s_\">\n                        <ul><li><ion-icon name=\"radio-button-on-outline\"><\/ion-icon><a href=\"https:\/\/www.medellin.gov.co\/es\/temas-de-ciudad\/bienestar\/\" rel=\"tag\">Bienestar<\/a><\/li><li><ion-icon name=\"radio-button-on-outline\"><\/ion-icon><a href=\"https:\/\/www.medellin.gov.co\/es\/temas-de-ciudad\/nuestro-gobierno\/\" rel=\"tag\">Nuestro Gobierno<\/a><\/li><\/ul>                    <\/div>\n                    <p>Con postes, soportes y m\u00e1s de una decena de equipos de iluminaci\u00f3n, esta...<\/p>\n                                            <a id=\"\" href=\"https:\/\/www.medellin.gov.co\/es\/sala-de-prensa\/noticias\/la-avenida-la-playa-corredor-estrategico-del-centro-de-medellin-ahora-esta-mas-iluminada-con-nuevos-puntos-de-alumbrado-publico\/\" class=\"botonslider_\">Conoce m\u00e1s<\/a>\n                                            <\/div>\n                <\/div>\n                <\/div>\n            <\/div>\n            \n                                    <div class=\"carousel-item noactivo\">\n                <div class=\"cover_home_slider\">\n                \n                <div class=\"imagen_slider_\">\n                                        <a href=\"https:\/\/www.medellin.gov.co\/es\/sala-de-prensa\/noticias\/avanza-la-recuperacion-del-centro-de-medellin-con-la-intervencion-integral-del-puesto-de-mando-unificado-social\/\">\n                        <img width=\"1081\" height=\"720\" src=\"https:\/\/www.medellin.gov.co\/es\/wp-content\/uploads\/2026\/04\/Imagen-recuperacion-del-Centro-de-Medellin-con-la-intervencion-integral-del-Puesto-de-Mando-Unificado-Social-1.jpg\" class=\"attachment-post-thumbnail size-post-thumbnail wp-post-image\" alt=\"Imagen recuperaci\u00f3n del Centro de Medell\u00edn con la intervenci\u00f3n integral del Puesto de Mando Unificado Social (1)\" loading=\"lazy\" srcset=\"https:\/\/www.medellin.gov.co\/es\/wp-content\/uploads\/2026\/04\/Imagen-recuperacion-del-Centro-de-Medellin-con-la-intervencion-integral-del-Puesto-de-Mando-Unificado-Social-1.jpg 1081w, https:\/\/www.medellin.gov.co\/es\/wp-content\/uploads\/2026\/04\/Imagen-recuperacion-del-Centro-de-Medellin-con-la-intervencion-integral-del-Puesto-de-Mando-Unificado-Social-1-300x200.jpg 300w, https:\/\/www.medellin.gov.co\/es\/wp-content\/uploads\/2026\/04\/Imagen-recuperacion-del-Centro-de-Medellin-con-la-intervencion-integral-del-Puesto-de-Mando-Unificado-Social-1-1024x682.jpg 1024w, https:\/\/www.medellin.gov.co\/es\/wp-content\/uploads\/2026\/04\/Imagen-recuperacion-del-Centro-de-Medellin-con-la-intervencion-integral-del-Puesto-de-Mando-Unificado-Social-1-150x100.jpg 150w, https:\/\/www.medellin.gov.co\/es\/wp-content\/uploads\/2026\/04\/Imagen-recuperacion-del-Centro-de-Medellin-con-la-intervencion-integral-del-Puesto-de-Mando-Unificado-Social-1-768x512.jpg 768w\" sizes=\"(max-width: 1081px) 100vw, 1081px\" \/>                    <\/a>\n                                    <\/div>\n                <div class=\"bluetotal texto_slider_\">\n                    <div class=\"elcon_\">\n                    <h3 class=\"titulo_slide\">\n                                            <a href=\"https:\/\/www.medellin.gov.co\/es\/sala-de-prensa\/noticias\/avanza-la-recuperacion-del-centro-de-medellin-con-la-intervencion-integral-del-puesto-de-mando-unificado-social\/\">\n                        Avanza la recuperaci\u00f3n del Centro de Medell\u00edn con la intervenci\u00f3n integral del Puesto de Mando ...                        <\/a>\n                                            <\/h3>\n                                            <small>Contenido asociado a<\/small>\n                                                \n                    <div class=\"tag_s_\">\n                        <ul><li><ion-icon name=\"radio-button-on-outline\"><\/ion-icon><a href=\"https:\/\/www.medellin.gov.co\/es\/temas-de-ciudad\/atencion-ciudadana\/\" rel=\"tag\">Atenci\u00f3n ciudadana<\/a><\/li><\/ul>                    <\/div>\n                    <p>Las acciones ya dejan resultados concretos este a\u00f1o: m\u00e1s de 427.000 metros cuadrados...<\/p>\n                                            <a id=\"\" href=\"https:\/\/www.medellin.gov.co\/es\/sala-de-prensa\/noticias\/avanza-la-recuperacion-del-centro-de-medellin-con-la-intervencion-integral-del-puesto-de-mando-unificado-social\/\" class=\"botonslider_\">Conoce m\u00e1s<\/a>\n                                            <\/div>\n                <\/div>\n                <\/div>\n            <\/div>\n            \n                                    <div class=\"carousel-item noactivo\">\n                <div class=\"cover_home_slider\">\n                \n                <div class=\"imagen_slider_\">\n                                        <a href=\"https:\/\/www.medellin.gov.co\/es\/sala-de-prensa\/noticias\/nueva-cara-para-el-tradicional-guayaquil-en-el-centro-de-medellin-con-limpieza-y-sensibilizacion-en-maturin\/\">\n                        <img width=\"1272\" height=\"850\" src=\"https:\/\/www.medellin.gov.co\/es\/wp-content\/uploads\/2026\/03\/actividadescentro-1.jpg\" class=\"attachment-post-thumbnail size-post-thumbnail wp-post-image\" alt=\"\" loading=\"lazy\" srcset=\"https:\/\/www.medellin.gov.co\/es\/wp-content\/uploads\/2026\/03\/actividadescentro-1.jpg 1272w, https:\/\/www.medellin.gov.co\/es\/wp-content\/uploads\/2026\/03\/actividadescentro-1-300x200.jpg 300w, https:\/\/www.medellin.gov.co\/es\/wp-content\/uploads\/2026\/03\/actividadescentro-1-1024x684.jpg 1024w, https:\/\/www.medellin.gov.co\/es\/wp-content\/uploads\/2026\/03\/actividadescentro-1-150x100.jpg 150w, https:\/\/www.medellin.gov.co\/es\/wp-content\/uploads\/2026\/03\/actividadescentro-1-768x513.jpg 768w\" sizes=\"(max-width: 1272px) 100vw, 1272px\" \/>                    <\/a>\n                                    <\/div>\n                <div class=\"bluetotal texto_slider_\">\n                    <div class=\"elcon_\">\n                    <h3 class=\"titulo_slide\">\n                                            <a href=\"https:\/\/www.medellin.gov.co\/es\/sala-de-prensa\/noticias\/nueva-cara-para-el-tradicional-guayaquil-en-el-centro-de-medellin-con-limpieza-y-sensibilizacion-en-maturin\/\">\n                        Nueva cara para el tradicional Guayaquil, en el Centro de Medell\u00edn, con limpieza y sensibilizaci\u00f3n ...                        <\/a>\n                                            <\/h3>\n                                            <small>Contenido asociado a<\/small>\n                                                \n                    <div class=\"tag_s_\">\n                        <ul><li><ion-icon name=\"radio-button-on-outline\"><\/ion-icon><a href=\"https:\/\/www.medellin.gov.co\/es\/temas-de-ciudad\/eventos\/\" rel=\"tag\">Eventos<\/a><\/li><\/ul>                    <\/div>\n                    <p>La Alcald\u00eda de Medell\u00edn continua avanzando, desde diferentes frentes, en la recuperaci\u00f3n del...<\/p>\n                                            <a id=\"\" href=\"https:\/\/www.medellin.gov.co\/es\/sala-de-prensa\/noticias\/nueva-cara-para-el-tradicional-guayaquil-en-el-centro-de-medellin-con-limpieza-y-sensibilizacion-en-maturin\/\" class=\"botonslider_\">Conoce m\u00e1s<\/a>\n                                            <\/div>\n                <\/div>\n                <\/div>\n            <\/div>\n            \n                        \n                        <\/div>\n            <a class=\"carousel-control-prev\" href=\"#slidernoticias_Destacadas\" role=\"button\" data-slide=\"prev\">\n            <span class=\"carousel-control-prev-icon\" aria-hidden=\"true\"><\/span>\n            <span class=\"sr-only\">Previous<\/span>\n            <\/a>\n            <a class=\"carousel-control-next\" href=\"#slidernoticias_Destacadas\" role=\"button\" data-slide=\"next\">\n            <span class=\"carousel-control-next-icon\" aria-hidden=\"true\"><\/span>\n            <span class=\"sr-only\">Next<\/span>\n            <\/a>\n        <\/div>\n        <\/div>\n\t\t<\/div>\n\t\t\t\t<\/div>\n\t\t\t\t\t\t<\/div>\n\t\t\t\t\t<\/div>\n\t\t<\/div>\n\t\t\t\t\t\t\t\t<\/div>\n\t\t\t\t\t<\/div>\n\t\t<\/section>\n\t\t\t\t<section class=\"elementor-section elementor-top-section elementor-element elementor-element-41639aff elementor-section-boxed elementor-section-height-default elementor-section-height-default\" data-id=\"41639aff\" data-element_type=\"section\">\n\t\t\t\t\t\t<div class=\"elementor-container elementor-column-gap-default\">\n\t\t\t\t\t\t\t<div class=\"elementor-row\">\n\t\t\t\t\t<div class=\"elementor-column elementor-col-100 elementor-top-column elementor-element elementor-element-4300121b\" data-id=\"4300121b\" data-element_type=\"column\">\n\t\t\t<div class=\"elementor-column-wrap elementor-element-populated\">\n\t\t\t\t\t\t\t<div class=\"elementor-widget-wrap\">\n\t\t\t\t\t\t<div class=\"elementor-element elementor-element-27ba2419 elementor-widget elementor-widget-titulo-con-link\" data-id=\"27ba2419\" data-element_type=\"widget\" data-widget_type=\"titulo-con-link.default\">\n\t\t\t\t<div class=\"elementor-widget-container\">\n\t\t\t        <div class=\"heading-container\">\n            <div class=\"heading-title\">\n                <h2 class=\"elementor-heading-title elementor-size-default\"><a href=\"https:\/\/www.medellin.gov.co\/es\/sala-de-prensa\/noticias\/?_sft_category=unidad-administrativa-especial-buen-comienzo\"><b>\u00daltimas noticias<\/b> de la Gerencia del Centro y Territorios Estrat\u00e9gicos<\/a><\/h2>            <\/div>\n            <div class=\"heading-links\">\n                <ul>\n                                            <li>\n                            <a href=\"https:\/\/www.medellin.gov.co\/es\/sala-de-prensa\/noticias\/?_sft_category=gerencia-del-centro\">\n                                                                 Ver todas las noticias                            <\/a>\n                        <\/li>\n                                    <\/ul>\n            <\/div>\n        <\/div>\n        \t\t<\/div>\n\t\t\t\t<\/div>\n\t\t\t\t<div class=\"elementor-element elementor-element-2e569f9b elementor-widget elementor-widget-text-editor\" data-id=\"2e569f9b\" data-element_type=\"widget\" data-widget_type=\"text-editor.default\">\n\t\t\t\t<div class=\"elementor-widget-container\">\n\t\t\t\t\t\t\t\t<div class=\"elementor-text-editor elementor-clearfix\">\n\t\t\t\t<p>Explora aqu\u00ed todas las noticias de la Gerencia del Centro y Territorios Estrat\u00e9gicos y realiza filtros por fechas, gerebcias o formatos seg\u00fan tu preferencia.<\/p>\t\t\t\t\t<\/div>\n\t\t\t\t\t\t<\/div>\n\t\t\t\t<\/div>\n\t\t\t\t\t\t<\/div>\n\t\t\t\t\t<\/div>\n\t\t<\/div>\n\t\t\t\t\t\t\t\t<\/div>\n\t\t\t\t\t<\/div>\n\t\t<\/section>\n\t\t<div class=\"elementor-element elementor-element-1540e1ad e-container--column e-container\" data-id=\"1540e1ad\" data-element_type=\"container\">\t\t\t\t<div class=\"elementor-element elementor-element-1d28921b elementor-widget elementor-widget-noticias\" data-id=\"1d28921b\" data-element_type=\"widget\" data-widget_type=\"noticias.default\">\n\t\t\t\t<div class=\"elementor-widget-container\">\n\t\t\t          <div class=\"mod_news_inicio_\">\n                <div class=\"grid_nes_hom_\">\n                                  <div class=\"grid_1\">\n                    <h3 class=\"titulog_1dr\"><a id=\"\" href=\"https:\/\/www.medellin.gov.co\/es\/sala-de-prensa\/noticias\/medellin-tendra-nuevo-recorrido-para-conocer-teatros-casas-culturales-y-corredores-emblematicos-del-centro\/\">Medell\u00edn tendr\u00e1 nuevo recorrido para conocer teatros, casas culturales y ...<\/a><\/h3>\n                    <span class=\"pertenece_a\">Contenido asociado a<\/span>\n                    <div class=\"listado_vim\">\n                          <ul><li><ion-icon name=\"radio-button-on-outline\"><\/ion-icon><a href=\"https:\/\/www.medellin.gov.co\/es\/temas-de-ciudad\/bienestar\/\" rel=\"tag\">Bienestar<\/a><\/li><li><ion-icon name=\"radio-button-on-outline\"><\/ion-icon><a href=\"https:\/\/www.medellin.gov.co\/es\/temas-de-ciudad\/cultura\/\" rel=\"tag\">Cultura<\/a><\/li><li><ion-icon name=\"radio-button-on-outline\"><\/ion-icon><a href=\"https:\/\/www.medellin.gov.co\/es\/temas-de-ciudad\/nuestro-gobierno\/\" rel=\"tag\">Nuestro Gobierno<\/a><\/li><\/ul>                    <\/div>\n                    <a id=\"\" href=\"https:\/\/www.medellin.gov.co\/es\/sala-de-prensa\/noticias\/medellin-tendra-nuevo-recorrido-para-conocer-teatros-casas-culturales-y-corredores-emblematicos-del-centro\/\">\n                          <img width=\"1013\" height=\"760\" src=\"https:\/\/www.medellin.gov.co\/es\/wp-content\/uploads\/2026\/04\/Imagen-de-una-biblioteca.jpg\" class=\"attachment- size- wp-post-image\" alt=\"Imagen de una biblioteca\" loading=\"lazy\" srcset=\"https:\/\/www.medellin.gov.co\/es\/wp-content\/uploads\/2026\/04\/Imagen-de-una-biblioteca.jpg 1013w, https:\/\/www.medellin.gov.co\/es\/wp-content\/uploads\/2026\/04\/Imagen-de-una-biblioteca-300x225.jpg 300w, https:\/\/www.medellin.gov.co\/es\/wp-content\/uploads\/2026\/04\/Imagen-de-una-biblioteca-150x113.jpg 150w, https:\/\/www.medellin.gov.co\/es\/wp-content\/uploads\/2026\/04\/Imagen-de-una-biblioteca-768x576.jpg 768w\" sizes=\"(max-width: 1013px) 100vw, 1013px\" \/>                    <\/a>\n                    <p>\n                          La tercera edici\u00f3n de la estrategia Cooltur\u00edzate propone un circuito art\u00edstico y cultural por el coraz\u00f3n de la ciudad....                    <\/p>\n                    <a id=\"\" href=\"https:\/\/www.medellin.gov.co\/es\/sala-de-prensa\/noticias\/medellin-tendra-nuevo-recorrido-para-conocer-teatros-casas-culturales-y-corredores-emblematicos-del-centro\/\" class=\"boton_vernota\">Conoce m\u00e1s<\/a>\n                    <div class=\"formatos_\">\n                                              <\/div>\n                    <!-- <small>Tipo de lectura: 1 minutos<\/small> -->\n                  <\/div>\n                \n                  <div class=\"grid_2\">\n                                    <div class=\"grid\">\n                    <a href=\"https:\/\/www.medellin.gov.co\/es\/sala-de-prensa\/noticias\/la-avenida-la-playa-corredor-estrategico-del-centro-de-medellin-ahora-esta-mas-iluminada-con-nuevos-puntos-de-alumbrado-publico\/\">\n                    <img width=\"1280\" height=\"720\" src=\"https:\/\/www.medellin.gov.co\/es\/wp-content\/uploads\/2026\/04\/Imagen-nocturna-panoramica-de-La-Playa-con-la-Oriental.jpg\" class=\"attachment- size- wp-post-image\" alt=\"Imagen nocturna panor\u00e1mica de La Playa con la Oriental\" loading=\"lazy\" srcset=\"https:\/\/www.medellin.gov.co\/es\/wp-content\/uploads\/2026\/04\/Imagen-nocturna-panoramica-de-La-Playa-con-la-Oriental.jpg 1280w, https:\/\/www.medellin.gov.co\/es\/wp-content\/uploads\/2026\/04\/Imagen-nocturna-panoramica-de-La-Playa-con-la-Oriental-300x169.jpg 300w, https:\/\/www.medellin.gov.co\/es\/wp-content\/uploads\/2026\/04\/Imagen-nocturna-panoramica-de-La-Playa-con-la-Oriental-1024x576.jpg 1024w, https:\/\/www.medellin.gov.co\/es\/wp-content\/uploads\/2026\/04\/Imagen-nocturna-panoramica-de-La-Playa-con-la-Oriental-150x84.jpg 150w, https:\/\/www.medellin.gov.co\/es\/wp-content\/uploads\/2026\/04\/Imagen-nocturna-panoramica-de-La-Playa-con-la-Oriental-768x432.jpg 768w\" sizes=\"(max-width: 1280px) 100vw, 1280px\" \/>                  <\/a>\n                    <h3 class=\"titulog_dr\"><a id=\"\" href=\"https:\/\/www.medellin.gov.co\/es\/sala-de-prensa\/noticias\/la-avenida-la-playa-corredor-estrategico-del-centro-de-medellin-ahora-esta-mas-iluminada-con-nuevos-puntos-de-alumbrado-publico\/\">La avenida La Playa, corredor estrat\u00e9gico del Centro de Medell\u00edn, ...<\/a><\/h3>\n                    <span class=\"pertenece_a\">Contenido asociado a<\/span>\n                    <div class=\"listado_vim\">\n                    <ul><li><ion-icon name=\"radio-button-on-outline\"><\/ion-icon><a href=\"https:\/\/www.medellin.gov.co\/es\/temas-de-ciudad\/bienestar\/\" rel=\"tag\">Bienestar<\/a><\/li><li><ion-icon name=\"radio-button-on-outline\"><\/ion-icon><a href=\"https:\/\/www.medellin.gov.co\/es\/temas-de-ciudad\/nuestro-gobierno\/\" rel=\"tag\">Nuestro Gobierno<\/a><\/li><\/ul>                    <\/div>\n                    <p>\n                    Con postes, soportes y m\u00e1s de una decena de equipos de iluminaci\u00f3n, esta...                    <\/p>\n                    <div class=\"zocalo_grid_\">\n                    <a id=\"\" href=\"https:\/\/www.medellin.gov.co\/es\/sala-de-prensa\/noticias\/la-avenida-la-playa-corredor-estrategico-del-centro-de-medellin-ahora-esta-mas-iluminada-con-nuevos-puntos-de-alumbrado-publico\/\">Contin\u00faa leyendo<\/a>\n                    <\/div>\n                  <\/div>\n                                    <div class=\"grid\">\n                    <a href=\"https:\/\/www.medellin.gov.co\/es\/sala-de-prensa\/noticias\/avanza-la-recuperacion-del-centro-de-medellin-con-la-intervencion-integral-del-puesto-de-mando-unificado-social\/\">\n                    <img width=\"1081\" height=\"720\" src=\"https:\/\/www.medellin.gov.co\/es\/wp-content\/uploads\/2026\/04\/Imagen-recuperacion-del-Centro-de-Medellin-con-la-intervencion-integral-del-Puesto-de-Mando-Unificado-Social-1.jpg\" class=\"attachment- size- wp-post-image\" alt=\"Imagen recuperaci\u00f3n del Centro de Medell\u00edn con la intervenci\u00f3n integral del Puesto de Mando Unificado Social (1)\" loading=\"lazy\" srcset=\"https:\/\/www.medellin.gov.co\/es\/wp-content\/uploads\/2026\/04\/Imagen-recuperacion-del-Centro-de-Medellin-con-la-intervencion-integral-del-Puesto-de-Mando-Unificado-Social-1.jpg 1081w, https:\/\/www.medellin.gov.co\/es\/wp-content\/uploads\/2026\/04\/Imagen-recuperacion-del-Centro-de-Medellin-con-la-intervencion-integral-del-Puesto-de-Mando-Unificado-Social-1-300x200.jpg 300w, https:\/\/www.medellin.gov.co\/es\/wp-content\/uploads\/2026\/04\/Imagen-recuperacion-del-Centro-de-Medellin-con-la-intervencion-integral-del-Puesto-de-Mando-Unificado-Social-1-1024x682.jpg 1024w, https:\/\/www.medellin.gov.co\/es\/wp-content\/uploads\/2026\/04\/Imagen-recuperacion-del-Centro-de-Medellin-con-la-intervencion-integral-del-Puesto-de-Mando-Unificado-Social-1-150x100.jpg 150w, https:\/\/www.medellin.gov.co\/es\/wp-content\/uploads\/2026\/04\/Imagen-recuperacion-del-Centro-de-Medellin-con-la-intervencion-integral-del-Puesto-de-Mando-Unificado-Social-1-768x512.jpg 768w\" sizes=\"(max-width: 1081px) 100vw, 1081px\" \/>                  <\/a>\n                    <h3 class=\"titulog_dr\"><a id=\"\" href=\"https:\/\/www.medellin.gov.co\/es\/sala-de-prensa\/noticias\/avanza-la-recuperacion-del-centro-de-medellin-con-la-intervencion-integral-del-puesto-de-mando-unificado-social\/\">Avanza la recuperaci\u00f3n del Centro de Medell\u00edn con la intervenci\u00f3n ...<\/a><\/h3>\n                    <span class=\"pertenece_a\">Contenido asociado a<\/span>\n                    <div class=\"listado_vim\">\n                    <ul><li><ion-icon name=\"radio-button-on-outline\"><\/ion-icon><a href=\"https:\/\/www.medellin.gov.co\/es\/temas-de-ciudad\/atencion-ciudadana\/\" rel=\"tag\">Atenci\u00f3n ciudadana<\/a><\/li><\/ul>                    <\/div>\n                    <p>\n                    Las acciones ya dejan resultados concretos este a\u00f1o: m\u00e1s de 427.000 metros cuadrados...                    <\/p>\n                    <div class=\"zocalo_grid_\">\n                    <a id=\"\" href=\"https:\/\/www.medellin.gov.co\/es\/sala-de-prensa\/noticias\/avanza-la-recuperacion-del-centro-de-medellin-con-la-intervencion-integral-del-puesto-de-mando-unificado-social\/\">Contin\u00faa leyendo<\/a>\n                    <\/div>\n                  <\/div>\n                                    <div class=\"grid\">\n                    <a href=\"https:\/\/www.medellin.gov.co\/es\/sala-de-prensa\/noticias\/nueva-cara-para-el-tradicional-guayaquil-en-el-centro-de-medellin-con-limpieza-y-sensibilizacion-en-maturin\/\">\n                    <img width=\"1272\" height=\"850\" src=\"https:\/\/www.medellin.gov.co\/es\/wp-content\/uploads\/2026\/03\/actividadescentro-1.jpg\" class=\"attachment- size- wp-post-image\" alt=\"\" loading=\"lazy\" srcset=\"https:\/\/www.medellin.gov.co\/es\/wp-content\/uploads\/2026\/03\/actividadescentro-1.jpg 1272w, https:\/\/www.medellin.gov.co\/es\/wp-content\/uploads\/2026\/03\/actividadescentro-1-300x200.jpg 300w, https:\/\/www.medellin.gov.co\/es\/wp-content\/uploads\/2026\/03\/actividadescentro-1-1024x684.jpg 1024w, https:\/\/www.medellin.gov.co\/es\/wp-content\/uploads\/2026\/03\/actividadescentro-1-150x100.jpg 150w, https:\/\/www.medellin.gov.co\/es\/wp-content\/uploads\/2026\/03\/actividadescentro-1-768x513.jpg 768w\" sizes=\"(max-width: 1272px) 100vw, 1272px\" \/>                  <\/a>\n                    <h3 class=\"titulog_dr\"><a id=\"\" href=\"https:\/\/www.medellin.gov.co\/es\/sala-de-prensa\/noticias\/nueva-cara-para-el-tradicional-guayaquil-en-el-centro-de-medellin-con-limpieza-y-sensibilizacion-en-maturin\/\">Nueva cara para el tradicional Guayaquil, en el Centro de ...<\/a><\/h3>\n                    <span class=\"pertenece_a\">Contenido asociado a<\/span>\n                    <div class=\"listado_vim\">\n                    <ul><li><ion-icon name=\"radio-button-on-outline\"><\/ion-icon><a href=\"https:\/\/www.medellin.gov.co\/es\/temas-de-ciudad\/eventos\/\" rel=\"tag\">Eventos<\/a><\/li><\/ul>                    <\/div>\n                    <p>\n                    La Alcald\u00eda de Medell\u00edn continua avanzando, desde diferentes frentes, en la recuperaci\u00f3n del...                    <\/p>\n                    <div class=\"zocalo_grid_\">\n                    <a id=\"\" href=\"https:\/\/www.medellin.gov.co\/es\/sala-de-prensa\/noticias\/nueva-cara-para-el-tradicional-guayaquil-en-el-centro-de-medellin-con-limpieza-y-sensibilizacion-en-maturin\/\">Contin\u00faa leyendo<\/a>\n                    <\/div>\n                  <\/div>\n                  \n                  <\/div>\n                <\/div>\n          <\/div>\n        \t\t<\/div>\n\t\t\t\t<\/div>\n\t\t<\/div>\t\t<section class=\"elementor-section elementor-top-section elementor-element elementor-element-15a3125d elementor-section-boxed elementor-section-height-default elementor-section-height-default\" data-id=\"15a3125d\" data-element_type=\"section\">\n\t\t\t\t\t\t<div class=\"elementor-container elementor-column-gap-default\">\n\t\t\t\t\t\t\t<div class=\"elementor-row\">\n\t\t\t\t\t<div class=\"elementor-column elementor-col-100 elementor-top-column elementor-element elementor-element-2f09333d\" data-id=\"2f09333d\" data-element_type=\"column\">\n\t\t\t<div class=\"elementor-column-wrap elementor-element-populated\">\n\t\t\t\t\t\t\t<div class=\"elementor-widget-wrap\">\n\t\t\t\t\t\t<div class=\"elementor-element elementor-element-73d1ffd elementor-widget elementor-widget-heading\" data-id=\"73d1ffd\" data-element_type=\"widget\" data-widget_type=\"heading.default\">\n\t\t\t\t<div class=\"elementor-widget-container\">\n\t\t\t<h2 class=\"elementor-heading-title elementor-size-default\"><b>Transformaci\u00f3n <\/b>territorial <\/h2>\t\t<\/div>\n\t\t\t\t<\/div>\n\t\t\t\t<div class=\"elementor-element elementor-element-dadd2d6 elementor-widget elementor-widget-text-editor\" data-id=\"dadd2d6\" data-element_type=\"widget\" data-widget_type=\"text-editor.default\">\n\t\t\t\t<div class=\"elementor-widget-container\">\n\t\t\t\t\t\t\t\t<div class=\"elementor-text-editor elementor-clearfix\">\n\t\t\t\t<p>La Gerencia del Centro y Territorios Estrat\u00e9gicos del Distrito impulsa un conjunto de acciones orientadas a fortalecer la transformaci\u00f3n urbana, social y cultural de las comunas 10, La Candelaria y 14, El Poblado para el desarrollo de Medell\u00edn.<\/p><p>A trav\u00e9s de iniciativas que promueven la cultura ciudadana, la apropiaci\u00f3n del espacio p\u00fablico, el cuidado del patrimonio, el fortalecimiento del comercio y la participaci\u00f3n comunitaria, la Administraci\u00f3n articula esfuerzos institucionales y ciudadanos para mejorar la vida cotidiana en estos sectores y consolidar territorios m\u00e1s ordenados, activos y habitables.<\/p><p>Estas estrategias buscan visibilizar las intervenciones que se realizan en el territorio, reconocer el valor hist\u00f3rico, patrimonial y econ\u00f3mico de estos sectores y promover una ciudadan\u00eda corresponsable que cuide, habite y disfrute estos espacios como escenarios de encuentro, identidad y desarrollo para la ciudad.<\/p>\t\t\t\t\t<\/div>\n\t\t\t\t\t\t<\/div>\n\t\t\t\t<\/div>\n\t\t\t\t\t\t<\/div>\n\t\t\t\t\t<\/div>\n\t\t<\/div>\n\t\t\t\t\t\t\t\t<\/div>\n\t\t\t\t\t<\/div>\n\t\t<\/section>\n\t\t<div class=\"elementor-element elementor-element-b7cf0af e-container--column e-container\" data-id=\"b7cf0af\" data-element_type=\"container\">\t\t\t\t<div class=\"elementor-element elementor-element-23f3a5f elementor-widget elementor-widget-spacer\" data-id=\"23f3a5f\" data-element_type=\"widget\" data-widget_type=\"spacer.default\">\n\t\t\t\t<div class=\"elementor-widget-container\">\n\t\t\t\t\t<div class=\"elementor-spacer\">\n\t\t\t<div class=\"elementor-spacer-inner\"><\/div>\n\t\t<\/div>\n\t\t\t\t<\/div>\n\t\t\t\t<\/div>\n\t\t<\/div>\t\t<section class=\"elementor-section elementor-top-section elementor-element elementor-element-be6b284 elementor-section-boxed elementor-section-height-default elementor-section-height-default\" data-id=\"be6b284\" data-element_type=\"section\">\n\t\t\t\t\t\t<div class=\"elementor-container elementor-column-gap-default\">\n\t\t\t\t\t\t\t<div class=\"elementor-row\">\n\t\t\t\t\t<div class=\"elementor-column elementor-col-100 elementor-top-column elementor-element elementor-element-36f37fc\" data-id=\"36f37fc\" data-element_type=\"column\">\n\t\t\t<div class=\"elementor-column-wrap elementor-element-populated\">\n\t\t\t\t\t\t\t<div class=\"elementor-widget-wrap\">\n\t\t\t\t<div class=\"elementor-element elementor-element-0e3051a e-container--row e-container\" data-id=\"0e3051a\" data-element_type=\"container\">\t\t<div class=\"elementor-element elementor-element-997e72c e-container--column e-container\" data-id=\"997e72c\" data-element_type=\"container\">\t\t<div class=\"elementor-element elementor-element-e3966ad e-container--column e-container\" data-id=\"e3966ad\" data-element_type=\"container\">\t\t\t\t<div class=\"elementor-element elementor-element-e826864 elementor-widget elementor-widget-pp-flipbox\" data-id=\"e826864\" data-element_type=\"widget\" data-widget_type=\"pp-flipbox.default\">\n\t\t\t\t<div class=\"elementor-widget-container\">\n\t\t\t\t\t<div class=\"pp-flipbox-container pp-animate-flip pp-direction-left\">\n\t\t\t<div class=\"pp-flipbox-flip-card\">\n\t\t\t\t\t\t<div class=\"pp-flipbox-front\">\n\t\t\t<div class=\"pp-flipbox-overlay\">\n\t\t\t\t<div class=\"pp-flipbox-inner\">\n\t\t\t\t\t<div class=\"pp-flipbox-icon-image\">\n\t\t\t\t\t\t\t\t\t\t\t<\/div>\n\n\t\t\t\t\t<h3 class=\"pp-flipbox-heading\">\n\t\t\t\t\t\t\t\t\t\t\t<\/h3>\n\n\t\t\t\t\t<div class=\"pp-flipbox-content\">\n\t\t\t\t\t\t\t\t\t\t\t<\/div>\n\t\t\t\t<\/div>\n\t\t\t<\/div>\n\t\t<\/div>\n\t\t\t\t<div class=\"pp-flipbox-back\">\n\t\t\t\t\t\t<div class=\"pp-flipbox-overlay\">\n\t\t\t\t<div class=\"pp-flipbox-inner\">\n\t\t\t\t\t\n\t\t\t\t\t\n\t\t\t\t\t<div class=\"pp-flipbox-content\">\n\t\t\t\t\t\tEs una estrategia de apropiaci\u00f3n del territorio que se desarrolla a partir de dos l\u00edneas de acci\u00f3n complementarias, orientadas a fortalecer la cultura ciudadana y visibilizar el valor patrimonial y cultural del Centro de Medell\u00edn y los territorios estrat\u00e9gicos.\t\t\t\t\t<\/div>\n\n\t\t\t\t\t\t\t\t\t<\/div>\n\t\t\t<\/div>\n\t\t<\/div>\n\t\t\t\t\t<\/div>\n\t\t<\/div>\n\t\t\t\t<\/div>\n\t\t\t\t<\/div>\n\t\t\t\t<div class=\"elementor-element elementor-element-e68199d elementor-widget elementor-widget-heading\" data-id=\"e68199d\" data-element_type=\"widget\" data-widget_type=\"heading.default\">\n\t\t\t\t<div class=\"elementor-widget-container\">\n\t\t\t<h2 class=\"elementor-heading-title elementor-size-default\">Cooltur\u00edzate<\/h2>\t\t<\/div>\n\t\t\t\t<\/div>\n\t\t<\/div><\/div><div class=\"elementor-element elementor-element-ef6c962 e-container--column e-container\" data-id=\"ef6c962\" data-element_type=\"container\">\t\t<div class=\"elementor-element elementor-element-681ba14 e-container--column e-container\" data-id=\"681ba14\" data-element_type=\"container\">\t\t\t\t<div class=\"elementor-element elementor-element-af6c457 elementor-widget elementor-widget-pp-flipbox\" data-id=\"af6c457\" data-element_type=\"widget\" data-widget_type=\"pp-flipbox.default\">\n\t\t\t\t<div class=\"elementor-widget-container\">\n\t\t\t\t\t<div class=\"pp-flipbox-container pp-animate-flip pp-direction-left\">\n\t\t\t<div class=\"pp-flipbox-flip-card\">\n\t\t\t\t\t\t<div class=\"pp-flipbox-front\">\n\t\t\t<div class=\"pp-flipbox-overlay\">\n\t\t\t\t<div class=\"pp-flipbox-inner\">\n\t\t\t\t\t<div class=\"pp-flipbox-icon-image\">\n\t\t\t\t\t\t\t\t\t\t\t<\/div>\n\n\t\t\t\t\t<h3 class=\"pp-flipbox-heading\">\n\t\t\t\t\t\t\t\t\t\t\t<\/h3>\n\n\t\t\t\t\t<div class=\"pp-flipbox-content\">\n\t\t\t\t\t\t\t\t\t\t\t<\/div>\n\t\t\t\t<\/div>\n\t\t\t<\/div>\n\t\t<\/div>\n\t\t\t\t<div class=\"pp-flipbox-back\">\n\t\t\t\t\t\t<div class=\"pp-flipbox-overlay\">\n\t\t\t\t<div class=\"pp-flipbox-inner\">\n\t\t\t\t\t\n\t\t\t\t\t\n\t\t\t\t\t<div class=\"pp-flipbox-content\">\n\t\t\t\t\t\tEl Centro se mira con amor invita a las personas a redescubrir el coraz\u00f3n de Medell\u00edn y reconocer las transformaciones que hoy vive este territorio hist\u00f3rico, cultural y social de la ciudad.\t\t\t\t\t<\/div>\n\n\t\t\t\t\t\t\t\t\t<\/div>\n\t\t\t<\/div>\n\t\t<\/div>\n\t\t\t\t\t<\/div>\n\t\t<\/div>\n\t\t\t\t<\/div>\n\t\t\t\t<\/div>\n\t\t\t\t<div class=\"elementor-element elementor-element-057cf38 elementor-widget elementor-widget-heading\" data-id=\"057cf38\" data-element_type=\"widget\" data-widget_type=\"heading.default\">\n\t\t\t\t<div class=\"elementor-widget-container\">\n\t\t\t<h2 class=\"elementor-heading-title elementor-size-default\">El Centro se mira con amor<\/h2>\t\t<\/div>\n\t\t\t\t<\/div>\n\t\t<\/div><\/div><div class=\"elementor-element elementor-element-2bbf6c4 e-container--column e-container\" data-id=\"2bbf6c4\" data-element_type=\"container\">\t\t<div class=\"elementor-element elementor-element-3e52e42 e-container--column e-container\" data-id=\"3e52e42\" data-element_type=\"container\">\t\t\t\t<div class=\"elementor-element elementor-element-6e619d5 elementor-widget elementor-widget-pp-flipbox\" data-id=\"6e619d5\" data-element_type=\"widget\" data-widget_type=\"pp-flipbox.default\">\n\t\t\t\t<div class=\"elementor-widget-container\">\n\t\t\t\t\t<div class=\"pp-flipbox-container pp-animate-flip pp-direction-left\">\n\t\t\t<div class=\"pp-flipbox-flip-card\">\n\t\t\t\t\t\t<div class=\"pp-flipbox-front\">\n\t\t\t<div class=\"pp-flipbox-overlay\">\n\t\t\t\t<div class=\"pp-flipbox-inner\">\n\t\t\t\t\t<div class=\"pp-flipbox-icon-image\">\n\t\t\t\t\t\t\t\t\t\t\t<\/div>\n\n\t\t\t\t\t<h3 class=\"pp-flipbox-heading\">\n\t\t\t\t\t\t\t\t\t\t\t<\/h3>\n\n\t\t\t\t\t<div class=\"pp-flipbox-content\">\n\t\t\t\t\t\t\t\t\t\t\t<\/div>\n\t\t\t\t<\/div>\n\t\t\t<\/div>\n\t\t<\/div>\n\t\t\t\t<div class=\"pp-flipbox-back\">\n\t\t\t\t\t\t<div class=\"pp-flipbox-overlay\">\n\t\t\t\t<div class=\"pp-flipbox-inner\">\n\t\t\t\t\t\n\t\t\t\t\t\n\t\t\t\t\t<div class=\"pp-flipbox-content\">\n\t\t\t\t\t\tBuen Vecino busca fortalecer la convivencia y mejorar la calidad de vida en los barrios de las comunas 10 y 14 de Medell\u00edn, acercando la oferta institucional a las comunidades y promoviendo soluciones a las problem\u00e1ticas que afectan el desarrollo de estos territorios. \t\t\t\t\t<\/div>\n\n\t\t\t\t\t\t\t\t\t<\/div>\n\t\t\t<\/div>\n\t\t<\/div>\n\t\t\t\t\t<\/div>\n\t\t<\/div>\n\t\t\t\t<\/div>\n\t\t\t\t<\/div>\n\t\t\t\t<div class=\"elementor-element elementor-element-d14eaec elementor-widget elementor-widget-heading\" data-id=\"d14eaec\" data-element_type=\"widget\" data-widget_type=\"heading.default\">\n\t\t\t\t<div class=\"elementor-widget-container\">\n\t\t\t<h2 class=\"elementor-heading-title elementor-size-default\">Buen Vecino<\/h2>\t\t<\/div>\n\t\t\t\t<\/div>\n\t\t<\/div><\/div><\/div><div class=\"elementor-element elementor-element-377e13c e-container--row e-container\" data-id=\"377e13c\" data-element_type=\"container\">\t\t<div class=\"elementor-element elementor-element-23fbe50 e-container--column e-container\" data-id=\"23fbe50\" data-element_type=\"container\">\t\t<div class=\"elementor-element elementor-element-2c84fc7 e-container--column e-container\" data-id=\"2c84fc7\" data-element_type=\"container\">\t\t\t\t<div class=\"elementor-element elementor-element-2124ffd elementor-widget elementor-widget-pp-flipbox\" data-id=\"2124ffd\" data-element_type=\"widget\" data-widget_type=\"pp-flipbox.default\">\n\t\t\t\t<div class=\"elementor-widget-container\">\n\t\t\t\t\t<div class=\"pp-flipbox-container pp-animate-flip pp-direction-left\">\n\t\t\t<div class=\"pp-flipbox-flip-card\">\n\t\t\t\t\t\t<div class=\"pp-flipbox-front\">\n\t\t\t<div class=\"pp-flipbox-overlay\">\n\t\t\t\t<div class=\"pp-flipbox-inner\">\n\t\t\t\t\t<div class=\"pp-flipbox-icon-image\">\n\t\t\t\t\t\t\t\t\t\t\t<\/div>\n\n\t\t\t\t\t<h3 class=\"pp-flipbox-heading\">\n\t\t\t\t\t\t\t\t\t\t\t<\/h3>\n\n\t\t\t\t\t<div class=\"pp-flipbox-content\">\n\t\t\t\t\t\t\t\t\t\t\t<\/div>\n\t\t\t\t<\/div>\n\t\t\t<\/div>\n\t\t<\/div>\n\t\t\t\t<div class=\"pp-flipbox-back\">\n\t\t\t\t\t\t<div class=\"pp-flipbox-overlay\">\n\t\t\t\t<div class=\"pp-flipbox-inner\">\n\t\t\t\t\t\n\t\t\t\t\t\n\t\t\t\t\t<div class=\"pp-flipbox-content\">\n\t\t\t\t\t\tCada Latido Cuenta promueve la cultura ciudadana y la sana convivencia en el Centro y los territorios estrat\u00e9gicos de Medell\u00edn, invitando a la ciudadan\u00eda a reconocer que cada acci\u00f3n cotidiana contribuye a la transformaci\u00f3n y al cuidado de la ciudad. \t\t\t\t\t<\/div>\n\n\t\t\t\t\t\t\t\t\t<\/div>\n\t\t\t<\/div>\n\t\t<\/div>\n\t\t\t\t\t<\/div>\n\t\t<\/div>\n\t\t\t\t<\/div>\n\t\t\t\t<\/div>\n\t\t\t\t<div class=\"elementor-element elementor-element-5e37773 elementor-widget elementor-widget-heading\" data-id=\"5e37773\" data-element_type=\"widget\" data-widget_type=\"heading.default\">\n\t\t\t\t<div class=\"elementor-widget-container\">\n\t\t\t<h2 class=\"elementor-heading-title elementor-size-default\">Cada Latido Cuenta<\/h2>\t\t<\/div>\n\t\t\t\t<\/div>\n\t\t<\/div><\/div><div class=\"elementor-element elementor-element-a9a9cb1 e-container--column e-container\" data-id=\"a9a9cb1\" data-element_type=\"container\">\t\t<div class=\"elementor-element elementor-element-da1fd52 e-container--column e-container\" data-id=\"da1fd52\" data-element_type=\"container\">\t\t\t\t<div class=\"elementor-element elementor-element-03639ed elementor-widget elementor-widget-pp-flipbox\" data-id=\"03639ed\" data-element_type=\"widget\" data-widget_type=\"pp-flipbox.default\">\n\t\t\t\t<div class=\"elementor-widget-container\">\n\t\t\t\t\t<div class=\"pp-flipbox-container pp-animate-flip pp-direction-left\">\n\t\t\t<div class=\"pp-flipbox-flip-card\">\n\t\t\t\t\t\t<div class=\"pp-flipbox-front\">\n\t\t\t<div class=\"pp-flipbox-overlay\">\n\t\t\t\t<div class=\"pp-flipbox-inner\">\n\t\t\t\t\t<div class=\"pp-flipbox-icon-image\">\n\t\t\t\t\t\t\t\t\t\t\t<\/div>\n\n\t\t\t\t\t<h3 class=\"pp-flipbox-heading\">\n\t\t\t\t\t\t\t\t\t\t\t<\/h3>\n\n\t\t\t\t\t<div class=\"pp-flipbox-content\">\n\t\t\t\t\t\t\t\t\t\t\t<\/div>\n\t\t\t\t<\/div>\n\t\t\t<\/div>\n\t\t<\/div>\n\t\t\t\t<div class=\"pp-flipbox-back\">\n\t\t\t\t\t\t<div class=\"pp-flipbox-overlay\">\n\t\t\t\t<div class=\"pp-flipbox-inner\">\n\t\t\t\t\t\n\t\t\t\t\t\n\t\t\t\t\t<div class=\"pp-flipbox-content\">\n\t\t\t\t\t\tSembrando limpieza con amor promueve el cuidado del espacio p\u00fablico y la corresponsabilidad ciudadana de las comunas 10 y 14 de Medell\u00edn. \t\t\t\t\t<\/div>\n\n\t\t\t\t\t\t\t\t\t<\/div>\n\t\t\t<\/div>\n\t\t<\/div>\n\t\t\t\t\t<\/div>\n\t\t<\/div>\n\t\t\t\t<\/div>\n\t\t\t\t<\/div>\n\t\t\t\t<div class=\"elementor-element elementor-element-3c9c09a elementor-widget elementor-widget-heading\" data-id=\"3c9c09a\" data-element_type=\"widget\" data-widget_type=\"heading.default\">\n\t\t\t\t<div class=\"elementor-widget-container\">\n\t\t\t<h2 class=\"elementor-heading-title elementor-size-default\">Sembrando limpieza con amor<\/h2>\t\t<\/div>\n\t\t\t\t<\/div>\n\t\t<\/div><\/div><div class=\"elementor-element elementor-element-217edc1 e-container--column e-container\" data-id=\"217edc1\" data-element_type=\"container\">\t\t<div class=\"elementor-element elementor-element-a1f9237 e-container--column e-container\" data-id=\"a1f9237\" data-element_type=\"container\">\t\t\t\t<div class=\"elementor-element elementor-element-ec3c5ad elementor-widget elementor-widget-pp-flipbox\" data-id=\"ec3c5ad\" data-element_type=\"widget\" data-widget_type=\"pp-flipbox.default\">\n\t\t\t\t<div class=\"elementor-widget-container\">\n\t\t\t\t\t<div class=\"pp-flipbox-container pp-animate-flip pp-direction-left\">\n\t\t\t<div class=\"pp-flipbox-flip-card\">\n\t\t\t\t\t\t<div class=\"pp-flipbox-front\">\n\t\t\t<div class=\"pp-flipbox-overlay\">\n\t\t\t\t<div class=\"pp-flipbox-inner\">\n\t\t\t\t\t<div class=\"pp-flipbox-icon-image\">\n\t\t\t\t\t\t\t\t\t\t\t<\/div>\n\n\t\t\t\t\t<h3 class=\"pp-flipbox-heading\">\n\t\t\t\t\t\t\t\t\t\t\t<\/h3>\n\n\t\t\t\t\t<div class=\"pp-flipbox-content\">\n\t\t\t\t\t\t\t\t\t\t\t<\/div>\n\t\t\t\t<\/div>\n\t\t\t<\/div>\n\t\t<\/div>\n\t\t\t\t<div class=\"pp-flipbox-back\">\n\t\t\t\t\t\t<div class=\"pp-flipbox-overlay\">\n\t\t\t\t<div class=\"pp-flipbox-inner\">\n\t\t\t\t\t\n\t\t\t\t\t\n\t\t\t\t\t<div class=\"pp-flipbox-content\">\n\t\t\t\t\t\tLazos en el Territorio, promueve la articulaci\u00f3n entre la Alcald\u00eda de Medell\u00edn, la comunidad y actores p\u00fablicos y privados, con el prop\u00f3sito de crear, formalizar y fortalecer alianzas que aporten al desarrollo integral de los territorios estrat\u00e9gicos de la ciudad. \t\t\t\t\t<\/div>\n\n\t\t\t\t\t\t\t\t\t<\/div>\n\t\t\t<\/div>\n\t\t<\/div>\n\t\t\t\t\t<\/div>\n\t\t<\/div>\n\t\t\t\t<\/div>\n\t\t\t\t<\/div>\n\t\t\t\t<div class=\"elementor-element elementor-element-4a44d60 elementor-widget elementor-widget-heading\" data-id=\"4a44d60\" data-element_type=\"widget\" data-widget_type=\"heading.default\">\n\t\t\t\t<div class=\"elementor-widget-container\">\n\t\t\t<h2 class=\"elementor-heading-title elementor-size-default\">Lazos en el territorio <\/h2>\t\t<\/div>\n\t\t\t\t<\/div>\n\t\t<\/div><\/div><\/div>\t\t\t\t<\/div>\n\t\t\t\t\t<\/div>\n\t\t<\/div>\n\t\t\t\t\t\t\t\t<\/div>\n\t\t\t\t\t<\/div>\n\t\t<\/section>\n\t\t<div class=\"elementor-element elementor-element-559c9bc e-container--column e-container\" data-id=\"559c9bc\" data-element_type=\"container\">\t\t\t\t<div class=\"elementor-element elementor-element-0a7df89 elementor-widget elementor-widget-spacer\" data-id=\"0a7df89\" data-element_type=\"widget\" data-widget_type=\"spacer.default\">\n\t\t\t\t<div class=\"elementor-widget-container\">\n\t\t\t\t\t<div class=\"elementor-spacer\">\n\t\t\t<div class=\"elementor-spacer-inner\"><\/div>\n\t\t<\/div>\n\t\t\t\t<\/div>\n\t\t\t\t<\/div>\n\t\t<\/div>\t\t<section class=\"elementor-section elementor-top-section elementor-element elementor-element-746a2fac elementor-section-boxed elementor-section-height-default elementor-section-height-default\" data-id=\"746a2fac\" data-element_type=\"section\">\n\t\t\t\t\t\t<div class=\"elementor-container elementor-column-gap-default\">\n\t\t\t\t\t\t\t<div class=\"elementor-row\">\n\t\t\t\t\t<div class=\"elementor-column elementor-col-100 elementor-top-column elementor-element elementor-element-8a7f330\" data-id=\"8a7f330\" data-element_type=\"column\">\n\t\t\t<div class=\"elementor-column-wrap elementor-element-populated\">\n\t\t\t\t\t\t\t<div class=\"elementor-widget-wrap\">\n\t\t\t\t\t\t<div class=\"elementor-element elementor-element-3b95a394 elementor-widget elementor-widget-text-editor\" data-id=\"3b95a394\" data-element_type=\"widget\" data-widget_type=\"text-editor.default\">\n\t\t\t\t<div class=\"elementor-widget-container\">\n\t\t\t\t\t\t\t\t<div class=\"elementor-text-editor elementor-clearfix\">\n\t\t\t\t<p>Ent\u00e9rate de todos los Programas y Proyectos de la Gerencia del Centro y mantente al tanto de lo que acontece con nuestro Plan de Desarrollo de Medell\u00edn.<\/p>\t\t\t\t\t<\/div>\n\t\t\t\t\t\t<\/div>\n\t\t\t\t<\/div>\n\t\t\t\t<div class=\"elementor-element elementor-element-526d3b3f elementor-widget elementor-widget-titulo-con-link\" data-id=\"526d3b3f\" data-element_type=\"widget\" data-widget_type=\"titulo-con-link.default\">\n\t\t\t\t<div class=\"elementor-widget-container\">\n\t\t\t        <div class=\"heading-container\">\n            <div class=\"heading-title\">\n                <h2 class=\"elementor-heading-title elementor-size-default\"><a href=\"https:\/\/www.medellin.gov.co\/es\/programas-y-proyectos\/?_sft_category=gerencia-del-centro\"><b>Programas y Proyectos <\/b>de la Gerencia del Centro y Territorios Estrat\u00e9gicos<\/a><\/h2>            <\/div>\n            <div class=\"heading-links\">\n                <ul>\n                                            <li>\n                            <a href=\"https:\/\/www.medellin.gov.co\/es\/programas-y-proyectos\/?_sft_category=gerencia-del-centro\">\n                                                                 Ver todos los programas y proyectos                            <\/a>\n                        <\/li>\n                                    <\/ul>\n            <\/div>\n        <\/div>\n        \t\t<\/div>\n\t\t\t\t<\/div>\n\t\t\t\t<div class=\"elementor-element elementor-element-adbffc2 pp-equal-height-yes elementor-grid-4 pp-posts-thumbnail-ratio elementor-grid-tablet-2 elementor-grid-mobile-1 elementor-widget elementor-widget-pp-posts\" data-id=\"adbffc2\" data-element_type=\"widget\" data-settings=\"{&quot;classic_center_mode&quot;:&quot;yes&quot;}\" data-widget_type=\"pp-posts.classic\">\n\t\t\t\t<div class=\"elementor-widget-container\">\n\t\t\t\t\t\t<div class=\"pp-posts-container swiper-container-wrap swiper-container-wrap-dots-outside\">\n\t\t\t\t\t<div class=\"pp-posts-empty\">\n\t\t\t\t\t\t\t<p>It seems we can't find what you're looking for.<\/p>\n\t\t\t\n\t\t\t\t\t<\/div>\n\t\t\t\t\t<\/div>\n\t\t\t\t\t<\/div>\n\t\t\t\t<\/div>\n\t\t\t\t\t\t<\/div>\n\t\t\t\t\t<\/div>\n\t\t<\/div>\n\t\t\t\t\t\t\t\t<\/div>\n\t\t\t\t\t<\/div>\n\t\t<\/section>\n\t\t\t\t<section class=\"elementor-section elementor-top-section elementor-element elementor-element-450bab98 elementor-section-boxed elementor-section-height-default elementor-section-height-default\" data-id=\"450bab98\" data-element_type=\"section\">\n\t\t\t\t\t\t<div class=\"elementor-container elementor-column-gap-default\">\n\t\t\t\t\t\t\t<div class=\"elementor-row\">\n\t\t\t\t\t<div class=\"elementor-column elementor-col-100 elementor-top-column elementor-element elementor-element-7172af9d\" data-id=\"7172af9d\" data-element_type=\"column\">\n\t\t\t<div class=\"elementor-column-wrap elementor-element-populated\">\n\t\t\t\t\t\t\t<div class=\"elementor-widget-wrap\">\n\t\t\t\t\t\t<div class=\"elementor-element elementor-element-13bf9dcc elementor-widget elementor-widget-heading\" data-id=\"13bf9dcc\" data-element_type=\"widget\" data-widget_type=\"heading.default\">\n\t\t\t\t<div class=\"elementor-widget-container\">\n\t\t\t<h2 class=\"elementor-heading-title elementor-size-default\"><b>Publicaciones  <\/b>Gerencia del Centro y Territorios Estrat\u00e9gicos<\/h2>\t\t<\/div>\n\t\t\t\t<\/div>\n\t\t\t\t\t\t<\/div>\n\t\t\t\t\t<\/div>\n\t\t<\/div>\n\t\t\t\t\t\t\t\t<\/div>\n\t\t\t\t\t<\/div>\n\t\t<\/section>\n\t\t\t\t<section class=\"elementor-section elementor-top-section elementor-element elementor-element-05a3b4d elementor-section-boxed elementor-section-height-default elementor-section-height-default\" data-id=\"05a3b4d\" data-element_type=\"section\">\n\t\t\t\t\t\t<div class=\"elementor-container elementor-column-gap-default\">\n\t\t\t\t\t\t\t<div class=\"elementor-row\">\n\t\t\t\t\t<div class=\"elementor-column elementor-col-100 elementor-top-column elementor-element elementor-element-cc289d8\" data-id=\"cc289d8\" data-element_type=\"column\">\n\t\t\t<div class=\"elementor-column-wrap elementor-element-populated\">\n\t\t\t\t\t\t\t<div class=\"elementor-widget-wrap\">\n\t\t\t\t<div class=\"elementor-element elementor-element-d230fb3 e-container--row e-container\" data-id=\"d230fb3\" data-element_type=\"container\">\t\t\t\t<div class=\"elementor-element elementor-element-cc5e5d5 elementor-cta--skin-classic elementor-animated-content elementor-widget elementor-widget-call-to-action\" data-id=\"cc5e5d5\" data-element_type=\"widget\" data-settings=\"{&quot;ep_notation_active&quot;:&quot;yes&quot;,&quot;ep_notation_list&quot;:[{&quot;_id&quot;:&quot;ee64a0e&quot;,&quot;ep_notation_type&quot;:&quot;box&quot;,&quot;ep_notation_bracket_on&quot;:null,&quot;ep_notation_color&quot;:&quot;#3366CC&quot;,&quot;ep_notation_anim_duration&quot;:{&quot;unit&quot;:&quot;px&quot;,&quot;size&quot;:5000,&quot;sizes&quot;:[]},&quot;ep_notation_stroke_width&quot;:{&quot;unit&quot;:&quot;px&quot;,&quot;size&quot;:0,&quot;sizes&quot;:[]},&quot;__globals__&quot;:{&quot;ep_notation_color&quot;:&quot;&quot;},&quot;ep_notation_select_type&quot;:&quot;widget&quot;,&quot;ep_notation_custom_selector&quot;:null,&quot;ep_notation_waypoint_offset&quot;:&quot;&quot;}]}\" data-widget_type=\"call-to-action.default\">\n\t\t\t\t<div class=\"elementor-widget-container\">\n\t\t\t\t\t<div class=\"elementor-cta\">\n\t\t\t\t\t<div class=\"elementor-cta__bg-wrapper\">\n\t\t\t\t<div class=\"elementor-cta__bg elementor-bg\" style=\"background-image: url(https:\/\/www.medellin.gov.co\/es\/wp-content\/uploads\/2021\/11\/catedral-metropolitana.jpg);\"><\/div>\n\t\t\t\t<div class=\"elementor-cta__bg-overlay\"><\/div>\n\t\t\t<\/div>\n\t\t\t\t\t\t\t<div class=\"elementor-cta__content\">\n\t\t\t\t\t\t\t\t\t<div class=\"elementor-content-item elementor-cta__content-item elementor-icon-wrapper elementor-cta__icon elementor-view-default\">\n\t\t\t\t\t\t<div class=\"elementor-icon\">\n\t\t\t\t\t\t\t<i aria-hidden=\"true\" class=\"far fa-file\"><\/i>\t\t\t\t\t\t<\/div>\n\t\t\t\t\t<\/div>\n\t\t\t\t\n\t\t\t\t<h2 class=\"elementor-cta__title elementor-cta__content-item elementor-content-item\">Publicaciones de la Gerencia del Centro y Territorios Estrat\u00e9gicos<\/h2>\n\t\t\t\t\t\t\t\t\t<div class=\"elementor-cta__description elementor-cta__content-item elementor-content-item\">\n\t\t\t\t\t\tEncuentra Manuales, Memorias, Informes, Estudios, Estad\u00edsticas, Planes, Pol\u00edtica y Normatividad\t\t\t\t\t<\/div>\n\t\t\t\t\n\t\t\t\t\t\t\t\t\t<div class=\"elementor-cta__button-wrapper elementor-cta__content-item elementor-content-item \">\n\t\t\t\t\t<a class=\"elementor-cta__button elementor-button elementor-size-sm\" href=\"https:\/\/www.medellin.gov.co\/es\/centro-documental\/?_sft_category=gerencia-del-centro\" target=\"_blank\">\n\t\t\t\t\t\tHaz clic aqu\u00ed\t\t\t\t\t<\/a>\n\t\t\t\t\t<\/div>\n\t\t\t\t\t\t\t<\/div>\n\t\t\t\t\t\t<\/div>\n\t\t\t\t<\/div>\n\t\t\t\t<\/div>\n\t\t<\/div>\t\t\t\t<\/div>\n\t\t\t\t\t<\/div>\n\t\t<\/div>\n\t\t\t\t\t\t\t\t<\/div>\n\t\t\t\t\t<\/div>\n\t\t<\/section>\n\t\t\t\t<section class=\"elementor-section elementor-top-section elementor-element elementor-element-66c9262e elementor-section-boxed elementor-section-height-default elementor-section-height-default\" data-id=\"66c9262e\" data-element_type=\"section\">\n\t\t\t\t\t\t<div class=\"elementor-container elementor-column-gap-default\">\n\t\t\t\t\t\t\t<div class=\"elementor-row\">\n\t\t\t\t\t<div class=\"elementor-column elementor-col-100 elementor-top-column elementor-element elementor-element-3e1f9f6b\" data-id=\"3e1f9f6b\" data-element_type=\"column\">\n\t\t\t<div class=\"elementor-column-wrap elementor-element-populated\">\n\t\t\t\t\t\t\t<div class=\"elementor-widget-wrap\">\n\t\t\t\t\t\t<div class=\"elementor-element elementor-element-30cd74dc elementor-widget elementor-widget-heading\" data-id=\"30cd74dc\" data-element_type=\"widget\" data-widget_type=\"heading.default\">\n\t\t\t\t<div class=\"elementor-widget-container\">\n\t\t\t<h2 class=\"elementor-heading-title elementor-size-default\"><b>Aliados Estrat\u00e9gicos <\/b>Gerencia del Centro y Territorios Estrat\u00e9gicos<\/h2>\t\t<\/div>\n\t\t\t\t<\/div>\n\t\t\t\t\t\t<\/div>\n\t\t\t\t\t<\/div>\n\t\t<\/div>\n\t\t\t\t\t\t\t\t<\/div>\n\t\t\t\t\t<\/div>\n\t\t<\/section>\n\t\t\t\t<section class=\"elementor-section elementor-top-section elementor-element elementor-element-2820e0e0 elementor-section-boxed elementor-section-height-default elementor-section-height-default\" data-id=\"2820e0e0\" data-element_type=\"section\">\n\t\t\t\t\t\t<div class=\"elementor-container elementor-column-gap-default\">\n\t\t\t\t\t\t\t<div class=\"elementor-row\">\n\t\t\t\t\t<div class=\"elementor-column elementor-col-100 elementor-top-column elementor-element elementor-element-aa1ba55\" data-id=\"aa1ba55\" data-element_type=\"column\">\n\t\t\t<div class=\"elementor-column-wrap elementor-element-populated\">\n\t\t\t\t\t\t\t<div class=\"elementor-widget-wrap\">\n\t\t\t\t\t\t<div class=\"elementor-element elementor-element-2056e4ff elementor-widget elementor-widget-text-editor\" data-id=\"2056e4ff\" data-element_type=\"widget\" data-widget_type=\"text-editor.default\">\n\t\t\t\t<div class=\"elementor-widget-container\">\n\t\t\t\t\t\t\t\t<div class=\"elementor-text-editor elementor-clearfix\">\n\t\t\t\t<p>La Gerencia del Centro cuenta con un grupo de entidades aliadas que son<\/p>\t\t\t\t\t<\/div>\n\t\t\t\t\t\t<\/div>\n\t\t\t\t<\/div>\n\t\t\t\t\t\t<\/div>\n\t\t\t\t\t<\/div>\n\t\t<\/div>\n\t\t\t\t\t\t\t\t<\/div>\n\t\t\t\t\t<\/div>\n\t\t<\/section>\n\t\t\t\t<section class=\"elementor-section elementor-top-section elementor-element elementor-element-6d1341ff elementor-section-boxed elementor-section-height-default elementor-section-height-default\" data-id=\"6d1341ff\" data-element_type=\"section\">\n\t\t\t\t\t\t<div class=\"elementor-container elementor-column-gap-default\">\n\t\t\t\t\t\t\t<div class=\"elementor-row\">\n\t\t\t\t\t<div class=\"elementor-column elementor-col-100 elementor-top-column elementor-element elementor-element-4d6e536e\" data-id=\"4d6e536e\" data-element_type=\"column\">\n\t\t\t<div class=\"elementor-column-wrap elementor-element-populated\">\n\t\t\t\t\t\t\t<div class=\"elementor-widget-wrap\">\n\t\t\t\t<div class=\"elementor-element elementor-element-161f73e4 e-container--column e-container\" data-id=\"161f73e4\" data-element_type=\"container\">\t\t\t\t<div class=\"elementor-element elementor-element-311f7d43 elementor-widget elementor-widget-heading\" data-id=\"311f7d43\" data-element_type=\"widget\" data-widget_type=\"heading.default\">\n\t\t\t\t<div class=\"elementor-widget-container\">\n\t\t\t<h3 class=\"elementor-heading-title elementor-size-default\">Corbolivar<\/h3>\t\t<\/div>\n\t\t\t\t<\/div>\n\t\t\t\t<div class=\"elementor-element elementor-element-198d59be elementor-widget elementor-widget-text-editor\" data-id=\"198d59be\" data-element_type=\"widget\" data-widget_type=\"text-editor.default\">\n\t\t\t\t<div class=\"elementor-widget-container\">\n\t\t\t\t\t\t\t\t<div class=\"elementor-text-editor elementor-clearfix\">\n\t\t\t\t<p>Corbolivar es una de las asociaciones con m\u00e1s conocimiento en los diferentes temas de seguridad en una de las zonas m\u00e1s concurridas del centro de Medell\u00edn, siendo punto de llegada y partida de la principal zona comercial del centro de la ciudad.<\/p><p><span style=\"color: #00ccff;\"><strong><a style=\"color: #00ccff;\" href=\"https:\/\/www.facebook.com\/Corbolivar-474404745972684\/\" target=\"_blank\" rel=\"noopener\">CONOCE M\u00c1S<\/a><\/strong><\/span><\/p>\t\t\t\t\t<\/div>\n\t\t\t\t\t\t<\/div>\n\t\t\t\t<\/div>\n\t\t<\/div><div class=\"elementor-element elementor-element-e9c193b e-container--column e-container\" data-id=\"e9c193b\" data-element_type=\"container\">\t\t\t\t<div class=\"elementor-element elementor-element-64fb761f elementor-widget elementor-widget-heading\" data-id=\"64fb761f\" data-element_type=\"widget\" data-widget_type=\"heading.default\">\n\t\t\t\t<div class=\"elementor-widget-container\">\n\t\t\t<h3 class=\"elementor-heading-title elementor-size-default\">Centro Unido<\/h3>\t\t<\/div>\n\t\t\t\t<\/div>\n\t\t\t\t<div class=\"elementor-element elementor-element-630691c7 elementor-widget elementor-widget-text-editor\" data-id=\"630691c7\" data-element_type=\"widget\" data-widget_type=\"text-editor.default\">\n\t\t\t\t<div class=\"elementor-widget-container\">\n\t\t\t\t\t\t\t\t<div class=\"elementor-text-editor elementor-clearfix\">\n\t\t\t\t<p>Es la asociaci\u00f3n de empresarios y comerciantes del centro de Medell\u00edn.<\/p><p><span style=\"color: #00ccff;\"><a style=\"color: #00ccff;\" href=\"https:\/\/centrounidomedellin.com\/\" target=\"_blank\" rel=\"noopener\"><strong>CONOCE M\u00c1S<\/strong><\/a><\/span><\/p>\t\t\t\t\t<\/div>\n\t\t\t\t\t\t<\/div>\n\t\t\t\t<\/div>\n\t\t<\/div><div class=\"elementor-element elementor-element-2da80b0b e-container--column e-container\" data-id=\"2da80b0b\" data-element_type=\"container\">\t\t\t\t<div class=\"elementor-element elementor-element-28adead6 elementor-widget elementor-widget-heading\" data-id=\"28adead6\" data-element_type=\"widget\" data-widget_type=\"heading.default\">\n\t\t\t\t<div class=\"elementor-widget-container\">\n\t\t\t<h3 class=\"elementor-heading-title elementor-size-default\">Asoguayaquil<\/h3>\t\t<\/div>\n\t\t\t\t<\/div>\n\t\t\t\t<div class=\"elementor-element elementor-element-7e4847 elementor-widget elementor-widget-text-editor\" data-id=\"7e4847\" data-element_type=\"widget\" data-widget_type=\"text-editor.default\">\n\t\t\t\t<div class=\"elementor-widget-container\">\n\t\t\t\t\t\t\t\t<div class=\"elementor-text-editor elementor-clearfix\">\n\t\t\t\t<p>Somos la Asociaci\u00f3n Gremial de Comerciantes de Guayaquil que representa y defiende los intereses del sector comercial formal de Guayaquil desde hace 25 a\u00f1os. Estamos ubicados en el barrio Guayaquil, uno de los barrios c\u00e9ntricos de la Comuna 10 de la ciudad de Medell\u00edn, departamento de Antioquia.<\/p><p><span style=\"color: #00ccff;\"><a style=\"color: #00ccff;\" href=\"https:\/\/www.asoguayaquil.com\/\" target=\"_blank\" rel=\"noopener\"><strong>CONOCE M\u00c1S<\/strong><\/a><\/span><\/p>\t\t\t\t\t<\/div>\n\t\t\t\t\t\t<\/div>\n\t\t\t\t<\/div>\n\t\t<\/div><div class=\"elementor-element elementor-element-1af35cd e-container--column e-container\" data-id=\"1af35cd\" data-element_type=\"container\">\t\t\t\t<div class=\"elementor-element elementor-element-6a31a9cd elementor-widget elementor-widget-heading\" data-id=\"6a31a9cd\" data-element_type=\"widget\" data-widget_type=\"heading.default\">\n\t\t\t\t<div class=\"elementor-widget-container\">\n\t\t\t<h3 class=\"elementor-heading-title elementor-size-default\">C.C. Gran Plaza<\/h3>\t\t<\/div>\n\t\t\t\t<\/div>\n\t\t\t\t<div class=\"elementor-element elementor-element-2af5805f elementor-widget elementor-widget-text-editor\" data-id=\"2af5805f\" data-element_type=\"widget\" data-widget_type=\"text-editor.default\">\n\t\t\t\t<div class=\"elementor-widget-container\">\n\t\t\t\t\t\t\t\t<div class=\"elementor-text-editor elementor-clearfix\">\n\t\t\t\t<p>Centro Comercial Gran Plaza.<\/p><p><span style=\"color: #00ccff;\"><a style=\"color: #00ccff;\" href=\"https:\/\/www.granplaza.co\/\" target=\"_blank\" rel=\"noopener\"><strong>CONOCE M\u00c1S<\/strong><\/a><\/span><\/p>\t\t\t\t\t<\/div>\n\t\t\t\t\t\t<\/div>\n\t\t\t\t<\/div>\n\t\t<\/div><div class=\"elementor-element elementor-element-75679fdf e-container--column e-container\" data-id=\"75679fdf\" data-element_type=\"container\">\t\t\t\t<div class=\"elementor-element elementor-element-7f02fedb elementor-widget elementor-widget-heading\" data-id=\"7f02fedb\" data-element_type=\"widget\" data-widget_type=\"heading.default\">\n\t\t\t\t<div class=\"elementor-widget-container\">\n\t\t\t<h3 class=\"elementor-heading-title elementor-size-default\">Asobastilla Fenalco Antioquia<\/h3>\t\t<\/div>\n\t\t\t\t<\/div>\n\t\t\t\t<div class=\"elementor-element elementor-element-3534622b elementor-widget elementor-widget-text-editor\" data-id=\"3534622b\" data-element_type=\"widget\" data-widget_type=\"text-editor.default\">\n\t\t\t\t<div class=\"elementor-widget-container\">\n\t\t\t\t\t\t\t\t<div class=\"elementor-text-editor elementor-clearfix\">\n\t\t\t\t<p>Somos un Gremio empresarial antioque\u00f1o con liderazgo en el pa\u00eds. Representamos y defendemos los intereses del comercio formal, respetando los principios democr\u00e1ticos, el libre mercado, la legalidad, y la sostenibilidad. Asimismo, promovemos iniciativas y soluciones empresariales, teniendo en cuenta la innovaci\u00f3n, la transformaci\u00f3n digital y las tendencias econ\u00f3micas y de mercado.<\/p><p><span style=\"color: #00ccff;\"><a style=\"color: #00ccff;\" href=\"https:\/\/www.fenalcoantioquia.com\/\" target=\"_blank\" rel=\"noopener\"><strong>CONOCE M\u00c1S<\/strong><\/a><\/span><\/p>\t\t\t\t\t<\/div>\n\t\t\t\t\t\t<\/div>\n\t\t\t\t<\/div>\n\t\t<\/div>\t\t\t\t<\/div>\n\t\t\t\t\t<\/div>\n\t\t<\/div>\n\t\t\t\t\t\t\t\t<\/div>\n\t\t\t\t\t<\/div>\n\t\t<\/section>\n\t\t\t\t\t\t\t\t\t<\/div>\n\t\t\t<\/div>\n\t\t\t\t\t<\/div>\n\t\t","protected":false},"excerpt":{"rendered":"<p>Funci\u00f3n de la gerencia Composici\u00f3n de la gerencia Conoce m\u00e1s Conoce m\u00e1s Noticias destacadas Gerencia del Centro y Territorios Estrat\u00e9gicos Avanza la recuperaci\u00f3n del Centro de Medell\u00edn con la intervenci\u00f3n integral del Puesto de Mando &#8230;<\/p>\n","protected":false},"author":1,"featured_media":14421,"parent":0,"menu_order":65,"comment_status":"closed","ping_status":"closed","template":"sec-gerencia-centro\/elementor.php","meta":[],"acf":[],"_links":{"self":[{"href":"https:\/\/www.medellin.gov.co\/es\/wp-json\/wp\/v2\/pages\/13673"}],"collection":[{"href":"https:\/\/www.medellin.gov.co\/es\/wp-json\/wp\/v2\/pages"}],"about":[{"href":"https:\/\/www.medellin.gov.co\/es\/wp-json\/wp\/v2\/types\/page"}],"author":[{"embeddable":true,"href":"https:\/\/www.medellin.gov.co\/es\/wp-json\/wp\/v2\/users\/1"}],"replies":[{"embeddable":true,"href":"https:\/\/www.medellin.gov.co\/es\/wp-json\/wp\/v2\/comments?post=13673"}],"version-history":[{"count":10,"href":"https:\/\/www.medellin.gov.co\/es\/wp-json\/wp\/v2\/pages\/13673\/revisions"}],"predecessor-version":[{"id":519447,"href":"https:\/\/www.medellin.gov.co\/es\/wp-json\/wp\/v2\/pages\/13673\/revisions\/519447"}],"wp:featuredmedia":[{"embeddable":true,"href":"https:\/\/www.medellin.gov.co\/es\/wp-json\/wp\/v2\/media\/14421"}],"wp:attachment":[{"href":"https:\/\/www.medellin.gov.co\/es\/wp-json\/wp\/v2\/media?parent=13673"}],"curies":[{"name":"wp","href":"https:\/\/api.w.org\/{rel}","templated":true}]}}