{"id":13683,"date":"2021-09-13T18:46:07","date_gmt":"2021-09-13T23:46:07","guid":{"rendered":"https:\/\/www.medellin.gov.co\/es\/?page_id=13683"},"modified":"2024-11-20T12:13:00","modified_gmt":"2024-11-20T17:13:00","slug":"cultura-centro-con-sentido","status":"publish","type":"page","link":"https:\/\/www.medellin.gov.co\/es\/gerencia-del-centro\/cultura-centro-con-sentido\/","title":{"rendered":"Cultura Centro ConSentido"},"content":{"rendered":"\t\t<div data-elementor-type=\"wp-page\" data-elementor-id=\"13683\" class=\"elementor elementor-13683\">\n\t\t\t\t\t\t<div class=\"elementor-inner\">\n\t\t\t\t<div class=\"elementor-section-wrap\">\n\t\t\t\t\t\t\t\t\t<section class=\"elementor-section elementor-top-section elementor-element elementor-element-38da5aad elementor-section-boxed elementor-section-height-default elementor-section-height-default\" data-id=\"38da5aad\" data-element_type=\"section\">\n\t\t\t\t\t\t<div class=\"elementor-container elementor-column-gap-default\">\n\t\t\t\t\t\t\t<div class=\"elementor-row\">\n\t\t\t\t\t<div class=\"elementor-column elementor-col-100 elementor-top-column elementor-element elementor-element-412f8ad6\" data-id=\"412f8ad6\" data-element_type=\"column\">\n\t\t\t<div class=\"elementor-column-wrap elementor-element-populated\">\n\t\t\t\t\t\t\t<div class=\"elementor-widget-wrap\">\n\t\t\t\t\t\t<div class=\"elementor-element elementor-element-21477e39 elementor-widget elementor-widget-heading\" data-id=\"21477e39\" data-element_type=\"widget\" data-widget_type=\"heading.default\">\n\t\t\t\t<div class=\"elementor-widget-container\">\n\t\t\t<h1 class=\"elementor-heading-title elementor-size-default\">Cultura Centro ConSentido<\/h1>\t\t<\/div>\n\t\t\t\t<\/div>\n\t\t\t\t<section class=\"elementor-section elementor-inner-section elementor-element elementor-element-0cbbe2e elementor-section-boxed elementor-section-height-default elementor-section-height-default\" data-id=\"0cbbe2e\" data-element_type=\"section\">\n\t\t\t\t\t\t<div class=\"elementor-container elementor-column-gap-default\">\n\t\t\t\t\t\t\t<div class=\"elementor-row\">\n\t\t\t\t\t<div class=\"elementor-column elementor-col-50 elementor-inner-column elementor-element elementor-element-59341b4\" data-id=\"59341b4\" data-element_type=\"column\">\n\t\t\t<div class=\"elementor-column-wrap elementor-element-populated\">\n\t\t\t\t\t\t\t<div class=\"elementor-widget-wrap\">\n\t\t\t\t\t\t<div class=\"elementor-element elementor-element-0f7bb6b elementor-widget elementor-widget-image\" data-id=\"0f7bb6b\" data-element_type=\"widget\" data-widget_type=\"image.default\">\n\t\t\t\t<div class=\"elementor-widget-container\">\n\t\t\t\t\t\t\t\t<div class=\"elementor-image\">\n\t\t\t\t\t\t\t\t\t\t\t\t<img width=\"1200\" height=\"800\" src=\"https:\/\/www.medellin.gov.co\/es\/wp-content\/uploads\/2021\/09\/la-gorda-de-botero.jpg\" class=\"attachment-full size-full\" alt=\"La Gorda de Botero\" loading=\"lazy\" srcset=\"https:\/\/www.medellin.gov.co\/es\/wp-content\/uploads\/2021\/09\/la-gorda-de-botero.jpg 1200w, https:\/\/www.medellin.gov.co\/es\/wp-content\/uploads\/2021\/09\/la-gorda-de-botero-300x200.jpg 300w, https:\/\/www.medellin.gov.co\/es\/wp-content\/uploads\/2021\/09\/la-gorda-de-botero-1024x683.jpg 1024w, https:\/\/www.medellin.gov.co\/es\/wp-content\/uploads\/2021\/09\/la-gorda-de-botero-150x100.jpg 150w, https:\/\/www.medellin.gov.co\/es\/wp-content\/uploads\/2021\/09\/la-gorda-de-botero-768x512.jpg 768w\" sizes=\"(max-width: 1200px) 100vw, 1200px\" \/>\t\t\t\t\t\t\t\t\t\t\t\t\t\t<\/div>\n\t\t\t\t\t\t<\/div>\n\t\t\t\t<\/div>\n\t\t\t\t\t\t<\/div>\n\t\t\t\t\t<\/div>\n\t\t<\/div>\n\t\t\t\t<div class=\"elementor-column elementor-col-50 elementor-inner-column elementor-element elementor-element-502bea0\" data-id=\"502bea0\" data-element_type=\"column\">\n\t\t\t<div class=\"elementor-column-wrap elementor-element-populated\">\n\t\t\t\t\t\t\t<div class=\"elementor-widget-wrap\">\n\t\t\t\t\t\t<div class=\"elementor-element elementor-element-5561861 elementor-widget elementor-widget-text-editor\" data-id=\"5561861\" data-element_type=\"widget\" data-widget_type=\"text-editor.default\">\n\t\t\t\t<div class=\"elementor-widget-container\">\n\t\t\t\t\t\t\t\t<div class=\"elementor-text-editor elementor-clearfix\">\n\t\t\t\t<p>Mediante este proyecto pretendemos mejorar la experiencia que se vive en el espacio p\u00fablico del Centro, por parte de residentes, habitantes y transe\u00fantes, que podr\u00e1 evaluarse a partir de las relaciones que este facilite, la capacidad de convocar, acoger y mezclar distintos grupos y comportamientos, y as\u00ed estimular la identificaci\u00f3n simb\u00f3lica, la expresi\u00f3n y la integraci\u00f3n cultural.<\/p>\t\t\t\t\t<\/div>\n\t\t\t\t\t\t<\/div>\n\t\t\t\t<\/div>\n\t\t\t\t<div class=\"elementor-element elementor-element-aeacb09 elementor-widget elementor-widget-text-editor\" data-id=\"aeacb09\" data-element_type=\"widget\" data-widget_type=\"text-editor.default\">\n\t\t\t\t<div class=\"elementor-widget-container\">\n\t\t\t\t\t\t\t\t<div class=\"elementor-text-editor elementor-clearfix\">\n\t\t\t\t<p>Asimismo, se busca la apropiaci\u00f3n del espacio p\u00fablico y la resignificaci\u00f3n de los lugares representativos y patrimoniales, en un esfuerzo conjunto entre el sector p\u00fablico y privado de lo cultural y art\u00edstico de la Comuna &#8211; 10. A trav\u00e9s de activaciones dirigidas a que el p\u00fablico en general, conozca y acceda a la oferta existente, se fortalece el sector, tanto en calidad como en cantidad de eventos, programaciones, espacios f\u00edsicos propicios para intervenciones y puestas en escena, as\u00ed como el incremento en la inversi\u00f3n p\u00fablica para la cultura, el comercio y el empleo.<\/p>\t\t\t\t\t<\/div>\n\t\t\t\t\t\t<\/div>\n\t\t\t\t<\/div>\n\t\t\t\t\t\t<\/div>\n\t\t\t\t\t<\/div>\n\t\t<\/div>\n\t\t\t\t\t\t\t\t<\/div>\n\t\t\t\t\t<\/div>\n\t\t<\/section>\n\t\t\t\t<div class=\"elementor-element elementor-element-ef06380 elementor-widget elementor-widget-heading\" data-id=\"ef06380\" data-element_type=\"widget\" data-widget_type=\"heading.default\">\n\t\t\t\t<div class=\"elementor-widget-container\">\n\t\t\t<h2 class=\"elementor-heading-title elementor-size-default\"><b>Metas planteadas <\/b> por la Gerencia del Centro y Territorios estrat\u00e9gicos. <\/h2>\t\t<\/div>\n\t\t\t\t<\/div>\n\t\t\t\t<div class=\"elementor-element elementor-element-c0b8166 elementor-widget elementor-widget-image\" data-id=\"c0b8166\" data-element_type=\"widget\" data-widget_type=\"image.default\">\n\t\t\t\t<div class=\"elementor-widget-container\">\n\t\t\t\t\t\t\t\t<div class=\"elementor-image\">\n\t\t\t\t\t\t\t\t\t\t\t\t<img width=\"1200\" height=\"800\" src=\"https:\/\/www.medellin.gov.co\/es\/wp-content\/uploads\/2021\/09\/sector-barrio-triste-1.jpg\" class=\"attachment-full size-full\" alt=\"Sector Barrio Triste Medell\u00edn\" loading=\"lazy\" srcset=\"https:\/\/www.medellin.gov.co\/es\/wp-content\/uploads\/2021\/09\/sector-barrio-triste-1.jpg 1200w, https:\/\/www.medellin.gov.co\/es\/wp-content\/uploads\/2021\/09\/sector-barrio-triste-1-300x200.jpg 300w, https:\/\/www.medellin.gov.co\/es\/wp-content\/uploads\/2021\/09\/sector-barrio-triste-1-1024x683.jpg 1024w, https:\/\/www.medellin.gov.co\/es\/wp-content\/uploads\/2021\/09\/sector-barrio-triste-1-150x100.jpg 150w, https:\/\/www.medellin.gov.co\/es\/wp-content\/uploads\/2021\/09\/sector-barrio-triste-1-768x512.jpg 768w\" sizes=\"(max-width: 1200px) 100vw, 1200px\" \/>\t\t\t\t\t\t\t\t\t\t\t\t\t\t<\/div>\n\t\t\t\t\t\t<\/div>\n\t\t\t\t<\/div>\n\t\t\t\t<div class=\"elementor-element elementor-element-e6af3dd elementor-widget elementor-widget-text-editor\" data-id=\"e6af3dd\" data-element_type=\"widget\" data-widget_type=\"text-editor.default\">\n\t\t\t\t<div class=\"elementor-widget-container\">\n\t\t\t\t\t\t\t\t<div class=\"elementor-text-editor elementor-clearfix\">\n\t\t\t\t<p>Medell\u00edn somos todos, por eso con estrategias de cultura ciudadana se potenciar\u00e1n activaciones de apropiaci\u00f3n del espacio p\u00fablico en todas las comunas y corregimientos para promover su uso responsable.<\/p><ul><li><strong>Recuperar la confianza: <\/strong>Aqu\u00ed se desarrollan acciones de: Limpieza, ornato y aseo, seguridad, siembra de \u00e1rboles, brigadas de salud, entre otras acciones.<\/li><\/ul><ul><li><strong>Fortalecer las redes con los diferentes actores del territorio:<\/strong> Aqu\u00ed se desarrollan acciones de: Mesas de planeaci\u00f3n, comit\u00e9s, reuniones y espacios de interacci\u00f3n con los actores de los territorios.<\/li><\/ul><ul><li><strong>Promover espacios de apropiaci\u00f3n<\/strong>, di\u00e1logo y cultura ciudadana con \u00e9nfasis en los territorios estrat\u00e9gicos.<\/li><\/ul><p>\u00a0<\/p>\t\t\t\t\t<\/div>\n\t\t\t\t\t\t<\/div>\n\t\t\t\t<\/div>\n\t\t\t\t<div class=\"elementor-element elementor-element-61deb5e elementor-widget elementor-widget-pp-faq\" data-id=\"61deb5e\" data-element_type=\"widget\" data-settings=\"{&quot;faq_layout&quot;:&quot;accordion&quot;,&quot;accordion_type&quot;:&quot;accordion&quot;,&quot;toggle_speed&quot;:300}\" data-widget_type=\"pp-faq.default\">\n\t\t\t\t<div class=\"elementor-widget-container\">\n\t\t\t\t\t<div class=\"pp-faqs pp-advanced-accordion pp-toggle-icon-align-left\" id=\"pp-advanced-accordion-61deb5e\" data-accordion-id=\"61deb5e\">\n\t\t\t\t\t\t<div class=\"pp-faq-item-wrap elementor-grid-item\">\n\t\t\t\t<div class=\"pp-faq-item pp-accordion-item\">\n\t\t\t\t\t<div id=\"pp-accordion-tab-title-1021\" class=\"pp-faq-question pp-accordion-tab-title\" tabindex=\"1021\" data-tab=\"1\">\n\t\t\t\t\t\t<div class=\"pp-accordion-title-icon\">\n\t\t\t\t\t\t\t\t\t\t\t\t\t\t\t\t\t\t\t\t\t<div class=\"pp-accordion-title-text\">\n\t\t\t\t\t\t\t\t\u00bfC\u00f3mo nos vemos en el Plan de Desarrollo Distrital?\t\t\t\t\t\t\t<\/div>\n\t\t\t\t\t\t<\/div>\n\t\t\t\t\t\t\t\t\t\t\t\t\t<div class=\"pp-accordion-toggle-icon\">\n\t\t\t\t\t\t\t\t\t\t\t\t\t\t\t\t\t<span class='pp-accordion-toggle-icon-close pp-icon'>\n\t\t\t\t\t\t\t\t\t\t<i aria-hidden=\"true\" class=\"fas fa-plus\"><\/i>\t\t\t\t\t\t\t\t\t<\/span>\n\t\t\t\t\t\t\t\t\t\t\t\t\t\t\t\t\t\t\t\t\t\t\t\t\t<span class='pp-accordion-toggle-icon-open pp-icon'>\n\t\t\t\t\t\t\t\t\t\t<i aria-hidden=\"true\" class=\"fas fa-minus\"><\/i>\t\t\t\t\t\t\t\t\t<\/span>\n\t\t\t\t\t\t\t\t\t\t\t\t\t\t\t<\/div>\n\t\t\t\t\t\t\t\t\t\t\t<\/div>\n\n\t\t\t\t\t<div id=\"pp-accordion-tab-content-1021\" class=\"pp-faq-answer pp-accordion-tab-content\" data-tab=\"1\">\n\t\t\t\t\t\t<ul>\n<li>1 Proyecto Estrat\u00e9gico Social<\/li>\n<li>Corresponsable en 3 Programas<\/li>\n<li>Responsable en 7 indicadores 5 Proyectos<\/li>\n<\/ul>\n<p>Fuente: Proyecto de Acuerdo Plan de Desarrollo Medell\u00edn Te Quiere 2024-2027<\/p>\n\t\t\t\t\t<\/div>\n\t\t\t\t<\/div>\n\t\t\t<\/div>\n\t\t\t\t\t\t<div class=\"pp-faq-item-wrap elementor-grid-item\">\n\t\t\t\t<div class=\"pp-faq-item pp-accordion-item\">\n\t\t\t\t\t<div id=\"pp-accordion-tab-title-1022\" class=\"pp-faq-question pp-accordion-tab-title\" tabindex=\"1022\" data-tab=\"2\">\n\t\t\t\t\t\t<div class=\"pp-accordion-title-icon\">\n\t\t\t\t\t\t\t\t\t\t\t\t\t\t\t\t\t\t\t\t\t<div class=\"pp-accordion-title-text\">\n\t\t\t\t\t\t\t\tProyecto Estrat\u00e9gico Social: Medell\u00edn Tacita de Plata\t\t\t\t\t\t\t<\/div>\n\t\t\t\t\t\t<\/div>\n\t\t\t\t\t\t\t\t\t\t\t\t\t<div class=\"pp-accordion-toggle-icon\">\n\t\t\t\t\t\t\t\t\t\t\t\t\t\t\t\t\t<span class='pp-accordion-toggle-icon-close pp-icon'>\n\t\t\t\t\t\t\t\t\t\t<i aria-hidden=\"true\" class=\"fas fa-plus\"><\/i>\t\t\t\t\t\t\t\t\t<\/span>\n\t\t\t\t\t\t\t\t\t\t\t\t\t\t\t\t\t\t\t\t\t\t\t\t\t<span class='pp-accordion-toggle-icon-open pp-icon'>\n\t\t\t\t\t\t\t\t\t\t<i aria-hidden=\"true\" class=\"fas fa-minus\"><\/i>\t\t\t\t\t\t\t\t\t<\/span>\n\t\t\t\t\t\t\t\t\t\t\t\t\t\t\t<\/div>\n\t\t\t\t\t\t\t\t\t\t\t<\/div>\n\n\t\t\t\t\t<div id=\"pp-accordion-tab-content-1022\" class=\"pp-faq-answer pp-accordion-tab-content\" data-tab=\"2\">\n\t\t\t\t\t\t<p><em>\u201cDesde el lugar donde se habite la ciudad, cuidarla como una &#8216;Tacita de Plata&#8217; para que nunca m\u00e1s deje de brillar\u201d.<\/em><\/p>\n<p>Secretar\u00edas Responsables:<\/p>\n<ul>\n<li>Medio Ambiente<\/li>\n<li>Inclusi\u00f3n Social y Familia<\/li>\n<li>Seguridad y Convivencia<\/li>\n<li>Gesti\u00f3n y Control Territorial<\/li>\n<li>Infraestructura F\u00edsica<\/li>\n<li>Movilidad<\/li>\n<li>Cultura Ciudadana<\/li>\n<li>Participaci\u00f3n Ciudadana<\/li>\n<li>Secretar\u00eda de Turismo y Entretenimiento<\/li>\n<li>Gerencia del Centro y Territorios Estrat\u00e9gicos<\/li>\n<li>EMVARIAS<\/li>\n<li>EPM<\/li>\n<li>Metropl\u00fas<\/li>\n<li>EDU<\/li>\n<li>Fonvalmed<\/li>\n<li>Metroparques<\/li>\n<li>Plaza Mayor<\/li>\n<li>Terminales de Transporte<\/li>\n<li>Alcald\u00eda de Medell\u00edn<\/li>\n<li>Distrito de<\/li>\n<li>Ciencia, Tecnolog\u00eda e Innovaci\u00f3n<\/li>\n<li>Jard\u00edn Bot\u00e1nico<\/li>\n<li>Metro de Medell\u00edn<\/li>\n<\/ul>\n\t\t\t\t\t<\/div>\n\t\t\t\t<\/div>\n\t\t\t<\/div>\n\t\t\t\t\t<\/div>\n\t\t\t\t<\/div>\n\t\t\t\t<\/div>\n\t\t\t\t<div class=\"elementor-element elementor-element-8929dfe elementor-widget elementor-widget-heading\" data-id=\"8929dfe\" data-element_type=\"widget\" data-widget_type=\"heading.default\">\n\t\t\t\t<div class=\"elementor-widget-container\">\n\t\t\t<h2 class=\"elementor-heading-title elementor-size-default\"><b>Ejes estrat\u00e9gicos<\/b><\/h2>\t\t<\/div>\n\t\t\t\t<\/div>\n\t\t\t\t<div class=\"elementor-element elementor-element-61c2b07 elementor-widget elementor-widget-text-editor\" data-id=\"61c2b07\" data-element_type=\"widget\" data-widget_type=\"text-editor.default\">\n\t\t\t\t<div class=\"elementor-widget-container\">\n\t\t\t\t\t\t\t\t<div class=\"elementor-text-editor elementor-clearfix\">\n\t\t\t\t<ul><li>H\u00e1bitat (Ecociudad).<\/li><li>Cultura ciudadana (Transformaci\u00f3n Educativa).<\/li><li>Presencia institucional (Gobierno y Gobernanza).<\/li><li>Innovaci\u00f3n y sostenibilidad (Valle del Software).<\/li><li>Integraci\u00f3n social (Recuperemos lo Social).<\/li><\/ul>\t\t\t\t\t<\/div>\n\t\t\t\t\t\t<\/div>\n\t\t\t\t<\/div>\n\t\t\t\t<div class=\"elementor-element elementor-element-db0ff79 elementor-widget elementor-widget-heading\" data-id=\"db0ff79\" data-element_type=\"widget\" data-widget_type=\"heading.default\">\n\t\t\t\t<div class=\"elementor-widget-container\">\n\t\t\t<h2 class=\"elementor-heading-title elementor-size-default\"><b>Valores y Principios<\/b><\/h2>\t\t<\/div>\n\t\t\t\t<\/div>\n\t\t\t\t<div class=\"elementor-element elementor-element-196d956 elementor-widget elementor-widget-text-editor\" data-id=\"196d956\" data-element_type=\"widget\" data-widget_type=\"text-editor.default\">\n\t\t\t\t<div class=\"elementor-widget-container\">\n\t\t\t\t\t\t\t\t<div class=\"elementor-text-editor elementor-clearfix\">\n\t\t\t\t<p><strong>Empat\u00eda<\/strong>: ponerse en el lugar del otro para comprender sus necesidades y pensamientos, respetando los diferentes puntos de vista.<\/p><p><strong>Compromiso<\/strong>: capacidad de asumir con responsabilidad los retos en bien de la gesti\u00f3n institucional.<\/p><p><strong>Integridad<\/strong>: actuar con honestidad, liderar con el ejemplo.<\/p><p><strong>Liderazgo<\/strong>: capacidad de asumir responsabilidades, motivando a los diferentes actores que intervienen en los procesos, reconociendo sus necesidades, fortalezas y diferentes puntos de vista.<\/p>\t\t\t\t\t<\/div>\n\t\t\t\t\t\t<\/div>\n\t\t\t\t<\/div>\n\t\t\t\t<div class=\"elementor-element elementor-element-879ce9d elementor-widget elementor-widget-heading\" data-id=\"879ce9d\" data-element_type=\"widget\" data-widget_type=\"heading.default\">\n\t\t\t\t<div class=\"elementor-widget-container\">\n\t\t\t<h2 class=\"elementor-heading-title elementor-size-default\"><b>Plan de Desarrollo<\/b> 2020 - 2023<\/h2>\t\t<\/div>\n\t\t\t\t<\/div>\n\t\t\t\t<div class=\"elementor-element elementor-element-d6f1d4e elementor-widget elementor-widget-image\" data-id=\"d6f1d4e\" data-element_type=\"widget\" data-widget_type=\"image.default\">\n\t\t\t\t<div class=\"elementor-widget-container\">\n\t\t\t\t\t\t\t\t<div class=\"elementor-image\">\n\t\t\t\t\t\t\t\t\t\t\t\t<img width=\"1200\" height=\"800\" src=\"https:\/\/www.medellin.gov.co\/es\/wp-content\/uploads\/2021\/09\/monumento-a-la-raza-de-noche.jpg\" class=\"attachment-full size-full\" alt=\"Monumento a la Raza de noche\" loading=\"lazy\" srcset=\"https:\/\/www.medellin.gov.co\/es\/wp-content\/uploads\/2021\/09\/monumento-a-la-raza-de-noche.jpg 1200w, https:\/\/www.medellin.gov.co\/es\/wp-content\/uploads\/2021\/09\/monumento-a-la-raza-de-noche-300x200.jpg 300w, https:\/\/www.medellin.gov.co\/es\/wp-content\/uploads\/2021\/09\/monumento-a-la-raza-de-noche-1024x683.jpg 1024w, https:\/\/www.medellin.gov.co\/es\/wp-content\/uploads\/2021\/09\/monumento-a-la-raza-de-noche-150x100.jpg 150w, https:\/\/www.medellin.gov.co\/es\/wp-content\/uploads\/2021\/09\/monumento-a-la-raza-de-noche-768x512.jpg 768w\" sizes=\"(max-width: 1200px) 100vw, 1200px\" \/>\t\t\t\t\t\t\t\t\t\t\t\t\t\t<\/div>\n\t\t\t\t\t\t<\/div>\n\t\t\t\t<\/div>\n\t\t\t\t<div class=\"elementor-element elementor-element-cead07d elementor-widget elementor-widget-text-editor\" data-id=\"cead07d\" data-element_type=\"widget\" data-widget_type=\"text-editor.default\">\n\t\t\t\t<div class=\"elementor-widget-container\">\n\t\t\t\t\t\t\t\t<div class=\"elementor-text-editor elementor-clearfix\">\n\t\t\t\t<p>En la Gerencia del Centro tenemos adscritos nueve proyectos de inversi\u00f3n en el Plan de Desarrollo Medell\u00edn Futuro 2020 &#8211; 2023, los cuales se encuentran ubicados en cuatro L\u00edneas Estrat\u00e9gicas del Plan: Transformaci\u00f3n Educativa y Cultural; Medell\u00edn Me Cuida; Ecociudad y Gobernanza y Gobernabilidad.<\/p>\t\t\t\t\t<\/div>\n\t\t\t\t\t\t<\/div>\n\t\t\t\t<\/div>\n\t\t\t\t<div class=\"elementor-element elementor-element-1126dc7 elementor-widget elementor-widget-text-editor\" data-id=\"1126dc7\" data-element_type=\"widget\" data-widget_type=\"text-editor.default\">\n\t\t\t\t<div class=\"elementor-widget-container\">\n\t\t\t\t\t\t\t\t<div class=\"elementor-text-editor elementor-clearfix\">\n\t\t\t\t<ul><li>El proyecto m\u00e1s importante o que concentra, en mayor medida, el prop\u00f3sito de la Gerencia es el denominado Implementaci\u00f3n de Estrategia Cultura Centro \u00abConSentido\u00bb que se encuentra asociado a la L\u00ednea Transformaci\u00f3n Educativa y Cultural en el componente de Cultura Ciudadana en el Programa Cultura Centro.<\/li><li>El proyecto desarrollo de Brigadas Sanitarias y Limpieza en el Centro se encuentra en la L\u00ednea Medell\u00edn Me Cuida, en el componente Recuperemos lo Social dentro del programa Medell\u00edn Me Cuida. Este reconoce a sus grupos poblacionales.<\/li><li>En la l\u00ednea Ecociudad, en el componente Urbanismo Ecol\u00f3gico dentro del programa Espacio p\u00fablico para el disfrute colectivo y la sostenibilidad territorial, se encuentran cuatro proyectos: Generaci\u00f3n de alianzas socioculturales para la apropiaci\u00f3n del espacio p\u00fablico del Centro; Construcci\u00f3n de conexi\u00f3n peatonal Prado con villa Nueva; Habilitaci\u00f3n de parques de bolsillo y espacios p\u00fablicos peque\u00f1os del Centro y Desarrollo de estrategias para activar el Centro las 24 horas. En la misma l\u00ednea y componente se encuentra el proyecto Construcci\u00f3n de edificios de uso mixto en el Centro, ubicado en el programa Vivienda, h\u00e1bitat sostenible y mejoramiento integral de barrio.<\/li><li>Finalmente, en la l\u00ednea de Gobernanza y Gobernabilidad, en el componente de Planeaci\u00f3n, articulaci\u00f3n y fortalecimiento territorial se encuentran los proyectos de Conformaci\u00f3n del \u00abTerritorio San Ignacio\u00bb en el Centro y Caracterizaci\u00f3n Socioecon\u00f3mica de la Comuna &#8211; 10, ubicados en los Programas sinergias territoriales para el futuro de Medell\u00edn e Informaci\u00f3n para la planeaci\u00f3n respectivamente.<\/li><\/ul>\t\t\t\t\t<\/div>\n\t\t\t\t\t\t<\/div>\n\t\t\t\t<\/div>\n\t\t\t\t<div class=\"elementor-element elementor-element-4912859c elementor-widget elementor-widget-pp-faq\" data-id=\"4912859c\" data-element_type=\"widget\" data-settings=\"{&quot;faq_layout&quot;:&quot;accordion&quot;,&quot;accordion_type&quot;:&quot;accordion&quot;,&quot;toggle_speed&quot;:300}\" data-widget_type=\"pp-faq.default\">\n\t\t\t\t<div class=\"elementor-widget-container\">\n\t\t\t\t\t<div class=\"pp-faqs pp-advanced-accordion pp-toggle-icon-align-left\" id=\"pp-advanced-accordion-4912859c\" data-accordion-id=\"4912859c\">\n\t\t\t\t\t\t<div class=\"pp-faq-item-wrap elementor-grid-item\">\n\t\t\t\t<div class=\"pp-faq-item pp-accordion-item\">\n\t\t\t\t\t<div id=\"pp-accordion-tab-title-1221\" class=\"pp-faq-question pp-accordion-tab-title\" tabindex=\"1221\" data-tab=\"1\">\n\t\t\t\t\t\t<div class=\"pp-accordion-title-icon\">\n\t\t\t\t\t\t\t\t\t\t\t\t\t\t\t\t\t\t\t\t\t<h3 class=\"pp-accordion-title-text\">\n\t\t\t\t\t\t\t\tPrograma Centro ConSentido\t\t\t\t\t\t\t<\/h3>\n\t\t\t\t\t\t<\/div>\n\t\t\t\t\t\t\t\t\t\t\t\t\t<div class=\"pp-accordion-toggle-icon\">\n\t\t\t\t\t\t\t\t\t\t\t\t\t\t\t\t\t<span class='pp-accordion-toggle-icon-close pp-icon'>\n\t\t\t\t\t\t\t\t\t\t<i aria-hidden=\"true\" class=\"fas fa-plus\"><\/i>\t\t\t\t\t\t\t\t\t<\/span>\n\t\t\t\t\t\t\t\t\t\t\t\t\t\t\t\t\t\t\t\t\t\t\t\t\t<span class='pp-accordion-toggle-icon-open pp-icon'>\n\t\t\t\t\t\t\t\t\t\t<i aria-hidden=\"true\" class=\"fas fa-minus\"><\/i>\t\t\t\t\t\t\t\t\t<\/span>\n\t\t\t\t\t\t\t\t\t\t\t\t\t\t\t<\/div>\n\t\t\t\t\t\t\t\t\t\t\t<\/div>\n\n\t\t\t\t\t<div id=\"pp-accordion-tab-content-1221\" class=\"pp-faq-answer pp-accordion-tab-content\" data-tab=\"1\">\n\t\t\t\t\t\t<p>El mejorar la experiencia que se viva en el espacio p\u00fablico del Centro, por parte de residentes, habitantes y transe\u00fantes. Podr\u00e1 evaluarse a partir de las relaciones que este facilite, la capacidad de convocar, acoger y mezclar distintos grupos y comportamientos, y as\u00ed estimular la identificaci\u00f3n simb\u00f3lica, la expresi\u00f3n y la integraci\u00f3n cultural. <a href=\"\/es\/gerencia-del-centro\/cultura-centro-con-sentido\/programa-centro-consentido\/\">Conoce m\u00e1s<\/a><\/p>\n\t\t\t\t\t<\/div>\n\t\t\t\t<\/div>\n\t\t\t<\/div>\n\t\t\t\t\t\t<div class=\"pp-faq-item-wrap elementor-grid-item\">\n\t\t\t\t<div class=\"pp-faq-item pp-accordion-item\">\n\t\t\t\t\t<div id=\"pp-accordion-tab-title-1222\" class=\"pp-faq-question pp-accordion-tab-title\" tabindex=\"1222\" data-tab=\"2\">\n\t\t\t\t\t\t<div class=\"pp-accordion-title-icon\">\n\t\t\t\t\t\t\t\t\t\t\t\t\t\t\t\t\t\t\t\t\t<h3 class=\"pp-accordion-title-text\">\n\t\t\t\t\t\t\t\tProyecto Edificios de Uso Mixto\t\t\t\t\t\t\t<\/h3>\n\t\t\t\t\t\t<\/div>\n\t\t\t\t\t\t\t\t\t\t\t\t\t<div class=\"pp-accordion-toggle-icon\">\n\t\t\t\t\t\t\t\t\t\t\t\t\t\t\t\t\t<span class='pp-accordion-toggle-icon-close pp-icon'>\n\t\t\t\t\t\t\t\t\t\t<i aria-hidden=\"true\" class=\"fas fa-plus\"><\/i>\t\t\t\t\t\t\t\t\t<\/span>\n\t\t\t\t\t\t\t\t\t\t\t\t\t\t\t\t\t\t\t\t\t\t\t\t\t<span class='pp-accordion-toggle-icon-open pp-icon'>\n\t\t\t\t\t\t\t\t\t\t<i aria-hidden=\"true\" class=\"fas fa-minus\"><\/i>\t\t\t\t\t\t\t\t\t<\/span>\n\t\t\t\t\t\t\t\t\t\t\t\t\t\t\t<\/div>\n\t\t\t\t\t\t\t\t\t\t\t<\/div>\n\n\t\t\t\t\t<div id=\"pp-accordion-tab-content-1222\" class=\"pp-faq-answer pp-accordion-tab-content\" data-tab=\"2\">\n\t\t\t\t\t\t<p>Desde la perspectiva y las iniciativas de Centro ConSentido, los equipamientos de uso mixto son entendidos como intervenciones f\u00edsicas sociales, \u00fatiles para la estructuraci\u00f3n y organizaci\u00f3n del espacio urbano, que prestan servicios a diferentes grupos sociales seg\u00fan sus necesidades, actividades y usos, y les sirven como referencia en la medida en que all\u00ed realizan su vida cotidiana. Hoy comprendemos que el Centro de Medell\u00edn requiere con urgencia intervenciones que lo apoyen para ser \u201cRe-habitado\u201d, as\u00ed como necesita la recuperaci\u00f3n de un espacio p\u00fablico vivible, apropiado y seguro, dotado de actividades organizadas que favorezcan las relaciones sociales y la econom\u00eda. Requiere, adem\u00e1s de intervenciones (como estos equipamientos) con condiciones ambientales y de movilidad, devolverle un significado y un valor habitable.<\/p>\n\t\t\t\t\t<\/div>\n\t\t\t\t<\/div>\n\t\t\t<\/div>\n\t\t\t\t\t\t<div class=\"pp-faq-item-wrap elementor-grid-item\">\n\t\t\t\t<div class=\"pp-faq-item pp-accordion-item\">\n\t\t\t\t\t<div id=\"pp-accordion-tab-title-1223\" class=\"pp-faq-question pp-accordion-tab-title\" tabindex=\"1223\" data-tab=\"3\">\n\t\t\t\t\t\t<div class=\"pp-accordion-title-icon\">\n\t\t\t\t\t\t\t\t\t\t\t\t\t\t\t\t\t\t\t\t\t<h3 class=\"pp-accordion-title-text\">\n\t\t\t\t\t\t\t\tProyecto Conexi\u00f3n Prado - Villanueva\t\t\t\t\t\t\t<\/h3>\n\t\t\t\t\t\t<\/div>\n\t\t\t\t\t\t\t\t\t\t\t\t\t<div class=\"pp-accordion-toggle-icon\">\n\t\t\t\t\t\t\t\t\t\t\t\t\t\t\t\t\t<span class='pp-accordion-toggle-icon-close pp-icon'>\n\t\t\t\t\t\t\t\t\t\t<i aria-hidden=\"true\" class=\"fas fa-plus\"><\/i>\t\t\t\t\t\t\t\t\t<\/span>\n\t\t\t\t\t\t\t\t\t\t\t\t\t\t\t\t\t\t\t\t\t\t\t\t\t<span class='pp-accordion-toggle-icon-open pp-icon'>\n\t\t\t\t\t\t\t\t\t\t<i aria-hidden=\"true\" class=\"fas fa-minus\"><\/i>\t\t\t\t\t\t\t\t\t<\/span>\n\t\t\t\t\t\t\t\t\t\t\t\t\t\t\t<\/div>\n\t\t\t\t\t\t\t\t\t\t\t<\/div>\n\n\t\t\t\t\t<div id=\"pp-accordion-tab-content-1223\" class=\"pp-faq-answer pp-accordion-tab-content\" data-tab=\"3\">\n\t\t\t\t\t\t<p>La Conexi\u00f3n Prado &#8211; Villa Nueva es un proyecto que nace como respuesta a la necesidad de reconectar estos territorios, buscando minimizar la brecha existente entre ellos, por medio de la estrategia de incremento de metros cuadrados de espacio p\u00fablico efectivo, generando as\u00ed conexiones peatonales m\u00e1s directas entre el Centro Tradicional y Prado Centro. Al mismo tiempo que se promueve una nueva din\u00e1mica social que viene siendo afectada por la inseguridad en lo que hoy conocemos como el Bazar de los Puentes.<\/p>\n\t\t\t\t\t<\/div>\n\t\t\t\t<\/div>\n\t\t\t<\/div>\n\t\t\t\t\t\t<div class=\"pp-faq-item-wrap elementor-grid-item\">\n\t\t\t\t<div class=\"pp-faq-item pp-accordion-item\">\n\t\t\t\t\t<div id=\"pp-accordion-tab-title-1224\" class=\"pp-faq-question pp-accordion-tab-title\" tabindex=\"1224\" data-tab=\"4\">\n\t\t\t\t\t\t<div class=\"pp-accordion-title-icon\">\n\t\t\t\t\t\t\t\t\t\t\t\t\t\t\t\t\t\t\t\t\t<h3 class=\"pp-accordion-title-text\">\n\t\t\t\t\t\t\t\tProyecto Brigadas sanitarias y de limpieza desarrolladas en el Centro\t\t\t\t\t\t\t<\/h3>\n\t\t\t\t\t\t<\/div>\n\t\t\t\t\t\t\t\t\t\t\t\t\t<div class=\"pp-accordion-toggle-icon\">\n\t\t\t\t\t\t\t\t\t\t\t\t\t\t\t\t\t<span class='pp-accordion-toggle-icon-close pp-icon'>\n\t\t\t\t\t\t\t\t\t\t<i aria-hidden=\"true\" class=\"fas fa-plus\"><\/i>\t\t\t\t\t\t\t\t\t<\/span>\n\t\t\t\t\t\t\t\t\t\t\t\t\t\t\t\t\t\t\t\t\t\t\t\t\t<span class='pp-accordion-toggle-icon-open pp-icon'>\n\t\t\t\t\t\t\t\t\t\t<i aria-hidden=\"true\" class=\"fas fa-minus\"><\/i>\t\t\t\t\t\t\t\t\t<\/span>\n\t\t\t\t\t\t\t\t\t\t\t\t\t\t\t<\/div>\n\t\t\t\t\t\t\t\t\t\t\t<\/div>\n\n\t\t\t\t\t<div id=\"pp-accordion-tab-content-1224\" class=\"pp-faq-answer pp-accordion-tab-content\" data-tab=\"4\">\n\t\t\t\t\t\t<p>En la Gerencia del Centro creamos las brigadas de Presencia Institucional Integral o Brigadas Sanitarias y Limpieza en el Centro, con el fin de garantizar la sostenibilidad y la apropiaci\u00f3n en los 17 barrios de la Comuna &#8211; 10. La gobernabilidad en el territorio y el seguir generando confianza en la institucionalidad es el gran objetivo, todo esto con un trabajo mancomunado con la comunidad.<\/p>\n<p>Con el fin de escuchar y acompa\u00f1ar las necesidades de los l\u00edderes y residentes, la Gerencia del Centro apoya la consolidaci\u00f3n de un proceso de articulaci\u00f3n e intervenci\u00f3n con las diferentes dependencias de la Administraci\u00f3n Municipal. De esta forma busca impactar positivamente en las problem\u00e1ticas identificadas.<\/p>\n\t\t\t\t\t<\/div>\n\t\t\t\t<\/div>\n\t\t\t<\/div>\n\t\t\t\t\t\t<div class=\"pp-faq-item-wrap elementor-grid-item\">\n\t\t\t\t<div class=\"pp-faq-item pp-accordion-item\">\n\t\t\t\t\t<div id=\"pp-accordion-tab-title-1225\" class=\"pp-faq-question pp-accordion-tab-title\" tabindex=\"1225\" data-tab=\"5\">\n\t\t\t\t\t\t<div class=\"pp-accordion-title-icon\">\n\t\t\t\t\t\t\t\t\t\t\t\t\t\t\t\t\t\t\t\t\t<h3 class=\"pp-accordion-title-text\">\n\t\t\t\t\t\t\t\tProyecto Generaci\u00f3n de Alianzas Socioculturales\t\t\t\t\t\t\t<\/h3>\n\t\t\t\t\t\t<\/div>\n\t\t\t\t\t\t\t\t\t\t\t\t\t<div class=\"pp-accordion-toggle-icon\">\n\t\t\t\t\t\t\t\t\t\t\t\t\t\t\t\t\t<span class='pp-accordion-toggle-icon-close pp-icon'>\n\t\t\t\t\t\t\t\t\t\t<i aria-hidden=\"true\" class=\"fas fa-plus\"><\/i>\t\t\t\t\t\t\t\t\t<\/span>\n\t\t\t\t\t\t\t\t\t\t\t\t\t\t\t\t\t\t\t\t\t\t\t\t\t<span class='pp-accordion-toggle-icon-open pp-icon'>\n\t\t\t\t\t\t\t\t\t\t<i aria-hidden=\"true\" class=\"fas fa-minus\"><\/i>\t\t\t\t\t\t\t\t\t<\/span>\n\t\t\t\t\t\t\t\t\t\t\t\t\t\t\t<\/div>\n\t\t\t\t\t\t\t\t\t\t\t<\/div>\n\n\t\t\t\t\t<div id=\"pp-accordion-tab-content-1225\" class=\"pp-faq-answer pp-accordion-tab-content\" data-tab=\"5\">\n\t\t\t\t\t\t<p>Mediante este proyecto consolidamos asociaciones p\u00fablico-privadas, para la previsi\u00f3n de bienes y servicios, que permitir\u00e1n realizar actividades de operaci\u00f3n y mantenimiento del espacio p\u00fablico y sus elementos constitutivos en el Centro, para darle sostenibilidad a lugares de encuentro y disfrute de residentes, habitantes y transe\u00fantes del Centro, permanentemente con acciones culturales, art\u00edsticas, de protecci\u00f3n y conservaci\u00f3n del patrimonio, mejoramiento, ampliaci\u00f3n y\/o mantenimiento del espacio p\u00fablico, apoyo de iniciativas de padrinazgos, entre otras, en el marco de acciones como ciclo paseos, extensi\u00f3n de la operaci\u00f3n comercial del Metro y Tranv\u00eda, centros comerciales y mayor presencia policial e institucional.<br \/>Adem\u00e1s, se incentiva la participaci\u00f3n ciudadana y de organizaciones sociales en las estrategias comunicacionales y pedag\u00f3gicas que la operaci\u00f3n y mantenimiento de los espacios p\u00fablicos requiere.<\/p>\n\t\t\t\t\t<\/div>\n\t\t\t\t<\/div>\n\t\t\t<\/div>\n\t\t\t\t\t\t<div class=\"pp-faq-item-wrap elementor-grid-item\">\n\t\t\t\t<div class=\"pp-faq-item pp-accordion-item\">\n\t\t\t\t\t<div id=\"pp-accordion-tab-title-1226\" class=\"pp-faq-question pp-accordion-tab-title\" tabindex=\"1226\" data-tab=\"6\">\n\t\t\t\t\t\t<div class=\"pp-accordion-title-icon\">\n\t\t\t\t\t\t\t\t\t\t\t\t\t\t\t\t\t\t\t\t\t<h3 class=\"pp-accordion-title-text\">\n\t\t\t\t\t\t\t\tProyecto Parques de Bolsillo\t\t\t\t\t\t\t<\/h3>\n\t\t\t\t\t\t<\/div>\n\t\t\t\t\t\t\t\t\t\t\t\t\t<div class=\"pp-accordion-toggle-icon\">\n\t\t\t\t\t\t\t\t\t\t\t\t\t\t\t\t\t<span class='pp-accordion-toggle-icon-close pp-icon'>\n\t\t\t\t\t\t\t\t\t\t<i aria-hidden=\"true\" class=\"fas fa-plus\"><\/i>\t\t\t\t\t\t\t\t\t<\/span>\n\t\t\t\t\t\t\t\t\t\t\t\t\t\t\t\t\t\t\t\t\t\t\t\t\t<span class='pp-accordion-toggle-icon-open pp-icon'>\n\t\t\t\t\t\t\t\t\t\t<i aria-hidden=\"true\" class=\"fas fa-minus\"><\/i>\t\t\t\t\t\t\t\t\t<\/span>\n\t\t\t\t\t\t\t\t\t\t\t\t\t\t\t<\/div>\n\t\t\t\t\t\t\t\t\t\t\t<\/div>\n\n\t\t\t\t\t<div id=\"pp-accordion-tab-content-1226\" class=\"pp-faq-answer pp-accordion-tab-content\" data-tab=\"6\">\n\t\t\t\t\t\t<p>Parques de Bolsillo es un proyecto de recuperaci\u00f3n de espacios urbanos residuales en el Centro de la ciudad, con esta acci\u00f3n adem\u00e1s de incrementar el espacio p\u00fablico de la Comuna &#8211; 10, se pretende generar espacios de bienestar universitario para las m\u00e1s de 60 instituciones educativas que hay en el Centro de la ciudad.<\/p>\n\t\t\t\t\t<\/div>\n\t\t\t\t<\/div>\n\t\t\t<\/div>\n\t\t\t\t\t\t<div class=\"pp-faq-item-wrap elementor-grid-item\">\n\t\t\t\t<div class=\"pp-faq-item pp-accordion-item\">\n\t\t\t\t\t<div id=\"pp-accordion-tab-title-1227\" class=\"pp-faq-question pp-accordion-tab-title\" tabindex=\"1227\" data-tab=\"7\">\n\t\t\t\t\t\t<div class=\"pp-accordion-title-icon\">\n\t\t\t\t\t\t\t\t\t\t\t\t\t\t\t\t\t\t\t\t\t<h3 class=\"pp-accordion-title-text\">\n\t\t\t\t\t\t\t\tDesarrollo de estrategias para activar el Centro las 24 horas\t\t\t\t\t\t\t<\/h3>\n\t\t\t\t\t\t<\/div>\n\t\t\t\t\t\t\t\t\t\t\t\t\t<div class=\"pp-accordion-toggle-icon\">\n\t\t\t\t\t\t\t\t\t\t\t\t\t\t\t\t\t<span class='pp-accordion-toggle-icon-close pp-icon'>\n\t\t\t\t\t\t\t\t\t\t<i aria-hidden=\"true\" class=\"fas fa-plus\"><\/i>\t\t\t\t\t\t\t\t\t<\/span>\n\t\t\t\t\t\t\t\t\t\t\t\t\t\t\t\t\t\t\t\t\t\t\t\t\t<span class='pp-accordion-toggle-icon-open pp-icon'>\n\t\t\t\t\t\t\t\t\t\t<i aria-hidden=\"true\" class=\"fas fa-minus\"><\/i>\t\t\t\t\t\t\t\t\t<\/span>\n\t\t\t\t\t\t\t\t\t\t\t\t\t\t\t<\/div>\n\t\t\t\t\t\t\t\t\t\t\t<\/div>\n\n\t\t\t\t\t<div id=\"pp-accordion-tab-content-1227\" class=\"pp-faq-answer pp-accordion-tab-content\" data-tab=\"7\">\n\t\t\t\t\t\t<p>La alternativa seleccionada \u201carticulaci\u00f3n interinstitucional para activar el Centro las 24 horas\u201d est\u00e1 por encima de otras opciones de soluci\u00f3n, ya que aporta en el fortalecimiento del gobierno local, no solo desde la seguridad y la convivencia, sino tambi\u00e9n desde la garant\u00eda de derechos como: la vida, la libertad y la seguridad personal. <a href=\"\/es\/gerencia-del-centro\/cultura-centro-con-sentido\/desarrollo-de-estrategias-para-activar-el-centro-las-24-horas\/\">Conoce m\u00e1s<\/a><\/p>\n\t\t\t\t\t<\/div>\n\t\t\t\t<\/div>\n\t\t\t<\/div>\n\t\t\t\t\t\t<div class=\"pp-faq-item-wrap elementor-grid-item\">\n\t\t\t\t<div class=\"pp-faq-item pp-accordion-item\">\n\t\t\t\t\t<div id=\"pp-accordion-tab-title-1228\" class=\"pp-faq-question pp-accordion-tab-title\" tabindex=\"1228\" data-tab=\"8\">\n\t\t\t\t\t\t<div class=\"pp-accordion-title-icon\">\n\t\t\t\t\t\t\t\t\t\t\t\t\t\t\t\t\t\t\t\t\t<h3 class=\"pp-accordion-title-text\">\n\t\t\t\t\t\t\t\tCaracterizaci\u00f3n Socioecon\u00f3mica de la Comuna - 10\t\t\t\t\t\t\t<\/h3>\n\t\t\t\t\t\t<\/div>\n\t\t\t\t\t\t\t\t\t\t\t\t\t<div class=\"pp-accordion-toggle-icon\">\n\t\t\t\t\t\t\t\t\t\t\t\t\t\t\t\t\t<span class='pp-accordion-toggle-icon-close pp-icon'>\n\t\t\t\t\t\t\t\t\t\t<i aria-hidden=\"true\" class=\"fas fa-plus\"><\/i>\t\t\t\t\t\t\t\t\t<\/span>\n\t\t\t\t\t\t\t\t\t\t\t\t\t\t\t\t\t\t\t\t\t\t\t\t\t<span class='pp-accordion-toggle-icon-open pp-icon'>\n\t\t\t\t\t\t\t\t\t\t<i aria-hidden=\"true\" class=\"fas fa-minus\"><\/i>\t\t\t\t\t\t\t\t\t<\/span>\n\t\t\t\t\t\t\t\t\t\t\t\t\t\t\t<\/div>\n\t\t\t\t\t\t\t\t\t\t\t<\/div>\n\n\t\t\t\t\t<div id=\"pp-accordion-tab-content-1228\" class=\"pp-faq-answer pp-accordion-tab-content\" data-tab=\"8\">\n\t\t\t\t\t\t<p>Identificar las caracter\u00edsticas socioecon\u00f3micas de la poblaci\u00f3n de la Comuna 10 &#8211; La Candelaria, barrio por barrio, puede generar alternativas y crear soluciones que aporten a la infraestructura estad\u00edstica de la Alcald\u00eda de Medell\u00edn, que a su vez sirve como herramienta de informaci\u00f3n, realista, posible, eficaz y eficiente para la toma de decisiones de gobierno que satisfagan las necesidades sentidas de la poblaci\u00f3n.<br \/>A trav\u00e9s de la caracterizaci\u00f3n la administraci\u00f3n municipal contar\u00e1 con informaci\u00f3n que le permitir\u00e1 conocer cu\u00e1les son los problemas de la poblaci\u00f3n, su orden de prioridad y los criterios necesarios para resolverlos. Bajo este contexto, la estad\u00edstica obtenida como resultado de la caracterizaci\u00f3n socioecon\u00f3mica, constituir\u00e1 un elemento indispensable para la planeaci\u00f3n, pues permitir\u00e1 trazar tendencias y entender fen\u00f3menos sociales, lo que coadyuva en la toma de decisiones.<\/p>\n\t\t\t\t\t<\/div>\n\t\t\t\t<\/div>\n\t\t\t<\/div>\n\t\t\t\t\t\t<div class=\"pp-faq-item-wrap elementor-grid-item\">\n\t\t\t\t<div class=\"pp-faq-item pp-accordion-item\">\n\t\t\t\t\t<div id=\"pp-accordion-tab-title-1229\" class=\"pp-faq-question pp-accordion-tab-title\" tabindex=\"1229\" data-tab=\"9\">\n\t\t\t\t\t\t<div class=\"pp-accordion-title-icon\">\n\t\t\t\t\t\t\t\t\t\t\t\t\t\t\t\t\t\t\t\t\t<h3 class=\"pp-accordion-title-text\">\n\t\t\t\t\t\t\t\tConformaci\u00f3n del \"Territorio San Ignacio\" en el Centro\t\t\t\t\t\t\t<\/h3>\n\t\t\t\t\t\t<\/div>\n\t\t\t\t\t\t\t\t\t\t\t\t\t<div class=\"pp-accordion-toggle-icon\">\n\t\t\t\t\t\t\t\t\t\t\t\t\t\t\t\t\t<span class='pp-accordion-toggle-icon-close pp-icon'>\n\t\t\t\t\t\t\t\t\t\t<i aria-hidden=\"true\" class=\"fas fa-plus\"><\/i>\t\t\t\t\t\t\t\t\t<\/span>\n\t\t\t\t\t\t\t\t\t\t\t\t\t\t\t\t\t\t\t\t\t\t\t\t\t<span class='pp-accordion-toggle-icon-open pp-icon'>\n\t\t\t\t\t\t\t\t\t\t<i aria-hidden=\"true\" class=\"fas fa-minus\"><\/i>\t\t\t\t\t\t\t\t\t<\/span>\n\t\t\t\t\t\t\t\t\t\t\t\t\t\t\t<\/div>\n\t\t\t\t\t\t\t\t\t\t\t<\/div>\n\n\t\t\t\t\t<div id=\"pp-accordion-tab-content-1229\" class=\"pp-faq-answer pp-accordion-tab-content\" data-tab=\"9\">\n\t\t\t\t\t\t<p>Mediante el proyecto articulamos acciones necesarias en la gesti\u00f3n del Centro, que buscan la debida apropiaci\u00f3n del espacio p\u00fablico y la resignificaci\u00f3n de los lugares representativos y patrimoniales, generando condiciones que faciliten dicha apropiaci\u00f3n y que atraigan inversionistas y nuevos habitantes a la Comuna 10 &#8211; La Candelaria.<\/p>\n\t\t\t\t\t<\/div>\n\t\t\t\t<\/div>\n\t\t\t<\/div>\n\t\t\t\t\t<\/div>\n\t\t\t\t<\/div>\n\t\t\t\t<\/div>\n\t\t\t\t\t\t<\/div>\n\t\t\t\t\t<\/div>\n\t\t<\/div>\n\t\t\t\t\t\t\t\t<\/div>\n\t\t\t\t\t<\/div>\n\t\t<\/section>\n\t\t\t\t\t\t\t\t\t<\/div>\n\t\t\t<\/div>\n\t\t\t\t\t<\/div>\n\t\t","protected":false},"excerpt":{"rendered":"<p>Cultura Centro ConSentido Mediante este proyecto pretendemos mejorar la experiencia que se vive en el espacio p\u00fablico del Centro, por parte de residentes, habitantes y transe\u00fantes, que podr\u00e1 evaluarse a partir de las relaciones que &#8230;<\/p>\n","protected":false},"author":1,"featured_media":14421,"parent":13673,"menu_order":10,"comment_status":"closed","ping_status":"closed","template":"sec-gerencia-centro\/elementor.php","meta":[],"acf":[],"_links":{"self":[{"href":"https:\/\/www.medellin.gov.co\/es\/wp-json\/wp\/v2\/pages\/13683"}],"collection":[{"href":"https:\/\/www.medellin.gov.co\/es\/wp-json\/wp\/v2\/pages"}],"about":[{"href":"https:\/\/www.medellin.gov.co\/es\/wp-json\/wp\/v2\/types\/page"}],"author":[{"embeddable":true,"href":"https:\/\/www.medellin.gov.co\/es\/wp-json\/wp\/v2\/users\/1"}],"replies":[{"embeddable":true,"href":"https:\/\/www.medellin.gov.co\/es\/wp-json\/wp\/v2\/comments?post=13683"}],"version-history":[{"count":10,"href":"https:\/\/www.medellin.gov.co\/es\/wp-json\/wp\/v2\/pages\/13683\/revisions"}],"predecessor-version":[{"id":365947,"href":"https:\/\/www.medellin.gov.co\/es\/wp-json\/wp\/v2\/pages\/13683\/revisions\/365947"}],"up":[{"embeddable":true,"href":"https:\/\/www.medellin.gov.co\/es\/wp-json\/wp\/v2\/pages\/13673"}],"wp:featuredmedia":[{"embeddable":true,"href":"https:\/\/www.medellin.gov.co\/es\/wp-json\/wp\/v2\/media\/14421"}],"wp:attachment":[{"href":"https:\/\/www.medellin.gov.co\/es\/wp-json\/wp\/v2\/media?parent=13683"}],"curies":[{"name":"wp","href":"https:\/\/api.w.org\/{rel}","templated":true}]}}