{"id":14147,"date":"2021-09-14T18:48:28","date_gmt":"2021-09-14T23:48:28","guid":{"rendered":"https:\/\/www.medellin.gov.co\/es\/?page_id=14147"},"modified":"2026-04-23T11:45:11","modified_gmt":"2026-04-23T16:45:11","slug":"secretaria-de-gestion-humana","status":"publish","type":"page","link":"https:\/\/www.medellin.gov.co\/es\/secretaria-de-gestion-humana\/","title":{"rendered":"Secretar\u00eda de Gesti\u00f3n Humana y Servicio a la Ciudadan\u00eda"},"content":{"rendered":"\t\t<div data-elementor-type=\"wp-page\" data-elementor-id=\"14147\" class=\"elementor elementor-14147\">\n\t\t\t\t\t\t<div class=\"elementor-inner\">\n\t\t\t\t<div class=\"elementor-section-wrap\">\n\t\t\t\t\t\t\t\t\t<section class=\"elementor-section elementor-top-section elementor-element elementor-element-3ccd1fc0 elementor-section-boxed elementor-section-height-default elementor-section-height-default\" data-id=\"3ccd1fc0\" data-element_type=\"section\">\n\t\t\t\t\t\t<div class=\"elementor-container elementor-column-gap-default\">\n\t\t\t\t\t\t\t<div class=\"elementor-row\">\n\t\t\t\t\t<div class=\"elementor-column elementor-col-100 elementor-top-column elementor-element elementor-element-6c6e4492\" data-id=\"6c6e4492\" data-element_type=\"column\">\n\t\t\t<div class=\"elementor-column-wrap elementor-element-populated\">\n\t\t\t\t\t\t\t<div class=\"elementor-widget-wrap\">\n\t\t\t\t\t\t<div class=\"elementor-element elementor-element-70d094ae elementor-grid-1 elementor-grid-tablet-2 elementor-grid-mobile-1 elementor-widget elementor-widget-pp-posts\" data-id=\"70d094ae\" data-element_type=\"widget\" data-widget_type=\"pp-posts.template\">\n\t\t\t\t<div class=\"elementor-widget-container\">\n\t\t\t\t\t<div class=\"pp-posts-container\">\n\t\t\t\n\t\t\t\t\t\t\t\t\t\t\n\t\t\t<div class=\"pp-posts pp-posts-skin-template pp-elementor-grid pp-posts-grid\" data-query-type=\"custom\" data-layout=\"grid\" data-page=\"14147\" data-skin=\"template\">\n\t\t\t\t\t\t\t\t\t\t\t<div class=\"pp-post-wrap pp-grid-item-wrap\">\n\t\t\t\t\t\t<div class=\"pp-post pp-grid-item\">\n\t\t\t\t<div class=\"elementor-template\"><style>.elementor-290134 .elementor-element.elementor-element-7395188f{--display:flex;--width:100%;--overlay-transition:0.3s;}.elementor-290134 .elementor-element.elementor-element-d600463{--display:flex;--width:100%;--overlay-transition:0.3s;}.elementor-290134 .elementor-element.elementor-element-7f7ccbd7{--display:flex;--width:100%;--flex-direction:row;--overlay-transition:0.3s;}.elementor-290134 .elementor-element.elementor-element-1a5fed08{--display:flex;--width:100%;--flex-direction:column;--gap:20px;--overlay-transition:0.3s;}.elementor-290134 .elementor-element.elementor-element-4b9dd72e .elementor-heading-title{color:var( --e-global-color-accent );font-family:\"Montserrat\", Sans-serif;font-weight:600;line-height:1.25em;}.elementor-290134 .elementor-element.elementor-element-37a90fbd .elementor-button{background-color:var( --e-global-color-7510ce7 );}.elementor-290134 .elementor-element.elementor-element-2444fc48{--display:flex;--width:100%;--overlay-transition:0.3s;}.elementor-290134 .elementor-element.elementor-element-424d28db img{width:100%;}.elementor-290134 .elementor-element.elementor-element-729dd7d8{--display:flex;--width:100%;--flex-direction:row;--overlay-transition:0.3s;}.elementor-290134 .elementor-element.elementor-element-37455d41{--display:flex;--width:100%;--overlay-transition:0.3s;}.elementor-290134 .elementor-element.elementor-element-3e4b53b4{text-align:center;}.elementor-290134 .elementor-element.elementor-element-3e4b53b4 img{height:350px;object-fit:contain;}.elementor-290134 .elementor-element.elementor-element-3e0353cc{--display:flex;--width:100%;--flex-direction:column;--overlay-transition:0.3s;}.elementor-290134 .elementor-element.elementor-element-5f18d613{--display:flex;--width:100%;--gap:20px;--overlay-transition:0.3s;}.elementor-290134 .elementor-element.elementor-element-1a635940 .elementor-heading-title{color:var( --e-global-color-6f123f6 );font-family:\"Montserrat\", Sans-serif;font-weight:600;line-height:1.25em;}.elementor-290134 .elementor-element.elementor-element-5aa78cad{color:#707070;font-family:\"Work Sans\", Sans-serif;font-size:16px;font-weight:300;line-height:22px;}.elementor-290134 .elementor-element.elementor-element-5aa78cad > .elementor-widget-container{margin:-20px 0px 0px 0px;}.elementor-290134 .elementor-element.elementor-element-491a5b26{color:var( --e-global-color-text );}.elementor-290134 .elementor-element.elementor-element-625ba188 .elementor-button{font-family:\"Work Sans\", Sans-serif;font-size:18px;font-weight:700;text-transform:none;fill:var( --e-global-color-accent );color:var( --e-global-color-accent );background-color:#FF880300;padding:0px 0px 0px 0px;}@media(max-width:320px){.elementor-290134 .elementor-element.elementor-element-4b9dd72e .elementor-heading-title{font-size:15px;line-height:15px;}.elementor-290134 .elementor-element.elementor-element-1a635940 .elementor-heading-title{font-size:15px;line-height:15px;}.elementor-290134 .elementor-element.elementor-element-5aa78cad{font-size:13px;line-height:16px;}}\/* Start custom CSS for container, class: .elementor-element-729dd7d8 *\/.elementor-290134 .elementor-element.elementor-element-729dd7d8.elsecre_ .texto_ {\n  padding: 40px;\n  padding-top: 20px;\n}\/* End custom CSS *\/<\/style>\t\t<div data-elementor-type=\"container\" data-elementor-id=\"290134\" class=\"elementor elementor-290134\">\n\t\t\t\t\t\t<div class=\"elementor-inner\">\n\t\t\t\t<div class=\"elementor-section-wrap\">\n\t\t\t\t\t\t\t<div data-pp-template-widget-id=\"7395188f-8593\" class=\"elementor-pp-element-7395188f-8593 elementor-element elementor-element-7395188f e-container--column e-container\" data-id=\"7395188f\" data-element_type=\"container\">\t\t<div data-pp-template-widget-id=\"d600463-8593\" class=\"elementor-pp-element-d600463-8593 elementor-element elementor-element-d600463 e-container--column e-container\" data-id=\"d600463\" data-element_type=\"container\">\t\t\t\t<div data-pp-template-widget-id=\"2886f293-8593\" class=\"elementor-pp-element-2886f293-8593 elementor-element elementor-element-2886f293 elementor-widget elementor-widget-container-tabs\" data-id=\"2886f293\" data-element_type=\"widget\" data-widget_type=\"container-tabs.default\">\n\t\t\t\t<div class=\"elementor-widget-container\">\n\t\t\t        <div class=\"container-tabs\">\n            <div class=\"d-inline-block\">\n                <ul class=\"nav nav-tabs\" role=\"tablist\">\n                                            <li class=\"nav-item\" data-widget-id=\"7f7ccbd7\" >\n                            <a href=\"#\" role=\"tab\"><p><strong>Funci\u00f3n<\/strong> de la secretar\u00eda<\/p><\/a>\n                        <\/li>\n                                            <li class=\"nav-item\" data-widget-id=\"729dd7d8\" >\n                            <a href=\"#\" role=\"tab\"><p><strong>Composici\u00f3n<\/strong> de la secretar\u00eda<\/p><\/a>\n                        <\/li>\n                                    <\/ul>\n            <\/div>\n            <div class=\"link-on-right\">\n                <a >\n                                    <\/a>\n            <\/div>\n        <\/div>\n        \t\t<\/div>\n\t\t\t\t<\/div>\n\t\t<\/div><div data-pp-template-widget-id=\"7f7ccbd7-8593\" class=\"elementor-pp-element-7f7ccbd7-8593 elementor-element elementor-element-7f7ccbd7 e-container--row e-container\" data-id=\"7f7ccbd7\" data-element_type=\"container\">\t\t<div data-pp-template-widget-id=\"1a5fed08-8593\" class=\"elementor-pp-element-1a5fed08-8593 elementor-element elementor-element-1a5fed08 e-container--column e-container\" data-id=\"1a5fed08\" data-element_type=\"container\">\t\t\t\t<div data-pp-template-widget-id=\"4b9dd72e-8593\" class=\"elementor-pp-element-4b9dd72e-8593 elementor-element elementor-element-4b9dd72e elementor-widget elementor-widget-heading\" data-id=\"4b9dd72e\" data-element_type=\"widget\" data-widget_type=\"heading.default\">\n\t\t\t\t<div class=\"elementor-widget-container\">\n\t\t\t<h2 class=\"elementor-heading-title elementor-size-large\">\u00bfQu\u00e9 hace la secretar\u00eda?<\/h2>\t\t<\/div>\n\t\t\t\t<\/div>\n\t\t\t\t<div data-pp-template-widget-id=\"1567af65-8593\" class=\"elementor-pp-element-1567af65-8593 elementor-element elementor-element-1567af65 elementor-widget elementor-widget-text-editor\" data-id=\"1567af65\" data-element_type=\"widget\" data-widget_type=\"text-editor.default\">\n\t\t\t\t<div class=\"elementor-widget-container\">\n\t\t\t\t\t\t\t\t<div class=\"elementor-text-editor elementor-clearfix\">\n\t\t\t\tLa Secretar\u00eda de Gesti\u00f3n Humana es una dependencia del nivel central, que tiene como responsabilidad la gesti\u00f3n integral del talento humano, la planeaci\u00f3n organizacional, el direccionamiento de los sistemas y modelos organizacionales, la definici\u00f3n de la estructura organizacional del ente central y el servicio a la ciudadan\u00eda, para el mejoramiento continuo y la correcta prestaci\u00f3n del servicio.\t\t\t\t\t<\/div>\n\t\t\t\t\t\t<\/div>\n\t\t\t\t<\/div>\n\t\t\t\t<div data-pp-template-widget-id=\"37a90fbd-8593\" class=\"elementor-pp-element-37a90fbd-8593 elementor-element elementor-element-37a90fbd elementor-widget elementor-widget-button\" data-id=\"37a90fbd\" data-element_type=\"widget\" data-widget_type=\"button.default\">\n\t\t\t\t<div class=\"elementor-widget-container\">\n\t\t\t\t\t<div class=\"elementor-button-wrapper\">\n\t\t\t<a href=\"\/es\/secretaria-de-gestion-humana\/que-hace-la-secretaria\/\" class=\"elementor-button-link elementor-button elementor-size-sm\" role=\"button\">\n\t\t\t\t\t\t<span class=\"elementor-button-content-wrapper\">\n\t\t\t\t\t\t<span class=\"elementor-button-text\">Conoce m\u00e1s<\/span>\n\t\t<\/span>\n\t\t\t\t\t<\/a>\n\t\t<\/div>\n\t\t\t\t<\/div>\n\t\t\t\t<\/div>\n\t\t<\/div><div data-pp-template-widget-id=\"2444fc48-8593\" class=\"elementor-pp-element-2444fc48-8593 elementor-element elementor-element-2444fc48 e-container--column e-container\" data-id=\"2444fc48\" data-element_type=\"container\">\t\t\t\t<div data-pp-template-widget-id=\"424d28db-8593\" class=\"elementor-pp-element-424d28db-8593 elementor-element elementor-element-424d28db elementor-widget elementor-widget-image\" data-id=\"424d28db\" data-element_type=\"widget\" data-widget_type=\"image.default\">\n\t\t\t\t<div class=\"elementor-widget-container\">\n\t\t\t\t\t\t\t\t<div class=\"elementor-image\">\n\t\t\t\t\t\t\t\t\t\t\t\t<img width=\"1024\" height=\"683\" src=\"https:\/\/www.medellin.gov.co\/es\/wp-content\/uploads\/2021\/09\/vista-nocturna-alpujarra-y-parque-de-las-luces.jpg\" class=\"attachment-full size-full\" alt=\"Vista nocturna Alpujarra y Parque de las Luces\" loading=\"lazy\" srcset=\"https:\/\/www.medellin.gov.co\/es\/wp-content\/uploads\/2021\/09\/vista-nocturna-alpujarra-y-parque-de-las-luces.jpg 1024w, https:\/\/www.medellin.gov.co\/es\/wp-content\/uploads\/2021\/09\/vista-nocturna-alpujarra-y-parque-de-las-luces-300x200.jpg 300w, https:\/\/www.medellin.gov.co\/es\/wp-content\/uploads\/2021\/09\/vista-nocturna-alpujarra-y-parque-de-las-luces-150x100.jpg 150w, https:\/\/www.medellin.gov.co\/es\/wp-content\/uploads\/2021\/09\/vista-nocturna-alpujarra-y-parque-de-las-luces-768x512.jpg 768w\" sizes=\"(max-width: 1024px) 100vw, 1024px\" \/>\t\t\t\t\t\t\t\t\t\t\t\t\t\t<\/div>\n\t\t\t\t\t\t<\/div>\n\t\t\t\t<\/div>\n\t\t<\/div><\/div><div data-pp-template-widget-id=\"729dd7d8-8593\" class=\"elementor-pp-element-729dd7d8-8593 elementor-element elementor-element-729dd7d8 elsecre_ e-container--row e-container\" data-id=\"729dd7d8\" data-element_type=\"container\">\t\t<div data-pp-template-widget-id=\"37455d41-8593\" class=\"elementor-pp-element-37455d41-8593 elementor-element elementor-element-37455d41 e-container--column e-container\" data-id=\"37455d41\" data-element_type=\"container\">\t\t\t\t<div data-pp-template-widget-id=\"3e4b53b4-8593\" class=\"elementor-pp-element-3e4b53b4-8593 elementor-element elementor-element-3e4b53b4 elementor-widget elementor-widget-image\" data-id=\"3e4b53b4\" data-element_type=\"widget\" data-widget_type=\"image.default\">\n\t\t\t\t<div class=\"elementor-widget-container\">\n\t\t\t\t\t\t\t\t<div class=\"elementor-image\">\n\t\t\t\t\t\t\t\t\t\t\t\t<img width=\"600\" height=\"720\" src=\"https:\/\/www.medellin.gov.co\/es\/wp-content\/uploads\/2025\/05\/Cristina-Nicholls-Villa.jpg\" class=\"attachment-large size-large\" alt=\"Cristina Nicholls Villa\" loading=\"lazy\" srcset=\"https:\/\/www.medellin.gov.co\/es\/wp-content\/uploads\/2025\/05\/Cristina-Nicholls-Villa.jpg 600w, https:\/\/www.medellin.gov.co\/es\/wp-content\/uploads\/2025\/05\/Cristina-Nicholls-Villa-250x300.jpg 250w, https:\/\/www.medellin.gov.co\/es\/wp-content\/uploads\/2025\/05\/Cristina-Nicholls-Villa-125x150.jpg 125w\" sizes=\"(max-width: 600px) 100vw, 600px\" \/>\t\t\t\t\t\t\t\t\t\t\t\t\t\t<\/div>\n\t\t\t\t\t\t<\/div>\n\t\t\t\t<\/div>\n\t\t<\/div><div data-pp-template-widget-id=\"3e0353cc-8593\" class=\"elementor-pp-element-3e0353cc-8593 elementor-element elementor-element-3e0353cc texto_ e-container--column e-container\" data-id=\"3e0353cc\" data-element_type=\"container\">\t\t<div data-pp-template-widget-id=\"5f18d613-8593\" class=\"elementor-pp-element-5f18d613-8593 elementor-element elementor-element-5f18d613 centrado_tex e-container--column e-container\" data-id=\"5f18d613\" data-element_type=\"container\">\t\t\t\t<div data-pp-template-widget-id=\"1a635940-8593\" class=\"elementor-pp-element-1a635940-8593 elementor-element elementor-element-1a635940 elementor-widget elementor-widget-heading\" data-id=\"1a635940\" data-element_type=\"widget\" data-widget_type=\"heading.default\">\n\t\t\t\t<div class=\"elementor-widget-container\">\n\t\t\t<h2 class=\"elementor-heading-title elementor-size-large\">Cristina Nicholls Villa<\/h2>\t\t<\/div>\n\t\t\t\t<\/div>\n\t\t\t\t<div data-pp-template-widget-id=\"5aa78cad-8593\" class=\"elementor-pp-element-5aa78cad-8593 elementor-element elementor-element-5aa78cad elementor-widget elementor-widget-text-editor\" data-id=\"5aa78cad\" data-element_type=\"widget\" data-widget_type=\"text-editor.default\">\n\t\t\t\t<div class=\"elementor-widget-container\">\n\t\t\t\t\t\t\t\t<div class=\"elementor-text-editor elementor-clearfix\">\n\t\t\t\tSecretaria de Gesti\u00f3n Humana y Servicio a la Ciudadan\u00eda\t\t\t\t\t<\/div>\n\t\t\t\t\t\t<\/div>\n\t\t\t\t<\/div>\n\t\t\t\t<div data-pp-template-widget-id=\"491a5b26-8593\" class=\"elementor-pp-element-491a5b26-8593 elementor-element elementor-element-491a5b26 elementor-widget elementor-widget-text-editor\" data-id=\"491a5b26\" data-element_type=\"widget\" data-widget_type=\"text-editor.default\">\n\t\t\t\t<div class=\"elementor-widget-container\">\n\t\t\t\t\t\t\t\t<div class=\"elementor-text-editor elementor-clearfix\">\n\t\t\t\tEs psic\u00f3loga y mag\u00edster en comportamiento del consumidor, con 15 a\u00f1os de experiencia en procesos de gesti\u00f3n humana y s\u00f3lida trayectoria en la implementaci\u00f3n de estrategias de desarrollo organizacional, liderazgo de equipos y gesti\u00f3n del talento humano. Cuenta adicionalmente con 4 a\u00f1os de experiencia en la gerencia de proyectos, con enfoque en la mejora continua y la innovaci\u00f3n.\r\n\r\nSu experiencia le permite abordar retos complejos y contribuir al crecimiento y la transformaci\u00f3n de la organizaci\u00f3n mediante la toma de decisiones basadas en datos y el desarrollo de soluciones innovadoras. | <strong><a href=\"https:\/\/www.funcionpublica.gov.co\/web\/sigep\/\" target=\"_blank\" rel=\"noopener\">Hoja de vida en el SIGEP<\/a><\/strong>\t\t\t\t\t<\/div>\n\t\t\t\t\t\t<\/div>\n\t\t\t\t<\/div>\n\t\t\t\t<div data-pp-template-widget-id=\"625ba188-8593\" class=\"elementor-pp-element-625ba188-8593 elementor-element elementor-element-625ba188 elementor-widget elementor-widget-button\" data-id=\"625ba188\" data-element_type=\"widget\" data-widget_type=\"button.default\">\n\t\t\t\t<div class=\"elementor-widget-container\">\n\t\t\t\t\t<div class=\"elementor-button-wrapper\">\n\t\t\t<a href=\"\/es\/secretaria-de-gestion-humana\/que-hace-la-secretaria\/#composicion\" class=\"elementor-button-link elementor-button elementor-size-sm\" role=\"button\">\n\t\t\t\t\t\t<span class=\"elementor-button-content-wrapper\">\n\t\t\t\t\t\t<span class=\"elementor-button-text\">Conoce m\u00e1s<\/span>\n\t\t<\/span>\n\t\t\t\t\t<\/a>\n\t\t<\/div>\n\t\t\t\t<\/div>\n\t\t\t\t<\/div>\n\t\t<\/div><\/div><\/div><\/div>\t\t\t\t\t\t\t<\/div>\n\t\t\t<\/div>\n\t\t\t\t\t<\/div>\n\t\t<\/div>\t\t\t<\/div>\n\t\t\t\t\t<\/div>\n\t\t\t\t\t\t\t\t\t<\/div>\n\t\t\t\n\t\t\t\n\t\t\t\n\t\t\t\n\t\t\t\t\t\t\t\t\t\t\t\t<\/div>\n\n\t\t\n\t\t\t\t<\/div>\n\t\t\t\t<\/div>\n\t\t\t\t<div class=\"elementor-element elementor-element-3efa889 elementor-widget elementor-widget-heading\" data-id=\"3efa889\" data-element_type=\"widget\" data-widget_type=\"heading.default\">\n\t\t\t\t<div class=\"elementor-widget-container\">\n\t\t\t<h2 class=\"elementor-heading-title elementor-size-default\"><b>Noticias destacadas <\/b>Secretar\u00eda de Gesti\u00f3n Humana<\/h2>\t\t<\/div>\n\t\t\t\t<\/div>\n\t\t\t\t\t\t<\/div>\n\t\t\t\t\t<\/div>\n\t\t<\/div>\n\t\t\t\t\t\t\t\t<\/div>\n\t\t\t\t\t<\/div>\n\t\t<\/section>\n\t\t\t\t<section class=\"elementor-section elementor-top-section elementor-element elementor-element-39c21d6 elementor-section-stretched elementor-section-boxed elementor-section-height-default elementor-section-height-default\" data-id=\"39c21d6\" data-element_type=\"section\" data-settings=\"{&quot;stretch_section&quot;:&quot;section-stretched&quot;}\">\n\t\t\t\t\t\t<div class=\"elementor-container elementor-column-gap-default\">\n\t\t\t\t\t\t\t<div class=\"elementor-row\">\n\t\t\t\t\t<div class=\"elementor-column elementor-col-100 elementor-top-column elementor-element elementor-element-9d271fd\" data-id=\"9d271fd\" data-element_type=\"column\">\n\t\t\t<div class=\"elementor-column-wrap elementor-element-populated\">\n\t\t\t\t\t\t\t<div class=\"elementor-widget-wrap\">\n\t\t\t\t\t\t<div class=\"elementor-element elementor-element-4a52735 elementor-widget elementor-widget-slider-noticias\" data-id=\"4a52735\" data-element_type=\"widget\" data-widget_type=\"slider-noticias.default\">\n\t\t\t\t<div class=\"elementor-widget-container\">\n\t\t\t\n        <div class=\"cover_top_home_\">\n        <div id=\"slidernoticias_Destacadas\" class=\"carousel slide\" data-ride=\"carousel\" data-interval=\"false\">\n            <ol class=\"carousel-indicators\">\n                                                            <li data-target=\"#slidernoticias_Destacadas\" data-slide-to=\"0\" class=\"active\"><\/li>\n                                            <li data-target=\"#slidernoticias_Destacadas\" data-slide-to=\"1\" class=\"\"><\/li>\n                                            <li data-target=\"#slidernoticias_Destacadas\" data-slide-to=\"2\" class=\"\"><\/li>\n                                            <li data-target=\"#slidernoticias_Destacadas\" data-slide-to=\"3\" class=\"\"><\/li>\n                                                <\/ol>\n            <div class=\"carousel-inner\">\n                        <div class=\"carousel-item active\">\n                <div class=\"cover_home_slider\">\n                \n                <div class=\"imagen_slider_\">\n                                        <a href=\"https:\/\/www.medellin.gov.co\/es\/sala-de-prensa\/noticias\/cambios-en-la-atencion-al-publico-en-semana-santa-estos-seran-los-horarios-de-la-alcaldia-de-medellin\/\">\n                        <img width=\"1013\" height=\"760\" src=\"https:\/\/www.medellin.gov.co\/es\/wp-content\/uploads\/2026\/03\/Imagen-de-taquillas-de-atencion-al-ciudadano.jpg\" class=\"attachment-post-thumbnail size-post-thumbnail wp-post-image\" alt=\"Imagen de taquillas de atenci\u00f3n al ciudadano\" loading=\"lazy\" srcset=\"https:\/\/www.medellin.gov.co\/es\/wp-content\/uploads\/2026\/03\/Imagen-de-taquillas-de-atencion-al-ciudadano.jpg 1013w, https:\/\/www.medellin.gov.co\/es\/wp-content\/uploads\/2026\/03\/Imagen-de-taquillas-de-atencion-al-ciudadano-300x225.jpg 300w, https:\/\/www.medellin.gov.co\/es\/wp-content\/uploads\/2026\/03\/Imagen-de-taquillas-de-atencion-al-ciudadano-150x113.jpg 150w, https:\/\/www.medellin.gov.co\/es\/wp-content\/uploads\/2026\/03\/Imagen-de-taquillas-de-atencion-al-ciudadano-768x576.jpg 768w\" sizes=\"(max-width: 1013px) 100vw, 1013px\" \/>                    <\/a>\n                                    <\/div>\n                <div class=\"bluetotal texto_slider_\">\n                    <div class=\"elcon_\">\n                    <h3 class=\"titulo_slide\">\n                                            <a href=\"https:\/\/www.medellin.gov.co\/es\/sala-de-prensa\/noticias\/cambios-en-la-atencion-al-publico-en-semana-santa-estos-seran-los-horarios-de-la-alcaldia-de-medellin\/\">\n                        Cambios en la atenci\u00f3n al p\u00fablico en Semana Santa: estos ser\u00e1n los horarios de la ...                        <\/a>\n                                            <\/h3>\n                                            <small>Contenido asociado a<\/small>\n                                                \n                    <div class=\"tag_s_\">\n                        <ul><li><ion-icon name=\"radio-button-on-outline\"><\/ion-icon><a href=\"https:\/\/www.medellin.gov.co\/es\/temas-de-ciudad\/atencion-ciudadana\/\" rel=\"tag\">Atenci\u00f3n ciudadana<\/a><\/li><li><ion-icon name=\"radio-button-on-outline\"><\/ion-icon><a href=\"https:\/\/www.medellin.gov.co\/es\/temas-de-ciudad\/nuestro-gobierno\/\" rel=\"tag\">Nuestro Gobierno<\/a><\/li><\/ul>                    <\/div>\n                    <p>El lunes 30, el martes 31 de marzo y el mi\u00e9rcoles 1 de...<\/p>\n                                            <a id=\"\" href=\"https:\/\/www.medellin.gov.co\/es\/sala-de-prensa\/noticias\/cambios-en-la-atencion-al-publico-en-semana-santa-estos-seran-los-horarios-de-la-alcaldia-de-medellin\/\" class=\"botonslider_\">Conoce m\u00e1s<\/a>\n                                            <\/div>\n                <\/div>\n                <\/div>\n            <\/div>\n            \n                                    <div class=\"carousel-item noactivo\">\n                <div class=\"cover_home_slider\">\n                \n                <div class=\"imagen_slider_\">\n                                        <a id=\"\" href=\"#\" target=\"_blank\">\n                        <img width=\"1280\" height=\"850\" src=\"https:\/\/www.medellin.gov.co\/es\/wp-content\/uploads\/2026\/03\/DiaFelicidad.jpg\" class=\"attachment-post-thumbnail size-post-thumbnail wp-post-image\" alt=\"\" loading=\"lazy\" srcset=\"https:\/\/www.medellin.gov.co\/es\/wp-content\/uploads\/2026\/03\/DiaFelicidad.jpg 1280w, https:\/\/www.medellin.gov.co\/es\/wp-content\/uploads\/2026\/03\/DiaFelicidad-300x199.jpg 300w, https:\/\/www.medellin.gov.co\/es\/wp-content\/uploads\/2026\/03\/DiaFelicidad-1024x680.jpg 1024w, https:\/\/www.medellin.gov.co\/es\/wp-content\/uploads\/2026\/03\/DiaFelicidad-150x100.jpg 150w, https:\/\/www.medellin.gov.co\/es\/wp-content\/uploads\/2026\/03\/DiaFelicidad-768x510.jpg 768w\" sizes=\"(max-width: 1280px) 100vw, 1280px\" \/>                    <\/a>\n                                    <\/div>\n                <div class=\"bluetotal texto_slider_\">\n                    <div class=\"elcon_\">\n                    <h3 class=\"titulo_slide\">\n                                            <a id=\"\" href=\"#\" target=\"_blank\">\n                        Conmemoremos juntos el D\u00eda Internacional de la Felicidad                        <\/a>\n                                            <\/h3>\n                                                                    \n                    <div class=\"tag_s_\">\n                                            <\/div>\n                    <p>El D\u00eda Internacional de la Felicidad se celebra cada 20 de marzo, resaltando...<\/p>\n                                            <a href=\"#\" class=\"botonslider_\" target=\"_blank\">Conoce m\u00e1s<\/a>\n                                            <\/div>\n                <\/div>\n                <\/div>\n            <\/div>\n            \n                                    <div class=\"carousel-item noactivo\">\n                <div class=\"cover_home_slider\">\n                \n                <div class=\"imagen_slider_\">\n                                        <a href=\"https:\/\/www.medellin.gov.co\/es\/sala-de-prensa\/noticias\/flor-el-canal-de-whatsapp-de-la-alcaldia-de-medellin-registro-casi-600-000-interacciones-en-su-primer-ano\/\">\n                        <img width=\"960\" height=\"720\" src=\"https:\/\/www.medellin.gov.co\/es\/wp-content\/uploads\/2026\/03\/Imagen-Flor-el-canal-de-WhatsApp-de-la-Alcaldia-de-Medellin-2.jpg\" class=\"attachment-post-thumbnail size-post-thumbnail wp-post-image\" alt=\"\" loading=\"lazy\" srcset=\"https:\/\/www.medellin.gov.co\/es\/wp-content\/uploads\/2026\/03\/Imagen-Flor-el-canal-de-WhatsApp-de-la-Alcaldia-de-Medellin-2.jpg 960w, https:\/\/www.medellin.gov.co\/es\/wp-content\/uploads\/2026\/03\/Imagen-Flor-el-canal-de-WhatsApp-de-la-Alcaldia-de-Medellin-2-300x225.jpg 300w, https:\/\/www.medellin.gov.co\/es\/wp-content\/uploads\/2026\/03\/Imagen-Flor-el-canal-de-WhatsApp-de-la-Alcaldia-de-Medellin-2-150x113.jpg 150w, https:\/\/www.medellin.gov.co\/es\/wp-content\/uploads\/2026\/03\/Imagen-Flor-el-canal-de-WhatsApp-de-la-Alcaldia-de-Medellin-2-768x576.jpg 768w\" sizes=\"(max-width: 960px) 100vw, 960px\" \/>                    <\/a>\n                                    <\/div>\n                <div class=\"bluetotal texto_slider_\">\n                    <div class=\"elcon_\">\n                    <h3 class=\"titulo_slide\">\n                                            <a href=\"https:\/\/www.medellin.gov.co\/es\/sala-de-prensa\/noticias\/flor-el-canal-de-whatsapp-de-la-alcaldia-de-medellin-registro-casi-600-000-interacciones-en-su-primer-ano\/\">\n                        Flor, el canal de WhatsApp de la Alcald\u00eda de Medell\u00edn registr\u00f3 casi 600.000 interacciones en ...                        <\/a>\n                                            <\/h3>\n                                            <small>Contenido asociado a<\/small>\n                                                \n                    <div class=\"tag_s_\">\n                        <ul><li><ion-icon name=\"radio-button-on-outline\"><\/ion-icon><a href=\"https:\/\/www.medellin.gov.co\/es\/temas-de-ciudad\/atencion-ciudadana\/\" rel=\"tag\">Atenci\u00f3n ciudadana<\/a><\/li><li><ion-icon name=\"radio-button-on-outline\"><\/ion-icon><a href=\"https:\/\/www.medellin.gov.co\/es\/temas-de-ciudad\/bienestar\/\" rel=\"tag\">Bienestar<\/a><\/li><\/ul>                    <\/div>\n                    <p>M\u00e1s del 40 % de las atenciones ciudadanas que se registran en los...<\/p>\n                                            <a id=\"\" href=\"https:\/\/www.medellin.gov.co\/es\/sala-de-prensa\/noticias\/flor-el-canal-de-whatsapp-de-la-alcaldia-de-medellin-registro-casi-600-000-interacciones-en-su-primer-ano\/\" class=\"botonslider_\">Conoce m\u00e1s<\/a>\n                                            <\/div>\n                <\/div>\n                <\/div>\n            <\/div>\n            \n                                    <div class=\"carousel-item noactivo\">\n                <div class=\"cover_home_slider\">\n                \n                <div class=\"imagen_slider_\">\n                                        <a href=\"https:\/\/www.medellin.gov.co\/es\/sala-de-prensa\/noticias\/con-ficho-digital-habitantes-de-medellin-ahorran-tiempo-en-tramites-de-sisben-catastro-y-atencion-a-victimas\/\">\n                        <img width=\"1133\" height=\"850\" src=\"https:\/\/www.medellin.gov.co\/es\/wp-content\/uploads\/2026\/02\/Imagen-Ficho-Digital-para-tramites-de-Sisben-catastro-y-atencion-a-victimas-4.jpg\" class=\"attachment-post-thumbnail size-post-thumbnail wp-post-image\" alt=\"Imagen Ficho Digital para tr\u00e1mites de Sisb\u00e9n, catastro y atenci\u00f3n a v\u00edctimas (4)\" loading=\"lazy\" srcset=\"https:\/\/www.medellin.gov.co\/es\/wp-content\/uploads\/2026\/02\/Imagen-Ficho-Digital-para-tramites-de-Sisben-catastro-y-atencion-a-victimas-4.jpg 1133w, https:\/\/www.medellin.gov.co\/es\/wp-content\/uploads\/2026\/02\/Imagen-Ficho-Digital-para-tramites-de-Sisben-catastro-y-atencion-a-victimas-4-300x225.jpg 300w, https:\/\/www.medellin.gov.co\/es\/wp-content\/uploads\/2026\/02\/Imagen-Ficho-Digital-para-tramites-de-Sisben-catastro-y-atencion-a-victimas-4-1024x768.jpg 1024w, https:\/\/www.medellin.gov.co\/es\/wp-content\/uploads\/2026\/02\/Imagen-Ficho-Digital-para-tramites-de-Sisben-catastro-y-atencion-a-victimas-4-150x113.jpg 150w, https:\/\/www.medellin.gov.co\/es\/wp-content\/uploads\/2026\/02\/Imagen-Ficho-Digital-para-tramites-de-Sisben-catastro-y-atencion-a-victimas-4-768x576.jpg 768w\" sizes=\"(max-width: 1133px) 100vw, 1133px\" \/>                    <\/a>\n                                    <\/div>\n                <div class=\"bluetotal texto_slider_\">\n                    <div class=\"elcon_\">\n                    <h3 class=\"titulo_slide\">\n                                            <a href=\"https:\/\/www.medellin.gov.co\/es\/sala-de-prensa\/noticias\/con-ficho-digital-habitantes-de-medellin-ahorran-tiempo-en-tramites-de-sisben-catastro-y-atencion-a-victimas\/\">\n                        Con Ficho Digital, habitantes de Medell\u00edn ahorran tiempo en tr\u00e1mites de Sisb\u00e9n, catastro y atenci\u00f3n ...                        <\/a>\n                                            <\/h3>\n                                            <small>Contenido asociado a<\/small>\n                                                \n                    <div class=\"tag_s_\">\n                        <ul><li><ion-icon name=\"radio-button-on-outline\"><\/ion-icon><a href=\"https:\/\/www.medellin.gov.co\/es\/temas-de-ciudad\/nuestro-gobierno\/\" rel=\"tag\">Nuestro Gobierno<\/a><\/li><\/ul>                    <\/div>\n                    <p>Como una manera de mejorar el acceso a los servicios, reducir tiempos de...<\/p>\n                                            <a id=\"\" href=\"https:\/\/www.medellin.gov.co\/es\/sala-de-prensa\/noticias\/con-ficho-digital-habitantes-de-medellin-ahorran-tiempo-en-tramites-de-sisben-catastro-y-atencion-a-victimas\/\" class=\"botonslider_\">Conoce m\u00e1s<\/a>\n                                            <\/div>\n                <\/div>\n                <\/div>\n            <\/div>\n            \n                        \n                        <\/div>\n            <a class=\"carousel-control-prev\" href=\"#slidernoticias_Destacadas\" role=\"button\" data-slide=\"prev\">\n            <span class=\"carousel-control-prev-icon\" aria-hidden=\"true\"><\/span>\n            <span class=\"sr-only\">Previous<\/span>\n            <\/a>\n            <a class=\"carousel-control-next\" href=\"#slidernoticias_Destacadas\" role=\"button\" data-slide=\"next\">\n            <span class=\"carousel-control-next-icon\" aria-hidden=\"true\"><\/span>\n            <span class=\"sr-only\">Next<\/span>\n            <\/a>\n        <\/div>\n        <\/div>\n\t\t<\/div>\n\t\t\t\t<\/div>\n\t\t\t\t\t\t<\/div>\n\t\t\t\t\t<\/div>\n\t\t<\/div>\n\t\t\t\t\t\t\t\t<\/div>\n\t\t\t\t\t<\/div>\n\t\t<\/section>\n\t\t\t\t<section class=\"elementor-section elementor-top-section elementor-element elementor-element-62322db7 elementor-section-full_width elementor-section-height-default elementor-section-height-default\" data-id=\"62322db7\" data-element_type=\"section\" data-settings=\"{&quot;background_background&quot;:&quot;classic&quot;}\">\n\t\t\t\t\t\t<div class=\"elementor-container elementor-column-gap-default\">\n\t\t\t\t\t\t\t<div class=\"elementor-row\">\n\t\t\t\t\t<div class=\"elementor-column elementor-col-100 elementor-top-column elementor-element elementor-element-1e248467\" data-id=\"1e248467\" data-element_type=\"column\">\n\t\t\t<div class=\"elementor-column-wrap elementor-element-populated\">\n\t\t\t\t\t\t\t<div class=\"elementor-widget-wrap\">\n\t\t\t\t\t\t<section class=\"elementor-section elementor-inner-section elementor-element elementor-element-784569aa elementor-section-boxed elementor-section-height-default elementor-section-height-default\" data-id=\"784569aa\" data-element_type=\"section\">\n\t\t\t\t\t\t<div class=\"elementor-container elementor-column-gap-custom\">\n\t\t\t\t\t\t\t<div class=\"elementor-row\">\n\t\t\t\t\t<div class=\"elementor-column elementor-col-50 elementor-inner-column elementor-element elementor-element-2980ea01\" data-id=\"2980ea01\" data-element_type=\"column\">\n\t\t\t<div class=\"elementor-column-wrap elementor-element-populated\">\n\t\t\t\t\t\t\t<div class=\"elementor-widget-wrap\">\n\t\t\t\t\t\t<div class=\"elementor-element elementor-element-82ec848 elementor-widget elementor-widget-html\" data-id=\"82ec848\" data-element_type=\"widget\" data-widget_type=\"html.default\">\n\t\t\t\t<div class=\"elementor-widget-container\">\n\t\t\t<div class=\"content-cinta-title-lin-all\">\n <h1 class=\"h1-cinta-blue-sede\">Concurso<\/h1>\n <h3 class=\"h3-cinta-naran-sede\">de m\u00e9ritos - CNCS<\/h3>\n<\/div>\n<style>\n.content-cinta-title-lin-all {\n    margin: auto;\n    display: grid;\n    justify-items: end;\n}\n.h1-cinta-blue-sede {\n  color: #14B8CE;\n  font-family: \"Work Sans\", Sans-serif;\n  font-size: 36px !important;\n  line-height: 35px !important;\n  text-align: right;\n}\n.h3-cinta-naran-sede {\n color: #FB8406;\n font-family: \"Work Sans\", Sans-serif;\n font-size: 27px !important;\n line-height: 1 !important;\n text-align: right;\n}\n\n@media screen and (min-width:768px) {\n    .h1-cinta-blue-sede {\n        font-size: 50px !important;\n        line-height: 52px !important;\n    }\n    \n    .h3-cinta-naran-sede {\n        font-size: 34px !important;\n    }\n}\n@media screen and (min-width:1024px) {\n    .h1-cinta-blue-sede {\n        font-size: 80px !important;\n        line-height: 58px !important;\n    }\n    \n    .h3-cinta-naran-sede {\n        font-size: 46px !important;\n    }\n}\n<\/style>\t\t<\/div>\n\t\t\t\t<\/div>\n\t\t\t\t\t\t<\/div>\n\t\t\t\t\t<\/div>\n\t\t<\/div>\n\t\t\t\t<div class=\"elementor-column elementor-col-50 elementor-inner-column elementor-element elementor-element-649e77a0\" data-id=\"649e77a0\" data-element_type=\"column\">\n\t\t\t<div class=\"elementor-column-wrap elementor-element-populated\">\n\t\t\t\t\t\t\t<div class=\"elementor-widget-wrap\">\n\t\t\t\t\t\t<div class=\"elementor-element elementor-element-285bce12 elementor-widget elementor-widget-text-editor\" data-id=\"285bce12\" data-element_type=\"widget\" data-widget_type=\"text-editor.default\">\n\t\t\t\t<div class=\"elementor-widget-container\">\n\t\t\t\t\t\t\t\t<div class=\"elementor-text-editor elementor-clearfix\">\n\t\t\t\t<p style=\"text-align: left;\">Conozca los procesos de m\u00e9ritos en proceso de la Comisi\u00f3n Nacional del Servicio Civil.<\/p>\t\t\t\t\t<\/div>\n\t\t\t\t\t\t<\/div>\n\t\t\t\t<\/div>\n\t\t\t\t<div class=\"elementor-element elementor-element-52361c83 elementor-tablet-align-left elementor-mobile-align-center elementor-widget elementor-widget-button\" data-id=\"52361c83\" data-element_type=\"widget\" data-widget_type=\"button.default\">\n\t\t\t\t<div class=\"elementor-widget-container\">\n\t\t\t\t\t<div class=\"elementor-button-wrapper\">\n\t\t\t<a href=\"https:\/\/www.medellin.gov.co\/es\/secretaria-de-gestion-humana\/concursos-de-meritos-cnsc\/\" target=\"_blank\" class=\"elementor-button-link elementor-button elementor-size-sm\" role=\"button\">\n\t\t\t\t\t\t<span class=\"elementor-button-content-wrapper\">\n\t\t\t\t\t\t<span class=\"elementor-button-text\">Conoce m\u00e1s<\/span>\n\t\t<\/span>\n\t\t\t\t\t<\/a>\n\t\t<\/div>\n\t\t\t\t<\/div>\n\t\t\t\t<\/div>\n\t\t\t\t\t\t<\/div>\n\t\t\t\t\t<\/div>\n\t\t<\/div>\n\t\t\t\t\t\t\t\t<\/div>\n\t\t\t\t\t<\/div>\n\t\t<\/section>\n\t\t\t\t\t\t<\/div>\n\t\t\t\t\t<\/div>\n\t\t<\/div>\n\t\t\t\t\t\t\t\t<\/div>\n\t\t\t\t\t<\/div>\n\t\t<\/section>\n\t\t\t\t<section class=\"elementor-section elementor-top-section elementor-element elementor-element-6bd00158 elementor-section-boxed elementor-section-height-default elementor-section-height-default\" data-id=\"6bd00158\" data-element_type=\"section\">\n\t\t\t\t\t\t<div class=\"elementor-container elementor-column-gap-default\">\n\t\t\t\t\t\t\t<div class=\"elementor-row\">\n\t\t\t\t\t<div class=\"elementor-column elementor-col-100 elementor-top-column elementor-element elementor-element-7aa25d9f\" data-id=\"7aa25d9f\" data-element_type=\"column\">\n\t\t\t<div class=\"elementor-column-wrap elementor-element-populated\">\n\t\t\t\t\t\t\t<div class=\"elementor-widget-wrap\">\n\t\t\t\t\t\t<div class=\"elementor-element elementor-element-637c4ecf elementor-widget elementor-widget-heading\" data-id=\"637c4ecf\" data-element_type=\"widget\" data-widget_type=\"heading.default\">\n\t\t\t\t<div class=\"elementor-widget-container\">\n\t\t\t<h3 class=\"elementor-heading-title elementor-size-default\"><b>Centro de Pr\u00e1cticas de la Alcald\u00eda de Medell\u00edn<\/b><\/h3>\t\t<\/div>\n\t\t\t\t<\/div>\n\t\t\t\t\t\t<\/div>\n\t\t\t\t\t<\/div>\n\t\t<\/div>\n\t\t\t\t\t\t\t\t<\/div>\n\t\t\t\t\t<\/div>\n\t\t<\/section>\n\t\t<div class=\"elementor-element elementor-element-44c0b775 e-container--row e-container\" data-id=\"44c0b775\" data-element_type=\"container\">\t\t<div class=\"elementor-element elementor-element-70f57291 e-container--column e-container\" data-id=\"70f57291\" data-element_type=\"container\">\t\t<div class=\"elementor-element elementor-element-20475375 e-container--column e-container\" data-id=\"20475375\" data-element_type=\"container\">\t\t\t\t<div class=\"elementor-element elementor-element-27db9a35 elementor-widget elementor-widget-image\" data-id=\"27db9a35\" data-element_type=\"widget\" data-widget_type=\"image.default\">\n\t\t\t\t<div class=\"elementor-widget-container\">\n\t\t\t\t\t\t\t\t<div class=\"elementor-image\">\n\t\t\t\t\t\t\t\t\t\t\t\t<img src=\"https:\/\/www.medellin.gov.co\/es\/wp-content\/uploads\/elementor\/thumbs\/pasaje-peatonal-y-comercial-del-centro-de-medellin-ppqmqd6wcfcke9aey7fh77a6i13tfdcrl6o3woa51c.jpg\" title=\"Pasaje peatonal y comercial del centro de Medell\u00edn\" alt=\"Pasaje peatonal y comercial del centro de Medell\u00edn\" \/>\t\t\t\t\t\t\t\t\t\t\t\t\t\t<\/div>\n\t\t\t\t\t\t<\/div>\n\t\t\t\t<\/div>\n\t\t<\/div><div class=\"elementor-element elementor-element-480ff7a8 e-container--column e-container\" data-id=\"480ff7a8\" data-element_type=\"container\">\t\t\t\t<div class=\"elementor-element elementor-element-40946487 elementor-widget elementor-widget-text-editor\" data-id=\"40946487\" data-element_type=\"widget\" data-widget_type=\"text-editor.default\">\n\t\t\t\t<div class=\"elementor-widget-container\">\n\t\t\t\t\t\t\t\t<div class=\"elementor-text-editor elementor-clearfix\">\n\t\t\t\t<p>El Centro de Pr\u00e1cticas de la Alcald\u00eda de Medell\u00edn es un programa que, mediante sus modalidades, les brinda a los estudiantes de Instituciones de Educaci\u00f3n Superior P\u00fablicas y Privadas (IESPP) y a las Instituciones de Educaci\u00f3n para el Trabajo y el Desarrollo Humano (IETDH) del \u00e1rea metropolitana la posibilidad de complementar su carrera te\u00f3rico-pr\u00e1ctica, enfoc\u00e1ndose en el servicio p\u00fablico y el compromiso social.<\/p>\t\t\t\t\t<\/div>\n\t\t\t\t\t\t<\/div>\n\t\t\t\t<\/div>\n\t\t\t\t<div class=\"elementor-element elementor-element-6ca83966 elementor-widget elementor-widget-button\" data-id=\"6ca83966\" data-element_type=\"widget\" data-widget_type=\"button.default\">\n\t\t\t\t<div class=\"elementor-widget-container\">\n\t\t\t\t\t<div class=\"elementor-button-wrapper\">\n\t\t\t<a href=\"https:\/\/www.medellin.gov.co\/es\/secretaria-de-gestion-humana\/centro-de-practicas\/\" target=\"_blank\" class=\"elementor-button-link elementor-button elementor-size-sm\" role=\"button\">\n\t\t\t\t\t\t<span class=\"elementor-button-content-wrapper\">\n\t\t\t\t\t\t<span class=\"elementor-button-text\">Conoce M\u00e1s del centro de pr\u00e1cticas<\/span>\n\t\t<\/span>\n\t\t\t\t\t<\/a>\n\t\t<\/div>\n\t\t\t\t<\/div>\n\t\t\t\t<\/div>\n\t\t<\/div><\/div><\/div>\t\t<section class=\"elementor-section elementor-top-section elementor-element elementor-element-65a7b83 elementor-section-full_width elementor-section-height-default elementor-section-height-default\" data-id=\"65a7b83\" data-element_type=\"section\" data-settings=\"{&quot;background_background&quot;:&quot;classic&quot;}\">\n\t\t\t\t\t\t<div class=\"elementor-container elementor-column-gap-default\">\n\t\t\t\t\t\t\t<div class=\"elementor-row\">\n\t\t\t\t\t<div class=\"elementor-column elementor-col-100 elementor-top-column elementor-element elementor-element-f6c2c04\" data-id=\"f6c2c04\" data-element_type=\"column\">\n\t\t\t<div class=\"elementor-column-wrap elementor-element-populated\">\n\t\t\t\t\t\t\t<div class=\"elementor-widget-wrap\">\n\t\t\t\t\t\t<section class=\"elementor-section elementor-inner-section elementor-element elementor-element-701593b elementor-section-boxed elementor-section-height-default elementor-section-height-default\" data-id=\"701593b\" data-element_type=\"section\">\n\t\t\t\t\t\t<div class=\"elementor-container elementor-column-gap-custom\">\n\t\t\t\t\t\t\t<div class=\"elementor-row\">\n\t\t\t\t\t<div class=\"elementor-column elementor-col-50 elementor-inner-column elementor-element elementor-element-461020a\" data-id=\"461020a\" data-element_type=\"column\">\n\t\t\t<div class=\"elementor-column-wrap elementor-element-populated\">\n\t\t\t\t\t\t\t<div class=\"elementor-widget-wrap\">\n\t\t\t\t\t\t<div class=\"elementor-element elementor-element-d5ca020 elementor-widget elementor-widget-html\" data-id=\"d5ca020\" data-element_type=\"widget\" data-widget_type=\"html.default\">\n\t\t\t\t<div class=\"elementor-widget-container\">\n\t\t\t<div class=\"content-cinta-title-lin-all\">\n <h1 class=\"h1-cinta-blue-sede\">Servicios<\/h1>\n <h3 class=\"h3-cinta-naran-sede\">para exempleados<\/h3>\n<\/div>\n<style>\n.content-cinta-title-lin-all {\n    margin: auto;\n    display: grid;\n    justify-items: end;\n}\n.h1-cinta-blue-sede {\n  color: #14B8CE;\n  font-family: \"Work Sans\", Sans-serif;\n  font-size: 36px !important;\n  line-height: 35px !important;\n  text-align: right;\n}\n.h3-cinta-naran-sede {\n color: #FB8406;\n font-family: \"Work Sans\", Sans-serif;\n font-size: 27px !important;\n line-height: 1 !important;\n text-align: right;\n}\n\n@media screen and (min-width:768px) {\n    .h1-cinta-blue-sede {\n        font-size: 50px !important;\n        line-height: 52px !important;\n    }\n    \n    .h3-cinta-naran-sede {\n        font-size: 34px !important;\n    }\n}\n@media screen and (min-width:1024px) {\n    .h1-cinta-blue-sede {\n        font-size: 80px !important;\n        line-height: 58px !important;\n    }\n    \n    .h3-cinta-naran-sede {\n        font-size: 46px !important;\n    }\n}\n<\/style>\t\t<\/div>\n\t\t\t\t<\/div>\n\t\t\t\t\t\t<\/div>\n\t\t\t\t\t<\/div>\n\t\t<\/div>\n\t\t\t\t<div class=\"elementor-column elementor-col-50 elementor-inner-column elementor-element elementor-element-ec7464b\" data-id=\"ec7464b\" data-element_type=\"column\">\n\t\t\t<div class=\"elementor-column-wrap elementor-element-populated\">\n\t\t\t\t\t\t\t<div class=\"elementor-widget-wrap\">\n\t\t\t\t\t\t<div class=\"elementor-element elementor-element-7c05216 elementor-widget elementor-widget-text-editor\" data-id=\"7c05216\" data-element_type=\"widget\" data-widget_type=\"text-editor.default\">\n\t\t\t\t<div class=\"elementor-widget-container\">\n\t\t\t\t\t\t\t\t<div class=\"elementor-text-editor elementor-clearfix\">\n\t\t\t\t<div class=\"elementor-element elementor-element-9ec0a4c elementor-widget elementor-widget-text-editor\" data-id=\"9ec0a4c\" data-element_type=\"widget\" data-widget_type=\"text-editor.default\"><div class=\"elementor-widget-container\"><div class=\"elementor-text-editor elementor-clearfix\"><p>Conoce los servicios especiales que tiene la Alcald\u00eda de Medell\u00edn para exfuncionarios y pensionados. Ingresa con tu usuario y contrase\u00f1a para realizar tu gesti\u00f3n.<\/p><\/div><\/div><\/div>\t\t\t\t\t<\/div>\n\t\t\t\t\t\t<\/div>\n\t\t\t\t<\/div>\n\t\t\t\t<div class=\"elementor-element elementor-element-f195873 elementor-tablet-align-left elementor-mobile-align-center elementor-widget elementor-widget-button\" data-id=\"f195873\" data-element_type=\"widget\" data-widget_type=\"button.default\">\n\t\t\t\t<div class=\"elementor-widget-container\">\n\t\t\t\t\t<div class=\"elementor-button-wrapper\">\n\t\t\t<a href=\"https:\/\/www.medellin.gov.co\/irj\/portal\/medellin?NavigationTarget=navurl:\/\/1b9c8617d2e45811015e9ede25e433eb\" target=\"_blank\" class=\"elementor-button-link elementor-button elementor-size-sm\" role=\"button\">\n\t\t\t\t\t\t<span class=\"elementor-button-content-wrapper\">\n\t\t\t\t\t\t<span class=\"elementor-button-text\">Conoce m\u00e1s<\/span>\n\t\t<\/span>\n\t\t\t\t\t<\/a>\n\t\t<\/div>\n\t\t\t\t<\/div>\n\t\t\t\t<\/div>\n\t\t\t\t\t\t<\/div>\n\t\t\t\t\t<\/div>\n\t\t<\/div>\n\t\t\t\t\t\t\t\t<\/div>\n\t\t\t\t\t<\/div>\n\t\t<\/section>\n\t\t\t\t\t\t<\/div>\n\t\t\t\t\t<\/div>\n\t\t<\/div>\n\t\t\t\t\t\t\t\t<\/div>\n\t\t\t\t\t<\/div>\n\t\t<\/section>\n\t\t\t\t<section class=\"elementor-section elementor-top-section elementor-element elementor-element-7001c63c elementor-section-boxed elementor-section-height-default elementor-section-height-default\" data-id=\"7001c63c\" data-element_type=\"section\">\n\t\t\t\t\t\t<div class=\"elementor-container elementor-column-gap-default\">\n\t\t\t\t\t\t\t<div class=\"elementor-row\">\n\t\t\t\t\t<div class=\"elementor-column elementor-col-100 elementor-top-column elementor-element elementor-element-ef76be0\" data-id=\"ef76be0\" data-element_type=\"column\">\n\t\t\t<div class=\"elementor-column-wrap elementor-element-populated\">\n\t\t\t\t\t\t\t<div class=\"elementor-widget-wrap\">\n\t\t\t\t\t\t<div class=\"elementor-element elementor-element-02a2cf3 elementor-widget elementor-widget-spacer\" data-id=\"02a2cf3\" data-element_type=\"widget\" data-widget_type=\"spacer.default\">\n\t\t\t\t<div class=\"elementor-widget-container\">\n\t\t\t\t\t<div class=\"elementor-spacer\">\n\t\t\t<div class=\"elementor-spacer-inner\"><\/div>\n\t\t<\/div>\n\t\t\t\t<\/div>\n\t\t\t\t<\/div>\n\t\t\t\t<div class=\"elementor-element elementor-element-1b8f432 elementor-widget elementor-widget-heading\" data-id=\"1b8f432\" data-element_type=\"widget\" data-widget_type=\"heading.default\">\n\t\t\t\t<div class=\"elementor-widget-container\">\n\t\t\t<h3 class=\"elementor-heading-title elementor-size-default\"><b>Servicios a la ciudadan\u00eda<\/b><\/h3>\t\t<\/div>\n\t\t\t\t<\/div>\n\t\t\t\t\t\t<\/div>\n\t\t\t\t\t<\/div>\n\t\t<\/div>\n\t\t\t\t\t\t\t\t<\/div>\n\t\t\t\t\t<\/div>\n\t\t<\/section>\n\t\t<div class=\"elementor-element elementor-element-56a64402 e-container--row e-container\" data-id=\"56a64402\" data-element_type=\"container\">\t\t<div class=\"elementor-element elementor-element-2d522b58 e-container--column e-container\" data-id=\"2d522b58\" data-element_type=\"container\">\t\t<div class=\"elementor-element elementor-element-62fb0b22 e-container--column e-container\" data-id=\"62fb0b22\" data-element_type=\"container\">\t\t\t\t<div class=\"elementor-element elementor-element-b64ced9 elementor-widget elementor-widget-text-editor\" data-id=\"b64ced9\" data-element_type=\"widget\" data-widget_type=\"text-editor.default\">\n\t\t\t\t<div class=\"elementor-widget-container\">\n\t\t\t\t\t\t\t\t<div class=\"elementor-text-editor elementor-clearfix\">\n\t\t\t\t<p>Estos son los espacios que desde la Secretar\u00eda de Gesti\u00f3n Humana tenemos para el servicio a la ciudadan\u00eda. Aqu\u00ed encontrar\u00e1s nuestras sedes, preguntas frecuentes, canales telef\u00f3nicos, Centro de Relevos, chat y Taquillas virtuales.<\/p>\t\t\t\t\t<\/div>\n\t\t\t\t\t\t<\/div>\n\t\t\t\t<\/div>\n\t\t\t\t<div class=\"elementor-element elementor-element-22539886 elementor-widget elementor-widget-button\" data-id=\"22539886\" data-element_type=\"widget\" data-widget_type=\"button.default\">\n\t\t\t\t<div class=\"elementor-widget-container\">\n\t\t\t\t\t<div class=\"elementor-button-wrapper\">\n\t\t\t<a href=\"https:\/\/www.medellin.gov.co\/es\/secretaria-de-gestion-humana\/servicio-a-la-ciudadania\/\" target=\"_blank\" class=\"elementor-button-link elementor-button elementor-size-sm\" role=\"button\">\n\t\t\t\t\t\t<span class=\"elementor-button-content-wrapper\">\n\t\t\t\t\t\t<span class=\"elementor-button-text\">Conoce todos los servicios a la ciudadan\u00eda<\/span>\n\t\t<\/span>\n\t\t\t\t\t<\/a>\n\t\t<\/div>\n\t\t\t\t<\/div>\n\t\t\t\t<\/div>\n\t\t<\/div><div class=\"elementor-element elementor-element-19ce2dd9 e-container--column e-container\" data-id=\"19ce2dd9\" data-element_type=\"container\">\t\t\t\t<div class=\"elementor-element elementor-element-6fca4083 elementor-widget elementor-widget-image\" data-id=\"6fca4083\" data-element_type=\"widget\" data-widget_type=\"image.default\">\n\t\t\t\t<div class=\"elementor-widget-container\">\n\t\t\t\t\t\t\t\t<div class=\"elementor-image\">\n\t\t\t\t\t\t\t\t\t\t\t\t<img src=\"https:\/\/www.medellin.gov.co\/es\/wp-content\/uploads\/elementor\/thumbs\/parque-berrio-centro-de-medellin-ppqmrldb9n11jxi8s8ixye4uf522h585f9bxgogmww.jpg\" title=\"Parque Berr\u00edo &#8211; Centro de Medell\u00edn\" alt=\"Parque Berr\u00edo - Centro de Medell\u00edn\" \/>\t\t\t\t\t\t\t\t\t\t\t\t\t\t<\/div>\n\t\t\t\t\t\t<\/div>\n\t\t\t\t<\/div>\n\t\t<\/div><\/div><\/div>\t\t<section class=\"elementor-section elementor-top-section elementor-element elementor-element-241f8818 elementor-section-full_width elementor-section-height-default elementor-section-height-default\" data-id=\"241f8818\" data-element_type=\"section\" data-settings=\"{&quot;background_background&quot;:&quot;classic&quot;}\">\n\t\t\t\t\t\t<div class=\"elementor-container elementor-column-gap-default\">\n\t\t\t\t\t\t\t<div class=\"elementor-row\">\n\t\t\t\t\t<div class=\"elementor-column elementor-col-100 elementor-top-column elementor-element elementor-element-52538f4a\" data-id=\"52538f4a\" data-element_type=\"column\">\n\t\t\t<div class=\"elementor-column-wrap elementor-element-populated\">\n\t\t\t\t\t\t\t<div class=\"elementor-widget-wrap\">\n\t\t\t\t<div class=\"elementor-element elementor-element-172bcd5 e-container--column e-container\" data-id=\"172bcd5\" data-element_type=\"container\">\t\t\t\t<div class=\"elementor-element elementor-element-18405344 elementor-widget elementor-widget-titulo-con-link\" data-id=\"18405344\" data-element_type=\"widget\" data-widget_type=\"titulo-con-link.default\">\n\t\t\t\t<div class=\"elementor-widget-container\">\n\t\t\t        <div class=\"heading-container\">\n            <div class=\"heading-title\">\n                <h2 class=\"elementor-heading-title elementor-size-default\"><a href=\"https:\/\/www.medellin.gov.co\/es\/resultados-eventos\/?_sft_category=dagrd\"><b>Tr\u00e1mites y Servicios <\/b>a la ciudadan\u00eda<\/a><\/h2>            <\/div>\n            <div class=\"heading-links\">\n                <ul>\n                                            <li>\n                            <a href=\"https:\/\/www.medellin.gov.co\/es\/tramites-y-servicios\/?_sft_estramiteoservicio=tramite&#038;_sft_category=secretaria-de-gestion-humana-y-servicio-a-la-ciudadania\" target=\"_blank\">\n                                                                    <i class=\"fa fa-bullseye\"><\/i>\n                                                                Tr\u00e1mites                            <\/a>\n                        <\/li>\n                                            <li>\n                            <a href=\"https:\/\/www.medellin.gov.co\/es\/tramites-y-servicios\/?_sft_estramiteoservicio=servicio&#038;_sft_category=secretaria-de-gestion-humana-y-servicio-a-la-ciudadania\">\n                                                                    <i class=\"fa fa-bullseye\"><\/i>\n                                                                Servicios                            <\/a>\n                        <\/li>\n                                            <li>\n                            <a href=\"https:\/\/www.medellin.gov.co\/es\/tramites-y-servicios\/?_sft_category=secretaria-de-gestion-humana-y-servicio-a-la-ciudadania\" target=\"_blank\">\n                                                                 Ver todos los tr\u00e1mites y servicios                            <\/a>\n                        <\/li>\n                                    <\/ul>\n            <\/div>\n        <\/div>\n        \t\t<\/div>\n\t\t\t\t<\/div>\n\t\t\t\t<div class=\"elementor-element elementor-element-1bd0e42b elementor-widget elementor-widget-text-editor\" data-id=\"1bd0e42b\" data-element_type=\"widget\" data-widget_type=\"text-editor.default\">\n\t\t\t\t<div class=\"elementor-widget-container\">\n\t\t\t\t\t\t\t\t<div class=\"elementor-text-editor elementor-clearfix\">\n\t\t\t\t<p>Encuentra aqu\u00ed todos los tr\u00e1mites y servicios relacionados con la Alcald\u00eda de Medell\u00edn. Inicia sesi\u00f3n si deseas efectuar el pago en los casos que esta acci\u00f3n est\u00e9 disponible.<\/p>\t\t\t\t\t<\/div>\n\t\t\t\t\t\t<\/div>\n\t\t\t\t<\/div>\n\t\t\t\t<div class=\"elementor-element elementor-element-3051a751 pp-equal-height-yes variable-tys elementor-grid-3 elementor-grid-tablet-2 elementor-grid-mobile-1 elementor-widget elementor-widget-pp-posts\" data-id=\"3051a751\" data-element_type=\"widget\" data-widget_type=\"pp-posts.classic\">\n\t\t\t\t<div class=\"elementor-widget-container\">\n\t\t\t\t\t<div class=\"pp-posts-container swiper-container-wrap swiper-container-wrap-dots-outside\">\n\t\t\t\n\t\t\t\n\t\t\t<div class=\"pp-posts pp-posts-skin-classic pp-posts-carousel pp-swiper-slider swiper-container\" data-equal-height=\"yes\" data-query-type=\"custom\" data-layout=\"carousel\" data-page=\"14147\" data-skin=\"classic\" data-slider-settings=\"{&quot;direction&quot;:&quot;horizontal&quot;,&quot;speed&quot;:600,&quot;slidesPerView&quot;:3,&quot;autoHeight&quot;:true,&quot;watchSlidesVisibility&quot;:true,&quot;centeredSlides&quot;:false,&quot;loop&quot;:true,&quot;autoplay&quot;:{&quot;delay&quot;:999999,&quot;pauseOnHover&quot;:true,&quot;disableOnInteraction&quot;:true},&quot;pagination&quot;:{&quot;el&quot;:&quot;.swiper-pagination-classic&quot;,&quot;clickable&quot;:true},&quot;breakpoints&quot;:{&quot;1025&quot;:{&quot;slidesPerView&quot;:3},&quot;768&quot;:{&quot;slidesPerView&quot;:2},&quot;320&quot;:{&quot;slidesPerView&quot;:1}}}\">\n\t\t\t\t<div class=\"swiper-wrapper\">\t\t\t\t\t\t\t<div class=\"pp-post-wrap pp-carousel-item-wrap swiper-slide post-43701 tramites-y-servicios type-tramites-y-servicios status-publish has-post-thumbnail hentry category-secretaria-de-gestion-humana-y-servicio-a-la-ciudadania tag-actos-administrativos tag-atencion-ciudadana estramiteoservicio-tramite\">\n\t\t\t\t\t\t<div class=\"pp-post pp-carousel-item\">\n\t\t\t\t\n\t\t\t\t\n\t\t\t\t<div class=\"pp-post-content\">\n\t\t\t\t\t\t\t\t\t\t\t<h2 class=\"pp-post-title\">\n\t\t\t\t<a href=\"https:\/\/www.medellin.gov.co\/es\/tramites-y-servicios\/certificado-de-residencia\/\">Certificado de residencia<\/a>\t\t\t<\/h2>\n\t\t\t\t\t\t\t\t\t<div class=\"pp-post-meta\">\n\t\t\t\t\t\t\t<\/div>\n\t\t\t\t\t\t\t<div class=\"pp-post-excerpt\">\n\t\t\tObtener una certificaci\u00f3n sobre el lugar de residencia o domicilio...\t\t<\/div>\n\t\t\t\t\t\t                <a href=\"https:\/\/www.medellin.gov.co\/statements\/choice\" class=\"boton-realizar-tys button-43701\" target=\"_blank\"><span class=\"boton-tys-texto\">Realizar<\/span><\/a>\n\t\t<a class=\"pp-posts-button elementor-button elementor-size-sm\" href=\"https:\/\/www.medellin.gov.co\/es\/tramites-y-servicios\/certificado-de-residencia\/\">\n\t\t\t\t\t\t\t\t\t\t<span class=\"pp-button-text\">\n\t\t\t\t\tConocer m\u00e1s\t\t\t\t<\/span>\n\t\t\t\t\t\t\t\t\t<span class=\"pp-button-icon elementor-button-icon elementor-align-icon-right\">\n\t\t\t\t\t\t\t<\/span>\n\t\t\t\t\t<\/a>\n\t\t\t\t\t\t\t\t<\/div>\n\n\t\t\t\t\t\t\t<\/div>\n\t\t\t\t\t<\/div>\n\t\t\t\t<div class=\"pp-post-wrap pp-carousel-item-wrap swiper-slide post-71220 tramites-y-servicios type-tramites-y-servicios status-publish hentry category-secretaria-de-gestion-humana-y-servicio-a-la-ciudadania tag-actos-administrativos tag-impuestos estramiteoservicio-tramite\">\n\t\t\t\t\t\t<div class=\"pp-post pp-carousel-item\">\n\t\t\t\t\n\t\t\t\t\n\t\t\t\t<div class=\"pp-post-content\">\n\t\t\t\t\t\t\t\t\t\t\t<h2 class=\"pp-post-title\">\n\t\t\t\t<a href=\"https:\/\/www.medellin.gov.co\/es\/tramites-y-servicios\/declaracion-de-autorretenedores\/\">Declaraci\u00f3n de autorretenedores<\/a>\t\t\t<\/h2>\n\t\t\t\t\t\t\t\t\t<div class=\"pp-post-meta\">\n\t\t\t\t\t\t\t<\/div>\n\t\t\t\t\t\t\t<div class=\"pp-post-excerpt\">\n\t\t\tConoce, descarga y diligencia el formato para la presentaci\u00f3n de...\t\t<\/div>\n\t\t\t\t\t\t                <a href=\"https:\/\/www.medellin.gov.co\/irj\/portal\/medellin\/declaracion-autorretenedores?NavigationTarget=navurl:\/\/9786a2b85d62a05b795f0afea6125cb5\" class=\"boton-realizar-tys button-71220\" target=\"_blank\"><span class=\"boton-tys-texto\">Realizar<\/span><\/a>\n\t\t<a class=\"pp-posts-button elementor-button elementor-size-sm\" href=\"https:\/\/www.medellin.gov.co\/es\/tramites-y-servicios\/declaracion-de-autorretenedores\/\">\n\t\t\t\t\t\t\t\t\t\t<span class=\"pp-button-text\">\n\t\t\t\t\tConocer m\u00e1s\t\t\t\t<\/span>\n\t\t\t\t\t\t\t\t\t<span class=\"pp-button-icon elementor-button-icon elementor-align-icon-right\">\n\t\t\t\t\t\t\t<\/span>\n\t\t\t\t\t<\/a>\n\t\t\t\t\t\t\t\t<\/div>\n\n\t\t\t\t\t\t\t<\/div>\n\t\t\t\t\t<\/div>\n\t\t\t\t<div class=\"pp-post-wrap pp-carousel-item-wrap swiper-slide post-71137 tramites-y-servicios type-tramites-y-servicios status-publish has-post-thumbnail hentry category-secretaria-de-gestion-humana-y-servicio-a-la-ciudadania tag-atencion-ciudadana tag-gobernanza estramiteoservicio-tramite\">\n\t\t\t\t\t\t<div class=\"pp-post pp-carousel-item\">\n\t\t\t\t\n\t\t\t\t\n\t\t\t\t<div class=\"pp-post-content\">\n\t\t\t\t\t\t\t\t\t\t\t<h2 class=\"pp-post-title\">\n\t\t\t\t<a href=\"https:\/\/www.medellin.gov.co\/es\/tramites-y-servicios\/ficho-virtual\/\">Ficho digital Alcald\u00eda de Medell\u00edn<\/a>\t\t\t<\/h2>\n\t\t\t\t\t\t\t\t\t<div class=\"pp-post-meta\">\n\t\t\t\t\t\t\t<\/div>\n\t\t\t\t\t\t\t<div class=\"pp-post-excerpt\">\n\t\t\tComo una manera de mejorar el acceso a los servicios,...\t\t<\/div>\n\t\t\t\t\t\t                <a href=\"https:\/\/distritodemedellinvirtual.sistemasentry.com.co\/visionweb\/solicitarcita\" class=\"boton-realizar-tys button-71137\" target=\"_blank\"><span class=\"boton-tys-texto\">Realizar<\/span><\/a>\n\t\t<a class=\"pp-posts-button elementor-button elementor-size-sm\" href=\"https:\/\/www.medellin.gov.co\/es\/tramites-y-servicios\/ficho-virtual\/\">\n\t\t\t\t\t\t\t\t\t\t<span class=\"pp-button-text\">\n\t\t\t\t\tConocer m\u00e1s\t\t\t\t<\/span>\n\t\t\t\t\t\t\t\t\t<span class=\"pp-button-icon elementor-button-icon elementor-align-icon-right\">\n\t\t\t\t\t\t\t<\/span>\n\t\t\t\t\t<\/a>\n\t\t\t\t\t\t\t\t<\/div>\n\n\t\t\t\t\t\t\t<\/div>\n\t\t\t\t\t<\/div>\n\t\t\t\t<div class=\"pp-post-wrap pp-carousel-item-wrap swiper-slide post-43700 tramites-y-servicios type-tramites-y-servicios status-publish has-post-thumbnail hentry category-secretaria-de-gestion-humana-y-servicio-a-la-ciudadania tag-atencion-ciudadana tag-bienestar tag-medellin-te-quiere-saludable tag-nuestro-gobierno tag-salud estramiteoservicio-tramite\">\n\t\t\t\t\t\t<div class=\"pp-post pp-carousel-item\">\n\t\t\t\t\n\t\t\t\t\n\t\t\t\t<div class=\"pp-post-content\">\n\t\t\t\t\t\t\t\t\t\t\t<h2 class=\"pp-post-title\">\n\t\t\t\t<a href=\"https:\/\/www.medellin.gov.co\/es\/tramites-y-servicios\/auxilio-para-gastos-de-sepelio\/\">Auxilio para gastos de sepelio<\/a>\t\t\t<\/h2>\n\t\t\t\t\t\t\t\t\t<div class=\"pp-post-meta\">\n\t\t\t\t\t\t\t<\/div>\n\t\t\t\t\t\t\t<div class=\"pp-post-excerpt\">\n\t\t\tObtener el reconocimiento y pago de los gastos funerarios a...\t\t<\/div>\n\t\t\t\t\t\t                <a href=\"https:\/\/www.medellin.gov.co\/es\/pqrsd\/\" class=\"boton-realizar-tys button-43700\" target=\"_blank\"><span class=\"boton-tys-texto\">Realizar<\/span><\/a>\n\t\t<a class=\"pp-posts-button elementor-button elementor-size-sm\" href=\"https:\/\/www.medellin.gov.co\/es\/tramites-y-servicios\/auxilio-para-gastos-de-sepelio\/\">\n\t\t\t\t\t\t\t\t\t\t<span class=\"pp-button-text\">\n\t\t\t\t\tConocer m\u00e1s\t\t\t\t<\/span>\n\t\t\t\t\t\t\t\t\t<span class=\"pp-button-icon elementor-button-icon elementor-align-icon-right\">\n\t\t\t\t\t\t\t<\/span>\n\t\t\t\t\t<\/a>\n\t\t\t\t\t\t\t\t<\/div>\n\n\t\t\t\t\t\t\t<\/div>\n\t\t\t\t\t<\/div>\n\t\t\t\t<div class=\"pp-post-wrap pp-carousel-item-wrap swiper-slide post-64582 tramites-y-servicios type-tramites-y-servicios status-publish hentry category-departamento-administrativo-de-planeacion category-secretaria-de-cultura-ciudadana category-secretaria-de-desarrollo-economico category-secretaria-de-educacion category-secretaria-de-gestion-humana-y-servicio-a-la-ciudadania category-secretaria-de-gestion-y-control-territorial category-secretaria-de-gobierno-y-gestion-del-gabinete category-secretaria-de-hacienda category-secretaria-de-infraestructura-fisica category-secretaria-de-las-mujeres category-secretaria-de-medio-ambiente category-secretaria-de-movilidad category-secretaria-de-seguridad-y-convivencia category-secretaria-de-suministros-y-servicios category-secretaria-general category-secretaria-privada category-unidad-administrativa-especial-buen-comienzo tag-gobernanza tag-nuestro-gobierno estramiteoservicio-servicio\">\n\t\t\t\t\t\t<div class=\"pp-post pp-carousel-item\">\n\t\t\t\t\n\t\t\t\t\n\t\t\t\t<div class=\"pp-post-content\">\n\t\t\t\t\t\t\t\t\t\t\t<h2 class=\"pp-post-title\">\n\t\t\t\t<a href=\"https:\/\/www.medellin.gov.co\/es\/tramites-y-servicios\/servicios-para-usuarios-logueados\/\">Servicios para usuarios logueados<\/a>\t\t\t<\/h2>\n\t\t\t\t\t\t\t\t\t<div class=\"pp-post-meta\">\n\t\t\t\t\t\t\t<\/div>\n\t\t\t\t\t\t\t<div class=\"pp-post-excerpt\">\n\t\t\tConoce los servicios especiales que tiene la Alcald\u00eda de Medell\u00edn...\t\t<\/div>\n\t\t\t\t\t\t\t\t<a class=\"pp-posts-button elementor-button elementor-size-sm\" href=\"https:\/\/www.medellin.gov.co\/es\/tramites-y-servicios\/servicios-para-usuarios-logueados\/\">\n\t\t\t\t\t\t\t\t\t\t<span class=\"pp-button-text\">\n\t\t\t\t\tConocer m\u00e1s\t\t\t\t<\/span>\n\t\t\t\t\t\t\t\t\t<span class=\"pp-button-icon elementor-button-icon elementor-align-icon-right\">\n\t\t\t\t\t\t\t<\/span>\n\t\t\t\t\t<\/a>\n\t\t\t\t\t\t\t\t<\/div>\n\n\t\t\t\t\t\t\t<\/div>\n\t\t\t\t\t<\/div>\n\t\t\t\t\t\t<\/div>\t\t\t<\/div>\n\t\t\t\t\t\t<!-- Add Pagination -->\n\t\t\t<div class=\"swiper-pagination swiper-pagination-3051a751\"><\/div>\n\t\t\t\n\t\t\t\n\t\t\t\n\t\t\t\n\t\t\t\t\t<\/div>\n\n\t\t\n\t\t\t\t<\/div>\n\t\t\t\t<\/div>\n\t\t<\/div>\t\t\t\t<\/div>\n\t\t\t\t\t<\/div>\n\t\t<\/div>\n\t\t\t\t\t\t\t\t<\/div>\n\t\t\t\t\t<\/div>\n\t\t<\/section>\n\t\t\t\t<section class=\"elementor-section elementor-top-section elementor-element elementor-element-e26e5e8 elementor-section-full_width elementor-section-height-default elementor-section-height-default\" data-id=\"e26e5e8\" data-element_type=\"section\" data-settings=\"{&quot;background_background&quot;:&quot;classic&quot;}\">\n\t\t\t\t\t\t<div class=\"elementor-container elementor-column-gap-default\">\n\t\t\t\t\t\t\t<div class=\"elementor-row\">\n\t\t\t\t\t<div class=\"elementor-column elementor-col-100 elementor-top-column elementor-element elementor-element-1246a86\" data-id=\"1246a86\" data-element_type=\"column\">\n\t\t\t<div class=\"elementor-column-wrap elementor-element-populated\">\n\t\t\t\t\t\t\t<div class=\"elementor-widget-wrap\">\n\t\t\t\t\t\t<section class=\"elementor-section elementor-inner-section elementor-element elementor-element-c17a2c6 elementor-section-boxed elementor-section-height-default elementor-section-height-default\" data-id=\"c17a2c6\" data-element_type=\"section\">\n\t\t\t\t\t\t<div class=\"elementor-container elementor-column-gap-custom\">\n\t\t\t\t\t\t\t<div class=\"elementor-row\">\n\t\t\t\t\t<div class=\"elementor-column elementor-col-50 elementor-inner-column elementor-element elementor-element-f103144\" data-id=\"f103144\" data-element_type=\"column\">\n\t\t\t<div class=\"elementor-column-wrap elementor-element-populated\">\n\t\t\t\t\t\t\t<div class=\"elementor-widget-wrap\">\n\t\t\t\t\t\t<div class=\"elementor-element elementor-element-1b0b905 elementor-widget elementor-widget-html\" data-id=\"1b0b905\" data-element_type=\"widget\" data-widget_type=\"html.default\">\n\t\t\t\t<div class=\"elementor-widget-container\">\n\t\t\t<div class=\"content-cinta-title-lin-all\">\n <h1 class=\"h1-cinta-blue-sede\">Sedes<\/h1>\n <h3 class=\"h3-cinta-naran-sede\">de atenci\u00f3n a la Ciudadan\u00eda<\/h3>\n<\/div>\n<style>\n.content-cinta-title-lin-all {\n    margin: auto;\n    display: grid;\n    justify-items: end;\n}\n.h1-cinta-blue-sede {\n  color: #14B8CE;\n  font-family: \"Work Sans\", Sans-serif;\n  font-size: 36px !important;\n  line-height: 35px !important;\n  text-align: right;\n}\n.h3-cinta-naran-sede {\n color: #FB8406;\n font-family: \"Work Sans\", Sans-serif;\n font-size: 27px !important;\n line-height: 1 !important;\n text-align: right;\n}\n\n@media screen and (min-width:768px) {\n    .h1-cinta-blue-sede {\n        font-size: 50px !important;\n        line-height: 52px !important;\n    }\n    \n    .h3-cinta-naran-sede {\n        font-size: 34px !important;\n    }\n}\n@media screen and (min-width:1024px) {\n    .h1-cinta-blue-sede {\n        font-size: 80px !important;\n        line-height: 58px !important;\n    }\n    \n    .h3-cinta-naran-sede {\n        font-size: 46px !important;\n    }\n}\n<\/style>\t\t<\/div>\n\t\t\t\t<\/div>\n\t\t\t\t\t\t<\/div>\n\t\t\t\t\t<\/div>\n\t\t<\/div>\n\t\t\t\t<div class=\"elementor-column elementor-col-50 elementor-inner-column elementor-element elementor-element-a9f74e8\" data-id=\"a9f74e8\" data-element_type=\"column\">\n\t\t\t<div class=\"elementor-column-wrap elementor-element-populated\">\n\t\t\t\t\t\t\t<div class=\"elementor-widget-wrap\">\n\t\t\t\t\t\t<div class=\"elementor-element elementor-element-cf08c0f elementor-widget elementor-widget-text-editor\" data-id=\"cf08c0f\" data-element_type=\"widget\" data-widget_type=\"text-editor.default\">\n\t\t\t\t<div class=\"elementor-widget-container\">\n\t\t\t\t\t\t\t\t<div class=\"elementor-text-editor elementor-clearfix\">\n\t\t\t\t<p style=\"text-align: left;\">En este espacio encontrar\u00e1s todas las sedes de atenci\u00f3n a la ciudadan\u00eda de la Alcald\u00eda de Medell\u00edn<\/p>\t\t\t\t\t<\/div>\n\t\t\t\t\t\t<\/div>\n\t\t\t\t<\/div>\n\t\t\t\t<div class=\"elementor-element elementor-element-84a611c elementor-tablet-align-left elementor-mobile-align-center elementor-widget elementor-widget-button\" data-id=\"84a611c\" data-element_type=\"widget\" data-widget_type=\"button.default\">\n\t\t\t\t<div class=\"elementor-widget-container\">\n\t\t\t\t\t<div class=\"elementor-button-wrapper\">\n\t\t\t<a href=\"https:\/\/www.medellin.gov.co\/es\/sedes\/?_sft_category=secretaria-de-gestion-humana-y-servicio-a-la-ciudadania\" target=\"_blank\" class=\"elementor-button-link elementor-button elementor-size-sm\" role=\"button\">\n\t\t\t\t\t\t<span class=\"elementor-button-content-wrapper\">\n\t\t\t\t\t\t<span class=\"elementor-button-text\">Conoce m\u00e1s<\/span>\n\t\t<\/span>\n\t\t\t\t\t<\/a>\n\t\t<\/div>\n\t\t\t\t<\/div>\n\t\t\t\t<\/div>\n\t\t\t\t\t\t<\/div>\n\t\t\t\t\t<\/div>\n\t\t<\/div>\n\t\t\t\t\t\t\t\t<\/div>\n\t\t\t\t\t<\/div>\n\t\t<\/section>\n\t\t\t\t\t\t<\/div>\n\t\t\t\t\t<\/div>\n\t\t<\/div>\n\t\t\t\t\t\t\t\t<\/div>\n\t\t\t\t\t<\/div>\n\t\t<\/section>\n\t\t\t\t<section class=\"elementor-section elementor-top-section elementor-element elementor-element-6e2c7cb3 elementor-section-boxed elementor-section-height-default elementor-section-height-default\" data-id=\"6e2c7cb3\" data-element_type=\"section\">\n\t\t\t\t\t\t<div class=\"elementor-container elementor-column-gap-default\">\n\t\t\t\t\t\t\t<div class=\"elementor-row\">\n\t\t\t\t\t<div class=\"elementor-column elementor-col-100 elementor-top-column elementor-element elementor-element-276ee5af\" data-id=\"276ee5af\" data-element_type=\"column\">\n\t\t\t<div class=\"elementor-column-wrap elementor-element-populated\">\n\t\t\t\t\t\t\t<div class=\"elementor-widget-wrap\">\n\t\t\t\t\t\t<div class=\"elementor-element elementor-element-1cbd80fc elementor-widget elementor-widget-titulo-con-link\" data-id=\"1cbd80fc\" data-element_type=\"widget\" data-widget_type=\"titulo-con-link.default\">\n\t\t\t\t<div class=\"elementor-widget-container\">\n\t\t\t        <div class=\"heading-container\">\n            <div class=\"heading-title\">\n                <h2 class=\"elementor-heading-title elementor-size-default\"><a href=\"https:\/\/www.medellin.gov.co\/es\/sala-de-prensa\/noticias\/?_sft_category=unidad-administrativa-especial-buen-comienzo\"><b>\u00daltimas noticias<\/b> Secretar\u00eda de Gesti\u00f3n Humana<\/a><\/h2>            <\/div>\n            <div class=\"heading-links\">\n                <ul>\n                                            <li>\n                            <a href=\"https:\/\/www.medellin.gov.co\/es\/sala-de-prensa\/noticias\/?_sft_category=secretaria-de-desarrollo-economico\">\n                                                                 Ver todas las noticias                            <\/a>\n                        <\/li>\n                                    <\/ul>\n            <\/div>\n        <\/div>\n        \t\t<\/div>\n\t\t\t\t<\/div>\n\t\t\t\t<div class=\"elementor-element elementor-element-de75579 elementor-widget elementor-widget-text-editor\" data-id=\"de75579\" data-element_type=\"widget\" data-widget_type=\"text-editor.default\">\n\t\t\t\t<div class=\"elementor-widget-container\">\n\t\t\t\t\t\t\t\t<div class=\"elementor-text-editor elementor-clearfix\">\n\t\t\t\t<p>Explora aqu\u00ed todas las noticias de la Secretar\u00eda de Gesti\u00f3n Humana y Servicio a la Ciudadan\u00eda y realiza filtros por fechas, secretar\u00edas o formatos seg\u00fan tu preferencia.<\/p>\t\t\t\t\t<\/div>\n\t\t\t\t\t\t<\/div>\n\t\t\t\t<\/div>\n\t\t\t\t\t\t<\/div>\n\t\t\t\t\t<\/div>\n\t\t<\/div>\n\t\t\t\t\t\t\t\t<\/div>\n\t\t\t\t\t<\/div>\n\t\t<\/section>\n\t\t<div class=\"elementor-element elementor-element-15d15f82 e-container--column e-container\" data-id=\"15d15f82\" data-element_type=\"container\">\t\t\t\t<div class=\"elementor-element elementor-element-45dcbdc5 elementor-widget elementor-widget-noticias\" data-id=\"45dcbdc5\" data-element_type=\"widget\" data-widget_type=\"noticias.default\">\n\t\t\t\t<div class=\"elementor-widget-container\">\n\t\t\t          <div class=\"mod_news_inicio_\">\n                <div class=\"grid_nes_hom_\">\n                                  <div class=\"grid_1\">\n                    <h3 class=\"titulog_1dr\"><a id=\"\" href=\"https:\/\/www.medellin.gov.co\/es\/sala-de-prensa\/noticias\/cambios-en-la-atencion-al-publico-en-semana-santa-estos-seran-los-horarios-de-la-alcaldia-de-medellin\/\">Cambios en la atenci\u00f3n al p\u00fablico en Semana Santa: estos ...<\/a><\/h3>\n                    <span class=\"pertenece_a\">Contenido asociado a<\/span>\n                    <div class=\"listado_vim\">\n                          <ul><li><ion-icon name=\"radio-button-on-outline\"><\/ion-icon><a href=\"https:\/\/www.medellin.gov.co\/es\/temas-de-ciudad\/atencion-ciudadana\/\" rel=\"tag\">Atenci\u00f3n ciudadana<\/a><\/li><li><ion-icon name=\"radio-button-on-outline\"><\/ion-icon><a href=\"https:\/\/www.medellin.gov.co\/es\/temas-de-ciudad\/nuestro-gobierno\/\" rel=\"tag\">Nuestro Gobierno<\/a><\/li><\/ul>                    <\/div>\n                    <a id=\"\" href=\"https:\/\/www.medellin.gov.co\/es\/sala-de-prensa\/noticias\/cambios-en-la-atencion-al-publico-en-semana-santa-estos-seran-los-horarios-de-la-alcaldia-de-medellin\/\">\n                          <img width=\"1013\" height=\"760\" src=\"https:\/\/www.medellin.gov.co\/es\/wp-content\/uploads\/2026\/03\/Imagen-de-taquillas-de-atencion-al-ciudadano.jpg\" class=\"attachment- size- wp-post-image\" alt=\"Imagen de taquillas de atenci\u00f3n al ciudadano\" loading=\"lazy\" srcset=\"https:\/\/www.medellin.gov.co\/es\/wp-content\/uploads\/2026\/03\/Imagen-de-taquillas-de-atencion-al-ciudadano.jpg 1013w, https:\/\/www.medellin.gov.co\/es\/wp-content\/uploads\/2026\/03\/Imagen-de-taquillas-de-atencion-al-ciudadano-300x225.jpg 300w, https:\/\/www.medellin.gov.co\/es\/wp-content\/uploads\/2026\/03\/Imagen-de-taquillas-de-atencion-al-ciudadano-150x113.jpg 150w, https:\/\/www.medellin.gov.co\/es\/wp-content\/uploads\/2026\/03\/Imagen-de-taquillas-de-atencion-al-ciudadano-768x576.jpg 768w\" sizes=\"(max-width: 1013px) 100vw, 1013px\" \/>                    <\/a>\n                    <p>\n                          El lunes 30, el martes 31 de marzo y el mi\u00e9rcoles 1 de abril no habr\u00e1 atenci\u00f3n presencial en...                    <\/p>\n                    <a id=\"\" href=\"https:\/\/www.medellin.gov.co\/es\/sala-de-prensa\/noticias\/cambios-en-la-atencion-al-publico-en-semana-santa-estos-seran-los-horarios-de-la-alcaldia-de-medellin\/\" class=\"boton_vernota\">Conoce m\u00e1s<\/a>\n                    <div class=\"formatos_\">\n                                              <\/div>\n                    <!-- <small>Tipo de lectura: 1 minutos<\/small> -->\n                  <\/div>\n                \n                  <div class=\"grid_2\">\n                                    <div class=\"grid\">\n                    <a href=\"https:\/\/www.medellin.gov.co\/es\/sala-de-prensa\/noticias\/flor-el-canal-de-whatsapp-de-la-alcaldia-de-medellin-registro-casi-600-000-interacciones-en-su-primer-ano\/\">\n                    <img width=\"960\" height=\"720\" src=\"https:\/\/www.medellin.gov.co\/es\/wp-content\/uploads\/2026\/03\/Imagen-Flor-el-canal-de-WhatsApp-de-la-Alcaldia-de-Medellin-2.jpg\" class=\"attachment- size- wp-post-image\" alt=\"\" loading=\"lazy\" srcset=\"https:\/\/www.medellin.gov.co\/es\/wp-content\/uploads\/2026\/03\/Imagen-Flor-el-canal-de-WhatsApp-de-la-Alcaldia-de-Medellin-2.jpg 960w, https:\/\/www.medellin.gov.co\/es\/wp-content\/uploads\/2026\/03\/Imagen-Flor-el-canal-de-WhatsApp-de-la-Alcaldia-de-Medellin-2-300x225.jpg 300w, https:\/\/www.medellin.gov.co\/es\/wp-content\/uploads\/2026\/03\/Imagen-Flor-el-canal-de-WhatsApp-de-la-Alcaldia-de-Medellin-2-150x113.jpg 150w, https:\/\/www.medellin.gov.co\/es\/wp-content\/uploads\/2026\/03\/Imagen-Flor-el-canal-de-WhatsApp-de-la-Alcaldia-de-Medellin-2-768x576.jpg 768w\" sizes=\"(max-width: 960px) 100vw, 960px\" \/>                  <\/a>\n                    <h3 class=\"titulog_dr\"><a id=\"\" href=\"https:\/\/www.medellin.gov.co\/es\/sala-de-prensa\/noticias\/flor-el-canal-de-whatsapp-de-la-alcaldia-de-medellin-registro-casi-600-000-interacciones-en-su-primer-ano\/\">Flor, el canal de WhatsApp de la Alcald\u00eda de Medell\u00edn ...<\/a><\/h3>\n                    <span class=\"pertenece_a\">Contenido asociado a<\/span>\n                    <div class=\"listado_vim\">\n                    <ul><li><ion-icon name=\"radio-button-on-outline\"><\/ion-icon><a href=\"https:\/\/www.medellin.gov.co\/es\/temas-de-ciudad\/atencion-ciudadana\/\" rel=\"tag\">Atenci\u00f3n ciudadana<\/a><\/li><li><ion-icon name=\"radio-button-on-outline\"><\/ion-icon><a href=\"https:\/\/www.medellin.gov.co\/es\/temas-de-ciudad\/bienestar\/\" rel=\"tag\">Bienestar<\/a><\/li><\/ul>                    <\/div>\n                    <p>\n                    M\u00e1s del 40 % de las atenciones ciudadanas que se registran en los...                    <\/p>\n                    <div class=\"zocalo_grid_\">\n                    <a id=\"\" href=\"https:\/\/www.medellin.gov.co\/es\/sala-de-prensa\/noticias\/flor-el-canal-de-whatsapp-de-la-alcaldia-de-medellin-registro-casi-600-000-interacciones-en-su-primer-ano\/\">Contin\u00faa leyendo<\/a>\n                    <\/div>\n                  <\/div>\n                                    <div class=\"grid\">\n                    <a href=\"https:\/\/www.medellin.gov.co\/es\/sala-de-prensa\/noticias\/con-ficho-digital-habitantes-de-medellin-ahorran-tiempo-en-tramites-de-sisben-catastro-y-atencion-a-victimas\/\">\n                    <img width=\"1133\" height=\"850\" src=\"https:\/\/www.medellin.gov.co\/es\/wp-content\/uploads\/2026\/02\/Imagen-Ficho-Digital-para-tramites-de-Sisben-catastro-y-atencion-a-victimas-4.jpg\" class=\"attachment- size- wp-post-image\" alt=\"Imagen Ficho Digital para tr\u00e1mites de Sisb\u00e9n, catastro y atenci\u00f3n a v\u00edctimas (4)\" loading=\"lazy\" srcset=\"https:\/\/www.medellin.gov.co\/es\/wp-content\/uploads\/2026\/02\/Imagen-Ficho-Digital-para-tramites-de-Sisben-catastro-y-atencion-a-victimas-4.jpg 1133w, https:\/\/www.medellin.gov.co\/es\/wp-content\/uploads\/2026\/02\/Imagen-Ficho-Digital-para-tramites-de-Sisben-catastro-y-atencion-a-victimas-4-300x225.jpg 300w, https:\/\/www.medellin.gov.co\/es\/wp-content\/uploads\/2026\/02\/Imagen-Ficho-Digital-para-tramites-de-Sisben-catastro-y-atencion-a-victimas-4-1024x768.jpg 1024w, https:\/\/www.medellin.gov.co\/es\/wp-content\/uploads\/2026\/02\/Imagen-Ficho-Digital-para-tramites-de-Sisben-catastro-y-atencion-a-victimas-4-150x113.jpg 150w, https:\/\/www.medellin.gov.co\/es\/wp-content\/uploads\/2026\/02\/Imagen-Ficho-Digital-para-tramites-de-Sisben-catastro-y-atencion-a-victimas-4-768x576.jpg 768w\" sizes=\"(max-width: 1133px) 100vw, 1133px\" \/>                  <\/a>\n                    <h3 class=\"titulog_dr\"><a id=\"\" href=\"https:\/\/www.medellin.gov.co\/es\/sala-de-prensa\/noticias\/con-ficho-digital-habitantes-de-medellin-ahorran-tiempo-en-tramites-de-sisben-catastro-y-atencion-a-victimas\/\">Con Ficho Digital, habitantes de Medell\u00edn ahorran tiempo en tr\u00e1mites ...<\/a><\/h3>\n                    <span class=\"pertenece_a\">Contenido asociado a<\/span>\n                    <div class=\"listado_vim\">\n                    <ul><li><ion-icon name=\"radio-button-on-outline\"><\/ion-icon><a href=\"https:\/\/www.medellin.gov.co\/es\/temas-de-ciudad\/nuestro-gobierno\/\" rel=\"tag\">Nuestro Gobierno<\/a><\/li><\/ul>                    <\/div>\n                    <p>\n                    Como una manera de mejorar el acceso a los servicios, reducir tiempos de...                    <\/p>\n                    <div class=\"zocalo_grid_\">\n                    <a id=\"\" href=\"https:\/\/www.medellin.gov.co\/es\/sala-de-prensa\/noticias\/con-ficho-digital-habitantes-de-medellin-ahorran-tiempo-en-tramites-de-sisben-catastro-y-atencion-a-victimas\/\">Contin\u00faa leyendo<\/a>\n                    <\/div>\n                  <\/div>\n                                    <div class=\"grid\">\n                    <a href=\"https:\/\/www.medellin.gov.co\/es\/sala-de-prensa\/noticias\/la-alcaldia-de-medellin-habilitara-atencion-al-publico-durante-dos-sabados-por-ajuste-temporal-de-horarios\/\">\n                    <img width=\"1133\" height=\"850\" src=\"https:\/\/www.medellin.gov.co\/es\/wp-content\/uploads\/2026\/02\/Imagen-La-Alcaldia-de-Medellin-habilitara-atencion-al-publico-durante-dos-sabados-por-ajuste-temporal-de-horarios-2.jpg\" class=\"attachment- size- wp-post-image\" alt=\"Imagen La Alcald\u00eda de Medell\u00edn habilitar\u00e1 atenci\u00f3n al p\u00fablico durante dos s\u00e1bados por ajuste temporal de horarios (2)\" loading=\"lazy\" srcset=\"https:\/\/www.medellin.gov.co\/es\/wp-content\/uploads\/2026\/02\/Imagen-La-Alcaldia-de-Medellin-habilitara-atencion-al-publico-durante-dos-sabados-por-ajuste-temporal-de-horarios-2.jpg 1133w, https:\/\/www.medellin.gov.co\/es\/wp-content\/uploads\/2026\/02\/Imagen-La-Alcaldia-de-Medellin-habilitara-atencion-al-publico-durante-dos-sabados-por-ajuste-temporal-de-horarios-2-300x225.jpg 300w, https:\/\/www.medellin.gov.co\/es\/wp-content\/uploads\/2026\/02\/Imagen-La-Alcaldia-de-Medellin-habilitara-atencion-al-publico-durante-dos-sabados-por-ajuste-temporal-de-horarios-2-1024x768.jpg 1024w, https:\/\/www.medellin.gov.co\/es\/wp-content\/uploads\/2026\/02\/Imagen-La-Alcaldia-de-Medellin-habilitara-atencion-al-publico-durante-dos-sabados-por-ajuste-temporal-de-horarios-2-150x113.jpg 150w, https:\/\/www.medellin.gov.co\/es\/wp-content\/uploads\/2026\/02\/Imagen-La-Alcaldia-de-Medellin-habilitara-atencion-al-publico-durante-dos-sabados-por-ajuste-temporal-de-horarios-2-768x576.jpg 768w\" sizes=\"(max-width: 1133px) 100vw, 1133px\" \/>                  <\/a>\n                    <h3 class=\"titulog_dr\"><a id=\"\" href=\"https:\/\/www.medellin.gov.co\/es\/sala-de-prensa\/noticias\/la-alcaldia-de-medellin-habilitara-atencion-al-publico-durante-dos-sabados-por-ajuste-temporal-de-horarios\/\">La Alcald\u00eda de Medell\u00edn habilitar\u00e1 atenci\u00f3n al p\u00fablico durante dos ...<\/a><\/h3>\n                    <span class=\"pertenece_a\">Contenido asociado a<\/span>\n                    <div class=\"listado_vim\">\n                    <ul><li><ion-icon name=\"radio-button-on-outline\"><\/ion-icon><a href=\"https:\/\/www.medellin.gov.co\/es\/temas-de-ciudad\/nuestro-gobierno\/\" rel=\"tag\">Nuestro Gobierno<\/a><\/li><\/ul>                    <\/div>\n                    <p>\n                    La Administraci\u00f3n Distrital ofrecer\u00e1 atenci\u00f3n en jornada continua, entre las 7:30 a. m....                    <\/p>\n                    <div class=\"zocalo_grid_\">\n                    <a id=\"\" href=\"https:\/\/www.medellin.gov.co\/es\/sala-de-prensa\/noticias\/la-alcaldia-de-medellin-habilitara-atencion-al-publico-durante-dos-sabados-por-ajuste-temporal-de-horarios\/\">Contin\u00faa leyendo<\/a>\n                    <\/div>\n                  <\/div>\n                  \n                  <\/div>\n                <\/div>\n          <\/div>\n        \t\t<\/div>\n\t\t\t\t<\/div>\n\t\t<\/div>\t\t<section class=\"elementor-section elementor-top-section elementor-element elementor-element-68dca0f6 elementor-section-boxed elementor-section-height-default elementor-section-height-default\" data-id=\"68dca0f6\" data-element_type=\"section\">\n\t\t\t\t\t\t<div class=\"elementor-container elementor-column-gap-default\">\n\t\t\t\t\t\t\t<div class=\"elementor-row\">\n\t\t\t\t\t<div class=\"elementor-column elementor-col-100 elementor-top-column elementor-element elementor-element-69129409\" data-id=\"69129409\" data-element_type=\"column\">\n\t\t\t<div class=\"elementor-column-wrap elementor-element-populated\">\n\t\t\t\t\t\t\t<div class=\"elementor-widget-wrap\">\n\t\t\t\t\t\t<div class=\"elementor-element elementor-element-6a5bfb24 elementor-widget elementor-widget-titulo-con-link\" data-id=\"6a5bfb24\" data-element_type=\"widget\" data-widget_type=\"titulo-con-link.default\">\n\t\t\t\t<div class=\"elementor-widget-container\">\n\t\t\t        <div class=\"heading-container\">\n            <div class=\"heading-title\">\n                <h2 class=\"elementor-heading-title elementor-size-default\"><b>Programas y Proyectos<\/b> Secretar\u00eda de Gesti\u00f3n Humana<\/h2>            <\/div>\n            <div class=\"heading-links\">\n                <ul>\n                                            <li>\n                            <a href=\"https:\/\/www.medellin.gov.co\/es\/programas-y-proyectos\/?_sft_category=secretaria-de-gestion-humana-y-servicio-a-la-ciudadania\">\n                                                                 Ver todos los programas y proyectos                            <\/a>\n                        <\/li>\n                                    <\/ul>\n            <\/div>\n        <\/div>\n        \t\t<\/div>\n\t\t\t\t<\/div>\n\t\t\t\t<div class=\"elementor-element elementor-element-414993ec elementor-widget elementor-widget-text-editor\" data-id=\"414993ec\" data-element_type=\"widget\" data-widget_type=\"text-editor.default\">\n\t\t\t\t<div class=\"elementor-widget-container\">\n\t\t\t\t\t\t\t\t<div class=\"elementor-text-editor elementor-clearfix\">\n\t\t\t\t<p>Ent\u00e9rate de todos los Programas y Proyectos de la Secretar\u00eda de Gesti\u00f3n Humana y Servicio a la Ciudadan\u00eda y mantente al tanto de lo que acontece con nuestro Plan de Desarrollo de Medell\u00edn.<\/p>\t\t\t\t\t<\/div>\n\t\t\t\t\t\t<\/div>\n\t\t\t\t<\/div>\n\t\t\t\t<div class=\"elementor-element elementor-element-78d23e7f pp-equal-height-yes elementor-grid-4 pp-posts-thumbnail-ratio elementor-grid-tablet-2 elementor-grid-mobile-1 elementor-widget elementor-widget-pp-posts\" data-id=\"78d23e7f\" data-element_type=\"widget\" data-settings=\"{&quot;classic_center_mode&quot;:&quot;yes&quot;}\" data-widget_type=\"pp-posts.classic\">\n\t\t\t\t<div class=\"elementor-widget-container\">\n\t\t\t\t\t<div class=\"pp-posts-container swiper-container-wrap swiper-container-wrap-dots-outside\">\n\t\t\t\n\t\t\t\n\t\t\t<div class=\"pp-posts pp-posts-skin-classic pp-posts-carousel pp-swiper-slider swiper-container\" data-equal-height=\"yes\" data-query-type=\"custom\" data-layout=\"carousel\" data-page=\"14147\" data-skin=\"classic\" data-slider-settings=\"{&quot;direction&quot;:&quot;horizontal&quot;,&quot;speed&quot;:600,&quot;slidesPerView&quot;:4,&quot;autoHeight&quot;:true,&quot;watchSlidesVisibility&quot;:true,&quot;centeredSlides&quot;:true,&quot;loop&quot;:true,&quot;autoplay&quot;:{&quot;delay&quot;:999999,&quot;pauseOnHover&quot;:false,&quot;disableOnInteraction&quot;:false},&quot;pagination&quot;:{&quot;el&quot;:&quot;.swiper-pagination-classic&quot;,&quot;clickable&quot;:true},&quot;navigation&quot;:{&quot;nextEl&quot;:&quot;.swiper-button-next-78d23e7f&quot;,&quot;prevEl&quot;:&quot;.swiper-button-prev-78d23e7f&quot;},&quot;breakpoints&quot;:{&quot;1025&quot;:{&quot;slidesPerView&quot;:4},&quot;768&quot;:{&quot;slidesPerView&quot;:2},&quot;320&quot;:{&quot;slidesPerView&quot;:1}}}\">\n\t\t\t\t<div class=\"swiper-wrapper\">\t\t\t\t\t\t\t<div class=\"pp-post-wrap pp-carousel-item-wrap swiper-slide post-44313 proyectos type-proyectos status-publish has-post-thumbnail hentry category-secretaria-de-gestion-humana-y-servicio-a-la-ciudadania tag-bienestar tag-gobernanza tag-nuestro-gobierno tag-proyectos programas_tax-talento_humano_para_el_buen_gobierno\">\n\t\t\t\t\t\t<div class=\"pp-post pp-carousel-item\">\n\t\t\t\t\t\t<div class=\"pp-post-thumbnail\">\n\t\t\t<div class=\"pp-post-thumbnail-wrap\">\n\t\t\t\t<a href=\"https:\/\/www.medellin.gov.co\/es\/proyectos\/fortalecimiento-sistema-de-gestion-seguridad-y-salud-en-el-trabajo\/\"><img width=\"1024\" height=\"683\" src=\"https:\/\/www.medellin.gov.co\/es\/wp-content\/uploads\/2021\/11\/mujer-trabajando-computador-1024x683.jpg\" class=\"attachment-large size-large\" alt=\"Mujer trabajando computador\" loading=\"lazy\" \/><\/a>\t\t\t<\/div>\n\t\t<\/div>\n\t\t\n\t\t\t\t\n\t\t\t\t<div class=\"pp-post-content\">\n\t\t\t\t\t\t\t\t\t\t\t<h3 class=\"pp-post-title\">\n\t\t\t\t<a href=\"https:\/\/www.medellin.gov.co\/es\/proyectos\/fortalecimiento-sistema-de-gestion-seguridad-y-salud-en-el-trabajo\/\">Fortalecimiento Sistema de Gesti\u00f3n Seguridad y Salud en el Trabajo<\/a>\t\t\t<\/h3>\n\t\t\t\t\t\t\t<div class=\"pp-post-terms-wrap\">\n\t\t\t<span class=\"pp-post-terms\">\n\t\t\t\t<span class=\"pp-post-term\"><a href=\"https:\/\/www.medellin.gov.co\/es\/categoria\/secretaria-de-gestion-humana-y-servicio-a-la-ciudadania\/\">Secretar\u00eda de Gesti\u00f3n Humana y Servicio a la Ciudadan\u00eda<\/a><\/span>\t\t\t<\/span>\n\t\t<\/div>\n\t\t\t\t\t\t\t\t<a class=\"pp-posts-button elementor-button elementor-size-sm\" href=\"https:\/\/www.medellin.gov.co\/es\/proyectos\/fortalecimiento-sistema-de-gestion-seguridad-y-salud-en-el-trabajo\/\">\n\t\t\t\t\t\t\t\t\t\t<span class=\"pp-button-text\">\n\t\t\t\t\tConoce m\u00e1s\t\t\t\t<\/span>\n\t\t\t\t\t\t\t\t\t<span class=\"pp-button-icon elementor-button-icon elementor-align-icon-right\">\n\t\t\t\t\t\t\t<\/span>\n\t\t\t\t\t<\/a>\n\t\t\t\t\t\t\t\t<\/div>\n\n\t\t\t\t\t\t\t<\/div>\n\t\t\t\t\t<\/div>\n\t\t\t\t<div class=\"pp-post-wrap pp-carousel-item-wrap swiper-slide post-44314 proyectos type-proyectos status-publish has-post-thumbnail hentry category-secretaria-de-gestion-humana-y-servicio-a-la-ciudadania tag-gobernanza tag-nuestro-gobierno tag-proyectos programas_tax-talento_humano_para_el_buen_gobierno\">\n\t\t\t\t\t\t<div class=\"pp-post pp-carousel-item\">\n\t\t\t\t\t\t<div class=\"pp-post-thumbnail\">\n\t\t\t<div class=\"pp-post-thumbnail-wrap\">\n\t\t\t\t<a href=\"https:\/\/www.medellin.gov.co\/es\/proyectos\/mejoramiento-de-la-gestion-documental-de-las-historias-laborales\/\"><img width=\"1024\" height=\"455\" src=\"https:\/\/www.medellin.gov.co\/es\/wp-content\/uploads\/2021\/08\/mujeres-conversando.jpg\" class=\"attachment-large size-large\" alt=\"Mujeres conversando\" loading=\"lazy\" \/><\/a>\t\t\t<\/div>\n\t\t<\/div>\n\t\t\n\t\t\t\t\n\t\t\t\t<div class=\"pp-post-content\">\n\t\t\t\t\t\t\t\t\t\t\t<h3 class=\"pp-post-title\">\n\t\t\t\t<a href=\"https:\/\/www.medellin.gov.co\/es\/proyectos\/mejoramiento-de-la-gestion-documental-de-las-historias-laborales\/\">Mejoramiento de la Gesti\u00f3n Documental de las Historias Laborales<\/a>\t\t\t<\/h3>\n\t\t\t\t\t\t\t<div class=\"pp-post-terms-wrap\">\n\t\t\t<span class=\"pp-post-terms\">\n\t\t\t\t<span class=\"pp-post-term\"><a href=\"https:\/\/www.medellin.gov.co\/es\/categoria\/secretaria-de-gestion-humana-y-servicio-a-la-ciudadania\/\">Secretar\u00eda de Gesti\u00f3n Humana y Servicio a la Ciudadan\u00eda<\/a><\/span>\t\t\t<\/span>\n\t\t<\/div>\n\t\t\t\t\t\t\t\t<a class=\"pp-posts-button elementor-button elementor-size-sm\" href=\"https:\/\/www.medellin.gov.co\/es\/proyectos\/mejoramiento-de-la-gestion-documental-de-las-historias-laborales\/\">\n\t\t\t\t\t\t\t\t\t\t<span class=\"pp-button-text\">\n\t\t\t\t\tConoce m\u00e1s\t\t\t\t<\/span>\n\t\t\t\t\t\t\t\t\t<span class=\"pp-button-icon elementor-button-icon elementor-align-icon-right\">\n\t\t\t\t\t\t\t<\/span>\n\t\t\t\t\t<\/a>\n\t\t\t\t\t\t\t\t<\/div>\n\n\t\t\t\t\t\t\t<\/div>\n\t\t\t\t\t<\/div>\n\t\t\t\t<div class=\"pp-post-wrap pp-carousel-item-wrap swiper-slide post-44315 proyectos type-proyectos status-publish has-post-thumbnail hentry category-secretaria-de-gestion-humana-y-servicio-a-la-ciudadania tag-gobernanza tag-nuestro-gobierno tag-obras tag-proyectos programas_tax-talento_humano_para_el_buen_gobierno\">\n\t\t\t\t\t\t<div class=\"pp-post pp-carousel-item\">\n\t\t\t\t\t\t<div class=\"pp-post-thumbnail\">\n\t\t\t<div class=\"pp-post-thumbnail-wrap\">\n\t\t\t\t<a href=\"https:\/\/www.medellin.gov.co\/es\/proyectos\/contribucion-a-la-solucion-de-las-necesidades-de-vivienda-en-la-alcaldia\/\"><img width=\"1024\" height=\"768\" src=\"https:\/\/www.medellin.gov.co\/es\/wp-content\/uploads\/2021\/11\/subsidio-viviendas.jpg\" class=\"attachment-large size-large\" alt=\"Subsidio viviendas\" loading=\"lazy\" \/><\/a>\t\t\t<\/div>\n\t\t<\/div>\n\t\t\n\t\t\t\t\n\t\t\t\t<div class=\"pp-post-content\">\n\t\t\t\t\t\t\t\t\t\t\t<h3 class=\"pp-post-title\">\n\t\t\t\t<a href=\"https:\/\/www.medellin.gov.co\/es\/proyectos\/contribucion-a-la-solucion-de-las-necesidades-de-vivienda-en-la-alcaldia\/\">Contribuci\u00f3n a la Soluci\u00f3n de las Necesidades de Vivienda en la Alcald\u00eda<\/a>\t\t\t<\/h3>\n\t\t\t\t\t\t\t<div class=\"pp-post-terms-wrap\">\n\t\t\t<span class=\"pp-post-terms\">\n\t\t\t\t<span class=\"pp-post-term\"><a href=\"https:\/\/www.medellin.gov.co\/es\/categoria\/secretaria-de-gestion-humana-y-servicio-a-la-ciudadania\/\">Secretar\u00eda de Gesti\u00f3n Humana y Servicio a la Ciudadan\u00eda<\/a><\/span>\t\t\t<\/span>\n\t\t<\/div>\n\t\t\t\t\t\t\t\t<a class=\"pp-posts-button elementor-button elementor-size-sm\" href=\"https:\/\/www.medellin.gov.co\/es\/proyectos\/contribucion-a-la-solucion-de-las-necesidades-de-vivienda-en-la-alcaldia\/\">\n\t\t\t\t\t\t\t\t\t\t<span class=\"pp-button-text\">\n\t\t\t\t\tConoce m\u00e1s\t\t\t\t<\/span>\n\t\t\t\t\t\t\t\t\t<span class=\"pp-button-icon elementor-button-icon elementor-align-icon-right\">\n\t\t\t\t\t\t\t<\/span>\n\t\t\t\t\t<\/a>\n\t\t\t\t\t\t\t\t<\/div>\n\n\t\t\t\t\t\t\t<\/div>\n\t\t\t\t\t<\/div>\n\t\t\t\t<div class=\"pp-post-wrap pp-carousel-item-wrap swiper-slide post-44317 proyectos type-proyectos status-publish has-post-thumbnail hentry category-secretaria-de-gestion-humana-y-servicio-a-la-ciudadania tag-atencion-ciudadana tag-gobernanza tag-medellin-te-quiere-saludable tag-nuestro-gobierno tag-proyectos programas_tax-gobierno_abierto_y_cercano\">\n\t\t\t\t\t\t<div class=\"pp-post pp-carousel-item\">\n\t\t\t\t\t\t<div class=\"pp-post-thumbnail\">\n\t\t\t<div class=\"pp-post-thumbnail-wrap\">\n\t\t\t\t<a href=\"https:\/\/www.medellin.gov.co\/es\/proyectos\/fortalecimiento-del-servicio-para-mejorar-la-experiencia-del-ciudadano\/\"><img width=\"1024\" height=\"757\" src=\"https:\/\/www.medellin.gov.co\/es\/wp-content\/uploads\/2021\/11\/formacion-competencias.jpg\" class=\"attachment-large size-large\" alt=\"Formaci\u00f3n competencias\" loading=\"lazy\" \/><\/a>\t\t\t<\/div>\n\t\t<\/div>\n\t\t\n\t\t\t\t\n\t\t\t\t<div class=\"pp-post-content\">\n\t\t\t\t\t\t\t\t\t\t\t<h3 class=\"pp-post-title\">\n\t\t\t\t<a href=\"https:\/\/www.medellin.gov.co\/es\/proyectos\/fortalecimiento-del-servicio-para-mejorar-la-experiencia-del-ciudadano\/\">Fortalecimiento del Servicio para Mejorar la Experiencia del Ciudadano<\/a>\t\t\t<\/h3>\n\t\t\t\t\t\t\t<div class=\"pp-post-terms-wrap\">\n\t\t\t<span class=\"pp-post-terms\">\n\t\t\t\t<span class=\"pp-post-term\"><a href=\"https:\/\/www.medellin.gov.co\/es\/categoria\/secretaria-de-gestion-humana-y-servicio-a-la-ciudadania\/\">Secretar\u00eda de Gesti\u00f3n Humana y Servicio a la Ciudadan\u00eda<\/a><\/span>\t\t\t<\/span>\n\t\t<\/div>\n\t\t\t\t\t\t\t\t<a class=\"pp-posts-button elementor-button elementor-size-sm\" href=\"https:\/\/www.medellin.gov.co\/es\/proyectos\/fortalecimiento-del-servicio-para-mejorar-la-experiencia-del-ciudadano\/\">\n\t\t\t\t\t\t\t\t\t\t<span class=\"pp-button-text\">\n\t\t\t\t\tConoce m\u00e1s\t\t\t\t<\/span>\n\t\t\t\t\t\t\t\t\t<span class=\"pp-button-icon elementor-button-icon elementor-align-icon-right\">\n\t\t\t\t\t\t\t<\/span>\n\t\t\t\t\t<\/a>\n\t\t\t\t\t\t\t\t<\/div>\n\n\t\t\t\t\t\t\t<\/div>\n\t\t\t\t\t<\/div>\n\t\t\t\t<div class=\"pp-post-wrap pp-carousel-item-wrap swiper-slide post-44324 proyectos type-proyectos status-publish has-post-thumbnail hentry category-secretaria-de-gestion-humana-y-servicio-a-la-ciudadania tag-gobernanza tag-nuestro-gobierno tag-proyectos programas_tax-liderazgo_publico_y_fortalecimiento_de_la_gestion_institucional\">\n\t\t\t\t\t\t<div class=\"pp-post pp-carousel-item\">\n\t\t\t\t\t\t<div class=\"pp-post-thumbnail\">\n\t\t\t<div class=\"pp-post-thumbnail-wrap\">\n\t\t\t\t<a href=\"https:\/\/www.medellin.gov.co\/es\/proyectos\/fortalecimiento-de-las-politicas-de-gestion-y-desempeno-institucional\/\"><img width=\"1024\" height=\"680\" src=\"https:\/\/www.medellin.gov.co\/es\/wp-content\/uploads\/2021\/09\/centro-administrativo-municipal-1024x680.jpg\" class=\"attachment-large size-large\" alt=\"Centro Administrativo Municipal\" loading=\"lazy\" \/><\/a>\t\t\t<\/div>\n\t\t<\/div>\n\t\t\n\t\t\t\t\n\t\t\t\t<div class=\"pp-post-content\">\n\t\t\t\t\t\t\t\t\t\t\t<h3 class=\"pp-post-title\">\n\t\t\t\t<a href=\"https:\/\/www.medellin.gov.co\/es\/proyectos\/fortalecimiento-de-las-politicas-de-gestion-y-desempeno-institucional\/\">Fortalecimiento de las Pol\u00edticas de Gesti\u00f3n y Desempe\u00f1o Institucional<\/a>\t\t\t<\/h3>\n\t\t\t\t\t\t\t<div class=\"pp-post-terms-wrap\">\n\t\t\t<span class=\"pp-post-terms\">\n\t\t\t\t<span class=\"pp-post-term\"><a href=\"https:\/\/www.medellin.gov.co\/es\/categoria\/secretaria-de-gestion-humana-y-servicio-a-la-ciudadania\/\">Secretar\u00eda de Gesti\u00f3n Humana y Servicio a la Ciudadan\u00eda<\/a><\/span>\t\t\t<\/span>\n\t\t<\/div>\n\t\t\t\t\t\t\t\t<a class=\"pp-posts-button elementor-button elementor-size-sm\" href=\"https:\/\/www.medellin.gov.co\/es\/proyectos\/fortalecimiento-de-las-politicas-de-gestion-y-desempeno-institucional\/\">\n\t\t\t\t\t\t\t\t\t\t<span class=\"pp-button-text\">\n\t\t\t\t\tConoce m\u00e1s\t\t\t\t<\/span>\n\t\t\t\t\t\t\t\t\t<span class=\"pp-button-icon elementor-button-icon elementor-align-icon-right\">\n\t\t\t\t\t\t\t<\/span>\n\t\t\t\t\t<\/a>\n\t\t\t\t\t\t\t\t<\/div>\n\n\t\t\t\t\t\t\t<\/div>\n\t\t\t\t\t<\/div>\n\t\t\t\t<div class=\"pp-post-wrap pp-carousel-item-wrap swiper-slide post-44312 proyectos type-proyectos status-publish has-post-thumbnail hentry category-secretaria-de-gestion-humana-y-servicio-a-la-ciudadania tag-gobernanza tag-nuestro-gobierno tag-proyectos programas_tax-talento_humano_para_el_buen_gobierno\">\n\t\t\t\t\t\t<div class=\"pp-post pp-carousel-item\">\n\t\t\t\t\t\t<div class=\"pp-post-thumbnail\">\n\t\t\t<div class=\"pp-post-thumbnail-wrap\">\n\t\t\t\t<a href=\"https:\/\/www.medellin.gov.co\/es\/proyectos\/diseno-e-implementacion-de-estrategias-para-el-desarrollo-del-talento-humano-del-municipio\/\"><img width=\"1024\" height=\"460\" src=\"https:\/\/www.medellin.gov.co\/es\/wp-content\/uploads\/2021\/11\/casa-de-justicia.jpg\" class=\"attachment-large size-large\" alt=\"Casa de Justicia\" loading=\"lazy\" \/><\/a>\t\t\t<\/div>\n\t\t<\/div>\n\t\t\n\t\t\t\t\n\t\t\t\t<div class=\"pp-post-content\">\n\t\t\t\t\t\t\t\t\t\t\t<h3 class=\"pp-post-title\">\n\t\t\t\t<a href=\"https:\/\/www.medellin.gov.co\/es\/proyectos\/diseno-e-implementacion-de-estrategias-para-el-desarrollo-del-talento-humano-del-municipio\/\">Dise\u00f1o e Implementaci\u00f3n de Estrategias para el Desarrollo del Talento Humano del Municipio<\/a>\t\t\t<\/h3>\n\t\t\t\t\t\t\t<div class=\"pp-post-terms-wrap\">\n\t\t\t<span class=\"pp-post-terms\">\n\t\t\t\t<span class=\"pp-post-term\"><a href=\"https:\/\/www.medellin.gov.co\/es\/categoria\/secretaria-de-gestion-humana-y-servicio-a-la-ciudadania\/\">Secretar\u00eda de Gesti\u00f3n Humana y Servicio a la Ciudadan\u00eda<\/a><\/span>\t\t\t<\/span>\n\t\t<\/div>\n\t\t\t\t\t\t\t\t<a class=\"pp-posts-button elementor-button elementor-size-sm\" href=\"https:\/\/www.medellin.gov.co\/es\/proyectos\/diseno-e-implementacion-de-estrategias-para-el-desarrollo-del-talento-humano-del-municipio\/\">\n\t\t\t\t\t\t\t\t\t\t<span class=\"pp-button-text\">\n\t\t\t\t\tConoce m\u00e1s\t\t\t\t<\/span>\n\t\t\t\t\t\t\t\t\t<span class=\"pp-button-icon elementor-button-icon elementor-align-icon-right\">\n\t\t\t\t\t\t\t<\/span>\n\t\t\t\t\t<\/a>\n\t\t\t\t\t\t\t\t<\/div>\n\n\t\t\t\t\t\t\t<\/div>\n\t\t\t\t\t<\/div>\n\t\t\t\t\t\t<\/div>\t\t\t<\/div>\n\t\t\t\t\t\t<!-- Add Pagination -->\n\t\t\t<div class=\"swiper-pagination swiper-pagination-78d23e7f\"><\/div>\n\t\t\t\t\t\t\t<div class=\"pp-slider-arrow swiper-button-prev swiper-button-prev-78d23e7f\">\n\t\t\t\t\t<i aria-hidden=\"true\" class=\"fas fa-angle-left\"><\/i>\t\t\t\t<\/div>\n\t\t\t\t<div class=\"pp-slider-arrow swiper-button-next swiper-button-next-78d23e7f\">\n\t\t\t\t\t<i aria-hidden=\"true\" class=\"fas fa-angle-right\"><\/i>\t\t\t\t<\/div>\n\t\t\t\n\t\t\t\n\t\t\t\n\t\t\t\n\t\t\t\t\t<\/div>\n\n\t\t\n\t\t\t\t<\/div>\n\t\t\t\t<\/div>\n\t\t\t\t\t\t<\/div>\n\t\t\t\t\t<\/div>\n\t\t<\/div>\n\t\t\t\t\t\t\t\t<\/div>\n\t\t\t\t\t<\/div>\n\t\t<\/section>\n\t\t\t\t<section class=\"elementor-section elementor-top-section elementor-element elementor-element-2010ceb4 elementor-section-boxed elementor-section-height-default elementor-section-height-default\" data-id=\"2010ceb4\" data-element_type=\"section\">\n\t\t\t\t\t\t<div class=\"elementor-container elementor-column-gap-default\">\n\t\t\t\t\t\t\t<div class=\"elementor-row\">\n\t\t\t\t\t<div class=\"elementor-column elementor-col-100 elementor-top-column elementor-element elementor-element-38f0c755\" data-id=\"38f0c755\" data-element_type=\"column\">\n\t\t\t<div class=\"elementor-column-wrap elementor-element-populated\">\n\t\t\t\t\t\t\t<div class=\"elementor-widget-wrap\">\n\t\t\t\t\t\t<div class=\"elementor-element elementor-element-53913d18 elementor-widget elementor-widget-heading\" data-id=\"53913d18\" data-element_type=\"widget\" data-widget_type=\"heading.default\">\n\t\t\t\t<div class=\"elementor-widget-container\">\n\t\t\t<h2 class=\"elementor-heading-title elementor-size-default\"><b>Publicaciones  <\/b>Secretar\u00eda de Gesti\u00f3n Humana y Servicio a la Ciudadan\u00eda<\/h2>\t\t<\/div>\n\t\t\t\t<\/div>\n\t\t\t\t\t\t<\/div>\n\t\t\t\t\t<\/div>\n\t\t<\/div>\n\t\t\t\t\t\t\t\t<\/div>\n\t\t\t\t\t<\/div>\n\t\t<\/section>\n\t\t\t\t<section class=\"elementor-section elementor-top-section elementor-element elementor-element-4c9d7c51 elementor-section-boxed elementor-section-height-default elementor-section-height-default\" data-id=\"4c9d7c51\" data-element_type=\"section\">\n\t\t\t\t\t\t<div class=\"elementor-container elementor-column-gap-default\">\n\t\t\t\t\t\t\t<div class=\"elementor-row\">\n\t\t\t\t\t<div class=\"elementor-column elementor-col-50 elementor-top-column elementor-element elementor-element-7ed08f8b\" data-id=\"7ed08f8b\" data-element_type=\"column\">\n\t\t\t<div class=\"elementor-column-wrap elementor-element-populated\">\n\t\t\t\t\t\t\t<div class=\"elementor-widget-wrap\">\n\t\t\t\t\t\t<div class=\"elementor-element elementor-element-1f6f4eb8 elementor-widget elementor-widget-image\" data-id=\"1f6f4eb8\" data-element_type=\"widget\" data-widget_type=\"image.default\">\n\t\t\t\t<div class=\"elementor-widget-container\">\n\t\t\t\t\t\t\t\t<div class=\"elementor-image\">\n\t\t\t\t\t\t\t\t\t\t\t\t<img width=\"1024\" height=\"683\" src=\"https:\/\/www.medellin.gov.co\/es\/wp-content\/uploads\/2021\/09\/edificios-del-centro-administrativo-la-alpujarra.jpg\" class=\"attachment-large size-large\" alt=\"Edificios del centro Administrativo la Alpujarra\" loading=\"lazy\" srcset=\"https:\/\/www.medellin.gov.co\/es\/wp-content\/uploads\/2021\/09\/edificios-del-centro-administrativo-la-alpujarra.jpg 1024w, https:\/\/www.medellin.gov.co\/es\/wp-content\/uploads\/2021\/09\/edificios-del-centro-administrativo-la-alpujarra-300x200.jpg 300w, https:\/\/www.medellin.gov.co\/es\/wp-content\/uploads\/2021\/09\/edificios-del-centro-administrativo-la-alpujarra-150x100.jpg 150w, https:\/\/www.medellin.gov.co\/es\/wp-content\/uploads\/2021\/09\/edificios-del-centro-administrativo-la-alpujarra-768x512.jpg 768w\" sizes=\"(max-width: 1024px) 100vw, 1024px\" \/>\t\t\t\t\t\t\t\t\t\t\t\t\t\t<\/div>\n\t\t\t\t\t\t<\/div>\n\t\t\t\t<\/div>\n\t\t\t\t\t\t<\/div>\n\t\t\t\t\t<\/div>\n\t\t<\/div>\n\t\t\t\t<div class=\"elementor-column elementor-col-50 elementor-top-column elementor-element elementor-element-605ea743\" data-id=\"605ea743\" data-element_type=\"column\">\n\t\t\t<div class=\"elementor-column-wrap elementor-element-populated\">\n\t\t\t\t\t\t\t<div class=\"elementor-widget-wrap\">\n\t\t\t\t\t\t<div class=\"elementor-element elementor-element-44524361 elementor-widget elementor-widget-links-centro-documental\" data-id=\"44524361\" data-element_type=\"widget\" data-widget_type=\"links-centro-documental.default\">\n\t\t\t\t<div class=\"elementor-widget-container\">\n\t\t\t                <a href=\"\/centro-documental\/?_sft_category=secretaria-de-gestion-humana-y-servicio-a-la-ciudadania\">\n                    <div class=\"lacard_ naranja\">\n                        <h3 class=\"title_lacard\">Publicaciones, Manuales y Memorias<\/h3>\n                        <ion-icon name=\"copy-outline\"><\/ion-icon>\n                    <\/div>\n                <\/a>\n                        <a href=\"\/centro-documental\/?_sft_category=secretaria-de-gestion-humana-y-servicio-a-la-ciudadania\">\n                    <div class=\"lacard_ morado\">\n                        <h3 class=\"title_lacard\">Informes, Estudios y Estad\u00edsticas<\/h3>\n                        <ion-icon name=\"document-text-outline\"><\/ion-icon>\n                    <\/div>\n                <\/a>\n                        <a href=\"\/centro-documental\/?_sft_category=secretaria-de-gestion-humana-y-servicio-a-la-ciudadania\">\n                    <div class=\"lacard_ azul\">\n                        <h3 class=\"title_lacard\">Planes, Pol\u00edtica y Normatividad<\/h3>\n                        <ion-icon name=\"documents-outline\"><\/ion-icon>\n                    <\/div>\n                <\/a>\n        \t\t<\/div>\n\t\t\t\t<\/div>\n\t\t\t\t\t\t<\/div>\n\t\t\t\t\t<\/div>\n\t\t<\/div>\n\t\t\t\t\t\t\t\t<\/div>\n\t\t\t\t\t<\/div>\n\t\t<\/section>\n\t\t\t\t\t\t\t\t\t<\/div>\n\t\t\t<\/div>\n\t\t\t\t\t<\/div>\n\t\t","protected":false},"excerpt":{"rendered":"<p>Funci\u00f3n de la secretar\u00eda&nbsp; Composici\u00f3n de la secretar\u00eda&nbsp; Conoce m\u00e1s Conoce m\u00e1s Noticias destacadas Secretar\u00eda de Gesti\u00f3n Humana La Alcald\u00eda de Medell\u00edn ampl\u00eda los d\u00edas de atenci\u00f3n en los centros de servicio de &#8230; Contenido &#8230;<\/p>\n","protected":false},"author":1,"featured_media":14849,"parent":0,"menu_order":75,"comment_status":"closed","ping_status":"closed","template":"sec-gestion-humana\/elementor.php","meta":[],"acf":[],"_links":{"self":[{"href":"https:\/\/www.medellin.gov.co\/es\/wp-json\/wp\/v2\/pages\/14147"}],"collection":[{"href":"https:\/\/www.medellin.gov.co\/es\/wp-json\/wp\/v2\/pages"}],"about":[{"href":"https:\/\/www.medellin.gov.co\/es\/wp-json\/wp\/v2\/types\/page"}],"author":[{"embeddable":true,"href":"https:\/\/www.medellin.gov.co\/es\/wp-json\/wp\/v2\/users\/1"}],"replies":[{"embeddable":true,"href":"https:\/\/www.medellin.gov.co\/es\/wp-json\/wp\/v2\/comments?post=14147"}],"version-history":[{"count":10,"href":"https:\/\/www.medellin.gov.co\/es\/wp-json\/wp\/v2\/pages\/14147\/revisions"}],"predecessor-version":[{"id":522025,"href":"https:\/\/www.medellin.gov.co\/es\/wp-json\/wp\/v2\/pages\/14147\/revisions\/522025"}],"wp:featuredmedia":[{"embeddable":true,"href":"https:\/\/www.medellin.gov.co\/es\/wp-json\/wp\/v2\/media\/14849"}],"wp:attachment":[{"href":"https:\/\/www.medellin.gov.co\/es\/wp-json\/wp\/v2\/media?parent=14147"}],"curies":[{"name":"wp","href":"https:\/\/api.w.org\/{rel}","templated":true}]}}