{"id":15083,"date":"2021-09-16T22:48:56","date_gmt":"2021-09-17T03:48:56","guid":{"rendered":"https:\/\/www.medellin.gov.co\/es\/?page_id=15083"},"modified":"2022-03-18T11:56:59","modified_gmt":"2022-03-18T16:56:59","slug":"zuap","status":"publish","type":"page","link":"https:\/\/www.medellin.gov.co\/es\/secretaria-de-movilidad\/medellin-caminable-y-pedaleable\/zuap\/","title":{"rendered":"Zonas Urbanas de Aire Protegido"},"content":{"rendered":"\t\t<div data-elementor-type=\"wp-page\" data-elementor-id=\"15083\" class=\"elementor elementor-15083\">\n\t\t\t\t\t\t<div class=\"elementor-inner\">\n\t\t\t\t<div class=\"elementor-section-wrap\">\n\t\t\t\t\t\t\t\t\t<section class=\"elementor-section elementor-top-section elementor-element elementor-element-e7aac0f elementor-section-boxed elementor-section-height-default elementor-section-height-default\" data-id=\"e7aac0f\" data-element_type=\"section\">\n\t\t\t\t\t\t<div class=\"elementor-container elementor-column-gap-default\">\n\t\t\t\t\t\t\t<div class=\"elementor-row\">\n\t\t\t\t\t<div class=\"elementor-column elementor-col-100 elementor-top-column elementor-element elementor-element-f557b7d\" data-id=\"f557b7d\" data-element_type=\"column\">\n\t\t\t<div class=\"elementor-column-wrap elementor-element-populated\">\n\t\t\t\t\t\t\t<div class=\"elementor-widget-wrap\">\n\t\t\t\t\t\t<div class=\"elementor-element elementor-element-8c784ac elementor-widget elementor-widget-heading\" data-id=\"8c784ac\" data-element_type=\"widget\" data-widget_type=\"heading.default\">\n\t\t\t\t<div class=\"elementor-widget-container\">\n\t\t\t<h1 class=\"elementor-heading-title elementor-size-default\">Zonas Urbanas de Aire Protegido<\/h1>\t\t<\/div>\n\t\t\t\t<\/div>\n\t\t\t\t<section class=\"elementor-section elementor-inner-section elementor-element elementor-element-c5db3dd elementor-section-boxed elementor-section-height-default elementor-section-height-default\" data-id=\"c5db3dd\" data-element_type=\"section\">\n\t\t\t\t\t\t<div class=\"elementor-container elementor-column-gap-default\">\n\t\t\t\t\t\t\t<div class=\"elementor-row\">\n\t\t\t\t\t<div class=\"elementor-column elementor-col-50 elementor-inner-column elementor-element elementor-element-d86902a\" data-id=\"d86902a\" data-element_type=\"column\">\n\t\t\t<div class=\"elementor-column-wrap elementor-element-populated\">\n\t\t\t\t\t\t\t<div class=\"elementor-widget-wrap\">\n\t\t\t\t\t\t<div class=\"elementor-element elementor-element-20d5764 elementor-widget elementor-widget-image\" data-id=\"20d5764\" data-element_type=\"widget\" data-widget_type=\"image.default\">\n\t\t\t\t<div class=\"elementor-widget-container\">\n\t\t\t\t\t\t\t\t<div class=\"elementor-image\">\n\t\t\t\t\t\t\t\t\t\t\t\t<img width=\"1024\" height=\"682\" src=\"https:\/\/www.medellin.gov.co\/es\/wp-content\/uploads\/2021\/09\/vista-plaza-de-toros-la-macarena.jpg\" class=\"attachment-large size-large\" alt=\"Vista plaza de toros La Macarena\" loading=\"lazy\" srcset=\"https:\/\/www.medellin.gov.co\/es\/wp-content\/uploads\/2021\/09\/vista-plaza-de-toros-la-macarena.jpg 1024w, https:\/\/www.medellin.gov.co\/es\/wp-content\/uploads\/2021\/09\/vista-plaza-de-toros-la-macarena-300x200.jpg 300w, https:\/\/www.medellin.gov.co\/es\/wp-content\/uploads\/2021\/09\/vista-plaza-de-toros-la-macarena-150x100.jpg 150w, https:\/\/www.medellin.gov.co\/es\/wp-content\/uploads\/2021\/09\/vista-plaza-de-toros-la-macarena-768x512.jpg 768w\" sizes=\"(max-width: 1024px) 100vw, 1024px\" \/>\t\t\t\t\t\t\t\t\t\t\t\t\t\t<\/div>\n\t\t\t\t\t\t<\/div>\n\t\t\t\t<\/div>\n\t\t\t\t\t\t<\/div>\n\t\t\t\t\t<\/div>\n\t\t<\/div>\n\t\t\t\t<div class=\"elementor-column elementor-col-50 elementor-inner-column elementor-element elementor-element-373c32c\" data-id=\"373c32c\" data-element_type=\"column\">\n\t\t\t<div class=\"elementor-column-wrap elementor-element-populated\">\n\t\t\t\t\t\t\t<div class=\"elementor-widget-wrap\">\n\t\t\t\t\t\t<div class=\"elementor-element elementor-element-34871e9 elementor-widget elementor-widget-text-editor\" data-id=\"34871e9\" data-element_type=\"widget\" data-widget_type=\"text-editor.default\">\n\t\t\t\t<div class=\"elementor-widget-container\">\n\t\t\t\t\t\t\t\t<div class=\"elementor-text-editor elementor-clearfix\">\n\t\t\t\t<p>Son \u00e1reas o pol\u00edgonos donde se aplican una serie de medidas con el objetivo de disminuir las emisiones y mejorar la salud de los habitantes del territorio. Estas medidas buscan alejarnos de la movilidad tradicional (los carros o fuentes m\u00f3viles que producen el 92 % de los contaminantes de la atm\u00f3sfera) y acercarnos a la movilidad sostenible (caminar y montar en bicicleta).<\/p><p>El concepto de Zona Urbana de Aire Protegido (ZUAP) fue acu\u00f1ado desde el \u00c1rea Metropolitana del Valle de Aburr\u00e1, para describir aquellas zonas en las que es necesario realizar acciones m\u00e1s espec\u00edficas para proteger la cuenca atmosf\u00e9rica, los ecosistemas y la salud de la poblaci\u00f3n de la zona, y en general de todo el Valle de Aburr\u00e1.<\/p>\t\t\t\t\t<\/div>\n\t\t\t\t\t\t<\/div>\n\t\t\t\t<\/div>\n\t\t\t\t\t\t<\/div>\n\t\t\t\t\t<\/div>\n\t\t<\/div>\n\t\t\t\t\t\t\t\t<\/div>\n\t\t\t\t\t<\/div>\n\t\t<\/section>\n\t\t\t\t<div class=\"elementor-element elementor-element-b5777a2 elementor-widget elementor-widget-text-editor\" data-id=\"b5777a2\" data-element_type=\"widget\" data-widget_type=\"text-editor.default\">\n\t\t\t\t<div class=\"elementor-widget-container\">\n\t\t\t\t\t\t\t\t<div class=\"elementor-text-editor elementor-clearfix\">\n\t\t\t\t<p>El \u00c1rea Metropolitana (AMVA), en su calidad de autoridad ambiental, declar\u00f3 a trav\u00e9s de la Resoluci\u00f3n 2231 de 2018, dos pol\u00edgonos, uno en el centro de la ciudad de Medell\u00edn y otro en el sur del Valle de Aburr\u00e1, que denomin\u00f3 Zona Urbana de Aire Protegido; a su vez, estableci\u00f3 diferentes acciones en movilidad que buscan que los niveles de concentraci\u00f3n de material particulado de la zona del centro no superen los niveles permitidos.<\/p>\t\t\t\t\t<\/div>\n\t\t\t\t\t\t<\/div>\n\t\t\t\t<\/div>\n\t\t\t\t<div class=\"elementor-element elementor-element-db76dfe elementor-widget elementor-widget-heading\" data-id=\"db76dfe\" data-element_type=\"widget\" data-widget_type=\"heading.default\">\n\t\t\t\t<div class=\"elementor-widget-container\">\n\t\t\t<h2 class=\"elementor-heading-title elementor-size-default\"><b>Medidas <\/b>de las Zonas Urbanas de Aire Protegido<\/h2>\t\t<\/div>\n\t\t\t\t<\/div>\n\t\t\t\t<section class=\"elementor-section elementor-inner-section elementor-element elementor-element-138593c elementor-reverse-tablet elementor-reverse-mobile elementor-section-boxed elementor-section-height-default elementor-section-height-default\" data-id=\"138593c\" data-element_type=\"section\">\n\t\t\t\t\t\t<div class=\"elementor-container elementor-column-gap-default\">\n\t\t\t\t\t\t\t<div class=\"elementor-row\">\n\t\t\t\t\t<div class=\"elementor-column elementor-col-50 elementor-inner-column elementor-element elementor-element-4af44d5\" data-id=\"4af44d5\" data-element_type=\"column\">\n\t\t\t<div class=\"elementor-column-wrap elementor-element-populated\">\n\t\t\t\t\t\t\t<div class=\"elementor-widget-wrap\">\n\t\t\t\t\t\t<div class=\"elementor-element elementor-element-4f94199 elementor-widget elementor-widget-text-editor\" data-id=\"4f94199\" data-element_type=\"widget\" data-widget_type=\"text-editor.default\">\n\t\t\t\t<div class=\"elementor-widget-container\">\n\t\t\t\t\t\t\t\t<div class=\"elementor-text-editor elementor-clearfix\">\n\t\t\t\t<ul><li>Implementar acciones de movilidad en armon\u00eda con el pol\u00edgono delimitado y sus alrededores.<\/li><li>Controlar y vigilar las emisiones.<\/li><li>Controlar y vigilar el uso del espacio p\u00fablico.<\/li><li>Implementar estrategias de promoci\u00f3n y capacitaci\u00f3n.<\/li><li>Optimizar la circulaci\u00f3n de todos los actores.<\/li><li>Controlar emisiones en el transporte p\u00fablico.<\/li><li>Implementar pol\u00edticas de parqueo.<\/li><li>Se\u00f1alizar la ZUAP.<\/li><li>Promover la circulaci\u00f3n de veh\u00edculos con tecnolog\u00edas limpias y modelos amigables con el medio ambiente.<\/li><li>Evaluar e implementar medidas complementarias.<\/li><\/ul>\t\t\t\t\t<\/div>\n\t\t\t\t\t\t<\/div>\n\t\t\t\t<\/div>\n\t\t\t\t\t\t<\/div>\n\t\t\t\t\t<\/div>\n\t\t<\/div>\n\t\t\t\t<div class=\"elementor-column elementor-col-50 elementor-inner-column elementor-element elementor-element-7910935\" data-id=\"7910935\" data-element_type=\"column\">\n\t\t\t<div class=\"elementor-column-wrap elementor-element-populated\">\n\t\t\t\t\t\t\t<div class=\"elementor-widget-wrap\">\n\t\t\t\t\t\t<div class=\"elementor-element elementor-element-0eefaab elementor-widget elementor-widget-image\" data-id=\"0eefaab\" data-element_type=\"widget\" data-widget_type=\"image.default\">\n\t\t\t\t<div class=\"elementor-widget-container\">\n\t\t\t\t\t\t\t\t<div class=\"elementor-image\">\n\t\t\t\t\t\t\t\t\t\t\t\t<img width=\"1024\" height=\"684\" src=\"https:\/\/www.medellin.gov.co\/es\/wp-content\/uploads\/2021\/09\/calle-alhambra-medellin-1024x684.jpg\" class=\"attachment-large size-large\" alt=\"Calle Alhambra Medell\u00edn\" loading=\"lazy\" srcset=\"https:\/\/www.medellin.gov.co\/es\/wp-content\/uploads\/2021\/09\/calle-alhambra-medellin-1024x684.jpg 1024w, https:\/\/www.medellin.gov.co\/es\/wp-content\/uploads\/2021\/09\/calle-alhambra-medellin-300x201.jpg 300w, https:\/\/www.medellin.gov.co\/es\/wp-content\/uploads\/2021\/09\/calle-alhambra-medellin-150x100.jpg 150w, https:\/\/www.medellin.gov.co\/es\/wp-content\/uploads\/2021\/09\/calle-alhambra-medellin-768x513.jpg 768w, https:\/\/www.medellin.gov.co\/es\/wp-content\/uploads\/2021\/09\/calle-alhambra-medellin.jpg 1200w\" sizes=\"(max-width: 1024px) 100vw, 1024px\" \/>\t\t\t\t\t\t\t\t\t\t\t\t\t\t<\/div>\n\t\t\t\t\t\t<\/div>\n\t\t\t\t<\/div>\n\t\t\t\t\t\t<\/div>\n\t\t\t\t\t<\/div>\n\t\t<\/div>\n\t\t\t\t\t\t\t\t<\/div>\n\t\t\t\t\t<\/div>\n\t\t<\/section>\n\t\t\t\t<div class=\"elementor-element elementor-element-a24e389 elementor-widget elementor-widget-text-editor\" data-id=\"a24e389\" data-element_type=\"widget\" data-widget_type=\"text-editor.default\">\n\t\t\t\t<div class=\"elementor-widget-container\">\n\t\t\t\t\t\t\t\t<div class=\"elementor-text-editor elementor-clearfix\">\n\t\t\t\t<p>La zona establecida para la ZUAP en el Centro de Medell\u00edn es la que conocemos como la zona amarilla, entre la Avenida del Ferrocarril y la carrera Girardot; y entre la calle 58 Echeverri y la Avenida San Juan.<\/p>\t\t\t\t\t<\/div>\n\t\t\t\t\t\t<\/div>\n\t\t\t\t<\/div>\n\t\t\t\t<div class=\"elementor-element elementor-element-49b031d elementor-widget elementor-widget-heading\" data-id=\"49b031d\" data-element_type=\"widget\" data-widget_type=\"heading.default\">\n\t\t\t\t<div class=\"elementor-widget-container\">\n\t\t\t<h2 class=\"elementor-heading-title elementor-size-default\"><b>\u00bfCu\u00e1ndo operar\u00e1<\/b> la Zona Urbana de Aire Protegido?<\/h2>\t\t<\/div>\n\t\t\t\t<\/div>\n\t\t\t\t<div class=\"elementor-element elementor-element-c640600 elementor-widget elementor-widget-text-editor\" data-id=\"c640600\" data-element_type=\"widget\" data-widget_type=\"text-editor.default\">\n\t\t\t\t<div class=\"elementor-widget-container\">\n\t\t\t\t\t\t\t\t<div class=\"elementor-text-editor elementor-clearfix\">\n\t\t\t\t<p>A partir del 28 de enero del 2021 se inicia la fase de sensibilizaci\u00f3n, que busca contarle a la ciudadan\u00eda la raz\u00f3n de su implementaci\u00f3n y su importancia para la salud. Desde esta fecha se iniciaron las campa\u00f1as de sensibilizaci\u00f3n para relacionar la calidad del aire y la movilidad, tambi\u00e9n la implementaci\u00f3n de medidas que disminuyan la emisi\u00f3n de fuentes m\u00f3viles, as\u00ed como su control y vigilancia. De igual forma, de los modos de transporte sostenibles, como el transporte p\u00fablico, la caminata y la bicicleta.<\/p><p>Su principal objetivo es reducir las concentraciones de contaminantes en la atm\u00f3sfera al disminuir las emisiones del transporte (fuentes m\u00f3viles) en el centro, para as\u00ed mejorar la calidad del aire y la salud para todas y todos en la ciudad y el Valle de Aburr\u00e1.<\/p>\t\t\t\t\t<\/div>\n\t\t\t\t\t\t<\/div>\n\t\t\t\t<\/div>\n\t\t\t\t<div class=\"elementor-element elementor-element-c66b481 elementor-widget elementor-widget-heading\" data-id=\"c66b481\" data-element_type=\"widget\" data-widget_type=\"heading.default\">\n\t\t\t\t<div class=\"elementor-widget-container\">\n\t\t\t<h2 class=\"elementor-heading-title elementor-size-default\"><b>Pol\u00edgono <\/b>de las Zonas Urbanas de Aire Protegido<\/h2>\t\t<\/div>\n\t\t\t\t<\/div>\n\t\t\t\t<section class=\"elementor-section elementor-inner-section elementor-element elementor-element-8ebfd41 elementor-section-boxed elementor-section-height-default elementor-section-height-default\" data-id=\"8ebfd41\" data-element_type=\"section\">\n\t\t\t\t\t\t<div class=\"elementor-container elementor-column-gap-default\">\n\t\t\t\t\t\t\t<div class=\"elementor-row\">\n\t\t\t\t\t<div class=\"elementor-column elementor-col-50 elementor-inner-column elementor-element elementor-element-24df9bd\" data-id=\"24df9bd\" data-element_type=\"column\">\n\t\t\t<div class=\"elementor-column-wrap elementor-element-populated\">\n\t\t\t\t\t\t\t<div class=\"elementor-widget-wrap\">\n\t\t\t\t\t\t<div class=\"elementor-element elementor-element-7fadba4 elementor-widget elementor-widget-image\" data-id=\"7fadba4\" data-element_type=\"widget\" data-widget_type=\"image.default\">\n\t\t\t\t<div class=\"elementor-widget-container\">\n\t\t\t\t\t\t\t\t<div class=\"elementor-image\">\n\t\t\t\t\t\t\t\t\t\t\t\t<img width=\"1024\" height=\"1024\" src=\"https:\/\/www.medellin.gov.co\/es\/wp-content\/uploads\/2021\/09\/mapa-poligono-de-la-zuap-1024x1024.jpg\" class=\"attachment-large size-large\" alt=\"Mapa del Pol\u00edgono de la ZUAP\" loading=\"lazy\" srcset=\"https:\/\/www.medellin.gov.co\/es\/wp-content\/uploads\/2021\/09\/mapa-poligono-de-la-zuap-1024x1024.jpg 1024w, https:\/\/www.medellin.gov.co\/es\/wp-content\/uploads\/2021\/09\/mapa-poligono-de-la-zuap-300x300.jpg 300w, https:\/\/www.medellin.gov.co\/es\/wp-content\/uploads\/2021\/09\/mapa-poligono-de-la-zuap-150x150.jpg 150w, https:\/\/www.medellin.gov.co\/es\/wp-content\/uploads\/2021\/09\/mapa-poligono-de-la-zuap-768x768.jpg 768w, https:\/\/www.medellin.gov.co\/es\/wp-content\/uploads\/2021\/09\/mapa-poligono-de-la-zuap.jpg 1200w\" sizes=\"(max-width: 1024px) 100vw, 1024px\" \/>\t\t\t\t\t\t\t\t\t\t\t\t\t\t<\/div>\n\t\t\t\t\t\t<\/div>\n\t\t\t\t<\/div>\n\t\t\t\t\t\t<\/div>\n\t\t\t\t\t<\/div>\n\t\t<\/div>\n\t\t\t\t<div class=\"elementor-column elementor-col-50 elementor-inner-column elementor-element elementor-element-736888b\" data-id=\"736888b\" data-element_type=\"column\">\n\t\t\t<div class=\"elementor-column-wrap elementor-element-populated\">\n\t\t\t\t\t\t\t<div class=\"elementor-widget-wrap\">\n\t\t\t\t\t\t<div class=\"elementor-element elementor-element-d9ca34f elementor-widget elementor-widget-text-editor\" data-id=\"d9ca34f\" data-element_type=\"widget\" data-widget_type=\"text-editor.default\">\n\t\t\t\t<div class=\"elementor-widget-container\">\n\t\t\t\t\t\t\t\t<div class=\"elementor-text-editor elementor-clearfix\">\n\t\t\t\t<p>Seg\u00fan las mediciones de la red de calidad del aire del Valle de Aburr\u00e1, que estudia y hace seguimiento a la calidad del aire mediante 43 puntos de monitoreo distribuidos en los 10 municipios del \u00c1rea Metropolitana del Valle de Aburr\u00e1, el Centro de Medell\u00edn registra una alta concentraci\u00f3n de contaminantes. En la estaci\u00f3n de monitoreo \u201cTr\u00e1fico Centro\u201d, al analizar los datos hist\u00f3ricos de 2014, 2015, 2016 y 2017, se evidenci\u00f3 que el porcentaje de excedencias a la norma anual tuvo una frecuencia superior al 75 %, lo que clasifica al centro de la ciudad como \u201c\u00c1rea fuente de contaminaci\u00f3n alta &#8211; Clase I\u201d.<\/p>\t\t\t\t\t<\/div>\n\t\t\t\t\t\t<\/div>\n\t\t\t\t<\/div>\n\t\t\t\t\t\t<\/div>\n\t\t\t\t\t<\/div>\n\t\t<\/div>\n\t\t\t\t\t\t\t\t<\/div>\n\t\t\t\t\t<\/div>\n\t\t<\/section>\n\t\t\t\t<div class=\"elementor-element elementor-element-17f986e elementor-widget elementor-widget-text-editor\" data-id=\"17f986e\" data-element_type=\"widget\" data-widget_type=\"text-editor.default\">\n\t\t\t\t<div class=\"elementor-widget-container\">\n\t\t\t\t\t\t\t\t<div class=\"elementor-text-editor elementor-clearfix\">\n\t\t\t\t<p>Adicionalmente, el Sistema de Alerta Temprana de Medell\u00edn y el Valle de Aburr\u00e1 (SIATA) realiz\u00f3 un estudio para determinar el \u00e1rea de influencia de las mediciones de la estaci\u00f3n \u201cTr\u00e1fico Centro\u201d, dando como resultado el pol\u00edgono que establece la Resoluci\u00f3n Metropolitana 2231 de 2018.<\/p>\t\t\t\t\t<\/div>\n\t\t\t\t\t\t<\/div>\n\t\t\t\t<\/div>\n\t\t\t\t<div class=\"elementor-element elementor-element-c8610b5 elementor-tablet-align-left elementor-mobile-align-center elementor-widget elementor-widget-button\" data-id=\"c8610b5\" data-element_type=\"widget\" data-widget_type=\"button.default\">\n\t\t\t\t<div class=\"elementor-widget-container\">\n\t\t\t\t\t<div class=\"elementor-button-wrapper\">\n\t\t\t<a href=\"https:\/\/www.medellin.gov.co\/normograma\/docs\/astrea\/docs\/r_amva_2231_2018.htm\" target=\"_blank\" class=\"elementor-button-link elementor-button elementor-size-sm\" role=\"button\">\n\t\t\t\t\t\t<span class=\"elementor-button-content-wrapper\">\n\t\t\t\t\t\t<span class=\"elementor-button-text\">Conoce la resoluci\u00f3n Metropolitana<\/span>\n\t\t<\/span>\n\t\t\t\t\t<\/a>\n\t\t<\/div>\n\t\t\t\t<\/div>\n\t\t\t\t<\/div>\n\t\t\t\t<div class=\"elementor-element elementor-element-24421e8 elementor-widget elementor-widget-text-editor\" data-id=\"24421e8\" data-element_type=\"widget\" data-widget_type=\"text-editor.default\">\n\t\t\t\t<div class=\"elementor-widget-container\">\n\t\t\t\t\t\t\t\t<div class=\"elementor-text-editor elementor-clearfix\">\n\t\t\t\t<p>El Pol\u00edgono ZUAP, que tiene en total 2 km\u00b2, comprende:<\/p>\t\t\t\t\t<\/div>\n\t\t\t\t\t\t<\/div>\n\t\t\t\t<\/div>\n\t\t\t\t<div class=\"elementor-element elementor-element-6ffd163 elementor-widget elementor-widget-text-editor\" data-id=\"6ffd163\" data-element_type=\"widget\" data-widget_type=\"text-editor.default\">\n\t\t\t\t<div class=\"elementor-widget-container\">\n\t\t\t\t\t\t\t\t<div class=\"elementor-text-editor elementor-clearfix\">\n\t\t\t\t<ul><li aria-level=\"1\">Al occidente: carrera 57 (avenida del Ferrocarril)<\/li><li aria-level=\"1\">Al oriente: carrera 43\u00a0 (Girardot)<\/li><li aria-level=\"1\">Al norte: calle 58 (Echeverri)<\/li><li aria-level=\"1\">Al sur: calle 44 (San Juan)<\/li><\/ul>\t\t\t\t\t<\/div>\n\t\t\t\t\t\t<\/div>\n\t\t\t\t<\/div>\n\t\t\t\t<div class=\"elementor-element elementor-element-77b4b67 elementor-widget elementor-widget-text-editor\" data-id=\"77b4b67\" data-element_type=\"widget\" data-widget_type=\"text-editor.default\">\n\t\t\t\t<div class=\"elementor-widget-container\">\n\t\t\t\t\t\t\t\t<div class=\"elementor-text-editor elementor-clearfix\">\n\t\t\t\t<p>El Centro est\u00e1 clasificado como un \u201c\u00c1rea fuente de contaminaci\u00f3n &#8211; Clase I\u201d (Decreto \u00danico Reglamentario 1076 de 2015 expedido por el Ministerio de Ambiente y Desarrollo Sostenible). La estaci\u00f3n de monitoreo con incidencia de tr\u00e1fico \u00abTr\u00e1fico Centro\u00bb presenta un comportamiento at\u00edpico respecto a las dem\u00e1s. Est\u00e1 ubicada en la carrera 54 &#8211; C\u00facuta; en promedio anual presenta unos niveles de concentraci\u00f3n del contaminante Material Particulado menor a 2.5 micras (PM2.5), perjudicial para la salud, que son superiores a los permitidos por la norma nacional (25 mg\/m\u00b3).<\/p>\t\t\t\t\t<\/div>\n\t\t\t\t\t\t<\/div>\n\t\t\t\t<\/div>\n\t\t\t\t<div class=\"elementor-element elementor-element-dac5a47 elementor-widget elementor-widget-heading\" data-id=\"dac5a47\" data-element_type=\"widget\" data-widget_type=\"heading.default\">\n\t\t\t\t<div class=\"elementor-widget-container\">\n\t\t\t<h2 class=\"elementor-heading-title elementor-size-default\"><b>Componentes <\/b>de las Zonas Urbanas de Aire Protegido<\/h2>\t\t<\/div>\n\t\t\t\t<\/div>\n\t\t\t\t<section class=\"elementor-section elementor-inner-section elementor-element elementor-element-ccf8152 elementor-section-boxed elementor-section-height-default elementor-section-height-default\" data-id=\"ccf8152\" data-element_type=\"section\">\n\t\t\t\t\t\t<div class=\"elementor-container elementor-column-gap-default\">\n\t\t\t\t\t\t\t<div class=\"elementor-row\">\n\t\t\t\t\t<div class=\"elementor-column elementor-col-50 elementor-inner-column elementor-element elementor-element-f20dc20\" data-id=\"f20dc20\" data-element_type=\"column\">\n\t\t\t<div class=\"elementor-column-wrap elementor-element-populated\">\n\t\t\t\t\t\t\t<div class=\"elementor-widget-wrap\">\n\t\t\t\t\t\t<div class=\"elementor-element elementor-element-953b2ca elementor-widget elementor-widget-image\" data-id=\"953b2ca\" data-element_type=\"widget\" data-widget_type=\"image.default\">\n\t\t\t\t<div class=\"elementor-widget-container\">\n\t\t\t\t\t\t\t\t<div class=\"elementor-image\">\n\t\t\t\t\t\t\t\t\t\t\t\t<img width=\"1024\" height=\"575\" src=\"https:\/\/www.medellin.gov.co\/es\/wp-content\/uploads\/2021\/09\/zebra-en-la-estacion-del-ferrocarril.jpg\" class=\"attachment-large size-large\" alt=\"Zebra en la Estaci\u00f3n del Ferrocarril\" loading=\"lazy\" srcset=\"https:\/\/www.medellin.gov.co\/es\/wp-content\/uploads\/2021\/09\/zebra-en-la-estacion-del-ferrocarril.jpg 1024w, https:\/\/www.medellin.gov.co\/es\/wp-content\/uploads\/2021\/09\/zebra-en-la-estacion-del-ferrocarril-300x168.jpg 300w, https:\/\/www.medellin.gov.co\/es\/wp-content\/uploads\/2021\/09\/zebra-en-la-estacion-del-ferrocarril-150x84.jpg 150w, https:\/\/www.medellin.gov.co\/es\/wp-content\/uploads\/2021\/09\/zebra-en-la-estacion-del-ferrocarril-768x431.jpg 768w\" sizes=\"(max-width: 1024px) 100vw, 1024px\" \/>\t\t\t\t\t\t\t\t\t\t\t\t\t\t<\/div>\n\t\t\t\t\t\t<\/div>\n\t\t\t\t<\/div>\n\t\t\t\t\t\t<\/div>\n\t\t\t\t\t<\/div>\n\t\t<\/div>\n\t\t\t\t<div class=\"elementor-column elementor-col-50 elementor-inner-column elementor-element elementor-element-a2589e0\" data-id=\"a2589e0\" data-element_type=\"column\">\n\t\t\t<div class=\"elementor-column-wrap elementor-element-populated\">\n\t\t\t\t\t\t\t<div class=\"elementor-widget-wrap\">\n\t\t\t\t\t\t<div class=\"elementor-element elementor-element-d175bf8 elementor-widget elementor-widget-text-editor\" data-id=\"d175bf8\" data-element_type=\"widget\" data-widget_type=\"text-editor.default\">\n\t\t\t\t<div class=\"elementor-widget-container\">\n\t\t\t\t\t\t\t\t<div class=\"elementor-text-editor elementor-clearfix\">\n\t\t\t\t<p>La Zona Urbana de Aire Protegido es una intervenci\u00f3n integral del territorio, por lo tanto requiere una construcci\u00f3n colectiva con los diferentes actores. Para tal fin se contemplan varios componentes: t\u00e9cnicos, jur\u00eddicos, sociales y comunicacionales.<\/p>\t\t\t\t\t<\/div>\n\t\t\t\t\t\t<\/div>\n\t\t\t\t<\/div>\n\t\t\t\t\t\t<\/div>\n\t\t\t\t\t<\/div>\n\t\t<\/div>\n\t\t\t\t\t\t\t\t<\/div>\n\t\t\t\t\t<\/div>\n\t\t<\/section>\n\t\t\t\t<div class=\"elementor-element elementor-element-611bea5 pp-table-center elementor-widget elementor-widget-pp-table\" data-id=\"611bea5\" data-element_type=\"widget\" data-settings=\"{&quot;scrollable&quot;:&quot;yes&quot;,&quot;table_type&quot;:&quot;responsive&quot;}\" data-widget_type=\"pp-table.default\">\n\t\t\t\t<div class=\"elementor-widget-container\">\n\t\t\t\t\t<div class=\"pp-table-container\">\n\t\t\t<table \n\t\t\tclass=\"pp-table tablesaw\" data-tablesaw-mode=\"swipe\"\t\t\t\t>\n\t\t\t\t\t\t\t<colgroup>\n\t\t\t\t\t\t\t\t<col\n\t\t\t\t\tspan=\"1\"\n\t\t\t\t\tclass=\"elementor-repeater-item-91ee3ad\"\n\t\t\t\t\t\t\t\t\t\t\tstyle=\"\n\t\t\t\t\t\t\t\t\t\t\t\t\t\t\t\t\t\t\t\t\"\n\t\t\t\t\t\t\t\t\t\t>\n\t\t\t\t\t\t\t<\/colgroup>\n\t\t\t\t\t\t<thead>\n\t\t\t\t<tr class=\"pp-table-row\">\n\t\t\t\t\t<th class=\"pp-table-cell pp-table-cell-8cc7ff3\"><span class=\"pp-table-cell-content\"><span class=\"pp-table-cell-text\">Componente<\/span><\/span><\/th><th class=\"pp-table-cell pp-table-cell-b66129c\"><span class=\"pp-table-cell-content\"><span class=\"pp-table-cell-text\">Acciones del componente<\/span><\/span><\/th>\t\t\t\t<\/tr>\n\t\t\t<\/thead>\n\t\t\t\t\t<tfoot>\n\t\t\t<\/tr>\t\t<\/tfoot>\n\t\t\t\t<tbody>\n\t\t\t<tr><td class=\"pp-table-cell pp-table-cell-e39f6d1\" rowspan=\"6\"><span class=\"pp-table-cell-content\"><span class=\"pp-table-cell-text\">T\u00e9cnico<\/span><\/span><\/td><td class=\"pp-table-cell pp-table-cell-096f8eb\"><span class=\"pp-table-cell-content\"><span class=\"pp-table-cell-icon pp-table-cell-icon-before pp-icon\"><i aria-hidden=\"true\" class=\"fas fa-circle\"><\/i><\/span><span class=\"pp-table-cell-text\">Se\u00f1alizaci\u00f3n (horizontal y vertical)<\/span><\/span><\/td><\/tr><tr><td class=\"pp-table-cell pp-table-cell-4ab561b\"><span class=\"pp-table-cell-content\"><span class=\"pp-table-cell-icon pp-table-cell-icon-before pp-icon\"><i aria-hidden=\"true\" class=\"fas fa-circle\"><\/i><\/span><span class=\"pp-table-cell-text\">Campa\u00f1as pedag\u00f3gicas en la v\u00eda<\/span><\/span><\/td><\/tr><tr><td class=\"pp-table-cell pp-table-cell-25d7797\"><span class=\"pp-table-cell-content\"><span class=\"pp-table-cell-icon pp-table-cell-icon-before pp-icon\"><i aria-hidden=\"true\" class=\"fas fa-circle\"><\/i><\/span><span class=\"pp-table-cell-text\">Control con fotodetecci\u00f3n<\/span><\/span><\/td><\/tr><tr><td class=\"pp-table-cell pp-table-cell-42204e7\"><span class=\"pp-table-cell-content\"><span class=\"pp-table-cell-icon pp-table-cell-icon-before pp-icon\"><i aria-hidden=\"true\" class=\"fas fa-circle\"><\/i><\/span><span class=\"pp-table-cell-text\">Control de emisiones<\/span><\/span><\/td><\/tr><tr><td class=\"pp-table-cell pp-table-cell-9d4cdcf\"><span class=\"pp-table-cell-content\"><span class=\"pp-table-cell-icon pp-table-cell-icon-before pp-icon\"><i aria-hidden=\"true\" class=\"fas fa-circle\"><\/i><\/span><span class=\"pp-table-cell-text\">Control de movilidad<\/span><\/span><\/td><\/tr><tr><td class=\"pp-table-cell pp-table-cell-218bbd9\"><span class=\"pp-table-cell-content\"><span class=\"pp-table-cell-icon pp-table-cell-icon-before pp-icon\"><i aria-hidden=\"true\" class=\"fas fa-circle\"><\/i><\/span><span class=\"pp-table-cell-text\">Control de espacio p\u00fablico<\/span><\/span><\/td><\/tr><tr><th class=\"pp-table-cell pp-table-cell-df5491c\"><span class=\"pp-table-cell-content\"><span class=\"pp-table-cell-text\">Jur\u00eddico<\/span><\/span><\/th><th class=\"pp-table-cell pp-table-cell-d52e0fc\"><span class=\"pp-table-cell-content\"><span class=\"pp-table-cell-text\">Normativo (actos administrativos)<\/span><\/span><\/th><\/tr><tr><td class=\"pp-table-cell pp-table-cell-7ef991d\" rowspan=\"3\"><span class=\"pp-table-cell-content\"><span class=\"pp-table-cell-text\">Social y comunicacional<\/span><\/span><\/td><td class=\"pp-table-cell pp-table-cell-8ab4e0b\"><span class=\"pp-table-cell-content\"><span class=\"pp-table-cell-icon pp-table-cell-icon-before pp-icon\"><i aria-hidden=\"true\" class=\"fas fa-circle\"><\/i><\/span><span class=\"pp-table-cell-text\">Gesti\u00f3n social y pedagog\u00eda (material pedag\u00f3gico, gestores sociales en territorio).<\/span><\/span><\/td><\/tr><tr><td class=\"pp-table-cell pp-table-cell-63d3f3b\"><span class=\"pp-table-cell-content\"><span class=\"pp-table-cell-icon pp-table-cell-icon-before pp-icon\"><i aria-hidden=\"true\" class=\"fas fa-circle\"><\/i><\/span><span class=\"pp-table-cell-text\">Promoci\u00f3n y comunicaciones (Identidad ZUAP, indicadores y monitoreo, planes de comunicaciones y de medios).<\/span><\/span><\/td><\/tr><tr><td class=\"pp-table-cell pp-table-cell-40d1cce\"><span class=\"pp-table-cell-content\"><span class=\"pp-table-cell-icon pp-table-cell-icon-before pp-icon\"><i aria-hidden=\"true\" class=\"fas fa-circle\"><\/i><\/span><span class=\"pp-table-cell-text\">Activaci\u00f3n cultural en territorio.<\/span><\/span><\/td><\/tr>\t\t<\/tbody>\n\t\t\t\t\t<\/table>\n\t\t<\/div>\n\t\t\t\t<\/div>\n\t\t\t\t<\/div>\n\t\t\t\t<div class=\"elementor-element elementor-element-b00aa62 elementor-widget elementor-widget-heading\" data-id=\"b00aa62\" data-element_type=\"widget\" data-widget_type=\"heading.default\">\n\t\t\t\t<div class=\"elementor-widget-container\">\n\t\t\t<h2 class=\"elementor-heading-title elementor-size-default\"><b>Fases <\/b>de las Zonas Urbanas de Aire Protegido<\/h2>\t\t<\/div>\n\t\t\t\t<\/div>\n\t\t\t\t<section class=\"elementor-section elementor-inner-section elementor-element elementor-element-f8e3dc8 elementor-reverse-tablet elementor-reverse-mobile elementor-section-boxed elementor-section-height-default elementor-section-height-default\" data-id=\"f8e3dc8\" data-element_type=\"section\">\n\t\t\t\t\t\t<div class=\"elementor-container elementor-column-gap-default\">\n\t\t\t\t\t\t\t<div class=\"elementor-row\">\n\t\t\t\t\t<div class=\"elementor-column elementor-col-50 elementor-inner-column elementor-element elementor-element-c2f7424\" data-id=\"c2f7424\" data-element_type=\"column\">\n\t\t\t<div class=\"elementor-column-wrap elementor-element-populated\">\n\t\t\t\t\t\t\t<div class=\"elementor-widget-wrap\">\n\t\t\t\t\t\t<div class=\"elementor-element elementor-element-edf294a elementor-widget elementor-widget-text-editor\" data-id=\"edf294a\" data-element_type=\"widget\" data-widget_type=\"text-editor.default\">\n\t\t\t\t<div class=\"elementor-widget-container\">\n\t\t\t\t\t\t\t\t<div class=\"elementor-text-editor elementor-clearfix\">\n\t\t\t\t<p>En 2021, el prop\u00f3sito es visibilizar el pol\u00edgono de la Zona Urbana de Aire Protegido y facilitar el entendimiento a los ciudadanos en este proceso de transformaci\u00f3n hacia el centro que so\u00f1amos. Abriremos espacios permanentes y temporales para caminar m\u00e1s y usar m\u00e1s la bicicleta; tambi\u00e9n haremos un estudio para reducir las emisiones de fuentes m\u00f3viles en el centro. Posteriormente, en 2022 y 2023, implementaremos las medidas que busquen disminuir las concentraciones de emisiones y mediremos el impacto de la mano de la autoridad ambiental.<\/p>\t\t\t\t\t<\/div>\n\t\t\t\t\t\t<\/div>\n\t\t\t\t<\/div>\n\t\t\t\t\t\t<\/div>\n\t\t\t\t\t<\/div>\n\t\t<\/div>\n\t\t\t\t<div class=\"elementor-column elementor-col-50 elementor-inner-column elementor-element elementor-element-1e68f3d\" data-id=\"1e68f3d\" data-element_type=\"column\">\n\t\t\t<div class=\"elementor-column-wrap elementor-element-populated\">\n\t\t\t\t\t\t\t<div class=\"elementor-widget-wrap\">\n\t\t\t\t\t\t<div class=\"elementor-element elementor-element-93e78c7 elementor-widget elementor-widget-image\" data-id=\"93e78c7\" data-element_type=\"widget\" data-widget_type=\"image.default\">\n\t\t\t\t<div class=\"elementor-widget-container\">\n\t\t\t\t\t\t\t\t<div class=\"elementor-image\">\n\t\t\t\t\t\t\t\t\t\t\t\t<img width=\"1024\" height=\"570\" src=\"https:\/\/www.medellin.gov.co\/es\/wp-content\/uploads\/2021\/09\/etapas-mesa-de-trabajo-1024x570.jpg\" class=\"attachment-large size-large\" alt=\"Etapas Mesa de Trabajo\" loading=\"lazy\" srcset=\"https:\/\/www.medellin.gov.co\/es\/wp-content\/uploads\/2021\/09\/etapas-mesa-de-trabajo-1024x570.jpg 1024w, https:\/\/www.medellin.gov.co\/es\/wp-content\/uploads\/2021\/09\/etapas-mesa-de-trabajo-300x167.jpg 300w, https:\/\/www.medellin.gov.co\/es\/wp-content\/uploads\/2021\/09\/etapas-mesa-de-trabajo-150x83.jpg 150w, https:\/\/www.medellin.gov.co\/es\/wp-content\/uploads\/2021\/09\/etapas-mesa-de-trabajo-768x427.jpg 768w, https:\/\/www.medellin.gov.co\/es\/wp-content\/uploads\/2021\/09\/etapas-mesa-de-trabajo-1536x854.jpg 1536w, https:\/\/www.medellin.gov.co\/es\/wp-content\/uploads\/2021\/09\/etapas-mesa-de-trabajo.jpg 1877w\" sizes=\"(max-width: 1024px) 100vw, 1024px\" \/>\t\t\t\t\t\t\t\t\t\t\t\t\t\t<\/div>\n\t\t\t\t\t\t<\/div>\n\t\t\t\t<\/div>\n\t\t\t\t\t\t<\/div>\n\t\t\t\t\t<\/div>\n\t\t<\/div>\n\t\t\t\t\t\t\t\t<\/div>\n\t\t\t\t\t<\/div>\n\t\t<\/section>\n\t\t\t\t<div class=\"elementor-element elementor-element-3f78e14 elementor-widget elementor-widget-text-editor\" data-id=\"3f78e14\" data-element_type=\"widget\" data-widget_type=\"text-editor.default\">\n\t\t\t\t<div class=\"elementor-widget-container\">\n\t\t\t\t\t\t\t\t<div class=\"elementor-text-editor elementor-clearfix\">\n\t\t\t\t<p>Los primeros resultados de la Zona Urbana de Aire Protegido ser\u00e1n la disminuci\u00f3n de la cantidad de \u00d3xidos de Nitr\u00f3geno (NOx) y Material Particulado menor a 2.5 micras (PM2.5), emitidos por los veh\u00edculos en el centro. A mediano plazo, se espera que la calidad del aire mejore en toda la ciudad debido a la Zona Urbana de Aire Protegido, para de esta manera cumplir con los est\u00e1ndares nacionales de calidad del aire. Finalmente, a largo plazo, el efecto esperado es mejorar la calidad de vida y la salud de todas y todos los ciudadanos de Medell\u00edn.<\/p>\t\t\t\t\t<\/div>\n\t\t\t\t\t\t<\/div>\n\t\t\t\t<\/div>\n\t\t\t\t<div class=\"elementor-element elementor-element-b9126ec elementor-widget elementor-widget-heading\" data-id=\"b9126ec\" data-element_type=\"widget\" data-widget_type=\"heading.default\">\n\t\t\t\t<div class=\"elementor-widget-container\">\n\t\t\t<h2 class=\"elementor-heading-title elementor-size-default\"><b>Referentes <\/b>de Zonas Urbanas de Aire Protegido<\/h2>\t\t<\/div>\n\t\t\t\t<\/div>\n\t\t\t\t<div class=\"elementor-element elementor-element-1064a27 elementor-widget elementor-widget-text-editor\" data-id=\"1064a27\" data-element_type=\"widget\" data-widget_type=\"text-editor.default\">\n\t\t\t\t<div class=\"elementor-widget-container\">\n\t\t\t\t\t\t\t\t<div class=\"elementor-text-editor elementor-clearfix\">\n\t\t\t\t<p>La Zona Urbana de Aire Protegido es la primera en Colombia de este tipo, aunque otros pa\u00edses ya cuentan con experiencias similares.<\/p>\t\t\t\t\t<\/div>\n\t\t\t\t\t\t<\/div>\n\t\t\t\t<\/div>\n\t\t\t\t<section class=\"elementor-section elementor-inner-section elementor-element elementor-element-d02cfa4 elementor-section-boxed elementor-section-height-default elementor-section-height-default\" data-id=\"d02cfa4\" data-element_type=\"section\">\n\t\t\t\t\t\t<div class=\"elementor-container elementor-column-gap-default\">\n\t\t\t\t\t\t\t<div class=\"elementor-row\">\n\t\t\t\t\t<div class=\"elementor-column elementor-col-50 elementor-inner-column elementor-element elementor-element-bba4322\" data-id=\"bba4322\" data-element_type=\"column\">\n\t\t\t<div class=\"elementor-column-wrap elementor-element-populated\">\n\t\t\t\t\t\t\t<div class=\"elementor-widget-wrap\">\n\t\t\t\t\t\t<div class=\"elementor-element elementor-element-ca305db elementor-widget elementor-widget-image\" data-id=\"ca305db\" data-element_type=\"widget\" data-widget_type=\"image.default\">\n\t\t\t\t<div class=\"elementor-widget-container\">\n\t\t\t\t\t\t\t\t<div class=\"elementor-image\">\n\t\t\t\t\t\t\t\t\t\t\t\t<img width=\"634\" height=\"423\" src=\"https:\/\/www.medellin.gov.co\/es\/wp-content\/uploads\/2021\/09\/zona-urbana-de-aire-protegido-londres.jpg\" class=\"attachment-large size-large\" alt=\"Zona Urbana de Aire protegido en Londres\" loading=\"lazy\" srcset=\"https:\/\/www.medellin.gov.co\/es\/wp-content\/uploads\/2021\/09\/zona-urbana-de-aire-protegido-londres.jpg 634w, https:\/\/www.medellin.gov.co\/es\/wp-content\/uploads\/2021\/09\/zona-urbana-de-aire-protegido-londres-300x200.jpg 300w, https:\/\/www.medellin.gov.co\/es\/wp-content\/uploads\/2021\/09\/zona-urbana-de-aire-protegido-londres-150x100.jpg 150w\" sizes=\"(max-width: 634px) 100vw, 634px\" \/>\t\t\t\t\t\t\t\t\t\t\t\t\t\t<\/div>\n\t\t\t\t\t\t<\/div>\n\t\t\t\t<\/div>\n\t\t\t\t\t\t<\/div>\n\t\t\t\t\t<\/div>\n\t\t<\/div>\n\t\t\t\t<div class=\"elementor-column elementor-col-50 elementor-inner-column elementor-element elementor-element-e0c5e0f\" data-id=\"e0c5e0f\" data-element_type=\"column\">\n\t\t\t<div class=\"elementor-column-wrap elementor-element-populated\">\n\t\t\t\t\t\t\t<div class=\"elementor-widget-wrap\">\n\t\t\t\t\t\t<div class=\"elementor-element elementor-element-7f0b8c7 elementor-widget elementor-widget-text-editor\" data-id=\"7f0b8c7\" data-element_type=\"widget\" data-widget_type=\"text-editor.default\">\n\t\t\t\t<div class=\"elementor-widget-container\">\n\t\t\t\t\t\t\t\t<div class=\"elementor-text-editor elementor-clearfix\">\n\t\t\t\t<p>Lugar: Londres, Inglaterra<\/p><p>Nombre: Low EmisSion Zone or LEZ &#8211; Ultra Low EmisSion Zone (zonas de bajas y ultrabajas emisiones)<\/p><p>Medidas de la zona:<\/p>\t\t\t\t\t<\/div>\n\t\t\t\t\t\t<\/div>\n\t\t\t\t<\/div>\n\t\t\t\t<div class=\"elementor-element elementor-element-65d887d elementor-widget elementor-widget-text-editor\" data-id=\"65d887d\" data-element_type=\"widget\" data-widget_type=\"text-editor.default\">\n\t\t\t\t<div class=\"elementor-widget-container\">\n\t\t\t\t\t\t\t\t<div class=\"elementor-text-editor elementor-clearfix\">\n\t\t\t\t<ul><li>Distribuye el espacio para promover la movilidad sostenible.<\/li><li>Aplica cobro por congesti\u00f3n en horarios espec\u00edficos.<\/li><li>Aplica cobro por contaminaci\u00f3n.<\/li><li>Promueve el comercio al pacificar el tr\u00e1fico.<\/li><\/ul>\t\t\t\t\t<\/div>\n\t\t\t\t\t\t<\/div>\n\t\t\t\t<\/div>\n\t\t\t\t\t\t<\/div>\n\t\t\t\t\t<\/div>\n\t\t<\/div>\n\t\t\t\t\t\t\t\t<\/div>\n\t\t\t\t\t<\/div>\n\t\t<\/section>\n\t\t\t\t<section class=\"elementor-section elementor-inner-section elementor-element elementor-element-ef58c39 elementor-reverse-tablet elementor-reverse-mobile elementor-section-boxed elementor-section-height-default elementor-section-height-default\" data-id=\"ef58c39\" data-element_type=\"section\">\n\t\t\t\t\t\t<div class=\"elementor-container elementor-column-gap-default\">\n\t\t\t\t\t\t\t<div class=\"elementor-row\">\n\t\t\t\t\t<div class=\"elementor-column elementor-col-50 elementor-inner-column elementor-element elementor-element-4e6f56a\" data-id=\"4e6f56a\" data-element_type=\"column\">\n\t\t\t<div class=\"elementor-column-wrap elementor-element-populated\">\n\t\t\t\t\t\t\t<div class=\"elementor-widget-wrap\">\n\t\t\t\t\t\t<div class=\"elementor-element elementor-element-2ed577d elementor-widget elementor-widget-text-editor\" data-id=\"2ed577d\" data-element_type=\"widget\" data-widget_type=\"text-editor.default\">\n\t\t\t\t<div class=\"elementor-widget-container\">\n\t\t\t\t\t\t\t\t<div class=\"elementor-text-editor elementor-clearfix\">\n\t\t\t\t<p>Lugar: Par\u00eds, Francia<\/p><p>Nombre: ZCR Zone \u00e0 Circulation Restreinte &#8211; ZFE Zone \u00e0 Faibles Emissions (Zonas de tr\u00e1fico restringido y bajas emisiones)<\/p><p>Medidas de la zona:<\/p>\t\t\t\t\t<\/div>\n\t\t\t\t\t\t<\/div>\n\t\t\t\t<\/div>\n\t\t\t\t<div class=\"elementor-element elementor-element-5a95bf7 elementor-widget elementor-widget-text-editor\" data-id=\"5a95bf7\" data-element_type=\"widget\" data-widget_type=\"text-editor.default\">\n\t\t\t\t<div class=\"elementor-widget-container\">\n\t\t\t\t\t\t\t\t<div class=\"elementor-text-editor elementor-clearfix\">\n\t\t\t\t<ul><li>Aplica restricciones de circulaci\u00f3n y tecnolog\u00eda de forma manual.<\/li><li>Visibiliza la tecnolog\u00eda del veh\u00edculo y las concentraciones de contaminantes.<\/li><li>Promueve el comercio al pacificar el tr\u00e1fico.<\/li><\/ul>\t\t\t\t\t<\/div>\n\t\t\t\t\t\t<\/div>\n\t\t\t\t<\/div>\n\t\t\t\t\t\t<\/div>\n\t\t\t\t\t<\/div>\n\t\t<\/div>\n\t\t\t\t<div class=\"elementor-column elementor-col-50 elementor-inner-column elementor-element elementor-element-6a18075\" data-id=\"6a18075\" data-element_type=\"column\">\n\t\t\t<div class=\"elementor-column-wrap elementor-element-populated\">\n\t\t\t\t\t\t\t<div class=\"elementor-widget-wrap\">\n\t\t\t\t\t\t<div class=\"elementor-element elementor-element-2819df9 elementor-widget elementor-widget-image\" data-id=\"2819df9\" data-element_type=\"widget\" data-widget_type=\"image.default\">\n\t\t\t\t<div class=\"elementor-widget-container\">\n\t\t\t\t\t\t\t\t<div class=\"elementor-image\">\n\t\t\t\t\t\t\t\t\t\t\t\t<img width=\"1000\" height=\"563\" src=\"https:\/\/www.medellin.gov.co\/es\/wp-content\/uploads\/2021\/09\/zona-urbana-de-aire-protegido-paris.jpg\" class=\"attachment-large size-large\" alt=\"Zona Urbana de Aire protegido en Par\u00eds\" loading=\"lazy\" srcset=\"https:\/\/www.medellin.gov.co\/es\/wp-content\/uploads\/2021\/09\/zona-urbana-de-aire-protegido-paris.jpg 1000w, https:\/\/www.medellin.gov.co\/es\/wp-content\/uploads\/2021\/09\/zona-urbana-de-aire-protegido-paris-300x169.jpg 300w, https:\/\/www.medellin.gov.co\/es\/wp-content\/uploads\/2021\/09\/zona-urbana-de-aire-protegido-paris-150x84.jpg 150w, https:\/\/www.medellin.gov.co\/es\/wp-content\/uploads\/2021\/09\/zona-urbana-de-aire-protegido-paris-768x432.jpg 768w\" sizes=\"(max-width: 1000px) 100vw, 1000px\" \/>\t\t\t\t\t\t\t\t\t\t\t\t\t\t<\/div>\n\t\t\t\t\t\t<\/div>\n\t\t\t\t<\/div>\n\t\t\t\t\t\t<\/div>\n\t\t\t\t\t<\/div>\n\t\t<\/div>\n\t\t\t\t\t\t\t\t<\/div>\n\t\t\t\t\t<\/div>\n\t\t<\/section>\n\t\t\t\t<section class=\"elementor-section elementor-inner-section elementor-element elementor-element-fce83b6 elementor-section-boxed elementor-section-height-default elementor-section-height-default\" data-id=\"fce83b6\" data-element_type=\"section\">\n\t\t\t\t\t\t<div class=\"elementor-container elementor-column-gap-default\">\n\t\t\t\t\t\t\t<div class=\"elementor-row\">\n\t\t\t\t\t<div class=\"elementor-column elementor-col-50 elementor-inner-column elementor-element elementor-element-9e4f76b\" data-id=\"9e4f76b\" data-element_type=\"column\">\n\t\t\t<div class=\"elementor-column-wrap elementor-element-populated\">\n\t\t\t\t\t\t\t<div class=\"elementor-widget-wrap\">\n\t\t\t\t\t\t<div class=\"elementor-element elementor-element-5ac602d elementor-widget elementor-widget-image\" data-id=\"5ac602d\" data-element_type=\"widget\" data-widget_type=\"image.default\">\n\t\t\t\t<div class=\"elementor-widget-container\">\n\t\t\t\t\t\t\t\t<div class=\"elementor-image\">\n\t\t\t\t\t\t\t\t\t\t\t\t<img width=\"980\" height=\"552\" src=\"https:\/\/www.medellin.gov.co\/es\/wp-content\/uploads\/2021\/09\/zona-urbana-de-aire-protegido-madrid.jpg\" class=\"attachment-large size-large\" alt=\"Zona Urbana de Aire protegido en Madrid\" loading=\"lazy\" srcset=\"https:\/\/www.medellin.gov.co\/es\/wp-content\/uploads\/2021\/09\/zona-urbana-de-aire-protegido-madrid.jpg 980w, https:\/\/www.medellin.gov.co\/es\/wp-content\/uploads\/2021\/09\/zona-urbana-de-aire-protegido-madrid-300x169.jpg 300w, https:\/\/www.medellin.gov.co\/es\/wp-content\/uploads\/2021\/09\/zona-urbana-de-aire-protegido-madrid-150x84.jpg 150w, https:\/\/www.medellin.gov.co\/es\/wp-content\/uploads\/2021\/09\/zona-urbana-de-aire-protegido-madrid-768x433.jpg 768w\" sizes=\"(max-width: 980px) 100vw, 980px\" \/>\t\t\t\t\t\t\t\t\t\t\t\t\t\t<\/div>\n\t\t\t\t\t\t<\/div>\n\t\t\t\t<\/div>\n\t\t\t\t\t\t<\/div>\n\t\t\t\t\t<\/div>\n\t\t<\/div>\n\t\t\t\t<div class=\"elementor-column elementor-col-50 elementor-inner-column elementor-element elementor-element-16ccf83\" data-id=\"16ccf83\" data-element_type=\"column\">\n\t\t\t<div class=\"elementor-column-wrap elementor-element-populated\">\n\t\t\t\t\t\t\t<div class=\"elementor-widget-wrap\">\n\t\t\t\t\t\t<div class=\"elementor-element elementor-element-28725d0 elementor-widget elementor-widget-text-editor\" data-id=\"28725d0\" data-element_type=\"widget\" data-widget_type=\"text-editor.default\">\n\t\t\t\t<div class=\"elementor-widget-container\">\n\t\t\t\t\t\t\t\t<div class=\"elementor-text-editor elementor-clearfix\">\n\t\t\t\t<p>Lugar: Madrid, Espa\u00f1a<\/p><p>Nombre: Madrid Central<\/p><p>Medidas de la zona:<\/p>\t\t\t\t\t<\/div>\n\t\t\t\t\t\t<\/div>\n\t\t\t\t<\/div>\n\t\t\t\t<div class=\"elementor-element elementor-element-095d5bf elementor-widget elementor-widget-text-editor\" data-id=\"095d5bf\" data-element_type=\"widget\" data-widget_type=\"text-editor.default\">\n\t\t\t\t<div class=\"elementor-widget-container\">\n\t\t\t\t\t\t\t\t<div class=\"elementor-text-editor elementor-clearfix\">\n\t\t\t\t<ul><li>Utiliza stickers para identificar veh\u00edculos\u00a0 el\u00e9ctricos.<\/li><li>Se\u00f1alizaci\u00f3n en la zona.<\/li><li>Control por medio de c\u00e1maras.<\/li><\/ul>\t\t\t\t\t<\/div>\n\t\t\t\t\t\t<\/div>\n\t\t\t\t<\/div>\n\t\t\t\t\t\t<\/div>\n\t\t\t\t\t<\/div>\n\t\t<\/div>\n\t\t\t\t\t\t\t\t<\/div>\n\t\t\t\t\t<\/div>\n\t\t<\/section>\n\t\t\t\t<div class=\"elementor-element elementor-element-1565a04 elementor-widget elementor-widget-heading\" data-id=\"1565a04\" data-element_type=\"widget\" data-widget_type=\"heading.default\">\n\t\t\t\t<div class=\"elementor-widget-container\">\n\t\t\t<h2 class=\"elementor-heading-title elementor-size-default\"><b>Preguntas <\/b>Frecuentes de Movilidad<\/h2>\t\t<\/div>\n\t\t\t\t<\/div>\n\t\t\t\t<div class=\"elementor-element elementor-element-6964cb5 elementor-widget elementor-widget-pp-faq\" data-id=\"6964cb5\" data-element_type=\"widget\" data-settings=\"{&quot;faq_layout&quot;:&quot;accordion&quot;,&quot;accordion_type&quot;:&quot;accordion&quot;,&quot;toggle_speed&quot;:300}\" data-widget_type=\"pp-faq.default\">\n\t\t\t\t<div class=\"elementor-widget-container\">\n\t\t\t\t\t<div class=\"pp-faqs pp-advanced-accordion pp-toggle-icon-align-left\" id=\"pp-advanced-accordion-6964cb5\" data-accordion-id=\"6964cb5\">\n\t\t\t\t\t\t<div class=\"pp-faq-item-wrap elementor-grid-item\">\n\t\t\t\t<div class=\"pp-faq-item pp-accordion-item\">\n\t\t\t\t\t<div id=\"pp-accordion-tab-title-1102\" class=\"pp-faq-question pp-accordion-tab-title\" tabindex=\"1102\" data-tab=\"2\">\n\t\t\t\t\t\t<div class=\"pp-accordion-title-icon\">\n\t\t\t\t\t\t\t\t\t\t\t\t\t\t\t\t\t\t\t\t\t<div class=\"pp-accordion-title-text\">\n\t\t\t\t\t\t\t\t\u00bfLos usuarios tendr\u00e1n acceso a un chat en el sitio web?\t\t\t\t\t\t\t<\/div>\n\t\t\t\t\t\t<\/div>\n\t\t\t\t\t\t\t\t\t\t\t\t\t<div class=\"pp-accordion-toggle-icon\">\n\t\t\t\t\t\t\t\t\t\t\t\t\t\t\t\t\t<span class='pp-accordion-toggle-icon-close pp-icon'>\n\t\t\t\t\t\t\t\t\t\t<i aria-hidden=\"true\" class=\"fas fa-plus\"><\/i>\t\t\t\t\t\t\t\t\t<\/span>\n\t\t\t\t\t\t\t\t\t\t\t\t\t\t\t\t\t\t\t\t\t\t\t\t\t<span class='pp-accordion-toggle-icon-open pp-icon'>\n\t\t\t\t\t\t\t\t\t\t<i aria-hidden=\"true\" class=\"fas fa-minus\"><\/i>\t\t\t\t\t\t\t\t\t<\/span>\n\t\t\t\t\t\t\t\t\t\t\t\t\t\t\t<\/div>\n\t\t\t\t\t\t\t\t\t\t\t<\/div>\n\n\t\t\t\t\t<div id=\"pp-accordion-tab-content-1102\" class=\"pp-faq-answer pp-accordion-tab-content\" data-tab=\"2\">\n\t\t\t\t\t\tLos usuarios podr\u00e1n acceder al ChatBot en el sitio de Movilidad en L\u00ednea. El Chatbot es un asesor virtual con inteligencia artificial que simulan una conversaci\u00f3n y asisten al ciudadano en el desarrollo de un tr\u00e1mite, servicios y consultas relacionadas con la Secretar\u00eda de Movilidad de Medell\u00edn.\t\t\t\t\t<\/div>\n\t\t\t\t<\/div>\n\t\t\t<\/div>\n\t\t\t\t\t\t<div class=\"pp-faq-item-wrap elementor-grid-item\">\n\t\t\t\t<div class=\"pp-faq-item pp-accordion-item\">\n\t\t\t\t\t<div id=\"pp-accordion-tab-title-1103\" class=\"pp-faq-question pp-accordion-tab-title\" tabindex=\"1103\" data-tab=\"3\">\n\t\t\t\t\t\t<div class=\"pp-accordion-title-icon\">\n\t\t\t\t\t\t\t\t\t\t\t\t\t\t\t\t\t\t\t\t\t<div class=\"pp-accordion-title-text\">\n\t\t\t\t\t\t\t\t\u00bfPuedo retirar un veh\u00edculo un d\u00eda festivo?\t\t\t\t\t\t\t<\/div>\n\t\t\t\t\t\t<\/div>\n\t\t\t\t\t\t\t\t\t\t\t\t\t<div class=\"pp-accordion-toggle-icon\">\n\t\t\t\t\t\t\t\t\t\t\t\t\t\t\t\t\t<span class='pp-accordion-toggle-icon-close pp-icon'>\n\t\t\t\t\t\t\t\t\t\t<i aria-hidden=\"true\" class=\"fas fa-plus\"><\/i>\t\t\t\t\t\t\t\t\t<\/span>\n\t\t\t\t\t\t\t\t\t\t\t\t\t\t\t\t\t\t\t\t\t\t\t\t\t<span class='pp-accordion-toggle-icon-open pp-icon'>\n\t\t\t\t\t\t\t\t\t\t<i aria-hidden=\"true\" class=\"fas fa-minus\"><\/i>\t\t\t\t\t\t\t\t\t<\/span>\n\t\t\t\t\t\t\t\t\t\t\t\t\t\t\t<\/div>\n\t\t\t\t\t\t\t\t\t\t\t<\/div>\n\n\t\t\t\t\t<div id=\"pp-accordion-tab-content-1103\" class=\"pp-faq-answer pp-accordion-tab-content\" data-tab=\"3\">\n\t\t\t\t\t\tNo, puede anexar la documentaci\u00f3n necesaria para el tr\u00e1mite, pero el retiro solo se podr\u00e1 realizar de lunes a viernes de 7:30 a. m. a 5:30 p. m. y s\u00e1bados de 9:00 a. m. a 12:00 m.\t\t\t\t\t<\/div>\n\t\t\t\t<\/div>\n\t\t\t<\/div>\n\t\t\t\t\t\t<div class=\"pp-faq-item-wrap elementor-grid-item\">\n\t\t\t\t<div class=\"pp-faq-item pp-accordion-item\">\n\t\t\t\t\t<div id=\"pp-accordion-tab-title-1104\" class=\"pp-faq-question pp-accordion-tab-title\" tabindex=\"1104\" data-tab=\"4\">\n\t\t\t\t\t\t<div class=\"pp-accordion-title-icon\">\n\t\t\t\t\t\t\t\t\t\t\t\t\t\t\t\t\t\t\t\t\t<div class=\"pp-accordion-title-text\">\n\t\t\t\t\t\t\t\tEn qu\u00e9 consiste el tema de inteligencia artificial.\t\t\t\t\t\t\t<\/div>\n\t\t\t\t\t\t<\/div>\n\t\t\t\t\t\t\t\t\t\t\t\t\t<div class=\"pp-accordion-toggle-icon\">\n\t\t\t\t\t\t\t\t\t\t\t\t\t\t\t\t\t<span class='pp-accordion-toggle-icon-close pp-icon'>\n\t\t\t\t\t\t\t\t\t\t<i aria-hidden=\"true\" class=\"fas fa-plus\"><\/i>\t\t\t\t\t\t\t\t\t<\/span>\n\t\t\t\t\t\t\t\t\t\t\t\t\t\t\t\t\t\t\t\t\t\t\t\t\t<span class='pp-accordion-toggle-icon-open pp-icon'>\n\t\t\t\t\t\t\t\t\t\t<i aria-hidden=\"true\" class=\"fas fa-minus\"><\/i>\t\t\t\t\t\t\t\t\t<\/span>\n\t\t\t\t\t\t\t\t\t\t\t\t\t\t\t<\/div>\n\t\t\t\t\t\t\t\t\t\t\t<\/div>\n\n\t\t\t\t\t<div id=\"pp-accordion-tab-content-1104\" class=\"pp-faq-answer pp-accordion-tab-content\" data-tab=\"4\">\n\t\t\t\t\t\tEs un programa de computador entrenado por humanos para aprender a realizar tareas espec\u00edficas, tales como: contestar preguntas, clasificar im\u00e1genes y procesar la voz a textos. Es importante destacar que mientras m\u00e1s entrenamiento reciba (a partir de las interacciones con los ciudadanos) mejor ser\u00e1 su desempe\u00f1o. \nComo ejemplo m\u00e1s representativo se encuentra SIRI, un asistente virtual creado por Apple para ayudar a sus usuarios a realizar diferentes tareas.\t\t\t\t\t<\/div>\n\t\t\t\t<\/div>\n\t\t\t<\/div>\n\t\t\t\t\t\t<div class=\"pp-faq-item-wrap elementor-grid-item\">\n\t\t\t\t<div class=\"pp-faq-item pp-accordion-item\">\n\t\t\t\t\t<div id=\"pp-accordion-tab-title-1105\" class=\"pp-faq-question pp-accordion-tab-title\" tabindex=\"1105\" data-tab=\"5\">\n\t\t\t\t\t\t<div class=\"pp-accordion-title-icon\">\n\t\t\t\t\t\t\t\t\t\t\t\t\t\t\t\t\t\t\t\t\t<div class=\"pp-accordion-title-text\">\n\t\t\t\t\t\t\t\t\u00bfCu\u00e1l es la inversi\u00f3n de Movilidad en L\u00ednea?\t\t\t\t\t\t\t<\/div>\n\t\t\t\t\t\t<\/div>\n\t\t\t\t\t\t\t\t\t\t\t\t\t<div class=\"pp-accordion-toggle-icon\">\n\t\t\t\t\t\t\t\t\t\t\t\t\t\t\t\t\t<span class='pp-accordion-toggle-icon-close pp-icon'>\n\t\t\t\t\t\t\t\t\t\t<i aria-hidden=\"true\" class=\"fas fa-plus\"><\/i>\t\t\t\t\t\t\t\t\t<\/span>\n\t\t\t\t\t\t\t\t\t\t\t\t\t\t\t\t\t\t\t\t\t\t\t\t\t<span class='pp-accordion-toggle-icon-open pp-icon'>\n\t\t\t\t\t\t\t\t\t\t<i aria-hidden=\"true\" class=\"fas fa-minus\"><\/i>\t\t\t\t\t\t\t\t\t<\/span>\n\t\t\t\t\t\t\t\t\t\t\t\t\t\t\t<\/div>\n\t\t\t\t\t\t\t\t\t\t\t<\/div>\n\n\t\t\t\t\t<div id=\"pp-accordion-tab-content-1105\" class=\"pp-faq-answer pp-accordion-tab-content\" data-tab=\"5\">\n\t\t\t\t\t\tTodo se realiz\u00f3 dentro del marco del Convenio Interadministrativo con UNE, y para realizarlo no se modific\u00f3 el modelo financiero, se realiz\u00f3 un an\u00e1lisis para optimizar los recursos existentes.\t\t\t\t\t<\/div>\n\t\t\t\t<\/div>\n\t\t\t<\/div>\n\t\t\t\t\t\t<div class=\"pp-faq-item-wrap elementor-grid-item\">\n\t\t\t\t<div class=\"pp-faq-item pp-accordion-item\">\n\t\t\t\t\t<div id=\"pp-accordion-tab-title-1106\" class=\"pp-faq-question pp-accordion-tab-title\" tabindex=\"1106\" data-tab=\"6\">\n\t\t\t\t\t\t<div class=\"pp-accordion-title-icon\">\n\t\t\t\t\t\t\t\t\t\t\t\t\t\t\t\t\t\t\t\t\t<div class=\"pp-accordion-title-text\">\n\t\t\t\t\t\t\t\t\u00bfSi el chatbot no contesta la pregunta de manera adecuada, qu\u00e9 debo hacer para solucionar la inquietud?\t\t\t\t\t\t\t<\/div>\n\t\t\t\t\t\t<\/div>\n\t\t\t\t\t\t\t\t\t\t\t\t\t<div class=\"pp-accordion-toggle-icon\">\n\t\t\t\t\t\t\t\t\t\t\t\t\t\t\t\t\t<span class='pp-accordion-toggle-icon-close pp-icon'>\n\t\t\t\t\t\t\t\t\t\t<i aria-hidden=\"true\" class=\"fas fa-plus\"><\/i>\t\t\t\t\t\t\t\t\t<\/span>\n\t\t\t\t\t\t\t\t\t\t\t\t\t\t\t\t\t\t\t\t\t\t\t\t\t<span class='pp-accordion-toggle-icon-open pp-icon'>\n\t\t\t\t\t\t\t\t\t\t<i aria-hidden=\"true\" class=\"fas fa-minus\"><\/i>\t\t\t\t\t\t\t\t\t<\/span>\n\t\t\t\t\t\t\t\t\t\t\t\t\t\t\t<\/div>\n\t\t\t\t\t\t\t\t\t\t\t<\/div>\n\n\t\t\t\t\t<div id=\"pp-accordion-tab-content-1106\" class=\"pp-faq-answer pp-accordion-tab-content\" data-tab=\"6\">\n\t\t\t\t\t\tEl asistente virtual tiene diferentes posibilidades de respuesta, sin embargo las personas deben estructurar las preguntas con palabras claves para encontrar la respuesta correcta. Sin embargo, en caso de que no tenga la respuesta puede comunicarse en horario de oficina al conmutador (4) 4457777.\t\t\t\t\t<\/div>\n\t\t\t\t<\/div>\n\t\t\t<\/div>\n\t\t\t\t\t\t<div class=\"pp-faq-item-wrap elementor-grid-item\">\n\t\t\t\t<div class=\"pp-faq-item pp-accordion-item\">\n\t\t\t\t\t<div id=\"pp-accordion-tab-title-1107\" class=\"pp-faq-question pp-accordion-tab-title\" tabindex=\"1107\" data-tab=\"7\">\n\t\t\t\t\t\t<div class=\"pp-accordion-title-icon\">\n\t\t\t\t\t\t\t\t\t\t\t\t\t\t\t\t\t\t\t\t\t<div class=\"pp-accordion-title-text\">\n\t\t\t\t\t\t\t\t\u00bfPuedo solicitar material probatorio a trav\u00e9s de Movilidad en L\u00ednea, debido a que me robaron mi veh\u00edculo cerca de una c\u00e1mara de Fotodetecci\u00f3n?\t\t\t\t\t\t\t<\/div>\n\t\t\t\t\t\t<\/div>\n\t\t\t\t\t\t\t\t\t\t\t\t\t<div class=\"pp-accordion-toggle-icon\">\n\t\t\t\t\t\t\t\t\t\t\t\t\t\t\t\t\t<span class='pp-accordion-toggle-icon-close pp-icon'>\n\t\t\t\t\t\t\t\t\t\t<i aria-hidden=\"true\" class=\"fas fa-plus\"><\/i>\t\t\t\t\t\t\t\t\t<\/span>\n\t\t\t\t\t\t\t\t\t\t\t\t\t\t\t\t\t\t\t\t\t\t\t\t\t<span class='pp-accordion-toggle-icon-open pp-icon'>\n\t\t\t\t\t\t\t\t\t\t<i aria-hidden=\"true\" class=\"fas fa-minus\"><\/i>\t\t\t\t\t\t\t\t\t<\/span>\n\t\t\t\t\t\t\t\t\t\t\t\t\t\t\t<\/div>\n\t\t\t\t\t\t\t\t\t\t\t<\/div>\n\n\t\t\t\t\t<div id=\"pp-accordion-tab-content-1107\" class=\"pp-faq-answer pp-accordion-tab-content\" data-tab=\"7\">\n\t\t\t\t\t\tNo, \u00fanicamente puede solicitar el detalle de las fotodetecciones cometidas dentro de la jurisdicci\u00f3n de Medell\u00edn, teniendo en cuenta que la \u00fanica infracci\u00f3n que cuenta con video, adem\u00e1s de las fotograf\u00edas panor\u00e1micas y detalladas como evidencia, es la infracci\u00f3n del Sem\u00e1foro en Rojo. El resto de infracciones solo cuentan con fotograf\u00eda panor\u00e1mica y detallada como evidencia. En otro caso, estas im\u00e1genes deber\u00e1n ser solicitadas directamente al Centro de Control, ya que son ellos quienes cuentan con dicho material.\t\t\t\t\t<\/div>\n\t\t\t\t<\/div>\n\t\t\t<\/div>\n\t\t\t\t\t\t<div class=\"pp-faq-item-wrap elementor-grid-item\">\n\t\t\t\t<div class=\"pp-faq-item pp-accordion-item\">\n\t\t\t\t\t<div id=\"pp-accordion-tab-title-1108\" class=\"pp-faq-question pp-accordion-tab-title\" tabindex=\"1108\" data-tab=\"8\">\n\t\t\t\t\t\t<div class=\"pp-accordion-title-icon\">\n\t\t\t\t\t\t\t\t\t\t\t\t\t\t\t\t\t\t\t\t\t<div class=\"pp-accordion-title-text\">\n\t\t\t\t\t\t\t\t\u00bfMe podr\u00eda hacer pasar por otra persona?\t\t\t\t\t\t\t<\/div>\n\t\t\t\t\t\t<\/div>\n\t\t\t\t\t\t\t\t\t\t\t\t\t<div class=\"pp-accordion-toggle-icon\">\n\t\t\t\t\t\t\t\t\t\t\t\t\t\t\t\t\t<span class='pp-accordion-toggle-icon-close pp-icon'>\n\t\t\t\t\t\t\t\t\t\t<i aria-hidden=\"true\" class=\"fas fa-plus\"><\/i>\t\t\t\t\t\t\t\t\t<\/span>\n\t\t\t\t\t\t\t\t\t\t\t\t\t\t\t\t\t\t\t\t\t\t\t\t\t<span class='pp-accordion-toggle-icon-open pp-icon'>\n\t\t\t\t\t\t\t\t\t\t<i aria-hidden=\"true\" class=\"fas fa-minus\"><\/i>\t\t\t\t\t\t\t\t\t<\/span>\n\t\t\t\t\t\t\t\t\t\t\t\t\t\t\t<\/div>\n\t\t\t\t\t\t\t\t\t\t\t<\/div>\n\n\t\t\t\t\t<div id=\"pp-accordion-tab-content-1108\" class=\"pp-faq-answer pp-accordion-tab-content\" data-tab=\"8\">\n\t\t\t\t\t\t<ul>\r\n \t<li>Movilidad en L\u00ednea, al momento del registro tanto de usuario como de sus veh\u00edculos, valida informaci\u00f3n relacionada con el ciudadano, quien deber\u00e1 responder correctamente a las preguntas para hacer efectivos los registros.<\/li>\r\n \t<li>Es responsabilidad de cada ciudadano mantener la confidencialidad de la informaci\u00f3n relacionada con la Secretar\u00eda de Movilidad, datos personales y de la clave de acceso al portal del Municipio.<\/li>\r\n \t<li>El Municipio y la Secretar\u00eda de Movilidad de Medell\u00edn a trav\u00e9s de campa\u00f1as pueden generar conciencia a la ciudadan\u00eda sobre la importancia del manejo responsable de sus datos personales.<\/li>\r\n<\/ul>\t\t\t\t\t<\/div>\n\t\t\t\t<\/div>\n\t\t\t<\/div>\n\t\t\t\t\t\t<div class=\"pp-faq-item-wrap elementor-grid-item\">\n\t\t\t\t<div class=\"pp-faq-item pp-accordion-item\">\n\t\t\t\t\t<div id=\"pp-accordion-tab-title-1109\" class=\"pp-faq-question pp-accordion-tab-title\" tabindex=\"1109\" data-tab=\"9\">\n\t\t\t\t\t\t<div class=\"pp-accordion-title-icon\">\n\t\t\t\t\t\t\t\t\t\t\t\t\t\t\t\t\t\t\t\t\t<div class=\"pp-accordion-title-text\">\n\t\t\t\t\t\t\t\t\u00bfQu\u00e9 pasar\u00e1 con el tema de los tramitadores?\t\t\t\t\t\t\t<\/div>\n\t\t\t\t\t\t<\/div>\n\t\t\t\t\t\t\t\t\t\t\t\t\t<div class=\"pp-accordion-toggle-icon\">\n\t\t\t\t\t\t\t\t\t\t\t\t\t\t\t\t\t<span class='pp-accordion-toggle-icon-close pp-icon'>\n\t\t\t\t\t\t\t\t\t\t<i aria-hidden=\"true\" class=\"fas fa-plus\"><\/i>\t\t\t\t\t\t\t\t\t<\/span>\n\t\t\t\t\t\t\t\t\t\t\t\t\t\t\t\t\t\t\t\t\t\t\t\t\t<span class='pp-accordion-toggle-icon-open pp-icon'>\n\t\t\t\t\t\t\t\t\t\t<i aria-hidden=\"true\" class=\"fas fa-minus\"><\/i>\t\t\t\t\t\t\t\t\t<\/span>\n\t\t\t\t\t\t\t\t\t\t\t\t\t\t\t<\/div>\n\t\t\t\t\t\t\t\t\t\t\t<\/div>\n\n\t\t\t\t\t<div id=\"pp-accordion-tab-content-1109\" class=\"pp-faq-answer pp-accordion-tab-content\" data-tab=\"9\">\n\t\t\t\t\t\tSe podr\u00eda disminuir la presencia de tramitadores, por el simple hecho de que los ciudadanos no tendr\u00edan que desplazarse hasta la Secretar\u00eda de Movilidad y podr\u00e1n realizar sus tr\u00e1mites desde la comodidad de sus casas.\t\t\t\t\t<\/div>\n\t\t\t\t<\/div>\n\t\t\t<\/div>\n\t\t\t\t\t\t<div class=\"pp-faq-item-wrap elementor-grid-item\">\n\t\t\t\t<div class=\"pp-faq-item pp-accordion-item\">\n\t\t\t\t\t<div id=\"pp-accordion-tab-title-11010\" class=\"pp-faq-question pp-accordion-tab-title\" tabindex=\"11010\" data-tab=\"10\">\n\t\t\t\t\t\t<div class=\"pp-accordion-title-icon\">\n\t\t\t\t\t\t\t\t\t\t\t\t\t\t\t\t\t\t\t\t\t<div class=\"pp-accordion-title-text\">\n\t\t\t\t\t\t\t\t\u00bfQu\u00e9 pasar\u00e1 si se \u201ccae\u201d el sitio web?\t\t\t\t\t\t\t<\/div>\n\t\t\t\t\t\t<\/div>\n\t\t\t\t\t\t\t\t\t\t\t\t\t<div class=\"pp-accordion-toggle-icon\">\n\t\t\t\t\t\t\t\t\t\t\t\t\t\t\t\t\t<span class='pp-accordion-toggle-icon-close pp-icon'>\n\t\t\t\t\t\t\t\t\t\t<i aria-hidden=\"true\" class=\"fas fa-plus\"><\/i>\t\t\t\t\t\t\t\t\t<\/span>\n\t\t\t\t\t\t\t\t\t\t\t\t\t\t\t\t\t\t\t\t\t\t\t\t\t<span class='pp-accordion-toggle-icon-open pp-icon'>\n\t\t\t\t\t\t\t\t\t\t<i aria-hidden=\"true\" class=\"fas fa-minus\"><\/i>\t\t\t\t\t\t\t\t\t<\/span>\n\t\t\t\t\t\t\t\t\t\t\t\t\t\t\t<\/div>\n\t\t\t\t\t\t\t\t\t\t\t<\/div>\n\n\t\t\t\t\t<div id=\"pp-accordion-tab-content-11010\" class=\"pp-faq-answer pp-accordion-tab-content\" data-tab=\"10\">\n\t\t\t\t\t\tEn casos de mantenimiento del Portal del Municipio, la novedad se comunicar\u00e1 a la ciudadan\u00eda y se presentar\u00e1n los servicios de manera presencial en las diferentes sedes, para no afectar a los usuarios.\t\t\t\t\t<\/div>\n\t\t\t\t<\/div>\n\t\t\t<\/div>\n\t\t\t\t\t\t<div class=\"pp-faq-item-wrap elementor-grid-item\">\n\t\t\t\t<div class=\"pp-faq-item pp-accordion-item\">\n\t\t\t\t\t<div id=\"pp-accordion-tab-title-11011\" class=\"pp-faq-question pp-accordion-tab-title\" tabindex=\"11011\" data-tab=\"11\">\n\t\t\t\t\t\t<div class=\"pp-accordion-title-icon\">\n\t\t\t\t\t\t\t\t\t\t\t\t\t\t\t\t\t\t\t\t\t<div class=\"pp-accordion-title-text\">\n\t\t\t\t\t\t\t\t\u00bfEl servicio se continuar\u00e1 prestando en las sedes de la Secretar\u00eda?\t\t\t\t\t\t\t<\/div>\n\t\t\t\t\t\t<\/div>\n\t\t\t\t\t\t\t\t\t\t\t\t\t<div class=\"pp-accordion-toggle-icon\">\n\t\t\t\t\t\t\t\t\t\t\t\t\t\t\t\t\t<span class='pp-accordion-toggle-icon-close pp-icon'>\n\t\t\t\t\t\t\t\t\t\t<i aria-hidden=\"true\" class=\"fas fa-plus\"><\/i>\t\t\t\t\t\t\t\t\t<\/span>\n\t\t\t\t\t\t\t\t\t\t\t\t\t\t\t\t\t\t\t\t\t\t\t\t\t<span class='pp-accordion-toggle-icon-open pp-icon'>\n\t\t\t\t\t\t\t\t\t\t<i aria-hidden=\"true\" class=\"fas fa-minus\"><\/i>\t\t\t\t\t\t\t\t\t<\/span>\n\t\t\t\t\t\t\t\t\t\t\t\t\t\t\t<\/div>\n\t\t\t\t\t\t\t\t\t\t\t<\/div>\n\n\t\t\t\t\t<div id=\"pp-accordion-tab-content-11011\" class=\"pp-faq-answer pp-accordion-tab-content\" data-tab=\"11\">\n\t\t\t\t\t\tSe contin\u00faa prestando servicio de manera presencial en las sedes de Caribe, Centro Comercial Premium Plaza, Centro Comercial Sao Paulo, M\u00e1scerca Poblado, M\u00e1scerca Bel\u00e9n en los horarios habituales.\r\n<ul>\r\n \t<li><strong>Sede Tr\u00e1nsito Caribe Carrera 64c # 72 &#8211; 58, barrio Caribe <\/strong><\/li>\r\n \t<li>Horarios: Lunes a viernes de 07:30 a. m. a 5:30 p. m. (atenci\u00f3n en sala hasta las 4:30 p. m.)<\/li>\r\n \t<li>Suscripci\u00f3n de acuerdos de pago: lunes a jueves de 8:00 a. m. a 04:00 p. m. y viernes de 8:00 a. m. a 03:00 p. m.<\/li>\r\n \t<li>Entrega de fichas para retiro de veh\u00edculos: 6:30 a. m. a 2:00 p. m. S\u00e1bado de 09:00 a. m. a 12:00 m. (atenci\u00f3n en sala 11:30 a. m.) Los s\u00e1bados no se realizan acuerdos de pago.<\/li>\r\n<\/ul>\r\n<ul>\r\n \t<li><strong>Centro Comercial Sao Paulo (La Frontera) Carrera 43a # 18s &#8211; 135, local 322. <\/strong><\/li>\r\n \t<li>Horarios: Lunes a viernes de 7:30 a. m. a 5:30 p. m. (atenci\u00f3n en sala hasta las 4:30 p. m.)<\/li>\r\n \t<li>Suscripci\u00f3n de acuerdos de pago: lunes a jueves de 8:00 a. m. a 04:00 p. m. y viernes de 8:00 a. m. a 03:00 p. m. S\u00e1bados de 09:00 a. m. a 12:00 m. (atenci\u00f3n en sala 11:30 a. m.) Los s\u00e1bados no se realizan acuerdos de pago.<\/li>\r\n<\/ul>\r\n<ul>\r\n \t<li><strong>Centro Comercial Premium Plaza Local 1149 <\/strong><\/li>\r\n \t<li>Horarios: Lunes a viernes de 08:00 a. m. a 08:00 p. m. (atenci\u00f3n en sala 07:30 a. m.)<\/li>\r\n \t<li>Suscripci\u00f3n de acuerdos de pago: lunes a jueves de 8:00 a. m. a 04:00 p. m. y viernes de 8:00 a. m. a 03:00 p. m. Los s\u00e1bados no se realizan acuerdos de pago. S\u00e1bado entrega de veh\u00edculos de 8:00 a. m. a 11:30 a. m.<\/li>\r\n<\/ul>\r\n<ul>\r\n \t<li><strong>Punto de atenci\u00f3n M\u00e1sCerca Poblado Carrera 43 d # 11 &#8211; 02, Barrio Manila <\/strong><\/li>\r\n \t<li>Horarios: lunes a viernes de 7:30 a. m. a 05:00 p. m. jornada continua. S\u00e1bado no hay servicio.<\/li>\r\n<\/ul>\r\n<ul>\r\n \t<li><strong>Punto de atenci\u00f3n M\u00e1sCerca Bel\u00e9n Carrera 76 # 32 &#8211; 74 <\/strong><\/li>\r\n \t<li>Horarios: Lunes a viernes de 07:30 a. m. a 5:00 p. m. S\u00e1bado no hay servicio.<\/li>\r\n<\/ul>\t\t\t\t\t<\/div>\n\t\t\t\t<\/div>\n\t\t\t<\/div>\n\t\t\t\t\t\t<div class=\"pp-faq-item-wrap elementor-grid-item\">\n\t\t\t\t<div class=\"pp-faq-item pp-accordion-item\">\n\t\t\t\t\t<div id=\"pp-accordion-tab-title-11012\" class=\"pp-faq-question pp-accordion-tab-title\" tabindex=\"11012\" data-tab=\"12\">\n\t\t\t\t\t\t<div class=\"pp-accordion-title-icon\">\n\t\t\t\t\t\t\t\t\t\t\t\t\t\t\t\t\t\t\t\t\t<div class=\"pp-accordion-title-text\">\n\t\t\t\t\t\t\t\tSi tengo mi vehiculo matriculado en otro municipio, \u00bfpodr\u00eda acceder a la plataforma, para qu\u00e9 me puede servir?\t\t\t\t\t\t\t<\/div>\n\t\t\t\t\t\t<\/div>\n\t\t\t\t\t\t\t\t\t\t\t\t\t<div class=\"pp-accordion-toggle-icon\">\n\t\t\t\t\t\t\t\t\t\t\t\t\t\t\t\t\t<span class='pp-accordion-toggle-icon-close pp-icon'>\n\t\t\t\t\t\t\t\t\t\t<i aria-hidden=\"true\" class=\"fas fa-plus\"><\/i>\t\t\t\t\t\t\t\t\t<\/span>\n\t\t\t\t\t\t\t\t\t\t\t\t\t\t\t\t\t\t\t\t\t\t\t\t\t<span class='pp-accordion-toggle-icon-open pp-icon'>\n\t\t\t\t\t\t\t\t\t\t<i aria-hidden=\"true\" class=\"fas fa-minus\"><\/i>\t\t\t\t\t\t\t\t\t<\/span>\n\t\t\t\t\t\t\t\t\t\t\t\t\t\t\t<\/div>\n\t\t\t\t\t\t\t\t\t\t\t<\/div>\n\n\t\t\t\t\t<div id=\"pp-accordion-tab-content-11012\" class=\"pp-faq-answer pp-accordion-tab-content\" data-tab=\"12\">\n\t\t\t\t\t\tS\u00ed, podr\u00e1 acceder a Movilidad en L\u00ednea, podr\u00e1 realizar consultas sobre sus multas, consultas sobre tr\u00e1mites, a trav\u00e9s del asistente virtual, y acceder a los servicios, tr\u00e1mites y alertas. Ingrese a: www.medellin.gov.co\/movilidadenlinea. Complete la informaci\u00f3n de los campos en blanco. Tenga presente que en la pantalla aparecer\u00e1 alguna de las siguientes opciones:\r\n<ul>\r\n \t<li>Si ya est\u00e1 registrado en el sitio web de la Alcald\u00eda de Medell\u00edn, solo deber\u00e1 ingresar su usuario o c\u00e9dula de ciudadan\u00eda y contrase\u00f1a.<\/li>\r\n \t<li>Si no est\u00e1 registrado, haga clic sobre el bot\u00f3n. Reg\u00edstrese y luego complete los campos con sus datos personales.<\/li>\r\n \t<li>Si no recuerda su contrase\u00f1a, haga clic en \u2018\u00bfolvid\u00f3 su contrase\u00f1a?\u2019 una vez la informaci\u00f3n solicitada est\u00e9 completa, le llegar\u00e1 un correo electr\u00f3nico para que modifique la contrase\u00f1a. Luego de ello recibir\u00e1 un correo de verificaci\u00f3n con un enlace para crear una nueva contrase\u00f1a, finalizado el proceso, cada vez que ingrese a www.medellin.gov.co\/movilidadenlinea podr\u00e1 acceder sin problemas a diversos tr\u00e1mites y consultas de movilidad para veh\u00edculos matriculados en Medell\u00edn.<\/li>\r\n<\/ul>\t\t\t\t\t<\/div>\n\t\t\t\t<\/div>\n\t\t\t<\/div>\n\t\t\t\t\t\t<div class=\"pp-faq-item-wrap elementor-grid-item\">\n\t\t\t\t<div class=\"pp-faq-item pp-accordion-item\">\n\t\t\t\t\t<div id=\"pp-accordion-tab-title-11013\" class=\"pp-faq-question pp-accordion-tab-title\" tabindex=\"11013\" data-tab=\"13\">\n\t\t\t\t\t\t<div class=\"pp-accordion-title-icon\">\n\t\t\t\t\t\t\t\t\t\t\t\t\t\t\t\t\t\t\t\t\t<div class=\"pp-accordion-title-text\">\n\t\t\t\t\t\t\t\t\u00bfEl sitio web lo puedo ver desde el celular?\t\t\t\t\t\t\t<\/div>\n\t\t\t\t\t\t<\/div>\n\t\t\t\t\t\t\t\t\t\t\t\t\t<div class=\"pp-accordion-toggle-icon\">\n\t\t\t\t\t\t\t\t\t\t\t\t\t\t\t\t\t<span class='pp-accordion-toggle-icon-close pp-icon'>\n\t\t\t\t\t\t\t\t\t\t<i aria-hidden=\"true\" class=\"fas fa-plus\"><\/i>\t\t\t\t\t\t\t\t\t<\/span>\n\t\t\t\t\t\t\t\t\t\t\t\t\t\t\t\t\t\t\t\t\t\t\t\t\t<span class='pp-accordion-toggle-icon-open pp-icon'>\n\t\t\t\t\t\t\t\t\t\t<i aria-hidden=\"true\" class=\"fas fa-minus\"><\/i>\t\t\t\t\t\t\t\t\t<\/span>\n\t\t\t\t\t\t\t\t\t\t\t\t\t\t\t<\/div>\n\t\t\t\t\t\t\t\t\t\t\t<\/div>\n\n\t\t\t\t\t<div id=\"pp-accordion-tab-content-11013\" class=\"pp-faq-answer pp-accordion-tab-content\" data-tab=\"13\">\n\t\t\t\t\t\tS\u00ed, Movilidad en L\u00ednea se adapta a los dispositivos m\u00f3viles como tabletas y celulares.\t\t\t\t\t<\/div>\n\t\t\t\t<\/div>\n\t\t\t<\/div>\n\t\t\t\t\t\t<div class=\"pp-faq-item-wrap elementor-grid-item\">\n\t\t\t\t<div class=\"pp-faq-item pp-accordion-item\">\n\t\t\t\t\t<div id=\"pp-accordion-tab-title-11014\" class=\"pp-faq-question pp-accordion-tab-title\" tabindex=\"11014\" data-tab=\"14\">\n\t\t\t\t\t\t<div class=\"pp-accordion-title-icon\">\n\t\t\t\t\t\t\t\t\t\t\t\t\t\t\t\t\t\t\t\t\t<div class=\"pp-accordion-title-text\">\n\t\t\t\t\t\t\t\t\u00bfLa plataforma es amigable con las personas en situaci\u00f3n de discapacidad?\t\t\t\t\t\t\t<\/div>\n\t\t\t\t\t\t<\/div>\n\t\t\t\t\t\t\t\t\t\t\t\t\t<div class=\"pp-accordion-toggle-icon\">\n\t\t\t\t\t\t\t\t\t\t\t\t\t\t\t\t\t<span class='pp-accordion-toggle-icon-close pp-icon'>\n\t\t\t\t\t\t\t\t\t\t<i aria-hidden=\"true\" class=\"fas fa-plus\"><\/i>\t\t\t\t\t\t\t\t\t<\/span>\n\t\t\t\t\t\t\t\t\t\t\t\t\t\t\t\t\t\t\t\t\t\t\t\t\t<span class='pp-accordion-toggle-icon-open pp-icon'>\n\t\t\t\t\t\t\t\t\t\t<i aria-hidden=\"true\" class=\"fas fa-minus\"><\/i>\t\t\t\t\t\t\t\t\t<\/span>\n\t\t\t\t\t\t\t\t\t\t\t\t\t\t\t<\/div>\n\t\t\t\t\t\t\t\t\t\t\t<\/div>\n\n\t\t\t\t\t<div id=\"pp-accordion-tab-content-11014\" class=\"pp-faq-answer pp-accordion-tab-content\" data-tab=\"14\">\n\t\t\t\t\t\tMovilidad en L\u00ednea tiene las opciones, para personas con discapacidades visuales, de cambiar los colores a blanco y negro y de aumentar y disminuir el tama\u00f1o de los textos.\t\t\t\t\t<\/div>\n\t\t\t\t<\/div>\n\t\t\t<\/div>\n\t\t\t\t\t\t<div class=\"pp-faq-item-wrap elementor-grid-item\">\n\t\t\t\t<div class=\"pp-faq-item pp-accordion-item\">\n\t\t\t\t\t<div id=\"pp-accordion-tab-title-11015\" class=\"pp-faq-question pp-accordion-tab-title\" tabindex=\"11015\" data-tab=\"15\">\n\t\t\t\t\t\t<div class=\"pp-accordion-title-icon\">\n\t\t\t\t\t\t\t\t\t\t\t\t\t\t\t\t\t\t\t\t\t<div class=\"pp-accordion-title-text\">\n\t\t\t\t\t\t\t\t\u00bfQu\u00e9 garant\u00edas tengo como ciudadano de que no me tengo que desplazar a la Secretar\u00eda de Movilidad de Medell\u00edn?\t\t\t\t\t\t\t<\/div>\n\t\t\t\t\t\t<\/div>\n\t\t\t\t\t\t\t\t\t\t\t\t\t<div class=\"pp-accordion-toggle-icon\">\n\t\t\t\t\t\t\t\t\t\t\t\t\t\t\t\t\t<span class='pp-accordion-toggle-icon-close pp-icon'>\n\t\t\t\t\t\t\t\t\t\t<i aria-hidden=\"true\" class=\"fas fa-plus\"><\/i>\t\t\t\t\t\t\t\t\t<\/span>\n\t\t\t\t\t\t\t\t\t\t\t\t\t\t\t\t\t\t\t\t\t\t\t\t\t<span class='pp-accordion-toggle-icon-open pp-icon'>\n\t\t\t\t\t\t\t\t\t\t<i aria-hidden=\"true\" class=\"fas fa-minus\"><\/i>\t\t\t\t\t\t\t\t\t<\/span>\n\t\t\t\t\t\t\t\t\t\t\t\t\t\t\t<\/div>\n\t\t\t\t\t\t\t\t\t\t\t<\/div>\n\n\t\t\t\t\t<div id=\"pp-accordion-tab-content-11015\" class=\"pp-faq-answer pp-accordion-tab-content\" data-tab=\"15\">\n\t\t\t\t\t\tPara los pagos de multas y de cuotas de acuerdos de pago, el ciudadano puede realizar el pago en l\u00ednea sin desplazarse a las sedes de la Secretar\u00eda.\nPara la entrega de veh\u00edculo virtual, el ciudadano puede obtener la autorizaci\u00f3n digital para desplazarse solamente al patio, a reclamar su veh\u00edculo.\nLos tr\u00e1mites como Acuerdo de Pago que finalizan de manera presencial, podr\u00e1n ser programados a trav\u00e9s de Movilidad en L\u00ednea por el ciudadano, eligiendo el d\u00eda y la hora que m\u00e1s le convenga. As\u00ed, el ciudadano no tiene que hacer filas para ser atendido.\nUna vez programada, nuestro personal de la Secretar\u00eda de Movilidad recibe al usuario en la hora programada para la validaci\u00f3n de la huella, firmas y entrega de documentaci\u00f3n (cuando aplique). Adicionalmente, los productos terminados como licencias de conducci\u00f3n, ser\u00e1n entregados personalmente al ciudadano para ofrecer seguridad en el tr\u00e1mite.\t\t\t\t\t<\/div>\n\t\t\t\t<\/div>\n\t\t\t<\/div>\n\t\t\t\t\t\t<div class=\"pp-faq-item-wrap elementor-grid-item\">\n\t\t\t\t<div class=\"pp-faq-item pp-accordion-item\">\n\t\t\t\t\t<div id=\"pp-accordion-tab-title-11016\" class=\"pp-faq-question pp-accordion-tab-title\" tabindex=\"11016\" data-tab=\"16\">\n\t\t\t\t\t\t<div class=\"pp-accordion-title-icon\">\n\t\t\t\t\t\t\t\t\t\t\t\t\t\t\t\t\t\t\t\t\t<div class=\"pp-accordion-title-text\">\n\t\t\t\t\t\t\t\t\u00bfPuedo apelar un proceso de fotodetecci\u00f3n?\t\t\t\t\t\t\t<\/div>\n\t\t\t\t\t\t<\/div>\n\t\t\t\t\t\t\t\t\t\t\t\t\t<div class=\"pp-accordion-toggle-icon\">\n\t\t\t\t\t\t\t\t\t\t\t\t\t\t\t\t\t<span class='pp-accordion-toggle-icon-close pp-icon'>\n\t\t\t\t\t\t\t\t\t\t<i aria-hidden=\"true\" class=\"fas fa-plus\"><\/i>\t\t\t\t\t\t\t\t\t<\/span>\n\t\t\t\t\t\t\t\t\t\t\t\t\t\t\t\t\t\t\t\t\t\t\t\t\t<span class='pp-accordion-toggle-icon-open pp-icon'>\n\t\t\t\t\t\t\t\t\t\t<i aria-hidden=\"true\" class=\"fas fa-minus\"><\/i>\t\t\t\t\t\t\t\t\t<\/span>\n\t\t\t\t\t\t\t\t\t\t\t\t\t\t\t<\/div>\n\t\t\t\t\t\t\t\t\t\t\t<\/div>\n\n\t\t\t\t\t<div id=\"pp-accordion-tab-content-11016\" class=\"pp-faq-answer pp-accordion-tab-content\" data-tab=\"16\">\n\t\t\t\t\t\tMovilidad en L\u00ednea direccionar\u00e1 al ciudadano al sistema de PQRSD de la Alcald\u00eda para que registre su recurso. Adicionalmente, si se encuentra dentro de los t\u00e9rminos, el ciudadano podr\u00e1 solicitar una audiencia y seleccionar la sede, d\u00eda y hora desde Movilidad en L\u00ednea.\t\t\t\t\t<\/div>\n\t\t\t\t<\/div>\n\t\t\t<\/div>\n\t\t\t\t\t\t<div class=\"pp-faq-item-wrap elementor-grid-item\">\n\t\t\t\t<div class=\"pp-faq-item pp-accordion-item\">\n\t\t\t\t\t<div id=\"pp-accordion-tab-title-11017\" class=\"pp-faq-question pp-accordion-tab-title\" tabindex=\"11017\" data-tab=\"17\">\n\t\t\t\t\t\t<div class=\"pp-accordion-title-icon\">\n\t\t\t\t\t\t\t\t\t\t\t\t\t\t\t\t\t\t\t\t\t<div class=\"pp-accordion-title-text\">\n\t\t\t\t\t\t\t\t\u00bfSi las personas tienen matriculados en otra ciudad diferente a Medell\u00edn que beneficios podr\u00e1n tener con Movilidad en L\u00ednea?\t\t\t\t\t\t\t<\/div>\n\t\t\t\t\t\t<\/div>\n\t\t\t\t\t\t\t\t\t\t\t\t\t<div class=\"pp-accordion-toggle-icon\">\n\t\t\t\t\t\t\t\t\t\t\t\t\t\t\t\t\t<span class='pp-accordion-toggle-icon-close pp-icon'>\n\t\t\t\t\t\t\t\t\t\t<i aria-hidden=\"true\" class=\"fas fa-plus\"><\/i>\t\t\t\t\t\t\t\t\t<\/span>\n\t\t\t\t\t\t\t\t\t\t\t\t\t\t\t\t\t\t\t\t\t\t\t\t\t<span class='pp-accordion-toggle-icon-open pp-icon'>\n\t\t\t\t\t\t\t\t\t\t<i aria-hidden=\"true\" class=\"fas fa-minus\"><\/i>\t\t\t\t\t\t\t\t\t<\/span>\n\t\t\t\t\t\t\t\t\t\t\t\t\t\t\t<\/div>\n\t\t\t\t\t\t\t\t\t\t\t<\/div>\n\n\t\t\t\t\t<div id=\"pp-accordion-tab-content-11017\" class=\"pp-faq-answer pp-accordion-tab-content\" data-tab=\"17\">\n\t\t\t\t\t\tPara tener la experiencia en su totalidad de Movilidad en L\u00ednea en su totalidad debe tener registrado el veh\u00edculo en Medell\u00edn. Sin embargo, las personas podr\u00e1n recibir alertas y realizar los pagos de comparendos realizados en Medell\u00edn.\t\t\t\t\t<\/div>\n\t\t\t\t<\/div>\n\t\t\t<\/div>\n\t\t\t\t\t\t<div class=\"pp-faq-item-wrap elementor-grid-item\">\n\t\t\t\t<div class=\"pp-faq-item pp-accordion-item\">\n\t\t\t\t\t<div id=\"pp-accordion-tab-title-11018\" class=\"pp-faq-question pp-accordion-tab-title\" tabindex=\"11018\" data-tab=\"18\">\n\t\t\t\t\t\t<div class=\"pp-accordion-title-icon\">\n\t\t\t\t\t\t\t\t\t\t\t\t\t\t\t\t\t\t\t\t\t<div class=\"pp-accordion-title-text\">\n\t\t\t\t\t\t\t\t\u00bfEl sitio web incluye la gesti\u00f3n de las c\u00e1maras y fotodetecciones? \u00bfC\u00f3mo ser\u00eda?\t\t\t\t\t\t\t<\/div>\n\t\t\t\t\t\t<\/div>\n\t\t\t\t\t\t\t\t\t\t\t\t\t<div class=\"pp-accordion-toggle-icon\">\n\t\t\t\t\t\t\t\t\t\t\t\t\t\t\t\t\t<span class='pp-accordion-toggle-icon-close pp-icon'>\n\t\t\t\t\t\t\t\t\t\t<i aria-hidden=\"true\" class=\"fas fa-plus\"><\/i>\t\t\t\t\t\t\t\t\t<\/span>\n\t\t\t\t\t\t\t\t\t\t\t\t\t\t\t\t\t\t\t\t\t\t\t\t\t<span class='pp-accordion-toggle-icon-open pp-icon'>\n\t\t\t\t\t\t\t\t\t\t<i aria-hidden=\"true\" class=\"fas fa-minus\"><\/i>\t\t\t\t\t\t\t\t\t<\/span>\n\t\t\t\t\t\t\t\t\t\t\t\t\t\t\t<\/div>\n\t\t\t\t\t\t\t\t\t\t\t<\/div>\n\n\t\t\t\t\t<div id=\"pp-accordion-tab-content-11018\" class=\"pp-faq-answer pp-accordion-tab-content\" data-tab=\"18\">\n\t\t\t\t\t\tLos usuarios podr\u00e1n verificar las fotodetecciones por medio de imagen de detalle y panor\u00e1mica. Las fotodetecciones de sem\u00e1foro en rojo podr\u00e1n observar el video como evidencia.\t\t\t\t\t<\/div>\n\t\t\t\t<\/div>\n\t\t\t<\/div>\n\t\t\t\t\t\t<div class=\"pp-faq-item-wrap elementor-grid-item\">\n\t\t\t\t<div class=\"pp-faq-item pp-accordion-item\">\n\t\t\t\t\t<div id=\"pp-accordion-tab-title-11019\" class=\"pp-faq-question pp-accordion-tab-title\" tabindex=\"11019\" data-tab=\"19\">\n\t\t\t\t\t\t<div class=\"pp-accordion-title-icon\">\n\t\t\t\t\t\t\t\t\t\t\t\t\t\t\t\t\t\t\t\t\t<div class=\"pp-accordion-title-text\">\n\t\t\t\t\t\t\t\t\u00bfCu\u00e1les ser\u00e1n los beneficios que recibir\u00e1n los ciudadanos utilizando el sitio web?\t\t\t\t\t\t\t<\/div>\n\t\t\t\t\t\t<\/div>\n\t\t\t\t\t\t\t\t\t\t\t\t\t<div class=\"pp-accordion-toggle-icon\">\n\t\t\t\t\t\t\t\t\t\t\t\t\t\t\t\t\t<span class='pp-accordion-toggle-icon-close pp-icon'>\n\t\t\t\t\t\t\t\t\t\t<i aria-hidden=\"true\" class=\"fas fa-plus\"><\/i>\t\t\t\t\t\t\t\t\t<\/span>\n\t\t\t\t\t\t\t\t\t\t\t\t\t\t\t\t\t\t\t\t\t\t\t\t\t<span class='pp-accordion-toggle-icon-open pp-icon'>\n\t\t\t\t\t\t\t\t\t\t<i aria-hidden=\"true\" class=\"fas fa-minus\"><\/i>\t\t\t\t\t\t\t\t\t<\/span>\n\t\t\t\t\t\t\t\t\t\t\t\t\t\t\t<\/div>\n\t\t\t\t\t\t\t\t\t\t\t<\/div>\n\n\t\t\t\t\t<div id=\"pp-accordion-tab-content-11019\" class=\"pp-faq-answer pp-accordion-tab-content\" data-tab=\"19\">\n\t\t\t\t\t\t<ul>\r\n \t<li>Realizar los tr\u00e1mites desde cualquier dispositivo electr\u00f3nico (celular, Tablet, computador de escritorio o laptop).<\/li>\r\n \t<li>Disminuci\u00f3n de los tiempos de espera y desplazamiento a la Secretar\u00eda.<\/li>\r\n \t<li>Disminuci\u00f3n de los pasos en la realizaci\u00f3n de los tr\u00e1mites.<\/li>\r\n \t<li>Acceso a la informaci\u00f3n para mantener los documentos al d\u00eda.<\/li>\r\n \t<li>Recepci\u00f3n de las alertas, obteniendo los beneficios establecidos por ley, as\u00ed su carro no se encuentra matriculado en Medell\u00edn.<\/li>\r\n \t<li>Realizaci\u00f3n de pagos en l\u00ednea de las infracciones.<\/li>\r\n<\/ul>\t\t\t\t\t<\/div>\n\t\t\t\t<\/div>\n\t\t\t<\/div>\n\t\t\t\t\t\t<div class=\"pp-faq-item-wrap elementor-grid-item\">\n\t\t\t\t<div class=\"pp-faq-item pp-accordion-item\">\n\t\t\t\t\t<div id=\"pp-accordion-tab-title-11020\" class=\"pp-faq-question pp-accordion-tab-title\" tabindex=\"11020\" data-tab=\"20\">\n\t\t\t\t\t\t<div class=\"pp-accordion-title-icon\">\n\t\t\t\t\t\t\t\t\t\t\t\t\t\t\t\t\t\t\t\t\t<div class=\"pp-accordion-title-text\">\n\t\t\t\t\t\t\t\t\u00bfCu\u00e1l fue la participaci\u00f3n de TigoUne en el desarrollo de este sitio web?\t\t\t\t\t\t\t<\/div>\n\t\t\t\t\t\t<\/div>\n\t\t\t\t\t\t\t\t\t\t\t\t\t<div class=\"pp-accordion-toggle-icon\">\n\t\t\t\t\t\t\t\t\t\t\t\t\t\t\t\t\t<span class='pp-accordion-toggle-icon-close pp-icon'>\n\t\t\t\t\t\t\t\t\t\t<i aria-hidden=\"true\" class=\"fas fa-plus\"><\/i>\t\t\t\t\t\t\t\t\t<\/span>\n\t\t\t\t\t\t\t\t\t\t\t\t\t\t\t\t\t\t\t\t\t\t\t\t\t<span class='pp-accordion-toggle-icon-open pp-icon'>\n\t\t\t\t\t\t\t\t\t\t<i aria-hidden=\"true\" class=\"fas fa-minus\"><\/i>\t\t\t\t\t\t\t\t\t<\/span>\n\t\t\t\t\t\t\t\t\t\t\t\t\t\t\t<\/div>\n\t\t\t\t\t\t\t\t\t\t\t<\/div>\n\n\t\t\t\t\t<div id=\"pp-accordion-tab-content-11020\" class=\"pp-faq-answer pp-accordion-tab-content\" data-tab=\"20\">\n\t\t\t\t\t\tEn la Secretar\u00eda de Movilidad TigoUne es el operador del Sistema Inteligente de Movilidad en Medell\u00edn (SIMM) en el convenio interadministrativo, la cual ha participado en la conceptualizaci\u00f3n, dise\u00f1o e implementaci\u00f3n del sitio web de Movilidad en L\u00ednea.\t\t\t\t\t<\/div>\n\t\t\t\t<\/div>\n\t\t\t<\/div>\n\t\t\t\t\t\t<div class=\"pp-faq-item-wrap elementor-grid-item\">\n\t\t\t\t<div class=\"pp-faq-item pp-accordion-item\">\n\t\t\t\t\t<div id=\"pp-accordion-tab-title-11021\" class=\"pp-faq-question pp-accordion-tab-title\" tabindex=\"11021\" data-tab=\"21\">\n\t\t\t\t\t\t<div class=\"pp-accordion-title-icon\">\n\t\t\t\t\t\t\t\t\t\t\t\t\t\t\t\t\t\t\t\t\t<div class=\"pp-accordion-title-text\">\n\t\t\t\t\t\t\t\t\u00bfSe podr\u00e1n solicitar audiencias WEB?\t\t\t\t\t\t\t<\/div>\n\t\t\t\t\t\t<\/div>\n\t\t\t\t\t\t\t\t\t\t\t\t\t<div class=\"pp-accordion-toggle-icon\">\n\t\t\t\t\t\t\t\t\t\t\t\t\t\t\t\t\t<span class='pp-accordion-toggle-icon-close pp-icon'>\n\t\t\t\t\t\t\t\t\t\t<i aria-hidden=\"true\" class=\"fas fa-plus\"><\/i>\t\t\t\t\t\t\t\t\t<\/span>\n\t\t\t\t\t\t\t\t\t\t\t\t\t\t\t\t\t\t\t\t\t\t\t\t\t<span class='pp-accordion-toggle-icon-open pp-icon'>\n\t\t\t\t\t\t\t\t\t\t<i aria-hidden=\"true\" class=\"fas fa-minus\"><\/i>\t\t\t\t\t\t\t\t\t<\/span>\n\t\t\t\t\t\t\t\t\t\t\t\t\t\t\t<\/div>\n\t\t\t\t\t\t\t\t\t\t\t<\/div>\n\n\t\t\t\t\t<div id=\"pp-accordion-tab-content-11021\" class=\"pp-faq-answer pp-accordion-tab-content\" data-tab=\"21\">\n\t\t\t\t\t\tS\u00ed, pero est\u00e1 contemplado para una fase posterior.\t\t\t\t\t<\/div>\n\t\t\t\t<\/div>\n\t\t\t<\/div>\n\t\t\t\t\t<\/div>\n\t\t\t\t<\/div>\n\t\t\t\t<\/div>\n\t\t\t\t\t\t<\/div>\n\t\t\t\t\t<\/div>\n\t\t<\/div>\n\t\t\t\t\t\t\t\t<\/div>\n\t\t\t\t\t<\/div>\n\t\t<\/section>\n\t\t\t\t\t\t\t\t\t<\/div>\n\t\t\t<\/div>\n\t\t\t\t\t<\/div>\n\t\t","protected":false},"excerpt":{"rendered":"<p>Zonas Urbanas de Aire Protegido Son \u00e1reas o pol\u00edgonos donde se aplican una serie de medidas con el objetivo de disminuir las emisiones y mejorar la salud de los habitantes del territorio. Estas medidas buscan &#8230;<\/p>\n","protected":false},"author":31,"featured_media":16466,"parent":15081,"menu_order":5,"comment_status":"closed","ping_status":"closed","template":"sec-movilidad\/elementor.php","meta":[],"acf":[],"_links":{"self":[{"href":"https:\/\/www.medellin.gov.co\/es\/wp-json\/wp\/v2\/pages\/15083"}],"collection":[{"href":"https:\/\/www.medellin.gov.co\/es\/wp-json\/wp\/v2\/pages"}],"about":[{"href":"https:\/\/www.medellin.gov.co\/es\/wp-json\/wp\/v2\/types\/page"}],"author":[{"embeddable":true,"href":"https:\/\/www.medellin.gov.co\/es\/wp-json\/wp\/v2\/users\/31"}],"replies":[{"embeddable":true,"href":"https:\/\/www.medellin.gov.co\/es\/wp-json\/wp\/v2\/comments?post=15083"}],"version-history":[{"count":72,"href":"https:\/\/www.medellin.gov.co\/es\/wp-json\/wp\/v2\/pages\/15083\/revisions"}],"predecessor-version":[{"id":55283,"href":"https:\/\/www.medellin.gov.co\/es\/wp-json\/wp\/v2\/pages\/15083\/revisions\/55283"}],"up":[{"embeddable":true,"href":"https:\/\/www.medellin.gov.co\/es\/wp-json\/wp\/v2\/pages\/15081"}],"wp:featuredmedia":[{"embeddable":true,"href":"https:\/\/www.medellin.gov.co\/es\/wp-json\/wp\/v2\/media\/16466"}],"wp:attachment":[{"href":"https:\/\/www.medellin.gov.co\/es\/wp-json\/wp\/v2\/media?parent=15083"}],"curies":[{"name":"wp","href":"https:\/\/api.w.org\/{rel}","templated":true}]}}