{"id":153909,"date":"2023-02-03T15:52:20","date_gmt":"2023-02-03T20:52:20","guid":{"rendered":"https:\/\/www.medellin.gov.co\/es\/?page_id=153909"},"modified":"2023-05-18T13:02:39","modified_gmt":"2023-05-18T18:02:39","slug":"obras-y-mejoramientos-de-escenarios-deportivos-de-medellin","status":"publish","type":"page","link":"https:\/\/www.medellin.gov.co\/es\/secretaria-de-comunicaciones\/obras-y-mejoramientos-de-escenarios-deportivos-de-medellin\/","title":{"rendered":"Obras y mejoramientos de escenarios deportivos de Medell\u00edn"},"content":{"rendered":"\t\t<div data-elementor-type=\"wp-page\" data-elementor-id=\"153909\" class=\"elementor elementor-153909\">\n\t\t\t\t\t\t<div class=\"elementor-inner\">\n\t\t\t\t<div class=\"elementor-section-wrap\">\n\t\t\t\t\t\t\t\t\t<section class=\"elementor-section elementor-top-section elementor-element elementor-element-8def796 elementor-section-boxed elementor-section-height-default elementor-section-height-default\" data-id=\"8def796\" data-element_type=\"section\">\n\t\t\t\t\t\t<div class=\"elementor-container elementor-column-gap-default\">\n\t\t\t\t\t\t\t<div class=\"elementor-row\">\n\t\t\t\t\t<div class=\"elementor-column elementor-col-100 elementor-top-column elementor-element elementor-element-6c6b356\" data-id=\"6c6b356\" data-element_type=\"column\">\n\t\t\t<div class=\"elementor-column-wrap elementor-element-populated\">\n\t\t\t\t\t\t\t<div class=\"elementor-widget-wrap\">\n\t\t\t\t\t\t<div class=\"elementor-element elementor-element-a20a6c6 elementor-widget elementor-widget-heading\" data-id=\"a20a6c6\" data-element_type=\"widget\" data-widget_type=\"heading.default\">\n\t\t\t\t<div class=\"elementor-widget-container\">\n\t\t\t<h1 class=\"elementor-heading-title elementor-size-default\">Conoce todas las obras y mejoramiento de los escenarios deportivos de Medell\u00edn, sus comunas y corregimientos<\/h1>\t\t<\/div>\n\t\t\t\t<\/div>\n\t\t\t\t<section class=\"elementor-section elementor-inner-section elementor-element elementor-element-2132245 elementor-section-boxed elementor-section-height-default elementor-section-height-default\" data-id=\"2132245\" data-element_type=\"section\">\n\t\t\t\t\t\t<div class=\"elementor-container elementor-column-gap-default\">\n\t\t\t\t\t\t\t<div class=\"elementor-row\">\n\t\t\t\t\t<div class=\"elementor-column elementor-col-50 elementor-inner-column elementor-element elementor-element-197164e\" data-id=\"197164e\" data-element_type=\"column\">\n\t\t\t<div class=\"elementor-column-wrap elementor-element-populated\">\n\t\t\t\t\t\t\t<div class=\"elementor-widget-wrap\">\n\t\t\t\t\t\t<div class=\"elementor-element elementor-element-b265f0d elementor-widget elementor-widget-text-editor\" data-id=\"b265f0d\" data-element_type=\"widget\" data-widget_type=\"text-editor.default\">\n\t\t\t\t<div class=\"elementor-widget-container\">\n\t\t\t\t\t\t\t\t<div class=\"elementor-text-editor elementor-clearfix\">\n\t\t\t\t<p>En Medell\u00edn estamos mejor que nunca y en este 2023 seguiremos ejecutando y mejorando los espacios de 281 escenarios deportivos de las 16 comunas y los cinco corregimientos de la ciudad, para el embellecimiento del territorio, la pr\u00e1ctica deportiva, aprovechamiento del tiempo libre, la recreaci\u00f3n y el disfrute de ni\u00f1os, ni\u00f1as, adolescentes, j\u00f3venes, adultos y personas mayores.<\/p>\t\t\t\t\t<\/div>\n\t\t\t\t\t\t<\/div>\n\t\t\t\t<\/div>\n\t\t\t\t\t\t<\/div>\n\t\t\t\t\t<\/div>\n\t\t<\/div>\n\t\t\t\t<div class=\"elementor-column elementor-col-50 elementor-inner-column elementor-element elementor-element-0c71351\" data-id=\"0c71351\" data-element_type=\"column\">\n\t\t\t<div class=\"elementor-column-wrap elementor-element-populated\">\n\t\t\t\t\t\t\t<div class=\"elementor-widget-wrap\">\n\t\t\t\t\t\t<div class=\"elementor-element elementor-element-f176724 elementor-widget elementor-widget-image\" data-id=\"f176724\" data-element_type=\"widget\" data-widget_type=\"image.default\">\n\t\t\t\t<div class=\"elementor-widget-container\">\n\t\t\t\t\t\t\t\t<div class=\"elementor-image\">\n\t\t\t\t\t\t\t\t\t\t\t\t<img width=\"500\" height=\"400\" src=\"https:\/\/www.medellin.gov.co\/es\/wp-content\/uploads\/2022\/03\/20211222-Escenarios-INDER-1.jpg\" class=\"attachment-large size-large\" alt=\"20211222-Escenarios-INDER-1\" loading=\"lazy\" srcset=\"https:\/\/www.medellin.gov.co\/es\/wp-content\/uploads\/2022\/03\/20211222-Escenarios-INDER-1.jpg 500w, https:\/\/www.medellin.gov.co\/es\/wp-content\/uploads\/2022\/03\/20211222-Escenarios-INDER-1-300x240.jpg 300w, https:\/\/www.medellin.gov.co\/es\/wp-content\/uploads\/2022\/03\/20211222-Escenarios-INDER-1-150x120.jpg 150w\" sizes=\"(max-width: 500px) 100vw, 500px\" \/>\t\t\t\t\t\t\t\t\t\t\t\t\t\t<\/div>\n\t\t\t\t\t\t<\/div>\n\t\t\t\t<\/div>\n\t\t\t\t\t\t<\/div>\n\t\t\t\t\t<\/div>\n\t\t<\/div>\n\t\t\t\t\t\t\t\t<\/div>\n\t\t\t\t\t<\/div>\n\t\t<\/section>\n\t\t\t\t<div class=\"elementor-element elementor-element-0971097 elementor-widget elementor-widget-heading\" data-id=\"0971097\" data-element_type=\"widget\" data-widget_type=\"heading.default\">\n\t\t\t\t<div class=\"elementor-widget-container\">\n\t\t\t<h2 class=\"elementor-heading-title elementor-size-default\"><b> Obras en los<\/b> escenarios deportivos de la Zona 1 en Medell\u00edn<\/h2>\t\t<\/div>\n\t\t\t\t<\/div>\n\t\t\t\t<div class=\"elementor-element elementor-element-de2bfbf elementor-widget elementor-widget-text-editor\" data-id=\"de2bfbf\" data-element_type=\"widget\" data-widget_type=\"text-editor.default\">\n\t\t\t\t<div class=\"elementor-widget-container\">\n\t\t\t\t\t\t\t\t<div class=\"elementor-text-editor elementor-clearfix\">\n\t\t\t\t<p>Conoce las 39 obras de mejoramiento de los escenarios deportivos que estamos realizando o tenemos proyectado ejecutar en 2023 en las comunas 1 &#8211; Popular, 2 &#8211; Santa Cruz, 3 &#8211; Manrique y 4 &#8211; Aranjuez.<\/p>\t\t\t\t\t<\/div>\n\t\t\t\t\t\t<\/div>\n\t\t\t\t<\/div>\n\t\t\t\t<section class=\"elementor-section elementor-inner-section elementor-element elementor-element-da36ef7 elementor-section-boxed elementor-section-height-default elementor-section-height-default\" data-id=\"da36ef7\" data-element_type=\"section\">\n\t\t\t\t\t\t<div class=\"elementor-container elementor-column-gap-default\">\n\t\t\t\t\t\t\t<div class=\"elementor-row\">\n\t\t\t\t\t<div class=\"elementor-column elementor-col-25 elementor-inner-column elementor-element elementor-element-4e07a0a\" data-id=\"4e07a0a\" data-element_type=\"column\">\n\t\t\t<div class=\"elementor-column-wrap elementor-element-populated\">\n\t\t\t\t\t\t\t<div class=\"elementor-widget-wrap\">\n\t\t\t\t\t\t<div class=\"elementor-element elementor-element-444c293 elementor-widget elementor-widget-image\" data-id=\"444c293\" data-element_type=\"widget\" data-widget_type=\"image.default\">\n\t\t\t\t<div class=\"elementor-widget-container\">\n\t\t\t\t\t\t\t\t<div class=\"elementor-image\">\n\t\t\t\t\t\t\t\t\t\t\t\t\t<a href=\"https:\/\/www.medellin.gov.co\/es\/secretaria-de-comunicaciones\/obras-y-mejoramientos-de-escenarios-deportivos-de-medellin\/obras-y-mejoramientos-en-la-zona-1-de-medellin\/obras-y-mejoramientos-en-la-comuna-1-el-popular\/\">\n\t\t\t\t\t\t\t<img width=\"1024\" height=\"1024\" src=\"https:\/\/www.medellin.gov.co\/es\/wp-content\/uploads\/2022\/09\/mapa-comuna-1-1024x1024.png\" class=\"attachment-large size-large\" alt=\"Mapa Comuna 1\" loading=\"lazy\" srcset=\"https:\/\/www.medellin.gov.co\/es\/wp-content\/uploads\/2022\/09\/mapa-comuna-1-1024x1024.png 1024w, https:\/\/www.medellin.gov.co\/es\/wp-content\/uploads\/2022\/09\/mapa-comuna-1-300x300.png 300w, https:\/\/www.medellin.gov.co\/es\/wp-content\/uploads\/2022\/09\/mapa-comuna-1-150x150.png 150w, https:\/\/www.medellin.gov.co\/es\/wp-content\/uploads\/2022\/09\/mapa-comuna-1-768x768.png 768w, https:\/\/www.medellin.gov.co\/es\/wp-content\/uploads\/2022\/09\/mapa-comuna-1.png 1080w\" sizes=\"(max-width: 1024px) 100vw, 1024px\" \/>\t\t\t\t\t\t\t\t<\/a>\n\t\t\t\t\t\t\t\t\t\t\t\t\t\t<\/div>\n\t\t\t\t\t\t<\/div>\n\t\t\t\t<\/div>\n\t\t\t\t<div class=\"elementor-element elementor-element-cc863f1 elementor-widget elementor-widget-heading\" data-id=\"cc863f1\" data-element_type=\"widget\" data-widget_type=\"heading.default\">\n\t\t\t\t<div class=\"elementor-widget-container\">\n\t\t\t<h3 class=\"elementor-heading-title elementor-size-default\"><a href=\"https:\/\/www.medellin.gov.co\/es\/secretaria-de-comunicaciones\/obras-y-mejoramientos-de-escenarios-deportivos-de-medellin\/obras-y-mejoramientos-en-la-zona-1-de-medellin\/obras-y-mejoramientos-en-la-comuna-1-el-popular\/\">Conoce todas las mejoras de escenarios deportivos Comuna 1 - Popular<\/a><\/h3>\t\t<\/div>\n\t\t\t\t<\/div>\n\t\t\t\t\t\t<\/div>\n\t\t\t\t\t<\/div>\n\t\t<\/div>\n\t\t\t\t<div class=\"elementor-column elementor-col-25 elementor-inner-column elementor-element elementor-element-3b45769\" data-id=\"3b45769\" data-element_type=\"column\">\n\t\t\t<div class=\"elementor-column-wrap elementor-element-populated\">\n\t\t\t\t\t\t\t<div class=\"elementor-widget-wrap\">\n\t\t\t\t\t\t<div class=\"elementor-element elementor-element-55eeaac elementor-widget elementor-widget-image\" data-id=\"55eeaac\" data-element_type=\"widget\" data-widget_type=\"image.default\">\n\t\t\t\t<div class=\"elementor-widget-container\">\n\t\t\t\t\t\t\t\t<div class=\"elementor-image\">\n\t\t\t\t\t\t\t\t\t\t\t\t\t<a href=\"https:\/\/www.medellin.gov.co\/es\/secretaria-de-comunicaciones\/obras-y-mejoramientos-de-escenarios-deportivos-de-medellin\/obras-y-mejoramientos-en-la-zona-1-de-medellin\/obras-y-mejoramientos-en-la-comuna-2-santa-cruz\/\">\n\t\t\t\t\t\t\t<img width=\"1024\" height=\"1024\" src=\"https:\/\/www.medellin.gov.co\/es\/wp-content\/uploads\/2022\/09\/mapa-comuna-2-1024x1024.png\" class=\"attachment-large size-large\" alt=\"Mapa Comuna 2\" loading=\"lazy\" srcset=\"https:\/\/www.medellin.gov.co\/es\/wp-content\/uploads\/2022\/09\/mapa-comuna-2-1024x1024.png 1024w, https:\/\/www.medellin.gov.co\/es\/wp-content\/uploads\/2022\/09\/mapa-comuna-2-300x300.png 300w, https:\/\/www.medellin.gov.co\/es\/wp-content\/uploads\/2022\/09\/mapa-comuna-2-150x150.png 150w, https:\/\/www.medellin.gov.co\/es\/wp-content\/uploads\/2022\/09\/mapa-comuna-2-768x768.png 768w, https:\/\/www.medellin.gov.co\/es\/wp-content\/uploads\/2022\/09\/mapa-comuna-2.png 1080w\" sizes=\"(max-width: 1024px) 100vw, 1024px\" \/>\t\t\t\t\t\t\t\t<\/a>\n\t\t\t\t\t\t\t\t\t\t\t\t\t\t<\/div>\n\t\t\t\t\t\t<\/div>\n\t\t\t\t<\/div>\n\t\t\t\t<div class=\"elementor-element elementor-element-6b0d6be elementor-widget elementor-widget-heading\" data-id=\"6b0d6be\" data-element_type=\"widget\" data-widget_type=\"heading.default\">\n\t\t\t\t<div class=\"elementor-widget-container\">\n\t\t\t<h3 class=\"elementor-heading-title elementor-size-default\"><a href=\"https:\/\/www.medellin.gov.co\/es\/secretaria-de-comunicaciones\/obras-y-mejoramientos-de-escenarios-deportivos-de-medellin\/obras-y-mejoramientos-en-la-zona-1-de-medellin\/obras-y-mejoramientos-en-la-comuna-2-santa-cruz\/\">Conoce todas las mejoras de escenarios deportivos  Comuna 2 - Santa Cruz<\/a><\/h3>\t\t<\/div>\n\t\t\t\t<\/div>\n\t\t\t\t\t\t<\/div>\n\t\t\t\t\t<\/div>\n\t\t<\/div>\n\t\t\t\t<div class=\"elementor-column elementor-col-25 elementor-inner-column elementor-element elementor-element-3c66f6d\" data-id=\"3c66f6d\" data-element_type=\"column\">\n\t\t\t<div class=\"elementor-column-wrap elementor-element-populated\">\n\t\t\t\t\t\t\t<div class=\"elementor-widget-wrap\">\n\t\t\t\t\t\t<div class=\"elementor-element elementor-element-7fc949a elementor-widget elementor-widget-image\" data-id=\"7fc949a\" data-element_type=\"widget\" data-widget_type=\"image.default\">\n\t\t\t\t<div class=\"elementor-widget-container\">\n\t\t\t\t\t\t\t\t<div class=\"elementor-image\">\n\t\t\t\t\t\t\t\t\t\t\t\t\t<a href=\"https:\/\/www.medellin.gov.co\/es\/secretaria-de-comunicaciones\/obras-y-mejoramientos-de-escenarios-deportivos-de-medellin\/obras-y-mejoramientos-en-la-zona-1-de-medellin\/obras-y-mejoramientos-en-la-comuna-3-manrique\/\">\n\t\t\t\t\t\t\t<img width=\"1024\" height=\"1024\" src=\"https:\/\/www.medellin.gov.co\/es\/wp-content\/uploads\/2022\/09\/mapa-comuna-3-1024x1024.png\" class=\"attachment-large size-large\" alt=\"Mapa Comuna 3\" loading=\"lazy\" srcset=\"https:\/\/www.medellin.gov.co\/es\/wp-content\/uploads\/2022\/09\/mapa-comuna-3-1024x1024.png 1024w, https:\/\/www.medellin.gov.co\/es\/wp-content\/uploads\/2022\/09\/mapa-comuna-3-300x300.png 300w, https:\/\/www.medellin.gov.co\/es\/wp-content\/uploads\/2022\/09\/mapa-comuna-3-150x150.png 150w, https:\/\/www.medellin.gov.co\/es\/wp-content\/uploads\/2022\/09\/mapa-comuna-3-768x768.png 768w, https:\/\/www.medellin.gov.co\/es\/wp-content\/uploads\/2022\/09\/mapa-comuna-3.png 1080w\" sizes=\"(max-width: 1024px) 100vw, 1024px\" \/>\t\t\t\t\t\t\t\t<\/a>\n\t\t\t\t\t\t\t\t\t\t\t\t\t\t<\/div>\n\t\t\t\t\t\t<\/div>\n\t\t\t\t<\/div>\n\t\t\t\t<div class=\"elementor-element elementor-element-8fb3282 elementor-widget elementor-widget-heading\" data-id=\"8fb3282\" data-element_type=\"widget\" data-widget_type=\"heading.default\">\n\t\t\t\t<div class=\"elementor-widget-container\">\n\t\t\t<h3 class=\"elementor-heading-title elementor-size-default\"><a href=\"https:\/\/www.medellin.gov.co\/es\/secretaria-de-comunicaciones\/obras-y-mejoramientos-de-escenarios-deportivos-de-medellin\/obras-y-mejoramientos-en-la-zona-1-de-medellin\/obras-y-mejoramientos-en-la-comuna-3-manrique\/\">Conoce todas las mejoras de escenarios deportivos  Comuna 3 - Manrique<\/a><\/h3>\t\t<\/div>\n\t\t\t\t<\/div>\n\t\t\t\t\t\t<\/div>\n\t\t\t\t\t<\/div>\n\t\t<\/div>\n\t\t\t\t<div class=\"elementor-column elementor-col-25 elementor-inner-column elementor-element elementor-element-f7c9e12\" data-id=\"f7c9e12\" data-element_type=\"column\">\n\t\t\t<div class=\"elementor-column-wrap elementor-element-populated\">\n\t\t\t\t\t\t\t<div class=\"elementor-widget-wrap\">\n\t\t\t\t\t\t<div class=\"elementor-element elementor-element-c1b6b94 elementor-widget elementor-widget-image\" data-id=\"c1b6b94\" data-element_type=\"widget\" data-widget_type=\"image.default\">\n\t\t\t\t<div class=\"elementor-widget-container\">\n\t\t\t\t\t\t\t\t<div class=\"elementor-image\">\n\t\t\t\t\t\t\t\t\t\t\t\t\t<a href=\"https:\/\/www.medellin.gov.co\/es\/secretaria-de-comunicaciones\/obras-y-mejoramientos-de-escenarios-deportivos-de-medellin\/obras-y-mejoramientos-en-la-zona-1-de-medellin\/obras-y-mejoramientos-en-la-comuna-4-aranjuez\/\">\n\t\t\t\t\t\t\t<img width=\"1024\" height=\"1024\" src=\"https:\/\/www.medellin.gov.co\/es\/wp-content\/uploads\/2022\/09\/mapa-comuna-4-1024x1024.png\" class=\"attachment-large size-large\" alt=\"Mapa Comuna 4\" loading=\"lazy\" srcset=\"https:\/\/www.medellin.gov.co\/es\/wp-content\/uploads\/2022\/09\/mapa-comuna-4-1024x1024.png 1024w, https:\/\/www.medellin.gov.co\/es\/wp-content\/uploads\/2022\/09\/mapa-comuna-4-300x300.png 300w, https:\/\/www.medellin.gov.co\/es\/wp-content\/uploads\/2022\/09\/mapa-comuna-4-150x150.png 150w, https:\/\/www.medellin.gov.co\/es\/wp-content\/uploads\/2022\/09\/mapa-comuna-4-768x768.png 768w, https:\/\/www.medellin.gov.co\/es\/wp-content\/uploads\/2022\/09\/mapa-comuna-4.png 1080w\" sizes=\"(max-width: 1024px) 100vw, 1024px\" \/>\t\t\t\t\t\t\t\t<\/a>\n\t\t\t\t\t\t\t\t\t\t\t\t\t\t<\/div>\n\t\t\t\t\t\t<\/div>\n\t\t\t\t<\/div>\n\t\t\t\t<div class=\"elementor-element elementor-element-c106153 elementor-widget elementor-widget-heading\" data-id=\"c106153\" data-element_type=\"widget\" data-widget_type=\"heading.default\">\n\t\t\t\t<div class=\"elementor-widget-container\">\n\t\t\t<h3 class=\"elementor-heading-title elementor-size-default\"><a href=\"https:\/\/www.medellin.gov.co\/es\/secretaria-de-comunicaciones\/obras-y-mejoramientos-de-escenarios-deportivos-de-medellin\/obras-y-mejoramientos-en-la-zona-1-de-medellin\/obras-y-mejoramientos-en-la-comuna-4-aranjuez\/\">Conoce todas las mejoras de escenarios deportivos  Comuna 4 - Aranjuez<\/a><\/h3>\t\t<\/div>\n\t\t\t\t<\/div>\n\t\t\t\t\t\t<\/div>\n\t\t\t\t\t<\/div>\n\t\t<\/div>\n\t\t\t\t\t\t\t\t<\/div>\n\t\t\t\t\t<\/div>\n\t\t<\/section>\n\t\t\t\t<div class=\"elementor-element elementor-element-cee5849 elementor-widget elementor-widget-text-editor\" data-id=\"cee5849\" data-element_type=\"widget\" data-widget_type=\"text-editor.default\">\n\t\t\t\t<div class=\"elementor-widget-container\">\n\t\t\t\t\t\t\t\t<div class=\"elementor-text-editor elementor-clearfix\">\n\t\t\t\t<p style=\"text-align: center;\"><a href=\"https:\/\/www.medellin.gov.co\/es\/secretaria-de-comunicaciones\/obras-y-mejoramientos-de-escenarios-deportivos-de-medellin\/obras-y-mejoramientos-en-la-zona-1-de-medellin\/\"><strong>Conoce todas las obras de la zona 1<\/strong><\/a><\/p>\t\t\t\t\t<\/div>\n\t\t\t\t\t\t<\/div>\n\t\t\t\t<\/div>\n\t\t\t\t<div class=\"elementor-element elementor-element-920ee40 elementor-widget elementor-widget-heading\" data-id=\"920ee40\" data-element_type=\"widget\" data-widget_type=\"heading.default\">\n\t\t\t\t<div class=\"elementor-widget-container\">\n\t\t\t<h2 class=\"elementor-heading-title elementor-size-default\"><b> Obras en los<\/b> escenarios deportivos de la Zona 2 en Medell\u00edn<\/h2>\t\t<\/div>\n\t\t\t\t<\/div>\n\t\t\t\t<div class=\"elementor-element elementor-element-a059606 elementor-widget elementor-widget-text-editor\" data-id=\"a059606\" data-element_type=\"widget\" data-widget_type=\"text-editor.default\">\n\t\t\t\t<div class=\"elementor-widget-container\">\n\t\t\t\t\t\t\t\t<div class=\"elementor-text-editor elementor-clearfix\">\n\t\t\t\t<p>Conoce las 60 obras de mejoramiento que estamos realizando o tenemos proyectado ejecutar en 2023 en las comunas 5 &#8211; Castilla, 6 &#8211; Doce de Octubre y 7 \u2013 Robledo.<\/p>\t\t\t\t\t<\/div>\n\t\t\t\t\t\t<\/div>\n\t\t\t\t<\/div>\n\t\t\t\t<section class=\"elementor-section elementor-inner-section elementor-element elementor-element-7fb1ed2 elementor-section-boxed elementor-section-height-default elementor-section-height-default\" data-id=\"7fb1ed2\" data-element_type=\"section\">\n\t\t\t\t\t\t<div class=\"elementor-container elementor-column-gap-default\">\n\t\t\t\t\t\t\t<div class=\"elementor-row\">\n\t\t\t\t\t<div class=\"elementor-column elementor-col-33 elementor-inner-column elementor-element elementor-element-65dd652\" data-id=\"65dd652\" data-element_type=\"column\">\n\t\t\t<div class=\"elementor-column-wrap elementor-element-populated\">\n\t\t\t\t\t\t\t<div class=\"elementor-widget-wrap\">\n\t\t\t\t\t\t<div class=\"elementor-element elementor-element-3bcbc84 elementor-widget elementor-widget-image\" data-id=\"3bcbc84\" data-element_type=\"widget\" data-widget_type=\"image.default\">\n\t\t\t\t<div class=\"elementor-widget-container\">\n\t\t\t\t\t\t\t\t<div class=\"elementor-image\">\n\t\t\t\t\t\t\t\t\t\t\t\t\t<a href=\"https:\/\/www.medellin.gov.co\/es\/secretaria-de-comunicaciones\/obras-y-mejoramientos-de-escenarios-deportivos-de-medellin\/obras-y-mejoramientos-en-la-zona-2-de-medellin\/obras-y-mejoramientos-en-la-comuna-5-castilla\/\">\n\t\t\t\t\t\t\t<img width=\"300\" height=\"300\" src=\"https:\/\/www.medellin.gov.co\/es\/wp-content\/uploads\/2022\/09\/mapa-comuna-5-300x300.png\" class=\"attachment-medium size-medium\" alt=\"Mapa Comuna 5\" loading=\"lazy\" srcset=\"https:\/\/www.medellin.gov.co\/es\/wp-content\/uploads\/2022\/09\/mapa-comuna-5-300x300.png 300w, https:\/\/www.medellin.gov.co\/es\/wp-content\/uploads\/2022\/09\/mapa-comuna-5-1024x1024.png 1024w, https:\/\/www.medellin.gov.co\/es\/wp-content\/uploads\/2022\/09\/mapa-comuna-5-150x150.png 150w, https:\/\/www.medellin.gov.co\/es\/wp-content\/uploads\/2022\/09\/mapa-comuna-5-768x768.png 768w, https:\/\/www.medellin.gov.co\/es\/wp-content\/uploads\/2022\/09\/mapa-comuna-5.png 1080w\" sizes=\"(max-width: 300px) 100vw, 300px\" \/>\t\t\t\t\t\t\t\t<\/a>\n\t\t\t\t\t\t\t\t\t\t\t\t\t\t<\/div>\n\t\t\t\t\t\t<\/div>\n\t\t\t\t<\/div>\n\t\t\t\t<div class=\"elementor-element elementor-element-dafe550 elementor-widget elementor-widget-heading\" data-id=\"dafe550\" data-element_type=\"widget\" data-widget_type=\"heading.default\">\n\t\t\t\t<div class=\"elementor-widget-container\">\n\t\t\t<h3 class=\"elementor-heading-title elementor-size-default\"><a href=\"https:\/\/www.medellin.gov.co\/es\/secretaria-de-comunicaciones\/obras-y-mejoramientos-de-escenarios-deportivos-de-medellin\/obras-y-mejoramientos-en-la-zona-2-de-medellin\/obras-y-mejoramientos-en-la-comuna-5-castilla\/\">Conoce todas las mejoras de escenarios deportivos Comuna 5 - Castilla<\/a><\/h3>\t\t<\/div>\n\t\t\t\t<\/div>\n\t\t\t\t\t\t<\/div>\n\t\t\t\t\t<\/div>\n\t\t<\/div>\n\t\t\t\t<div class=\"elementor-column elementor-col-33 elementor-inner-column elementor-element elementor-element-9c7484f\" data-id=\"9c7484f\" data-element_type=\"column\">\n\t\t\t<div class=\"elementor-column-wrap elementor-element-populated\">\n\t\t\t\t\t\t\t<div class=\"elementor-widget-wrap\">\n\t\t\t\t\t\t<div class=\"elementor-element elementor-element-5814783 elementor-widget elementor-widget-image\" data-id=\"5814783\" data-element_type=\"widget\" data-widget_type=\"image.default\">\n\t\t\t\t<div class=\"elementor-widget-container\">\n\t\t\t\t\t\t\t\t<div class=\"elementor-image\">\n\t\t\t\t\t\t\t\t\t\t\t\t\t<a href=\"https:\/\/www.medellin.gov.co\/es\/secretaria-de-comunicaciones\/obras-y-mejoramientos-de-escenarios-deportivos-de-medellin\/obras-y-mejoramientos-en-la-zona-2-de-medellin\/obras-y-mejoramientos-en-la-comuna-6-doce-de-octubre\/\">\n\t\t\t\t\t\t\t<img width=\"300\" height=\"300\" src=\"https:\/\/www.medellin.gov.co\/es\/wp-content\/uploads\/2022\/09\/mapa-comuna-6-300x300.png\" class=\"attachment-medium size-medium\" alt=\"Mapa Comuna 6\" loading=\"lazy\" srcset=\"https:\/\/www.medellin.gov.co\/es\/wp-content\/uploads\/2022\/09\/mapa-comuna-6-300x300.png 300w, https:\/\/www.medellin.gov.co\/es\/wp-content\/uploads\/2022\/09\/mapa-comuna-6-1024x1024.png 1024w, https:\/\/www.medellin.gov.co\/es\/wp-content\/uploads\/2022\/09\/mapa-comuna-6-150x150.png 150w, https:\/\/www.medellin.gov.co\/es\/wp-content\/uploads\/2022\/09\/mapa-comuna-6-768x768.png 768w, https:\/\/www.medellin.gov.co\/es\/wp-content\/uploads\/2022\/09\/mapa-comuna-6.png 1080w\" sizes=\"(max-width: 300px) 100vw, 300px\" \/>\t\t\t\t\t\t\t\t<\/a>\n\t\t\t\t\t\t\t\t\t\t\t\t\t\t<\/div>\n\t\t\t\t\t\t<\/div>\n\t\t\t\t<\/div>\n\t\t\t\t<div class=\"elementor-element elementor-element-d1d3ca2 elementor-widget elementor-widget-heading\" data-id=\"d1d3ca2\" data-element_type=\"widget\" data-widget_type=\"heading.default\">\n\t\t\t\t<div class=\"elementor-widget-container\">\n\t\t\t<h3 class=\"elementor-heading-title elementor-size-default\"><a href=\"https:\/\/www.medellin.gov.co\/es\/secretaria-de-comunicaciones\/obras-y-mejoramientos-de-escenarios-deportivos-de-medellin\/obras-y-mejoramientos-en-la-zona-2-de-medellin\/obras-y-mejoramientos-en-la-comuna-6-doce-de-octubre\/\">Conoce todas las mejoras de escenarios deportivos Comuna 6 - Doce de Octubre<\/a><\/h3>\t\t<\/div>\n\t\t\t\t<\/div>\n\t\t\t\t\t\t<\/div>\n\t\t\t\t\t<\/div>\n\t\t<\/div>\n\t\t\t\t<div class=\"elementor-column elementor-col-33 elementor-inner-column elementor-element elementor-element-4107a4d\" data-id=\"4107a4d\" data-element_type=\"column\">\n\t\t\t<div class=\"elementor-column-wrap elementor-element-populated\">\n\t\t\t\t\t\t\t<div class=\"elementor-widget-wrap\">\n\t\t\t\t\t\t<div class=\"elementor-element elementor-element-264abb6 elementor-widget elementor-widget-image\" data-id=\"264abb6\" data-element_type=\"widget\" data-widget_type=\"image.default\">\n\t\t\t\t<div class=\"elementor-widget-container\">\n\t\t\t\t\t\t\t\t<div class=\"elementor-image\">\n\t\t\t\t\t\t\t\t\t\t\t\t\t<a href=\"https:\/\/www.medellin.gov.co\/es\/secretaria-de-comunicaciones\/obras-y-mejoramientos-de-escenarios-deportivos-de-medellin\/obras-y-mejoramientos-en-la-zona-2-de-medellin\/obras-y-mejoramientos-en-la-comuna-7-robledo\/\">\n\t\t\t\t\t\t\t<img width=\"300\" height=\"300\" src=\"https:\/\/www.medellin.gov.co\/es\/wp-content\/uploads\/2022\/09\/mapa-comuna-7-300x300.png\" class=\"attachment-medium size-medium\" alt=\"Mapa Comuna 7\" loading=\"lazy\" srcset=\"https:\/\/www.medellin.gov.co\/es\/wp-content\/uploads\/2022\/09\/mapa-comuna-7-300x300.png 300w, https:\/\/www.medellin.gov.co\/es\/wp-content\/uploads\/2022\/09\/mapa-comuna-7-1024x1024.png 1024w, https:\/\/www.medellin.gov.co\/es\/wp-content\/uploads\/2022\/09\/mapa-comuna-7-150x150.png 150w, https:\/\/www.medellin.gov.co\/es\/wp-content\/uploads\/2022\/09\/mapa-comuna-7-768x768.png 768w, https:\/\/www.medellin.gov.co\/es\/wp-content\/uploads\/2022\/09\/mapa-comuna-7.png 1080w\" sizes=\"(max-width: 300px) 100vw, 300px\" \/>\t\t\t\t\t\t\t\t<\/a>\n\t\t\t\t\t\t\t\t\t\t\t\t\t\t<\/div>\n\t\t\t\t\t\t<\/div>\n\t\t\t\t<\/div>\n\t\t\t\t<div class=\"elementor-element elementor-element-26d17e8 elementor-widget elementor-widget-heading\" data-id=\"26d17e8\" data-element_type=\"widget\" data-widget_type=\"heading.default\">\n\t\t\t\t<div class=\"elementor-widget-container\">\n\t\t\t<h3 class=\"elementor-heading-title elementor-size-default\"><a href=\"https:\/\/www.medellin.gov.co\/es\/secretaria-de-comunicaciones\/obras-y-mejoramientos-de-escenarios-deportivos-de-medellin\/obras-y-mejoramientos-en-la-zona-2-de-medellin\/obras-y-mejoramientos-en-la-comuna-7-robledo\/\">Conoce todas las mejoras de escenarios deportivos Comuna 7 - Robledo<\/a><\/h3>\t\t<\/div>\n\t\t\t\t<\/div>\n\t\t\t\t\t\t<\/div>\n\t\t\t\t\t<\/div>\n\t\t<\/div>\n\t\t\t\t\t\t\t\t<\/div>\n\t\t\t\t\t<\/div>\n\t\t<\/section>\n\t\t\t\t<div class=\"elementor-element elementor-element-be1e749 elementor-widget elementor-widget-text-editor\" data-id=\"be1e749\" data-element_type=\"widget\" data-widget_type=\"text-editor.default\">\n\t\t\t\t<div class=\"elementor-widget-container\">\n\t\t\t\t\t\t\t\t<div class=\"elementor-text-editor elementor-clearfix\">\n\t\t\t\t<p style=\"text-align: center;\"><a href=\"https:\/\/www.medellin.gov.co\/es\/secretaria-de-comunicaciones\/obras-y-mejoramientos-de-escenarios-deportivos-de-medellin\/obras-y-mejoramientos-en-la-zona-2-de-medellin\/\"><strong>Conoce todas las obras de la zona 2<\/strong><\/a><\/p>\t\t\t\t\t<\/div>\n\t\t\t\t\t\t<\/div>\n\t\t\t\t<\/div>\n\t\t\t\t<div class=\"elementor-element elementor-element-b4ff7b1 elementor-widget elementor-widget-heading\" data-id=\"b4ff7b1\" data-element_type=\"widget\" data-widget_type=\"heading.default\">\n\t\t\t\t<div class=\"elementor-widget-container\">\n\t\t\t<h2 class=\"elementor-heading-title elementor-size-default\"><b> Obras en los<\/b> escenarios deportivos de la Zona 3 en Medell\u00edn<\/h2>\t\t<\/div>\n\t\t\t\t<\/div>\n\t\t\t\t<div class=\"elementor-element elementor-element-39870f2 elementor-widget elementor-widget-text-editor\" data-id=\"39870f2\" data-element_type=\"widget\" data-widget_type=\"text-editor.default\">\n\t\t\t\t<div class=\"elementor-widget-container\">\n\t\t\t\t\t\t\t\t<div class=\"elementor-text-editor elementor-clearfix\">\n\t\t\t\t<p>Conoce las 40 obras de mejoramiento que estamos realizando o tenemos proyectado ejecutar en 2023 en las comunas 8 \u2013 Villa Hermosa, 9 \u2013 Buenos Aires y 10 &#8211; La Candelaria.<\/p>\t\t\t\t\t<\/div>\n\t\t\t\t\t\t<\/div>\n\t\t\t\t<\/div>\n\t\t\t\t<section class=\"elementor-section elementor-inner-section elementor-element elementor-element-bee8e68 elementor-section-boxed elementor-section-height-default elementor-section-height-default\" data-id=\"bee8e68\" data-element_type=\"section\">\n\t\t\t\t\t\t<div class=\"elementor-container elementor-column-gap-default\">\n\t\t\t\t\t\t\t<div class=\"elementor-row\">\n\t\t\t\t\t<div class=\"elementor-column elementor-col-33 elementor-inner-column elementor-element elementor-element-2a611ea\" data-id=\"2a611ea\" data-element_type=\"column\">\n\t\t\t<div class=\"elementor-column-wrap elementor-element-populated\">\n\t\t\t\t\t\t\t<div class=\"elementor-widget-wrap\">\n\t\t\t\t\t\t<div class=\"elementor-element elementor-element-6f3959f elementor-widget elementor-widget-image\" data-id=\"6f3959f\" data-element_type=\"widget\" data-widget_type=\"image.default\">\n\t\t\t\t<div class=\"elementor-widget-container\">\n\t\t\t\t\t\t\t\t<div class=\"elementor-image\">\n\t\t\t\t\t\t\t\t\t\t\t\t\t<a href=\"https:\/\/www.medellin.gov.co\/es\/secretaria-de-comunicaciones\/obras-y-mejoramientos-de-escenarios-deportivos-de-medellin\/obras-y-mejoramientos-en-la-zona-3-de-medellin\/obras-y-mejoramientos-en-la-comuna-8-villa-hermosa\/\">\n\t\t\t\t\t\t\t<img width=\"300\" height=\"300\" src=\"https:\/\/www.medellin.gov.co\/es\/wp-content\/uploads\/2022\/09\/mapa-comuna-8-300x300.png\" class=\"attachment-medium size-medium\" alt=\"Mapa Comuna 8\" loading=\"lazy\" srcset=\"https:\/\/www.medellin.gov.co\/es\/wp-content\/uploads\/2022\/09\/mapa-comuna-8-300x300.png 300w, https:\/\/www.medellin.gov.co\/es\/wp-content\/uploads\/2022\/09\/mapa-comuna-8-1024x1024.png 1024w, https:\/\/www.medellin.gov.co\/es\/wp-content\/uploads\/2022\/09\/mapa-comuna-8-150x150.png 150w, https:\/\/www.medellin.gov.co\/es\/wp-content\/uploads\/2022\/09\/mapa-comuna-8-768x768.png 768w, https:\/\/www.medellin.gov.co\/es\/wp-content\/uploads\/2022\/09\/mapa-comuna-8.png 1080w\" sizes=\"(max-width: 300px) 100vw, 300px\" \/>\t\t\t\t\t\t\t\t<\/a>\n\t\t\t\t\t\t\t\t\t\t\t\t\t\t<\/div>\n\t\t\t\t\t\t<\/div>\n\t\t\t\t<\/div>\n\t\t\t\t<div class=\"elementor-element elementor-element-c1f5f70 elementor-widget elementor-widget-heading\" data-id=\"c1f5f70\" data-element_type=\"widget\" data-widget_type=\"heading.default\">\n\t\t\t\t<div class=\"elementor-widget-container\">\n\t\t\t<h3 class=\"elementor-heading-title elementor-size-default\"><a href=\"https:\/\/www.medellin.gov.co\/es\/secretaria-de-comunicaciones\/obras-y-mejoramientos-de-escenarios-deportivos-de-medellin\/obras-y-mejoramientos-en-la-zona-3-de-medellin\/obras-y-mejoramientos-en-la-comuna-8-villa-hermosa\/\">Conoce todas las mejoras de escenarios deportivos Comuna 8 - Villa Hermosa<\/a><\/h3>\t\t<\/div>\n\t\t\t\t<\/div>\n\t\t\t\t\t\t<\/div>\n\t\t\t\t\t<\/div>\n\t\t<\/div>\n\t\t\t\t<div class=\"elementor-column elementor-col-33 elementor-inner-column elementor-element elementor-element-b357143\" data-id=\"b357143\" data-element_type=\"column\">\n\t\t\t<div class=\"elementor-column-wrap elementor-element-populated\">\n\t\t\t\t\t\t\t<div class=\"elementor-widget-wrap\">\n\t\t\t\t\t\t<div class=\"elementor-element elementor-element-54f0d44 elementor-widget elementor-widget-image\" data-id=\"54f0d44\" data-element_type=\"widget\" data-widget_type=\"image.default\">\n\t\t\t\t<div class=\"elementor-widget-container\">\n\t\t\t\t\t\t\t\t<div class=\"elementor-image\">\n\t\t\t\t\t\t\t\t\t\t\t\t\t<a href=\"https:\/\/www.medellin.gov.co\/es\/secretaria-de-comunicaciones\/obras-y-mejoramientos-de-escenarios-deportivos-de-medellin\/obras-y-mejoramientos-en-la-zona-3-de-medellin\/obras-y-mejoramientos-en-la-comuna-9-buenos-aires\/\">\n\t\t\t\t\t\t\t<img width=\"300\" height=\"300\" src=\"https:\/\/www.medellin.gov.co\/es\/wp-content\/uploads\/2022\/09\/mapa-comuna-9-300x300.png\" class=\"attachment-medium size-medium\" alt=\"Mapa Comuna 9\" loading=\"lazy\" srcset=\"https:\/\/www.medellin.gov.co\/es\/wp-content\/uploads\/2022\/09\/mapa-comuna-9-300x300.png 300w, https:\/\/www.medellin.gov.co\/es\/wp-content\/uploads\/2022\/09\/mapa-comuna-9-1024x1024.png 1024w, https:\/\/www.medellin.gov.co\/es\/wp-content\/uploads\/2022\/09\/mapa-comuna-9-150x150.png 150w, https:\/\/www.medellin.gov.co\/es\/wp-content\/uploads\/2022\/09\/mapa-comuna-9-768x768.png 768w, https:\/\/www.medellin.gov.co\/es\/wp-content\/uploads\/2022\/09\/mapa-comuna-9.png 1080w\" sizes=\"(max-width: 300px) 100vw, 300px\" \/>\t\t\t\t\t\t\t\t<\/a>\n\t\t\t\t\t\t\t\t\t\t\t\t\t\t<\/div>\n\t\t\t\t\t\t<\/div>\n\t\t\t\t<\/div>\n\t\t\t\t<div class=\"elementor-element elementor-element-9d2de6f elementor-widget elementor-widget-heading\" data-id=\"9d2de6f\" data-element_type=\"widget\" data-widget_type=\"heading.default\">\n\t\t\t\t<div class=\"elementor-widget-container\">\n\t\t\t<h3 class=\"elementor-heading-title elementor-size-default\"><a href=\"https:\/\/www.medellin.gov.co\/es\/secretaria-de-comunicaciones\/obras-y-mejoramientos-de-escenarios-deportivos-de-medellin\/obras-y-mejoramientos-en-la-zona-3-de-medellin\/obras-y-mejoramientos-en-la-comuna-9-buenos-aires\/\">Conoce todas las mejoras de escenarios deportivos Comuna 9 - Buenos Aires<\/a><\/h3>\t\t<\/div>\n\t\t\t\t<\/div>\n\t\t\t\t\t\t<\/div>\n\t\t\t\t\t<\/div>\n\t\t<\/div>\n\t\t\t\t<div class=\"elementor-column elementor-col-33 elementor-inner-column elementor-element elementor-element-3733edf\" data-id=\"3733edf\" data-element_type=\"column\">\n\t\t\t<div class=\"elementor-column-wrap elementor-element-populated\">\n\t\t\t\t\t\t\t<div class=\"elementor-widget-wrap\">\n\t\t\t\t\t\t<div class=\"elementor-element elementor-element-51654ff elementor-widget elementor-widget-image\" data-id=\"51654ff\" data-element_type=\"widget\" data-widget_type=\"image.default\">\n\t\t\t\t<div class=\"elementor-widget-container\">\n\t\t\t\t\t\t\t\t<div class=\"elementor-image\">\n\t\t\t\t\t\t\t\t\t\t\t\t\t<a href=\"https:\/\/www.medellin.gov.co\/es\/secretaria-de-comunicaciones\/obras-y-mejoramientos-de-escenarios-deportivos-de-medellin\/obras-y-mejoramientos-en-la-zona-3-de-medellin\/obras-y-mejoramientos-en-la-comuna-10-la-candelaria\/\">\n\t\t\t\t\t\t\t<img width=\"300\" height=\"300\" src=\"https:\/\/www.medellin.gov.co\/es\/wp-content\/uploads\/2022\/09\/mapa-comuna-10-300x300.png\" class=\"attachment-medium size-medium\" alt=\"Mapa Comuna 10\" loading=\"lazy\" srcset=\"https:\/\/www.medellin.gov.co\/es\/wp-content\/uploads\/2022\/09\/mapa-comuna-10-300x300.png 300w, https:\/\/www.medellin.gov.co\/es\/wp-content\/uploads\/2022\/09\/mapa-comuna-10-1024x1024.png 1024w, https:\/\/www.medellin.gov.co\/es\/wp-content\/uploads\/2022\/09\/mapa-comuna-10-150x150.png 150w, https:\/\/www.medellin.gov.co\/es\/wp-content\/uploads\/2022\/09\/mapa-comuna-10-768x768.png 768w, https:\/\/www.medellin.gov.co\/es\/wp-content\/uploads\/2022\/09\/mapa-comuna-10.png 1080w\" sizes=\"(max-width: 300px) 100vw, 300px\" \/>\t\t\t\t\t\t\t\t<\/a>\n\t\t\t\t\t\t\t\t\t\t\t\t\t\t<\/div>\n\t\t\t\t\t\t<\/div>\n\t\t\t\t<\/div>\n\t\t\t\t<div class=\"elementor-element elementor-element-bcdfdfb elementor-widget elementor-widget-heading\" data-id=\"bcdfdfb\" data-element_type=\"widget\" data-widget_type=\"heading.default\">\n\t\t\t\t<div class=\"elementor-widget-container\">\n\t\t\t<h3 class=\"elementor-heading-title elementor-size-default\"><a href=\"https:\/\/www.medellin.gov.co\/es\/secretaria-de-comunicaciones\/obras-y-mejoramientos-de-escenarios-deportivos-de-medellin\/obras-y-mejoramientos-en-la-zona-3-de-medellin\/obras-y-mejoramientos-en-la-comuna-10-la-candelaria\/\">Conoce todas las mejoras de escenarios deportivos Comuna 10 - La Candelaria<\/a><\/h3>\t\t<\/div>\n\t\t\t\t<\/div>\n\t\t\t\t\t\t<\/div>\n\t\t\t\t\t<\/div>\n\t\t<\/div>\n\t\t\t\t\t\t\t\t<\/div>\n\t\t\t\t\t<\/div>\n\t\t<\/section>\n\t\t\t\t<div class=\"elementor-element elementor-element-9936488 elementor-widget elementor-widget-text-editor\" data-id=\"9936488\" data-element_type=\"widget\" data-widget_type=\"text-editor.default\">\n\t\t\t\t<div class=\"elementor-widget-container\">\n\t\t\t\t\t\t\t\t<div class=\"elementor-text-editor elementor-clearfix\">\n\t\t\t\t<p style=\"text-align: center;\"><a href=\"https:\/\/www.medellin.gov.co\/es\/secretaria-de-comunicaciones\/obras-y-mejoramientos-de-escenarios-deportivos-de-medellin\/obras-y-mejoramientos-en-la-zona-3-de-medellin\/\"><strong>Conoce todas las obras de la zona 3<\/strong><\/a><\/p>\t\t\t\t\t<\/div>\n\t\t\t\t\t\t<\/div>\n\t\t\t\t<\/div>\n\t\t\t\t<div class=\"elementor-element elementor-element-9ad0631 elementor-widget elementor-widget-heading\" data-id=\"9ad0631\" data-element_type=\"widget\" data-widget_type=\"heading.default\">\n\t\t\t\t<div class=\"elementor-widget-container\">\n\t\t\t<h2 class=\"elementor-heading-title elementor-size-default\"><b> Obras en los<\/b> escenarios deportivos de la Zona 4 en Medell\u00edn<\/h2>\t\t<\/div>\n\t\t\t\t<\/div>\n\t\t\t\t<div class=\"elementor-element elementor-element-28ff08e elementor-widget elementor-widget-text-editor\" data-id=\"28ff08e\" data-element_type=\"widget\" data-widget_type=\"text-editor.default\">\n\t\t\t\t<div class=\"elementor-widget-container\">\n\t\t\t\t\t\t\t\t<div class=\"elementor-text-editor elementor-clearfix\">\n\t\t\t\t<p><span data-sheets-value=\"{&quot;1&quot;:2,&quot;2&quot;:&quot;Conoce las 50 obras de mejoramiento que estamos realizando o tenemos proyectado ejecutar en 2023 en las comunas 11 - Laureles - Estadio, 12 \u2013 La Am\u00e9rica y 13 - San Javier.&quot;}\" data-sheets-userformat=\"{&quot;2&quot;:769,&quot;3&quot;:{&quot;1&quot;:0},&quot;11&quot;:4,&quot;12&quot;:0}\">Conoce las 50 obras de mejoramiento que estamos realizando o tenemos proyectado ejecutar en 2023 en las comunas 11 &#8211; Laureles &#8211; Estadio, 12 \u2013 La Am\u00e9rica y 13 &#8211; San Javier.<\/span><\/p>\t\t\t\t\t<\/div>\n\t\t\t\t\t\t<\/div>\n\t\t\t\t<\/div>\n\t\t\t\t<section class=\"elementor-section elementor-inner-section elementor-element elementor-element-1b348ec elementor-section-boxed elementor-section-height-default elementor-section-height-default\" data-id=\"1b348ec\" data-element_type=\"section\">\n\t\t\t\t\t\t<div class=\"elementor-container elementor-column-gap-default\">\n\t\t\t\t\t\t\t<div class=\"elementor-row\">\n\t\t\t\t\t<div class=\"elementor-column elementor-col-33 elementor-inner-column elementor-element elementor-element-458ce37\" data-id=\"458ce37\" data-element_type=\"column\">\n\t\t\t<div class=\"elementor-column-wrap elementor-element-populated\">\n\t\t\t\t\t\t\t<div class=\"elementor-widget-wrap\">\n\t\t\t\t\t\t<div class=\"elementor-element elementor-element-3e2c22c elementor-widget elementor-widget-image\" data-id=\"3e2c22c\" data-element_type=\"widget\" data-widget_type=\"image.default\">\n\t\t\t\t<div class=\"elementor-widget-container\">\n\t\t\t\t\t\t\t\t<div class=\"elementor-image\">\n\t\t\t\t\t\t\t\t\t\t\t\t\t<a href=\"https:\/\/www.medellin.gov.co\/es\/secretaria-de-comunicaciones\/obras-y-mejoramientos-de-escenarios-deportivos-de-medellin\/obras-y-mejoramientos-en-la-zona-4-de-medellin\/obras-y-mejoramientos-en-la-comuna-11-laureles-estadio\/\">\n\t\t\t\t\t\t\t<img width=\"300\" height=\"300\" src=\"https:\/\/www.medellin.gov.co\/es\/wp-content\/uploads\/2022\/09\/mapa-comuna-11-300x300.png\" class=\"attachment-medium size-medium\" alt=\"Mapa Comuna 11\" loading=\"lazy\" srcset=\"https:\/\/www.medellin.gov.co\/es\/wp-content\/uploads\/2022\/09\/mapa-comuna-11-300x300.png 300w, https:\/\/www.medellin.gov.co\/es\/wp-content\/uploads\/2022\/09\/mapa-comuna-11-1024x1024.png 1024w, https:\/\/www.medellin.gov.co\/es\/wp-content\/uploads\/2022\/09\/mapa-comuna-11-150x150.png 150w, https:\/\/www.medellin.gov.co\/es\/wp-content\/uploads\/2022\/09\/mapa-comuna-11-768x768.png 768w, https:\/\/www.medellin.gov.co\/es\/wp-content\/uploads\/2022\/09\/mapa-comuna-11.png 1080w\" sizes=\"(max-width: 300px) 100vw, 300px\" \/>\t\t\t\t\t\t\t\t<\/a>\n\t\t\t\t\t\t\t\t\t\t\t\t\t\t<\/div>\n\t\t\t\t\t\t<\/div>\n\t\t\t\t<\/div>\n\t\t\t\t<div class=\"elementor-element elementor-element-e980892 elementor-widget elementor-widget-heading\" data-id=\"e980892\" data-element_type=\"widget\" data-widget_type=\"heading.default\">\n\t\t\t\t<div class=\"elementor-widget-container\">\n\t\t\t<h3 class=\"elementor-heading-title elementor-size-default\"><a href=\"https:\/\/www.medellin.gov.co\/es\/secretaria-de-comunicaciones\/obras-y-mejoramientos-de-escenarios-deportivos-de-medellin\/obras-y-mejoramientos-en-la-zona-4-de-medellin\/obras-y-mejoramientos-en-la-comuna-11-laureles-estadio\/\">Conoce todas las mejoras de escenarios deportivos Comuna 11 - Laureles Estadio<\/a><\/h3>\t\t<\/div>\n\t\t\t\t<\/div>\n\t\t\t\t\t\t<\/div>\n\t\t\t\t\t<\/div>\n\t\t<\/div>\n\t\t\t\t<div class=\"elementor-column elementor-col-33 elementor-inner-column elementor-element elementor-element-d6f7060\" data-id=\"d6f7060\" data-element_type=\"column\">\n\t\t\t<div class=\"elementor-column-wrap elementor-element-populated\">\n\t\t\t\t\t\t\t<div class=\"elementor-widget-wrap\">\n\t\t\t\t\t\t<div class=\"elementor-element elementor-element-bd6fe90 elementor-widget elementor-widget-image\" data-id=\"bd6fe90\" data-element_type=\"widget\" data-widget_type=\"image.default\">\n\t\t\t\t<div class=\"elementor-widget-container\">\n\t\t\t\t\t\t\t\t<div class=\"elementor-image\">\n\t\t\t\t\t\t\t\t\t\t\t\t\t<a href=\"https:\/\/www.medellin.gov.co\/es\/secretaria-de-comunicaciones\/obras-y-mejoramientos-de-escenarios-deportivos-de-medellin\/obras-y-mejoramientos-en-la-zona-4-de-medellin\/obras-y-mejoramientos-en-la-comuna-12-la-america\/\">\n\t\t\t\t\t\t\t<img width=\"300\" height=\"300\" src=\"https:\/\/www.medellin.gov.co\/es\/wp-content\/uploads\/2022\/09\/mapa-comuna-12-300x300.png\" class=\"attachment-medium size-medium\" alt=\"Mapa Comuna 12\" loading=\"lazy\" srcset=\"https:\/\/www.medellin.gov.co\/es\/wp-content\/uploads\/2022\/09\/mapa-comuna-12-300x300.png 300w, https:\/\/www.medellin.gov.co\/es\/wp-content\/uploads\/2022\/09\/mapa-comuna-12-1024x1024.png 1024w, https:\/\/www.medellin.gov.co\/es\/wp-content\/uploads\/2022\/09\/mapa-comuna-12-150x150.png 150w, https:\/\/www.medellin.gov.co\/es\/wp-content\/uploads\/2022\/09\/mapa-comuna-12-768x768.png 768w, https:\/\/www.medellin.gov.co\/es\/wp-content\/uploads\/2022\/09\/mapa-comuna-12.png 1080w\" sizes=\"(max-width: 300px) 100vw, 300px\" \/>\t\t\t\t\t\t\t\t<\/a>\n\t\t\t\t\t\t\t\t\t\t\t\t\t\t<\/div>\n\t\t\t\t\t\t<\/div>\n\t\t\t\t<\/div>\n\t\t\t\t<div class=\"elementor-element elementor-element-ec8b210 elementor-widget elementor-widget-heading\" data-id=\"ec8b210\" data-element_type=\"widget\" data-widget_type=\"heading.default\">\n\t\t\t\t<div class=\"elementor-widget-container\">\n\t\t\t<h3 class=\"elementor-heading-title elementor-size-default\"><a href=\"https:\/\/www.medellin.gov.co\/es\/secretaria-de-comunicaciones\/obras-y-mejoramientos-de-escenarios-deportivos-de-medellin\/obras-y-mejoramientos-en-la-zona-4-de-medellin\/obras-y-mejoramientos-en-la-comuna-12-la-america\/\">Conoce todas las mejoras de escenarios deportivos Comuna 12 - La Am\u00e9rica<\/a><\/h3>\t\t<\/div>\n\t\t\t\t<\/div>\n\t\t\t\t\t\t<\/div>\n\t\t\t\t\t<\/div>\n\t\t<\/div>\n\t\t\t\t<div class=\"elementor-column elementor-col-33 elementor-inner-column elementor-element elementor-element-6b83f67\" data-id=\"6b83f67\" data-element_type=\"column\">\n\t\t\t<div class=\"elementor-column-wrap elementor-element-populated\">\n\t\t\t\t\t\t\t<div class=\"elementor-widget-wrap\">\n\t\t\t\t\t\t<div class=\"elementor-element elementor-element-b401be6 elementor-widget elementor-widget-image\" data-id=\"b401be6\" data-element_type=\"widget\" data-widget_type=\"image.default\">\n\t\t\t\t<div class=\"elementor-widget-container\">\n\t\t\t\t\t\t\t\t<div class=\"elementor-image\">\n\t\t\t\t\t\t\t\t\t\t\t\t\t<a href=\"https:\/\/www.medellin.gov.co\/es\/secretaria-de-comunicaciones\/obras-y-mejoramientos-de-escenarios-deportivos-de-medellin\/obras-y-mejoramientos-en-la-zona-4-de-medellin\/obras-y-mejoramientos-en-la-comuna-13-san-javier\/\">\n\t\t\t\t\t\t\t<img width=\"300\" height=\"300\" src=\"https:\/\/www.medellin.gov.co\/es\/wp-content\/uploads\/2022\/09\/mapa-comuna-13-300x300.png\" class=\"attachment-medium size-medium\" alt=\"Mapa Comuna 13\" loading=\"lazy\" srcset=\"https:\/\/www.medellin.gov.co\/es\/wp-content\/uploads\/2022\/09\/mapa-comuna-13-300x300.png 300w, https:\/\/www.medellin.gov.co\/es\/wp-content\/uploads\/2022\/09\/mapa-comuna-13-1024x1024.png 1024w, https:\/\/www.medellin.gov.co\/es\/wp-content\/uploads\/2022\/09\/mapa-comuna-13-150x150.png 150w, https:\/\/www.medellin.gov.co\/es\/wp-content\/uploads\/2022\/09\/mapa-comuna-13-768x768.png 768w, https:\/\/www.medellin.gov.co\/es\/wp-content\/uploads\/2022\/09\/mapa-comuna-13.png 1080w\" sizes=\"(max-width: 300px) 100vw, 300px\" \/>\t\t\t\t\t\t\t\t<\/a>\n\t\t\t\t\t\t\t\t\t\t\t\t\t\t<\/div>\n\t\t\t\t\t\t<\/div>\n\t\t\t\t<\/div>\n\t\t\t\t<div class=\"elementor-element elementor-element-059493b elementor-widget elementor-widget-heading\" data-id=\"059493b\" data-element_type=\"widget\" data-widget_type=\"heading.default\">\n\t\t\t\t<div class=\"elementor-widget-container\">\n\t\t\t<h3 class=\"elementor-heading-title elementor-size-default\"><a href=\"https:\/\/www.medellin.gov.co\/es\/secretaria-de-comunicaciones\/obras-y-mejoramientos-de-escenarios-deportivos-de-medellin\/obras-y-mejoramientos-en-la-zona-4-de-medellin\/obras-y-mejoramientos-en-la-comuna-13-san-javier\/\">Conoce todas las mejoras de escenarios deportivos Comuna 13 - San Javier<\/a><\/h3>\t\t<\/div>\n\t\t\t\t<\/div>\n\t\t\t\t\t\t<\/div>\n\t\t\t\t\t<\/div>\n\t\t<\/div>\n\t\t\t\t\t\t\t\t<\/div>\n\t\t\t\t\t<\/div>\n\t\t<\/section>\n\t\t\t\t<div class=\"elementor-element elementor-element-39205f5 elementor-widget elementor-widget-text-editor\" data-id=\"39205f5\" data-element_type=\"widget\" data-widget_type=\"text-editor.default\">\n\t\t\t\t<div class=\"elementor-widget-container\">\n\t\t\t\t\t\t\t\t<div class=\"elementor-text-editor elementor-clearfix\">\n\t\t\t\t<p style=\"text-align: center;\"><a href=\"https:\/\/www.medellin.gov.co\/es\/secretaria-de-comunicaciones\/obras-y-mejoramientos-de-escenarios-deportivos-de-medellin\/obras-y-mejoramientos-en-la-zona-4-de-medellin\/\"><strong>Conoce todas las obras de la zona 4<\/strong><\/a><\/p>\t\t\t\t\t<\/div>\n\t\t\t\t\t\t<\/div>\n\t\t\t\t<\/div>\n\t\t\t\t<div class=\"elementor-element elementor-element-6656908 elementor-widget elementor-widget-heading\" data-id=\"6656908\" data-element_type=\"widget\" data-widget_type=\"heading.default\">\n\t\t\t\t<div class=\"elementor-widget-container\">\n\t\t\t<h2 class=\"elementor-heading-title elementor-size-default\"><b> Obras en los<\/b> escenarios deportivos de la Zona 5 en Medell\u00edn<\/h2>\t\t<\/div>\n\t\t\t\t<\/div>\n\t\t\t\t<section class=\"elementor-section elementor-inner-section elementor-element elementor-element-6f2a248 elementor-section-boxed elementor-section-height-default elementor-section-height-default\" data-id=\"6f2a248\" data-element_type=\"section\">\n\t\t\t\t\t\t<div class=\"elementor-container elementor-column-gap-default\">\n\t\t\t\t\t\t\t<div class=\"elementor-row\">\n\t\t\t\t\t<div class=\"elementor-column elementor-col-50 elementor-inner-column elementor-element elementor-element-56feb80\" data-id=\"56feb80\" data-element_type=\"column\">\n\t\t\t<div class=\"elementor-column-wrap elementor-element-populated\">\n\t\t\t\t\t\t\t<div class=\"elementor-widget-wrap\">\n\t\t\t\t\t\t<div class=\"elementor-element elementor-element-a670d2a elementor-widget elementor-widget-text-editor\" data-id=\"a670d2a\" data-element_type=\"widget\" data-widget_type=\"text-editor.default\">\n\t\t\t\t<div class=\"elementor-widget-container\">\n\t\t\t\t\t\t\t\t<div class=\"elementor-text-editor elementor-clearfix\">\n\t\t\t\t<p>Conoce las 7 obras de mejoramiento que estamos realizando o tenemos proyectado ejecutar en 2023 en la Comuna 14 \u2013 El Poblado.<\/p>\t\t\t\t\t<\/div>\n\t\t\t\t\t\t<\/div>\n\t\t\t\t<\/div>\n\t\t\t\t\t\t<\/div>\n\t\t\t\t\t<\/div>\n\t\t<\/div>\n\t\t\t\t<div class=\"elementor-column elementor-col-50 elementor-inner-column elementor-element elementor-element-78eeac8\" data-id=\"78eeac8\" data-element_type=\"column\">\n\t\t\t<div class=\"elementor-column-wrap elementor-element-populated\">\n\t\t\t\t\t\t\t<div class=\"elementor-widget-wrap\">\n\t\t\t\t\t\t<div class=\"elementor-element elementor-element-4f873f0 elementor-widget elementor-widget-image\" data-id=\"4f873f0\" data-element_type=\"widget\" data-widget_type=\"image.default\">\n\t\t\t\t<div class=\"elementor-widget-container\">\n\t\t\t\t\t\t\t\t<div class=\"elementor-image\">\n\t\t\t\t\t\t\t\t\t\t\t\t\t<a href=\"https:\/\/www.medellin.gov.co\/es\/secretaria-de-comunicaciones\/obras-y-mejoramientos-de-escenarios-deportivos-de-medellin\/obras-y-mejoramientos-en-la-zona-5-de-medellin\/obras-y-mejoramientos-en-la-comuna-14-el-poblado\/\">\n\t\t\t\t\t\t\t<img width=\"300\" height=\"300\" src=\"https:\/\/www.medellin.gov.co\/es\/wp-content\/uploads\/2022\/09\/mapa-comuna-14-300x300.png\" class=\"attachment-medium size-medium\" alt=\"Mapa Comuna 14\" loading=\"lazy\" srcset=\"https:\/\/www.medellin.gov.co\/es\/wp-content\/uploads\/2022\/09\/mapa-comuna-14-300x300.png 300w, https:\/\/www.medellin.gov.co\/es\/wp-content\/uploads\/2022\/09\/mapa-comuna-14-1024x1024.png 1024w, https:\/\/www.medellin.gov.co\/es\/wp-content\/uploads\/2022\/09\/mapa-comuna-14-150x150.png 150w, https:\/\/www.medellin.gov.co\/es\/wp-content\/uploads\/2022\/09\/mapa-comuna-14-768x768.png 768w, https:\/\/www.medellin.gov.co\/es\/wp-content\/uploads\/2022\/09\/mapa-comuna-14.png 1080w\" sizes=\"(max-width: 300px) 100vw, 300px\" \/>\t\t\t\t\t\t\t\t<\/a>\n\t\t\t\t\t\t\t\t\t\t\t\t\t\t<\/div>\n\t\t\t\t\t\t<\/div>\n\t\t\t\t<\/div>\n\t\t\t\t\t\t<\/div>\n\t\t\t\t\t<\/div>\n\t\t<\/div>\n\t\t\t\t\t\t\t\t<\/div>\n\t\t\t\t\t<\/div>\n\t\t<\/section>\n\t\t\t\t<div class=\"elementor-element elementor-element-d8532b8 elementor-widget elementor-widget-text-editor\" data-id=\"d8532b8\" data-element_type=\"widget\" data-widget_type=\"text-editor.default\">\n\t\t\t\t<div class=\"elementor-widget-container\">\n\t\t\t\t\t\t\t\t<div class=\"elementor-text-editor elementor-clearfix\">\n\t\t\t\t<p style=\"text-align: center;\"><a href=\"https:\/\/www.medellin.gov.co\/es\/secretaria-de-comunicaciones\/obras-y-mejoramientos-de-escenarios-deportivos-de-medellin\/obras-y-mejoramientos-en-la-zona-5-de-medellin\/\"><strong>Conoce todas las obras de la zona 5<\/strong><\/a><\/p>\t\t\t\t\t<\/div>\n\t\t\t\t\t\t<\/div>\n\t\t\t\t<\/div>\n\t\t\t\t<div class=\"elementor-element elementor-element-f20bfe6 elementor-widget elementor-widget-heading\" data-id=\"f20bfe6\" data-element_type=\"widget\" data-widget_type=\"heading.default\">\n\t\t\t\t<div class=\"elementor-widget-container\">\n\t\t\t<h2 class=\"elementor-heading-title elementor-size-default\"><b> Obras en los<\/b> escenarios deportivos de la Zona 6 en Medell\u00edn<\/h2>\t\t<\/div>\n\t\t\t\t<\/div>\n\t\t\t\t<div class=\"elementor-element elementor-element-3aed152 elementor-widget elementor-widget-text-editor\" data-id=\"3aed152\" data-element_type=\"widget\" data-widget_type=\"text-editor.default\">\n\t\t\t\t<div class=\"elementor-widget-container\">\n\t\t\t\t\t\t\t\t<div class=\"elementor-text-editor elementor-clearfix\">\n\t\t\t\t<p><span data-sheets-value=\"{&quot;1&quot;:2,&quot;2&quot;:&quot;Conoce las 34 obras de mejoramiento que estamos realizando o tenemos proyectado ejecutar en 2023 en las comunas 15 \u2013 Guayabal y 16 \u2013 Bel\u00e9n. &quot;}\" data-sheets-userformat=\"{&quot;2&quot;:769,&quot;3&quot;:{&quot;1&quot;:0},&quot;11&quot;:4,&quot;12&quot;:0}\">Conoce las 34 obras de mejoramiento que estamos realizando o tenemos proyectado ejecutar en 2023 en las comunas 15 \u2013 Guayabal y 16 \u2013 Bel\u00e9n. <\/span><\/p>\t\t\t\t\t<\/div>\n\t\t\t\t\t\t<\/div>\n\t\t\t\t<\/div>\n\t\t\t\t<section class=\"elementor-section elementor-inner-section elementor-element elementor-element-9e84d88 elementor-section-boxed elementor-section-height-default elementor-section-height-default\" data-id=\"9e84d88\" data-element_type=\"section\">\n\t\t\t\t\t\t<div class=\"elementor-container elementor-column-gap-default\">\n\t\t\t\t\t\t\t<div class=\"elementor-row\">\n\t\t\t\t\t<div class=\"elementor-column elementor-col-50 elementor-inner-column elementor-element elementor-element-76abb56\" data-id=\"76abb56\" data-element_type=\"column\">\n\t\t\t<div class=\"elementor-column-wrap elementor-element-populated\">\n\t\t\t\t\t\t\t<div class=\"elementor-widget-wrap\">\n\t\t\t\t\t\t<div class=\"elementor-element elementor-element-008b143 elementor-widget elementor-widget-image\" data-id=\"008b143\" data-element_type=\"widget\" data-widget_type=\"image.default\">\n\t\t\t\t<div class=\"elementor-widget-container\">\n\t\t\t\t\t\t\t\t<div class=\"elementor-image\">\n\t\t\t\t\t\t\t\t\t\t\t\t\t<a href=\"https:\/\/www.medellin.gov.co\/es\/secretaria-de-comunicaciones\/obras-y-mejoramientos-de-escenarios-deportivos-de-medellin\/obras-y-mejoramientos-en-la-zona-6-de-medellin\/obras-y-mejoramientos-en-la-comuna-15-guayabal\/\">\n\t\t\t\t\t\t\t<img width=\"300\" height=\"300\" src=\"https:\/\/www.medellin.gov.co\/es\/wp-content\/uploads\/2022\/09\/mapa-comuna-15-300x300.png\" class=\"attachment-medium size-medium\" alt=\"Mapa Comuna 15\" loading=\"lazy\" srcset=\"https:\/\/www.medellin.gov.co\/es\/wp-content\/uploads\/2022\/09\/mapa-comuna-15-300x300.png 300w, https:\/\/www.medellin.gov.co\/es\/wp-content\/uploads\/2022\/09\/mapa-comuna-15-1024x1024.png 1024w, https:\/\/www.medellin.gov.co\/es\/wp-content\/uploads\/2022\/09\/mapa-comuna-15-150x150.png 150w, https:\/\/www.medellin.gov.co\/es\/wp-content\/uploads\/2022\/09\/mapa-comuna-15-768x768.png 768w, https:\/\/www.medellin.gov.co\/es\/wp-content\/uploads\/2022\/09\/mapa-comuna-15.png 1080w\" sizes=\"(max-width: 300px) 100vw, 300px\" \/>\t\t\t\t\t\t\t\t<\/a>\n\t\t\t\t\t\t\t\t\t\t\t\t\t\t<\/div>\n\t\t\t\t\t\t<\/div>\n\t\t\t\t<\/div>\n\t\t\t\t<div class=\"elementor-element elementor-element-d5b59c5 elementor-widget elementor-widget-heading\" data-id=\"d5b59c5\" data-element_type=\"widget\" data-widget_type=\"heading.default\">\n\t\t\t\t<div class=\"elementor-widget-container\">\n\t\t\t<h3 class=\"elementor-heading-title elementor-size-default\"><a href=\"https:\/\/www.medellin.gov.co\/es\/secretaria-de-comunicaciones\/obras-y-mejoramientos-de-escenarios-deportivos-de-medellin\/obras-y-mejoramientos-en-la-zona-6-de-medellin\/obras-y-mejoramientos-en-la-comuna-15-guayabal\/\">Conoce todas las mejoras de escenarios deportivos Comuna 15 - Guayabal<\/a><\/h3>\t\t<\/div>\n\t\t\t\t<\/div>\n\t\t\t\t\t\t<\/div>\n\t\t\t\t\t<\/div>\n\t\t<\/div>\n\t\t\t\t<div class=\"elementor-column elementor-col-50 elementor-inner-column elementor-element elementor-element-e1557c6\" data-id=\"e1557c6\" data-element_type=\"column\">\n\t\t\t<div class=\"elementor-column-wrap elementor-element-populated\">\n\t\t\t\t\t\t\t<div class=\"elementor-widget-wrap\">\n\t\t\t\t\t\t<div class=\"elementor-element elementor-element-5629a39 elementor-widget elementor-widget-image\" data-id=\"5629a39\" data-element_type=\"widget\" data-widget_type=\"image.default\">\n\t\t\t\t<div class=\"elementor-widget-container\">\n\t\t\t\t\t\t\t\t<div class=\"elementor-image\">\n\t\t\t\t\t\t\t\t\t\t\t\t\t<a href=\"https:\/\/www.medellin.gov.co\/es\/secretaria-de-comunicaciones\/obras-y-mejoramientos-de-escenarios-deportivos-de-medellin\/obras-y-mejoramientos-en-la-zona-6-de-medellin\/obras-y-mejoramientos-en-la-comuna-16-belen\/\">\n\t\t\t\t\t\t\t<img width=\"300\" height=\"300\" src=\"https:\/\/www.medellin.gov.co\/es\/wp-content\/uploads\/2022\/09\/mapa-comuna-16-300x300.png\" class=\"attachment-medium size-medium\" alt=\"Mapa Comuna 16\" loading=\"lazy\" srcset=\"https:\/\/www.medellin.gov.co\/es\/wp-content\/uploads\/2022\/09\/mapa-comuna-16-300x300.png 300w, https:\/\/www.medellin.gov.co\/es\/wp-content\/uploads\/2022\/09\/mapa-comuna-16-1024x1024.png 1024w, https:\/\/www.medellin.gov.co\/es\/wp-content\/uploads\/2022\/09\/mapa-comuna-16-150x150.png 150w, https:\/\/www.medellin.gov.co\/es\/wp-content\/uploads\/2022\/09\/mapa-comuna-16-768x768.png 768w, https:\/\/www.medellin.gov.co\/es\/wp-content\/uploads\/2022\/09\/mapa-comuna-16.png 1080w\" sizes=\"(max-width: 300px) 100vw, 300px\" \/>\t\t\t\t\t\t\t\t<\/a>\n\t\t\t\t\t\t\t\t\t\t\t\t\t\t<\/div>\n\t\t\t\t\t\t<\/div>\n\t\t\t\t<\/div>\n\t\t\t\t<div class=\"elementor-element elementor-element-b3d6fa1 elementor-widget elementor-widget-heading\" data-id=\"b3d6fa1\" data-element_type=\"widget\" data-widget_type=\"heading.default\">\n\t\t\t\t<div class=\"elementor-widget-container\">\n\t\t\t<h3 class=\"elementor-heading-title elementor-size-default\"><a href=\"https:\/\/www.medellin.gov.co\/es\/secretaria-de-comunicaciones\/obras-y-mejoramientos-de-escenarios-deportivos-de-medellin\/obras-y-mejoramientos-en-la-zona-6-de-medellin\/obras-y-mejoramientos-en-la-comuna-16-belen\/\">Conoce todas las mejoras de escenarios deportivos Comuna 16 - Bel\u00e9n<\/a><\/h3>\t\t<\/div>\n\t\t\t\t<\/div>\n\t\t\t\t\t\t<\/div>\n\t\t\t\t\t<\/div>\n\t\t<\/div>\n\t\t\t\t\t\t\t\t<\/div>\n\t\t\t\t\t<\/div>\n\t\t<\/section>\n\t\t\t\t<div class=\"elementor-element elementor-element-5894a9c elementor-widget elementor-widget-text-editor\" data-id=\"5894a9c\" data-element_type=\"widget\" data-widget_type=\"text-editor.default\">\n\t\t\t\t<div class=\"elementor-widget-container\">\n\t\t\t\t\t\t\t\t<div class=\"elementor-text-editor elementor-clearfix\">\n\t\t\t\t<p style=\"text-align: center;\"><a href=\"https:\/\/www.medellin.gov.co\/es\/secretaria-de-comunicaciones\/obras-y-mejoramientos-de-escenarios-deportivos-de-medellin\/obras-y-mejoramientos-en-la-zona-6-de-medellin\/\"><strong>Conoce todas las obras de la zona 6<\/strong><\/a><\/p>\t\t\t\t\t<\/div>\n\t\t\t\t\t\t<\/div>\n\t\t\t\t<\/div>\n\t\t\t\t<div class=\"elementor-element elementor-element-bede664 elementor-widget elementor-widget-heading\" data-id=\"bede664\" data-element_type=\"widget\" data-widget_type=\"heading.default\">\n\t\t\t\t<div class=\"elementor-widget-container\">\n\t\t\t<h2 class=\"elementor-heading-title elementor-size-default\"><b> Obras en los<\/b> escenarios deportivos de los corregimientos de Medell\u00edn<\/h2>\t\t<\/div>\n\t\t\t\t<\/div>\n\t\t\t\t<div class=\"elementor-element elementor-element-5aa5245 elementor-widget elementor-widget-text-editor\" data-id=\"5aa5245\" data-element_type=\"widget\" data-widget_type=\"text-editor.default\">\n\t\t\t\t<div class=\"elementor-widget-container\">\n\t\t\t\t\t\t\t\t<div class=\"elementor-text-editor elementor-clearfix\">\n\t\t\t\t<p><span data-sheets-value=\"{&quot;1&quot;:2,&quot;2&quot;:&quot;Conoce las 51 obras de mejoramiento que estamos realizando o tenemos proyectado ejecutar en 2023 en las comunas 50 \u2013 San Sebasti\u00e1n de Palmitas, 60 \u2013 San Crist\u00f3bal, 70 \u2013 Altavista, 80 \u2013 San Antonio de Prado y 90 \u2013 Santa Elena. &quot;}\" data-sheets-userformat=\"{&quot;2&quot;:769,&quot;3&quot;:{&quot;1&quot;:0},&quot;11&quot;:4,&quot;12&quot;:0}\">Conoce las 51 obras de mejoramiento que estamos realizando o tenemos proyectado ejecutar en 2023 en las comunas 50 \u2013 San Sebasti\u00e1n de Palmitas, 60 \u2013 San Crist\u00f3bal, 70 \u2013 Altavista, 80 \u2013 San Antonio de Prado y 90 \u2013 Santa Elena. <\/span><\/p>\t\t\t\t\t<\/div>\n\t\t\t\t\t\t<\/div>\n\t\t\t\t<\/div>\n\t\t\t\t<section class=\"elementor-section elementor-inner-section elementor-element elementor-element-032b5e2 elementor-section-boxed elementor-section-height-default elementor-section-height-default\" data-id=\"032b5e2\" data-element_type=\"section\">\n\t\t\t\t\t\t<div class=\"elementor-container elementor-column-gap-default\">\n\t\t\t\t\t\t\t<div class=\"elementor-row\">\n\t\t\t\t\t<div class=\"elementor-column elementor-col-20 elementor-inner-column elementor-element elementor-element-9f05ff6\" data-id=\"9f05ff6\" data-element_type=\"column\">\n\t\t\t<div class=\"elementor-column-wrap elementor-element-populated\">\n\t\t\t\t\t\t\t<div class=\"elementor-widget-wrap\">\n\t\t\t\t\t\t<div class=\"elementor-element elementor-element-c23f70b elementor-widget elementor-widget-image\" data-id=\"c23f70b\" data-element_type=\"widget\" data-widget_type=\"image.default\">\n\t\t\t\t<div class=\"elementor-widget-container\">\n\t\t\t\t\t\t\t\t<div class=\"elementor-image\">\n\t\t\t\t\t\t\t\t\t\t\t\t\t<a href=\"https:\/\/www.medellin.gov.co\/es\/secretaria-de-comunicaciones\/obras-y-mejoramientos-de-escenarios-deportivos-de-medellin\/obras-y-mejoramientos-en-los-corregimientos-de-medellin\/obras-y-mejoramientos-en-san-sebastian-de-palmitas\/\">\n\t\t\t\t\t\t\t<img width=\"300\" height=\"300\" src=\"https:\/\/www.medellin.gov.co\/es\/wp-content\/uploads\/2022\/09\/mapa-ssp-300x300.png\" class=\"attachment-medium size-medium\" alt=\"Mapa San Sebasti\u00e1n de Palmitas\" loading=\"lazy\" srcset=\"https:\/\/www.medellin.gov.co\/es\/wp-content\/uploads\/2022\/09\/mapa-ssp-300x300.png 300w, https:\/\/www.medellin.gov.co\/es\/wp-content\/uploads\/2022\/09\/mapa-ssp-1024x1024.png 1024w, https:\/\/www.medellin.gov.co\/es\/wp-content\/uploads\/2022\/09\/mapa-ssp-150x150.png 150w, https:\/\/www.medellin.gov.co\/es\/wp-content\/uploads\/2022\/09\/mapa-ssp-768x768.png 768w, https:\/\/www.medellin.gov.co\/es\/wp-content\/uploads\/2022\/09\/mapa-ssp.png 1080w\" sizes=\"(max-width: 300px) 100vw, 300px\" \/>\t\t\t\t\t\t\t\t<\/a>\n\t\t\t\t\t\t\t\t\t\t\t\t\t\t<\/div>\n\t\t\t\t\t\t<\/div>\n\t\t\t\t<\/div>\n\t\t\t\t<div class=\"elementor-element elementor-element-3b7c121 elementor-widget elementor-widget-heading\" data-id=\"3b7c121\" data-element_type=\"widget\" data-widget_type=\"heading.default\">\n\t\t\t\t<div class=\"elementor-widget-container\">\n\t\t\t<h3 class=\"elementor-heading-title elementor-size-default\"><a href=\"https:\/\/www.medellin.gov.co\/es\/secretaria-de-comunicaciones\/obras-y-mejoramientos-de-escenarios-deportivos-de-medellin\/obras-y-mejoramientos-en-los-corregimientos-de-medellin\/obras-y-mejoramientos-en-san-sebastian-de-palmitas\/\">Conoce todas las mejoras de escenarios deportivos San Sebasti\u00e1n de Palmitas<\/a><\/h3>\t\t<\/div>\n\t\t\t\t<\/div>\n\t\t\t\t\t\t<\/div>\n\t\t\t\t\t<\/div>\n\t\t<\/div>\n\t\t\t\t<div class=\"elementor-column elementor-col-20 elementor-inner-column elementor-element elementor-element-1db18ff\" data-id=\"1db18ff\" data-element_type=\"column\">\n\t\t\t<div class=\"elementor-column-wrap elementor-element-populated\">\n\t\t\t\t\t\t\t<div class=\"elementor-widget-wrap\">\n\t\t\t\t\t\t<div class=\"elementor-element elementor-element-70933cc elementor-widget elementor-widget-image\" data-id=\"70933cc\" data-element_type=\"widget\" data-widget_type=\"image.default\">\n\t\t\t\t<div class=\"elementor-widget-container\">\n\t\t\t\t\t\t\t\t<div class=\"elementor-image\">\n\t\t\t\t\t\t\t\t\t\t\t\t\t<a href=\"https:\/\/www.medellin.gov.co\/es\/secretaria-de-comunicaciones\/obras-y-mejoramientos-de-escenarios-deportivos-de-medellin\/obras-y-mejoramientos-en-los-corregimientos-de-medellin\/obras-y-mejoramientos-en-san-cristobal\/\">\n\t\t\t\t\t\t\t<img width=\"300\" height=\"300\" src=\"https:\/\/www.medellin.gov.co\/es\/wp-content\/uploads\/2022\/09\/mapa-sc-300x300.png\" class=\"attachment-medium size-medium\" alt=\"Mapa San Cristobal\" loading=\"lazy\" srcset=\"https:\/\/www.medellin.gov.co\/es\/wp-content\/uploads\/2022\/09\/mapa-sc-300x300.png 300w, https:\/\/www.medellin.gov.co\/es\/wp-content\/uploads\/2022\/09\/mapa-sc-1024x1024.png 1024w, https:\/\/www.medellin.gov.co\/es\/wp-content\/uploads\/2022\/09\/mapa-sc-150x150.png 150w, https:\/\/www.medellin.gov.co\/es\/wp-content\/uploads\/2022\/09\/mapa-sc-768x768.png 768w, https:\/\/www.medellin.gov.co\/es\/wp-content\/uploads\/2022\/09\/mapa-sc.png 1080w\" sizes=\"(max-width: 300px) 100vw, 300px\" \/>\t\t\t\t\t\t\t\t<\/a>\n\t\t\t\t\t\t\t\t\t\t\t\t\t\t<\/div>\n\t\t\t\t\t\t<\/div>\n\t\t\t\t<\/div>\n\t\t\t\t<div class=\"elementor-element elementor-element-fef240b elementor-widget elementor-widget-heading\" data-id=\"fef240b\" data-element_type=\"widget\" data-widget_type=\"heading.default\">\n\t\t\t\t<div class=\"elementor-widget-container\">\n\t\t\t<h3 class=\"elementor-heading-title elementor-size-default\"><a href=\"https:\/\/www.medellin.gov.co\/es\/secretaria-de-comunicaciones\/obras-y-mejoramientos-de-escenarios-deportivos-de-medellin\/obras-y-mejoramientos-en-los-corregimientos-de-medellin\/obras-y-mejoramientos-en-san-cristobal\/\">Conoce todas las mejoras de escenarios deportivos San Crist\u00f3bal<\/a><\/h3>\t\t<\/div>\n\t\t\t\t<\/div>\n\t\t\t\t\t\t<\/div>\n\t\t\t\t\t<\/div>\n\t\t<\/div>\n\t\t\t\t<div class=\"elementor-column elementor-col-20 elementor-inner-column elementor-element elementor-element-6051f00\" data-id=\"6051f00\" data-element_type=\"column\">\n\t\t\t<div class=\"elementor-column-wrap elementor-element-populated\">\n\t\t\t\t\t\t\t<div class=\"elementor-widget-wrap\">\n\t\t\t\t\t\t<div class=\"elementor-element elementor-element-2f2780f elementor-widget elementor-widget-image\" data-id=\"2f2780f\" data-element_type=\"widget\" data-widget_type=\"image.default\">\n\t\t\t\t<div class=\"elementor-widget-container\">\n\t\t\t\t\t\t\t\t<div class=\"elementor-image\">\n\t\t\t\t\t\t\t\t\t\t\t\t\t<a href=\"https:\/\/www.medellin.gov.co\/es\/secretaria-de-comunicaciones\/obras-y-mejoramientos-de-escenarios-deportivos-de-medellin\/obras-y-mejoramientos-en-los-corregimientos-de-medellin\/obras-y-mejoramientos-en-altavista\/\">\n\t\t\t\t\t\t\t<img width=\"300\" height=\"300\" src=\"https:\/\/www.medellin.gov.co\/es\/wp-content\/uploads\/2022\/09\/mapa-alt-300x300.png\" class=\"attachment-medium size-medium\" alt=\"Mapa Altavista\" loading=\"lazy\" srcset=\"https:\/\/www.medellin.gov.co\/es\/wp-content\/uploads\/2022\/09\/mapa-alt-300x300.png 300w, https:\/\/www.medellin.gov.co\/es\/wp-content\/uploads\/2022\/09\/mapa-alt-1024x1024.png 1024w, https:\/\/www.medellin.gov.co\/es\/wp-content\/uploads\/2022\/09\/mapa-alt-150x150.png 150w, https:\/\/www.medellin.gov.co\/es\/wp-content\/uploads\/2022\/09\/mapa-alt-768x768.png 768w, https:\/\/www.medellin.gov.co\/es\/wp-content\/uploads\/2022\/09\/mapa-alt.png 1080w\" sizes=\"(max-width: 300px) 100vw, 300px\" \/>\t\t\t\t\t\t\t\t<\/a>\n\t\t\t\t\t\t\t\t\t\t\t\t\t\t<\/div>\n\t\t\t\t\t\t<\/div>\n\t\t\t\t<\/div>\n\t\t\t\t<div class=\"elementor-element elementor-element-31da4d6 elementor-widget elementor-widget-heading\" data-id=\"31da4d6\" data-element_type=\"widget\" data-widget_type=\"heading.default\">\n\t\t\t\t<div class=\"elementor-widget-container\">\n\t\t\t<h3 class=\"elementor-heading-title elementor-size-default\"><a href=\"https:\/\/www.medellin.gov.co\/es\/secretaria-de-comunicaciones\/obras-y-mejoramientos-de-escenarios-deportivos-de-medellin\/obras-y-mejoramientos-en-los-corregimientos-de-medellin\/obras-y-mejoramientos-en-altavista\/\">Conoce todas las mejoras de escenarios deportivos Altavista<\/a><\/h3>\t\t<\/div>\n\t\t\t\t<\/div>\n\t\t\t\t\t\t<\/div>\n\t\t\t\t\t<\/div>\n\t\t<\/div>\n\t\t\t\t<div class=\"elementor-column elementor-col-20 elementor-inner-column elementor-element elementor-element-9adf065\" data-id=\"9adf065\" data-element_type=\"column\">\n\t\t\t<div class=\"elementor-column-wrap elementor-element-populated\">\n\t\t\t\t\t\t\t<div class=\"elementor-widget-wrap\">\n\t\t\t\t\t\t<div class=\"elementor-element elementor-element-729fdaa elementor-widget elementor-widget-image\" data-id=\"729fdaa\" data-element_type=\"widget\" data-widget_type=\"image.default\">\n\t\t\t\t<div class=\"elementor-widget-container\">\n\t\t\t\t\t\t\t\t<div class=\"elementor-image\">\n\t\t\t\t\t\t\t\t\t\t\t\t\t<a href=\"https:\/\/www.medellin.gov.co\/es\/secretaria-de-comunicaciones\/obras-y-mejoramientos-de-escenarios-deportivos-de-medellin\/obras-y-mejoramientos-en-los-corregimientos-de-medellin\/obras-y-mejoramientos-en-san-antonio-de-prado\/\">\n\t\t\t\t\t\t\t<img width=\"300\" height=\"300\" src=\"https:\/\/www.medellin.gov.co\/es\/wp-content\/uploads\/2022\/09\/mapa-sap-300x300.png\" class=\"attachment-medium size-medium\" alt=\"Mapa San Antonio de Prado\" loading=\"lazy\" srcset=\"https:\/\/www.medellin.gov.co\/es\/wp-content\/uploads\/2022\/09\/mapa-sap-300x300.png 300w, https:\/\/www.medellin.gov.co\/es\/wp-content\/uploads\/2022\/09\/mapa-sap-1024x1024.png 1024w, https:\/\/www.medellin.gov.co\/es\/wp-content\/uploads\/2022\/09\/mapa-sap-150x150.png 150w, https:\/\/www.medellin.gov.co\/es\/wp-content\/uploads\/2022\/09\/mapa-sap-768x768.png 768w, https:\/\/www.medellin.gov.co\/es\/wp-content\/uploads\/2022\/09\/mapa-sap.png 1080w\" sizes=\"(max-width: 300px) 100vw, 300px\" \/>\t\t\t\t\t\t\t\t<\/a>\n\t\t\t\t\t\t\t\t\t\t\t\t\t\t<\/div>\n\t\t\t\t\t\t<\/div>\n\t\t\t\t<\/div>\n\t\t\t\t<div class=\"elementor-element elementor-element-18d05b5 elementor-widget elementor-widget-heading\" data-id=\"18d05b5\" data-element_type=\"widget\" data-widget_type=\"heading.default\">\n\t\t\t\t<div class=\"elementor-widget-container\">\n\t\t\t<h3 class=\"elementor-heading-title elementor-size-default\"><a href=\"https:\/\/www.medellin.gov.co\/es\/secretaria-de-comunicaciones\/obras-y-mejoramientos-de-escenarios-deportivos-de-medellin\/obras-y-mejoramientos-en-los-corregimientos-de-medellin\/obras-y-mejoramientos-en-san-antonio-de-prado\/\">Conoce todas las mejoras de escenarios deportivos San Antonio de Prado<\/a><\/h3>\t\t<\/div>\n\t\t\t\t<\/div>\n\t\t\t\t\t\t<\/div>\n\t\t\t\t\t<\/div>\n\t\t<\/div>\n\t\t\t\t<div class=\"elementor-column elementor-col-20 elementor-inner-column elementor-element elementor-element-cf9ad19\" data-id=\"cf9ad19\" data-element_type=\"column\">\n\t\t\t<div class=\"elementor-column-wrap elementor-element-populated\">\n\t\t\t\t\t\t\t<div class=\"elementor-widget-wrap\">\n\t\t\t\t\t\t<div class=\"elementor-element elementor-element-a220155 elementor-widget elementor-widget-image\" data-id=\"a220155\" data-element_type=\"widget\" data-widget_type=\"image.default\">\n\t\t\t\t<div class=\"elementor-widget-container\">\n\t\t\t\t\t\t\t\t<div class=\"elementor-image\">\n\t\t\t\t\t\t\t\t\t\t\t\t\t<a href=\"https:\/\/www.medellin.gov.co\/es\/secretaria-de-comunicaciones\/obras-y-mejoramientos-de-escenarios-deportivos-de-medellin\/obras-y-mejoramientos-en-los-corregimientos-de-medellin\/obras-y-mejoramientos-en-santa-elena\/\">\n\t\t\t\t\t\t\t<img width=\"300\" height=\"300\" src=\"https:\/\/www.medellin.gov.co\/es\/wp-content\/uploads\/2022\/09\/mapa-se-300x300.png\" class=\"attachment-medium size-medium\" alt=\"Mapa Santa Elena\" loading=\"lazy\" srcset=\"https:\/\/www.medellin.gov.co\/es\/wp-content\/uploads\/2022\/09\/mapa-se-300x300.png 300w, https:\/\/www.medellin.gov.co\/es\/wp-content\/uploads\/2022\/09\/mapa-se-1024x1024.png 1024w, https:\/\/www.medellin.gov.co\/es\/wp-content\/uploads\/2022\/09\/mapa-se-150x150.png 150w, https:\/\/www.medellin.gov.co\/es\/wp-content\/uploads\/2022\/09\/mapa-se-768x768.png 768w, https:\/\/www.medellin.gov.co\/es\/wp-content\/uploads\/2022\/09\/mapa-se.png 1080w\" sizes=\"(max-width: 300px) 100vw, 300px\" \/>\t\t\t\t\t\t\t\t<\/a>\n\t\t\t\t\t\t\t\t\t\t\t\t\t\t<\/div>\n\t\t\t\t\t\t<\/div>\n\t\t\t\t<\/div>\n\t\t\t\t<div class=\"elementor-element elementor-element-e507c85 elementor-widget elementor-widget-heading\" data-id=\"e507c85\" data-element_type=\"widget\" data-widget_type=\"heading.default\">\n\t\t\t\t<div class=\"elementor-widget-container\">\n\t\t\t<h3 class=\"elementor-heading-title elementor-size-default\"><a href=\"https:\/\/www.medellin.gov.co\/es\/secretaria-de-comunicaciones\/obras-y-mejoramientos-de-escenarios-deportivos-de-medellin\/obras-y-mejoramientos-en-los-corregimientos-de-medellin\/obras-y-mejoramientos-en-santa-elena\/\">Conoce todas las mejoras de escenarios deportivos Santa Elena<\/a><\/h3>\t\t<\/div>\n\t\t\t\t<\/div>\n\t\t\t\t\t\t<\/div>\n\t\t\t\t\t<\/div>\n\t\t<\/div>\n\t\t\t\t\t\t\t\t<\/div>\n\t\t\t\t\t<\/div>\n\t\t<\/section>\n\t\t\t\t<div class=\"elementor-element elementor-element-2a36225 elementor-widget elementor-widget-text-editor\" data-id=\"2a36225\" data-element_type=\"widget\" data-widget_type=\"text-editor.default\">\n\t\t\t\t<div class=\"elementor-widget-container\">\n\t\t\t\t\t\t\t\t<div class=\"elementor-text-editor elementor-clearfix\">\n\t\t\t\t<p style=\"text-align: center;\"><a href=\"https:\/\/www.medellin.gov.co\/es\/secretaria-de-comunicaciones\/obras-y-mejoramientos-de-escenarios-deportivos-de-medellin\/obras-y-mejoramientos-en-los-corregimientos-de-medellin\/\"><strong>Conoce todas las obras de los corregimientos<\/strong><\/a><\/p>\t\t\t\t\t<\/div>\n\t\t\t\t\t\t<\/div>\n\t\t\t\t<\/div>\n\t\t\t\t\t\t<\/div>\n\t\t\t\t\t<\/div>\n\t\t<\/div>\n\t\t\t\t\t\t\t\t<\/div>\n\t\t\t\t\t<\/div>\n\t\t<\/section>\n\t\t\t\t\t\t\t\t\t<\/div>\n\t\t\t<\/div>\n\t\t\t\t\t<\/div>\n\t\t","protected":false},"excerpt":{"rendered":"<p>Conoce todas las obras y mejoramiento de los escenarios deportivos de Medell\u00edn, sus comunas y corregimientos En Medell\u00edn estamos mejor que nunca y en este 2023 seguiremos ejecutando y mejorando los espacios de 281 escenarios &#8230;<\/p>\n","protected":false},"author":31,"featured_media":0,"parent":20158,"menu_order":0,"comment_status":"closed","ping_status":"closed","template":"sec-comunicaciones\/elementor.php","meta":[],"acf":[],"_links":{"self":[{"href":"https:\/\/www.medellin.gov.co\/es\/wp-json\/wp\/v2\/pages\/153909"}],"collection":[{"href":"https:\/\/www.medellin.gov.co\/es\/wp-json\/wp\/v2\/pages"}],"about":[{"href":"https:\/\/www.medellin.gov.co\/es\/wp-json\/wp\/v2\/types\/page"}],"author":[{"embeddable":true,"href":"https:\/\/www.medellin.gov.co\/es\/wp-json\/wp\/v2\/users\/31"}],"replies":[{"embeddable":true,"href":"https:\/\/www.medellin.gov.co\/es\/wp-json\/wp\/v2\/comments?post=153909"}],"version-history":[{"count":10,"href":"https:\/\/www.medellin.gov.co\/es\/wp-json\/wp\/v2\/pages\/153909\/revisions"}],"predecessor-version":[{"id":197785,"href":"https:\/\/www.medellin.gov.co\/es\/wp-json\/wp\/v2\/pages\/153909\/revisions\/197785"}],"up":[{"embeddable":true,"href":"https:\/\/www.medellin.gov.co\/es\/wp-json\/wp\/v2\/pages\/20158"}],"wp:attachment":[{"href":"https:\/\/www.medellin.gov.co\/es\/wp-json\/wp\/v2\/media?parent=153909"}],"curies":[{"name":"wp","href":"https:\/\/api.w.org\/{rel}","templated":true}]}}