{"id":154192,"date":"2023-02-06T11:46:07","date_gmt":"2023-02-06T16:46:07","guid":{"rendered":"https:\/\/www.medellin.gov.co\/es\/?page_id=154192"},"modified":"2023-08-14T06:44:16","modified_gmt":"2023-08-14T11:44:16","slug":"obras-y-mejoramientos-en-la-comuna-2-santa-cruz","status":"publish","type":"page","link":"https:\/\/www.medellin.gov.co\/es\/secretaria-de-comunicaciones\/obras-y-mejoramientos-de-escenarios-deportivos-de-medellin\/obras-y-mejoramientos-en-la-zona-1-de-medellin\/obras-y-mejoramientos-en-la-comuna-2-santa-cruz\/","title":{"rendered":"Obras y mejoramientos en la Comuna 2 &#8211; Santa Cruz"},"content":{"rendered":"\t\t<div data-elementor-type=\"wp-page\" data-elementor-id=\"154192\" class=\"elementor elementor-154192\">\n\t\t\t\t\t\t<div class=\"elementor-inner\">\n\t\t\t\t<div class=\"elementor-section-wrap\">\n\t\t\t\t\t\t\t\t\t<section class=\"elementor-section elementor-top-section elementor-element elementor-element-8eddae7 elementor-section-boxed elementor-section-height-default elementor-section-height-default\" data-id=\"8eddae7\" data-element_type=\"section\">\n\t\t\t\t\t\t<div class=\"elementor-container elementor-column-gap-default\">\n\t\t\t\t\t\t\t<div class=\"elementor-row\">\n\t\t\t\t\t<div class=\"elementor-column elementor-col-100 elementor-top-column elementor-element elementor-element-1e38cc0\" data-id=\"1e38cc0\" data-element_type=\"column\">\n\t\t\t<div class=\"elementor-column-wrap elementor-element-populated\">\n\t\t\t\t\t\t\t<div class=\"elementor-widget-wrap\">\n\t\t\t\t\t\t<div class=\"elementor-element elementor-element-f99a22d elementor-widget elementor-widget-heading\" data-id=\"f99a22d\" data-element_type=\"widget\" data-widget_type=\"heading.default\">\n\t\t\t\t<div class=\"elementor-widget-container\">\n\t\t\t<h1 class=\"elementor-heading-title elementor-size-default\">Conoce todas las obras y mejoramientos de los escenarios deportivos de la Comuna 2 - Santa Cruz<\/h1>\t\t<\/div>\n\t\t\t\t<\/div>\n\t\t\t\t<section class=\"elementor-section elementor-inner-section elementor-element elementor-element-e3c4c80 elementor-section-boxed elementor-section-height-default elementor-section-height-default\" data-id=\"e3c4c80\" data-element_type=\"section\">\n\t\t\t\t\t\t<div class=\"elementor-container elementor-column-gap-default\">\n\t\t\t\t\t\t\t<div class=\"elementor-row\">\n\t\t\t\t\t<div class=\"elementor-column elementor-col-50 elementor-inner-column elementor-element elementor-element-3ad8104\" data-id=\"3ad8104\" data-element_type=\"column\">\n\t\t\t<div class=\"elementor-column-wrap elementor-element-populated\">\n\t\t\t\t\t\t\t<div class=\"elementor-widget-wrap\">\n\t\t\t\t\t\t<div class=\"elementor-element elementor-element-c77ee63 elementor-widget elementor-widget-text-editor\" data-id=\"c77ee63\" data-element_type=\"widget\" data-widget_type=\"text-editor.default\">\n\t\t\t\t<div class=\"elementor-widget-container\">\n\t\t\t\t\t\t\t\t<div class=\"elementor-text-editor elementor-clearfix\">\n\t\t\t\t<p>En 2023, la comuna 2 \u2013 Santa Cruz ser\u00e1 beneficiada con 9 obras que embellecer\u00e1n y mejorar\u00e1n sus escenarios deportivos, para que las comunidades disfruten del tiempo libre y practiquen actividad f\u00edsica.<\/p>\t\t\t\t\t<\/div>\n\t\t\t\t\t\t<\/div>\n\t\t\t\t<\/div>\n\t\t\t\t\t\t<\/div>\n\t\t\t\t\t<\/div>\n\t\t<\/div>\n\t\t\t\t<div class=\"elementor-column elementor-col-50 elementor-inner-column elementor-element elementor-element-873e16f\" data-id=\"873e16f\" data-element_type=\"column\">\n\t\t\t<div class=\"elementor-column-wrap elementor-element-populated\">\n\t\t\t\t\t\t\t<div class=\"elementor-widget-wrap\">\n\t\t\t\t\t\t<div class=\"elementor-element elementor-element-0eb0ec9 elementor-widget elementor-widget-image\" data-id=\"0eb0ec9\" data-element_type=\"widget\" data-widget_type=\"image.default\">\n\t\t\t\t<div class=\"elementor-widget-container\">\n\t\t\t\t\t\t\t\t<div class=\"elementor-image\">\n\t\t\t\t\t\t\t\t\t\t\t\t<img width=\"800\" height=\"533\" src=\"https:\/\/www.medellin.gov.co\/es\/wp-content\/uploads\/2022\/09\/Inder-5.jpg\" class=\"attachment-large size-large\" alt=\"Inder\" loading=\"lazy\" srcset=\"https:\/\/www.medellin.gov.co\/es\/wp-content\/uploads\/2022\/09\/Inder-5.jpg 800w, https:\/\/www.medellin.gov.co\/es\/wp-content\/uploads\/2022\/09\/Inder-5-300x200.jpg 300w, https:\/\/www.medellin.gov.co\/es\/wp-content\/uploads\/2022\/09\/Inder-5-150x100.jpg 150w, https:\/\/www.medellin.gov.co\/es\/wp-content\/uploads\/2022\/09\/Inder-5-768x512.jpg 768w\" sizes=\"(max-width: 800px) 100vw, 800px\" \/>\t\t\t\t\t\t\t\t\t\t\t\t\t\t<\/div>\n\t\t\t\t\t\t<\/div>\n\t\t\t\t<\/div>\n\t\t\t\t\t\t<\/div>\n\t\t\t\t\t<\/div>\n\t\t<\/div>\n\t\t\t\t\t\t\t\t<\/div>\n\t\t\t\t\t<\/div>\n\t\t<\/section>\n\t\t\t\t<div class=\"elementor-element elementor-element-8dec6a0 elementor-widget elementor-widget-heading\" data-id=\"8dec6a0\" data-element_type=\"widget\" data-widget_type=\"heading.default\">\n\t\t\t\t<div class=\"elementor-widget-container\">\n\t\t\t<h2 class=\"elementor-heading-title elementor-size-default\"><b>Escenarios<\/b> deportivos a intervenir en la Comuna 2 - Santa Cruz<\/h2>\t\t<\/div>\n\t\t\t\t<\/div>\n\t\t\t\t<div class=\"elementor-element elementor-element-d0cc24a elementor-widget elementor-widget-text-editor\" data-id=\"d0cc24a\" data-element_type=\"widget\" data-widget_type=\"text-editor.default\">\n\t\t\t\t<div class=\"elementor-widget-container\">\n\t\t\t\t\t\t\t\t<div class=\"elementor-text-editor elementor-clearfix\">\n\t\t\t\t<p>Para conocer el detalle de cada una de las intervenciones de los escenarios, da clic sobre el nombre. Medell\u00edn est\u00e1 mejor que nunca.<\/p>\t\t\t\t\t<\/div>\n\t\t\t\t\t\t<\/div>\n\t\t\t\t<\/div>\n\t\t\t\t<div class=\"elementor-element elementor-element-e3b0117 elementor-widget elementor-widget-text-editor\" data-id=\"e3b0117\" data-element_type=\"widget\" data-widget_type=\"text-editor.default\">\n\t\t\t\t<div class=\"elementor-widget-container\">\n\t\t\t\t\t\t\t\t<div class=\"elementor-text-editor elementor-clearfix\">\n\t\t\t\t<ul><li><a href=\"https:\/\/www.medellin.gov.co\/es\/secretaria-de-comunicaciones\/obras-y-mejoramientos-de-escenarios-deportivos-de-medellin\/obras-y-mejoramientos-en-la-zona-1-de-medellin\/obras-y-mejoramientos-en-la-comuna-2-santa-cruz\/la-germania\/\">Unidad deportiva La Germania<\/a><\/li><li><a href=\"https:\/\/www.medellin.gov.co\/es\/secretaria-de-comunicaciones\/obras-y-mejoramientos-de-escenarios-deportivos-de-medellin\/obras-y-mejoramientos-en-la-zona-1-de-medellin\/obras-y-mejoramientos-en-la-comuna-2-santa-cruz\/la-isla\/\">Unidad deportiva La Isla<\/a><\/li><li><a href=\"https:\/\/www.medellin.gov.co\/es\/secretaria-de-comunicaciones\/obras-y-mejoramientos-de-escenarios-deportivos-de-medellin\/obras-y-mejoramientos-en-la-zona-1-de-medellin\/obras-y-mejoramientos-en-la-comuna-2-santa-cruz\/canada-negra\/\">Unidad deportiva Ca\u00f1ada Negra<\/a><\/li><li><a href=\"https:\/\/www.medellin.gov.co\/es\/secretaria-de-comunicaciones\/obras-y-mejoramientos-de-escenarios-deportivos-de-medellin\/obras-y-mejoramientos-en-la-zona-1-de-medellin\/obras-y-mejoramientos-en-la-comuna-2-santa-cruz\/el-trompo\/\">Unidad deportiva El Trompo<\/a><\/li><li><a href=\"https:\/\/www.medellin.gov.co\/es\/secretaria-de-comunicaciones\/obras-y-mejoramientos-de-escenarios-deportivos-de-medellin\/obras-y-mejoramientos-en-la-zona-1-de-medellin\/obras-y-mejoramientos-en-la-comuna-2-santa-cruz\/villa-niza-el-botadero\/\">Unidad deportiva Villa Niza El Botadero<\/a><\/li><li><a href=\"https:\/\/www.medellin.gov.co\/es\/secretaria-de-comunicaciones\/obras-y-mejoramientos-de-escenarios-deportivos-de-medellin\/obras-y-mejoramientos-en-la-zona-1-de-medellin\/obras-y-mejoramientos-en-la-comuna-2-santa-cruz\/villa-del-socorro\/\">Unidad deportiva Villa del Socorro<\/a><\/li><\/ul>\t\t\t\t\t<\/div>\n\t\t\t\t\t\t<\/div>\n\t\t\t\t<\/div>\n\t\t\t\t\t\t<\/div>\n\t\t\t\t\t<\/div>\n\t\t<\/div>\n\t\t\t\t\t\t\t\t<\/div>\n\t\t\t\t\t<\/div>\n\t\t<\/section>\n\t\t\t\t<section class=\"elementor-section elementor-top-section elementor-element elementor-element-2ca46c5 elementor-section-boxed elementor-section-height-default elementor-section-height-default\" data-id=\"2ca46c5\" data-element_type=\"section\">\n\t\t\t\t\t\t<div class=\"elementor-container elementor-column-gap-default\">\n\t\t\t\t\t\t\t<div class=\"elementor-row\">\n\t\t\t\t\t<div class=\"elementor-column elementor-col-100 elementor-top-column elementor-element elementor-element-c8fc985\" data-id=\"c8fc985\" data-element_type=\"column\">\n\t\t\t<div class=\"elementor-column-wrap elementor-element-populated\">\n\t\t\t\t\t\t\t<div class=\"elementor-widget-wrap\">\n\t\t\t\t\t\t<div class=\"elementor-element elementor-element-872fe81 elementor-widget elementor-widget-heading\" data-id=\"872fe81\" data-element_type=\"widget\" data-widget_type=\"heading.default\">\n\t\t\t\t<div class=\"elementor-widget-container\">\n\t\t\t<h2 class=\"elementor-heading-title elementor-size-default\"><b>Noticias y comunicados<\/b>  de los escenarios deportivos a intervenir en la Comuna 2 - Santa Cruz<\/h2>\t\t<\/div>\n\t\t\t\t<\/div>\n\t\t\t\t<div class=\"elementor-element elementor-element-4ffbe56 elementor-grid-1 elementor-grid-tablet-2 elementor-grid-mobile-1 elementor-widget elementor-widget-pp-faq\" data-id=\"4ffbe56\" data-element_type=\"widget\" data-settings=\"{&quot;faq_layout&quot;:&quot;grid&quot;,&quot;columns&quot;:&quot;1&quot;,&quot;columns_tablet&quot;:&quot;2&quot;,&quot;columns_mobile&quot;:&quot;1&quot;}\" data-widget_type=\"pp-faq.default\">\n\t\t\t\t<div class=\"elementor-widget-container\">\n\t\t\t\t\t<div class=\"pp-faqs pp-faq-grid elementor-grid clearfix\">\n\t\t\t\t\t\t<div class=\"pp-faq-item-wrap elementor-grid-item pp-grid-item-wrap\">\n\t\t\t\t<div class=\"pp-faq-item pp-grid-item\">\n\t\t\t\t\t<div id=\"pp-accordion-tab-title-8381\" class=\"pp-faq-question\" tabindex=\"8381\" data-tab=\"1\">\n\t\t\t\t\t\t<div class=\"pp-accordion-title-icon\">\n\t\t\t\t\t\t\t\t\t\t\t\t\t\t\t\t\t\t\t\t\t<div class=\"pp-accordion-title-text\">\n\t\t\t\t\t\t\t\tEl baloncesto volver\u00e1 a ser protagonista en Santa Cruz\t\t\t\t\t\t\t<\/div>\n\t\t\t\t\t\t<\/div>\n\t\t\t\t\t\t\t\t\t\t\t<\/div>\n\n\t\t\t\t\t<div id=\"pp-accordion-tab-content-8381\" class=\"pp-faq-answer\" data-tab=\"1\">\n\t\t\t\t\t\t<p><span style=\"font-weight: 400;\">Ese es el caso del baloncesto y de la cancha La Germania, ubicada en la comuna 2 Santa Cruz, al nororiente de Medell\u00edn. En La Germania se desarrollan m\u00faltiples torneos de este deporte, y en promedio, cada mes, unas 700 personas hacen uso de esta cancha que en 2015 recibi\u00f3 mantenimiento, pero que el tiempo volvi\u00f3 a deteriorar.<\/span><\/p>\n<p><a href=\"https:\/\/www.medellin.gov.co\/es\/sala-de-prensa\/noticias\/el-baloncesto-volvera-a-ser-protagonista-en-santa-cruz\/\" target=\"_blank\" rel=\"noopener\">Contin\u00faa la lectura<\/a><\/p>\n\t\t\t\t\t<\/div>\n\t\t\t\t<\/div>\n\t\t\t<\/div>\n\t\t\t\t\t<\/div>\n\t\t\t\t<\/div>\n\t\t\t\t<\/div>\n\t\t\t\t\t\t<\/div>\n\t\t\t\t\t<\/div>\n\t\t<\/div>\n\t\t\t\t\t\t\t\t<\/div>\n\t\t\t\t\t<\/div>\n\t\t<\/section>\n\t\t\t\t\t\t\t\t\t<\/div>\n\t\t\t<\/div>\n\t\t\t\t\t<\/div>\n\t\t","protected":false},"excerpt":{"rendered":"<p>Conoce todas las obras y mejoramientos de los escenarios deportivos de la Comuna 2 &#8211; Santa Cruz En 2023, la comuna 2 \u2013 Santa Cruz ser\u00e1 beneficiada con 9 obras que embellecer\u00e1n y mejorar\u00e1n sus &#8230;<\/p>\n","protected":false},"author":31,"featured_media":0,"parent":154019,"menu_order":0,"comment_status":"closed","ping_status":"closed","template":"sec-comunicaciones\/elementor.php","meta":[],"acf":[],"_links":{"self":[{"href":"https:\/\/www.medellin.gov.co\/es\/wp-json\/wp\/v2\/pages\/154192"}],"collection":[{"href":"https:\/\/www.medellin.gov.co\/es\/wp-json\/wp\/v2\/pages"}],"about":[{"href":"https:\/\/www.medellin.gov.co\/es\/wp-json\/wp\/v2\/types\/page"}],"author":[{"embeddable":true,"href":"https:\/\/www.medellin.gov.co\/es\/wp-json\/wp\/v2\/users\/31"}],"replies":[{"embeddable":true,"href":"https:\/\/www.medellin.gov.co\/es\/wp-json\/wp\/v2\/comments?post=154192"}],"version-history":[{"count":10,"href":"https:\/\/www.medellin.gov.co\/es\/wp-json\/wp\/v2\/pages\/154192\/revisions"}],"predecessor-version":[{"id":231724,"href":"https:\/\/www.medellin.gov.co\/es\/wp-json\/wp\/v2\/pages\/154192\/revisions\/231724"}],"up":[{"embeddable":true,"href":"https:\/\/www.medellin.gov.co\/es\/wp-json\/wp\/v2\/pages\/154019"}],"wp:attachment":[{"href":"https:\/\/www.medellin.gov.co\/es\/wp-json\/wp\/v2\/media?parent=154192"}],"curies":[{"name":"wp","href":"https:\/\/api.w.org\/{rel}","templated":true}]}}