{"id":154610,"date":"2023-02-07T08:42:29","date_gmt":"2023-02-07T13:42:29","guid":{"rendered":"https:\/\/www.medellin.gov.co\/es\/?page_id=154610"},"modified":"2025-10-29T09:15:57","modified_gmt":"2025-10-29T14:15:57","slug":"politica-publica-de-libertad-integral-de-libertad-de-creencias-religiosas-y-de-cultos","status":"publish","type":"page","link":"https:\/\/www.medellin.gov.co\/es\/secretaria-participacion-ciudadana\/politica-publica-de-libertad-integral-de-libertad-de-creencias-religiosas-y-de-cultos\/","title":{"rendered":"Pol\u00edtica p\u00fablica de libertad integral de libertad de creencias religiosas y de cultos"},"content":{"rendered":"\t\t<div data-elementor-type=\"wp-page\" data-elementor-id=\"154610\" class=\"elementor elementor-154610\">\n\t\t\t\t\t\t<div class=\"elementor-inner\">\n\t\t\t\t<div class=\"elementor-section-wrap\">\n\t\t\t\t\t\t\t\t\t<section class=\"elementor-section elementor-top-section elementor-element elementor-element-c6d7caa elementor-section-boxed elementor-section-height-default elementor-section-height-default\" data-id=\"c6d7caa\" data-element_type=\"section\">\n\t\t\t\t\t\t<div class=\"elementor-container elementor-column-gap-default\">\n\t\t\t\t\t\t\t<div class=\"elementor-row\">\n\t\t\t\t\t<div class=\"elementor-column elementor-col-100 elementor-top-column elementor-element elementor-element-2389615\" data-id=\"2389615\" data-element_type=\"column\">\n\t\t\t<div class=\"elementor-column-wrap elementor-element-populated\">\n\t\t\t\t\t\t\t<div class=\"elementor-widget-wrap\">\n\t\t\t\t\t\t<div class=\"elementor-element elementor-element-02edf50 elementor-widget elementor-widget-spacer\" data-id=\"02edf50\" data-element_type=\"widget\" data-widget_type=\"spacer.default\">\n\t\t\t\t<div class=\"elementor-widget-container\">\n\t\t\t\t\t<div class=\"elementor-spacer\">\n\t\t\t<div class=\"elementor-spacer-inner\"><\/div>\n\t\t<\/div>\n\t\t\t\t<\/div>\n\t\t\t\t<\/div>\n\t\t\t\t<div class=\"elementor-element elementor-element-306387a elementor-widget elementor-widget-heading\" data-id=\"306387a\" data-element_type=\"widget\" data-widget_type=\"heading.default\">\n\t\t\t\t<div class=\"elementor-widget-container\">\n\t\t\t<h1 class=\"elementor-heading-title elementor-size-default\">Pol\u00edtica P\u00fablica integral de libertad de creencias y de cultos \u2013 Distrito de Medell\u00edn<\/h1>\t\t<\/div>\n\t\t\t\t<\/div>\n\t\t\t\t<section class=\"elementor-section elementor-inner-section elementor-element elementor-element-f24f244 elementor-section-boxed elementor-section-height-default elementor-section-height-default\" data-id=\"f24f244\" data-element_type=\"section\">\n\t\t\t\t\t\t<div class=\"elementor-container elementor-column-gap-default\">\n\t\t\t\t\t\t\t<div class=\"elementor-row\">\n\t\t\t\t\t<div class=\"elementor-column elementor-col-50 elementor-inner-column elementor-element elementor-element-38fcd68\" data-id=\"38fcd68\" data-element_type=\"column\">\n\t\t\t<div class=\"elementor-column-wrap elementor-element-populated\">\n\t\t\t\t\t\t\t<div class=\"elementor-widget-wrap\">\n\t\t\t\t\t\t<div class=\"elementor-element elementor-element-9a1e266 elementor-widget elementor-widget-text-editor\" data-id=\"9a1e266\" data-element_type=\"widget\" data-widget_type=\"text-editor.default\">\n\t\t\t\t<div class=\"elementor-widget-container\">\n\t\t\t\t\t\t\t\t<div class=\"elementor-text-editor elementor-clearfix\">\n\t\t\t\t<p><span style=\"font-weight: 400;\">La Pol\u00edtica P\u00fablica Integral de Libertad de Creencias y de Cultos de Medell\u00edn fortalece las garant\u00edas para practicar, manifestar y organizar la vida comunitaria en torno a la fe, reconoce el aporte social de las organizaciones basadas en la fe y promueve la convivencia y el respeto en el territorio. Fue adoptada por el Concejo de Medell\u00edn mediante el Acuerdo 052 de 2022.<\/span><\/p>\t\t\t\t\t<\/div>\n\t\t\t\t\t\t<\/div>\n\t\t\t\t<\/div>\n\t\t\t\t<div class=\"elementor-element elementor-element-fac0438 elementor-widget elementor-widget-text-editor\" data-id=\"fac0438\" data-element_type=\"widget\" data-widget_type=\"text-editor.default\">\n\t\t\t\t<div class=\"elementor-widget-container\">\n\t\t\t\t\t\t\t\t<div class=\"elementor-text-editor elementor-clearfix\">\n\t\t\t\t<p><b>Objetivo general<\/b><\/p><p><span style=\"font-weight: 400;\">Garantizar el ejercicio pleno de la libertad de creencias y de cultos en Medell\u00edn, articulando a las comunidades y organizaciones de fe con la oferta institucional para el bienestar de la ciudadan\u00eda y el fortalecimiento del tejido social.<\/span><\/p>\t\t\t\t\t<\/div>\n\t\t\t\t\t\t<\/div>\n\t\t\t\t<\/div>\n\t\t\t\t\t\t<\/div>\n\t\t\t\t\t<\/div>\n\t\t<\/div>\n\t\t\t\t<div class=\"elementor-column elementor-col-50 elementor-inner-column elementor-element elementor-element-5d2464d\" data-id=\"5d2464d\" data-element_type=\"column\">\n\t\t\t<div class=\"elementor-column-wrap elementor-element-populated\">\n\t\t\t\t\t\t\t<div class=\"elementor-widget-wrap\">\n\t\t\t\t\t\t<div class=\"elementor-element elementor-element-f2246b7 elementor-widget elementor-widget-image\" data-id=\"f2246b7\" data-element_type=\"widget\" data-widget_type=\"image.default\">\n\t\t\t\t<div class=\"elementor-widget-container\">\n\t\t\t\t\t\t\t\t<div class=\"elementor-image\">\n\t\t\t\t\t\t\t\t\t\t\t\t<img width=\"1024\" height=\"682\" src=\"https:\/\/www.medellin.gov.co\/es\/wp-content\/uploads\/2022\/11\/Fiesta-de-la-Diversidad-3-1024x682.jpg\" class=\"attachment-large size-large\" alt=\"Festiafro y la Fiesta de la Diversidad, dos actividades que celebran la diferencia \u00e9tnica este fin de semana en Medell\u00edn\" loading=\"lazy\" srcset=\"https:\/\/www.medellin.gov.co\/es\/wp-content\/uploads\/2022\/11\/Fiesta-de-la-Diversidad-3-1024x682.jpg 1024w, https:\/\/www.medellin.gov.co\/es\/wp-content\/uploads\/2022\/11\/Fiesta-de-la-Diversidad-3-300x200.jpg 300w, https:\/\/www.medellin.gov.co\/es\/wp-content\/uploads\/2022\/11\/Fiesta-de-la-Diversidad-3-150x100.jpg 150w, https:\/\/www.medellin.gov.co\/es\/wp-content\/uploads\/2022\/11\/Fiesta-de-la-Diversidad-3-768x512.jpg 768w, https:\/\/www.medellin.gov.co\/es\/wp-content\/uploads\/2022\/11\/Fiesta-de-la-Diversidad-3.jpg 1280w\" sizes=\"(max-width: 1024px) 100vw, 1024px\" \/>\t\t\t\t\t\t\t\t\t\t\t\t\t\t<\/div>\n\t\t\t\t\t\t<\/div>\n\t\t\t\t<\/div>\n\t\t\t\t\t\t<\/div>\n\t\t\t\t\t<\/div>\n\t\t<\/div>\n\t\t\t\t\t\t\t\t<\/div>\n\t\t\t\t\t<\/div>\n\t\t<\/section>\n\t\t\t\t\t\t<\/div>\n\t\t\t\t\t<\/div>\n\t\t<\/div>\n\t\t\t\t\t\t\t\t<\/div>\n\t\t\t\t\t<\/div>\n\t\t<\/section>\n\t\t<div class=\"elementor-element elementor-element-8783479 e-container--column e-container\" data-id=\"8783479\" data-element_type=\"container\">\t\t\t\t<div class=\"elementor-element elementor-element-e487061 elementor-widget elementor-widget-text-editor\" data-id=\"e487061\" data-element_type=\"widget\" data-widget_type=\"text-editor.default\">\n\t\t\t\t<div class=\"elementor-widget-container\">\n\t\t\t\t\t\t\t\t<div class=\"elementor-text-editor elementor-clearfix\">\n\t\t\t\t<p><strong>Ejes de la pol\u00edtica:<\/strong><\/p><p><b>1. Garant\u00edas y enfoque de derechos<\/b><span style=\"font-weight: 400;\"><br \/><\/span><span style=\"font-weight: 400;\">Acciones para proteger el ejercicio de la libertad de creencias y de cultos, prevenir la discriminaci\u00f3n religiosa y promover pr\u00e1cticas de respeto en espacios p\u00fablicos e institucionales.<\/span><\/p><p><b>2. Di\u00e1logo, convivencia y paz<\/b><span style=\"font-weight: 400;\"><br \/><\/span><span style=\"font-weight: 400;\">Escenarios de encuentro interreligioso e interconfesional que favorecen la comprensi\u00f3n mutua, la reconciliaci\u00f3n y la construcci\u00f3n de acuerdos para la vida comunitaria.<\/span><\/p>\t\t\t\t\t<\/div>\n\t\t\t\t\t\t<\/div>\n\t\t\t\t<\/div>\n\t\t<\/div><div class=\"elementor-element elementor-element-cfb7d4f e-container--row e-container\" data-id=\"cfb7d4f\" data-element_type=\"container\">\t\t<div class=\"elementor-element elementor-element-d6163bd e-container--column e-container\" data-id=\"d6163bd\" data-element_type=\"container\">\t\t\t\t<div class=\"elementor-element elementor-element-cae5d20 elementor-widget elementor-widget-image\" data-id=\"cae5d20\" data-element_type=\"widget\" data-widget_type=\"image.default\">\n\t\t\t\t<div class=\"elementor-widget-container\">\n\t\t\t\t\t\t\t\t<div class=\"elementor-image\">\n\t\t\t\t\t\t\t\t\t\t\t\t<img width=\"1024\" height=\"587\" src=\"https:\/\/www.medellin.gov.co\/es\/wp-content\/uploads\/2023\/11\/Libertad_Cultos2-1024x587.jpg\" class=\"attachment-large size-large\" alt=\"Libertad de cultos y creencias religiosas\" loading=\"lazy\" srcset=\"https:\/\/www.medellin.gov.co\/es\/wp-content\/uploads\/2023\/11\/Libertad_Cultos2-1024x587.jpg 1024w, https:\/\/www.medellin.gov.co\/es\/wp-content\/uploads\/2023\/11\/Libertad_Cultos2-300x172.jpg 300w, https:\/\/www.medellin.gov.co\/es\/wp-content\/uploads\/2023\/11\/Libertad_Cultos2-150x86.jpg 150w, https:\/\/www.medellin.gov.co\/es\/wp-content\/uploads\/2023\/11\/Libertad_Cultos2-768x440.jpg 768w, https:\/\/www.medellin.gov.co\/es\/wp-content\/uploads\/2023\/11\/Libertad_Cultos2.jpg 1280w\" sizes=\"(max-width: 1024px) 100vw, 1024px\" \/>\t\t\t\t\t\t\t\t\t\t\t\t\t\t<\/div>\n\t\t\t\t\t\t<\/div>\n\t\t\t\t<\/div>\n\t\t<\/div><div class=\"elementor-element elementor-element-fbf572b e-container--column e-container\" data-id=\"fbf572b\" data-element_type=\"container\">\t\t\t\t<div class=\"elementor-element elementor-element-413f0a3 elementor-widget elementor-widget-text-editor\" data-id=\"413f0a3\" data-element_type=\"widget\" data-widget_type=\"text-editor.default\">\n\t\t\t\t<div class=\"elementor-widget-container\">\n\t\t\t\t\t\t\t\t<div class=\"elementor-text-editor elementor-clearfix\">\n\t\t\t\t<p><b>3. Participaci\u00f3n y articulaci\u00f3n territorial<\/b><span style=\"font-weight: 400;\"><br \/><\/span><span style=\"font-weight: 400;\">Mecanismos para la participaci\u00f3n efectiva de comunidades y organizaciones de fe en instancias de concertaci\u00f3n, y su conexi\u00f3n con programas y proyectos del Distrito.<\/span><\/p><p><b>4. Fortalecimiento organizacional<\/b><span style=\"font-weight: 400;\"><br \/><\/span><span style=\"font-weight: 400;\">Acompa\u00f1amiento a organizaciones basadas en la fe para robustecer su gesti\u00f3n, gobierno interno, transparencia y capacidad de incidencia social, cultural y comunitaria.<\/span><\/p><p><b>5. Gesti\u00f3n del conocimiento y comunicaci\u00f3n<\/b><span style=\"font-weight: 400;\"><br \/><\/span><span style=\"font-weight: 400;\">Lineamientos, gu\u00edas y buenas pr\u00e1cticas para servidores p\u00fablicos y comunidades de fe; difusi\u00f3n de informaci\u00f3n clara y oportuna sobre rutas, oferta y resultados.<\/span><\/p>\t\t\t\t\t<\/div>\n\t\t\t\t\t\t<\/div>\n\t\t\t\t<\/div>\n\t\t<\/div><\/div><div class=\"elementor-element elementor-element-11a0c78 e-container--column e-container\" data-id=\"11a0c78\" data-element_type=\"container\">\t\t\t\t<div class=\"elementor-element elementor-element-233e985 elementor-widget elementor-widget-heading\" data-id=\"233e985\" data-element_type=\"widget\" data-widget_type=\"heading.default\">\n\t\t\t\t<div class=\"elementor-widget-container\">\n\t\t\t<h2 class=\"elementor-heading-title elementor-size-default\">Instancias de coordinaci\u00f3n y participaci\u00f3n ciudadana \n<\/h2>\t\t<\/div>\n\t\t\t\t<\/div>\n\t\t<\/div><div class=\"elementor-element elementor-element-fb95f2c e-container--column e-container\" data-id=\"fb95f2c\" data-element_type=\"container\">\t\t\t\t<div class=\"elementor-element elementor-element-5535edb elementor-widget elementor-widget-spacer\" data-id=\"5535edb\" data-element_type=\"widget\" data-widget_type=\"spacer.default\">\n\t\t\t\t<div class=\"elementor-widget-container\">\n\t\t\t\t\t<div class=\"elementor-spacer\">\n\t\t\t<div class=\"elementor-spacer-inner\"><\/div>\n\t\t<\/div>\n\t\t\t\t<\/div>\n\t\t\t\t<\/div>\n\t\t<\/div><div class=\"elementor-element elementor-element-5d5a894 e-container--column e-container\" data-id=\"5d5a894\" data-element_type=\"container\">\t\t\t\t<div class=\"elementor-element elementor-element-7f2a311 elementor-widget elementor-widget-text-editor\" data-id=\"7f2a311\" data-element_type=\"widget\" data-widget_type=\"text-editor.default\">\n\t\t\t\t<div class=\"elementor-widget-container\">\n\t\t\t\t\t\t\t\t<div class=\"elementor-text-editor elementor-clearfix\">\n\t\t\t\t<p>Comit\u00e9 T\u00e9cnico Sectorial de Libertad de Creencias y de Cultos (CTSLCC): espacio de coordinaci\u00f3n interinstitucional y participaci\u00f3n de comunidades y organizaciones de fe para orientar la implementaci\u00f3n, hacer seguimiento a avances y proponer acciones de mejora.<\/p>\t\t\t\t\t<\/div>\n\t\t\t\t\t\t<\/div>\n\t\t\t\t<\/div>\n\t\t<\/div><div class=\"elementor-element elementor-element-97bc48a e-container--row e-container\" data-id=\"97bc48a\" data-element_type=\"container\">\t\t<div class=\"elementor-element elementor-element-6284190 e-container--column e-container\" data-id=\"6284190\" data-element_type=\"container\">\t\t\t\t<div class=\"elementor-element elementor-element-a33b16c elementor-widget elementor-widget-image\" data-id=\"a33b16c\" data-element_type=\"widget\" data-widget_type=\"image.default\">\n\t\t\t\t<div class=\"elementor-widget-container\">\n\t\t\t\t\t\t\t\t<div class=\"elementor-image\">\n\t\t\t\t\t\t\t\t\t\t\t\t<img width=\"1024\" height=\"576\" src=\"https:\/\/www.medellin.gov.co\/es\/wp-content\/uploads\/2023\/11\/Libertad_Cultos3-1024x576.jpg\" class=\"attachment-large size-large\" alt=\"Libertad de cultos y creencias religiosas\" loading=\"lazy\" srcset=\"https:\/\/www.medellin.gov.co\/es\/wp-content\/uploads\/2023\/11\/Libertad_Cultos3-1024x576.jpg 1024w, https:\/\/www.medellin.gov.co\/es\/wp-content\/uploads\/2023\/11\/Libertad_Cultos3-300x169.jpg 300w, https:\/\/www.medellin.gov.co\/es\/wp-content\/uploads\/2023\/11\/Libertad_Cultos3-150x84.jpg 150w, https:\/\/www.medellin.gov.co\/es\/wp-content\/uploads\/2023\/11\/Libertad_Cultos3-768x432.jpg 768w, https:\/\/www.medellin.gov.co\/es\/wp-content\/uploads\/2023\/11\/Libertad_Cultos3.jpg 1280w\" sizes=\"(max-width: 1024px) 100vw, 1024px\" \/>\t\t\t\t\t\t\t\t\t\t\t\t\t\t<\/div>\n\t\t\t\t\t\t<\/div>\n\t\t\t\t<\/div>\n\t\t<\/div><div class=\"elementor-element elementor-element-bd5803b e-container--column e-container\" data-id=\"bd5803b\" data-element_type=\"container\">\t\t\t\t<div class=\"elementor-element elementor-element-7d4e1a5 elementor-widget elementor-widget-image\" data-id=\"7d4e1a5\" data-element_type=\"widget\" data-widget_type=\"image.default\">\n\t\t\t\t<div class=\"elementor-widget-container\">\n\t\t\t\t\t\t\t\t<div class=\"elementor-image\">\n\t\t\t\t\t\t\t\t\t\t\t\t<img width=\"1024\" height=\"694\" src=\"https:\/\/www.medellin.gov.co\/es\/wp-content\/uploads\/2023\/11\/Libertad_Cultos4b-1024x694.jpg\" class=\"attachment-large size-large\" alt=\"\" loading=\"lazy\" srcset=\"https:\/\/www.medellin.gov.co\/es\/wp-content\/uploads\/2023\/11\/Libertad_Cultos4b-1024x694.jpg 1024w, https:\/\/www.medellin.gov.co\/es\/wp-content\/uploads\/2023\/11\/Libertad_Cultos4b-300x203.jpg 300w, https:\/\/www.medellin.gov.co\/es\/wp-content\/uploads\/2023\/11\/Libertad_Cultos4b-150x102.jpg 150w, https:\/\/www.medellin.gov.co\/es\/wp-content\/uploads\/2023\/11\/Libertad_Cultos4b-768x521.jpg 768w, https:\/\/www.medellin.gov.co\/es\/wp-content\/uploads\/2023\/11\/Libertad_Cultos4b.jpg 1280w\" sizes=\"(max-width: 1024px) 100vw, 1024px\" \/>\t\t\t\t\t\t\t\t\t\t\t\t\t\t<\/div>\n\t\t\t\t\t\t<\/div>\n\t\t\t\t<\/div>\n\t\t<\/div><\/div><div class=\"elementor-element elementor-element-ec9e336 e-container--column e-container\" data-id=\"ec9e336\" data-element_type=\"container\">\t\t\t\t<div class=\"elementor-element elementor-element-0885300 elementor-widget elementor-widget-spacer\" data-id=\"0885300\" data-element_type=\"widget\" data-widget_type=\"spacer.default\">\n\t\t\t\t<div class=\"elementor-widget-container\">\n\t\t\t\t\t<div class=\"elementor-spacer\">\n\t\t\t<div class=\"elementor-spacer-inner\"><\/div>\n\t\t<\/div>\n\t\t\t\t<\/div>\n\t\t\t\t<\/div>\n\t\t<\/div><div class=\"elementor-element elementor-element-8daa52a e-container--column e-container\" data-id=\"8daa52a\" data-element_type=\"container\">\t\t\t\t<div class=\"elementor-element elementor-element-58eb4bb elementor-widget elementor-widget-heading\" data-id=\"58eb4bb\" data-element_type=\"widget\" data-widget_type=\"heading.default\">\n\t\t\t\t<div class=\"elementor-widget-container\">\n\t\t\t<h2 class=\"elementor-heading-title elementor-size-default\">Resultados recientes (2025)\n<\/h2>\t\t<\/div>\n\t\t\t\t<\/div>\n\t\t<\/div><div class=\"elementor-element elementor-element-cb6dd86 e-container--column e-container\" data-id=\"cb6dd86\" data-element_type=\"container\">\t\t\t\t<div class=\"elementor-element elementor-element-f9b9251 elementor-widget elementor-widget-heading\" data-id=\"f9b9251\" data-element_type=\"widget\" data-widget_type=\"heading.default\">\n\t\t\t\t<div class=\"elementor-widget-container\">\n\t\t\t<h2 class=\"elementor-heading-title elementor-size-default\">\n<\/h2>\t\t<\/div>\n\t\t\t\t<\/div>\n\t\t<\/div><div class=\"elementor-element elementor-element-0ebc0d6 e-container--column e-container\" data-id=\"0ebc0d6\" data-element_type=\"container\">\t\t\t\t<div class=\"elementor-element elementor-element-5501575 elementor-widget elementor-widget-text-editor\" data-id=\"5501575\" data-element_type=\"widget\" data-widget_type=\"text-editor.default\">\n\t\t\t\t<div class=\"elementor-widget-container\">\n\t\t\t\t\t\t\t\t<div class=\"elementor-text-editor elementor-clearfix\">\n\t\t\t\t<p><span style=\"font-weight: 400;\">\u2022 Realizaci\u00f3n de sesiones del CTSLCC con participaci\u00f3n de comunidades y organizaciones de fe.<br \/><\/span><span style=\"font-weight: 400;\">\u2022 Articulaciones sectoriales para integrar acciones de la pol\u00edtica en programas de educaci\u00f3n, cultura, paz y desarrollo social.<br \/>\u2022 <\/span><span style=\"font-weight: 400;\">Jornadas de fortalecimiento dirigidas a organizaciones basadas en la fe, enfocadas en gesti\u00f3n, comunicaci\u00f3n y participaci\u00f3n.<\/span><\/p>\t\t\t\t\t<\/div>\n\t\t\t\t\t\t<\/div>\n\t\t\t\t<\/div>\n\t\t<\/div>\t\t\t\t\t\t\t<\/div>\n\t\t\t<\/div>\n\t\t\t\t\t<\/div>\n\t\t","protected":false},"excerpt":{"rendered":"<p>Pol\u00edtica P\u00fablica integral de libertad de creencias y de cultos \u2013 Distrito de Medell\u00edn La Pol\u00edtica P\u00fablica Integral de Libertad de Creencias y de Cultos de Medell\u00edn fortalece las garant\u00edas para practicar, manifestar y organizar &#8230;<\/p>\n","protected":false},"author":31,"featured_media":60697,"parent":10328,"menu_order":0,"comment_status":"closed","ping_status":"closed","template":"","meta":[],"acf":[],"_links":{"self":[{"href":"https:\/\/www.medellin.gov.co\/es\/wp-json\/wp\/v2\/pages\/154610"}],"collection":[{"href":"https:\/\/www.medellin.gov.co\/es\/wp-json\/wp\/v2\/pages"}],"about":[{"href":"https:\/\/www.medellin.gov.co\/es\/wp-json\/wp\/v2\/types\/page"}],"author":[{"embeddable":true,"href":"https:\/\/www.medellin.gov.co\/es\/wp-json\/wp\/v2\/users\/31"}],"replies":[{"embeddable":true,"href":"https:\/\/www.medellin.gov.co\/es\/wp-json\/wp\/v2\/comments?post=154610"}],"version-history":[{"count":10,"href":"https:\/\/www.medellin.gov.co\/es\/wp-json\/wp\/v2\/pages\/154610\/revisions"}],"predecessor-version":[{"id":468396,"href":"https:\/\/www.medellin.gov.co\/es\/wp-json\/wp\/v2\/pages\/154610\/revisions\/468396"}],"up":[{"embeddable":true,"href":"https:\/\/www.medellin.gov.co\/es\/wp-json\/wp\/v2\/pages\/10328"}],"wp:featuredmedia":[{"embeddable":true,"href":"https:\/\/www.medellin.gov.co\/es\/wp-json\/wp\/v2\/media\/60697"}],"wp:attachment":[{"href":"https:\/\/www.medellin.gov.co\/es\/wp-json\/wp\/v2\/media?parent=154610"}],"curies":[{"name":"wp","href":"https:\/\/api.w.org\/{rel}","templated":true}]}}