{"id":170329,"date":"2023-03-21T12:32:29","date_gmt":"2023-03-21T17:32:29","guid":{"rendered":"https:\/\/www.medellin.gov.co\/es\/?page_id=170329"},"modified":"2023-09-05T18:43:07","modified_gmt":"2023-09-05T23:43:07","slug":"casa-de-gobierno-de-altavista","status":"publish","type":"page","link":"https:\/\/www.medellin.gov.co\/es\/secretaria-de-gestion-humana\/sedes-de-atencion-a-la-ciudadania-alcaldia-de-medellin\/casa-de-gobierno-de-altavista\/","title":{"rendered":"Casa de gobierno de Altavista"},"content":{"rendered":"\t\t<div data-elementor-type=\"wp-page\" data-elementor-id=\"170329\" class=\"elementor elementor-170329\">\n\t\t\t\t\t\t<div class=\"elementor-inner\">\n\t\t\t\t<div class=\"elementor-section-wrap\">\n\t\t\t\t\t\t\t\t\t<section class=\"elementor-section elementor-top-section elementor-element elementor-element-2cc8541 elementor-section-boxed elementor-section-height-default elementor-section-height-default\" data-id=\"2cc8541\" data-element_type=\"section\">\n\t\t\t\t\t\t<div class=\"elementor-container elementor-column-gap-default\">\n\t\t\t\t\t\t\t<div class=\"elementor-row\">\n\t\t\t\t\t<div class=\"elementor-column elementor-col-100 elementor-top-column elementor-element elementor-element-182a915\" data-id=\"182a915\" data-element_type=\"column\">\n\t\t\t<div class=\"elementor-column-wrap elementor-element-populated\">\n\t\t\t\t\t\t\t<div class=\"elementor-widget-wrap\">\n\t\t\t\t\t\t<div class=\"elementor-element elementor-element-2967093 elementor-widget elementor-widget-heading\" data-id=\"2967093\" data-element_type=\"widget\" data-widget_type=\"heading.default\">\n\t\t\t\t<div class=\"elementor-widget-container\">\n\t\t\t<h1 class=\"elementor-heading-title elementor-size-default\">Casa de gobierno de Altavista<\/h1>\t\t<\/div>\n\t\t\t\t<\/div>\n\t\t\t\t<section class=\"elementor-section elementor-inner-section elementor-element elementor-element-695b342 elementor-section-boxed elementor-section-height-default elementor-section-height-default\" data-id=\"695b342\" data-element_type=\"section\">\n\t\t\t\t\t\t<div class=\"elementor-container elementor-column-gap-default\">\n\t\t\t\t\t\t\t<div class=\"elementor-row\">\n\t\t\t\t\t<div class=\"elementor-column elementor-col-50 elementor-inner-column elementor-element elementor-element-d02d67f\" data-id=\"d02d67f\" data-element_type=\"column\">\n\t\t\t<div class=\"elementor-column-wrap elementor-element-populated\">\n\t\t\t\t\t\t\t<div class=\"elementor-widget-wrap\">\n\t\t\t\t\t\t<div class=\"elementor-element elementor-element-f938139 elementor-widget elementor-widget-text-editor\" data-id=\"f938139\" data-element_type=\"widget\" data-widget_type=\"text-editor.default\">\n\t\t\t\t<div class=\"elementor-widget-container\">\n\t\t\t\t\t\t\t\t<div class=\"elementor-text-editor elementor-clearfix\">\n\t\t\t\t<p>En la casa de gobierno, los habitantes del Corregimiento de Altavista podr\u00e1n realizar tr\u00e1mites de :<br \/><br \/><\/p><ul><li><p>Radicaci\u00f3n de PQRSD<\/p><\/li><li><p>Informaci\u00f3n de tr\u00e1mites catastrales<\/p><\/li><li><p>Tr\u00e1mites de Hacienda<\/p><\/li><li><p>M\u00ednimo Vital de Agua Potable<\/p><\/li><li><p>SISB\u00c9N<\/p><\/li><\/ul>\t\t\t\t\t<\/div>\n\t\t\t\t\t\t<\/div>\n\t\t\t\t<\/div>\n\t\t\t\t\t\t<\/div>\n\t\t\t\t\t<\/div>\n\t\t<\/div>\n\t\t\t\t<div class=\"elementor-column elementor-col-50 elementor-inner-column elementor-element elementor-element-b5d9383\" data-id=\"b5d9383\" data-element_type=\"column\">\n\t\t\t<div class=\"elementor-column-wrap elementor-element-populated\">\n\t\t\t\t\t\t\t<div class=\"elementor-widget-wrap\">\n\t\t\t\t\t\t<div class=\"elementor-element elementor-element-8579e44 elementor-widget elementor-widget-image\" data-id=\"8579e44\" data-element_type=\"widget\" data-widget_type=\"image.default\">\n\t\t\t\t<div class=\"elementor-widget-container\">\n\t\t\t\t\t\t\t\t<div class=\"elementor-image\">\n\t\t\t\t\t\t\t\t\t\t\t\t<img width=\"1024\" height=\"576\" src=\"https:\/\/www.medellin.gov.co\/es\/wp-content\/uploads\/2021\/09\/casa-de-gobierno-altavista.jpg\" class=\"attachment-large size-large\" alt=\"Casa de Gobierno Altavista\" loading=\"lazy\" srcset=\"https:\/\/www.medellin.gov.co\/es\/wp-content\/uploads\/2021\/09\/casa-de-gobierno-altavista.jpg 1024w, https:\/\/www.medellin.gov.co\/es\/wp-content\/uploads\/2021\/09\/casa-de-gobierno-altavista-300x169.jpg 300w, https:\/\/www.medellin.gov.co\/es\/wp-content\/uploads\/2021\/09\/casa-de-gobierno-altavista-150x84.jpg 150w, https:\/\/www.medellin.gov.co\/es\/wp-content\/uploads\/2021\/09\/casa-de-gobierno-altavista-768x432.jpg 768w\" sizes=\"(max-width: 1024px) 100vw, 1024px\" \/>\t\t\t\t\t\t\t\t\t\t\t\t\t\t<\/div>\n\t\t\t\t\t\t<\/div>\n\t\t\t\t<\/div>\n\t\t\t\t\t\t<\/div>\n\t\t\t\t\t<\/div>\n\t\t<\/div>\n\t\t\t\t\t\t\t\t<\/div>\n\t\t\t\t\t<\/div>\n\t\t<\/section>\n\t\t\t\t<div class=\"elementor-element elementor-element-78d61ac elementor-widget elementor-widget-heading\" data-id=\"78d61ac\" data-element_type=\"widget\" data-widget_type=\"heading.default\">\n\t\t\t\t<div class=\"elementor-widget-container\">\n\t\t\t<h2 class=\"elementor-heading-title elementor-size-default\"><b>Horarios y l\u00edneas<\/b> de atenci\u00f3n de la casa de gobierno de Altavista<\/h2>\t\t<\/div>\n\t\t\t\t<\/div>\n\t\t\t\t<div class=\"elementor-element elementor-element-8177ee3 elementor-widget elementor-widget-text-editor\" data-id=\"8177ee3\" data-element_type=\"widget\" data-widget_type=\"text-editor.default\">\n\t\t\t\t<div class=\"elementor-widget-container\">\n\t\t\t\t\t\t\t\t<div class=\"elementor-text-editor elementor-clearfix\">\n\t\t\t\t<ul><li>Tel\u00e9fono: L\u00ednea \u00danica de Atenci\u00f3n a la Ciudadan\u00eda (604) 44 44 144.<\/li><li>L\u00ednea Gratuita Nacional: 01 8000 411 144.<\/li><li>Horario: Martes y Jueves de 7:00 a.m. a 12:30 m. y 1:00 p.m. a 4:30 p.m. &#8211; Viernes 7:00 a.m. a 12:30 m. y 1:00 p.m. a 3:30 p.m.<\/li><\/ul>\t\t\t\t\t<\/div>\n\t\t\t\t\t\t<\/div>\n\t\t\t\t<\/div>\n\t\t\t\t<div class=\"elementor-element elementor-element-440e3f3 elementor-widget elementor-widget-heading\" data-id=\"440e3f3\" data-element_type=\"widget\" data-widget_type=\"heading.default\">\n\t\t\t\t<div class=\"elementor-widget-container\">\n\t\t\t<h2 class=\"elementor-heading-title elementor-size-default\"><b>Ubicaci\u00f3n de la<\/b> casa de gobierno de Altavista<\/h2>\t\t<\/div>\n\t\t\t\t<\/div>\n\t\t\t\t<section class=\"elementor-section elementor-inner-section elementor-element elementor-element-33f3956 elementor-section-boxed elementor-section-height-default elementor-section-height-default\" data-id=\"33f3956\" data-element_type=\"section\">\n\t\t\t\t\t\t<div class=\"elementor-container elementor-column-gap-default\">\n\t\t\t\t\t\t\t<div class=\"elementor-row\">\n\t\t\t\t\t<div class=\"elementor-column elementor-col-50 elementor-inner-column elementor-element elementor-element-f088e01\" data-id=\"f088e01\" data-element_type=\"column\">\n\t\t\t<div class=\"elementor-column-wrap elementor-element-populated\">\n\t\t\t\t\t\t\t<div class=\"elementor-widget-wrap\">\n\t\t\t\t\t\t<div class=\"elementor-element elementor-element-873a704 elementor-widget elementor-widget-text-editor\" data-id=\"873a704\" data-element_type=\"widget\" data-widget_type=\"text-editor.default\">\n\t\t\t\t<div class=\"elementor-widget-container\">\n\t\t\t\t\t\t\t\t<div class=\"elementor-text-editor elementor-clearfix\">\n\t\t\t\t<p>La casa de gobierno de Altavista est\u00e1 ubicada en la Calle 18 N\u00b0 105 \u2013 69.<\/p>\n<p>Algunos puntos de referencia de la casa de gobierno son:<br><br><\/p>\n<ul>\n<li>Metrosalud de Altavista<\/li>\n<li>Parroquia Jes\u00fas Nazareno Altavista.<\/li>\n<li>I.E. D\u00e9bora Arango, sede principal<\/li>\n<li>Biblioteca P\u00fablica Altavista<\/li>\n<\/ul>\t\t\t\t\t<\/div>\n\t\t\t\t\t\t<\/div>\n\t\t\t\t<\/div>\n\t\t\t\t\t\t<\/div>\n\t\t\t\t\t<\/div>\n\t\t<\/div>\n\t\t\t\t<div class=\"elementor-column elementor-col-50 elementor-inner-column elementor-element elementor-element-06f5e0a\" data-id=\"06f5e0a\" data-element_type=\"column\">\n\t\t\t<div class=\"elementor-column-wrap elementor-element-populated\">\n\t\t\t\t\t\t\t<div class=\"elementor-widget-wrap\">\n\t\t\t\t\t\t<div class=\"elementor-element elementor-element-46d8215 elementor-widget elementor-widget-text-editor\" data-id=\"46d8215\" data-element_type=\"widget\" data-widget_type=\"text-editor.default\">\n\t\t\t\t<div class=\"elementor-widget-container\">\n\t\t\t\t\t\t\t\t<div class=\"elementor-text-editor elementor-clearfix\">\n\t\t\t\t<div class=\"iframe-container\"><iframe style=\"border: 0;\" src=\"https:\/\/www.google.com\/maps\/embed?pb=!1m18!1m12!1m3!1d3966.3117113574435!2d-75.63044108544504!3d6.22256609549557!2m3!1f0!2f0!3f0!3m2!1i1024!2i768!4f13.1!3m3!1m2!1s0x8e442a1bbc23e7a9%3A0xb3071f2aede9fe4e!2sCasa%20de%20Gobierno%20Altavista!5e0!3m2!1ses-419!2sco!4v1679420395609!5m2!1ses-419!2sco\" width=\"100%\" height=\"400\" allowfullscreen=\"allowfullscreen\"><\/iframe><\/div>\t\t\t\t\t<\/div>\n\t\t\t\t\t\t<\/div>\n\t\t\t\t<\/div>\n\t\t\t\t\t\t<\/div>\n\t\t\t\t\t<\/div>\n\t\t<\/div>\n\t\t\t\t\t\t\t\t<\/div>\n\t\t\t\t\t<\/div>\n\t\t<\/section>\n\t\t\t\t\t\t<\/div>\n\t\t\t\t\t<\/div>\n\t\t<\/div>\n\t\t\t\t\t\t\t\t<\/div>\n\t\t\t\t\t<\/div>\n\t\t<\/section>\n\t\t\t\t\t\t\t\t\t<\/div>\n\t\t\t<\/div>\n\t\t\t\t\t<\/div>\n\t\t","protected":false},"excerpt":{"rendered":"<p>Casa de gobierno de Altavista En la casa de gobierno, los habitantes del Corregimiento de Altavista podr\u00e1n realizar tr\u00e1mites de : Radicaci\u00f3n de PQRSD Informaci\u00f3n de tr\u00e1mites catastrales Tr\u00e1mites de Hacienda M\u00ednimo Vital de Agua &#8230;<\/p>\n","protected":false},"author":31,"featured_media":0,"parent":170245,"menu_order":0,"comment_status":"closed","ping_status":"closed","template":"sec-gestion-humana\/elementor.php","meta":[],"acf":[],"_links":{"self":[{"href":"https:\/\/www.medellin.gov.co\/es\/wp-json\/wp\/v2\/pages\/170329"}],"collection":[{"href":"https:\/\/www.medellin.gov.co\/es\/wp-json\/wp\/v2\/pages"}],"about":[{"href":"https:\/\/www.medellin.gov.co\/es\/wp-json\/wp\/v2\/types\/page"}],"author":[{"embeddable":true,"href":"https:\/\/www.medellin.gov.co\/es\/wp-json\/wp\/v2\/users\/31"}],"replies":[{"embeddable":true,"href":"https:\/\/www.medellin.gov.co\/es\/wp-json\/wp\/v2\/comments?post=170329"}],"version-history":[{"count":10,"href":"https:\/\/www.medellin.gov.co\/es\/wp-json\/wp\/v2\/pages\/170329\/revisions"}],"predecessor-version":[{"id":245724,"href":"https:\/\/www.medellin.gov.co\/es\/wp-json\/wp\/v2\/pages\/170329\/revisions\/245724"}],"up":[{"embeddable":true,"href":"https:\/\/www.medellin.gov.co\/es\/wp-json\/wp\/v2\/pages\/170245"}],"wp:attachment":[{"href":"https:\/\/www.medellin.gov.co\/es\/wp-json\/wp\/v2\/media?parent=170329"}],"curies":[{"name":"wp","href":"https:\/\/api.w.org\/{rel}","templated":true}]}}