{"id":17118,"date":"2021-09-23T17:05:28","date_gmt":"2021-09-23T22:05:28","guid":{"rendered":"https:\/\/www.medellin.gov.co\/es\/?page_id=17118"},"modified":"2026-04-14T12:43:02","modified_gmt":"2026-04-14T17:43:02","slug":"secretaria-de-salud","status":"publish","type":"page","link":"https:\/\/www.medellin.gov.co\/es\/secretaria-de-salud\/","title":{"rendered":"Secretar\u00eda de Salud"},"content":{"rendered":"\t\t<div data-elementor-type=\"wp-page\" data-elementor-id=\"17118\" class=\"elementor elementor-17118\">\n\t\t\t\t\t\t<div class=\"elementor-inner\">\n\t\t\t\t<div class=\"elementor-section-wrap\">\n\t\t\t\t\t\t\t\t\t<section class=\"elementor-section elementor-top-section elementor-element elementor-element-54a398d4 elementor-section-boxed elementor-section-height-default elementor-section-height-default\" data-id=\"54a398d4\" data-element_type=\"section\">\n\t\t\t\t\t\t<div class=\"elementor-container elementor-column-gap-default\">\n\t\t\t\t\t\t\t<div class=\"elementor-row\">\n\t\t\t\t\t<div class=\"elementor-column elementor-col-100 elementor-top-column elementor-element elementor-element-5aec8636\" data-id=\"5aec8636\" data-element_type=\"column\">\n\t\t\t<div class=\"elementor-column-wrap elementor-element-populated\">\n\t\t\t\t\t\t\t<div class=\"elementor-widget-wrap\">\n\t\t\t\t\t\t<div class=\"elementor-element elementor-element-8670ffc elementor-grid-1 elementor-grid-tablet-2 elementor-grid-mobile-1 elementor-widget elementor-widget-pp-posts\" data-id=\"8670ffc\" data-element_type=\"widget\" data-widget_type=\"pp-posts.template\">\n\t\t\t\t<div class=\"elementor-widget-container\">\n\t\t\t\t\t<div class=\"pp-posts-container\">\n\t\t\t\n\t\t\t\t\t\t\t\t\t\t\n\t\t\t<div class=\"pp-posts pp-posts-skin-template pp-elementor-grid pp-posts-grid\" data-query-type=\"custom\" data-layout=\"grid\" data-page=\"17118\" data-skin=\"template\">\n\t\t\t\t\t\t\t\t\t\t\t<div class=\"pp-post-wrap pp-grid-item-wrap\">\n\t\t\t\t\t\t<div class=\"pp-post pp-grid-item\">\n\t\t\t\t<div class=\"elementor-template\"><style>.elementor-290134 .elementor-element.elementor-element-7395188f{--display:flex;--width:100%;--overlay-transition:0.3s;}.elementor-290134 .elementor-element.elementor-element-d600463{--display:flex;--width:100%;--overlay-transition:0.3s;}.elementor-290134 .elementor-element.elementor-element-7f7ccbd7{--display:flex;--width:100%;--flex-direction:row;--overlay-transition:0.3s;}.elementor-290134 .elementor-element.elementor-element-1a5fed08{--display:flex;--width:100%;--flex-direction:column;--gap:20px;--overlay-transition:0.3s;}.elementor-290134 .elementor-element.elementor-element-4b9dd72e .elementor-heading-title{color:var( --e-global-color-accent );font-family:\"Montserrat\", Sans-serif;font-weight:600;line-height:1.25em;}.elementor-290134 .elementor-element.elementor-element-37a90fbd .elementor-button{background-color:var( --e-global-color-7510ce7 );}.elementor-290134 .elementor-element.elementor-element-2444fc48{--display:flex;--width:100%;--overlay-transition:0.3s;}.elementor-290134 .elementor-element.elementor-element-424d28db img{width:100%;}.elementor-290134 .elementor-element.elementor-element-729dd7d8{--display:flex;--width:100%;--flex-direction:row;--overlay-transition:0.3s;}.elementor-290134 .elementor-element.elementor-element-37455d41{--display:flex;--width:100%;--overlay-transition:0.3s;}.elementor-290134 .elementor-element.elementor-element-3e4b53b4{text-align:center;}.elementor-290134 .elementor-element.elementor-element-3e4b53b4 img{height:350px;object-fit:contain;}.elementor-290134 .elementor-element.elementor-element-3e0353cc{--display:flex;--width:100%;--flex-direction:column;--overlay-transition:0.3s;}.elementor-290134 .elementor-element.elementor-element-5f18d613{--display:flex;--width:100%;--gap:20px;--overlay-transition:0.3s;}.elementor-290134 .elementor-element.elementor-element-1a635940 .elementor-heading-title{color:var( --e-global-color-6f123f6 );font-family:\"Montserrat\", Sans-serif;font-weight:600;line-height:1.25em;}.elementor-290134 .elementor-element.elementor-element-5aa78cad{color:#707070;font-family:\"Work Sans\", Sans-serif;font-size:16px;font-weight:300;line-height:22px;}.elementor-290134 .elementor-element.elementor-element-5aa78cad > .elementor-widget-container{margin:-20px 0px 0px 0px;}.elementor-290134 .elementor-element.elementor-element-491a5b26{color:var( --e-global-color-text );}.elementor-290134 .elementor-element.elementor-element-625ba188 .elementor-button{font-family:\"Work Sans\", Sans-serif;font-size:18px;font-weight:700;text-transform:none;fill:var( --e-global-color-accent );color:var( --e-global-color-accent );background-color:#FF880300;padding:0px 0px 0px 0px;}@media(max-width:320px){.elementor-290134 .elementor-element.elementor-element-4b9dd72e .elementor-heading-title{font-size:15px;line-height:15px;}.elementor-290134 .elementor-element.elementor-element-1a635940 .elementor-heading-title{font-size:15px;line-height:15px;}.elementor-290134 .elementor-element.elementor-element-5aa78cad{font-size:13px;line-height:16px;}}\/* Start custom CSS for container, class: .elementor-element-729dd7d8 *\/.elementor-290134 .elementor-element.elementor-element-729dd7d8.elsecre_ .texto_ {\n  padding: 40px;\n  padding-top: 20px;\n}\/* End custom CSS *\/<\/style>\t\t<div data-elementor-type=\"container\" data-elementor-id=\"290134\" class=\"elementor elementor-290134\">\n\t\t\t\t\t\t<div class=\"elementor-inner\">\n\t\t\t\t<div class=\"elementor-section-wrap\">\n\t\t\t\t\t\t\t<div data-pp-template-widget-id=\"7395188f-8611\" class=\"elementor-pp-element-7395188f-8611 elementor-element elementor-element-7395188f e-container--column e-container\" data-id=\"7395188f\" data-element_type=\"container\">\t\t<div data-pp-template-widget-id=\"d600463-8611\" class=\"elementor-pp-element-d600463-8611 elementor-element elementor-element-d600463 e-container--column e-container\" data-id=\"d600463\" data-element_type=\"container\">\t\t\t\t<div data-pp-template-widget-id=\"2886f293-8611\" class=\"elementor-pp-element-2886f293-8611 elementor-element elementor-element-2886f293 elementor-widget elementor-widget-container-tabs\" data-id=\"2886f293\" data-element_type=\"widget\" data-widget_type=\"container-tabs.default\">\n\t\t\t\t<div class=\"elementor-widget-container\">\n\t\t\t        <div class=\"container-tabs\">\n            <div class=\"d-inline-block\">\n                <ul class=\"nav nav-tabs\" role=\"tablist\">\n                                            <li class=\"nav-item\" data-widget-id=\"7f7ccbd7\" >\n                            <a href=\"#\" role=\"tab\"><p><strong>Funci\u00f3n<\/strong> de la secretar\u00eda<\/p><\/a>\n                        <\/li>\n                                            <li class=\"nav-item\" data-widget-id=\"729dd7d8\" >\n                            <a href=\"#\" role=\"tab\"><p><strong>Composici\u00f3n<\/strong> de la secretar\u00eda<\/p><\/a>\n                        <\/li>\n                                    <\/ul>\n            <\/div>\n            <div class=\"link-on-right\">\n                <a >\n                                    <\/a>\n            <\/div>\n        <\/div>\n        \t\t<\/div>\n\t\t\t\t<\/div>\n\t\t<\/div><div data-pp-template-widget-id=\"7f7ccbd7-8611\" class=\"elementor-pp-element-7f7ccbd7-8611 elementor-element elementor-element-7f7ccbd7 e-container--row e-container\" data-id=\"7f7ccbd7\" data-element_type=\"container\">\t\t<div data-pp-template-widget-id=\"1a5fed08-8611\" class=\"elementor-pp-element-1a5fed08-8611 elementor-element elementor-element-1a5fed08 e-container--column e-container\" data-id=\"1a5fed08\" data-element_type=\"container\">\t\t\t\t<div data-pp-template-widget-id=\"4b9dd72e-8611\" class=\"elementor-pp-element-4b9dd72e-8611 elementor-element elementor-element-4b9dd72e elementor-widget elementor-widget-heading\" data-id=\"4b9dd72e\" data-element_type=\"widget\" data-widget_type=\"heading.default\">\n\t\t\t\t<div class=\"elementor-widget-container\">\n\t\t\t<h2 class=\"elementor-heading-title elementor-size-large\">\u00bfQu\u00e9 hace la secretar\u00eda?<\/h2>\t\t<\/div>\n\t\t\t\t<\/div>\n\t\t\t\t<div data-pp-template-widget-id=\"1567af65-8611\" class=\"elementor-pp-element-1567af65-8611 elementor-element elementor-element-1567af65 elementor-widget elementor-widget-text-editor\" data-id=\"1567af65\" data-element_type=\"widget\" data-widget_type=\"text-editor.default\">\n\t\t\t\t<div class=\"elementor-widget-container\">\n\t\t\t\t\t\t\t\t<div class=\"elementor-text-editor elementor-clearfix\">\n\t\t\t\tLa Secretar\u00eda de Salud de la Alcald\u00eda de Medell\u00edn es la dependencia encargada de dirigir y coordinar el sector salud y el Sistema General de Seguridad Social en Salud en el Distrito de Medell\u00edn, por medio de la participaci\u00f3n responsable de los actores p\u00fablicos, privados y comunitarios, para trabajar sobre los aspectos que afectan la salud y promocionar sus factores protectores, mediante la corresponsabilidad ciudadana y el acceso a servicios integrales de salud con calidad para toda la poblaci\u00f3n de Medell\u00edn.\t\t\t\t\t<\/div>\n\t\t\t\t\t\t<\/div>\n\t\t\t\t<\/div>\n\t\t\t\t<div data-pp-template-widget-id=\"37a90fbd-8611\" class=\"elementor-pp-element-37a90fbd-8611 elementor-element elementor-element-37a90fbd elementor-widget elementor-widget-button\" data-id=\"37a90fbd\" data-element_type=\"widget\" data-widget_type=\"button.default\">\n\t\t\t\t<div class=\"elementor-widget-container\">\n\t\t\t\t\t<div class=\"elementor-button-wrapper\">\n\t\t\t<a href=\"\/es\/secretaria-de-salud\/que-hacemos\/\" class=\"elementor-button-link elementor-button elementor-size-sm\" role=\"button\">\n\t\t\t\t\t\t<span class=\"elementor-button-content-wrapper\">\n\t\t\t\t\t\t<span class=\"elementor-button-text\">Conoce m\u00e1s<\/span>\n\t\t<\/span>\n\t\t\t\t\t<\/a>\n\t\t<\/div>\n\t\t\t\t<\/div>\n\t\t\t\t<\/div>\n\t\t<\/div><div data-pp-template-widget-id=\"2444fc48-8611\" class=\"elementor-pp-element-2444fc48-8611 elementor-element elementor-element-2444fc48 e-container--column e-container\" data-id=\"2444fc48\" data-element_type=\"container\">\t\t\t\t<div data-pp-template-widget-id=\"424d28db-8611\" class=\"elementor-pp-element-424d28db-8611 elementor-element elementor-element-424d28db elementor-widget elementor-widget-image\" data-id=\"424d28db\" data-element_type=\"widget\" data-widget_type=\"image.default\">\n\t\t\t\t<div class=\"elementor-widget-container\">\n\t\t\t\t\t\t\t\t<div class=\"elementor-image\">\n\t\t\t\t\t\t\t\t\t\t\t\t<img width=\"1200\" height=\"673\" src=\"https:\/\/www.medellin.gov.co\/es\/wp-content\/uploads\/2021\/09\/gestion-de-la-secretaria-de-salud.jpg\" class=\"attachment-full size-full\" alt=\"Gesti\u00f3n de la Secretar\u00eda de Salud\" loading=\"lazy\" srcset=\"https:\/\/www.medellin.gov.co\/es\/wp-content\/uploads\/2021\/09\/gestion-de-la-secretaria-de-salud.jpg 1200w, https:\/\/www.medellin.gov.co\/es\/wp-content\/uploads\/2021\/09\/gestion-de-la-secretaria-de-salud-300x168.jpg 300w, https:\/\/www.medellin.gov.co\/es\/wp-content\/uploads\/2021\/09\/gestion-de-la-secretaria-de-salud-1024x574.jpg 1024w, https:\/\/www.medellin.gov.co\/es\/wp-content\/uploads\/2021\/09\/gestion-de-la-secretaria-de-salud-150x84.jpg 150w, https:\/\/www.medellin.gov.co\/es\/wp-content\/uploads\/2021\/09\/gestion-de-la-secretaria-de-salud-768x431.jpg 768w\" sizes=\"(max-width: 1200px) 100vw, 1200px\" \/>\t\t\t\t\t\t\t\t\t\t\t\t\t\t<\/div>\n\t\t\t\t\t\t<\/div>\n\t\t\t\t<\/div>\n\t\t<\/div><\/div><div data-pp-template-widget-id=\"729dd7d8-8611\" class=\"elementor-pp-element-729dd7d8-8611 elementor-element elementor-element-729dd7d8 elsecre_ e-container--row e-container\" data-id=\"729dd7d8\" data-element_type=\"container\">\t\t<div data-pp-template-widget-id=\"37455d41-8611\" class=\"elementor-pp-element-37455d41-8611 elementor-element elementor-element-37455d41 e-container--column e-container\" data-id=\"37455d41\" data-element_type=\"container\">\t\t\t\t<div data-pp-template-widget-id=\"3e4b53b4-8611\" class=\"elementor-pp-element-3e4b53b4-8611 elementor-element elementor-element-3e4b53b4 elementor-widget elementor-widget-image\" data-id=\"3e4b53b4\" data-element_type=\"widget\" data-widget_type=\"image.default\">\n\t\t\t\t<div class=\"elementor-widget-container\">\n\t\t\t\t\t\t\t\t<div class=\"elementor-image\">\n\t\t\t\t\t\t\t\t\t\t\t\t<img width=\"600\" height=\"719\" src=\"https:\/\/www.medellin.gov.co\/es\/wp-content\/uploads\/2023\/12\/Natalia_Lopez_Delgado_2.jpg\" class=\"attachment-large size-large\" alt=\"Natalia L\u00f3pez Delgado\" loading=\"lazy\" srcset=\"https:\/\/www.medellin.gov.co\/es\/wp-content\/uploads\/2023\/12\/Natalia_Lopez_Delgado_2.jpg 600w, https:\/\/www.medellin.gov.co\/es\/wp-content\/uploads\/2023\/12\/Natalia_Lopez_Delgado_2-250x300.jpg 250w, https:\/\/www.medellin.gov.co\/es\/wp-content\/uploads\/2023\/12\/Natalia_Lopez_Delgado_2-125x150.jpg 125w\" sizes=\"(max-width: 600px) 100vw, 600px\" \/>\t\t\t\t\t\t\t\t\t\t\t\t\t\t<\/div>\n\t\t\t\t\t\t<\/div>\n\t\t\t\t<\/div>\n\t\t<\/div><div data-pp-template-widget-id=\"3e0353cc-8611\" class=\"elementor-pp-element-3e0353cc-8611 elementor-element elementor-element-3e0353cc texto_ e-container--column e-container\" data-id=\"3e0353cc\" data-element_type=\"container\">\t\t<div data-pp-template-widget-id=\"5f18d613-8611\" class=\"elementor-pp-element-5f18d613-8611 elementor-element elementor-element-5f18d613 centrado_tex e-container--column e-container\" data-id=\"5f18d613\" data-element_type=\"container\">\t\t\t\t<div data-pp-template-widget-id=\"1a635940-8611\" class=\"elementor-pp-element-1a635940-8611 elementor-element elementor-element-1a635940 elementor-widget elementor-widget-heading\" data-id=\"1a635940\" data-element_type=\"widget\" data-widget_type=\"heading.default\">\n\t\t\t\t<div class=\"elementor-widget-container\">\n\t\t\t<h2 class=\"elementor-heading-title elementor-size-large\">Natalia L\u00f3pez Delgado<\/h2>\t\t<\/div>\n\t\t\t\t<\/div>\n\t\t\t\t<div data-pp-template-widget-id=\"5aa78cad-8611\" class=\"elementor-pp-element-5aa78cad-8611 elementor-element elementor-element-5aa78cad elementor-widget elementor-widget-text-editor\" data-id=\"5aa78cad\" data-element_type=\"widget\" data-widget_type=\"text-editor.default\">\n\t\t\t\t<div class=\"elementor-widget-container\">\n\t\t\t\t\t\t\t\t<div class=\"elementor-text-editor elementor-clearfix\">\n\t\t\t\tSecretaria de Salud\t\t\t\t\t<\/div>\n\t\t\t\t\t\t<\/div>\n\t\t\t\t<\/div>\n\t\t\t\t<div data-pp-template-widget-id=\"491a5b26-8611\" class=\"elementor-pp-element-491a5b26-8611 elementor-element elementor-element-491a5b26 elementor-widget elementor-widget-text-editor\" data-id=\"491a5b26\" data-element_type=\"widget\" data-widget_type=\"text-editor.default\">\n\t\t\t\t<div class=\"elementor-widget-container\">\n\t\t\t\t\t\t\t\t<div class=\"elementor-text-editor elementor-clearfix\">\n\t\t\t\tM\u00e9dica y Cirujana con maestr\u00eda en administraci\u00f3n en salud. Cuenta con m\u00e1s de 10 a\u00f1os de experiencia en el sector administrativo de la salud y en acciones de coordinaci\u00f3n sectorial e intersectorial p\u00fablico-privada. Liderazgo de la gobernanza y gesti\u00f3n de la salud p\u00fablica desde la secretar\u00eda de salud de Medell\u00edn.\r\n\r\nCon habilidades y experiencia para el liderazgo de equipos de trabajo, dise\u00f1o e implementaci\u00f3n de modelos y estrategias de prestaci\u00f3n de servicios, gesti\u00f3n de la calidad, gesti\u00f3n del riesgo y de programas de promoci\u00f3n y prevenci\u00f3n. | <strong><a href=\"https:\/\/www.funcionpublica.gov.co\/web\/sigep\/hdv\/-\/directorio\/S1785279-0426-4\/view\" target=\"_blank\" rel=\"noopener\">Hoja de vida en el SIGEP<\/a><\/strong>\t\t\t\t\t<\/div>\n\t\t\t\t\t\t<\/div>\n\t\t\t\t<\/div>\n\t\t\t\t<div data-pp-template-widget-id=\"625ba188-8611\" class=\"elementor-pp-element-625ba188-8611 elementor-element elementor-element-625ba188 elementor-widget elementor-widget-button\" data-id=\"625ba188\" data-element_type=\"widget\" data-widget_type=\"button.default\">\n\t\t\t\t<div class=\"elementor-widget-container\">\n\t\t\t\t\t<div class=\"elementor-button-wrapper\">\n\t\t\t<a href=\"\/es\/secretaria-de-salud\/que-hacemos\/#composicion\" class=\"elementor-button-link elementor-button elementor-size-sm\" role=\"button\">\n\t\t\t\t\t\t<span class=\"elementor-button-content-wrapper\">\n\t\t\t\t\t\t<span class=\"elementor-button-text\">Conoce m\u00e1s<\/span>\n\t\t<\/span>\n\t\t\t\t\t<\/a>\n\t\t<\/div>\n\t\t\t\t<\/div>\n\t\t\t\t<\/div>\n\t\t<\/div><\/div><\/div><\/div>\t\t\t\t\t\t\t<\/div>\n\t\t\t<\/div>\n\t\t\t\t\t<\/div>\n\t\t<\/div>\t\t\t<\/div>\n\t\t\t\t\t<\/div>\n\t\t\t\t\t\t\t\t\t<\/div>\n\t\t\t\n\t\t\t\n\t\t\t\n\t\t\t\n\t\t\t\t\t\t\t\t\t\t\t\t<\/div>\n\n\t\t\n\t\t\t\t<\/div>\n\t\t\t\t<\/div>\n\t\t\t\t<div class=\"elementor-element elementor-element-6de8cdc4 elementor-widget elementor-widget-heading\" data-id=\"6de8cdc4\" data-element_type=\"widget\" data-widget_type=\"heading.default\">\n\t\t\t\t<div class=\"elementor-widget-container\">\n\t\t\t<h2 class=\"elementor-heading-title elementor-size-default\"><b>Noticias destacadas <\/b>de la Secretar\u00eda de Salud<\/h2>\t\t<\/div>\n\t\t\t\t<\/div>\n\t\t\t\t\t\t<\/div>\n\t\t\t\t\t<\/div>\n\t\t<\/div>\n\t\t\t\t\t\t\t\t<\/div>\n\t\t\t\t\t<\/div>\n\t\t<\/section>\n\t\t<div class=\"elementor-element elementor-element-593b9ed0 e-container--column e-container\" data-id=\"593b9ed0\" data-element_type=\"container\">\t\t\t\t<div class=\"elementor-element elementor-element-6d0d4677 elementor-widget elementor-widget-slider-noticias\" data-id=\"6d0d4677\" data-element_type=\"widget\" data-widget_type=\"slider-noticias.default\">\n\t\t\t\t<div class=\"elementor-widget-container\">\n\t\t\t\n        <div class=\"cover_top_home_\">\n        <div id=\"slidernoticias_Destacadas\" class=\"carousel slide\" data-ride=\"carousel\" data-interval=\"false\">\n            <ol class=\"carousel-indicators\">\n                                                            <li data-target=\"#slidernoticias_Destacadas\" data-slide-to=\"0\" class=\"active\"><\/li>\n                                            <li data-target=\"#slidernoticias_Destacadas\" data-slide-to=\"1\" class=\"\"><\/li>\n                                            <li data-target=\"#slidernoticias_Destacadas\" data-slide-to=\"2\" class=\"\"><\/li>\n                                            <li data-target=\"#slidernoticias_Destacadas\" data-slide-to=\"3\" class=\"\"><\/li>\n                                                <\/ol>\n            <div class=\"carousel-inner\">\n                        <div class=\"carousel-item active\">\n                <div class=\"cover_home_slider\">\n                \n                <div class=\"imagen_slider_\">\n                                        <a href=\"https:\/\/www.medellin.gov.co\/es\/sala-de-prensa\/noticias\/el-programa-familias-fuertes-y-resilientes-le-apuesta-a-la-salud-mental-de-las-parejas-de-medellin\/\">\n                        <img width=\"1320\" height=\"935\" src=\"https:\/\/www.medellin.gov.co\/es\/wp-content\/uploads\/2026\/05\/Programa_Familias_Fuertes_Resilientes-2.jpg\" class=\"attachment-post-thumbnail size-post-thumbnail wp-post-image\" alt=\"Programa Familias Fuertes y Resilientes\" loading=\"lazy\" srcset=\"https:\/\/www.medellin.gov.co\/es\/wp-content\/uploads\/2026\/05\/Programa_Familias_Fuertes_Resilientes-2.jpg 1320w, https:\/\/www.medellin.gov.co\/es\/wp-content\/uploads\/2026\/05\/Programa_Familias_Fuertes_Resilientes-2-300x213.jpg 300w, https:\/\/www.medellin.gov.co\/es\/wp-content\/uploads\/2026\/05\/Programa_Familias_Fuertes_Resilientes-2-1024x725.jpg 1024w, https:\/\/www.medellin.gov.co\/es\/wp-content\/uploads\/2026\/05\/Programa_Familias_Fuertes_Resilientes-2-150x106.jpg 150w, https:\/\/www.medellin.gov.co\/es\/wp-content\/uploads\/2026\/05\/Programa_Familias_Fuertes_Resilientes-2-768x544.jpg 768w\" sizes=\"(max-width: 1320px) 100vw, 1320px\" \/>                    <\/a>\n                                    <\/div>\n                <div class=\"bluetotal texto_slider_\">\n                    <div class=\"elcon_\">\n                    <h3 class=\"titulo_slide\">\n                                            <a href=\"https:\/\/www.medellin.gov.co\/es\/sala-de-prensa\/noticias\/el-programa-familias-fuertes-y-resilientes-le-apuesta-a-la-salud-mental-de-las-parejas-de-medellin\/\">\n                        El programa Familias Fuertes y Resilientes le apuesta a la salud mental de las parejas ...                        <\/a>\n                                            <\/h3>\n                                            <small>Contenido asociado a<\/small>\n                                                \n                    <div class=\"tag_s_\">\n                        <ul><li><ion-icon name=\"radio-button-on-outline\"><\/ion-icon><a href=\"https:\/\/www.medellin.gov.co\/es\/temas-de-ciudad\/salud\/\" rel=\"tag\">Salud<\/a><\/li><\/ul>                    <\/div>\n                    <p>M\u00e1s de 300 parejas de la ciudad podr\u00e1n mejorar su salud mental y...<\/p>\n                                            <a id=\"\" href=\"https:\/\/www.medellin.gov.co\/es\/sala-de-prensa\/noticias\/el-programa-familias-fuertes-y-resilientes-le-apuesta-a-la-salud-mental-de-las-parejas-de-medellin\/\" class=\"botonslider_\">Conoce m\u00e1s<\/a>\n                                            <\/div>\n                <\/div>\n                <\/div>\n            <\/div>\n            \n                                    <div class=\"carousel-item noactivo\">\n                <div class=\"cover_home_slider\">\n                \n                <div class=\"imagen_slider_\">\n                                        <a href=\"https:\/\/www.medellin.gov.co\/es\/sala-de-prensa\/noticias\/la-prevencion-es-clave-para-proteger-la-vida-estos-son-los-sistemas-de-alerta-temprana-comunitarios-de-medellin\/\">\n                        <img width=\"1133\" height=\"850\" src=\"https:\/\/www.medellin.gov.co\/es\/wp-content\/uploads\/2026\/04\/Imagen-La-prevencion-es-clave-para-proteger-la-vida-3.jpg\" class=\"attachment-post-thumbnail size-post-thumbnail wp-post-image\" alt=\"Imagen La prevenci\u00f3n es clave para proteger la vida (3)\" loading=\"lazy\" srcset=\"https:\/\/www.medellin.gov.co\/es\/wp-content\/uploads\/2026\/04\/Imagen-La-prevencion-es-clave-para-proteger-la-vida-3.jpg 1133w, https:\/\/www.medellin.gov.co\/es\/wp-content\/uploads\/2026\/04\/Imagen-La-prevencion-es-clave-para-proteger-la-vida-3-300x225.jpg 300w, https:\/\/www.medellin.gov.co\/es\/wp-content\/uploads\/2026\/04\/Imagen-La-prevencion-es-clave-para-proteger-la-vida-3-1024x768.jpg 1024w, https:\/\/www.medellin.gov.co\/es\/wp-content\/uploads\/2026\/04\/Imagen-La-prevencion-es-clave-para-proteger-la-vida-3-150x113.jpg 150w, https:\/\/www.medellin.gov.co\/es\/wp-content\/uploads\/2026\/04\/Imagen-La-prevencion-es-clave-para-proteger-la-vida-3-768x576.jpg 768w\" sizes=\"(max-width: 1133px) 100vw, 1133px\" \/>                    <\/a>\n                                    <\/div>\n                <div class=\"bluetotal texto_slider_\">\n                    <div class=\"elcon_\">\n                    <h3 class=\"titulo_slide\">\n                                            <a href=\"https:\/\/www.medellin.gov.co\/es\/sala-de-prensa\/noticias\/la-prevencion-es-clave-para-proteger-la-vida-estos-son-los-sistemas-de-alerta-temprana-comunitarios-de-medellin\/\">\n                        La prevenci\u00f3n es clave para proteger la vida: estos son los Sistemas de Alerta Temprana ...                        <\/a>\n                                            <\/h3>\n                                            <small>Contenido asociado a<\/small>\n                                                \n                    <div class=\"tag_s_\">\n                        <ul><li><ion-icon name=\"radio-button-on-outline\"><\/ion-icon><a href=\"https:\/\/www.medellin.gov.co\/es\/temas-de-ciudad\/medio-ambiente\/\" rel=\"tag\">Medio ambiente<\/a><\/li><li><ion-icon name=\"radio-button-on-outline\"><\/ion-icon><a href=\"https:\/\/www.medellin.gov.co\/es\/temas-de-ciudad\/salud\/\" rel=\"tag\">Salud<\/a><\/li><\/ul>                    <\/div>\n                    <p>\u00bfSab\u00edas que una comunidad organizada puede responder m\u00e1s r\u00e1pido ante cualquier emergencia? En...<\/p>\n                                            <a id=\"\" href=\"https:\/\/www.medellin.gov.co\/es\/sala-de-prensa\/noticias\/la-prevencion-es-clave-para-proteger-la-vida-estos-son-los-sistemas-de-alerta-temprana-comunitarios-de-medellin\/\" class=\"botonslider_\">Conoce m\u00e1s<\/a>\n                                            <\/div>\n                <\/div>\n                <\/div>\n            <\/div>\n            \n                                    <div class=\"carousel-item noactivo\">\n                <div class=\"cover_home_slider\">\n                \n                <div class=\"imagen_slider_\">\n                                        <a href=\"https:\/\/www.medellin.gov.co\/es\/sala-de-prensa\/noticias\/medellin-se-suma-a-la-nueva-jornada-nacional-de-vacunacion-este-25-de-abril-con-mas-de-80-puntos-habilitados\/\">\n                        <img width=\"1013\" height=\"760\" src=\"https:\/\/www.medellin.gov.co\/es\/wp-content\/uploads\/2026\/04\/Imagen-de-mujer-que-recibio-una-vacuna.jpg\" class=\"attachment-post-thumbnail size-post-thumbnail wp-post-image\" alt=\"Imagen de mujer que recibi\u00f3 una vacuna\" loading=\"lazy\" srcset=\"https:\/\/www.medellin.gov.co\/es\/wp-content\/uploads\/2026\/04\/Imagen-de-mujer-que-recibio-una-vacuna.jpg 1013w, https:\/\/www.medellin.gov.co\/es\/wp-content\/uploads\/2026\/04\/Imagen-de-mujer-que-recibio-una-vacuna-300x225.jpg 300w, https:\/\/www.medellin.gov.co\/es\/wp-content\/uploads\/2026\/04\/Imagen-de-mujer-que-recibio-una-vacuna-150x113.jpg 150w, https:\/\/www.medellin.gov.co\/es\/wp-content\/uploads\/2026\/04\/Imagen-de-mujer-que-recibio-una-vacuna-768x576.jpg 768w\" sizes=\"(max-width: 1013px) 100vw, 1013px\" \/>                    <\/a>\n                                    <\/div>\n                <div class=\"bluetotal texto_slider_\">\n                    <div class=\"elcon_\">\n                    <h3 class=\"titulo_slide\">\n                                            <a href=\"https:\/\/www.medellin.gov.co\/es\/sala-de-prensa\/noticias\/medellin-se-suma-a-la-nueva-jornada-nacional-de-vacunacion-este-25-de-abril-con-mas-de-80-puntos-habilitados\/\">\n                        Medell\u00edn se suma a la nueva Jornada Nacional de Vacunaci\u00f3n, este 25 de abril, con ...                        <\/a>\n                                            <\/h3>\n                                            <small>Contenido asociado a<\/small>\n                                                \n                    <div class=\"tag_s_\">\n                        <ul><li><ion-icon name=\"radio-button-on-outline\"><\/ion-icon><a href=\"https:\/\/www.medellin.gov.co\/es\/temas-de-ciudad\/salud\/\" rel=\"tag\">Salud<\/a><\/li><\/ul>                    <\/div>\n                    <p>Medell\u00edn se une a la segunda Jornada Nacional de Vacunaci\u00f3n de este a\u00f1o,...<\/p>\n                                            <a id=\"\" href=\"https:\/\/www.medellin.gov.co\/es\/sala-de-prensa\/noticias\/medellin-se-suma-a-la-nueva-jornada-nacional-de-vacunacion-este-25-de-abril-con-mas-de-80-puntos-habilitados\/\" class=\"botonslider_\">Conoce m\u00e1s<\/a>\n                                            <\/div>\n                <\/div>\n                <\/div>\n            <\/div>\n            \n                                    <div class=\"carousel-item noactivo\">\n                <div class=\"cover_home_slider\">\n                \n                <div class=\"imagen_slider_\">\n                                        <a href=\"https:\/\/www.medellin.gov.co\/es\/sala-de-prensa\/noticias\/medellin-le-apuesta-a-la-salud-mental-con-cerca-de-40-actividades-en-la-semana-por-la-tranquilidad\/\">\n                        <img width=\"1013\" height=\"760\" src=\"https:\/\/www.medellin.gov.co\/es\/wp-content\/uploads\/2026\/04\/Imagen-de-funcionarios-en-campana-de-salud-mental.jpg\" class=\"attachment-post-thumbnail size-post-thumbnail wp-post-image\" alt=\"Imagen de funcionarios en campa\u00f1a de salud mental\" loading=\"lazy\" srcset=\"https:\/\/www.medellin.gov.co\/es\/wp-content\/uploads\/2026\/04\/Imagen-de-funcionarios-en-campana-de-salud-mental.jpg 1013w, https:\/\/www.medellin.gov.co\/es\/wp-content\/uploads\/2026\/04\/Imagen-de-funcionarios-en-campana-de-salud-mental-300x225.jpg 300w, https:\/\/www.medellin.gov.co\/es\/wp-content\/uploads\/2026\/04\/Imagen-de-funcionarios-en-campana-de-salud-mental-150x113.jpg 150w, https:\/\/www.medellin.gov.co\/es\/wp-content\/uploads\/2026\/04\/Imagen-de-funcionarios-en-campana-de-salud-mental-768x576.jpg 768w\" sizes=\"(max-width: 1013px) 100vw, 1013px\" \/>                    <\/a>\n                                    <\/div>\n                <div class=\"bluetotal texto_slider_\">\n                    <div class=\"elcon_\">\n                    <h3 class=\"titulo_slide\">\n                                            <a href=\"https:\/\/www.medellin.gov.co\/es\/sala-de-prensa\/noticias\/medellin-le-apuesta-a-la-salud-mental-con-cerca-de-40-actividades-en-la-semana-por-la-tranquilidad\/\">\n                        Medell\u00edn le apuesta a la salud mental con cerca de 40 actividades en la Semana ...                        <\/a>\n                                            <\/h3>\n                                            <small>Contenido asociado a<\/small>\n                                                \n                    <div class=\"tag_s_\">\n                        <ul><li><ion-icon name=\"radio-button-on-outline\"><\/ion-icon><a href=\"https:\/\/www.medellin.gov.co\/es\/temas-de-ciudad\/salud\/\" rel=\"tag\">Salud<\/a><\/li><\/ul>                    <\/div>\n                    <p>La programaci\u00f3n llega a espacios p\u00fablicos, instituciones educativas y zonas de alta afluencia....<\/p>\n                                            <a id=\"\" href=\"https:\/\/www.medellin.gov.co\/es\/sala-de-prensa\/noticias\/medellin-le-apuesta-a-la-salud-mental-con-cerca-de-40-actividades-en-la-semana-por-la-tranquilidad\/\" class=\"botonslider_\">Conoce m\u00e1s<\/a>\n                                            <\/div>\n                <\/div>\n                <\/div>\n            <\/div>\n            \n                        \n                        <\/div>\n            <a class=\"carousel-control-prev\" href=\"#slidernoticias_Destacadas\" role=\"button\" data-slide=\"prev\">\n            <span class=\"carousel-control-prev-icon\" aria-hidden=\"true\"><\/span>\n            <span class=\"sr-only\">Previous<\/span>\n            <\/a>\n            <a class=\"carousel-control-next\" href=\"#slidernoticias_Destacadas\" role=\"button\" data-slide=\"next\">\n            <span class=\"carousel-control-next-icon\" aria-hidden=\"true\"><\/span>\n            <span class=\"sr-only\">Next<\/span>\n            <\/a>\n        <\/div>\n        <\/div>\n\t\t<\/div>\n\t\t\t\t<\/div>\n\t\t<\/div>\t\t<section class=\"elementor-section elementor-top-section elementor-element elementor-element-5ba1aa9f elementor-section-full_width elementor-section-height-default elementor-section-height-default\" data-id=\"5ba1aa9f\" data-element_type=\"section\" data-settings=\"{&quot;background_background&quot;:&quot;classic&quot;}\">\n\t\t\t\t\t\t<div class=\"elementor-container elementor-column-gap-default\">\n\t\t\t\t\t\t\t<div class=\"elementor-row\">\n\t\t\t\t\t<div class=\"elementor-column elementor-col-100 elementor-top-column elementor-element elementor-element-72bd13d2\" data-id=\"72bd13d2\" data-element_type=\"column\">\n\t\t\t<div class=\"elementor-column-wrap elementor-element-populated\">\n\t\t\t\t\t\t\t<div class=\"elementor-widget-wrap\">\n\t\t\t\t\t\t<section class=\"elementor-section elementor-inner-section elementor-element elementor-element-3004cb3b elementor-section-boxed elementor-section-height-default elementor-section-height-default\" data-id=\"3004cb3b\" data-element_type=\"section\">\n\t\t\t\t\t\t<div class=\"elementor-container elementor-column-gap-custom\">\n\t\t\t\t\t\t\t<div class=\"elementor-row\">\n\t\t\t\t\t<div class=\"elementor-column elementor-col-50 elementor-inner-column elementor-element elementor-element-cb8ac57\" data-id=\"cb8ac57\" data-element_type=\"column\">\n\t\t\t<div class=\"elementor-column-wrap elementor-element-populated\">\n\t\t\t\t\t\t\t<div class=\"elementor-widget-wrap\">\n\t\t\t\t\t\t<div class=\"elementor-element elementor-element-66bcb2eb elementor-widget elementor-widget-html\" data-id=\"66bcb2eb\" data-element_type=\"widget\" data-widget_type=\"html.default\">\n\t\t\t\t<div class=\"elementor-widget-container\">\n\t\t\t<div class=\"content-cinta-title-lin-all\">\n <h1 class=\"h1-cinta-naranja-lin\">Debido proceso<\/h1>\n <h3 class=\"h3-cinta-azul2-lin\">R\u00e9gimen subsidiado<\/h3>\n<\/div>\n<style>\n.content-cinta-title-lin-all {\n    margin: auto;\n    display: grid;\n    justify-items: end;\n}\n.h1-cinta-naranja-lin {\n  color: #FF8803;\n  font-family: \"Work Sans\", Sans-serif;\n  font-size: 46px !important;\n  line-height: 48px !important;\n  text-align: right;\n}\n.h3-cinta-azul2-lin {\n color: #004484;\n font-family: \"Work Sans\", Sans-serif;\n font-size: 27px !important;\n line-height: 1 !important;\n}\n\n@media screen and (min-width:768px) {\n    .h1-cinta-naranja-lin {\n        font-size: 50px !important;\n    }\n    \n    .h3-cinta-azul2-lin {\n        font-size: 34px !important;\n    }\n}\n@media screen and (min-width:1024px) {\n    .h1-cinta-naranja-lin {\n        font-size: 60px !important;\n    }\n    \n    .h3-cinta-azul2-lin {\n        font-size: 40px !important;\n    }\n}\n<\/style>\t\t<\/div>\n\t\t\t\t<\/div>\n\t\t\t\t\t\t<\/div>\n\t\t\t\t\t<\/div>\n\t\t<\/div>\n\t\t\t\t<div class=\"elementor-column elementor-col-50 elementor-inner-column elementor-element elementor-element-1d46edfd\" data-id=\"1d46edfd\" data-element_type=\"column\">\n\t\t\t<div class=\"elementor-column-wrap elementor-element-populated\">\n\t\t\t\t\t\t\t<div class=\"elementor-widget-wrap\">\n\t\t\t\t\t\t<div class=\"elementor-element elementor-element-4b400f46 elementor-widget elementor-widget-text-editor\" data-id=\"4b400f46\" data-element_type=\"widget\" data-widget_type=\"text-editor.default\">\n\t\t\t\t<div class=\"elementor-widget-container\">\n\t\t\t\t\t\t\t\t<div class=\"elementor-text-editor elementor-clearfix\">\n\t\t\t\t<p>\u00a1Ponte al d\u00eda con los requisitos y garantiza tu afiliaci\u00f3n al r\u00e9gimen subsidiado de salud!<\/p>\t\t\t\t\t<\/div>\n\t\t\t\t\t\t<\/div>\n\t\t\t\t<\/div>\n\t\t\t\t<div class=\"elementor-element elementor-element-188557d3 elementor-tablet-align-left elementor-mobile-align-center elementor-widget elementor-widget-button\" data-id=\"188557d3\" data-element_type=\"widget\" data-widget_type=\"button.default\">\n\t\t\t\t<div class=\"elementor-widget-container\">\n\t\t\t\t\t<div class=\"elementor-button-wrapper\">\n\t\t\t<a href=\"https:\/\/www.medellin.gov.co\/es\/secretaria-de-salud\/debido-proceso-regimen-subsidiado-de-salud\/\" target=\"_blank\" class=\"elementor-button-link elementor-button elementor-size-sm\" role=\"button\">\n\t\t\t\t\t\t<span class=\"elementor-button-content-wrapper\">\n\t\t\t\t\t\t<span class=\"elementor-button-text\">Conoce m\u00e1s<\/span>\n\t\t<\/span>\n\t\t\t\t\t<\/a>\n\t\t<\/div>\n\t\t\t\t<\/div>\n\t\t\t\t<\/div>\n\t\t\t\t\t\t<\/div>\n\t\t\t\t\t<\/div>\n\t\t<\/div>\n\t\t\t\t\t\t\t\t<\/div>\n\t\t\t\t\t<\/div>\n\t\t<\/section>\n\t\t\t\t\t\t<\/div>\n\t\t\t\t\t<\/div>\n\t\t<\/div>\n\t\t\t\t\t\t\t\t<\/div>\n\t\t\t\t\t<\/div>\n\t\t<\/section>\n\t\t\t\t<section class=\"elementor-section elementor-top-section elementor-element elementor-element-1f4a3ebc elementor-section-boxed elementor-section-height-default elementor-section-height-default\" data-id=\"1f4a3ebc\" data-element_type=\"section\">\n\t\t\t\t\t\t<div class=\"elementor-container elementor-column-gap-default\">\n\t\t\t\t\t\t\t<div class=\"elementor-row\">\n\t\t\t\t\t<div class=\"elementor-column elementor-col-100 elementor-top-column elementor-element elementor-element-6ffde337\" data-id=\"6ffde337\" data-element_type=\"column\">\n\t\t\t<div class=\"elementor-column-wrap elementor-element-populated\">\n\t\t\t\t\t\t\t<div class=\"elementor-widget-wrap\">\n\t\t\t\t\t\t<div class=\"elementor-element elementor-element-6372db6d elementor-widget elementor-widget-heading\" data-id=\"6372db6d\" data-element_type=\"widget\" data-widget_type=\"heading.default\">\n\t\t\t\t<div class=\"elementor-widget-container\">\n\t\t\t<h3 class=\"elementor-heading-title elementor-size-default\"><b>Subsecretar\u00edas  <\/b>de la Secretar\u00eda de Salud<\/h3>\t\t<\/div>\n\t\t\t\t<\/div>\n\t\t\t\t<div class=\"elementor-element elementor-element-4bdc1cd5 elementor-widget elementor-widget-text-editor\" data-id=\"4bdc1cd5\" data-element_type=\"widget\" data-widget_type=\"text-editor.default\">\n\t\t\t\t<div class=\"elementor-widget-container\">\n\t\t\t\t\t\t\t\t<div class=\"elementor-text-editor elementor-clearfix\">\n\t\t\t\t<p>Conoce las subsecretar\u00edas que conforman, dise\u00f1an e implementan las estrategias de gesti\u00f3n en salud de la ciudad de Medell\u00edn.<\/p>\t\t\t\t\t<\/div>\n\t\t\t\t\t\t<\/div>\n\t\t\t\t<\/div>\n\t\t\t\t\t\t<\/div>\n\t\t\t\t\t<\/div>\n\t\t<\/div>\n\t\t\t\t\t\t\t\t<\/div>\n\t\t\t\t\t<\/div>\n\t\t<\/section>\n\t\t\t\t<section class=\"elementor-section elementor-top-section elementor-element elementor-element-6fda6599 elementor-section-boxed elementor-section-height-default elementor-section-height-default\" data-id=\"6fda6599\" data-element_type=\"section\">\n\t\t\t\t\t\t<div class=\"elementor-container elementor-column-gap-default\">\n\t\t\t\t\t\t\t<div class=\"elementor-row\">\n\t\t\t\t\t<div class=\"elementor-column elementor-col-100 elementor-top-column elementor-element elementor-element-1d76cdbf\" data-id=\"1d76cdbf\" data-element_type=\"column\">\n\t\t\t<div class=\"elementor-column-wrap elementor-element-populated\">\n\t\t\t\t\t\t\t<div class=\"elementor-widget-wrap\">\n\t\t\t\t\t\t<div class=\"elementor-element elementor-element-63e9c11f elementor-widget elementor-widget-heading\" data-id=\"63e9c11f\" data-element_type=\"widget\" data-widget_type=\"heading.default\">\n\t\t\t\t<div class=\"elementor-widget-container\">\n\t\t\t<h3 class=\"elementor-heading-title elementor-size-default\"><b>Subsecretar\u00eda  <\/b>Administrativa y Financiera<\/h3>\t\t<\/div>\n\t\t\t\t<\/div>\n\t\t\t\t\t\t<\/div>\n\t\t\t\t\t<\/div>\n\t\t<\/div>\n\t\t\t\t\t\t\t\t<\/div>\n\t\t\t\t\t<\/div>\n\t\t<\/section>\n\t\t<div class=\"elementor-element elementor-element-2914260b e-container--row e-container\" data-id=\"2914260b\" data-element_type=\"container\">\t\t<div class=\"elementor-element elementor-element-60228c8b e-container--column e-container\" data-id=\"60228c8b\" data-element_type=\"container\">\t\t<div class=\"elementor-element elementor-element-4f4126fc e-container--column e-container\" data-id=\"4f4126fc\" data-element_type=\"container\">\t\t\t\t<div class=\"elementor-element elementor-element-17b680ad elementor-widget elementor-widget-image\" data-id=\"17b680ad\" data-element_type=\"widget\" data-widget_type=\"image.default\">\n\t\t\t\t<div class=\"elementor-widget-container\">\n\t\t\t\t\t\t\t\t<div class=\"elementor-image\">\n\t\t\t\t\t\t\t\t\t\t\t\t<img src=\"https:\/\/www.medellin.gov.co\/es\/wp-content\/uploads\/2022\/09\/edificio-plaza.jpg\" title=\"\" alt=\"\" \/>\t\t\t\t\t\t\t\t\t\t\t\t\t\t<\/div>\n\t\t\t\t\t\t<\/div>\n\t\t\t\t<\/div>\n\t\t<\/div><div class=\"elementor-element elementor-element-1a0b9b8e e-container--column e-container\" data-id=\"1a0b9b8e\" data-element_type=\"container\">\t\t\t\t<div class=\"elementor-element elementor-element-16f5b787 elementor-widget elementor-widget-text-editor\" data-id=\"16f5b787\" data-element_type=\"widget\" data-widget_type=\"text-editor.default\">\n\t\t\t\t<div class=\"elementor-widget-container\">\n\t\t\t\t\t\t\t\t<div class=\"elementor-text-editor elementor-clearfix\">\n\t\t\t\t<p>Se encarga de controlar, administrar y supervisar los recursos p\u00fablicos que se le otorgan a la Secretar\u00eda de Salud del Distrito de Medell\u00edn, adem\u00e1s identifica la situaci\u00f3n de salud de la poblaci\u00f3n, con el fin de priorizar las tem\u00e1ticas para la protecci\u00f3n de la salud y prevenci\u00f3n de las enfermedades.<\/p>\t\t\t\t\t<\/div>\n\t\t\t\t\t\t<\/div>\n\t\t\t\t<\/div>\n\t\t\t\t<div class=\"elementor-element elementor-element-22fc44e0 elementor-widget elementor-widget-button\" data-id=\"22fc44e0\" data-element_type=\"widget\" data-widget_type=\"button.default\">\n\t\t\t\t<div class=\"elementor-widget-container\">\n\t\t\t\t\t<div class=\"elementor-button-wrapper\">\n\t\t\t<a href=\"https:\/\/www.medellin.gov.co\/es\/secretaria-de-salud\/subsecretaria-administrativa-y-financiera\/\" class=\"elementor-button-link elementor-button elementor-size-sm\" role=\"button\">\n\t\t\t\t\t\t<span class=\"elementor-button-content-wrapper\">\n\t\t\t\t\t\t<span class=\"elementor-button-text\">Conoce m\u00e1s sobre la subsecretar\u00eda<\/span>\n\t\t<\/span>\n\t\t\t\t\t<\/a>\n\t\t<\/div>\n\t\t\t\t<\/div>\n\t\t\t\t<\/div>\n\t\t<\/div><\/div><\/div>\t\t<section class=\"elementor-section elementor-top-section elementor-element elementor-element-66cecb6 elementor-section-boxed elementor-section-height-default elementor-section-height-default\" data-id=\"66cecb6\" data-element_type=\"section\">\n\t\t\t\t\t\t<div class=\"elementor-container elementor-column-gap-default\">\n\t\t\t\t\t\t\t<div class=\"elementor-row\">\n\t\t\t\t\t<div class=\"elementor-column elementor-col-100 elementor-top-column elementor-element elementor-element-b13ab14\" data-id=\"b13ab14\" data-element_type=\"column\">\n\t\t\t<div class=\"elementor-column-wrap elementor-element-populated\">\n\t\t\t\t\t\t\t<div class=\"elementor-widget-wrap\">\n\t\t\t\t\t\t<div class=\"elementor-element elementor-element-cbbba17 elementor-widget elementor-widget-heading\" data-id=\"cbbba17\" data-element_type=\"widget\" data-widget_type=\"heading.default\">\n\t\t\t\t<div class=\"elementor-widget-container\">\n\t\t\t<h3 class=\"elementor-heading-title elementor-size-default\"><b>Subsecretar\u00eda  <\/b>de Gesti\u00f3n de Servicios de Salud<\/h3>\t\t<\/div>\n\t\t\t\t<\/div>\n\t\t\t\t\t\t<\/div>\n\t\t\t\t\t<\/div>\n\t\t<\/div>\n\t\t\t\t\t\t\t\t<\/div>\n\t\t\t\t\t<\/div>\n\t\t<\/section>\n\t\t<div class=\"elementor-element elementor-element-3ffa37eb e-container--row e-container\" data-id=\"3ffa37eb\" data-element_type=\"container\">\t\t<div class=\"elementor-element elementor-element-4bac097b e-container--column e-container\" data-id=\"4bac097b\" data-element_type=\"container\">\t\t<div class=\"elementor-element elementor-element-77896193 e-container--column e-container\" data-id=\"77896193\" data-element_type=\"container\">\t\t\t\t<div class=\"elementor-element elementor-element-6824bf9f elementor-widget elementor-widget-text-editor\" data-id=\"6824bf9f\" data-element_type=\"widget\" data-widget_type=\"text-editor.default\">\n\t\t\t\t<div class=\"elementor-widget-container\">\n\t\t\t\t\t\t\t\t<div class=\"elementor-text-editor elementor-clearfix\">\n\t\t\t\t<p>La subsecretar\u00eda de Gesti\u00f3n de Servicios de Salud se encarga de supervisar el cumplimiento de las obligaciones del Sistema de Seguridad Social en Salud; adem\u00e1s de gestionar el aseguramiento en el r\u00e9gimen subsidiado a la poblaci\u00f3n pobre y vulnerable.<\/p>\t\t\t\t\t<\/div>\n\t\t\t\t\t\t<\/div>\n\t\t\t\t<\/div>\n\t\t\t\t<div class=\"elementor-element elementor-element-288d3782 elementor-widget elementor-widget-button\" data-id=\"288d3782\" data-element_type=\"widget\" data-widget_type=\"button.default\">\n\t\t\t\t<div class=\"elementor-widget-container\">\n\t\t\t\t\t<div class=\"elementor-button-wrapper\">\n\t\t\t<a href=\"https:\/\/www.medellin.gov.co\/es\/secretaria-de-salud\/subsecretaria-de-servicios-de-salud\/\" class=\"elementor-button-link elementor-button elementor-size-sm\" role=\"button\">\n\t\t\t\t\t\t<span class=\"elementor-button-content-wrapper\">\n\t\t\t\t\t\t<span class=\"elementor-button-text\">Conoce M\u00e1s sobre la subsecretar\u00eda<\/span>\n\t\t<\/span>\n\t\t\t\t\t<\/a>\n\t\t<\/div>\n\t\t\t\t<\/div>\n\t\t\t\t<\/div>\n\t\t<\/div><div class=\"elementor-element elementor-element-43ffba5c e-container--column e-container\" data-id=\"43ffba5c\" data-element_type=\"container\">\t\t\t\t<div class=\"elementor-element elementor-element-5d6ef0e elementor-widget elementor-widget-image\" data-id=\"5d6ef0e\" data-element_type=\"widget\" data-widget_type=\"image.default\">\n\t\t\t\t<div class=\"elementor-widget-container\">\n\t\t\t\t\t\t\t\t<div class=\"elementor-image\">\n\t\t\t\t\t\t\t\t\t\t\t\t<img width=\"1024\" height=\"574\" src=\"https:\/\/www.medellin.gov.co\/es\/wp-content\/uploads\/2025\/07\/Imagen-salud-persona-siendo-atendida-1024x574.jpg\" class=\"attachment-large size-large\" alt=\"Imagen salud persona siendo atendida\" loading=\"lazy\" srcset=\"https:\/\/www.medellin.gov.co\/es\/wp-content\/uploads\/2025\/07\/Imagen-salud-persona-siendo-atendida-1024x574.jpg 1024w, https:\/\/www.medellin.gov.co\/es\/wp-content\/uploads\/2025\/07\/Imagen-salud-persona-siendo-atendida-300x168.jpg 300w, https:\/\/www.medellin.gov.co\/es\/wp-content\/uploads\/2025\/07\/Imagen-salud-persona-siendo-atendida-150x84.jpg 150w, https:\/\/www.medellin.gov.co\/es\/wp-content\/uploads\/2025\/07\/Imagen-salud-persona-siendo-atendida-768x430.jpg 768w, https:\/\/www.medellin.gov.co\/es\/wp-content\/uploads\/2025\/07\/Imagen-salud-persona-siendo-atendida.jpg 1280w\" sizes=\"(max-width: 1024px) 100vw, 1024px\" \/>\t\t\t\t\t\t\t\t\t\t\t\t\t\t<\/div>\n\t\t\t\t\t\t<\/div>\n\t\t\t\t<\/div>\n\t\t<\/div><\/div><\/div>\t\t<section class=\"elementor-section elementor-top-section elementor-element elementor-element-7940ea73 elementor-section-boxed elementor-section-height-default elementor-section-height-default\" data-id=\"7940ea73\" data-element_type=\"section\">\n\t\t\t\t\t\t<div class=\"elementor-container elementor-column-gap-default\">\n\t\t\t\t\t\t\t<div class=\"elementor-row\">\n\t\t\t\t\t<div class=\"elementor-column elementor-col-100 elementor-top-column elementor-element elementor-element-1ce1d349\" data-id=\"1ce1d349\" data-element_type=\"column\">\n\t\t\t<div class=\"elementor-column-wrap elementor-element-populated\">\n\t\t\t\t\t\t\t<div class=\"elementor-widget-wrap\">\n\t\t\t\t\t\t<div class=\"elementor-element elementor-element-400cbdc0 elementor-widget elementor-widget-heading\" data-id=\"400cbdc0\" data-element_type=\"widget\" data-widget_type=\"heading.default\">\n\t\t\t\t<div class=\"elementor-widget-container\">\n\t\t\t<h2 class=\"elementor-heading-title elementor-size-default\"><b>Subsecretar\u00eda <\/b>de Salud P\u00fablica<\/h2>\t\t<\/div>\n\t\t\t\t<\/div>\n\t\t\t\t\t\t<\/div>\n\t\t\t\t\t<\/div>\n\t\t<\/div>\n\t\t\t\t\t\t\t\t<\/div>\n\t\t\t\t\t<\/div>\n\t\t<\/section>\n\t\t<div class=\"elementor-element elementor-element-76aadcf2 e-container--column e-container\" data-id=\"76aadcf2\" data-element_type=\"container\">\t\t<div class=\"elementor-element elementor-element-45678fe0 e-container--column e-container\" data-id=\"45678fe0\" data-element_type=\"container\">\t\t<div class=\"elementor-element elementor-element-794e1819 e-container--column e-container\" data-id=\"794e1819\" data-element_type=\"container\">\t\t\t\t<div class=\"elementor-element elementor-element-69d6e696 elementor-widget elementor-widget-image\" data-id=\"69d6e696\" data-element_type=\"widget\" data-widget_type=\"image.default\">\n\t\t\t\t<div class=\"elementor-widget-container\">\n\t\t\t\t\t\t\t\t<div class=\"elementor-image\">\n\t\t\t\t\t\t\t\t\t\t\t\t<img width=\"1024\" height=\"768\" src=\"https:\/\/www.medellin.gov.co\/es\/wp-content\/uploads\/2024\/11\/hogares-de-medellin-2-1024x768.jpg\" class=\"attachment-large size-large\" alt=\"659 hogares de Medell\u00edn fortalecen la convivencia, las relaciones interpersonales y la salud mental\" loading=\"lazy\" srcset=\"https:\/\/www.medellin.gov.co\/es\/wp-content\/uploads\/2024\/11\/hogares-de-medellin-2-1024x768.jpg 1024w, https:\/\/www.medellin.gov.co\/es\/wp-content\/uploads\/2024\/11\/hogares-de-medellin-2-300x225.jpg 300w, https:\/\/www.medellin.gov.co\/es\/wp-content\/uploads\/2024\/11\/hogares-de-medellin-2-150x113.jpg 150w, https:\/\/www.medellin.gov.co\/es\/wp-content\/uploads\/2024\/11\/hogares-de-medellin-2-768x576.jpg 768w, https:\/\/www.medellin.gov.co\/es\/wp-content\/uploads\/2024\/11\/hogares-de-medellin-2.jpg 1200w\" sizes=\"(max-width: 1024px) 100vw, 1024px\" \/>\t\t\t\t\t\t\t\t\t\t\t\t\t\t<\/div>\n\t\t\t\t\t\t<\/div>\n\t\t\t\t<\/div>\n\t\t<\/div><div class=\"elementor-element elementor-element-75c003d2 e-container--column e-container\" data-id=\"75c003d2\" data-element_type=\"container\">\t\t\t\t<div class=\"elementor-element elementor-element-699465c1 elementor-widget elementor-widget-text-editor\" data-id=\"699465c1\" data-element_type=\"widget\" data-widget_type=\"text-editor.default\">\n\t\t\t\t<div class=\"elementor-widget-container\">\n\t\t\t\t\t\t\t\t<div class=\"elementor-text-editor elementor-clearfix\">\n\t\t\t\t<p>Se encarga de gestionar, planear, coordinar y controlar pol\u00edticas, planes, programas y proyectos que garanticen de manera integral la identificaci\u00f3n, vigilancia y control de los servicios de salud en el territorio, mediante la implementaci\u00f3n de estrategias, modelos, m\u00e9todos, instrumentos y herramientas que garanticen el cumplimiento de los lineamientos establecidos en materia de salud p\u00fablica, inspecci\u00f3n, vigilancia y control en salud, y el cumplimiento del logro de las metas del Plan de Desarrollo en el marco de la normativa vigente.<\/p>\t\t\t\t\t<\/div>\n\t\t\t\t\t\t<\/div>\n\t\t\t\t<\/div>\n\t\t\t\t<div class=\"elementor-element elementor-element-5aa7d84c elementor-widget elementor-widget-button\" data-id=\"5aa7d84c\" data-element_type=\"widget\" data-widget_type=\"button.default\">\n\t\t\t\t<div class=\"elementor-widget-container\">\n\t\t\t\t\t<div class=\"elementor-button-wrapper\">\n\t\t\t<a href=\"https:\/\/www.medellin.gov.co\/es\/secretaria-de-salud\/subsecretaria-de-salud-publica\/\" class=\"elementor-button-link elementor-button elementor-size-sm\" role=\"button\">\n\t\t\t\t\t\t<span class=\"elementor-button-content-wrapper\">\n\t\t\t\t\t\t<span class=\"elementor-button-text\">Conoce m\u00e1s sobre la subsecretar\u00eda<\/span>\n\t\t<\/span>\n\t\t\t\t\t<\/a>\n\t\t<\/div>\n\t\t\t\t<\/div>\n\t\t\t\t<\/div>\n\t\t<\/div><\/div><\/div><div class=\"elementor-element elementor-element-063a88f e-container--column e-container\" data-id=\"063a88f\" data-element_type=\"container\">\t\t\t\t<div class=\"elementor-element elementor-element-4552d39 elementor-widget elementor-widget-spacer\" data-id=\"4552d39\" data-element_type=\"widget\" data-widget_type=\"spacer.default\">\n\t\t\t\t<div class=\"elementor-widget-container\">\n\t\t\t\t\t<div class=\"elementor-spacer\">\n\t\t\t<div class=\"elementor-spacer-inner\"><\/div>\n\t\t<\/div>\n\t\t\t\t<\/div>\n\t\t\t\t<\/div>\n\t\t<\/div><div class=\"elementor-element elementor-element-8676050 e-container--row e-container\" data-id=\"8676050\" data-element_type=\"container\" data-settings=\"{&quot;background_background&quot;:&quot;classic&quot;}\">\t\t<div class=\"elementor-element elementor-element-dd40baf e-container--column e-container\" data-id=\"dd40baf\" data-element_type=\"container\">\t\t\t\t<div class=\"elementor-element elementor-element-8e2ec4f elementor-widget elementor-widget-text-editor\" data-id=\"8e2ec4f\" data-element_type=\"widget\" data-widget_type=\"text-editor.default\">\n\t\t\t\t<div class=\"elementor-widget-container\">\n\t\t\t\t\t\t\t\t<div class=\"elementor-text-editor elementor-clearfix\">\n\t\t\t\t<h1>L\u00ednea Amiga<\/h1>\t\t\t\t\t<\/div>\n\t\t\t\t\t\t<\/div>\n\t\t\t\t<\/div>\n\t\t\t\t<div class=\"elementor-element elementor-element-a40875f elementor-widget elementor-widget-text-editor\" data-id=\"a40875f\" data-element_type=\"widget\" data-widget_type=\"text-editor.default\">\n\t\t\t\t<div class=\"elementor-widget-container\">\n\t\t\t\t\t\t\t\t<div class=\"elementor-text-editor elementor-clearfix\">\n\t\t\t\t<h2>Ll\u00e1manos al 604 444 44 48 o al 106<\/h2>\t\t\t\t\t<\/div>\n\t\t\t\t\t\t<\/div>\n\t\t\t\t<\/div>\n\t\t<\/div><div class=\"elementor-element elementor-element-de6951f e-container--column e-container\" data-id=\"de6951f\" data-element_type=\"container\">\t\t\t\t<div class=\"elementor-element elementor-element-9e5000a elementor-widget elementor-widget-text-editor\" data-id=\"9e5000a\" data-element_type=\"widget\" data-widget_type=\"text-editor.default\">\n\t\t\t\t<div class=\"elementor-widget-container\">\n\t\t\t\t\t\t\t\t<div class=\"elementor-text-editor elementor-clearfix\">\n\t\t\t\t<p style=\"text-align: left;\">Todos los d\u00edas, las 24 horas estamos para escucharte.<\/p>\t\t\t\t\t<\/div>\n\t\t\t\t\t\t<\/div>\n\t\t\t\t<\/div>\n\t\t\t\t<div class=\"elementor-element elementor-element-96b455f elementor-tablet-align-left elementor-mobile-align-center elementor-widget elementor-widget-button\" data-id=\"96b455f\" data-element_type=\"widget\" data-widget_type=\"button.default\">\n\t\t\t\t<div class=\"elementor-widget-container\">\n\t\t\t\t\t<div class=\"elementor-button-wrapper\">\n\t\t\t<a href=\"https:\/\/www.medellin.gov.co\/es\/secretaria-de-salud\/linea-amiga\/\" target=\"_blank\" class=\"elementor-button-link elementor-button elementor-size-sm\" role=\"button\">\n\t\t\t\t\t\t<span class=\"elementor-button-content-wrapper\">\n\t\t\t\t\t\t<span class=\"elementor-button-text\">Conoce m\u00e1s<\/span>\n\t\t<\/span>\n\t\t\t\t\t<\/a>\n\t\t<\/div>\n\t\t\t\t<\/div>\n\t\t\t\t<\/div>\n\t\t<\/div><\/div>\t\t<section class=\"elementor-section elementor-top-section elementor-element elementor-element-1dc28c73 elementor-section-boxed elementor-section-height-default elementor-section-height-default\" data-id=\"1dc28c73\" data-element_type=\"section\">\n\t\t\t\t\t\t<div class=\"elementor-container elementor-column-gap-default\">\n\t\t\t\t\t\t\t<div class=\"elementor-row\">\n\t\t\t\t\t<div class=\"elementor-column elementor-col-100 elementor-top-column elementor-element elementor-element-e694280\" data-id=\"e694280\" data-element_type=\"column\">\n\t\t\t<div class=\"elementor-column-wrap elementor-element-populated\">\n\t\t\t\t\t\t\t<div class=\"elementor-widget-wrap\">\n\t\t\t\t\t\t<div class=\"elementor-element elementor-element-60de6bb4 elementor-widget elementor-widget-heading\" data-id=\"60de6bb4\" data-element_type=\"widget\" data-widget_type=\"heading.default\">\n\t\t\t\t<div class=\"elementor-widget-container\">\n\t\t\t<h2 class=\"elementor-heading-title elementor-size-default\"><b>Acciones estrat\u00e9gicas <\/b>de la Secretar\u00eda de Salud<\/h2>\t\t<\/div>\n\t\t\t\t<\/div>\n\t\t\t\t<div class=\"elementor-element elementor-element-4d935c38 elementor-widget elementor-widget-text-editor\" data-id=\"4d935c38\" data-element_type=\"widget\" data-widget_type=\"text-editor.default\">\n\t\t\t\t<div class=\"elementor-widget-container\">\n\t\t\t\t\t\t\t\t<div class=\"elementor-text-editor elementor-clearfix\">\n\t\t\t\t<p>Conoce las acciones estrat\u00e9gicas que ejecuta la Secretar\u00eda de Salud de Medell\u00edn<\/p>\t\t\t\t\t<\/div>\n\t\t\t\t\t\t<\/div>\n\t\t\t\t<\/div>\n\t\t\t\t<div class=\"elementor-element elementor-element-356cf7fe elementor-widget elementor-widget-html\" data-id=\"356cf7fe\" data-element_type=\"widget\" data-widget_type=\"html.default\">\n\t\t\t\t<div class=\"elementor-widget-container\">\n\t\t\t<div class=\"contendor_cads dosculum\">\r\n  <div class=\"carticas medd\">\r\n    <div class=\"grid\">\r\n      <div class=\"showcont\">\r\n        <p>\r\n          Nuestro programa bandera busca mejorar las condiciones de salud de la comunidad, llevando al territorio diferentes servicios de salud y actividades de promoci\u00f3n de la salud y prevenci\u00f3n de la enfermedad para brindar atenci\u00f3n integral a la poblaci\u00f3n en diferentes entornos y dimensiones de la salud p\u00fablica..\r\n        <\/p>\r\n      <\/div>\r\n\r\n      <!-- Imagen con hiperv\u00ednculo -->\r\n      <div class=\"imgcont\">\r\n        <a href=\"https:\/\/www.medellin.gov.co\/es\/secretaria-de-salud\/medellin-te-quiere-saludable\/\" target=\"_self\" aria-label=\"Ir a Medell\u00edn te quiere saludable\">\r\n          <img src=\"https:\/\/www.medellin.gov.co\/es\/wp-content\/uploads\/2021\/11\/unidad-de-informacion-para-la-gestion-documental.jpg\" alt=\"Programa Medell\u00edn te quiere saludable\">\r\n        <\/a>\r\n      <\/div>\r\n\r\n      <!-- T\u00edtulo con hiperv\u00ednculo -->\r\n      <a href=\"https:\/\/www.medellin.gov.co\/es\/secretaria-de-salud\/medellin-te-quiere-saludable\/\" target=\"_self\">\r\n        <h3 class=\"titulocart\" style=\"color: #007bff;\">Medell\u00edn te quiere saludable<\/h3>\r\n      <\/a>\r\n    <\/div>\r\n  <\/div>\r\n\r\n  <!-- Resto de tarjetas (sin cambios) -->\r\n  <div class=\"carticas medd\">\r\n    <div class=\"grid\">\r\n      <a href=\"https:\/\/www.medellin.gov.co\/es\/secretaria-de-salud\/vacunacion\/\" target=\"_self\">\r\n        <div class=\"showcont\">\r\n          <p>El Programa Ampliado de Inmunizaciones (PAI), obedece a una prioridad pol\u00edtica en salud p\u00fablica en favor de toda la poblaci\u00f3n.<\/p>\r\n        <\/div>\r\n      <\/a>\r\n      <div class=\"imgcont\">\r\n        <img src=\"https:\/\/www.medellin.gov.co\/es\/wp-content\/uploads\/2021\/09\/plan-de-inmunizacion-contra-el-covid.jpg\" alt=\"\">\r\n      <\/div>\r\n      <a href=\"https:\/\/www.medellin.gov.co\/es\/secretaria-de-salud\/vacunacion\/\" target=\"_self\">\r\n        <h3 class=\"titulocart\">Vacunaci\u00f3n en Medell\u00edn<\/h3>\r\n      <\/a>\r\n    <\/div>\r\n  <\/div>\r\n\r\n  <div class=\"carticas medd\">\r\n    <div class=\"grid\">\r\n      <a href=\"https:\/\/www.medellin.gov.co\/es\/secretaria-de-salud\/salud-mental\/\" target=\"_self\">\r\n        <div class=\"showcont\">\r\n          <p>La salud mental tiene que ver con la vida diaria, en la manera en que cada uno se relaciona con el otro, en la familia, en el trabajo, en el colegio y en la comunidad.<\/p>\r\n        <\/div>\r\n      <\/a>\r\n      <div class=\"imgcont\">\r\n        <img src=\"https:\/\/www.medellin.gov.co\/es\/wp-content\/uploads\/2021\/09\/promocion-de-la-salud-mental-desde-la-secretaria-de-la-salud.jpg\" alt=\"\">\r\n      <\/div>\r\n      <a href=\"https:\/\/www.medellin.gov.co\/es\/secretaria-de-salud\/salud-mental\/\" target=\"_self\">\r\n        <h3 class=\"titulocart\">Salud Mental<\/h3>\r\n      <\/a>\r\n    <\/div>\r\n  <\/div>\r\n\r\n  <div class=\"carticas medd\">\r\n    <div class=\"grid\">\r\n      <a href=\"https:\/\/www.medellin.gov.co\/rips\/Login.aspx\" target=\"_blank\" rel=\"noopener\">\r\n        <div class=\"showcont\">\r\n          <p>Accede a los Registros Individuales de Prestaci\u00f3n de Servicios de Salud de la Alcald\u00eda de Medell\u00edn<\/p>\r\n        <\/div>\r\n      <\/a>\r\n      <div class=\"imgcont\">\r\n        <img src=\"https:\/\/www.medellin.gov.co\/es\/wp-content\/uploads\/2023\/05\/RIPS-Salud.jpg\" alt=\"\">\r\n      <\/div>\r\n      <a href=\"https:\/\/www.medellin.gov.co\/rips\/Login.aspx\" target=\"_blank\" rel=\"noopener\">\r\n        <h3 class=\"titulocart\">RIPS Web<\/h3>\r\n      <\/a>\r\n<\/div>\t\t<\/div>\n\t\t\t\t<\/div>\n\t\t\t\t\t\t<\/div>\n\t\t\t\t\t<\/div>\n\t\t<\/div>\n\t\t\t\t\t\t\t\t<\/div>\n\t\t\t\t\t<\/div>\n\t\t<\/section>\n\t\t\t\t<section class=\"elementor-section elementor-top-section elementor-element elementor-element-d15918e elementor-section-full_width elementor-section-height-default elementor-section-height-default\" data-id=\"d15918e\" data-element_type=\"section\" data-settings=\"{&quot;background_background&quot;:&quot;classic&quot;}\">\n\t\t\t\t\t\t<div class=\"elementor-container elementor-column-gap-default\">\n\t\t\t\t\t\t\t<div class=\"elementor-row\">\n\t\t\t\t\t<div class=\"elementor-column elementor-col-100 elementor-top-column elementor-element elementor-element-d3854a6\" data-id=\"d3854a6\" data-element_type=\"column\">\n\t\t\t<div class=\"elementor-column-wrap elementor-element-populated\">\n\t\t\t\t\t\t\t<div class=\"elementor-widget-wrap\">\n\t\t\t\t\t\t<section class=\"elementor-section elementor-inner-section elementor-element elementor-element-f8c02d8 elementor-section-boxed elementor-section-height-default elementor-section-height-default\" data-id=\"f8c02d8\" data-element_type=\"section\">\n\t\t\t\t\t\t<div class=\"elementor-container elementor-column-gap-custom\">\n\t\t\t\t\t\t\t<div class=\"elementor-row\">\n\t\t\t\t\t<div class=\"elementor-column elementor-col-50 elementor-inner-column elementor-element elementor-element-5c5746b\" data-id=\"5c5746b\" data-element_type=\"column\">\n\t\t\t<div class=\"elementor-column-wrap elementor-element-populated\">\n\t\t\t\t\t\t\t<div class=\"elementor-widget-wrap\">\n\t\t\t\t\t\t<div class=\"elementor-element elementor-element-a137918 elementor-widget elementor-widget-html\" data-id=\"a137918\" data-element_type=\"widget\" data-widget_type=\"html.default\">\n\t\t\t\t<div class=\"elementor-widget-container\">\n\t\t\t<div class=\"content-cinta-title-lin-all\">\n <h1 class=\"h1-cinta-naranja-lin\">Plan Territorial de Salud <\/h1>\n <h3 class=\"h3-cinta-azul2-lin\">de Medell\u00edn 2024 - 2027<\/h3>\n<\/div>\n<style>\n.content-cinta-title-lin-all {\n    margin: auto;\n    display: grid;\n    justify-items: end;\n}\n.h1-cinta-naranja-lin {\n  color: #FF8803;\n  font-family: \"Work Sans\", Sans-serif;\n  font-size: 46px !important;\n  line-height: 48px !important;\n  text-align: right;\n}\n.h3-cinta-azul2-lin {\n color: #004484;\n font-family: \"Work Sans\", Sans-serif;\n font-size: 27px !important;\n line-height: 1 !important;\n}\n\n@media screen and (min-width:768px) {\n    .h1-cinta-naranja-lin {\n        font-size: 50px !important;\n    }\n    \n    .h3-cinta-azul2-lin {\n        font-size: 34px !important;\n    }\n}\n@media screen and (min-width:1024px) {\n    .h1-cinta-naranja-lin {\n        font-size: 60px !important;\n    }\n    \n    .h3-cinta-azul2-lin {\n        font-size: 40px !important;\n    }\n}\n<\/style>\t\t<\/div>\n\t\t\t\t<\/div>\n\t\t\t\t\t\t<\/div>\n\t\t\t\t\t<\/div>\n\t\t<\/div>\n\t\t\t\t<div class=\"elementor-column elementor-col-50 elementor-inner-column elementor-element elementor-element-83e7fe7\" data-id=\"83e7fe7\" data-element_type=\"column\">\n\t\t\t<div class=\"elementor-column-wrap elementor-element-populated\">\n\t\t\t\t\t\t\t<div class=\"elementor-widget-wrap\">\n\t\t\t\t\t\t<div class=\"elementor-element elementor-element-54506f1 elementor-widget elementor-widget-text-editor\" data-id=\"54506f1\" data-element_type=\"widget\" data-widget_type=\"text-editor.default\">\n\t\t\t\t<div class=\"elementor-widget-container\">\n\t\t\t\t\t\t\t\t<div class=\"elementor-text-editor elementor-clearfix\">\n\t\t\t\t<p style=\"text-align: left;\">Accede aqu\u00ed al documento que re\u00fane nuestro Plan Territorial de Salud 2024 -2027 \u201cSalud para el bienestar f\u00edsico y mental\u201d.<\/p>\t\t\t\t\t<\/div>\n\t\t\t\t\t\t<\/div>\n\t\t\t\t<\/div>\n\t\t\t\t<div class=\"elementor-element elementor-element-379260f elementor-tablet-align-left elementor-mobile-align-center elementor-widget elementor-widget-button\" data-id=\"379260f\" data-element_type=\"widget\" data-widget_type=\"button.default\">\n\t\t\t\t<div class=\"elementor-widget-container\">\n\t\t\t\t\t<div class=\"elementor-button-wrapper\">\n\t\t\t<a href=\"https:\/\/www.medellin.gov.co\/es\/secretaria-de-salud\/que-hacemos\/plan-territorial-en-salud\/\" target=\"_blank\" class=\"elementor-button-link elementor-button elementor-size-sm\" role=\"button\">\n\t\t\t\t\t\t<span class=\"elementor-button-content-wrapper\">\n\t\t\t\t\t\t<span class=\"elementor-button-text\">Conoce m\u00e1s<\/span>\n\t\t<\/span>\n\t\t\t\t\t<\/a>\n\t\t<\/div>\n\t\t\t\t<\/div>\n\t\t\t\t<\/div>\n\t\t\t\t\t\t<\/div>\n\t\t\t\t\t<\/div>\n\t\t<\/div>\n\t\t\t\t\t\t\t\t<\/div>\n\t\t\t\t\t<\/div>\n\t\t<\/section>\n\t\t\t\t\t\t<\/div>\n\t\t\t\t\t<\/div>\n\t\t<\/div>\n\t\t\t\t\t\t\t\t<\/div>\n\t\t\t\t\t<\/div>\n\t\t<\/section>\n\t\t\t\t<section class=\"elementor-section elementor-top-section elementor-element elementor-element-28fa259e elementor-section-boxed elementor-section-height-default elementor-section-height-default\" data-id=\"28fa259e\" data-element_type=\"section\">\n\t\t\t\t\t\t<div class=\"elementor-container elementor-column-gap-default\">\n\t\t\t\t\t\t\t<div class=\"elementor-row\">\n\t\t\t\t\t<div class=\"elementor-column elementor-col-100 elementor-top-column elementor-element elementor-element-19cf2bd0\" data-id=\"19cf2bd0\" data-element_type=\"column\">\n\t\t\t<div class=\"elementor-column-wrap elementor-element-populated\">\n\t\t\t\t\t\t\t<div class=\"elementor-widget-wrap\">\n\t\t\t\t\t\t<div class=\"elementor-element elementor-element-9be37df elementor-widget elementor-widget-titulo-con-link\" data-id=\"9be37df\" data-element_type=\"widget\" data-widget_type=\"titulo-con-link.default\">\n\t\t\t\t<div class=\"elementor-widget-container\">\n\t\t\t        <div class=\"heading-container\">\n            <div class=\"heading-title\">\n                <h2 class=\"elementor-heading-title elementor-size-default\"><a href=\"https:\/\/www.medellin.gov.co\/es\/programas-y-proyectos\/?_sft_category=secretaria-de-salud\"><b>Programas y Proyectos <\/b>de la Secretar\u00eda de Salud<\/a><\/h2>            <\/div>\n            <div class=\"heading-links\">\n                <ul>\n                                            <li>\n                            <a href=\"https:\/\/www.medellin.gov.co\/es\/programas-y-proyectos\/?_sft_category=secretaria-de-salud\">\n                                                                 Ver todos los programas y proyectos                            <\/a>\n                        <\/li>\n                                    <\/ul>\n            <\/div>\n        <\/div>\n        \t\t<\/div>\n\t\t\t\t<\/div>\n\t\t\t\t<div class=\"elementor-element elementor-element-242ac1c4 elementor-widget elementor-widget-text-editor\" data-id=\"242ac1c4\" data-element_type=\"widget\" data-widget_type=\"text-editor.default\">\n\t\t\t\t<div class=\"elementor-widget-container\">\n\t\t\t\t\t\t\t\t<div class=\"elementor-text-editor elementor-clearfix\">\n\t\t\t\t<p>Ent\u00e9rate de todos los Programas y Proyectos de la Secretar\u00eda de la Salud y mantente al tanto de lo que acontece con nuestro Plan de Desarrollo de Medell\u00edn.<\/p>\t\t\t\t\t<\/div>\n\t\t\t\t\t\t<\/div>\n\t\t\t\t<\/div>\n\t\t\t\t\t\t<\/div>\n\t\t\t\t\t<\/div>\n\t\t<\/div>\n\t\t\t\t\t\t\t\t<\/div>\n\t\t\t\t\t<\/div>\n\t\t<\/section>\n\t\t<div class=\"elementor-element elementor-element-98dbc7b e-container--column e-container\" data-id=\"98dbc7b\" data-element_type=\"container\">\t\t\t\t<div class=\"elementor-element elementor-element-4aed93b elementor-grid-4 pp-posts-thumbnail-ratio elementor-grid-tablet-2 elementor-grid-mobile-1 elementor-widget elementor-widget-pp-posts\" data-id=\"4aed93b\" data-element_type=\"widget\" data-settings=\"{&quot;classic_center_mode&quot;:&quot;yes&quot;}\" data-widget_type=\"pp-posts.classic\">\n\t\t\t\t<div class=\"elementor-widget-container\">\n\t\t\t\t\t<div class=\"pp-posts-container swiper-container-wrap swiper-container-wrap-dots-inside\">\n\t\t\t\n\t\t\t\n\t\t\t<div class=\"pp-posts pp-posts-skin-classic pp-posts-carousel pp-swiper-slider swiper-container\" data-query-type=\"custom\" data-layout=\"carousel\" data-page=\"17118\" data-skin=\"classic\" data-slider-settings=\"{&quot;direction&quot;:&quot;horizontal&quot;,&quot;speed&quot;:600,&quot;slidesPerView&quot;:4,&quot;autoHeight&quot;:true,&quot;watchSlidesVisibility&quot;:true,&quot;centeredSlides&quot;:true,&quot;loop&quot;:true,&quot;autoplay&quot;:{&quot;delay&quot;:999999,&quot;pauseOnHover&quot;:true,&quot;disableOnInteraction&quot;:true},&quot;pagination&quot;:{&quot;el&quot;:&quot;.swiper-pagination-classic&quot;,&quot;clickable&quot;:true},&quot;navigation&quot;:{&quot;nextEl&quot;:&quot;.swiper-button-next-4aed93b&quot;,&quot;prevEl&quot;:&quot;.swiper-button-prev-4aed93b&quot;},&quot;breakpoints&quot;:{&quot;1025&quot;:{&quot;slidesPerView&quot;:4},&quot;768&quot;:{&quot;slidesPerView&quot;:2},&quot;320&quot;:{&quot;slidesPerView&quot;:1}}}\">\n\t\t\t\t<div class=\"swiper-wrapper\">\t\t\t\t\t\t\t<div class=\"pp-post-wrap pp-carousel-item-wrap swiper-slide post-149426 proyectos type-proyectos status-publish has-post-thumbnail hentry category-secretaria-de-salud tag-bienestar tag-medellin-te-quiere-saludable tag-salud\">\n\t\t\t\t\t\t<div class=\"pp-post pp-carousel-item\">\n\t\t\t\t\n\t\t\t\t\n\t\t\t\t<div class=\"pp-post-content\">\n\t\t\t\t\t\t\t<div class=\"pp-post-thumbnail\">\n\t\t\t<div class=\"pp-post-thumbnail-wrap\">\n\t\t\t\t<a href=\"https:\/\/www.medellin.gov.co\/es\/proyectos\/programa-ampliado-de-inmunizaciones-pai\/\"><img width=\"1024\" height=\"768\" src=\"https:\/\/www.medellin.gov.co\/es\/wp-content\/uploads\/2021\/09\/plan-de-inmunizacion-contra-el-covid.jpg\" class=\"attachment-full size-full\" alt=\"Plan de inmunizaci\u00f3n contra el Covid\" loading=\"lazy\" \/><\/a>\t\t\t<\/div>\n\t\t<\/div>\n\t\t\t\t\t\t<div class=\"pp-post-terms-wrap\">\n\t\t\t<span class=\"pp-post-terms\">\n\t\t\t\t<span class=\"pp-post-term\"><a href=\"https:\/\/www.medellin.gov.co\/es\/categoria\/secretaria-de-salud\/\">Secretar\u00eda de Salud<\/a><\/span>\t\t\t<\/span>\n\t\t<\/div>\n\t\t\t\t\t\t\t\t\t\t<h2 class=\"pp-post-title\">\n\t\t\t\t<a href=\"https:\/\/www.medellin.gov.co\/es\/proyectos\/programa-ampliado-de-inmunizaciones-pai\/\">Programa Ampliado de Inmunizaciones (PAI)<\/a>\t\t\t<\/h2>\n\t\t\t\t\t\t\t<a class=\"pp-posts-button elementor-button elementor-size-sm\" href=\"https:\/\/www.medellin.gov.co\/es\/proyectos\/programa-ampliado-de-inmunizaciones-pai\/\">\n\t\t\t\t\t\t\t\t\t\t<span class=\"pp-button-text\">\n\t\t\t\t\tConoce m\u00e1s\t\t\t\t<\/span>\n\t\t\t\t\t\t\t\t\t<span class=\"pp-button-icon elementor-button-icon elementor-align-icon-right\">\n\t\t\t\t\t\t\t<\/span>\n\t\t\t\t\t<\/a>\n\t\t\t\t\t\t\t\t<\/div>\n\n\t\t\t\t\t\t\t<\/div>\n\t\t\t\t\t<\/div>\n\t\t\t\t<div class=\"pp-post-wrap pp-carousel-item-wrap swiper-slide post-109186 proyectos type-proyectos status-publish has-post-thumbnail hentry category-secretaria-de-salud tag-bienestar tag-salud\">\n\t\t\t\t\t\t<div class=\"pp-post pp-carousel-item\">\n\t\t\t\t\n\t\t\t\t\n\t\t\t\t<div class=\"pp-post-content\">\n\t\t\t\t\t\t\t<div class=\"pp-post-thumbnail\">\n\t\t\t<div class=\"pp-post-thumbnail-wrap\">\n\t\t\t\t<a href=\"https:\/\/www.medellin.gov.co\/es\/proyectos\/estilos-de-vida-saludables\/\"><img width=\"1280\" height=\"853\" src=\"https:\/\/www.medellin.gov.co\/es\/wp-content\/uploads\/2022\/09\/Imagen-Estilos-de-vida-saludable.jpg\" class=\"attachment-full size-full\" alt=\"Imagen Estilos de vida saludable\" loading=\"lazy\" \/><\/a>\t\t\t<\/div>\n\t\t<\/div>\n\t\t\t\t\t\t<div class=\"pp-post-terms-wrap\">\n\t\t\t<span class=\"pp-post-terms\">\n\t\t\t\t<span class=\"pp-post-term\"><a href=\"https:\/\/www.medellin.gov.co\/es\/categoria\/secretaria-de-salud\/\">Secretar\u00eda de Salud<\/a><\/span>\t\t\t<\/span>\n\t\t<\/div>\n\t\t\t\t\t\t\t\t\t\t<h2 class=\"pp-post-title\">\n\t\t\t\t<a href=\"https:\/\/www.medellin.gov.co\/es\/proyectos\/estilos-de-vida-saludables\/\">Estilos de Vida Saludables<\/a>\t\t\t<\/h2>\n\t\t\t\t\t\t\t<a class=\"pp-posts-button elementor-button elementor-size-sm\" href=\"https:\/\/www.medellin.gov.co\/es\/proyectos\/estilos-de-vida-saludables\/\">\n\t\t\t\t\t\t\t\t\t\t<span class=\"pp-button-text\">\n\t\t\t\t\tConoce m\u00e1s\t\t\t\t<\/span>\n\t\t\t\t\t\t\t\t\t<span class=\"pp-button-icon elementor-button-icon elementor-align-icon-right\">\n\t\t\t\t\t\t\t<\/span>\n\t\t\t\t\t<\/a>\n\t\t\t\t\t\t\t\t<\/div>\n\n\t\t\t\t\t\t\t<\/div>\n\t\t\t\t\t<\/div>\n\t\t\t\t<div class=\"pp-post-wrap pp-carousel-item-wrap swiper-slide post-44173 proyectos type-proyectos status-publish has-post-thumbnail hentry category-secretaria-de-salud tag-proyectos tag-salud programas_tax-infraestructura_equipamientos_y_acceso_a_los_servicios_de_salud\">\n\t\t\t\t\t\t<div class=\"pp-post pp-carousel-item\">\n\t\t\t\t\n\t\t\t\t\n\t\t\t\t<div class=\"pp-post-content\">\n\t\t\t\t\t\t\t<div class=\"pp-post-thumbnail\">\n\t\t\t<div class=\"pp-post-thumbnail-wrap\">\n\t\t\t\t<a href=\"https:\/\/www.medellin.gov.co\/es\/proyectos\/mejoramiento-de-la-calidad-en-la-prestacion-de-los-servicios-de-salud\/\"><img width=\"1200\" height=\"800\" src=\"https:\/\/www.medellin.gov.co\/es\/wp-content\/uploads\/2021\/11\/servicio-de-urgencias-1.jpg\" class=\"attachment-full size-full\" alt=\"Servicio de urgencias\" loading=\"lazy\" \/><\/a>\t\t\t<\/div>\n\t\t<\/div>\n\t\t\t\t\t\t<div class=\"pp-post-terms-wrap\">\n\t\t\t<span class=\"pp-post-terms\">\n\t\t\t\t<span class=\"pp-post-term\"><a href=\"https:\/\/www.medellin.gov.co\/es\/categoria\/secretaria-de-salud\/\">Secretar\u00eda de Salud<\/a><\/span>\t\t\t<\/span>\n\t\t<\/div>\n\t\t\t\t\t\t\t\t\t\t<h2 class=\"pp-post-title\">\n\t\t\t\t<a href=\"https:\/\/www.medellin.gov.co\/es\/proyectos\/mejoramiento-de-la-calidad-en-la-prestacion-de-los-servicios-de-salud\/\">Mejoramiento de la Calidad en la Prestaci\u00f3n de los Servicios de Salud<\/a>\t\t\t<\/h2>\n\t\t\t\t\t\t\t<a class=\"pp-posts-button elementor-button elementor-size-sm\" href=\"https:\/\/www.medellin.gov.co\/es\/proyectos\/mejoramiento-de-la-calidad-en-la-prestacion-de-los-servicios-de-salud\/\">\n\t\t\t\t\t\t\t\t\t\t<span class=\"pp-button-text\">\n\t\t\t\t\tConoce m\u00e1s\t\t\t\t<\/span>\n\t\t\t\t\t\t\t\t\t<span class=\"pp-button-icon elementor-button-icon elementor-align-icon-right\">\n\t\t\t\t\t\t\t<\/span>\n\t\t\t\t\t<\/a>\n\t\t\t\t\t\t\t\t<\/div>\n\n\t\t\t\t\t\t\t<\/div>\n\t\t\t\t\t<\/div>\n\t\t\t\t<div class=\"pp-post-wrap pp-carousel-item-wrap swiper-slide post-44174 proyectos type-proyectos status-publish has-post-thumbnail hentry category-secretaria-de-salud tag-proyectos tag-salud programas_tax-infraestructura_equipamientos_y_acceso_a_los_servicios_de_salud\">\n\t\t\t\t\t\t<div class=\"pp-post pp-carousel-item\">\n\t\t\t\t\n\t\t\t\t\n\t\t\t\t<div class=\"pp-post-content\">\n\t\t\t\t\t\t\t<div class=\"pp-post-thumbnail\">\n\t\t\t<div class=\"pp-post-thumbnail-wrap\">\n\t\t\t\t<a href=\"https:\/\/www.medellin.gov.co\/es\/proyectos\/fortalecimiento-del-sistema-de-emergencias-medicas\/\"><img width=\"1200\" height=\"899\" src=\"https:\/\/www.medellin.gov.co\/es\/wp-content\/uploads\/2022\/01\/sistema-de-emergencias.jpg\" class=\"attachment-full size-full\" alt=\"Emergencias M\u00e9dicas\" loading=\"lazy\" \/><\/a>\t\t\t<\/div>\n\t\t<\/div>\n\t\t\t\t\t\t<div class=\"pp-post-terms-wrap\">\n\t\t\t<span class=\"pp-post-terms\">\n\t\t\t\t<span class=\"pp-post-term\"><a href=\"https:\/\/www.medellin.gov.co\/es\/categoria\/secretaria-de-salud\/\">Secretar\u00eda de Salud<\/a><\/span>\t\t\t<\/span>\n\t\t<\/div>\n\t\t\t\t\t\t\t\t\t\t<h2 class=\"pp-post-title\">\n\t\t\t\t<a href=\"https:\/\/www.medellin.gov.co\/es\/proyectos\/fortalecimiento-del-sistema-de-emergencias-medicas\/\">Fortalecimiento del Sistema de Emergencias M\u00e9dicas<\/a>\t\t\t<\/h2>\n\t\t\t\t\t\t\t<a class=\"pp-posts-button elementor-button elementor-size-sm\" href=\"https:\/\/www.medellin.gov.co\/es\/proyectos\/fortalecimiento-del-sistema-de-emergencias-medicas\/\">\n\t\t\t\t\t\t\t\t\t\t<span class=\"pp-button-text\">\n\t\t\t\t\tConoce m\u00e1s\t\t\t\t<\/span>\n\t\t\t\t\t\t\t\t\t<span class=\"pp-button-icon elementor-button-icon elementor-align-icon-right\">\n\t\t\t\t\t\t\t<\/span>\n\t\t\t\t\t<\/a>\n\t\t\t\t\t\t\t\t<\/div>\n\n\t\t\t\t\t\t\t<\/div>\n\t\t\t\t\t<\/div>\n\t\t\t\t<div class=\"pp-post-wrap pp-carousel-item-wrap swiper-slide post-44180 proyectos type-proyectos status-publish has-post-thumbnail hentry category-secretaria-de-desarrollo-economico category-secretaria-de-educacion category-secretaria-de-la-juventud category-secretaria-de-salud tag-conglomerado-publico-entes-descentralizados tag-medellin-te-quiere-saludable tag-movilizacion tag-proyectos tag-salud\">\n\t\t\t\t\t\t<div class=\"pp-post pp-carousel-item\">\n\t\t\t\t\n\t\t\t\t\n\t\t\t\t<div class=\"pp-post-content\">\n\t\t\t\t\t\t\t<div class=\"pp-post-thumbnail\">\n\t\t\t<div class=\"pp-post-thumbnail-wrap\">\n\t\t\t\t<a href=\"https:\/\/www.medellin.gov.co\/es\/proyectos\/conexiones-proyecto-de-vida-juventudes\/\"><img width=\"853\" height=\"416\" src=\"https:\/\/www.medellin.gov.co\/es\/wp-content\/uploads\/2021\/08\/personas-juventud.jpg\" class=\"attachment-full size-full\" alt=\"Personas juventud\" loading=\"lazy\" \/><\/a>\t\t\t<\/div>\n\t\t<\/div>\n\t\t\t\t\t\t<div class=\"pp-post-terms-wrap\">\n\t\t\t<span class=\"pp-post-terms\">\n\t\t\t\t<span class=\"pp-post-term\"><a href=\"https:\/\/www.medellin.gov.co\/es\/categoria\/secretaria-de-desarrollo-economico\/\">Secretar\u00eda de Desarrollo Econ\u00f3mico<\/a><\/span>\t\t\t<\/span>\n\t\t<\/div>\n\t\t\t\t\t\t\t\t\t\t<h2 class=\"pp-post-title\">\n\t\t\t\t<a href=\"https:\/\/www.medellin.gov.co\/es\/proyectos\/conexiones-proyecto-de-vida-juventudes\/\">Conexiones para el desarrollo del proyecto de vida de las juventudes<\/a>\t\t\t<\/h2>\n\t\t\t\t\t\t\t<a class=\"pp-posts-button elementor-button elementor-size-sm\" href=\"https:\/\/www.medellin.gov.co\/es\/proyectos\/conexiones-proyecto-de-vida-juventudes\/\">\n\t\t\t\t\t\t\t\t\t\t<span class=\"pp-button-text\">\n\t\t\t\t\tConoce m\u00e1s\t\t\t\t<\/span>\n\t\t\t\t\t\t\t\t\t<span class=\"pp-button-icon elementor-button-icon elementor-align-icon-right\">\n\t\t\t\t\t\t\t<\/span>\n\t\t\t\t\t<\/a>\n\t\t\t\t\t\t\t\t<\/div>\n\n\t\t\t\t\t\t\t<\/div>\n\t\t\t\t\t<\/div>\n\t\t\t\t<div class=\"pp-post-wrap pp-carousel-item-wrap swiper-slide post-44171 proyectos type-proyectos status-publish has-post-thumbnail hentry category-secretaria-de-salud tag-proyectos tag-salud programas_tax-infraestructura_equipamientos_y_acceso_a_los_servicios_de_salud\">\n\t\t\t\t\t\t<div class=\"pp-post pp-carousel-item\">\n\t\t\t\t\n\t\t\t\t\n\t\t\t\t<div class=\"pp-post-content\">\n\t\t\t\t\t\t\t<div class=\"pp-post-thumbnail\">\n\t\t\t<div class=\"pp-post-thumbnail-wrap\">\n\t\t\t\t<a href=\"https:\/\/www.medellin.gov.co\/es\/proyectos\/desarrollo-de-estrategias-de-promocion-de-la-afiliacion-al-sistema-general-de-seguridad-social\/\"><img width=\"1200\" height=\"798\" src=\"https:\/\/www.medellin.gov.co\/es\/wp-content\/uploads\/2021\/11\/servicios-amigables-para-jovenes.jpg\" class=\"attachment-full size-full\" alt=\"Servicios amigables para j\u00f3venes\" loading=\"lazy\" \/><\/a>\t\t\t<\/div>\n\t\t<\/div>\n\t\t\t\t\t\t<div class=\"pp-post-terms-wrap\">\n\t\t\t<span class=\"pp-post-terms\">\n\t\t\t\t<span class=\"pp-post-term\"><a href=\"https:\/\/www.medellin.gov.co\/es\/categoria\/secretaria-de-salud\/\">Secretar\u00eda de Salud<\/a><\/span>\t\t\t<\/span>\n\t\t<\/div>\n\t\t\t\t\t\t\t\t\t\t<h2 class=\"pp-post-title\">\n\t\t\t\t<a href=\"https:\/\/www.medellin.gov.co\/es\/proyectos\/desarrollo-de-estrategias-de-promocion-de-la-afiliacion-al-sistema-general-de-seguridad-social\/\">Desarrollo de Estrategias de Promoci\u00f3n de la Afiliaci\u00f3n al Sistema General de Seguridad Social<\/a>\t\t\t<\/h2>\n\t\t\t\t\t\t\t<a class=\"pp-posts-button elementor-button elementor-size-sm\" href=\"https:\/\/www.medellin.gov.co\/es\/proyectos\/desarrollo-de-estrategias-de-promocion-de-la-afiliacion-al-sistema-general-de-seguridad-social\/\">\n\t\t\t\t\t\t\t\t\t\t<span class=\"pp-button-text\">\n\t\t\t\t\tConoce m\u00e1s\t\t\t\t<\/span>\n\t\t\t\t\t\t\t\t\t<span class=\"pp-button-icon elementor-button-icon elementor-align-icon-right\">\n\t\t\t\t\t\t\t<\/span>\n\t\t\t\t\t<\/a>\n\t\t\t\t\t\t\t\t<\/div>\n\n\t\t\t\t\t\t\t<\/div>\n\t\t\t\t\t<\/div>\n\t\t\t\t\t\t<\/div>\t\t\t<\/div>\n\t\t\t\t\t\t<!-- Add Pagination -->\n\t\t\t<div class=\"swiper-pagination swiper-pagination-4aed93b\"><\/div>\n\t\t\t\t\t\t\t<div class=\"pp-slider-arrow swiper-button-prev swiper-button-prev-4aed93b\">\n\t\t\t\t\t<i aria-hidden=\"true\" class=\"fas fa-angle-left\"><\/i>\t\t\t\t<\/div>\n\t\t\t\t<div class=\"pp-slider-arrow swiper-button-next swiper-button-next-4aed93b\">\n\t\t\t\t\t<i aria-hidden=\"true\" class=\"fas fa-angle-right\"><\/i>\t\t\t\t<\/div>\n\t\t\t\n\t\t\t\n\t\t\t\n\t\t\t\n\t\t\t\t\t<\/div>\n\n\t\t\n\t\t\t\t<\/div>\n\t\t\t\t<\/div>\n\t\t<\/div>\t\t<section class=\"elementor-section elementor-top-section elementor-element elementor-element-ad04cbd elementor-section-full_width elementor-section-height-default elementor-section-height-default\" data-id=\"ad04cbd\" data-element_type=\"section\" data-settings=\"{&quot;background_background&quot;:&quot;classic&quot;}\">\n\t\t\t\t\t\t<div class=\"elementor-container elementor-column-gap-default\">\n\t\t\t\t\t\t\t<div class=\"elementor-row\">\n\t\t\t\t\t<div class=\"elementor-column elementor-col-100 elementor-top-column elementor-element elementor-element-d712f5f\" data-id=\"d712f5f\" data-element_type=\"column\">\n\t\t\t<div class=\"elementor-column-wrap elementor-element-populated\">\n\t\t\t\t\t\t\t<div class=\"elementor-widget-wrap\">\n\t\t\t\t\t\t<section class=\"elementor-section elementor-inner-section elementor-element elementor-element-c8293cc elementor-section-boxed elementor-section-height-default elementor-section-height-default\" data-id=\"c8293cc\" data-element_type=\"section\">\n\t\t\t\t\t\t<div class=\"elementor-container elementor-column-gap-custom\">\n\t\t\t\t\t\t\t<div class=\"elementor-row\">\n\t\t\t\t\t<div class=\"elementor-column elementor-col-50 elementor-inner-column elementor-element elementor-element-5da5f22\" data-id=\"5da5f22\" data-element_type=\"column\">\n\t\t\t<div class=\"elementor-column-wrap elementor-element-populated\">\n\t\t\t\t\t\t\t<div class=\"elementor-widget-wrap\">\n\t\t\t\t\t\t<div class=\"elementor-element elementor-element-5c62db6 elementor-widget elementor-widget-html\" data-id=\"5c62db6\" data-element_type=\"widget\" data-widget_type=\"html.default\">\n\t\t\t\t<div class=\"elementor-widget-container\">\n\t\t\t<div class=\"content-cinta-title-lin-all\">\n <h1 class=\"h1-cinta-naranja-lin\">Prevenci\u00f3n del embarazo<\/h1>\n <h3 class=\"h3-cinta-azul2-lin\">adolescente (PREA)<\/h3>\n<\/div>\n<style>\n.content-cinta-title-lin-all {\n    margin: auto;\n    display: grid;\n    justify-items: end;\n}\n.h1-cinta-naranja-lin {\n  color: #FF8803;\n  font-family: \"Work Sans\", Sans-serif;\n  font-size: 46px !important;\n  line-height: 48px !important;\n  text-align: right;\n}\n.h3-cinta-azul2-lin {\n color: #004484;\n font-family: \"Work Sans\", Sans-serif;\n font-size: 27px !important;\n line-height: 1 !important;\n}\n\n@media screen and (min-width:768px) {\n    .h1-cinta-naranja-lin {\n        font-size: 50px !important;\n    }\n    \n    .h3-cinta-azul2-lin {\n        font-size: 34px !important;\n    }\n}\n@media screen and (min-width:1024px) {\n    .h1-cinta-naranja-lin {\n        font-size: 60px !important;\n    }\n    \n    .h3-cinta-azul2-lin {\n        font-size: 40px !important;\n    }\n}\n<\/style>\t\t<\/div>\n\t\t\t\t<\/div>\n\t\t\t\t\t\t<\/div>\n\t\t\t\t\t<\/div>\n\t\t<\/div>\n\t\t\t\t<div class=\"elementor-column elementor-col-50 elementor-inner-column elementor-element elementor-element-1fdaa63\" data-id=\"1fdaa63\" data-element_type=\"column\">\n\t\t\t<div class=\"elementor-column-wrap elementor-element-populated\">\n\t\t\t\t\t\t\t<div class=\"elementor-widget-wrap\">\n\t\t\t\t\t\t<div class=\"elementor-element elementor-element-24f64fb elementor-widget elementor-widget-text-editor\" data-id=\"24f64fb\" data-element_type=\"widget\" data-widget_type=\"text-editor.default\">\n\t\t\t\t<div class=\"elementor-widget-container\">\n\t\t\t\t\t\t\t\t<div class=\"elementor-text-editor elementor-clearfix\">\n\t\t\t\t<p style=\"text-align: left;\">Encuentra aqu\u00ed todo lo relacionado con el embarazo adolescente: algunas palabras claves, sus causas, efectos y algunas opciones para evitarlo.<\/p>\t\t\t\t\t<\/div>\n\t\t\t\t\t\t<\/div>\n\t\t\t\t<\/div>\n\t\t\t\t<div class=\"elementor-element elementor-element-42128b7 elementor-tablet-align-left elementor-mobile-align-center elementor-widget elementor-widget-button\" data-id=\"42128b7\" data-element_type=\"widget\" data-widget_type=\"button.default\">\n\t\t\t\t<div class=\"elementor-widget-container\">\n\t\t\t\t\t<div class=\"elementor-button-wrapper\">\n\t\t\t<a href=\"https:\/\/www.medellin.gov.co\/es\/secretaria-de-salud\/prevencion-de-embarazo-adolescente\/\" target=\"_blank\" class=\"elementor-button-link elementor-button elementor-size-sm\" role=\"button\">\n\t\t\t\t\t\t<span class=\"elementor-button-content-wrapper\">\n\t\t\t\t\t\t<span class=\"elementor-button-text\">Conoce m\u00e1s<\/span>\n\t\t<\/span>\n\t\t\t\t\t<\/a>\n\t\t<\/div>\n\t\t\t\t<\/div>\n\t\t\t\t<\/div>\n\t\t\t\t\t\t<\/div>\n\t\t\t\t\t<\/div>\n\t\t<\/div>\n\t\t\t\t\t\t\t\t<\/div>\n\t\t\t\t\t<\/div>\n\t\t<\/section>\n\t\t\t\t\t\t<\/div>\n\t\t\t\t\t<\/div>\n\t\t<\/div>\n\t\t\t\t\t\t\t\t<\/div>\n\t\t\t\t\t<\/div>\n\t\t<\/section>\n\t\t\t\t<section class=\"elementor-section elementor-top-section elementor-element elementor-element-9dc790f elementor-section-boxed elementor-section-height-default elementor-section-height-default\" data-id=\"9dc790f\" data-element_type=\"section\">\n\t\t\t\t\t\t<div class=\"elementor-container elementor-column-gap-default\">\n\t\t\t\t\t\t\t<div class=\"elementor-row\">\n\t\t\t\t\t<div class=\"elementor-column elementor-col-100 elementor-top-column elementor-element elementor-element-80ce956\" data-id=\"80ce956\" data-element_type=\"column\">\n\t\t\t<div class=\"elementor-column-wrap elementor-element-populated\">\n\t\t\t\t\t\t\t<div class=\"elementor-widget-wrap\">\n\t\t\t\t\t\t<div class=\"elementor-element elementor-element-e1f141f elementor-widget elementor-widget-heading\" data-id=\"e1f141f\" data-element_type=\"widget\" data-widget_type=\"heading.default\">\n\t\t\t\t<div class=\"elementor-widget-container\">\n\t\t\t<h3 class=\"elementor-heading-title elementor-size-default\"><b>Rendici\u00f3n de cuentas <\/b>Secretar\u00eda de Salud de Medell\u00edn 2025<\/h3>\t\t<\/div>\n\t\t\t\t<\/div>\n\t\t\t\t\t\t<\/div>\n\t\t\t\t\t<\/div>\n\t\t<\/div>\n\t\t\t\t\t\t\t\t<\/div>\n\t\t\t\t\t<\/div>\n\t\t<\/section>\n\t\t\t\t<section class=\"elementor-section elementor-top-section elementor-element elementor-element-7279676 elementor-section-boxed elementor-section-height-default elementor-section-height-default\" data-id=\"7279676\" data-element_type=\"section\">\n\t\t\t\t\t\t<div class=\"elementor-container elementor-column-gap-default\">\n\t\t\t\t\t\t\t<div class=\"elementor-row\">\n\t\t\t\t\t<div class=\"elementor-column elementor-col-100 elementor-top-column elementor-element elementor-element-78495e0\" data-id=\"78495e0\" data-element_type=\"column\">\n\t\t\t<div class=\"elementor-column-wrap elementor-element-populated\">\n\t\t\t\t\t\t\t<div class=\"elementor-widget-wrap\">\n\t\t\t\t<div class=\"elementor-element elementor-element-20b485c e-container--column e-container\" data-id=\"20b485c\" data-element_type=\"container\">\t\t<div class=\"elementor-element elementor-element-b48dc9d e-container--column e-container\" data-id=\"b48dc9d\" data-element_type=\"container\">\t\t<div class=\"elementor-element elementor-element-b700424 e-container--column e-container\" data-id=\"b700424\" data-element_type=\"container\">\t\t\t\t<div class=\"elementor-element elementor-element-11f52a2 elementor-widget elementor-widget-image\" data-id=\"11f52a2\" data-element_type=\"widget\" data-widget_type=\"image.default\">\n\t\t\t\t<div class=\"elementor-widget-container\">\n\t\t\t\t\t\t\t\t<div class=\"elementor-image\">\n\t\t\t\t\t\t\t\t\t\t\t\t<img width=\"1024\" height=\"682\" src=\"https:\/\/www.medellin.gov.co\/es\/wp-content\/uploads\/2024\/12\/Rendicion-de-Cuentas-1-1024x682.jpg\" class=\"attachment-large size-large\" alt=\"Rendici\u00f3n de cuentas Secretar\u00eda de Salud de Medell\u00edn\" loading=\"lazy\" srcset=\"https:\/\/www.medellin.gov.co\/es\/wp-content\/uploads\/2024\/12\/Rendicion-de-Cuentas-1-1024x682.jpg 1024w, https:\/\/www.medellin.gov.co\/es\/wp-content\/uploads\/2024\/12\/Rendicion-de-Cuentas-1-300x200.jpg 300w, https:\/\/www.medellin.gov.co\/es\/wp-content\/uploads\/2024\/12\/Rendicion-de-Cuentas-1-150x100.jpg 150w, https:\/\/www.medellin.gov.co\/es\/wp-content\/uploads\/2024\/12\/Rendicion-de-Cuentas-1-768x512.jpg 768w, https:\/\/www.medellin.gov.co\/es\/wp-content\/uploads\/2024\/12\/Rendicion-de-Cuentas-1.jpg 1280w\" sizes=\"(max-width: 1024px) 100vw, 1024px\" \/>\t\t\t\t\t\t\t\t\t\t\t\t\t\t<\/div>\n\t\t\t\t\t\t<\/div>\n\t\t\t\t<\/div>\n\t\t<\/div><div class=\"elementor-element elementor-element-1bcc7d7 e-container--column e-container\" data-id=\"1bcc7d7\" data-element_type=\"container\">\t\t\t\t<div class=\"elementor-element elementor-element-7b2baae elementor-widget elementor-widget-text-editor\" data-id=\"7b2baae\" data-element_type=\"widget\" data-widget_type=\"text-editor.default\">\n\t\t\t\t<div class=\"elementor-widget-container\">\n\t\t\t\t\t\t\t\t<div class=\"elementor-text-editor elementor-clearfix\">\n\t\t\t\t<p>En el siguiente enlace la Secretar\u00eda de Salud del Distrito presenta su rendici\u00f3n de cuentas 2025.<\/p>\t\t\t\t\t<\/div>\n\t\t\t\t\t\t<\/div>\n\t\t\t\t<\/div>\n\t\t\t\t<div class=\"elementor-element elementor-element-f9c9d13 elementor-widget elementor-widget-button\" data-id=\"f9c9d13\" data-element_type=\"widget\" data-widget_type=\"button.default\">\n\t\t\t\t<div class=\"elementor-widget-container\">\n\t\t\t\t\t<div class=\"elementor-button-wrapper\">\n\t\t\t<a href=\"https:\/\/www.medellin.gov.co\/es\/secretaria-de-salud\/rendicion-de-cuentas-secretaria-de-salud\/\" class=\"elementor-button-link elementor-button elementor-size-sm\" role=\"button\">\n\t\t\t\t\t\t<span class=\"elementor-button-content-wrapper\">\n\t\t\t\t\t\t<span class=\"elementor-button-text\">rendici\u00f3n de cuentas<\/span>\n\t\t<\/span>\n\t\t\t\t\t<\/a>\n\t\t<\/div>\n\t\t\t\t<\/div>\n\t\t\t\t<\/div>\n\t\t<\/div><\/div><\/div>\t\t\t\t<\/div>\n\t\t\t\t\t<\/div>\n\t\t<\/div>\n\t\t\t\t\t\t\t\t<\/div>\n\t\t\t\t\t<\/div>\n\t\t<\/section>\n\t\t\t\t<section class=\"elementor-section elementor-top-section elementor-element elementor-element-208c1cab elementor-section-boxed elementor-section-height-default elementor-section-height-default\" data-id=\"208c1cab\" data-element_type=\"section\">\n\t\t\t\t\t\t<div class=\"elementor-container elementor-column-gap-default\">\n\t\t\t\t\t\t\t<div class=\"elementor-row\">\n\t\t\t\t\t<div class=\"elementor-column elementor-col-100 elementor-top-column elementor-element elementor-element-383786ed\" data-id=\"383786ed\" data-element_type=\"column\">\n\t\t\t<div class=\"elementor-column-wrap elementor-element-populated\">\n\t\t\t\t\t\t\t<div class=\"elementor-widget-wrap\">\n\t\t\t\t\t\t<div class=\"elementor-element elementor-element-23c978d9 elementor-widget elementor-widget-titulo-con-link\" data-id=\"23c978d9\" data-element_type=\"widget\" data-widget_type=\"titulo-con-link.default\">\n\t\t\t\t<div class=\"elementor-widget-container\">\n\t\t\t        <div class=\"heading-container\">\n            <div class=\"heading-title\">\n                <h2 class=\"elementor-heading-title elementor-size-default\"><a href=\"https:\/\/www.medellin.gov.co\/es\/sala-de-prensa\/noticias\/?_sft_category=unidad-administrativa-especial-buen-comienzo\"><b>\u00daltimas noticias<\/b> de la Secretar\u00eda de Salud<\/a><\/h2>            <\/div>\n            <div class=\"heading-links\">\n                <ul>\n                                            <li>\n                            <a href=\"https:\/\/www.medellin.gov.co\/es\/sala-de-prensa\/noticias\/?_sft_category=secretaria-de-desarrollo-economico\">\n                                                                 Ver todas las noticias                            <\/a>\n                        <\/li>\n                                    <\/ul>\n            <\/div>\n        <\/div>\n        \t\t<\/div>\n\t\t\t\t<\/div>\n\t\t\t\t<div class=\"elementor-element elementor-element-6c1ef796 elementor-widget elementor-widget-text-editor\" data-id=\"6c1ef796\" data-element_type=\"widget\" data-widget_type=\"text-editor.default\">\n\t\t\t\t<div class=\"elementor-widget-container\">\n\t\t\t\t\t\t\t\t<div class=\"elementor-text-editor elementor-clearfix\">\n\t\t\t\t<p>Explora aqu\u00ed todas las noticias de la Unidad Administrativa Especial Buen Comienzo y realiza filtros por fechas, secretar\u00edas o formatos seg\u00fan su preferencia.<\/p>\t\t\t\t\t<\/div>\n\t\t\t\t\t\t<\/div>\n\t\t\t\t<\/div>\n\t\t\t\t\t\t<\/div>\n\t\t\t\t\t<\/div>\n\t\t<\/div>\n\t\t\t\t\t\t\t\t<\/div>\n\t\t\t\t\t<\/div>\n\t\t<\/section>\n\t\t<div class=\"elementor-element elementor-element-4d35c719 e-container--column e-container\" data-id=\"4d35c719\" data-element_type=\"container\">\t\t\t\t<div class=\"elementor-element elementor-element-38dfee5e elementor-widget elementor-widget-noticias\" data-id=\"38dfee5e\" data-element_type=\"widget\" data-widget_type=\"noticias.default\">\n\t\t\t\t<div class=\"elementor-widget-container\">\n\t\t\t          <div class=\"mod_news_inicio_\">\n                <div class=\"grid_nes_hom_\">\n                                  <div class=\"grid_1\">\n                    <h3 class=\"titulog_1dr\"><a id=\"\" href=\"https:\/\/www.medellin.gov.co\/es\/sala-de-prensa\/noticias\/el-programa-familias-fuertes-y-resilientes-le-apuesta-a-la-salud-mental-de-las-parejas-de-medellin\/\">El programa Familias Fuertes y Resilientes le apuesta a la ...<\/a><\/h3>\n                    <span class=\"pertenece_a\">Contenido asociado a<\/span>\n                    <div class=\"listado_vim\">\n                          <ul><li><ion-icon name=\"radio-button-on-outline\"><\/ion-icon><a href=\"https:\/\/www.medellin.gov.co\/es\/temas-de-ciudad\/salud\/\" rel=\"tag\">Salud<\/a><\/li><\/ul>                    <\/div>\n                    <a id=\"\" href=\"https:\/\/www.medellin.gov.co\/es\/sala-de-prensa\/noticias\/el-programa-familias-fuertes-y-resilientes-le-apuesta-a-la-salud-mental-de-las-parejas-de-medellin\/\">\n                          <img width=\"1320\" height=\"935\" src=\"https:\/\/www.medellin.gov.co\/es\/wp-content\/uploads\/2026\/05\/Programa_Familias_Fuertes_Resilientes-2.jpg\" class=\"attachment- size- wp-post-image\" alt=\"Programa Familias Fuertes y Resilientes\" loading=\"lazy\" srcset=\"https:\/\/www.medellin.gov.co\/es\/wp-content\/uploads\/2026\/05\/Programa_Familias_Fuertes_Resilientes-2.jpg 1320w, https:\/\/www.medellin.gov.co\/es\/wp-content\/uploads\/2026\/05\/Programa_Familias_Fuertes_Resilientes-2-300x213.jpg 300w, https:\/\/www.medellin.gov.co\/es\/wp-content\/uploads\/2026\/05\/Programa_Familias_Fuertes_Resilientes-2-1024x725.jpg 1024w, https:\/\/www.medellin.gov.co\/es\/wp-content\/uploads\/2026\/05\/Programa_Familias_Fuertes_Resilientes-2-150x106.jpg 150w, https:\/\/www.medellin.gov.co\/es\/wp-content\/uploads\/2026\/05\/Programa_Familias_Fuertes_Resilientes-2-768x544.jpg 768w\" sizes=\"(max-width: 1320px) 100vw, 1320px\" \/>                    <\/a>\n                    <p>\n                          M\u00e1s de 300 parejas de la ciudad podr\u00e1n mejorar su salud mental y sus relaciones, en una apuesta del...                    <\/p>\n                    <a id=\"\" href=\"https:\/\/www.medellin.gov.co\/es\/sala-de-prensa\/noticias\/el-programa-familias-fuertes-y-resilientes-le-apuesta-a-la-salud-mental-de-las-parejas-de-medellin\/\" class=\"boton_vernota\">Conoce m\u00e1s<\/a>\n                    <div class=\"formatos_\">\n                                              <\/div>\n                    <!-- <small>Tipo de lectura: 1 minutos<\/small> -->\n                  <\/div>\n                \n                  <div class=\"grid_2\">\n                                    <div class=\"grid\">\n                    <a href=\"https:\/\/www.medellin.gov.co\/es\/sala-de-prensa\/noticias\/la-prevencion-es-clave-para-proteger-la-vida-estos-son-los-sistemas-de-alerta-temprana-comunitarios-de-medellin\/\">\n                    <img width=\"1133\" height=\"850\" src=\"https:\/\/www.medellin.gov.co\/es\/wp-content\/uploads\/2026\/04\/Imagen-La-prevencion-es-clave-para-proteger-la-vida-3.jpg\" class=\"attachment- size- wp-post-image\" alt=\"Imagen La prevenci\u00f3n es clave para proteger la vida (3)\" loading=\"lazy\" srcset=\"https:\/\/www.medellin.gov.co\/es\/wp-content\/uploads\/2026\/04\/Imagen-La-prevencion-es-clave-para-proteger-la-vida-3.jpg 1133w, https:\/\/www.medellin.gov.co\/es\/wp-content\/uploads\/2026\/04\/Imagen-La-prevencion-es-clave-para-proteger-la-vida-3-300x225.jpg 300w, https:\/\/www.medellin.gov.co\/es\/wp-content\/uploads\/2026\/04\/Imagen-La-prevencion-es-clave-para-proteger-la-vida-3-1024x768.jpg 1024w, https:\/\/www.medellin.gov.co\/es\/wp-content\/uploads\/2026\/04\/Imagen-La-prevencion-es-clave-para-proteger-la-vida-3-150x113.jpg 150w, https:\/\/www.medellin.gov.co\/es\/wp-content\/uploads\/2026\/04\/Imagen-La-prevencion-es-clave-para-proteger-la-vida-3-768x576.jpg 768w\" sizes=\"(max-width: 1133px) 100vw, 1133px\" \/>                  <\/a>\n                    <h3 class=\"titulog_dr\"><a id=\"\" href=\"https:\/\/www.medellin.gov.co\/es\/sala-de-prensa\/noticias\/la-prevencion-es-clave-para-proteger-la-vida-estos-son-los-sistemas-de-alerta-temprana-comunitarios-de-medellin\/\">La prevenci\u00f3n es clave para proteger la vida: estos son ...<\/a><\/h3>\n                    <span class=\"pertenece_a\">Contenido asociado a<\/span>\n                    <div class=\"listado_vim\">\n                    <ul><li><ion-icon name=\"radio-button-on-outline\"><\/ion-icon><a href=\"https:\/\/www.medellin.gov.co\/es\/temas-de-ciudad\/medio-ambiente\/\" rel=\"tag\">Medio ambiente<\/a><\/li><li><ion-icon name=\"radio-button-on-outline\"><\/ion-icon><a href=\"https:\/\/www.medellin.gov.co\/es\/temas-de-ciudad\/salud\/\" rel=\"tag\">Salud<\/a><\/li><\/ul>                    <\/div>\n                    <p>\n                    \u00bfSab\u00edas que una comunidad organizada puede responder m\u00e1s r\u00e1pido ante cualquier emergencia? En...                    <\/p>\n                    <div class=\"zocalo_grid_\">\n                    <a id=\"\" href=\"https:\/\/www.medellin.gov.co\/es\/sala-de-prensa\/noticias\/la-prevencion-es-clave-para-proteger-la-vida-estos-son-los-sistemas-de-alerta-temprana-comunitarios-de-medellin\/\">Contin\u00faa leyendo<\/a>\n                    <\/div>\n                  <\/div>\n                                    <div class=\"grid\">\n                    <a href=\"https:\/\/www.medellin.gov.co\/es\/sala-de-prensa\/noticias\/medellin-se-suma-a-la-nueva-jornada-nacional-de-vacunacion-este-25-de-abril-con-mas-de-80-puntos-habilitados\/\">\n                    <img width=\"1013\" height=\"760\" src=\"https:\/\/www.medellin.gov.co\/es\/wp-content\/uploads\/2026\/04\/Imagen-de-mujer-que-recibio-una-vacuna.jpg\" class=\"attachment- size- wp-post-image\" alt=\"Imagen de mujer que recibi\u00f3 una vacuna\" loading=\"lazy\" srcset=\"https:\/\/www.medellin.gov.co\/es\/wp-content\/uploads\/2026\/04\/Imagen-de-mujer-que-recibio-una-vacuna.jpg 1013w, https:\/\/www.medellin.gov.co\/es\/wp-content\/uploads\/2026\/04\/Imagen-de-mujer-que-recibio-una-vacuna-300x225.jpg 300w, https:\/\/www.medellin.gov.co\/es\/wp-content\/uploads\/2026\/04\/Imagen-de-mujer-que-recibio-una-vacuna-150x113.jpg 150w, https:\/\/www.medellin.gov.co\/es\/wp-content\/uploads\/2026\/04\/Imagen-de-mujer-que-recibio-una-vacuna-768x576.jpg 768w\" sizes=\"(max-width: 1013px) 100vw, 1013px\" \/>                  <\/a>\n                    <h3 class=\"titulog_dr\"><a id=\"\" href=\"https:\/\/www.medellin.gov.co\/es\/sala-de-prensa\/noticias\/medellin-se-suma-a-la-nueva-jornada-nacional-de-vacunacion-este-25-de-abril-con-mas-de-80-puntos-habilitados\/\">Medell\u00edn se suma a la nueva Jornada Nacional de Vacunaci\u00f3n, ...<\/a><\/h3>\n                    <span class=\"pertenece_a\">Contenido asociado a<\/span>\n                    <div class=\"listado_vim\">\n                    <ul><li><ion-icon name=\"radio-button-on-outline\"><\/ion-icon><a href=\"https:\/\/www.medellin.gov.co\/es\/temas-de-ciudad\/salud\/\" rel=\"tag\">Salud<\/a><\/li><\/ul>                    <\/div>\n                    <p>\n                    Medell\u00edn se une a la segunda Jornada Nacional de Vacunaci\u00f3n de este a\u00f1o,...                    <\/p>\n                    <div class=\"zocalo_grid_\">\n                    <a id=\"\" href=\"https:\/\/www.medellin.gov.co\/es\/sala-de-prensa\/noticias\/medellin-se-suma-a-la-nueva-jornada-nacional-de-vacunacion-este-25-de-abril-con-mas-de-80-puntos-habilitados\/\">Contin\u00faa leyendo<\/a>\n                    <\/div>\n                  <\/div>\n                                    <div class=\"grid\">\n                    <a href=\"https:\/\/www.medellin.gov.co\/es\/sala-de-prensa\/noticias\/medellin-le-apuesta-a-la-salud-mental-con-cerca-de-40-actividades-en-la-semana-por-la-tranquilidad\/\">\n                    <img width=\"1013\" height=\"760\" src=\"https:\/\/www.medellin.gov.co\/es\/wp-content\/uploads\/2026\/04\/Imagen-de-funcionarios-en-campana-de-salud-mental.jpg\" class=\"attachment- size- wp-post-image\" alt=\"Imagen de funcionarios en campa\u00f1a de salud mental\" loading=\"lazy\" srcset=\"https:\/\/www.medellin.gov.co\/es\/wp-content\/uploads\/2026\/04\/Imagen-de-funcionarios-en-campana-de-salud-mental.jpg 1013w, https:\/\/www.medellin.gov.co\/es\/wp-content\/uploads\/2026\/04\/Imagen-de-funcionarios-en-campana-de-salud-mental-300x225.jpg 300w, https:\/\/www.medellin.gov.co\/es\/wp-content\/uploads\/2026\/04\/Imagen-de-funcionarios-en-campana-de-salud-mental-150x113.jpg 150w, https:\/\/www.medellin.gov.co\/es\/wp-content\/uploads\/2026\/04\/Imagen-de-funcionarios-en-campana-de-salud-mental-768x576.jpg 768w\" sizes=\"(max-width: 1013px) 100vw, 1013px\" \/>                  <\/a>\n                    <h3 class=\"titulog_dr\"><a id=\"\" href=\"https:\/\/www.medellin.gov.co\/es\/sala-de-prensa\/noticias\/medellin-le-apuesta-a-la-salud-mental-con-cerca-de-40-actividades-en-la-semana-por-la-tranquilidad\/\">Medell\u00edn le apuesta a la salud mental con cerca de ...<\/a><\/h3>\n                    <span class=\"pertenece_a\">Contenido asociado a<\/span>\n                    <div class=\"listado_vim\">\n                    <ul><li><ion-icon name=\"radio-button-on-outline\"><\/ion-icon><a href=\"https:\/\/www.medellin.gov.co\/es\/temas-de-ciudad\/salud\/\" rel=\"tag\">Salud<\/a><\/li><\/ul>                    <\/div>\n                    <p>\n                    La programaci\u00f3n llega a espacios p\u00fablicos, instituciones educativas y zonas de alta afluencia....                    <\/p>\n                    <div class=\"zocalo_grid_\">\n                    <a id=\"\" href=\"https:\/\/www.medellin.gov.co\/es\/sala-de-prensa\/noticias\/medellin-le-apuesta-a-la-salud-mental-con-cerca-de-40-actividades-en-la-semana-por-la-tranquilidad\/\">Contin\u00faa leyendo<\/a>\n                    <\/div>\n                  <\/div>\n                  \n                  <\/div>\n                <\/div>\n          <\/div>\n        \t\t<\/div>\n\t\t\t\t<\/div>\n\t\t<\/div>\t\t<section class=\"elementor-section elementor-top-section elementor-element elementor-element-25d4f147 elementor-section-full_width elementor-section-height-default elementor-section-height-default\" data-id=\"25d4f147\" data-element_type=\"section\" data-settings=\"{&quot;background_background&quot;:&quot;classic&quot;}\">\n\t\t\t\t\t\t<div class=\"elementor-container elementor-column-gap-default\">\n\t\t\t\t\t\t\t<div class=\"elementor-row\">\n\t\t\t\t\t<div class=\"elementor-column elementor-col-100 elementor-top-column elementor-element elementor-element-39ac3944\" data-id=\"39ac3944\" data-element_type=\"column\">\n\t\t\t<div class=\"elementor-column-wrap elementor-element-populated\">\n\t\t\t\t\t\t\t<div class=\"elementor-widget-wrap\">\n\t\t\t\t\t\t<section class=\"elementor-section elementor-inner-section elementor-element elementor-element-670b51d9 elementor-section-boxed elementor-section-height-default elementor-section-height-default\" data-id=\"670b51d9\" data-element_type=\"section\">\n\t\t\t\t\t\t<div class=\"elementor-container elementor-column-gap-custom\">\n\t\t\t\t\t\t\t<div class=\"elementor-row\">\n\t\t\t\t\t<div class=\"elementor-column elementor-col-50 elementor-inner-column elementor-element elementor-element-2715a924\" data-id=\"2715a924\" data-element_type=\"column\">\n\t\t\t<div class=\"elementor-column-wrap elementor-element-populated\">\n\t\t\t\t\t\t\t<div class=\"elementor-widget-wrap\">\n\t\t\t\t\t\t<div class=\"elementor-element elementor-element-24323f41 elementor-widget elementor-widget-html\" data-id=\"24323f41\" data-element_type=\"widget\" data-widget_type=\"html.default\">\n\t\t\t\t<div class=\"elementor-widget-container\">\n\t\t\t<div class=\"content-cinta-title-lin-all\">\n <h1 class=\"h1-cinta-naranja-lin\">Gesti\u00f3n del<\/h1>\n <h3 class=\"h3-cinta-azul2-lin\">conocimiento<\/h3>\n<\/div>\n<style>\n.content-cinta-title-lin-all {\n    margin: auto;\n    display: grid;\n    justify-items: end;\n}\n.h1-cinta-naranja-lin {\n  color: #FF8803;\n  font-family: \"Work Sans\", Sans-serif;\n  font-size: 46px !important;\n  line-height: 48px !important;\n  text-align: right;\n}\n.h3-cinta-azul2-lin {\n color: #004484;\n font-family: \"Work Sans\", Sans-serif;\n font-size: 27px !important;\n line-height: 1 !important;\n}\n\n@media screen and (min-width:768px) {\n    .h1-cinta-naranja-lin {\n        font-size: 50px !important;\n    }\n    \n    .h3-cinta-azul2-lin {\n        font-size: 34px !important;\n    }\n}\n@media screen and (min-width:1024px) {\n    .h1-cinta-naranja-lin {\n        font-size: 60px !important;\n    }\n    \n    .h3-cinta-azul2-lin {\n        font-size: 40px !important;\n    }\n}\n<\/style>\t\t<\/div>\n\t\t\t\t<\/div>\n\t\t\t\t\t\t<\/div>\n\t\t\t\t\t<\/div>\n\t\t<\/div>\n\t\t\t\t<div class=\"elementor-column elementor-col-50 elementor-inner-column elementor-element elementor-element-12c43b14\" data-id=\"12c43b14\" data-element_type=\"column\">\n\t\t\t<div class=\"elementor-column-wrap elementor-element-populated\">\n\t\t\t\t\t\t\t<div class=\"elementor-widget-wrap\">\n\t\t\t\t\t\t<div class=\"elementor-element elementor-element-13606441 elementor-widget elementor-widget-text-editor\" data-id=\"13606441\" data-element_type=\"widget\" data-widget_type=\"text-editor.default\">\n\t\t\t\t<div class=\"elementor-widget-container\">\n\t\t\t\t\t\t\t\t<div class=\"elementor-text-editor elementor-clearfix\">\n\t\t\t\t<p style=\"text-align: left;\">En este espacio encontrar\u00e1s el Repositorio digital, Observatorio, Salas Situacionales, C\u00edrculos del Conocimiento e investigaciones de la Secretar\u00eda de Salud de Medell\u00edn.<\/p>\t\t\t\t\t<\/div>\n\t\t\t\t\t\t<\/div>\n\t\t\t\t<\/div>\n\t\t\t\t<div class=\"elementor-element elementor-element-553cc304 elementor-tablet-align-left elementor-mobile-align-center elementor-widget elementor-widget-button\" data-id=\"553cc304\" data-element_type=\"widget\" data-widget_type=\"button.default\">\n\t\t\t\t<div class=\"elementor-widget-container\">\n\t\t\t\t\t<div class=\"elementor-button-wrapper\">\n\t\t\t<a href=\"https:\/\/www.medellin.gov.co\/es\/secretaria-de-salud\/que-hacemos\/observatorio-de-salud\/\" target=\"_blank\" class=\"elementor-button-link elementor-button elementor-size-sm\" role=\"button\">\n\t\t\t\t\t\t<span class=\"elementor-button-content-wrapper\">\n\t\t\t\t\t\t<span class=\"elementor-button-text\">Conoce m\u00e1s<\/span>\n\t\t<\/span>\n\t\t\t\t\t<\/a>\n\t\t<\/div>\n\t\t\t\t<\/div>\n\t\t\t\t<\/div>\n\t\t\t\t\t\t<\/div>\n\t\t\t\t\t<\/div>\n\t\t<\/div>\n\t\t\t\t\t\t\t\t<\/div>\n\t\t\t\t\t<\/div>\n\t\t<\/section>\n\t\t\t\t\t\t<\/div>\n\t\t\t\t\t<\/div>\n\t\t<\/div>\n\t\t\t\t\t\t\t\t<\/div>\n\t\t\t\t\t<\/div>\n\t\t<\/section>\n\t\t\t\t<section class=\"elementor-section elementor-top-section elementor-element elementor-element-23ebf07c elementor-section-boxed elementor-section-height-default elementor-section-height-default\" data-id=\"23ebf07c\" data-element_type=\"section\">\n\t\t\t\t\t\t<div class=\"elementor-container elementor-column-gap-default\">\n\t\t\t\t\t\t\t<div class=\"elementor-row\">\n\t\t\t\t\t<div class=\"elementor-column elementor-col-100 elementor-top-column elementor-element elementor-element-2e407116\" data-id=\"2e407116\" data-element_type=\"column\">\n\t\t\t<div class=\"elementor-column-wrap elementor-element-populated\">\n\t\t\t\t\t\t\t<div class=\"elementor-widget-wrap\">\n\t\t\t\t\t\t<div class=\"elementor-element elementor-element-7e86433 elementor-widget elementor-widget-heading\" data-id=\"7e86433\" data-element_type=\"widget\" data-widget_type=\"heading.default\">\n\t\t\t\t<div class=\"elementor-widget-container\">\n\t\t\t<h2 class=\"elementor-heading-title elementor-size-default\"><b>Publicaciones  <\/b>de la Secretar\u00eda de Salud<\/h2>\t\t<\/div>\n\t\t\t\t<\/div>\n\t\t<div class=\"elementor-element elementor-element-50a8740 e-container--row e-container\" data-id=\"50a8740\" data-element_type=\"container\">\t\t\t\t<div class=\"elementor-element elementor-element-d8b0679 elementor-cta--skin-classic elementor-animated-content elementor-bg-transform elementor-bg-transform-zoom-in elementor-widget elementor-widget-call-to-action\" data-id=\"d8b0679\" data-element_type=\"widget\" data-settings=\"{&quot;ep_notation_active&quot;:&quot;yes&quot;,&quot;ep_notation_list&quot;:[{&quot;_id&quot;:&quot;ee64a0e&quot;,&quot;ep_notation_type&quot;:&quot;box&quot;,&quot;ep_notation_bracket_on&quot;:null,&quot;ep_notation_color&quot;:&quot;#3366CC&quot;,&quot;ep_notation_anim_duration&quot;:{&quot;unit&quot;:&quot;px&quot;,&quot;size&quot;:5000,&quot;sizes&quot;:[]},&quot;ep_notation_stroke_width&quot;:{&quot;unit&quot;:&quot;px&quot;,&quot;size&quot;:0,&quot;sizes&quot;:[]},&quot;__globals__&quot;:{&quot;ep_notation_color&quot;:&quot;&quot;},&quot;ep_notation_select_type&quot;:&quot;widget&quot;,&quot;ep_notation_custom_selector&quot;:null,&quot;ep_notation_waypoint_offset&quot;:&quot;&quot;}]}\" data-widget_type=\"call-to-action.default\">\n\t\t\t\t<div class=\"elementor-widget-container\">\n\t\t\t\t\t<div class=\"elementor-cta\">\n\t\t\t\t\t<div class=\"elementor-cta__bg-wrapper\">\n\t\t\t\t<div class=\"elementor-cta__bg elementor-bg\" style=\"background-image: url(https:\/\/www.medellin.gov.co\/es\/wp-content\/uploads\/2025\/03\/Jornada-Salud-Oral-Menores-Edad-Cuidadores-3-1024x682.jpg);\"><\/div>\n\t\t\t\t<div class=\"elementor-cta__bg-overlay\"><\/div>\n\t\t\t<\/div>\n\t\t\t\t\t\t\t<div class=\"elementor-cta__content\">\n\t\t\t\t\t\t\t\t\t<div class=\"elementor-content-item elementor-cta__content-item elementor-icon-wrapper elementor-cta__icon elementor-view-default\">\n\t\t\t\t\t\t<div class=\"elementor-icon\">\n\t\t\t\t\t\t\t<i aria-hidden=\"true\" class=\"far fa-file\"><\/i>\t\t\t\t\t\t<\/div>\n\t\t\t\t\t<\/div>\n\t\t\t\t\n\t\t\t\t<h2 class=\"elementor-cta__title elementor-cta__content-item elementor-content-item\">Publicaciones de la Secretar\u00eda de Salud<\/h2>\n\t\t\t\t\t\t\t\t\t<div class=\"elementor-cta__description elementor-cta__content-item elementor-content-item\">\n\t\t\t\t\t\tEncuentra Manuales, Memorias, Informes, Estudios, Estad\u00edsticas, Planes, Pol\u00edtica y Normatividad\t\t\t\t\t<\/div>\n\t\t\t\t\n\t\t\t\t\t\t\t\t\t<div class=\"elementor-cta__button-wrapper elementor-cta__content-item elementor-content-item \">\n\t\t\t\t\t<a class=\"elementor-cta__button elementor-button elementor-size-sm\" href=\"https:\/\/www.medellin.gov.co\/es\/centro-documental\/?_sft_category=secretaria-de-salud\" target=\"_blank\">\n\t\t\t\t\t\tHaz clic aqu\u00ed\t\t\t\t\t<\/a>\n\t\t\t\t\t<\/div>\n\t\t\t\t\t\t\t<\/div>\n\t\t\t\t\t\t<\/div>\n\t\t\t\t<\/div>\n\t\t\t\t<\/div>\n\t\t<\/div>\t\t\t\t<\/div>\n\t\t\t\t\t<\/div>\n\t\t<\/div>\n\t\t\t\t\t\t\t\t<\/div>\n\t\t\t\t\t<\/div>\n\t\t<\/section>\n\t\t\t\t<section class=\"elementor-section elementor-top-section elementor-element elementor-element-2d49ce71 elementor-section-boxed elementor-section-height-default elementor-section-height-default\" data-id=\"2d49ce71\" data-element_type=\"section\">\n\t\t\t\t\t\t<div class=\"elementor-container elementor-column-gap-default\">\n\t\t\t\t\t\t\t<div class=\"elementor-row\">\n\t\t\t\t\t<div class=\"elementor-column elementor-col-100 elementor-top-column elementor-element elementor-element-1fdec69f\" data-id=\"1fdec69f\" data-element_type=\"column\">\n\t\t\t<div class=\"elementor-column-wrap elementor-element-populated\">\n\t\t\t\t\t\t\t<div class=\"elementor-widget-wrap\">\n\t\t\t\t\t\t<div class=\"elementor-element elementor-element-447eca9 elementor-widget elementor-widget-titulo-con-link\" data-id=\"447eca9\" data-element_type=\"widget\" data-widget_type=\"titulo-con-link.default\">\n\t\t\t\t<div class=\"elementor-widget-container\">\n\t\t\t        <div class=\"heading-container\">\n            <div class=\"heading-title\">\n                <h2 class=\"elementor-heading-title elementor-size-default\"><a href=\"https:\/\/www.medellin.gov.co\/es\/resultados-eventos\/?_sft_category=secretaria-de-salud\"><b>Convocatorias y Eventos<\/b> de la Secretar\u00eda de Salud<\/a><\/h2>            <\/div>\n            <div class=\"heading-links\">\n                <ul>\n                                            <li>\n                            <a href=\"https:\/\/www.medellin.gov.co\/es\/resultados-eventos\/?_sft_category=secretaria-participacion-ciudadana\">\n                                                                 Ver todas las convocatorias                            <\/a>\n                        <\/li>\n                                    <\/ul>\n            <\/div>\n        <\/div>\n        \t\t<\/div>\n\t\t\t\t<\/div>\n\t\t\t\t\t\t<\/div>\n\t\t\t\t\t<\/div>\n\t\t<\/div>\n\t\t\t\t\t\t\t\t<\/div>\n\t\t\t\t\t<\/div>\n\t\t<\/section>\n\t\t<div class=\"elementor-element elementor-element-59a5550 e-container--row e-container\" data-id=\"59a5550\" data-element_type=\"container\">\t\t<div class=\"elementor-element elementor-element-956226b e-container--column e-container\" data-id=\"956226b\" data-element_type=\"container\">\t\t\t\t<div class=\"elementor-element elementor-element-aa52184 elementor-widget elementor-widget-text-editor\" data-id=\"aa52184\" data-element_type=\"widget\" data-widget_type=\"text-editor.default\">\n\t\t\t\t<div class=\"elementor-widget-container\">\n\t\t\t\t\t\t\t\t<div class=\"elementor-text-editor elementor-clearfix\">\n\t\t\t\t<p>Los Festivales Ser Saludable son mucho m\u00e1s que un evento de salud; son una experiencia que transforma la forma en la que vives tu bienestar.<br \/><br \/>Desde la Secretar\u00eda de Salud del Distrito, a trav\u00e9s de nuestro programa Medell\u00edn te quiere saludable, creamos un espacio en gran formato que re\u00fane profesionales, aliados estrat\u00e9gicos y m\u00faltiples servicios para impactar de manera m\u00e1s amplia a la comunidad.<br \/><br \/>Un festival pensado para que te conectes con tu salud desde lo f\u00edsico, lo mental y lo emocional, en un entorno m\u00e1s cercano, activo y participativo.<\/p><p><strong>\u00a1Ag\u00e9ndate!<\/strong><br \/><br \/>En los Festivales Ser Saludable encuentras todo lo que necesitas para priorizar tu bienestar en un solo lugar y de forma gratuita.<br \/><br \/>Aqu\u00ed puedes conversar con profesionales en salud mental, recibir orientaci\u00f3n nutricional, acceder a vacunaci\u00f3n, m\u00e9todos anticonceptivos y pruebas r\u00e1pidas, cuidar tu salud oral, acompa\u00f1ar procesos de gestaci\u00f3n y crianza, y disfrutar de muchos m\u00e1s servicios y experiencias.<br \/><br \/>Hoy no es solo una feria, es un festival: un espacio m\u00e1s grande, con m\u00e1s servicios, m\u00e1s aliados y mayor impacto en tu comunidad. Un encuentro para compartir, aprender y vivir la salud en colectivo. Solo faltas t\u00fa.<\/p>\t\t\t\t\t<\/div>\n\t\t\t\t\t\t<\/div>\n\t\t\t\t<\/div>\n\t\t\t\t<div class=\"elementor-element elementor-element-ae93007 elementor-widget elementor-widget-button\" data-id=\"ae93007\" data-element_type=\"widget\" data-widget_type=\"button.default\">\n\t\t\t\t<div class=\"elementor-widget-container\">\n\t\t\t\t\t<div class=\"elementor-button-wrapper\">\n\t\t\t<a href=\"https:\/\/www.medellin.gov.co\/es\/wp-content\/uploads\/2026\/04\/Programate-con-nosotros-FESTIVALES-ABRIL-copia.pdf\" target=\"_blank\" class=\"elementor-button-link elementor-button elementor-size-sm\" role=\"button\">\n\t\t\t\t\t\t<span class=\"elementor-button-content-wrapper\">\n\t\t\t\t\t\t<span class=\"elementor-button-text\">Progr\u00e1mate<\/span>\n\t\t<\/span>\n\t\t\t\t\t<\/a>\n\t\t<\/div>\n\t\t\t\t<\/div>\n\t\t\t\t<\/div>\n\t\t<\/div><div class=\"elementor-element elementor-element-0657382 e-container--column e-container\" data-id=\"0657382\" data-element_type=\"container\">\t\t\t\t<div class=\"elementor-element elementor-element-22a0217 elementor-widget elementor-widget-image\" data-id=\"22a0217\" data-element_type=\"widget\" data-widget_type=\"image.default\">\n\t\t\t\t<div class=\"elementor-widget-container\">\n\t\t\t\t\t\t\t\t<div class=\"elementor-image\">\n\t\t\t\t\t\t\t\t\t\t\t\t<img width=\"516\" height=\"898\" src=\"https:\/\/www.medellin.gov.co\/es\/wp-content\/uploads\/2026\/04\/Festivales-Ser-Saludables.jpg\" class=\"attachment-large size-large\" alt=\"Festivales Ser Saludables\" loading=\"lazy\" srcset=\"https:\/\/www.medellin.gov.co\/es\/wp-content\/uploads\/2026\/04\/Festivales-Ser-Saludables.jpg 516w, https:\/\/www.medellin.gov.co\/es\/wp-content\/uploads\/2026\/04\/Festivales-Ser-Saludables-172x300.jpg 172w, https:\/\/www.medellin.gov.co\/es\/wp-content\/uploads\/2026\/04\/Festivales-Ser-Saludables-86x150.jpg 86w\" sizes=\"(max-width: 516px) 100vw, 516px\" \/>\t\t\t\t\t\t\t\t\t\t\t\t\t\t<\/div>\n\t\t\t\t\t\t<\/div>\n\t\t\t\t<\/div>\n\t\t<\/div><\/div>\t\t<section class=\"elementor-section elementor-top-section elementor-element elementor-element-6f60108 elementor-section-boxed elementor-section-height-default elementor-section-height-default\" data-id=\"6f60108\" data-element_type=\"section\">\n\t\t\t\t\t\t<div class=\"elementor-container elementor-column-gap-default\">\n\t\t\t\t\t\t\t<div class=\"elementor-row\">\n\t\t\t\t\t<div class=\"elementor-column elementor-col-100 elementor-top-column elementor-element elementor-element-e76abe5\" data-id=\"e76abe5\" data-element_type=\"column\">\n\t\t\t<div class=\"elementor-column-wrap\">\n\t\t\t\t\t\t\t<div class=\"elementor-widget-wrap\">\n\t\t\t\t\t\t\t\t<\/div>\n\t\t\t\t\t<\/div>\n\t\t<\/div>\n\t\t\t\t\t\t\t\t<\/div>\n\t\t\t\t\t<\/div>\n\t\t<\/section>\n\t\t\t\t<section class=\"elementor-section elementor-top-section elementor-element elementor-element-40c4a0ef elementor-section-boxed elementor-section-height-default elementor-section-height-default\" data-id=\"40c4a0ef\" data-element_type=\"section\" data-settings=\"{&quot;background_background&quot;:&quot;classic&quot;}\">\n\t\t\t\t\t\t<div class=\"elementor-container elementor-column-gap-default\">\n\t\t\t\t\t\t\t<div class=\"elementor-row\">\n\t\t\t\t\t<div class=\"elementor-column elementor-col-100 elementor-top-column elementor-element elementor-element-7037f62e\" data-id=\"7037f62e\" data-element_type=\"column\">\n\t\t\t<div class=\"elementor-column-wrap elementor-element-populated\">\n\t\t\t\t\t\t\t<div class=\"elementor-widget-wrap\">\n\t\t\t\t\t\t<div class=\"elementor-element elementor-element-5beaf69d elementor-widget elementor-widget-html\" data-id=\"5beaf69d\" data-element_type=\"widget\" data-widget_type=\"html.default\">\n\t\t\t\t<div class=\"elementor-widget-container\">\n\t\t\t<div class=\"titulo_secres\">\n            <h2 class=\"title_ x_negro\"><b>Tr\u00e1mites y Servicios<\/b> <span class=\"titlenomobile_\"> de la Secretar\u00eda de Salud<\/span><\/h2>\n            <div class=\"filtros_links_tyshed\">\n                                    <li><a class=\"all\" href=\"https:\/\/www.medellin.gov.co\/es\/tramites-y-servicios\/?_sft_category=secretaria-de-salud\">Ver todos <span class=\"titlenomobile_\">los Tr\u00e1mites y Servicios<\/span><\/a><\/li>\n                    <li><a class=\"servicios\" href=\"https:\/\/www.medellin.gov.co\/es\/tramites-y-servicios\/?_sft_estramiteoservicio=servicio&amp;_sft_category=secretaria-de-salud\"><ion-icon name=\"radio-button-on-outline\" role=\"img\" class=\"md hydrated\" aria-label=\"radio button on outline\"><\/ion-icon>Servicios<\/a><\/li>\n                    <li> <a class=\"tramites\" href=\"https:\/\/www.medellin.gov.co\/es\/tramites-y-servicios\/?_sft_estramiteoservicio=tramite&amp;_sft_category=secretaria-de-salud\"><ion-icon name=\"radio-button-on-outline\" role=\"img\" class=\"md hydrated\" aria-label=\"radio button on outline\"><\/ion-icon>Tr\u00e1mites<\/a><\/li>\n                                <\/div>\n        <\/div>\t\t<\/div>\n\t\t\t\t<\/div>\n\t\t\t\t<div class=\"elementor-element elementor-element-628aaba3 elementor-widget elementor-widget-text-editor\" data-id=\"628aaba3\" data-element_type=\"widget\" data-widget_type=\"text-editor.default\">\n\t\t\t\t<div class=\"elementor-widget-container\">\n\t\t\t\t\t\t\t\t<div class=\"elementor-text-editor elementor-clearfix\">\n\t\t\t\t<p>Encuentra aqu\u00ed todos los tr\u00e1mites y servicios relacionados con la Secretar\u00eda de Salud. Inicia sesi\u00f3n si deseas efectuar el pago en los casos que esta acci\u00f3n est\u00e9 disponible.<\/p>\t\t\t\t\t<\/div>\n\t\t\t\t\t\t<\/div>\n\t\t\t\t<\/div>\n\t\t\t\t<div class=\"elementor-element elementor-element-7d4d8550 pp-equal-height-yes variable-tys elementor-grid-3 elementor-grid-tablet-2 elementor-grid-mobile-1 elementor-widget elementor-widget-pp-posts\" data-id=\"7d4d8550\" data-element_type=\"widget\" data-settings=\"{&quot;classic_center_mode&quot;:&quot;yes&quot;}\" data-widget_type=\"pp-posts.classic\">\n\t\t\t\t<div class=\"elementor-widget-container\">\n\t\t\t\t\t<div class=\"pp-posts-container swiper-container-wrap swiper-container-wrap-dots-outside\">\n\t\t\t\n\t\t\t\n\t\t\t<div class=\"pp-posts pp-posts-skin-classic pp-posts-carousel pp-swiper-slider swiper-container\" data-equal-height=\"yes\" data-query-type=\"custom\" data-layout=\"carousel\" data-page=\"17118\" data-skin=\"classic\" data-slider-settings=\"{&quot;direction&quot;:&quot;horizontal&quot;,&quot;speed&quot;:600,&quot;slidesPerView&quot;:3,&quot;autoHeight&quot;:true,&quot;watchSlidesVisibility&quot;:true,&quot;centeredSlides&quot;:true,&quot;loop&quot;:true,&quot;autoplay&quot;:{&quot;delay&quot;:999999,&quot;pauseOnHover&quot;:true,&quot;disableOnInteraction&quot;:true},&quot;pagination&quot;:{&quot;el&quot;:&quot;.swiper-pagination-classic&quot;,&quot;clickable&quot;:true},&quot;navigation&quot;:{&quot;nextEl&quot;:&quot;.swiper-button-next-7d4d8550&quot;,&quot;prevEl&quot;:&quot;.swiper-button-prev-7d4d8550&quot;},&quot;breakpoints&quot;:{&quot;1025&quot;:{&quot;slidesPerView&quot;:3},&quot;768&quot;:{&quot;slidesPerView&quot;:2},&quot;320&quot;:{&quot;slidesPerView&quot;:1}}}\">\n\t\t\t\t<div class=\"swiper-wrapper\">\t\t\t\t\t\t\t<div class=\"pp-post-wrap pp-carousel-item-wrap swiper-slide post-78511 tramites-y-servicios type-tramites-y-servicios status-publish has-post-thumbnail hentry category-secretaria-de-salud tag-bienestar tag-medellin-te-quiere-saludable tag-salud estramiteoservicio-servicio\">\n\t\t\t\t\t\t<div class=\"pp-post pp-carousel-item\">\n\t\t\t\t\n\t\t\t\t\n\t\t\t\t<div class=\"pp-post-content\">\n\t\t\t\t\t\t\t\t\t\t\t<h2 class=\"pp-post-title\">\n\t\t\t\t<a href=\"https:\/\/www.medellin.gov.co\/es\/tramites-y-servicios\/servicios-especiales-para-usuarios-logueados-secretaria-de-salud\/\">Servicios para usuarios logueados &#8211; Secretar\u00eda de Salud<\/a>\t\t\t<\/h2>\n\t\t\t\t\t\t\t<div class=\"pp-post-excerpt\">\n\t\t\t<p>Conoce &#8230;<\/p>\n\t\t<\/div>\n\t\t\t\t\t\t\t\t<a class=\"pp-posts-button elementor-button elementor-size-xs\" href=\"https:\/\/www.medellin.gov.co\/es\/tramites-y-servicios\/servicios-especiales-para-usuarios-logueados-secretaria-de-salud\/\">\n\t\t\t\t\t\t\t\t\t\t<span class=\"pp-button-text\">\n\t\t\t\t\tConoce m\u00e1s\t\t\t\t<\/span>\n\t\t\t\t\t\t\t\t\t<span class=\"pp-button-icon elementor-button-icon elementor-align-icon-right\">\n\t\t\t\t\t\t\t<\/span>\n\t\t\t\t\t<\/a>\n\t\t\t\t\t\t\t\t<\/div>\n\n\t\t\t\t\t\t\t<\/div>\n\t\t\t\t\t<\/div>\n\t\t\t\t<div class=\"pp-post-wrap pp-carousel-item-wrap swiper-slide post-43859 tramites-y-servicios type-tramites-y-servicios status-publish has-post-thumbnail hentry category-secretaria-de-salud tag-atencion-ciudadana tag-bienestar tag-gobernanza tag-salud estramiteoservicio-servicio\">\n\t\t\t\t\t\t<div class=\"pp-post pp-carousel-item\">\n\t\t\t\t\n\t\t\t\t\n\t\t\t\t<div class=\"pp-post-content\">\n\t\t\t\t\t\t\t\t\t\t\t<h2 class=\"pp-post-title\">\n\t\t\t\t<a href=\"https:\/\/www.medellin.gov.co\/es\/tramites-y-servicios\/verificacion-de-afiliacion-al-regimen-subsidiado-municipio-de-medellin\/\">Verificaci\u00f3n de afiliaci\u00f3n al R\u00e9gimen Subsidiado &#8211; Distrito de Medell\u00edn<\/a>\t\t\t<\/h2>\n\t\t\t\t\t\t\t<div class=\"pp-post-excerpt\">\n\t\t\t<p>Usted &#8230;<\/p>\n\t\t<\/div>\n\t\t\t\t\t\t                <a href=\"https:\/\/www.medellin.gov.co\/saludconsultaregimensub\/servlincon_rs.jsp\" class=\"boton-realizar-tys button-43859\" target=\"_blank\"><span class=\"boton-tys-texto\">Realizar<\/span><\/a>\n\t\t<a class=\"pp-posts-button elementor-button elementor-size-xs\" href=\"https:\/\/www.medellin.gov.co\/es\/tramites-y-servicios\/verificacion-de-afiliacion-al-regimen-subsidiado-municipio-de-medellin\/\">\n\t\t\t\t\t\t\t\t\t\t<span class=\"pp-button-text\">\n\t\t\t\t\tConoce m\u00e1s\t\t\t\t<\/span>\n\t\t\t\t\t\t\t\t\t<span class=\"pp-button-icon elementor-button-icon elementor-align-icon-right\">\n\t\t\t\t\t\t\t<\/span>\n\t\t\t\t\t<\/a>\n\t\t\t\t\t\t\t\t<\/div>\n\n\t\t\t\t\t\t\t<\/div>\n\t\t\t\t\t<\/div>\n\t\t\t\t<div class=\"pp-post-wrap pp-carousel-item-wrap swiper-slide post-43860 tramites-y-servicios type-tramites-y-servicios status-publish has-post-thumbnail hentry category-secretaria-de-salud tag-atencion-ciudadana tag-bienestar tag-gobernanza tag-salud estramiteoservicio-servicio\">\n\t\t\t\t\t\t<div class=\"pp-post pp-carousel-item\">\n\t\t\t\t\n\t\t\t\t\n\t\t\t\t<div class=\"pp-post-content\">\n\t\t\t\t\t\t\t\t\t\t\t<h2 class=\"pp-post-title\">\n\t\t\t\t<a href=\"https:\/\/www.medellin.gov.co\/es\/tramites-y-servicios\/consultar-poblacion-no-cubierta-con-subsidio\/\">Consultar Poblaci\u00f3n no cubierta con subsidio<\/a>\t\t\t<\/h2>\n\t\t\t\t\t\t\t<div class=\"pp-post-excerpt\">\n\t\t\t<p>Al &#8230;<\/p>\n\t\t<\/div>\n\t\t\t\t\t\t                <a href=\"https:\/\/www.medellin.gov.co\/saludconsultapotencialben\/potenbene\/cons_potebene.jsp\" class=\"boton-realizar-tys button-43860\" target=\"_blank\"><span class=\"boton-tys-texto\">Realizar<\/span><\/a>\n\t\t<a class=\"pp-posts-button elementor-button elementor-size-xs\" href=\"https:\/\/www.medellin.gov.co\/es\/tramites-y-servicios\/consultar-poblacion-no-cubierta-con-subsidio\/\">\n\t\t\t\t\t\t\t\t\t\t<span class=\"pp-button-text\">\n\t\t\t\t\tConoce m\u00e1s\t\t\t\t<\/span>\n\t\t\t\t\t\t\t\t\t<span class=\"pp-button-icon elementor-button-icon elementor-align-icon-right\">\n\t\t\t\t\t\t\t<\/span>\n\t\t\t\t\t<\/a>\n\t\t\t\t\t\t\t\t<\/div>\n\n\t\t\t\t\t\t\t<\/div>\n\t\t\t\t\t<\/div>\n\t\t\t\t<div class=\"pp-post-wrap pp-carousel-item-wrap swiper-slide post-43811 tramites-y-servicios type-tramites-y-servicios status-publish has-post-thumbnail hentry category-secretaria-de-salud tag-atencion-ciudadana tag-medellin-te-quiere-saludable tag-nuestro-gobierno tag-salud estramiteoservicio-tramite\">\n\t\t\t\t\t\t<div class=\"pp-post pp-carousel-item\">\n\t\t\t\t\n\t\t\t\t\n\t\t\t\t<div class=\"pp-post-content\">\n\t\t\t\t\t\t\t\t\t\t\t<h2 class=\"pp-post-title\">\n\t\t\t\t<a href=\"https:\/\/www.medellin.gov.co\/es\/tramites-y-servicios\/certificado-de-defuncion\/\">Certificado de Defunci\u00f3n<\/a>\t\t\t<\/h2>\n\t\t\t\t\t\t\t<div class=\"pp-post-excerpt\">\n\t\t\t<p>Acreditar &#8230;<\/p>\n\t\t<\/div>\n\t\t\t\t\t\t\t\t<a class=\"pp-posts-button elementor-button elementor-size-xs\" href=\"https:\/\/www.medellin.gov.co\/es\/tramites-y-servicios\/certificado-de-defuncion\/\">\n\t\t\t\t\t\t\t\t\t\t<span class=\"pp-button-text\">\n\t\t\t\t\tConoce m\u00e1s\t\t\t\t<\/span>\n\t\t\t\t\t\t\t\t\t<span class=\"pp-button-icon elementor-button-icon elementor-align-icon-right\">\n\t\t\t\t\t\t\t<\/span>\n\t\t\t\t\t<\/a>\n\t\t\t\t\t\t\t\t<\/div>\n\n\t\t\t\t\t\t\t<\/div>\n\t\t\t\t\t<\/div>\n\t\t\t\t\t\t<\/div>\t\t\t<\/div>\n\t\t\t\t\t\t<!-- Add Pagination -->\n\t\t\t<div class=\"swiper-pagination swiper-pagination-7d4d8550\"><\/div>\n\t\t\t\t\t\t\t<div class=\"pp-slider-arrow swiper-button-prev swiper-button-prev-7d4d8550\">\n\t\t\t\t\t<i aria-hidden=\"true\" class=\"fas fa-angle-left\"><\/i>\t\t\t\t<\/div>\n\t\t\t\t<div class=\"pp-slider-arrow swiper-button-next swiper-button-next-7d4d8550\">\n\t\t\t\t\t<i aria-hidden=\"true\" class=\"fas fa-angle-right\"><\/i>\t\t\t\t<\/div>\n\t\t\t\n\t\t\t\n\t\t\t\n\t\t\t\n\t\t\t\t\t<\/div>\n\n\t\t\n\t\t\t\t<\/div>\n\t\t\t\t<\/div>\n\t\t\t\t\t\t<\/div>\n\t\t\t\t\t<\/div>\n\t\t<\/div>\n\t\t\t\t\t\t\t\t<\/div>\n\t\t\t\t\t<\/div>\n\t\t<\/section>\n\t\t\t\t<section class=\"elementor-section elementor-top-section elementor-element elementor-element-886ed48 elementor-section-full_width elementor-section-height-default elementor-section-height-default\" data-id=\"886ed48\" data-element_type=\"section\" data-settings=\"{&quot;background_background&quot;:&quot;classic&quot;}\">\n\t\t\t\t\t\t<div class=\"elementor-container elementor-column-gap-default\">\n\t\t\t\t\t\t\t<div class=\"elementor-row\">\n\t\t\t\t\t<div class=\"elementor-column elementor-col-100 elementor-top-column elementor-element elementor-element-d3e7722\" data-id=\"d3e7722\" data-element_type=\"column\">\n\t\t\t<div class=\"elementor-column-wrap elementor-element-populated\">\n\t\t\t\t\t\t\t<div class=\"elementor-widget-wrap\">\n\t\t\t\t\t\t<section class=\"elementor-section elementor-inner-section elementor-element elementor-element-44169a3 elementor-section-boxed elementor-section-height-default elementor-section-height-default\" data-id=\"44169a3\" data-element_type=\"section\">\n\t\t\t\t\t\t<div class=\"elementor-container elementor-column-gap-custom\">\n\t\t\t\t\t\t\t<div class=\"elementor-row\">\n\t\t\t\t\t<div class=\"elementor-column elementor-col-50 elementor-inner-column elementor-element elementor-element-c52ed2a\" data-id=\"c52ed2a\" data-element_type=\"column\">\n\t\t\t<div class=\"elementor-column-wrap elementor-element-populated\">\n\t\t\t\t\t\t\t<div class=\"elementor-widget-wrap\">\n\t\t\t\t\t\t<div class=\"elementor-element elementor-element-55fe7fa elementor-widget elementor-widget-html\" data-id=\"55fe7fa\" data-element_type=\"widget\" data-widget_type=\"html.default\">\n\t\t\t\t<div class=\"elementor-widget-container\">\n\t\t\t<div class=\"content-cinta-title-lin-all\">\n <h1 class=\"h1-cinta-naranja-lin\">Simposio de<\/h1>\n <h3 class=\"h3-cinta-azul2-lin\">Investigaciones<\/h3>\n<\/div>\n<style>\n.content-cinta-title-lin-all {\n    margin: auto;\n    display: grid;\n    justify-items: end;\n}\n.h1-cinta-naranja-lin {\n  color: #FF8803;\n  font-family: \"Work Sans\", Sans-serif;\n  font-size: 46px !important;\n  line-height: 48px !important;\n  text-align: right;\n}\n.h3-cinta-azul2-lin {\n color: #004484;\n font-family: \"Work Sans\", Sans-serif;\n font-size: 27px !important;\n line-height: 1 !important;\n}\n\n@media screen and (min-width:768px) {\n    .h1-cinta-naranja-lin {\n        font-size: 50px !important;\n    }\n    \n    .h3-cinta-azul2-lin {\n        font-size: 34px !important;\n    }\n}\n@media screen and (min-width:1024px) {\n    .h1-cinta-naranja-lin {\n        font-size: 60px !important;\n    }\n    \n    .h3-cinta-azul2-lin {\n        font-size: 40px !important;\n    }\n}\n<\/style>\t\t<\/div>\n\t\t\t\t<\/div>\n\t\t\t\t\t\t<\/div>\n\t\t\t\t\t<\/div>\n\t\t<\/div>\n\t\t\t\t<div class=\"elementor-column elementor-col-50 elementor-inner-column elementor-element elementor-element-904fb00\" data-id=\"904fb00\" data-element_type=\"column\">\n\t\t\t<div class=\"elementor-column-wrap elementor-element-populated\">\n\t\t\t\t\t\t\t<div class=\"elementor-widget-wrap\">\n\t\t\t\t\t\t<div class=\"elementor-element elementor-element-9658aca elementor-widget elementor-widget-text-editor\" data-id=\"9658aca\" data-element_type=\"widget\" data-widget_type=\"text-editor.default\">\n\t\t\t\t<div class=\"elementor-widget-container\">\n\t\t\t\t\t\t\t\t<div class=\"elementor-text-editor elementor-clearfix\">\n\t\t\t\t<p>La Secretar\u00eda de Salud del Distrito desarrollar\u00e1 en el mes de octubre de 2025 el <strong>VI Simposio de Investigaciones<\/strong><\/p>\t\t\t\t\t<\/div>\n\t\t\t\t\t\t<\/div>\n\t\t\t\t<\/div>\n\t\t\t\t<div class=\"elementor-element elementor-element-576a3ca elementor-tablet-align-left elementor-mobile-align-center elementor-widget elementor-widget-button\" data-id=\"576a3ca\" data-element_type=\"widget\" data-widget_type=\"button.default\">\n\t\t\t\t<div class=\"elementor-widget-container\">\n\t\t\t\t\t<div class=\"elementor-button-wrapper\">\n\t\t\t<a href=\"https:\/\/www.medellin.gov.co\/es\/secretaria-de-salud\/simposio-de-investigaciones\/\" target=\"_blank\" class=\"elementor-button-link elementor-button elementor-size-sm\" role=\"button\">\n\t\t\t\t\t\t<span class=\"elementor-button-content-wrapper\">\n\t\t\t\t\t\t<span class=\"elementor-button-text\">Conoce el simposio<\/span>\n\t\t<\/span>\n\t\t\t\t\t<\/a>\n\t\t<\/div>\n\t\t\t\t<\/div>\n\t\t\t\t<\/div>\n\t\t\t\t\t\t<\/div>\n\t\t\t\t\t<\/div>\n\t\t<\/div>\n\t\t\t\t\t\t\t\t<\/div>\n\t\t\t\t\t<\/div>\n\t\t<\/section>\n\t\t\t\t\t\t<\/div>\n\t\t\t\t\t<\/div>\n\t\t<\/div>\n\t\t\t\t\t\t\t\t<\/div>\n\t\t\t\t\t<\/div>\n\t\t<\/section>\n\t\t\t\t<section class=\"elementor-section elementor-top-section elementor-element elementor-element-6d74d881 elementor-section-boxed elementor-section-height-default elementor-section-height-default\" data-id=\"6d74d881\" data-element_type=\"section\">\n\t\t\t\t\t\t<div class=\"elementor-container elementor-column-gap-default\">\n\t\t\t\t\t\t\t<div class=\"elementor-row\">\n\t\t\t\t\t<div class=\"elementor-column elementor-col-100 elementor-top-column elementor-element elementor-element-1d229206\" data-id=\"1d229206\" data-element_type=\"column\">\n\t\t\t<div class=\"elementor-column-wrap elementor-element-populated\">\n\t\t\t\t\t\t\t<div class=\"elementor-widget-wrap\">\n\t\t\t\t\t\t<div class=\"elementor-element elementor-element-77d3e243 elementor-widget elementor-widget-heading\" data-id=\"77d3e243\" data-element_type=\"widget\" data-widget_type=\"heading.default\">\n\t\t\t\t<div class=\"elementor-widget-container\">\n\t\t\t<h2 class=\"elementor-heading-title elementor-size-default\"><b>Enlaces directos <\/b>de la Secretar\u00eda de Salud<\/h2>\t\t<\/div>\n\t\t\t\t<\/div>\n\t\t\t\t\t\t<\/div>\n\t\t\t\t\t<\/div>\n\t\t<\/div>\n\t\t\t\t\t\t\t\t<\/div>\n\t\t\t\t\t<\/div>\n\t\t<\/section>\n\t\t\t\t<section class=\"elementor-section elementor-top-section elementor-element elementor-element-2515bd77 elementor-section-boxed elementor-section-height-default elementor-section-height-default\" data-id=\"2515bd77\" data-element_type=\"section\">\n\t\t\t\t\t\t<div class=\"elementor-container elementor-column-gap-default\">\n\t\t\t\t\t\t\t<div class=\"elementor-row\">\n\t\t\t\t\t<div class=\"elementor-column elementor-col-100 elementor-top-column elementor-element elementor-element-66c63d5\" data-id=\"66c63d5\" data-element_type=\"column\">\n\t\t\t<div class=\"elementor-column-wrap elementor-element-populated\">\n\t\t\t\t\t\t\t<div class=\"elementor-widget-wrap\">\n\t\t\t\t<div class=\"elementor-element elementor-element-3ee31868 e-container--column e-container\" data-id=\"3ee31868\" data-element_type=\"container\">\t\t\t\t<div class=\"elementor-element elementor-element-28eca4e9 elementor-widget elementor-widget-heading\" data-id=\"28eca4e9\" data-element_type=\"widget\" data-widget_type=\"heading.default\">\n\t\t\t\t<div class=\"elementor-widget-container\">\n\t\t\t<h3 class=\"elementor-heading-title elementor-size-default\">Seccional de Salud de Antioquia<\/h3>\t\t<\/div>\n\t\t\t\t<\/div>\n\t\t\t\t<div class=\"elementor-element elementor-element-56eb0f1b elementor-widget elementor-widget-text-editor\" data-id=\"56eb0f1b\" data-element_type=\"widget\" data-widget_type=\"text-editor.default\">\n\t\t\t\t<div class=\"elementor-widget-container\">\n\t\t\t\t\t\t\t\t<div class=\"elementor-text-editor elementor-clearfix\">\n\t\t\t\t<p>Es la entidad encargada de dirigir, coordinar y vigilar el Sistema General de Seguridad Social en Salud y el de Protecci\u00f3n Social en el departamento, atendiendo las disposiciones nacionales sobre la materia.<\/p><p><span style=\"color: #00ccff;\"><strong><a style=\"color: #00ccff;\" href=\"https:\/\/www.dssa.gov.co\/\" target=\"_blank\" rel=\"noopener\">CONOCE M\u00c1S<\/a><\/strong><\/span><\/p>\t\t\t\t\t<\/div>\n\t\t\t\t\t\t<\/div>\n\t\t\t\t<\/div>\n\t\t<\/div><div class=\"elementor-element elementor-element-41b06108 e-container--column e-container\" data-id=\"41b06108\" data-element_type=\"container\">\t\t\t\t<div class=\"elementor-element elementor-element-77a7bbf elementor-widget elementor-widget-heading\" data-id=\"77a7bbf\" data-element_type=\"widget\" data-widget_type=\"heading.default\">\n\t\t\t\t<div class=\"elementor-widget-container\">\n\t\t\t<h3 class=\"elementor-heading-title elementor-size-default\">Instituto Nacional de Salud<\/h3>\t\t<\/div>\n\t\t\t\t<\/div>\n\t\t\t\t<div class=\"elementor-element elementor-element-13917100 elementor-widget elementor-widget-text-editor\" data-id=\"13917100\" data-element_type=\"widget\" data-widget_type=\"text-editor.default\">\n\t\t\t\t<div class=\"elementor-widget-container\">\n\t\t\t\t\t\t\t\t<div class=\"elementor-text-editor elementor-clearfix\">\n\t\t\t\t<p>El INS es la entidad encargada del desarrollo y gesti\u00f3n del conocimiento cient\u00edfico en salud y biomedicina, para contribuir a mejorar las condiciones de salud de las personas; as\u00ed como de realizar investigaci\u00f3n cient\u00edfica b\u00e1sica y aplicada en salud y biomedicina; los temas de su competencia y la producci\u00f3n de insumos biol\u00f3gicos.<\/p><p><span style=\"color: #00ccff;\"><a style=\"color: #00ccff;\" href=\"https:\/\/www.ins.gov.co\/\" target=\"_blank\" rel=\"noopener\"><strong>CONOCE M\u00c1S<\/strong><\/a><\/span><\/p>\t\t\t\t\t<\/div>\n\t\t\t\t\t\t<\/div>\n\t\t\t\t<\/div>\n\t\t<\/div><div class=\"elementor-element elementor-element-673e19ef e-container--column e-container\" data-id=\"673e19ef\" data-element_type=\"container\">\t\t\t\t<div class=\"elementor-element elementor-element-ed92ea9 elementor-widget elementor-widget-heading\" data-id=\"ed92ea9\" data-element_type=\"widget\" data-widget_type=\"heading.default\">\n\t\t\t\t<div class=\"elementor-widget-container\">\n\t\t\t<h3 class=\"elementor-heading-title elementor-size-default\">Ministerio de Salud y Protecci\u00f3n Social<\/h3>\t\t<\/div>\n\t\t\t\t<\/div>\n\t\t\t\t<div class=\"elementor-element elementor-element-5bd4b61f elementor-widget elementor-widget-text-editor\" data-id=\"5bd4b61f\" data-element_type=\"widget\" data-widget_type=\"text-editor.default\">\n\t\t\t\t<div class=\"elementor-widget-container\">\n\t\t\t\t\t\t\t\t<div class=\"elementor-text-editor elementor-clearfix\">\n\t\t\t\t<p>El Ministerio de Salud y Protecci\u00f3n Social es una entidad p\u00fablica del nivel central del Gobierno Nacional y es la cabeza del sector salud, encargada de conocer, dirigir, evaluar y orientar el Sistema de Seguridad Social en Salud, mediante la formulaci\u00f3n de pol\u00edticas, planes y programas.<\/p><p><span style=\"color: #00ccff;\"><a style=\"color: #00ccff;\" href=\"https:\/\/www.minsalud.gov.co\/Paginas\/default.aspx\" target=\"_blank\" rel=\"noopener\"><strong>CONOCE M\u00c1S<\/strong><\/a><\/span><\/p>\t\t\t\t\t<\/div>\n\t\t\t\t\t\t<\/div>\n\t\t\t\t<\/div>\n\t\t<\/div><div class=\"elementor-element elementor-element-6e05f880 e-container--column e-container\" data-id=\"6e05f880\" data-element_type=\"container\">\t\t\t\t<div class=\"elementor-element elementor-element-3e819e7a elementor-widget elementor-widget-heading\" data-id=\"3e819e7a\" data-element_type=\"widget\" data-widget_type=\"heading.default\">\n\t\t\t\t<div class=\"elementor-widget-container\">\n\t\t\t<h3 class=\"elementor-heading-title elementor-size-default\">Organizaci\u00f3n Mundial de la Salud<\/h3>\t\t<\/div>\n\t\t\t\t<\/div>\n\t\t\t\t<div class=\"elementor-element elementor-element-7782e3d2 elementor-widget elementor-widget-text-editor\" data-id=\"7782e3d2\" data-element_type=\"widget\" data-widget_type=\"text-editor.default\">\n\t\t\t\t<div class=\"elementor-widget-container\">\n\t\t\t\t\t\t\t\t<div class=\"elementor-text-editor elementor-clearfix\">\n\t\t\t\t<p>Su objetivo es construir un futuro mejor y m\u00e1s saludable para las personas de todo el mundo. A trav\u00e9s de las oficinas que la OMS tiene en m\u00e1s de 150 pa\u00edses, nuestro personal trabaja junto con los gobiernos y otros asociados para que todas las personas gocen del grado m\u00e1ximo de salud que se pueda lograr.<\/p><p><span style=\"color: #00ccff;\"><a style=\"color: #00ccff;\" href=\"https:\/\/www.who.int\/es\" target=\"_blank\" rel=\"noopener\"><strong>CONOCE M\u00c1S<\/strong><\/a><\/span><\/p>\t\t\t\t\t<\/div>\n\t\t\t\t\t\t<\/div>\n\t\t\t\t<\/div>\n\t\t<\/div><div class=\"elementor-element elementor-element-148db1cb e-container--column e-container\" data-id=\"148db1cb\" data-element_type=\"container\">\t\t\t\t<div class=\"elementor-element elementor-element-472926f0 elementor-widget elementor-widget-heading\" data-id=\"472926f0\" data-element_type=\"widget\" data-widget_type=\"heading.default\">\n\t\t\t\t<div class=\"elementor-widget-container\">\n\t\t\t<h3 class=\"elementor-heading-title elementor-size-default\">Metrosalud<\/h3>\t\t<\/div>\n\t\t\t\t<\/div>\n\t\t\t\t<div class=\"elementor-element elementor-element-56195605 elementor-widget elementor-widget-text-editor\" data-id=\"56195605\" data-element_type=\"widget\" data-widget_type=\"text-editor.default\">\n\t\t\t\t<div class=\"elementor-widget-container\">\n\t\t\t\t\t\t\t\t<div class=\"elementor-text-editor elementor-clearfix\">\n\t\t\t\t<p>Es una organizaci\u00f3n de car\u00e1cter p\u00fablico, comprometida con generar cultura de vida sana en la poblaci\u00f3n de la ciudad de Medell\u00edn y de la regi\u00f3n. Brinda servicios de salud integrales y competitivos a trav\u00e9s de una amplia y moderna red hospitalaria.<\/p><p><span style=\"color: #00ccff;\"><a style=\"color: #00ccff;\" href=\"http:\/\/www.metrosalud.gov.co\/\" target=\"_blank\" rel=\"noopener\"><strong>CONOCE M\u00c1S<\/strong><\/a><\/span><\/p>\t\t\t\t\t<\/div>\n\t\t\t\t\t\t<\/div>\n\t\t\t\t<\/div>\n\t\t<\/div><div class=\"elementor-element elementor-element-2fc5b5d9 e-container--column e-container\" data-id=\"2fc5b5d9\" data-element_type=\"container\">\t\t\t\t<div class=\"elementor-element elementor-element-142f0902 elementor-widget elementor-widget-heading\" data-id=\"142f0902\" data-element_type=\"widget\" data-widget_type=\"heading.default\">\n\t\t\t\t<div class=\"elementor-widget-container\">\n\t\t\t<h3 class=\"elementor-heading-title elementor-size-default\">Savia Salud<\/h3>\t\t<\/div>\n\t\t\t\t<\/div>\n\t\t\t\t<div class=\"elementor-element elementor-element-66b5df71 elementor-widget elementor-widget-text-editor\" data-id=\"66b5df71\" data-element_type=\"widget\" data-widget_type=\"text-editor.default\">\n\t\t\t\t<div class=\"elementor-widget-container\">\n\t\t\t\t\t\t\t\t<div class=\"elementor-text-editor elementor-clearfix\">\n\t\t\t\t<p>Es un hospital p\u00fablico que presta servicios de salud de forma integral, segura y humana, comprometido con el desarrollo del talento humano en salud y la investigaci\u00f3n.<\/p><p><a href=\"https:\/\/saviasaludeps.com\/\" target=\"_blank\" rel=\"noopener\"><strong><span style=\"color: #0000ff;\"><span style=\"color: #00ccff;\">CONOCE M\u00c1S<\/span><\/span><\/strong><\/a><\/p>\t\t\t\t\t<\/div>\n\t\t\t\t\t\t<\/div>\n\t\t\t\t<\/div>\n\t\t<\/div><div class=\"elementor-element elementor-element-12a793ef e-container--column e-container\" data-id=\"12a793ef\" data-element_type=\"container\">\t\t\t\t<div class=\"elementor-element elementor-element-7102860 elementor-widget elementor-widget-heading\" data-id=\"7102860\" data-element_type=\"widget\" data-widget_type=\"heading.default\">\n\t\t\t\t<div class=\"elementor-widget-container\">\n\t\t\t<h3 class=\"elementor-heading-title elementor-size-default\">Hospital General de Medell\u00edn<\/h3>\t\t<\/div>\n\t\t\t\t<\/div>\n\t\t\t\t<div class=\"elementor-element elementor-element-16f079f0 elementor-widget elementor-widget-text-editor\" data-id=\"16f079f0\" data-element_type=\"widget\" data-widget_type=\"text-editor.default\">\n\t\t\t\t<div class=\"elementor-widget-container\">\n\t\t\t\t\t\t\t\t<div class=\"elementor-text-editor elementor-clearfix\">\n\t\t\t\t<p>Es un hospital p\u00fablico que presta servicios de salud de forma integral, segura y humana, comprometido con el desarrollo del talento humano en salud y la investigaci\u00f3n.<\/p><p><span style=\"color: #00ccff;\"><a style=\"color: #00ccff;\" href=\"https:\/\/www.hgm.gov.co\/\" target=\"_blank\" rel=\"noopener\"><strong>CONOCE M\u00c1S<\/strong><\/a><\/span><\/p>\t\t\t\t\t<\/div>\n\t\t\t\t\t\t<\/div>\n\t\t\t\t<\/div>\n\t\t<\/div><div class=\"elementor-element elementor-element-620ae191 e-container--column e-container\" data-id=\"620ae191\" data-element_type=\"container\">\t\t\t\t<div class=\"elementor-element elementor-element-1a27f88d elementor-widget elementor-widget-heading\" data-id=\"1a27f88d\" data-element_type=\"widget\" data-widget_type=\"heading.default\">\n\t\t\t\t<div class=\"elementor-widget-container\">\n\t\t\t<h3 class=\"elementor-heading-title elementor-size-default\">Hospital Infantil Concejo de Medell\u00edn<\/h3>\t\t<\/div>\n\t\t\t\t<\/div>\n\t\t\t\t<div class=\"elementor-element elementor-element-315bcf2d elementor-widget elementor-widget-text-editor\" data-id=\"315bcf2d\" data-element_type=\"widget\" data-widget_type=\"text-editor.default\">\n\t\t\t\t<div class=\"elementor-widget-container\">\n\t\t\t\t\t\t\t\t<div class=\"elementor-text-editor elementor-clearfix\">\n\t\t\t\t<p>Es una Corporaci\u00f3n sin \u00e1nimo de lucro de mediana y alta complejidad, que inici\u00f3 operaci\u00f3n el primero de agosto de 2013 como resultado de una alianza entre la Alcald\u00eda de Medell\u00edn, la ESE Metrosalud y el Hospital General de Medell\u00edn.<\/p><p><span style=\"color: #00ccff;\"><a style=\"color: #00ccff;\" href=\"https:\/\/hospinfantilcm.org\/\" target=\"_blank\" rel=\"noopener\"><strong>CONOCE M\u00c1S<\/strong><\/a><\/span><\/p>\t\t\t\t\t<\/div>\n\t\t\t\t\t\t<\/div>\n\t\t\t\t<\/div>\n\t\t<\/div>\t\t\t\t<\/div>\n\t\t\t\t\t<\/div>\n\t\t<\/div>\n\t\t\t\t\t\t\t\t<\/div>\n\t\t\t\t\t<\/div>\n\t\t<\/section>\n\t\t<div class=\"elementor-element elementor-element-9bd41e7 e-container--column e-container\" data-id=\"9bd41e7\" data-element_type=\"container\">\t\t\t\t<div class=\"elementor-element elementor-element-fa4ae42 elementor-widget elementor-widget-heading\" data-id=\"fa4ae42\" data-element_type=\"widget\" data-widget_type=\"heading.default\">\n\t\t\t\t<div class=\"elementor-widget-container\">\n\t\t\t<h2 class=\"elementor-heading-title elementor-size-default\"><a href=\"\">  Alianza Cero Hambre<\/a><\/h2>\t\t<\/div>\n\t\t\t\t<\/div>\n\t\t<\/div><div class=\"elementor-element elementor-element-ffa7f2a e-container--column e-container\" data-id=\"ffa7f2a\" data-element_type=\"container\">\t\t\t\t<div class=\"elementor-element elementor-element-31ca36f elementor-widget elementor-widget-spacer\" data-id=\"31ca36f\" data-element_type=\"widget\" data-widget_type=\"spacer.default\">\n\t\t\t\t<div class=\"elementor-widget-container\">\n\t\t\t\t\t<div class=\"elementor-spacer\">\n\t\t\t<div class=\"elementor-spacer-inner\"><\/div>\n\t\t<\/div>\n\t\t\t\t<\/div>\n\t\t\t\t<\/div>\n\t\t<\/div><div class=\"elementor-element elementor-element-135b7db e-container--column e-container\" data-id=\"135b7db\" data-element_type=\"container\">\t\t\t\t<div class=\"elementor-element elementor-element-ea04e17 elementor-widget elementor-widget-text-editor\" data-id=\"ea04e17\" data-element_type=\"widget\" data-widget_type=\"text-editor.default\">\n\t\t\t\t<div class=\"elementor-widget-container\">\n\t\t\t\t\t\t\t\t<div class=\"elementor-text-editor elementor-clearfix\">\n\t\t\t\t<p>Conectar capacidades, recursos, talentos y esfuerzos\u00a0de diferentes sectores que contribuyan a la disminuci\u00f3n de los \u00edndices del hambre en la ciudad de Medell\u00edn, mediante\u00a0proyectos, procesos e iniciativas sistem\u00e1ticas.<\/p><p><span style=\"color: #00ccff;\"><a style=\"color: #00ccff;\" href=\"https:\/\/medellincerohambre.org\/\" target=\"_blank\" rel=\"noopener\"><b>\u00a0CONOCE M\u00c1S<\/b><\/a><\/span><\/p>\t\t\t\t\t<\/div>\n\t\t\t\t\t\t<\/div>\n\t\t\t\t<\/div>\n\t\t<\/div><div class=\"elementor-element elementor-element-891c2a1 e-container--column e-container\" data-id=\"891c2a1\" data-element_type=\"container\">\t\t\t\t<div class=\"elementor-element elementor-element-a607a15 elementor-widget elementor-widget-heading\" data-id=\"a607a15\" data-element_type=\"widget\" data-widget_type=\"heading.default\">\n\t\t\t\t<div class=\"elementor-widget-container\">\n\t\t\t<h2 class=\"elementor-heading-title elementor-size-default\">Medell\u00edn es como vos<\/h2>\t\t<\/div>\n\t\t\t\t<\/div>\n\t\t<\/div><div class=\"elementor-element elementor-element-6043a64 e-container--column e-container\" data-id=\"6043a64\" data-element_type=\"container\">\t\t\t\t<div class=\"elementor-element elementor-element-a4afcb0 elementor-widget elementor-widget-spacer\" data-id=\"a4afcb0\" data-element_type=\"widget\" data-widget_type=\"spacer.default\">\n\t\t\t\t<div class=\"elementor-widget-container\">\n\t\t\t\t\t<div class=\"elementor-spacer\">\n\t\t\t<div class=\"elementor-spacer-inner\"><\/div>\n\t\t<\/div>\n\t\t\t\t<\/div>\n\t\t\t\t<\/div>\n\t\t<\/div><div class=\"elementor-element elementor-element-13949a9 e-container--column e-container\" data-id=\"13949a9\" data-element_type=\"container\">\t\t\t\t<div class=\"elementor-element elementor-element-044c7af elementor-widget elementor-widget-text-editor\" data-id=\"044c7af\" data-element_type=\"widget\" data-widget_type=\"text-editor.default\">\n\t\t\t\t<div class=\"elementor-widget-container\">\n\t\t\t\t\t\t\t\t<div class=\"elementor-text-editor elementor-clearfix\">\n\t\t\t\t<p>En el Colegio Contamos con Vos es una estrategia de ciudad para promover el acceso y la permanencia escolar de ni\u00f1os, ni\u00f1as y j\u00f3venes en las comunas de Medell\u00edn con altos \u00edndices de deserci\u00f3n escolar.<\/p><p><a href=\"https:\/\/www.medellin.gov.co\/es\/secretaria-de-educacion\/estudiantes\/acceso-cobertura-y-permanencia\/#:~:text=En%20el%20Colegio%20Contamos%20con,en%20el%20WhatsApp%20321%206382132\" target=\"_blank\" rel=\"noopener\"><strong><span style=\"color: #00ccff;\">CONOCE M\u00c1S<\/span><\/strong><\/a><\/p>\t\t\t\t\t<\/div>\n\t\t\t\t\t\t<\/div>\n\t\t\t\t<\/div>\n\t\t<\/div>\t\t\t\t\t\t\t<\/div>\n\t\t\t<\/div>\n\t\t\t\t\t<\/div>\n\t\t","protected":false},"excerpt":{"rendered":"<p>Funci\u00f3n de la secretar\u00eda Composici\u00f3n de la secretar\u00eda Conoce m\u00e1s Conoce m\u00e1s Noticias destacadas de la Secretar\u00eda de Salud \u201cQue se aplique la m\u00e1xima sanci\u00f3n\u201d: alcalde Federico Guti\u00e9rrez anunci\u00f3 nuevas acciones legales por crisis &#8230; &#8230;<\/p>\n","protected":false},"author":1,"featured_media":17425,"parent":0,"menu_order":115,"comment_status":"closed","ping_status":"closed","template":"","meta":[],"acf":[],"_links":{"self":[{"href":"https:\/\/www.medellin.gov.co\/es\/wp-json\/wp\/v2\/pages\/17118"}],"collection":[{"href":"https:\/\/www.medellin.gov.co\/es\/wp-json\/wp\/v2\/pages"}],"about":[{"href":"https:\/\/www.medellin.gov.co\/es\/wp-json\/wp\/v2\/types\/page"}],"author":[{"embeddable":true,"href":"https:\/\/www.medellin.gov.co\/es\/wp-json\/wp\/v2\/users\/1"}],"replies":[{"embeddable":true,"href":"https:\/\/www.medellin.gov.co\/es\/wp-json\/wp\/v2\/comments?post=17118"}],"version-history":[{"count":10,"href":"https:\/\/www.medellin.gov.co\/es\/wp-json\/wp\/v2\/pages\/17118\/revisions"}],"predecessor-version":[{"id":517529,"href":"https:\/\/www.medellin.gov.co\/es\/wp-json\/wp\/v2\/pages\/17118\/revisions\/517529"}],"wp:featuredmedia":[{"embeddable":true,"href":"https:\/\/www.medellin.gov.co\/es\/wp-json\/wp\/v2\/media\/17425"}],"wp:attachment":[{"href":"https:\/\/www.medellin.gov.co\/es\/wp-json\/wp\/v2\/media?parent=17118"}],"curies":[{"name":"wp","href":"https:\/\/api.w.org\/{rel}","templated":true}]}}