{"id":171458,"date":"2023-03-24T08:56:12","date_gmt":"2023-03-24T13:56:12","guid":{"rendered":"https:\/\/www.medellin.gov.co\/es\/?page_id=171458"},"modified":"2023-09-25T08:08:33","modified_gmt":"2023-09-25T13:08:33","slug":"mascerca-castilla","status":"publish","type":"page","link":"https:\/\/www.medellin.gov.co\/es\/secretaria-de-gestion-humana\/sedes-de-atencion-a-la-ciudadania-alcaldia-de-medellin\/mascerca-castilla\/","title":{"rendered":"Mascerca Castilla"},"content":{"rendered":"\t\t<div data-elementor-type=\"wp-page\" data-elementor-id=\"171458\" class=\"elementor elementor-171458\">\n\t\t\t\t\t\t<div class=\"elementor-inner\">\n\t\t\t\t<div class=\"elementor-section-wrap\">\n\t\t\t\t\t\t\t\t\t<section class=\"elementor-section elementor-top-section elementor-element elementor-element-a4c563a elementor-section-boxed elementor-section-height-default elementor-section-height-default\" data-id=\"a4c563a\" data-element_type=\"section\">\n\t\t\t\t\t\t<div class=\"elementor-container elementor-column-gap-default\">\n\t\t\t\t\t\t\t<div class=\"elementor-row\">\n\t\t\t\t\t<div class=\"elementor-column elementor-col-100 elementor-top-column elementor-element elementor-element-b6014de\" data-id=\"b6014de\" data-element_type=\"column\">\n\t\t\t<div class=\"elementor-column-wrap elementor-element-populated\">\n\t\t\t\t\t\t\t<div class=\"elementor-widget-wrap\">\n\t\t\t\t\t\t<div class=\"elementor-element elementor-element-8556b52 elementor-widget elementor-widget-heading\" data-id=\"8556b52\" data-element_type=\"widget\" data-widget_type=\"heading.default\">\n\t\t\t\t<div class=\"elementor-widget-container\">\n\t\t\t<h1 class=\"elementor-heading-title elementor-size-default\">Mascerca Castilla<\/h1>\t\t<\/div>\n\t\t\t\t<\/div>\n\t\t\t\t<section class=\"elementor-section elementor-inner-section elementor-element elementor-element-8c39377 elementor-section-boxed elementor-section-height-default elementor-section-height-default\" data-id=\"8c39377\" data-element_type=\"section\">\n\t\t\t\t\t\t<div class=\"elementor-container elementor-column-gap-default\">\n\t\t\t\t\t\t\t<div class=\"elementor-row\">\n\t\t\t\t\t<div class=\"elementor-column elementor-col-50 elementor-inner-column elementor-element elementor-element-b32a957\" data-id=\"b32a957\" data-element_type=\"column\">\n\t\t\t<div class=\"elementor-column-wrap elementor-element-populated\">\n\t\t\t\t\t\t\t<div class=\"elementor-widget-wrap\">\n\t\t\t\t\t\t<div class=\"elementor-element elementor-element-913f815 elementor-widget elementor-widget-text-editor\" data-id=\"913f815\" data-element_type=\"widget\" data-widget_type=\"text-editor.default\">\n\t\t\t\t<div class=\"elementor-widget-container\">\n\t\t\t\t\t\t\t\t<div class=\"elementor-text-editor elementor-clearfix\">\n\t\t\t\t<p>En el Mascerca de Castilla los habitantes de los 19 barrios que conforman la Comuna podr\u00e1n realizar tr\u00e1mites de :<\/p><ul><li><p>Radicaci\u00f3n de PQRSD<\/p><\/li><li><p>Informaci\u00f3n de tr\u00e1mites Catastrales<\/p><\/li><li><p>Tr\u00e1mites de Hacienda<\/p><\/li><li><p>M\u00ednimo Vital de Agua Potable<\/p><\/li><li><p>Sisb\u00e9n<\/p><\/li><\/ul>\t\t\t\t\t<\/div>\n\t\t\t\t\t\t<\/div>\n\t\t\t\t<\/div>\n\t\t\t\t\t\t<\/div>\n\t\t\t\t\t<\/div>\n\t\t<\/div>\n\t\t\t\t<div class=\"elementor-column elementor-col-50 elementor-inner-column elementor-element elementor-element-d66a9be\" data-id=\"d66a9be\" data-element_type=\"column\">\n\t\t\t<div class=\"elementor-column-wrap elementor-element-populated\">\n\t\t\t\t\t\t\t<div class=\"elementor-widget-wrap\">\n\t\t\t\t\t\t<div class=\"elementor-element elementor-element-16d942a elementor-widget elementor-widget-image\" data-id=\"16d942a\" data-element_type=\"widget\" data-widget_type=\"image.default\">\n\t\t\t\t<div class=\"elementor-widget-container\">\n\t\t\t\t\t\t\t\t<div class=\"elementor-image\">\n\t\t\t\t\t\t\t\t\t\t\t\t<img width=\"863\" height=\"800\" src=\"https:\/\/www.medellin.gov.co\/es\/wp-content\/uploads\/2023\/03\/Castilla-C-5.jpg\" class=\"attachment-large size-large\" alt=\"Castilla - C 5\" loading=\"lazy\" srcset=\"https:\/\/www.medellin.gov.co\/es\/wp-content\/uploads\/2023\/03\/Castilla-C-5.jpg 863w, https:\/\/www.medellin.gov.co\/es\/wp-content\/uploads\/2023\/03\/Castilla-C-5-300x278.jpg 300w, https:\/\/www.medellin.gov.co\/es\/wp-content\/uploads\/2023\/03\/Castilla-C-5-150x139.jpg 150w, https:\/\/www.medellin.gov.co\/es\/wp-content\/uploads\/2023\/03\/Castilla-C-5-768x712.jpg 768w\" sizes=\"(max-width: 863px) 100vw, 863px\" \/>\t\t\t\t\t\t\t\t\t\t\t\t\t\t<\/div>\n\t\t\t\t\t\t<\/div>\n\t\t\t\t<\/div>\n\t\t\t\t\t\t<\/div>\n\t\t\t\t\t<\/div>\n\t\t<\/div>\n\t\t\t\t\t\t\t\t<\/div>\n\t\t\t\t\t<\/div>\n\t\t<\/section>\n\t\t\t\t<div class=\"elementor-element elementor-element-23ca71c elementor-widget elementor-widget-heading\" data-id=\"23ca71c\" data-element_type=\"widget\" data-widget_type=\"heading.default\">\n\t\t\t\t<div class=\"elementor-widget-container\">\n\t\t\t<h2 class=\"elementor-heading-title elementor-size-default\"><b>Horarios y l\u00edneas<\/b> de atenci\u00f3n del Mascerca Castilla<\/h2>\t\t<\/div>\n\t\t\t\t<\/div>\n\t\t\t\t<div class=\"elementor-element elementor-element-e6782da elementor-widget elementor-widget-text-editor\" data-id=\"e6782da\" data-element_type=\"widget\" data-widget_type=\"text-editor.default\">\n\t\t\t\t<div class=\"elementor-widget-container\">\n\t\t\t\t\t\t\t\t<div class=\"elementor-text-editor elementor-clearfix\">\n\t\t\t\t<ul><li>Tel\u00e9fono: L\u00ednea \u00danica de Atenci\u00f3n a la Ciudadan\u00eda L\u00ednea \u00danica de Atenci\u00f3n a la Ciudadan\u00eda (604) 44 44 144.<\/li><li>L\u00ednea Gratuita Nacional: 01 8000 411 144.<\/li><li>Horario: Lunes a viernes de 7:30 a. m. a 5:00 p. m. (Jornada continua).<\/li><\/ul>\t\t\t\t\t<\/div>\n\t\t\t\t\t\t<\/div>\n\t\t\t\t<\/div>\n\t\t\t\t<div class=\"elementor-element elementor-element-0285978 elementor-widget elementor-widget-heading\" data-id=\"0285978\" data-element_type=\"widget\" data-widget_type=\"heading.default\">\n\t\t\t\t<div class=\"elementor-widget-container\">\n\t\t\t<h2 class=\"elementor-heading-title elementor-size-default\"><b>Ubicaci\u00f3n del<\/b> Mascerca Castilla<\/h2>\t\t<\/div>\n\t\t\t\t<\/div>\n\t\t\t\t<section class=\"elementor-section elementor-inner-section elementor-element elementor-element-ceafc25 elementor-section-boxed elementor-section-height-default elementor-section-height-default\" data-id=\"ceafc25\" data-element_type=\"section\">\n\t\t\t\t\t\t<div class=\"elementor-container elementor-column-gap-default\">\n\t\t\t\t\t\t\t<div class=\"elementor-row\">\n\t\t\t\t\t<div class=\"elementor-column elementor-col-50 elementor-inner-column elementor-element elementor-element-1e3c17a\" data-id=\"1e3c17a\" data-element_type=\"column\">\n\t\t\t<div class=\"elementor-column-wrap elementor-element-populated\">\n\t\t\t\t\t\t\t<div class=\"elementor-widget-wrap\">\n\t\t\t\t\t\t<div class=\"elementor-element elementor-element-838bfea elementor-widget elementor-widget-text-editor\" data-id=\"838bfea\" data-element_type=\"widget\" data-widget_type=\"text-editor.default\">\n\t\t\t\t<div class=\"elementor-widget-container\">\n\t\t\t\t\t\t\t\t<div class=\"elementor-text-editor elementor-clearfix\">\n\t\t\t\t<p>El Mascerca Castilla est\u00e1 ubicado en la Carrera 65 N\u00b0 100 -123.<\/p>\n<p>Algunos puntos de referencia de la casa de gobierno son:<\/p>\n<ul>\n<li>Parque Juanes de la Paz<\/li>\n<li>Unidad intermedia de Castilla<\/li>\n<li>CDA Las Brisas<\/li>\n<li>Comisar\u00eda de Familia 5 Castilla<\/li>\n<li>I.E. Maestro Arenas Betancur<\/li>\n<li>ITM Castilla<\/li>\n<li>Colegio Loyola para la ciencia y la tecnolog\u00eda<\/li>\n<\/ul>\t\t\t\t\t<\/div>\n\t\t\t\t\t\t<\/div>\n\t\t\t\t<\/div>\n\t\t\t\t\t\t<\/div>\n\t\t\t\t\t<\/div>\n\t\t<\/div>\n\t\t\t\t<div class=\"elementor-column elementor-col-50 elementor-inner-column elementor-element elementor-element-0ea5c12\" data-id=\"0ea5c12\" data-element_type=\"column\">\n\t\t\t<div class=\"elementor-column-wrap elementor-element-populated\">\n\t\t\t\t\t\t\t<div class=\"elementor-widget-wrap\">\n\t\t\t\t\t\t<div class=\"elementor-element elementor-element-66cae1d elementor-widget elementor-widget-text-editor\" data-id=\"66cae1d\" data-element_type=\"widget\" data-widget_type=\"text-editor.default\">\n\t\t\t\t<div class=\"elementor-widget-container\">\n\t\t\t\t\t\t\t\t<div class=\"elementor-text-editor elementor-clearfix\">\n\t\t\t\t<div class=\"iframe-container\"><iframe src=\"https:\/\/www.google.com\/maps\/embed?pb=!1m18!1m12!1m3!1d3965.7599204727953!2d-75.57007058544477!3d6.295248995443807!2m3!1f0!2f0!3f0!3m2!1i1024!2i768!4f13.1!3m3!1m2!1s0x8e442f2eab0ebbc5%3A0x9fc408f28ca456fe!2sMASCERCA%20CASTILLA!5e0!3m2!1ses-419!2sco!4v1679666298626!5m2!1ses-419!2sco\" width=\"100%\" height=\"400\" style=\"border:0;\" allowfullscreen=\"\" loading=\"lazy\" referrerpolicy=\"no-referrer-when-downgrade\"><\/iframe><\/div>\t\t\t\t\t<\/div>\n\t\t\t\t\t\t<\/div>\n\t\t\t\t<\/div>\n\t\t\t\t\t\t<\/div>\n\t\t\t\t\t<\/div>\n\t\t<\/div>\n\t\t\t\t\t\t\t\t<\/div>\n\t\t\t\t\t<\/div>\n\t\t<\/section>\n\t\t\t\t\t\t<\/div>\n\t\t\t\t\t<\/div>\n\t\t<\/div>\n\t\t\t\t\t\t\t\t<\/div>\n\t\t\t\t\t<\/div>\n\t\t<\/section>\n\t\t\t\t\t\t\t\t\t<\/div>\n\t\t\t<\/div>\n\t\t\t\t\t<\/div>\n\t\t","protected":false},"excerpt":{"rendered":"<p>Mascerca Castilla En el Mascerca de Castilla los habitantes de los 19 barrios que conforman la Comuna podr\u00e1n realizar tr\u00e1mites de : Radicaci\u00f3n de PQRSD Informaci\u00f3n de tr\u00e1mites Catastrales Tr\u00e1mites de Hacienda M\u00ednimo Vital de &#8230;<\/p>\n","protected":false},"author":31,"featured_media":0,"parent":170245,"menu_order":0,"comment_status":"closed","ping_status":"closed","template":"sec-gestion-humana\/elementor.php","meta":[],"acf":[],"_links":{"self":[{"href":"https:\/\/www.medellin.gov.co\/es\/wp-json\/wp\/v2\/pages\/171458"}],"collection":[{"href":"https:\/\/www.medellin.gov.co\/es\/wp-json\/wp\/v2\/pages"}],"about":[{"href":"https:\/\/www.medellin.gov.co\/es\/wp-json\/wp\/v2\/types\/page"}],"author":[{"embeddable":true,"href":"https:\/\/www.medellin.gov.co\/es\/wp-json\/wp\/v2\/users\/31"}],"replies":[{"embeddable":true,"href":"https:\/\/www.medellin.gov.co\/es\/wp-json\/wp\/v2\/comments?post=171458"}],"version-history":[{"count":10,"href":"https:\/\/www.medellin.gov.co\/es\/wp-json\/wp\/v2\/pages\/171458\/revisions"}],"predecessor-version":[{"id":254083,"href":"https:\/\/www.medellin.gov.co\/es\/wp-json\/wp\/v2\/pages\/171458\/revisions\/254083"}],"up":[{"embeddable":true,"href":"https:\/\/www.medellin.gov.co\/es\/wp-json\/wp\/v2\/pages\/170245"}],"wp:attachment":[{"href":"https:\/\/www.medellin.gov.co\/es\/wp-json\/wp\/v2\/media?parent=171458"}],"curies":[{"name":"wp","href":"https:\/\/api.w.org\/{rel}","templated":true}]}}