{"id":171770,"date":"2023-03-24T10:07:51","date_gmt":"2023-03-24T15:07:51","guid":{"rendered":"https:\/\/www.medellin.gov.co\/es\/?page_id=171770"},"modified":"2023-09-25T08:37:05","modified_gmt":"2023-09-25T13:37:05","slug":"centro-de-servicios-a-la-ciudadania-casa-de-justicia-el-bosque","status":"publish","type":"page","link":"https:\/\/www.medellin.gov.co\/es\/secretaria-de-gestion-humana\/sedes-de-atencion-a-la-ciudadania-alcaldia-de-medellin\/centro-de-servicios-a-la-ciudadania-casa-de-justicia-el-bosque\/","title":{"rendered":"Centro de servicios a la ciudadan\u00eda Casa de justicia El Bosque"},"content":{"rendered":"\t\t<div data-elementor-type=\"wp-page\" data-elementor-id=\"171770\" class=\"elementor elementor-171770\">\n\t\t\t\t\t\t<div class=\"elementor-inner\">\n\t\t\t\t<div class=\"elementor-section-wrap\">\n\t\t\t\t\t\t\t\t\t<section class=\"elementor-section elementor-top-section elementor-element elementor-element-7a8e1c6 elementor-section-boxed elementor-section-height-default elementor-section-height-default\" data-id=\"7a8e1c6\" data-element_type=\"section\">\n\t\t\t\t\t\t<div class=\"elementor-container elementor-column-gap-default\">\n\t\t\t\t\t\t\t<div class=\"elementor-row\">\n\t\t\t\t\t<div class=\"elementor-column elementor-col-100 elementor-top-column elementor-element elementor-element-d751264\" data-id=\"d751264\" data-element_type=\"column\">\n\t\t\t<div class=\"elementor-column-wrap elementor-element-populated\">\n\t\t\t\t\t\t\t<div class=\"elementor-widget-wrap\">\n\t\t\t\t\t\t<div class=\"elementor-element elementor-element-3ae2512 elementor-widget elementor-widget-heading\" data-id=\"3ae2512\" data-element_type=\"widget\" data-widget_type=\"heading.default\">\n\t\t\t\t<div class=\"elementor-widget-container\">\n\t\t\t<h1 class=\"elementor-heading-title elementor-size-default\">Centro de servicios a la ciudadan\u00eda Casa de justicia El Bosque<\/h1>\t\t<\/div>\n\t\t\t\t<\/div>\n\t\t\t\t<section class=\"elementor-section elementor-inner-section elementor-element elementor-element-3b303da elementor-section-boxed elementor-section-height-default elementor-section-height-default\" data-id=\"3b303da\" data-element_type=\"section\">\n\t\t\t\t\t\t<div class=\"elementor-container elementor-column-gap-default\">\n\t\t\t\t\t\t\t<div class=\"elementor-row\">\n\t\t\t\t\t<div class=\"elementor-column elementor-col-50 elementor-inner-column elementor-element elementor-element-98a2f33\" data-id=\"98a2f33\" data-element_type=\"column\">\n\t\t\t<div class=\"elementor-column-wrap elementor-element-populated\">\n\t\t\t\t\t\t\t<div class=\"elementor-widget-wrap\">\n\t\t\t\t\t\t<div class=\"elementor-element elementor-element-9b94fe7 elementor-widget elementor-widget-text-editor\" data-id=\"9b94fe7\" data-element_type=\"widget\" data-widget_type=\"text-editor.default\">\n\t\t\t\t<div class=\"elementor-widget-container\">\n\t\t\t\t\t\t\t\t<div class=\"elementor-text-editor elementor-clearfix\">\n\t\t\t\t<p>En el Centro de servicios a la ciudadan\u00eda Casa de justicia El Bosque los habitantes de la Comuna 4 &#8211; Aranjuez, podr\u00e1n realizar tr\u00e1mites de:<br \/><br \/><\/p><ul><li><p>Radicaci\u00f3n de PQRSD<\/p><\/li><li><p>Informaci\u00f3n de tr\u00e1mites Catastrales<\/p><\/li><li><p>Tr\u00e1mites de Hacienda<\/p><\/li><li><p>M\u00ednimo Vital de Agua Potable<\/p><\/li><li><p>Sisb\u00e9n<\/p><\/li><\/ul>\t\t\t\t\t<\/div>\n\t\t\t\t\t\t<\/div>\n\t\t\t\t<\/div>\n\t\t\t\t\t\t<\/div>\n\t\t\t\t\t<\/div>\n\t\t<\/div>\n\t\t\t\t<div class=\"elementor-column elementor-col-50 elementor-inner-column elementor-element elementor-element-5113d2a\" data-id=\"5113d2a\" data-element_type=\"column\">\n\t\t\t<div class=\"elementor-column-wrap elementor-element-populated\">\n\t\t\t\t\t\t\t<div class=\"elementor-widget-wrap\">\n\t\t\t\t\t\t<div class=\"elementor-element elementor-element-f81dec6 elementor-widget elementor-widget-image\" data-id=\"f81dec6\" data-element_type=\"widget\" data-widget_type=\"image.default\">\n\t\t\t\t<div class=\"elementor-widget-container\">\n\t\t\t\t\t\t\t\t<div class=\"elementor-image\">\n\t\t\t\t\t\t\t\t\t\t\t\t<img width=\"1024\" height=\"683\" src=\"https:\/\/www.medellin.gov.co\/es\/wp-content\/uploads\/2023\/03\/El-Bosque-C-4-1024x683.jpg\" class=\"attachment-large size-large\" alt=\"El Bosque - C 4\" loading=\"lazy\" srcset=\"https:\/\/www.medellin.gov.co\/es\/wp-content\/uploads\/2023\/03\/El-Bosque-C-4-1024x683.jpg 1024w, https:\/\/www.medellin.gov.co\/es\/wp-content\/uploads\/2023\/03\/El-Bosque-C-4-300x200.jpg 300w, https:\/\/www.medellin.gov.co\/es\/wp-content\/uploads\/2023\/03\/El-Bosque-C-4-150x100.jpg 150w, https:\/\/www.medellin.gov.co\/es\/wp-content\/uploads\/2023\/03\/El-Bosque-C-4-768x512.jpg 768w, https:\/\/www.medellin.gov.co\/es\/wp-content\/uploads\/2023\/03\/El-Bosque-C-4.jpg 1200w\" sizes=\"(max-width: 1024px) 100vw, 1024px\" \/>\t\t\t\t\t\t\t\t\t\t\t\t\t\t<\/div>\n\t\t\t\t\t\t<\/div>\n\t\t\t\t<\/div>\n\t\t\t\t\t\t<\/div>\n\t\t\t\t\t<\/div>\n\t\t<\/div>\n\t\t\t\t\t\t\t\t<\/div>\n\t\t\t\t\t<\/div>\n\t\t<\/section>\n\t\t\t\t<div class=\"elementor-element elementor-element-8406f25 elementor-widget elementor-widget-heading\" data-id=\"8406f25\" data-element_type=\"widget\" data-widget_type=\"heading.default\">\n\t\t\t\t<div class=\"elementor-widget-container\">\n\t\t\t<h2 class=\"elementor-heading-title elementor-size-default\"><b>Horarios y l\u00edneas<\/b> de atenci\u00f3n del Centro de servicios a la ciudadan\u00eda Casa de justicia El Bosque<\/h2>\t\t<\/div>\n\t\t\t\t<\/div>\n\t\t\t\t<div class=\"elementor-element elementor-element-c4bec77 elementor-widget elementor-widget-text-editor\" data-id=\"c4bec77\" data-element_type=\"widget\" data-widget_type=\"text-editor.default\">\n\t\t\t\t<div class=\"elementor-widget-container\">\n\t\t\t\t\t\t\t\t<div class=\"elementor-text-editor elementor-clearfix\">\n\t\t\t\t<ul><li>Tel\u00e9fono: L\u00ednea \u00danica de Atenci\u00f3n a la Ciudadan\u00eda L\u00ednea \u00danica de Atenci\u00f3n a la Ciudadan\u00eda (604) 44 44 144.<\/li><li>L\u00ednea Gratuita Nacional: 01 8000 411 144.<\/li><li>Horario: Lunes a jueves de 7:30 a.m. a 12.30 m. y 1:30 p.m. a 5:30 p.m. &#8211; Viernes de 7:30 a.m. a 12:30 m. y de 1:30 p.m. a 4:30 p.m.<\/li><\/ul>\t\t\t\t\t<\/div>\n\t\t\t\t\t\t<\/div>\n\t\t\t\t<\/div>\n\t\t\t\t<div class=\"elementor-element elementor-element-fb3f237 elementor-widget elementor-widget-heading\" data-id=\"fb3f237\" data-element_type=\"widget\" data-widget_type=\"heading.default\">\n\t\t\t\t<div class=\"elementor-widget-container\">\n\t\t\t<h2 class=\"elementor-heading-title elementor-size-default\"><b>Ubicaci\u00f3n del<\/b> Centro de servicios a la ciudadan\u00eda Casa de justicia El Bosque<\/h2>\t\t<\/div>\n\t\t\t\t<\/div>\n\t\t\t\t<section class=\"elementor-section elementor-inner-section elementor-element elementor-element-53fff0d elementor-section-boxed elementor-section-height-default elementor-section-height-default\" data-id=\"53fff0d\" data-element_type=\"section\">\n\t\t\t\t\t\t<div class=\"elementor-container elementor-column-gap-default\">\n\t\t\t\t\t\t\t<div class=\"elementor-row\">\n\t\t\t\t\t<div class=\"elementor-column elementor-col-50 elementor-inner-column elementor-element elementor-element-a9d8320\" data-id=\"a9d8320\" data-element_type=\"column\">\n\t\t\t<div class=\"elementor-column-wrap elementor-element-populated\">\n\t\t\t\t\t\t\t<div class=\"elementor-widget-wrap\">\n\t\t\t\t\t\t<div class=\"elementor-element elementor-element-3bdcbf8 elementor-widget elementor-widget-text-editor\" data-id=\"3bdcbf8\" data-element_type=\"widget\" data-widget_type=\"text-editor.default\">\n\t\t\t\t<div class=\"elementor-widget-container\">\n\t\t\t\t\t\t\t\t<div class=\"elementor-text-editor elementor-clearfix\">\n\t\t\t\t<p>El Centro de servicios a la ciudadan\u00eda Casa de justicia El Bosque est\u00e1 ubicado en la Carrera 52 N\u00b0 71 \u2013 84.<\/p>\n<p>Algunos puntos de referencia del centro de servicios a la ciudadan\u00eda son:<br><br><\/p>\n<ul>\n<li>Cl\u00ednica IPS Universitaria Le\u00f3n XIII<\/li>\n<li>Jard\u00edn Bot\u00e1nico<\/li>\n<li>Parque de los Deseos<\/li>\n<li>Parque Explora<\/li>\n<li>Acuario y Planetario.<\/li>\n<li>Centro Comercial Bosque Plaza<\/li>\n<li>Universidad de Antioquia<\/li>\n<li>Parque Norte<\/li>\n<li>Cancha Cincuentenario<\/li>\n<li>Estaci\u00f3n Metro Universidad<\/li>\n<li>I.E. Javiera Londo\u00f1o Sevilla<\/li>\n<\/ul>\t\t\t\t\t<\/div>\n\t\t\t\t\t\t<\/div>\n\t\t\t\t<\/div>\n\t\t\t\t\t\t<\/div>\n\t\t\t\t\t<\/div>\n\t\t<\/div>\n\t\t\t\t<div class=\"elementor-column elementor-col-50 elementor-inner-column elementor-element elementor-element-5a24059\" data-id=\"5a24059\" data-element_type=\"column\">\n\t\t\t<div class=\"elementor-column-wrap elementor-element-populated\">\n\t\t\t\t\t\t\t<div class=\"elementor-widget-wrap\">\n\t\t\t\t\t\t<div class=\"elementor-element elementor-element-d5fe356 elementor-widget elementor-widget-text-editor\" data-id=\"d5fe356\" data-element_type=\"widget\" data-widget_type=\"text-editor.default\">\n\t\t\t\t<div class=\"elementor-widget-container\">\n\t\t\t\t\t\t\t\t<div class=\"elementor-text-editor elementor-clearfix\">\n\t\t\t\t<div class=\"iframe-container\"><iframe src=\"https:\/\/www.google.com\/maps\/embed?pb=!1m18!1m12!1m3!1d3965.966385020419!2d-75.56768098544494!3d6.268151395463091!2m3!1f0!2f0!3f0!3m2!1i1024!2i768!4f13.1!3m3!1m2!1s0x8e4428e7759335bf%3A0x60cb9c28832cd855!2sCasa%20de%20Justicia%20El%20Bosque!5e0!3m2!1ses-419!2sco!4v1679670670914!5m2!1ses-419!2sco\" width=\"100%\" height=\"400\" style=\"border:0;\" allowfullscreen=\"\" loading=\"lazy\" referrerpolicy=\"no-referrer-when-downgrade\"><\/iframe><\/div>\t\t\t\t\t<\/div>\n\t\t\t\t\t\t<\/div>\n\t\t\t\t<\/div>\n\t\t\t\t\t\t<\/div>\n\t\t\t\t\t<\/div>\n\t\t<\/div>\n\t\t\t\t\t\t\t\t<\/div>\n\t\t\t\t\t<\/div>\n\t\t<\/section>\n\t\t\t\t\t\t<\/div>\n\t\t\t\t\t<\/div>\n\t\t<\/div>\n\t\t\t\t\t\t\t\t<\/div>\n\t\t\t\t\t<\/div>\n\t\t<\/section>\n\t\t\t\t\t\t\t\t\t<\/div>\n\t\t\t<\/div>\n\t\t\t\t\t<\/div>\n\t\t","protected":false},"excerpt":{"rendered":"<p>Centro de servicios a la ciudadan\u00eda Casa de justicia El Bosque En el Centro de servicios a la ciudadan\u00eda Casa de justicia El Bosque los habitantes de la Comuna 4 &#8211; Aranjuez, podr\u00e1n realizar tr\u00e1mites &#8230;<\/p>\n","protected":false},"author":31,"featured_media":0,"parent":170245,"menu_order":0,"comment_status":"closed","ping_status":"closed","template":"sec-gestion-humana\/elementor.php","meta":[],"acf":[],"_links":{"self":[{"href":"https:\/\/www.medellin.gov.co\/es\/wp-json\/wp\/v2\/pages\/171770"}],"collection":[{"href":"https:\/\/www.medellin.gov.co\/es\/wp-json\/wp\/v2\/pages"}],"about":[{"href":"https:\/\/www.medellin.gov.co\/es\/wp-json\/wp\/v2\/types\/page"}],"author":[{"embeddable":true,"href":"https:\/\/www.medellin.gov.co\/es\/wp-json\/wp\/v2\/users\/31"}],"replies":[{"embeddable":true,"href":"https:\/\/www.medellin.gov.co\/es\/wp-json\/wp\/v2\/comments?post=171770"}],"version-history":[{"count":10,"href":"https:\/\/www.medellin.gov.co\/es\/wp-json\/wp\/v2\/pages\/171770\/revisions"}],"predecessor-version":[{"id":254208,"href":"https:\/\/www.medellin.gov.co\/es\/wp-json\/wp\/v2\/pages\/171770\/revisions\/254208"}],"up":[{"embeddable":true,"href":"https:\/\/www.medellin.gov.co\/es\/wp-json\/wp\/v2\/pages\/170245"}],"wp:attachment":[{"href":"https:\/\/www.medellin.gov.co\/es\/wp-json\/wp\/v2\/media?parent=171770"}],"curies":[{"name":"wp","href":"https:\/\/api.w.org\/{rel}","templated":true}]}}