{"id":17627,"date":"2021-09-24T14:24:20","date_gmt":"2021-09-24T19:24:20","guid":{"rendered":"https:\/\/www.medellin.gov.co\/es\/?page_id=17627"},"modified":"2026-03-18T14:39:18","modified_gmt":"2026-03-18T19:39:18","slug":"informacion-sobre-vigilancia-epidemiologica-en-medellin","status":"publish","type":"page","link":"https:\/\/www.medellin.gov.co\/es\/secretaria-de-salud\/subsecretaria-de-salud-publica\/informacion-sobre-vigilancia-epidemiologica-en-medellin\/","title":{"rendered":"Vigilancia epidemiol\u00f3gica en Medell\u00edn"},"content":{"rendered":"\t\t<div data-elementor-type=\"wp-page\" data-elementor-id=\"17627\" class=\"elementor elementor-17627\">\n\t\t\t\t\t\t<div class=\"elementor-inner\">\n\t\t\t\t<div class=\"elementor-section-wrap\">\n\t\t\t\t\t\t\t\t\t<section class=\"elementor-section elementor-top-section elementor-element elementor-element-4c96bc63 elementor-section-boxed elementor-section-height-default elementor-section-height-default\" data-id=\"4c96bc63\" data-element_type=\"section\">\n\t\t\t\t\t\t<div class=\"elementor-container elementor-column-gap-default\">\n\t\t\t\t\t\t\t<div class=\"elementor-row\">\n\t\t\t\t\t<div class=\"elementor-column elementor-col-100 elementor-top-column elementor-element elementor-element-2590f4b5\" data-id=\"2590f4b5\" data-element_type=\"column\">\n\t\t\t<div class=\"elementor-column-wrap elementor-element-populated\">\n\t\t\t\t\t\t\t<div class=\"elementor-widget-wrap\">\n\t\t\t\t\t\t<div class=\"elementor-element elementor-element-3d22eed7 elementor-widget elementor-widget-heading\" data-id=\"3d22eed7\" data-element_type=\"widget\" data-widget_type=\"heading.default\">\n\t\t\t\t<div class=\"elementor-widget-container\">\n\t\t\t<h1 class=\"elementor-heading-title elementor-size-default\">Vigilancia epidemiol\u00f3gica en Medell\u00edn<\/h1>\t\t<\/div>\n\t\t\t\t<\/div>\n\t\t\t\t<section class=\"elementor-section elementor-inner-section elementor-element elementor-element-2def80e elementor-reverse-mobile elementor-section-boxed elementor-section-height-default elementor-section-height-default\" data-id=\"2def80e\" data-element_type=\"section\">\n\t\t\t\t\t\t<div class=\"elementor-container elementor-column-gap-default\">\n\t\t\t\t\t\t\t<div class=\"elementor-row\">\n\t\t\t\t\t<div class=\"elementor-column elementor-col-50 elementor-inner-column elementor-element elementor-element-e82611d\" data-id=\"e82611d\" data-element_type=\"column\">\n\t\t\t<div class=\"elementor-column-wrap elementor-element-populated\">\n\t\t\t\t\t\t\t<div class=\"elementor-widget-wrap\">\n\t\t\t\t\t\t<div class=\"elementor-element elementor-element-1692792 elementor-widget elementor-widget-text-editor\" data-id=\"1692792\" data-element_type=\"widget\" data-widget_type=\"text-editor.default\">\n\t\t\t\t<div class=\"elementor-widget-container\">\n\t\t\t\t\t\t\t\t<div class=\"elementor-text-editor elementor-clearfix\">\n\t\t\t\t<p>La Vigilancia Epidemiol\u00f3gica es una funci\u00f3n b\u00e1sica de la Salud P\u00fablica que tiene como finalidad identificar riesgos en salud e intervenirlos, para facilitar su prevenci\u00f3n y control.<\/p><p>Este objetivo se cumple a trav\u00e9s del monitoreo de los eventos de inter\u00e9s en salud p\u00fablica y alertas internacionales que pongan en riesgo la salud y su intervenci\u00f3n con acciones como cercos epidemiol\u00f3gicos, vacunaci\u00f3n de bloqueo, b\u00fasquedas activas de casos, estudios de brote, an\u00e1lisis de mortalidad, entre otros.<\/p><p>En este espacio se encuentran los datos analizados de eventos no transmisibles, entre los cuales est\u00e1n: el c\u00e1ncer, la violencia, las muertes maternas, el intento de suicidio, entre otros, y eventos transmisibles como la tuberculosis, el sarampi\u00f3n, la tosferina y el COVID-19, que son objeto de vigilancia y pueden ocasionar afectaciones tan importantes como brotes y epidemias.<\/p>\t\t\t\t\t<\/div>\n\t\t\t\t\t\t<\/div>\n\t\t\t\t<\/div>\n\t\t\t\t\t\t<\/div>\n\t\t\t\t\t<\/div>\n\t\t<\/div>\n\t\t\t\t<div class=\"elementor-column elementor-col-50 elementor-inner-column elementor-element elementor-element-f4faae9\" data-id=\"f4faae9\" data-element_type=\"column\">\n\t\t\t<div class=\"elementor-column-wrap elementor-element-populated\">\n\t\t\t\t\t\t\t<div class=\"elementor-widget-wrap\">\n\t\t\t\t\t\t<div class=\"elementor-element elementor-element-787a2ab elementor-widget elementor-widget-image\" data-id=\"787a2ab\" data-element_type=\"widget\" data-widget_type=\"image.default\">\n\t\t\t\t<div class=\"elementor-widget-container\">\n\t\t\t\t\t\t\t\t<div class=\"elementor-image\">\n\t\t\t\t\t\t\t\t\t\t\t\t<img width=\"1200\" height=\"674\" src=\"https:\/\/www.medellin.gov.co\/es\/wp-content\/uploads\/2022\/09\/epidemiologia.jpg\" class=\"attachment-full size-full\" alt=\"Vigilancia epidemiol\u00f3gica\" loading=\"lazy\" srcset=\"https:\/\/www.medellin.gov.co\/es\/wp-content\/uploads\/2022\/09\/epidemiologia.jpg 1200w, https:\/\/www.medellin.gov.co\/es\/wp-content\/uploads\/2022\/09\/epidemiologia-300x169.jpg 300w, https:\/\/www.medellin.gov.co\/es\/wp-content\/uploads\/2022\/09\/epidemiologia-1024x575.jpg 1024w, https:\/\/www.medellin.gov.co\/es\/wp-content\/uploads\/2022\/09\/epidemiologia-150x84.jpg 150w, https:\/\/www.medellin.gov.co\/es\/wp-content\/uploads\/2022\/09\/epidemiologia-768x431.jpg 768w\" sizes=\"(max-width: 1200px) 100vw, 1200px\" \/>\t\t\t\t\t\t\t\t\t\t\t\t\t\t<\/div>\n\t\t\t\t\t\t<\/div>\n\t\t\t\t<\/div>\n\t\t\t\t\t\t<\/div>\n\t\t\t\t\t<\/div>\n\t\t<\/div>\n\t\t\t\t\t\t\t\t<\/div>\n\t\t\t\t\t<\/div>\n\t\t<\/section>\n\t\t\t\t<div class=\"elementor-element elementor-element-43750d0 elementor-widget elementor-widget-heading\" data-id=\"43750d0\" data-element_type=\"widget\" data-widget_type=\"heading.default\">\n\t\t\t\t<div class=\"elementor-widget-container\">\n\t\t\t<h2 class=\"elementor-heading-title elementor-size-default\"><b>Boletines<\/b> de periodo<\/h2>\t\t<\/div>\n\t\t\t\t<\/div>\n\t\t\t\t<div class=\"elementor-element elementor-element-d740676 elementor-widget elementor-widget-pp-faq\" data-id=\"d740676\" data-element_type=\"widget\" data-settings=\"{&quot;faq_layout&quot;:&quot;accordion&quot;,&quot;accordion_type&quot;:&quot;accordion&quot;,&quot;toggle_speed&quot;:300}\" data-widget_type=\"pp-faq.default\">\n\t\t\t\t<div class=\"elementor-widget-container\">\n\t\t\t\t\t<div class=\"pp-faqs pp-advanced-accordion pp-toggle-icon-align-left\" id=\"pp-advanced-accordion-d740676\" data-accordion-id=\"d740676\">\n\t\t\t\t\t\t<div class=\"pp-faq-item-wrap elementor-grid-item\">\n\t\t\t\t<div class=\"pp-faq-item pp-accordion-item\">\n\t\t\t\t\t<div id=\"pp-accordion-tab-title-2251\" class=\"pp-faq-question pp-accordion-tab-title\" tabindex=\"2251\" data-tab=\"1\">\n\t\t\t\t\t\t<div class=\"pp-accordion-title-icon\">\n\t\t\t\t\t\t\t\t\t\t\t\t\t\t\t\t\t\t\t\t\t<div class=\"pp-accordion-title-text\">\n\t\t\t\t\t\t\t\t2025\t\t\t\t\t\t\t<\/div>\n\t\t\t\t\t\t<\/div>\n\t\t\t\t\t\t\t\t\t\t\t\t\t<div class=\"pp-accordion-toggle-icon\">\n\t\t\t\t\t\t\t\t\t\t\t\t\t\t\t\t\t<span class='pp-accordion-toggle-icon-close pp-icon'>\n\t\t\t\t\t\t\t\t\t\t<i aria-hidden=\"true\" class=\"fas fa-plus\"><\/i>\t\t\t\t\t\t\t\t\t<\/span>\n\t\t\t\t\t\t\t\t\t\t\t\t\t\t\t\t\t\t\t\t\t\t\t\t\t<span class='pp-accordion-toggle-icon-open pp-icon'>\n\t\t\t\t\t\t\t\t\t\t<i aria-hidden=\"true\" class=\"fas fa-minus\"><\/i>\t\t\t\t\t\t\t\t\t<\/span>\n\t\t\t\t\t\t\t\t\t\t\t\t\t\t\t<\/div>\n\t\t\t\t\t\t\t\t\t\t\t<\/div>\n\n\t\t\t\t\t<div id=\"pp-accordion-tab-content-2251\" class=\"pp-faq-answer pp-accordion-tab-content\" data-tab=\"1\">\n\t\t\t\t\t\t<p><a href=\"https:\/\/www.medellin.gov.co\/es\/wp-content\/uploads\/2025\/06\/01_TRIM_2025_IAD-IAPMQ-CAB-RAM-26-05-2025.pdf\" target=\"_blank\" rel=\"noopener\">01_TRIM_2025_IAD IAPMQ CAB RAM 26-05-2025<\/a><\/p>\n<p><a href=\"https:\/\/www.medellin.gov.co\/es\/wp-content\/uploads\/2025\/06\/Informe-de-Periodo-01-2025-sem04.pdf\" target=\"_blank\" rel=\"noopener\">Informe de Periodo 01-2025-sem04<\/a><\/p>\n<p><a href=\"https:\/\/www.medellin.gov.co\/es\/wp-content\/uploads\/2025\/06\/Informe-de-Periodo-02-2025-sem08.pdf\" target=\"_blank\" rel=\"noopener\">Informe de Periodo 02-2025-sem08<\/a><\/p>\n<p><a href=\"https:\/\/www.medellin.gov.co\/es\/wp-content\/uploads\/2025\/06\/Informe-de-Periodo-03-2025-sem12.pdf\" target=\"_blank\" rel=\"noopener\">Informe de Periodo 03-2025-sem12<\/a><\/p>\n<p><a href=\"https:\/\/www.medellin.gov.co\/es\/wp-content\/uploads\/2025\/12\/Informe-de-Periodo-05-2025-sem20.pdf\" target=\"_blank\" rel=\"noopener\">Informe de Periodo 05-2025-sem20<\/a><\/p>\n<p><a href=\"https:\/\/www.medellin.gov.co\/es\/wp-content\/uploads\/2025\/12\/Informe-de-Periodo-08-2025-sem32.pdf\" target=\"_blank\" rel=\"noopener\">Informe de Periodo 08-2025-sem32<\/a><\/p>\n<p><a href=\"https:\/\/www.medellin.gov.co\/es\/wp-content\/uploads\/2025\/12\/Informe-de-Periodo-09-2025-sem36.pdf\" target=\"_blank\" rel=\"noopener\">Informe de Periodo 09-<\/a><a href=\"https:\/\/www.medellin.gov.co\/es\/wp-content\/uploads\/2025\/12\/Informe-de-Periodo-09-2025-sem36.pdf\" target=\"_blank\" rel=\"noopener\">2025-sem36<\/a><\/p>\n<p><a href=\"https:\/\/www.medellin.gov.co\/es\/wp-content\/uploads\/2026\/03\/Informe-de-Periodo-10-2025-sem40.pptx\">Informe de Periodo 10-2025-sem40<\/a><\/p>\n<p><a href=\"https:\/\/www.medellin.gov.co\/es\/wp-content\/uploads\/2026\/03\/Informe-de-Periodo-11-2025-sem44.pptx\">Informe de Periodo 11-2025-sem44<\/a><\/p>\n<p><a href=\"https:\/\/www.medellin.gov.co\/es\/wp-content\/uploads\/2026\/03\/Informe-de-Periodo-12-2025-sem48.pptx\">Informe de Periodo 12-2025-sem48<\/a><\/p>\n<p><a href=\"https:\/\/www.medellin.gov.co\/es\/wp-content\/uploads\/2026\/03\/Informe-de-Periodo-13-2025-sem53.pptx\">Informe de Periodo 13-2025-sem53<\/a><\/p>\n\t\t\t\t\t<\/div>\n\t\t\t\t<\/div>\n\t\t\t<\/div>\n\t\t\t\t\t\t<div class=\"pp-faq-item-wrap elementor-grid-item\">\n\t\t\t\t<div class=\"pp-faq-item pp-accordion-item\">\n\t\t\t\t\t<div id=\"pp-accordion-tab-title-2252\" class=\"pp-faq-question pp-accordion-tab-title\" tabindex=\"2252\" data-tab=\"2\">\n\t\t\t\t\t\t<div class=\"pp-accordion-title-icon\">\n\t\t\t\t\t\t\t\t\t\t\t\t\t\t\t\t\t\t\t\t\t<div class=\"pp-accordion-title-text\">\n\t\t\t\t\t\t\t\t2024\t\t\t\t\t\t\t<\/div>\n\t\t\t\t\t\t<\/div>\n\t\t\t\t\t\t\t\t\t\t\t\t\t<div class=\"pp-accordion-toggle-icon\">\n\t\t\t\t\t\t\t\t\t\t\t\t\t\t\t\t\t<span class='pp-accordion-toggle-icon-close pp-icon'>\n\t\t\t\t\t\t\t\t\t\t<i aria-hidden=\"true\" class=\"fas fa-plus\"><\/i>\t\t\t\t\t\t\t\t\t<\/span>\n\t\t\t\t\t\t\t\t\t\t\t\t\t\t\t\t\t\t\t\t\t\t\t\t\t<span class='pp-accordion-toggle-icon-open pp-icon'>\n\t\t\t\t\t\t\t\t\t\t<i aria-hidden=\"true\" class=\"fas fa-minus\"><\/i>\t\t\t\t\t\t\t\t\t<\/span>\n\t\t\t\t\t\t\t\t\t\t\t\t\t\t\t<\/div>\n\t\t\t\t\t\t\t\t\t\t\t<\/div>\n\n\t\t\t\t\t<div id=\"pp-accordion-tab-content-2252\" class=\"pp-faq-answer pp-accordion-tab-content\" data-tab=\"2\">\n\t\t\t\t\t\t<p><a href=\"https:\/\/www.medellin.gov.co\/es\/wp-content\/uploads\/2025\/06\/01_TRIM_2024_IAD-ISO-CAB.pdf\" target=\"_blank\" rel=\"noopener\">01_TRIM_2024_IAD-ISO-CAB<\/a><\/p>\n<p><a href=\"https:\/\/www.medellin.gov.co\/es\/wp-content\/uploads\/2025\/06\/02_TRIM_2024_IAD_IAPMQ_CAB.pdf\" target=\"_blank\" rel=\"noopener\">02_TRIM_2024_IAD_IAPMQ_CAB<\/a><\/p>\n<p><a href=\"https:\/\/www.medellin.gov.co\/es\/wp-content\/uploads\/2025\/06\/03_TRIM_2024_IAAS.pdf\" target=\"_blank\" rel=\"noopener\">03_TRIM_2024_IAAS<\/a><\/p>\n<p><a href=\"https:\/\/www.medellin.gov.co\/es\/wp-content\/uploads\/2025\/06\/Informe-de-Periodo-01-2024-sem04.pdf\" target=\"_blank\" rel=\"noopener\">Informe de Periodo 01-2024-sem04<\/a><\/p>\n<p><a href=\"https:\/\/www.medellin.gov.co\/es\/wp-content\/uploads\/2025\/06\/Informe-de-Periodo-02-2024-sem08.pdf\" target=\"_blank\" rel=\"noopener\">Informe de Periodo 02-2024-sem08<\/a><\/p>\n<p><a href=\"https:\/\/www.medellin.gov.co\/es\/wp-content\/uploads\/2025\/06\/Informe-de-Periodo-03-2024-sem12.pdf\" target=\"_blank\" rel=\"noopener\">Informe de Periodo 03-2024-sem12<\/a><\/p>\n<p><a href=\"https:\/\/www.medellin.gov.co\/es\/wp-content\/uploads\/2025\/06\/Informe-de-Periodo-04-2024-sem16.pdf\" target=\"_blank\" rel=\"noopener\">Informe de Periodo 04-2024-sem16<\/a><\/p>\n<p><a href=\"https:\/\/www.medellin.gov.co\/es\/wp-content\/uploads\/2025\/06\/Informe-de-Periodo-05-2024-sem20.pdf\" target=\"_blank\" rel=\"noopener\">Informe de Periodo 05-2024-sem20<\/a><\/p>\n<p><a href=\"https:\/\/www.medellin.gov.co\/es\/wp-content\/uploads\/2025\/06\/Informe-de-Periodo-06-2024-sem24.pdf\" target=\"_blank\" rel=\"noopener\">Informe de Periodo 06-2024-sem24<\/a><\/p>\n<p><a href=\"https:\/\/www.medellin.gov.co\/es\/wp-content\/uploads\/2025\/06\/Informe-de-Periodo-07-2024-sem28.pdf\" target=\"_blank\" rel=\"noopener\">Informe de Periodo 07-2024-sem28<\/a><\/p>\n<p><a href=\"https:\/\/www.medellin.gov.co\/es\/wp-content\/uploads\/2025\/06\/Informe-de-Periodo-08-2024-sem32.pdf\" target=\"_blank\" rel=\"noopener\">Informe de Periodo 08-2024-sem32<\/a><\/p>\n<p><a href=\"https:\/\/www.medellin.gov.co\/es\/wp-content\/uploads\/2025\/06\/Informe-de-Periodo-09-2024-sem36.pdf\" target=\"_blank\" rel=\"noopener\">Informe de Periodo 09-2024-sem36<\/a><\/p>\n<p><a href=\"https:\/\/www.medellin.gov.co\/es\/wp-content\/uploads\/2025\/06\/Informe-de-Periodo-10-2024-sem40.pdf\" target=\"_blank\" rel=\"noopener\">Informe de Periodo 10-2024-sem40<\/a><\/p>\n<p><a href=\"https:\/\/www.medellin.gov.co\/es\/wp-content\/uploads\/2025\/06\/Informe-de-Periodo-11-2024-sem44.pdf\" target=\"_blank\" rel=\"noopener\">Informe de Periodo 11-2024-sem44<\/a><\/p>\n<p><a href=\"https:\/\/www.medellin.gov.co\/es\/wp-content\/uploads\/2025\/06\/Informe-de-Periodo-12-2024-sem48.pdf\" target=\"_blank\" rel=\"noopener\">Informe de Periodo 12-2024-sem48<\/a><\/p>\n<p><a href=\"https:\/\/www.medellin.gov.co\/es\/wp-content\/uploads\/2025\/06\/Informe-de-Periodo-13-2024-sem52.pdf\" target=\"_blank\" rel=\"noopener\">Informe de Periodo 13-2024-sem52<\/a><\/p>\n\t\t\t\t\t<\/div>\n\t\t\t\t<\/div>\n\t\t\t<\/div>\n\t\t\t\t\t\t<div class=\"pp-faq-item-wrap elementor-grid-item\">\n\t\t\t\t<div class=\"pp-faq-item pp-accordion-item\">\n\t\t\t\t\t<div id=\"pp-accordion-tab-title-2253\" class=\"pp-faq-question pp-accordion-tab-title\" tabindex=\"2253\" data-tab=\"3\">\n\t\t\t\t\t\t<div class=\"pp-accordion-title-icon\">\n\t\t\t\t\t\t\t\t\t\t\t\t\t\t\t\t\t\t\t\t\t<div class=\"pp-accordion-title-text\">\n\t\t\t\t\t\t\t\t2023\t\t\t\t\t\t\t<\/div>\n\t\t\t\t\t\t<\/div>\n\t\t\t\t\t\t\t\t\t\t\t\t\t<div class=\"pp-accordion-toggle-icon\">\n\t\t\t\t\t\t\t\t\t\t\t\t\t\t\t\t\t<span class='pp-accordion-toggle-icon-close pp-icon'>\n\t\t\t\t\t\t\t\t\t\t<i aria-hidden=\"true\" class=\"fas fa-plus\"><\/i>\t\t\t\t\t\t\t\t\t<\/span>\n\t\t\t\t\t\t\t\t\t\t\t\t\t\t\t\t\t\t\t\t\t\t\t\t\t<span class='pp-accordion-toggle-icon-open pp-icon'>\n\t\t\t\t\t\t\t\t\t\t<i aria-hidden=\"true\" class=\"fas fa-minus\"><\/i>\t\t\t\t\t\t\t\t\t<\/span>\n\t\t\t\t\t\t\t\t\t\t\t\t\t\t\t<\/div>\n\t\t\t\t\t\t\t\t\t\t\t<\/div>\n\n\t\t\t\t\t<div id=\"pp-accordion-tab-content-2253\" class=\"pp-faq-answer pp-accordion-tab-content\" data-tab=\"3\">\n\t\t\t\t\t\t<p><a href=\"https:\/\/www.medellin.gov.co\/es\/wp-content\/uploads\/2023\/10\/000-Informe-de-Periodo-01-2023-sem04.pptx\">Informe de Periodo 01-2023-sem04<\/a><\/p>\n<p><a href=\"https:\/\/www.medellin.gov.co\/es\/wp-content\/uploads\/2023\/10\/000-Informe-de-Periodo-02-2023-sem08.pptx\">Informe de Periodo 02-2023-sem08<\/a><\/p>\n<p><a href=\"https:\/\/www.medellin.gov.co\/es\/wp-content\/uploads\/2023\/10\/000-Informe-de-Periodo-03-2023-sem12.pptx\">Informe de Periodo 03-2023-sem12<\/a><\/p>\n<p><a href=\"https:\/\/www.medellin.gov.co\/es\/wp-content\/uploads\/2023\/10\/000-Informe-de-Periodo-04-2023-sem16.pptx\">Informe de Periodo 04-2023-sem16<\/a><\/p>\n<p><a href=\"https:\/\/www.medellin.gov.co\/es\/wp-content\/uploads\/2023\/10\/000-Informe-de-Periodo-05-2023-sem20-1.pptx\" rel=\"noopener\">Informe de Periodo 05-2023-sem20<\/a><\/p>\n<p><a href=\"https:\/\/www.medellin.gov.co\/es\/wp-content\/uploads\/2023\/10\/000-Informe-de-Periodo-06-2023-sem24-1.pptx\" rel=\"noopener\">Informe de Periodo 06-2023-sem24<\/a><\/p>\n<p><a href=\"https:\/\/www.medellin.gov.co\/es\/wp-content\/uploads\/2023\/10\/000-Informe-de-Periodo-07-2023-sem28-1.pptx\">Informe de Periodo 07-2023-sem28<\/a><\/p>\n<p><a href=\"https:\/\/www.medellin.gov.co\/es\/wp-content\/uploads\/2023\/10\/000-Informe-de-Periodo-08-2023-sem32-1.pptx\">Informe de Periodo 08-2023-sem32<\/a><\/p>\n<p><a href=\"https:\/\/www.medellin.gov.co\/es\/wp-content\/uploads\/2024\/04\/000-Informe-de-Periodo-09-2023-sem36.pdf\">Informe de Periodo 09-2023-sem36<\/a><\/p>\n<p><a href=\"https:\/\/www.medellin.gov.co\/es\/wp-content\/uploads\/2024\/04\/000-Informe-de-Periodo-10-2023-sem40.pdf\">Informe de Periodo 10-2023-sem40<\/a><\/p>\n<p><a href=\"https:\/\/www.medellin.gov.co\/es\/wp-content\/uploads\/2024\/04\/000-Informe-de-Periodo-11-2023-sem44.pdf\">Informe de Periodo 11-2023-sem44<\/a><\/p>\n<p><a href=\"https:\/\/www.medellin.gov.co\/es\/wp-content\/uploads\/2024\/04\/000-Informe-de-Periodo-12-2023-sem48.pdf\">Informe de Periodo 12-2023-sem48<\/a><\/p>\n\t\t\t\t\t<\/div>\n\t\t\t\t<\/div>\n\t\t\t<\/div>\n\t\t\t\t\t\t<div class=\"pp-faq-item-wrap elementor-grid-item\">\n\t\t\t\t<div class=\"pp-faq-item pp-accordion-item\">\n\t\t\t\t\t<div id=\"pp-accordion-tab-title-2254\" class=\"pp-faq-question pp-accordion-tab-title\" tabindex=\"2254\" data-tab=\"4\">\n\t\t\t\t\t\t<div class=\"pp-accordion-title-icon\">\n\t\t\t\t\t\t\t\t\t\t\t\t\t\t\t\t\t\t\t\t\t<div class=\"pp-accordion-title-text\">\n\t\t\t\t\t\t\t\t2022\t\t\t\t\t\t\t<\/div>\n\t\t\t\t\t\t<\/div>\n\t\t\t\t\t\t\t\t\t\t\t\t\t<div class=\"pp-accordion-toggle-icon\">\n\t\t\t\t\t\t\t\t\t\t\t\t\t\t\t\t\t<span class='pp-accordion-toggle-icon-close pp-icon'>\n\t\t\t\t\t\t\t\t\t\t<i aria-hidden=\"true\" class=\"fas fa-plus\"><\/i>\t\t\t\t\t\t\t\t\t<\/span>\n\t\t\t\t\t\t\t\t\t\t\t\t\t\t\t\t\t\t\t\t\t\t\t\t\t<span class='pp-accordion-toggle-icon-open pp-icon'>\n\t\t\t\t\t\t\t\t\t\t<i aria-hidden=\"true\" class=\"fas fa-minus\"><\/i>\t\t\t\t\t\t\t\t\t<\/span>\n\t\t\t\t\t\t\t\t\t\t\t\t\t\t\t<\/div>\n\t\t\t\t\t\t\t\t\t\t\t<\/div>\n\n\t\t\t\t\t<div id=\"pp-accordion-tab-content-2254\" class=\"pp-faq-answer pp-accordion-tab-content\" data-tab=\"4\">\n\t\t\t\t\t\t<p><a href=\"https:\/\/www.medellin.gov.co\/es\/wp-content\/uploads\/2023\/07\/000-Informe-de-Periodo-01-2022-sem04.pptx\">Informe de Periodo 01-2022-sem04<\/a><\/p>\n<p><a href=\"https:\/\/www.medellin.gov.co\/es\/wp-content\/uploads\/2023\/07\/000-Informe-de-Periodo-02-2022-sem08.pptx\">Informe de Periodo 02-2022-sem08<\/a><\/p>\n<p><a href=\"https:\/\/www.medellin.gov.co\/es\/wp-content\/uploads\/2023\/07\/000-Informe-de-Periodo-03-2022-sem12.pptx\">Informe de Periodo 03-2022-sem12<\/a><\/p>\n<p><a href=\"https:\/\/www.medellin.gov.co\/es\/wp-content\/uploads\/2023\/07\/000-Informe-de-Periodo-04-2022-sem16.pptx\">Informe de Periodo 04-2022-sem16<\/a><\/p>\n<p><a href=\"https:\/\/www.medellin.gov.co\/es\/wp-content\/uploads\/2023\/07\/000-Informe-de-Periodo-05-2022-sem20.pptx\">Informe de Periodo 05-2022-sem20<\/a><\/p>\n<p><a href=\"https:\/\/www.medellin.gov.co\/es\/wp-content\/uploads\/2023\/07\/000-Informe-de-Periodo-06-2022-sem24.pptx\">Informe de Periodo 06-2022-sem24<\/a><\/p>\n<p><a href=\"https:\/\/www.medellin.gov.co\/es\/wp-content\/uploads\/2023\/07\/000-Informe-de-Periodo-07-2022-sem28.pptx\">Informe de Periodo 07-2022-sem28<\/a><\/p>\n<p><a href=\"https:\/\/www.medellin.gov.co\/es\/wp-content\/uploads\/2023\/07\/000-Informe-de-Periodo-08-2022-sem32.pptx\">Informe de Periodo 08-2022-sem32<\/a><\/p>\n<p><a href=\"https:\/\/www.medellin.gov.co\/es\/wp-content\/uploads\/2023\/07\/000-Informe-de-Periodo-09-2022-sem36.pptx\">Informe de Periodo 09-2022-sem36<\/a><\/p>\n<p><a href=\"https:\/\/www.medellin.gov.co\/es\/wp-content\/uploads\/2023\/07\/000-Informe-de-Periodo-10-2022-sem40.pptx\">Informe de Periodo 10-2022-sem40<\/a><\/p>\n<p><a href=\"https:\/\/www.medellin.gov.co\/es\/wp-content\/uploads\/2023\/07\/000-Informe-de-Periodo-11-2022-sem44.pptx\">Informe de Periodo 11-2022-sem44<\/a><\/p>\n<p><a href=\"https:\/\/www.medellin.gov.co\/es\/wp-content\/uploads\/2023\/07\/000-Informe-de-Periodo-12-2022-sem48.pptx\">Informe de Periodo 12-2022-sem48<\/a><\/p>\n\t\t\t\t\t<\/div>\n\t\t\t\t<\/div>\n\t\t\t<\/div>\n\t\t\t\t\t\t<div class=\"pp-faq-item-wrap elementor-grid-item\">\n\t\t\t\t<div class=\"pp-faq-item pp-accordion-item\">\n\t\t\t\t\t<div id=\"pp-accordion-tab-title-2255\" class=\"pp-faq-question pp-accordion-tab-title\" tabindex=\"2255\" data-tab=\"5\">\n\t\t\t\t\t\t<div class=\"pp-accordion-title-icon\">\n\t\t\t\t\t\t\t\t\t\t\t\t\t\t\t\t\t\t\t\t\t<div class=\"pp-accordion-title-text\">\n\t\t\t\t\t\t\t\t2021\t\t\t\t\t\t\t<\/div>\n\t\t\t\t\t\t<\/div>\n\t\t\t\t\t\t\t\t\t\t\t\t\t<div class=\"pp-accordion-toggle-icon\">\n\t\t\t\t\t\t\t\t\t\t\t\t\t\t\t\t\t<span class='pp-accordion-toggle-icon-close pp-icon'>\n\t\t\t\t\t\t\t\t\t\t<i aria-hidden=\"true\" class=\"fas fa-plus\"><\/i>\t\t\t\t\t\t\t\t\t<\/span>\n\t\t\t\t\t\t\t\t\t\t\t\t\t\t\t\t\t\t\t\t\t\t\t\t\t<span class='pp-accordion-toggle-icon-open pp-icon'>\n\t\t\t\t\t\t\t\t\t\t<i aria-hidden=\"true\" class=\"fas fa-minus\"><\/i>\t\t\t\t\t\t\t\t\t<\/span>\n\t\t\t\t\t\t\t\t\t\t\t\t\t\t\t<\/div>\n\t\t\t\t\t\t\t\t\t\t\t<\/div>\n\n\t\t\t\t\t<div id=\"pp-accordion-tab-content-2255\" class=\"pp-faq-answer pp-accordion-tab-content\" data-tab=\"5\">\n\t\t\t\t\t\t<p><a href=\"https:\/\/www.medellin.gov.co\/es\/wp-content\/uploads\/2023\/07\/000-Informe-de-Periodo-01-2021-sem4.pptx\">Informe de Periodo 01-2021-sem4<\/a><\/p>\n<p><a href=\"https:\/\/www.medellin.gov.co\/es\/wp-content\/uploads\/2023\/07\/000-Informe-de-Periodo-02-2021-sem8.pptx\">Informe de Periodo 02-2021-sem8<\/a><\/p>\n<p><a href=\"https:\/\/www.medellin.gov.co\/es\/wp-content\/uploads\/2023\/07\/000-Informe-de-Periodo-03-2021-sem12.pptx\">Informe de Periodo 03-2021-sem12<\/a><\/p>\n<p><a href=\"https:\/\/www.medellin.gov.co\/es\/wp-content\/uploads\/2023\/07\/000-Informe-de-Periodo-04-2021-sem16.pptx\">Informe de Periodo 04-2021-sem16<\/a><\/p>\n<p><a href=\"https:\/\/www.medellin.gov.co\/es\/wp-content\/uploads\/2023\/07\/000-Informe-de-Periodo-05-2021-sem20.pptx\">Informe de Periodo 05-2021-sem20<\/a><\/p>\n<p><a href=\"https:\/\/www.medellin.gov.co\/es\/wp-content\/uploads\/2023\/07\/000-Informe-de-Periodo-06-2021-sem24.pptx\">Informe de Periodo 06-2021-sem24<\/a><\/p>\n<p><a href=\"https:\/\/www.medellin.gov.co\/es\/wp-content\/uploads\/2023\/07\/000-Informe-de-Periodo-07-2021-sem28.pptx\">Informe de Periodo 07-2021-sem28<\/a><\/p>\n<p><a href=\"https:\/\/www.medellin.gov.co\/es\/wp-content\/uploads\/2023\/07\/000-Informe-de-Periodo-08-2021-sem32.pptx\">Informe de Periodo 08-2021-sem32<\/a><\/p>\n<p><a href=\"https:\/\/www.medellin.gov.co\/es\/wp-content\/uploads\/2023\/07\/000-Informe-de-Periodo-09-2021-sem36.pptx\">Informe de Periodo 09-2021-sem36<\/a><\/p>\n<p><a href=\"https:\/\/www.medellin.gov.co\/es\/wp-content\/uploads\/2023\/07\/000-Informe-de-Periodo-10-2021-sem40.pptx\">Informe de Periodo 10-2021-sem40<\/a><\/p>\n<p><a href=\"https:\/\/www.medellin.gov.co\/es\/wp-content\/uploads\/2023\/07\/000-Informe-de-Periodo-11-2021-sem44.pptx\">Informe de Periodo 11-2021-sem44<\/a><\/p>\n<p><a href=\"https:\/\/www.medellin.gov.co\/es\/wp-content\/uploads\/2023\/07\/000-Informe-de-Periodo-12-2021-sem48.pptx\">Informe de Periodo 12-2021-sem48<\/a><\/p>\n<p><a href=\"https:\/\/www.medellin.gov.co\/es\/wp-content\/uploads\/2023\/07\/000-Informe-de-Periodo-13-2021-sem52.pptx\">Informe de Periodo 13-2021-sem52<\/a><\/p>\n\t\t\t\t\t<\/div>\n\t\t\t\t<\/div>\n\t\t\t<\/div>\n\t\t\t\t\t\t<div class=\"pp-faq-item-wrap elementor-grid-item\">\n\t\t\t\t<div class=\"pp-faq-item pp-accordion-item\">\n\t\t\t\t\t<div id=\"pp-accordion-tab-title-2256\" class=\"pp-faq-question pp-accordion-tab-title\" tabindex=\"2256\" data-tab=\"6\">\n\t\t\t\t\t\t<div class=\"pp-accordion-title-icon\">\n\t\t\t\t\t\t\t\t\t\t\t\t\t\t\t\t\t\t\t\t\t<div class=\"pp-accordion-title-text\">\n\t\t\t\t\t\t\t\t2020\t\t\t\t\t\t\t<\/div>\n\t\t\t\t\t\t<\/div>\n\t\t\t\t\t\t\t\t\t\t\t\t\t<div class=\"pp-accordion-toggle-icon\">\n\t\t\t\t\t\t\t\t\t\t\t\t\t\t\t\t\t<span class='pp-accordion-toggle-icon-close pp-icon'>\n\t\t\t\t\t\t\t\t\t\t<i aria-hidden=\"true\" class=\"fas fa-plus\"><\/i>\t\t\t\t\t\t\t\t\t<\/span>\n\t\t\t\t\t\t\t\t\t\t\t\t\t\t\t\t\t\t\t\t\t\t\t\t\t<span class='pp-accordion-toggle-icon-open pp-icon'>\n\t\t\t\t\t\t\t\t\t\t<i aria-hidden=\"true\" class=\"fas fa-minus\"><\/i>\t\t\t\t\t\t\t\t\t<\/span>\n\t\t\t\t\t\t\t\t\t\t\t\t\t\t\t<\/div>\n\t\t\t\t\t\t\t\t\t\t\t<\/div>\n\n\t\t\t\t\t<div id=\"pp-accordion-tab-content-2256\" class=\"pp-faq-answer pp-accordion-tab-content\" data-tab=\"6\">\n\t\t\t\t\t\t<p><a href=\"https:\/\/www.medellin.gov.co\/es\/wp-content\/uploads\/2023\/07\/000-Informe-de-Periodo-01-2020-sem04.pptx\">Informe de Periodo 01-2020-sem04<\/a><\/p>\n<p><a href=\"https:\/\/www.medellin.gov.co\/es\/wp-content\/uploads\/2023\/07\/000-Informe-de-Periodo-05-2020-sem20.pptx\">Informe de Periodo 05-2020-sem20<\/a><\/p>\n<p><a href=\"https:\/\/www.medellin.gov.co\/es\/wp-content\/uploads\/2023\/07\/000-Informe-de-Periodo-06-2020-sem24.pptx\">Informe de Periodo 06-2020-sem24<\/a><\/p>\n<p><a href=\"https:\/\/www.medellin.gov.co\/es\/wp-content\/uploads\/2023\/07\/000-Informe-de-Periodo-07-2020-sem28.pptx\">Informe de Periodo 07-2020-sem28<\/a><\/p>\n<p><a href=\"https:\/\/www.medellin.gov.co\/es\/wp-content\/uploads\/2023\/07\/000-Informe-de-Periodo-08-2020-sem32.pptx\">Informe de Periodo 08-2020-sem32<\/a><\/p>\n<p><a href=\"https:\/\/www.medellin.gov.co\/es\/wp-content\/uploads\/2023\/07\/000-Informe-de-Periodo-09-2020-sem36.pptx\">Informe de Periodo 09-2020-sem36<\/a><\/p>\n<p><a href=\"https:\/\/www.medellin.gov.co\/es\/wp-content\/uploads\/2023\/07\/000-Informe-de-Periodo-10-2020-sem40.pptx\">000-Informe de Periodo 10-2020-sem40<\/a><\/p>\n<p><a href=\"https:\/\/www.medellin.gov.co\/es\/wp-content\/uploads\/2023\/07\/000-Informe-de-Periodo-11-2020-sem44.pptx\">000-Informe de Periodo 11-2020-sem44<\/a><\/p>\n<p><a href=\"https:\/\/www.medellin.gov.co\/es\/wp-content\/uploads\/2023\/07\/000-Informe-de-Periodo-12-2020-sem48.pptx\">000-Informe de Periodo 12-2020-sem48<\/a><\/p>\n<p><a href=\"https:\/\/www.medellin.gov.co\/es\/wp-content\/uploads\/2023\/07\/000-Informe-de-Periodo-13-2020-sem52.pptx\">000-Informe de Periodo 13-2020-sem52<\/a><\/p>\n\t\t\t\t\t<\/div>\n\t\t\t\t<\/div>\n\t\t\t<\/div>\n\t\t\t\t\t<\/div>\n\t\t\t\t<\/div>\n\t\t\t\t<\/div>\n\t\t\t\t\t\t<\/div>\n\t\t\t\t\t<\/div>\n\t\t<\/div>\n\t\t\t\t\t\t\t\t<\/div>\n\t\t\t\t\t<\/div>\n\t\t<\/section>\n\t\t\t\t\t\t\t\t\t<\/div>\n\t\t\t<\/div>\n\t\t\t\t\t<\/div>\n\t\t","protected":false},"excerpt":{"rendered":"<p>Vigilancia epidemiol\u00f3gica en Medell\u00edn La Vigilancia Epidemiol\u00f3gica es una funci\u00f3n b\u00e1sica de la Salud P\u00fablica que tiene como finalidad identificar riesgos en salud e intervenirlos, para facilitar su prevenci\u00f3n y control. Este objetivo se cumple &#8230;<\/p>\n","protected":false},"author":1,"featured_media":17425,"parent":17247,"menu_order":15,"comment_status":"closed","ping_status":"closed","template":"sec-salud\/elementor.php","meta":[],"acf":[],"_links":{"self":[{"href":"https:\/\/www.medellin.gov.co\/es\/wp-json\/wp\/v2\/pages\/17627"}],"collection":[{"href":"https:\/\/www.medellin.gov.co\/es\/wp-json\/wp\/v2\/pages"}],"about":[{"href":"https:\/\/www.medellin.gov.co\/es\/wp-json\/wp\/v2\/types\/page"}],"author":[{"embeddable":true,"href":"https:\/\/www.medellin.gov.co\/es\/wp-json\/wp\/v2\/users\/1"}],"replies":[{"embeddable":true,"href":"https:\/\/www.medellin.gov.co\/es\/wp-json\/wp\/v2\/comments?post=17627"}],"version-history":[{"count":10,"href":"https:\/\/www.medellin.gov.co\/es\/wp-json\/wp\/v2\/pages\/17627\/revisions"}],"predecessor-version":[{"id":510320,"href":"https:\/\/www.medellin.gov.co\/es\/wp-json\/wp\/v2\/pages\/17627\/revisions\/510320"}],"up":[{"embeddable":true,"href":"https:\/\/www.medellin.gov.co\/es\/wp-json\/wp\/v2\/pages\/17247"}],"wp:featuredmedia":[{"embeddable":true,"href":"https:\/\/www.medellin.gov.co\/es\/wp-json\/wp\/v2\/media\/17425"}],"wp:attachment":[{"href":"https:\/\/www.medellin.gov.co\/es\/wp-json\/wp\/v2\/media?parent=17627"}],"curies":[{"name":"wp","href":"https:\/\/api.w.org\/{rel}","templated":true}]}}