{"id":192008,"date":"2023-05-02T16:19:40","date_gmt":"2023-05-02T21:19:40","guid":{"rendered":"https:\/\/www.medellin.gov.co\/es\/?page_id=192008"},"modified":"2023-08-22T13:54:50","modified_gmt":"2023-08-22T18:54:50","slug":"educacion-gratuita-en-medellin","status":"publish","type":"page","link":"https:\/\/www.medellin.gov.co\/es\/secretaria-de-educacion\/educacion-gratuita-en-medellin\/","title":{"rendered":"Educaci\u00f3n gratuita en Medell\u00edn"},"content":{"rendered":"\t\t<div data-elementor-type=\"wp-page\" data-elementor-id=\"192008\" class=\"elementor elementor-192008\">\n\t\t\t\t\t\t<div class=\"elementor-inner\">\n\t\t\t\t<div class=\"elementor-section-wrap\">\n\t\t\t\t\t\t\t\t\t<section class=\"elementor-section elementor-top-section elementor-element elementor-element-3152b67 elementor-section-boxed elementor-section-height-default elementor-section-height-default\" data-id=\"3152b67\" data-element_type=\"section\">\n\t\t\t\t\t\t<div class=\"elementor-container elementor-column-gap-default\">\n\t\t\t\t\t\t\t<div class=\"elementor-row\">\n\t\t\t\t\t<div class=\"elementor-column elementor-col-100 elementor-top-column elementor-element elementor-element-ff117c2\" data-id=\"ff117c2\" data-element_type=\"column\">\n\t\t\t<div class=\"elementor-column-wrap elementor-element-populated\">\n\t\t\t\t\t\t\t<div class=\"elementor-widget-wrap\">\n\t\t\t\t\t\t<div class=\"elementor-element elementor-element-2bfaf54 elementor-widget elementor-widget-heading\" data-id=\"2bfaf54\" data-element_type=\"widget\" data-widget_type=\"heading.default\">\n\t\t\t\t<div class=\"elementor-widget-container\">\n\t\t\t<h1 class=\"elementor-heading-title elementor-size-default\">\u00bfC\u00f3mo puedes estudiar gratis en Medell\u00edn desde la gestaci\u00f3n hasta la educaci\u00f3n superior?<\/h1>\t\t<\/div>\n\t\t\t\t<\/div>\n\t\t\t\t<section class=\"elementor-section elementor-inner-section elementor-element elementor-element-297a3d5 elementor-section-boxed elementor-section-height-default elementor-section-height-default\" data-id=\"297a3d5\" data-element_type=\"section\">\n\t\t\t\t\t\t<div class=\"elementor-container elementor-column-gap-default\">\n\t\t\t\t\t\t\t<div class=\"elementor-row\">\n\t\t\t\t\t<div class=\"elementor-column elementor-col-100 elementor-inner-column elementor-element elementor-element-bf76b03\" data-id=\"bf76b03\" data-element_type=\"column\">\n\t\t\t<div class=\"elementor-column-wrap elementor-element-populated\">\n\t\t\t\t\t\t\t<div class=\"elementor-widget-wrap\">\n\t\t\t\t\t\t<div class=\"elementor-element elementor-element-071f8a1 elementor-widget elementor-widget-image\" data-id=\"071f8a1\" data-element_type=\"widget\" data-widget_type=\"image.default\">\n\t\t\t\t<div class=\"elementor-widget-container\">\n\t\t\t\t\t\t\t\t<div class=\"elementor-image\">\n\t\t\t\t\t\t\t\t\t\t\t\t<img width=\"747\" height=\"937\" src=\"https:\/\/www.medellin.gov.co\/es\/wp-content\/uploads\/2023\/05\/Infografico-educacion-1.jpg\" class=\"attachment-large size-large\" alt=\"Infogr\u00e1fico educaci\u00f3n gratuita\" loading=\"lazy\" srcset=\"https:\/\/www.medellin.gov.co\/es\/wp-content\/uploads\/2023\/05\/Infografico-educacion-1.jpg 747w, https:\/\/www.medellin.gov.co\/es\/wp-content\/uploads\/2023\/05\/Infografico-educacion-1-239x300.jpg 239w, https:\/\/www.medellin.gov.co\/es\/wp-content\/uploads\/2023\/05\/Infografico-educacion-1-120x150.jpg 120w\" sizes=\"(max-width: 747px) 100vw, 747px\" \/>\t\t\t\t\t\t\t\t\t\t\t\t\t\t<\/div>\n\t\t\t\t\t\t<\/div>\n\t\t\t\t<\/div>\n\t\t\t\t\t\t<\/div>\n\t\t\t\t\t<\/div>\n\t\t<\/div>\n\t\t\t\t\t\t\t\t<\/div>\n\t\t\t\t\t<\/div>\n\t\t<\/section>\n\t\t\t\t<div class=\"elementor-element elementor-element-33c0d88 elementor-widget elementor-widget-heading\" data-id=\"33c0d88\" data-element_type=\"widget\" data-widget_type=\"heading.default\">\n\t\t\t\t<div class=\"elementor-widget-container\">\n\t\t\t<h2 class=\"elementor-heading-title elementor-size-default\"><b>Educaci\u00f3n para ni\u00f1os<\/b> y ni\u00f1as entre los 0 y los 5 a\u00f1os de edad<\/h2>\t\t<\/div>\n\t\t\t\t<\/div>\n\t\t\t\t<div class=\"elementor-element elementor-element-88109a7 elementor-widget elementor-widget-text-editor\" data-id=\"88109a7\" data-element_type=\"widget\" data-widget_type=\"text-editor.default\">\n\t\t\t\t<div class=\"elementor-widget-container\">\n\t\t\t\t\t\t\t\t<div class=\"elementor-text-editor elementor-clearfix\">\n\t\t\t\t<p>La Unidad Administrativa Especial Buen Comienzo brinda educaci\u00f3n inicial y promueve el desarrollo integral, diverso, incluyente y aut\u00f3nomo durante los primeros cinco a\u00f1os de vida.<\/p><p><strong>Modalidades de atenci\u00f3n de Buen Comienzo:<\/strong><\/p><ul><li><strong>Familiar:<\/strong> se da desde antes del nacimiento del ni\u00f1o o la ni\u00f1a con el acompa\u00f1amiento a las mam\u00e1s gestantes y lactantes.<\/li><li><strong>Institucional o Ludotekas: <\/strong>al cumplir los dos a\u00f1os, los menores pasan a esta modalidad con cinco a ocho horas diarias de atenci\u00f3n, reciben alimentaci\u00f3n y acompa\u00f1amiento pedag\u00f3gico.<\/li><\/ul><p><strong>\u00bfC\u00f3mo acceder?<\/strong><\/p><p>El acceso es gratuito y la inscripci\u00f3n puede hacerse ingresando a <a href=\"https:\/\/www.medellin.edu.co\/tucupo\/\" target=\"_blank\" rel=\"noopener\">Busca Tu Cupo<\/a> o dirigi\u00e9ndote a la sede de Buen Comienzo m\u00e1s cercana.<\/p>\t\t\t\t\t<\/div>\n\t\t\t\t\t\t<\/div>\n\t\t\t\t<\/div>\n\t\t\t\t<div class=\"elementor-element elementor-element-45879dc elementor-widget elementor-widget-heading\" data-id=\"45879dc\" data-element_type=\"widget\" data-widget_type=\"heading.default\">\n\t\t\t\t<div class=\"elementor-widget-container\">\n\t\t\t<h2 class=\"elementor-heading-title elementor-size-default\"><b>\u00bfQu\u00e9 ocurre cuando los<\/b> ni\u00f1os o ni\u00f1as cumplen los cinco a\u00f1os de edad?<\/h2>\t\t<\/div>\n\t\t\t\t<\/div>\n\t\t\t\t<div class=\"elementor-element elementor-element-bd761f9 elementor-widget elementor-widget-text-editor\" data-id=\"bd761f9\" data-element_type=\"widget\" data-widget_type=\"text-editor.default\">\n\t\t\t\t<div class=\"elementor-widget-container\">\n\t\t\t\t\t\t\t\t<div class=\"elementor-text-editor elementor-clearfix\">\n\t\t\t\t<p>Hacen su tr\u00e1nsito a la educaci\u00f3n preescolar. Gracias a la articulaci\u00f3n con la Secretar\u00eda de Educaci\u00f3n se garantiza su continuidad en el sistema educativo, sin interrupciones.<\/p><p><strong>\u00bfC\u00f3mo pueden acceder al proceso formativo en\u00a0preescolar, b\u00e1sica y media?<\/strong><\/p><ul><li>Un adulto responsable puede gestionar el cupo acudiendo directamente al establecimiento escolar m\u00e1s cercano a su vivienda.<\/li><li>Comunic\u00e1ndose con el N\u00facleo Educativo. All\u00ed te orientar\u00e1n sobre la disponibilidad de cupos en su zona.<a href=\"https:\/\/www.medellin.gov.co\/es\/secretaria-de-educacion\/estudiantes\/acceso-cobertura-y-permanencia\/\"> Consulta aqu\u00ed el directorio de n\u00facleos<\/a><\/li><\/ul><p>La Secretar\u00eda de Educaci\u00f3n tambi\u00e9n habilit\u00f3 los siguientes canales de atenci\u00f3n:<\/p><ul><li>L\u00ednea telef\u00f3nica fija 604 5148921.<\/li><li>L\u00edneas celulares 3043454778 y 3216382132.<\/li><li>Correo electr\u00f3nico\u00a0<a href=\"mailto:cupos.edu@medellin.gov.co\">edu@medellin.gov.co<\/a><\/li><li>Taquillas 15 y 16 del tercer piso del Bulevar de San Juan.<\/li><li>Puede registrar la solicitud de cupo de manera virtual en el aplicativo web <a href=\"https:\/\/www.medellin.edu.co\/tucupo\/\" target=\"_blank\" rel=\"noopener\">Busca Tu Cupo<\/a><\/li><\/ul><p>\u00a0<\/p>\t\t\t\t\t<\/div>\n\t\t\t\t\t\t<\/div>\n\t\t\t\t<\/div>\n\t\t\t\t<div class=\"elementor-element elementor-element-a3cfef6 elementor-widget elementor-widget-alert\" data-id=\"a3cfef6\" data-element_type=\"widget\" data-widget_type=\"alert.default\">\n\t\t\t\t<div class=\"elementor-widget-container\">\n\t\t\t\t\t<div class=\"elementor-alert elementor-alert-info\" role=\"alert\">\n\t\t\t<span class=\"elementor-alert-title\">89.000 estudiantes de Medell\u00edn se beneficiaron con el pago de las Pruebas Saber 11 durante el cuatrienio. La estrategia se implement\u00f3 durante el primer a\u00f1o de gobierno de la actual Administraci\u00f3n Distrital.<\/span>\n\t\t\t\t\t\t\t<span class=\"elementor-alert-description\">\n\nEn 2023 la Alcald\u00eda de Medell\u00edn pag\u00f3 la inscripci\u00f3n a las Pruebas Saber 11 de los 19.312 estudiantes de und\u00e9cimo que actualmente est\u00e1n matriculados en las instituciones educativas oficiales del Distrito.<\/span>\n\t\t\t\t\t\t\t\t\t\t<button type=\"button\" class=\"elementor-alert-dismiss\">\n\t\t\t\t\t<span aria-hidden=\"true\">&times;<\/span>\n\t\t\t\t\t<span class=\"elementor-screen-only\">Descartar alerta<\/span>\n\t\t\t\t<\/button>\n\t\t\t\t\t<\/div>\n\t\t\t\t<\/div>\n\t\t\t\t<\/div>\n\t\t\t\t<div class=\"elementor-element elementor-element-d58623a elementor-widget elementor-widget-heading\" data-id=\"d58623a\" data-element_type=\"widget\" data-widget_type=\"heading.default\">\n\t\t\t\t<div class=\"elementor-widget-container\">\n\t\t\t<h2 class=\"elementor-heading-title elementor-size-default\"><b>\u00bfC\u00f3mo acceder a la <\/b> educaci\u00f3n superior gratuita en Medell\u00edn?<\/h2>\t\t<\/div>\n\t\t\t\t<\/div>\n\t\t\t\t<div class=\"elementor-element elementor-element-487d69c elementor-widget elementor-widget-heading\" data-id=\"487d69c\" data-element_type=\"widget\" data-widget_type=\"heading.default\">\n\t\t\t\t<div class=\"elementor-widget-container\">\n\t\t\t<h3 class=\"elementor-heading-title elementor-size-default\">Matr\u00edcula cero<\/h3>\t\t<\/div>\n\t\t\t\t<\/div>\n\t\t\t\t<div class=\"elementor-element elementor-element-8732327 elementor-widget elementor-widget-text-editor\" data-id=\"8732327\" data-element_type=\"widget\" data-widget_type=\"text-editor.default\">\n\t\t\t\t<div class=\"elementor-widget-container\">\n\t\t\t\t\t\t\t\t<div class=\"elementor-text-editor elementor-clearfix\">\n\t\t\t\t<p>Gracias a esta iniciativa se puede obtener el 100% del pago de la liquidaci\u00f3n de matr\u00edcula y graduarse de una de las tres IES p\u00fablicas de la ciudad.<\/p><p>Solo aplica para personas nacidas o que demuestren residencia m\u00ednima de un a\u00f1o en el Distrito de Medell\u00edn.<\/p>\t\t\t\t\t<\/div>\n\t\t\t\t\t\t<\/div>\n\t\t\t\t<\/div>\n\t\t\t\t<div class=\"elementor-element elementor-element-87b4726 elementor-widget elementor-widget-heading\" data-id=\"87b4726\" data-element_type=\"widget\" data-widget_type=\"heading.default\">\n\t\t\t\t<div class=\"elementor-widget-container\">\n\t\t\t<h3 class=\"elementor-heading-title elementor-size-default\">\u00bfC\u00f3mo aplicar?<\/h3>\t\t<\/div>\n\t\t\t\t<\/div>\n\t\t\t\t<div class=\"elementor-element elementor-element-6d943d7 elementor-widget elementor-widget-heading\" data-id=\"6d943d7\" data-element_type=\"widget\" data-widget_type=\"heading.default\">\n\t\t\t\t<div class=\"elementor-widget-container\">\n\t\t\t<h4 class=\"elementor-heading-title elementor-size-default\">Cr\u00e9ditos condonables de Sapiencia<\/h4>\t\t<\/div>\n\t\t\t\t<\/div>\n\t\t\t\t<div class=\"elementor-element elementor-element-fa3028b elementor-widget elementor-widget-text-editor\" data-id=\"fa3028b\" data-element_type=\"widget\" data-widget_type=\"text-editor.default\">\n\t\t\t\t<div class=\"elementor-widget-container\">\n\t\t\t\t\t\t\t\t<div class=\"elementor-text-editor elementor-clearfix\">\n\t\t\t\t<p>Se puede realizar un pregrado o posgrado con los cr\u00e9ditos condonables de Sapiencia<\/p>\t\t\t\t\t<\/div>\n\t\t\t\t\t\t<\/div>\n\t\t\t\t<\/div>\n\t\t\t\t<div class=\"elementor-element elementor-element-574fead elementor-widget elementor-widget-heading\" data-id=\"574fead\" data-element_type=\"widget\" data-widget_type=\"heading.default\">\n\t\t\t\t<div class=\"elementor-widget-container\">\n\t\t\t<h4 class=\"elementor-heading-title elementor-size-default\">Fondos Sapiencia con recursos de Presupuesto Participativo<\/h4>\t\t<\/div>\n\t\t\t\t<\/div>\n\t\t\t\t<div class=\"elementor-element elementor-element-ee80909 elementor-widget elementor-widget-text-editor\" data-id=\"ee80909\" data-element_type=\"widget\" data-widget_type=\"text-editor.default\">\n\t\t\t\t<div class=\"elementor-widget-container\">\n\t\t\t\t\t\t\t\t<div class=\"elementor-text-editor elementor-clearfix\">\n\t\t\t\t<p>Apoya el acceso y la permanencia en la educaci\u00f3n superior de los habitantes de Medell\u00edn con recursos de Presupuesto Participativo, a trav\u00e9s de cr\u00e9ditos que se condonan cumpliendo con un \u00a0servicio social y obteniendo el t\u00edtulo profesional.<\/p>\t\t\t\t\t<\/div>\n\t\t\t\t\t\t<\/div>\n\t\t\t\t<\/div>\n\t\t\t\t<div class=\"elementor-element elementor-element-5a1c272 elementor-widget elementor-widget-heading\" data-id=\"5a1c272\" data-element_type=\"widget\" data-widget_type=\"heading.default\">\n\t\t\t\t<div class=\"elementor-widget-container\">\n\t\t\t<h4 class=\"elementor-heading-title elementor-size-default\">Fondo Sapiencia con EPM y Universidades<\/h4>\t\t<\/div>\n\t\t\t\t<\/div>\n\t\t\t\t<div class=\"elementor-element elementor-element-c0cfb33 elementor-widget elementor-widget-text-editor\" data-id=\"c0cfb33\" data-element_type=\"widget\" data-widget_type=\"text-editor.default\">\n\t\t\t\t<div class=\"elementor-widget-container\">\n\t\t\t\t\t\t\t\t<div class=\"elementor-text-editor elementor-clearfix\">\n\t\t\t\t<p>Brinda oportunidades para el acceso y la permanencia en la educaci\u00f3n superior a estudiantes de estratos 1, 2, 3 y 4, mediante cr\u00e9ditos que se pueden condonar total o parcialmente, si se cumplen con requisitos basados en m\u00e9ritos acad\u00e9micos y prestaci\u00f3n de servicio social.<\/p>\t\t\t\t\t<\/div>\n\t\t\t\t\t\t<\/div>\n\t\t\t\t<\/div>\n\t\t\t\t<div class=\"elementor-element elementor-element-47b09fe elementor-widget elementor-widget-heading\" data-id=\"47b09fe\" data-element_type=\"widget\" data-widget_type=\"heading.default\">\n\t\t\t\t<div class=\"elementor-widget-container\">\n\t\t\t<h3 class=\"elementor-heading-title elementor-size-default\">\u00bfC\u00f3mo acceder a los cr\u00e9ditos? <\/h3>\t\t<\/div>\n\t\t\t\t<\/div>\n\t\t\t\t<div class=\"elementor-element elementor-element-9945f1d elementor-widget elementor-widget-text-editor\" data-id=\"9945f1d\" data-element_type=\"widget\" data-widget_type=\"text-editor.default\">\n\t\t\t\t<div class=\"elementor-widget-container\">\n\t\t\t\t\t\t\t\t<div class=\"elementor-text-editor elementor-clearfix\">\n\t\t\t\t<p>El proceso se realiza de manera virtual a trav\u00e9s de la p\u00e1gina\u00a0<a href=\"http:\/\/www.sapiencia.gov.co\/\" target=\"_blank\" rel=\"noopener\">www.sapiencia.gov.co<\/a>. La convocatoria se abre de forma semestral.<\/p>\t\t\t\t\t<\/div>\n\t\t\t\t\t\t<\/div>\n\t\t\t\t<\/div>\n\t\t\t\t<div class=\"elementor-element elementor-element-16d193d elementor-widget elementor-widget-heading\" data-id=\"16d193d\" data-element_type=\"widget\" data-widget_type=\"heading.default\">\n\t\t\t\t<div class=\"elementor-widget-container\">\n\t\t\t<h2 class=\"elementor-heading-title elementor-size-default\"><b>C\u00f3mo va la entrega<\/b> de Computadores Futuro<\/h2>\t\t<\/div>\n\t\t\t\t<\/div>\n\t\t\t\t<div class=\"elementor-element elementor-element-d7b9e09 elementor-widget elementor-widget-text-editor\" data-id=\"d7b9e09\" data-element_type=\"widget\" data-widget_type=\"text-editor.default\">\n\t\t\t\t<div class=\"elementor-widget-container\">\n\t\t\t\t\t\t\t\t<div class=\"elementor-text-editor elementor-clearfix\">\n\t\t\t\t<p><span style=\"font-weight: 400;\">Computadores Futuro es una estrategia orientada a garantizar la continuidad educativa, a disminuir las disparidades y desigualdades en tecnolog\u00eda dentro de la poblaci\u00f3n de Medell\u00edn.<\/span><\/p><p><span style=\"font-weight: 400;\">Proporcionar tecnolog\u00eda es una de las estrategias primordiales para avanzar en este prop\u00f3sito. Por lo tanto, en el a\u00f1o anterior, dimos prioridad a la asignaci\u00f3n de m\u00e1s de 100,000 Computadores Futuro destinados a estudiantes de s\u00e9ptimo a und\u00e9cimo grado, adem\u00e1s de profesores y l\u00edderes educativos.<\/span><\/p><p><span style=\"font-weight: 400;\">Este avance les permite ahora completar sus labores escolares o profesionales desde sus hogares. En la actualidad, se cuentan con m\u00e1s de 125,000 dispositivos inform\u00e1ticos en posesi\u00f3n de docentes y alumnos.<\/span><\/p><p><span style=\"font-weight: 400;\">En la entrega m\u00e1s reciente de Computadores Futuro en el estadio Atanasio Girardot,\u00a0 21.000 nuevos dispositivos fueron entregados, de la siguiente manera:<\/span><\/p><ul><li style=\"font-weight: 400;\" aria-level=\"1\"><span style=\"font-weight: 400;\">Se asignaron 8,108 computadores a estudiantes de sexto grado en las comunas 1, 2, 3, 4, 5 y los corregimientos.<\/span><\/li><li style=\"font-weight: 400;\" aria-level=\"1\"><span style=\"font-weight: 400;\">Se entregaron 12,973 equipos a estudiantes de s\u00e9ptimo grado pertenecientes a 220 instituciones educativas oficiales en las 16 comunas y cinco corregimientos de Medell\u00edn.<\/span><\/li><\/ul><p><span style=\"font-weight: 400;\">Estos dispositivos m\u00f3viles vienen preinstalados con una selecci\u00f3n de 30 programas adaptados a todos los niveles educativos. Estos programas permiten llevar a cabo una variedad de tareas, desde hacer deberes y navegar por internet hasta editar videos, aprender idiomas, crear aplicaciones y explorar diversas aplicaciones creativas. Adem\u00e1s, incluyen stickers para personalizarlos.<\/span><\/p><p><span style=\"font-weight: 400;\">En caso de presentar alg\u00fan inconveniente con el computador todas las instituciones educativas cuentan con una mesa de ayuda, la cual brinda acompa\u00f1amiento t\u00e9cnico y monitoreo a los equipos.<\/span><\/p>\t\t\t\t\t<\/div>\n\t\t\t\t\t\t<\/div>\n\t\t\t\t<\/div>\n\t\t\t\t<div class=\"elementor-element elementor-element-a7a4bf8 elementor-widget elementor-widget-heading\" data-id=\"a7a4bf8\" data-element_type=\"widget\" data-widget_type=\"heading.default\">\n\t\t\t\t<div class=\"elementor-widget-container\">\n\t\t\t<h2 class=\"elementor-heading-title elementor-size-default\"><b>Gracias a Computadores Futuro,<\/b> podemos afirmar que en Medell\u00edn\u2026\n<\/h2>\t\t<\/div>\n\t\t\t\t<\/div>\n\t\t\t\t<div class=\"elementor-element elementor-element-3df7fe3 elementor-widget elementor-widget-text-editor\" data-id=\"3df7fe3\" data-element_type=\"widget\" data-widget_type=\"text-editor.default\">\n\t\t\t\t<div class=\"elementor-widget-container\">\n\t\t\t\t\t\t\t\t<div class=\"elementor-text-editor elementor-clearfix\">\n\t\t\t\t<ul><li style=\"font-weight: 400;\" aria-level=\"1\"><span style=\"font-weight: 400;\">Se ha reducido la brecha digital entre estudiantes de \u00e1reas urbanas y rurales. En Medell\u00edn, todos los estudiantes de grado 11.\u00ba, en las 16 comunas y 5 corregimientos, tienen acceso a Computadores Futuro.<\/span><\/li><li style=\"font-weight: 400;\" aria-level=\"1\"><span style=\"font-weight: 400;\">Todos los estudiantes de 6\u00ba a 11.\u00ba grado en Medell\u00edn ahora tienen acceso a Computadores Futuro, avanzando hacia la meta de un computador por cada ni\u00f1o en la ciudad.<\/span><\/li><li style=\"font-weight: 400;\" aria-level=\"1\"><span style=\"font-weight: 400;\">A trav\u00e9s de Computadores Futuro, se est\u00e1n sentando las bases para el Valle del Software y se est\u00e1 generando un nuevo cap\u00edtulo en la historia del Distrito, con un impacto transformador en la vida de los estudiantes y sus familias.<\/span><\/li><\/ul>\t\t\t\t\t<\/div>\n\t\t\t\t\t\t<\/div>\n\t\t\t\t<\/div>\n\t\t\t\t\t\t<\/div>\n\t\t\t\t\t<\/div>\n\t\t<\/div>\n\t\t\t\t\t\t\t\t<\/div>\n\t\t\t\t\t<\/div>\n\t\t<\/section>\n\t\t\t\t\t\t\t\t\t<\/div>\n\t\t\t<\/div>\n\t\t\t\t\t<\/div>\n\t\t","protected":false},"excerpt":{"rendered":"<p>\u00bfC\u00f3mo puedes estudiar gratis en Medell\u00edn desde la gestaci\u00f3n hasta la educaci\u00f3n superior? Educaci\u00f3n para ni\u00f1os y ni\u00f1as entre los 0 y los 5 a\u00f1os de edad La Unidad Administrativa Especial Buen Comienzo brinda educaci\u00f3n &#8230;<\/p>\n","protected":false},"author":31,"featured_media":187090,"parent":12491,"menu_order":0,"comment_status":"closed","ping_status":"closed","template":"sec-educacion\/elementor.php","meta":[],"acf":[],"_links":{"self":[{"href":"https:\/\/www.medellin.gov.co\/es\/wp-json\/wp\/v2\/pages\/192008"}],"collection":[{"href":"https:\/\/www.medellin.gov.co\/es\/wp-json\/wp\/v2\/pages"}],"about":[{"href":"https:\/\/www.medellin.gov.co\/es\/wp-json\/wp\/v2\/types\/page"}],"author":[{"embeddable":true,"href":"https:\/\/www.medellin.gov.co\/es\/wp-json\/wp\/v2\/users\/31"}],"replies":[{"embeddable":true,"href":"https:\/\/www.medellin.gov.co\/es\/wp-json\/wp\/v2\/comments?post=192008"}],"version-history":[{"count":10,"href":"https:\/\/www.medellin.gov.co\/es\/wp-json\/wp\/v2\/pages\/192008\/revisions"}],"predecessor-version":[{"id":241310,"href":"https:\/\/www.medellin.gov.co\/es\/wp-json\/wp\/v2\/pages\/192008\/revisions\/241310"}],"up":[{"embeddable":true,"href":"https:\/\/www.medellin.gov.co\/es\/wp-json\/wp\/v2\/pages\/12491"}],"wp:featuredmedia":[{"embeddable":true,"href":"https:\/\/www.medellin.gov.co\/es\/wp-json\/wp\/v2\/media\/187090"}],"wp:attachment":[{"href":"https:\/\/www.medellin.gov.co\/es\/wp-json\/wp\/v2\/media?parent=192008"}],"curies":[{"name":"wp","href":"https:\/\/api.w.org\/{rel}","templated":true}]}}