{"id":200301,"date":"2023-05-25T22:29:22","date_gmt":"2023-05-26T03:29:22","guid":{"rendered":"https:\/\/www.medellin.gov.co\/es\/?page_id=200301"},"modified":"2023-12-30T09:31:02","modified_gmt":"2023-12-30T14:31:02","slug":"la-ciudad-que-sueno-1-5","status":"publish","type":"page","link":"https:\/\/www.medellin.gov.co\/es\/portal-ninos\/me-gusta-no-quiero-1-5\/la-ciudad-que-sueno-1-5\/","title":{"rendered":"La ciudad que sue\u00f1o"},"content":{"rendered":"\t\t<div data-elementor-type=\"wp-page\" data-elementor-id=\"200301\" class=\"elementor elementor-200301\">\n\t\t\t\t\t\t<div class=\"elementor-inner\">\n\t\t\t\t<div class=\"elementor-section-wrap\">\n\t\t\t\t\t\t\t\t\t<section class=\"elementor-section elementor-top-section elementor-element elementor-element-5745fd3 elementor-section-full_width elementor-section-stretched elementor-section-height-default elementor-section-height-default\" data-id=\"5745fd3\" data-element_type=\"section\" data-settings=\"{&quot;stretch_section&quot;:&quot;section-stretched&quot;,&quot;background_background&quot;:&quot;gradient&quot;}\">\n\t\t\t\t\t\t<div class=\"elementor-container elementor-column-gap-default\">\n\t\t\t\t\t\t\t<div class=\"elementor-row\">\n\t\t\t\t\t<div class=\"elementor-column elementor-col-100 elementor-top-column elementor-element elementor-element-cfae890\" data-id=\"cfae890\" data-element_type=\"column\">\n\t\t\t<div class=\"elementor-column-wrap elementor-element-populated\">\n\t\t\t\t\t\t\t<div class=\"elementor-widget-wrap\">\n\t\t\t\t\t\t<div class=\"elementor-element elementor-element-56f2cd9 elementor-widget elementor-widget-html\" data-id=\"56f2cd9\" data-element_type=\"widget\" data-widget_type=\"html.default\">\n\t\t\t\t<div class=\"elementor-widget-container\">\n\t\t\t<section id=\"modulo-principal-imagen-texto\">\n    \n    <div id=\"texto-modulo-principal-ninos\">\n        \n        <div id=\"circulo-ninos\">\n    \n         <\/div>\n        \n        <h1>La ciudad <br>que sue\u00f1o<\/h1>\n        \n        <p>\u00a1Jumm, yo sue\u00f1o muchas cosas, uno siempre sue\u00f1a! Por ejemplo yo sue\u00f1o que no discriminen a nadie, que haya muchos jueguitos con toboganes, m\u00e1s centros comerciales por ah\u00ed y edificios, porque hay m\u00e1s gente que llega a Medell\u00edn y necesitan donde vivir. As\u00ed como yo, todos nos so\u00f1amos la ciudad, \u00bfqu\u00e9 tal si lo hacemos juntos?\n        <\/p>\n        \n        \n    <\/div>\n    \n<\/section>\n\n<section>\n\n<div id=\"imagen-modulo-principal-ninos\">\n    <img src=\"https:\/\/www.medellin.gov.co\/es\/wp-content\/uploads\/2023\/12\/la-ciudad-que-sueno-1-5.jpeg\" \/>\n<\/div>\n\n<\/section>\n\n\n\n\n\n\n\t\t<\/div>\n\t\t\t\t<\/div>\n\t\t\t\t\t\t<\/div>\n\t\t\t\t\t<\/div>\n\t\t<\/div>\n\t\t\t\t\t\t\t\t<\/div>\n\t\t\t\t\t<\/div>\n\t\t<\/section>\n\t\t\t\t<section class=\"elementor-section elementor-top-section elementor-element elementor-element-66a3c8e elementor-section-height-min-height elementor-section-stretched elementor-section-full_width elementor-section-height-default elementor-section-items-middle\" data-id=\"66a3c8e\" data-element_type=\"section\" data-settings=\"{&quot;stretch_section&quot;:&quot;section-stretched&quot;,&quot;background_background&quot;:&quot;gradient&quot;}\">\n\t\t\t\t\t\t<div class=\"elementor-container elementor-column-gap-default\">\n\t\t\t\t\t\t\t<div class=\"elementor-row\">\n\t\t\t\t\t<div class=\"elementor-column elementor-col-100 elementor-top-column elementor-element elementor-element-15a09c6\" data-id=\"15a09c6\" data-element_type=\"column\">\n\t\t\t<div class=\"elementor-column-wrap elementor-element-populated\">\n\t\t\t\t\t\t\t<div class=\"elementor-widget-wrap\">\n\t\t\t\t\t\t<section class=\"elementor-section elementor-inner-section elementor-element elementor-element-979f37c elementor-section-boxed elementor-section-height-default elementor-section-height-default\" data-id=\"979f37c\" data-element_type=\"section\">\n\t\t\t\t\t\t<div class=\"elementor-container elementor-column-gap-default\">\n\t\t\t\t\t\t\t<div class=\"elementor-row\">\n\t\t\t\t\t<div class=\"elementor-column elementor-col-100 elementor-inner-column elementor-element elementor-element-4a202b9\" data-id=\"4a202b9\" data-element_type=\"column\">\n\t\t\t<div class=\"elementor-column-wrap elementor-element-populated\">\n\t\t\t\t\t\t\t<div class=\"elementor-widget-wrap\">\n\t\t\t\t\t\t<div class=\"elementor-element elementor-element-4e4f892 elementor-widget__width-inherit elementor-widget elementor-widget-heading\" data-id=\"4e4f892\" data-element_type=\"widget\" data-widget_type=\"heading.default\">\n\t\t\t\t<div class=\"elementor-widget-container\">\n\t\t\t<h2 class=\"elementor-heading-title elementor-size-default\">Videos<\/h2>\t\t<\/div>\n\t\t\t\t<\/div>\n\t\t\t\t<div class=\"elementor-element elementor-element-f608cfe elementor-widget__width-initial elementor-widget-mobile__width-initial elementor-widget elementor-widget-text-editor\" data-id=\"f608cfe\" data-element_type=\"widget\" data-widget_type=\"text-editor.default\">\n\t\t\t\t<div class=\"elementor-widget-container\">\n\t\t\t\t\t\t\t\t<div class=\"elementor-text-editor elementor-clearfix\">\n\t\t\t\t<p><span style=\"font-weight: 400;\">Muuuchos videos para aprender, divertirse y conocer la ciudad. Este es como un YouTube, pero mejor porque es para nosotros los ni\u00f1os y ni\u00f1as \u00a1Elige tu video favorito y m\u00edralo!<\/span><\/p>\t\t\t\t\t<\/div>\n\t\t\t\t\t\t<\/div>\n\t\t\t\t<\/div>\n\t\t\t\t<div class=\"elementor-element elementor-element-eed720a elementor-widget__width-inherit elementor-aspect-ratio-219 elementor-widget elementor-widget-video\" data-id=\"eed720a\" data-element_type=\"widget\" data-settings=\"{&quot;youtube_url&quot;:&quot;https:\\\/\\\/youtu.be\\\/uzMbuRqeyHY&quot;,&quot;aspect_ratio&quot;:&quot;219&quot;,&quot;image_overlay&quot;:{&quot;url&quot;:&quot;https:\\\/\\\/www.medellin.gov.co\\\/es\\\/wp-content\\\/uploads\\\/2023\\\/04\\\/ninos-portal-28.jpg&quot;,&quot;id&quot;:190247,&quot;alt&quot;:&quot;&quot;,&quot;source&quot;:&quot;library&quot;},&quot;show_image_overlay&quot;:&quot;yes&quot;,&quot;video_type&quot;:&quot;youtube&quot;,&quot;controls&quot;:&quot;yes&quot;}\" data-widget_type=\"video.default\">\n\t\t\t\t<div class=\"elementor-widget-container\">\n\t\t\t\t\t<div class=\"elementor-wrapper elementor-fit-aspect-ratio elementor-open-inline\">\n\t\t\t<div class=\"elementor-video\"><\/div>\t\t\t\t<div class=\"elementor-custom-embed-image-overlay\" style=\"background-image: url(https:\/\/www.medellin.gov.co\/es\/wp-content\/uploads\/2023\/04\/ninos-portal-28.jpg);\">\n\t\t\t\t\t\t\t\t\t\t\t\t\t\t\t\t<div class=\"elementor-custom-embed-play\" role=\"button\" aria-label=\"Reproducir v\u00eddeo\" tabindex=\"0\">\n\t\t\t\t\t\t\t<i aria-hidden=\"true\" class=\"eicon-play\"><\/i>\t\t\t\t\t\t\t<span class=\"elementor-screen-only\">Reproducir v\u00eddeo<\/span>\n\t\t\t\t\t\t<\/div>\n\t\t\t\t\t\t\t\t\t<\/div>\n\t\t\t\t\t<\/div>\n\t\t\t\t<\/div>\n\t\t\t\t<\/div>\n\t\t\t\t\t\t<\/div>\n\t\t\t\t\t<\/div>\n\t\t<\/div>\n\t\t\t\t\t\t\t\t<\/div>\n\t\t\t\t\t<\/div>\n\t\t<\/section>\n\t\t\t\t\t\t<\/div>\n\t\t\t\t\t<\/div>\n\t\t<\/div>\n\t\t\t\t\t\t\t\t<\/div>\n\t\t\t\t\t<\/div>\n\t\t<\/section>\n\t\t\t\t<section class=\"elementor-section elementor-top-section elementor-element elementor-element-298eaed elementor-section-stretched elementor-section-full_width elementor-section-height-default elementor-section-height-default\" data-id=\"298eaed\" data-element_type=\"section\" data-settings=\"{&quot;stretch_section&quot;:&quot;section-stretched&quot;,&quot;background_background&quot;:&quot;gradient&quot;}\">\n\t\t\t\t\t\t<div class=\"elementor-container elementor-column-gap-default\">\n\t\t\t\t\t\t\t<div class=\"elementor-row\">\n\t\t\t\t\t<div class=\"elementor-column elementor-col-100 elementor-top-column elementor-element elementor-element-48f5399\" data-id=\"48f5399\" data-element_type=\"column\">\n\t\t\t<div class=\"elementor-column-wrap elementor-element-populated\">\n\t\t\t\t\t\t\t<div class=\"elementor-widget-wrap\">\n\t\t\t\t\t\t<section class=\"elementor-section elementor-inner-section elementor-element elementor-element-2745428 elementor-section-boxed elementor-section-height-default elementor-section-height-default\" data-id=\"2745428\" data-element_type=\"section\">\n\t\t\t\t\t\t<div class=\"elementor-container elementor-column-gap-default\">\n\t\t\t\t\t\t\t<div class=\"elementor-row\">\n\t\t\t\t\t<div class=\"elementor-column elementor-col-100 elementor-inner-column elementor-element elementor-element-08ff30c\" data-id=\"08ff30c\" data-element_type=\"column\">\n\t\t\t<div class=\"elementor-column-wrap elementor-element-populated\">\n\t\t\t\t\t\t\t<div class=\"elementor-widget-wrap\">\n\t\t\t\t\t\t<div class=\"elementor-element elementor-element-e5543d9 elementor-widget__width-inherit elementor-widget elementor-widget-heading\" data-id=\"e5543d9\" data-element_type=\"widget\" data-widget_type=\"heading.default\">\n\t\t\t\t<div class=\"elementor-widget-container\">\n\t\t\t<h2 class=\"elementor-heading-title elementor-size-default\">Espacios de ciudad<\/h2>\t\t<\/div>\n\t\t\t\t<\/div>\n\t\t\t\t<div class=\"elementor-element elementor-element-1cb475e elementor-widget__width-initial elementor-widget-mobile__width-initial elementor-widget elementor-widget-text-editor\" data-id=\"1cb475e\" data-element_type=\"widget\" data-widget_type=\"text-editor.default\">\n\t\t\t\t<div class=\"elementor-widget-container\">\n\t\t\t\t\t\t\t\t<div class=\"elementor-text-editor elementor-clearfix\">\n\t\t\t\t<p><span style=\"font-weight: 400;\">\u00a1Esto es como el \u00e1lbum del Mundial! Hay much\u00edsimas fotos de personas, de la tierra, del barrio y de todo Medell\u00edn. Las im\u00e1genes son muy coloridas y de todos los tama\u00f1os, \u00bfqu\u00e9 tal si les das una miradita?<\/span><\/p>\t\t\t\t\t<\/div>\n\t\t\t\t\t\t<\/div>\n\t\t\t\t<\/div>\n\t\t\t\t<div class=\"elementor-element elementor-element-06fa679 elementor-grid-3 elementor-grid-tablet-2 elementor-grid-mobile-1 pp-ins-normal elementor-widget elementor-widget-pp-image-gallery\" data-id=\"06fa679\" data-element_type=\"widget\" data-settings=\"{&quot;lightbox_library&quot;:&quot;fancybox&quot;,&quot;columns&quot;:&quot;3&quot;,&quot;columns_tablet&quot;:&quot;2&quot;,&quot;columns_mobile&quot;:&quot;1&quot;}\" data-widget_type=\"pp-image-gallery.default\">\n\t\t\t\t<div class=\"elementor-widget-container\">\n\t\t\t\t\t<div class=\"pp-image-gallery-container\" data-settings=\"{&quot;tilt_enable&quot;:&quot;no&quot;,&quot;layout&quot;:&quot;grid&quot;,&quot;post_id&quot;:200301,&quot;template_id&quot;:200301,&quot;widget_id&quot;:&quot;06fa679&quot;}\">\n\t\t\t\t\t\t<div class=\"pp-image-gallery-wrapper\">\n\t\t\t\t\t\t\t\t<div class=\"pp-image-gallery pp-elementor-grid\" id=\"pp-image-gallery-06fa679\" data-fancybox-settings=\"{&quot;loop&quot;:true,&quot;arrows&quot;:true,&quot;infobar&quot;:true,&quot;keyboard&quot;:true,&quot;toolbar&quot;:true,&quot;buttons&quot;:[&quot;zoom&quot;,&quot;slideShow&quot;,&quot;thumbs&quot;,&quot;close&quot;],&quot;animationEffect&quot;:&quot;zoom&quot;,&quot;transitionEffect&quot;:&quot;fade&quot;,&quot;baseClass&quot;:&quot;pp-gallery-fancybox pp-gallery-fancybox-06fa679  pp-fancybox-thumbs-y&quot;,&quot;thumbs&quot;:{&quot;autoStart&quot;:false,&quot;axis&quot;:&quot;y&quot;}}\">\n\t\t\t\t\t\n\t\t\t<div class=\"pp-grid-item-wrap \" data-item-id=\"185107\">\n\t\t\t\t<div class=\"pp-grid-item pp-image\">\n\t\t\t\t\t<div class=\"pp-image-gallery-thumbnail-wrap pp-ins-filter-hover\">\n\t\t\t\t\t\t<a data-elementor-open-lightbox=\"no\" data-fancybox=\"pp-image-gallery-06fa679\" href=\"https:\/\/www.medellin.gov.co\/es\/wp-content\/uploads\/2023\/04\/zoologico-ilustracion.png\" class=\"pp-image-gallery-item-link\"><\/a><div class=\"pp-ins-filter-target pp-image-gallery-thumbnail\"><img class=\"pp-gallery-slide-image\" src=\"https:\/\/www.medellin.gov.co\/es\/wp-content\/uploads\/2023\/04\/zoologico-ilustracion.png\" alt=\"Zool\u00f3gico\" data-no-lazy=\"1\" \/><\/div><div class=\"pp-image-overlay pp-media-overlay\"><\/div><div class=\"pp-gallery-image-content pp-media-content\"><\/div>\t\t\t\t\t\t\t<div class=\"pp-gallery-image-content\">\n\t\t\t\t\t\t\t\t\t\t<div class=\"pp-gallery-image-caption\">\n\t\t\tZool\u00f3gico\t\t<\/div>\n\t\t\t\t\t\t\t\t\t<\/div>\n\t\t\t\t\t\t\t\t\t\t\t\t<\/div>\n\t\t\t\t<\/div>\n\t\t\t<\/div>\n\t\t\t\n\t\t\t<div class=\"pp-grid-item-wrap \" data-item-id=\"185105\">\n\t\t\t\t<div class=\"pp-grid-item pp-image\">\n\t\t\t\t\t<div class=\"pp-image-gallery-thumbnail-wrap pp-ins-filter-hover\">\n\t\t\t\t\t\t<a data-elementor-open-lightbox=\"no\" data-fancybox=\"pp-image-gallery-06fa679\" href=\"https:\/\/www.medellin.gov.co\/es\/wp-content\/uploads\/2023\/04\/uva-ilustracion.png\" class=\"pp-image-gallery-item-link\"><\/a><div class=\"pp-ins-filter-target pp-image-gallery-thumbnail\"><img class=\"pp-gallery-slide-image\" src=\"https:\/\/www.medellin.gov.co\/es\/wp-content\/uploads\/2023\/04\/uva-ilustracion.png\" alt=\"UVA\" data-no-lazy=\"1\" \/><\/div><div class=\"pp-image-overlay pp-media-overlay\"><\/div><div class=\"pp-gallery-image-content pp-media-content\"><\/div>\t\t\t\t\t\t\t<div class=\"pp-gallery-image-content\">\n\t\t\t\t\t\t\t\t\t\t<div class=\"pp-gallery-image-caption\">\n\t\t\tUVA\t\t<\/div>\n\t\t\t\t\t\t\t\t\t<\/div>\n\t\t\t\t\t\t\t\t\t\t\t\t<\/div>\n\t\t\t\t<\/div>\n\t\t\t<\/div>\n\t\t\t\n\t\t\t<div class=\"pp-grid-item-wrap \" data-item-id=\"185104\">\n\t\t\t\t<div class=\"pp-grid-item pp-image\">\n\t\t\t\t\t<div class=\"pp-image-gallery-thumbnail-wrap pp-ins-filter-hover\">\n\t\t\t\t\t\t<a data-elementor-open-lightbox=\"no\" data-fancybox=\"pp-image-gallery-06fa679\" href=\"https:\/\/www.medellin.gov.co\/es\/wp-content\/uploads\/2023\/04\/uva-castilla-ilustracion.png\" class=\"pp-image-gallery-item-link\"><\/a><div class=\"pp-ins-filter-target pp-image-gallery-thumbnail\"><img class=\"pp-gallery-slide-image\" src=\"https:\/\/www.medellin.gov.co\/es\/wp-content\/uploads\/2023\/04\/uva-castilla-ilustracion.png\" alt=\"UVA Castilla\" data-no-lazy=\"1\" \/><\/div><div class=\"pp-image-overlay pp-media-overlay\"><\/div><div class=\"pp-gallery-image-content pp-media-content\"><\/div>\t\t\t\t\t\t\t<div class=\"pp-gallery-image-content\">\n\t\t\t\t\t\t\t\t\t\t<div class=\"pp-gallery-image-caption\">\n\t\t\tUVA Castilla\t\t<\/div>\n\t\t\t\t\t\t\t\t\t<\/div>\n\t\t\t\t\t\t\t\t\t\t\t\t<\/div>\n\t\t\t\t<\/div>\n\t\t\t<\/div>\n\t\t\t\n\t\t\t<div class=\"pp-grid-item-wrap \" data-item-id=\"185103\">\n\t\t\t\t<div class=\"pp-grid-item pp-image\">\n\t\t\t\t\t<div class=\"pp-image-gallery-thumbnail-wrap pp-ins-filter-hover\">\n\t\t\t\t\t\t<a data-elementor-open-lightbox=\"no\" data-fancybox=\"pp-image-gallery-06fa679\" href=\"https:\/\/www.medellin.gov.co\/es\/wp-content\/uploads\/2023\/04\/tranvia-ilustracion.png\" class=\"pp-image-gallery-item-link\"><\/a><div class=\"pp-ins-filter-target pp-image-gallery-thumbnail\"><img class=\"pp-gallery-slide-image\" src=\"https:\/\/www.medellin.gov.co\/es\/wp-content\/uploads\/2023\/04\/tranvia-ilustracion.png\" alt=\"Tranvia\" data-no-lazy=\"1\" \/><\/div><div class=\"pp-image-overlay pp-media-overlay\"><\/div><div class=\"pp-gallery-image-content pp-media-content\"><\/div>\t\t\t\t\t\t\t<div class=\"pp-gallery-image-content\">\n\t\t\t\t\t\t\t\t\t\t<div class=\"pp-gallery-image-caption\">\n\t\t\tTranvia\t\t<\/div>\n\t\t\t\t\t\t\t\t\t<\/div>\n\t\t\t\t\t\t\t\t\t\t\t\t<\/div>\n\t\t\t\t<\/div>\n\t\t\t<\/div>\n\t\t\t\n\t\t\t<div class=\"pp-grid-item-wrap \" data-item-id=\"185100\">\n\t\t\t\t<div class=\"pp-grid-item pp-image\">\n\t\t\t\t\t<div class=\"pp-image-gallery-thumbnail-wrap pp-ins-filter-hover\">\n\t\t\t\t\t\t<a data-elementor-open-lightbox=\"no\" data-fancybox=\"pp-image-gallery-06fa679\" href=\"https:\/\/www.medellin.gov.co\/es\/wp-content\/uploads\/2023\/04\/picacho-ilustracion.png\" class=\"pp-image-gallery-item-link\"><\/a><div class=\"pp-ins-filter-target pp-image-gallery-thumbnail\"><img class=\"pp-gallery-slide-image\" src=\"https:\/\/www.medellin.gov.co\/es\/wp-content\/uploads\/2023\/04\/picacho-ilustracion.png\" alt=\"Cerro El Picacho\" data-no-lazy=\"1\" \/><\/div><div class=\"pp-image-overlay pp-media-overlay\"><\/div><div class=\"pp-gallery-image-content pp-media-content\"><\/div>\t\t\t\t\t\t\t<div class=\"pp-gallery-image-content\">\n\t\t\t\t\t\t\t\t\t\t<div class=\"pp-gallery-image-caption\">\n\t\t\tCerro El Picacho\t\t<\/div>\n\t\t\t\t\t\t\t\t\t<\/div>\n\t\t\t\t\t\t\t\t\t\t\t\t<\/div>\n\t\t\t\t<\/div>\n\t\t\t<\/div>\n\t\t\t\n\t\t\t<div class=\"pp-grid-item-wrap \" data-item-id=\"185098\">\n\t\t\t\t<div class=\"pp-grid-item pp-image\">\n\t\t\t\t\t<div class=\"pp-image-gallery-thumbnail-wrap pp-ins-filter-hover\">\n\t\t\t\t\t\t<a data-elementor-open-lightbox=\"no\" data-fancybox=\"pp-image-gallery-06fa679\" href=\"https:\/\/www.medellin.gov.co\/es\/wp-content\/uploads\/2023\/04\/pascual-bravo-ilustracion-.png\" class=\"pp-image-gallery-item-link\"><\/a><div class=\"pp-ins-filter-target pp-image-gallery-thumbnail\"><img class=\"pp-gallery-slide-image\" src=\"https:\/\/www.medellin.gov.co\/es\/wp-content\/uploads\/2023\/04\/pascual-bravo-ilustracion-.png\" alt=\"Pascual Bravo\" data-no-lazy=\"1\" \/><\/div><div class=\"pp-image-overlay pp-media-overlay\"><\/div><div class=\"pp-gallery-image-content pp-media-content\"><\/div>\t\t\t\t\t\t\t<div class=\"pp-gallery-image-content\">\n\t\t\t\t\t\t\t\t\t\t<div class=\"pp-gallery-image-caption\">\n\t\t\tPascual Bravo\t\t<\/div>\n\t\t\t\t\t\t\t\t\t<\/div>\n\t\t\t\t\t\t\t\t\t\t\t\t<\/div>\n\t\t\t\t<\/div>\n\t\t\t<\/div>\n\t\t\t\n\t\t\t<div class=\"pp-grid-item-wrap \" data-item-id=\"185096\">\n\t\t\t\t<div class=\"pp-grid-item pp-image\">\n\t\t\t\t\t<div class=\"pp-image-gallery-thumbnail-wrap pp-ins-filter-hover\">\n\t\t\t\t\t\t<a data-elementor-open-lightbox=\"no\" data-fancybox=\"pp-image-gallery-06fa679\" href=\"https:\/\/www.medellin.gov.co\/es\/wp-content\/uploads\/2023\/04\/parque-explora-ilustracion.png\" class=\"pp-image-gallery-item-link\"><\/a><div class=\"pp-ins-filter-target pp-image-gallery-thumbnail\"><img class=\"pp-gallery-slide-image\" src=\"https:\/\/www.medellin.gov.co\/es\/wp-content\/uploads\/2023\/04\/parque-explora-ilustracion.png\" alt=\"Parque Explora\" data-no-lazy=\"1\" \/><\/div><div class=\"pp-image-overlay pp-media-overlay\"><\/div><div class=\"pp-gallery-image-content pp-media-content\"><\/div>\t\t\t\t\t\t\t<div class=\"pp-gallery-image-content\">\n\t\t\t\t\t\t\t\t\t\t<div class=\"pp-gallery-image-caption\">\n\t\t\tParque Explora\t\t<\/div>\n\t\t\t\t\t\t\t\t\t<\/div>\n\t\t\t\t\t\t\t\t\t\t\t\t<\/div>\n\t\t\t\t<\/div>\n\t\t\t<\/div>\n\t\t\t\n\t\t\t<div class=\"pp-grid-item-wrap \" data-item-id=\"185095\">\n\t\t\t\t<div class=\"pp-grid-item pp-image\">\n\t\t\t\t\t<div class=\"pp-image-gallery-thumbnail-wrap pp-ins-filter-hover\">\n\t\t\t\t\t\t<a data-elementor-open-lightbox=\"no\" data-fancybox=\"pp-image-gallery-06fa679\" href=\"https:\/\/www.medellin.gov.co\/es\/wp-content\/uploads\/2023\/04\/metrocable-ilustracion.png\" class=\"pp-image-gallery-item-link\"><\/a><div class=\"pp-ins-filter-target pp-image-gallery-thumbnail\"><img class=\"pp-gallery-slide-image\" src=\"https:\/\/www.medellin.gov.co\/es\/wp-content\/uploads\/2023\/04\/metrocable-ilustracion.png\" alt=\"Metrocable\" data-no-lazy=\"1\" \/><\/div><div class=\"pp-image-overlay pp-media-overlay\"><\/div><div class=\"pp-gallery-image-content pp-media-content\"><\/div>\t\t\t\t\t\t\t<div class=\"pp-gallery-image-content\">\n\t\t\t\t\t\t\t\t\t\t<div class=\"pp-gallery-image-caption\">\n\t\t\tMetrocable\t\t<\/div>\n\t\t\t\t\t\t\t\t\t<\/div>\n\t\t\t\t\t\t\t\t\t\t\t\t<\/div>\n\t\t\t\t<\/div>\n\t\t\t<\/div>\n\t\t\t\n\t\t\t<div class=\"pp-grid-item-wrap \" data-item-id=\"185094\">\n\t\t\t\t<div class=\"pp-grid-item pp-image\">\n\t\t\t\t\t<div class=\"pp-image-gallery-thumbnail-wrap pp-ins-filter-hover\">\n\t\t\t\t\t\t<a data-elementor-open-lightbox=\"no\" data-fancybox=\"pp-image-gallery-06fa679\" href=\"https:\/\/www.medellin.gov.co\/es\/wp-content\/uploads\/2023\/04\/parque-de-las-ruedas-ilustracion.png\" class=\"pp-image-gallery-item-link\"><\/a><div class=\"pp-ins-filter-target pp-image-gallery-thumbnail\"><img class=\"pp-gallery-slide-image\" src=\"https:\/\/www.medellin.gov.co\/es\/wp-content\/uploads\/2023\/04\/parque-de-las-ruedas-ilustracion.png\" alt=\"Parque de las ruedas\" data-no-lazy=\"1\" \/><\/div><div class=\"pp-image-overlay pp-media-overlay\"><\/div><div class=\"pp-gallery-image-content pp-media-content\"><\/div>\t\t\t\t\t\t\t<div class=\"pp-gallery-image-content\">\n\t\t\t\t\t\t\t\t\t\t<div class=\"pp-gallery-image-caption\">\n\t\t\tParque de las ruedas\t\t<\/div>\n\t\t\t\t\t\t\t\t\t<\/div>\n\t\t\t\t\t\t\t\t\t\t\t\t<\/div>\n\t\t\t\t<\/div>\n\t\t\t<\/div>\n\t\t\t\n\t\t\t<div class=\"pp-grid-item-wrap \" data-item-id=\"185093\">\n\t\t\t\t<div class=\"pp-grid-item pp-image\">\n\t\t\t\t\t<div class=\"pp-image-gallery-thumbnail-wrap pp-ins-filter-hover\">\n\t\t\t\t\t\t<a data-elementor-open-lightbox=\"no\" data-fancybox=\"pp-image-gallery-06fa679\" href=\"https:\/\/www.medellin.gov.co\/es\/wp-content\/uploads\/2023\/04\/parque-arvi-ilustracion.png\" class=\"pp-image-gallery-item-link\"><\/a><div class=\"pp-ins-filter-target pp-image-gallery-thumbnail\"><img class=\"pp-gallery-slide-image\" src=\"https:\/\/www.medellin.gov.co\/es\/wp-content\/uploads\/2023\/04\/parque-arvi-ilustracion.png\" alt=\"Parque Arv\u00ed\" data-no-lazy=\"1\" \/><\/div><div class=\"pp-image-overlay pp-media-overlay\"><\/div><div class=\"pp-gallery-image-content pp-media-content\"><\/div>\t\t\t\t\t\t\t<div class=\"pp-gallery-image-content\">\n\t\t\t\t\t\t\t\t\t\t<div class=\"pp-gallery-image-caption\">\n\t\t\tParque Arv\u00ed\t\t<\/div>\n\t\t\t\t\t\t\t\t\t<\/div>\n\t\t\t\t\t\t\t\t\t\t\t\t<\/div>\n\t\t\t\t<\/div>\n\t\t\t<\/div>\n\t\t\t\n\t\t\t<div class=\"pp-grid-item-wrap \" data-item-id=\"185090\">\n\t\t\t\t<div class=\"pp-grid-item pp-image\">\n\t\t\t\t\t<div class=\"pp-image-gallery-thumbnail-wrap pp-ins-filter-hover\">\n\t\t\t\t\t\t<a data-elementor-open-lightbox=\"no\" data-fancybox=\"pp-image-gallery-06fa679\" href=\"https:\/\/www.medellin.gov.co\/es\/wp-content\/uploads\/2023\/04\/metro-ilustracion.png\" class=\"pp-image-gallery-item-link\"><\/a><div class=\"pp-ins-filter-target pp-image-gallery-thumbnail\"><img class=\"pp-gallery-slide-image\" src=\"https:\/\/www.medellin.gov.co\/es\/wp-content\/uploads\/2023\/04\/metro-ilustracion.png\" alt=\"Metro de la 80\" data-no-lazy=\"1\" \/><\/div><div class=\"pp-image-overlay pp-media-overlay\"><\/div><div class=\"pp-gallery-image-content pp-media-content\"><\/div>\t\t\t\t\t\t\t<div class=\"pp-gallery-image-content\">\n\t\t\t\t\t\t\t\t\t\t<div class=\"pp-gallery-image-caption\">\n\t\t\tMetro de la 80\t\t<\/div>\n\t\t\t\t\t\t\t\t\t<\/div>\n\t\t\t\t\t\t\t\t\t\t\t\t<\/div>\n\t\t\t\t<\/div>\n\t\t\t<\/div>\n\t\t\t\n\t\t\t<div class=\"pp-grid-item-wrap \" data-item-id=\"185087\">\n\t\t\t\t<div class=\"pp-grid-item pp-image\">\n\t\t\t\t\t<div class=\"pp-image-gallery-thumbnail-wrap pp-ins-filter-hover\">\n\t\t\t\t\t\t<a data-elementor-open-lightbox=\"no\" data-fancybox=\"pp-image-gallery-06fa679\" href=\"https:\/\/www.medellin.gov.co\/es\/wp-content\/uploads\/2023\/04\/mamm-ilustracion.png\" class=\"pp-image-gallery-item-link\"><\/a><div class=\"pp-ins-filter-target pp-image-gallery-thumbnail\"><img class=\"pp-gallery-slide-image\" src=\"https:\/\/www.medellin.gov.co\/es\/wp-content\/uploads\/2023\/04\/mamm-ilustracion.png\" alt=\"MAMM\" data-no-lazy=\"1\" \/><\/div><div class=\"pp-image-overlay pp-media-overlay\"><\/div><div class=\"pp-gallery-image-content pp-media-content\"><\/div>\t\t\t\t\t\t\t<div class=\"pp-gallery-image-content\">\n\t\t\t\t\t\t\t\t\t\t<div class=\"pp-gallery-image-caption\">\n\t\t\tMAMM\t\t<\/div>\n\t\t\t\t\t\t\t\t\t<\/div>\n\t\t\t\t\t\t\t\t\t\t\t\t<\/div>\n\t\t\t\t<\/div>\n\t\t\t<\/div>\n\t\t\t\n\t\t\t<div class=\"pp-grid-item-wrap \" data-item-id=\"185085\">\n\t\t\t\t<div class=\"pp-grid-item pp-image\">\n\t\t\t\t\t<div class=\"pp-image-gallery-thumbnail-wrap pp-ins-filter-hover\">\n\t\t\t\t\t\t<a data-elementor-open-lightbox=\"no\" data-fancybox=\"pp-image-gallery-06fa679\" href=\"https:\/\/www.medellin.gov.co\/es\/wp-content\/uploads\/2023\/04\/la-perla-ilustracion.png\" class=\"pp-image-gallery-item-link\"><\/a><div class=\"pp-ins-filter-target pp-image-gallery-thumbnail\"><img class=\"pp-gallery-slide-image\" src=\"https:\/\/www.medellin.gov.co\/es\/wp-content\/uploads\/2023\/04\/la-perla-ilustracion.png\" alt=\"La Perla\" data-no-lazy=\"1\" \/><\/div><div class=\"pp-image-overlay pp-media-overlay\"><\/div><div class=\"pp-gallery-image-content pp-media-content\"><\/div>\t\t\t\t\t\t\t<div class=\"pp-gallery-image-content\">\n\t\t\t\t\t\t\t\t\t\t<div class=\"pp-gallery-image-caption\">\n\t\t\tLa Perla\t\t<\/div>\n\t\t\t\t\t\t\t\t\t<\/div>\n\t\t\t\t\t\t\t\t\t\t\t\t<\/div>\n\t\t\t\t<\/div>\n\t\t\t<\/div>\n\t\t\t\n\t\t\t<div class=\"pp-grid-item-wrap \" data-item-id=\"185084\">\n\t\t\t\t<div class=\"pp-grid-item pp-image\">\n\t\t\t\t\t<div class=\"pp-image-gallery-thumbnail-wrap pp-ins-filter-hover\">\n\t\t\t\t\t\t<a data-elementor-open-lightbox=\"no\" data-fancybox=\"pp-image-gallery-06fa679\" href=\"https:\/\/www.medellin.gov.co\/es\/wp-content\/uploads\/2023\/04\/juan-pablo-segundo-ilustracion-.png\" class=\"pp-image-gallery-item-link\"><\/a><div class=\"pp-ins-filter-target pp-image-gallery-thumbnail\"><img class=\"pp-gallery-slide-image\" src=\"https:\/\/www.medellin.gov.co\/es\/wp-content\/uploads\/2023\/04\/juan-pablo-segundo-ilustracion-.png\" alt=\"Juan Pablo II\" data-no-lazy=\"1\" \/><\/div><div class=\"pp-image-overlay pp-media-overlay\"><\/div><div class=\"pp-gallery-image-content pp-media-content\"><\/div>\t\t\t\t\t\t\t<div class=\"pp-gallery-image-content\">\n\t\t\t\t\t\t\t\t\t\t<div class=\"pp-gallery-image-caption\">\n\t\t\tJuan Pablo II\t\t<\/div>\n\t\t\t\t\t\t\t\t\t<\/div>\n\t\t\t\t\t\t\t\t\t\t\t\t<\/div>\n\t\t\t\t<\/div>\n\t\t\t<\/div>\n\t\t\t\n\t\t\t<div class=\"pp-grid-item-wrap \" data-item-id=\"185082\">\n\t\t\t\t<div class=\"pp-grid-item pp-image\">\n\t\t\t\t\t<div class=\"pp-image-gallery-thumbnail-wrap pp-ins-filter-hover\">\n\t\t\t\t\t\t<a data-elementor-open-lightbox=\"no\" data-fancybox=\"pp-image-gallery-06fa679\" href=\"https:\/\/www.medellin.gov.co\/es\/wp-content\/uploads\/2023\/04\/jardin-circunvalar-ilustracion.png\" class=\"pp-image-gallery-item-link\"><\/a><div class=\"pp-ins-filter-target pp-image-gallery-thumbnail\"><img class=\"pp-gallery-slide-image\" src=\"https:\/\/www.medellin.gov.co\/es\/wp-content\/uploads\/2023\/04\/jardin-circunvalar-ilustracion.png\" alt=\"Jard\u00edn Circunvalar\" data-no-lazy=\"1\" \/><\/div><div class=\"pp-image-overlay pp-media-overlay\"><\/div><div class=\"pp-gallery-image-content pp-media-content\"><\/div>\t\t\t\t\t\t\t<div class=\"pp-gallery-image-content\">\n\t\t\t\t\t\t\t\t\t\t<div class=\"pp-gallery-image-caption\">\n\t\t\tJard\u00edn Circunvalar\t\t<\/div>\n\t\t\t\t\t\t\t\t\t<\/div>\n\t\t\t\t\t\t\t\t\t\t\t\t<\/div>\n\t\t\t\t<\/div>\n\t\t\t<\/div>\n\t\t\t\n\t\t\t<div class=\"pp-grid-item-wrap \" data-item-id=\"185080\">\n\t\t\t\t<div class=\"pp-grid-item pp-image\">\n\t\t\t\t\t<div class=\"pp-image-gallery-thumbnail-wrap pp-ins-filter-hover\">\n\t\t\t\t\t\t<a data-elementor-open-lightbox=\"no\" data-fancybox=\"pp-image-gallery-06fa679\" href=\"https:\/\/www.medellin.gov.co\/es\/wp-content\/uploads\/2023\/04\/itm-ilustracion.png\" class=\"pp-image-gallery-item-link\"><\/a><div class=\"pp-ins-filter-target pp-image-gallery-thumbnail\"><img class=\"pp-gallery-slide-image\" src=\"https:\/\/www.medellin.gov.co\/es\/wp-content\/uploads\/2023\/04\/itm-ilustracion.png\" alt=\"ITM\" data-no-lazy=\"1\" \/><\/div><div class=\"pp-image-overlay pp-media-overlay\"><\/div><div class=\"pp-gallery-image-content pp-media-content\"><\/div>\t\t\t\t\t\t\t<div class=\"pp-gallery-image-content\">\n\t\t\t\t\t\t\t\t\t\t<div class=\"pp-gallery-image-caption\">\n\t\t\tITM\t\t<\/div>\n\t\t\t\t\t\t\t\t\t<\/div>\n\t\t\t\t\t\t\t\t\t\t\t\t<\/div>\n\t\t\t\t<\/div>\n\t\t\t<\/div>\n\t\t\t\n\t\t\t<div class=\"pp-grid-item-wrap \" data-item-id=\"185079\">\n\t\t\t\t<div class=\"pp-grid-item pp-image\">\n\t\t\t\t\t<div class=\"pp-image-gallery-thumbnail-wrap pp-ins-filter-hover\">\n\t\t\t\t\t\t<a data-elementor-open-lightbox=\"no\" data-fancybox=\"pp-image-gallery-06fa679\" href=\"https:\/\/www.medellin.gov.co\/es\/wp-content\/uploads\/2023\/04\/iglesia-manrique-ilustracion.png\" class=\"pp-image-gallery-item-link\"><\/a><div class=\"pp-ins-filter-target pp-image-gallery-thumbnail\"><img class=\"pp-gallery-slide-image\" src=\"https:\/\/www.medellin.gov.co\/es\/wp-content\/uploads\/2023\/04\/iglesia-manrique-ilustracion.png\" alt=\"Iglesia de Manrique\" data-no-lazy=\"1\" \/><\/div><div class=\"pp-image-overlay pp-media-overlay\"><\/div><div class=\"pp-gallery-image-content pp-media-content\"><\/div>\t\t\t\t\t\t\t<div class=\"pp-gallery-image-content\">\n\t\t\t\t\t\t\t\t\t\t<div class=\"pp-gallery-image-caption\">\n\t\t\tIglesia de Manrique\t\t<\/div>\n\t\t\t\t\t\t\t\t\t<\/div>\n\t\t\t\t\t\t\t\t\t\t\t\t<\/div>\n\t\t\t\t<\/div>\n\t\t\t<\/div>\n\t\t\t\n\t\t\t<div class=\"pp-grid-item-wrap \" data-item-id=\"185078\">\n\t\t\t\t<div class=\"pp-grid-item pp-image\">\n\t\t\t\t\t<div class=\"pp-image-gallery-thumbnail-wrap pp-ins-filter-hover\">\n\t\t\t\t\t\t<a data-elementor-open-lightbox=\"no\" data-fancybox=\"pp-image-gallery-06fa679\" href=\"https:\/\/www.medellin.gov.co\/es\/wp-content\/uploads\/2023\/04\/estadio-iluestracion.png\" class=\"pp-image-gallery-item-link\"><\/a><div class=\"pp-ins-filter-target pp-image-gallery-thumbnail\"><img class=\"pp-gallery-slide-image\" src=\"https:\/\/www.medellin.gov.co\/es\/wp-content\/uploads\/2023\/04\/estadio-iluestracion.png\" alt=\"Estadio\" data-no-lazy=\"1\" \/><\/div><div class=\"pp-image-overlay pp-media-overlay\"><\/div><div class=\"pp-gallery-image-content pp-media-content\"><\/div>\t\t\t\t\t\t\t<div class=\"pp-gallery-image-content\">\n\t\t\t\t\t\t\t\t\t\t<div class=\"pp-gallery-image-caption\">\n\t\t\tEstadio\t\t<\/div>\n\t\t\t\t\t\t\t\t\t<\/div>\n\t\t\t\t\t\t\t\t\t\t\t\t<\/div>\n\t\t\t\t<\/div>\n\t\t\t<\/div>\n\t\t\t\n\t\t\t<div class=\"pp-grid-item-wrap \" data-item-id=\"185076\">\n\t\t\t\t<div class=\"pp-grid-item pp-image\">\n\t\t\t\t\t<div class=\"pp-image-gallery-thumbnail-wrap pp-ins-filter-hover\">\n\t\t\t\t\t\t<a data-elementor-open-lightbox=\"no\" data-fancybox=\"pp-image-gallery-06fa679\" href=\"https:\/\/www.medellin.gov.co\/es\/wp-content\/uploads\/2023\/04\/escaleras-electricas-ilustracion-.png\" class=\"pp-image-gallery-item-link\"><\/a><div class=\"pp-ins-filter-target pp-image-gallery-thumbnail\"><img class=\"pp-gallery-slide-image\" src=\"https:\/\/www.medellin.gov.co\/es\/wp-content\/uploads\/2023\/04\/escaleras-electricas-ilustracion-.png\" alt=\"Escaleras el\u00e9ctricas\" data-no-lazy=\"1\" \/><\/div><div class=\"pp-image-overlay pp-media-overlay\"><\/div><div class=\"pp-gallery-image-content pp-media-content\"><\/div>\t\t\t\t\t\t\t<div class=\"pp-gallery-image-content\">\n\t\t\t\t\t\t\t\t\t\t<div class=\"pp-gallery-image-caption\">\n\t\t\tEscaleras el\u00e9ctricas\t\t<\/div>\n\t\t\t\t\t\t\t\t\t<\/div>\n\t\t\t\t\t\t\t\t\t\t\t\t<\/div>\n\t\t\t\t<\/div>\n\t\t\t<\/div>\n\t\t\t\n\t\t\t<div class=\"pp-grid-item-wrap \" data-item-id=\"185074\">\n\t\t\t\t<div class=\"pp-grid-item pp-image\">\n\t\t\t\t\t<div class=\"pp-image-gallery-thumbnail-wrap pp-ins-filter-hover\">\n\t\t\t\t\t\t<a data-elementor-open-lightbox=\"no\" data-fancybox=\"pp-image-gallery-06fa679\" href=\"https:\/\/www.medellin.gov.co\/es\/wp-content\/uploads\/2023\/04\/colegio-mayor-ilustracion-.png\" class=\"pp-image-gallery-item-link\"><\/a><div class=\"pp-ins-filter-target pp-image-gallery-thumbnail\"><img class=\"pp-gallery-slide-image\" src=\"https:\/\/www.medellin.gov.co\/es\/wp-content\/uploads\/2023\/04\/colegio-mayor-ilustracion-.png\" alt=\"Colmayor\" data-no-lazy=\"1\" \/><\/div><div class=\"pp-image-overlay pp-media-overlay\"><\/div><div class=\"pp-gallery-image-content pp-media-content\"><\/div>\t\t\t\t\t\t\t<div class=\"pp-gallery-image-content\">\n\t\t\t\t\t\t\t\t\t\t<div class=\"pp-gallery-image-caption\">\n\t\t\tColmayor\t\t<\/div>\n\t\t\t\t\t\t\t\t\t<\/div>\n\t\t\t\t\t\t\t\t\t\t\t\t<\/div>\n\t\t\t\t<\/div>\n\t\t\t<\/div>\n\t\t\t\n\t\t\t<div class=\"pp-grid-item-wrap \" data-item-id=\"185072\">\n\t\t\t\t<div class=\"pp-grid-item pp-image\">\n\t\t\t\t\t<div class=\"pp-image-gallery-thumbnail-wrap pp-ins-filter-hover\">\n\t\t\t\t\t\t<a data-elementor-open-lightbox=\"no\" data-fancybox=\"pp-image-gallery-06fa679\" href=\"https:\/\/www.medellin.gov.co\/es\/wp-content\/uploads\/2023\/04\/cable-palmitas-ilustracion-.png\" class=\"pp-image-gallery-item-link\"><\/a><div class=\"pp-ins-filter-target pp-image-gallery-thumbnail\"><img class=\"pp-gallery-slide-image\" src=\"https:\/\/www.medellin.gov.co\/es\/wp-content\/uploads\/2023\/04\/cable-palmitas-ilustracion-.png\" alt=\"Cable Palmitas\" data-no-lazy=\"1\" \/><\/div><div class=\"pp-image-overlay pp-media-overlay\"><\/div><div class=\"pp-gallery-image-content pp-media-content\"><\/div>\t\t\t\t\t\t\t<div class=\"pp-gallery-image-content\">\n\t\t\t\t\t\t\t\t\t\t<div class=\"pp-gallery-image-caption\">\n\t\t\tCable Palmitas\t\t<\/div>\n\t\t\t\t\t\t\t\t\t<\/div>\n\t\t\t\t\t\t\t\t\t\t\t\t<\/div>\n\t\t\t\t<\/div>\n\t\t\t<\/div>\n\t\t\t\n\t\t\t<div class=\"pp-grid-item-wrap \" data-item-id=\"185070\">\n\t\t\t\t<div class=\"pp-grid-item pp-image\">\n\t\t\t\t\t<div class=\"pp-image-gallery-thumbnail-wrap pp-ins-filter-hover\">\n\t\t\t\t\t\t<a data-elementor-open-lightbox=\"no\" data-fancybox=\"pp-image-gallery-06fa679\" href=\"https:\/\/www.medellin.gov.co\/es\/wp-content\/uploads\/2023\/04\/bibllioteca-espan\u0303a-ilustracion.png\" class=\"pp-image-gallery-item-link\"><\/a><div class=\"pp-ins-filter-target pp-image-gallery-thumbnail\"><img class=\"pp-gallery-slide-image\" src=\"https:\/\/www.medellin.gov.co\/es\/wp-content\/uploads\/2023\/04\/bibllioteca-espan\u0303a-ilustracion.png\" alt=\"Biblioteca Espa\u00f1a\" data-no-lazy=\"1\" \/><\/div><div class=\"pp-image-overlay pp-media-overlay\"><\/div><div class=\"pp-gallery-image-content pp-media-content\"><\/div>\t\t\t\t\t\t\t<div class=\"pp-gallery-image-content\">\n\t\t\t\t\t\t\t\t\t\t<div class=\"pp-gallery-image-caption\">\n\t\t\tBiblioteca Espa\u00f1a\t\t<\/div>\n\t\t\t\t\t\t\t\t\t<\/div>\n\t\t\t\t\t\t\t\t\t\t\t\t<\/div>\n\t\t\t\t<\/div>\n\t\t\t<\/div>\n\t\t\t\n\t\t\t<div class=\"pp-grid-item-wrap \" data-item-id=\"185068\">\n\t\t\t\t<div class=\"pp-grid-item pp-image\">\n\t\t\t\t\t<div class=\"pp-image-gallery-thumbnail-wrap pp-ins-filter-hover\">\n\t\t\t\t\t\t<a data-elementor-open-lightbox=\"no\" data-fancybox=\"pp-image-gallery-06fa679\" href=\"https:\/\/www.medellin.gov.co\/es\/wp-content\/uploads\/2023\/04\/alpujarra-ilustracion.png\" class=\"pp-image-gallery-item-link\"><\/a><div class=\"pp-ins-filter-target pp-image-gallery-thumbnail\"><img class=\"pp-gallery-slide-image\" src=\"https:\/\/www.medellin.gov.co\/es\/wp-content\/uploads\/2023\/04\/alpujarra-ilustracion.png\" alt=\"Alpujarra\" data-no-lazy=\"1\" \/><\/div><div class=\"pp-image-overlay pp-media-overlay\"><\/div><div class=\"pp-gallery-image-content pp-media-content\"><\/div>\t\t\t\t\t\t\t<div class=\"pp-gallery-image-content\">\n\t\t\t\t\t\t\t\t\t\t<div class=\"pp-gallery-image-caption\">\n\t\t\tAlpujarra\t\t<\/div>\n\t\t\t\t\t\t\t\t\t<\/div>\n\t\t\t\t\t\t\t\t\t\t\t\t<\/div>\n\t\t\t\t<\/div>\n\t\t\t<\/div>\n\t\t\t\t\t\t\t<\/div>\n\t\t\t\t\t\t\t<\/div>\n\t\t\t\t\t\t<\/div>\n\t\t\t\t<\/div>\n\t\t\t\t<\/div>\n\t\t\t\t\t\t<\/div>\n\t\t\t\t\t<\/div>\n\t\t<\/div>\n\t\t\t\t\t\t\t\t<\/div>\n\t\t\t\t\t<\/div>\n\t\t<\/section>\n\t\t\t\t\t\t<\/div>\n\t\t\t\t\t<\/div>\n\t\t<\/div>\n\t\t\t\t\t\t\t\t<\/div>\n\t\t\t\t\t<\/div>\n\t\t<\/section>\n\t\t\t\t\t\t\t\t\t<\/div>\n\t\t\t<\/div>\n\t\t\t\t\t<\/div>\n\t\t","protected":false},"excerpt":{"rendered":"<p>La ciudad que sue\u00f1o \u00a1Jumm, yo sue\u00f1o muchas cosas, uno siempre sue\u00f1a! Por ejemplo yo sue\u00f1o que no discriminen a nadie, que haya muchos jueguitos con toboganes, m\u00e1s centros comerciales por ah\u00ed y edificios, porque &#8230;<\/p>\n","protected":false},"author":4,"featured_media":0,"parent":200285,"menu_order":0,"comment_status":"closed","ping_status":"closed","template":"portal-ninos\/inicio.php","meta":[],"acf":[],"_links":{"self":[{"href":"https:\/\/www.medellin.gov.co\/es\/wp-json\/wp\/v2\/pages\/200301"}],"collection":[{"href":"https:\/\/www.medellin.gov.co\/es\/wp-json\/wp\/v2\/pages"}],"about":[{"href":"https:\/\/www.medellin.gov.co\/es\/wp-json\/wp\/v2\/types\/page"}],"author":[{"embeddable":true,"href":"https:\/\/www.medellin.gov.co\/es\/wp-json\/wp\/v2\/users\/4"}],"replies":[{"embeddable":true,"href":"https:\/\/www.medellin.gov.co\/es\/wp-json\/wp\/v2\/comments?post=200301"}],"version-history":[{"count":8,"href":"https:\/\/www.medellin.gov.co\/es\/wp-json\/wp\/v2\/pages\/200301\/revisions"}],"predecessor-version":[{"id":295465,"href":"https:\/\/www.medellin.gov.co\/es\/wp-json\/wp\/v2\/pages\/200301\/revisions\/295465"}],"up":[{"embeddable":true,"href":"https:\/\/www.medellin.gov.co\/es\/wp-json\/wp\/v2\/pages\/200285"}],"wp:attachment":[{"href":"https:\/\/www.medellin.gov.co\/es\/wp-json\/wp\/v2\/media?parent=200301"}],"curies":[{"name":"wp","href":"https:\/\/api.w.org\/{rel}","templated":true}]}}