{"id":20158,"date":"2021-10-02T13:50:56","date_gmt":"2021-10-02T18:50:56","guid":{"rendered":"https:\/\/www.medellin.gov.co\/es\/?page_id=20158"},"modified":"2025-08-06T13:39:36","modified_gmt":"2025-08-06T18:39:36","slug":"secretaria-de-comunicaciones","status":"publish","type":"page","link":"https:\/\/www.medellin.gov.co\/es\/secretaria-de-comunicaciones\/","title":{"rendered":"Secretar\u00eda de Comunicaciones"},"content":{"rendered":"\t\t<div data-elementor-type=\"wp-page\" data-elementor-id=\"20158\" class=\"elementor elementor-20158\">\n\t\t\t\t\t\t<div class=\"elementor-inner\">\n\t\t\t\t<div class=\"elementor-section-wrap\">\n\t\t\t\t\t\t\t<div class=\"elementor-element elementor-element-3c4b729 e-container--column e-container\" data-id=\"3c4b729\" data-element_type=\"container\">\t\t\t\t<div class=\"elementor-element elementor-element-d18ce30 elementor-grid-1 elementor-grid-tablet-2 elementor-grid-mobile-1 elementor-widget elementor-widget-pp-posts\" data-id=\"d18ce30\" data-element_type=\"widget\" data-widget_type=\"pp-posts.template\">\n\t\t\t\t<div class=\"elementor-widget-container\">\n\t\t\t\t\t<div class=\"pp-posts-container\">\n\t\t\t\n\t\t\t\t\t\t\t\t\t\t\n\t\t\t<div class=\"pp-posts pp-posts-skin-template pp-elementor-grid pp-posts-grid\" data-query-type=\"custom\" data-layout=\"grid\" data-page=\"20158\" data-skin=\"template\">\n\t\t\t\t\t\t\t\t\t\t\t<div class=\"pp-post-wrap pp-grid-item-wrap\">\n\t\t\t\t\t\t<div class=\"pp-post pp-grid-item\">\n\t\t\t\t<div class=\"elementor-template\"><style>.elementor-290134 .elementor-element.elementor-element-7395188f{--display:flex;--width:100%;--overlay-transition:0.3s;}.elementor-290134 .elementor-element.elementor-element-d600463{--display:flex;--width:100%;--overlay-transition:0.3s;}.elementor-290134 .elementor-element.elementor-element-7f7ccbd7{--display:flex;--width:100%;--flex-direction:row;--overlay-transition:0.3s;}.elementor-290134 .elementor-element.elementor-element-1a5fed08{--display:flex;--width:100%;--flex-direction:column;--gap:20px;--overlay-transition:0.3s;}.elementor-290134 .elementor-element.elementor-element-4b9dd72e .elementor-heading-title{color:var( --e-global-color-accent );font-family:\"Montserrat\", Sans-serif;font-weight:600;line-height:1.25em;}.elementor-290134 .elementor-element.elementor-element-37a90fbd .elementor-button{background-color:var( --e-global-color-7510ce7 );}.elementor-290134 .elementor-element.elementor-element-2444fc48{--display:flex;--width:100%;--overlay-transition:0.3s;}.elementor-290134 .elementor-element.elementor-element-424d28db img{width:100%;}.elementor-290134 .elementor-element.elementor-element-729dd7d8{--display:flex;--width:100%;--flex-direction:row;--overlay-transition:0.3s;}.elementor-290134 .elementor-element.elementor-element-37455d41{--display:flex;--width:100%;--overlay-transition:0.3s;}.elementor-290134 .elementor-element.elementor-element-3e4b53b4{text-align:center;}.elementor-290134 .elementor-element.elementor-element-3e4b53b4 img{height:350px;object-fit:contain;}.elementor-290134 .elementor-element.elementor-element-3e0353cc{--display:flex;--width:100%;--flex-direction:column;--overlay-transition:0.3s;}.elementor-290134 .elementor-element.elementor-element-5f18d613{--display:flex;--width:100%;--gap:20px;--overlay-transition:0.3s;}.elementor-290134 .elementor-element.elementor-element-1a635940 .elementor-heading-title{color:var( --e-global-color-6f123f6 );font-family:\"Montserrat\", Sans-serif;font-weight:600;line-height:1.25em;}.elementor-290134 .elementor-element.elementor-element-5aa78cad{color:#707070;font-family:\"Work Sans\", Sans-serif;font-size:16px;font-weight:300;line-height:22px;}.elementor-290134 .elementor-element.elementor-element-5aa78cad > .elementor-widget-container{margin:-20px 0px 0px 0px;}.elementor-290134 .elementor-element.elementor-element-491a5b26{color:var( --e-global-color-text );}.elementor-290134 .elementor-element.elementor-element-625ba188 .elementor-button{font-family:\"Work Sans\", Sans-serif;font-size:18px;font-weight:700;text-transform:none;fill:var( --e-global-color-accent );color:var( --e-global-color-accent );background-color:#FF880300;padding:0px 0px 0px 0px;}@media(max-width:320px){.elementor-290134 .elementor-element.elementor-element-4b9dd72e .elementor-heading-title{font-size:15px;line-height:15px;}.elementor-290134 .elementor-element.elementor-element-1a635940 .elementor-heading-title{font-size:15px;line-height:15px;}.elementor-290134 .elementor-element.elementor-element-5aa78cad{font-size:13px;line-height:16px;}}\/* Start custom CSS for container, class: .elementor-element-729dd7d8 *\/.elementor-290134 .elementor-element.elementor-element-729dd7d8.elsecre_ .texto_ {\n  padding: 40px;\n  padding-top: 20px;\n}\/* End custom CSS *\/<\/style>\t\t<div data-elementor-type=\"container\" data-elementor-id=\"290134\" class=\"elementor elementor-290134\">\n\t\t\t\t\t\t<div class=\"elementor-inner\">\n\t\t\t\t<div class=\"elementor-section-wrap\">\n\t\t\t\t\t\t\t<div data-pp-template-widget-id=\"7395188f-8594\" class=\"elementor-pp-element-7395188f-8594 elementor-element elementor-element-7395188f e-container--column e-container\" data-id=\"7395188f\" data-element_type=\"container\">\t\t<div data-pp-template-widget-id=\"d600463-8594\" class=\"elementor-pp-element-d600463-8594 elementor-element elementor-element-d600463 e-container--column e-container\" data-id=\"d600463\" data-element_type=\"container\">\t\t\t\t<div data-pp-template-widget-id=\"2886f293-8594\" class=\"elementor-pp-element-2886f293-8594 elementor-element elementor-element-2886f293 elementor-widget elementor-widget-container-tabs\" data-id=\"2886f293\" data-element_type=\"widget\" data-widget_type=\"container-tabs.default\">\n\t\t\t\t<div class=\"elementor-widget-container\">\n\t\t\t        <div class=\"container-tabs\">\n            <div class=\"d-inline-block\">\n                <ul class=\"nav nav-tabs\" role=\"tablist\">\n                                            <li class=\"nav-item\" data-widget-id=\"7f7ccbd7\" >\n                            <a href=\"#\" role=\"tab\"><p><strong>Funci\u00f3n<\/strong> de la secretar\u00eda<\/p><\/a>\n                        <\/li>\n                                            <li class=\"nav-item\" data-widget-id=\"729dd7d8\" >\n                            <a href=\"#\" role=\"tab\"><p><strong>Composici\u00f3n<\/strong> de la secretar\u00eda<\/p><\/a>\n                        <\/li>\n                                    <\/ul>\n            <\/div>\n            <div class=\"link-on-right\">\n                <a >\n                                    <\/a>\n            <\/div>\n        <\/div>\n        \t\t<\/div>\n\t\t\t\t<\/div>\n\t\t<\/div><div data-pp-template-widget-id=\"7f7ccbd7-8594\" class=\"elementor-pp-element-7f7ccbd7-8594 elementor-element elementor-element-7f7ccbd7 e-container--row e-container\" data-id=\"7f7ccbd7\" data-element_type=\"container\">\t\t<div data-pp-template-widget-id=\"1a5fed08-8594\" class=\"elementor-pp-element-1a5fed08-8594 elementor-element elementor-element-1a5fed08 e-container--column e-container\" data-id=\"1a5fed08\" data-element_type=\"container\">\t\t\t\t<div data-pp-template-widget-id=\"4b9dd72e-8594\" class=\"elementor-pp-element-4b9dd72e-8594 elementor-element elementor-element-4b9dd72e elementor-widget elementor-widget-heading\" data-id=\"4b9dd72e\" data-element_type=\"widget\" data-widget_type=\"heading.default\">\n\t\t\t\t<div class=\"elementor-widget-container\">\n\t\t\t<h2 class=\"elementor-heading-title elementor-size-large\">\u00bfQu\u00e9 hace la secretar\u00eda?<\/h2>\t\t<\/div>\n\t\t\t\t<\/div>\n\t\t\t\t<div data-pp-template-widget-id=\"1567af65-8594\" class=\"elementor-pp-element-1567af65-8594 elementor-element elementor-element-1567af65 elementor-widget elementor-widget-text-editor\" data-id=\"1567af65\" data-element_type=\"widget\" data-widget_type=\"text-editor.default\">\n\t\t\t\t<div class=\"elementor-widget-container\">\n\t\t\t\t\t\t\t\t<div class=\"elementor-text-editor elementor-clearfix\">\n\t\t\t\tLa Secretar\u00eda de Comunicaciones tiene como responsabilidad definir las pol\u00edticas de comunicaciones, as\u00ed como la planeaci\u00f3n, el dise\u00f1o, la coordinaci\u00f3n, la ejecuci\u00f3n y la evaluaci\u00f3n de estrategias de car\u00e1cter informativo, corporativo, institucional y de movilizaci\u00f3n de la Administraci\u00f3n Municipal.\t\t\t\t\t<\/div>\n\t\t\t\t\t\t<\/div>\n\t\t\t\t<\/div>\n\t\t\t\t<div data-pp-template-widget-id=\"37a90fbd-8594\" class=\"elementor-pp-element-37a90fbd-8594 elementor-element elementor-element-37a90fbd elementor-widget elementor-widget-button\" data-id=\"37a90fbd\" data-element_type=\"widget\" data-widget_type=\"button.default\">\n\t\t\t\t<div class=\"elementor-widget-container\">\n\t\t\t\t\t<div class=\"elementor-button-wrapper\">\n\t\t\t<a href=\"\/es\/secretaria-de-comunicaciones\/que-hace\/\" class=\"elementor-button-link elementor-button elementor-size-sm\" role=\"button\">\n\t\t\t\t\t\t<span class=\"elementor-button-content-wrapper\">\n\t\t\t\t\t\t<span class=\"elementor-button-text\">Conoce m\u00e1s<\/span>\n\t\t<\/span>\n\t\t\t\t\t<\/a>\n\t\t<\/div>\n\t\t\t\t<\/div>\n\t\t\t\t<\/div>\n\t\t<\/div><div data-pp-template-widget-id=\"2444fc48-8594\" class=\"elementor-pp-element-2444fc48-8594 elementor-element elementor-element-2444fc48 e-container--column e-container\" data-id=\"2444fc48\" data-element_type=\"container\">\t\t\t\t<div data-pp-template-widget-id=\"424d28db-8594\" class=\"elementor-pp-element-424d28db-8594 elementor-element elementor-element-424d28db elementor-widget elementor-widget-image\" data-id=\"424d28db\" data-element_type=\"widget\" data-widget_type=\"image.default\">\n\t\t\t\t<div class=\"elementor-widget-container\">\n\t\t\t\t\t\t\t\t<div class=\"elementor-image\">\n\t\t\t\t\t\t\t\t\t\t\t\t<img width=\"1024\" height=\"682\" src=\"https:\/\/www.medellin.gov.co\/es\/wp-content\/uploads\/2021\/10\/mujer-leyendo-prensa.jpg\" class=\"attachment-full size-full\" alt=\"Mujer leyendo prensa\" loading=\"lazy\" srcset=\"https:\/\/www.medellin.gov.co\/es\/wp-content\/uploads\/2021\/10\/mujer-leyendo-prensa.jpg 1024w, https:\/\/www.medellin.gov.co\/es\/wp-content\/uploads\/2021\/10\/mujer-leyendo-prensa-300x200.jpg 300w, https:\/\/www.medellin.gov.co\/es\/wp-content\/uploads\/2021\/10\/mujer-leyendo-prensa-150x100.jpg 150w, https:\/\/www.medellin.gov.co\/es\/wp-content\/uploads\/2021\/10\/mujer-leyendo-prensa-768x512.jpg 768w\" sizes=\"(max-width: 1024px) 100vw, 1024px\" \/>\t\t\t\t\t\t\t\t\t\t\t\t\t\t<\/div>\n\t\t\t\t\t\t<\/div>\n\t\t\t\t<\/div>\n\t\t<\/div><\/div><div data-pp-template-widget-id=\"729dd7d8-8594\" class=\"elementor-pp-element-729dd7d8-8594 elementor-element elementor-element-729dd7d8 elsecre_ e-container--row e-container\" data-id=\"729dd7d8\" data-element_type=\"container\">\t\t<div data-pp-template-widget-id=\"37455d41-8594\" class=\"elementor-pp-element-37455d41-8594 elementor-element elementor-element-37455d41 e-container--column e-container\" data-id=\"37455d41\" data-element_type=\"container\">\t\t\t\t<div data-pp-template-widget-id=\"3e4b53b4-8594\" class=\"elementor-pp-element-3e4b53b4-8594 elementor-element elementor-element-3e4b53b4 elementor-widget elementor-widget-image\" data-id=\"3e4b53b4\" data-element_type=\"widget\" data-widget_type=\"image.default\">\n\t\t\t\t<div class=\"elementor-widget-container\">\n\t\t\t\t\t\t\t\t<div class=\"elementor-image\">\n\t\t\t\t\t\t\t\t\t\t\t\t<img width=\"601\" height=\"721\" src=\"https:\/\/www.medellin.gov.co\/es\/wp-content\/uploads\/2025\/01\/Carmen-Lucia-Herrera-Zapata-1.jpg\" class=\"attachment-large size-large\" alt=\"Carmen Luc\u00eda Herrera Zapata\" loading=\"lazy\" srcset=\"https:\/\/www.medellin.gov.co\/es\/wp-content\/uploads\/2025\/01\/Carmen-Lucia-Herrera-Zapata-1.jpg 601w, https:\/\/www.medellin.gov.co\/es\/wp-content\/uploads\/2025\/01\/Carmen-Lucia-Herrera-Zapata-1-250x300.jpg 250w, https:\/\/www.medellin.gov.co\/es\/wp-content\/uploads\/2025\/01\/Carmen-Lucia-Herrera-Zapata-1-125x150.jpg 125w\" sizes=\"(max-width: 601px) 100vw, 601px\" \/>\t\t\t\t\t\t\t\t\t\t\t\t\t\t<\/div>\n\t\t\t\t\t\t<\/div>\n\t\t\t\t<\/div>\n\t\t<\/div><div data-pp-template-widget-id=\"3e0353cc-8594\" class=\"elementor-pp-element-3e0353cc-8594 elementor-element elementor-element-3e0353cc texto_ e-container--column e-container\" data-id=\"3e0353cc\" data-element_type=\"container\">\t\t<div data-pp-template-widget-id=\"5f18d613-8594\" class=\"elementor-pp-element-5f18d613-8594 elementor-element elementor-element-5f18d613 centrado_tex e-container--column e-container\" data-id=\"5f18d613\" data-element_type=\"container\">\t\t\t\t<div data-pp-template-widget-id=\"1a635940-8594\" class=\"elementor-pp-element-1a635940-8594 elementor-element elementor-element-1a635940 elementor-widget elementor-widget-heading\" data-id=\"1a635940\" data-element_type=\"widget\" data-widget_type=\"heading.default\">\n\t\t\t\t<div class=\"elementor-widget-container\">\n\t\t\t<h2 class=\"elementor-heading-title elementor-size-large\">Carmen Luc\u00eda Herrera Zapata<\/h2>\t\t<\/div>\n\t\t\t\t<\/div>\n\t\t\t\t<div data-pp-template-widget-id=\"5aa78cad-8594\" class=\"elementor-pp-element-5aa78cad-8594 elementor-element elementor-element-5aa78cad elementor-widget elementor-widget-text-editor\" data-id=\"5aa78cad\" data-element_type=\"widget\" data-widget_type=\"text-editor.default\">\n\t\t\t\t<div class=\"elementor-widget-container\">\n\t\t\t\t\t\t\t\t<div class=\"elementor-text-editor elementor-clearfix\">\n\t\t\t\tSecretaria de Comunicaciones\t\t\t\t\t<\/div>\n\t\t\t\t\t\t<\/div>\n\t\t\t\t<\/div>\n\t\t\t\t<div data-pp-template-widget-id=\"491a5b26-8594\" class=\"elementor-pp-element-491a5b26-8594 elementor-element elementor-element-491a5b26 elementor-widget elementor-widget-text-editor\" data-id=\"491a5b26\" data-element_type=\"widget\" data-widget_type=\"text-editor.default\">\n\t\t\t\t<div class=\"elementor-widget-container\">\n\t\t\t\t\t\t\t\t<div class=\"elementor-text-editor elementor-clearfix\">\n\t\t\t\tComunicadora Social, Especialista en Gerencia de Marca y mag\u00edster en Paz, desarrollo y ciudadan\u00eda. Cuenta con m\u00e1s de diez a\u00f1os de experiencia en los que se destaca su paso por medios de comunicaci\u00f3n y el trabajo en el sector p\u00fablico. | <strong><a href=\"https:\/\/www1.funcionpublica.gov.co\/web\/sigep2\/directorio\" target=\"_blank\" rel=\"noopener\">Hoja de vida en el SIGEP<\/a><\/strong>\t\t\t\t\t<\/div>\n\t\t\t\t\t\t<\/div>\n\t\t\t\t<\/div>\n\t\t\t\t<div data-pp-template-widget-id=\"625ba188-8594\" class=\"elementor-pp-element-625ba188-8594 elementor-element elementor-element-625ba188 elementor-widget elementor-widget-button\" data-id=\"625ba188\" data-element_type=\"widget\" data-widget_type=\"button.default\">\n\t\t\t\t<div class=\"elementor-widget-container\">\n\t\t\t\t\t<div class=\"elementor-button-wrapper\">\n\t\t\t<a href=\"\/es\/secretaria-de-comunicaciones\/que-hace\/#composicion\" class=\"elementor-button-link elementor-button elementor-size-sm\" role=\"button\">\n\t\t\t\t\t\t<span class=\"elementor-button-content-wrapper\">\n\t\t\t\t\t\t<span class=\"elementor-button-text\">Conoce m\u00e1s<\/span>\n\t\t<\/span>\n\t\t\t\t\t<\/a>\n\t\t<\/div>\n\t\t\t\t<\/div>\n\t\t\t\t<\/div>\n\t\t<\/div><\/div><\/div><\/div>\t\t\t\t\t\t\t<\/div>\n\t\t\t<\/div>\n\t\t\t\t\t<\/div>\n\t\t<\/div>\t\t\t<\/div>\n\t\t\t\t\t<\/div>\n\t\t\t\t\t\t\t\t\t<\/div>\n\t\t\t\n\t\t\t\n\t\t\t\n\t\t\t\n\t\t\t\t\t\t\t\t\t\t\t\t<\/div>\n\n\t\t\n\t\t\t\t<\/div>\n\t\t\t\t<\/div>\n\t\t<\/div><div class=\"elementor-element elementor-element-6d76a91a e-container--column e-container\" data-id=\"6d76a91a\" data-element_type=\"container\">\t\t\t\t<div class=\"elementor-element elementor-element-1afca65f elementor-widget elementor-widget-heading\" data-id=\"1afca65f\" data-element_type=\"widget\" data-widget_type=\"heading.default\">\n\t\t\t\t<div class=\"elementor-widget-container\">\n\t\t\t<h2 class=\"elementor-heading-title elementor-size-default\"><b>Noticias destacadas <\/b>de la Secretar\u00eda de Comunicaciones<\/h2>\t\t<\/div>\n\t\t\t\t<\/div>\n\t\t<\/div><div class=\"elementor-element elementor-element-5eab2ceb e-container--column e-container\" data-id=\"5eab2ceb\" data-element_type=\"container\">\t\t\t\t<div class=\"elementor-element elementor-element-1e01916d elementor-widget elementor-widget-slider-noticias\" data-id=\"1e01916d\" data-element_type=\"widget\" data-widget_type=\"slider-noticias.default\">\n\t\t\t\t<div class=\"elementor-widget-container\">\n\t\t\t\n        <div class=\"cover_top_home_\">\n        <div id=\"slidernoticias_Destacadas\" class=\"carousel slide\" data-ride=\"carousel\" data-interval=\"false\">\n            <ol class=\"carousel-indicators\">\n                                                            <li data-target=\"#slidernoticias_Destacadas\" data-slide-to=\"0\" class=\"active\"><\/li>\n                                            <li data-target=\"#slidernoticias_Destacadas\" data-slide-to=\"1\" class=\"\"><\/li>\n                                            <li data-target=\"#slidernoticias_Destacadas\" data-slide-to=\"2\" class=\"\"><\/li>\n                                            <li data-target=\"#slidernoticias_Destacadas\" data-slide-to=\"3\" class=\"\"><\/li>\n                                                <\/ol>\n            <div class=\"carousel-inner\">\n                        <div class=\"carousel-item active\">\n                <div class=\"cover_home_slider\">\n                \n                <div class=\"imagen_slider_\">\n                                        <a href=\"https:\/\/www.medellin.gov.co\/es\/sala-de-prensa\/noticias\/cuidar-escuchar-y-sostener-asi-es-ser-doula-en-buen-comienzo-medellin\/\">\n                        <img width=\"960\" height=\"720\" src=\"https:\/\/www.medellin.gov.co\/es\/wp-content\/uploads\/2026\/04\/Imagen-asi-es-ser-doula-en-Buen-Comienzo-8.jpg\" class=\"attachment-post-thumbnail size-post-thumbnail wp-post-image\" alt=\"Imagen as\u00ed es ser doula en Buen Comienzo (8)\" loading=\"lazy\" srcset=\"https:\/\/www.medellin.gov.co\/es\/wp-content\/uploads\/2026\/04\/Imagen-asi-es-ser-doula-en-Buen-Comienzo-8.jpg 960w, https:\/\/www.medellin.gov.co\/es\/wp-content\/uploads\/2026\/04\/Imagen-asi-es-ser-doula-en-Buen-Comienzo-8-300x225.jpg 300w, https:\/\/www.medellin.gov.co\/es\/wp-content\/uploads\/2026\/04\/Imagen-asi-es-ser-doula-en-Buen-Comienzo-8-150x113.jpg 150w, https:\/\/www.medellin.gov.co\/es\/wp-content\/uploads\/2026\/04\/Imagen-asi-es-ser-doula-en-Buen-Comienzo-8-768x576.jpg 768w\" sizes=\"(max-width: 960px) 100vw, 960px\" \/>                    <\/a>\n                                    <\/div>\n                <div class=\"bluetotal texto_slider_\">\n                    <div class=\"elcon_\">\n                    <h3 class=\"titulo_slide\">\n                                            <a href=\"https:\/\/www.medellin.gov.co\/es\/sala-de-prensa\/noticias\/cuidar-escuchar-y-sostener-asi-es-ser-doula-en-buen-comienzo-medellin\/\">\n                        Cuidar, escuchar y sostener: as\u00ed es ser doula en Buen Comienzo Medell\u00edn                        <\/a>\n                                            <\/h3>\n                                            <small>Contenido asociado a<\/small>\n                                                \n                    <div class=\"tag_s_\">\n                        <ul><li><ion-icon name=\"radio-button-on-outline\"><\/ion-icon><a href=\"https:\/\/www.medellin.gov.co\/es\/temas-de-ciudad\/educacion\/\" rel=\"tag\">Educaci\u00f3n<\/a><\/li><li><ion-icon name=\"radio-button-on-outline\"><\/ion-icon><a href=\"https:\/\/www.medellin.gov.co\/es\/temas-de-ciudad\/medellin-te-quiere-saludable\/\" rel=\"tag\">Medell\u00edn te quiere saludable<\/a><\/li><li><ion-icon name=\"radio-button-on-outline\"><\/ion-icon><a href=\"https:\/\/www.medellin.gov.co\/es\/temas-de-ciudad\/ninas-ninos-adolescentes\/\" rel=\"tag\">Ni\u00f1as - Ni\u00f1os - Adolescentes<\/a><\/li><\/ul>                    <\/div>\n                    <p>Julieth Builes es doula de la modalidad familiar de Buen Comienzo y en...<\/p>\n                                            <a id=\"\" href=\"https:\/\/www.medellin.gov.co\/es\/sala-de-prensa\/noticias\/cuidar-escuchar-y-sostener-asi-es-ser-doula-en-buen-comienzo-medellin\/\" class=\"botonslider_\">Conoce m\u00e1s<\/a>\n                                            <\/div>\n                <\/div>\n                <\/div>\n            <\/div>\n            \n                                    <div class=\"carousel-item noactivo\">\n                <div class=\"cover_home_slider\">\n                \n                <div class=\"imagen_slider_\">\n                                        <a href=\"https:\/\/www.medellin.gov.co\/es\/sala-de-prensa\/noticias\/de-amor-perseverancia-y-fe-la-historia-del-agente-de-transito-de-medellin-186-y-su-hija-luciana\/\">\n                        <img width=\"1280\" height=\"853\" src=\"https:\/\/www.medellin.gov.co\/es\/wp-content\/uploads\/2026\/04\/Luciana_Agente186_1.jpg\" class=\"attachment-post-thumbnail size-post-thumbnail wp-post-image\" alt=\"Luciana y su padre Elkin Antonio Restrepo Campo\" loading=\"lazy\" srcset=\"https:\/\/www.medellin.gov.co\/es\/wp-content\/uploads\/2026\/04\/Luciana_Agente186_1.jpg 1280w, https:\/\/www.medellin.gov.co\/es\/wp-content\/uploads\/2026\/04\/Luciana_Agente186_1-300x200.jpg 300w, https:\/\/www.medellin.gov.co\/es\/wp-content\/uploads\/2026\/04\/Luciana_Agente186_1-1024x682.jpg 1024w, https:\/\/www.medellin.gov.co\/es\/wp-content\/uploads\/2026\/04\/Luciana_Agente186_1-150x100.jpg 150w, https:\/\/www.medellin.gov.co\/es\/wp-content\/uploads\/2026\/04\/Luciana_Agente186_1-768x512.jpg 768w\" sizes=\"(max-width: 1280px) 100vw, 1280px\" \/>                    <\/a>\n                                    <\/div>\n                <div class=\"bluetotal texto_slider_\">\n                    <div class=\"elcon_\">\n                    <h3 class=\"titulo_slide\">\n                                            <a href=\"https:\/\/www.medellin.gov.co\/es\/sala-de-prensa\/noticias\/de-amor-perseverancia-y-fe-la-historia-del-agente-de-transito-de-medellin-186-y-su-hija-luciana\/\">\n                        De amor, perseverancia y fe: la historia del agente de tr\u00e1nsito de Medell\u00edn 186 y ...                        <\/a>\n                                            <\/h3>\n                                            <small>Contenido asociado a<\/small>\n                                                \n                    <div class=\"tag_s_\">\n                        <ul><li><ion-icon name=\"radio-button-on-outline\"><\/ion-icon><a href=\"https:\/\/www.medellin.gov.co\/es\/temas-de-ciudad\/movilidad\/\" rel=\"tag\">Movilidad<\/a><\/li><\/ul>                    <\/div>\n                    <p>Cuando a Luciana le diagnosticaron el s\u00edndrome Aicardi-Gouti\u00e8res tipo 5, los m\u00e9dicos le...<\/p>\n                                            <a id=\"\" href=\"https:\/\/www.medellin.gov.co\/es\/sala-de-prensa\/noticias\/de-amor-perseverancia-y-fe-la-historia-del-agente-de-transito-de-medellin-186-y-su-hija-luciana\/\" class=\"botonslider_\">Conoce m\u00e1s<\/a>\n                                            <\/div>\n                <\/div>\n                <\/div>\n            <\/div>\n            \n                                    <div class=\"carousel-item noactivo\">\n                <div class=\"cover_home_slider\">\n                \n                <div class=\"imagen_slider_\">\n                                        <a href=\"https:\/\/www.medellin.gov.co\/es\/sala-de-prensa\/noticias\/los-suenos-de-un-arquitecto-que-estan-transformando-a-medellin\/\">\n                        <img width=\"1280\" height=\"960\" src=\"https:\/\/www.medellin.gov.co\/es\/wp-content\/uploads\/2026\/04\/Alejandro-Restrepo-Montoya-4.jpg\" class=\"attachment-post-thumbnail size-post-thumbnail wp-post-image\" alt=\"Alejandro Restrepo Montoya\" loading=\"lazy\" srcset=\"https:\/\/www.medellin.gov.co\/es\/wp-content\/uploads\/2026\/04\/Alejandro-Restrepo-Montoya-4.jpg 1280w, https:\/\/www.medellin.gov.co\/es\/wp-content\/uploads\/2026\/04\/Alejandro-Restrepo-Montoya-4-300x225.jpg 300w, https:\/\/www.medellin.gov.co\/es\/wp-content\/uploads\/2026\/04\/Alejandro-Restrepo-Montoya-4-1024x768.jpg 1024w, https:\/\/www.medellin.gov.co\/es\/wp-content\/uploads\/2026\/04\/Alejandro-Restrepo-Montoya-4-150x113.jpg 150w, https:\/\/www.medellin.gov.co\/es\/wp-content\/uploads\/2026\/04\/Alejandro-Restrepo-Montoya-4-768x576.jpg 768w\" sizes=\"(max-width: 1280px) 100vw, 1280px\" \/>                    <\/a>\n                                    <\/div>\n                <div class=\"bluetotal texto_slider_\">\n                    <div class=\"elcon_\">\n                    <h3 class=\"titulo_slide\">\n                                            <a href=\"https:\/\/www.medellin.gov.co\/es\/sala-de-prensa\/noticias\/los-suenos-de-un-arquitecto-que-estan-transformando-a-medellin\/\">\n                        Los sue\u00f1os de un arquitecto que est\u00e1n transformando a Medell\u00edn                        <\/a>\n                                            <\/h3>\n                                            <small>Contenido asociado a<\/small>\n                                                \n                    <div class=\"tag_s_\">\n                        <ul><li><ion-icon name=\"radio-button-on-outline\"><\/ion-icon><a href=\"https:\/\/www.medellin.gov.co\/es\/temas-de-ciudad\/educacion\/\" rel=\"tag\">Educaci\u00f3n<\/a><\/li><\/ul>                    <\/div>\n                    <p>Alejandro Restrepo Montoya, arquitecto con reconocimiento internacional, patentes de innovaci\u00f3n y experiencia en...<\/p>\n                                            <a id=\"\" href=\"https:\/\/www.medellin.gov.co\/es\/sala-de-prensa\/noticias\/los-suenos-de-un-arquitecto-que-estan-transformando-a-medellin\/\" class=\"botonslider_\">Conoce m\u00e1s<\/a>\n                                            <\/div>\n                <\/div>\n                <\/div>\n            <\/div>\n            \n                                    <div class=\"carousel-item noactivo\">\n                <div class=\"cover_home_slider\">\n                \n                <div class=\"imagen_slider_\">\n                                        <a href=\"https:\/\/www.medellin.gov.co\/es\/sala-de-prensa\/noticias\/en-medellin-mientras-prestan-servicio-militar-soldados-de-la-cuarta-brigada-del-ejercito-se-graduan-de-bachilleres\/\">\n                        <img width=\"1280\" height=\"720\" src=\"https:\/\/www.medellin.gov.co\/es\/wp-content\/uploads\/2026\/04\/Imagen-soldados-de-la-Cuarta-Brigada-del-Ejercito-se-graduan-de-bachilleres-PRINCIPAL.jpg\" class=\"attachment-post-thumbnail size-post-thumbnail wp-post-image\" alt=\"Imagen soldados de la Cuarta Brigada del Ej\u00e9rcito se grad\u00faan de bachilleres PRINCIPAL\" loading=\"lazy\" srcset=\"https:\/\/www.medellin.gov.co\/es\/wp-content\/uploads\/2026\/04\/Imagen-soldados-de-la-Cuarta-Brigada-del-Ejercito-se-graduan-de-bachilleres-PRINCIPAL.jpg 1280w, https:\/\/www.medellin.gov.co\/es\/wp-content\/uploads\/2026\/04\/Imagen-soldados-de-la-Cuarta-Brigada-del-Ejercito-se-graduan-de-bachilleres-PRINCIPAL-300x169.jpg 300w, https:\/\/www.medellin.gov.co\/es\/wp-content\/uploads\/2026\/04\/Imagen-soldados-de-la-Cuarta-Brigada-del-Ejercito-se-graduan-de-bachilleres-PRINCIPAL-1024x576.jpg 1024w, https:\/\/www.medellin.gov.co\/es\/wp-content\/uploads\/2026\/04\/Imagen-soldados-de-la-Cuarta-Brigada-del-Ejercito-se-graduan-de-bachilleres-PRINCIPAL-150x84.jpg 150w, https:\/\/www.medellin.gov.co\/es\/wp-content\/uploads\/2026\/04\/Imagen-soldados-de-la-Cuarta-Brigada-del-Ejercito-se-graduan-de-bachilleres-PRINCIPAL-768x432.jpg 768w\" sizes=\"(max-width: 1280px) 100vw, 1280px\" \/>                    <\/a>\n                                    <\/div>\n                <div class=\"bluetotal texto_slider_\">\n                    <div class=\"elcon_\">\n                    <h3 class=\"titulo_slide\">\n                                            <a href=\"https:\/\/www.medellin.gov.co\/es\/sala-de-prensa\/noticias\/en-medellin-mientras-prestan-servicio-militar-soldados-de-la-cuarta-brigada-del-ejercito-se-graduan-de-bachilleres\/\">\n                        En Medell\u00edn, mientras prestan servicio militar, soldados de la Cuarta Brigada del Ej\u00e9rcito se grad\u00faan ...                        <\/a>\n                                            <\/h3>\n                                            <small>Contenido asociado a<\/small>\n                                                \n                    <div class=\"tag_s_\">\n                        <ul><li><ion-icon name=\"radio-button-on-outline\"><\/ion-icon><a href=\"https:\/\/www.medellin.gov.co\/es\/temas-de-ciudad\/educacion\/\" rel=\"tag\">Educaci\u00f3n<\/a><\/li><\/ul>                    <\/div>\n                    <p>Gracias al trabajo conjunto entre la Alcald\u00eda de Medell\u00edn, la Cuarta Brigada del...<\/p>\n                                            <a id=\"\" href=\"https:\/\/www.medellin.gov.co\/es\/sala-de-prensa\/noticias\/en-medellin-mientras-prestan-servicio-militar-soldados-de-la-cuarta-brigada-del-ejercito-se-graduan-de-bachilleres\/\" class=\"botonslider_\">Conoce m\u00e1s<\/a>\n                                            <\/div>\n                <\/div>\n                <\/div>\n            <\/div>\n            \n                        \n                        <\/div>\n            <a class=\"carousel-control-prev\" href=\"#slidernoticias_Destacadas\" role=\"button\" data-slide=\"prev\">\n            <span class=\"carousel-control-prev-icon\" aria-hidden=\"true\"><\/span>\n            <span class=\"sr-only\">Previous<\/span>\n            <\/a>\n            <a class=\"carousel-control-next\" href=\"#slidernoticias_Destacadas\" role=\"button\" data-slide=\"next\">\n            <span class=\"carousel-control-next-icon\" aria-hidden=\"true\"><\/span>\n            <span class=\"sr-only\">Next<\/span>\n            <\/a>\n        <\/div>\n        <\/div>\n\t\t<\/div>\n\t\t\t\t<\/div>\n\t\t<\/div>\t\t<section class=\"elementor-section elementor-top-section elementor-element elementor-element-4ba5c368 elementor-section-boxed elementor-section-height-default elementor-section-height-default\" data-id=\"4ba5c368\" data-element_type=\"section\">\n\t\t\t\t\t\t<div class=\"elementor-container elementor-column-gap-default\">\n\t\t\t\t\t\t\t<div class=\"elementor-row\">\n\t\t\t\t\t<div class=\"elementor-column elementor-col-100 elementor-top-column elementor-element elementor-element-231c5855\" data-id=\"231c5855\" data-element_type=\"column\">\n\t\t\t<div class=\"elementor-column-wrap elementor-element-populated\">\n\t\t\t\t\t\t\t<div class=\"elementor-widget-wrap\">\n\t\t\t\t\t\t<div class=\"elementor-element elementor-element-24385eb1 elementor-widget elementor-widget-titulo-con-link\" data-id=\"24385eb1\" data-element_type=\"widget\" data-widget_type=\"titulo-con-link.default\">\n\t\t\t\t<div class=\"elementor-widget-container\">\n\t\t\t        <div class=\"heading-container\">\n            <div class=\"heading-title\">\n                <h2 class=\"elementor-heading-title elementor-size-default\"><b>Sala de prensa<\/b> de la Alcald\u00eda de Medell\u00edn<\/h2>            <\/div>\n            <div class=\"heading-links\">\n                <ul>\n                                            <li>\n                            <a href=\"https:\/\/www.medellin.gov.co\/es\/sala-de-prensa\/noticias\/?_sft_category=secretaria-de-comunicaciones\">\n                                                                 Ver todas las noticias                            <\/a>\n                        <\/li>\n                                    <\/ul>\n            <\/div>\n        <\/div>\n        \t\t<\/div>\n\t\t\t\t<\/div>\n\t\t\t\t\t\t<\/div>\n\t\t\t\t\t<\/div>\n\t\t<\/div>\n\t\t\t\t\t\t\t\t<\/div>\n\t\t\t\t\t<\/div>\n\t\t<\/section>\n\t\t<div class=\"elementor-element elementor-element-4d3499c1 e-container--column e-container\" data-id=\"4d3499c1\" data-element_type=\"container\">\t\t\t\t<div class=\"elementor-element elementor-element-737a99f5 elementor-widget elementor-widget-text-editor\" data-id=\"737a99f5\" data-element_type=\"widget\" data-widget_type=\"text-editor.default\">\n\t\t\t\t<div class=\"elementor-widget-container\">\n\t\t\t\t\t\t\t\t<div class=\"elementor-text-editor elementor-clearfix\">\n\t\t\t\t<p>Aqu\u00ed te brindamos todo el contenido multimedia sobre las noticias de Medell\u00edn. Puedes filtrar y escoger seg\u00fan tu objetivo de la b\u00fasqueda.<\/p>\t\t\t\t\t<\/div>\n\t\t\t\t\t\t<\/div>\n\t\t\t\t<\/div>\n\t\t<\/div><div class=\"elementor-element elementor-element-47722fae e-container--column e-container\" data-id=\"47722fae\" data-element_type=\"container\">\t\t\t\t<div class=\"elementor-element elementor-element-39023f68 elementor-widget elementor-widget-noticias\" data-id=\"39023f68\" data-element_type=\"widget\" data-widget_type=\"noticias.default\">\n\t\t\t\t<div class=\"elementor-widget-container\">\n\t\t\t          <div class=\"mod_news_inicio_\">\n                <div class=\"grid_nes_hom_\">\n                                  <div class=\"grid_1\">\n                    <h3 class=\"titulog_1dr\"><a id=\"\" href=\"https:\/\/www.medellin.gov.co\/es\/sala-de-prensa\/noticias\/cuidar-escuchar-y-sostener-asi-es-ser-doula-en-buen-comienzo-medellin\/\">Cuidar, escuchar y sostener: as\u00ed es ser doula en Buen ...<\/a><\/h3>\n                    <span class=\"pertenece_a\">Contenido asociado a<\/span>\n                    <div class=\"listado_vim\">\n                          <ul><li><ion-icon name=\"radio-button-on-outline\"><\/ion-icon><a href=\"https:\/\/www.medellin.gov.co\/es\/temas-de-ciudad\/educacion\/\" rel=\"tag\">Educaci\u00f3n<\/a><\/li><li><ion-icon name=\"radio-button-on-outline\"><\/ion-icon><a href=\"https:\/\/www.medellin.gov.co\/es\/temas-de-ciudad\/medellin-te-quiere-saludable\/\" rel=\"tag\">Medell\u00edn te quiere saludable<\/a><\/li><li><ion-icon name=\"radio-button-on-outline\"><\/ion-icon><a href=\"https:\/\/www.medellin.gov.co\/es\/temas-de-ciudad\/ninas-ninos-adolescentes\/\" rel=\"tag\">Ni\u00f1as - Ni\u00f1os - Adolescentes<\/a><\/li><\/ul>                    <\/div>\n                    <a id=\"\" href=\"https:\/\/www.medellin.gov.co\/es\/sala-de-prensa\/noticias\/cuidar-escuchar-y-sostener-asi-es-ser-doula-en-buen-comienzo-medellin\/\">\n                          <img width=\"960\" height=\"720\" src=\"https:\/\/www.medellin.gov.co\/es\/wp-content\/uploads\/2026\/04\/Imagen-asi-es-ser-doula-en-Buen-Comienzo-8.jpg\" class=\"attachment- size- wp-post-image\" alt=\"Imagen as\u00ed es ser doula en Buen Comienzo (8)\" loading=\"lazy\" srcset=\"https:\/\/www.medellin.gov.co\/es\/wp-content\/uploads\/2026\/04\/Imagen-asi-es-ser-doula-en-Buen-Comienzo-8.jpg 960w, https:\/\/www.medellin.gov.co\/es\/wp-content\/uploads\/2026\/04\/Imagen-asi-es-ser-doula-en-Buen-Comienzo-8-300x225.jpg 300w, https:\/\/www.medellin.gov.co\/es\/wp-content\/uploads\/2026\/04\/Imagen-asi-es-ser-doula-en-Buen-Comienzo-8-150x113.jpg 150w, https:\/\/www.medellin.gov.co\/es\/wp-content\/uploads\/2026\/04\/Imagen-asi-es-ser-doula-en-Buen-Comienzo-8-768x576.jpg 768w\" sizes=\"(max-width: 960px) 100vw, 960px\" \/>                    <\/a>\n                    <p>\n                          Julieth Builes es doula de la modalidad familiar de Buen Comienzo y en su rol, acompa\u00f1a a gestantes y...                    <\/p>\n                    <a id=\"\" href=\"https:\/\/www.medellin.gov.co\/es\/sala-de-prensa\/noticias\/cuidar-escuchar-y-sostener-asi-es-ser-doula-en-buen-comienzo-medellin\/\" class=\"boton_vernota\">Conoce m\u00e1s<\/a>\n                    <div class=\"formatos_\">\n                                              <\/div>\n                    <!-- <small>Tipo de lectura: 1 minutos<\/small> -->\n                  <\/div>\n                \n                  <div class=\"grid_2\">\n                                    <div class=\"grid\">\n                    <a href=\"https:\/\/www.medellin.gov.co\/es\/sala-de-prensa\/noticias\/de-amor-perseverancia-y-fe-la-historia-del-agente-de-transito-de-medellin-186-y-su-hija-luciana\/\">\n                    <img width=\"1280\" height=\"853\" src=\"https:\/\/www.medellin.gov.co\/es\/wp-content\/uploads\/2026\/04\/Luciana_Agente186_1.jpg\" class=\"attachment- size- wp-post-image\" alt=\"Luciana y su padre Elkin Antonio Restrepo Campo\" loading=\"lazy\" srcset=\"https:\/\/www.medellin.gov.co\/es\/wp-content\/uploads\/2026\/04\/Luciana_Agente186_1.jpg 1280w, https:\/\/www.medellin.gov.co\/es\/wp-content\/uploads\/2026\/04\/Luciana_Agente186_1-300x200.jpg 300w, https:\/\/www.medellin.gov.co\/es\/wp-content\/uploads\/2026\/04\/Luciana_Agente186_1-1024x682.jpg 1024w, https:\/\/www.medellin.gov.co\/es\/wp-content\/uploads\/2026\/04\/Luciana_Agente186_1-150x100.jpg 150w, https:\/\/www.medellin.gov.co\/es\/wp-content\/uploads\/2026\/04\/Luciana_Agente186_1-768x512.jpg 768w\" sizes=\"(max-width: 1280px) 100vw, 1280px\" \/>                  <\/a>\n                    <h3 class=\"titulog_dr\"><a id=\"\" href=\"https:\/\/www.medellin.gov.co\/es\/sala-de-prensa\/noticias\/de-amor-perseverancia-y-fe-la-historia-del-agente-de-transito-de-medellin-186-y-su-hija-luciana\/\">De amor, perseverancia y fe: la historia del agente de ...<\/a><\/h3>\n                    <span class=\"pertenece_a\">Contenido asociado a<\/span>\n                    <div class=\"listado_vim\">\n                    <ul><li><ion-icon name=\"radio-button-on-outline\"><\/ion-icon><a href=\"https:\/\/www.medellin.gov.co\/es\/temas-de-ciudad\/movilidad\/\" rel=\"tag\">Movilidad<\/a><\/li><\/ul>                    <\/div>\n                    <p>\n                    Cuando a Luciana le diagnosticaron el s\u00edndrome Aicardi-Gouti\u00e8res tipo 5, los m\u00e9dicos le...                    <\/p>\n                    <div class=\"zocalo_grid_\">\n                    <a id=\"\" href=\"https:\/\/www.medellin.gov.co\/es\/sala-de-prensa\/noticias\/de-amor-perseverancia-y-fe-la-historia-del-agente-de-transito-de-medellin-186-y-su-hija-luciana\/\">Contin\u00faa leyendo<\/a>\n                    <\/div>\n                  <\/div>\n                                    <div class=\"grid\">\n                    <a href=\"https:\/\/www.medellin.gov.co\/es\/sala-de-prensa\/noticias\/los-suenos-de-un-arquitecto-que-estan-transformando-a-medellin\/\">\n                    <img width=\"1280\" height=\"960\" src=\"https:\/\/www.medellin.gov.co\/es\/wp-content\/uploads\/2026\/04\/Alejandro-Restrepo-Montoya-4.jpg\" class=\"attachment- size- wp-post-image\" alt=\"Alejandro Restrepo Montoya\" loading=\"lazy\" srcset=\"https:\/\/www.medellin.gov.co\/es\/wp-content\/uploads\/2026\/04\/Alejandro-Restrepo-Montoya-4.jpg 1280w, https:\/\/www.medellin.gov.co\/es\/wp-content\/uploads\/2026\/04\/Alejandro-Restrepo-Montoya-4-300x225.jpg 300w, https:\/\/www.medellin.gov.co\/es\/wp-content\/uploads\/2026\/04\/Alejandro-Restrepo-Montoya-4-1024x768.jpg 1024w, https:\/\/www.medellin.gov.co\/es\/wp-content\/uploads\/2026\/04\/Alejandro-Restrepo-Montoya-4-150x113.jpg 150w, https:\/\/www.medellin.gov.co\/es\/wp-content\/uploads\/2026\/04\/Alejandro-Restrepo-Montoya-4-768x576.jpg 768w\" sizes=\"(max-width: 1280px) 100vw, 1280px\" \/>                  <\/a>\n                    <h3 class=\"titulog_dr\"><a id=\"\" href=\"https:\/\/www.medellin.gov.co\/es\/sala-de-prensa\/noticias\/los-suenos-de-un-arquitecto-que-estan-transformando-a-medellin\/\">Los sue\u00f1os de un arquitecto que est\u00e1n transformando a Medell\u00edn ...<\/a><\/h3>\n                    <span class=\"pertenece_a\">Contenido asociado a<\/span>\n                    <div class=\"listado_vim\">\n                    <ul><li><ion-icon name=\"radio-button-on-outline\"><\/ion-icon><a href=\"https:\/\/www.medellin.gov.co\/es\/temas-de-ciudad\/educacion\/\" rel=\"tag\">Educaci\u00f3n<\/a><\/li><\/ul>                    <\/div>\n                    <p>\n                    Alejandro Restrepo Montoya, arquitecto con reconocimiento internacional, patentes de innovaci\u00f3n y experiencia en...                    <\/p>\n                    <div class=\"zocalo_grid_\">\n                    <a id=\"\" href=\"https:\/\/www.medellin.gov.co\/es\/sala-de-prensa\/noticias\/los-suenos-de-un-arquitecto-que-estan-transformando-a-medellin\/\">Contin\u00faa leyendo<\/a>\n                    <\/div>\n                  <\/div>\n                                    <div class=\"grid\">\n                    <a href=\"https:\/\/www.medellin.gov.co\/es\/sala-de-prensa\/noticias\/en-medellin-mientras-prestan-servicio-militar-soldados-de-la-cuarta-brigada-del-ejercito-se-graduan-de-bachilleres\/\">\n                    <img width=\"1280\" height=\"720\" src=\"https:\/\/www.medellin.gov.co\/es\/wp-content\/uploads\/2026\/04\/Imagen-soldados-de-la-Cuarta-Brigada-del-Ejercito-se-graduan-de-bachilleres-PRINCIPAL.jpg\" class=\"attachment- size- wp-post-image\" alt=\"Imagen soldados de la Cuarta Brigada del Ej\u00e9rcito se grad\u00faan de bachilleres PRINCIPAL\" loading=\"lazy\" srcset=\"https:\/\/www.medellin.gov.co\/es\/wp-content\/uploads\/2026\/04\/Imagen-soldados-de-la-Cuarta-Brigada-del-Ejercito-se-graduan-de-bachilleres-PRINCIPAL.jpg 1280w, https:\/\/www.medellin.gov.co\/es\/wp-content\/uploads\/2026\/04\/Imagen-soldados-de-la-Cuarta-Brigada-del-Ejercito-se-graduan-de-bachilleres-PRINCIPAL-300x169.jpg 300w, https:\/\/www.medellin.gov.co\/es\/wp-content\/uploads\/2026\/04\/Imagen-soldados-de-la-Cuarta-Brigada-del-Ejercito-se-graduan-de-bachilleres-PRINCIPAL-1024x576.jpg 1024w, https:\/\/www.medellin.gov.co\/es\/wp-content\/uploads\/2026\/04\/Imagen-soldados-de-la-Cuarta-Brigada-del-Ejercito-se-graduan-de-bachilleres-PRINCIPAL-150x84.jpg 150w, https:\/\/www.medellin.gov.co\/es\/wp-content\/uploads\/2026\/04\/Imagen-soldados-de-la-Cuarta-Brigada-del-Ejercito-se-graduan-de-bachilleres-PRINCIPAL-768x432.jpg 768w\" sizes=\"(max-width: 1280px) 100vw, 1280px\" \/>                  <\/a>\n                    <h3 class=\"titulog_dr\"><a id=\"\" href=\"https:\/\/www.medellin.gov.co\/es\/sala-de-prensa\/noticias\/en-medellin-mientras-prestan-servicio-militar-soldados-de-la-cuarta-brigada-del-ejercito-se-graduan-de-bachilleres\/\">En Medell\u00edn, mientras prestan servicio militar, soldados de la Cuarta ...<\/a><\/h3>\n                    <span class=\"pertenece_a\">Contenido asociado a<\/span>\n                    <div class=\"listado_vim\">\n                    <ul><li><ion-icon name=\"radio-button-on-outline\"><\/ion-icon><a href=\"https:\/\/www.medellin.gov.co\/es\/temas-de-ciudad\/educacion\/\" rel=\"tag\">Educaci\u00f3n<\/a><\/li><\/ul>                    <\/div>\n                    <p>\n                    Gracias al trabajo conjunto entre la Alcald\u00eda de Medell\u00edn, la Cuarta Brigada del...                    <\/p>\n                    <div class=\"zocalo_grid_\">\n                    <a id=\"\" href=\"https:\/\/www.medellin.gov.co\/es\/sala-de-prensa\/noticias\/en-medellin-mientras-prestan-servicio-militar-soldados-de-la-cuarta-brigada-del-ejercito-se-graduan-de-bachilleres\/\">Contin\u00faa leyendo<\/a>\n                    <\/div>\n                  <\/div>\n                  \n                  <\/div>\n                <\/div>\n          <\/div>\n        \t\t<\/div>\n\t\t\t\t<\/div>\n\t\t<\/div><div class=\"elementor-element elementor-element-44c0e8a4 e-container--column e-container\" data-id=\"44c0e8a4\" data-element_type=\"container\">\t\t\t\t<div class=\"elementor-element elementor-element-5d50ad55 elementor-widget elementor-widget-heading\" data-id=\"5d50ad55\" data-element_type=\"widget\" data-widget_type=\"heading.default\">\n\t\t\t\t<div class=\"elementor-widget-container\">\n\t\t\t<h2 class=\"elementor-heading-title elementor-size-default\"><b>Comunicaci\u00f3n <\/b>para la movilizaci\u00f3n<\/h2>\t\t<\/div>\n\t\t\t\t<\/div>\n\t\t<\/div><div class=\"elementor-element elementor-element-4ad01a20 e-container--row e-container\" data-id=\"4ad01a20\" data-element_type=\"container\">\t\t<div class=\"elementor-element elementor-element-40bdd459 e-container--column e-container\" data-id=\"40bdd459\" data-element_type=\"container\">\t\t<div class=\"elementor-element elementor-element-2efa9d5f e-container--column e-container\" data-id=\"2efa9d5f\" data-element_type=\"container\">\t\t\t\t<div class=\"elementor-element elementor-element-1e7344cc elementor-widget elementor-widget-image\" data-id=\"1e7344cc\" data-element_type=\"widget\" data-widget_type=\"image.default\">\n\t\t\t\t<div class=\"elementor-widget-container\">\n\t\t\t\t\t\t\t\t<div class=\"elementor-image\">\n\t\t\t\t\t\t\t\t\t\t\t\t<img width=\"1024\" height=\"706\" src=\"https:\/\/www.medellin.gov.co\/es\/wp-content\/uploads\/2022\/11\/premio-periodismo-1-1024x706.jpg\" class=\"attachment-large size-large\" alt=\"Premio de Periodismo Alcald\u00eda\" loading=\"lazy\" srcset=\"https:\/\/www.medellin.gov.co\/es\/wp-content\/uploads\/2022\/11\/premio-periodismo-1-1024x706.jpg 1024w, https:\/\/www.medellin.gov.co\/es\/wp-content\/uploads\/2022\/11\/premio-periodismo-1-300x207.jpg 300w, https:\/\/www.medellin.gov.co\/es\/wp-content\/uploads\/2022\/11\/premio-periodismo-1-150x103.jpg 150w, https:\/\/www.medellin.gov.co\/es\/wp-content\/uploads\/2022\/11\/premio-periodismo-1-768x529.jpg 768w, https:\/\/www.medellin.gov.co\/es\/wp-content\/uploads\/2022\/11\/premio-periodismo-1.jpg 1280w\" sizes=\"(max-width: 1024px) 100vw, 1024px\" \/>\t\t\t\t\t\t\t\t\t\t\t\t\t\t<\/div>\n\t\t\t\t\t\t<\/div>\n\t\t\t\t<\/div>\n\t\t<\/div><div class=\"elementor-element elementor-element-4e698507 e-container--column e-container\" data-id=\"4e698507\" data-element_type=\"container\">\t\t\t\t<div class=\"elementor-element elementor-element-5f1d0a50 elementor-widget elementor-widget-text-editor\" data-id=\"5f1d0a50\" data-element_type=\"widget\" data-widget_type=\"text-editor.default\">\n\t\t\t\t<div class=\"elementor-widget-container\">\n\t\t\t\t\t\t\t\t<div class=\"elementor-text-editor elementor-clearfix\">\n\t\t\t\t<p>Somos el equipo que, al interior de la Secretar\u00eda de Comunicaciones, trasciende los procesos de informaci\u00f3n y divulgaci\u00f3n, gracias al conocimiento y presencia constante en las diferentes comunas y corregimientos, teniendo la capacidad de conceptualizar, planear, ejecutar y acompa\u00f1ar el desarrollo de estrategias de comunicaci\u00f3n para la movilizaci\u00f3n y diferentes acciones que promuevan la participaci\u00f3n de los ciudadanos en los programas de las secretar\u00edas.<\/p>\t\t\t\t\t<\/div>\n\t\t\t\t\t\t<\/div>\n\t\t\t\t<\/div>\n\t\t\t\t<div class=\"elementor-element elementor-element-5cb28207 elementor-widget elementor-widget-button\" data-id=\"5cb28207\" data-element_type=\"widget\" data-widget_type=\"button.default\">\n\t\t\t\t<div class=\"elementor-widget-container\">\n\t\t\t\t\t<div class=\"elementor-button-wrapper\">\n\t\t\t<a href=\"https:\/\/www.medellin.gov.co\/es\/secretaria-de-comunicaciones\/comunicacion-para-la-movilizacion\/\" class=\"elementor-button-link elementor-button elementor-size-sm\" role=\"button\">\n\t\t\t\t\t\t<span class=\"elementor-button-content-wrapper\">\n\t\t\t\t\t\t<span class=\"elementor-button-text\">Conoce m\u00e1s de movilizaci\u00f3n<\/span>\n\t\t<\/span>\n\t\t\t\t\t<\/a>\n\t\t<\/div>\n\t\t\t\t<\/div>\n\t\t\t\t<\/div>\n\t\t<\/div><\/div><\/div><div class=\"elementor-element elementor-element-7cba960e e-container--column e-container\" data-id=\"7cba960e\" data-element_type=\"container\">\t\t\t\t<div class=\"elementor-element elementor-element-7828f5a3 elementor-widget elementor-widget-heading\" data-id=\"7828f5a3\" data-element_type=\"widget\" data-widget_type=\"heading.default\">\n\t\t\t\t<div class=\"elementor-widget-container\">\n\t\t\t<h2 class=\"elementor-heading-title elementor-size-default\"><b>Medell\u00edn <\/b>en historias<\/h2>\t\t<\/div>\n\t\t\t\t<\/div>\n\t\t<\/div><div class=\"elementor-element elementor-element-268aedaf e-container--column e-container\" data-id=\"268aedaf\" data-element_type=\"container\">\t\t\t\t<div class=\"elementor-element elementor-element-7aeba92a elementor-widget elementor-widget-noticias\" data-id=\"7aeba92a\" data-element_type=\"widget\" data-widget_type=\"noticias.default\">\n\t\t\t\t<div class=\"elementor-widget-container\">\n\t\t\t          <div class=\"mod_news_inicio_\">\n                <div class=\"grid_nes_hom_\">\n                                  <div class=\"grid_1\">\n                    <h3 class=\"titulog_1dr\"><a id=\"\" href=\"https:\/\/www.medellin.gov.co\/es\/sala-de-prensa\/noticias\/cuidar-escuchar-y-sostener-asi-es-ser-doula-en-buen-comienzo-medellin\/\">Cuidar, escuchar y sostener: as\u00ed es ser doula en Buen ...<\/a><\/h3>\n                    <span class=\"pertenece_a\">Contenido asociado a<\/span>\n                    <div class=\"listado_vim\">\n                          <ul><li><ion-icon name=\"radio-button-on-outline\"><\/ion-icon><a href=\"https:\/\/www.medellin.gov.co\/es\/temas-de-ciudad\/educacion\/\" rel=\"tag\">Educaci\u00f3n<\/a><\/li><li><ion-icon name=\"radio-button-on-outline\"><\/ion-icon><a href=\"https:\/\/www.medellin.gov.co\/es\/temas-de-ciudad\/medellin-te-quiere-saludable\/\" rel=\"tag\">Medell\u00edn te quiere saludable<\/a><\/li><li><ion-icon name=\"radio-button-on-outline\"><\/ion-icon><a href=\"https:\/\/www.medellin.gov.co\/es\/temas-de-ciudad\/ninas-ninos-adolescentes\/\" rel=\"tag\">Ni\u00f1as - Ni\u00f1os - Adolescentes<\/a><\/li><\/ul>                    <\/div>\n                    <a id=\"\" href=\"https:\/\/www.medellin.gov.co\/es\/sala-de-prensa\/noticias\/cuidar-escuchar-y-sostener-asi-es-ser-doula-en-buen-comienzo-medellin\/\">\n                          <img width=\"960\" height=\"720\" src=\"https:\/\/www.medellin.gov.co\/es\/wp-content\/uploads\/2026\/04\/Imagen-asi-es-ser-doula-en-Buen-Comienzo-8.jpg\" class=\"attachment- size- wp-post-image\" alt=\"Imagen as\u00ed es ser doula en Buen Comienzo (8)\" loading=\"lazy\" srcset=\"https:\/\/www.medellin.gov.co\/es\/wp-content\/uploads\/2026\/04\/Imagen-asi-es-ser-doula-en-Buen-Comienzo-8.jpg 960w, https:\/\/www.medellin.gov.co\/es\/wp-content\/uploads\/2026\/04\/Imagen-asi-es-ser-doula-en-Buen-Comienzo-8-300x225.jpg 300w, https:\/\/www.medellin.gov.co\/es\/wp-content\/uploads\/2026\/04\/Imagen-asi-es-ser-doula-en-Buen-Comienzo-8-150x113.jpg 150w, https:\/\/www.medellin.gov.co\/es\/wp-content\/uploads\/2026\/04\/Imagen-asi-es-ser-doula-en-Buen-Comienzo-8-768x576.jpg 768w\" sizes=\"(max-width: 960px) 100vw, 960px\" \/>                    <\/a>\n                    <p>\n                          Julieth Builes es doula de la modalidad familiar de Buen Comienzo y en su rol, acompa\u00f1a a gestantes y...                    <\/p>\n                    <a id=\"\" href=\"https:\/\/www.medellin.gov.co\/es\/sala-de-prensa\/noticias\/cuidar-escuchar-y-sostener-asi-es-ser-doula-en-buen-comienzo-medellin\/\" class=\"boton_vernota\">Conoce m\u00e1s<\/a>\n                    <div class=\"formatos_\">\n                                              <\/div>\n                    <!-- <small>Tipo de lectura: 1 minutos<\/small> -->\n                  <\/div>\n                \n                  <div class=\"grid_2\">\n                                    <div class=\"grid\">\n                    <a href=\"https:\/\/www.medellin.gov.co\/es\/sala-de-prensa\/noticias\/de-amor-perseverancia-y-fe-la-historia-del-agente-de-transito-de-medellin-186-y-su-hija-luciana\/\">\n                    <img width=\"1280\" height=\"853\" src=\"https:\/\/www.medellin.gov.co\/es\/wp-content\/uploads\/2026\/04\/Luciana_Agente186_1.jpg\" class=\"attachment- size- wp-post-image\" alt=\"Luciana y su padre Elkin Antonio Restrepo Campo\" loading=\"lazy\" srcset=\"https:\/\/www.medellin.gov.co\/es\/wp-content\/uploads\/2026\/04\/Luciana_Agente186_1.jpg 1280w, https:\/\/www.medellin.gov.co\/es\/wp-content\/uploads\/2026\/04\/Luciana_Agente186_1-300x200.jpg 300w, https:\/\/www.medellin.gov.co\/es\/wp-content\/uploads\/2026\/04\/Luciana_Agente186_1-1024x682.jpg 1024w, https:\/\/www.medellin.gov.co\/es\/wp-content\/uploads\/2026\/04\/Luciana_Agente186_1-150x100.jpg 150w, https:\/\/www.medellin.gov.co\/es\/wp-content\/uploads\/2026\/04\/Luciana_Agente186_1-768x512.jpg 768w\" sizes=\"(max-width: 1280px) 100vw, 1280px\" \/>                  <\/a>\n                    <h3 class=\"titulog_dr\"><a id=\"\" href=\"https:\/\/www.medellin.gov.co\/es\/sala-de-prensa\/noticias\/de-amor-perseverancia-y-fe-la-historia-del-agente-de-transito-de-medellin-186-y-su-hija-luciana\/\">De amor, perseverancia y fe: la historia del agente de ...<\/a><\/h3>\n                    <span class=\"pertenece_a\">Contenido asociado a<\/span>\n                    <div class=\"listado_vim\">\n                    <ul><li><ion-icon name=\"radio-button-on-outline\"><\/ion-icon><a href=\"https:\/\/www.medellin.gov.co\/es\/temas-de-ciudad\/movilidad\/\" rel=\"tag\">Movilidad<\/a><\/li><\/ul>                    <\/div>\n                    <p>\n                    Cuando a Luciana le diagnosticaron el s\u00edndrome Aicardi-Gouti\u00e8res tipo 5, los m\u00e9dicos le...                    <\/p>\n                    <div class=\"zocalo_grid_\">\n                    <a id=\"\" href=\"https:\/\/www.medellin.gov.co\/es\/sala-de-prensa\/noticias\/de-amor-perseverancia-y-fe-la-historia-del-agente-de-transito-de-medellin-186-y-su-hija-luciana\/\">Contin\u00faa leyendo<\/a>\n                    <\/div>\n                  <\/div>\n                                    <div class=\"grid\">\n                    <a href=\"https:\/\/www.medellin.gov.co\/es\/sala-de-prensa\/noticias\/los-suenos-de-un-arquitecto-que-estan-transformando-a-medellin\/\">\n                    <img width=\"1280\" height=\"960\" src=\"https:\/\/www.medellin.gov.co\/es\/wp-content\/uploads\/2026\/04\/Alejandro-Restrepo-Montoya-4.jpg\" class=\"attachment- size- wp-post-image\" alt=\"Alejandro Restrepo Montoya\" loading=\"lazy\" srcset=\"https:\/\/www.medellin.gov.co\/es\/wp-content\/uploads\/2026\/04\/Alejandro-Restrepo-Montoya-4.jpg 1280w, https:\/\/www.medellin.gov.co\/es\/wp-content\/uploads\/2026\/04\/Alejandro-Restrepo-Montoya-4-300x225.jpg 300w, https:\/\/www.medellin.gov.co\/es\/wp-content\/uploads\/2026\/04\/Alejandro-Restrepo-Montoya-4-1024x768.jpg 1024w, https:\/\/www.medellin.gov.co\/es\/wp-content\/uploads\/2026\/04\/Alejandro-Restrepo-Montoya-4-150x113.jpg 150w, https:\/\/www.medellin.gov.co\/es\/wp-content\/uploads\/2026\/04\/Alejandro-Restrepo-Montoya-4-768x576.jpg 768w\" sizes=\"(max-width: 1280px) 100vw, 1280px\" \/>                  <\/a>\n                    <h3 class=\"titulog_dr\"><a id=\"\" href=\"https:\/\/www.medellin.gov.co\/es\/sala-de-prensa\/noticias\/los-suenos-de-un-arquitecto-que-estan-transformando-a-medellin\/\">Los sue\u00f1os de un arquitecto que est\u00e1n transformando a Medell\u00edn ...<\/a><\/h3>\n                    <span class=\"pertenece_a\">Contenido asociado a<\/span>\n                    <div class=\"listado_vim\">\n                    <ul><li><ion-icon name=\"radio-button-on-outline\"><\/ion-icon><a href=\"https:\/\/www.medellin.gov.co\/es\/temas-de-ciudad\/educacion\/\" rel=\"tag\">Educaci\u00f3n<\/a><\/li><\/ul>                    <\/div>\n                    <p>\n                    Alejandro Restrepo Montoya, arquitecto con reconocimiento internacional, patentes de innovaci\u00f3n y experiencia en...                    <\/p>\n                    <div class=\"zocalo_grid_\">\n                    <a id=\"\" href=\"https:\/\/www.medellin.gov.co\/es\/sala-de-prensa\/noticias\/los-suenos-de-un-arquitecto-que-estan-transformando-a-medellin\/\">Contin\u00faa leyendo<\/a>\n                    <\/div>\n                  <\/div>\n                                    <div class=\"grid\">\n                    <a href=\"https:\/\/www.medellin.gov.co\/es\/sala-de-prensa\/noticias\/en-medellin-mientras-prestan-servicio-militar-soldados-de-la-cuarta-brigada-del-ejercito-se-graduan-de-bachilleres\/\">\n                    <img width=\"1280\" height=\"720\" src=\"https:\/\/www.medellin.gov.co\/es\/wp-content\/uploads\/2026\/04\/Imagen-soldados-de-la-Cuarta-Brigada-del-Ejercito-se-graduan-de-bachilleres-PRINCIPAL.jpg\" class=\"attachment- size- wp-post-image\" alt=\"Imagen soldados de la Cuarta Brigada del Ej\u00e9rcito se grad\u00faan de bachilleres PRINCIPAL\" loading=\"lazy\" srcset=\"https:\/\/www.medellin.gov.co\/es\/wp-content\/uploads\/2026\/04\/Imagen-soldados-de-la-Cuarta-Brigada-del-Ejercito-se-graduan-de-bachilleres-PRINCIPAL.jpg 1280w, https:\/\/www.medellin.gov.co\/es\/wp-content\/uploads\/2026\/04\/Imagen-soldados-de-la-Cuarta-Brigada-del-Ejercito-se-graduan-de-bachilleres-PRINCIPAL-300x169.jpg 300w, https:\/\/www.medellin.gov.co\/es\/wp-content\/uploads\/2026\/04\/Imagen-soldados-de-la-Cuarta-Brigada-del-Ejercito-se-graduan-de-bachilleres-PRINCIPAL-1024x576.jpg 1024w, https:\/\/www.medellin.gov.co\/es\/wp-content\/uploads\/2026\/04\/Imagen-soldados-de-la-Cuarta-Brigada-del-Ejercito-se-graduan-de-bachilleres-PRINCIPAL-150x84.jpg 150w, https:\/\/www.medellin.gov.co\/es\/wp-content\/uploads\/2026\/04\/Imagen-soldados-de-la-Cuarta-Brigada-del-Ejercito-se-graduan-de-bachilleres-PRINCIPAL-768x432.jpg 768w\" sizes=\"(max-width: 1280px) 100vw, 1280px\" \/>                  <\/a>\n                    <h3 class=\"titulog_dr\"><a id=\"\" href=\"https:\/\/www.medellin.gov.co\/es\/sala-de-prensa\/noticias\/en-medellin-mientras-prestan-servicio-militar-soldados-de-la-cuarta-brigada-del-ejercito-se-graduan-de-bachilleres\/\">En Medell\u00edn, mientras prestan servicio militar, soldados de la Cuarta ...<\/a><\/h3>\n                    <span class=\"pertenece_a\">Contenido asociado a<\/span>\n                    <div class=\"listado_vim\">\n                    <ul><li><ion-icon name=\"radio-button-on-outline\"><\/ion-icon><a href=\"https:\/\/www.medellin.gov.co\/es\/temas-de-ciudad\/educacion\/\" rel=\"tag\">Educaci\u00f3n<\/a><\/li><\/ul>                    <\/div>\n                    <p>\n                    Gracias al trabajo conjunto entre la Alcald\u00eda de Medell\u00edn, la Cuarta Brigada del...                    <\/p>\n                    <div class=\"zocalo_grid_\">\n                    <a id=\"\" href=\"https:\/\/www.medellin.gov.co\/es\/sala-de-prensa\/noticias\/en-medellin-mientras-prestan-servicio-militar-soldados-de-la-cuarta-brigada-del-ejercito-se-graduan-de-bachilleres\/\">Contin\u00faa leyendo<\/a>\n                    <\/div>\n                  <\/div>\n                  \n                  <\/div>\n                <\/div>\n          <\/div>\n        \t\t<\/div>\n\t\t\t\t<\/div>\n\t\t<\/div>\t\t<section class=\"elementor-section elementor-top-section elementor-element elementor-element-4a48ff3c elementor-section-full_width elementor-section-height-default elementor-section-height-default\" data-id=\"4a48ff3c\" data-element_type=\"section\" data-settings=\"{&quot;background_background&quot;:&quot;classic&quot;}\">\n\t\t\t\t\t\t<div class=\"elementor-container elementor-column-gap-default\">\n\t\t\t\t\t\t\t<div class=\"elementor-row\">\n\t\t\t\t\t<div class=\"elementor-column elementor-col-100 elementor-top-column elementor-element elementor-element-79e8da1\" data-id=\"79e8da1\" data-element_type=\"column\">\n\t\t\t<div class=\"elementor-column-wrap elementor-element-populated\">\n\t\t\t\t\t\t\t<div class=\"elementor-widget-wrap\">\n\t\t\t\t\t\t<section class=\"elementor-section elementor-inner-section elementor-element elementor-element-5fbde79d elementor-section-boxed elementor-section-height-default elementor-section-height-default\" data-id=\"5fbde79d\" data-element_type=\"section\">\n\t\t\t\t\t\t<div class=\"elementor-container elementor-column-gap-default\">\n\t\t\t\t\t\t\t<div class=\"elementor-row\">\n\t\t\t\t\t<div class=\"elementor-column elementor-col-50 elementor-inner-column elementor-element elementor-element-689b1e3d\" data-id=\"689b1e3d\" data-element_type=\"column\">\n\t\t\t<div class=\"elementor-column-wrap elementor-element-populated\">\n\t\t\t\t\t\t\t<div class=\"elementor-widget-wrap\">\n\t\t\t\t\t\t<div class=\"elementor-element elementor-element-20858f61 elementor-widget elementor-widget-text-editor\" data-id=\"20858f61\" data-element_type=\"widget\" data-widget_type=\"text-editor.default\">\n\t\t\t\t<div class=\"elementor-widget-container\">\n\t\t\t\t\t\t\t\t<div class=\"elementor-text-editor elementor-clearfix\">\n\t\t\t\t<h2><span class=\"titulo-banner-linea1\">Presupuesto<\/span><span class=\"titulo-banner-linea2\">Participativo<\/span><\/h2>\t\t\t\t\t<\/div>\n\t\t\t\t\t\t<\/div>\n\t\t\t\t<\/div>\n\t\t\t\t\t\t<\/div>\n\t\t\t\t\t<\/div>\n\t\t<\/div>\n\t\t\t\t<div class=\"elementor-column elementor-col-50 elementor-inner-column elementor-element elementor-element-61ac508a\" data-id=\"61ac508a\" data-element_type=\"column\">\n\t\t\t<div class=\"elementor-column-wrap elementor-element-populated\">\n\t\t\t\t\t\t\t<div class=\"elementor-widget-wrap\">\n\t\t\t\t\t\t<div class=\"elementor-element elementor-element-3502e3e elementor-widget elementor-widget-text-editor\" data-id=\"3502e3e\" data-element_type=\"widget\" data-widget_type=\"text-editor.default\">\n\t\t\t\t<div class=\"elementor-widget-container\">\n\t\t\t\t\t\t\t\t<div class=\"elementor-text-editor elementor-clearfix\">\n\t\t\t\t<p style=\"text-align: left;\">Descubre c\u00f3mo promovemos y fortalecemos los procesos y medios de comunicaci\u00f3n alternativos, independientes, comunitarios y ciudadanos.<\/p>\t\t\t\t\t<\/div>\n\t\t\t\t\t\t<\/div>\n\t\t\t\t<\/div>\n\t\t\t\t<div class=\"elementor-element elementor-element-2559877c elementor-tablet-align-left elementor-mobile-align-center elementor-widget elementor-widget-button\" data-id=\"2559877c\" data-element_type=\"widget\" data-widget_type=\"button.default\">\n\t\t\t\t<div class=\"elementor-widget-container\">\n\t\t\t\t\t<div class=\"elementor-button-wrapper\">\n\t\t\t<a href=\"https:\/\/www.medellin.gov.co\/es\/secretaria-de-comunicaciones\/presupuesto-participativo\/\" class=\"elementor-button-link elementor-button elementor-size-sm\" role=\"button\">\n\t\t\t\t\t\t<span class=\"elementor-button-content-wrapper\">\n\t\t\t\t\t\t<span class=\"elementor-button-text\">Conoce m\u00e1s<\/span>\n\t\t<\/span>\n\t\t\t\t\t<\/a>\n\t\t<\/div>\n\t\t\t\t<\/div>\n\t\t\t\t<\/div>\n\t\t\t\t\t\t<\/div>\n\t\t\t\t\t<\/div>\n\t\t<\/div>\n\t\t\t\t\t\t\t\t<\/div>\n\t\t\t\t\t<\/div>\n\t\t<\/section>\n\t\t\t\t\t\t<\/div>\n\t\t\t\t\t<\/div>\n\t\t<\/div>\n\t\t\t\t\t\t\t\t<\/div>\n\t\t\t\t\t<\/div>\n\t\t<\/section>\n\t\t<div class=\"elementor-element elementor-element-3054ee47 e-container--column e-container\" data-id=\"3054ee47\" data-element_type=\"container\">\t\t\t\t<div class=\"elementor-element elementor-element-2f06fbc0 elementor-widget elementor-widget-heading\" data-id=\"2f06fbc0\" data-element_type=\"widget\" data-widget_type=\"heading.default\">\n\t\t\t\t<div class=\"elementor-widget-container\">\n\t\t\t<h2 class=\"elementor-heading-title elementor-size-default\"><b>En vivo <\/b>con la Alcald\u00eda<\/h2>\t\t<\/div>\n\t\t\t\t<\/div>\n\t\t<\/div>\t\t<section class=\"elementor-section elementor-top-section elementor-element elementor-element-36a36eb8 elementor-section-boxed elementor-section-height-default elementor-section-height-default\" data-id=\"36a36eb8\" data-element_type=\"section\">\n\t\t\t\t\t\t<div class=\"elementor-container elementor-column-gap-default\">\n\t\t\t\t\t\t\t<div class=\"elementor-row\">\n\t\t\t\t\t<div class=\"elementor-column elementor-col-100 elementor-top-column elementor-element elementor-element-17b3d3c3\" data-id=\"17b3d3c3\" data-element_type=\"column\">\n\t\t\t<div class=\"elementor-column-wrap elementor-element-populated\">\n\t\t\t\t\t\t\t<div class=\"elementor-widget-wrap\">\n\t\t\t\t\t\t<div class=\"elementor-element elementor-element-f48e42a elementor-widget elementor-widget-en_vivo\" data-id=\"f48e42a\" data-element_type=\"widget\" data-widget_type=\"en_vivo.default\">\n\t\t\t\t<div class=\"elementor-widget-container\">\n\t\t\t            <div class=\"medellin_conecta separado30_\" id=\"envivo\">\n                <ul class=\"nav nav-pills\">\n                                            <li class=\"nav-item\">\n                            <a class=\"active\"\n                            data-toggle=\"pill\" href=\"#tab486195\"\n                            >\n                                Rendici\u00f3n de Cuentas 2026                            <\/a>\n                        <\/li>\n                                            <li class=\"nav-item\">\n                            <a class=\"\"\n                            data-toggle=\"pill\" href=\"#tab108053\"\n                            >\n                                C\u00f3mo registrarse en el portal                            <\/a>\n                        <\/li>\n                                            <li class=\"nav-item\">\n                            <a class=\"\"\n                            data-toggle=\"pill\" href=\"#tab92014\"\n                            >\n                                C\u00f3mo pagar impuestos                            <\/a>\n                        <\/li>\n                                    <\/ul>\n\n                <!-- Tab content -->\n                <div class=\"tab-content\">\n                                            <div id=\"tab486195\"\n                            class=\"tab-pane active\"\n                        >\n                            <div class=\"text_video_tv\">\n                                <div class=\"grid_\">\n                                    <div class=\"video_live\">\n                                        <div class=\"iframe-container\"><iframe width=\"560\" height=\"315\" src=\"https:\/\/www.youtube.com\/embed\/5-iQyO6xteg?si=O-FbfINVtArLgVNS\" title=\"YouTube video player\" frameborder=\"0\" allow=\"accelerometer; autoplay; clipboard-write; encrypted-media; gyroscope; picture-in-picture; web-share\" referrerpolicy=\"strict-origin-when-cross-origin\" allowfullscreen><\/iframe><\/div>                                    <\/div>\n                                <\/div>\n                                <div class=\"grid_\">\n                                    <span class=\"titulito_mod_\">Rendici\u00f3n de Cuentas 2026 | Medell\u00edn a otro nivel<\/span>\n                                    <h3 class=\"titulo_live_\">Rendici\u00f3n de Cuentas 2026<\/h3>\n                                    <p>El el alcalde de Medell\u00edn, Federico Guti\u00e9rrez presenta su rendici\u00f3n de cuentas a la ciudadan\u00eda de 2026.<\/p>\n                                <\/div>\n                            <\/div>\n                        <\/div>\n                                            <div id=\"tab108053\"\n                            class=\"tab-pane \"\n                        >\n                            <div class=\"text_video_tv\">\n                                <div class=\"grid_\">\n                                    <div class=\"video_live\">\n                                        <div class=\"iframe-container\"><iframe width=\"100%\" height=\"315\" src=\"https:\/\/www.youtube.com\/embed\/gjdg9OwChNA\" title=\"YouTube video player\" frameborder=\"0\" allow=\"accelerometer; autoplay; clipboard-write; encrypted-media; gyroscope; picture-in-picture\" allowfullscreen><\/iframe><\/div>                                    <\/div>\n                                <\/div>\n                                <div class=\"grid_\">\n                                    <span class=\"titulito_mod_\">Te ense\u00f1amos c\u00f3mo registrarte en el portal de la Alcald\u00eda de Medell\u00edn<\/span>\n                                    <h3 class=\"titulo_live_\">C\u00f3mo registrarse en el portal<\/h3>\n                                    <p>Te ense\u00f1amos c\u00f3mo registrarte en el portal de la Alcald\u00eda de Medell\u00edn www.medellin.gov.co. All\u00ed podr\u00e1s realizar muchos tr\u00e1mites y servicios en l\u00ednea, lo que te evitar\u00e1 filas y desplazamientos.<\/p>\n                                <\/div>\n                            <\/div>\n                        <\/div>\n                                            <div id=\"tab92014\"\n                            class=\"tab-pane \"\n                        >\n                            <div class=\"text_video_tv\">\n                                <div class=\"grid_\">\n                                    <div class=\"video_live\">\n                                        <div class=\"iframe-container\"><iframe width=\"100%\" height=\"315\" src=\"https:\/\/www.youtube.com\/embed\/hIzAyGy0TCU\" title=\"YouTube video player\" frameborder=\"0\" allow=\"accelerometer; autoplay; clipboard-write; encrypted-media; gyroscope; picture-in-picture\" allowfullscreen><\/iframe><\/div>                                    <\/div>\n                                <\/div>\n                                <div class=\"grid_\">\n                                    <span class=\"titulito_mod_\">Te ense\u00f1amos a pagar tus impuestos de manera f\u00e1cil y r\u00e1pida<\/span>\n                                    <h3 class=\"titulo_live_\">C\u00f3mo pagar impuestos<\/h3>\n                                    <p>Realiza el pago de tus impuestos no vencidos, selecciona y paga f\u00e1cil.<\/p>\n                                <\/div>\n                            <\/div>\n                        <\/div>\n                                    <\/div>\n            <\/div>\n        \t\t<\/div>\n\t\t\t\t<\/div>\n\t\t\t\t\t\t<\/div>\n\t\t\t\t\t<\/div>\n\t\t<\/div>\n\t\t\t\t\t\t\t\t<\/div>\n\t\t\t\t\t<\/div>\n\t\t<\/section>\n\t\t\t\t<section class=\"elementor-section elementor-top-section elementor-element elementor-element-6218d4bb elementor-section-boxed elementor-section-height-default elementor-section-height-default\" data-id=\"6218d4bb\" data-element_type=\"section\">\n\t\t\t\t\t\t<div class=\"elementor-container elementor-column-gap-default\">\n\t\t\t\t\t\t\t<div class=\"elementor-row\">\n\t\t\t\t\t<div class=\"elementor-column elementor-col-100 elementor-top-column elementor-element elementor-element-2321fca4\" data-id=\"2321fca4\" data-element_type=\"column\">\n\t\t\t<div class=\"elementor-column-wrap elementor-element-populated\">\n\t\t\t\t\t\t\t<div class=\"elementor-widget-wrap\">\n\t\t\t\t<div class=\"elementor-element elementor-element-8c7299b e-container--column e-container\" data-id=\"8c7299b\" data-element_type=\"container\">\t\t\t\t<div class=\"elementor-element elementor-element-1eaa6e03 elementor-widget elementor-widget-titulo-con-link\" data-id=\"1eaa6e03\" data-element_type=\"widget\" data-widget_type=\"titulo-con-link.default\">\n\t\t\t\t<div class=\"elementor-widget-container\">\n\t\t\t        <div class=\"heading-container\">\n            <div class=\"heading-title\">\n                <h2 class=\"elementor-heading-title elementor-size-default\"><b>Convocatorias y eventos<\/b> de la Secretar\u00eda de Comunicaciones<\/h2>            <\/div>\n            <div class=\"heading-links\">\n                <ul>\n                                            <li>\n                            <a href=\"https:\/\/www.medellin.gov.co\/es\/resultados-eventos\/?_sft_category=secretaria-de-comunicaciones\">\n                                                                 Ver todos los eventos                            <\/a>\n                        <\/li>\n                                    <\/ul>\n            <\/div>\n        <\/div>\n        \t\t<\/div>\n\t\t\t\t<\/div>\n\t\t\t\t<div class=\"elementor-element elementor-element-4910ca57 elementor-widget elementor-widget-eventos-convocatorias\" data-id=\"4910ca57\" data-element_type=\"widget\" data-widget_type=\"eventos-convocatorias.default\">\n\t\t\t\t<div class=\"elementor-widget-container\">\n\t\t\t        <div class=\"eventos_grid_proximos\">\n            <div class=\"centradototal_\">\n                <div class=\"grid_ despliegue_principal\">\n                                            Muy pronto encontrar\u00e1 eventos de su inter\u00e9s en esta secci\u00f3n.                                    <\/div>\n            <\/div>\n        <\/div>\n        \t\t<\/div>\n\t\t\t\t<\/div>\n\t\t<\/div>\t\t\t\t<\/div>\n\t\t\t\t\t<\/div>\n\t\t<\/div>\n\t\t\t\t\t\t\t\t<\/div>\n\t\t\t\t\t<\/div>\n\t\t<\/section>\n\t\t\t\t\t\t\t\t\t<\/div>\n\t\t\t<\/div>\n\t\t\t\t\t<\/div>\n\t\t","protected":false},"excerpt":{"rendered":"<p>Funci\u00f3n de la secretar\u00eda Composici\u00f3n de la secretar\u00eda Conoce m\u00e1s Conoce m\u00e1s Noticias destacadas de la Secretar\u00eda de Comunicaciones Con Las Chispas de varias generaciones, los Pati\u00f1o Atehort\u00faa potencian la cultura silletera desde el &#8230; &#8230;<\/p>\n","protected":false},"author":1,"featured_media":20105,"parent":0,"menu_order":120,"comment_status":"closed","ping_status":"closed","template":"","meta":[],"acf":[],"_links":{"self":[{"href":"https:\/\/www.medellin.gov.co\/es\/wp-json\/wp\/v2\/pages\/20158"}],"collection":[{"href":"https:\/\/www.medellin.gov.co\/es\/wp-json\/wp\/v2\/pages"}],"about":[{"href":"https:\/\/www.medellin.gov.co\/es\/wp-json\/wp\/v2\/types\/page"}],"author":[{"embeddable":true,"href":"https:\/\/www.medellin.gov.co\/es\/wp-json\/wp\/v2\/users\/1"}],"replies":[{"embeddable":true,"href":"https:\/\/www.medellin.gov.co\/es\/wp-json\/wp\/v2\/comments?post=20158"}],"version-history":[{"count":11,"href":"https:\/\/www.medellin.gov.co\/es\/wp-json\/wp\/v2\/pages\/20158\/revisions"}],"predecessor-version":[{"id":402931,"href":"https:\/\/www.medellin.gov.co\/es\/wp-json\/wp\/v2\/pages\/20158\/revisions\/402931"}],"wp:featuredmedia":[{"embeddable":true,"href":"https:\/\/www.medellin.gov.co\/es\/wp-json\/wp\/v2\/media\/20105"}],"wp:attachment":[{"href":"https:\/\/www.medellin.gov.co\/es\/wp-json\/wp\/v2\/media?parent=20158"}],"curies":[{"name":"wp","href":"https:\/\/api.w.org\/{rel}","templated":true}]}}