{"id":20202,"date":"2021-10-02T16:04:49","date_gmt":"2021-10-02T21:04:49","guid":{"rendered":"https:\/\/www.medellin.gov.co\/es\/?page_id=20202"},"modified":"2026-04-26T18:40:51","modified_gmt":"2026-04-26T23:40:51","slug":"que-hacemos","status":"publish","type":"page","link":"https:\/\/www.medellin.gov.co\/es\/secretaria-de-evaluacion-y-control\/que-hacemos\/","title":{"rendered":"Funciones y composici\u00f3n de la Secretar\u00eda de Evaluaci\u00f3n y Control de Medell\u00edn"},"content":{"rendered":"\t\t<div data-elementor-type=\"wp-page\" data-elementor-id=\"20202\" class=\"elementor elementor-20202\">\n\t\t\t\t\t\t<div class=\"elementor-inner\">\n\t\t\t\t<div class=\"elementor-section-wrap\">\n\t\t\t\t\t\t\t<div class=\"elementor-element elementor-element-21a1b8b e-container--column e-container\" data-id=\"21a1b8b\" data-element_type=\"container\">\t\t\t\t<div class=\"elementor-element elementor-element-e77cc07 elementor-widget elementor-widget-spacer\" data-id=\"e77cc07\" data-element_type=\"widget\" data-widget_type=\"spacer.default\">\n\t\t\t\t<div class=\"elementor-widget-container\">\n\t\t\t\t\t<div class=\"elementor-spacer\">\n\t\t\t<div class=\"elementor-spacer-inner\"><\/div>\n\t\t<\/div>\n\t\t\t\t<\/div>\n\t\t\t\t<\/div>\n\t\t<\/div><div class=\"elementor-element elementor-element-15860ca e-container--column e-container\" data-id=\"15860ca\" data-element_type=\"container\">\t\t\t\t<div class=\"elementor-element elementor-element-3cbd140 elementor-widget elementor-widget-image\" data-id=\"3cbd140\" data-element_type=\"widget\" data-widget_type=\"image.default\">\n\t\t\t\t<div class=\"elementor-widget-container\">\n\t\t\t\t\t\t\t\t<div class=\"elementor-image\">\n\t\t\t\t\t\t\t\t\t\t\t\t<img width=\"1280\" height=\"393\" src=\"https:\/\/www.medellin.gov.co\/es\/wp-content\/uploads\/2026\/04\/Perfil-Secretario.jpg\" class=\"attachment-full size-full\" alt=\"\" loading=\"lazy\" srcset=\"https:\/\/www.medellin.gov.co\/es\/wp-content\/uploads\/2026\/04\/Perfil-Secretario.jpg 1280w, https:\/\/www.medellin.gov.co\/es\/wp-content\/uploads\/2026\/04\/Perfil-Secretario-300x92.jpg 300w, https:\/\/www.medellin.gov.co\/es\/wp-content\/uploads\/2026\/04\/Perfil-Secretario-1024x314.jpg 1024w, https:\/\/www.medellin.gov.co\/es\/wp-content\/uploads\/2026\/04\/Perfil-Secretario-150x46.jpg 150w, https:\/\/www.medellin.gov.co\/es\/wp-content\/uploads\/2026\/04\/Perfil-Secretario-768x236.jpg 768w\" sizes=\"(max-width: 1280px) 100vw, 1280px\" \/>\t\t\t\t\t\t\t\t\t\t\t\t\t\t<\/div>\n\t\t\t\t\t\t<\/div>\n\t\t\t\t<\/div>\n\t\t<\/div><div class=\"elementor-element elementor-element-3839190 e-container--column e-container\" data-id=\"3839190\" data-element_type=\"container\">\t\t\t\t<div class=\"elementor-element elementor-element-aae33e2 elementor-widget elementor-widget-spacer\" data-id=\"aae33e2\" data-element_type=\"widget\" data-widget_type=\"spacer.default\">\n\t\t\t\t<div class=\"elementor-widget-container\">\n\t\t\t\t\t<div class=\"elementor-spacer\">\n\t\t\t<div class=\"elementor-spacer-inner\"><\/div>\n\t\t<\/div>\n\t\t\t\t<\/div>\n\t\t\t\t<\/div>\n\t\t\t\t<div class=\"elementor-element elementor-element-0a9b247 elementor-widget elementor-widget-heading\" data-id=\"0a9b247\" data-element_type=\"widget\" data-widget_type=\"heading.default\">\n\t\t\t\t<div class=\"elementor-widget-container\">\n\t\t\t<h2 class=\"elementor-heading-title elementor-size-default\">\u00bf<b>Qu\u00e9 hace<\/b> la Secretar\u00eda de Evaluaci\u00f3n y Control?<\/h2>\t\t<\/div>\n\t\t\t\t<\/div>\n\t\t<\/div><div class=\"elementor-element elementor-element-a19baa5 e-container--row e-container\" data-id=\"a19baa5\" data-element_type=\"container\">\t\t<div class=\"elementor-element elementor-element-8ca3c65 e-container--column e-container\" data-id=\"8ca3c65\" data-element_type=\"container\">\t\t\t\t<div class=\"elementor-element elementor-element-9f0b58a elementor-widget elementor-widget-spacer\" data-id=\"9f0b58a\" data-element_type=\"widget\" data-widget_type=\"spacer.default\">\n\t\t\t\t<div class=\"elementor-widget-container\">\n\t\t\t\t\t<div class=\"elementor-spacer\">\n\t\t\t<div class=\"elementor-spacer-inner\"><\/div>\n\t\t<\/div>\n\t\t\t\t<\/div>\n\t\t\t\t<\/div>\n\t\t\t\t<div class=\"elementor-element elementor-element-ddc1e31 elementor-widget elementor-widget-text-editor\" data-id=\"ddc1e31\" data-element_type=\"widget\" data-widget_type=\"text-editor.default\">\n\t\t\t\t<div class=\"elementor-widget-container\">\n\t\t\t\t\t\t\t\t<div class=\"elementor-text-editor elementor-clearfix\">\n\t\t\t\t<p>Es una dependencia adscrita al Despacho del Alcalde que tiene como responsabilidad medir y evaluar la eficiencia, eficacia y econom\u00eda de los controles establecidos en la Administraci\u00f3n Distrital a nivel central y descentralizado, asesorando a la Alta Direcci\u00f3n en la continuidad del proceso administrativo a trav\u00e9s de la evaluaci\u00f3n independiente y asegurando la reevaluaci\u00f3n de los planes establecidos y la introducci\u00f3n de los correctivos necesarios para el cumplimiento de las metas u objetivos previstos en el Distrito de Medell\u00edn.<\/p>\t\t\t\t\t<\/div>\n\t\t\t\t\t\t<\/div>\n\t\t\t\t<\/div>\n\t\t<\/div><div class=\"elementor-element elementor-element-602b06f e-container--column e-container\" data-id=\"602b06f\" data-element_type=\"container\">\t\t\t\t<div class=\"elementor-element elementor-element-b15fb62 elementor-widget elementor-widget-spacer\" data-id=\"b15fb62\" data-element_type=\"widget\" data-widget_type=\"spacer.default\">\n\t\t\t\t<div class=\"elementor-widget-container\">\n\t\t\t\t\t<div class=\"elementor-spacer\">\n\t\t\t<div class=\"elementor-spacer-inner\"><\/div>\n\t\t<\/div>\n\t\t\t\t<\/div>\n\t\t\t\t<\/div>\n\t\t\t\t<div class=\"elementor-element elementor-element-5fc541e elementor-widget elementor-widget-text-editor\" data-id=\"5fc541e\" data-element_type=\"widget\" data-widget_type=\"text-editor.default\">\n\t\t\t\t<div class=\"elementor-widget-container\">\n\t\t\t\t\t\t\t\t<div class=\"elementor-text-editor elementor-clearfix\">\n\t\t\t\t<p><strong>La auditor\u00eda interna de la Alcald\u00eda de Medell\u00edn es una actividad independiente y objetiva de aseguramiento y consulta, concebida para agregar valor y mejorar las operaciones de la entidad.<\/strong><\/p><p>Ayuda al Distrito a cumplir sus objetivos aportando un enfoque sistem\u00e1tico y disciplinado para evaluar y mejorar la eficacia de los procesos de gesti\u00f3n de riesgos, controles y gobierno, por medio de servicios de aseguramiento y consultor\u00eda.<\/p>\t\t\t\t\t<\/div>\n\t\t\t\t\t\t<\/div>\n\t\t\t\t<\/div>\n\t\t<\/div><\/div><div class=\"elementor-element elementor-element-bb5c642 e-container--column e-container\" data-id=\"bb5c642\" data-element_type=\"container\">\t\t\t\t<div class=\"elementor-element elementor-element-84b8710 elementor-widget elementor-widget-spacer\" data-id=\"84b8710\" data-element_type=\"widget\" data-widget_type=\"spacer.default\">\n\t\t\t\t<div class=\"elementor-widget-container\">\n\t\t\t\t\t<div class=\"elementor-spacer\">\n\t\t\t<div class=\"elementor-spacer-inner\"><\/div>\n\t\t<\/div>\n\t\t\t\t<\/div>\n\t\t\t\t<\/div>\n\t\t<\/div><div class=\"elementor-element elementor-element-34640fa e-container--column e-container\" data-id=\"34640fa\" data-element_type=\"container\">\t\t\t\t<div class=\"elementor-element elementor-element-060ab26 elementor-widget elementor-widget-spacer\" data-id=\"060ab26\" data-element_type=\"widget\" data-widget_type=\"spacer.default\">\n\t\t\t\t<div class=\"elementor-widget-container\">\n\t\t\t\t\t<div class=\"elementor-spacer\">\n\t\t\t<div class=\"elementor-spacer-inner\"><\/div>\n\t\t<\/div>\n\t\t\t\t<\/div>\n\t\t\t\t<\/div>\n\t\t\t\t<div class=\"elementor-element elementor-element-0e31fbe elementor-widget elementor-widget-heading\" data-id=\"0e31fbe\" data-element_type=\"widget\" data-widget_type=\"heading.default\">\n\t\t\t\t<div class=\"elementor-widget-container\">\n\t\t\t<h2 class=\"elementor-heading-title elementor-size-default\">\n<b>Nuestra historia,<\/b> as\u00ed hemos evolucionado<\/h2>\t\t<\/div>\n\t\t\t\t<\/div>\n\t\t<\/div><div class=\"elementor-element elementor-element-2064de8 e-container--column e-container\" data-id=\"2064de8\" data-element_type=\"container\">\t\t\t\t<div class=\"elementor-element elementor-element-8949045 elementor-widget elementor-widget-spacer\" data-id=\"8949045\" data-element_type=\"widget\" data-widget_type=\"spacer.default\">\n\t\t\t\t<div class=\"elementor-widget-container\">\n\t\t\t\t\t<div class=\"elementor-spacer\">\n\t\t\t<div class=\"elementor-spacer-inner\"><\/div>\n\t\t<\/div>\n\t\t\t\t<\/div>\n\t\t\t\t<\/div>\n\t\t\t\t<div class=\"elementor-element elementor-element-ad2b650 elementor-skin-carousel elementor-arrows-yes elementor-pagination-type-bullets elementor-pagination-position-outside elementor-widget elementor-widget-media-carousel\" data-id=\"ad2b650\" data-element_type=\"widget\" data-settings=\"{&quot;skin&quot;:&quot;carousel&quot;,&quot;effect&quot;:&quot;slide&quot;,&quot;show_arrows&quot;:&quot;yes&quot;,&quot;pagination&quot;:&quot;bullets&quot;,&quot;speed&quot;:500,&quot;autoplay&quot;:&quot;yes&quot;,&quot;autoplay_speed&quot;:5000,&quot;loop&quot;:&quot;yes&quot;,&quot;pause_on_hover&quot;:&quot;yes&quot;,&quot;pause_on_interaction&quot;:&quot;yes&quot;,&quot;space_between&quot;:{&quot;unit&quot;:&quot;px&quot;,&quot;size&quot;:10,&quot;sizes&quot;:[]},&quot;space_between_tablet&quot;:{&quot;unit&quot;:&quot;px&quot;,&quot;size&quot;:10,&quot;sizes&quot;:[]},&quot;space_between_mobile&quot;:{&quot;unit&quot;:&quot;px&quot;,&quot;size&quot;:10,&quot;sizes&quot;:[]}}\" data-widget_type=\"media-carousel.default\">\n\t\t\t\t<div class=\"elementor-widget-container\">\n\t\t\t\t\t<div class=\"elementor-swiper\">\n\t\t\t<div class=\"elementor-main-swiper swiper-container\">\n\t\t\t\t<div class=\"swiper-wrapper\">\n\t\t\t\t\t\t\t\t\t\t\t<div class=\"swiper-slide\">\n\t\t\t\t\t\t\t<a href=\"https:\/\/www.medellin.gov.co\/es\/wp-content\/uploads\/2026\/04\/1.jpg%20\">\t\t<div class=\"elementor-carousel-image\" style=\"background-image: url(https:\/\/www.medellin.gov.co\/es\/wp-content\/uploads\/2026\/04\/1.jpg)\">\n\t\t\t\t\t<\/div>\n\t\t<\/a>\t\t\t\t\t\t<\/div>\n\t\t\t\t\t\t\t\t\t\t\t<div class=\"swiper-slide\">\n\t\t\t\t\t\t\t<a href=\"https:\/\/www.medellin.gov.co\/es\/wp-content\/uploads\/2026\/04\/2.jpg\">\t\t<div class=\"elementor-carousel-image\" style=\"background-image: url(https:\/\/www.medellin.gov.co\/es\/wp-content\/uploads\/2026\/04\/2.jpg)\">\n\t\t\t\t\t<\/div>\n\t\t<\/a>\t\t\t\t\t\t<\/div>\n\t\t\t\t\t\t\t\t\t\t\t<div class=\"swiper-slide\">\n\t\t\t\t\t\t\t<a href=\"https:\/\/www.medellin.gov.co\/es\/wp-content\/uploads\/2026\/04\/3.jpg\">\t\t<div class=\"elementor-carousel-image\" style=\"background-image: url(https:\/\/www.medellin.gov.co\/es\/wp-content\/uploads\/2026\/04\/3.jpg)\">\n\t\t\t\t\t<\/div>\n\t\t<\/a>\t\t\t\t\t\t<\/div>\n\t\t\t\t\t\t\t\t\t\t\t<div class=\"swiper-slide\">\n\t\t\t\t\t\t\t<a href=\"https:\/\/www.medellin.gov.co\/es\/wp-content\/uploads\/2026\/04\/4.jpg\">\t\t<div class=\"elementor-carousel-image\" style=\"background-image: url(https:\/\/www.medellin.gov.co\/es\/wp-content\/uploads\/2026\/04\/4.jpg)\">\n\t\t\t\t\t<\/div>\n\t\t<\/a>\t\t\t\t\t\t<\/div>\n\t\t\t\t\t\t\t\t\t\t\t<div class=\"swiper-slide\">\n\t\t\t\t\t\t\t<a href=\"https:\/\/www.medellin.gov.co\/es\/wp-content\/uploads\/2026\/04\/5.jpg\">\t\t<div class=\"elementor-carousel-image\" style=\"background-image: url(https:\/\/www.medellin.gov.co\/es\/wp-content\/uploads\/2026\/04\/5.jpg)\">\n\t\t\t\t\t<\/div>\n\t\t<\/a>\t\t\t\t\t\t<\/div>\n\t\t\t\t\t\t\t\t\t\t\t<div class=\"swiper-slide\">\n\t\t\t\t\t\t\t<a href=\"https:\/\/www.medellin.gov.co\/es\/wp-content\/uploads\/2026\/04\/6.jpg\">\t\t<div class=\"elementor-carousel-image\" style=\"background-image: url(https:\/\/www.medellin.gov.co\/es\/wp-content\/uploads\/2026\/04\/6.jpg)\">\n\t\t\t\t\t<\/div>\n\t\t<\/a>\t\t\t\t\t\t<\/div>\n\t\t\t\t\t\t\t\t\t\t\t<div class=\"swiper-slide\">\n\t\t\t\t\t\t\t<a href=\"https:\/\/www.medellin.gov.co\/es\/wp-content\/uploads\/2026\/04\/7.jpg\">\t\t<div class=\"elementor-carousel-image\" style=\"background-image: url(https:\/\/www.medellin.gov.co\/es\/wp-content\/uploads\/2026\/04\/7.jpg)\">\n\t\t\t\t\t<\/div>\n\t\t<\/a>\t\t\t\t\t\t<\/div>\n\t\t\t\t\t\t\t\t\t\t\t<div class=\"swiper-slide\">\n\t\t\t\t\t\t\t<a href=\"https:\/\/www.medellin.gov.co\/es\/wp-content\/uploads\/2026\/04\/8.jpg\">\t\t<div class=\"elementor-carousel-image\" style=\"background-image: url(https:\/\/www.medellin.gov.co\/es\/wp-content\/uploads\/2026\/04\/8.jpg)\">\n\t\t\t\t\t<\/div>\n\t\t<\/a>\t\t\t\t\t\t<\/div>\n\t\t\t\t\t\t\t\t\t<\/div>\n\t\t\t\t\t\t\t\t\t\t\t\t\t\t\t<div class=\"swiper-pagination\"><\/div>\n\t\t\t\t\t\t\t\t\t\t\t\t\t\t\t\t<div class=\"elementor-swiper-button elementor-swiper-button-prev\">\n\t\t\t\t\t\t\t<i aria-hidden=\"true\" class=\"eicon-chevron-left\"><\/i>\t\t\t\t\t\t\t<span class=\"elementor-screen-only\">Anterior<\/span>\n\t\t\t\t\t\t<\/div>\n\t\t\t\t\t\t<div class=\"elementor-swiper-button elementor-swiper-button-next\">\n\t\t\t\t\t\t\t<i aria-hidden=\"true\" class=\"eicon-chevron-right\"><\/i>\t\t\t\t\t\t\t<span class=\"elementor-screen-only\">Siguiente<\/span>\n\t\t\t\t\t\t<\/div>\n\t\t\t\t\t\t\t\t\t\t\t\t<\/div>\n\t\t<\/div>\n\t\t\t\t<\/div>\n\t\t\t\t<\/div>\n\t\t<\/div><div class=\"elementor-element elementor-element-7fd9a58 e-container--column e-container\" data-id=\"7fd9a58\" data-element_type=\"container\">\t\t\t\t<div class=\"elementor-element elementor-element-4232bd3 elementor-widget elementor-widget-heading\" data-id=\"4232bd3\" data-element_type=\"widget\" data-widget_type=\"heading.default\">\n\t\t\t\t<div class=\"elementor-widget-container\">\n\t\t\t<h2 class=\"elementor-heading-title elementor-size-default\">\n<b>Organigrama,<\/b> estructura administrativa<\/h2>\t\t<\/div>\n\t\t\t\t<\/div>\n\t\t<\/div><div class=\"elementor-element elementor-element-de94064 e-container--column e-container\" data-id=\"de94064\" data-element_type=\"container\">\t\t\t\t<div class=\"elementor-element elementor-element-820139a elementor-widget elementor-widget-spacer\" data-id=\"820139a\" data-element_type=\"widget\" data-widget_type=\"spacer.default\">\n\t\t\t\t<div class=\"elementor-widget-container\">\n\t\t\t\t\t<div class=\"elementor-spacer\">\n\t\t\t<div class=\"elementor-spacer-inner\"><\/div>\n\t\t<\/div>\n\t\t\t\t<\/div>\n\t\t\t\t<\/div>\n\t\t\t\t<div class=\"elementor-element elementor-element-254451e elementor-widget elementor-widget-image\" data-id=\"254451e\" data-element_type=\"widget\" data-widget_type=\"image.default\">\n\t\t\t\t<div class=\"elementor-widget-container\">\n\t\t\t\t\t\t\t\t<div class=\"elementor-image\">\n\t\t\t\t\t\t\t\t\t\t\t\t\t<a href=\"https:\/\/www.medellin.gov.co\/es\/wp-content\/uploads\/2025\/07\/Oganigrama-Estructura-1-scaled.jpg\">\n\t\t\t\t\t\t\t<img width=\"2560\" height=\"1005\" src=\"https:\/\/www.medellin.gov.co\/es\/wp-content\/uploads\/2025\/07\/Oganigrama-Estructura-1-scaled.jpg\" class=\"attachment-full size-full\" alt=\"\" loading=\"lazy\" srcset=\"https:\/\/www.medellin.gov.co\/es\/wp-content\/uploads\/2025\/07\/Oganigrama-Estructura-1-scaled.jpg 2560w, https:\/\/www.medellin.gov.co\/es\/wp-content\/uploads\/2025\/07\/Oganigrama-Estructura-1-300x118.jpg 300w, https:\/\/www.medellin.gov.co\/es\/wp-content\/uploads\/2025\/07\/Oganigrama-Estructura-1-1024x402.jpg 1024w, https:\/\/www.medellin.gov.co\/es\/wp-content\/uploads\/2025\/07\/Oganigrama-Estructura-1-150x59.jpg 150w, https:\/\/www.medellin.gov.co\/es\/wp-content\/uploads\/2025\/07\/Oganigrama-Estructura-1-768x302.jpg 768w, https:\/\/www.medellin.gov.co\/es\/wp-content\/uploads\/2025\/07\/Oganigrama-Estructura-1-1536x603.jpg 1536w, https:\/\/www.medellin.gov.co\/es\/wp-content\/uploads\/2025\/07\/Oganigrama-Estructura-1-2048x804.jpg 2048w\" sizes=\"(max-width: 2560px) 100vw, 2560px\" \/>\t\t\t\t\t\t\t\t<\/a>\n\t\t\t\t\t\t\t\t\t\t\t\t\t\t<\/div>\n\t\t\t\t\t\t<\/div>\n\t\t\t\t<\/div>\n\t\t<\/div><div class=\"elementor-element elementor-element-fb495a9 e-container--column e-container\" data-id=\"fb495a9\" data-element_type=\"container\">\t\t\t\t<div class=\"elementor-element elementor-element-a4f6ef9 elementor-widget elementor-widget-spacer\" data-id=\"a4f6ef9\" data-element_type=\"widget\" data-widget_type=\"spacer.default\">\n\t\t\t\t<div class=\"elementor-widget-container\">\n\t\t\t\t\t<div class=\"elementor-spacer\">\n\t\t\t<div class=\"elementor-spacer-inner\"><\/div>\n\t\t<\/div>\n\t\t\t\t<\/div>\n\t\t\t\t<\/div>\n\t\t<\/div><div class=\"elementor-element elementor-element-fe6c61a e-container--column e-container\" data-id=\"fe6c61a\" data-element_type=\"container\">\t\t\t\t<div class=\"elementor-element elementor-element-e5f3a0c elementor-widget elementor-widget-spacer\" data-id=\"e5f3a0c\" data-element_type=\"widget\" data-widget_type=\"spacer.default\">\n\t\t\t\t<div class=\"elementor-widget-container\">\n\t\t\t\t\t<div class=\"elementor-spacer\">\n\t\t\t<div class=\"elementor-spacer-inner\"><\/div>\n\t\t<\/div>\n\t\t\t\t<\/div>\n\t\t\t\t<\/div>\n\t\t<\/div><div class=\"elementor-element elementor-element-827a8bb e-container--column e-container\" data-id=\"827a8bb\" data-element_type=\"container\">\t\t\t\t<div class=\"elementor-element elementor-element-3ef70ad elementor-widget elementor-widget-heading\" data-id=\"3ef70ad\" data-element_type=\"widget\" data-widget_type=\"heading.default\">\n\t\t\t\t<div class=\"elementor-widget-container\">\n\t\t\t<h2 class=\"elementor-heading-title elementor-size-default\"><b>Funciones<\/b> de la Secretar\u00eda de Evaluaci\u00f3n y Control<\/h2>\t\t<\/div>\n\t\t\t\t<\/div>\n\t\t<\/div><div class=\"elementor-element elementor-element-c82b247 e-container--column e-container\" data-id=\"c82b247\" data-element_type=\"container\">\t\t<div class=\"elementor-element elementor-element-2121447 e-container--row e-container\" data-id=\"2121447\" data-element_type=\"container\">\t\t<div class=\"elementor-element elementor-element-67a0104 e-container--column e-container\" data-id=\"67a0104\" data-element_type=\"container\">\t\t\t\t<div class=\"elementor-element elementor-element-649f6c4 elementor-widget elementor-widget-spacer\" data-id=\"649f6c4\" data-element_type=\"widget\" data-widget_type=\"spacer.default\">\n\t\t\t\t<div class=\"elementor-widget-container\">\n\t\t\t\t\t<div class=\"elementor-spacer\">\n\t\t\t<div class=\"elementor-spacer-inner\"><\/div>\n\t\t<\/div>\n\t\t\t\t<\/div>\n\t\t\t\t<\/div>\n\t\t\t\t<div class=\"elementor-element elementor-element-afb6cf5 elementor-widget elementor-widget-text-editor\" data-id=\"afb6cf5\" data-element_type=\"widget\" data-widget_type=\"text-editor.default\">\n\t\t\t\t<div class=\"elementor-widget-container\">\n\t\t\t\t\t\t\t\t<div class=\"elementor-text-editor elementor-clearfix\">\n\t\t\t\t<p><strong>1.<\/strong> Dirigir la pol\u00edtica de auditor\u00eda interna independiente en el Distrito de Medell\u00edn, a nivel central y descentralizado.<\/p><p><strong>2. <span style=\"color: #003366\">Dirigir y ejecutar la auditor\u00eda interna independiente al Sistema de Control Interno, de acuerdo con las pol\u00edticas e instrumentos adoptados.<\/span><\/strong><\/p><p><strong>3. <\/strong>Dirigir y coordinar el Comit\u00e9 de Enlace de Auditor\u00edas Internas Independientes; de acuerdo con las pol\u00edticas y normatividad vigente, con el fin de garantizar la unidad de criterio en el Distrito de Medell\u00edn a nivel central y descentralizado.<\/p><p><strong>4. <span style=\"color: #003366\">Formular el Plan Anual de Auditor\u00edas Internas basadas en riesgos, de cumplimiento y especiales, de acuerdo con las t\u00e9cnicas y procedimientos establecidos y ejecutar el Programa de Auditor\u00edas.<\/span><\/strong><\/p><p><strong>5.<\/strong> Establecer y coordinar las relaciones con los entes externos de control.<\/p><p><strong>6.<\/strong> <span style=\"color: #003366\"><strong>Dirigir y ejecutar las evaluaciones independientes al Sistema de Control interno de la entidad seg\u00fan las normas, pol\u00edticas y procedimientos, con el fin de establecer el grado de integridad de la informaci\u00f3n, cumplimiento, operaci\u00f3n y confiabilidad para la toma de decisiones.<\/strong><\/span><\/p><p><strong>7.<\/strong> Dirigir y ejecutar las evaluaciones independientes a la gesti\u00f3n y por dependencias para determinar su eficiencia, efectividad e impacto.<\/p><p><strong>8. <span style=\"color: #003366\">Dirigir y presentar los an\u00e1lisis de los informes de la auditor\u00eda interna independiente, de acuerdo con los cronogramas establecidos por Ley.<\/span><\/strong><\/p><p><strong>9.<\/strong> Elaborar y presentar los informes correspondientes de las auditor\u00edas especiales a nivel descentralizado, de acuerdo con los requerimientos y prioridades establecidas por el alcalde.<\/p><p><strong>10.<\/strong> <span style=\"color: #003366\"><strong>Realizar la evaluaci\u00f3n independiente a la implementaci\u00f3n del modelo de gesti\u00f3n definido para el Conglomerado P\u00fablico Distrito de Medell\u00edn.<\/strong><\/span><\/p>\t\t\t\t\t<\/div>\n\t\t\t\t\t\t<\/div>\n\t\t\t\t<\/div>\n\t\t<\/div><div class=\"elementor-element elementor-element-d1929e3 e-container--column e-container\" data-id=\"d1929e3\" data-element_type=\"container\">\t\t\t\t<div class=\"elementor-element elementor-element-decb854 elementor-widget elementor-widget-spacer\" data-id=\"decb854\" data-element_type=\"widget\" data-widget_type=\"spacer.default\">\n\t\t\t\t<div class=\"elementor-widget-container\">\n\t\t\t\t\t<div class=\"elementor-spacer\">\n\t\t\t<div class=\"elementor-spacer-inner\"><\/div>\n\t\t<\/div>\n\t\t\t\t<\/div>\n\t\t\t\t<\/div>\n\t\t\t\t<div class=\"elementor-element elementor-element-106f643 elementor-widget elementor-widget-text-editor\" data-id=\"106f643\" data-element_type=\"widget\" data-widget_type=\"text-editor.default\">\n\t\t\t\t<div class=\"elementor-widget-container\">\n\t\t\t\t\t\t\t\t<div class=\"elementor-text-editor elementor-clearfix\">\n\t\t\t\t<p><strong>11.<\/strong> <span style=\"color: #003366\"><strong>Asesorar al alcalde y a la Administraci\u00f3n Distrital a nivel central y descentralizado en el dise\u00f1o de las pol\u00edticas de gobierno, riesgos y controles.<\/strong><\/span><\/p><p><strong>12.<\/strong> Liderar, direccionar y hacer seguimiento a la implementaci\u00f3n y operaci\u00f3n del pilar de ambientes de control, conforme a los lineamientos del Modelo Conglomerado P\u00fablico Medell\u00edn.<\/p><p><strong>13.<\/strong> <span style=\"color: #003366\"><strong>Contribuir a la consolidaci\u00f3n de una cultura del control basada en el autocontrol y el mejoramiento continuo.<\/strong><\/span><\/p><p><strong>14.<\/strong> Presentar los informes del estado del Sistema de Control Interno a la Alta Direcci\u00f3n para la toma de decisiones.<\/p><p><strong>15. <span style=\"color: #003366\">Coordinar, con la Secretar\u00eda de Suministros y Servicios, la realizaci\u00f3n de los contratos necesarios para obtener los bienes y servicios requeridos y ejercer la supervisi\u00f3n t\u00e9cnica de los mismos.<\/span><\/strong><\/p><p><strong>16.<\/strong> Implementar y ejecutar las pol\u00edticas y directrices que orienten los procesos de apoyo.<\/p><p><strong>17. <span style=\"color: #003366\">Implementar y ejecutar las pol\u00edticas y directrices que establezca la Secretar\u00eda de Gesti\u00f3n Humana y Servicio a la Ciudadan\u00eda, en materia de gesti\u00f3n de tr\u00e1mites, procedimientos administrativos, peticiones, quejas, reclamos y sugerencias.<\/span><\/strong><\/p><p><strong>18. <\/strong>Realizar la evaluaci\u00f3n independiente de la implementaci\u00f3n del Plan de Desarrollo Distrital y del Plan de Ordenamiento Territorial y su articulaci\u00f3n.<\/p><p><strong>19.<\/strong> <span style=\"color: #003366\"><strong>Implementar, mantener y mejorar el Sistema Integral de Gesti\u00f3n para los procesos que dirige o participa, de acuerdo con las directrices definidas por la entidad.<\/strong><\/span><\/p><p><span style=\"color: #003366\"><strong>\u00a0<\/strong><\/span><\/p>\t\t\t\t\t<\/div>\n\t\t\t\t\t\t<\/div>\n\t\t\t\t<\/div>\n\t\t\t\t<div class=\"elementor-element elementor-element-4bdc0ec elementor-tablet-align-left elementor-mobile-align-center elementor-align-center elementor-widget elementor-widget-button\" data-id=\"4bdc0ec\" data-element_type=\"widget\" data-widget_type=\"button.default\">\n\t\t\t\t<div class=\"elementor-widget-container\">\n\t\t\t\t\t<div class=\"elementor-button-wrapper\">\n\t\t\t<a href=\"https:\/\/www.medellin.gov.co\/normograma\/docs\/astrea\/docs\/d_alcamed_0883_2015.htm\" target=\"_blank\" class=\"elementor-button-link elementor-button elementor-size-md\" role=\"button\">\n\t\t\t\t\t\t<span class=\"elementor-button-content-wrapper\">\n\t\t\t\t\t\t<span class=\"elementor-button-text\">Conoce el Decreto<\/span>\n\t\t<\/span>\n\t\t\t\t\t<\/a>\n\t\t<\/div>\n\t\t\t\t<\/div>\n\t\t\t\t<\/div>\n\t\t<\/div><\/div><\/div><div class=\"elementor-element elementor-element-4dec4c2 e-container--column e-container\" data-id=\"4dec4c2\" data-element_type=\"container\">\t\t\t\t<div class=\"elementor-element elementor-element-d88007e elementor-widget-divider--view-line elementor-widget elementor-widget-divider\" data-id=\"d88007e\" data-element_type=\"widget\" data-widget_type=\"divider.default\">\n\t\t\t\t<div class=\"elementor-widget-container\">\n\t\t\t\t\t<div class=\"elementor-divider\">\n\t\t\t<span class=\"elementor-divider-separator\">\n\t\t\t\t\t\t<\/span>\n\t\t<\/div>\n\t\t\t\t<\/div>\n\t\t\t\t<\/div>\n\t\t<\/div>\t\t\t\t\t\t\t<\/div>\n\t\t\t<\/div>\n\t\t\t\t\t<\/div>\n\t\t","protected":false},"excerpt":{"rendered":"<p>\u00bfQu\u00e9 hace la Secretar\u00eda de Evaluaci\u00f3n y Control? Es una dependencia adscrita al Despacho del Alcalde que tiene como responsabilidad medir y evaluar la eficiencia, eficacia y econom\u00eda de los controles establecidos en la Administraci\u00f3n &#8230;<\/p>\n","protected":false},"author":1,"featured_media":11192,"parent":20200,"menu_order":5,"comment_status":"closed","ping_status":"closed","template":"sec-evaluacion-control\/elementor.php","meta":[],"acf":[],"_links":{"self":[{"href":"https:\/\/www.medellin.gov.co\/es\/wp-json\/wp\/v2\/pages\/20202"}],"collection":[{"href":"https:\/\/www.medellin.gov.co\/es\/wp-json\/wp\/v2\/pages"}],"about":[{"href":"https:\/\/www.medellin.gov.co\/es\/wp-json\/wp\/v2\/types\/page"}],"author":[{"embeddable":true,"href":"https:\/\/www.medellin.gov.co\/es\/wp-json\/wp\/v2\/users\/1"}],"replies":[{"embeddable":true,"href":"https:\/\/www.medellin.gov.co\/es\/wp-json\/wp\/v2\/comments?post=20202"}],"version-history":[{"count":10,"href":"https:\/\/www.medellin.gov.co\/es\/wp-json\/wp\/v2\/pages\/20202\/revisions"}],"predecessor-version":[{"id":523022,"href":"https:\/\/www.medellin.gov.co\/es\/wp-json\/wp\/v2\/pages\/20202\/revisions\/523022"}],"up":[{"embeddable":true,"href":"https:\/\/www.medellin.gov.co\/es\/wp-json\/wp\/v2\/pages\/20200"}],"wp:featuredmedia":[{"embeddable":true,"href":"https:\/\/www.medellin.gov.co\/es\/wp-json\/wp\/v2\/media\/11192"}],"wp:attachment":[{"href":"https:\/\/www.medellin.gov.co\/es\/wp-json\/wp\/v2\/media?parent=20202"}],"curies":[{"name":"wp","href":"https:\/\/api.w.org\/{rel}","templated":true}]}}