{"id":20206,"date":"2021-10-02T16:07:15","date_gmt":"2021-10-02T21:07:15","guid":{"rendered":"https:\/\/www.medellin.gov.co\/es\/?page_id=20206"},"modified":"2026-03-27T09:38:00","modified_gmt":"2026-03-27T14:38:00","slug":"subsecretaria-de-asesoria-y-acompanamiento","status":"publish","type":"page","link":"https:\/\/www.medellin.gov.co\/es\/secretaria-de-evaluacion-y-control\/subsecretaria-de-asesoria-y-acompanamiento\/","title":{"rendered":"Subsecretar\u00eda de Asesor\u00eda y Acompa\u00f1amiento"},"content":{"rendered":"\t\t<div data-elementor-type=\"wp-page\" data-elementor-id=\"20206\" class=\"elementor elementor-20206\">\n\t\t\t\t\t\t<div class=\"elementor-inner\">\n\t\t\t\t<div class=\"elementor-section-wrap\">\n\t\t\t\t\t\t\t<div class=\"elementor-element elementor-element-188eb8c e-container--column e-container\" data-id=\"188eb8c\" data-element_type=\"container\">\t\t\t\t<div class=\"elementor-element elementor-element-2560486 elementor-widget elementor-widget-image\" data-id=\"2560486\" data-element_type=\"widget\" data-widget_type=\"image.default\">\n\t\t\t\t<div class=\"elementor-widget-container\">\n\t\t\t\t\t\t\t\t<div class=\"elementor-image\">\n\t\t\t\t\t\t\t\t\t\t\t\t<img width=\"2560\" height=\"787\" src=\"https:\/\/www.medellin.gov.co\/es\/wp-content\/uploads\/2026\/03\/Carolina-Segura-scaled.jpg\" class=\"attachment-full size-full\" alt=\"\" loading=\"lazy\" srcset=\"https:\/\/www.medellin.gov.co\/es\/wp-content\/uploads\/2026\/03\/Carolina-Segura-scaled.jpg 2560w, https:\/\/www.medellin.gov.co\/es\/wp-content\/uploads\/2026\/03\/Carolina-Segura-300x92.jpg 300w, https:\/\/www.medellin.gov.co\/es\/wp-content\/uploads\/2026\/03\/Carolina-Segura-1024x315.jpg 1024w, https:\/\/www.medellin.gov.co\/es\/wp-content\/uploads\/2026\/03\/Carolina-Segura-150x46.jpg 150w, https:\/\/www.medellin.gov.co\/es\/wp-content\/uploads\/2026\/03\/Carolina-Segura-768x236.jpg 768w, https:\/\/www.medellin.gov.co\/es\/wp-content\/uploads\/2026\/03\/Carolina-Segura-1536x472.jpg 1536w, https:\/\/www.medellin.gov.co\/es\/wp-content\/uploads\/2026\/03\/Carolina-Segura-2048x629.jpg 2048w\" sizes=\"(max-width: 2560px) 100vw, 2560px\" \/>\t\t\t\t\t\t\t\t\t\t\t\t\t\t<\/div>\n\t\t\t\t\t\t<\/div>\n\t\t\t\t<\/div>\n\t\t\t\t<div class=\"elementor-element elementor-element-b9a1cab elementor-widget elementor-widget-spacer\" data-id=\"b9a1cab\" data-element_type=\"widget\" data-widget_type=\"spacer.default\">\n\t\t\t\t<div class=\"elementor-widget-container\">\n\t\t\t\t\t<div class=\"elementor-spacer\">\n\t\t\t<div class=\"elementor-spacer-inner\"><\/div>\n\t\t<\/div>\n\t\t\t\t<\/div>\n\t\t\t\t<\/div>\n\t\t<\/div><div class=\"elementor-element elementor-element-6f93019 e-container--column e-container\" data-id=\"6f93019\" data-element_type=\"container\">\t\t\t\t<div class=\"elementor-element elementor-element-f2b4929 elementor-widget elementor-widget-heading\" data-id=\"f2b4929\" data-element_type=\"widget\" data-widget_type=\"heading.default\">\n\t\t\t\t<div class=\"elementor-widget-container\">\n\t\t\t<h3 class=\"elementor-heading-title elementor-size-default\"><b>\u00bfQu\u00e9 hace la Subsecretar\u00eda<\/b> de Asesor\u00eda y Acompa\u00f1amiento?<\/h3>\t\t<\/div>\n\t\t\t\t<\/div>\n\t\t\t\t<div class=\"elementor-element elementor-element-4c217d7 elementor-widget elementor-widget-spacer\" data-id=\"4c217d7\" data-element_type=\"widget\" data-widget_type=\"spacer.default\">\n\t\t\t\t<div class=\"elementor-widget-container\">\n\t\t\t\t\t<div class=\"elementor-spacer\">\n\t\t\t<div class=\"elementor-spacer-inner\"><\/div>\n\t\t<\/div>\n\t\t\t\t<\/div>\n\t\t\t\t<\/div>\n\t\t<\/div><div class=\"elementor-element elementor-element-a92b1b3 e-container--column e-container\" data-id=\"a92b1b3\" data-element_type=\"container\">\t\t\t\t<div class=\"elementor-element elementor-element-881bd09 elementor-widget elementor-widget-text-editor\" data-id=\"881bd09\" data-element_type=\"widget\" data-widget_type=\"text-editor.default\">\n\t\t\t\t<div class=\"elementor-widget-container\">\n\t\t\t\t\t\t\t\t<div class=\"elementor-text-editor elementor-clearfix\">\n\t\t\t\t<p>Su funci\u00f3n es proporcionar servicios de asesor\u00eda y consultor\u00eda al Distrito de Medell\u00edn y a su conglomerado p\u00fablico, en el marco de las estrategias, objetivos y metas de la entidad, orientados a los procesos de gobierno, gesti\u00f3n de riesgos y control.<\/p>\t\t\t\t\t<\/div>\n\t\t\t\t\t\t<\/div>\n\t\t\t\t<\/div>\n\t\t<\/div><div class=\"elementor-element elementor-element-9be26f9 e-container--column e-container\" data-id=\"9be26f9\" data-element_type=\"container\">\t\t\t\t<div class=\"elementor-element elementor-element-5c3eb18 elementor-widget elementor-widget-spacer\" data-id=\"5c3eb18\" data-element_type=\"widget\" data-widget_type=\"spacer.default\">\n\t\t\t\t<div class=\"elementor-widget-container\">\n\t\t\t\t\t<div class=\"elementor-spacer\">\n\t\t\t<div class=\"elementor-spacer-inner\"><\/div>\n\t\t<\/div>\n\t\t\t\t<\/div>\n\t\t\t\t<\/div>\n\t\t\t\t<div class=\"elementor-element elementor-element-98c2a95 elementor-widget elementor-widget-heading\" data-id=\"98c2a95\" data-element_type=\"widget\" data-widget_type=\"heading.default\">\n\t\t\t\t<div class=\"elementor-widget-container\">\n\t\t\t<h2 class=\"elementor-heading-title elementor-size-default\"><b>Funciones de la Subsecretar\u00eda<\/b>  de Asesor\u00eda y Acompa\u00f1amiento<\/h2>\t\t<\/div>\n\t\t\t\t<\/div>\n\t\t<\/div><div class=\"elementor-element elementor-element-d77864a e-container--row e-container\" data-id=\"d77864a\" data-element_type=\"container\">\t\t<div class=\"elementor-element elementor-element-cfabb0d e-container--column e-container\" data-id=\"cfabb0d\" data-element_type=\"container\">\t\t\t\t<div class=\"elementor-element elementor-element-343f909 elementor-widget elementor-widget-text-editor\" data-id=\"343f909\" data-element_type=\"widget\" data-widget_type=\"text-editor.default\">\n\t\t\t\t<div class=\"elementor-widget-container\">\n\t\t\t\t\t\t\t\t<div class=\"elementor-text-editor elementor-clearfix\">\n\t\t\t\t<p><strong>1.<\/strong> Dise\u00f1ar, presentar y evaluar metodolog\u00edas y est\u00e1ndares, para la formulaci\u00f3n del Plan Anual de Auditor\u00edas Internas Independientes, de acuerdo con las pol\u00edticas y directrices establecidas en el Municipio de Medell\u00edn a nivel central y descentralizado.<\/p><p><strong>2.<\/strong> <span style=\"color: #003366\"><strong>Dirigir y brindar asistencia t\u00e9cnica en la formulaci\u00f3n de los planes de auditor\u00eda de las entidades descentralizadas; de acuerdo con las t\u00e9cnicas y gu\u00edas establecidas en el Municipio de Medell\u00edn.<\/strong><\/span><\/p><p><strong>3.<\/strong> Coordinar y articular el Comit\u00e9 de Enlace de Auditor\u00edas Internas Independientes, de acuerdo con las pol\u00edticas y normatividad vigente, con el fin de garantizar la unidad de criterio en la aplicaci\u00f3n de las pol\u00edticas y la entrega de reportes en el nivel central y descentralizado.<\/p><p><strong>4. <span style=\"color: #003366\">Coordinar la elaboraci\u00f3n, seguimiento y presentaci\u00f3n de los informes de ley de la gesti\u00f3n de la Secretar\u00eda de Evaluaci\u00f3n y Control.<\/span><\/strong><\/p><p><strong>5.<\/strong> Asesorar y evaluar la aplicaci\u00f3n del Programa de Aseguramiento y Mejora de la Calidad de Auditor\u00edas Internas Independientes, de acuerdo con las pol\u00edticas y directrices establecidas en el Municipio de Medell\u00edn.<\/p><p><strong>6.<\/strong> <span style=\"color: #003366\"><strong>Articular y coordinar las relaciones con los entes de control.<\/strong><\/span><\/p>\t\t\t\t\t<\/div>\n\t\t\t\t\t\t<\/div>\n\t\t\t\t<\/div>\n\t\t<\/div><div class=\"elementor-element elementor-element-bc71e18 e-container--column e-container\" data-id=\"bc71e18\" data-element_type=\"container\">\t\t\t\t<div class=\"elementor-element elementor-element-6a98737 elementor-widget elementor-widget-text-editor\" data-id=\"6a98737\" data-element_type=\"widget\" data-widget_type=\"text-editor.default\">\n\t\t\t\t<div class=\"elementor-widget-container\">\n\t\t\t\t\t\t\t\t<div class=\"elementor-text-editor elementor-clearfix\">\n\t\t\t\t<p><strong>7.<\/strong> Acompa\u00f1ar a la Alta Direcci\u00f3n en el asesoramiento e implementaci\u00f3n de los elementos del Sistema de Control Interno.<\/p><p><strong>8.<\/strong> <span style=\"color: #003366\"><strong>Fomentar la cultura del control basada en el autocontrol y el mejoramiento continuo.<\/strong><\/span><\/p><p><strong>9.<\/strong> Implementar y ejecutar las pol\u00edticas y directrices que orienten los procesos de apoyo.<\/p><p><strong>10.<\/strong> <strong><span style=\"color: #003366\">Implementar y ejecutar las pol\u00edticas y directrices que establezca la Secretar\u00eda de Gesti\u00f3n Humana y Servicio a la Ciudadan\u00eda en materia de gesti\u00f3n de tr\u00e1mites, procedimientos administrativos, peticiones, quejas, reclamos y sugerencias.<\/span><\/strong><\/p><p><strong>11.<\/strong> Implementar y ejecutar las pol\u00edticas y directrices que orienten el Plan de Ordenamiento Territorial en el marco de sus funciones.<\/p><p><strong>12.<\/strong> <span style=\"color: #003366\"><strong>Implementar, mantener y mejorar el Sistema Integral de Gesti\u00f3n para los procesos que dirige o participa, de acuerdo con las directrices definidas por la entidad.<\/strong><\/span><\/p>\t\t\t\t\t<\/div>\n\t\t\t\t\t\t<\/div>\n\t\t\t\t<\/div>\n\t\t<\/div><\/div><div class=\"elementor-element elementor-element-962cd47 e-container--column e-container\" data-id=\"962cd47\" data-element_type=\"container\">\t\t\t\t<div class=\"elementor-element elementor-element-f32f6df elementor-widget-divider--view-line elementor-widget elementor-widget-divider\" data-id=\"f32f6df\" data-element_type=\"widget\" data-widget_type=\"divider.default\">\n\t\t\t\t<div class=\"elementor-widget-container\">\n\t\t\t\t\t<div class=\"elementor-divider\">\n\t\t\t<span class=\"elementor-divider-separator\">\n\t\t\t\t\t\t<\/span>\n\t\t<\/div>\n\t\t\t\t<\/div>\n\t\t\t\t<\/div>\n\t\t<\/div>\t\t<section class=\"elementor-section elementor-top-section elementor-element elementor-element-0c8232e elementor-section-boxed elementor-section-height-default elementor-section-height-default\" data-id=\"0c8232e\" data-element_type=\"section\">\n\t\t\t\t\t\t<div class=\"elementor-container elementor-column-gap-default\">\n\t\t\t\t\t\t\t<div class=\"elementor-row\">\n\t\t\t\t\t<div class=\"elementor-column elementor-col-100 elementor-top-column elementor-element elementor-element-e98229e\" data-id=\"e98229e\" data-element_type=\"column\">\n\t\t\t<div class=\"elementor-column-wrap elementor-element-populated\">\n\t\t\t\t\t\t\t<div class=\"elementor-widget-wrap\">\n\t\t\t\t\t\t<div class=\"elementor-element elementor-element-59fe75e elementor-widget elementor-widget-spacer\" data-id=\"59fe75e\" data-element_type=\"widget\" data-widget_type=\"spacer.default\">\n\t\t\t\t<div class=\"elementor-widget-container\">\n\t\t\t\t\t<div class=\"elementor-spacer\">\n\t\t\t<div class=\"elementor-spacer-inner\"><\/div>\n\t\t<\/div>\n\t\t\t\t<\/div>\n\t\t\t\t<\/div>\n\t\t\t\t<div class=\"elementor-element elementor-element-99d6536 elementor-widget elementor-widget-heading\" data-id=\"99d6536\" data-element_type=\"widget\" data-widget_type=\"heading.default\">\n\t\t\t\t<div class=\"elementor-widget-container\">\n\t\t\t<h2 class=\"elementor-heading-title elementor-size-default\"><b>Proyectos de la Subsecretar\u00eda<\/b> de Asesor\u00eda y Acompa\u00f1amiento<\/h2>\t\t<\/div>\n\t\t\t\t<\/div>\n\t\t\t\t<section class=\"elementor-section elementor-inner-section elementor-element elementor-element-fc74aaa elementor-section-boxed elementor-section-height-default elementor-section-height-default\" data-id=\"fc74aaa\" data-element_type=\"section\">\n\t\t\t\t\t\t<div class=\"elementor-container elementor-column-gap-default\">\n\t\t\t\t\t\t\t<div class=\"elementor-row\">\n\t\t\t\t\t<div class=\"elementor-column elementor-col-50 elementor-inner-column elementor-element elementor-element-fe99a44\" data-id=\"fe99a44\" data-element_type=\"column\">\n\t\t\t<div class=\"elementor-column-wrap elementor-element-populated\">\n\t\t\t\t\t\t\t<div class=\"elementor-widget-wrap\">\n\t\t\t\t\t\t<div class=\"elementor-element elementor-element-f621a1e elementor-widget elementor-widget-image\" data-id=\"f621a1e\" data-element_type=\"widget\" data-widget_type=\"image.default\">\n\t\t\t\t<div class=\"elementor-widget-container\">\n\t\t\t\t\t\t\t\t<div class=\"elementor-image\">\n\t\t\t\t\t\t\t\t\t\t\t\t<img width=\"2560\" height=\"1916\" src=\"https:\/\/www.medellin.gov.co\/es\/wp-content\/uploads\/2025\/10\/WhatsApp-Image-2025-10-22-at-11.17.43-AM.jpeg\" class=\"attachment-full size-full\" alt=\"\" loading=\"lazy\" srcset=\"https:\/\/www.medellin.gov.co\/es\/wp-content\/uploads\/2025\/10\/WhatsApp-Image-2025-10-22-at-11.17.43-AM.jpeg 2560w, https:\/\/www.medellin.gov.co\/es\/wp-content\/uploads\/2025\/10\/WhatsApp-Image-2025-10-22-at-11.17.43-AM-300x225.jpeg 300w, https:\/\/www.medellin.gov.co\/es\/wp-content\/uploads\/2025\/10\/WhatsApp-Image-2025-10-22-at-11.17.43-AM-1024x766.jpeg 1024w, https:\/\/www.medellin.gov.co\/es\/wp-content\/uploads\/2025\/10\/WhatsApp-Image-2025-10-22-at-11.17.43-AM-150x112.jpeg 150w, https:\/\/www.medellin.gov.co\/es\/wp-content\/uploads\/2025\/10\/WhatsApp-Image-2025-10-22-at-11.17.43-AM-768x575.jpeg 768w, https:\/\/www.medellin.gov.co\/es\/wp-content\/uploads\/2025\/10\/WhatsApp-Image-2025-10-22-at-11.17.43-AM-1536x1150.jpeg 1536w, https:\/\/www.medellin.gov.co\/es\/wp-content\/uploads\/2025\/10\/WhatsApp-Image-2025-10-22-at-11.17.43-AM-2048x1533.jpeg 2048w\" sizes=\"(max-width: 2560px) 100vw, 2560px\" \/>\t\t\t\t\t\t\t\t\t\t\t\t\t\t<\/div>\n\t\t\t\t\t\t<\/div>\n\t\t\t\t<\/div>\n\t\t\t\t\t\t<\/div>\n\t\t\t\t\t<\/div>\n\t\t<\/div>\n\t\t\t\t<div class=\"elementor-column elementor-col-50 elementor-inner-column elementor-element elementor-element-81c4c31\" data-id=\"81c4c31\" data-element_type=\"column\">\n\t\t\t<div class=\"elementor-column-wrap elementor-element-populated\">\n\t\t\t\t\t\t\t<div class=\"elementor-widget-wrap\">\n\t\t\t\t\t\t<div class=\"elementor-element elementor-element-81f9fd5 elementor-widget elementor-widget-text-editor\" data-id=\"81f9fd5\" data-element_type=\"widget\" data-widget_type=\"text-editor.default\">\n\t\t\t\t<div class=\"elementor-widget-container\">\n\t\t\t\t\t\t\t\t<div class=\"elementor-text-editor elementor-clearfix\">\n\t\t\t\t<p>Algunos de los proyectos liderados por la subsecretar\u00eda son:<\/p>\t\t\t\t\t<\/div>\n\t\t\t\t\t\t<\/div>\n\t\t\t\t<\/div>\n\t\t\t\t<div class=\"elementor-element elementor-element-29ee920 elementor-widget elementor-widget-text-editor\" data-id=\"29ee920\" data-element_type=\"widget\" data-widget_type=\"text-editor.default\">\n\t\t\t\t<div class=\"elementor-widget-container\">\n\t\t\t\t\t\t\t\t<div class=\"elementor-text-editor elementor-clearfix\">\n\t\t\t\t<ul>\n<li>Metodolog\u00edas para la priorizaci\u00f3n de unidades auditables para la construcci\u00f3n del Plan Anual de Auditor\u00edas.<\/li>\n<li>Seminario Internacional de Auditor\u00eda Interna.<\/li>\n<li>Asesor\u00eda en temas de control interno y normas globales de auditor\u00eda interna.<\/li>\n<li>Anal\u00edtica avanzada para el desarrollo de un modelo simple de predicci\u00f3n de tendencias, patrones o desviaciones del control interno del Distrito de Medell\u00edn.<\/li>\n<li>Manual del Pilar Ambientes de Control\n<p>&#8211; Generalidades<br>&#8211; Lineamientos (Auditor\u00eda interna &#8211; estructura de gobierno)<br>&#8211; Seguimiento y evaluaci\u00f3n<\/p>\n<\/li>\n<\/ul>\t\t\t\t\t<\/div>\n\t\t\t\t\t\t<\/div>\n\t\t\t\t<\/div>\n\t\t\t\t<div class=\"elementor-element elementor-element-fb53cb0 elementor-tablet-align-left elementor-mobile-align-center elementor-widget elementor-widget-button\" data-id=\"fb53cb0\" data-element_type=\"widget\" data-widget_type=\"button.default\">\n\t\t\t\t<div class=\"elementor-widget-container\">\n\t\t\t\t\t<div class=\"elementor-button-wrapper\">\n\t\t\t<a href=\"https:\/\/www.medellin.gov.co\/es\/wp-content\/uploads\/2025\/10\/DECRETO-914-MANUALES-PILARES-Gaceta-Oficial-5483.pdf\" target=\"_blank\" class=\"elementor-button-link elementor-button elementor-size-sm\" role=\"button\">\n\t\t\t\t\t\t<span class=\"elementor-button-content-wrapper\">\n\t\t\t\t\t\t<span class=\"elementor-button-text\">Conoce el decreto 0914 de 2024 - manuales del conglomerado p\u00fablico<\/span>\n\t\t<\/span>\n\t\t\t\t\t<\/a>\n\t\t<\/div>\n\t\t\t\t<\/div>\n\t\t\t\t<\/div>\n\t\t\t\t\t\t<\/div>\n\t\t\t\t\t<\/div>\n\t\t<\/div>\n\t\t\t\t\t\t\t\t<\/div>\n\t\t\t\t\t<\/div>\n\t\t<\/section>\n\t\t\t\t\t\t<\/div>\n\t\t\t\t\t<\/div>\n\t\t<\/div>\n\t\t\t\t\t\t\t\t<\/div>\n\t\t\t\t\t<\/div>\n\t\t<\/section>\n\t\t\t\t\t\t\t\t\t<\/div>\n\t\t\t<\/div>\n\t\t\t\t\t<\/div>\n\t\t","protected":false},"excerpt":{"rendered":"<p>\u00bfQu\u00e9 hace la Subsecretar\u00eda de Asesor\u00eda y Acompa\u00f1amiento? Su funci\u00f3n es proporcionar servicios de asesor\u00eda y consultor\u00eda al Distrito de Medell\u00edn y a su conglomerado p\u00fablico, en el marco de las estrategias, objetivos y metas &#8230;<\/p>\n","protected":false},"author":1,"featured_media":11192,"parent":20200,"menu_order":15,"comment_status":"closed","ping_status":"closed","template":"sec-evaluacion-control\/elementor.php","meta":[],"acf":[],"_links":{"self":[{"href":"https:\/\/www.medellin.gov.co\/es\/wp-json\/wp\/v2\/pages\/20206"}],"collection":[{"href":"https:\/\/www.medellin.gov.co\/es\/wp-json\/wp\/v2\/pages"}],"about":[{"href":"https:\/\/www.medellin.gov.co\/es\/wp-json\/wp\/v2\/types\/page"}],"author":[{"embeddable":true,"href":"https:\/\/www.medellin.gov.co\/es\/wp-json\/wp\/v2\/users\/1"}],"replies":[{"embeddable":true,"href":"https:\/\/www.medellin.gov.co\/es\/wp-json\/wp\/v2\/comments?post=20206"}],"version-history":[{"count":10,"href":"https:\/\/www.medellin.gov.co\/es\/wp-json\/wp\/v2\/pages\/20206\/revisions"}],"predecessor-version":[{"id":512981,"href":"https:\/\/www.medellin.gov.co\/es\/wp-json\/wp\/v2\/pages\/20206\/revisions\/512981"}],"up":[{"embeddable":true,"href":"https:\/\/www.medellin.gov.co\/es\/wp-json\/wp\/v2\/pages\/20200"}],"wp:featuredmedia":[{"embeddable":true,"href":"https:\/\/www.medellin.gov.co\/es\/wp-json\/wp\/v2\/media\/11192"}],"wp:attachment":[{"href":"https:\/\/www.medellin.gov.co\/es\/wp-json\/wp\/v2\/media?parent=20206"}],"curies":[{"name":"wp","href":"https:\/\/api.w.org\/{rel}","templated":true}]}}