{"id":21606,"date":"2021-10-08T21:55:15","date_gmt":"2021-10-09T02:55:15","guid":{"rendered":"https:\/\/www.medellin.gov.co\/es\/?page_id=21606"},"modified":"2026-04-15T11:04:22","modified_gmt":"2026-04-15T16:04:22","slug":"que-hace-la-gerencia","status":"publish","type":"page","link":"https:\/\/www.medellin.gov.co\/es\/diversidades-sexualidades-e-identidad-de-genero\/que-hace-la-gerencia\/","title":{"rendered":"Funciones y composici\u00f3n de la Gerencia de Diversidades Sexuales e Identidad de G\u00e9nero"},"content":{"rendered":"\t\t<div data-elementor-type=\"wp-page\" data-elementor-id=\"21606\" class=\"elementor elementor-21606\">\n\t\t\t\t\t\t<div class=\"elementor-inner\">\n\t\t\t\t<div class=\"elementor-section-wrap\">\n\t\t\t\t\t\t\t\t\t<section class=\"elementor-section elementor-top-section elementor-element elementor-element-6984fabc elementor-section-boxed elementor-section-height-default elementor-section-height-default\" data-id=\"6984fabc\" data-element_type=\"section\">\n\t\t\t\t\t\t<div class=\"elementor-container elementor-column-gap-default\">\n\t\t\t\t\t\t\t<div class=\"elementor-row\">\n\t\t\t\t\t<div class=\"elementor-column elementor-col-100 elementor-top-column elementor-element elementor-element-7bdb6a4d\" data-id=\"7bdb6a4d\" data-element_type=\"column\">\n\t\t\t<div class=\"elementor-column-wrap elementor-element-populated\">\n\t\t\t\t\t\t\t<div class=\"elementor-widget-wrap\">\n\t\t\t\t\t\t<div class=\"elementor-element elementor-element-1c9fbf2b elementor-widget elementor-widget-heading\" data-id=\"1c9fbf2b\" data-element_type=\"widget\" data-widget_type=\"heading.default\">\n\t\t\t\t<div class=\"elementor-widget-container\">\n\t\t\t<h1 class=\"elementor-heading-title elementor-size-default\">Funciones y composici\u00f3n de la Gerencia de Diversidades Sexuales e Identidad de G\u00e9nero<\/h1>\t\t<\/div>\n\t\t\t\t<\/div>\n\t\t\t\t<div class=\"elementor-element elementor-element-f15a259 elementor-widget elementor-widget-heading\" data-id=\"f15a259\" data-element_type=\"widget\" data-widget_type=\"heading.default\">\n\t\t\t\t<div class=\"elementor-widget-container\">\n\t\t\t<h2 class=\"elementor-heading-title elementor-size-default\">\u00bf<b>Qu\u00e9 hace la Gerencia<\/b> de Diversidades Sexuales e Identidad de G\u00e9nero?<\/h2>\t\t<\/div>\n\t\t\t\t<\/div>\n\t\t\t\t<div class=\"elementor-element elementor-element-8f36bcd elementor-widget elementor-widget-text-editor\" data-id=\"8f36bcd\" data-element_type=\"widget\" data-widget_type=\"text-editor.default\">\n\t\t\t\t<div class=\"elementor-widget-container\">\n\t\t\t\t\t\t\t\t<div class=\"elementor-text-editor elementor-clearfix\">\n\t\t\t\t<p>La Gerencia de Diversidades Sexuales e Identidades de G\u00e9nero es la dependencia encargada de la coordinaci\u00f3n, implementaci\u00f3n y articulaci\u00f3n de pol\u00edticas, planes, programas y proyectos tendientes a la promoci\u00f3n, protecci\u00f3n, restituci\u00f3n y garant\u00eda de los derechos para las personas con orientaciones sexuales, identidades y expresiones de g\u00e9nero no hegem\u00f3nicas.<\/p>\t\t\t\t\t<\/div>\n\t\t\t\t\t\t<\/div>\n\t\t\t\t<\/div>\n\t\t\t\t<div class=\"elementor-element elementor-element-eae1833 elementor-widget elementor-widget-image\" data-id=\"eae1833\" data-element_type=\"widget\" data-widget_type=\"image.default\">\n\t\t\t\t<div class=\"elementor-widget-container\">\n\t\t\t\t\t\t\t\t<div class=\"elementor-image\">\n\t\t\t\t\t\t\t\t\t\t\t\t<img width=\"1024\" height=\"1024\" src=\"https:\/\/www.medellin.gov.co\/es\/wp-content\/uploads\/2021\/10\/jovenes-participando-del-programa-de-diversidad-sexual-e-identidad-de-genero.jpg\" class=\"attachment-full size-full\" alt=\"J\u00f3venes participando del programa de diversidad sexual e identidad de g\u00e9nero\" loading=\"lazy\" srcset=\"https:\/\/www.medellin.gov.co\/es\/wp-content\/uploads\/2021\/10\/jovenes-participando-del-programa-de-diversidad-sexual-e-identidad-de-genero.jpg 1024w, https:\/\/www.medellin.gov.co\/es\/wp-content\/uploads\/2021\/10\/jovenes-participando-del-programa-de-diversidad-sexual-e-identidad-de-genero-300x300.jpg 300w, https:\/\/www.medellin.gov.co\/es\/wp-content\/uploads\/2021\/10\/jovenes-participando-del-programa-de-diversidad-sexual-e-identidad-de-genero-150x150.jpg 150w, https:\/\/www.medellin.gov.co\/es\/wp-content\/uploads\/2021\/10\/jovenes-participando-del-programa-de-diversidad-sexual-e-identidad-de-genero-768x768.jpg 768w\" sizes=\"(max-width: 1024px) 100vw, 1024px\" \/>\t\t\t\t\t\t\t\t\t\t\t\t\t\t<\/div>\n\t\t\t\t\t\t<\/div>\n\t\t\t\t<\/div>\n\t\t\t\t<div class=\"elementor-element elementor-element-26d8a71 elementor-widget elementor-widget-heading\" data-id=\"26d8a71\" data-element_type=\"widget\" data-widget_type=\"heading.default\">\n\t\t\t\t<div class=\"elementor-widget-container\">\n\t\t\t<h2 class=\"elementor-heading-title elementor-size-default\"><b>C<\/b><b>entro de control <\/b>de funciones<\/h2>\t\t<\/div>\n\t\t\t\t<\/div>\n\t\t\t\t<div class=\"elementor-element elementor-element-4da37b8 elementor-widget elementor-widget-text-editor\" data-id=\"4da37b8\" data-element_type=\"widget\" data-widget_type=\"text-editor.default\">\n\t\t\t\t<div class=\"elementor-widget-container\">\n\t\t\t\t\t\t\t\t<div class=\"elementor-text-editor elementor-clearfix\">\n\t\t\t\t<ol><li>Dirigir, promover y ejecutar los planes, programas, proyectos y mecanismos de acci\u00f3n territorial que contribuyan al reconocimiento de la diversidad sexual y a la protecci\u00f3n, restablecimiento, atenci\u00f3n y la garant\u00eda de los derechos del sector social LGBTIQ+ desde los enfoques interseccional, de derechos humanos y diferencial.<\/li><li>Coordinar y articular, con entidades p\u00fablicas y privadas, la gesti\u00f3n intersectorial e interinstitucional para la promoci\u00f3n de derechos y la atenci\u00f3n y ejecuci\u00f3n de programas dirigidos al sector social LGBTIQ+, que promuevan su inclusi\u00f3n social y no discriminaci\u00f3n.<\/li><li>Transversalizar el enfoque de diversidad sexual e identidades de g\u00e9nero en todos los planes, programas, proyectos, reglamentaciones e instrumentos de planeaci\u00f3n al interior de todas las dependencias de la Administraci\u00f3n Municipal.<\/li><li>Hacer el monitoreo y evaluaci\u00f3n a la Pol\u00edtica P\u00fablica para la garant\u00eda plena de derechos del sector social LGTBIQ+.<\/li><\/ol>\t\t\t\t\t<\/div>\n\t\t\t\t\t\t<\/div>\n\t\t\t\t<\/div>\n\t\t\t\t<div class=\"elementor-element elementor-element-b63c2e0 elementor-widget elementor-widget-image\" data-id=\"b63c2e0\" data-element_type=\"widget\" data-widget_type=\"image.default\">\n\t\t\t\t<div class=\"elementor-widget-container\">\n\t\t\t\t\t\t\t\t<div class=\"elementor-image\">\n\t\t\t\t\t\t\t\t\t\t\t\t<img width=\"1200\" height=\"800\" src=\"https:\/\/www.medellin.gov.co\/es\/wp-content\/uploads\/2021\/10\/funciones-de-la-gerencia-de-diversidades-sexuales.jpg\" class=\"attachment-full size-full\" alt=\"Funciones de la gerencia de diversidades sexuales\" loading=\"lazy\" srcset=\"https:\/\/www.medellin.gov.co\/es\/wp-content\/uploads\/2021\/10\/funciones-de-la-gerencia-de-diversidades-sexuales.jpg 1200w, https:\/\/www.medellin.gov.co\/es\/wp-content\/uploads\/2021\/10\/funciones-de-la-gerencia-de-diversidades-sexuales-300x200.jpg 300w, https:\/\/www.medellin.gov.co\/es\/wp-content\/uploads\/2021\/10\/funciones-de-la-gerencia-de-diversidades-sexuales-1024x683.jpg 1024w, https:\/\/www.medellin.gov.co\/es\/wp-content\/uploads\/2021\/10\/funciones-de-la-gerencia-de-diversidades-sexuales-150x100.jpg 150w, https:\/\/www.medellin.gov.co\/es\/wp-content\/uploads\/2021\/10\/funciones-de-la-gerencia-de-diversidades-sexuales-768x512.jpg 768w\" sizes=\"(max-width: 1200px) 100vw, 1200px\" \/>\t\t\t\t\t\t\t\t\t\t\t\t\t\t<\/div>\n\t\t\t\t\t\t<\/div>\n\t\t\t\t<\/div>\n\t\t\t\t<div class=\"elementor-element elementor-element-3612f1d elementor-widget elementor-widget-text-editor\" data-id=\"3612f1d\" data-element_type=\"widget\" data-widget_type=\"text-editor.default\">\n\t\t\t\t<div class=\"elementor-widget-container\">\n\t\t\t\t\t\t\t\t<div class=\"elementor-text-editor elementor-clearfix\">\n\t\t\t\t<ol start=\"5\"><li>Generar procesos de transformaci\u00f3n de imaginarios culturales que posibiliten el reconocimiento y el respeto de la diferencia, la identidad cultural y el libre desarrollo de la personalidad, para una vida libre de violencias y de discriminaci\u00f3n por identidad de g\u00e9nero y orientaci\u00f3n sexual.<\/li><li>Impulsar procesos de investigaci\u00f3n, realizaci\u00f3n de caracterizaciones y diagn\u00f3sticos de las realidades del sector social LGBTIQ+ con el fin de establecer condiciones de vida e implementar alternativas de soluciones.<\/li><li>Impulsar la creaci\u00f3n de pol\u00edticas p\u00fablicas que garanticen a la poblaci\u00f3n diversa sexual LGBTIQ+, los derechos humanos, econ\u00f3micos, sociales, civiles y pol\u00edticos b\u00e1sicos que establecen la constituci\u00f3n y las leyes.<\/li><li>Promover la creaci\u00f3n de servicios y espacios libres de homo, lesbo o transfobia, y de cualquier forma de discriminaci\u00f3n por orientaci\u00f3n sexual e identidad de g\u00e9nero, en los que todas las personas sean tratadas con igual dignidad y respeto.<\/li><li>Apoyar, promover y fortalecer los procesos e iniciativas de los grupos y organizaciones de los sectores sociales LGBTIQ+ con el fin de potenciar su incidencia pol\u00edtica y su consolidaci\u00f3n como movimiento social.<\/li><li>Generar procesos de formaci\u00f3n, capacitaci\u00f3n y difusi\u00f3n sobre los derechos de personas LGBTIQ+ dirigidos a funcionarios de la Administraci\u00f3n, instituciones educativas, sector empresarial y la sociedad en general.<\/li><\/ol>\t\t\t\t\t<\/div>\n\t\t\t\t\t\t<\/div>\n\t\t\t\t<\/div>\n\t\t\t\t<div class=\"elementor-element elementor-element-72cb1ce elementor-widget elementor-widget-image\" data-id=\"72cb1ce\" data-element_type=\"widget\" data-widget_type=\"image.default\">\n\t\t\t\t<div class=\"elementor-widget-container\">\n\t\t\t\t\t\t\t\t<div class=\"elementor-image\">\n\t\t\t\t\t\t\t\t\t\t\t\t<img width=\"1024\" height=\"682\" src=\"https:\/\/www.medellin.gov.co\/es\/wp-content\/uploads\/2021\/10\/colectivo-de-diversidad-sexual-en-medellin.jpg\" class=\"attachment-full size-full\" alt=\"Colectivo de diversidad sexual en Medell\u00edn\" loading=\"lazy\" srcset=\"https:\/\/www.medellin.gov.co\/es\/wp-content\/uploads\/2021\/10\/colectivo-de-diversidad-sexual-en-medellin.jpg 1024w, https:\/\/www.medellin.gov.co\/es\/wp-content\/uploads\/2021\/10\/colectivo-de-diversidad-sexual-en-medellin-300x200.jpg 300w, https:\/\/www.medellin.gov.co\/es\/wp-content\/uploads\/2021\/10\/colectivo-de-diversidad-sexual-en-medellin-150x100.jpg 150w, https:\/\/www.medellin.gov.co\/es\/wp-content\/uploads\/2021\/10\/colectivo-de-diversidad-sexual-en-medellin-768x512.jpg 768w\" sizes=\"(max-width: 1024px) 100vw, 1024px\" \/>\t\t\t\t\t\t\t\t\t\t\t\t\t\t<\/div>\n\t\t\t\t\t\t<\/div>\n\t\t\t\t<\/div>\n\t\t\t\t<div class=\"elementor-element elementor-element-c4bd13a elementor-widget elementor-widget-text-editor\" data-id=\"c4bd13a\" data-element_type=\"widget\" data-widget_type=\"text-editor.default\">\n\t\t\t\t<div class=\"elementor-widget-container\">\n\t\t\t\t\t\t\t\t<div class=\"elementor-text-editor elementor-clearfix\">\n\t\t\t\t<ol start=\"11\"><li>Coordinar, con la Secretar\u00eda de Suministros y Servicios, la realizaci\u00f3n de los contratos necesarios para obtener los bienes y servicios requeridos y ejercer la supervisi\u00f3n t\u00e9cnica de los mismos.<\/li><li>Implementar y ejecutar las pol\u00edticas y directrices que orienten los procesos de apoyo.<\/li><li>Implementar y ejecutar las pol\u00edticas y directrices que establezca la Secretar\u00eda de Gesti\u00f3n Humana y Servicio a la Ciudadan\u00eda en materia de gesti\u00f3n de tr\u00e1mites, procedimientos administrativos, peticiones, quejas, reclamos y sugerencias.<\/li><li>Implementar y ejecutar las pol\u00edticas y directrices que orienten el Plan de Ordenamiento Territorial en el \u00e1mbito de sus funciones.<\/li><li>Implementar, mantener y mejorar el Sistema Integral de Gesti\u00f3n para los procesos que dirige o participa, de acuerdo con las directrices definidas por la entidad.<\/li><\/ol>\t\t\t\t\t<\/div>\n\t\t\t\t\t\t<\/div>\n\t\t\t\t<\/div>\n\t\t\t\t<div class=\"elementor-element elementor-element-fee5807 elementor-widget elementor-widget-heading\" data-id=\"fee5807\" data-element_type=\"widget\" data-widget_type=\"heading.default\">\n\t\t\t\t<div class=\"elementor-widget-container\">\n\t\t\t<h2 class=\"elementor-heading-title elementor-size-default\"><b>Proyectos de la Gerencia<\/b> de Diversidades Sexuales e Identidad de G\u00e9nero<\/h2>\t\t<\/div>\n\t\t\t\t<\/div>\n\t\t\t\t<div class=\"elementor-element elementor-element-01aa48c elementor-widget elementor-widget-image\" data-id=\"01aa48c\" data-element_type=\"widget\" data-widget_type=\"image.default\">\n\t\t\t\t<div class=\"elementor-widget-container\">\n\t\t\t\t\t\t\t\t<div class=\"elementor-image\">\n\t\t\t\t\t\t\t\t\t\t\t\t<img width=\"1024\" height=\"683\" src=\"https:\/\/www.medellin.gov.co\/es\/wp-content\/uploads\/2021\/10\/personas-diversidad.jpg\" class=\"attachment-full size-full\" alt=\"Personas diversidad\" loading=\"lazy\" srcset=\"https:\/\/www.medellin.gov.co\/es\/wp-content\/uploads\/2021\/10\/personas-diversidad.jpg 1024w, https:\/\/www.medellin.gov.co\/es\/wp-content\/uploads\/2021\/10\/personas-diversidad-300x200.jpg 300w, https:\/\/www.medellin.gov.co\/es\/wp-content\/uploads\/2021\/10\/personas-diversidad-150x100.jpg 150w, https:\/\/www.medellin.gov.co\/es\/wp-content\/uploads\/2021\/10\/personas-diversidad-768x512.jpg 768w\" sizes=\"(max-width: 1024px) 100vw, 1024px\" \/>\t\t\t\t\t\t\t\t\t\t\t\t\t\t<\/div>\n\t\t\t\t\t\t<\/div>\n\t\t\t\t<\/div>\n\t\t\t\t<div class=\"elementor-element elementor-element-2f47b8d elementor-widget elementor-widget-text-editor\" data-id=\"2f47b8d\" data-element_type=\"widget\" data-widget_type=\"text-editor.default\">\n\t\t\t\t<div class=\"elementor-widget-container\">\n\t\t\t\t\t\t\t\t<div class=\"elementor-text-editor elementor-clearfix\">\n\t\t\t\t<p>En la actualidad, la Gerencia de Diversidades Sexuales e Identidades de G\u00e9nero desarrolla dos proyectos:<\/p>\t\t\t\t\t<\/div>\n\t\t\t\t\t\t<\/div>\n\t\t\t\t<\/div>\n\t\t\t\t<div class=\"elementor-element elementor-element-7348e11 elementor-widget elementor-widget-text-editor\" data-id=\"7348e11\" data-element_type=\"widget\" data-widget_type=\"text-editor.default\">\n\t\t\t\t<div class=\"elementor-widget-container\">\n\t\t\t\t\t\t\t\t<div class=\"elementor-text-editor elementor-clearfix\">\n\t\t\t\t<ul><li><p>Desarrollo de acciones para el reconocimiento y dignificaci\u00f3n de las personas con orientaciones sexuales, identidades y expresiones de g\u00e9nero diversas.<\/p><\/li><li><p>Actualizaci\u00f3n, implementaci\u00f3n y seguimiento de la Pol\u00edtica P\u00fablica para la garant\u00eda de derechos de las personas con orientaciones sexuales, identidades y expresiones de g\u00e9nero diversas.<\/p><p>\u00a0<\/p><p>\u00a0<\/p><\/li><\/ul>\t\t\t\t\t<\/div>\n\t\t\t\t\t\t<\/div>\n\t\t\t\t<\/div>\n\t\t\t\t<div class=\"elementor-element elementor-element-1adc8eb elementor-widget elementor-widget-heading\" data-id=\"1adc8eb\" data-element_type=\"widget\" id=\"composicion\" data-widget_type=\"heading.default\">\n\t\t\t\t<div class=\"elementor-widget-container\">\n\t\t\t<h2 class=\"elementor-heading-title elementor-size-default\"><b>Composici\u00f3n<\/b> de la Gerencia<\/h2>\t\t<\/div>\n\t\t\t\t<\/div>\n\t\t\t\t<div class=\"elementor-element elementor-element-bb664f4 elementor-widget elementor-widget-text-editor\" data-id=\"bb664f4\" data-element_type=\"widget\" data-widget_type=\"text-editor.default\">\n\t\t\t\t<div class=\"elementor-widget-container\">\n\t\t\t\t\t\t\t\t<div class=\"elementor-text-editor elementor-clearfix\">\n\t\t\t\t<p>La Gerencia de Diversidades Sexuales e Identidades de G\u00e9nero tiene la siguiente estructura administrativa:<\/p>\t\t\t\t\t<\/div>\n\t\t\t\t\t\t<\/div>\n\t\t\t\t<\/div>\n\t\t\t\t<section class=\"elementor-section elementor-inner-section elementor-element elementor-element-30640f1 elementor-section-boxed elementor-section-height-default elementor-section-height-default\" data-id=\"30640f1\" data-element_type=\"section\">\n\t\t\t\t\t\t<div class=\"elementor-container elementor-column-gap-default\">\n\t\t\t\t\t\t\t<div class=\"elementor-row\">\n\t\t\t\t\t<div class=\"elementor-column elementor-col-50 elementor-inner-column elementor-element elementor-element-ae3a2d5\" data-id=\"ae3a2d5\" data-element_type=\"column\">\n\t\t\t<div class=\"elementor-column-wrap elementor-element-populated\">\n\t\t\t\t\t\t\t<div class=\"elementor-widget-wrap\">\n\t\t\t\t\t\t<div class=\"elementor-element elementor-element-abb04b8 elementor-widget elementor-widget-heading\" data-id=\"abb04b8\" data-element_type=\"widget\" data-widget_type=\"heading.default\">\n\t\t\t\t<div class=\"elementor-widget-container\">\n\t\t\t<h3 class=\"elementor-heading-title elementor-size-default\">Despacho de la Gerencia<\/h3>\t\t<\/div>\n\t\t\t\t<\/div>\n\t\t\t\t<div class=\"elementor-element elementor-element-9e2f2c0 elementor-widget elementor-widget-text-editor\" data-id=\"9e2f2c0\" data-element_type=\"widget\" data-widget_type=\"text-editor.default\">\n\t\t\t\t<div class=\"elementor-widget-container\">\n\t\t\t\t\t\t\t\t<div class=\"elementor-text-editor elementor-clearfix\">\n\t\t\t\t<p>Gerente de Diversidades Sexuales e Identidades de G\u00e9nero, <strong>Edgar Yepes Londo\u00f1o<\/strong><\/p><p>Comunicador Social-Periodista, Especialista en Alta Gerencia MBA- M\u00e1ster en Direcci\u00f3n y Administraci\u00f3n de Empresas. Quince a\u00f1os de experiencia en el sector p\u00fablico en la planeaci\u00f3n estrat\u00e9gica, articulaci\u00f3n social e institucional, coordinaci\u00f3n de equipos de trabajo y en la gesti\u00f3n de programas y proyectos que contribuyan a la calidad de vida y oportunidades para los diferentes grupos poblacionales. Adem\u00e1s, en liderar procesos de pol\u00edticas p\u00fablicas poblacionales y planes de acci\u00f3n.<\/p><p><a style=\"font-family: var( --e-global-typography-text-font-family ), Sans-serif; font-size: var( --e-global-typography-text-font-size ); font-weight: var( --e-global-typography-text-font-weight ); background-color: #ffffff;\" href=\"mailto:atencion.ciudadana@medellin.gov.co\">atencion.ciudadana@medellin.gov.co<\/a><\/p><p><strong>Direcci\u00f3n:<\/strong> Carrera 48 # 57 \u2013 21.<br \/><strong>Tel\u00e9fono:<\/strong> (4) 3855555 ext. 8479.<\/p>\t\t\t\t\t<\/div>\n\t\t\t\t\t\t<\/div>\n\t\t\t\t<\/div>\n\t\t\t\t\t\t<\/div>\n\t\t\t\t\t<\/div>\n\t\t<\/div>\n\t\t\t\t<div class=\"elementor-column elementor-col-50 elementor-inner-column elementor-element elementor-element-bad52c4\" data-id=\"bad52c4\" data-element_type=\"column\">\n\t\t\t<div class=\"elementor-column-wrap elementor-element-populated\">\n\t\t\t\t\t\t\t<div class=\"elementor-widget-wrap\">\n\t\t\t\t\t\t<div class=\"elementor-element elementor-element-6cb0094 elementor-widget elementor-widget-image\" data-id=\"6cb0094\" data-element_type=\"widget\" data-widget_type=\"image.default\">\n\t\t\t\t<div class=\"elementor-widget-container\">\n\t\t\t\t\t\t\t\t<div class=\"elementor-image\">\n\t\t\t\t\t\t\t\t\t\t\t\t<img width=\"600\" height=\"719\" src=\"https:\/\/www.medellin.gov.co\/es\/wp-content\/uploads\/2024\/01\/Edgar_Yepes_Londono.jpg\" class=\"attachment-full size-full\" alt=\"\" loading=\"lazy\" srcset=\"https:\/\/www.medellin.gov.co\/es\/wp-content\/uploads\/2024\/01\/Edgar_Yepes_Londono.jpg 600w, https:\/\/www.medellin.gov.co\/es\/wp-content\/uploads\/2024\/01\/Edgar_Yepes_Londono-250x300.jpg 250w, https:\/\/www.medellin.gov.co\/es\/wp-content\/uploads\/2024\/01\/Edgar_Yepes_Londono-125x150.jpg 125w\" sizes=\"(max-width: 600px) 100vw, 600px\" \/>\t\t\t\t\t\t\t\t\t\t\t\t\t\t<\/div>\n\t\t\t\t\t\t<\/div>\n\t\t\t\t<\/div>\n\t\t\t\t\t\t<\/div>\n\t\t\t\t\t<\/div>\n\t\t<\/div>\n\t\t\t\t\t\t\t\t<\/div>\n\t\t\t\t\t<\/div>\n\t\t<\/section>\n\t\t\t\t<div class=\"elementor-element elementor-element-77dac23 elementor-tablet-align-left elementor-mobile-align-center elementor-hidden-mobile elementor-widget elementor-widget-button\" data-id=\"77dac23\" data-element_type=\"widget\" data-widget_type=\"button.default\">\n\t\t\t\t<div class=\"elementor-widget-container\">\n\t\t\t\t\t<div class=\"elementor-button-wrapper\">\n\t\t\t<a href=\"https:\/\/www.funcionpublica.gov.co\/web\/sigep\/hdv\/-\/directorio\/S2340121-0426-4\/view\" target=\"_blank\" class=\"elementor-button-link elementor-button elementor-size-sm\" role=\"button\">\n\t\t\t\t\t\t<span class=\"elementor-button-content-wrapper\">\n\t\t\t\t\t\t<span class=\"elementor-button-text\">Hoja de vida SIGEP<\/span>\n\t\t<\/span>\n\t\t\t\t\t<\/a>\n\t\t<\/div>\n\t\t\t\t<\/div>\n\t\t\t\t<\/div>\n\t\t\t\t<div class=\"elementor-element elementor-element-81f48cb elementor-tablet-align-left elementor-mobile-align-center elementor-hidden-mobile elementor-widget elementor-widget-button\" data-id=\"81f48cb\" data-element_type=\"widget\" data-widget_type=\"button.default\">\n\t\t\t\t<div class=\"elementor-widget-container\">\n\t\t\t\t\t<div class=\"elementor-button-wrapper\">\n\t\t\t<a href=\"https:\/\/www.funcionpublica.gov.co\/fdci\/consultaCiudadana\/index\" target=\"_blank\" class=\"elementor-button-link elementor-button elementor-size-sm\" role=\"button\">\n\t\t\t\t\t\t<span class=\"elementor-button-content-wrapper\">\n\t\t\t\t\t\t<span class=\"elementor-button-text\">Declaraci\u00f3n de bienes, rentas y conflicto de intereses<\/span>\n\t\t<\/span>\n\t\t\t\t\t<\/a>\n\t\t<\/div>\n\t\t\t\t<\/div>\n\t\t\t\t<\/div>\n\t\t\t\t\t\t<\/div>\n\t\t\t\t\t<\/div>\n\t\t<\/div>\n\t\t\t\t\t\t\t\t<\/div>\n\t\t\t\t\t<\/div>\n\t\t<\/section>\n\t\t\t\t\t\t\t\t\t<\/div>\n\t\t\t<\/div>\n\t\t\t\t\t<\/div>\n\t\t","protected":false},"excerpt":{"rendered":"<p>Funciones y composici\u00f3n de la Gerencia de Diversidades Sexuales e Identidad de G\u00e9nero \u00bfQu\u00e9 hace la Gerencia de Diversidades Sexuales e Identidad de G\u00e9nero? La Gerencia de Diversidades Sexuales e Identidades de G\u00e9nero es la &#8230;<\/p>\n","protected":false},"author":1,"featured_media":21456,"parent":21486,"menu_order":5,"comment_status":"closed","ping_status":"closed","template":"sec-diversidades-sex\/elementor.php","meta":[],"acf":[],"_links":{"self":[{"href":"https:\/\/www.medellin.gov.co\/es\/wp-json\/wp\/v2\/pages\/21606"}],"collection":[{"href":"https:\/\/www.medellin.gov.co\/es\/wp-json\/wp\/v2\/pages"}],"about":[{"href":"https:\/\/www.medellin.gov.co\/es\/wp-json\/wp\/v2\/types\/page"}],"author":[{"embeddable":true,"href":"https:\/\/www.medellin.gov.co\/es\/wp-json\/wp\/v2\/users\/1"}],"replies":[{"embeddable":true,"href":"https:\/\/www.medellin.gov.co\/es\/wp-json\/wp\/v2\/comments?post=21606"}],"version-history":[{"count":10,"href":"https:\/\/www.medellin.gov.co\/es\/wp-json\/wp\/v2\/pages\/21606\/revisions"}],"predecessor-version":[{"id":518492,"href":"https:\/\/www.medellin.gov.co\/es\/wp-json\/wp\/v2\/pages\/21606\/revisions\/518492"}],"up":[{"embeddable":true,"href":"https:\/\/www.medellin.gov.co\/es\/wp-json\/wp\/v2\/pages\/21486"}],"wp:featuredmedia":[{"embeddable":true,"href":"https:\/\/www.medellin.gov.co\/es\/wp-json\/wp\/v2\/media\/21456"}],"wp:attachment":[{"href":"https:\/\/www.medellin.gov.co\/es\/wp-json\/wp\/v2\/media?parent=21606"}],"curies":[{"name":"wp","href":"https:\/\/api.w.org\/{rel}","templated":true}]}}