{"id":21608,"date":"2021-10-08T21:56:47","date_gmt":"2021-10-09T02:56:47","guid":{"rendered":"https:\/\/www.medellin.gov.co\/es\/?page_id=21608"},"modified":"2026-03-04T12:14:00","modified_gmt":"2026-03-04T17:14:00","slug":"componentes","status":"publish","type":"page","link":"https:\/\/www.medellin.gov.co\/es\/diversidades-sexualidades-e-identidad-de-genero\/componentes\/","title":{"rendered":"Componentes de la Gerencia de Diversidades Sexuales e Identidades de G\u00e9nero"},"content":{"rendered":"\t\t<div data-elementor-type=\"wp-page\" data-elementor-id=\"21608\" class=\"elementor elementor-21608\">\n\t\t\t\t\t\t<div class=\"elementor-inner\">\n\t\t\t\t<div class=\"elementor-section-wrap\">\n\t\t\t\t\t\t\t\t\t<section class=\"elementor-section elementor-top-section elementor-element elementor-element-7ac13b57 elementor-section-boxed elementor-section-height-default elementor-section-height-default\" data-id=\"7ac13b57\" data-element_type=\"section\">\n\t\t\t\t\t\t<div class=\"elementor-container elementor-column-gap-default\">\n\t\t\t\t\t\t\t<div class=\"elementor-row\">\n\t\t\t\t\t<div class=\"elementor-column elementor-col-100 elementor-top-column elementor-element elementor-element-a859a42\" data-id=\"a859a42\" data-element_type=\"column\">\n\t\t\t<div class=\"elementor-column-wrap elementor-element-populated\">\n\t\t\t\t\t\t\t<div class=\"elementor-widget-wrap\">\n\t\t\t\t\t\t<div class=\"elementor-element elementor-element-7d1fa95e elementor-widget elementor-widget-heading\" data-id=\"7d1fa95e\" data-element_type=\"widget\" data-widget_type=\"heading.default\">\n\t\t\t\t<div class=\"elementor-widget-container\">\n\t\t\t<h1 class=\"elementor-heading-title elementor-size-default\">Componentes de la Gerencia de Diversidades Sexuales e Identidades de G\u00e9nero<\/h1>\t\t<\/div>\n\t\t\t\t<\/div>\n\t\t\t\t<div class=\"elementor-element elementor-element-d041472 elementor-widget elementor-widget-text-editor\" data-id=\"d041472\" data-element_type=\"widget\" data-widget_type=\"text-editor.default\">\n\t\t\t\t<div class=\"elementor-widget-container\">\n\t\t\t\t\t\t\t\t<div class=\"elementor-text-editor elementor-clearfix\">\n\t\t\t\t<p>La Gerencia de Diversidades Sexuales e Identidades de G\u00e9nero, cuenta con estrategias territoriales que buscan la generaci\u00f3n de conciencia y cultura ciudadana para continuar en el tr\u00e1nsito hacia una Medell\u00edn que reconoce, protege y respeta la diversidad y promueva el ejercicio de derechos de las personas con Orientaciones Sexuales, Identidades y Expresiones de G\u00e9nero no hegem\u00f3nicas.<\/p>\t\t\t\t\t<\/div>\n\t\t\t\t\t\t<\/div>\n\t\t\t\t<\/div>\n\t\t\t\t<div class=\"elementor-element elementor-element-e918364 elementor-widget elementor-widget-heading\" data-id=\"e918364\" data-element_type=\"widget\" id=\"pedagogico\" data-widget_type=\"heading.default\">\n\t\t\t\t<div class=\"elementor-widget-container\">\n\t\t\t<h2 class=\"elementor-heading-title elementor-size-default\"><b>Entornos<\/b> que protegen la diversidad<\/h2>\t\t<\/div>\n\t\t\t\t<\/div>\n\t\t\t\t<div class=\"elementor-element elementor-element-799c9d8 elementor-widget elementor-widget-image\" data-id=\"799c9d8\" data-element_type=\"widget\" data-widget_type=\"image.default\">\n\t\t\t\t<div class=\"elementor-widget-container\">\n\t\t\t\t\t\t\t\t<div class=\"elementor-image\">\n\t\t\t\t\t\t\t\t\t\t\t\t<img width=\"1024\" height=\"683\" src=\"https:\/\/www.medellin.gov.co\/es\/wp-content\/uploads\/2021\/10\/interaccion-de-los-miembros-de-la-comunidad-lgbti.jpg\" class=\"attachment-full size-full\" alt=\"Interacci\u00f3n de los miembros de la comunidad LGBTI\" loading=\"lazy\" srcset=\"https:\/\/www.medellin.gov.co\/es\/wp-content\/uploads\/2021\/10\/interaccion-de-los-miembros-de-la-comunidad-lgbti.jpg 1024w, https:\/\/www.medellin.gov.co\/es\/wp-content\/uploads\/2021\/10\/interaccion-de-los-miembros-de-la-comunidad-lgbti-300x200.jpg 300w, https:\/\/www.medellin.gov.co\/es\/wp-content\/uploads\/2021\/10\/interaccion-de-los-miembros-de-la-comunidad-lgbti-150x100.jpg 150w, https:\/\/www.medellin.gov.co\/es\/wp-content\/uploads\/2021\/10\/interaccion-de-los-miembros-de-la-comunidad-lgbti-768x512.jpg 768w\" sizes=\"(max-width: 1024px) 100vw, 1024px\" \/>\t\t\t\t\t\t\t\t\t\t\t\t\t\t<\/div>\n\t\t\t\t\t\t<\/div>\n\t\t\t\t<\/div>\n\t\t\t\t<div class=\"elementor-element elementor-element-c4f9de8 elementor-widget elementor-widget-text-editor\" data-id=\"c4f9de8\" data-element_type=\"widget\" data-widget_type=\"text-editor.default\">\n\t\t\t\t<div class=\"elementor-widget-container\">\n\t\t\t\t\t\t\t\t<div class=\"elementor-text-editor elementor-clearfix\">\n\t\t\t\t<p>Desarrolla acciones para la planeaci\u00f3n, implementaci\u00f3n y seguimiento de las estrategias y l\u00edneas de acci\u00f3n de la Pol\u00edtica P\u00fablica, aportando a la eliminaci\u00f3n de barreras a partir de su fortalecimiento en redes e instancias para la participaci\u00f3n territorial.<\/p>\t\t\t\t\t<\/div>\n\t\t\t\t\t\t<\/div>\n\t\t\t\t<\/div>\n\t\t\t\t<div class=\"elementor-element elementor-element-2afd041 elementor-widget elementor-widget-heading\" data-id=\"2afd041\" data-element_type=\"widget\" data-widget_type=\"heading.default\">\n\t\t\t\t<div class=\"elementor-widget-container\">\n\t\t\t<h3 class=\"elementor-heading-title elementor-size-default\">Fortalecimiento a Mesas y Colectivas<\/h3>\t\t<\/div>\n\t\t\t\t<\/div>\n\t\t\t\t<div class=\"elementor-element elementor-element-3475125 elementor-widget elementor-widget-text-editor\" data-id=\"3475125\" data-element_type=\"widget\" data-widget_type=\"text-editor.default\">\n\t\t\t\t<div class=\"elementor-widget-container\">\n\t\t\t\t\t\t\t\t<div class=\"elementor-text-editor elementor-clearfix\">\n\t\t\t\t<p>Acompa\u00f1amiento a las organizaciones sociales que inciden en el territorio para promover los derechos de las personas con orientaciones sexuales, identidades y expresiones de g\u00e9nero no hegem\u00f3nicas del Distrito. El objetivo es fortalecer sus agendas sociales y sus estrategias de incidencia territorial a trav\u00e9s de las siguientes acciones:<\/p><ul><li>Acompa\u00f1amiento para el fortalecimiento del trabajo colectivo y la incidencia territorial.<\/li><li>Procesos de formaci\u00f3n.<\/li><li>Encuentros de saberes e intercambio de experiencias.<\/li><\/ul><p>Convocatorias para el fortalecimiento de los procesos colectivos.<\/p>\t\t\t\t\t<\/div>\n\t\t\t\t\t\t<\/div>\n\t\t\t\t<\/div>\n\t\t\t\t<div class=\"elementor-element elementor-element-01ea871 elementor-widget elementor-widget-heading\" data-id=\"01ea871\" data-element_type=\"widget\" data-widget_type=\"heading.default\">\n\t\t\t\t<div class=\"elementor-widget-container\">\n\t\t\t<h3 class=\"elementor-heading-title elementor-size-default\">Procesos Formativos sobre el Enfoque de Orientaciones Sexuales, Identidades y Expresiones de G\u00e9nero no Hegem\u00f3nicas<\/h3>\t\t<\/div>\n\t\t\t\t<\/div>\n\t\t\t\t<div class=\"elementor-element elementor-element-5c30e87 elementor-widget elementor-widget-text-editor\" data-id=\"5c30e87\" data-element_type=\"widget\" data-widget_type=\"text-editor.default\">\n\t\t\t\t<div class=\"elementor-widget-container\">\n\t\t\t\t\t\t\t\t<div class=\"elementor-text-editor elementor-clearfix\">\n\t\t\t\t<p>Estos procesos de formaci\u00f3n, dirigidos a entidades p\u00fablicas y privadas del Distrito, se centran en los siguientes puntos claves:<\/p><ul><li><strong>Fundamentos:<\/strong> profundiza en los conceptos esenciales de las diversidades sexuales, de g\u00e9nero y corporales.<\/li><li><strong>Identificaci\u00f3n de prejuicios:<\/strong> capacita a las personas para reconocer e identificar los estereotipos y prejuicios que pueden desencadenar violencias y vulnerar los derechos humanos.<\/li><li><strong>Marco normativo:<\/strong> presenta el marco legal y normativo vigente para la protecci\u00f3n y garant\u00eda de los derechos.<\/li><\/ul>\t\t\t\t\t<\/div>\n\t\t\t\t\t\t<\/div>\n\t\t\t\t<\/div>\n\t\t\t\t<div class=\"elementor-element elementor-element-a91e6ea elementor-widget elementor-widget-heading\" data-id=\"a91e6ea\" data-element_type=\"widget\" id=\"movilizacion\" data-widget_type=\"heading.default\">\n\t\t\t\t<div class=\"elementor-widget-container\">\n\t\t\t<h2 class=\"elementor-heading-title elementor-size-default\"><b>Estrategias <\/b> para vivir la diversidad <\/h2>\t\t<\/div>\n\t\t\t\t<\/div>\n\t\t\t\t<div class=\"elementor-element elementor-element-9a0515b elementor-widget elementor-widget-image\" data-id=\"9a0515b\" data-element_type=\"widget\" data-widget_type=\"image.default\">\n\t\t\t\t<div class=\"elementor-widget-container\">\n\t\t\t\t\t\t\t\t<div class=\"elementor-image\">\n\t\t\t\t\t\t\t\t\t\t\t\t<img width=\"1024\" height=\"683\" src=\"https:\/\/www.medellin.gov.co\/es\/wp-content\/uploads\/2021\/10\/personas-diversidad.jpg\" class=\"attachment-full size-full\" alt=\"Personas diversidad\" loading=\"lazy\" srcset=\"https:\/\/www.medellin.gov.co\/es\/wp-content\/uploads\/2021\/10\/personas-diversidad.jpg 1024w, https:\/\/www.medellin.gov.co\/es\/wp-content\/uploads\/2021\/10\/personas-diversidad-300x200.jpg 300w, https:\/\/www.medellin.gov.co\/es\/wp-content\/uploads\/2021\/10\/personas-diversidad-150x100.jpg 150w, https:\/\/www.medellin.gov.co\/es\/wp-content\/uploads\/2021\/10\/personas-diversidad-768x512.jpg 768w\" sizes=\"(max-width: 1024px) 100vw, 1024px\" \/>\t\t\t\t\t\t\t\t\t\t\t\t\t\t<\/div>\n\t\t\t\t\t\t<\/div>\n\t\t\t\t<\/div>\n\t\t\t\t<div class=\"elementor-element elementor-element-ff7742e elementor-widget elementor-widget-text-editor\" data-id=\"ff7742e\" data-element_type=\"widget\" data-widget_type=\"text-editor.default\">\n\t\t\t\t<div class=\"elementor-widget-container\">\n\t\t\t\t\t\t\t\t<div class=\"elementor-text-editor elementor-clearfix\">\n\t\t\t\t<p>Desarrollar e Implementar estrategias territoriales para las personas con orientaciones sexuales, identidades y expresiones de g\u00e9nero no hegem\u00f3nicas del Distrito de Medell\u00edn para que se viva la diversidad desde el cuidado, el reconocimiento y el respeto promoviendo entornos protectores y no expulsores ya sea en la familia, comunidad educativa o entorno social.<\/p>\t\t\t\t\t<\/div>\n\t\t\t\t\t\t<\/div>\n\t\t\t\t<\/div>\n\t\t\t\t<div class=\"elementor-element elementor-element-3123264 elementor-widget elementor-widget-heading\" data-id=\"3123264\" data-element_type=\"widget\" data-widget_type=\"heading.default\">\n\t\t\t\t<div class=\"elementor-widget-container\">\n\t\t\t<h3 class=\"elementor-heading-title elementor-size-default\">Acompa\u00f1amiento Familiar <\/h3>\t\t<\/div>\n\t\t\t\t<\/div>\n\t\t\t\t<div class=\"elementor-element elementor-element-ecfec56 elementor-widget elementor-widget-text-editor\" data-id=\"ecfec56\" data-element_type=\"widget\" data-widget_type=\"text-editor.default\">\n\t\t\t\t<div class=\"elementor-widget-container\">\n\t\t\t\t\t\t\t\t<div class=\"elementor-text-editor elementor-clearfix\">\n\t\t\t\t<p>Estrategia orientada a fortalecer los v\u00ednculos familiares y redes de apoyo como entornos para la protecci\u00f3n, la garant\u00eda y el cuidado de las personas con orientaciones sexuales, identidades y expresiones de g\u00e9nero no hegem\u00f3nicas y sus derechos, disminuyendo de esta manera los entornos expulsores, factores de riesgo y niveles de vulnerabilidad. Este acompa\u00f1amiento se realiza con profesionales psicosociales en el lugar de residencia o en la sede de la Gerencia.<\/p>\t\t\t\t\t<\/div>\n\t\t\t\t\t\t<\/div>\n\t\t\t\t<\/div>\n\t\t\t\t<div class=\"elementor-element elementor-element-acaf919 elementor-widget elementor-widget-heading\" data-id=\"acaf919\" data-element_type=\"widget\" data-widget_type=\"heading.default\">\n\t\t\t\t<div class=\"elementor-widget-container\">\n\t\t\t<h3 class=\"elementor-heading-title elementor-size-default\">Escuela como Entorno para la Protecci\u00f3n y el Cuidado<\/h3>\t\t<\/div>\n\t\t\t\t<\/div>\n\t\t\t\t<div class=\"elementor-element elementor-element-847e1e5 elementor-widget elementor-widget-text-editor\" data-id=\"847e1e5\" data-element_type=\"widget\" data-widget_type=\"text-editor.default\">\n\t\t\t\t<div class=\"elementor-widget-container\">\n\t\t\t\t\t\t\t\t<div class=\"elementor-text-editor elementor-clearfix\">\n\t\t\t\t<p>Proporciona herramientas que permitan el reconocimiento, la protecci\u00f3n y el respeto de las personas con orientaciones sexuales, identidades y expresiones de g\u00e9nero no hegem\u00f3nicas dentro del entorno educativo, con un enfoque en su bienestar y desarrollo integral.<\/p>\t\t\t\t\t<\/div>\n\t\t\t\t\t\t<\/div>\n\t\t\t\t<\/div>\n\t\t\t\t<div class=\"elementor-element elementor-element-2a5189e elementor-widget elementor-widget-heading\" data-id=\"2a5189e\" data-element_type=\"widget\" data-widget_type=\"heading.default\">\n\t\t\t\t<div class=\"elementor-widget-container\">\n\t\t\t<h3 class=\"elementor-heading-title elementor-size-default\">Desarrollo Humano y Proyecto de Vida<\/h3>\t\t<\/div>\n\t\t\t\t<\/div>\n\t\t\t\t<div class=\"elementor-element elementor-element-a076157 elementor-widget elementor-widget-text-editor\" data-id=\"a076157\" data-element_type=\"widget\" data-widget_type=\"text-editor.default\">\n\t\t\t\t<div class=\"elementor-widget-container\">\n\t\t\t\t\t\t\t\t<div class=\"elementor-text-editor elementor-clearfix\">\n\t\t\t\t<p>Proporciona herramientas que permitan el reconocimiento, la protecci\u00f3n y el respeto de las personas con orientaciones sexuales, identidades y expresiones de g\u00e9nero no hegem\u00f3nicas dentro del entorno educativo, con un enfoque en su bienestar y desarrollo integral.<\/p>\t\t\t\t\t<\/div>\n\t\t\t\t\t\t<\/div>\n\t\t\t\t<\/div>\n\t\t\t\t<div class=\"elementor-element elementor-element-432273b elementor-widget elementor-widget-heading\" data-id=\"432273b\" data-element_type=\"widget\" data-widget_type=\"heading.default\">\n\t\t\t\t<div class=\"elementor-widget-container\">\n\t\t\t<h3 class=\"elementor-heading-title elementor-size-default\">Formar para Emprender<\/h3>\t\t<\/div>\n\t\t\t\t<\/div>\n\t\t\t\t<div class=\"elementor-element elementor-element-ec4907e elementor-widget elementor-widget-text-editor\" data-id=\"ec4907e\" data-element_type=\"widget\" data-widget_type=\"text-editor.default\">\n\t\t\t\t<div class=\"elementor-widget-container\">\n\t\t\t\t\t\t\t\t<div class=\"elementor-text-editor elementor-clearfix\">\n\t\t\t\t<p>Este proceso de formaci\u00f3n est\u00e1 dise\u00f1ado para desarrollar ideas de negocio e identificar las oportunidades para su implementaci\u00f3n y crecimiento. A trav\u00e9s de un enfoque pr\u00e1ctico, se brindan los conocimientos esenciales sobre el ecosistema del emprendimiento, se potencializan las habilidades creativas y pr\u00e1cticas de las personas emprendedoras y se fomenta la creaci\u00f3n de alianzas estrat\u00e9gicas para realizaci\u00f3n de sus proyectos.<\/p>\t\t\t\t\t<\/div>\n\t\t\t\t\t\t<\/div>\n\t\t\t\t<\/div>\n\t\t\t\t<div class=\"elementor-element elementor-element-c4ea2ca elementor-widget elementor-widget-image\" data-id=\"c4ea2ca\" data-element_type=\"widget\" data-widget_type=\"image.default\">\n\t\t\t\t<div class=\"elementor-widget-container\">\n\t\t\t\t\t\t\t\t<div class=\"elementor-image\">\n\t\t\t\t\t\t\t\t\t\t\t\t<img width=\"1200\" height=\"710\" src=\"https:\/\/www.medellin.gov.co\/es\/wp-content\/uploads\/2024\/10\/Marcha-de-inclusion-mundial-se-reune-en-medellin-4.jpg\" class=\"attachment-full size-full\" alt=\"gerente de Diversidades Sexuales e Identidades de G\u00e9nero, \u00c9dgar Yepes Londo\u00f1o\" loading=\"lazy\" srcset=\"https:\/\/www.medellin.gov.co\/es\/wp-content\/uploads\/2024\/10\/Marcha-de-inclusion-mundial-se-reune-en-medellin-4.jpg 1200w, https:\/\/www.medellin.gov.co\/es\/wp-content\/uploads\/2024\/10\/Marcha-de-inclusion-mundial-se-reune-en-medellin-4-300x178.jpg 300w, https:\/\/www.medellin.gov.co\/es\/wp-content\/uploads\/2024\/10\/Marcha-de-inclusion-mundial-se-reune-en-medellin-4-1024x606.jpg 1024w, https:\/\/www.medellin.gov.co\/es\/wp-content\/uploads\/2024\/10\/Marcha-de-inclusion-mundial-se-reune-en-medellin-4-150x89.jpg 150w, https:\/\/www.medellin.gov.co\/es\/wp-content\/uploads\/2024\/10\/Marcha-de-inclusion-mundial-se-reune-en-medellin-4-768x454.jpg 768w\" sizes=\"(max-width: 1200px) 100vw, 1200px\" \/>\t\t\t\t\t\t\t\t\t\t\t\t\t\t<\/div>\n\t\t\t\t\t\t<\/div>\n\t\t\t\t<\/div>\n\t\t\t\t<div class=\"elementor-element elementor-element-a3f325d elementor-widget elementor-widget-heading\" data-id=\"a3f325d\" data-element_type=\"widget\" data-widget_type=\"heading.default\">\n\t\t\t\t<div class=\"elementor-widget-container\">\n\t\t\t<h3 class=\"elementor-heading-title elementor-size-default\">Acompa\u00f1amiento para el Aprendizaje Aut\u00f3nomo <\/h3>\t\t<\/div>\n\t\t\t\t<\/div>\n\t\t\t\t<div class=\"elementor-element elementor-element-720bd08 elementor-widget elementor-widget-text-editor\" data-id=\"720bd08\" data-element_type=\"widget\" data-widget_type=\"text-editor.default\">\n\t\t\t\t<div class=\"elementor-widget-container\">\n\t\t\t\t\t\t\t\t<div class=\"elementor-text-editor elementor-clearfix\">\n\t\t\t\t<p>Esta estrategia brinda a personas con orientaciones sexuales, identidades y expresiones de g\u00e9nero no hegem\u00f3nicas, la oportunidad de culminar su educaci\u00f3n secundaria. A trav\u00e9s de un proceso de formaci\u00f3n, se desarrollan las competencias necesarias para lograr el puntaje requerido en las pruebas ICFES para obtener el t\u00edtulo de bachiller acad\u00e9mico. De esta mera se posibilita el acceso a oportunidades de educaci\u00f3n superior y empleo formal, impulsando as\u00ed el desarrollo humano y el proyecto de vida.<\/p>\t\t\t\t\t<\/div>\n\t\t\t\t\t\t<\/div>\n\t\t\t\t<\/div>\n\t\t\t\t<div class=\"elementor-element elementor-element-1ccebff elementor-widget elementor-widget-heading\" data-id=\"1ccebff\" data-element_type=\"widget\" data-widget_type=\"heading.default\">\n\t\t\t\t<div class=\"elementor-widget-container\">\n\t\t\t<h3 class=\"elementor-heading-title elementor-size-default\">CreSer<\/h3>\t\t<\/div>\n\t\t\t\t<\/div>\n\t\t\t\t<div class=\"elementor-element elementor-element-12bf7b6 elementor-widget elementor-widget-text-editor\" data-id=\"12bf7b6\" data-element_type=\"widget\" data-widget_type=\"text-editor.default\">\n\t\t\t\t<div class=\"elementor-widget-container\">\n\t\t\t\t\t\t\t\t<div class=\"elementor-text-editor elementor-clearfix\">\n\t\t\t\t<p>Busca fortalecer las capacidades art\u00edsticas y promover el talento de las personas con orientaciones sexuales, identidades y expresiones de g\u00e9nero no hegem\u00f3nicas. A trav\u00e9s del arte, se fomenta la inclusi\u00f3n, el reconocimiento y la dignificaci\u00f3n. <strong>CreSer<\/strong> es un espacio de formaci\u00f3n, donde el arte se convierte en una herramienta fundamental para el desarrollo humano y la construcci\u00f3n de un proyecto de vida.<\/p>\t\t\t\t\t<\/div>\n\t\t\t\t\t\t<\/div>\n\t\t\t\t<\/div>\n\t\t\t\t<div class=\"elementor-element elementor-element-3b9735e elementor-widget elementor-widget-heading\" data-id=\"3b9735e\" data-element_type=\"widget\" data-widget_type=\"heading.default\">\n\t\t\t\t<div class=\"elementor-widget-container\">\n\t\t\t<h3 class=\"elementor-heading-title elementor-size-default\">Habilidades para la vida y la empleabilidad<\/h3>\t\t<\/div>\n\t\t\t\t<\/div>\n\t\t\t\t<div class=\"elementor-element elementor-element-00d8061 elementor-widget elementor-widget-text-editor\" data-id=\"00d8061\" data-element_type=\"widget\" data-widget_type=\"text-editor.default\">\n\t\t\t\t<div class=\"elementor-widget-container\">\n\t\t\t\t\t\t\t\t<div class=\"elementor-text-editor elementor-clearfix\">\n\t\t\t\t<p>Estrategia que busca fortalecer las competencias esenciales y habilidades de las personas con orientaciones sexuales, identidades y expresiones de g\u00e9nero no hegem\u00f3nicas, a trav\u00e9s de herramientas y metodolog\u00edas que promuevan el crecimiento personal y la preparaci\u00f3n para las oportunidades tanto en el \u00e1mbito personal como en el laboral.<\/p>\t\t\t\t\t<\/div>\n\t\t\t\t\t\t<\/div>\n\t\t\t\t<\/div>\n\t\t\t\t<div class=\"elementor-element elementor-element-0d4a59c elementor-widget elementor-widget-heading\" data-id=\"0d4a59c\" data-element_type=\"widget\" data-widget_type=\"heading.default\">\n\t\t\t\t<div class=\"elementor-widget-container\">\n\t\t\t<h3 class=\"elementor-heading-title elementor-size-default\">Red Aliades<\/h3>\t\t<\/div>\n\t\t\t\t<\/div>\n\t\t\t\t<div class=\"elementor-element elementor-element-90bf21d elementor-widget elementor-widget-text-editor\" data-id=\"90bf21d\" data-element_type=\"widget\" data-widget_type=\"text-editor.default\">\n\t\t\t\t<div class=\"elementor-widget-container\">\n\t\t\t\t\t\t\t\t<div class=\"elementor-text-editor elementor-clearfix\">\n\t\t\t\t<p>Esta iniciativa busca dar visibilidad a los emprendimientos de personas con orientaciones sexuales, identidades y expresiones de g\u00e9nero no hegem\u00f3nicas, fortaleciendo el ecosistema emprendedor a trav\u00e9s de alianzas estrat\u00e9gicas, participaci\u00f3n en ferias de emprendimiento y la creaci\u00f3n de un directorio colectivo de servicios y productos. El objetivo es promover la autonom\u00eda econ\u00f3mica de las personas que integran la Red.<\/p>\t\t\t\t\t<\/div>\n\t\t\t\t\t\t<\/div>\n\t\t\t\t<\/div>\n\t\t\t\t<div class=\"elementor-element elementor-element-298ad26 elementor-widget elementor-widget-heading\" data-id=\"298ad26\" data-element_type=\"widget\" data-widget_type=\"heading.default\">\n\t\t\t\t<div class=\"elementor-widget-container\">\n\t\t\t<h3 class=\"elementor-heading-title elementor-size-default\">Sello Diverso<\/h3>\t\t<\/div>\n\t\t\t\t<\/div>\n\t\t\t\t<div class=\"elementor-element elementor-element-68e56ee elementor-widget elementor-widget-text-editor\" data-id=\"68e56ee\" data-element_type=\"widget\" data-widget_type=\"text-editor.default\">\n\t\t\t\t<div class=\"elementor-widget-container\">\n\t\t\t\t\t\t\t\t<div class=\"elementor-text-editor elementor-clearfix\">\n\t\t\t\t<p>Estrategia que busca transformar la cultura organizacional disminuyendo las violencias y la discriminaci\u00f3n hacia las personas con orientaciones sexuales, identidades y expresiones de g\u00e9nero no hegem\u00f3nicas. Adem\u00e1s, unir esfuerzos entre el sector p\u00fablico y el privado para promover la creaci\u00f3n de oportunidades laborales y establecer entornos laborales seguros y respetuosos.<\/p><p>Las entidades que participen del proceso formativo y presenten las acciones a vincular al interior de sus organizaciones para promover los derechos de las personas con orientaciones sexuales, identidades y expresiones de g\u00e9nero no hegem\u00f3nicas, ser\u00e1n reconocidas con el Sello Diverso.<\/p>\t\t\t\t\t<\/div>\n\t\t\t\t\t\t<\/div>\n\t\t\t\t<\/div>\n\t\t\t\t<div class=\"elementor-element elementor-element-7829267 elementor-widget elementor-widget-heading\" data-id=\"7829267\" data-element_type=\"widget\" data-widget_type=\"heading.default\">\n\t\t\t\t<div class=\"elementor-widget-container\">\n\t\t\t<h2 class=\"elementor-heading-title elementor-size-default\"><b>Estrategias<\/b>  transversales <\/h2>\t\t<\/div>\n\t\t\t\t<\/div>\n\t\t\t\t<div class=\"elementor-element elementor-element-545337b elementor-widget elementor-widget-text-editor\" data-id=\"545337b\" data-element_type=\"widget\" data-widget_type=\"text-editor.default\">\n\t\t\t\t<div class=\"elementor-widget-container\">\n\t\t\t\t\t\t\t\t<div class=\"elementor-text-editor elementor-clearfix\">\n\t\t\t\t<p>Son aquellas acciones integrales de la Gerencia de Diversidades Sexuales e Identidades de G\u00e9nero orientadas a la eliminaci\u00f3n de barreras que limitan el ejercicio pleno de derechos de las personas con orientaciones sexuales, identidades y expresiones de g\u00e9nero no hegem\u00f3nicas, mediante la implementaci\u00f3n de acciones afirmativas.<\/p>\t\t\t\t\t<\/div>\n\t\t\t\t\t\t<\/div>\n\t\t\t\t<\/div>\n\t\t\t\t<div class=\"elementor-element elementor-element-66470ac elementor-widget elementor-widget-image\" data-id=\"66470ac\" data-element_type=\"widget\" data-widget_type=\"image.default\">\n\t\t\t\t<div class=\"elementor-widget-container\">\n\t\t\t\t\t\t\t\t<div class=\"elementor-image\">\n\t\t\t\t\t\t\t\t\t\t\t\t<img width=\"1024\" height=\"683\" src=\"https:\/\/www.medellin.gov.co\/es\/wp-content\/uploads\/2021\/10\/activistas-en-el-parque-bolivar-de-medellin.jpg\" class=\"attachment-full size-full\" alt=\"Activistas en el Parque Bol\u00edvar de Medell\u00edn\" loading=\"lazy\" srcset=\"https:\/\/www.medellin.gov.co\/es\/wp-content\/uploads\/2021\/10\/activistas-en-el-parque-bolivar-de-medellin.jpg 1024w, https:\/\/www.medellin.gov.co\/es\/wp-content\/uploads\/2021\/10\/activistas-en-el-parque-bolivar-de-medellin-300x200.jpg 300w, https:\/\/www.medellin.gov.co\/es\/wp-content\/uploads\/2021\/10\/activistas-en-el-parque-bolivar-de-medellin-150x100.jpg 150w, https:\/\/www.medellin.gov.co\/es\/wp-content\/uploads\/2021\/10\/activistas-en-el-parque-bolivar-de-medellin-768x512.jpg 768w\" sizes=\"(max-width: 1024px) 100vw, 1024px\" \/>\t\t\t\t\t\t\t\t\t\t\t\t\t\t<\/div>\n\t\t\t\t\t\t<\/div>\n\t\t\t\t<\/div>\n\t\t\t\t<div class=\"elementor-element elementor-element-341ea50 elementor-widget elementor-widget-heading\" data-id=\"341ea50\" data-element_type=\"widget\" data-widget_type=\"heading.default\">\n\t\t\t\t<div class=\"elementor-widget-container\">\n\t\t\t<h3 class=\"elementor-heading-title elementor-size-default\">Asesor\u00eda y Orientaci\u00f3n en Salud<\/h3>\t\t<\/div>\n\t\t\t\t<\/div>\n\t\t\t\t<div class=\"elementor-element elementor-element-59a71ff elementor-widget elementor-widget-text-editor\" data-id=\"59a71ff\" data-element_type=\"widget\" data-widget_type=\"text-editor.default\">\n\t\t\t\t<div class=\"elementor-widget-container\">\n\t\t\t\t\t\t\t\t<div class=\"elementor-text-editor elementor-clearfix\">\n\t\t\t\t<p>Brinda acompa\u00f1amiento individual a las personas con orientaciones sexuales, identidades y expresiones de g\u00e9nero no hegem\u00f3nicas, para el acceso a servicios de salud y la superaci\u00f3n de barreras que lo dificultan. Este incluye asesor\u00eda en pr\u00e1cticas de bienestar y cuidado, salud sexual, salud reproductiva y orientaci\u00f3n en el proceso de afirmaci\u00f3n del g\u00e9nero para personas trans. Adem\u00e1s, implementa acciones para promover una atenci\u00f3n en salud afirmativa y humanizada con enfoque diferencial.<\/p>\t\t\t\t\t<\/div>\n\t\t\t\t\t\t<\/div>\n\t\t\t\t<\/div>\n\t\t\t\t<div class=\"elementor-element elementor-element-5c4eca0 elementor-widget elementor-widget-heading\" data-id=\"5c4eca0\" data-element_type=\"widget\" data-widget_type=\"heading.default\">\n\t\t\t\t<div class=\"elementor-widget-container\">\n\t\t\t<h3 class=\"elementor-heading-title elementor-size-default\">Asesor\u00eda Alimentaria y Nutricional<\/h3>\t\t<\/div>\n\t\t\t\t<\/div>\n\t\t\t\t<div class=\"elementor-element elementor-element-edbcce4 elementor-widget elementor-widget-text-editor\" data-id=\"edbcce4\" data-element_type=\"widget\" data-widget_type=\"text-editor.default\">\n\t\t\t\t<div class=\"elementor-widget-container\">\n\t\t\t\t\t\t\t\t<div class=\"elementor-text-editor elementor-clearfix\">\n\t\t\t\t<p>Este servicio proporciona orientaci\u00f3n nutricional con el fin de crear planes de alimentaci\u00f3n personalizados que respondan a las necesidades particulares de las personas con orientaciones sexuales, identidades y expresiones de g\u00e9nero no hegem\u00f3nicas. Adicionalmente, se implementan espacios pedag\u00f3gicos dise\u00f1ados para fomentar estilos de vida saludables.<\/p>\t\t\t\t\t<\/div>\n\t\t\t\t\t\t<\/div>\n\t\t\t\t<\/div>\n\t\t\t\t<div class=\"elementor-element elementor-element-9c7adb6 elementor-widget elementor-widget-heading\" data-id=\"9c7adb6\" data-element_type=\"widget\" data-widget_type=\"heading.default\">\n\t\t\t\t<div class=\"elementor-widget-container\">\n\t\t\t<h3 class=\"elementor-heading-title elementor-size-default\">Acompa\u00f1amiento Psicosocial<\/h3>\t\t<\/div>\n\t\t\t\t<\/div>\n\t\t\t\t<div class=\"elementor-element elementor-element-bce6405 elementor-widget elementor-widget-text-editor\" data-id=\"bce6405\" data-element_type=\"widget\" data-widget_type=\"text-editor.default\">\n\t\t\t\t<div class=\"elementor-widget-container\">\n\t\t\t\t\t\t\t\t<div class=\"elementor-text-editor elementor-clearfix\">\n\t\t\t\t<p>Est\u00e1 enfocado en contribuir al cuidado de la salud mental de las personas con orientaciones sexuales, identidades y expresiones de g\u00e9nero no hegem\u00f3nicas, fortaleciendo su capacidad de afrontamiento y promoviendo su desarrollo personal y social, a trav\u00e9s de la atenci\u00f3n individual, familiar y colectiva.<\/p>\t\t\t\t\t<\/div>\n\t\t\t\t\t\t<\/div>\n\t\t\t\t<\/div>\n\t\t\t\t<div class=\"elementor-element elementor-element-e5cb932 elementor-widget elementor-widget-heading\" data-id=\"e5cb932\" data-element_type=\"widget\" data-widget_type=\"heading.default\">\n\t\t\t\t<div class=\"elementor-widget-container\">\n\t\t\t<h3 class=\"elementor-heading-title elementor-size-default\">Asesor\u00eda Jur\u00eddica <\/h3>\t\t<\/div>\n\t\t\t\t<\/div>\n\t\t\t\t<div class=\"elementor-element elementor-element-96e4861 elementor-widget elementor-widget-text-editor\" data-id=\"96e4861\" data-element_type=\"widget\" data-widget_type=\"text-editor.default\">\n\t\t\t\t<div class=\"elementor-widget-container\">\n\t\t\t\t\t\t\t\t<div class=\"elementor-text-editor elementor-clearfix\">\n\t\t\t\t<p>Se centra en la orientaci\u00f3n para el acceso a la justicia, la garant\u00eda de derechos y la atenci\u00f3n a las violencias por prejuicio. Asimismo, brinda acompa\u00f1amiento a personas trans y no binarias para el proceso de cambio de nombre, correcci\u00f3n componente sexo-g\u00e9nero y cupo num\u00e9rico en su documento de identificaci\u00f3n. Tambi\u00e9n se facilita la regularizaci\u00f3n de la situaci\u00f3n militar para transmasculinos.<\/p>\t\t\t\t\t<\/div>\n\t\t\t\t\t\t<\/div>\n\t\t\t\t<\/div>\n\t\t\t\t<div class=\"elementor-element elementor-element-3a7a22c elementor-widget elementor-widget-heading\" data-id=\"3a7a22c\" data-element_type=\"widget\" data-widget_type=\"heading.default\">\n\t\t\t\t<div class=\"elementor-widget-container\">\n\t\t\t<h3 class=\"elementor-heading-title elementor-size-default\">M\u00f3dulo Diverso en la Fiscal\u00eda General de la Naci\u00f3n<\/h3>\t\t<\/div>\n\t\t\t\t<\/div>\n\t\t\t\t<div class=\"elementor-element elementor-element-6e58dd9 elementor-widget elementor-widget-text-editor\" data-id=\"6e58dd9\" data-element_type=\"widget\" data-widget_type=\"text-editor.default\">\n\t\t\t\t<div class=\"elementor-widget-container\">\n\t\t\t\t\t\t\t\t<div class=\"elementor-text-editor elementor-clearfix\">\n\t\t\t\t<p>Espacio de atenci\u00f3n diferencial en articulaci\u00f3n con la Fiscal\u00eda General de la Naci\u00f3n Seccional Medell\u00edn, con el objetivo de disminuir las barreras de acceso a la justicia para las personas con orientaciones sexuales, identidades y expresiones de g\u00e9nero no hegem\u00f3nicas.<\/p>\t\t\t\t\t<\/div>\n\t\t\t\t\t\t<\/div>\n\t\t\t\t<\/div>\n\t\t\t\t<div class=\"elementor-element elementor-element-940aa1a elementor-widget elementor-widget-heading\" data-id=\"940aa1a\" data-element_type=\"widget\" data-widget_type=\"heading.default\">\n\t\t\t\t<div class=\"elementor-widget-container\">\n\t\t\t<h3 class=\"elementor-heading-title elementor-size-default\">La Ropera <\/h3>\t\t<\/div>\n\t\t\t\t<\/div>\n\t\t\t\t<div class=\"elementor-element elementor-element-37e583f elementor-widget elementor-widget-text-editor\" data-id=\"37e583f\" data-element_type=\"widget\" data-widget_type=\"text-editor.default\">\n\t\t\t\t<div class=\"elementor-widget-container\">\n\t\t\t\t\t\t\t\t<div class=\"elementor-text-editor elementor-clearfix\">\n\t\t\t\t<p>Espacio de encuentro para las personas con orientaciones sexuales, identidades y expresiones de g\u00e9nero no hegem\u00f3nicas, en el cual se propicia el intercambio de prendas en buen estado, de manera solidaria y sostenible. Adem\u00e1s, se dinamiza el encuentro y el reconocimiento de las diferencias a trav\u00e9s de diversos talleres y espacios de creaci\u00f3n colectiva.<\/p>\t\t\t\t\t<\/div>\n\t\t\t\t\t\t<\/div>\n\t\t\t\t<\/div>\n\t\t\t\t<div class=\"elementor-element elementor-element-d567bf8 elementor-widget elementor-widget-heading\" data-id=\"d567bf8\" data-element_type=\"widget\" data-widget_type=\"heading.default\">\n\t\t\t\t<div class=\"elementor-widget-container\">\n\t\t\t<h2 class=\"elementor-heading-title elementor-size-default\"><b>Pol\u00edtica P\u00fablica<\/b> de Diversidad<\/h2>\t\t<\/div>\n\t\t\t\t<\/div>\n\t\t\t\t<div class=\"elementor-element elementor-element-f4a255d elementor-widget elementor-widget-text-editor\" data-id=\"f4a255d\" data-element_type=\"widget\" data-widget_type=\"text-editor.default\">\n\t\t\t\t<div class=\"elementor-widget-container\">\n\t\t\t\t\t\t\t\t<div class=\"elementor-text-editor elementor-clearfix\">\n\t\t\t\t<p>Se enfoca en gestionar y desarrollar estrategias que articulen los sectores educativo, empresarial e institucional (p\u00fablico y privado). Su objetivo es impulsar el desarrollo integral de las personas con orientaciones sexuales, identidades y expresiones de g\u00e9nero no hegem\u00f3nicas en torno a su proyecto de vida, facilitando su acceso a oportunidades acad\u00e9micas, laborales y de generaci\u00f3n de ingresos. Para lograrlo, se implementan:<\/p><ul><li>Acercamiento de la oferta para la inserci\u00f3n acad\u00e9mica.<\/li><li>Perfilamiento e intermediaci\u00f3n laboral.<\/li><li>Asesor\u00eda y acompa\u00f1amiento para el emprendimiento.<\/li><\/ul>\t\t\t\t\t<\/div>\n\t\t\t\t\t\t<\/div>\n\t\t\t\t<\/div>\n\t\t\t\t<div class=\"elementor-element elementor-element-016b8b6 elementor-tablet-align-left elementor-mobile-align-center elementor-widget elementor-widget-button\" data-id=\"016b8b6\" data-element_type=\"widget\" data-widget_type=\"button.default\">\n\t\t\t\t<div class=\"elementor-widget-container\">\n\t\t\t\t\t<div class=\"elementor-button-wrapper\">\n\t\t\t<a href=\"https:\/\/www.medellin.gov.co\/normograma\/docs\/astrea\/docs\/a_conmed_0008_2011.htm\" target=\"_blank\" class=\"elementor-button-link elementor-button elementor-size-sm\" role=\"button\">\n\t\t\t\t\t\t<span class=\"elementor-button-content-wrapper\">\n\t\t\t\t\t\t<span class=\"elementor-button-text\">Conoce la Pol\u00edtica P\u00fablica<\/span>\n\t\t<\/span>\n\t\t\t\t\t<\/a>\n\t\t<\/div>\n\t\t\t\t<\/div>\n\t\t\t\t<\/div>\n\t\t\t\t\t\t<\/div>\n\t\t\t\t\t<\/div>\n\t\t<\/div>\n\t\t\t\t\t\t\t\t<\/div>\n\t\t\t\t\t<\/div>\n\t\t<\/section>\n\t\t\t\t\t\t\t\t\t<\/div>\n\t\t\t<\/div>\n\t\t\t\t\t<\/div>\n\t\t","protected":false},"excerpt":{"rendered":"<p>Componentes de la Gerencia de Diversidades Sexuales e Identidades de G\u00e9nero La Gerencia de Diversidades Sexuales e Identidades de G\u00e9nero, cuenta con estrategias territoriales que buscan la generaci\u00f3n de conciencia y cultura ciudadana para continuar &#8230;<\/p>\n","protected":false},"author":1,"featured_media":21456,"parent":21486,"menu_order":10,"comment_status":"closed","ping_status":"closed","template":"sec-diversidades-sex\/elementor.php","meta":[],"acf":[],"_links":{"self":[{"href":"https:\/\/www.medellin.gov.co\/es\/wp-json\/wp\/v2\/pages\/21608"}],"collection":[{"href":"https:\/\/www.medellin.gov.co\/es\/wp-json\/wp\/v2\/pages"}],"about":[{"href":"https:\/\/www.medellin.gov.co\/es\/wp-json\/wp\/v2\/types\/page"}],"author":[{"embeddable":true,"href":"https:\/\/www.medellin.gov.co\/es\/wp-json\/wp\/v2\/users\/1"}],"replies":[{"embeddable":true,"href":"https:\/\/www.medellin.gov.co\/es\/wp-json\/wp\/v2\/comments?post=21608"}],"version-history":[{"count":10,"href":"https:\/\/www.medellin.gov.co\/es\/wp-json\/wp\/v2\/pages\/21608\/revisions"}],"predecessor-version":[{"id":505775,"href":"https:\/\/www.medellin.gov.co\/es\/wp-json\/wp\/v2\/pages\/21608\/revisions\/505775"}],"up":[{"embeddable":true,"href":"https:\/\/www.medellin.gov.co\/es\/wp-json\/wp\/v2\/pages\/21486"}],"wp:featuredmedia":[{"embeddable":true,"href":"https:\/\/www.medellin.gov.co\/es\/wp-json\/wp\/v2\/media\/21456"}],"wp:attachment":[{"href":"https:\/\/www.medellin.gov.co\/es\/wp-json\/wp\/v2\/media?parent=21608"}],"curies":[{"name":"wp","href":"https:\/\/api.w.org\/{rel}","templated":true}]}}