{"id":221250,"date":"2023-07-13T12:22:45","date_gmt":"2023-07-13T17:22:45","guid":{"rendered":"https:\/\/www.medellin.gov.co\/es\/?page_id=221250"},"modified":"2024-10-08T17:17:03","modified_gmt":"2024-10-08T22:17:03","slug":"flor-servidora-publica-virtual-alcaldia-de-medellin","status":"publish","type":"page","link":"https:\/\/www.medellin.gov.co\/es\/secretaria-de-innovacion-digital\/flor-servidora-publica-virtual-alcaldia-de-medellin\/","title":{"rendered":"Flor, la servidora p\u00fablica virtual de la Alcald\u00eda de Medell\u00edn"},"content":{"rendered":"\t\t<div data-elementor-type=\"wp-page\" data-elementor-id=\"221250\" class=\"elementor elementor-221250\">\n\t\t\t\t\t\t<div class=\"elementor-inner\">\n\t\t\t\t<div class=\"elementor-section-wrap\">\n\t\t\t\t\t\t\t\t\t<section class=\"elementor-section elementor-top-section elementor-element elementor-element-d43c22c elementor-section-boxed elementor-section-height-default elementor-section-height-default\" data-id=\"d43c22c\" data-element_type=\"section\">\n\t\t\t\t\t\t<div class=\"elementor-container elementor-column-gap-default\">\n\t\t\t\t\t\t\t<div class=\"elementor-row\">\n\t\t\t\t\t<div class=\"elementor-column elementor-col-100 elementor-top-column elementor-element elementor-element-568683f\" data-id=\"568683f\" data-element_type=\"column\">\n\t\t\t<div class=\"elementor-column-wrap elementor-element-populated\">\n\t\t\t\t\t\t\t<div class=\"elementor-widget-wrap\">\n\t\t\t\t\t\t<div class=\"elementor-element elementor-element-ae7373a elementor-widget elementor-widget-heading\" data-id=\"ae7373a\" data-element_type=\"widget\" data-widget_type=\"heading.default\">\n\t\t\t\t<div class=\"elementor-widget-container\">\n\t\t\t<h1 class=\"elementor-heading-title elementor-size-default\">Flor, la servidora p\u00fablica virtual de la Alcald\u00eda de Medell\u00edn<\/h1>\t\t<\/div>\n\t\t\t\t<\/div>\n\t\t\t\t<section class=\"elementor-section elementor-inner-section elementor-element elementor-element-be8fa7f elementor-section-boxed elementor-section-height-default elementor-section-height-default\" data-id=\"be8fa7f\" data-element_type=\"section\">\n\t\t\t\t\t\t<div class=\"elementor-container elementor-column-gap-default\">\n\t\t\t\t\t\t\t<div class=\"elementor-row\">\n\t\t\t\t\t<div class=\"elementor-column elementor-col-50 elementor-inner-column elementor-element elementor-element-6a457e5\" data-id=\"6a457e5\" data-element_type=\"column\">\n\t\t\t<div class=\"elementor-column-wrap elementor-element-populated\">\n\t\t\t\t\t\t\t<div class=\"elementor-widget-wrap\">\n\t\t\t\t\t\t<div class=\"elementor-element elementor-element-f8b1524 elementor-widget elementor-widget-text-editor\" data-id=\"f8b1524\" data-element_type=\"widget\" data-widget_type=\"text-editor.default\">\n\t\t\t\t<div class=\"elementor-widget-container\">\n\t\t\t\t\t\t\t\t<div class=\"elementor-text-editor elementor-clearfix\">\n\t\t\t\t<p>Flor es nuestra servidora p\u00fablica virtual, que acercar\u00e1 y facilitar\u00e1 la comunicaci\u00f3n con la ciudadan\u00eda para obtener informaci\u00f3n, realizar tr\u00e1mites y recibir atenci\u00f3n de una manera simple y eficiente.<\/p><p>Su contacto es el <a href=\"https:\/\/api.whatsapp.com\/send?phone=573016044444&amp;text=Hola%20Flor%20%C2%BFpuedes%20ayudarme?\" target=\"_blank\" rel=\"noopener\">301 604 44 44<\/a> y se integrar\u00e1 con los dem\u00e1s canales de atenci\u00f3n a la ciudadan\u00eda oficiales del Distrito, que manejamos desde la Subsecretar\u00eda de Servicio a la Ciudadan\u00eda de la Secretar\u00eda de Gesti\u00f3n Humana: L\u00ednea \u00danica 604 44 44 144, <a href=\"https:\/\/www.medellin.gov.co\/\">www.medellin.gov.co<\/a>, Mascercas y Centros de Servicio a la Ciudadan\u00eda.<\/p><p>Desde el celular, de una manera m\u00e1s digital, los ciudadanos tendr\u00e1n la posibilidad acercarse al Distrito, de una manera m\u00e1s interactiva las 24 horas del d\u00eda, los siete d\u00edas a la semana.<\/p><p>Este logro, es el esfuerzo del trabajo en equipo entre las dependencias de la Alcald\u00eda y los servidores p\u00fablicos que las integran, donde estamos poniendo al ciudadano en el centro, para mejorar su experiencia al contactarnos.<\/p>\t\t\t\t\t<\/div>\n\t\t\t\t\t\t<\/div>\n\t\t\t\t<\/div>\n\t\t\t\t\t\t<\/div>\n\t\t\t\t\t<\/div>\n\t\t<\/div>\n\t\t\t\t<div class=\"elementor-column elementor-col-50 elementor-inner-column elementor-element elementor-element-964eb15\" data-id=\"964eb15\" data-element_type=\"column\">\n\t\t\t<div class=\"elementor-column-wrap elementor-element-populated\">\n\t\t\t\t\t\t\t<div class=\"elementor-widget-wrap\">\n\t\t\t\t\t\t<div class=\"elementor-element elementor-element-2b3fd54 elementor-widget elementor-widget-image\" data-id=\"2b3fd54\" data-element_type=\"widget\" data-widget_type=\"image.default\">\n\t\t\t\t<div class=\"elementor-widget-container\">\n\t\t\t\t\t\t\t\t<div class=\"elementor-image\">\n\t\t\t\t\t\t\t\t\t\t\t\t\t<a href=\"https:\/\/api.whatsapp.com\/send?phone=573016044444&#038;text=Hola%20Flor%20%C2%BFpuedes%20ayudarme?\" target=\"_blank\">\n\t\t\t\t\t\t\t<img width=\"1024\" height=\"1024\" src=\"https:\/\/www.medellin.gov.co\/es\/wp-content\/uploads\/2024\/10\/Ecard-flor-1024x1024.jpg\" class=\"attachment-large size-large\" alt=\"\" loading=\"lazy\" srcset=\"https:\/\/www.medellin.gov.co\/es\/wp-content\/uploads\/2024\/10\/Ecard-flor-1024x1024.jpg 1024w, https:\/\/www.medellin.gov.co\/es\/wp-content\/uploads\/2024\/10\/Ecard-flor-300x300.jpg 300w, https:\/\/www.medellin.gov.co\/es\/wp-content\/uploads\/2024\/10\/Ecard-flor-150x150.jpg 150w, https:\/\/www.medellin.gov.co\/es\/wp-content\/uploads\/2024\/10\/Ecard-flor-768x768.jpg 768w, https:\/\/www.medellin.gov.co\/es\/wp-content\/uploads\/2024\/10\/Ecard-flor.jpg 1200w\" sizes=\"(max-width: 1024px) 100vw, 1024px\" \/>\t\t\t\t\t\t\t\t<\/a>\n\t\t\t\t\t\t\t\t\t\t\t\t\t\t<\/div>\n\t\t\t\t\t\t<\/div>\n\t\t\t\t<\/div>\n\t\t\t\t\t\t<\/div>\n\t\t\t\t\t<\/div>\n\t\t<\/div>\n\t\t\t\t\t\t\t\t<\/div>\n\t\t\t\t\t<\/div>\n\t\t<\/section>\n\t\t\t\t<div class=\"elementor-element elementor-element-937d8b2 elementor-widget elementor-widget-text-editor\" data-id=\"937d8b2\" data-element_type=\"widget\" data-widget_type=\"text-editor.default\">\n\t\t\t\t<div class=\"elementor-widget-container\">\n\t\t\t\t\t\t\t\t<div class=\"elementor-text-editor elementor-clearfix\">\n\t\t\t\t<p><strong>Beneficios:<\/strong><\/p><p>\u00a0<\/p><ul><li><strong>Impuestos:<\/strong> consulta de calendario tributario, saldos y pagos en l\u00ednea, adem\u00e1s, se podr\u00e1 descargar certificados de Hacienda como: valorizaci\u00f3n, estar al d\u00eda, predial e industria y comercio. Tambi\u00e9n se podr\u00e1 descargar los de Catastro, como estratificaci\u00f3n residencial, poseer y no poseer bienes, ficha catastral predio y lote, entre otros.<\/li><li><strong>Movilidad:<\/strong> informaci\u00f3n de sedes y horarios, rotaci\u00f3n pico y placa, \u00a0pago de comparendos, informaci\u00f3n sobre veh\u00edculo inmovilizado y entrega, tr\u00e1mites, notificaci\u00f3n de audiencias, consulta de comparendos con asesores y pagos, entre otros. Tiene paso a asesor.<\/li><li><strong>Bienestar:<\/strong> informaci\u00f3n de Sisb\u00e9n, como actualizaci\u00f3n de informaci\u00f3n y encuesta nueva. Adem\u00e1s, en esta opci\u00f3n estar\u00e1 disponible subsidios, v\u00edctimas y bienestar animal, como inscripci\u00f3n de mascotas para jornadas de esterilizaci\u00f3n gratuitas.<\/li><li><strong>PQRSD y reportes:<\/strong> consulta y radicaci\u00f3n de PQRSD &#8211; peticiones, quejas, reclamos, solicitudes y denuncias por actos de corrupci\u00f3n o conflictos de intereses &#8211; . En caso de que el ciudadano lo requiere, tiene paso a asesor.<\/li><li><strong>Salud:<\/strong> articulaci\u00f3n con la L\u00ednea Amiga, informaci\u00f3n de: vacunaci\u00f3n (esquema, indicaciones y puntos), certificado de discapacidad (qu\u00e9 es y c\u00f3mo solicitarlo), EPS (afiliaci\u00f3n, validaci\u00f3n de registro), entre otros. Tiene paso a asesor.<\/li><li><strong>Programas de ciudad:<\/strong> lugares imperdibles para conocer en Medell\u00edn y oferta cultural del Distrito.<\/li><li><strong>Informaci\u00f3n general:<\/strong> datos de Medell\u00edn, gabinete distrital y entes descentralizados, sedes, canales de atenci\u00f3n, entre otros. Tiene paso a asesor.<\/li><li><strong>Autogesti\u00f3n de usuario:<\/strong> restablecimiento del usuario en el portal de la Alcald\u00eda de Medell\u00edn. Tiene paso a asesor.<\/li><\/ul>\t\t\t\t\t<\/div>\n\t\t\t\t\t\t<\/div>\n\t\t\t\t<\/div>\n\t\t\t\t\t\t<\/div>\n\t\t\t\t\t<\/div>\n\t\t<\/div>\n\t\t\t\t\t\t\t\t<\/div>\n\t\t\t\t\t<\/div>\n\t\t<\/section>\n\t\t\t\t\t\t\t\t\t<\/div>\n\t\t\t<\/div>\n\t\t\t\t\t<\/div>\n\t\t","protected":false},"excerpt":{"rendered":"<p>\u00a1Hola! Ella es Eli. Ha llegado para facilitarte tr\u00e1mites y servicios Eli es nuestr@ asistente virtual, con inteligencia artificial. Fue creada para atender a los ciudadanos en sus diferentes tr\u00e1mites y servicios. El primer canal &#8230;<\/p>\n","protected":false},"author":31,"featured_media":193866,"parent":20462,"menu_order":0,"comment_status":"closed","ping_status":"closed","template":"sec-innovacion\/elementor.php","meta":[],"acf":[],"_links":{"self":[{"href":"https:\/\/www.medellin.gov.co\/es\/wp-json\/wp\/v2\/pages\/221250"}],"collection":[{"href":"https:\/\/www.medellin.gov.co\/es\/wp-json\/wp\/v2\/pages"}],"about":[{"href":"https:\/\/www.medellin.gov.co\/es\/wp-json\/wp\/v2\/types\/page"}],"author":[{"embeddable":true,"href":"https:\/\/www.medellin.gov.co\/es\/wp-json\/wp\/v2\/users\/31"}],"replies":[{"embeddable":true,"href":"https:\/\/www.medellin.gov.co\/es\/wp-json\/wp\/v2\/comments?post=221250"}],"version-history":[{"count":10,"href":"https:\/\/www.medellin.gov.co\/es\/wp-json\/wp\/v2\/pages\/221250\/revisions"}],"predecessor-version":[{"id":350417,"href":"https:\/\/www.medellin.gov.co\/es\/wp-json\/wp\/v2\/pages\/221250\/revisions\/350417"}],"up":[{"embeddable":true,"href":"https:\/\/www.medellin.gov.co\/es\/wp-json\/wp\/v2\/pages\/20462"}],"wp:featuredmedia":[{"embeddable":true,"href":"https:\/\/www.medellin.gov.co\/es\/wp-json\/wp\/v2\/media\/193866"}],"wp:attachment":[{"href":"https:\/\/www.medellin.gov.co\/es\/wp-json\/wp\/v2\/media?parent=221250"}],"curies":[{"name":"wp","href":"https:\/\/api.w.org\/{rel}","templated":true}]}}