{"id":23060,"date":"2021-10-21T10:56:48","date_gmt":"2021-10-21T15:56:48","guid":{"rendered":"https:\/\/www.medellin.gov.co\/es\/?page_id=23060"},"modified":"2026-04-30T16:34:24","modified_gmt":"2026-04-30T21:34:24","slug":"participa","status":"publish","type":"page","link":"https:\/\/www.medellin.gov.co\/es\/participa\/","title":{"rendered":"Estrategia de Participaci\u00f3n Ciudadana"},"content":{"rendered":"\t\t<div data-elementor-type=\"wp-page\" data-elementor-id=\"23060\" class=\"elementor elementor-23060\">\n\t\t\t\t\t\t<div class=\"elementor-inner\">\n\t\t\t\t<div class=\"elementor-section-wrap\">\n\t\t\t\t\t\t\t\t\t<section class=\"elementor-section elementor-top-section elementor-element elementor-element-3c3df0b9 elementor-section-boxed elementor-section-height-default elementor-section-height-default\" data-id=\"3c3df0b9\" data-element_type=\"section\">\n\t\t\t\t\t\t<div class=\"elementor-container elementor-column-gap-default\">\n\t\t\t\t\t\t\t<div class=\"elementor-row\">\n\t\t\t\t\t<div class=\"elementor-column elementor-col-100 elementor-top-column elementor-element elementor-element-1ec8d4f6\" data-id=\"1ec8d4f6\" data-element_type=\"column\">\n\t\t\t<div class=\"elementor-column-wrap elementor-element-populated\">\n\t\t\t\t\t\t\t<div class=\"elementor-widget-wrap\">\n\t\t\t\t\t\t<div class=\"elementor-element elementor-element-50ec4058 elementor-widget elementor-widget-heading\" data-id=\"50ec4058\" data-element_type=\"widget\" data-widget_type=\"heading.default\">\n\t\t\t\t<div class=\"elementor-widget-container\">\n\t\t\t<h1 class=\"elementor-heading-title elementor-size-default\">Estrategia de Participaci\u00f3n Ciudadana<\/h1>\t\t<\/div>\n\t\t\t\t<\/div>\n\t\t\t\t<section class=\"elementor-section elementor-inner-section elementor-element elementor-element-a3a7f68 elementor-reverse-mobile elementor-section-boxed elementor-section-height-default elementor-section-height-default\" data-id=\"a3a7f68\" data-element_type=\"section\">\n\t\t\t\t\t\t<div class=\"elementor-container elementor-column-gap-default\">\n\t\t\t\t\t\t\t<div class=\"elementor-row\">\n\t\t\t\t\t<div class=\"elementor-column elementor-col-50 elementor-inner-column elementor-element elementor-element-611cfe8\" data-id=\"611cfe8\" data-element_type=\"column\">\n\t\t\t<div class=\"elementor-column-wrap elementor-element-populated\">\n\t\t\t\t\t\t\t<div class=\"elementor-widget-wrap\">\n\t\t\t\t\t\t<div class=\"elementor-element elementor-element-a5b41c1 elementor-widget elementor-widget-text-editor\" data-id=\"a5b41c1\" data-element_type=\"widget\" data-widget_type=\"text-editor.default\">\n\t\t\t\t<div class=\"elementor-widget-container\">\n\t\t\t\t\t\t\t\t<div class=\"elementor-text-editor elementor-clearfix\">\n\t\t\t\t<p>Participa es un espacio para construir con la ciudadan\u00eda y para la ciudadan\u00eda, el inter\u00e9s por ser parte de las decisiones de la ciudad, hace posible la real democracia.<\/p><p>Participa es la secci\u00f3n donde encontrar\u00e1 toda la informaci\u00f3n relacionada a los espacios, mecanismos y acciones que permiten la participaci\u00f3n ciudadana en el ciclo de la gesti\u00f3n p\u00fablica; diagn\u00f3stico, formulaci\u00f3n, implementaci\u00f3n, evaluaci\u00f3n y seguimiento a trav\u00e9s del portal web de la Alcald\u00eda de Medell\u00edn, con el prop\u00f3sito de vincular a la ciudadan\u00eda y dem\u00e1s grupos de inter\u00e9s en las decisiones y acciones p\u00fablicas, para fortalecer la incidencia, la promoci\u00f3n y garant\u00eda de la participaci\u00f3n como derecho. <strong>\u00a1Bienvenidos!<\/strong><\/p>\t\t\t\t\t<\/div>\n\t\t\t\t\t\t<\/div>\n\t\t\t\t<\/div>\n\t\t\t\t<div class=\"elementor-element elementor-element-2b5c664 elementor-tablet-align-left elementor-mobile-align-center elementor-hidden-mobile elementor-widget elementor-widget-button\" data-id=\"2b5c664\" data-element_type=\"widget\" data-widget_type=\"button.default\">\n\t\t\t\t<div class=\"elementor-widget-container\">\n\t\t\t\t\t<div class=\"elementor-button-wrapper\">\n\t\t\t<a href=\"https:\/\/www1.funcionpublica.gov.co\/web\/eva\/biblioteca-virtual\/-\/document_library\/bGsp2IjUBdeu\/view_file\/39121905\" target=\"_blank\" class=\"elementor-button-link elementor-button elementor-size-sm\" role=\"button\">\n\t\t\t\t\t\t<span class=\"elementor-button-content-wrapper\">\n\t\t\t\t\t\t<span class=\"elementor-button-text\">Lineamientos para publicar informaci\u00f3n en el Men\u00fa Participa<\/span>\n\t\t<\/span>\n\t\t\t\t\t<\/a>\n\t\t<\/div>\n\t\t\t\t<\/div>\n\t\t\t\t<\/div>\n\t\t\t\t<div class=\"elementor-element elementor-element-ef9da1d elementor-widget elementor-widget-text-editor\" data-id=\"ef9da1d\" data-element_type=\"widget\" data-widget_type=\"text-editor.default\">\n\t\t\t\t<div class=\"elementor-widget-container\">\n\t\t\t\t\t\t\t\t<div class=\"elementor-text-editor elementor-clearfix\">\n\t\t\t\t<p>Conoce c\u00f3mo puedes aportar:<\/p>\t\t\t\t\t<\/div>\n\t\t\t\t\t\t<\/div>\n\t\t\t\t<\/div>\n\t\t\t\t\t\t<\/div>\n\t\t\t\t\t<\/div>\n\t\t<\/div>\n\t\t\t\t<div class=\"elementor-column elementor-col-50 elementor-inner-column elementor-element elementor-element-e24e880\" data-id=\"e24e880\" data-element_type=\"column\">\n\t\t\t<div class=\"elementor-column-wrap elementor-element-populated\">\n\t\t\t\t\t\t\t<div class=\"elementor-widget-wrap\">\n\t\t\t\t\t\t<div class=\"elementor-element elementor-element-e35b516 elementor-widget elementor-widget-image\" data-id=\"e35b516\" data-element_type=\"widget\" data-widget_type=\"image.default\">\n\t\t\t\t<div class=\"elementor-widget-container\">\n\t\t\t\t\t\t\t\t<div class=\"elementor-image\">\n\t\t\t\t\t\t\t\t\t\t\t\t<img width=\"1200\" height=\"801\" src=\"https:\/\/www.medellin.gov.co\/es\/wp-content\/uploads\/2021\/11\/persona-utilizando-tecnologia.jpg\" class=\"attachment-full size-full\" alt=\"Tecnolog\u00eda en Medell\u00edn\" loading=\"lazy\" srcset=\"https:\/\/www.medellin.gov.co\/es\/wp-content\/uploads\/2021\/11\/persona-utilizando-tecnologia.jpg 1200w, https:\/\/www.medellin.gov.co\/es\/wp-content\/uploads\/2021\/11\/persona-utilizando-tecnologia-300x200.jpg 300w, https:\/\/www.medellin.gov.co\/es\/wp-content\/uploads\/2021\/11\/persona-utilizando-tecnologia-1024x684.jpg 1024w, https:\/\/www.medellin.gov.co\/es\/wp-content\/uploads\/2021\/11\/persona-utilizando-tecnologia-150x100.jpg 150w, https:\/\/www.medellin.gov.co\/es\/wp-content\/uploads\/2021\/11\/persona-utilizando-tecnologia-768x513.jpg 768w\" sizes=\"(max-width: 1200px) 100vw, 1200px\" \/>\t\t\t\t\t\t\t\t\t\t\t\t\t\t<\/div>\n\t\t\t\t\t\t<\/div>\n\t\t\t\t<\/div>\n\t\t\t\t\t\t<\/div>\n\t\t\t\t\t<\/div>\n\t\t<\/div>\n\t\t\t\t\t\t\t\t<\/div>\n\t\t\t\t\t<\/div>\n\t\t<\/section>\n\t\t\t\t<div class=\"elementor-element elementor-element-cc6c812 elementor-widget elementor-widget-heading\" data-id=\"cc6c812\" data-element_type=\"widget\" data-widget_type=\"heading.default\">\n\t\t\t\t<div class=\"elementor-widget-container\">\n\t\t\t<h2 class=\"elementor-heading-title elementor-size-default\"><b>Encuesta Men\u00fa \"Participa\"<\/b> - Ley 1712 de 2014<\/h2>\t\t<\/div>\n\t\t\t\t<\/div>\n\t\t\t\t<div class=\"elementor-element elementor-element-6c83e3b elementor-widget elementor-widget-text-editor\" data-id=\"6c83e3b\" data-element_type=\"widget\" data-widget_type=\"text-editor.default\">\n\t\t\t\t<div class=\"elementor-widget-container\">\n\t\t\t\t\t\t\t\t<div class=\"elementor-text-editor elementor-clearfix\">\n\t\t\t\t<p>El Distrito de Medell\u00edn los invita a visitar el Men\u00fa de Transparencia y a <a href=\"https:\/\/www.medellin.gov.co\/data2\/DiligenciarEncuesta.do?token=TS27122023561962216A4F\" target=\"_blank\" rel=\"noopener\">diligenciar una encuesta<\/a> con la que buscamos conocer su opini\u00f3n sobre el men\u00fa, la informaci\u00f3n publicada y la que desean que les publiquemos por ser de m\u00e1ximo inter\u00e9s.<\/p>\t\t\t\t\t<\/div>\n\t\t\t\t\t\t<\/div>\n\t\t\t\t<\/div>\n\t\t\t\t<div class=\"elementor-element elementor-element-d350356 elementor-tablet-align-left elementor-mobile-align-center elementor-hidden-mobile elementor-widget elementor-widget-button\" data-id=\"d350356\" data-element_type=\"widget\" data-widget_type=\"button.default\">\n\t\t\t\t<div class=\"elementor-widget-container\">\n\t\t\t\t\t<div class=\"elementor-button-wrapper\">\n\t\t\t<a href=\"https:\/\/www.medellin.gov.co\/data2\/DiligenciarEncuesta.do?token=TS27122023561962216A4F\" target=\"_blank\" class=\"elementor-button-link elementor-button elementor-size-sm\" role=\"button\">\n\t\t\t\t\t\t<span class=\"elementor-button-content-wrapper\">\n\t\t\t\t\t\t<span class=\"elementor-button-text\">Diligenciar la encuesta<\/span>\n\t\t<\/span>\n\t\t\t\t\t<\/a>\n\t\t<\/div>\n\t\t\t\t<\/div>\n\t\t\t\t<\/div>\n\t\t\t\t<div class=\"elementor-element elementor-element-27204cb elementor-widget elementor-widget-heading\" data-id=\"27204cb\" data-element_type=\"widget\" data-widget_type=\"heading.default\">\n\t\t\t\t<div class=\"elementor-widget-container\">\n\t\t\t<h2 class=\"elementor-heading-title elementor-size-default\"><b>Mecanismos, espacios o instancias <\/b> de participaci\u00f3n ciudadana<\/h2>\t\t<\/div>\n\t\t\t\t<\/div>\n\t\t\t\t<div class=\"elementor-element elementor-element-31fcde7 elementor-widget elementor-widget-heading\" data-id=\"31fcde7\" data-element_type=\"widget\" data-widget_type=\"heading.default\">\n\t\t\t\t<div class=\"elementor-widget-container\">\n\t\t\t<h3 class=\"elementor-heading-title elementor-size-default\"> Mecanismos de participaci\u00f3n<\/h3>\t\t<\/div>\n\t\t\t\t<\/div>\n\t\t\t\t<div class=\"elementor-element elementor-element-e23e410 elementor-widget elementor-widget-text-editor\" data-id=\"e23e410\" data-element_type=\"widget\" data-widget_type=\"text-editor.default\">\n\t\t\t\t<div class=\"elementor-widget-container\">\n\t\t\t\t\t\t\t\t<div class=\"elementor-text-editor elementor-clearfix\">\n\t\t\t\t<p>Los colombianos cuentan con varios <a href=\"https:\/\/registraduria.gov.co\/-Mecanismos-de-participacion-664-.html#pagination1\" target=\"_blank\" rel=\"noopener\">mecanismos de participaci\u00f3n ciudadana<\/a>, los cuales dan la opci\u00f3n de ejercer el derecho a participar del poder pol\u00edtico. Entre los mecanismos de participaci\u00f3n se encuentran el plebiscito, el referendo, la consulta popular, el cabildo abierto, la iniciativa legislativa y la revocatoria del mandato.<\/p>\t\t\t\t\t<\/div>\n\t\t\t\t\t\t<\/div>\n\t\t\t\t<\/div>\n\t\t\t\t<div class=\"elementor-element elementor-element-0909f83 elementor-tablet-align-left elementor-mobile-align-center elementor-hidden-mobile elementor-widget elementor-widget-button\" data-id=\"0909f83\" data-element_type=\"widget\" data-widget_type=\"button.default\">\n\t\t\t\t<div class=\"elementor-widget-container\">\n\t\t\t\t\t<div class=\"elementor-button-wrapper\">\n\t\t\t<a href=\"https:\/\/registraduria.gov.co\/-Mecanismos-de-participacion-664-.html#pagination1\" target=\"_blank\" class=\"elementor-button-link elementor-button elementor-size-sm\" role=\"button\">\n\t\t\t\t\t\t<span class=\"elementor-button-content-wrapper\">\n\t\t\t\t\t\t<span class=\"elementor-button-text\">Conoce los mecanismos de participaci\u00f3n<\/span>\n\t\t<\/span>\n\t\t\t\t\t<\/a>\n\t\t<\/div>\n\t\t\t\t<\/div>\n\t\t\t\t<\/div>\n\t\t\t\t<div class=\"elementor-element elementor-element-83b5a99 elementor-widget elementor-widget-heading\" data-id=\"83b5a99\" data-element_type=\"widget\" data-widget_type=\"heading.default\">\n\t\t\t\t<div class=\"elementor-widget-container\">\n\t\t\t<h3 class=\"elementor-heading-title elementor-size-default\">Instancias de participaci\u00f3n<\/h3>\t\t<\/div>\n\t\t\t\t<\/div>\n\t\t\t\t<div class=\"elementor-element elementor-element-50a7649 elementor-widget elementor-widget-text-editor\" data-id=\"50a7649\" data-element_type=\"widget\" data-widget_type=\"text-editor.default\">\n\t\t\t\t<div class=\"elementor-widget-container\">\n\t\t\t\t\t\t\t\t<div class=\"elementor-text-editor elementor-clearfix\">\n\t\t\t\t<p>Son espacios de interlocuci\u00f3n permanente, con diferentes niveles de incidencia, entre la ciudadan\u00eda y entre \u00e9sta y la Administraci\u00f3n, respecto a temas espec\u00edficos de la gesti\u00f3n p\u00fablica, creados por una norma nacional, regional o local.<\/p><p>Las instancias de participaci\u00f3n como escenario ciudadano o mixto consolidan la gesti\u00f3n p\u00fablica participativa, mediante procesos deliberativos en los que la ciudadan\u00eda incide en las pol\u00edticas\u00a0\u00a0p\u00fablicas, los planes, programas y proyectos, con el fin de aumentar la efectividad, transparencia,\u00a0\u00a0corresponsabilidad, gobernabilidad, cooperaci\u00f3n y la garant\u00eda de los derechos.<\/p>\t\t\t\t\t<\/div>\n\t\t\t\t\t\t<\/div>\n\t\t\t\t<\/div>\n\t\t\t\t<div class=\"elementor-element elementor-element-5d17648 elementor-tablet-align-left elementor-mobile-align-center elementor-hidden-mobile elementor-widget elementor-widget-button\" data-id=\"5d17648\" data-element_type=\"widget\" data-widget_type=\"button.default\">\n\t\t\t\t<div class=\"elementor-widget-container\">\n\t\t\t\t\t<div class=\"elementor-button-wrapper\">\n\t\t\t<a href=\"https:\/\/www.medellin.gov.co\/es\/wp-content\/uploads\/2025\/04\/Instancias_290425.xlsx\" target=\"_blank\" class=\"elementor-button-link elementor-button elementor-size-sm\" role=\"button\">\n\t\t\t\t\t\t<span class=\"elementor-button-content-wrapper\">\n\t\t\t\t\t\t<span class=\"elementor-button-text\">Conoce las instancias de participaci\u00f3n<\/span>\n\t\t<\/span>\n\t\t\t\t\t<\/a>\n\t\t<\/div>\n\t\t\t\t<\/div>\n\t\t\t\t<\/div>\n\t\t\t\t<div class=\"elementor-element elementor-element-90bad64 elementor-widget elementor-widget-heading\" data-id=\"90bad64\" data-element_type=\"widget\" data-widget_type=\"heading.default\">\n\t\t\t\t<div class=\"elementor-widget-container\">\n\t\t\t<h2 class=\"elementor-heading-title elementor-size-default\"><b>Informaci\u00f3n general <\/b>  para la participaci\u00f3n ciudadana<\/h2>\t\t<\/div>\n\t\t\t\t<\/div>\n\t\t\t\t<div class=\"elementor-element elementor-element-4bfb04d elementor-widget elementor-widget-text-editor\" data-id=\"4bfb04d\" data-element_type=\"widget\" data-widget_type=\"text-editor.default\">\n\t\t\t\t<div class=\"elementor-widget-container\">\n\t\t\t\t\t\t\t\t<div class=\"elementor-text-editor elementor-clearfix\">\n\t\t\t\t<p>Conoce la informaci\u00f3n general que te ayudar\u00e1 a realizar mejores procesos de participaci\u00f3n ciudadana.<\/p>\t\t\t\t\t<\/div>\n\t\t\t\t\t\t<\/div>\n\t\t\t\t<\/div>\n\t\t\t\t<div class=\"elementor-element elementor-element-99b601b elementor-widget elementor-widget-text-editor\" data-id=\"99b601b\" data-element_type=\"widget\" data-widget_type=\"text-editor.default\">\n\t\t\t\t<div class=\"elementor-widget-container\">\n\t\t\t\t\t\t\t\t<div class=\"elementor-text-editor elementor-clearfix\">\n\t\t\t\t<ul><li><a href=\"https:\/\/www.medellin.gov.co\/es\/plan-de-desarrollo\/rendicion-de-cuentas\/\" target=\"_blank\" rel=\"noopener\">Estrategia anual de rendici\u00f3n de cuentas: Micrositio rendici\u00f3n de cuentas Distrital &#8211; Secci\u00f3n 1. Estrategia Rendici\u00f3n de Cuentas<\/a><\/li><li><a href=\"https:\/\/www.medellin.gov.co\/es\/wp-content\/uploads\/2026\/04\/1-PlanAccion-EstrtegiaRCD-2026-Web.pdf\" target=\"_blank\" rel=\"noopener\">Plan de acci\u00f3n de la estrategia de rendici\u00f3n de cuentas 2026<\/a><\/li><li><a href=\"https:\/\/www.medellin.gov.co\/es\/wp-content\/uploads\/2026\/04\/2.7b-ABC-RendicionCuentasDistrital2026.pdf\" target=\"_blank\" rel=\"noopener\">ABC de la estrategia de Rendici\u00f3n\u00a0 de Cuentas Distrital<\/a><\/li><\/ul>\t\t\t\t\t<\/div>\n\t\t\t\t\t\t<\/div>\n\t\t\t\t<\/div>\n\t\t\t\t<div class=\"elementor-element elementor-element-1ba2e6d elementor-widget elementor-widget-text-editor\" data-id=\"1ba2e6d\" data-element_type=\"widget\" data-widget_type=\"text-editor.default\">\n\t\t\t\t<div class=\"elementor-widget-container\">\n\t\t\t\t\t\t\t\t<div class=\"elementor-text-editor elementor-clearfix\">\n\t\t\t\t<ul><li><a href=\"https:\/\/www.medellin.gov.co\/es\/wp-content\/uploads\/2025\/02\/Estrategia-de-Participacion-Medellin-2025.pdf\" target=\"_blank\" rel=\"noopener\">Estrategia de Participaci\u00f3n Medell\u00edn 2025<\/a><\/li><li><a href=\"https:\/\/www.medellin.gov.co\/es\/wp-content\/uploads\/2026\/05\/Cronograma_estrategia_participacion_ciudadana_2026a.xlsx\" target=\"_blank\" rel=\"noopener\">Calendario de la estrategia anual de participaci\u00f3n ciudadana<\/a><\/li><li><a href=\"https:\/\/www.medellin.gov.co\/es\/wp-content\/uploads\/2025\/12\/Acciones-participativas-semestre-2-2025.zip\" target=\"_blank\" rel=\"noopener\">Acciones participativas semestre 2-2025<\/a><\/li><li>Con el fin de mejorar la conexi\u00f3n entre el Estado y los ciudadanos e incrementar las pr\u00e1cticas democr\u00e1ticas y la participaci\u00f3n de la gente en la creaci\u00f3n de lo p\u00fablico y en la toma de decisiones, entre el 30 de agosto y el 6 de septiembre de 2025, se habilitar\u00e1 la plataforma <a href=\"https:\/\/www.medellin.gov.co\/votapp\/\" target=\"_blank\" rel=\"noopener\">VOTA PP<\/a>, a trav\u00e9s de la cual los ciudadanos pueden elegir los proyectos a ejecutar con recursos de presupuesto participativo en cada una de sus comunas, asegurando que todos, sin importar d\u00f3nde est\u00e9n, puedan participar.<\/li><li><a href=\"https:\/\/www.medellin.gov.co\/es\/wp-content\/uploads\/2025\/04\/CRONOGRAMA-2025.pdf\" target=\"_blank\" rel=\"noopener\">Convocatorias para la participaci\u00f3n de la ciudadan\u00eda y grupos de valor en los espacios, instancias o acciones que ofrece la entidad<\/a><\/li><li><a href=\"https:\/\/www.medellin.gov.co\/es\/secretaria-participacion-ciudadana\/planeacion-local-y-presupuesto-participativo\/haz-seguimiento\/\" target=\"_blank\" rel=\"noopener\">Rendici\u00f3n p\u00fablica de cuentas de Planeaci\u00f3n Local y Presupuesto Participativo 2024<\/a><\/li><li><a href=\"https:\/\/siciudadania.co\/index.php\/login\/\" target=\"_blank\" rel=\"noopener\">Formulario de inscripci\u00f3n ciudadana a procesos de participaci\u00f3n, instancias o acciones que ofrece la entidad<\/a><\/li><li><a href=\"https:\/\/www.medellin.gov.co\/es\/plan-de-desarrollo\/rendicion-de-cuentas\/\" target=\"_blank\" rel=\"noopener\">Informes de rendici\u00f3n de cuentas generales<\/a><\/li><li><a href=\"https:\/\/www.medellin.gov.co\/es\/centro-documental\/plan-anticorrupcion-y-de-atencion-al-ciudadano\/\" target=\"_blank\" rel=\"noopener\">Plan Anticorrupci\u00f3n y de Atenci\u00f3n al Ciudadano (PAAC)<\/a><\/li><li><a href=\"https:\/\/siciudadania.co\/index.php\/participa\/\" target=\"_blank\" rel=\"noopener\">Formulario de\u00a0 inscripci\u00f3n ciudadana a procesos de participaci\u00f3n, instancias<\/a><\/li><li><a href=\"https:\/\/www.medellin.gov.co\/es\/secretaria-participacion-ciudadana\/subsecretaria-de-planeacion-local-y-presupuesto-participativo\/premio-experiencias-relevantes\/\" target=\"_blank\" rel=\"noopener\">Premio Experiencias Relevantes de Participaci\u00f3n Ciudadana<\/a><\/li><li><a href=\"https:\/\/siciudadania.co\/index.php\/participa\/\" target=\"_blank\" rel=\"noopener\">Canal de interacci\u00f3n deliberatoria para la participaci\u00f3n ciudadana<\/a><\/li><li><a href=\"https:\/\/www.medellin.gov.co\/es\/transparencia\/plan-de-ordenamiento-territorial-de-medellin\/\" target=\"_blank\" rel=\"noopener\">Proceso de revisi\u00f3n y ajuste del Plan de Ordenamiento Territorial \u2013 POT<\/a><\/li><li><a href=\"https:\/\/www.medellin.gov.co\/es\/secretaria-general\/proyectos-normativos-agenda-regulatoria\/\" target=\"_blank\" rel=\"noopener\">Consulta a proyectos Normativos y Agenda Regulatoria<\/a><\/li><li><a href=\"https:\/\/www.sucop.gov.co\/\" target=\"_blank\" rel=\"noopener\">SUCOP<\/a>: plataforma que facilita la participaci\u00f3n ciudadana en el proceso de producci\u00f3n normativa del gobierno nacional y territorial, generando mayor trazabilidad y transparencia<\/li><\/ul>\t\t\t\t\t<\/div>\n\t\t\t\t\t\t<\/div>\n\t\t\t\t<\/div>\n\t\t\t\t<div class=\"elementor-element elementor-element-53811d8 elementor-widget elementor-widget-heading\" data-id=\"53811d8\" data-element_type=\"widget\" data-widget_type=\"heading.default\">\n\t\t\t\t<div class=\"elementor-widget-container\">\n\t\t\t<h2 class=\"elementor-heading-title elementor-size-default\"><b>1. Diagn\u00f3stico e identificaci\u00f3n <\/b>  de problemas<\/h2>\t\t<\/div>\n\t\t\t\t<\/div>\n\t\t\t\t<div class=\"elementor-element elementor-element-ed4036c elementor-widget elementor-widget-text-editor\" data-id=\"ed4036c\" data-element_type=\"widget\" data-widget_type=\"text-editor.default\">\n\t\t\t\t<div class=\"elementor-widget-container\">\n\t\t\t\t\t\t\t\t<div class=\"elementor-text-editor elementor-clearfix\">\n\t\t\t\t<p>La participaci\u00f3n para el diagn\u00f3stico e identificaci\u00f3n de problemas es la vinculaci\u00f3n de ciudadanos e interesados en el proceso de recolecci\u00f3n y an\u00e1lisis de informaci\u00f3n para identificar y explicar los problemas que les afecta directa o indirectamente.<\/p>\t\t\t\t\t<\/div>\n\t\t\t\t\t\t<\/div>\n\t\t\t\t<\/div>\n\t\t\t\t<div class=\"elementor-element elementor-element-c00aedf elementor-widget elementor-widget-heading\" data-id=\"c00aedf\" data-element_type=\"widget\" data-widget_type=\"heading.default\">\n\t\t\t\t<div class=\"elementor-widget-container\">\n\t\t\t<h3 class=\"elementor-heading-title elementor-size-default\">1.1. Publicaci\u00f3n temas de inter\u00e9s<\/h3>\t\t<\/div>\n\t\t\t\t<\/div>\n\t\t\t\t<div class=\"elementor-element elementor-element-bf7d4ff elementor-widget elementor-widget-text-editor\" data-id=\"bf7d4ff\" data-element_type=\"widget\" data-widget_type=\"text-editor.default\">\n\t\t\t\t<div class=\"elementor-widget-container\">\n\t\t\t\t\t\t\t\t<div class=\"elementor-text-editor elementor-clearfix\">\n\t\t\t\t<ul><li><a href=\"https:\/\/www.medellin.gov.co\/es\/plan-de-desarrollo\/\" target=\"_blank\" rel=\"noopener\">Temas de inter\u00e9s<\/a><\/li><li><a href=\"https:\/\/www.medellin.gov.co\/es\/departamento-administrativo-de-planeacion\/formulacion-plan-de-desarrollo-distrital-2024-2027\/\" target=\"_blank\" rel=\"noopener\">Encuentros Territoriales para la formulaci\u00f3n del Plan de Desarrollo Distrital<\/a><\/li><li><a href=\"https:\/\/www.medellin.gov.co\/es\/transparencia\/plan-de-ordenamiento-territorial-de-medellin\/\">Proceso de revisi\u00f3n y ajuste del Plan de Ordenamiento Territorial \u2013 POT<\/a><\/li><\/ul>\t\t\t\t\t<\/div>\n\t\t\t\t\t\t<\/div>\n\t\t\t\t<\/div>\n\t\t\t\t<div class=\"elementor-element elementor-element-de9ec1f elementor-widget elementor-widget-heading\" data-id=\"de9ec1f\" data-element_type=\"widget\" data-widget_type=\"heading.default\">\n\t\t\t\t<div class=\"elementor-widget-container\">\n\t\t\t<h3 class=\"elementor-heading-title elementor-size-default\">1.2. Caja de herramientas<\/h3>\t\t<\/div>\n\t\t\t\t<\/div>\n\t\t\t\t<div class=\"elementor-element elementor-element-6a6dd8d elementor-widget elementor-widget-text-editor\" data-id=\"6a6dd8d\" data-element_type=\"widget\" data-widget_type=\"text-editor.default\">\n\t\t\t\t<div class=\"elementor-widget-container\">\n\t\t\t\t\t\t\t\t<div class=\"elementor-text-editor elementor-clearfix\">\n\t\t\t\t<ul><li><p><a href=\"https:\/\/www.medellin.gov.co\/Isolucion\/Administracion\/frmFrameSet.aspx?Ruta=Li4vRnJhbWVTZXRBcnRpY3Vsby5hc3A\/UGFnaW5hPUJhbmNvQ29ub2NpbWllbnRvNEFsY2FsZGlhTWVkZWxsaW4vMy8zMmY4N2QxNzM4ZmE0NTBiOTFmZWVhODJhYTE3NWMyNi8zMmY4N2QxNzM4ZmE0NTBiOTFmZWVhODJhYTE3NWMyNi5hc3AmSURBUlRJQ1VMTz01MDQ5OA==\" target=\"_blank\" rel=\"noopener\">Caracterizaci\u00f3n de grupos de valor e inter\u00e9s<\/a><\/p><\/li><li><a href=\"https:\/\/www.medellin.gov.co\/Isolucion\/Administracion\/frmFrameSet.aspx?Ruta=Li4vRnJhbWVTZXRBcnRpY3Vsby5hc3A\/UGFnaW5hPUJhbmNvQ29ub2NpbWllbnRvNEFsY2FsZGlhTWVkZWxsaW4vZS9lZWMxZTEzMWQyOTc0NDNlYTcyZjIyMmQ1MWRlNjg4MC9lZWMxZTEzMWQyOTc0NDNlYTcyZjIyMmQ1MWRlNjg4MC5hc3AmSURBUlRJQ1VMTz01MTU5NA==\" target=\"_blank\" rel=\"noopener\">Identificaci\u00f3n de grupos de valor<\/a><\/li><li><p><a href=\"https:\/\/www.funcionpublica.gov.co\/documents\/418548\/34150781\/Orientaciones%20para%20promover%20la%20participaci%C3%B3n%20ciudadana%20en%20los%20procesos%20de%20diagn%C3%B3stico%20y%20planeaci%C3%B3n%20de%20la%20Gesti%C3%B3n%20P%C3%BAblica%20-%20Versi%C3%B3n%201%20-%20Julio%202018.pdf\/365690c6-9a09-f451-2602-b86d9d27d361?version=1.1&amp;download=1\" target=\"_blank\" rel=\"noopener\">Orientaciones para promover la participaci\u00f3n ciudadana en los procesos de diagn\u00f3stico y planeaci\u00f3n de la Gesti\u00f3n P\u00fablica<\/a><\/p><\/li><\/ul>\t\t\t\t\t<\/div>\n\t\t\t\t\t\t<\/div>\n\t\t\t\t<\/div>\n\t\t\t\t<div class=\"elementor-element elementor-element-5f938e7 elementor-widget elementor-widget-heading\" data-id=\"5f938e7\" data-element_type=\"widget\" data-widget_type=\"heading.default\">\n\t\t\t\t<div class=\"elementor-widget-container\">\n\t\t\t<h3 class=\"elementor-heading-title elementor-size-default\">1.3. Herramientas de evaluaci\u00f3n<\/h3>\t\t<\/div>\n\t\t\t\t<\/div>\n\t\t\t\t<div class=\"elementor-element elementor-element-b53243a elementor-widget elementor-widget-text-editor\" data-id=\"b53243a\" data-element_type=\"widget\" data-widget_type=\"text-editor.default\">\n\t\t\t\t<div class=\"elementor-widget-container\">\n\t\t\t\t\t\t\t\t<div class=\"elementor-text-editor elementor-clearfix\">\n\t\t\t\t<ul><li><a href=\"https:\/\/www.medellin.gov.co\/Isolucion\/Administracion\/frmFrameSet.aspx?Ruta=Li4vRnJhbWVTZXRBcnRpY3Vsby5hc3A\/UGFnaW5hPUJhbmNvQ29ub2NpbWllbnRvNEFsY2FsZGlhTWVkZWxsaW4vMi8yMTNiMDI2NDUwNmU0ZjcwYjg1YjdiZjg4OGYwOGU3NS8yMTNiMDI2NDUwNmU0ZjcwYjg1YjdiZjg4OGYwOGU3NS5hc3AmSURBUlRJQ1VMTz01MjE1Nw==\" target=\"_blank\" rel=\"noopener\">Procedimiento Seguimiento de Pol\u00edticas P\u00fablicas<\/a><\/li><li><a href=\"https:\/\/www.medellin.gov.co\/Isolucion\/Administracion\/frmFrameSet.aspx?Ruta=Li4vRnJhbWVTZXRBcnRpY3Vsby5hc3A\/UGFnaW5hPUJhbmNvQ29ub2NpbWllbnRvNEFsY2FsZGlhTWVkZWxsaW4vYy9jYmIwZDUxMjNlZDc0MDcwODQ1YjFhZjJhOWQwZDYwNC9jYmIwZDUxMjNlZDc0MDcwODQ1YjFhZjJhOWQwZDYwNC5hc3AmSURBUlRJQ1VMTz01MjIxOQ==\" target=\"_blank\" rel=\"noopener\">Gu\u00eda para establecer contexto de la Pol\u00edtica P\u00fablica<\/a><\/li><li><a href=\"https:\/\/www.medellin.gov.co\/es\/centro-documental\/planes-estrategicos-y-misionales-del-distrito-especial-medellin\/\" target=\"_blank\" rel=\"noopener\">Planes estrat\u00e9gicos y misionales del Distrito Especial de Medell\u00edn<\/a><\/li><\/ul>\t\t\t\t\t<\/div>\n\t\t\t\t\t\t<\/div>\n\t\t\t\t<\/div>\n\t\t\t\t<div class=\"elementor-element elementor-element-e86ea64 elementor-widget elementor-widget-heading\" data-id=\"e86ea64\" data-element_type=\"widget\" data-widget_type=\"heading.default\">\n\t\t\t\t<div class=\"elementor-widget-container\">\n\t\t\t<h3 class=\"elementor-heading-title elementor-size-default\">1.4. Divulgar resultados<\/h3>\t\t<\/div>\n\t\t\t\t<\/div>\n\t\t\t\t<div class=\"elementor-element elementor-element-8d46326 elementor-widget elementor-widget-text-editor\" data-id=\"8d46326\" data-element_type=\"widget\" data-widget_type=\"text-editor.default\">\n\t\t\t\t<div class=\"elementor-widget-container\">\n\t\t\t\t\t\t\t\t<div class=\"elementor-text-editor elementor-clearfix\">\n\t\t\t\t<ul><li><a href=\"https:\/\/www.medellin.gov.co\/es\/plan-de-desarrollo\/\" target=\"_blank\" rel=\"noopener\">Plan de Desarrollo Distrital 2024-2027<\/a><\/li><li><p><a href=\"https:\/\/www.medellin.gov.co\/ndesarrollo\/\" target=\"_blank\" rel=\"noopener\">Nuestro Desarrollo<\/a><\/p><\/li><li><a href=\"https:\/\/siciudadania.co\/index.php\/2021\/06\/10\/politica-publica\/\" target=\"_blank\" rel=\"noopener\">Pol\u00edtica P\u00fablica de Participaci\u00f3n Ciudadana<\/a><\/li><li><a href=\"https:\/\/www.medellin.gov.co\/es\/secretaria-participacion-ciudadana\/planeacion-local-y-presupuesto-participativo\/\" target=\"_blank\" rel=\"noopener\">Participaci\u00f3n Ciudadana y Presupuesto Participativo de Medell\u00edn<\/a><\/li><\/ul>\t\t\t\t\t<\/div>\n\t\t\t\t\t\t<\/div>\n\t\t\t\t<\/div>\n\t\t\t\t<div class=\"elementor-element elementor-element-1bcbec3 elementor-widget elementor-widget-heading\" data-id=\"1bcbec3\" data-element_type=\"widget\" data-widget_type=\"heading.default\">\n\t\t\t\t<div class=\"elementor-widget-container\">\n\t\t\t<h2 class=\"elementor-heading-title elementor-size-default\"><b>2. Planeaci\u00f3n<\/b> y presupuesto participativo<\/h2>\t\t<\/div>\n\t\t\t\t<\/div>\n\t\t\t\t<div class=\"elementor-element elementor-element-4b09597 elementor-widget elementor-widget-text-editor\" data-id=\"4b09597\" data-element_type=\"widget\" data-widget_type=\"text-editor.default\">\n\t\t\t\t<div class=\"elementor-widget-container\">\n\t\t\t\t\t\t\t\t<div class=\"elementor-text-editor elementor-clearfix\">\n\t\t\t\t<p>La Planeaci\u00f3n del Desarrollo Local (PDL) y Presupuesto Participativo (PP) es un escenario de participaci\u00f3n democr\u00e1tica que le posibilita a la ciudadan\u00eda planear el desarrollo de cada una de las comunas y corregimientos de Medell\u00edn y tener incidencia sobre el 5% del presupuesto de libre inversi\u00f3n del municipio.<\/p><p>De igual forma permite: generar acuerdos participativos sobre la planeaci\u00f3n del desarrollo local, definir las prioridades de inversi\u00f3n en cada comuna y corregimiento para contribuir a superar las problem\u00e1ticas enunciadas en cada Plan de Desarrollo Local y fortalecer las relaciones entre la Administraci\u00f3n Municipal y la ciudadan\u00eda. Ampl\u00ede toda la informaci\u00f3n sobre el proceso de Planeaci\u00f3n del Desarrollo Local y Presupuesto Participativo.<\/p>\t\t\t\t\t<\/div>\n\t\t\t\t\t\t<\/div>\n\t\t\t\t<\/div>\n\t\t\t\t<div class=\"elementor-element elementor-element-daa2603 elementor-widget elementor-widget-heading\" data-id=\"daa2603\" data-element_type=\"widget\" data-widget_type=\"heading.default\">\n\t\t\t\t<div class=\"elementor-widget-container\">\n\t\t\t<h3 class=\"elementor-heading-title elementor-size-default\">2.1. Porcentaje del presupuesto para el proceso<\/h3>\t\t<\/div>\n\t\t\t\t<\/div>\n\t\t\t\t<div class=\"elementor-element elementor-element-2fee982 elementor-widget elementor-widget-text-editor\" data-id=\"2fee982\" data-element_type=\"widget\" data-widget_type=\"text-editor.default\">\n\t\t\t\t<div class=\"elementor-widget-container\">\n\t\t\t\t\t\t\t\t<div class=\"elementor-text-editor elementor-clearfix\">\n\t\t\t\t<ul><li><a href=\"https:\/\/www.medellin.gov.co\/es\/secretaria-participacion-ciudadana\/planeacion-local-y-presupuesto-participativo\/conoce\/\" target=\"_blank\" rel=\"noopener\">Porcentaje del presupuesto para el proceso<\/a>.<\/li><\/ul>\t\t\t\t\t<\/div>\n\t\t\t\t\t\t<\/div>\n\t\t\t\t<\/div>\n\t\t\t\t<div class=\"elementor-element elementor-element-39b1053 elementor-widget elementor-widget-heading\" data-id=\"39b1053\" data-element_type=\"widget\" data-widget_type=\"heading.default\">\n\t\t\t\t<div class=\"elementor-widget-container\">\n\t\t\t<h3 class=\"elementor-heading-title elementor-size-default\">2.2. Habilitar canales de interacci\u00f3n y caja de herramientas<\/h3>\t\t<\/div>\n\t\t\t\t<\/div>\n\t\t\t\t<div class=\"elementor-element elementor-element-2202b48 elementor-widget elementor-widget-text-editor\" data-id=\"2202b48\" data-element_type=\"widget\" data-widget_type=\"text-editor.default\">\n\t\t\t\t<div class=\"elementor-widget-container\">\n\t\t\t\t\t\t\t\t<div class=\"elementor-text-editor elementor-clearfix\">\n\t\t\t\t<ul><li><a href=\"https:\/\/www.medellin.gov.co\/es\/secretaria-participacion-ciudadana\/planeacion-local-y-presupuesto-participativo\/\">Habilitar canales de interacci\u00f3n y caja de herramientas<\/a><\/li><\/ul>\t\t\t\t\t<\/div>\n\t\t\t\t\t\t<\/div>\n\t\t\t\t<\/div>\n\t\t\t\t<div class=\"elementor-element elementor-element-04802af elementor-widget elementor-widget-heading\" data-id=\"04802af\" data-element_type=\"widget\" data-widget_type=\"heading.default\">\n\t\t\t\t<div class=\"elementor-widget-container\">\n\t\t\t<h3 class=\"elementor-heading-title elementor-size-default\">2.3. Publicar la informaci\u00f3n sobre las decisiones<\/h3>\t\t<\/div>\n\t\t\t\t<\/div>\n\t\t\t\t<div class=\"elementor-element elementor-element-d00273e elementor-widget elementor-widget-text-editor\" data-id=\"d00273e\" data-element_type=\"widget\" data-widget_type=\"text-editor.default\">\n\t\t\t\t<div class=\"elementor-widget-container\">\n\t\t\t\t\t\t\t\t<div class=\"elementor-text-editor elementor-clearfix\">\n\t\t\t\t<ul><li><a href=\"https:\/\/www.medellin.gov.co\/es\/secretaria-participacion-ciudadana\/planeacion-local-y-presupuesto-participativo\/prioriza\/\">Publicar la informaci\u00f3n sobre las decisiones<\/a><\/li><li><a href=\"https:\/\/www.medellin.gov.co\/ndesarrollo\/\" target=\"_blank\" rel=\"noopener\">Planeaci\u00f3n del desarrollo<\/a><\/li><\/ul>\t\t\t\t\t<\/div>\n\t\t\t\t\t\t<\/div>\n\t\t\t\t<\/div>\n\t\t\t\t<div class=\"elementor-element elementor-element-4f04925 elementor-widget elementor-widget-heading\" data-id=\"4f04925\" data-element_type=\"widget\" data-widget_type=\"heading.default\">\n\t\t\t\t<div class=\"elementor-widget-container\">\n\t\t\t<h3 class=\"elementor-heading-title elementor-size-default\">2.4. Visibilizar avances de decisiones y su estado (sem\u00e1foro)<\/h3>\t\t<\/div>\n\t\t\t\t<\/div>\n\t\t\t\t<div class=\"elementor-element elementor-element-374a4f7 elementor-widget elementor-widget-text-editor\" data-id=\"374a4f7\" data-element_type=\"widget\" data-widget_type=\"text-editor.default\">\n\t\t\t\t<div class=\"elementor-widget-container\">\n\t\t\t\t\t\t\t\t<div class=\"elementor-text-editor elementor-clearfix\">\n\t\t\t\t<ul><li><a href=\"https:\/\/www.medellin.gov.co\/es\/secretaria-participacion-ciudadana\/planeacion-local-y-presupuesto-participativo\/haz-seguimiento\/\" target=\"_blank\" rel=\"noopener\">Visibilizar avances de decisiones y su estado (sem\u00e1foro)<\/a><\/li><\/ul>\t\t\t\t\t<\/div>\n\t\t\t\t\t\t<\/div>\n\t\t\t\t<\/div>\n\t\t\t\t<div class=\"elementor-element elementor-element-051eb17 elementor-widget elementor-widget-heading\" data-id=\"051eb17\" data-element_type=\"widget\" data-widget_type=\"heading.default\">\n\t\t\t\t<div class=\"elementor-widget-container\">\n\t\t\t<h3 class=\"elementor-heading-title elementor-size-default\">2.5. Informes Planeaci\u00f3n del Desarrollo Local y Presupuesto Participativo<\/h3>\t\t<\/div>\n\t\t\t\t<\/div>\n\t\t\t\t<div class=\"elementor-element elementor-element-01ac829 elementor-widget elementor-widget-text-editor\" data-id=\"01ac829\" data-element_type=\"widget\" data-widget_type=\"text-editor.default\">\n\t\t\t\t<div class=\"elementor-widget-container\">\n\t\t\t\t\t\t\t\t<div class=\"elementor-text-editor elementor-clearfix\">\n\t\t\t\t<ul><li><a href=\"https:\/\/www.medellin.gov.co\/es\/secretaria-participacion-ciudadana\/planeacion-local-y-presupuesto-participativo\/haz-seguimiento\/\" target=\"_blank\" rel=\"noopener\">Estrategia de rendici\u00f3n p\u00fablica de cuentas de la Planeaci\u00f3n del Desarrollo Local y Presupuesto Participativo \u2013 PDL Y PP\u00a0<\/a><\/li><\/ul>\t\t\t\t\t<\/div>\n\t\t\t\t\t\t<\/div>\n\t\t\t\t<\/div>\n\t\t\t\t<div class=\"elementor-element elementor-element-864b1af elementor-widget elementor-widget-heading\" data-id=\"864b1af\" data-element_type=\"widget\" data-widget_type=\"heading.default\">\n\t\t\t\t<div class=\"elementor-widget-container\">\n\t\t\t<h2 class=\"elementor-heading-title elementor-size-default\"><b>3. Consulta<\/b> ciudadana<\/h2>\t\t<\/div>\n\t\t\t\t<\/div>\n\t\t\t\t<div class=\"elementor-element elementor-element-9c3f482 elementor-widget elementor-widget-text-editor\" data-id=\"9c3f482\" data-element_type=\"widget\" data-widget_type=\"text-editor.default\">\n\t\t\t\t<div class=\"elementor-widget-container\">\n\t\t\t\t\t\t\t\t<div class=\"elementor-text-editor elementor-clearfix\">\n\t\t\t\t<p>Son aquellos mecanismo que buscan conocer las opiniones, sugerencias, propuestas, comentarios y aportes de los usuarios, ciudadanos y grupos de inter\u00e9s con respecto a los proyectos, normas, pol\u00edticas, programas o tr\u00e1mites adelantados por la Administraci\u00f3n Distrital.<\/p>\t\t\t\t\t<\/div>\n\t\t\t\t\t\t<\/div>\n\t\t\t\t<\/div>\n\t\t\t\t<div class=\"elementor-element elementor-element-f7ff581 elementor-widget elementor-widget-heading\" data-id=\"f7ff581\" data-element_type=\"widget\" data-widget_type=\"heading.default\">\n\t\t\t\t<div class=\"elementor-widget-container\">\n\t\t\t<h3 class=\"elementor-heading-title elementor-size-default\">3.1. Tema de consulta (normas, pol\u00edticas, programas o proyectos) y resumen del mismo<\/h3>\t\t<\/div>\n\t\t\t\t<\/div>\n\t\t\t\t<div class=\"elementor-element elementor-element-04d6b1e elementor-widget elementor-widget-text-editor\" data-id=\"04d6b1e\" data-element_type=\"widget\" data-widget_type=\"text-editor.default\">\n\t\t\t\t<div class=\"elementor-widget-container\">\n\t\t\t\t\t\t\t\t<div class=\"elementor-text-editor elementor-clearfix\">\n\t\t\t\t<ul><li><a href=\"https:\/\/www.medellin.gov.co\/es\/secretaria-de-gestion-humana\/servicio-a-la-ciudadania\/\" target=\"_blank\" rel=\"noopener\">Servicio a la ciudadan\u00eda del Distrito de Medell\u00edn<\/a><\/li><li><a href=\"https:\/\/www.medellin.gov.co\/es\/secretaria-de-gestion-humana\/servicio-a-la-ciudadania\/informacion-general-de-servicio-a-la-ciudadania\/\" target=\"_blank\" rel=\"noopener\">Informaci\u00f3n general de la Alcald\u00eda de Medell\u00edn<\/a><\/li><li><a href=\"https:\/\/www.medellin.gov.co\/es\/programas-y-proyectos\/\" target=\"_blank\" rel=\"noopener\">Programas y proyectos de la Administraci\u00f3n Distrital<\/a><\/li><li><a href=\"https:\/\/www.medellin.gov.co\/es\/secretaria-general\/proyectos-normativos-agenda-regulatoria\/\" target=\"_blank\" rel=\"noopener\">Proyectos normativos y agenda regulatoria<\/a><\/li><\/ul>\t\t\t\t\t<\/div>\n\t\t\t\t\t\t<\/div>\n\t\t\t\t<\/div>\n\t\t\t\t<div class=\"elementor-element elementor-element-20255c2 elementor-widget elementor-widget-heading\" data-id=\"20255c2\" data-element_type=\"widget\" data-widget_type=\"heading.default\">\n\t\t\t\t<div class=\"elementor-widget-container\">\n\t\t\t<h3 class=\"elementor-heading-title elementor-size-default\">3.2. Canales de consulta y caja de herramientas<\/h3>\t\t<\/div>\n\t\t\t\t<\/div>\n\t\t\t\t<div class=\"elementor-element elementor-element-2460e6a elementor-widget elementor-widget-text-editor\" data-id=\"2460e6a\" data-element_type=\"widget\" data-widget_type=\"text-editor.default\">\n\t\t\t\t<div class=\"elementor-widget-container\">\n\t\t\t\t\t\t\t\t<div class=\"elementor-text-editor elementor-clearfix\">\n\t\t\t\t<ul><li><a href=\"https:\/\/www.medellin.gov.co\/es\/secretaria-general\/proyectos-normativos-agenda-regulatoria\/\" target=\"_blank\" rel=\"noopener\">Conocimiento y discusi\u00f3n de proyectos normativos<\/a><\/li><li><a href=\"https:\/\/www.sucop.gov.co\/\" target=\"_blank\" rel=\"noopener\">Conocimiento y discusi\u00f3n de proyectos normativos del orden de nacional &#8211; (SUCOP &#8211; Sistema \u00danico de Consulta P\u00fablica)<\/a><\/li><li><a href=\"https:\/\/www.medellin.gov.co\/ndesarrollo\/\" target=\"_blank\" rel=\"noopener\">Nuestro Desarrollo<\/a><\/li><\/ul>\t\t\t\t\t<\/div>\n\t\t\t\t\t\t<\/div>\n\t\t\t\t<\/div>\n\t\t\t\t<div class=\"elementor-element elementor-element-64ebb46 elementor-widget elementor-widget-heading\" data-id=\"64ebb46\" data-element_type=\"widget\" data-widget_type=\"heading.default\">\n\t\t\t\t<div class=\"elementor-widget-container\">\n\t\t\t<h3 class=\"elementor-heading-title elementor-size-default\">3.3.  Publicar observaciones y comentarios y las respuestas de proyectos normativos<\/h3>\t\t<\/div>\n\t\t\t\t<\/div>\n\t\t\t\t<div class=\"elementor-element elementor-element-7a689e8 elementor-widget elementor-widget-text-editor\" data-id=\"7a689e8\" data-element_type=\"widget\" data-widget_type=\"text-editor.default\">\n\t\t\t\t<div class=\"elementor-widget-container\">\n\t\t\t\t\t\t\t\t<div class=\"elementor-text-editor elementor-clearfix\">\n\t\t\t\t<ul><li><a href=\"https:\/\/www.medellin.gov.co\/es\/secretaria-general\/proyectos-normativos-agenda-regulatoria\/\" target=\"_blank\" rel=\"noopener\">Conocimiento y discusi\u00f3n de proyectos normativos<\/a><\/li><\/ul>\t\t\t\t\t<\/div>\n\t\t\t\t\t\t<\/div>\n\t\t\t\t<\/div>\n\t\t\t\t<div class=\"elementor-element elementor-element-e006a4f elementor-widget elementor-widget-heading\" data-id=\"e006a4f\" data-element_type=\"widget\" data-widget_type=\"heading.default\">\n\t\t\t\t<div class=\"elementor-widget-container\">\n\t\t\t<h3 class=\"elementor-heading-title elementor-size-default\">3.4. Secci\u00f3n Normativa<\/h3>\t\t<\/div>\n\t\t\t\t<\/div>\n\t\t\t\t<div class=\"elementor-element elementor-element-2294dfa elementor-widget elementor-widget-text-editor\" data-id=\"2294dfa\" data-element_type=\"widget\" data-widget_type=\"text-editor.default\">\n\t\t\t\t<div class=\"elementor-widget-container\">\n\t\t\t\t\t\t\t\t<div class=\"elementor-text-editor elementor-clearfix\">\n\t\t\t\t<ul><li><a href=\"https:\/\/www.medellin.gov.co\/es\/secretaria-general\/proyectos-normativos-agenda-regulatoria\/\" target=\"_blank\" rel=\"noopener\">Hist\u00f3rico del proceso de conocimiento y discusi\u00f3n de proyectos normativos<\/a><\/li><li><a href=\"https:\/\/www.medellin.gov.co\/normograma\/docs\/index.html\" target=\"_blank\" rel=\"noopener\">Astrea &#8211; Biblioteca Jur\u00eddica Virtual del Municipio de Medell\u00edn<\/a><\/li><\/ul>\t\t\t\t\t<\/div>\n\t\t\t\t\t\t<\/div>\n\t\t\t\t<\/div>\n\t\t\t\t<div class=\"elementor-element elementor-element-ceeaa12 elementor-widget elementor-widget-heading\" data-id=\"ceeaa12\" data-element_type=\"widget\" data-widget_type=\"heading.default\">\n\t\t\t\t<div class=\"elementor-widget-container\">\n\t\t\t<h3 class=\"elementor-heading-title elementor-size-default\">3.5. Herramienta de evaluaci\u00f3n<\/h3>\t\t<\/div>\n\t\t\t\t<\/div>\n\t\t\t\t<div class=\"elementor-element elementor-element-800bce5 elementor-widget elementor-widget-text-editor\" data-id=\"800bce5\" data-element_type=\"widget\" data-widget_type=\"text-editor.default\">\n\t\t\t\t<div class=\"elementor-widget-container\">\n\t\t\t\t\t\t\t\t<div class=\"elementor-text-editor elementor-clearfix\">\n\t\t\t\t<ul><li><p><a href=\"https:\/\/www.medellin.gov.co\/es\/secretaria-de-gestion-humana\/servicio-a-la-ciudadania\/\" target=\"_blank\" rel=\"noopener\">Servicio a la ciudadan\u00eda del Distrito de Medell\u00edn<\/a><\/p><\/li><li><a href=\"https:\/\/www.medellin.gov.co\/es\/secretaria-de-gestion-humana\/servicio-a-la-ciudadania\/informacion-general-de-servicio-a-la-ciudadania\/\" target=\"_blank\" rel=\"noopener\">Informaci\u00f3n general del Distrito de Medell\u00edn<\/a><\/li><li><p><a href=\"https:\/\/api.whatsapp.com\/send?phone=573016044444&amp;text=Hola%20Flor%20%C2%BFpuedes%20ayudarme\" target=\"_blank\" rel=\"noopener\">Satisfacci\u00f3n del Ciudadano\u00a0<\/a><\/p><\/li><\/ul>\t\t\t\t\t<\/div>\n\t\t\t\t\t\t<\/div>\n\t\t\t\t<\/div>\n\t\t\t\t<div class=\"elementor-element elementor-element-2a390e6 elementor-widget elementor-widget-heading\" data-id=\"2a390e6\" data-element_type=\"widget\" data-widget_type=\"heading.default\">\n\t\t\t\t<div class=\"elementor-widget-container\">\n\t\t\t<h3 class=\"elementor-heading-title elementor-size-default\">3.6. Plan Anticorrupci\u00f3n y de Atenci\u00f3n al Ciudadano (PAAC)<\/h3>\t\t<\/div>\n\t\t\t\t<\/div>\n\t\t\t\t<div class=\"elementor-element elementor-element-d7762e8 elementor-widget elementor-widget-text-editor\" data-id=\"d7762e8\" data-element_type=\"widget\" data-widget_type=\"text-editor.default\">\n\t\t\t\t<div class=\"elementor-widget-container\">\n\t\t\t\t\t\t\t\t<div class=\"elementor-text-editor elementor-clearfix\">\n\t\t\t\t<ul><li><a href=\"https:\/\/www.medellin.gov.co\/es\/centro-documental\/plan-anticorrupcion-y-de-atencion-al-ciudadano\/\" target=\"_blank\" rel=\"noopener\">Plan Anticorrupci\u00f3n y de Atenci\u00f3n al Ciudadano (PAAC)<\/a><\/li><\/ul>\t\t\t\t\t<\/div>\n\t\t\t\t\t\t<\/div>\n\t\t\t\t<\/div>\n\t\t\t\t<div class=\"elementor-element elementor-element-12b688f elementor-widget elementor-widget-heading\" data-id=\"12b688f\" data-element_type=\"widget\" data-widget_type=\"heading.default\">\n\t\t\t\t<div class=\"elementor-widget-container\">\n\t\t\t<h2 class=\"elementor-heading-title elementor-size-default\"><b>4. Colaboraci\u00f3n<\/b> e innovaci\u00f3n<\/h2>\t\t<\/div>\n\t\t\t\t<\/div>\n\t\t\t\t<div class=\"elementor-element elementor-element-b14e99c elementor-widget elementor-widget-text-editor\" data-id=\"b14e99c\" data-element_type=\"widget\" data-widget_type=\"text-editor.default\">\n\t\t\t\t<div class=\"elementor-widget-container\">\n\t\t\t\t\t\t\t\t<div class=\"elementor-text-editor elementor-clearfix\">\n\t\t\t\t<p>Es el proceso mediante el cual impulsamos la construcci\u00f3n conjunta de soluciones a problem\u00e1ticas p\u00fablicas, integrando el conocimiento, las ideas y la creatividad de la ciudadan\u00eda, las organizaciones sociales y todos los grupos de valor. A trav\u00e9s de espacios de di\u00e1logo abierto promovemos la innovaci\u00f3n social, democr\u00e1tica y p\u00fablica como caminos para fortalecer la participaci\u00f3n, mejorar la relaci\u00f3n entre Estado y ciudadan\u00eda, y generar respuestas m\u00e1s efectivas, justas y sostenibles a los desaf\u00edos que tenemos como distrito.<\/p>\t\t\t\t\t<\/div>\n\t\t\t\t\t\t<\/div>\n\t\t\t\t<\/div>\n\t\t\t\t<div class=\"elementor-element elementor-element-c385569 elementor-widget elementor-widget-heading\" data-id=\"c385569\" data-element_type=\"widget\" data-widget_type=\"heading.default\">\n\t\t\t\t<div class=\"elementor-widget-container\">\n\t\t\t<h3 class=\"elementor-heading-title elementor-size-default\">4.1. Espacio para consulta&nbsp;sobre temas o problem\u00e1ticas<\/h3>\t\t<\/div>\n\t\t\t\t<\/div>\n\t\t\t\t<div class=\"elementor-element elementor-element-02b8777 elementor-widget elementor-widget-text-editor\" data-id=\"02b8777\" data-element_type=\"widget\" data-widget_type=\"text-editor.default\">\n\t\t\t\t<div class=\"elementor-widget-container\">\n\t\t\t\t\t\t\t\t<div class=\"elementor-text-editor elementor-clearfix\">\n\t\t\t\t<ul><li><a href=\"https:\/\/siciudadania.co\/index.php\/participa\/\" target=\"_blank\" rel=\"noopener\">Consulta y debate Siciudadania<\/a><\/li><li><a href=\"https:\/\/www.medellin.gov.co\/es\/wp-content\/uploads\/2025\/08\/Estrategia-de-Participacion-Medellin-2025.pdf\" target=\"_blank\" rel=\"noopener\">Estrategia de Participaci\u00f3n Medell\u00edn 2025<\/a><\/li><li><a href=\"https:\/\/www.medellin.gov.co\/es\/departamento-administrativo-de-planeacion\/formulacion-plan-de-desarrollo-distrital-2024-2027\/\" target=\"_blank\" rel=\"noopener\">Plan de Desarrollo Distrital 2024-2027<\/a><\/li><\/ul>\t\t\t\t\t<\/div>\n\t\t\t\t\t\t<\/div>\n\t\t\t\t<\/div>\n\t\t\t\t<div class=\"elementor-element elementor-element-dfdf1a3 elementor-widget elementor-widget-heading\" data-id=\"dfdf1a3\" data-element_type=\"widget\" data-widget_type=\"heading.default\">\n\t\t\t\t<div class=\"elementor-widget-container\">\n\t\t\t<h3 class=\"elementor-heading-title elementor-size-default\">4.2. Convocatoria a los retos<\/h3>\t\t<\/div>\n\t\t\t\t<\/div>\n\t\t\t\t<div class=\"elementor-element elementor-element-5443fd0 elementor-widget elementor-widget-accordion\" data-id=\"5443fd0\" data-element_type=\"widget\" data-widget_type=\"accordion.default\">\n\t\t\t\t<div class=\"elementor-widget-container\">\n\t\t\t\t\t<div class=\"elementor-accordion\" role=\"tablist\">\n\t\t\t\t\t\t\t<div class=\"elementor-accordion-item\">\n\t\t\t\t\t<div id=\"elementor-tab-title-8831\" class=\"elementor-tab-title\" data-tab=\"1\" role=\"tab\" aria-controls=\"elementor-tab-content-8831\" aria-expanded=\"false\">\n\t\t\t\t\t\t\t\t\t\t\t\t\t<span class=\"elementor-accordion-icon elementor-accordion-icon-left\" aria-hidden=\"true\">\n\t\t\t\t\t\t\t\t\t\t\t\t\t\t\t<span class=\"elementor-accordion-icon-closed\"><i class=\"fas fa-plus\"><\/i><\/span>\n\t\t\t\t\t\t\t\t<span class=\"elementor-accordion-icon-opened\"><i class=\"fas fa-minus\"><\/i><\/span>\n\t\t\t\t\t\t\t\t\t\t\t\t\t\t<\/span>\n\t\t\t\t\t\t\t\t\t\t\t\t<a class=\"elementor-accordion-title\" href=\"\">Reto de Ciudad<\/a>\n\t\t\t\t\t<\/div>\n\t\t\t\t\t<div id=\"elementor-tab-content-8831\" class=\"elementor-tab-content elementor-clearfix\" data-tab=\"1\" role=\"tabpanel\" aria-labelledby=\"elementor-tab-title-8831\"><p>En el marco de Ciudadan\u00edaLab, la Alcald\u00eda del Distrito de Ciencia, Tecnolog\u00eda e Innovaci\u00f3n de Medell\u00edn, a trav\u00e9s de la Universidad de Antioquia convocan al Reto de Ciudad como una estrategia de innovaci\u00f3n p\u00fablica, social y democr\u00e1tica, con el prop\u00f3sito de potenciar la cocreaci\u00f3n de soluciones concretas frente a una de las principales tensiones del ecosistema social de la ciudad: la sostenibilidad de las organizaciones sociales y colectivos ciudadanos; esto, mediante metodolog\u00edas participativas, que fomenten la innovaci\u00f3n social y ciudadana y la generaci\u00f3n de ideas para transformar las din\u00e1micas territoriales. \u00a0<\/p><p><strong>El Reto:<\/strong> \u00bfC\u00f3mo podemos fortalecer la sostenibilidad de las organizaciones sociales y colectivos de la ciudad de Medell\u00edn?<\/p><p>El reto busca abordar las diferentes situaciones que afectan la sostenibilidad de las m\u00e1s de 5.000 organizaciones sociales del Distrito. Factores como la baja visibilidad, las dificultades en el acceso a recursos, la escasa articulaci\u00f3n intersectorial y los procesos organizativos fr\u00e1giles, exigen soluciones que integren saberes t\u00e9cnicos y comunitarios, promuevan la acci\u00f3n colaborativa y prioricen el impacto social duradero.<\/p><p><strong>Objetivo de la convocatoria:<\/strong><\/p><p>Identificar, cocrear y prototipar soluciones innovadoras, sostenibles y replicables que promuevan la inclusi\u00f3n y equidad territorial; incorporen enfoques colaborativos y sostenibles; generen un impacto tangible en comunidades vulnerables; fortalezcan la capacidad organizativa y la incidencia ciudadana; visibilicen y articulen las pr\u00e1cticas sociales existentes.<\/p><p><strong>Postulaci\u00f3n de ideas: <\/strong><\/p><p>Las personas o actores interesadas deber\u00e1n diligenciar el formulario oficial disponible para la convocatoria y aceptar los t\u00e9rminos y condiciones establecidos.<\/p><p>Inscribe tus ideas aqu\u00ed: <a href=\"https:\/\/siciudadania.co\/index.php\/reto-de-ciudad\/\" target=\"_blank\" rel=\"noopener\">https:\/\/siciudadania.co\/index.php\/reto-de-ciudad\/<\/a><\/p><p><strong>Fases del proceso:\u00a0 <\/strong><\/p><p>Postulaci\u00f3n y Selecci\u00f3n de Ideas<\/p><ul><li>Apertura de convocatoria: 14 de agosto de 2025.<\/li><li>Cierre de convocatoria: 31 de agosto de 2025.<\/li><li>Evaluaci\u00f3n de propuestas: 1 al 11 de septiembre 2025.<\/li><li>Publicaci\u00f3n de resultados: 15 de septiembre de 2025.<\/li><\/ul><p><strong>Fase 1<\/strong> \u2013 Ideaci\u00f3n (Virtual\/Presencial)<\/p><ul><li><em>Kick off<\/em>: entre el 17 y 23 de septiembre de 2025.<\/li><li>Mentor\u00eda 1: entre el 24 y el 30 de septiembre de 2025.<\/li><li>Mentor\u00eda 2: entre el 1 y el 3 de octubre de 2025.<\/li><\/ul><p><strong>Fase 2<\/strong> \u2013 Prototipado (presencial en Medell\u00edn)<\/p><p>Laboratorio: del 27 al 31 de octubre de 2025.<\/p><p>Participan hasta 2 promotores, 5 cocreadores y 3 mentores por equipo.<\/p><p>Nota: de acuerdo con las din\u00e1micas propias del proceso, estas proyecciones de fechas y tiempos podr\u00e1n ajustarse o modificarse. En todo caso, ser\u00e1n notificadas y comunicadas en los medios en los que se ha publicado la convocatoria.<\/p><\/div>\n\t\t\t\t<\/div>\n\t\t\t\t\t\t\t<div class=\"elementor-accordion-item\">\n\t\t\t\t\t<div id=\"elementor-tab-title-8832\" class=\"elementor-tab-title\" data-tab=\"2\" role=\"tab\" aria-controls=\"elementor-tab-content-8832\" aria-expanded=\"false\">\n\t\t\t\t\t\t\t\t\t\t\t\t\t<span class=\"elementor-accordion-icon elementor-accordion-icon-left\" aria-hidden=\"true\">\n\t\t\t\t\t\t\t\t\t\t\t\t\t\t\t<span class=\"elementor-accordion-icon-closed\"><i class=\"fas fa-plus\"><\/i><\/span>\n\t\t\t\t\t\t\t\t<span class=\"elementor-accordion-icon-opened\"><i class=\"fas fa-minus\"><\/i><\/span>\n\t\t\t\t\t\t\t\t\t\t\t\t\t\t<\/span>\n\t\t\t\t\t\t\t\t\t\t\t\t<a class=\"elementor-accordion-title\" href=\"\">Reto Labic<\/a>\n\t\t\t\t\t<\/div>\n\t\t\t\t\t<div id=\"elementor-tab-content-8832\" class=\"elementor-tab-content elementor-clearfix\" data-tab=\"2\" role=\"tabpanel\" aria-labelledby=\"elementor-tab-title-8832\"><p>La Universidad de Antioquia y la Alcald\u00eda del Distrito de Ciencia, Tecnolog\u00eda e Innovaci\u00f3n de Medell\u00edn en el marco de LABIC 2025, se unieron para consolidar una estrategia enfocada en fortalecer a colectivos, organizaciones sociales y liderazgos comunitarios de Medell\u00edn principalmente de mujeres y j\u00f3venes, mediante ejercicios innovadores y sostenibles que les permitan participar m\u00e1s activamente en las decisiones que afectan sus territorios. El Programa LABIC 2025, es impulsado por la Divisi\u00f3n de Innovaci\u00f3n P\u00fablica y Ciudadana (DIPC) de la Secretar\u00eda General Iberoamericana (SEGIB) con el apoyo de la Agencia Espa\u00f1ola de Cooperaci\u00f3n Internacional al Desarrollo (AECID). El objetivo principal de este programa ha sido: codise\u00f1ar e implementar un modelo de laboratorio para la producci\u00f3n de soluciones innovadoras junto a la ciudadan\u00eda que aborden desaf\u00edos sociales, econ\u00f3micos o ambientales durante el 2025. Durante este proceso, la Universidad de Antioquia y la Alcald\u00eda de Medell\u00edn han codise\u00f1ado la experiencia de #LABICMed2025, a partir de sesiones de acompa\u00f1amiento con el equipo de la DIPC de la SEGIB.\u00a0<\/p><p>En #LABICMed2025 abordamos el siguiente reto: \u00bfC\u00f3mo lograr que las organizaciones sociales y colectivos de mujeres y j\u00f3venes del Distrito de Medell\u00edn conozcan y utilicen datos que mejoren la formulaci\u00f3n e integraci\u00f3n de sus ideas en las decisiones territoriales?<\/p><p><strong>Objetivo de la convocatoria: <\/strong><\/p><p>Esta convocatoria est\u00e1 orientada a la presentaci\u00f3n de propuestas innovadoras por parte de personas, organizaciones o colectivos que habiten el Distrito de Medell\u00edn, y busca generar soluciones innovadoras para \u201clograr que las organizaciones sociales y colectivos de mujeres y j\u00f3venes del Distrito de Medell\u00edn conozcan y utilicen datos que mejoren la formulaci\u00f3n e integraci\u00f3n de sus ideas en las decisiones territoriales\u201d. Se seleccionan un m\u00e1ximo de 4 (cuatro) ideas para prototipar en el LABIC Medell\u00edn 2025.<\/p><p><strong>Postulaci\u00f3n: <\/strong><\/p><p>La inscripci\u00f3n de los proyectos es gratuita. Cada participante (promotor) o equipo podr\u00e1 presentar tantas propuestas como desee.<\/p><p><strong>Fases del proceso:<\/strong><\/p><p>Postulaci\u00f3n y selecci\u00f3n de ideas:\u00a0<\/p><ul><li>Apertura de convocatoria: 16 de julio de 2025.<\/li><li>Cierre de convocatoria: 31 de julio de 2025.<\/li><li>Evaluaci\u00f3n de propuestas: 31 de julio al 8 de agosto de 2025.<\/li><li>Publicaci\u00f3n de resultados: 12 de agosto de 2025.<\/li><li>Inicio del laboratorio: entre el 9 y 12 de septiembre de 2025.<\/li><\/ul><p><strong>Fase 1<\/strong> \u2013 Ideaci\u00f3n (modalidad virtual\/presencial)<\/p><ul><li><em>Kick off:<\/em> Entre el 9 y 12 de septiembre de 2025.<\/li><li>Mentor\u00eda 1: Entre el 9 y 12 de septiembre de 2025.<\/li><li>Mentor\u00eda 2: Entre el 9 y 12 de septiembre de 2025.<\/li><\/ul><p><strong>Fase 2<\/strong> \u2013 Prototipado (presencial en Medell\u00edn)<\/p><p>Del 15 al 19 de septiembre de 2025.<\/p><p>Nota: de acuerdo con las din\u00e1micas propias del proceso, estas proyecciones de fechas y tiempos podr\u00e1n ajustarse o modificarse. En todo caso, ser\u00e1n notificadas y comunicadas en los medios en los que se ha publicado la convocatoria.<\/p><\/div>\n\t\t\t\t<\/div>\n\t\t\t\t\t\t\t\t<\/div>\n\t\t\t\t<\/div>\n\t\t\t\t<\/div>\n\t\t\t\t<div class=\"elementor-element elementor-element-471bf9c elementor-widget elementor-widget-heading\" data-id=\"471bf9c\" data-element_type=\"widget\" data-widget_type=\"heading.default\">\n\t\t\t\t<div class=\"elementor-widget-container\">\n\t\t\t<h3 class=\"elementor-heading-title elementor-size-default\">4.3. Informar sobre retos vigentes y reporte con la frecuencia de votaciones de soluciones en cada reto<\/h3>\t\t<\/div>\n\t\t\t\t<\/div>\n\t\t\t\t<div class=\"elementor-element elementor-element-743e9a3 elementor-widget elementor-widget-text-editor\" data-id=\"743e9a3\" data-element_type=\"widget\" data-widget_type=\"text-editor.default\">\n\t\t\t\t<div class=\"elementor-widget-container\">\n\t\t\t\t\t\t\t\t<div class=\"elementor-text-editor elementor-clearfix\">\n\t\t\t\t<p>Actualmente en Ciudadan\u00edaLab contamos con dos convocatorias de retos abiertas:<\/p><ol><li>Reto de ciudad: \u00bfC\u00f3mo podemos fortalecer la sostenibilidad de las organizaciones sociales y colectivos de la ciudad de Medell\u00edn?<\/li><li>Reto LABIC en el marco de los Laboratorios de Innovaci\u00f3n Ciudadana LABIC &#8211; 2025: \u00bfC\u00f3mo lograr que las organizaciones sociales y colectivos de mujeres y j\u00f3venes del Distrito de Medell\u00edn conozcan y utilicen datos que mejoren la formulaci\u00f3n e integraci\u00f3n de sus ideas en las decisiones territoriales?<\/li><\/ol><p>Conoce a continuaci\u00f3n todo sobre el Reto de Ciudad, su objetivo, t\u00e9rminos de referencia, fases del proceso, formulario para su postulaci\u00f3n: <a href=\"https:\/\/siciudadania.co\/index.php\/reto-de-ciudad\/\" target=\"_blank\" rel=\"noopener\">https:\/\/siciudadania.co\/index.php\/reto-de-ciudad<\/a><\/p><p>Conoce a continuaci\u00f3n todo sobre el Reto de Labic su objetivo, t\u00e9rminos de referencia, cronograma y avance: <a href=\"https:\/\/siciudadania.co\/index.php\/labic-2025\/\" target=\"_blank\" rel=\"noopener\">https:\/\/siciudadania.co\/index.php\/labic-2025\/<\/a><\/p><p><strong>Votaci\u00f3n Ciudadana &#8211; Reto de Ciudad<\/strong><\/p><p>Tras semanas de trabajo, Cuatro equipos conformados por ciudadanos y organizaciones sociales han presentado soluciones innovadoras para los desaf\u00edos de nuestra comunidad, ahora, tu opini\u00f3n es crucial. Un jurado especializado gener\u00f3 un concepto que tiene un peso del 55%. El voto ciudadano represent\u00f3 el 45% de la calificaci\u00f3n final y define cual prototipo accede a un ejercicio de potenciaci\u00f3n orientado por la Alcald\u00eda de Medell\u00edn y la Universidad de Antioquia. Realizaci\u00f3n de votaciones: del 1 al 7 de noviembre de 2025.\u00a0<\/p><p>Conoce los prototipos, las frecuencias y los resultados de votaci\u00f3n aqu\u00ed: <a href=\"https:\/\/siciudadania.co\/index.php\/2025\/11\/01\/votacion\/\" target=\"_blank\" rel=\"noopener\" data-auth=\"NotApplicable\">https:\/\/siciudadania.co\/index.php\/2025\/11\/01\/votacion\/<\/a><\/p>\t\t\t\t\t<\/div>\n\t\t\t\t\t\t<\/div>\n\t\t\t\t<\/div>\n\t\t\t\t<div class=\"elementor-element elementor-element-b1ff5a4 elementor-widget elementor-widget-heading\" data-id=\"b1ff5a4\" data-element_type=\"widget\" data-widget_type=\"heading.default\">\n\t\t\t\t<div class=\"elementor-widget-container\">\n\t\t\t<h3 class=\"elementor-heading-title elementor-size-default\">4.4. Publicaci\u00f3n de propuestas elegidas y los criterios para su selecci\u00f3n<\/h3>\t\t<\/div>\n\t\t\t\t<\/div>\n\t\t\t\t<div class=\"elementor-element elementor-element-4726e6c elementor-widget elementor-widget-text-editor\" data-id=\"4726e6c\" data-element_type=\"widget\" data-widget_type=\"text-editor.default\">\n\t\t\t\t<div class=\"elementor-widget-container\">\n\t\t\t\t\t\t\t\t<div class=\"elementor-text-editor elementor-clearfix\">\n\t\t\t\t<p>Para el RETO DE CIUDAD: <em>\u00bfC\u00f3mo podemos fortalecer la sostenibilidad de las organizaciones sociales y colectivos de la ciudad de Medell\u00edn?,<\/em> conoce en el siguiente enlace el objeto de la convocatoria, la metodolog\u00eda, las fases, los criterios para la selecci\u00f3n de soluciones, las fechas, <u>l<\/u>as propuestas elegidas \u00a0y todos los aspectos relacionados:\u00a0<a href=\"https:\/\/siciudadania.co\/index.php\/reto-de-ciudad\/\">https:\/\/siciudadania.co\/index.php\/reto-de-ciudad\/<\/a><\/p><p>Para el RETO LABIC: <em>\u00bfC\u00f3mo lograr que las organizaciones sociales y colectivos de mujeres y j\u00f3venes del Distrito de Medell\u00edn conozcan y utilicen datos que mejoren la formulaci\u00f3n e integraci\u00f3n de sus ideas en las decisiones territoriales?,<\/em> conoce las propuestas elegidas en el siguiente comunicado: <a href=\"https:\/\/siciudadania.co\/index.php\/2025\/08\/14\/comunicado-oficial\/\" target=\"_blank\" rel=\"noopener\">https:\/\/siciudadania.co\/index.php\/2025\/08\/14\/comunicado-oficial\/<\/a><\/p>\t\t\t\t\t<\/div>\n\t\t\t\t\t\t<\/div>\n\t\t\t\t<\/div>\n\t\t\t\t<div class=\"elementor-element elementor-element-e43c7ee elementor-widget elementor-widget-heading\" data-id=\"e43c7ee\" data-element_type=\"widget\" data-widget_type=\"heading.default\">\n\t\t\t\t<div class=\"elementor-widget-container\">\n\t\t\t<h3 class=\"elementor-heading-title elementor-size-default\">4.5. Divulgar el plan de trabajo para implementar la soluci\u00f3n dise\u00f1ada<\/h3>\t\t<\/div>\n\t\t\t\t<\/div>\n\t\t\t\t<div class=\"elementor-element elementor-element-a91938b elementor-widget elementor-widget-accordion\" data-id=\"a91938b\" data-element_type=\"widget\" data-widget_type=\"accordion.default\">\n\t\t\t\t<div class=\"elementor-widget-container\">\n\t\t\t\t\t<div class=\"elementor-accordion\" role=\"tablist\">\n\t\t\t\t\t\t\t<div class=\"elementor-accordion-item\">\n\t\t\t\t\t<div id=\"elementor-tab-title-1771\" class=\"elementor-tab-title\" data-tab=\"1\" role=\"tab\" aria-controls=\"elementor-tab-content-1771\" aria-expanded=\"false\">\n\t\t\t\t\t\t\t\t\t\t\t\t\t<span class=\"elementor-accordion-icon elementor-accordion-icon-left\" aria-hidden=\"true\">\n\t\t\t\t\t\t\t\t\t\t\t\t\t\t\t<span class=\"elementor-accordion-icon-closed\"><i class=\"fas fa-plus\"><\/i><\/span>\n\t\t\t\t\t\t\t\t<span class=\"elementor-accordion-icon-opened\"><i class=\"fas fa-minus\"><\/i><\/span>\n\t\t\t\t\t\t\t\t\t\t\t\t\t\t<\/span>\n\t\t\t\t\t\t\t\t\t\t\t\t<a class=\"elementor-accordion-title\" href=\"\">Para el reto de ciudad<\/a>\n\t\t\t\t\t<\/div>\n\t\t\t\t\t<div id=\"elementor-tab-content-1771\" class=\"elementor-tab-content elementor-clearfix\" data-tab=\"1\" role=\"tabpanel\" aria-labelledby=\"elementor-tab-title-1771\"><p>Para el <strong>RETO DE CIUDAD<\/strong>, de acuerdo con los T\u00e9rminos de Referencia, posterior a las dos fases de ideaci\u00f3n y prototipado, la propuesta reconocida en el proceso de cocreaci\u00f3n har\u00e1 parte de un proceso de acompa\u00f1amiento y plan de potenciaci\u00f3n. El plan de trabajo para las ideas de soluci\u00f3n, inicialmente se concentra en las siguientes fases:<\/p><p><strong>Fase 1<\/strong> \u2013 Ideaci\u00f3n (Virtual\/Presencial)<\/p><p><span style=\"font-weight: 400;\">\u00a0<\/span><i><span style=\"font-weight: 400;\">Kick off:<\/span><\/i><span style=\"font-weight: 400;\"> entre el 20 y 24 de octubre de 2025.<\/span><\/p><p><span style=\"font-weight: 400;\">\u00a0Ideaci\u00f3n 1: entre el 20 y 24 de octubre de 2025.\u00a0<\/span><\/p><p><span style=\"font-weight: 400;\">\u00a0Ideaci\u00f3n 2: entre el 20 y 24 de octubre de 2025. <\/span><\/p><p><strong>Fase 2<\/strong> \u2013 Prototipado (Presencial)<\/p><p><span style=\"font-weight: 400;\">Del 27 al 31 de octubre de 2025.<\/span><\/p><\/div>\n\t\t\t\t<\/div>\n\t\t\t\t\t\t\t<div class=\"elementor-accordion-item\">\n\t\t\t\t\t<div id=\"elementor-tab-title-1772\" class=\"elementor-tab-title\" data-tab=\"2\" role=\"tab\" aria-controls=\"elementor-tab-content-1772\" aria-expanded=\"false\">\n\t\t\t\t\t\t\t\t\t\t\t\t\t<span class=\"elementor-accordion-icon elementor-accordion-icon-left\" aria-hidden=\"true\">\n\t\t\t\t\t\t\t\t\t\t\t\t\t\t\t<span class=\"elementor-accordion-icon-closed\"><i class=\"fas fa-plus\"><\/i><\/span>\n\t\t\t\t\t\t\t\t<span class=\"elementor-accordion-icon-opened\"><i class=\"fas fa-minus\"><\/i><\/span>\n\t\t\t\t\t\t\t\t\t\t\t\t\t\t<\/span>\n\t\t\t\t\t\t\t\t\t\t\t\t<a class=\"elementor-accordion-title\" href=\"\">Para el reto Labic<\/a>\n\t\t\t\t\t<\/div>\n\t\t\t\t\t<div id=\"elementor-tab-content-1772\" class=\"elementor-tab-content elementor-clearfix\" data-tab=\"2\" role=\"tabpanel\" aria-labelledby=\"elementor-tab-title-1772\"><p>Para el <strong>RETO LABIC<\/strong> (LABICMed2025) y de acuerdo con los T\u00e9rminos de Referencia, posterior a las dos fases de ideaci\u00f3n y prototipado, la propuesta reconocida en el proceso de cocreaci\u00f3n har\u00e1 parte de un proceso de acompa\u00f1amiento y plan de potenciaci\u00f3n. El plan de trabajo para las ideas de soluci\u00f3n, inicialmente se concentra en las siguientes fases:<\/p><p><strong>Fase 1<\/strong> \u2013 Ideaci\u00f3n (modalidad virtual\/presencial)<\/p><p><em>Kick off:<\/em> entre el 9 y 12 de septiembre de 2025.<\/p><p>Mentor\u00eda 1: entre el 09 y 12 de septiembre de 2025.<\/p><p>Mentor\u00eda 2: entre el 09 y 12 de septiembre de 2025.<\/p><p><strong>Fase 2<\/strong> \u2013 Prototipado (presencial en Medell\u00edn)<\/p><p>Del 15 al 19 de septiembre de 2025.<\/p><\/div>\n\t\t\t\t<\/div>\n\t\t\t\t\t\t\t\t<\/div>\n\t\t\t\t<\/div>\n\t\t\t\t<\/div>\n\t\t\t\t<div class=\"elementor-element elementor-element-5ecaf3f elementor-widget elementor-widget-heading\" data-id=\"5ecaf3f\" data-element_type=\"widget\" data-widget_type=\"heading.default\">\n\t\t\t\t<div class=\"elementor-widget-container\">\n\t\t\t<h3 class=\"elementor-heading-title elementor-size-default\">4.6. Publicar la informaci\u00f3n sobre los desarrollos o prototipos<\/h3>\t\t<\/div>\n\t\t\t\t<\/div>\n\t\t\t\t<div class=\"elementor-element elementor-element-3a3a2f3 elementor-widget elementor-widget-text-editor\" data-id=\"3a3a2f3\" data-element_type=\"widget\" data-widget_type=\"text-editor.default\">\n\t\t\t\t<div class=\"elementor-widget-container\">\n\t\t\t\t\t\t\t\t<div class=\"elementor-text-editor elementor-clearfix\">\n\t\t\t\t<p><span style=\"font-weight: 400;\">La fase de prototipado del Reto LABIC \u00bfC\u00f3mo lograr que las organizaciones sociales y colectivos de mujeres y j\u00f3venes del Distrito de Medell\u00edn conozcan y utilicen datos que mejoren la formulaci\u00f3n e integraci\u00f3n de sus ideas en las decisiones territoriales?, se realiz\u00f3 entre el 15 y 19 de septiembre de 2025. Los desarrollos de este reto pueden ser consultados en el siguiente enlace: <\/span><a href=\"https:\/\/siciudadania.co\/index.php\/labic-2025\/\"><span style=\"font-weight: 400;\">https:\/\/siciudadania.co\/index.php\/labic-2025\/<\/span><\/a><\/p><p><span style=\"font-weight: 400;\">La fase de prototipado del Reto de Ciudad \u00bfC\u00f3mo podemos fortalecer la sostenibilidad de las organizaciones sociales y colectivos de la ciudad de Medell\u00edn?, se desarrollar\u00e1 del 27 al 31 de octubre de 2025, de manera presencial en el Distrito de Medell\u00edn. Los desarrollos de este reto pueden ser consultados en el siguiente enlace: <\/span><a href=\"https:\/\/siciudadania.co\/index.php\/reto-de-ciudad\/\"><span style=\"font-weight: 400;\">https:\/\/siciudadania.co\/index.php\/reto-de-ciudad\/<\/span><\/a><span style=\"font-weight: 400;\">\u00a0\u00a0\u00a0\u00a0<\/span><\/p>\t\t\t\t\t<\/div>\n\t\t\t\t\t\t<\/div>\n\t\t\t\t<\/div>\n\t\t\t\t<div class=\"elementor-element elementor-element-70a5913 elementor-widget elementor-widget-heading\" data-id=\"70a5913\" data-element_type=\"widget\" data-widget_type=\"heading.default\">\n\t\t\t\t<div class=\"elementor-widget-container\">\n\t\t\t<h3 class=\"elementor-heading-title elementor-size-default\">4.7. Caja de herramientas para la innovaci\u00f3n abierta<\/h3>\t\t<\/div>\n\t\t\t\t<\/div>\n\t\t\t\t<div class=\"elementor-element elementor-element-6ff9b6e elementor-widget elementor-widget-text-editor\" data-id=\"6ff9b6e\" data-element_type=\"widget\" data-widget_type=\"text-editor.default\">\n\t\t\t\t<div class=\"elementor-widget-container\">\n\t\t\t\t\t\t\t\t<div class=\"elementor-text-editor elementor-clearfix\">\n\t\t\t\t<p>La estrategia de colaboraci\u00f3n e innovaci\u00f3n abierta ha contado con la implementaci\u00f3n de metodolog\u00edas que permiten la construcci\u00f3n conjunta de soluciones y la interlocuci\u00f3n de la ciudadan\u00eda con el estado. Los procesos de cocreaci\u00f3n, tanto en las fases de ideaci\u00f3n como prototipado, que se desarrollan a trav\u00e9s de retos y laboratorios ciudadanos, se apoyan en el dise\u00f1o de herramientas. En consecuencia, se dispone para la ciudadan\u00eda una caja de herramientas para la innovaci\u00f3n abierta, de tal modo que se afiance la apropiaci\u00f3n social del conocimiento y se promueve la generaci\u00f3n de propuestas ciudadanas a los problemas p\u00fablicos.<\/p><p>Ver herramientas de Innovaci\u00f3n abierta en los siguientes enlaces:<\/p><p><a href=\"https:\/\/laboratoriosciudadanos.siciudadania.co\/index.php\/orientaciones-3\/\">https:\/\/laboratoriosciudadanos.siciudadania.co\/index.php\/orientaciones-3\/<\/a><u>\u00a0<\/u><\/p><p><a href=\"https:\/\/laboratoriosciudadanos.siciudadania.co\/index.php\/prototipo\/\">https:\/\/laboratoriosciudadanos.siciudadania.co\/index.php\/prototipo\/<\/a><u>\u00a0<\/u><\/p><p><a href=\"https:\/\/laboratoriosciudadanos.siciudadania.co\/index.php\/conoce-mas-2\/\">https:\/\/laboratoriosciudadanos.siciudadania.co\/index.php\/conoce-mas-2\/<\/a><u>\u00a0<\/u><\/p>\t\t\t\t\t<\/div>\n\t\t\t\t\t\t<\/div>\n\t\t\t\t<\/div>\n\t\t\t\t<div class=\"elementor-element elementor-element-ad073ac elementor-widget elementor-widget-heading\" data-id=\"ad073ac\" data-element_type=\"widget\" data-widget_type=\"heading.default\">\n\t\t\t\t<div class=\"elementor-widget-container\">\n\t\t\t<h2 class=\"elementor-heading-title elementor-size-default\"><b>5. Rendici\u00f3n<\/b> de cuentas<\/h2>\t\t<\/div>\n\t\t\t\t<\/div>\n\t\t\t\t<div class=\"elementor-element elementor-element-cc53c3a elementor-widget elementor-widget-text-editor\" data-id=\"cc53c3a\" data-element_type=\"widget\" data-widget_type=\"text-editor.default\">\n\t\t\t\t<div class=\"elementor-widget-container\">\n\t\t\t\t\t\t\t\t<div class=\"elementor-text-editor elementor-clearfix\">\n\t\t\t\t<p>Atendiendo los lineamientos del Departamento Administrativo de la Funci\u00f3n P\u00fablica y a la reglamentaci\u00f3n vigente, se reconoce la Rendici\u00f3n P\u00fablica de Cuentas como una herramienta para presentar a la ciudadan\u00eda de forma clara los resultados de la gesti\u00f3n.<\/p><p>Este ejercicio busca promover y fomentar los procesos de control social, con el fin de incentivar y fortalecer en los ciudadanos la capacidad de participaci\u00f3n y de incidir en la gesti\u00f3n p\u00fablica frente a los asuntos que afectan el desarrollo de los procesos sociales, de gobernabilidad, de equidad y de transparencia; as\u00ed como disminuir los riesgos de corrupci\u00f3n<\/p>\t\t\t\t\t<\/div>\n\t\t\t\t\t\t<\/div>\n\t\t\t\t<\/div>\n\t\t\t\t<div class=\"elementor-element elementor-element-77d0d53 elementor-widget elementor-widget-heading\" data-id=\"77d0d53\" data-element_type=\"widget\" data-widget_type=\"heading.default\">\n\t\t\t\t<div class=\"elementor-widget-container\">\n\t\t\t<h3 class=\"elementor-heading-title elementor-size-default\">5.1. Divulgar el plan de trabajo para implementar la soluci\u00f3n dise\u00f1ada<\/h3>\t\t<\/div>\n\t\t\t\t<\/div>\n\t\t\t\t<div class=\"elementor-element elementor-element-4dac1a3 elementor-widget elementor-widget-text-editor\" data-id=\"4dac1a3\" data-element_type=\"widget\" data-widget_type=\"text-editor.default\">\n\t\t\t\t<div class=\"elementor-widget-container\">\n\t\t\t\t\t\t\t\t<div class=\"elementor-text-editor elementor-clearfix\">\n\t\t\t\t<ul><li><div role=\"presentation\" data-olk-copy-source=\"MessageBody\"><a href=\"https:\/\/www.medellin.gov.co\/es\/wp-content\/uploads\/2026\/04\/3-EstrategiaRendiCuentasDistrital-2026.pdf\" target=\"_blank\" rel=\"noopener\">Estrategia anual de rendici\u00f3n de cuentas 2026.\u00a0<\/a><\/div><\/li><li><div role=\"presentation\"><a href=\"https:\/\/www.medellin.gov.co\/es\/wp-content\/uploads\/2026\/04\/1-PlanAccion-EstrtegiaRCD-2026-Web.pdf\">Plan de acci\u00f3n de la Estrategia de Rendici\u00f3n de Cuentas Distrital 2026.<\/a>\u00a0<\/div><\/li><li><div role=\"presentation\"><a href=\"https:\/\/www.medellin.gov.co\/es\/wp-content\/uploads\/2026\/04\/1.6c-Ecard_PriorizTemasRdCD-2026.png\" target=\"_blank\" rel=\"noopener\">Habilitar un espacio para que la ciudadan\u00eda postule tem\u00e1ticas.\u00a0<\/a><\/div><\/li><li><div role=\"presentation\"><a href=\"https:\/\/www.medellin.gov.co\/data2\/DiligenciarEncuesta.do?token=TS19032026562018CFF27D\" target=\"_blank\" rel=\"noopener\">Formulario: Priorizaci\u00f3n ciudadana de temas para la rendici\u00f3n de cuentas 2026.\u00a0<\/a><\/div><\/li><li><a href=\"https:\/\/www.medellin.gov.co\/es\/wp-content\/uploads\/2025\/12\/BalanceConsultaCiudadana-TemasRdCD2025.pdf\" target=\"_blank\" rel=\"noopener\">Retroalimentaci\u00f3n a la ciudadan\u00eda: resultados del formulario de consulta ciudadana de temas para la rendici\u00f3n de cuentas<\/a><\/li><li><a href=\"https:\/\/www.medellin.gov.co\/data2\/DiligenciarEncuesta.do?token=TS010920255620139D37F2\" target=\"_blank\" rel=\"noopener\">Formulario: lectura ciudadana colaborativa sobre gesti\u00f3n de nuestro gobierno 2025\u00a0<\/a><\/li><li><a href=\"https:\/\/www.medellin.gov.co\/es\/wp-content\/uploads\/2025\/12\/Retroalimenta-InfoColaborativa-RdCD2025.pdf\" target=\"_blank\" rel=\"noopener\"><span data-olk-copy-source=\"MessageBody\">Retroalimentaci\u00f3n a la ciudadan\u00eda: resultados de la lectura colaborativa sobre gesti\u00f3n de nuestro gobierno 2025<\/span><\/a><\/li><\/ul>\t\t\t\t\t<\/div>\n\t\t\t\t\t\t<\/div>\n\t\t\t\t<\/div>\n\t\t\t\t<div class=\"elementor-element elementor-element-9b527a1 elementor-widget elementor-widget-heading\" data-id=\"9b527a1\" data-element_type=\"widget\" data-widget_type=\"heading.default\">\n\t\t\t\t<div class=\"elementor-widget-container\">\n\t\t\t<h3 class=\"elementor-heading-title elementor-size-default\">5.2. Estrategia de comunicaci\u00f3n para la rendici\u00f3n de cuentas<\/h3>\t\t<\/div>\n\t\t\t\t<\/div>\n\t\t\t\t<div class=\"elementor-element elementor-element-6404f9e elementor-widget elementor-widget-text-editor\" data-id=\"6404f9e\" data-element_type=\"widget\" data-widget_type=\"text-editor.default\">\n\t\t\t\t<div class=\"elementor-widget-container\">\n\t\t\t\t\t\t\t\t<div class=\"elementor-text-editor elementor-clearfix\">\n\t\t\t\t<ul><li><p><a href=\"https:\/\/www.medellin.gov.co\/es\/centro-documental\/plan-anticorrupcion-y-de-atencion-al-ciudadano\/\" target=\"_blank\" rel=\"noopener\">Estrategia rendici\u00f3n de cuentas del Plan Anticorrupci\u00f3n y de Atenci\u00f3n al Ciudadano (PAAC)<\/a><\/p><\/li><li><a href=\"https:\/\/www.medellin.gov.co\/es\/wp-content\/uploads\/2026\/04\/4-ComponenteComunicacional-ERCD2026.pdf\" target=\"_blank\" rel=\"noopener\"><span data-olk-copy-source=\"MessageBody\">Componente comunicacional de la estrategia de rendici\u00f3n de cuentas distrital.<\/span><\/a><\/li><\/ul>\t\t\t\t\t<\/div>\n\t\t\t\t\t\t<\/div>\n\t\t\t\t<\/div>\n\t\t\t\t<div class=\"elementor-element elementor-element-af97cf7 elementor-widget elementor-widget-heading\" data-id=\"af97cf7\" data-element_type=\"widget\" data-widget_type=\"heading.default\">\n\t\t\t\t<div class=\"elementor-widget-container\">\n\t\t\t<h3 class=\"elementor-heading-title elementor-size-default\">5.3. Calendario eventos de di\u00e1logo<\/h3>\t\t<\/div>\n\t\t\t\t<\/div>\n\t\t\t\t<div class=\"elementor-element elementor-element-11abc24 elementor-widget elementor-widget-text-editor\" data-id=\"11abc24\" data-element_type=\"widget\" data-widget_type=\"text-editor.default\">\n\t\t\t\t<div class=\"elementor-widget-container\">\n\t\t\t\t\t\t\t\t<div class=\"elementor-text-editor elementor-clearfix\">\n\t\t\t\t<ul><li><a href=\"https:\/\/www.medellin.gov.co\/es\/eventos\/\" target=\"_blank\" rel=\"noopener\">Eventos del Distrito de Medell\u00edn<\/a><\/li><li><p><a href=\"https:\/\/www.medellin.gov.co\/es\/wp-content\/uploads\/2025\/06\/CRONOGRAMA-2025.pdf\" target=\"_blank\" rel=\"noopener\">Eventos de la secretar\u00eda de Participaci\u00f3n Ciudadana<\/a><\/p><\/li><li><span data-olk-copy-source=\"MessageBody\">Convocatoria a eventos de di\u00e1logo rendici\u00f3n de cuentas distrital: Micrositio Rendici\u00f3n de Cuentas Distrital \u2013 Secci\u00f3n 3. Convocatoria a eventos de di\u00e1logo.<\/span><\/li><\/ul>\t\t\t\t\t<\/div>\n\t\t\t\t\t\t<\/div>\n\t\t\t\t<\/div>\n\t\t\t\t<div class=\"elementor-element elementor-element-e24fb5f elementor-widget elementor-widget-heading\" data-id=\"e24fb5f\" data-element_type=\"widget\" data-widget_type=\"heading.default\">\n\t\t\t\t<div class=\"elementor-widget-container\">\n\t\t\t<h3 class=\"elementor-heading-title elementor-size-default\">5.4. Informes de rendici\u00f3n de cuentas<\/h3>\t\t<\/div>\n\t\t\t\t<\/div>\n\t\t\t\t<div class=\"elementor-element elementor-element-ec4b4fd elementor-widget elementor-widget-text-editor\" data-id=\"ec4b4fd\" data-element_type=\"widget\" data-widget_type=\"text-editor.default\">\n\t\t\t\t<div class=\"elementor-widget-container\">\n\t\t\t\t\t\t\t\t<div class=\"elementor-text-editor elementor-clearfix\">\n\t\t\t\t<ul><li><div role=\"presentation\" data-olk-copy-source=\"MessageBody\">Informes de Gesti\u00f3n y rendici\u00f3n de cuentas: Micrositio Rendici\u00f3n de Cuentas &#8211; Secci\u00f3n 2. Informes de Gesti\u00f3n y rendici\u00f3n de cuentas.<\/div><\/li><li><div role=\"presentation\"><a href=\"https:\/\/www.medellin.gov.co\/es\/departamento-administrativo-de-planeacion\/informe-gestion\/\" target=\"_blank\" rel=\"noopener\">Micrositio Informe de Gesti\u00f3n \u2013 Rendici\u00f3n de Cuentas.<\/a><\/div><\/li><li><a href=\"https:\/\/www.medellin.gov.co\/es\/plan-de-desarrollo\/rendicion-de-cuentas\/\" target=\"_blank\" rel=\"noopener\">Divulgaci\u00f3n y participaci\u00f3n en la Rendici\u00f3n P\u00fablica de Cuentas<\/a><\/li><li><a href=\"https:\/\/www.medellin.gov.co\/es\/wp-content\/uploads\/2026\/04\/5-Informe-ImplementaEstrategia-RdCD2025.pdf\" target=\"_blank\" rel=\"noopener\">Informe de Rendici\u00f3n de Cuentas \u2013 Implementaci\u00f3n 2025<\/a><\/li><li><a href=\"https:\/\/www.medellin.gov.co\/es\/wp-content\/uploads\/2026\/04\/6-Anexos-Informe-ImplementaEstrategia-RdCD2025-Comprimida.zip\" target=\"_blank\" rel=\"noopener\">Anexos del informe de Rendici\u00f3n de Cuentas 2025<\/a><\/li><\/ul>\t\t\t\t\t<\/div>\n\t\t\t\t\t\t<\/div>\n\t\t\t\t<\/div>\n\t\t\t\t<div class=\"elementor-element elementor-element-87dbe4b elementor-widget elementor-widget-heading\" data-id=\"87dbe4b\" data-element_type=\"widget\" data-widget_type=\"heading.default\">\n\t\t\t\t<div class=\"elementor-widget-container\">\n\t\t\t<h3 class=\"elementor-heading-title elementor-size-default\">5.5. Habilitar un canal para eventos de di\u00e1logo Articulaci\u00f3n con sistema nacional de rendici\u00f3n de cuentas<\/h3>\t\t<\/div>\n\t\t\t\t<\/div>\n\t\t\t\t<div class=\"elementor-element elementor-element-384b722 elementor-widget elementor-widget-text-editor\" data-id=\"384b722\" data-element_type=\"widget\" data-widget_type=\"text-editor.default\">\n\t\t\t\t<div class=\"elementor-widget-container\">\n\t\t\t\t\t\t\t\t<div class=\"elementor-text-editor elementor-clearfix\">\n\t\t\t\t<ul><li><a href=\"https:\/\/www.medellin.gov.co\/es\/wp-content\/uploads\/2026\/04\/7-CanalesComunicacionDispuestos-RdCD.pdf\" target=\"_blank\" rel=\"noopener\">Canales de comunicaci\u00f3n dispuestos para informar, generar conocimiento y convocar a la ciudadan\u00eda\u00a0 a participar en la rendici\u00f3n de cuentas<\/a><\/li><\/ul>\t\t\t\t\t<\/div>\n\t\t\t\t\t\t<\/div>\n\t\t\t\t<\/div>\n\t\t\t\t<div class=\"elementor-element elementor-element-34f0d8b elementor-widget elementor-widget-heading\" data-id=\"34f0d8b\" data-element_type=\"widget\" data-widget_type=\"heading.default\">\n\t\t\t\t<div class=\"elementor-widget-container\">\n\t\t\t<h3 class=\"elementor-heading-title elementor-size-default\">5.6. Preguntas y respuestas de eventos de di\u00e1logo<\/h3>\t\t<\/div>\n\t\t\t\t<\/div>\n\t\t\t\t<div class=\"elementor-element elementor-element-0c91b48 elementor-widget elementor-widget-text-editor\" data-id=\"0c91b48\" data-element_type=\"widget\" data-widget_type=\"text-editor.default\">\n\t\t\t\t<div class=\"elementor-widget-container\">\n\t\t\t\t\t\t\t\t<div class=\"elementor-text-editor elementor-clearfix\">\n\t\t\t\t<ul><li><a href=\"https:\/\/www.medellin.gov.co\/es\/plan-de-desarrollo\/rendicion-de-cuentas\/\" target=\"_blank\" rel=\"noopener\"><span data-olk-copy-source=\"MessageBody\">Respuesta a solicitudes o inquietudes ciudadanas durante la rendici\u00f3n de cuentas: Micrositio Rendici\u00f3n de Cuentas &#8211; Secci\u00f3n 6. Respuesta a solicitudes o inquietudes ciudadanas.<\/span><\/a><\/li><li><a href=\"https:\/\/www.medellin.gov.co\/es\/wp-content\/uploads\/2026\/02\/5.23-Respuestas-PreguntasEventos-RdCD2025-1.pdf\" target=\"_blank\" rel=\"noopener\">Seguimiento de compromisos en la rendici\u00f3n de cuentas<\/a><\/li><\/ul>\t\t\t\t\t<\/div>\n\t\t\t\t\t\t<\/div>\n\t\t\t\t<\/div>\n\t\t\t\t<div class=\"elementor-element elementor-element-987d2e3 elementor-widget elementor-widget-heading\" data-id=\"987d2e3\" data-element_type=\"widget\" data-widget_type=\"heading.default\">\n\t\t\t\t<div class=\"elementor-widget-container\">\n\t\t\t<h3 class=\"elementor-heading-title elementor-size-default\">5.7. Memorias de cada evento<\/h3>\t\t<\/div>\n\t\t\t\t<\/div>\n\t\t\t\t<div class=\"elementor-element elementor-element-f018bc2 elementor-widget elementor-widget-text-editor\" data-id=\"f018bc2\" data-element_type=\"widget\" data-widget_type=\"text-editor.default\">\n\t\t\t\t<div class=\"elementor-widget-container\">\n\t\t\t\t\t\t\t\t<div class=\"elementor-text-editor elementor-clearfix\">\n\t\t\t\t<ul><li><a href=\"https:\/\/www.medellin.gov.co\/es\/plan-de-desarrollo\/rendicion-de-cuentas\/\" target=\"_blank\" rel=\"noopener\"><span data-olk-copy-source=\"MessageBody\">Audiencia de rendici\u00f3n de cuentas Alcald\u00eda de Medell\u00edn: Micrositio Rendici\u00f3n de Cuentas &#8211; Secci\u00f3n \u00a04. Audiencia de rendici\u00f3n de cuentas.<\/span><\/a><\/li><li><a href=\"https:\/\/www.medellin.gov.co\/es\/wp-content\/uploads\/2025\/11\/Retroalimenta-EventosRdCD2025-BC.pdf\" target=\"_blank\" rel=\"noopener\"><u>Unidad Administrativa Especial Buen Comienzo 10\/04\/2025<\/u><\/a><\/li><li><a href=\"https:\/\/www.medellin.gov.co\/es\/wp-content\/uploads\/2025\/12\/Retroalimenta-EventoRdCD-Agenda-PersoMayor.pdf\" target=\"_blank\" rel=\"noopener\"><u>Secretar\u00eda de Inclusi\u00f3n Social y Familia &#8211; Equipo de Personas Mayores 29\/08\/2025<\/u><\/a><\/li><li><a href=\"https:\/\/www.medellin.gov.co\/es\/wp-content\/uploads\/2025\/12\/Retroalimenta-EventosRdCD_Agenda-SecJuventud-30102025.pdf\" target=\"_blank\" rel=\"noopener\"><span data-olk-copy-source=\"MessageBody\">Secretar\u00eda de la Juventud 30\/10\/2025<\/span><\/a><\/li><li><a href=\"https:\/\/www.medellin.gov.co\/es\/wp-content\/uploads\/2025\/12\/Retroalimenta-EventoRdCD-Agenda-NNA-08112025.pdf\" target=\"_blank\" rel=\"noopener\"><span data-olk-copy-source=\"MessageBody\">Secretar\u00eda de Inclusi\u00f3n Social y Familia \u2013 Unidad de ni\u00f1ez 08\/11\/2025<\/span><\/a><\/li><li><a href=\"https:\/\/www.medellin.gov.co\/es\/wp-content\/uploads\/2025\/12\/Retroalimenta-EventosRdCD_Agenda-AcuerdoPaz-11112025.pdf\" target=\"_blank\" rel=\"noopener\"><span data-olk-copy-source=\"MessageBody\">Secretar\u00eda de Paz y DDHH \u2013 Implementaci\u00f3n del Acuerdo de Paz 11\/11\/2025<\/span><\/a><\/li><\/ul>\t\t\t\t\t<\/div>\n\t\t\t\t\t\t<\/div>\n\t\t\t\t<\/div>\n\t\t\t\t<div class=\"elementor-element elementor-element-5999d5e elementor-widget elementor-widget-heading\" data-id=\"5999d5e\" data-element_type=\"widget\" data-widget_type=\"heading.default\">\n\t\t\t\t<div class=\"elementor-widget-container\">\n\t\t\t<h3 class=\"elementor-heading-title elementor-size-default\">5.8. Acciones de mejora incorporadas<\/h3>\t\t<\/div>\n\t\t\t\t<\/div>\n\t\t\t\t<div class=\"elementor-element elementor-element-4721171 elementor-widget elementor-widget-text-editor\" data-id=\"4721171\" data-element_type=\"widget\" data-widget_type=\"text-editor.default\">\n\t\t\t\t<div class=\"elementor-widget-container\">\n\t\t\t\t\t\t\t\t<div class=\"elementor-text-editor elementor-clearfix\">\n\t\t\t\t<ul><li><a href=\"https:\/\/www.medellin.gov.co\/es\/plan-de-desarrollo\/rendicion-de-cuentas\/\" target=\"_blank\" rel=\"noopener\"><span data-olk-copy-source=\"MessageBody\">Plan de Acciones de Mejora \u2013 Rendici\u00f3n de cuentas Alcald\u00eda de Medell\u00edn: Micrositio Rendici\u00f3n de Cuentas &#8211; Secci\u00f3n \u00a08. Plan de Acciones de Mejora &#8211; Rendici\u00f3n de cuentas.<\/span><\/a><\/li><li><a href=\"https:\/\/www.medellin.gov.co\/es\/secretaria-participacion-ciudadana\/planeacion-local-y-presupuesto-participativo\/haz-seguimiento\/\" target=\"_blank\" rel=\"noopener\">Rendici\u00f3n p\u00fablica de cuentas de Planeaci\u00f3n Local y Presupuesto Participativo <\/a><\/li><\/ul>\t\t\t\t\t<\/div>\n\t\t\t\t\t\t<\/div>\n\t\t\t\t<\/div>\n\t\t\t\t<div class=\"elementor-element elementor-element-16490f2 elementor-widget elementor-widget-heading\" data-id=\"16490f2\" data-element_type=\"widget\" data-widget_type=\"heading.default\">\n\t\t\t\t<div class=\"elementor-widget-container\">\n\t\t\t<h2 class=\"elementor-heading-title elementor-size-default\"><b>6. Control<\/b> social<\/h2>\t\t<\/div>\n\t\t\t\t<\/div>\n\t\t\t\t<div class=\"elementor-element elementor-element-1c3357a elementor-widget elementor-widget-text-editor\" data-id=\"1c3357a\" data-element_type=\"widget\" data-widget_type=\"text-editor.default\">\n\t\t\t\t<div class=\"elementor-widget-container\">\n\t\t\t\t\t\t\t\t<div class=\"elementor-text-editor elementor-clearfix\">\n\t\t\t\t<p>El control social es el derecho y el deber de los ciudadanos a participar, de manera individual o a trav\u00e9s de sus organizaciones, redes sociales e instituciones, en la vigilancia de la gesti\u00f3n p\u00fablica y sus resultados de acuerdo con lo establecido en la regulaci\u00f3n aplicable y correcta utilizaci\u00f3n de los recursos y bienes p\u00fablicos. El concepto ampliado lo brindan los art\u00edculos 60, 61 y 63 de la Ley 1757 de 2015, Ley Estatutaria de Participaci\u00f3n Ciudadana.<\/p>\t\t\t\t\t<\/div>\n\t\t\t\t\t\t<\/div>\n\t\t\t\t<\/div>\n\t\t\t\t<div class=\"elementor-element elementor-element-6bbbf36 elementor-widget elementor-widget-heading\" data-id=\"6bbbf36\" data-element_type=\"widget\" data-widget_type=\"heading.default\">\n\t\t\t\t<div class=\"elementor-widget-container\">\n\t\t\t<h3 class=\"elementor-heading-title elementor-size-default\">6.1. Informar las modalidades de control social<\/h3>\t\t<\/div>\n\t\t\t\t<\/div>\n\t\t\t\t<div class=\"elementor-element elementor-element-4ee0278 elementor-widget elementor-widget-text-editor\" data-id=\"4ee0278\" data-element_type=\"widget\" data-widget_type=\"text-editor.default\">\n\t\t\t\t<div class=\"elementor-widget-container\">\n\t\t\t\t\t\t\t\t<div class=\"elementor-text-editor elementor-clearfix\">\n\t\t\t\t<ul><li><p><a href=\"https:\/\/www.medellin.gov.co\/irj\/go\/km\/docs\/pccdesign\/medellin\/Temas\/ParticipacionCiudadana\/Programas_0\/Shared%20Content\/Documentos\/2019\/GuiaControlSocialGestionPublicaMedellin.pdf\" target=\"_blank\" rel=\"noopener\">Gu\u00eda para el Control Social a la Gesti\u00f3n P\u00fablica en Medell\u00edn<\/a><\/p><\/li><\/ul>\t\t\t\t\t<\/div>\n\t\t\t\t\t\t<\/div>\n\t\t\t\t<\/div>\n\t\t\t\t<div class=\"elementor-element elementor-element-542a699 elementor-widget elementor-widget-heading\" data-id=\"542a699\" data-element_type=\"widget\" data-widget_type=\"heading.default\">\n\t\t\t\t<div class=\"elementor-widget-container\">\n\t\t\t<h3 class=\"elementor-heading-title elementor-size-default\">6.2. Convocar\u00a0cuando inicie ejecuci\u00f3n de programa, proyecto o\u00a0contratos<\/h3>\t\t<\/div>\n\t\t\t\t<\/div>\n\t\t\t\t<div class=\"elementor-element elementor-element-3056132 elementor-widget elementor-widget-text-editor\" data-id=\"3056132\" data-element_type=\"widget\" data-widget_type=\"text-editor.default\">\n\t\t\t\t<div class=\"elementor-widget-container\">\n\t\t\t\t\t\t\t\t<div class=\"elementor-text-editor elementor-clearfix\">\n\t\t\t\t<ul><li><a href=\"https:\/\/www.medellin.gov.co\/irj\/portal\/medellin?NavigationTarget=navurl:\/\/4d290ee3b372f48975a8fc5f15613ec9\" target=\"_blank\" rel=\"noopener\">Concurso de m\u00e9ritos<\/a><\/li><li><a href=\"https:\/\/www.medellin.gov.co\/irj\/portal\/medellin?NavigationTarget=navurl:\/\/5f31c3608c2d7af0e18ddd241f85cca4\" target=\"_blank\" rel=\"noopener\">Contrataci\u00f3n m\u00ednima cuant\u00eda<\/a><\/li><li><a href=\"https:\/\/www.medellin.gov.co\/irj\/portal\/medellin?NavigationTarget=navurl:\/\/26c2d1daf33555a3373144cea547ea59\" target=\"_blank\" rel=\"noopener\">Licitaciones p\u00fablicas<\/a><\/li><li><a href=\"https:\/\/www.medellin.gov.co\/irj\/portal\/medellin?NavigationTarget=navurl:\/\/c5b3cde5b81be97bd5cb6be9741b55a5\" target=\"_blank\" rel=\"noopener\">Selecciones abreviadas<\/a><\/li><\/ul>\t\t\t\t\t<\/div>\n\t\t\t\t\t\t<\/div>\n\t\t\t\t<\/div>\n\t\t\t\t<div class=\"elementor-element elementor-element-765a9e9 elementor-widget elementor-widget-heading\" data-id=\"765a9e9\" data-element_type=\"widget\" data-widget_type=\"heading.default\">\n\t\t\t\t<div class=\"elementor-widget-container\">\n\t\t\t<h3 class=\"elementor-heading-title elementor-size-default\">6.3. Herramienta de evaluaci\u00f3n de las actividades<\/h3>\t\t<\/div>\n\t\t\t\t<\/div>\n\t\t\t\t<div class=\"elementor-element elementor-element-727bfcc elementor-widget elementor-widget-text-editor\" data-id=\"727bfcc\" data-element_type=\"widget\" data-widget_type=\"text-editor.default\">\n\t\t\t\t<div class=\"elementor-widget-container\">\n\t\t\t\t\t\t\t\t<div class=\"elementor-text-editor elementor-clearfix\">\n\t\t\t\t<ul><li><p><a href=\"https:\/\/www.medellin.gov.co\/irj\/portal\/medellin?NavigationTarget=contenido\/8704-Plan-de-Accion%20\" target=\"_blank\" rel=\"noopener\">Plan de acci\u00f3n<\/a><\/p><\/li><li><a href=\"https:\/\/www.medellin.gov.co\/irj\/portal\/medellin?NavigationTarget=contenido\/8703-Inversi%C3%B3n-por-Comunas-y-Corregimientos\" target=\"_blank\" rel=\"noopener\">Inversi\u00f3n por comunas y corregimientos<\/a><\/li><li><a href=\"https:\/\/www.medellin.gov.co\/irj\/portal\/medellin?NavigationTarget=contenido\/8705-Plan-Indicativo\" target=\"_blank\" rel=\"noopener\">Plan indicativo<\/a><\/li><\/ul>\t\t\t\t\t<\/div>\n\t\t\t\t\t\t<\/div>\n\t\t\t\t<\/div>\n\t\t\t\t<div class=\"elementor-element elementor-element-a7436a6 elementor-widget elementor-widget-heading\" data-id=\"a7436a6\" data-element_type=\"widget\" data-widget_type=\"heading.default\">\n\t\t\t\t<div class=\"elementor-widget-container\">\n\t\t\t<h3 class=\"elementor-heading-title elementor-size-default\">6.4. Observaciones veedur\u00edas<\/h3>\t\t<\/div>\n\t\t\t\t<\/div>\n\t\t\t\t<div class=\"elementor-element elementor-element-521cbf7 elementor-widget elementor-widget-text-editor\" data-id=\"521cbf7\" data-element_type=\"widget\" data-widget_type=\"text-editor.default\">\n\t\t\t\t<div class=\"elementor-widget-container\">\n\t\t\t\t\t\t\t\t<div class=\"elementor-text-editor elementor-clearfix\">\n\t\t\t\t<ul><li><a href=\"https:\/\/ctpmedellin.com\/conceptos\/\" target=\"_blank\" rel=\"noopener\">Consejo Territorial de Planeaci\u00f3n<\/a><\/li><li><p><a href=\"https:\/\/www.medellincomovamos.org\/wp-content\/uploads\/2025\/12\/20251209_ICVEPC-LARGA.pdf\" target=\"_blank\" rel=\"noopener\">Medell\u00edn se mide: calidad de vida y Medell\u00edn percepci\u00f3n ciudadana 2025<\/a><\/p><\/li><\/ul>\t\t\t\t\t<\/div>\n\t\t\t\t\t\t<\/div>\n\t\t\t\t<\/div>\n\t\t\t\t<div class=\"elementor-element elementor-element-3a7ce1e elementor-widget elementor-widget-heading\" data-id=\"3a7ce1e\" data-element_type=\"widget\" data-widget_type=\"heading.default\">\n\t\t\t\t<div class=\"elementor-widget-container\">\n\t\t\t<h3 class=\"elementor-heading-title elementor-size-default\">6.5. Acciones de mejora<\/h3>\t\t<\/div>\n\t\t\t\t<\/div>\n\t\t\t\t<div class=\"elementor-element elementor-element-7bc84f1 elementor-widget elementor-widget-text-editor\" data-id=\"7bc84f1\" data-element_type=\"widget\" data-widget_type=\"text-editor.default\">\n\t\t\t\t<div class=\"elementor-widget-container\">\n\t\t\t\t\t\t\t\t<div class=\"elementor-text-editor elementor-clearfix\">\n\t\t\t\t<ul><li><a href=\"https:\/\/www.medellin.gov.co\/es\/centro-documental\/informe-consolidado-de-seguimiento-a-planes-de-mejoramiento-suscritos-con-entes-de-control-y-con-la-secretaria-de-evaluacion-y-control\/\" target=\"_blank\" rel=\"noopener\">Informe consolidado de seguimiento a planes de mejoramiento suscritos con entes de control y con la secretar\u00eda de Evaluaci\u00f3n y Control<\/a><\/li><li><a href=\"https:\/\/www.medellin.gov.co\/es\/centro-documental\/estrategia-de-rendicion-de-cuentas-hechos-y-derechos-de-la-procuraduria-general-de-la-nacion-ninos-ninas-adolescentes-y-jovenes-de-medellin\/\" target=\"_blank\" rel=\"noopener\">Estrategia de rendici\u00f3n de cuentas Hechos y Derechos de la Procuradur\u00eda General de la Naci\u00f3n, (Ni\u00f1os, Ni\u00f1as, Adolescentes y J\u00f3venes de Medell\u00edn)<\/a><\/li><\/ul>\t\t\t\t\t<\/div>\n\t\t\t\t\t\t<\/div>\n\t\t\t\t<\/div>\n\t\t\t\t<div class=\"elementor-element elementor-element-ad63a13 elementor-widget elementor-widget-heading\" data-id=\"ad63a13\" data-element_type=\"widget\" data-widget_type=\"heading.default\">\n\t\t\t\t<div class=\"elementor-widget-container\">\n\t\t\t<h3 class=\"elementor-heading-title elementor-size-default\">6.6. Informes del interventor o el supervisor<\/h3>\t\t<\/div>\n\t\t\t\t<\/div>\n\t\t\t\t<div class=\"elementor-element elementor-element-b5c77a1 elementor-widget elementor-widget-text-editor\" data-id=\"b5c77a1\" data-element_type=\"widget\" data-widget_type=\"text-editor.default\">\n\t\t\t\t<div class=\"elementor-widget-container\">\n\t\t\t\t\t\t\t\t<div class=\"elementor-text-editor elementor-clearfix\">\n\t\t\t\t<ul><li>Solicitud de veedur\u00edas:\u00a0<a href=\"https:\/\/www.medellin.gov.co\/es\/wp-content\/uploads\/2024\/07\/VEEDURIAS-SOLICITUDES.xlsx\" target=\"_blank\" rel=\"noopener\">Relaci\u00f3n de informes contractuales a veedur\u00edas 2023 y 2024<\/a> | <a href=\"https:\/\/www.medellin.gov.co\/es\/wp-content\/uploads\/2024\/07\/PQRSD-Veedurias-2023-y-2024.zip\" target=\"_blank\" rel=\"noopener\">PQRSD veedur\u00edas 2023 y 2024<\/a><\/li><li><p><a href=\"https:\/\/www.colombiacompra.gov.co\/secop\/secop-i\" target=\"_blank\" rel=\"noopener\">Secop 1<\/a><\/p><\/li><li><p><a href=\"https:\/\/www.colombiacompra.gov.co\/secop-ii\" target=\"_blank\" rel=\"noopener\">Secop 2<\/a><\/p><\/li><\/ul>\t\t\t\t\t<\/div>\n\t\t\t\t\t\t<\/div>\n\t\t\t\t<\/div>\n\t\t\t\t<div class=\"elementor-element elementor-element-0c5e45c elementor-widget elementor-widget-heading\" data-id=\"0c5e45c\" data-element_type=\"widget\" data-widget_type=\"heading.default\">\n\t\t\t\t<div class=\"elementor-widget-container\">\n\t\t\t<h2 class=\"elementor-heading-title elementor-size-default\"><b>Mant\u00e9nte en contacto<\/b> con nosotros<\/h2>\t\t<\/div>\n\t\t\t\t<\/div>\n\t\t\t\t<div class=\"elementor-element elementor-element-0e5c9a4 elementor-widget elementor-widget-text-editor\" data-id=\"0e5c9a4\" data-element_type=\"widget\" data-widget_type=\"text-editor.default\">\n\t\t\t\t<div class=\"elementor-widget-container\">\n\t\t\t\t\t\t\t\t<div class=\"elementor-text-editor elementor-clearfix\">\n\t\t\t\t<p>Si tienes alguna <a href=\"https:\/\/www.medellin.gov.co\/es\/pqrsd\/\" target=\"_blank\" rel=\"noopener\">Petici\u00f3n, Queja, Reclamo, Sugerencia o Denunci<\/a>a por actos de corrupci\u00f3n te invitamos a leer las recomendaciones para que ejerzas tu derecho de interponer solicitudes ante la Entidad, de igual forma recuerda que puedes comunicarte con la L\u00ednea \u00danica de Atenci\u00f3n a la Ciudadan\u00eda: 604 44 44 144 y nuestras sedes presenciales.<\/p>\t\t\t\t\t<\/div>\n\t\t\t\t\t\t<\/div>\n\t\t\t\t<\/div>\n\t\t\t\t\t\t<\/div>\n\t\t\t\t\t<\/div>\n\t\t<\/div>\n\t\t\t\t\t\t\t\t<\/div>\n\t\t\t\t\t<\/div>\n\t\t<\/section>\n\t\t\t\t\t\t\t\t\t<\/div>\n\t\t\t<\/div>\n\t\t\t\t\t<\/div>\n\t\t","protected":false},"excerpt":{"rendered":"<p>Estrategia de Participaci\u00f3n Ciudadana Participa es un espacio para construir con la ciudadan\u00eda y para la ciudadan\u00eda, el inter\u00e9s por ser parte de las decisiones de la ciudad, hace posible la real democracia. Participa es &#8230;<\/p>\n","protected":false},"author":1,"featured_media":7628,"parent":0,"menu_order":170,"comment_status":"closed","ping_status":"closed","template":"vistas-homes-elementor\/homes-elementor.php","meta":[],"acf":[],"_links":{"self":[{"href":"https:\/\/www.medellin.gov.co\/es\/wp-json\/wp\/v2\/pages\/23060"}],"collection":[{"href":"https:\/\/www.medellin.gov.co\/es\/wp-json\/wp\/v2\/pages"}],"about":[{"href":"https:\/\/www.medellin.gov.co\/es\/wp-json\/wp\/v2\/types\/page"}],"author":[{"embeddable":true,"href":"https:\/\/www.medellin.gov.co\/es\/wp-json\/wp\/v2\/users\/1"}],"replies":[{"embeddable":true,"href":"https:\/\/www.medellin.gov.co\/es\/wp-json\/wp\/v2\/comments?post=23060"}],"version-history":[{"count":10,"href":"https:\/\/www.medellin.gov.co\/es\/wp-json\/wp\/v2\/pages\/23060\/revisions"}],"predecessor-version":[{"id":525100,"href":"https:\/\/www.medellin.gov.co\/es\/wp-json\/wp\/v2\/pages\/23060\/revisions\/525100"}],"wp:featuredmedia":[{"embeddable":true,"href":"https:\/\/www.medellin.gov.co\/es\/wp-json\/wp\/v2\/media\/7628"}],"wp:attachment":[{"href":"https:\/\/www.medellin.gov.co\/es\/wp-json\/wp\/v2\/media?parent=23060"}],"curies":[{"name":"wp","href":"https:\/\/api.w.org\/{rel}","templated":true}]}}