{"id":241406,"date":"2023-08-22T22:04:01","date_gmt":"2023-08-23T03:04:01","guid":{"rendered":"https:\/\/www.medellin.gov.co\/es\/?page_id=241406"},"modified":"2026-09-03T09:30:13","modified_gmt":"2026-09-03T14:30:13","slug":"cinemateca-distrital-de-medellin","status":"publish","type":"page","link":"https:\/\/www.medellin.gov.co\/es\/secretaria-cultura-ciudadana\/nos-mueve-la-cultura\/cinemateca-distrital-de-medellin\/","title":{"rendered":"Cinemateca Distrital de Medell\u00edn"},"content":{"rendered":"\t\t<div data-elementor-type=\"wp-page\" data-elementor-id=\"241406\" class=\"elementor elementor-241406\">\n\t\t\t\t\t\t<div class=\"elementor-inner\">\n\t\t\t\t<div class=\"elementor-section-wrap\">\n\t\t\t\t\t\t\t<div class=\"elementor-element elementor-element-4359698 e-container--column e-container\" data-id=\"4359698\" data-element_type=\"container\">\t\t\t\t<div class=\"elementor-element elementor-element-0cbc22d elementor-widget elementor-widget-heading\" data-id=\"0cbc22d\" data-element_type=\"widget\" data-widget_type=\"heading.default\">\n\t\t\t\t<div class=\"elementor-widget-container\">\n\t\t\t<h1 class=\"elementor-heading-title elementor-size-default\">Cinemateca Distrital de Medell\u00edn<\/h1>\t\t<\/div>\n\t\t\t\t<\/div>\n\t\t<\/div><div class=\"elementor-element elementor-element-380d8eb e-container--column e-container\" data-id=\"380d8eb\" data-element_type=\"container\">\t\t\t\t<div class=\"elementor-element elementor-element-99fe8fd elementor-widget elementor-widget-heading\" data-id=\"99fe8fd\" data-element_type=\"widget\" data-widget_type=\"heading.default\">\n\t\t\t\t<div class=\"elementor-widget-container\">\n\t\t\t<h2 class=\"elementor-heading-title elementor-size-default\"><b>M\u00e1s cine, <\/b> m\u00e1s ciudad<\/h2>\t\t<\/div>\n\t\t\t\t<\/div>\n\t\t<\/div><div class=\"elementor-element elementor-element-8fa0e17 e-container--column e-container\" data-id=\"8fa0e17\" data-element_type=\"container\">\t\t\t\t<div class=\"elementor-element elementor-element-3cc3d65 elementor-widget elementor-widget-spacer\" data-id=\"3cc3d65\" data-element_type=\"widget\" data-widget_type=\"spacer.default\">\n\t\t\t\t<div class=\"elementor-widget-container\">\n\t\t\t\t\t<div class=\"elementor-spacer\">\n\t\t\t<div class=\"elementor-spacer-inner\"><\/div>\n\t\t<\/div>\n\t\t\t\t<\/div>\n\t\t\t\t<\/div>\n\t\t<\/div><div class=\"elementor-element elementor-element-3b956a2 e-container--row e-container\" data-id=\"3b956a2\" data-element_type=\"container\">\t\t<div class=\"elementor-element elementor-element-c693505 e-container--column e-container\" data-id=\"c693505\" data-element_type=\"container\">\t\t\t\t<div class=\"elementor-element elementor-element-cd2bf79 elementor-widget elementor-widget-heading\" data-id=\"cd2bf79\" data-element_type=\"widget\" data-widget_type=\"heading.default\">\n\t\t\t\t<div class=\"elementor-widget-container\">\n\t\t\t<h2 class=\"elementor-heading-title elementor-size-default\">Cine, memoria y formaci\u00f3n audiovisual para toda la ciudad<\/h2>\t\t<\/div>\n\t\t\t\t<\/div>\n\t\t\t\t<div class=\"elementor-element elementor-element-95e5f96 elementor-widget elementor-widget-text-editor\" data-id=\"95e5f96\" data-element_type=\"widget\" data-widget_type=\"text-editor.default\">\n\t\t\t\t<div class=\"elementor-widget-container\">\n\t\t\t\t\t\t\t\t<div class=\"elementor-text-editor elementor-clearfix\">\n\t\t\t\t<p><strong>La Cinemateca Distrital de Medell\u00edn<\/strong> es un programa de la <strong>Secretar\u00eda de Cultura Ciudadana de la Alcald\u00eda de Medell\u00edn<\/strong> que promueve el acceso al cine y fortalece la cultura audiovisual de la ciudad a trav\u00e9s de procesos de exhibici\u00f3n, formaci\u00f3n, archivo y articulaci\u00f3n territorial.<\/p><p>Somos una Cinemateca itinerante que lleva el cine a barrios, bibliotecas, universidades, UVAs, casas de cultura, parques y espacios p\u00fablicos de Medell\u00edn, acercando el audiovisual a p\u00fablicos diversos mediante funciones gratuitas, talleres, encuentros y actividades culturales.<\/p><p>Nuestra programaci\u00f3n incluye cine colombiano, cine local, cine latinoamericano, cine internacional, cine comunitario, cine accesible y procesos de formaci\u00f3n y memoria audiovisual para personas de todas las edades en las diferentes comunas y corregimientos del Distrito.<\/p>\t\t\t\t\t<\/div>\n\t\t\t\t\t\t<\/div>\n\t\t\t\t<\/div>\n\t\t<\/div><div class=\"elementor-element elementor-element-afd6333 e-container--column e-container\" data-id=\"afd6333\" data-element_type=\"container\">\t\t\t\t<div class=\"elementor-element elementor-element-20d3418 elementor-widget elementor-widget-image\" data-id=\"20d3418\" data-element_type=\"widget\" data-widget_type=\"image.default\">\n\t\t\t\t<div class=\"elementor-widget-container\">\n\t\t\t\t\t\t\t\t<div class=\"elementor-image\">\n\t\t\t\t\t\t\t\t\t\t\t\t<img width=\"1024\" height=\"683\" src=\"https:\/\/www.medellin.gov.co\/es\/wp-content\/uploads\/2026\/09\/Mas-cine-mas-ciudad-1024x683.jpg\" class=\"attachment-large size-large\" alt=\"M\u00e1s cine, m\u00e1s ciudad\" loading=\"lazy\" srcset=\"https:\/\/www.medellin.gov.co\/es\/wp-content\/uploads\/2026\/09\/Mas-cine-mas-ciudad-1024x683.jpg 1024w, https:\/\/www.medellin.gov.co\/es\/wp-content\/uploads\/2026\/09\/Mas-cine-mas-ciudad-300x200.jpg 300w, https:\/\/www.medellin.gov.co\/es\/wp-content\/uploads\/2026\/09\/Mas-cine-mas-ciudad-150x100.jpg 150w, https:\/\/www.medellin.gov.co\/es\/wp-content\/uploads\/2026\/09\/Mas-cine-mas-ciudad-768x512.jpg 768w, https:\/\/www.medellin.gov.co\/es\/wp-content\/uploads\/2026\/09\/Mas-cine-mas-ciudad.jpg 1280w\" sizes=\"(max-width: 1024px) 100vw, 1024px\" \/>\t\t\t\t\t\t\t\t\t\t\t\t\t\t<\/div>\n\t\t\t\t\t\t<\/div>\n\t\t\t\t<\/div>\n\t\t<\/div><\/div><div class=\"elementor-element elementor-element-0ff315f e-container--column e-container\" data-id=\"0ff315f\" data-element_type=\"container\">\t\t\t\t<div class=\"elementor-element elementor-element-5e625a2 elementor-widget elementor-widget-heading\" data-id=\"5e625a2\" data-element_type=\"widget\" data-widget_type=\"heading.default\">\n\t\t\t\t<div class=\"elementor-widget-container\">\n\t\t\t<h2 class=\"elementor-heading-title elementor-size-default\"><b>\u00bfQu\u00e9 hace la Cinemateca Distrital de Medell\u00edn? <\/b> <\/h2>\t\t<\/div>\n\t\t\t\t<\/div>\n\t\t<\/div><div class=\"elementor-element elementor-element-0c4a297 e-container--column e-container\" data-id=\"0c4a297\" data-element_type=\"container\">\t\t\t\t<div class=\"elementor-element elementor-element-7c05160 elementor-widget elementor-widget-spacer\" data-id=\"7c05160\" data-element_type=\"widget\" data-widget_type=\"spacer.default\">\n\t\t\t\t<div class=\"elementor-widget-container\">\n\t\t\t\t\t<div class=\"elementor-spacer\">\n\t\t\t<div class=\"elementor-spacer-inner\"><\/div>\n\t\t<\/div>\n\t\t\t\t<\/div>\n\t\t\t\t<\/div>\n\t\t<\/div><div class=\"elementor-element elementor-element-5027f23 e-container--row e-container\" data-id=\"5027f23\" data-element_type=\"container\">\t\t<div class=\"elementor-element elementor-element-3d27d37 e-container--column e-container\" data-id=\"3d27d37\" data-element_type=\"container\">\t\t\t\t<div class=\"elementor-element elementor-element-39f512d elementor-widget elementor-widget-image\" data-id=\"39f512d\" data-element_type=\"widget\" data-widget_type=\"image.default\">\n\t\t\t\t<div class=\"elementor-widget-container\">\n\t\t\t\t\t\t\t\t<div class=\"elementor-image\">\n\t\t\t\t\t\t\t\t\t\t\t\t<img width=\"1024\" height=\"682\" src=\"https:\/\/www.medellin.gov.co\/es\/wp-content\/uploads\/2026\/09\/Cinemateca.jpg\" class=\"attachment-large size-large\" alt=\"Cinemateca\" loading=\"lazy\" srcset=\"https:\/\/www.medellin.gov.co\/es\/wp-content\/uploads\/2026\/09\/Cinemateca.jpg 1024w, https:\/\/www.medellin.gov.co\/es\/wp-content\/uploads\/2026\/09\/Cinemateca-300x200.jpg 300w, https:\/\/www.medellin.gov.co\/es\/wp-content\/uploads\/2026\/09\/Cinemateca-150x100.jpg 150w, https:\/\/www.medellin.gov.co\/es\/wp-content\/uploads\/2026\/09\/Cinemateca-768x512.jpg 768w\" sizes=\"(max-width: 1024px) 100vw, 1024px\" \/>\t\t\t\t\t\t\t\t\t\t\t\t\t\t<\/div>\n\t\t\t\t\t\t<\/div>\n\t\t\t\t<\/div>\n\t\t<\/div><div class=\"elementor-element elementor-element-da89137 e-container--column e-container\" data-id=\"da89137\" data-element_type=\"container\">\t\t\t\t<div class=\"elementor-element elementor-element-eca4415 elementor-widget elementor-widget-text-editor\" data-id=\"eca4415\" data-element_type=\"widget\" data-widget_type=\"text-editor.default\">\n\t\t\t\t<div class=\"elementor-widget-container\">\n\t\t\t\t\t\t\t\t<div class=\"elementor-text-editor elementor-clearfix\">\n\t\t\t\t<p>La Cinemateca desarrolla procesos culturales y audiovisuales en cuatro l\u00edneas principales:<\/p><h3><strong>Exhibici\u00f3n de cine en Medell\u00edn<br \/><br \/><\/strong><\/h3><p>Realizamos programaci\u00f3n audiovisual gratuita en diferentes comunas y corregimientos de Medell\u00edn.<\/p><p>Llevamos funciones de cine al aire libre, ciclos especializados, proyecciones comunitarias y encuentros cinematogr\u00e1ficos a bibliotecas, UVAs, universidades, salas alternativas, centros culturales y espacios p\u00fablicos.<\/p><p>Tambi\u00e9n desarrollamos procesos como <strong>Cine por la Vida<\/strong>, llevando el cine a centros penitenciarios, comunidades vulnerables y territorios con acceso limitado a la oferta cultural.<\/p>\t\t\t\t\t<\/div>\n\t\t\t\t\t\t<\/div>\n\t\t\t\t<\/div>\n\t\t<\/div><\/div><div class=\"elementor-element elementor-element-186278b e-container--row e-container\" data-id=\"186278b\" data-element_type=\"container\">\t\t<div class=\"elementor-element elementor-element-5fb31ec e-container--column e-container\" data-id=\"5fb31ec\" data-element_type=\"container\">\t\t\t\t<div class=\"elementor-element elementor-element-588683f elementor-widget elementor-widget-text-editor\" data-id=\"588683f\" data-element_type=\"widget\" data-widget_type=\"text-editor.default\">\n\t\t\t\t<div class=\"elementor-widget-container\">\n\t\t\t\t\t\t\t\t<div class=\"elementor-text-editor elementor-clearfix\">\n\t\t\t\t<h3><strong>Formaci\u00f3n audiovisual y talleres de cine<br \/><br \/><\/strong><\/h3><p>Desarrollamos talleres de creaci\u00f3n audiovisual, apreciaci\u00f3n cinematogr\u00e1fica, clases maestras, seminarios y laboratorios dirigidos a ni\u00f1os, j\u00f3venes, estudiantes, p\u00fablico del sector audiovisual y ciudadan\u00eda en general.<\/p><p>A trav\u00e9s de espacios como <strong>Especiales Cinemateca<\/strong>, promovemos conversaciones con cineastas, actores, investigadores y profesionales del sector audiovisual nacional e internacional.<\/p><h3><strong>\u00a0<\/strong><\/h3>\t\t\t\t\t<\/div>\n\t\t\t\t\t\t<\/div>\n\t\t\t\t<\/div>\n\t\t<\/div><div class=\"elementor-element elementor-element-3c60af0 e-container--column e-container\" data-id=\"3c60af0\" data-element_type=\"container\">\t\t\t\t<div class=\"elementor-element elementor-element-f11bf6a elementor-widget elementor-widget-image\" data-id=\"f11bf6a\" data-element_type=\"widget\" data-widget_type=\"image.default\">\n\t\t\t\t<div class=\"elementor-widget-container\">\n\t\t\t\t\t\t\t\t<div class=\"elementor-image\">\n\t\t\t\t\t\t\t\t\t\t\t\t<img width=\"1024\" height=\"683\" src=\"https:\/\/www.medellin.gov.co\/es\/wp-content\/uploads\/2026\/09\/Formacion-audiovisual.jpg\" class=\"attachment-large size-large\" alt=\"Formaci\u00f3n audiovisual\" loading=\"lazy\" srcset=\"https:\/\/www.medellin.gov.co\/es\/wp-content\/uploads\/2026\/09\/Formacion-audiovisual.jpg 1024w, https:\/\/www.medellin.gov.co\/es\/wp-content\/uploads\/2026\/09\/Formacion-audiovisual-300x200.jpg 300w, https:\/\/www.medellin.gov.co\/es\/wp-content\/uploads\/2026\/09\/Formacion-audiovisual-150x100.jpg 150w, https:\/\/www.medellin.gov.co\/es\/wp-content\/uploads\/2026\/09\/Formacion-audiovisual-768x512.jpg 768w\" sizes=\"(max-width: 1024px) 100vw, 1024px\" \/>\t\t\t\t\t\t\t\t\t\t\t\t\t\t<\/div>\n\t\t\t\t\t\t<\/div>\n\t\t\t\t<\/div>\n\t\t<\/div><\/div><div class=\"elementor-element elementor-element-51c1aab e-container--row e-container\" data-id=\"51c1aab\" data-element_type=\"container\">\t\t<div class=\"elementor-element elementor-element-b6b04d7 e-container--column e-container\" data-id=\"b6b04d7\" data-element_type=\"container\">\t\t\t\t<div class=\"elementor-element elementor-element-84bf70a elementor-widget elementor-widget-image\" data-id=\"84bf70a\" data-element_type=\"widget\" data-widget_type=\"image.default\">\n\t\t\t\t<div class=\"elementor-widget-container\">\n\t\t\t\t\t\t\t\t<div class=\"elementor-image\">\n\t\t\t\t\t\t\t\t\t\t\t\t<img width=\"1024\" height=\"681\" src=\"https:\/\/www.medellin.gov.co\/es\/wp-content\/uploads\/2023\/08\/Filmacion-1024x681.jpg\" class=\"attachment-large size-large\" alt=\"Filmaci\u00f3n en Medell\u00edn\" loading=\"lazy\" srcset=\"https:\/\/www.medellin.gov.co\/es\/wp-content\/uploads\/2023\/08\/Filmacion-1024x681.jpg 1024w, https:\/\/www.medellin.gov.co\/es\/wp-content\/uploads\/2023\/08\/Filmacion-300x200.jpg 300w, https:\/\/www.medellin.gov.co\/es\/wp-content\/uploads\/2023\/08\/Filmacion-150x100.jpg 150w, https:\/\/www.medellin.gov.co\/es\/wp-content\/uploads\/2023\/08\/Filmacion-768x511.jpg 768w, https:\/\/www.medellin.gov.co\/es\/wp-content\/uploads\/2023\/08\/Filmacion.jpg 1076w\" sizes=\"(max-width: 1024px) 100vw, 1024px\" \/>\t\t\t\t\t\t\t\t\t\t\t\t\t\t<\/div>\n\t\t\t\t\t\t<\/div>\n\t\t\t\t<\/div>\n\t\t<\/div><div class=\"elementor-element elementor-element-d4c34ae e-container--column e-container\" data-id=\"d4c34ae\" data-element_type=\"container\">\t\t\t\t<div class=\"elementor-element elementor-element-537a508 elementor-widget elementor-widget-text-editor\" data-id=\"537a508\" data-element_type=\"widget\" data-widget_type=\"text-editor.default\">\n\t\t\t\t<div class=\"elementor-widget-container\">\n\t\t\t\t\t\t\t\t<div class=\"elementor-text-editor elementor-clearfix\">\n\t\t\t\t<h3><strong>Archivo f\u00edlmico y memoria audiovisual de Medell\u00edn<br \/><br \/><\/strong><\/h3><p>La Cinemateca protege y activa la memoria audiovisual de la ciudad mediante el Centro de Documentaci\u00f3n Audiovisual ubicado en el Parque Biblioteca Tom\u00e1s Carrasquilla \u2013 La Quintana.<\/p><p>All\u00ed se conservan archivos, documentos, fotograf\u00edas y materiales audiovisuales de valor patrimonial para Medell\u00edn, incluyendo fondos documentales como el archivo de V\u00edctor Gaviria y archivos familiares de la ciudad.<\/p><p>El Centro de Documentaci\u00f3n Audiovisual cuenta con el archivo de V\u00edctor Gaviria, donado por el director en 2018, adem\u00e1s de los archivos de las familias Pedraza, Ochoa y del matrimonio Escovar Santamar\u00eda.<\/p><p>Adem\u00e1s, desarrollamos proyectos como la <strong>Ruta de Archivos Audiovisuales<\/strong> y actividades de formaci\u00f3n alrededor del patrimonio cinematogr\u00e1fico y audiovisual.<\/p><h3><strong>\u00a0<\/strong><\/h3>\t\t\t\t\t<\/div>\n\t\t\t\t\t\t<\/div>\n\t\t\t\t<\/div>\n\t\t<\/div><\/div><div class=\"elementor-element elementor-element-76fc74e e-container--row e-container\" data-id=\"76fc74e\" data-element_type=\"container\">\t\t<div class=\"elementor-element elementor-element-49abca6 e-container--column e-container\" data-id=\"49abca6\" data-element_type=\"container\">\t\t\t\t<div class=\"elementor-element elementor-element-16922c0 elementor-widget elementor-widget-text-editor\" data-id=\"16922c0\" data-element_type=\"widget\" data-widget_type=\"text-editor.default\">\n\t\t\t\t<div class=\"elementor-widget-container\">\n\t\t\t\t\t\t\t\t<div class=\"elementor-text-editor elementor-clearfix\">\n\t\t\t\t<h3><strong>Trabajo territorial y articulaci\u00f3n cultural<br \/><br \/><\/strong><\/h3><p>Trabajamos junto a festivales, cineclubes, colectivos, universidades, bibliotecas y organizaciones culturales para fortalecer el ecosistema audiovisual de Medell\u00edn.<\/p><p>La Cinemateca articula procesos de circulaci\u00f3n, formaci\u00f3n de p\u00fablicos y promoci\u00f3n cultural en distintos territorios de la ciudad.<\/p><h3><strong>\u00a0<\/strong><\/h3>\t\t\t\t\t<\/div>\n\t\t\t\t\t\t<\/div>\n\t\t\t\t<\/div>\n\t\t<\/div><div class=\"elementor-element elementor-element-37d3c2d e-container--column e-container\" data-id=\"37d3c2d\" data-element_type=\"container\">\t\t\t\t<div class=\"elementor-element elementor-element-89370ab elementor-widget elementor-widget-image\" data-id=\"89370ab\" data-element_type=\"widget\" data-widget_type=\"image.default\">\n\t\t\t\t<div class=\"elementor-widget-container\">\n\t\t\t\t\t\t\t\t<div class=\"elementor-image\">\n\t\t\t\t\t\t\t\t\t\t\t\t<img width=\"1024\" height=\"683\" src=\"https:\/\/www.medellin.gov.co\/es\/wp-content\/uploads\/2026\/09\/Trabajo-territorial-y-articulacion-cultural.jpg\" class=\"attachment-large size-large\" alt=\"\" loading=\"lazy\" srcset=\"https:\/\/www.medellin.gov.co\/es\/wp-content\/uploads\/2026\/09\/Trabajo-territorial-y-articulacion-cultural.jpg 1024w, https:\/\/www.medellin.gov.co\/es\/wp-content\/uploads\/2026\/09\/Trabajo-territorial-y-articulacion-cultural-300x200.jpg 300w, https:\/\/www.medellin.gov.co\/es\/wp-content\/uploads\/2026\/09\/Trabajo-territorial-y-articulacion-cultural-150x100.jpg 150w, https:\/\/www.medellin.gov.co\/es\/wp-content\/uploads\/2026\/09\/Trabajo-territorial-y-articulacion-cultural-768x512.jpg 768w\" sizes=\"(max-width: 1024px) 100vw, 1024px\" \/>\t\t\t\t\t\t\t\t\t\t\t\t\t\t<\/div>\n\t\t\t\t\t\t<\/div>\n\t\t\t\t<\/div>\n\t\t<\/div><\/div><div class=\"elementor-element elementor-element-761c0c4 e-container--column e-container\" data-id=\"761c0c4\" data-element_type=\"container\">\t\t\t\t<div class=\"elementor-element elementor-element-99ba6ab elementor-widget elementor-widget-heading\" data-id=\"99ba6ab\" data-element_type=\"widget\" data-widget_type=\"heading.default\">\n\t\t\t\t<div class=\"elementor-widget-container\">\n\t\t\t<h2 class=\"elementor-heading-title elementor-size-default\"><b>Una nueva sede para el cine en Medell\u00edn<\/b> <\/h2>\t\t<\/div>\n\t\t\t\t<\/div>\n\t\t<\/div><div class=\"elementor-element elementor-element-a33f844 e-container--column e-container\" data-id=\"a33f844\" data-element_type=\"container\">\t\t\t\t<div class=\"elementor-element elementor-element-51ba1e5 elementor-widget elementor-widget-spacer\" data-id=\"51ba1e5\" data-element_type=\"widget\" data-widget_type=\"spacer.default\">\n\t\t\t\t<div class=\"elementor-widget-container\">\n\t\t\t\t\t<div class=\"elementor-spacer\">\n\t\t\t<div class=\"elementor-spacer-inner\"><\/div>\n\t\t<\/div>\n\t\t\t\t<\/div>\n\t\t\t\t<\/div>\n\t\t<\/div><div class=\"elementor-element elementor-element-f0a17af e-container--row e-container\" data-id=\"f0a17af\" data-element_type=\"container\">\t\t<div class=\"elementor-element elementor-element-5cecbde e-container--column e-container\" data-id=\"5cecbde\" data-element_type=\"container\">\t\t\t\t<div class=\"elementor-element elementor-element-88ec5f8 elementor-widget elementor-widget-image\" data-id=\"88ec5f8\" data-element_type=\"widget\" data-widget_type=\"image.default\">\n\t\t\t\t<div class=\"elementor-widget-container\">\n\t\t\t\t\t\t\t\t<div class=\"elementor-image\">\n\t\t\t\t\t\t\t\t\t\t\t\t<img width=\"1024\" height=\"683\" src=\"https:\/\/www.medellin.gov.co\/es\/wp-content\/uploads\/2026\/09\/Una-nueva-sede-para-el-cine-en-Medellin.jpg\" class=\"attachment-large size-large\" alt=\"Una nueva sede para el cine en Medell\u00edn\" loading=\"lazy\" srcset=\"https:\/\/www.medellin.gov.co\/es\/wp-content\/uploads\/2026\/09\/Una-nueva-sede-para-el-cine-en-Medellin.jpg 1024w, https:\/\/www.medellin.gov.co\/es\/wp-content\/uploads\/2026\/09\/Una-nueva-sede-para-el-cine-en-Medellin-300x200.jpg 300w, https:\/\/www.medellin.gov.co\/es\/wp-content\/uploads\/2026\/09\/Una-nueva-sede-para-el-cine-en-Medellin-150x100.jpg 150w, https:\/\/www.medellin.gov.co\/es\/wp-content\/uploads\/2026\/09\/Una-nueva-sede-para-el-cine-en-Medellin-768x512.jpg 768w\" sizes=\"(max-width: 1024px) 100vw, 1024px\" \/>\t\t\t\t\t\t\t\t\t\t\t\t\t\t<\/div>\n\t\t\t\t\t\t<\/div>\n\t\t\t\t<\/div>\n\t\t<\/div><div class=\"elementor-element elementor-element-2226745 e-container--column e-container\" data-id=\"2226745\" data-element_type=\"container\">\t\t\t\t<div class=\"elementor-element elementor-element-1a0d6ab elementor-widget elementor-widget-text-editor\" data-id=\"1a0d6ab\" data-element_type=\"widget\" data-widget_type=\"text-editor.default\">\n\t\t\t\t<div class=\"elementor-widget-container\">\n\t\t\t\t\t\t\t\t<div class=\"elementor-text-editor elementor-clearfix\">\n\t\t\t\t<p>La futura sede de la Cinemateca Distrital de Medell\u00edn estar\u00e1 ubicada en el ReCreo Cultural Ciudad del R\u00edo y se convertir\u00e1 en un espacio estrat\u00e9gico para el cine y las artes audiovisuales de la ciudad.<\/p><p>Este nuevo equipamiento cultural contar\u00e1 con:<\/p><ul><li>Salas de cine.<\/li><li>Laboratorios y b\u00f3vedas de archivo f\u00edlmico.<\/li><li>Biblioteca especializada en cine y centro de documentaci\u00f3n audiovisual<\/li><li>Espacios de formaci\u00f3n audiovisual.<\/li><li>Estudios de grabaci\u00f3n.<\/li><li>Zonas de creaci\u00f3n y experimentaci\u00f3n.<\/li><li>Galer\u00eda y espacios culturales abiertos a la ciudadan\u00eda.<\/li><\/ul><p>\u00a0<\/p>\t\t\t\t\t<\/div>\n\t\t\t\t\t\t<\/div>\n\t\t\t\t<\/div>\n\t\t<\/div><\/div><div class=\"elementor-element elementor-element-9a77bd5 e-container--column e-container\" data-id=\"9a77bd5\" data-element_type=\"container\">\t\t\t\t<div class=\"elementor-element elementor-element-500686a elementor-widget elementor-widget-text-editor\" data-id=\"500686a\" data-element_type=\"widget\" data-widget_type=\"text-editor.default\">\n\t\t\t\t<div class=\"elementor-widget-container\">\n\t\t\t\t\t\t\t\t<div class=\"elementor-text-editor elementor-clearfix\">\n\t\t\t\t<p>La nueva sede de la Cinemateca fortalecer\u00e1 los procesos de exhibici\u00f3n, formaci\u00f3n, archivo y creaci\u00f3n audiovisual en Medell\u00edn, concentrando una parte importante de su programaci\u00f3n pero manteniendo su vocaci\u00f3n itinerante y territorial.<\/p>\t\t\t\t\t<\/div>\n\t\t\t\t\t\t<\/div>\n\t\t\t\t<\/div>\n\t\t<\/div><div class=\"elementor-element elementor-element-26879b6 e-container--column e-container\" data-id=\"26879b6\" data-element_type=\"container\">\t\t\t\t<div class=\"elementor-element elementor-element-ed10a2e elementor-widget elementor-widget-heading\" data-id=\"ed10a2e\" data-element_type=\"widget\" data-widget_type=\"heading.default\">\n\t\t\t\t<div class=\"elementor-widget-container\">\n\t\t\t<h2 class=\"elementor-heading-title elementor-size-default\"><b>Nuestras<\/b> acciones<\/h2>\t\t<\/div>\n\t\t\t\t<\/div>\n\t\t<\/div><div class=\"elementor-element elementor-element-e882b5f e-container--column e-container\" data-id=\"e882b5f\" data-element_type=\"container\">\t\t\t\t<div class=\"elementor-element elementor-element-99e7517 elementor-widget elementor-widget-spacer\" data-id=\"99e7517\" data-element_type=\"widget\" data-widget_type=\"spacer.default\">\n\t\t\t\t<div class=\"elementor-widget-container\">\n\t\t\t\t\t<div class=\"elementor-spacer\">\n\t\t\t<div class=\"elementor-spacer-inner\"><\/div>\n\t\t<\/div>\n\t\t\t\t<\/div>\n\t\t\t\t<\/div>\n\t\t<\/div><div class=\"elementor-element elementor-element-15eae8f e-container--column e-container\" data-id=\"15eae8f\" data-element_type=\"container\">\t\t\t\t<div class=\"elementor-element elementor-element-c2b2de1 elementor-widget elementor-widget-text-editor\" data-id=\"c2b2de1\" data-element_type=\"widget\" data-widget_type=\"text-editor.default\">\n\t\t\t\t<div class=\"elementor-widget-container\">\n\t\t\t\t\t\t\t\t<div class=\"elementor-text-editor elementor-clearfix\">\n\t\t\t\t<p>Desde 2017, la Cinemateca Distrital de Medell\u00edn ha desarrollado exhibiciones, procesos formativos, charlas, clases maestras, encuentros, alianzas con instituciones y colectivos, adem\u00e1s de articulaciones con muestras y festivales de la ciudad.<\/p><p>Hasta diciembre de 2025, la Cinemateca ha realizado <strong>6.079 actividades<\/strong> y ha contado con la participaci\u00f3n de m\u00e1s de <strong>1.156.302 asistentes<\/strong> en todas las comunas y corregimientos de Medell\u00edn.<\/p>\t\t\t\t\t<\/div>\n\t\t\t\t\t\t<\/div>\n\t\t\t\t<\/div>\n\t\t<\/div><div class=\"elementor-element elementor-element-a27e502 e-container--column e-container\" data-id=\"a27e502\" data-element_type=\"container\">\t\t\t\t<div class=\"elementor-element elementor-element-155386d elementor-widget elementor-widget-heading\" data-id=\"155386d\" data-element_type=\"widget\" data-widget_type=\"heading.default\">\n\t\t\t\t<div class=\"elementor-widget-container\">\n\t\t\t<h2 class=\"elementor-heading-title elementor-size-default\"><b>Programaci\u00f3n de la Cinemateca de Medell\u00edn<\/b> <\/h2>\t\t<\/div>\n\t\t\t\t<\/div>\n\t\t<\/div><div class=\"elementor-element elementor-element-38d917b e-container--row e-container\" data-id=\"38d917b\" data-element_type=\"container\">\t\t<div class=\"elementor-element elementor-element-e1b6a7f e-container--column e-container\" data-id=\"e1b6a7f\" data-element_type=\"container\">\t\t\t\t<div class=\"elementor-element elementor-element-d815984 elementor-widget elementor-widget-image\" data-id=\"d815984\" data-element_type=\"widget\" data-widget_type=\"image.default\">\n\t\t\t\t<div class=\"elementor-widget-container\">\n\t\t\t\t\t\t\t\t<div class=\"elementor-image\">\n\t\t\t\t\t\t\t\t\t\t\t\t<img width=\"1024\" height=\"576\" src=\"https:\/\/www.medellin.gov.co\/es\/wp-content\/uploads\/2026\/09\/programacion.jpg\" class=\"attachment-large size-large\" alt=\"programaci\u00f3n\" loading=\"lazy\" srcset=\"https:\/\/www.medellin.gov.co\/es\/wp-content\/uploads\/2026\/09\/programacion.jpg 1024w, https:\/\/www.medellin.gov.co\/es\/wp-content\/uploads\/2026\/09\/programacion-300x169.jpg 300w, https:\/\/www.medellin.gov.co\/es\/wp-content\/uploads\/2026\/09\/programacion-150x84.jpg 150w, https:\/\/www.medellin.gov.co\/es\/wp-content\/uploads\/2026\/09\/programacion-768x432.jpg 768w\" sizes=\"(max-width: 1024px) 100vw, 1024px\" \/>\t\t\t\t\t\t\t\t\t\t\t\t\t\t<\/div>\n\t\t\t\t\t\t<\/div>\n\t\t\t\t<\/div>\n\t\t<\/div><div class=\"elementor-element elementor-element-d3c8b72 e-container--column e-container\" data-id=\"d3c8b72\" data-element_type=\"container\">\t\t\t\t<div class=\"elementor-element elementor-element-e6a81ec elementor-widget elementor-widget-text-editor\" data-id=\"e6a81ec\" data-element_type=\"widget\" data-widget_type=\"text-editor.default\">\n\t\t\t\t<div class=\"elementor-widget-container\">\n\t\t\t\t\t\t\t\t<div class=\"elementor-text-editor elementor-clearfix\">\n\t\t\t\t<p>La programaci\u00f3n de la Cinemateca incluye:<br \/><br \/><\/p><ul><li>Cine colombiano.<\/li><li>Cine internacional.<\/li><li>Funciones al aire libre.<\/li><li>Cine comunitario.<\/li><li>Cine accesible.<\/li><li>Talleres y laboratorios.<\/li><li>Encuentros con realizadores.<\/li><li>Clases maestras.<\/li><li>Procesos de archivo y memoria audiovisual.<\/li><\/ul>\t\t\t\t\t<\/div>\n\t\t\t\t\t\t<\/div>\n\t\t\t\t<\/div>\n\t\t<\/div><\/div><div class=\"elementor-element elementor-element-a4994fd e-container--column e-container\" data-id=\"a4994fd\" data-element_type=\"container\">\t\t\t\t<div class=\"elementor-element elementor-element-cc27e0a elementor-widget elementor-widget-text-editor\" data-id=\"cc27e0a\" data-element_type=\"widget\" data-widget_type=\"text-editor.default\">\n\t\t\t\t<div class=\"elementor-widget-container\">\n\t\t\t\t\t\t\t\t<div class=\"elementor-text-editor elementor-clearfix\">\n\t\t\t\t<p>Algunas de nuestras franjas y proyectos m\u00e1s importantes son:<br \/><br \/><\/p><ul><li><a href=\"https:\/\/www.medellin.gov.co\/estimuloscultura\/miradas\">Miradas Medell\u00edn.<\/a><\/li><li>Especiales Cinemateca.<\/li><li>Nuevas y Nuevos Realizadores.<\/li><li>Jornadas de la Memoria.<\/li><li>Cine en el Metrocable.<\/li><li>Ciclo de Cine Accesible.<\/li><li>Programaci\u00f3n en el Parque de los Deseos.<\/li><li>Itinerancias Cinemateca.<\/li><\/ul>\t\t\t\t\t<\/div>\n\t\t\t\t\t\t<\/div>\n\t\t\t\t<\/div>\n\t\t<\/div><div class=\"elementor-element elementor-element-a4614bb e-container--column e-container\" data-id=\"a4614bb\" data-element_type=\"container\">\t\t\t\t<div class=\"elementor-element elementor-element-3a7fd8c elementor-widget elementor-widget-heading\" data-id=\"3a7fd8c\" data-element_type=\"widget\" data-widget_type=\"heading.default\">\n\t\t\t\t<div class=\"elementor-widget-container\">\n\t\t\t<h2 class=\"elementor-heading-title elementor-size-default\"><b>\u00bfC\u00f3mo participar en las actividades de la Cinemateca?<\/b> <\/h2>\t\t<\/div>\n\t\t\t\t<\/div>\n\t\t<\/div><div class=\"elementor-element elementor-element-0c90908 e-container--column e-container\" data-id=\"0c90908\" data-element_type=\"container\">\t\t\t\t<div class=\"elementor-element elementor-element-7d7870d elementor-widget elementor-widget-spacer\" data-id=\"7d7870d\" data-element_type=\"widget\" data-widget_type=\"spacer.default\">\n\t\t\t\t<div class=\"elementor-widget-container\">\n\t\t\t\t\t<div class=\"elementor-spacer\">\n\t\t\t<div class=\"elementor-spacer-inner\"><\/div>\n\t\t<\/div>\n\t\t\t\t<\/div>\n\t\t\t\t<\/div>\n\t\t<\/div><div class=\"elementor-element elementor-element-bd87f20 e-container--column e-container\" data-id=\"bd87f20\" data-element_type=\"container\">\t\t\t\t<div class=\"elementor-element elementor-element-4c4de55 elementor-widget elementor-widget-text-editor\" data-id=\"4c4de55\" data-element_type=\"widget\" data-widget_type=\"text-editor.default\">\n\t\t\t\t<div class=\"elementor-widget-container\">\n\t\t\t\t\t\t\t\t<div class=\"elementor-text-editor elementor-clearfix\">\n\t\t\t\t<p>Todas nuestras actividades son gratuitas y abiertas al p\u00fablico. Algunas, como los talleres y laboratorios requerir\u00e1n de inscripci\u00f3n previa.<\/p><p>Puedes conocer la programaci\u00f3n mensual y nuestras convocatorias a trav\u00e9s de:<\/p><ul><li><a href=\"https:\/\/www.instagram.com\/cinematecademedellin\" target=\"_blank\" rel=\"noopener\">Instagram.<\/a><\/li><li><a href=\"https:\/\/www.facebook.com\/CinematecaDeMedellin\/?locale=es_LA\" target=\"_blank\" rel=\"noopener\">Facebook.<\/a><\/li><li><a href=\"https:\/\/landing.mailerlite.com\/webforms\/landing\/n0w4t1\" target=\"_blank\" rel=\"noopener\">Bolet\u00edn digital.<\/a><\/li><li>Espacios culturales aliados.<\/li><\/ul><p>Tambi\u00e9n puedes invitar a la Cinemateca a tu barrio, instituci\u00f3n educativa, cineclub o comunidad.<br \/><br \/><\/p><h3><strong>Sigue la Cinemateca Distrital de Medell\u00edn<\/strong><\/h3><p><strong>Medell\u00edn, Colombia<\/strong><\/p><p>\ud83d\udce7 <a href=\"mailto:cinemateca@medellin.gov.co\" target=\"_blank\" rel=\"noopener\">cinemateca@medellin.gov.co<\/a><\/p><p><strong>Instagram y Facebook:<br \/><\/strong><br \/>\u00a0<a href=\"https:\/\/www.instagram.com\/cinematecademedellin\" target=\"_blank\" rel=\"noopener\">@cinematecademedellin<\/a><\/p><p><a href=\"https:\/\/landing.mailerlite.com\/webforms\/landing\/n0w4t1\" target=\"_blank\" rel=\"noopener\">Suscr\u00edbete a nuestro bolet\u00edn informativo<\/a> para conocer la programaci\u00f3n y las actividades culturales de la Cinemateca.<\/p><p>La Cinemateca Distrital de Medell\u00edn contin\u00faa fortaleciendo el acceso al audiovisual en todos los territorios de la ciudad, promoviendo una Medell\u00edn con m\u00e1s encuentros, m\u00e1s memoria y m\u00e1s cultura.<\/p><p>Cinemateca de Medell\u00edn. M\u00e1s cine, m\u00e1s ciudad.<\/p>\t\t\t\t\t<\/div>\n\t\t\t\t\t\t<\/div>\n\t\t\t\t<\/div>\n\t\t<\/div>\t\t\t\t\t\t\t<\/div>\n\t\t\t<\/div>\n\t\t\t\t\t<\/div>\n\t\t","protected":false},"excerpt":{"rendered":"<p>Cinemateca Distrital de Medell\u00edn M\u00e1s cine, m\u00e1s ciudad Cine, memoria y formaci\u00f3n audiovisual para toda la ciudad La Cinemateca Distrital de Medell\u00edn es un programa de la Secretar\u00eda de Cultura Ciudadana de la Alcald\u00eda de &#8230;<\/p>\n","protected":false},"author":31,"featured_media":193866,"parent":7567,"menu_order":0,"comment_status":"closed","ping_status":"closed","template":"sec-cultura\/elementor.php","meta":[],"acf":[],"_links":{"self":[{"href":"https:\/\/www.medellin.gov.co\/es\/wp-json\/wp\/v2\/pages\/241406"}],"collection":[{"href":"https:\/\/www.medellin.gov.co\/es\/wp-json\/wp\/v2\/pages"}],"about":[{"href":"https:\/\/www.medellin.gov.co\/es\/wp-json\/wp\/v2\/types\/page"}],"author":[{"embeddable":true,"href":"https:\/\/www.medellin.gov.co\/es\/wp-json\/wp\/v2\/users\/31"}],"replies":[{"embeddable":true,"href":"https:\/\/www.medellin.gov.co\/es\/wp-json\/wp\/v2\/comments?post=241406"}],"version-history":[{"count":10,"href":"https:\/\/www.medellin.gov.co\/es\/wp-json\/wp\/v2\/pages\/241406\/revisions"}],"predecessor-version":[{"id":563963,"href":"https:\/\/www.medellin.gov.co\/es\/wp-json\/wp\/v2\/pages\/241406\/revisions\/563963"}],"up":[{"embeddable":true,"href":"https:\/\/www.medellin.gov.co\/es\/wp-json\/wp\/v2\/pages\/7567"}],"wp:featuredmedia":[{"embeddable":true,"href":"https:\/\/www.medellin.gov.co\/es\/wp-json\/wp\/v2\/media\/193866"}],"wp:attachment":[{"href":"https:\/\/www.medellin.gov.co\/es\/wp-json\/wp\/v2\/media?parent=241406"}],"curies":[{"name":"wp","href":"https:\/\/api.w.org\/{rel}","templated":true}]}}