{"id":255875,"date":"2023-09-28T12:07:48","date_gmt":"2023-09-28T17:07:48","guid":{"rendered":"https:\/\/www.medellin.gov.co\/es\/?page_id=255875"},"modified":"2023-10-10T15:15:34","modified_gmt":"2023-10-10T20:15:34","slug":"protocolos-ambientales-y-urbanisticos","status":"publish","type":"page","link":"https:\/\/www.medellin.gov.co\/es\/secretaria-gestion-y-control-territorial\/subsecretaria-de-control-urbanistico\/protocolos-ambientales-y-urbanisticos\/","title":{"rendered":"Protocolos ambientales y urban\u00edsticos"},"content":{"rendered":"\t\t<div data-elementor-type=\"wp-page\" data-elementor-id=\"255875\" class=\"elementor elementor-255875\">\n\t\t\t\t\t\t<div class=\"elementor-inner\">\n\t\t\t\t<div class=\"elementor-section-wrap\">\n\t\t\t\t\t\t\t<div class=\"elementor-element elementor-element-b10daab e-container--column e-container\" data-id=\"b10daab\" data-element_type=\"container\">\t\t\t\t<div class=\"elementor-element elementor-element-969ca80 elementor-widget elementor-widget-heading\" data-id=\"969ca80\" data-element_type=\"widget\" data-widget_type=\"heading.default\">\n\t\t\t\t<div class=\"elementor-widget-container\">\n\t\t\t<h1 class=\"elementor-heading-title elementor-size-default\">\u00bfQu\u00e9 es el Protocolo Ambiental y Urban\u00edstico PAU?<\/h1>\t\t<\/div>\n\t\t\t\t<\/div>\n\t\t<\/div><div class=\"elementor-element elementor-element-58dda85 e-container--row e-container\" data-id=\"58dda85\" data-element_type=\"container\">\t\t<div class=\"elementor-element elementor-element-9a77836 e-container--column e-container\" data-id=\"9a77836\" data-element_type=\"container\">\t\t\t\t<div class=\"elementor-element elementor-element-769d69a elementor-widget elementor-widget-text-editor\" data-id=\"769d69a\" data-element_type=\"widget\" data-widget_type=\"text-editor.default\">\n\t\t\t\t<div class=\"elementor-widget-container\">\n\t\t\t\t\t\t\t\t<div class=\"elementor-text-editor elementor-clearfix\">\n\t\t\t\t<p>Es el instrumento de control establecido por el POT, el cual permitir\u00e1 viabilizar la locaci\u00f3n de las actividades econ\u00f3micas que pueden generar impactos al uso residencial y con ello posibilitar la responsable mezcla de usos del suelo.<\/p><p>Adem\u00e1s, aportar\u00e1 a la disminuci\u00f3n de m\u00faltiples conflictos de convivencia, entre residentes y las actividades econ\u00f3micas.<\/p><p><strong>\u00bfPara qu\u00e9 sirve?<\/strong><\/p><ul><li>Mitigar impactos ambientales y urban\u00edsticos negativos.<\/li><li>Permitir la responsable mezcla de usos.<\/li><li>Aportar a la animaci\u00f3n de la escena urbana.<\/li><li>Generar calidad ambiental y urbana.<\/li><li>Contribuir al intercambio social y sostenibilidad.<\/li><\/ul><p>Hay 45 PAU formulados, pero se busca aprobar 5 de ellos, en esta administraci\u00f3n.<\/p>\t\t\t\t\t<\/div>\n\t\t\t\t\t\t<\/div>\n\t\t\t\t<\/div>\n\t\t\t\t<div class=\"elementor-element elementor-element-94bd100 elementor-widget elementor-widget-image\" data-id=\"94bd100\" data-element_type=\"widget\" data-widget_type=\"image.default\">\n\t\t\t\t<div class=\"elementor-widget-container\">\n\t\t\t\t\t\t\t\t<div class=\"elementor-image\">\n\t\t\t\t\t\t\t\t\t\t\t\t<img width=\"341\" height=\"567\" src=\"https:\/\/www.medellin.gov.co\/es\/wp-content\/uploads\/2023\/10\/infograficos-pau-1.jpg\" class=\"attachment-large size-large\" alt=\"Infogr\u00e1fico PAU\" loading=\"lazy\" srcset=\"https:\/\/www.medellin.gov.co\/es\/wp-content\/uploads\/2023\/10\/infograficos-pau-1.jpg 341w, https:\/\/www.medellin.gov.co\/es\/wp-content\/uploads\/2023\/10\/infograficos-pau-1-180x300.jpg 180w, https:\/\/www.medellin.gov.co\/es\/wp-content\/uploads\/2023\/10\/infograficos-pau-1-90x150.jpg 90w\" sizes=\"(max-width: 341px) 100vw, 341px\" \/>\t\t\t\t\t\t\t\t\t\t\t\t\t\t<\/div>\n\t\t\t\t\t\t<\/div>\n\t\t\t\t<\/div>\n\t\t<\/div><div class=\"elementor-element elementor-element-497273d e-container--column e-container\" data-id=\"497273d\" data-element_type=\"container\">\t\t\t\t<div class=\"elementor-element elementor-element-7a22062 elementor-widget elementor-widget-image\" data-id=\"7a22062\" data-element_type=\"widget\" data-widget_type=\"image.default\">\n\t\t\t\t<div class=\"elementor-widget-container\">\n\t\t\t\t\t\t\t\t<div class=\"elementor-image\">\n\t\t\t\t\t\t\t\t\t\t\t\t<img width=\"1024\" height=\"678\" src=\"https:\/\/www.medellin.gov.co\/es\/wp-content\/uploads\/2023\/07\/panoramica_medellin_12a-1024x678.jpg\" class=\"attachment-large size-large\" alt=\"Panor\u00e1mica Medell\u00edn - Barrio Calasanz\" loading=\"lazy\" srcset=\"https:\/\/www.medellin.gov.co\/es\/wp-content\/uploads\/2023\/07\/panoramica_medellin_12a-1024x678.jpg 1024w, https:\/\/www.medellin.gov.co\/es\/wp-content\/uploads\/2023\/07\/panoramica_medellin_12a-300x199.jpg 300w, https:\/\/www.medellin.gov.co\/es\/wp-content\/uploads\/2023\/07\/panoramica_medellin_12a-150x99.jpg 150w, https:\/\/www.medellin.gov.co\/es\/wp-content\/uploads\/2023\/07\/panoramica_medellin_12a-768x509.jpg 768w, https:\/\/www.medellin.gov.co\/es\/wp-content\/uploads\/2023\/07\/panoramica_medellin_12a.jpg 1280w\" sizes=\"(max-width: 1024px) 100vw, 1024px\" \/>\t\t\t\t\t\t\t\t\t\t\t\t\t\t<\/div>\n\t\t\t\t\t\t<\/div>\n\t\t\t\t<\/div>\n\t\t<\/div><\/div><div class=\"elementor-element elementor-element-95bc3e4 e-container--row e-container\" data-id=\"95bc3e4\" data-element_type=\"container\">\t\t<div class=\"elementor-element elementor-element-18a7c7b e-container--column e-container\" data-id=\"18a7c7b\" data-element_type=\"container\">\t\t\t\t<div class=\"elementor-element elementor-element-d99aa8d elementor-widget elementor-widget-heading\" data-id=\"d99aa8d\" data-element_type=\"widget\" data-widget_type=\"heading.default\">\n\t\t\t\t<div class=\"elementor-widget-container\">\n\t\t\t<h2 class=\"elementor-heading-title elementor-size-default\"><b>Venta y consumo <\/b>de bebidas alcoh\u00f3licas<\/h2>\t\t<\/div>\n\t\t\t\t<\/div>\n\t\t\t\t<div class=\"elementor-element elementor-element-cc97e0c elementor-widget elementor-widget-text-editor\" data-id=\"cc97e0c\" data-element_type=\"widget\" data-widget_type=\"text-editor.default\">\n\t\t\t\t<div class=\"elementor-widget-container\">\n\t\t\t\t\t\t\t\t<div class=\"elementor-text-editor elementor-clearfix\">\n\t\t\t\t<ul><li>Grill.<\/li><li>Discoteca.<\/li><li>Estadero.<\/li><li>Cantina o bar.<\/li><li>Taberna.<\/li><li>Helader\u00eda.<\/li><li>Charcuter\u00eda o salsamentar\u00eda.<\/li><li>Tienda mixta.<\/li><li>Estanquillo, distribuidora de bebidas alcoh\u00f3licas o licorera.<\/li><\/ul>\t\t\t\t\t<\/div>\n\t\t\t\t\t\t<\/div>\n\t\t\t\t<\/div>\n\t\t<\/div><div class=\"elementor-element elementor-element-36bd5b9 e-container--column e-container\" data-id=\"36bd5b9\" data-element_type=\"container\">\t\t\t\t<div class=\"elementor-element elementor-element-f5593c6 elementor-widget elementor-widget-heading\" data-id=\"f5593c6\" data-element_type=\"widget\" data-widget_type=\"heading.default\">\n\t\t\t\t<div class=\"elementor-widget-container\">\n\t\t\t<h2 class=\"elementor-heading-title elementor-size-default\"><b>Hospedaje <\/b><\/h2>\t\t<\/div>\n\t\t\t\t<\/div>\n\t\t\t\t<div class=\"elementor-element elementor-element-c4916e0 elementor-widget elementor-widget-text-editor\" data-id=\"c4916e0\" data-element_type=\"widget\" data-widget_type=\"text-editor.default\">\n\t\t\t\t<div class=\"elementor-widget-container\">\n\t\t\t\t\t\t\t\t<div class=\"elementor-text-editor elementor-clearfix\">\n\t\t\t\t<ul><li>Hotel.<\/li><li>Aparta-hotel o aparta-suite.<\/li><li>Alojamiento en centro vacacional.<\/li><li>Alojamiento rural \u2013 lodge.<\/li><li>Posadas tur\u00edsticas.<\/li><li>Albergue &#8211; refugio \u2013 hostal.<\/li><li>Apartamentos tur\u00edsticos o vivienda tur\u00edstica.<\/li><li>Recinto de campamento o de camping.<\/li><li>Servicio por horas.<\/li><\/ul>\t\t\t\t\t<\/div>\n\t\t\t\t\t\t<\/div>\n\t\t\t\t<\/div>\n\t\t<\/div><\/div><div class=\"elementor-element elementor-element-67000d7 e-container--column e-container\" data-id=\"67000d7\" data-element_type=\"container\">\t\t\t\t<div class=\"elementor-element elementor-element-3e2d563 elementor-widget elementor-widget-heading\" data-id=\"3e2d563\" data-element_type=\"widget\" data-widget_type=\"heading.default\">\n\t\t\t\t<div class=\"elementor-widget-container\">\n\t\t\t<h2 class=\"elementor-heading-title elementor-size-default\"><b>\u00c1reas generales <\/b>de uso<\/h2>\t\t<\/div>\n\t\t\t\t<\/div>\n\t\t<\/div><div class=\"elementor-element elementor-element-c9a0fb3 e-container--row e-container\" data-id=\"c9a0fb3\" data-element_type=\"container\">\t\t<div class=\"elementor-element elementor-element-c9ddb66 e-container--column e-container\" data-id=\"c9ddb66\" data-element_type=\"container\">\t\t\t\t<div class=\"elementor-element elementor-element-b3a670f elementor-widget elementor-widget-text-editor\" data-id=\"b3a670f\" data-element_type=\"widget\" data-widget_type=\"text-editor.default\">\n\t\t\t\t<div class=\"elementor-widget-container\">\n\t\t\t\t\t\t\t\t<div class=\"elementor-text-editor elementor-clearfix\">\n\t\t\t\t<p>Categor\u00edas de uso:<\/p><ul><li>Residencial<\/li><li>Comercial<\/li><li>Servicios<\/li><li>Industrial<\/li><li>Dotacional<\/li><li>Espacio p\u00fablico de esparcimiento y encuentro<\/li><\/ul><p>\u00a0<\/p>\t\t\t\t\t<\/div>\n\t\t\t\t\t\t<\/div>\n\t\t\t\t<\/div>\n\t\t<\/div><div class=\"elementor-element elementor-element-855ab65 e-container--column e-container\" data-id=\"855ab65\" data-element_type=\"container\">\t\t\t\t<div class=\"elementor-element elementor-element-73515f1 elementor-widget elementor-widget-image\" data-id=\"73515f1\" data-element_type=\"widget\" data-widget_type=\"image.default\">\n\t\t\t\t<div class=\"elementor-widget-container\">\n\t\t\t\t\t\t\t\t<div class=\"elementor-image\">\n\t\t\t\t\t\t\t\t\t\t\t\t<img width=\"1024\" height=\"768\" src=\"https:\/\/www.medellin.gov.co\/es\/wp-content\/uploads\/2023\/05\/Panoramica-Mural-Constelaciones-3-1024x768.jpg\" class=\"attachment-large size-large\" alt=\"Constelaciones, el mural art\u00edstico m\u00e1s grande de Medell\u00edn, se potencia como nuevo destino tur\u00edstico y cultural\" loading=\"lazy\" srcset=\"https:\/\/www.medellin.gov.co\/es\/wp-content\/uploads\/2023\/05\/Panoramica-Mural-Constelaciones-3-1024x768.jpg 1024w, https:\/\/www.medellin.gov.co\/es\/wp-content\/uploads\/2023\/05\/Panoramica-Mural-Constelaciones-3-300x225.jpg 300w, https:\/\/www.medellin.gov.co\/es\/wp-content\/uploads\/2023\/05\/Panoramica-Mural-Constelaciones-3-150x113.jpg 150w, https:\/\/www.medellin.gov.co\/es\/wp-content\/uploads\/2023\/05\/Panoramica-Mural-Constelaciones-3-768x576.jpg 768w, https:\/\/www.medellin.gov.co\/es\/wp-content\/uploads\/2023\/05\/Panoramica-Mural-Constelaciones-3.jpg 1280w\" sizes=\"(max-width: 1024px) 100vw, 1024px\" \/>\t\t\t\t\t\t\t\t\t\t\t\t\t\t<\/div>\n\t\t\t\t\t\t<\/div>\n\t\t\t\t<\/div>\n\t\t<\/div><\/div><div class=\"elementor-element elementor-element-61f20f9 e-container--row e-container\" data-id=\"61f20f9\" data-element_type=\"container\">\t\t<div class=\"elementor-element elementor-element-e477229 e-container--column e-container\" data-id=\"e477229\" data-element_type=\"container\">\t\t\t\t<div class=\"elementor-element elementor-element-25faf5d elementor-widget elementor-widget-heading\" data-id=\"25faf5d\" data-element_type=\"widget\" data-widget_type=\"heading.default\">\n\t\t\t\t<div class=\"elementor-widget-container\">\n\t\t\t<h3 class=\"elementor-heading-title elementor-size-default\">Actores Institucionales Involucrados:<\/h3>\t\t<\/div>\n\t\t\t\t<\/div>\n\t\t\t\t<div class=\"elementor-element elementor-element-d4e797d elementor-widget elementor-widget-text-editor\" data-id=\"d4e797d\" data-element_type=\"widget\" data-widget_type=\"text-editor.default\">\n\t\t\t\t<div class=\"elementor-widget-container\">\n\t\t\t\t\t\t\t\t<div class=\"elementor-text-editor elementor-clearfix\">\n\t\t\t\t<ul><li>Departamento administrativo de planeaci\u00f3n (DAP)<\/li><li>Departamento administrativo de gesti\u00f3n del riesgo de desastre (DAGRD) &#8211;<br \/>Bomberos<\/li><li>Secretar\u00eda de Movilidad<\/li><li>Secretar\u00eda de Salud<\/li><li>Secretar\u00eda de Seguridad y Convivencia<\/li><li>Secretar\u00eda de Medio Ambiente<\/li><li>\u00a0Secretar\u00eda de Gesti\u00f3n y Control Territorial<\/li><li>Secretar\u00eda de Desarrollo Econ\u00f3mico<\/li><li>Secretar\u00eda de Participaci\u00f3n Ciudadana<\/li><li>\u00a0Secretar\u00eda de Cultura Ciudadana<\/li><li>Secretar\u00eda de Educaci\u00f3n<\/li><li>Secretar\u00eda de Inclusi\u00f3n social, Familia y DDHH<\/li><li>Secretar\u00eda de Hacienda<\/li><li>Empresas Varias de Medell\u00edn (EMVARIAS)<\/li><li>\u00c1rea Metropolitana del Valle de Aburr\u00e1 (AMVA)<\/li><li>Empresas P\u00fablicas de Medell\u00edn (EPM)<\/li><li>Corantioquia<\/li><li>Polic\u00eda Nacional Metropolitana<\/li><li>C\u00e1mara de Comercio<\/li><li>Curadur\u00edas<\/li><\/ul>\t\t\t\t\t<\/div>\n\t\t\t\t\t\t<\/div>\n\t\t\t\t<\/div>\n\t\t<\/div><div class=\"elementor-element elementor-element-f338db6 e-container--column e-container\" data-id=\"f338db6\" data-element_type=\"container\">\t\t\t\t<div class=\"elementor-element elementor-element-a7e9dd9 elementor-widget elementor-widget-heading\" data-id=\"a7e9dd9\" data-element_type=\"widget\" data-widget_type=\"heading.default\">\n\t\t\t\t<div class=\"elementor-widget-container\">\n\t\t\t<h3 class=\"elementor-heading-title elementor-size-default\">Actores externos involucrados:<\/h3>\t\t<\/div>\n\t\t\t\t<\/div>\n\t\t\t\t<div class=\"elementor-element elementor-element-07b2def elementor-widget elementor-widget-text-editor\" data-id=\"07b2def\" data-element_type=\"widget\" data-widget_type=\"text-editor.default\">\n\t\t\t\t<div class=\"elementor-widget-container\">\n\t\t\t\t\t\t\t\t<div class=\"elementor-text-editor elementor-clearfix\">\n\t\t\t\t<ul><li>Representantes sectores econ\u00f3micos y asociaciones de comercio, industria y servicios<\/li><li>Gremios: CAMACOL, FENALCO, Comit\u00e9 Intergremial<\/li><li>Consejo territorial de planeaci\u00f3n (CTP)<\/li><li>Concejo de Medell\u00edn<\/li><li>Comunidad Organizada (JAC, JAL y residentes)<\/li><li>Veedur\u00edas<\/li><li>Personer\u00eda<\/li><\/ul>\t\t\t\t\t<\/div>\n\t\t\t\t\t\t<\/div>\n\t\t\t\t<\/div>\n\t\t<\/div><\/div><div class=\"elementor-element elementor-element-d248455 e-container--column e-container\" data-id=\"d248455\" data-element_type=\"container\">\t\t<div class=\"elementor-element elementor-element-5e0b782 e-container--column e-container\" data-id=\"5e0b782\" data-element_type=\"container\">\t\t\t\t<div class=\"elementor-element elementor-element-b498462 elementor-widget elementor-widget-image\" data-id=\"b498462\" data-element_type=\"widget\" data-widget_type=\"image.default\">\n\t\t\t\t<div class=\"elementor-widget-container\">\n\t\t\t\t\t\t\t\t<div class=\"elementor-image\">\n\t\t\t\t\t\t\t\t\t\t\t\t<img width=\"341\" height=\"568\" src=\"https:\/\/www.medellin.gov.co\/es\/wp-content\/uploads\/2023\/10\/infograficos-pau-2.jpg\" class=\"attachment-large size-large\" alt=\"Infogr\u00e1fico PAU\" loading=\"lazy\" srcset=\"https:\/\/www.medellin.gov.co\/es\/wp-content\/uploads\/2023\/10\/infograficos-pau-2.jpg 341w, https:\/\/www.medellin.gov.co\/es\/wp-content\/uploads\/2023\/10\/infograficos-pau-2-180x300.jpg 180w, https:\/\/www.medellin.gov.co\/es\/wp-content\/uploads\/2023\/10\/infograficos-pau-2-90x150.jpg 90w\" sizes=\"(max-width: 341px) 100vw, 341px\" \/>\t\t\t\t\t\t\t\t\t\t\t\t\t\t<\/div>\n\t\t\t\t\t\t<\/div>\n\t\t\t\t<\/div>\n\t\t<\/div><\/div>\t\t\t\t\t\t\t<\/div>\n\t\t\t<\/div>\n\t\t\t\t\t<\/div>\n\t\t","protected":false},"excerpt":{"rendered":"<p>\u00bfQu\u00e9 es el Protocolo Ambiental y Urban\u00edstico PAU? Es el instrumento de control establecido por el POT, el cual permitir\u00e1 viabilizar la locaci\u00f3n de las actividades econ\u00f3micas que pueden generar impactos al uso residencial y &#8230;<\/p>\n","protected":false},"author":31,"featured_media":193866,"parent":21476,"menu_order":0,"comment_status":"closed","ping_status":"closed","template":"sec-gestion-y-control\/elementor.php","meta":[],"acf":[],"_links":{"self":[{"href":"https:\/\/www.medellin.gov.co\/es\/wp-json\/wp\/v2\/pages\/255875"}],"collection":[{"href":"https:\/\/www.medellin.gov.co\/es\/wp-json\/wp\/v2\/pages"}],"about":[{"href":"https:\/\/www.medellin.gov.co\/es\/wp-json\/wp\/v2\/types\/page"}],"author":[{"embeddable":true,"href":"https:\/\/www.medellin.gov.co\/es\/wp-json\/wp\/v2\/users\/31"}],"replies":[{"embeddable":true,"href":"https:\/\/www.medellin.gov.co\/es\/wp-json\/wp\/v2\/comments?post=255875"}],"version-history":[{"count":10,"href":"https:\/\/www.medellin.gov.co\/es\/wp-json\/wp\/v2\/pages\/255875\/revisions"}],"predecessor-version":[{"id":263193,"href":"https:\/\/www.medellin.gov.co\/es\/wp-json\/wp\/v2\/pages\/255875\/revisions\/263193"}],"up":[{"embeddable":true,"href":"https:\/\/www.medellin.gov.co\/es\/wp-json\/wp\/v2\/pages\/21476"}],"wp:featuredmedia":[{"embeddable":true,"href":"https:\/\/www.medellin.gov.co\/es\/wp-json\/wp\/v2\/media\/193866"}],"wp:attachment":[{"href":"https:\/\/www.medellin.gov.co\/es\/wp-json\/wp\/v2\/media?parent=255875"}],"curies":[{"name":"wp","href":"https:\/\/api.w.org\/{rel}","templated":true}]}}