{"id":257501,"date":"2023-10-03T14:36:30","date_gmt":"2023-10-03T19:36:30","guid":{"rendered":"https:\/\/www.medellin.gov.co\/es\/?page_id=257501"},"modified":"2023-12-15T14:34:02","modified_gmt":"2023-12-15T19:34:02","slug":"informe-gestion-2023","status":"publish","type":"page","link":"https:\/\/www.medellin.gov.co\/es\/informe-gestion-2023\/","title":{"rendered":"Informe Gesti\u00f3n 2020 &#8211; 2023"},"content":{"rendered":"\t\t<div data-elementor-type=\"wp-page\" data-elementor-id=\"257501\" class=\"elementor elementor-257501\">\n\t\t\t\t\t\t<div class=\"elementor-inner\">\n\t\t\t\t<div class=\"elementor-section-wrap\">\n\t\t\t\t\t\t\t<div class=\"elementor-element elementor-element-709f941 element-pack-agbg-yes e-container--column e-container\" data-id=\"709f941\" data-element_type=\"container\" data-settings=\"{&quot;background_background&quot;:&quot;video&quot;,&quot;background_video_link&quot;:&quot;https:\\\/\\\/youtu.be\\\/eqiQOpdVbZ0?si=BYMj2aJ5zrFUJq4O&quot;,&quot;background_play_on_mobile&quot;:&quot;yes&quot;,&quot;element_pack_agbg_show&quot;:&quot;yes&quot;,&quot;element_pack_agbg_color_list&quot;:[{&quot;_id&quot;:&quot;a325071&quot;,&quot;start_color&quot;:&quot;#0591F9&quot;,&quot;end_color&quot;:&quot;#fefefe&quot;},{&quot;_id&quot;:&quot;d325cb6&quot;,&quot;start_color&quot;:&quot;#0591F9&quot;,&quot;end_color&quot;:&quot;#fefefe&quot;}],&quot;element_pack_agbg_direction&quot;:&quot;diagonal&quot;,&quot;element_pack_agbg_transitionSpeed&quot;:{&quot;unit&quot;:&quot;px&quot;,&quot;size&quot;:&quot;&quot;,&quot;sizes&quot;:[]}}\"><div class=\"elementor-background-video-container\">\n\t\t\t\t\t\t\t<div class=\"elementor-background-video-embed\"><\/div>\n\t\t\t\t\t\t<\/div>\t\t\t\t<div class=\"elementor-element elementor-element-ea989a9 elementor-absolute elementor-view-default elementor-widget elementor-widget-icon\" data-id=\"ea989a9\" data-element_type=\"widget\" data-settings=\"{&quot;_position&quot;:&quot;absolute&quot;}\" data-widget_type=\"icon.default\">\n\t\t\t\t<div class=\"elementor-widget-container\">\n\t\t\t\t\t<div class=\"elementor-icon-wrapper\">\n\t\t\t<a class=\"elementor-icon\" href=\"https:\/\/www.medellin.gov.co\/es\/informe-gestion-2023\/logros-de-gestion\/\">\n\t\t\t<i aria-hidden=\"true\" class=\"fas fa-map-marker-alt\"><\/i>\t\t\t<\/a>\n\t\t<\/div>\n\t\t\t\t<\/div>\n\t\t\t\t<\/div>\n\t\t<div class=\"elementor-element elementor-element-cc44b85 e-container--column e-container\" data-id=\"cc44b85\" data-element_type=\"container\" data-settings=\"{&quot;position&quot;:&quot;absolute&quot;}\">\t\t\t\t<div class=\"elementor-element elementor-element-5094ae4 elementor-widget elementor-widget-heading\" data-id=\"5094ae4\" data-element_type=\"widget\" data-widget_type=\"heading.default\">\n\t\t\t\t<div class=\"elementor-widget-container\">\n\t\t\t<h1 class=\"elementor-heading-title elementor-size-default\">INFORME DE GESTI\u00d3N<\/h1>\t\t<\/div>\n\t\t\t\t<\/div>\n\t\t\t\t<div class=\"elementor-element elementor-element-ca2c8aa elementor-widget elementor-widget-heading\" data-id=\"ca2c8aa\" data-element_type=\"widget\" data-widget_type=\"heading.default\">\n\t\t\t\t<div class=\"elementor-widget-container\">\n\t\t\t<h1 class=\"elementor-heading-title elementor-size-default\">DISTRITAL<\/h1>\t\t<\/div>\n\t\t\t\t<\/div>\n\t\t\t\t<div class=\"elementor-element elementor-element-414bafb elementor-widget elementor-widget-heading\" data-id=\"414bafb\" data-element_type=\"widget\" data-widget_type=\"heading.default\">\n\t\t\t\t<div class=\"elementor-widget-container\">\n\t\t\t<h1 class=\"elementor-heading-title elementor-size-default\">MEDELL\u00cdN FUTURO 2020-2023<\/h1>\t\t<\/div>\n\t\t\t\t<\/div>\n\t\t\t\t<div class=\"elementor-element elementor-element-5f729c5 elementor-widget__width-initial elementor-widget elementor-widget-text-editor\" data-id=\"5f729c5\" data-element_type=\"widget\" data-widget_type=\"text-editor.default\">\n\t\t\t\t<div class=\"elementor-widget-container\">\n\t\t\t\t\t\t\t\t<div class=\"elementor-text-editor elementor-clearfix\">\n\t\t\t\t<p>Consulta aqu\u00ed los logros, avances y resultados de la gesti\u00f3n administrativa del \u200bDistrito Especial de Ciencia, Tecnolog\u00eda e Innovaci\u00f3n de Medell\u00edn durante este cuatrienio.<\/p>\t\t\t\t\t<\/div>\n\t\t\t\t\t\t<\/div>\n\t\t\t\t<\/div>\n\t\t<div class=\"elementor-element elementor-element-b9095c9 e-container--row e-container\" data-id=\"b9095c9\" data-element_type=\"container\" data-settings=\"{&quot;background_background&quot;:&quot;classic&quot;}\">\t\t<div class=\"elementor-element elementor-element-b3bd20e e-container--column e-container\" data-id=\"b3bd20e\" data-element_type=\"container\">\t\t\t\t<div class=\"elementor-element elementor-element-6b86aec elementor-position-right elementor-mobile-position-right elementor-vertical-align-middle elementor-view-default elementor-widget elementor-widget-icon-box\" data-id=\"6b86aec\" data-element_type=\"widget\" data-widget_type=\"icon-box.default\">\n\t\t\t\t<div class=\"elementor-widget-container\">\n\t\t\t\t\t<div class=\"elementor-icon-box-wrapper\">\n\t\t\t\t\t\t<div class=\"elementor-icon-box-icon\">\n\t\t\t\t<a class=\"elementor-icon elementor-animation-\" href=\"https:\/\/www.medellin.gov.co\/es\/informe-gestion-2023\/logros-de-gestion\/\">\n\t\t\t\t<i aria-hidden=\"true\" class=\"fas fa-search\"><\/i>\t\t\t\t<\/a>\n\t\t\t<\/div>\n\t\t\t\t\t\t<div class=\"elementor-icon-box-content\">\n\t\t\t\t<h2 class=\"elementor-icon-box-title\">\n\t\t\t\t\t<a href=\"https:\/\/www.medellin.gov.co\/es\/informe-gestion-2023\/logros-de-gestion\/\" >\n\t\t\t\t\t\tExplora el informe de gesti\u00f3n\t\t\t\t\t<\/a>\n\t\t\t\t<\/h2>\n\t\t\t\t\t\t\t<\/div>\n\t\t<\/div>\n\t\t\t\t<\/div>\n\t\t\t\t<\/div>\n\t\t<\/div><div class=\"elementor-element elementor-element-0b1a83a e-container--column e-container\" data-id=\"0b1a83a\" data-element_type=\"container\">\t\t\t\t<div class=\"elementor-element elementor-element-f5a8312 elementor-position-right elementor-mobile-position-right elementor-vertical-align-middle elementor-view-default elementor-widget elementor-widget-icon-box\" data-id=\"f5a8312\" data-element_type=\"widget\" data-widget_type=\"icon-box.default\">\n\t\t\t\t<div class=\"elementor-widget-container\">\n\t\t\t\t\t<div class=\"elementor-icon-box-wrapper\">\n\t\t\t\t\t\t<div class=\"elementor-icon-box-icon\">\n\t\t\t\t<a class=\"elementor-icon elementor-animation-\" href=\"https:\/\/www.medellin.gov.co\/es\/informe-gestion-2023\/anexos-del-informe-de-gestion\/\">\n\t\t\t\t<i aria-hidden=\"true\" class=\"fas fa-file-download\"><\/i>\t\t\t\t<\/a>\n\t\t\t<\/div>\n\t\t\t\t\t\t<div class=\"elementor-icon-box-content\">\n\t\t\t\t<h2 class=\"elementor-icon-box-title\">\n\t\t\t\t\t<a href=\"https:\/\/www.medellin.gov.co\/es\/informe-gestion-2023\/anexos-del-informe-de-gestion\/\" >\n\t\t\t\t\t\tDescarga el informe de gesti\u00f3n\t\t\t\t\t<\/a>\n\t\t\t\t<\/h2>\n\t\t\t\t\t\t\t<\/div>\n\t\t<\/div>\n\t\t\t\t<\/div>\n\t\t\t\t<\/div>\n\t\t<\/div><div class=\"elementor-element elementor-element-dc89bc4 e-container--column e-container\" data-id=\"dc89bc4\" data-element_type=\"container\">\t\t\t\t<div class=\"elementor-element elementor-element-e0f3019 elementor-position-right elementor-mobile-position-right elementor-vertical-align-middle elementor-view-default elementor-widget elementor-widget-icon-box\" data-id=\"e0f3019\" data-element_type=\"widget\" data-widget_type=\"icon-box.default\">\n\t\t\t\t<div class=\"elementor-widget-container\">\n\t\t\t\t\t<div class=\"elementor-icon-box-wrapper\">\n\t\t\t\t\t\t<div class=\"elementor-icon-box-icon\">\n\t\t\t\t<a class=\"elementor-icon elementor-animation-\" href=\"#elementor-action%3Aaction%3Dpopup%3Aopen%26settings%3DeyJpZCI6IjI4MzgyOCIsInRvZ2dsZSI6ZmFsc2V9\">\n\t\t\t\t<i aria-hidden=\"true\" class=\"fas fa-newspaper\"><\/i>\t\t\t\t<\/a>\n\t\t\t<\/div>\n\t\t\t\t\t\t<div class=\"elementor-icon-box-content\">\n\t\t\t\t<h2 class=\"elementor-icon-box-title\">\n\t\t\t\t\t<a href=\"#elementor-action%3Aaction%3Dpopup%3Aopen%26settings%3DeyJpZCI6IjI4MzgyOCIsInRvZ2dsZSI6ZmFsc2V9\" >\n\t\t\t\t\t\tVer carta del Alcalde\t\t\t\t\t<\/a>\n\t\t\t\t<\/h2>\n\t\t\t\t\t\t\t<\/div>\n\t\t<\/div>\n\t\t\t\t<\/div>\n\t\t\t\t<\/div>\n\t\t<\/div><\/div><\/div><\/div>\t\t\t\t\t\t\t<\/div>\n\t\t\t<\/div>\n\t\t\t\t\t<\/div>\n\t\t","protected":false},"excerpt":{"rendered":"<p>\u00a0 INFORME DE GESTI\u00d3N DISTRITAL MEDELL\u00cdN FUTURO 2020-2023 Consulta aqu\u00ed los logros, avances y resultados de la gesti\u00f3n administrativa del \u200bDistrito Especial de Ciencia, Tecnolog\u00eda e Innovaci\u00f3n de Medell\u00edn durante este cuatrienio. \u00a0 Explora el &#8230;<\/p>\n","protected":false},"author":4,"featured_media":0,"parent":0,"menu_order":0,"comment_status":"closed","ping_status":"closed","template":"feria_flores\/inicio.php","meta":[],"acf":[],"_links":{"self":[{"href":"https:\/\/www.medellin.gov.co\/es\/wp-json\/wp\/v2\/pages\/257501"}],"collection":[{"href":"https:\/\/www.medellin.gov.co\/es\/wp-json\/wp\/v2\/pages"}],"about":[{"href":"https:\/\/www.medellin.gov.co\/es\/wp-json\/wp\/v2\/types\/page"}],"author":[{"embeddable":true,"href":"https:\/\/www.medellin.gov.co\/es\/wp-json\/wp\/v2\/users\/4"}],"replies":[{"embeddable":true,"href":"https:\/\/www.medellin.gov.co\/es\/wp-json\/wp\/v2\/comments?post=257501"}],"version-history":[{"count":11,"href":"https:\/\/www.medellin.gov.co\/es\/wp-json\/wp\/v2\/pages\/257501\/revisions"}],"predecessor-version":[{"id":312261,"href":"https:\/\/www.medellin.gov.co\/es\/wp-json\/wp\/v2\/pages\/257501\/revisions\/312261"}],"wp:attachment":[{"href":"https:\/\/www.medellin.gov.co\/es\/wp-json\/wp\/v2\/media?parent=257501"}],"curies":[{"name":"wp","href":"https:\/\/api.w.org\/{rel}","templated":true}]}}