{"id":264089,"date":"2023-10-12T07:38:06","date_gmt":"2023-10-12T12:38:06","guid":{"rendered":"https:\/\/www.medellin.gov.co\/es\/?page_id=264089"},"modified":"2024-09-25T09:24:28","modified_gmt":"2024-09-25T14:24:28","slug":"comer-conexion-medellin-rural","status":"publish","type":"page","link":"https:\/\/www.medellin.gov.co\/es\/corregimientos\/comer-conexion-medellin-rural\/","title":{"rendered":"COMER conexi\u00f3n Medell\u00edn rural"},"content":{"rendered":"\t\t<div data-elementor-type=\"wp-page\" data-elementor-id=\"264089\" class=\"elementor elementor-264089\">\n\t\t\t\t\t\t<div class=\"elementor-inner\">\n\t\t\t\t<div class=\"elementor-section-wrap\">\n\t\t\t\t\t\t\t<div class=\"elementor-element elementor-element-494b974 e-container--row e-container\" data-id=\"494b974\" data-element_type=\"container\" data-settings=\"{&quot;background_background&quot;:&quot;classic&quot;}\">\t\t<div class=\"elementor-element elementor-element-961980a e-container--column e-container\" data-id=\"961980a\" data-element_type=\"container\">\t\t\t\t<div class=\"elementor-element elementor-element-ed51ac3 elementor-widget elementor-widget-heading\" data-id=\"ed51ac3\" data-element_type=\"widget\" data-widget_type=\"heading.default\">\n\t\t\t\t<div class=\"elementor-widget-container\">\n\t\t\t<h1 class=\"elementor-heading-title elementor-size-default\"><b>Te damos la bienvenida <\/b> al Sistema de Informaci\u00f3n de las Din\u00e1micas Rurales de Medell\u00edn<\/h1>\t\t<\/div>\n\t\t\t\t<\/div>\n\t\t\t\t<div class=\"elementor-element elementor-element-2f737ca elementor-widget elementor-widget-text-editor\" data-id=\"2f737ca\" data-element_type=\"widget\" data-widget_type=\"text-editor.default\">\n\t\t\t\t<div class=\"elementor-widget-container\">\n\t\t\t\t\t\t\t\t<div class=\"elementor-text-editor elementor-clearfix\">\n\t\t\t\t<p>Aqu\u00ed encontrar\u00e1s una herramienta con datos, historias y experiencias que te servir\u00e1n para conocer informaci\u00f3n valiosa sobre nuestros corregimientos, porque \u00a1los corregimientos son Medell\u00edn!<\/p><p><span style=\"font-weight: 400;\"><span class=\"ui-provider fz b c d e f g h i j k l m n o p q r s t u v w x y z ab ac ae af ag ah ai aj ak\" dir=\"ltr\"><span class=\"TextRun SCXW249861785 BCX2\" lang=\"ES\" xml:lang=\"ES\" data-contrast=\"none\">\u00a0<\/span><\/span><\/span><\/p>\t\t\t\t\t<\/div>\n\t\t\t\t\t\t<\/div>\n\t\t\t\t<\/div>\n\t\t<\/div><div class=\"elementor-element elementor-element-7baa9b8 e-container--column e-container\" data-id=\"7baa9b8\" data-element_type=\"container\">\t\t\t\t<div class=\"elementor-element elementor-element-404f5b7 bdt-navigation-type-both elementor-align-center elementor-widget elementor-widget-bdt-slider\" data-id=\"404f5b7\" data-element_type=\"widget\" data-widget_type=\"bdt-slider.default\">\n\t\t\t\t<div class=\"elementor-widget-container\">\n\t\t\t\t\t<div id=\"bdt-slider-404f5b7\" class=\"bdt-slider bdt-arrows-dots-align-center\" data-settings=\"{&quot;loop&quot;:true,&quot;speed&quot;:500,&quot;effect&quot;:&quot;slide&quot;,&quot;navigation&quot;:{&quot;nextEl&quot;:&quot;#bdt-slider-404f5b7 .bdt-navigation-next&quot;,&quot;prevEl&quot;:&quot;#bdt-slider-404f5b7 .bdt-navigation-prev&quot;},&quot;pagination&quot;:{&quot;el&quot;:&quot;#bdt-slider-404f5b7 .swiper-pagination&quot;,&quot;type&quot;:&quot;bullets&quot;,&quot;clickable&quot;:&quot;true&quot;,&quot;dynamicBullets&quot;:false},&quot;scrollbar&quot;:{&quot;el&quot;:&quot;#bdt-slider-404f5b7 .swiper-scrollbar&quot;,&quot;hide&quot;:&quot;true&quot;}}\">\n\t\t\t<div class=\"swiper-carousel swiper-container\">\n\t\t\t\t\t\t<div class=\"swiper-wrapper\">\n\t\t\t\t\t\t\n\t\t\t\t\t\t\t\t<div class=\"bdt-slide-item swiper-slide left\">\n\n\t\t\t\t\t\n\t\t\t\t\t\t\t\t\t\t\t\t\t<div class=\"bdt-slider-image-wrapper\">\n\t\t\t\t\t\t\t\t<img width=\"981\" height=\"653\" src=\"https:\/\/www.medellin.gov.co\/es\/wp-content\/uploads\/2024\/09\/PG-Altavista.jpg\" class=\"bdt-cover\" alt=\"Altavista\" loading=\"lazy\" data-bdt-cover=\"1\" srcset=\"https:\/\/www.medellin.gov.co\/es\/wp-content\/uploads\/2024\/09\/PG-Altavista.jpg 981w, https:\/\/www.medellin.gov.co\/es\/wp-content\/uploads\/2024\/09\/PG-Altavista-300x200.jpg 300w, https:\/\/www.medellin.gov.co\/es\/wp-content\/uploads\/2024\/09\/PG-Altavista-150x100.jpg 150w, https:\/\/www.medellin.gov.co\/es\/wp-content\/uploads\/2024\/09\/PG-Altavista-768x511.jpg 768w\" sizes=\"(max-width: 981px) 100vw, 981px\" \/>\t\t\t\t\t\t\t<\/div>\n\t\t\t\t\t\t\n\t\t\t\t\t\t<div class=\"bdt-slide-desc bdt-position-large bdt-position-bottom-center bdt-position-z-index\">\n\n\t\t\t\t\t\t\t\t\t\t\t\t\t\t\t<p class=\"bdt-slide-title bdt-clearfix\">\n\t\t\t\t\t\t\t\t\tAltavista\t\t\t\t\t\t\t\t<\/p>\n\t\t\t\t\t\t\t\n\t\t\t\t\t\t\t\n\t\t\t\t\t\t\t\t\t\t\t\t\t<\/div>\n\n\t\t\t\t\t\n\t\t\t\t<\/div>\n\t\t\t\n\t\t\t\t\t\t\t\t<div class=\"bdt-slide-item swiper-slide left\">\n\n\t\t\t\t\t\n\t\t\t\t\t\t\t\t\t\t\t\t\t<div class=\"bdt-slider-image-wrapper\">\n\t\t\t\t\t\t\t\t<img width=\"981\" height=\"653\" src=\"https:\/\/www.medellin.gov.co\/es\/wp-content\/uploads\/2024\/09\/PG-SanSebastiandePalmitas.jpg\" class=\"bdt-cover\" alt=\"San Sebasti\u00e1n de Palmitas\" loading=\"lazy\" data-bdt-cover=\"1\" srcset=\"https:\/\/www.medellin.gov.co\/es\/wp-content\/uploads\/2024\/09\/PG-SanSebastiandePalmitas.jpg 981w, https:\/\/www.medellin.gov.co\/es\/wp-content\/uploads\/2024\/09\/PG-SanSebastiandePalmitas-300x200.jpg 300w, https:\/\/www.medellin.gov.co\/es\/wp-content\/uploads\/2024\/09\/PG-SanSebastiandePalmitas-150x100.jpg 150w, https:\/\/www.medellin.gov.co\/es\/wp-content\/uploads\/2024\/09\/PG-SanSebastiandePalmitas-768x511.jpg 768w\" sizes=\"(max-width: 981px) 100vw, 981px\" \/>\t\t\t\t\t\t\t<\/div>\n\t\t\t\t\t\t\n\t\t\t\t\t\t<div class=\"bdt-slide-desc bdt-position-large bdt-position-bottom-center bdt-position-z-index\">\n\n\t\t\t\t\t\t\t\t\t\t\t\t\t\t\t<p class=\"bdt-slide-title bdt-clearfix\">\n\t\t\t\t\t\t\t\t\tSan Sebasti\u00e1n de Palmitas\t\t\t\t\t\t\t\t<\/p>\n\t\t\t\t\t\t\t\n\t\t\t\t\t\t\t\n\t\t\t\t\t\t\t\t\t\t\t\t\t<\/div>\n\n\t\t\t\t\t\n\t\t\t\t<\/div>\n\t\t\t\n\t\t\t\t\t\t\t\t<div class=\"bdt-slide-item swiper-slide left\">\n\n\t\t\t\t\t\n\t\t\t\t\t\t\t\t\t\t\t\t\t<div class=\"bdt-slider-image-wrapper\">\n\t\t\t\t\t\t\t\t<img width=\"981\" height=\"653\" src=\"https:\/\/www.medellin.gov.co\/es\/wp-content\/uploads\/2024\/09\/PG-SanAntoniodePrado-Astillero.jpg\" class=\"bdt-cover\" alt=\"San Antonio de Prado\" loading=\"lazy\" data-bdt-cover=\"1\" srcset=\"https:\/\/www.medellin.gov.co\/es\/wp-content\/uploads\/2024\/09\/PG-SanAntoniodePrado-Astillero.jpg 981w, https:\/\/www.medellin.gov.co\/es\/wp-content\/uploads\/2024\/09\/PG-SanAntoniodePrado-Astillero-300x200.jpg 300w, https:\/\/www.medellin.gov.co\/es\/wp-content\/uploads\/2024\/09\/PG-SanAntoniodePrado-Astillero-150x100.jpg 150w, https:\/\/www.medellin.gov.co\/es\/wp-content\/uploads\/2024\/09\/PG-SanAntoniodePrado-Astillero-768x511.jpg 768w\" sizes=\"(max-width: 981px) 100vw, 981px\" \/>\t\t\t\t\t\t\t<\/div>\n\t\t\t\t\t\t\n\t\t\t\t\t\t<div class=\"bdt-slide-desc bdt-position-large bdt-position-bottom-center bdt-position-z-index\">\n\n\t\t\t\t\t\t\t\t\t\t\t\t\t\t\t<p class=\"bdt-slide-title bdt-clearfix\">\n\t\t\t\t\t\t\t\t\tSan Antonio de Prado\t\t\t\t\t\t\t\t<\/p>\n\t\t\t\t\t\t\t\n\t\t\t\t\t\t\t\n\t\t\t\t\t\t\t\t\t\t\t\t\t<\/div>\n\n\t\t\t\t\t\n\t\t\t\t<\/div>\n\t\t\t\n\t\t\t\t\t\t\t\t<div class=\"bdt-slide-item swiper-slide left\">\n\n\t\t\t\t\t\n\t\t\t\t\t\t\t\t\t\t\t\t\t<div class=\"bdt-slider-image-wrapper\">\n\t\t\t\t\t\t\t\t<img width=\"981\" height=\"653\" src=\"https:\/\/www.medellin.gov.co\/es\/wp-content\/uploads\/2024\/09\/PG-SanCristobal-SDIR.jpg\" class=\"bdt-cover\" alt=\"San Crist\u00f3bal\" loading=\"lazy\" data-bdt-cover=\"1\" srcset=\"https:\/\/www.medellin.gov.co\/es\/wp-content\/uploads\/2024\/09\/PG-SanCristobal-SDIR.jpg 981w, https:\/\/www.medellin.gov.co\/es\/wp-content\/uploads\/2024\/09\/PG-SanCristobal-SDIR-300x200.jpg 300w, https:\/\/www.medellin.gov.co\/es\/wp-content\/uploads\/2024\/09\/PG-SanCristobal-SDIR-150x100.jpg 150w, https:\/\/www.medellin.gov.co\/es\/wp-content\/uploads\/2024\/09\/PG-SanCristobal-SDIR-768x511.jpg 768w\" sizes=\"(max-width: 981px) 100vw, 981px\" \/>\t\t\t\t\t\t\t<\/div>\n\t\t\t\t\t\t\n\t\t\t\t\t\t<div class=\"bdt-slide-desc bdt-position-large bdt-position-bottom-center bdt-position-z-index\">\n\n\t\t\t\t\t\t\t\t\t\t\t\t\t\t\t<p class=\"bdt-slide-title bdt-clearfix\">\n\t\t\t\t\t\t\t\t\tSan Crist\u00f3bal\t\t\t\t\t\t\t\t<\/p>\n\t\t\t\t\t\t\t\n\t\t\t\t\t\t\t\n\t\t\t\t\t\t\t\t\t\t\t\t\t<\/div>\n\n\t\t\t\t\t\n\t\t\t\t<\/div>\n\t\t\t\n\t\t\t\t\t\t\t\t<div class=\"bdt-slide-item swiper-slide left\">\n\n\t\t\t\t\t\n\t\t\t\t\t\t\t\t\t\t\t\t\t<div class=\"bdt-slider-image-wrapper\">\n\t\t\t\t\t\t\t\t<img width=\"981\" height=\"653\" src=\"https:\/\/www.medellin.gov.co\/es\/wp-content\/uploads\/2024\/09\/PG-SantaElena-FincaSilletera.jpg\" class=\"bdt-cover\" alt=\"Santa Elena\" loading=\"lazy\" data-bdt-cover=\"1\" srcset=\"https:\/\/www.medellin.gov.co\/es\/wp-content\/uploads\/2024\/09\/PG-SantaElena-FincaSilletera.jpg 981w, https:\/\/www.medellin.gov.co\/es\/wp-content\/uploads\/2024\/09\/PG-SantaElena-FincaSilletera-300x200.jpg 300w, https:\/\/www.medellin.gov.co\/es\/wp-content\/uploads\/2024\/09\/PG-SantaElena-FincaSilletera-150x100.jpg 150w, https:\/\/www.medellin.gov.co\/es\/wp-content\/uploads\/2024\/09\/PG-SantaElena-FincaSilletera-768x511.jpg 768w\" sizes=\"(max-width: 981px) 100vw, 981px\" \/>\t\t\t\t\t\t\t<\/div>\n\t\t\t\t\t\t\n\t\t\t\t\t\t<div class=\"bdt-slide-desc bdt-position-large bdt-position-bottom-center bdt-position-z-index\">\n\n\t\t\t\t\t\t\t\t\t\t\t\t\t\t\t<p class=\"bdt-slide-title bdt-clearfix\">\n\t\t\t\t\t\t\t\t\tSanta Elena\t\t\t\t\t\t\t\t<\/p>\n\t\t\t\t\t\t\t\n\t\t\t\t\t\t\t\n\t\t\t\t\t\t\t\t\t\t\t\t\t<\/div>\n\n\t\t\t\t\t\n\t\t\t\t<\/div>\n\t\t\t\t\t<\/div>\n\t\t\t\t\t\t\t<\/div>\n\t\t\t\t\t\t\t\t\t\t\t<div class=\"bdt-position-z-index bdt-position-center\">\n\t\t\t\t\t<div class=\"bdt-arrows-dots-container bdt-slidenav-container \">\n\n\t\t\t\t\t\t<div class=\"bdt-flex bdt-flex-middle\">\n\t\t\t\t\t\t\t<div class=\"bdt-visible@m\">\n\t\t\t\t\t\t\t\t<a href=\"\" class=\"bdt-navigation-prev bdt-slidenav-previous bdt-icon bdt-slidenav\">\n\t\t\t\t\t\t\t\t\t<i class=\"ep-icon-arrow-left-3\" aria-hidden=\"true\"><\/i>\n\t\t\t\t\t\t\t\t<\/a>\n\t\t\t\t\t\t\t<\/div>\n\n\t\t\t\t\t\t\t\n\t\t\t\t\t\t\t<div class=\"bdt-visible@m\">\n\t\t\t\t\t\t\t\t<a href=\"\" class=\"bdt-navigation-next bdt-slidenav-next bdt-icon bdt-slidenav\">\n\t\t\t\t\t\t\t\t\t<i class=\"ep-icon-arrow-right-3\" aria-hidden=\"true\"><\/i>\n\t\t\t\t\t\t\t\t<\/a>\n\t\t\t\t\t\t\t<\/div>\n\n\t\t\t\t\t\t<\/div>\n\t\t\t\t\t<\/div>\n\t\t\t\t<\/div>\n\t\t\t\t\t\t\t\t\t\t\t\t<div class=\"bdt-position-z-index bdt-position-bottom\">\n\t\t\t\t\t\t<div class=\"bdt-dots-container\">\n\t\t\t\t\t\t\t<div class=\"swiper-pagination\"><\/div>\n\t\t\t\t\t\t<\/div>\n\t\t\t\t\t<\/div>\n\t\t\t\t\t\t\t\t\t<\/div>\n\n\t\t\t<\/div>\n\t\t\t\t<\/div>\n\t\t<\/div><\/div><div class=\"elementor-element elementor-element-f118a00 elementor-hidden-desktop elementor-hidden-tablet elementor-hidden-mobile e-container--column e-container\" data-id=\"f118a00\" data-element_type=\"container\">\t\t<div class=\"elementor-element elementor-element-9d9ac76 e-container--column e-container\" data-id=\"9d9ac76\" data-element_type=\"container\">\t\t\t\t<div class=\"elementor-element elementor-element-82cc9a5 elementor-widget elementor-widget-menu\" data-id=\"82cc9a5\" data-element_type=\"widget\" data-widget_type=\"menu.default\">\n\t\t\t\t<div class=\"elementor-widget-container\">\n\t\t\t      <div class=\"menu_ancla_global\">\n        <div class=\"centradototal_\">\n          <ul>\n                                <li><a href=\"\/\">Item #1<\/a><\/li>\n              <\/ul>\n        <\/div>\n      <\/div>\n        <div class=\"modal modalmobile_ fade\" id=\"menu_moda_mobile\" tabindex=\"-1\" role=\"dialog\" aria-labelledby=\"menu_moda_mobileLabel\" aria-hidden=\"true\">\n\n      <div class=\"nav_mobile\">\n        <div onclick=\"openNav()\" class=\"grid_menumobile_\" title=\"Men\u00fa\">\n          <ion-icon name=\"close-outline\" data-toggle=\"modal\" data-target=\"#menu_moda_mobile\" class=\"botonabrirmenu\" onclick=\"openNav()\"><\/ion-icon>\n        <\/div>\n\n        <div class=\"logo_flex\">\n          <div class=\"logo_alcaldia_22 colormobil\">\n            <div class=\"escudo_armas\">\n              <a href=\"https:\/\/www.medellin.gov.co\/es\">\n                <img src=\"https:\/\/www.medellin.gov.co\/es\/wp-content\/themes\/theme_alcaldia\/logos\/logo.svg\" alt=\"Escudo de Armas - Alcald\u00eda de Medell\u00edn\">\n              <\/a>\n            <\/div>\n            <div class=\"cont_logo\">\n              <a href=\"https:\/\/www.medellin.gov.co\/es\">\n                <span class=\"adm\">Alcald\u00eda de Medell\u00edn<\/span>\n              <\/a>\n              <div class=\"linea_logo_desk\"><\/div>\n              <span class=\"distrito\">Distrito de<\/span>\n              <span class=\"ctei\">Ciencia, tecnolog\u00eda e innovaci\u00f3n<\/span>\n            <\/div>\n          <\/div>\n        <\/div>\n\n        <div class=\"bus_nav_top\" data-toggle=\"modal\" data-target=\"#exampleModal\" title=\"Buscador\">\n          <ion-icon name=\"search-outline\"><\/ion-icon>\n        <\/div>\n      <\/div>\n\n      <div class=\"modal-dialog\" role=\"document\">\n        <div class=\"modal-content\">\n          <div class=\"modal-body\">\n\n            <div class=\"login_mobile\">\n              <div class=\"login\" data-toggle=\"collapse\" href=\"#modu_lof_reg_\" id=\"HIniciarS\">\n                <ion-icon name=\"person-outline\"><\/ion-icon>\n                <p>Iniciar Sesi\u00f3n<\/p>\n              <\/div>\n              <div class=\"registro\">\n                <ion-icon name=\"person-add-outline\"><\/ion-icon>\n                <p><a href=\"#\" id=\"HRegistrate\">Reg\u00edstrese<\/a><\/p>\n              <\/div>\n            <\/div>\n\n            <div class=\"formulario_login_mobile\">\n              <div id=\"modu_lof_reg_\" class=\"formulario_login collapse\">\n                <div class=\"grid\">\n                  <!-- Formulario aqu\u00ed -->\n                <\/div>\n              <\/div>\n            <\/div>\n\n            <div>\n              <div class=\"mobile_menu\">\n                <!-- Menu mobil ac\u00e1 -->\n                <div class=\"menu_secretaria_m\">\n                        <span class=\"moditutlo_Secre\"><\/span>\n                              <li><a href=\"\/\">Item #1<\/a><\/li>\n                    <\/div>\n                <!-- Fin cabeza mobile -->\n                <div class=\"menu_categorias_\">\n                  <ul>\n                    <div class=\"menu-menu-mobile-container\"><ul id=\"menu-menu-mobile\" class=\"menu\"><li id=\"menu-item-54581\" class=\"menu-item menu-item-type-post_type menu-item-object-page menu-item-54581\"><a href=\"https:\/\/www.medellin.gov.co\/es\/transparencia\/\">Transparencia<\/a><\/li>\n<li id=\"menu-item-54582\" class=\"menu-item menu-item-type-post_type menu-item-object-page menu-item-54582\"><a href=\"https:\/\/www.medellin.gov.co\/es\/participa\/\">Participa<\/a><\/li>\n<li id=\"menu-item-54584\" class=\"menu-item menu-item-type-post_type menu-item-object-page menu-item-54584\"><a href=\"https:\/\/www.medellin.gov.co\/es\/secretaria-de-gestion-humana\/\">Servicio a la Ciudadan\u00eda<\/a><\/li>\n<li id=\"menu-item-7100\" class=\"menu-item menu-item-type-post_type menu-item-object-page menu-item-7100\"><a href=\"https:\/\/www.medellin.gov.co\/es\/sala-de-prensa\/\">Sala de prensa<\/a><\/li>\n<li id=\"menu-item-54585\" class=\"menu-item menu-item-type-post_type menu-item-object-page menu-item-54585\"><a href=\"https:\/\/www.medellin.gov.co\/es\/pqrsd\/\">PQRSD<\/a><\/li>\n<li id=\"menu-item-54586\" class=\"menu-item menu-item-type-post_type menu-item-object-page menu-item-54586\"><a href=\"https:\/\/www.medellin.gov.co\/es\/historia-y-simbolos-de-medellin\/\">Medell\u00edn<\/a><\/li>\n<li id=\"menu-item-75733\" class=\"menu-item menu-item-type-custom menu-item-object-custom menu-item-75733\"><a href=\"https:\/\/www.medellin.gov.co\/es\/pago-de-impuestos-alcaldia-de-medellin\/\">Impuestos<\/a><\/li>\n<li id=\"menu-item-42197\" class=\"menu-item menu-item-type-post_type menu-item-object-page menu-item-42197\"><a href=\"https:\/\/www.medellin.gov.co\/es\/tramites-y-servicios\/\">Tr\u00e1mites y Servicios de la ciudadan\u00eda<\/a><\/li>\n<li id=\"menu-item-54587\" class=\"menu-item menu-item-type-post_type menu-item-object-page menu-item-54587\"><a href=\"https:\/\/www.medellin.gov.co\/es\/temas-de-ciudad\/\">Temas de Ciudad<\/a><\/li>\n<li id=\"menu-item-42196\" class=\"menu-item menu-item-type-post_type menu-item-object-page menu-item-42196\"><a href=\"https:\/\/www.medellin.gov.co\/es\/eventos\/\">Eventos<\/a><\/li>\n<\/ul><\/div>                    <li data-toggle=\"collapse\" href=\"#togglesecretarias\" role=\"button\" aria-expanded=\"false\" aria-controls=\"togglesecretarias\" class=\"linktoggle_menumob\"><a href=\"#\">Secretar\u00edas y Dependencias <ion-icon name=\"chevron-down-outline\"><\/ion-icon><\/a><\/li>\n                    <div class=\"collapse\" id=\"togglesecretarias\">\n                      <div class=\"menu-secretarias-menu-container\"><ul id=\"menu-secretarias-menu\" class=\"menu\"><li id=\"menu-item-23359\" class=\"titulo_ente_ menu-item menu-item-type-custom menu-item-object-custom menu-item-23359\"><a><b>Despachos<\/b><\/a><\/li>\n<li id=\"menu-item-50199\" class=\"menu-item menu-item-type-post_type menu-item-object-page menu-item-50199\"><a href=\"https:\/\/www.medellin.gov.co\/es\/nuestro-alcalde\/\">Despacho del Alcalde<\/a><\/li>\n<li id=\"menu-item-328011\" class=\"menu-item menu-item-type-custom menu-item-object-custom menu-item-328011\"><a href=\"https:\/\/www.medellin.gov.co\/es\/despacho-de-la-primera-dama\/\">Despacho de la  Primera Dama<\/a><\/li>\n<li id=\"menu-item-23361\" class=\"titulo_ente_ menu-item menu-item-type-custom menu-item-object-custom menu-item-23361\"><a><b>Secretar\u00edas<\/b><\/a><\/li>\n<li id=\"menu-item-21915\" class=\"menu-item menu-item-type-post_type menu-item-object-page menu-item-21915\"><a href=\"https:\/\/www.medellin.gov.co\/es\/dagrd\/\"><span id=\"HDepAdmGRD\" alt=\"Departamento Administrativo de Gesti\u00f3n del Riesgo y Desastres\" title=\"Departamento Administrativo de Gesti\u00f3n del Riesgo y Desastres\">Departamento Administrativo de Gesti\u00f3n del Riesgo de Desastres<\/span><\/a><\/li>\n<li id=\"menu-item-16038\" class=\"menu-item menu-item-type-post_type menu-item-object-page menu-item-16038\"><a href=\"https:\/\/www.medellin.gov.co\/es\/departamento-administrativo-de-planeacion\/\"><span id=\"HDepAdmP\" alt=\"Departamento Administrativo de Planeaci\u00f3n\" title=\"Departamento Administrativo de Planeaci\u00f3n\">Departamento Administrativo de Planeaci\u00f3n<\/span><\/a><\/li>\n<li id=\"menu-item-31644\" class=\"menu-item menu-item-type-post_type menu-item-object-page menu-item-31644\"><a href=\"https:\/\/www.medellin.gov.co\/es\/secretaria-de-comunicaciones\/\"><span id=\"HSecComuni\" alt=\"Secretar\u00eda de Comunicaciones\" title=\"Secretar\u00eda de Comunicaciones\">Secretar\u00eda de Comunicaciones<\/span><\/a><\/li>\n<li id=\"menu-item-299809\" class=\"menu-item menu-item-type-post_type menu-item-object-page menu-item-299809\"><a href=\"https:\/\/www.medellin.gov.co\/es\/secretaria-cultura-ciudadana\/\">Secretar\u00eda de Cultura Ciudadana<\/a><\/li>\n<li id=\"menu-item-349074\" class=\"menu-item menu-item-type-custom menu-item-object-custom menu-item-349074\"><a href=\"https:\/\/www.medellin.gov.co\/es\/secretaria-desarrollo-economico\/\">Secretar\u00eda de Desarrollo Econ\u00f3mico<\/a><\/li>\n<li id=\"menu-item-24492\" class=\"menu-item menu-item-type-post_type menu-item-object-page menu-item-24492\"><a href=\"https:\/\/www.medellin.gov.co\/es\/secretaria-de-educacion\/\"><span id=\"HSecEdu\" alt=\"Secretar\u00eda de Educaci\u00f3n\" title=\"Secretar\u00eda de Educaci\u00f3n\">Secretar\u00eda de Educaci\u00f3n<\/span><\/a><\/li>\n<li id=\"menu-item-22526\" class=\"menu-item menu-item-type-post_type menu-item-object-page menu-item-22526\"><a href=\"https:\/\/www.medellin.gov.co\/es\/secretaria-de-evaluacion-y-control\/\"><span id=\"HSecEvCo\" alt=\"Secretar\u00eda de Evaluaci\u00f3n y Control\" title=\"Secretar\u00eda de Evaluaci\u00f3n y Control\">Secretar\u00eda de Evaluaci\u00f3n y Control<\/span><\/a><\/li>\n<li id=\"menu-item-11230\" class=\"menu-item menu-item-type-post_type menu-item-object-page menu-item-11230\"><a href=\"https:\/\/www.medellin.gov.co\/es\/secretaria-general\/\"><span id=\"HSecGen\" alt=\"Secretar\u00eda General\" title=\"Secretar\u00eda General\">Secretar\u00eda General<\/span><\/a><\/li>\n<li id=\"menu-item-15665\" class=\"menu-item menu-item-type-post_type menu-item-object-page menu-item-15665\"><a href=\"https:\/\/www.medellin.gov.co\/es\/secretaria-de-gestion-humana\/\"><span id=\"HSecGeHSC\" alt=\"Secretar\u00eda de Gesti\u00f3n Humana y Servicio a la Ciudadan\u00eda\" title=\"Secretar\u00eda de Gesti\u00f3n Humana y Servicio a la Ciudadan\u00eda\">Secretar\u00eda de Gesti\u00f3n Humana y Servicio a la Ciudadan\u00eda<\/span><\/a><\/li>\n<li id=\"menu-item-23115\" class=\"menu-item menu-item-type-post_type menu-item-object-page menu-item-23115\"><a href=\"https:\/\/www.medellin.gov.co\/es\/secretaria-gestion-y-control-territorial\/\">Secretar\u00eda de Gesti\u00f3n y Control Territorial<\/a><\/li>\n<li id=\"menu-item-12580\" class=\"menu-item menu-item-type-post_type menu-item-object-page menu-item-12580\"><a href=\"https:\/\/www.medellin.gov.co\/es\/secretaria-de-gobierno\/\"><span id=\"HSecGoGG\" alt=\"Secretar\u00eda de Gobierno y Gesti\u00f3n del Gabinete\" title=\"Secretar\u00eda de Gobierno y Gesti\u00f3n del Gabinete\">Secretar\u00eda de Gobierno y Gesti\u00f3n del Gabinete<\/span><\/a><\/li>\n<li id=\"menu-item-17720\" class=\"menu-item menu-item-type-post_type menu-item-object-page menu-item-17720\"><a href=\"https:\/\/www.medellin.gov.co\/es\/secretaria-de-hacienda\/\"><span id=\"HSecHa\" alt=\"Secretar\u00eda de Hacienda\" title=\"Secretar\u00eda de Hacienda\">Secretar\u00eda de Hacienda<\/span><\/a><\/li>\n<li id=\"menu-item-343018\" class=\"menu-item menu-item-type-custom menu-item-object-custom menu-item-343018\"><a href=\"https:\/\/www.medellin.gov.co\/es\/secretaria-de-inclusion-social-y-familia\/\">Secretar\u00eda de Inclusi\u00f3n Social y Familia<\/a><\/li>\n<li id=\"menu-item-12270\" class=\"menu-item menu-item-type-post_type menu-item-object-page menu-item-12270\"><a href=\"https:\/\/www.medellin.gov.co\/es\/secretaria-infraestructura-fisica\/\"><span id=\"HSecInfFi\" alt=\"Secretar\u00eda de Infraestructura F\u00edsica\" title=\"Secretar\u00eda de Infraestructura F\u00edsica\">Secretar\u00eda de Infraestructura F\u00edsica<\/span><\/a><\/li>\n<li id=\"menu-item-31643\" class=\"menu-item menu-item-type-post_type menu-item-object-page menu-item-31643\"><a href=\"https:\/\/www.medellin.gov.co\/es\/secretaria-de-innovacion-digital\/\">Secretar\u00eda de Innovaci\u00f3n Digital<\/a><\/li>\n<li id=\"menu-item-12853\" class=\"menu-item menu-item-type-post_type menu-item-object-page menu-item-12853\"><a href=\"https:\/\/www.medellin.gov.co\/es\/secretaria-juventud\/\"><span id=\"HSecJuv\" alt=\"Secretar\u00eda de La Juventud\" title=\"Secretar\u00eda de La Juventud\">Secretar\u00eda de La Juventud<\/span><\/a><\/li>\n<li id=\"menu-item-14813\" class=\"menu-item menu-item-type-post_type menu-item-object-page menu-item-14813\"><a href=\"https:\/\/www.medellin.gov.co\/es\/secretaria-mujeres\/\"><span id=\"HSecMuje\" alt=\"Secretar\u00eda de las Mujeres\" title=\"Secretar\u00eda de las Mujeres\">Secretar\u00eda de las Mujeres<\/span><\/a><\/li>\n<li id=\"menu-item-17342\" class=\"menu-item menu-item-type-post_type menu-item-object-page menu-item-17342\"><a href=\"https:\/\/www.medellin.gov.co\/es\/secretaria-medio-ambiente\/\"><span id=\"HSecMedAmb\" alt=\"Secretar\u00eda de Medio Ambiente\" title=\"Secretar\u00eda de Medio Ambiente\">Secretar\u00eda de Medio Ambiente<\/span><\/a><\/li>\n<li id=\"menu-item-21013\" class=\"menu-item menu-item-type-post_type menu-item-object-page menu-item-21013\"><a href=\"https:\/\/www.medellin.gov.co\/es\/secretaria-de-movilidad\/\"><span id=\"HSecMov\" alt=\"Secretar\u00eda de Movilidad\" title=\"Secretar\u00eda de Movilidad\">Secretar\u00eda de Movilidad<\/span><\/a><\/li>\n<li id=\"menu-item-14948\" class=\"menu-item menu-item-type-post_type menu-item-object-page menu-item-14948\"><a href=\"https:\/\/www.medellin.gov.co\/es\/secretaria-participacion-ciudadana\/\"><span id=\"HSecPartCiu\" alt=\"Secretar\u00eda de Participaci\u00f3n Ciudadana\" title=\"Secretar\u00eda de Participaci\u00f3n Ciudadana\">Secretar\u00eda de Participaci\u00f3n Ciudadana<\/span><\/a><\/li>\n<li id=\"menu-item-343009\" class=\"menu-item menu-item-type-custom menu-item-object-custom menu-item-343009\"><a href=\"https:\/\/www.medellin.gov.co\/es\/secretaria-de-paz-y-derechos-humanos\/\">Secretar\u00eda de Paz y Derechos Humanos<\/a><\/li>\n<li id=\"menu-item-12975\" class=\"menu-item menu-item-type-post_type menu-item-object-page menu-item-12975\"><a href=\"https:\/\/www.medellin.gov.co\/es\/secretaria-privada\/\"><span id=\"HSecPriv\" alt=\"Secretar\u00eda Privada\" title=\"Secretar\u00eda Privada\">Secretar\u00eda Privada<\/span><\/a><\/li>\n<li id=\"menu-item-18587\" class=\"menu-item menu-item-type-post_type menu-item-object-page menu-item-18587\"><a href=\"https:\/\/www.medellin.gov.co\/es\/secretaria-de-salud\/\"><span id=\"HSecSalud\" alt=\"Secretar\u00eda de Salud\" title=\"Secretar\u00eda de Salud\">Secretar\u00eda de Salud<\/span><\/a><\/li>\n<li id=\"menu-item-20782\" class=\"menu-item menu-item-type-post_type menu-item-object-page menu-item-20782\"><a href=\"https:\/\/www.medellin.gov.co\/es\/secretaria-seguridad\/\"><span id=\"HSecSegConv\" alt=\"Secretar\u00eda de Seguridad y Convivencia\" title=\"Secretar\u00eda de Seguridad y Convivencia\">Secretar\u00eda de Seguridad y Convivencia<\/span><\/a><\/li>\n<li id=\"menu-item-13211\" class=\"menu-item menu-item-type-post_type menu-item-object-page menu-item-13211\"><a href=\"https:\/\/www.medellin.gov.co\/es\/secretaria-suministros-y-servicios\/\"><span id=\"HSecSumServ\" alt=\"Secretar\u00eda de Suministros y Servicios\" title=\"Secretar\u00eda de Suministros y Servicios\">Secretar\u00eda de Suministros y Servicios<\/span><\/a><\/li>\n<li id=\"menu-item-354891\" class=\"menu-item menu-item-type-custom menu-item-object-custom menu-item-354891\"><a href=\"https:\/\/www.medellin.gov.co\/es\/secretaria-de-turismo-y-entretenimiento\/\">Secretar\u00eda de Turismo y Entretenimiento<\/a><\/li>\n<li id=\"menu-item-23360\" class=\"titulo_ente_ menu-item menu-item-type-custom menu-item-object-custom menu-item-23360\"><a><b>Gerencias<\/b><\/a><\/li>\n<li id=\"menu-item-14968\" class=\"menu-item menu-item-type-post_type menu-item-object-page menu-item-14968\"><a href=\"https:\/\/www.medellin.gov.co\/es\/gerencia-del-centro\/\"><span id=\"HGerCentro\" alt=\"Gerencia del Centro\" title=\"Gerencia del Centro\">Gerencia del Centro<\/span><\/a><\/li>\n<li id=\"menu-item-18597\" class=\"menu-item menu-item-type-post_type menu-item-object-page menu-item-18597\"><a href=\"https:\/\/www.medellin.gov.co\/es\/corregimientos\/\"><span id=\"HGerCorreg\" alt=\"Gerencia de Corregimientos\" title=\"Gerencia de Corregimientos\">Gerencia de Corregimientos<\/span><\/a><\/li>\n<li id=\"menu-item-23035\" class=\"menu-item menu-item-type-post_type menu-item-object-page menu-item-23035\"><a href=\"https:\/\/www.medellin.gov.co\/es\/diversidades-sexualidades-e-identidad-de-genero\/\"><span id=\"HGerDivSexIdeGe\" alt=\"Gerencia de Diversidad Sexual e Identidad de G\u00e9nero\" title=\"Gerencia de Diversidades Sexuales e Identidad de G\u00e9nero\">Gerencia de Diversidades Sexuales e Identidad de G\u00e9nero<\/span><\/a><\/li>\n<li id=\"menu-item-22957\" class=\"menu-item menu-item-type-post_type menu-item-object-page menu-item-22957\"><a href=\"https:\/\/www.medellin.gov.co\/es\/gerencia-etnica\/\"><span id=\"HGerEtnica\" alt=\"Gerencia \u00c9tnica\" title=\"Gerencia \u00c9tnica\">Gerencia \u00c9tnica<\/span><\/a><\/li>\n<li id=\"menu-item-13107\" class=\"menu-item menu-item-type-post_type menu-item-object-page menu-item-13107\"><a href=\"https:\/\/www.medellin.gov.co\/es\/gerencia-de-proyectos-estrategicos\/\"><span id=\"HGerProyEstra\" alt=\"Gerencia de Proyectos Estrat\u00e9gicos\" title=\"Gerencia de Proyectos Estrat\u00e9gicos\">Gerencia de Proyectos Estrat\u00e9gicos<\/span><\/a><\/li>\n<li id=\"menu-item-19380\" class=\"menu-item menu-item-type-post_type menu-item-object-page menu-item-19380\"><a href=\"https:\/\/www.medellin.gov.co\/es\/unidad-administrativa-especial-buen-comienzo\/\"><span id=\"HUnidadAdmEspBuenCom\" alt=\"Unidad Administrativa Especial de Buen Comienzo\" title=\"Unidad Administrativa Especial de Buen Comienzo\">Unidad Administrativa Especial de Buen Comienzo<\/span><\/a><\/li>\n<li id=\"menu-item-191780\" class=\"titulo_ente_ menu-item menu-item-type-custom menu-item-object-custom menu-item-191780\"><a href=\"https:\/\/www.medellin.gov.co\/es\/secretaria-privada\/conglomerado-publico\/\"><b>Conglomerado p\u00fablico<\/b><\/a><\/li>\n<li id=\"menu-item-191779\" class=\"menu-item menu-item-type-custom menu-item-object-custom menu-item-191779\"><a href=\"https:\/\/www.medellin.gov.co\/infantil\">Portal de ni\u00f1os<\/a><\/li>\n<\/ul><\/div>                    <\/div>\n                  <\/ul>\n                <\/div>\n\n                <div class=\"social_mobile\">\n                  <li><a href=\"https:\/\/twitter.com\/AlcaldiadeMed\" target=\"_black\"><ion-icon name=\"logo-twitter\"><\/ion-icon><\/a><\/li>\n                  <li><a href=\"https:\/\/www.facebook.com\/AlcaldiadeMed\" target=\"_black\"><ion-icon name=\"logo-facebook\"><\/ion-icon><\/a><\/li>\n                  <li><a href=\"https:\/\/www.instagram.com\/alcaldiademed\/\" target=\"_black\"><ion-icon name=\"logo-instagram\"><\/ion-icon><\/a><\/li>\n                  <li><a href=\"https:\/\/www.youtube.com\/user\/alcaldiademed\" target=\"_black\"><ion-icon name=\"logo-youtube\"><\/ion-icon><\/a><\/li>\n                  <li><a href=\"https:\/\/vimeo.com\/user118558690\" target=\"_black\"><ion-icon name=\"logo-vimeo\"><\/ion-icon><\/a><\/li>\n                <\/div>\n\n                <div class=\"zocalo_menu\">\n                  <div class=\"z_alcalmed\">\n                    <div class=\"iconosmed_\">\n                      <a href=\"https:\/\/www.medellin.gov.co\/es\">\n                        <img src=\"https:\/\/www.medellin.gov.co\/es\/wp-content\/themes\/theme_alcaldia\/img\/escudo-de-armas.svg\" alt=\"\">\n                      <\/a>\n                    <\/div>\n                    <a href=\"https:\/\/www.medellin.gov.co\/es\">\n                      <span class=\"namealcaldia\">Alcald\u00eda de Medell\u00edn<\/span>\n                    <\/a>\n                  <\/div>\n                  <div class=\"z_govier\">\n                    <img src=\"https:\/\/www.medellin.gov.co\/es\/wp-content\/themes\/theme_alcaldia\/img\/logo_gov.png\" alt=\"\">\n                  <\/div>\n                <\/div>\n              <\/div>\n            <\/div>\n\n\n          <\/div>\n\n        <\/div>\n      <\/div>\n    <\/div>\n\t\t<\/div>\n\t\t\t\t<\/div>\n\t\t<\/div><\/div><div class=\"elementor-element elementor-element-a9713bf e-container--column e-container\" data-id=\"a9713bf\" data-element_type=\"container\">\t\t<div class=\"elementor-element elementor-element-b3c7058 e-container--column e-container\" data-id=\"b3c7058\" data-element_type=\"container\">\t\t\t\t<div class=\"elementor-element elementor-element-9e5beab elementor-widget elementor-widget-heading\" data-id=\"9e5beab\" data-element_type=\"widget\" data-widget_type=\"heading.default\">\n\t\t\t\t<div class=\"elementor-widget-container\">\n\t\t\t<h2 class=\"elementor-heading-title elementor-size-default\"><b>Mapa<\/b> interactivo<\/h2>\t\t<\/div>\n\t\t\t\t<\/div>\n\t\t\t\t<div class=\"elementor-element elementor-element-ac0e20c elementor-widget elementor-widget-text-editor\" data-id=\"ac0e20c\" data-element_type=\"widget\" data-widget_type=\"text-editor.default\">\n\t\t\t\t<div class=\"elementor-widget-container\">\n\t\t\t\t\t\t\t\t<div class=\"elementor-text-editor elementor-clearfix\">\n\t\t\t\t<p>Aquellos que gustan de so\u00f1ar los mapas se sorprender\u00e1n al encontrar una mariposa en el plano completo de Medell\u00edn. Su cuerpo flaco es la zona urbana de la ciudad, mientras que las alas son sus corregimientos. El ala del lado derecho es Santa Elena, la del izquierdo son los otros cuatro: Altavista y San Crist\u00f3bal toc\u00e1ndola por su costado, y San Antonio de Prado y San Sebasti\u00e1n de Palmitas en el borde m\u00e1s externo.<\/p><p>Una mirada capciosa dir\u00eda que el ala derecha es m\u00e1s peque\u00f1a en comparaci\u00f3n con la de la izquierda, pero en los sue\u00f1os y en los mapas todo es un tema de perspectiva. La de la derecha, justo cuando decidimos mirarla, se recoge gracias a un preciso movimiento que no sospechamos, que nos hace verla como m\u00e1s chica, pero en cuanto al verdor del ensue\u00f1o, eso no importa.<\/p><p style=\"text-align: right;\"><em><b>Las alas de una mariposa<br \/><\/b><\/em><em>Por Ignacio Piedrah\u00edta<\/em><\/p>\t\t\t\t\t<\/div>\n\t\t\t\t\t\t<\/div>\n\t\t\t\t<\/div>\n\t\t<\/div><\/div><div class=\"elementor-element elementor-element-0966b8e e-container--column e-container\" data-id=\"0966b8e\" data-element_type=\"container\">\t\t\t\t<div class=\"elementor-element elementor-element-15e208d elementor-widget elementor-widget-bdt-marker\" data-id=\"15e208d\" data-element_type=\"widget\" data-widget_type=\"bdt-marker.default\">\n\t\t\t\t<div class=\"elementor-widget-container\">\n\t\t\t\n\t\t<div class=\"bdt-marker-wrapper bdt-inline bdt-dark bdt-marker-animated\" id=\"bdt-marker-15e208d\" data-bdt-scrollspy=\"target: .bdt-marker-wrapper &gt; a.bdt-marker-item; cls:bdt-animation-scale-up; delay: 300;\" data-bdt-lightbox=\"toggle: .bdt-marker-lightbox-item; animation: slide;\">\n\n\t\t\t<img width=\"1024\" height=\"786\" src=\"https:\/\/www.medellin.gov.co\/es\/wp-content\/uploads\/2023\/10\/Mapa-Medelli\u0301n-1024x786.jpg\" class=\"attachment-large size-large\" alt=\"Mapa Medelli\u0301n\" loading=\"lazy\" srcset=\"https:\/\/www.medellin.gov.co\/es\/wp-content\/uploads\/2023\/10\/Mapa-Medelli\u0301n-1024x786.jpg 1024w, https:\/\/www.medellin.gov.co\/es\/wp-content\/uploads\/2023\/10\/Mapa-Medelli\u0301n-300x230.jpg 300w, https:\/\/www.medellin.gov.co\/es\/wp-content\/uploads\/2023\/10\/Mapa-Medelli\u0301n-150x115.jpg 150w, https:\/\/www.medellin.gov.co\/es\/wp-content\/uploads\/2023\/10\/Mapa-Medelli\u0301n-768x590.jpg 768w, https:\/\/www.medellin.gov.co\/es\/wp-content\/uploads\/2023\/10\/Mapa-Medelli\u0301n.jpg 1042w\" sizes=\"(max-width: 1024px) 100vw, 1024px\" \/>\t\t\t\t<a class=\"bdt-marker-item bdt-position-absolute bdt-marker bdt-icon elementor-repeater-item-6175b56 bdt-tippy-tooltip\" data-tippy-content=\"&lt;h1 class=&quot;elementor-heading-title elementor-size-default&quot;&gt;Corregimiento San Sebasti\u00e1n de Palmitas&lt;\/h1&gt;&lt;p style=&quot;text-align: left;&quot;&gt;Se fund\u00f3 en 1742 con el nombre de San Sebasti\u00e1n de La Aldea. Tiene una extensi\u00f3n de 57,79 km\u00b2, distribuidos en 90% de origen rural, y el 10% urbano. Est\u00e1 compuesto por 8 veredas.&lt;img class=&quot;alignnone size-medium wp-image-267116&quot; src=&quot;https:\/\/www.medellin.gov.co\/es\/wp-content\/uploads\/2023\/10\/San-Sebastia\u0301n-de-palmitas-rural-300x225.jpg&quot; alt=&quot;San Sebastia\u0301n de palmitas rural&quot; width=&quot;300&quot; height=&quot;225&quot; \/&gt;&lt;\/p&gt;\" target=\"_self\" href=\"javascript:void(0);\" data-tippy=\"\" data-tippy-placement=\"bottom-start\" data-tippy-animation=\"shift-away\" data-tippy-arrow=\"false\">\n\n\t\t\t\t\tSan Sebasti\u00e1n de Palmitas\n\t\t\t\t<\/a>\n\t\t\t\t\t\t\t\t<a class=\"bdt-marker-item bdt-position-absolute bdt-marker bdt-icon elementor-repeater-item-38f8d56 bdt-tippy-tooltip\" data-tippy-content=\"&lt;h1 class=&quot;elementor-heading-title elementor-size-default&quot;&gt;Corregimiento San Crist\u00f3bal&lt;\/h1&gt;&lt;p style=&quot;text-align: left;&quot;&gt;Se fund\u00f3 en 1752 y fue declarado corregimiento en 1963. Tiene una extensi\u00f3n de 49,5 km\u00b2, compuesta por el 97% como \u00e1rea rural, y el 3% como urbana. Lo conforman 17 veredas.\u00a0&lt;\/p&gt;&lt;p&gt;&lt;img class=&quot;alignnone size-medium wp-image-267148&quot; src=&quot;https:\/\/www.medellin.gov.co\/es\/wp-content\/uploads\/2023\/10\/panoramica-san-cristobal--300x225.jpg&quot; alt=&quot;Panoramica San Crist\u00f3bal&quot; width=&quot;300&quot; height=&quot;225&quot; \/&gt;&lt;\/p&gt;\" target=\"_self\" href=\"javascript:void(0);\" data-tippy=\"\" data-tippy-placement=\"bottom-start\" data-tippy-animation=\"shift-away\" data-tippy-arrow=\"false\">\n\n\t\t\t\t\tSan Crist\u00f3bal\n\t\t\t\t<\/a>\n\t\t\t\t\t\t\t\t<a class=\"bdt-marker-item bdt-position-absolute bdt-marker bdt-icon elementor-repeater-item-9a9a5fb bdt-tippy-tooltip\" data-tippy-content=\"&lt;h1 class=&quot;elementor-heading-title elementor-size-default&quot;&gt;Corregimiento Altavista&lt;\/h1&gt;&lt;p style=&quot;text-align: left;&quot;&gt;En 1987 se constituy\u00f3 como corregimiento. Cuenta con un \u00e1rea de 27.41 km\u00b2, equivalente al 10.1% del total de la zona rural de Medell\u00edn. Est\u00e1 compuesto por 8 veredas.&lt;\/p&gt;&lt;p&gt;&lt;img class=&quot;alignnone size-medium wp-image-267175&quot; src=&quot;https:\/\/www.medellin.gov.co\/es\/wp-content\/uploads\/2023\/10\/Altavista-Panora\u0301mika-300x225.jpg&quot; alt=&quot;Altavista Panora\u0301mica&quot; width=&quot;300&quot; height=&quot;225&quot; \/&gt;&lt;\/p&gt;\" target=\"_self\" href=\"javascript:void(0);\" data-tippy=\"\" data-tippy-placement=\"right\" data-tippy-animation=\"shift-away\" data-tippy-arrow=\"false\">\n\n\t\t\t\t\tAltavista\n\t\t\t\t<\/a>\n\t\t\t\t\t\t\t\t<a class=\"bdt-marker-item bdt-position-absolute bdt-marker bdt-icon elementor-repeater-item-246e492 bdt-tippy-tooltip\" data-tippy-content=\"&lt;h1 class=&quot;elementor-heading-title elementor-size-default&quot;&gt;Corregimiento San Antonio de Prado&lt;\/h1&gt;&lt;p style=&quot;text-align: left;&quot;&gt;En 1903 se declar\u00f3 como municipio independiente, y posteriormente se integr\u00f3 a Medell\u00edn. Tiene un \u00e1rea de 50.77 km\u00b2, de los cuales 0.26 km\u00b2 corresponden a la cabecera urbana y 50.50 km\u00b2 a la zona rural. Est\u00e1 compuesto por 9 veredas.\u00a0&lt;\/p&gt;&lt;p&gt;&lt;img class=&quot;alignnone size-medium wp-image-267182&quot; src=&quot;https:\/\/www.medellin.gov.co\/es\/wp-content\/uploads\/2023\/10\/San-Antonio-de-prado-parque-principal-300x195.jpg&quot; alt=&quot;San Antonio de prado parque principal&quot; width=&quot;300&quot; height=&quot;195&quot; \/&gt;&lt;\/p&gt;\" target=\"_self\" href=\"javascript:void(0);\" data-tippy=\"\" data-tippy-placement=\"right\" data-tippy-animation=\"shift-away\" data-tippy-arrow=\"false\">\n\n\t\t\t\t\tSan Antonio de Prado\n\t\t\t\t<\/a>\n\t\t\t\t\t\t\t\t<a class=\"bdt-marker-item bdt-position-absolute bdt-marker bdt-icon elementor-repeater-item-11e1f76 bdt-tippy-tooltip\" data-tippy-content=\"&lt;h1 class=&quot;elementor-heading-title elementor-size-default&quot;&gt;Corregimiento Santa Elena&lt;\/h1&gt;&lt;p style=&quot;text-align: left;&quot;&gt;Se constituy\u00f3 como corregimiento en 1987. Tiene una extensi\u00f3n de 74,12 km\u00b2. Est\u00e1 compuesto por 12 veredas.&lt;\/p&gt;&lt;p&gt;&lt;img class=&quot;size-medium wp-image-245791 aligncenter&quot; src=&quot;https:\/\/www.medellin.gov.co\/es\/wp-content\/uploads\/2023\/09\/Banner_-Santa-Elena_2-300x169.jpg&quot; alt=&quot;&quot; width=&quot;300&quot; height=&quot;169&quot; \/&gt;&lt;\/p&gt;\" target=\"_self\" href=\"javascript:void(0);\" data-tippy=\"\" data-tippy-placement=\"left\" data-tippy-animation=\"shift-away\" data-tippy-arrow=\"false\">\n\n\t\t\t\t\tSanta Elena\n\t\t\t\t<\/a>\n\t\t\t\t\n\t\t<\/div>\n\n\t\t\n\t\t\n\t\t\t\t<\/div>\n\t\t\t\t<\/div>\n\t\t<\/div><div class=\"elementor-element elementor-element-786bdc1 e-container--column e-container\" data-id=\"786bdc1\" data-element_type=\"container\" data-settings=\"{&quot;background_background&quot;:&quot;classic&quot;}\">\t\t<div class=\"elementor-element elementor-element-55accb7 e-container--column e-container\" data-id=\"55accb7\" data-element_type=\"container\">\t\t\t\t<div class=\"elementor-element elementor-element-55a0b53 elementor-widget elementor-widget-heading\" data-id=\"55a0b53\" data-element_type=\"widget\" data-widget_type=\"heading.default\">\n\t\t\t\t<div class=\"elementor-widget-container\">\n\t\t\t<h2 class=\"elementor-heading-title elementor-size-default\"><b>La ruralidad <\/b>en datos<\/h2>\t\t<\/div>\n\t\t\t\t<\/div>\n\t\t<div class=\"elementor-element elementor-element-6fe9550 e-container--row e-container\" data-id=\"6fe9550\" data-element_type=\"container\">\t\t\t\t<div class=\"elementor-element elementor-element-113e3a1 elementor-position-left elementor-vertical-align-middle elementor-view-default elementor-mobile-position-top elementor-widget elementor-widget-icon-box\" data-id=\"113e3a1\" data-element_type=\"widget\" data-widget_type=\"icon-box.default\">\n\t\t\t\t<div class=\"elementor-widget-container\">\n\t\t\t\t\t<div class=\"elementor-icon-box-wrapper\">\n\t\t\t\t\t\t<div class=\"elementor-icon-box-icon\">\n\t\t\t\t<span class=\"elementor-icon elementor-animation-grow\" >\n\t\t\t\t<svg xmlns=\"http:\/\/www.w3.org\/2000\/svg\" xmlns:xlink=\"http:\/\/www.w3.org\/1999\/xlink\" id=\"Capa_1\" x=\"0px\" y=\"0px\" viewBox=\"0 0 411.743 411.743\" style=\"enable-background:new 0 0 411.743 411.743;\" xml:space=\"preserve\"><path id=\"XMLID_45_\" d=\"M237.994,41.255c0-4.971,4.029-9,9-9h2.143c4.971,0,9,4.029,9,9s-4.029,9-9,9h-2.143 C242.024,50.255,237.994,46.226,237.994,41.255z M250.413,250.471c0,4.971,4.029,9,9,9h2.143c4.971,0,9-4.029,9-9s-4.029-9-9-9 h-2.143C254.443,241.471,250.413,245.5,250.413,250.471z M260.485,209.216c22.747,0,41.254,18.507,41.254,41.255 c0,19.657-13.82,36.148-32.254,40.266v27.329c0,4.971-4.029,9-9,9c-4.971,0-9-4.029-9-9v-27.329 c-18.435-4.117-32.256-20.608-32.256-40.266C219.229,227.723,237.736,209.216,260.485,209.216z M260.485,227.216 c-12.823,0-23.256,10.433-23.256,23.255s10.433,23.255,23.256,23.255c12.822,0,23.254-10.433,23.254-23.255 S273.307,227.216,260.485,227.216z M115.535,130.736c0-22.748,18.508-41.255,41.257-41.255s41.256,18.507,41.256,41.255 c0,19.657-13.821,36.148-32.256,40.267v27.328c0,4.971-4.029,9-9,9s-9-4.029-9-9v-27.328 C129.358,166.885,115.535,150.394,115.535,130.736z M133.535,130.736c0,12.823,10.433,23.255,23.257,23.255 c12.823,0,23.256-10.432,23.256-23.255s-10.433-23.255-23.256-23.255C143.968,107.481,133.535,117.913,133.535,130.736z  M206.81,41.255C206.81,18.507,225.317,0,248.065,0c22.749,0,41.256,18.507,41.256,41.255c0,19.657-13.821,36.148-32.256,40.267 v27.328c0,4.971-4.029,9-9,9s-9-4.029-9-9V81.521C220.631,77.403,206.81,60.912,206.81,41.255z M224.81,41.255 c0,12.823,10.432,23.255,23.255,23.255c12.823,0,23.256-10.432,23.256-23.255S260.888,18,248.065,18 C235.242,18,224.81,28.432,224.81,41.255z M359.02,155.57l-15.068-5.454l-12.414-85.005c-1.477-10.122-7.084-18.506-15.79-23.607 c-4.29-2.515-9.803-1.071-12.314,3.216c-2.514,4.288-1.074,9.802,3.215,12.314c4.062,2.381,6.377,5.872,7.078,10.677l13.193,90.336 c0.479,3.281,2.724,6.033,5.842,7.162l20.132,7.287c13.8,4.995,15.159,8.439,14.803,10.882l-21.658,148.296 c-1.018,6.972-5.612,11.396-13.657,13.151l-136.509,29.779c-1.214,0.264-2.158,0.064-3.27-0.689 c-2.966-2.008-5.67-7.208-6.577-12.642l-0.727-4.359c-0.439-2.636-2.027-4.94-4.334-6.289c-2.309-1.352-5.094-1.603-7.607-0.694 L52.745,393.585c-1.717,0.624-3.88-1.021-4.503-1.539c-2.866-2.388-4.672-6.325-4.199-9.159l41.819-250.464 c1.018-6.102,4.345-11.891,7.574-13.18c4.617-1.842,6.865-7.078,5.022-11.694c-1.843-4.617-7.08-6.87-11.694-5.022 c-11.188,4.465-16.974,16.842-18.656,26.934L26.289,379.923c-1.537,9.209,2.56,19.396,10.436,25.955 c4.639,3.863,9.915,5.865,15.153,5.865c2.359,0,4.712-0.406,6.994-1.232l110.869-40.129c2.493,7.906,7.044,14.562,12.767,18.438 c5.206,3.525,11.154,4.689,17.199,3.371l136.509-29.779c15.442-3.368,25.515-13.624,27.632-28.137l21.658-148.295 C388.396,166.204,367.054,158.479,359.02,155.57z M155.724,139.736h2.141c4.971,0,9-4.029,9-9s-4.029-9-9-9h-2.141 c-4.971,0-9,4.029-9,9S150.753,139.736,155.724,139.736z M138.785,72.874c0.502,0.084,1.001,0.124,1.493,0.124 c4.319,0,8.132-3.118,8.866-7.519l4.569-27.365c0.908-5.437,3.612-10.636,6.578-12.645c1.113-0.752,2.061-0.952,3.271-0.688 l22.293,4.863c4.858,1.063,9.652-2.019,10.711-6.875c1.06-4.856-2.019-9.651-6.875-10.711l-22.292-4.863 c-6.046-1.318-11.995-0.154-17.2,3.371c-7.155,4.845-12.479,14.035-14.239,24.583l-4.569,27.365 C130.572,67.417,133.882,72.056,138.785,72.874z\"><\/path><g><\/g><g><\/g><g><\/g><g><\/g><g><\/g><g><\/g><g><\/g><g><\/g><g><\/g><g><\/g><g><\/g><g><\/g><g><\/g><g><\/g><g><\/g><\/svg>\t\t\t\t<\/span>\n\t\t\t<\/div>\n\t\t\t\t\t\t<div class=\"elementor-icon-box-content\">\n\t\t\t\t<h3 class=\"elementor-icon-box-title\">\n\t\t\t\t\t<span  >\n\t\t\t\t\t\t263,04  km\u00b2\t\t\t\t\t<\/span>\n\t\t\t\t<\/h3>\n\t\t\t\t\t\t\t\t\t<p class=\"elementor-icon-box-description\">\n\t\t\t\t\t\t\u00c1rea rural\t\t\t\t\t<\/p>\n\t\t\t\t\t\t\t<\/div>\n\t\t<\/div>\n\t\t\t\t<\/div>\n\t\t\t\t<\/div>\n\t\t\t\t<div class=\"elementor-element elementor-element-bee1a9e elementor-position-left elementor-vertical-align-middle elementor-widget__width-initial elementor-view-default elementor-mobile-position-top elementor-widget elementor-widget-icon-box\" data-id=\"bee1a9e\" data-element_type=\"widget\" data-widget_type=\"icon-box.default\">\n\t\t\t\t<div class=\"elementor-widget-container\">\n\t\t\t\t\t<div class=\"elementor-icon-box-wrapper\">\n\t\t\t\t\t\t<div class=\"elementor-icon-box-icon\">\n\t\t\t\t<span class=\"elementor-icon elementor-animation-grow\" >\n\t\t\t\t<svg xmlns=\"http:\/\/www.w3.org\/2000\/svg\" id=\"Capa_1\" height=\"512\" viewBox=\"0 0 512.206 512.206\" width=\"512\"><g><path d=\"m504.807 349.846-55.606-31.529v-27.455c14.601-3.406 25.513-16.52 25.513-32.144 0-18.203-14.81-33.013-33.013-33.013s-33.014 14.81-33.014 33.013c0 15.624 10.913 28.738 25.514 32.144v18.95l-77.523-43.956c-3.604-2.042-8.181-.778-10.224 2.825s-.778 8.181 2.825 10.224l4.27 2.421-97.824 55.467-97.447-55.253 3.646-2.067c3.604-2.043 4.868-6.62 2.825-10.224-2.043-3.605-6.623-4.868-10.224-2.825l-77.274 43.816v-19.377c14.601-3.406 25.514-16.52 25.514-32.144 0-18.203-14.81-33.013-33.014-33.013s-33.013 14.81-33.013 33.013c0 15.624 10.912 28.738 25.513 32.144v27.882l-54.854 31.102c-3.444 1.953-5.597 5.626-5.62 9.585s2.089 7.656 5.51 9.648l105.806 61.605c.003.002.006.003.008.005l137.419 80.011c1.722 1.003 3.651 1.504 5.582 1.504s3.86-.501 5.582-1.503l166.915-97.187c3.58-2.084 4.792-6.676 2.708-10.255-2.084-3.581-6.677-4.794-10.255-2.708l-26.085 15.188-124.033-70.327 97.824-55.466 65.446 37.108v29.308c0 4.143 3.358 7.5 7.5 7.5s7.5-3.357 7.5-7.5v-20.803l42.291 23.979-41.873 24.381c-3.58 2.084-4.792 6.676-2.708 10.255 1.393 2.393 3.906 3.728 6.488 3.728 1.281 0 2.58-.328 3.767-1.02l47.75-27.803c3.422-1.992 5.534-5.688 5.511-9.648-.024-3.959-2.178-7.631-5.623-9.586zm-81.119-91.127c0-9.933 8.081-18.013 18.014-18.013s18.013 8.08 18.013 18.013-8.081 18.014-18.013 18.014-18.014-8.082-18.014-18.014zm-371.95 0c0-9.933 8.081-18.013 18.013-18.013s18.014 8.08 18.014 18.013-8.081 18.014-18.014 18.014-18.013-8.082-18.013-18.014zm10.513 77.269v20.376c0 4.143 3.358 7.5 7.5 7.5s7.5-3.357 7.5-7.5v-28.881l65.822-37.321 97.447 55.253-123.653 70.112-96.154-55.987zm317.711 88.49-123.859 72.117-124.231-72.333 123.854-70.226z\"><\/path><path d=\"m182.59 217.671c.002.002.003.004.005.006.379.443.799.829 1.249 1.161 18.806 17.294 43.881 27.87 71.383 27.87 58.204 0 105.556-47.353 105.556-105.557 0-58.203-47.352-105.556-105.556-105.556-30.799 0-59.988 13.41-80.083 36.793-2.7 3.142-2.342 7.877.8 10.577 3.142 2.698 7.877 2.343 10.576-.8 17.243-20.063 42.285-31.57 68.707-31.57 49.933 0 90.556 40.623 90.556 90.556 0 23.265-8.821 44.506-23.292 60.562l-6.121-5.237c-3.148-2.691-7.882-2.323-10.575.823-2.693 3.147-2.324 7.882.823 10.575l4.879 4.174c-15.464 12.299-35.023 19.659-56.27 19.659-20.831 0-40.039-7.075-55.356-18.942l14.849-12.705c18.642-15.95 45.142-19.746 67.513-9.671 3.774 1.699 8.217.017 9.918-3.759 1.701-3.777.018-8.218-3.759-9.919-7.958-3.583-16.339-5.739-24.79-6.532v-28.758h12.021c18.58 0 33.695-15.115 33.695-33.695v-7.801c0-6.482-5.274-11.756-11.756-11.756h-15.265c-13.314 0-24.847 7.763-30.316 19-5.918-5.145-13.636-8.27-22.075-8.27h-15.265c-6.482 0-11.756 5.274-11.756 11.757v7.8c0 18.58 15.116 33.695 33.695 33.695h12.021v18.051c-15.824 1.524-31.155 7.783-43.635 18.46l-16.236 13.891c-14.926-16.152-24.062-37.729-24.062-61.403 0-11.661 2.188-23.018 6.504-33.754 1.545-3.843-.318-8.211-4.162-9.756-3.844-1.544-8.211.318-9.756 4.162-5.034 12.522-7.586 25.761-7.586 39.348.003 30.089 12.657 57.275 32.922 76.521zm81.013-95.804c0-10.309 8.387-18.695 18.695-18.695h12.021v4.557c0 10.309-8.387 18.695-18.695 18.695h-12.021zm-27.021 15.286c-10.309 0-18.695-8.387-18.695-18.695v-4.557h12.021c10.309 0 18.695 8.387 18.695 18.695v4.557z\"><\/path><path d=\"m229.388 279.933 15.665 18.437c2.541 2.991 6.25 4.707 10.174 4.707s7.633-1.716 10.173-4.706l15.666-18.438c31.561-5.848 60.377-22.465 81.398-47.001 21.871-25.526 33.915-58.121 33.915-91.78 0-37.893-14.809-73.465-41.699-100.165-26.887-26.697-62.543-41.252-100.476-40.983-36.892.262-71.751 14.792-98.156 40.913-26.408 26.125-41.307 60.825-41.953 97.71-.598 34.169 11.17 67.344 33.135 93.414 21.097 25.036 50.182 41.969 82.158 47.892zm-100.294-141.045c.577-32.946 13.896-63.952 37.504-87.308 23.606-23.354 54.757-36.344 87.713-36.577.308-.002.613-.004.921-.004 33.534 0 65.067 12.988 88.879 36.632 24.032 23.862 37.268 55.655 37.268 89.521 0 30.082-10.763 59.211-30.306 82.021-19.334 22.566-46.037 37.638-75.188 42.438-1.753.289-3.346 1.19-4.497 2.544l-16.162 19.021-16.162-19.021c-1.15-1.354-2.744-2.255-4.497-2.544-29.527-4.862-56.47-20.218-75.865-43.236-19.627-23.295-30.143-52.945-29.608-83.487z\"><\/path><path d=\"m248.603 443.543v23.541c0 4.143 3.358 7.5 7.5 7.5s7.5-3.357 7.5-7.5v-23.541c14.601-3.406 25.513-16.52 25.513-32.144 0-18.203-14.81-33.013-33.013-33.013s-33.013 14.81-33.013 33.013c0 15.624 10.912 28.738 25.513 32.144zm7.5-50.157c9.933 0 18.013 8.08 18.013 18.013s-8.081 18.014-18.013 18.014-18.013-8.081-18.013-18.014 8.08-18.013 18.013-18.013z\"><\/path><\/g><\/svg>\t\t\t\t<\/span>\n\t\t\t<\/div>\n\t\t\t\t\t\t<div class=\"elementor-icon-box-content\">\n\t\t\t\t<h3 class=\"elementor-icon-box-title\">\n\t\t\t\t\t<span  >\n\t\t\t\t\t\t26.304   Ha\t\t\t\t\t<\/span>\n\t\t\t\t<\/h3>\n\t\t\t\t\t\t\t\t\t<p class=\"elementor-icon-box-description\">\n\t\t\t\t\t\tTotal de hect\u00e1reas rurales\t\t\t\t\t<\/p>\n\t\t\t\t\t\t\t<\/div>\n\t\t<\/div>\n\t\t\t\t<\/div>\n\t\t\t\t<\/div>\n\t\t\t\t<div class=\"elementor-element elementor-element-ad5f6e7 elementor-position-left elementor-vertical-align-middle elementor-widget__width-initial elementor-view-default elementor-mobile-position-top elementor-widget elementor-widget-icon-box\" data-id=\"ad5f6e7\" data-element_type=\"widget\" data-widget_type=\"icon-box.default\">\n\t\t\t\t<div class=\"elementor-widget-container\">\n\t\t\t\t\t<div class=\"elementor-icon-box-wrapper\">\n\t\t\t\t\t\t<div class=\"elementor-icon-box-icon\">\n\t\t\t\t<span class=\"elementor-icon elementor-animation-grow\" >\n\t\t\t\t<svg xmlns=\"http:\/\/www.w3.org\/2000\/svg\" viewBox=\"0 0 512 512\" width=\"512\" height=\"512\"><g id=\"Out_line\" data-name=\"Out line\"><path d=\"M428.12988,234.82007l59.73-114.03a38.3754,38.3754,0,0,0-67.98974-35.61011l-59.73,114.03a38.13975,38.13975,0,0,0-.17017,35.24L341.47,269.78l-25.88989-12.94019a8.01429,8.01429,0,0,0-10.53,3.19019l-49.14014,85.99a88.04252,88.04252,0,0,0-11.55981,42.5A48.02781,48.02781,0,0,0,224,384c-.34009,0-.66992.02-1.01.03A32.05583,32.05583,0,0,0,192,360V296h8a88.104,88.104,0,0,0,88-88V176a24.03189,24.03189,0,0,0-24-24H202a89.55357,89.55357,0,0,0-72.27,36.37988A89.58933,89.58933,0,0,0,102,184H40a24.03189,24.03189,0,0,0-24,24v32a88.104,88.104,0,0,0,88,88h40v33.01a32.05345,32.05345,0,0,0-14.62988,8.38989A32.0056,32.0056,0,0,0,88.73,393.22,31.98307,31.98307,0,0,0,49.01,416H32v16H56a7.9979,7.9979,0,0,0,8-8,16,16,0,0,1,32,0h16a31.85119,31.85119,0,0,0-7.65991-20.74A15.98063,15.98063,0,0,1,120,384c.34009,0,.66992.03,1,.05A16.04011,16.04011,0,0,1,136,400h16a31.91357,31.91357,0,0,0-8.3999-21.59009,15.91573,15.91573,0,0,1,18.7998,1.44019A31.90624,31.90624,0,0,0,160,392h16a15.99314,15.99314,0,0,1,31.2-4.96A48.07784,48.07784,0,0,0,176,432h16a31.99125,31.99125,0,0,1,56.83008-20.16992A32.0284,32.0284,0,0,0,232,440h16a16,16,0,0,1,32,0h16a31.814,31.814,0,0,0-2.93994-13.37012,24.00674,24.00674,0,0,1,21.86987.01026A31.91291,31.91291,0,0,0,312,440h16a16,16,0,0,1,32,0h16a31.90624,31.90624,0,0,0-2.3999-12.1499A15.99221,15.99221,0,0,1,400,440a7.9979,7.9979,0,0,0,8,8h64V432H414.99a31.99185,31.99185,0,0,0-45.31006-20.60986,88.39422,88.39422,0,0,0,5.25-9.61011L415.25,315.37988a8.01246,8.01246,0,0,0-3.66992-10.54L381.43994,289.77l18.26-34.86011A38.4463,38.4463,0,0,0,428.12988,234.82007ZM176,364.31006a32.13406,32.13406,0,0,0-3.98,2.72A32.02613,32.02613,0,0,0,160,361.02V320a7.9979,7.9979,0,0,0-8-8H136a72.08281,72.08281,0,0,1-72-72v-8H48v8a87.86236,87.86236,0,0,0,32.08008,67.8999A72.11045,72.11045,0,0,1,32,240V208a8.01058,8.01058,0,0,1,8-8h62a74.08855,74.08855,0,0,1,74,74ZM144.91992,194.90991A73.6318,73.6318,0,0,1,202,168h62a8.01058,8.01058,0,0,1,8,8v32a72.1027,72.1027,0,0,1-48.12012,67.90991A88.20533,88.20533,0,0,0,256,208v-8H240v8a72.25766,72.25766,0,0,1-48,67.8999V274A90.07836,90.07836,0,0,0,144.91992,194.90991Zm252.54,120.76-37.03,79.3501a71.92141,71.92141,0,0,1-8.57983,13.96A31.90653,31.90653,0,0,0,325.24,414.1001,39.84963,39.84963,0,0,0,304,408c-.35986,0-.72.02-1.08008.03L327.02,363.83008l-14.04-7.66016-31.22,57.23A31.8198,31.8198,0,0,0,265.6001,408.04a47.96151,47.96151,0,0,0-4.22022-6.16992A71.94968,71.94968,0,0,1,269.81006,353.96L315.18994,274.54,334.04,283.96,318.90991,312.8501A22.34234,22.34234,0,1,0,358.49,333.58984L374.01,303.95Zm-53.13989,10.49a6.37553,6.37553,0,0,1-5.65015,3.41016,6.2392,6.2392,0,0,1-3.49-1.07007,6.31165,6.31165,0,0,1-2.09985-8.22l38.02-72.6001A38.06759,38.06759,0,0,0,379.02,252.28a35.58527,35.58527,0,0,0,3.33984,1.25Zm41-88.57983a22.38374,22.38374,0,0,1-11-30.9502l59.73-114.02978a22.47931,22.47931,0,0,1,28.62988-10.18018,22.38374,22.38374,0,0,1,11,30.9502L413.95,227.3999A22.47931,22.47931,0,0,1,385.32007,237.58008Z\"><\/path><\/g><\/svg>\t\t\t\t<\/span>\n\t\t\t<\/div>\n\t\t\t\t\t\t<div class=\"elementor-icon-box-content\">\n\t\t\t\t<h3 class=\"elementor-icon-box-title\">\n\t\t\t\t\t<span  >\n\t\t\t\t\t\t5.205  Ha\t\t\t\t\t<\/span>\n\t\t\t\t<\/h3>\n\t\t\t\t\t\t\t\t\t<p class=\"elementor-icon-box-description\">\n\t\t\t\t\t\tHect\u00e1reas con vocaci\u00f3n productiva\t\t\t\t\t<\/p>\n\t\t\t\t\t\t\t<\/div>\n\t\t<\/div>\n\t\t\t\t<\/div>\n\t\t\t\t<\/div>\n\t\t<\/div><div class=\"elementor-element elementor-element-7d69bb1 e-container--row e-container\" data-id=\"7d69bb1\" data-element_type=\"container\">\t\t\t\t<div class=\"elementor-element elementor-element-bfb1ddd elementor-position-left elementor-vertical-align-middle elementor-widget__width-initial elementor-view-default elementor-mobile-position-top elementor-widget elementor-widget-icon-box\" data-id=\"bfb1ddd\" data-element_type=\"widget\" data-widget_type=\"icon-box.default\">\n\t\t\t\t<div class=\"elementor-widget-container\">\n\t\t\t\t\t<div class=\"elementor-icon-box-wrapper\">\n\t\t\t\t\t\t<div class=\"elementor-icon-box-icon\">\n\t\t\t\t<span class=\"elementor-icon elementor-animation-grow\" >\n\t\t\t\t<svg xmlns=\"http:\/\/www.w3.org\/2000\/svg\" id=\"Layer_3\" height=\"512\" viewBox=\"0 0 60 60\" width=\"512\"><path d=\"m49.64 15.1c-.29-.03-.58.08-.79.29l-5.81 5.81c-.32.32-.39.82-.15 1.22 1.37 2.31 2.09 4.93 2.09 7.58s-.72 5.27-2.09 7.58c-.23.39-.17.89.15 1.22l5.81 5.81c.19.19.44.29.71.29h.08c.29-.02.56-.18.73-.42 3.03-4.25 4.63-9.26 4.63-14.48s-1.6-10.23-4.63-14.48c-.17-.24-.44-.39-.73-.42zm-.23 27.24-4.42-4.42c1.3-2.45 1.98-5.17 1.98-7.92s-.68-5.47-1.98-7.92l4.42-4.42c2.35 3.69 3.59 7.93 3.59 12.34s-1.24 8.65-3.59 12.34z\"><\/path><path d=\"m30 55c5.22 0 10.23-1.6 14.48-4.63.24-.17.39-.44.42-.73s-.08-.58-.29-.79l-5.81-5.81c-.32-.32-.82-.39-1.22-.15-2.31 1.36-4.93 2.09-7.58 2.09-8.26 0-14.97-6.72-14.97-14.97 0-8.26 6.72-14.97 14.97-14.97 2.65 0 5.27.72 7.58 2.09.39.23.89.17 1.22-.15l5.81-5.81c.21-.21.31-.5.29-.79s-.18-.56-.42-.73c-4.25-3.05-9.26-4.65-14.48-4.65-13.79 0-25 11.22-25 25s11.21 25 25 25zm0-48c4.41 0 8.65 1.24 12.34 3.59l-4.42 4.42c-2.45-1.3-5.17-1.98-7.92-1.98-9.36 0-16.97 7.61-16.97 16.97s7.61 16.97 16.97 16.97c2.75 0 5.47-.68 7.92-1.98l4.42 4.42c-3.69 2.35-7.93 3.59-12.34 3.59-12.68 0-23-10.32-23-23s10.32-23 23-23z\"><\/path><path d=\"m23.84 37.16c.26 0 .51-.1.71-.29l12.33-12.33c.39-.39.39-1.02 0-1.41s-1.02-.39-1.41 0l-12.34 12.33c-.39.39-.39 1.02 0 1.41.19.2.45.29.71.29z\"><\/path><path d=\"m28.33 28.33c1.53-1.53 1.53-4.02 0-5.55-1.48-1.48-4.07-1.48-5.55 0-.74.74-1.15 1.73-1.15 2.77 0 1.05.41 2.03 1.15 2.77.76.76 1.77 1.15 2.77 1.15s2.01-.38 2.78-1.14zm-4.7-2.78c0-.51.2-1 .56-1.36s.85-.56 1.36-.56 1 .2 1.36.56c.75.75.75 1.97 0 2.72-.73.73-1.99.73-2.72 0-.36-.36-.56-.84-.56-1.36z\"><\/path><path d=\"m34.45 38.37c1 0 2.01-.38 2.77-1.15 1.53-1.53 1.53-4.02 0-5.55s-4.02-1.53-5.55 0c-.74.74-1.15 1.73-1.15 2.77 0 1.05.41 2.03 1.15 2.78.77.77 1.77 1.15 2.78 1.15zm-1.36-5.28c.38-.38.87-.56 1.36-.56s.99.19 1.36.56c.75.75.75 1.97 0 2.72-.73.73-1.99.73-2.72 0-.36-.36-.56-.85-.56-1.36s.19-1 .56-1.36z\"><\/path><\/svg>\t\t\t\t<\/span>\n\t\t\t<\/div>\n\t\t\t\t\t\t<div class=\"elementor-icon-box-content\">\n\t\t\t\t<h3 class=\"elementor-icon-box-title\">\n\t\t\t\t\t<span  >\n\t\t\t\t\t\t70 %\t\t\t\t\t<\/span>\n\t\t\t\t<\/h3>\n\t\t\t\t\t\t\t\t\t<p class=\"elementor-icon-box-description\">\n\t\t\t\t\t\tPorcentaje de \u00e1rea rural de Medell\u00edn\t\t\t\t\t<\/p>\n\t\t\t\t\t\t\t<\/div>\n\t\t<\/div>\n\t\t\t\t<\/div>\n\t\t\t\t<\/div>\n\t\t\t\t<div class=\"elementor-element elementor-element-be9df2c elementor-position-left elementor-vertical-align-middle elementor-widget__width-initial elementor-view-default elementor-mobile-position-top elementor-widget elementor-widget-icon-box\" data-id=\"be9df2c\" data-element_type=\"widget\" data-widget_type=\"icon-box.default\">\n\t\t\t\t<div class=\"elementor-widget-container\">\n\t\t\t\t\t<div class=\"elementor-icon-box-wrapper\">\n\t\t\t\t\t\t<div class=\"elementor-icon-box-icon\">\n\t\t\t\t<span class=\"elementor-icon elementor-animation-grow\" >\n\t\t\t\t<svg xmlns=\"http:\/\/www.w3.org\/2000\/svg\" width=\"678.689\" height=\"860.962\" viewBox=\"0 0 678.689 860.962\"><g id=\"porcentaje_mujer\" transform=\"translate(-35.39 -15.777)\"><g id=\"Grupo_5567\" data-name=\"Grupo 5567\" transform=\"translate(0)\"><path id=\"Trazado_5669\" data-name=\"Trazado 5669\" d=\"M573.78,315.091H300.8c-9.886,0-17.927,6.213-17.927,13.851V565.715c0,5.464,5.733,9.894,12.805,9.894h43.589c7.072,0,12.805-4.428,12.805-9.894s-5.731-9.894-12.805-9.894H308.484V334.878H566.1V555.823H398.706c-7.072,0-12.805,4.428-12.805,9.894s5.731,9.894,12.805,9.894H578.9c7.072,0,12.805-4.428,12.805-9.894V328.942c0-7.638-8.041-13.851-17.927-13.851Z\" transform=\"translate(122.373 301.13)\"><\/path><path id=\"Trazado_5672\" data-name=\"Trazado 5672\" d=\"M422.7,337.4a12.8,12.8,0,0,0,16.762-6.853l45.748-109.008a12.806,12.806,0,0,0-23.617-9.91L415.843,320.642A12.809,12.809,0,0,0,422.7,337.4Z\" transform=\"translate(109.137 475.387)\"><\/path><ellipse id=\"Elipse_482\" data-name=\"Elipse 482\" cx=\"14.74\" cy=\"14.74\" rx=\"14.74\" ry=\"14.74\" transform=\"translate(508.119 688.804)\"><\/ellipse><ellipse id=\"Elipse_483\" data-name=\"Elipse 483\" cx=\"14.74\" cy=\"14.74\" rx=\"14.74\" ry=\"14.74\" transform=\"translate(581.726 774.673)\"><\/ellipse><g id=\"mujer\" transform=\"translate(-106.118 15.777)\"><g id=\"Grupo_5569\" data-name=\"Grupo 5569\" transform=\"translate(211.973)\"><g id=\"Grupo_5568\" data-name=\"Grupo 5568\"><path id=\"Trazado_5675\" data-name=\"Trazado 5675\" d=\"M276.127,0a96.744,96.744,0,1,0,96.746,96.744A96.854,96.854,0,0,0,276.127,0Zm0,175.172a78.426,78.426,0,1,1,78.428-78.426A78.517,78.517,0,0,1,276.127,175.172Z\" transform=\"translate(-179.383)\"><\/path><\/g><\/g><g id=\"Grupo_5571\" data-name=\"Grupo 5571\" transform=\"translate(141.508 220.253)\"><g id=\"Grupo_5570\" data-name=\"Grupo 5570\"><path id=\"Trazado_5676\" data-name=\"Trazado 5676\" d=\"M474.679,346.969l-38.5-182.882a57.819,57.819,0,0,0-56.326-45.7H237.586a57.821,57.821,0,0,0-56.326,45.7l-38.5,182.882A57.538,57.538,0,0,0,188.014,415.3l-13.367,63.52a9.157,9.157,0,0,0,8.962,11.044h46.138v7.18c0,.192.006.385.019.577l14.3,226.853a36.924,36.924,0,0,0,64.649,22,36.924,36.924,0,0,0,64.649-22l14.3-226.853c.013-.192.019-.385.019-.577v-7.18h46.138a9.157,9.157,0,0,0,8.962-11.046l-13.38-63.516a57.539,57.539,0,0,0,45.271-68.337ZM299.559,722.155a18.622,18.622,0,0,1-37.207,1.172L248.066,496.763v-6.891h51.492V722.155Zm69.81-225.394L355.084,723.325a18.622,18.622,0,0,1-37.208-1.172V489.871h51.492Zm79.459-113.208a39.065,39.065,0,0,1-23.2,13.831L383.406,196.948a9.16,9.16,0,0,0-17.926,3.777l57.053,270.828H194.9l13.126-62.37c.015-.067.03-.134.043-.2L251.89,200.725a9.159,9.159,0,1,0-17.926-3.773L191.785,397.384a39.232,39.232,0,0,1-31.105-46.638l38.5-182.882a39.42,39.42,0,0,1,38.4-31.157H379.845a39.42,39.42,0,0,1,38.4,31.157l38.5,182.882A39.059,39.059,0,0,1,448.828,383.553Z\" transform=\"translate(-141.508 -118.386)\"><\/path><\/g><\/g><\/g><\/g><\/g><\/svg>\t\t\t\t<\/span>\n\t\t\t<\/div>\n\t\t\t\t\t\t<div class=\"elementor-icon-box-content\">\n\t\t\t\t<h3 class=\"elementor-icon-box-title\">\n\t\t\t\t\t<span  >\n\t\t\t\t\t\t30 %\t\t\t\t\t<\/span>\n\t\t\t\t<\/h3>\n\t\t\t\t\t\t\t\t\t<p class=\"elementor-icon-box-description\">\n\t\t\t\t\t\tParticipaci\u00f3n de las mujeres en la administraci\u00f3n de parcelas de producci\u00f3n agr\u00edcola\t\t\t\t\t<\/p>\n\t\t\t\t\t\t\t<\/div>\n\t\t<\/div>\n\t\t\t\t<\/div>\n\t\t\t\t<\/div>\n\t\t<\/div><\/div><\/div><div class=\"elementor-element elementor-element-28bea28 e-container--column e-container\" data-id=\"28bea28\" data-element_type=\"container\" data-settings=\"{&quot;background_background&quot;:&quot;classic&quot;}\">\t\t<div class=\"elementor-element elementor-element-d2f30c4 e-container--row e-container\" data-id=\"d2f30c4\" data-element_type=\"container\">\t\t\t\t<div class=\"elementor-element elementor-element-e8bb6ca elementor-widget__width-initial elementor-widget elementor-widget-heading\" data-id=\"e8bb6ca\" data-element_type=\"widget\" data-widget_type=\"heading.default\">\n\t\t\t\t<div class=\"elementor-widget-container\">\n\t\t\t<p class=\"elementor-heading-title elementor-size-default\"><b>Conoce nuestro libro \"Campesinos de ciudad\"<\/b> y ent\u00e9rate sobre las historias del campo y su gente<\/p>\t\t<\/div>\n\t\t\t\t<\/div>\n\t\t\t\t<div class=\"elementor-element elementor-element-f9a2e87 elementor-align-center elementor-widget__width-initial elementor-widget elementor-widget-button\" data-id=\"f9a2e87\" data-element_type=\"widget\" data-widget_type=\"button.default\">\n\t\t\t\t<div class=\"elementor-widget-container\">\n\t\t\t\t\t<div class=\"elementor-button-wrapper\">\n\t\t\t<a href=\"https:\/\/www.medellin.gov.co\/es\/wp-content\/uploads\/2023\/10\/Corregimientos_Vdefinitiva_muestra.pdf\" class=\"elementor-button-link elementor-button elementor-size-sm\" role=\"button\">\n\t\t\t\t\t\t<span class=\"elementor-button-content-wrapper\">\n\t\t\t\t\t\t<span class=\"elementor-button-text\">\u00a1Descargar libro!<\/span>\n\t\t<\/span>\n\t\t\t\t\t<\/a>\n\t\t<\/div>\n\t\t\t\t<\/div>\n\t\t\t\t<\/div>\n\t\t<\/div><\/div><div class=\"elementor-element elementor-element-c5cf980 e-container--column e-container\" data-id=\"c5cf980\" data-element_type=\"container\">\t\t<div class=\"elementor-element elementor-element-6398a7a e-container--column e-container\" data-id=\"6398a7a\" data-element_type=\"container\" data-settings=\"{&quot;background_background&quot;:&quot;classic&quot;}\">\t\t\t\t<div class=\"elementor-element elementor-element-1c561b5 elementor-widget elementor-widget-text-editor\" data-id=\"1c561b5\" data-element_type=\"widget\" data-widget_type=\"text-editor.default\">\n\t\t\t\t<div class=\"elementor-widget-container\">\n\t\t\t\t\t\t\t\t<div class=\"elementor-text-editor elementor-clearfix\">\n\t\t\t\t<p>\u00abLos barrios de esa ladera tienen historias distintas, pero tambi\u00e9n muchas coincidencias: fueron barrios fundados por obreros y\u00a0 campesinos, la mayor\u00eda autoconstruidos, que luego recibieron a miles de desplazados por la violencia que llegaron del Oriente antioque\u00f1o, del Urab\u00e1, de Choc\u00f3 y de otros\u00a0 departamentos de Colombia; acumulan un d\u00e9ficit de inversi\u00f3n y espacio p\u00fablico que se contradice con el tama\u00f1o de su poblaci\u00f3n, y buena parte de sus espacios comunitarios y de encuentro fueron levantados por las mismas comunidades\u00bb.<\/p><p class=\"elementor-heading-title elementor-size-default\" style=\"text-align: right;\"><strong><em>Voy para Medell\u00edn<br \/><\/em><\/strong><em>Por Juan David Ortiz Franco<\/em><\/p>\t\t\t\t\t<\/div>\n\t\t\t\t\t\t<\/div>\n\t\t\t\t<\/div>\n\t\t<\/div><\/div><div class=\"elementor-element elementor-element-8e59cde e-container--column e-container\" data-id=\"8e59cde\" data-element_type=\"container\">\t\t<div class=\"elementor-element elementor-element-7d094dd e-container--column e-container\" data-id=\"7d094dd\" data-element_type=\"container\">\t\t\t\t<div class=\"elementor-element elementor-element-a675d09 elementor-widget elementor-widget-heading\" data-id=\"a675d09\" data-element_type=\"widget\" data-widget_type=\"heading.default\">\n\t\t\t\t<div class=\"elementor-widget-container\">\n\t\t\t<h2 class=\"elementor-heading-title elementor-size-default\"><b>Noticias <\/b>Corregimientos<\/h2>\t\t<\/div>\n\t\t\t\t<\/div>\n\t\t\t\t<div class=\"elementor-element elementor-element-3f1f5df elementor-widget elementor-widget-pp-magazine-slider\" data-id=\"3f1f5df\" data-element_type=\"widget\" data-widget_type=\"pp-magazine-slider.default\">\n\t\t\t\t<div class=\"elementor-widget-container\">\n\t\t\t\t\t<div class=\"swiper-container-wrap\">\n\t\t\t<div class=\"pp-magazine-slider pp-swiper-slider pp-tiled-posts pp-tiled-posts-layout-1 swiper-container clearfix\" data-slider-settings=\"{&quot;direction&quot;:&quot;horizontal&quot;,&quot;speed&quot;:600,&quot;slidesPerView&quot;:1,&quot;slidesPerGroup&quot;:1,&quot;spaceBetween&quot;:5,&quot;autoHeight&quot;:true,&quot;loop&quot;:true,&quot;autoplay&quot;:{&quot;delay&quot;:999999},&quot;navigation&quot;:{&quot;nextEl&quot;:&quot;.swiper-button-next-3f1f5df&quot;,&quot;prevEl&quot;:&quot;.swiper-button-prev-3f1f5df&quot;}}\">\n\t\t\t\t<div class=\"swiper-wrapper\">\n\t\t\t\t\t\t\t\t<div class=\"pp-tiled-posts-slide swiper-slide\">\n\t\t\t<div class=\"pp-tiles-posts-left\">\n\t\t\t\t\t<div class=\"pp-tiled-post pp-tiled-post-1 pp-tiled-post-featured\">\n\t\t\t<div class=\"pp-tiled-post-bg pp-media-background\" \n\t\t\tstyle='background-image:url(https:\/\/www.medellin.gov.co\/es\/wp-content\/uploads\/2026\/04\/Imagen-de-emprendedores-de-Mercados-Campesinos-768x576.jpg)'\t\t\t>\n\t\t\t<\/div>\n\t\t\t<div class=\"pp-tiled-post-overlay pp-media-overlay\"><a href=\"https:\/\/www.medellin.gov.co\/es\/sala-de-prensa\/noticias\/51-transformadores-de-alimentos-de-san-sebastian-de-palmitas-fortalecieron-sus-proyectos-con-recursos-de-presupuesto-participativo\/\" title=\"51 transformadores de alimentos de San Sebasti\u00e1n de Palmitas fortalecieron sus proyectos con recursos de Presupuesto Participativo\"><\/a><\/div>\n\t\t\t<div class=\"pp-tiled-post-content pp-tiled-post-content-bottom\">\n\t\t\t\t\t\t\t\t\t\t\t\t\t\t\t<div class=\"pp-post-categories pp-post-categories-style-1\">\n\t\t\t\t\t\t\t<span>\n\t\t\t\t\t\t\t\tGerencia de Corregimientos\t\t\t\t\t\t\t<\/span>\n\t\t\t\t\t\t<\/div>\n\t\t\t\t\t\t\t\t\t\t\t\t\t\t\t\t\t\t<header>\n\t\t\t\t\t\t<h2 class=\"pp-tiled-post-title\">\n\t\t\t\t\t\t\t51 transformadores de alimentos de San Sebasti\u00e1n de Palmitas fortalecieron sus proyectos con recursos de Presupuesto Participativo\t\t\t\t\t\t<\/h2>\n\t\t\t\t\t<\/header>\n\t\t\t\t\t\t\t\t\t\t\t\t\t<div class=\"pp-tiled-posts-meta\">\n\t\t\t\t\t\t\t\t\t\t\t\t\t<span class=\"pp-post-author\">\n\t\t\t\t\t\t\t\tLuis Fernando Arango\t\t\t\t\t\t\t<\/span>\n\t\t\t\t\t\t\t\t\t\t\t\t<span class=\"pp-post-date\"><span class=\"screen-reader-text\">Posted on <\/span>abril 30, 2026<\/span>\t\t\t\t\t<\/div>\n\t\t\t\t\n\t\t\t\t\t\t\t<\/div>\n\t\t<\/div>\n\t\t\t\t\t<\/div>\n\t\t\t\t\t\t<div class=\"pp-tiles-posts-right\">\n\t\t\t\t\t<div class=\"pp-tiled-post pp-tiled-post-2 pp-tiled-post-large\">\n\t\t\t<div class=\"pp-tiled-post-bg pp-media-background\" \n\t\t\tstyle='background-image:url(https:\/\/www.medellin.gov.co\/es\/wp-content\/uploads\/2026\/04\/Foto-principal-Dia-de-la-tierra-768x512.jpg)'\t\t\t>\n\t\t\t<\/div>\n\t\t\t<div class=\"pp-tiled-post-overlay pp-media-overlay\"><a href=\"https:\/\/www.medellin.gov.co\/es\/sala-de-prensa\/noticias\/medellin-conmemora-el-dia-internacional-de-la-tierra-invitando-a-cuidar-nuestros-corregimientos\/\" title=\"Medell\u00edn conmemora el D\u00eda Internacional de la Tierra invitando a cuidar nuestros corregimientos\"><\/a><\/div>\n\t\t\t<div class=\"pp-tiled-post-content pp-tiled-post-content-bottom\">\n\t\t\t\t\t\t\t\t\t\t\t\t\t\t\t<div class=\"pp-post-categories pp-post-categories-style-1\">\n\t\t\t\t\t\t\t<span>\n\t\t\t\t\t\t\t\tGerencia de Corregimientos\t\t\t\t\t\t\t<\/span>\n\t\t\t\t\t\t<\/div>\n\t\t\t\t\t\t\t\t\t\t\t\t\t\t\t\t\t\t<header>\n\t\t\t\t\t\t<h2 class=\"pp-tiled-post-title\">\n\t\t\t\t\t\t\tMedell\u00edn conmemora el D\u00eda Internacional de la Tierra invitando a cuidar nuestros corregimientos\t\t\t\t\t\t<\/h2>\n\t\t\t\t\t<\/header>\n\t\t\t\t\t\t\t\t\t\t\t\t\t<div class=\"pp-tiled-posts-meta\">\n\t\t\t\t\t\t\t\t\t\t\t\t\t<span class=\"pp-post-author\">\n\t\t\t\t\t\t\t\tKatherine Quintero Guzm\u00e1n\t\t\t\t\t\t\t<\/span>\n\t\t\t\t\t\t\t\t\t\t\t\t<span class=\"pp-post-date\"><span class=\"screen-reader-text\">Posted on <\/span>abril 22, 2026<\/span>\t\t\t\t\t<\/div>\n\t\t\t\t\n\t\t\t\t\t\t\t<\/div>\n\t\t<\/div>\n\t\t\t\t<div class=\"pp-tiled-post pp-tiled-post-3 pp-tiled-post-medium\">\n\t\t\t<div class=\"pp-tiled-post-bg pp-media-background\" \n\t\t\tstyle='background-image:url(https:\/\/www.medellin.gov.co\/es\/wp-content\/uploads\/2026\/04\/Imagen-principal-Santa-Elena-vivio-una-jornada-de-integracion-y-juego-limpio-con-el-Festival-Cuidarnos-es-ganar-768x512.jpg)'\t\t\t>\n\t\t\t<\/div>\n\t\t\t<div class=\"pp-tiled-post-overlay pp-media-overlay\"><a href=\"https:\/\/www.medellin.gov.co\/es\/sala-de-prensa\/noticias\/santa-elena-vivio-una-jornada-de-integracion-y-juego-limpio-con-el-festival-cuidarnos-es-ganar\/\" title=\"Santa Elena vivi\u00f3 una jornada de integraci\u00f3n y juego limpio con el Festival \u201cCuidarnos es ganar\u201d\"><\/a><\/div>\n\t\t\t<div class=\"pp-tiled-post-content pp-tiled-post-content-bottom\">\n\t\t\t\t\t\t\t\t\t\t\t\t\t\t\t<div class=\"pp-post-categories pp-post-categories-style-1\">\n\t\t\t\t\t\t\t<span>\n\t\t\t\t\t\t\t\tGerencia de Corregimientos\t\t\t\t\t\t\t<\/span>\n\t\t\t\t\t\t<\/div>\n\t\t\t\t\t\t\t\t\t\t\t\t\t\t\t\t\t\t<header>\n\t\t\t\t\t\t<h2 class=\"pp-tiled-post-title\">\n\t\t\t\t\t\t\tSanta Elena vivi\u00f3 una jornada de integraci\u00f3n y juego limpio con el Festival \u201cCuidarnos es ganar\u201d\t\t\t\t\t\t<\/h2>\n\t\t\t\t\t<\/header>\n\t\t\t\t\t\t\t\t\t\t\t\t\t<div class=\"pp-tiled-posts-meta\">\n\t\t\t\t\t\t\t\t\t\t\t\t\t<span class=\"pp-post-author\">\n\t\t\t\t\t\t\t\tKatherine Quintero Guzm\u00e1n\t\t\t\t\t\t\t<\/span>\n\t\t\t\t\t\t\t\t\t\t\t\t<span class=\"pp-post-date\"><span class=\"screen-reader-text\">Posted on <\/span>abril 21, 2026<\/span>\t\t\t\t\t<\/div>\n\t\t\t\t\n\t\t\t\t\t\t\t<\/div>\n\t\t<\/div>\n\t\t\t\t<div class=\"pp-tiled-post pp-tiled-post-4 pp-tiled-post-medium\">\n\t\t\t<div class=\"pp-tiled-post-bg pp-media-background\" \n\t\t\tstyle='background-image:url(https:\/\/www.medellin.gov.co\/es\/wp-content\/uploads\/2026\/04\/PPAL-SAN-SEBASTIAN-768x512.jpg)'\t\t\t>\n\t\t\t<\/div>\n\t\t\t<div class=\"pp-tiled-post-overlay pp-media-overlay\"><a href=\"https:\/\/www.medellin.gov.co\/es\/sala-de-prensa\/noticias\/por-que-casi-todos-los-corregimientos-de-medellin-tienen-nombres-de-santos\/\" title=\"\u00bfPor qu\u00e9 casi todos los corregimientos de Medell\u00edn tienen nombres de santos?\"><\/a><\/div>\n\t\t\t<div class=\"pp-tiled-post-content pp-tiled-post-content-bottom\">\n\t\t\t\t\t\t\t\t\t\t\t\t\t\t\t<div class=\"pp-post-categories pp-post-categories-style-1\">\n\t\t\t\t\t\t\t<span>\n\t\t\t\t\t\t\t\tGerencia de Corregimientos\t\t\t\t\t\t\t<\/span>\n\t\t\t\t\t\t<\/div>\n\t\t\t\t\t\t\t\t\t\t\t\t\t\t\t\t\t\t<header>\n\t\t\t\t\t\t<h2 class=\"pp-tiled-post-title\">\n\t\t\t\t\t\t\t\u00bfPor qu\u00e9 casi todos los corregimientos de Medell\u00edn tienen nombres de santos?\t\t\t\t\t\t<\/h2>\n\t\t\t\t\t<\/header>\n\t\t\t\t\t\t\t\t\t\t\t\t\t<div class=\"pp-tiled-posts-meta\">\n\t\t\t\t\t\t\t\t\t\t\t\t\t<span class=\"pp-post-author\">\n\t\t\t\t\t\t\t\tLuis Fernando Arango\t\t\t\t\t\t\t<\/span>\n\t\t\t\t\t\t\t\t\t\t\t\t<span class=\"pp-post-date\"><span class=\"screen-reader-text\">Posted on <\/span>abril 8, 2026<\/span>\t\t\t\t\t<\/div>\n\t\t\t\t\n\t\t\t\t\t\t\t<\/div>\n\t\t<\/div>\n\t\t\t\t\t<\/div>\n\t\t\t<\/div>\n\t\t\t\t\t\t<div class=\"pp-tiled-posts-slide swiper-slide\">\n\t\t\t<div class=\"pp-tiles-posts-left\">\n\t\t\t\t\t<div class=\"pp-tiled-post pp-tiled-post-5 pp-tiled-post-featured\">\n\t\t\t<div class=\"pp-tiled-post-bg pp-media-background\" \n\t\t\tstyle='background-image:url(https:\/\/www.medellin.gov.co\/es\/wp-content\/uploads\/2026\/03\/FOTO-GUARDABOSQUES-SSP-768x512.jpg)'\t\t\t>\n\t\t\t<\/div>\n\t\t\t<div class=\"pp-tiled-post-overlay pp-media-overlay\"><a href=\"https:\/\/www.medellin.gov.co\/es\/sala-de-prensa\/noticias\/con-guardabosques-medellin-protege-sus-recursos-naturales-desde-las-montanas\/\" title=\"Con Guardabosques, Medell\u00edn protege sus recursos naturales desde las monta\u00f1as\"><\/a><\/div>\n\t\t\t<div class=\"pp-tiled-post-content pp-tiled-post-content-bottom\">\n\t\t\t\t\t\t\t\t\t\t\t\t\t\t\t<div class=\"pp-post-categories pp-post-categories-style-1\">\n\t\t\t\t\t\t\t<span>\n\t\t\t\t\t\t\t\tGerencia de Corregimientos\t\t\t\t\t\t\t<\/span>\n\t\t\t\t\t\t<\/div>\n\t\t\t\t\t\t\t\t\t\t\t\t\t\t\t\t\t\t<header>\n\t\t\t\t\t\t<h2 class=\"pp-tiled-post-title\">\n\t\t\t\t\t\t\tCon Guardabosques, Medell\u00edn protege sus recursos naturales desde las monta\u00f1as\t\t\t\t\t\t<\/h2>\n\t\t\t\t\t<\/header>\n\t\t\t\t\t\t\t\t\t\t\t\t\t<div class=\"pp-tiled-posts-meta\">\n\t\t\t\t\t\t\t\t\t\t\t\t\t<span class=\"pp-post-author\">\n\t\t\t\t\t\t\t\tKatherine Quintero Guzm\u00e1n\t\t\t\t\t\t\t<\/span>\n\t\t\t\t\t\t\t\t\t\t\t\t<span class=\"pp-post-date\"><span class=\"screen-reader-text\">Posted on <\/span>marzo 20, 2026<\/span>\t\t\t\t\t<\/div>\n\t\t\t\t\n\t\t\t\t\t\t\t<\/div>\n\t\t<\/div>\n\t\t\t\t\t<\/div>\n\t\t\t\t\t\t<div class=\"pp-tiles-posts-right\">\n\t\t\t\t\t<div class=\"pp-tiled-post pp-tiled-post-6 pp-tiled-post-large\">\n\t\t\t<div class=\"pp-tiled-post-bg pp-media-background\" \n\t\t\tstyle='background-image:url(https:\/\/www.medellin.gov.co\/es\/wp-content\/uploads\/2026\/03\/Imagen-jornada-de-ornato-y-aseo-en-sector-El-Concejo-Altavista-1-768x576.jpg)'\t\t\t>\n\t\t\t<\/div>\n\t\t\t<div class=\"pp-tiled-post-overlay pp-media-overlay\"><a href=\"https:\/\/www.medellin.gov.co\/es\/sala-de-prensa\/noticias\/altavista-tambien-cuida-su-metro-cuadrado-en-jornada-de-ornato-y-aseo-comunidad-y-alcaldia-limpiaron-mas-de-1-500-m2-de-espacio-publico\/\" title=\"Altavista tambi\u00e9n cuida su metro cuadrado: en jornada de ornato y aseo, comunidad y Alcald\u00eda limpiaron m\u00e1s de 1.500 m2 de espacio p\u00fablico\"><\/a><\/div>\n\t\t\t<div class=\"pp-tiled-post-content pp-tiled-post-content-bottom\">\n\t\t\t\t\t\t\t\t\t\t\t\t\t\t\t<div class=\"pp-post-categories pp-post-categories-style-1\">\n\t\t\t\t\t\t\t<span>\n\t\t\t\t\t\t\t\tGerencia de Corregimientos\t\t\t\t\t\t\t<\/span>\n\t\t\t\t\t\t<\/div>\n\t\t\t\t\t\t\t\t\t\t\t\t\t\t\t\t\t\t<header>\n\t\t\t\t\t\t<h2 class=\"pp-tiled-post-title\">\n\t\t\t\t\t\t\tAltavista tambi\u00e9n cuida su metro cuadrado: en jornada de ornato y aseo, comunidad y Alcald\u00eda limpiaron m\u00e1s de 1.500 m2 de espacio p\u00fablico\t\t\t\t\t\t<\/h2>\n\t\t\t\t\t<\/header>\n\t\t\t\t\t\t\t\t\t\t\t\t\t<div class=\"pp-tiled-posts-meta\">\n\t\t\t\t\t\t\t\t\t\t\t\t\t<span class=\"pp-post-author\">\n\t\t\t\t\t\t\t\tKatherine Quintero Guzm\u00e1n\t\t\t\t\t\t\t<\/span>\n\t\t\t\t\t\t\t\t\t\t\t\t<span class=\"pp-post-date\"><span class=\"screen-reader-text\">Posted on <\/span>marzo 10, 2026<\/span>\t\t\t\t\t<\/div>\n\t\t\t\t\n\t\t\t\t\t\t\t<\/div>\n\t\t<\/div>\n\t\t\t\t<div class=\"pp-tiled-post pp-tiled-post-7 pp-tiled-post-medium\">\n\t\t\t<div class=\"pp-tiled-post-bg pp-media-background\" \n\t\t\tstyle='background-image:url(https:\/\/www.medellin.gov.co\/es\/wp-content\/uploads\/2026\/03\/Imagen-Familias-campesinas-de-Medellin-2-768x512.jpg)'\t\t\t>\n\t\t\t<\/div>\n\t\t\t<div class=\"pp-tiled-post-overlay pp-media-overlay\"><a href=\"https:\/\/www.medellin.gov.co\/es\/sala-de-prensa\/noticias\/familias-campesinas-de-medellin-innovan-con-buenas-practicas-de-produccion-para-reducir-el-desperdicio-de-alimentos\/\" title=\"Familias campesinas de Medell\u00edn innovan con buenas pr\u00e1cticas de producci\u00f3n para reducir el desperdicio de alimentos\"><\/a><\/div>\n\t\t\t<div class=\"pp-tiled-post-content pp-tiled-post-content-bottom\">\n\t\t\t\t\t\t\t\t\t\t\t\t\t\t\t<div class=\"pp-post-categories pp-post-categories-style-1\">\n\t\t\t\t\t\t\t<span>\n\t\t\t\t\t\t\t\tGerencia de Corregimientos\t\t\t\t\t\t\t<\/span>\n\t\t\t\t\t\t<\/div>\n\t\t\t\t\t\t\t\t\t\t\t\t\t\t\t\t\t\t<header>\n\t\t\t\t\t\t<h2 class=\"pp-tiled-post-title\">\n\t\t\t\t\t\t\tFamilias campesinas de Medell\u00edn innovan con buenas pr\u00e1cticas de producci\u00f3n para reducir el desperdicio de alimentos\t\t\t\t\t\t<\/h2>\n\t\t\t\t\t<\/header>\n\t\t\t\t\t\t\t\t\t\t\t\t\t<div class=\"pp-tiled-posts-meta\">\n\t\t\t\t\t\t\t\t\t\t\t\t\t<span class=\"pp-post-author\">\n\t\t\t\t\t\t\t\tKatherine Quintero Guzm\u00e1n\t\t\t\t\t\t\t<\/span>\n\t\t\t\t\t\t\t\t\t\t\t\t<span class=\"pp-post-date\"><span class=\"screen-reader-text\">Posted on <\/span>marzo 3, 2026<\/span>\t\t\t\t\t<\/div>\n\t\t\t\t\n\t\t\t\t\t\t\t<\/div>\n\t\t<\/div>\n\t\t\t\t<div class=\"pp-tiled-post pp-tiled-post-8 pp-tiled-post-medium\">\n\t\t\t<div class=\"pp-tiled-post-bg pp-media-background\" \n\t\t\tstyle='background-image:url(https:\/\/www.medellin.gov.co\/es\/wp-content\/uploads\/2026\/02\/Imagen-Dia-manos-Rojas-5-768x512.jpg)'\t\t\t>\n\t\t\t<\/div>\n\t\t\t<div class=\"pp-tiled-post-overlay pp-media-overlay\"><a href=\"https:\/\/www.medellin.gov.co\/es\/sala-de-prensa\/noticias\/infancia-si-guerra-no-la-apuesta-del-distrito-por-la-proteccion-de-ninas-ninos-y-adolescentes-de-la-ruralidad\/\" title=\"\u201cInfancia s\u00ed, guerra no\u201d, la apuesta del Distrito por la protecci\u00f3n de ni\u00f1as, ni\u00f1os y adolescentes de la ruralidad\"><\/a><\/div>\n\t\t\t<div class=\"pp-tiled-post-content pp-tiled-post-content-bottom\">\n\t\t\t\t\t\t\t\t\t\t\t\t\t\t\t<div class=\"pp-post-categories pp-post-categories-style-1\">\n\t\t\t\t\t\t\t<span>\n\t\t\t\t\t\t\t\tGerencia de Corregimientos\t\t\t\t\t\t\t<\/span>\n\t\t\t\t\t\t<\/div>\n\t\t\t\t\t\t\t\t\t\t\t\t\t\t\t\t\t\t<header>\n\t\t\t\t\t\t<h2 class=\"pp-tiled-post-title\">\n\t\t\t\t\t\t\t\u201cInfancia s\u00ed, guerra no\u201d, la apuesta del Distrito por la protecci\u00f3n de ni\u00f1as, ni\u00f1os y adolescentes de la ruralidad\t\t\t\t\t\t<\/h2>\n\t\t\t\t\t<\/header>\n\t\t\t\t\t\t\t\t\t\t\t\t\t<div class=\"pp-tiled-posts-meta\">\n\t\t\t\t\t\t\t\t\t\t\t\t\t<span class=\"pp-post-author\">\n\t\t\t\t\t\t\t\tFelipe Pel\u00e1ez P\u00e9rez\t\t\t\t\t\t\t<\/span>\n\t\t\t\t\t\t\t\t\t\t\t\t<span class=\"pp-post-date\"><span class=\"screen-reader-text\">Posted on <\/span>febrero 18, 2026<\/span>\t\t\t\t\t<\/div>\n\t\t\t\t\n\t\t\t\t\t\t\t<\/div>\n\t\t<\/div>\n\t\t\t\t\t<\/div>\n\t\t\t<\/div>\n\t\t\t\t\t\t<div class=\"pp-tiled-posts-slide swiper-slide\">\n\t\t\t<div class=\"pp-tiles-posts-left\">\n\t\t\t\t\t<div class=\"pp-tiled-post pp-tiled-post-9 pp-tiled-post-featured\">\n\t\t\t<div class=\"pp-tiled-post-bg pp-media-background\" \n\t\t\tstyle='background-image:url(https:\/\/www.medellin.gov.co\/es\/wp-content\/uploads\/2025\/12\/intervenciones-de-limpieza-y-ornato-en-los-cinco-corregimientos-4-768x567.jpeg)'\t\t\t>\n\t\t\t<\/div>\n\t\t\t<div class=\"pp-tiled-post-overlay pp-media-overlay\"><a href=\"https:\/\/www.medellin.gov.co\/es\/sala-de-prensa\/noticias\/la-alcaldia-de-medellin-realizo-176-intervenciones-de-limpieza-y-ornato-en-los-cinco-corregimientos\/\" title=\"La Alcald\u00eda de Medell\u00edn realiz\u00f3 176 intervenciones de limpieza y ornato en los cinco corregimientos\"><\/a><\/div>\n\t\t\t<div class=\"pp-tiled-post-content pp-tiled-post-content-bottom\">\n\t\t\t\t\t\t\t\t\t\t\t\t\t\t\t<div class=\"pp-post-categories pp-post-categories-style-1\">\n\t\t\t\t\t\t\t<span>\n\t\t\t\t\t\t\t\tGerencia de Corregimientos\t\t\t\t\t\t\t<\/span>\n\t\t\t\t\t\t<\/div>\n\t\t\t\t\t\t\t\t\t\t\t\t\t\t\t\t\t\t<header>\n\t\t\t\t\t\t<h2 class=\"pp-tiled-post-title\">\n\t\t\t\t\t\t\tLa Alcald\u00eda de Medell\u00edn realiz\u00f3 176 intervenciones de limpieza y ornato en los cinco corregimientos\t\t\t\t\t\t<\/h2>\n\t\t\t\t\t<\/header>\n\t\t\t\t\t\t\t\t\t\t\t\t\t<div class=\"pp-tiled-posts-meta\">\n\t\t\t\t\t\t\t\t\t\t\t\t\t<span class=\"pp-post-author\">\n\t\t\t\t\t\t\t\tFelipe Pel\u00e1ez P\u00e9rez\t\t\t\t\t\t\t<\/span>\n\t\t\t\t\t\t\t\t\t\t\t\t<span class=\"pp-post-date\"><span class=\"screen-reader-text\">Posted on <\/span>diciembre 24, 2025<\/span>\t\t\t\t\t<\/div>\n\t\t\t\t\n\t\t\t\t\t\t\t<\/div>\n\t\t<\/div>\n\t\t\t\t\t<\/div>\n\t\t\t\t\t\t<div class=\"pp-tiles-posts-right\">\n\t\t\t\t\t<div class=\"pp-tiled-post pp-tiled-post-10 pp-tiled-post-large\">\n\t\t\t<div class=\"pp-tiled-post-bg pp-media-background\" \n\t\t\tstyle='background-image:url(https:\/\/www.medellin.gov.co\/es\/wp-content\/uploads\/2025\/12\/SC-Puente-768x512.jpg)'\t\t\t>\n\t\t\t<\/div>\n\t\t\t<div class=\"pp-tiled-post-overlay pp-media-overlay\"><a href=\"https:\/\/www.medellin.gov.co\/es\/sala-de-prensa\/noticias\/vacaciones-con-sabor-a-tradicion-visita-los-corregimientos-de-medellin\/\" title=\"Vacaciones con sabor a tradici\u00f3n: visita los corregimientos de Medell\u00edn\"><\/a><\/div>\n\t\t\t<div class=\"pp-tiled-post-content pp-tiled-post-content-bottom\">\n\t\t\t\t\t\t\t\t\t\t\t\t\t\t\t<div class=\"pp-post-categories pp-post-categories-style-1\">\n\t\t\t\t\t\t\t<span>\n\t\t\t\t\t\t\t\tGerencia de Corregimientos\t\t\t\t\t\t\t<\/span>\n\t\t\t\t\t\t<\/div>\n\t\t\t\t\t\t\t\t\t\t\t\t\t\t\t\t\t\t<header>\n\t\t\t\t\t\t<h2 class=\"pp-tiled-post-title\">\n\t\t\t\t\t\t\tVacaciones con sabor a tradici\u00f3n: visita los corregimientos de Medell\u00edn\t\t\t\t\t\t<\/h2>\n\t\t\t\t\t<\/header>\n\t\t\t\t\t\t\t\t\t\t\t\t\t<div class=\"pp-tiled-posts-meta\">\n\t\t\t\t\t\t\t\t\t\t\t\t\t<span class=\"pp-post-author\">\n\t\t\t\t\t\t\t\tFelipe Pel\u00e1ez P\u00e9rez\t\t\t\t\t\t\t<\/span>\n\t\t\t\t\t\t\t\t\t\t\t\t<span class=\"pp-post-date\"><span class=\"screen-reader-text\">Posted on <\/span>diciembre 22, 2025<\/span>\t\t\t\t\t<\/div>\n\t\t\t\t\n\t\t\t\t\t\t\t<\/div>\n\t\t<\/div>\n\t\t\t\t<div class=\"pp-tiled-post pp-tiled-post-11 pp-tiled-post-medium\">\n\t\t\t<div class=\"pp-tiled-post-bg pp-media-background\" \n\t\t\tstyle='background-image:url(https:\/\/www.medellin.gov.co\/es\/wp-content\/uploads\/2025\/12\/Imagen-de-entrega-de-diplomas-768x512.jpg)'\t\t\t>\n\t\t\t<\/div>\n\t\t\t<div class=\"pp-tiled-post-overlay pp-media-overlay\"><a href=\"https:\/\/www.medellin.gov.co\/es\/sala-de-prensa\/noticias\/81-productores-de-san-cristobal-se-certificaron-en-agroecologia-con-apoyo-de-la-alcaldia-de-medellin\/\" title=\"81 productores de San Crist\u00f3bal se certificaron en agroecolog\u00eda con apoyo de la Alcald\u00eda de Medell\u00edn\"><\/a><\/div>\n\t\t\t<div class=\"pp-tiled-post-content pp-tiled-post-content-bottom\">\n\t\t\t\t\t\t\t\t\t\t\t\t\t\t\t<div class=\"pp-post-categories pp-post-categories-style-1\">\n\t\t\t\t\t\t\t<span>\n\t\t\t\t\t\t\t\tGerencia de Corregimientos\t\t\t\t\t\t\t<\/span>\n\t\t\t\t\t\t<\/div>\n\t\t\t\t\t\t\t\t\t\t\t\t\t\t\t\t\t\t<header>\n\t\t\t\t\t\t<h2 class=\"pp-tiled-post-title\">\n\t\t\t\t\t\t\t81 productores de San Crist\u00f3bal se certificaron en agroecolog\u00eda con apoyo de la Alcald\u00eda de Medell\u00edn\t\t\t\t\t\t<\/h2>\n\t\t\t\t\t<\/header>\n\t\t\t\t\t\t\t\t\t\t\t\t\t<div class=\"pp-tiled-posts-meta\">\n\t\t\t\t\t\t\t\t\t\t\t\t\t<span class=\"pp-post-author\">\n\t\t\t\t\t\t\t\tLuis Fernando Arango\t\t\t\t\t\t\t<\/span>\n\t\t\t\t\t\t\t\t\t\t\t\t<span class=\"pp-post-date\"><span class=\"screen-reader-text\">Posted on <\/span>diciembre 19, 2025<\/span>\t\t\t\t\t<\/div>\n\t\t\t\t\n\t\t\t\t\t\t\t<\/div>\n\t\t<\/div>\n\t\t\t\t<div class=\"pp-tiled-post pp-tiled-post-12 pp-tiled-post-medium\">\n\t\t\t<div class=\"pp-tiled-post-bg pp-media-background\" \n\t\t\tstyle='background-image:url(https:\/\/www.medellin.gov.co\/es\/wp-content\/uploads\/2025\/12\/Imagen-Dia-de-los-Corregimientos-principal-768x554.jpg)'\t\t\t>\n\t\t\t<\/div>\n\t\t\t<div class=\"pp-tiled-post-overlay pp-media-overlay\"><a href=\"https:\/\/www.medellin.gov.co\/es\/sala-de-prensa\/noticias\/la-ruralidad-de-medellin-brillo-asi-se-vivio-un-dia-de-los-corregimientos-lleno-de-emocion-y-encuentro\/\" title=\"La ruralidad de Medell\u00edn brill\u00f3: as\u00ed se vivi\u00f3 un D\u00eda de los Corregimientos lleno de emoci\u00f3n y encuentro\"><\/a><\/div>\n\t\t\t<div class=\"pp-tiled-post-content pp-tiled-post-content-bottom\">\n\t\t\t\t\t\t\t\t\t\t\t\t\t\t\t<div class=\"pp-post-categories pp-post-categories-style-1\">\n\t\t\t\t\t\t\t<span>\n\t\t\t\t\t\t\t\tGerencia de Corregimientos\t\t\t\t\t\t\t<\/span>\n\t\t\t\t\t\t<\/div>\n\t\t\t\t\t\t\t\t\t\t\t\t\t\t\t\t\t\t<header>\n\t\t\t\t\t\t<h2 class=\"pp-tiled-post-title\">\n\t\t\t\t\t\t\tLa ruralidad de Medell\u00edn brill\u00f3: as\u00ed se vivi\u00f3 un D\u00eda de los Corregimientos lleno de emoci\u00f3n y encuentro\t\t\t\t\t\t<\/h2>\n\t\t\t\t\t<\/header>\n\t\t\t\t\t\t\t\t\t\t\t\t\t<div class=\"pp-tiled-posts-meta\">\n\t\t\t\t\t\t\t\t\t\t\t\t\t<span class=\"pp-post-author\">\n\t\t\t\t\t\t\t\tFelipe Pel\u00e1ez P\u00e9rez\t\t\t\t\t\t\t<\/span>\n\t\t\t\t\t\t\t\t\t\t\t\t<span class=\"pp-post-date\"><span class=\"screen-reader-text\">Posted on <\/span>diciembre 15, 2025<\/span>\t\t\t\t\t<\/div>\n\t\t\t\t\n\t\t\t\t\t\t\t<\/div>\n\t\t<\/div>\n\t\t\t\t\t<\/div>\n\t\t\t<\/div>\n\t\t\t\t\t\t\t<\/div>\n\t\t\t<\/div>\n\t\t\t\t\t\t\t<div class=\"pp-slider-arrow swiper-button-prev swiper-button-prev-3f1f5df\">\n\t\t\t\t\t<i aria-hidden=\"true\" class=\"fas fa-angle-left\"><\/i>\t\t\t\t<\/div>\n\t\t\t\t<div class=\"pp-slider-arrow swiper-button-next swiper-button-next-3f1f5df\">\n\t\t\t\t\t<i aria-hidden=\"true\" class=\"fas fa-angle-right\"><\/i>\t\t\t\t<\/div>\n\t\t\t\t\t<\/div>\n\t\t\t\t<\/div>\n\t\t\t\t<\/div>\n\t\t<\/div><\/div><div class=\"elementor-element elementor-element-34e3440 e-container--column e-container\" data-id=\"34e3440\" data-element_type=\"container\">\t\t<div class=\"elementor-element elementor-element-4ef5ed3 e-container--column e-container\" data-id=\"4ef5ed3\" data-element_type=\"container\">\t\t\t\t<div class=\"elementor-element elementor-element-c640fa3 elementor-widget elementor-widget-heading\" data-id=\"c640fa3\" data-element_type=\"widget\" data-widget_type=\"heading.default\">\n\t\t\t\t<div class=\"elementor-widget-container\">\n\t\t\t<h2 class=\"elementor-heading-title elementor-size-default\"><b>Conoce<\/b> algunas iniciativas<\/h2>\t\t<\/div>\n\t\t\t\t<\/div>\n\t\t<\/div><\/div><div class=\"elementor-element elementor-element-fa3cb5a e-container--column e-container\" data-id=\"fa3cb5a\" data-element_type=\"container\">\t\t\t\t<div class=\"elementor-element elementor-element-ce56773 pp-image-accordion-orientation-vertical pp-image-accordion-stack-on-tablet elementor-widget elementor-widget-pp-image-accordion\" data-id=\"ce56773\" data-element_type=\"widget\" data-settings=\"{&quot;accordion_action&quot;:&quot;on-hover&quot;,&quot;orientation&quot;:&quot;vertical&quot;,&quot;stack_on&quot;:&quot;tablet&quot;}\" data-widget_type=\"pp-image-accordion.default\">\n\t\t\t\t<div class=\"elementor-widget-container\">\n\t\t\t\t\t\t<div class=\"pp-image-accordion pp-image-accordion-on-hover\" id=\"pp-image-accordion-ce56773\">\n\t\t\t\t\t\t\t\t\t\t\t\t\t\t<div class=\"pp-image-accordion-item elementor-repeater-item-a2da867\" style=\"background-image: url(https:\/\/www.medellin.gov.co\/es\/wp-content\/uploads\/2023\/10\/Cafe-El-encanto.jpg);\">\n\t\t\t\t\t\t<div class=\"pp-image-accordion-overlay pp-media-overlay\">\n\t\t\t\t\t\t\t<div class=\"pp-image-accordion-content-wrap\">\n\t\t\t\t\t\t\t\t<div class=\"pp-image-accordion-content\">\n\t\t\t\t\t\t\t\t\t\t\t\t\t\t\t\t\t\t<h2 class=\"pp-image-accordion-title\">\n\t\t\t\t\t\t\t\t\t\tCaf\u00e9 El Encanto\t\t\t\t\t\t\t\t\t<\/h2>\n\t\t\t\t\t\t\t\t\t<div class=\"pp-image-accordion-description\">\n\t\t\t\t\t\t\t\t\t\t<p style=\"text-align: left;\"><span style=\"color: #ff8803;\"><strong>San Antonio de Prado<\/strong><\/span><\/p><p style=\"text-align: left;\">Somos un legado de amor familiar, siendo tercera generaci\u00f3n de cultivadores de caf\u00e9; donde lo estamos transformando en grano o molido; siendo los \u00fanicos caficultores del corregimiento que estamos transformando el caf\u00e9.<\/p>\t\t\t\t\t\t\t\t\t<\/div>\n\t\t\t\t\t\t\t\t<\/div>\n\t\t\t\t\t\t\t\t\t\t\t\t\t\t\t<\/div>\n\t\t\t\t\t\t<\/div>\n\t\t\t\t\t<\/div>\n\t\t\t\t\t\t\t\t\t\t\t\t\t\t<div class=\"pp-image-accordion-item elementor-repeater-item-104f5cf\" style=\"background-image: url(https:\/\/www.medellin.gov.co\/es\/wp-content\/uploads\/2023\/10\/Ecohuevos-el-Eden.jpg);\">\n\t\t\t\t\t\t<div class=\"pp-image-accordion-overlay pp-media-overlay\">\n\t\t\t\t\t\t\t<div class=\"pp-image-accordion-content-wrap\">\n\t\t\t\t\t\t\t\t<div class=\"pp-image-accordion-content\">\n\t\t\t\t\t\t\t\t\t\t\t\t\t\t\t\t\t\t<h2 class=\"pp-image-accordion-title\">\n\t\t\t\t\t\t\t\t\t\tEcohuevos El Ed\u00e9n\t\t\t\t\t\t\t\t\t<\/h2>\n\t\t\t\t\t\t\t\t\t<div class=\"pp-image-accordion-description\">\n\t\t\t\t\t\t\t\t\t\t<p style=\"text-align: left;\"><span style=\"color: #ff8803;\"><strong>San Sebasti\u00e1n de Palmitas<\/strong><\/span><\/p><p style=\"text-align: left;\">Somos un emprendimiento dedicado a la producci\u00f3n y comercializaci\u00f3n de huevos en producci\u00f3n m\u00e1s limpia, con aves en libre pastoreo, con buenas pr\u00e1cticas ambientales y responsabilidad social.<\/p>\t\t\t\t\t\t\t\t\t<\/div>\n\t\t\t\t\t\t\t\t<\/div>\n\t\t\t\t\t\t\t\t\t\t\t\t\t\t\t<\/div>\n\t\t\t\t\t\t<\/div>\n\t\t\t\t\t<\/div>\n\t\t\t\t\t\t\t\t\t\t\t\t\t\t<div class=\"pp-image-accordion-item elementor-repeater-item-38f2151\" style=\"background-image: url(https:\/\/www.medellin.gov.co\/es\/wp-content\/uploads\/2023\/10\/Ideas-Rurales-Tour-Panelero.jpg);\">\n\t\t\t\t\t\t<div class=\"pp-image-accordion-overlay pp-media-overlay\">\n\t\t\t\t\t\t\t<div class=\"pp-image-accordion-content-wrap\">\n\t\t\t\t\t\t\t\t<div class=\"pp-image-accordion-content\">\n\t\t\t\t\t\t\t\t\t\t\t\t\t\t\t\t\t\t<h2 class=\"pp-image-accordion-title\">\n\t\t\t\t\t\t\t\t\t\tTour Panelero La Arrinconada\t\t\t\t\t\t\t\t\t<\/h2>\n\t\t\t\t\t\t\t\t\t<div class=\"pp-image-accordion-description\">\n\t\t\t\t\t\t\t\t\t\t<p style=\"text-align: left;\"><span style=\"color: #ff8803;\"><strong>San Sebasti\u00e1n de Palmitas<\/strong><\/span><\/p><p style=\"text-align: left;\">Queremos dar a conocer a las personas extranjeras y nacionales todo el proceso y nuestra tradici\u00f3n familiar y la producci\u00f3n de la panela desde la siembra de la ca\u00f1a. En el recorrido se brinda alimentaci\u00f3n, souvenirs, recorridos a caballo, senderismo por los caminos ancestrales (camino del Virrey) y transporte.<\/p>\t\t\t\t\t\t\t\t\t<\/div>\n\t\t\t\t\t\t\t\t<\/div>\n\t\t\t\t\t\t\t\t\t\t\t\t\t\t\t<\/div>\n\t\t\t\t\t\t<\/div>\n\t\t\t\t\t<\/div>\n\t\t\t\t\t\t\t\t\t\t\t\t\t\t<div class=\"pp-image-accordion-item elementor-repeater-item-9a62fd6\" style=\"background-image: url(https:\/\/www.medellin.gov.co\/es\/wp-content\/uploads\/2023\/10\/Agro-alma.jpg);\">\n\t\t\t\t\t\t<div class=\"pp-image-accordion-overlay pp-media-overlay\">\n\t\t\t\t\t\t\t<div class=\"pp-image-accordion-content-wrap\">\n\t\t\t\t\t\t\t\t<div class=\"pp-image-accordion-content\">\n\t\t\t\t\t\t\t\t\t\t\t\t\t\t\t\t\t\t<h2 class=\"pp-image-accordion-title\">\n\t\t\t\t\t\t\t\t\t\tAgro-alma\t\t\t\t\t\t\t\t\t<\/h2>\n\t\t\t\t\t\t\t\t\t<div class=\"pp-image-accordion-description\">\n\t\t\t\t\t\t\t\t\t\t<p style=\"text-align: left;\"><strong><span style=\"color: #ff8803;\">Altavista<\/span><\/strong><\/p><p style=\"text-align: left;\">Reconociendo el gran potencial tur\u00edstico que existe en Medell\u00edn, deseamos establecer un espacio agroturistico que nos permita ofrecer distintas experiencias agroecol\u00f3gicas y difundir la t\u00e9cnica de regeneraci\u00f3n de suelo, las cuales posibilitan producir alimentos de gran valor nutricional, logrando con ellos una mejor comercializaci\u00f3n de los productos de la finca.<\/p>\t\t\t\t\t\t\t\t\t<\/div>\n\t\t\t\t\t\t\t\t<\/div>\n\t\t\t\t\t\t\t\t\t\t\t\t\t\t\t<\/div>\n\t\t\t\t\t\t<\/div>\n\t\t\t\t\t<\/div>\n\t\t\t\t\t\t\t\t\t\t\t\t\t\t<div class=\"pp-image-accordion-item elementor-repeater-item-5a3eb14\" style=\"background-image: url(https:\/\/www.medellin.gov.co\/es\/wp-content\/uploads\/2023\/10\/Ideas-Rurales-Ser-Integro.jpg);\">\n\t\t\t\t\t\t<div class=\"pp-image-accordion-overlay pp-media-overlay\">\n\t\t\t\t\t\t\t<div class=\"pp-image-accordion-content-wrap\">\n\t\t\t\t\t\t\t\t<div class=\"pp-image-accordion-content\">\n\t\t\t\t\t\t\t\t\t\t\t\t\t\t\t\t\t\t<h2 class=\"pp-image-accordion-title\">\n\t\t\t\t\t\t\t\t\t\tSer \u00cdntegro\t\t\t\t\t\t\t\t\t<\/h2>\n\t\t\t\t\t\t\t\t\t<div class=\"pp-image-accordion-description\">\n\t\t\t\t\t\t\t\t\t\t<p style=\"text-align: left;\"><span style=\"color: #ff8803;\"><strong>Santa Elena<\/strong><\/span><\/p><p style=\"text-align: left;\">Reconocimiento de las plantas potenciales para el territorio, siembra org\u00e1nica y libre de pesticidas para el mejoramiento de la salud humana y del sue\u00f1o. Se pretende integrar la comunidad alrededor de la siembra del pan, el trigo y el ma\u00edz como apropiaci\u00f3n cultural del territorio.<\/p>\t\t\t\t\t\t\t\t\t<\/div>\n\t\t\t\t\t\t\t\t<\/div>\n\t\t\t\t\t\t\t\t\t\t\t\t\t\t\t<\/div>\n\t\t\t\t\t\t<\/div>\n\t\t\t\t\t<\/div>\n\t\t\t\t\t\t\t<\/div>\n\t\t\t\t<\/div>\n\t\t\t\t<\/div>\n\t\t<\/div>\t\t\t\t\t\t\t<\/div>\n\t\t\t<\/div>\n\t\t\t\t\t<\/div>\n\t\t","protected":false},"excerpt":{"rendered":"<p>Bienvenid@ al Sistema de Informaci\u00f3n de las Din\u00e1micas Rurales (SIDR) Aqu\u00ed encontrar\u00e1s una herramienta con historias, vivencias, datos e ideas para integrar los corregimientos a la ciudad de Medell\u00edn. Altavista San Sebasti\u00e1n de Palmitas San &#8230;<\/p>\n","protected":false},"author":1,"featured_media":245779,"parent":15136,"menu_order":0,"comment_status":"closed","ping_status":"closed","template":"sec-corregimientos\/elementor-fao.php","meta":[],"acf":[],"_links":{"self":[{"href":"https:\/\/www.medellin.gov.co\/es\/wp-json\/wp\/v2\/pages\/264089"}],"collection":[{"href":"https:\/\/www.medellin.gov.co\/es\/wp-json\/wp\/v2\/pages"}],"about":[{"href":"https:\/\/www.medellin.gov.co\/es\/wp-json\/wp\/v2\/types\/page"}],"author":[{"embeddable":true,"href":"https:\/\/www.medellin.gov.co\/es\/wp-json\/wp\/v2\/users\/1"}],"replies":[{"embeddable":true,"href":"https:\/\/www.medellin.gov.co\/es\/wp-json\/wp\/v2\/comments?post=264089"}],"version-history":[{"count":10,"href":"https:\/\/www.medellin.gov.co\/es\/wp-json\/wp\/v2\/pages\/264089\/revisions"}],"predecessor-version":[{"id":347816,"href":"https:\/\/www.medellin.gov.co\/es\/wp-json\/wp\/v2\/pages\/264089\/revisions\/347816"}],"up":[{"embeddable":true,"href":"https:\/\/www.medellin.gov.co\/es\/wp-json\/wp\/v2\/pages\/15136"}],"wp:featuredmedia":[{"embeddable":true,"href":"https:\/\/www.medellin.gov.co\/es\/wp-json\/wp\/v2\/media\/245779"}],"wp:attachment":[{"href":"https:\/\/www.medellin.gov.co\/es\/wp-json\/wp\/v2\/media?parent=264089"}],"curies":[{"name":"wp","href":"https:\/\/api.w.org\/{rel}","templated":true}]}}