{"id":264422,"date":"2023-10-12T11:41:22","date_gmt":"2023-10-12T16:41:22","guid":{"rendered":"https:\/\/www.medellin.gov.co\/es\/?page_id=264422"},"modified":"2024-12-03T09:07:30","modified_gmt":"2024-12-03T14:07:30","slug":"gestiona-tu-ruralidad","status":"publish","type":"page","link":"https:\/\/www.medellin.gov.co\/es\/corregimientos\/comer-conexion-medellin-rural\/gestiona-tu-ruralidad\/","title":{"rendered":"Gestiona tu ruralidad"},"content":{"rendered":"\t\t<div data-elementor-type=\"wp-page\" data-elementor-id=\"264422\" class=\"elementor elementor-264422\">\n\t\t\t\t\t\t<div class=\"elementor-inner\">\n\t\t\t\t<div class=\"elementor-section-wrap\">\n\t\t\t\t\t\t\t<div class=\"elementor-element elementor-element-ad7309f elementor-hidden-desktop e-container--column e-container\" data-id=\"ad7309f\" data-element_type=\"container\">\t\t\t\t<div class=\"elementor-element elementor-element-bd4981e elementor-widget elementor-widget-menu\" data-id=\"bd4981e\" data-element_type=\"widget\" data-widget_type=\"menu.default\">\n\t\t\t\t<div class=\"elementor-widget-container\">\n\t\t\t      <div class=\"menu_ancla_global\">\n        <div class=\"centradototal_\">\n          <ul>\n                                <li><a href=\"\/\">Item #1<\/a><\/li>\n              <\/ul>\n        <\/div>\n      <\/div>\n        <div class=\"modal modalmobile_ fade\" id=\"menu_moda_mobile\" tabindex=\"-1\" role=\"dialog\" aria-labelledby=\"menu_moda_mobileLabel\" aria-hidden=\"true\">\n\n      <div class=\"nav_mobile\">\n        <div onclick=\"openNav()\" class=\"grid_menumobile_\" title=\"Men\u00fa\">\n          <ion-icon name=\"close-outline\" data-toggle=\"modal\" data-target=\"#menu_moda_mobile\" class=\"botonabrirmenu\" onclick=\"openNav()\"><\/ion-icon>\n        <\/div>\n\n        <div class=\"logo_flex\">\n          <div class=\"logo_alcaldia_22 colormobil\">\n            <div class=\"escudo_armas\">\n              <a href=\"https:\/\/www.medellin.gov.co\/es\">\n                <img src=\"https:\/\/www.medellin.gov.co\/es\/wp-content\/themes\/theme_alcaldia\/logos\/logo.svg\" alt=\"Escudo de Armas - Alcald\u00eda de Medell\u00edn\">\n              <\/a>\n            <\/div>\n            <div class=\"cont_logo\">\n              <a href=\"https:\/\/www.medellin.gov.co\/es\">\n                <span class=\"adm\">Alcald\u00eda de Medell\u00edn<\/span>\n              <\/a>\n              <div class=\"linea_logo_desk\"><\/div>\n              <span class=\"distrito\">Distrito de<\/span>\n              <span class=\"ctei\">Ciencia, tecnolog\u00eda e innovaci\u00f3n<\/span>\n            <\/div>\n          <\/div>\n        <\/div>\n\n        <div class=\"bus_nav_top\" data-toggle=\"modal\" data-target=\"#exampleModal\" title=\"Buscador\">\n          <ion-icon name=\"search-outline\"><\/ion-icon>\n        <\/div>\n      <\/div>\n\n      <div class=\"modal-dialog\" role=\"document\">\n        <div class=\"modal-content\">\n          <div class=\"modal-body\">\n\n            <div class=\"login_mobile\">\n              <div class=\"login\" data-toggle=\"collapse\" href=\"#modu_lof_reg_\" id=\"HIniciarS\">\n                <ion-icon name=\"person-outline\"><\/ion-icon>\n                <p>Iniciar Sesi\u00f3n<\/p>\n              <\/div>\n              <div class=\"registro\">\n                <ion-icon name=\"person-add-outline\"><\/ion-icon>\n                <p><a href=\"#\" id=\"HRegistrate\">Reg\u00edstrese<\/a><\/p>\n              <\/div>\n            <\/div>\n\n            <div class=\"formulario_login_mobile\">\n              <div id=\"modu_lof_reg_\" class=\"formulario_login collapse\">\n                <div class=\"grid\">\n                  <!-- Formulario aqu\u00ed -->\n                <\/div>\n              <\/div>\n            <\/div>\n\n            <div>\n              <div class=\"mobile_menu\">\n                <!-- Menu mobil ac\u00e1 -->\n                <div class=\"menu_secretaria_m\">\n                        <span class=\"moditutlo_Secre\"><\/span>\n                              <li><a href=\"\/\">Item #1<\/a><\/li>\n                    <\/div>\n                <!-- Fin cabeza mobile -->\n                <div class=\"menu_categorias_\">\n                  <ul>\n                    <div class=\"menu-menu-mobile-container\"><ul id=\"menu-menu-mobile\" class=\"menu\"><li id=\"menu-item-54581\" class=\"menu-item menu-item-type-post_type menu-item-object-page menu-item-54581\"><a href=\"https:\/\/www.medellin.gov.co\/es\/transparencia\/\">Transparencia<\/a><\/li>\n<li id=\"menu-item-54582\" class=\"menu-item menu-item-type-post_type menu-item-object-page menu-item-54582\"><a href=\"https:\/\/www.medellin.gov.co\/es\/participa\/\">Participa<\/a><\/li>\n<li id=\"menu-item-54584\" class=\"menu-item menu-item-type-post_type menu-item-object-page menu-item-54584\"><a href=\"https:\/\/www.medellin.gov.co\/es\/secretaria-de-gestion-humana\/\">Servicio a la Ciudadan\u00eda<\/a><\/li>\n<li id=\"menu-item-7100\" class=\"menu-item menu-item-type-post_type menu-item-object-page menu-item-7100\"><a href=\"https:\/\/www.medellin.gov.co\/es\/sala-de-prensa\/\">Sala de prensa<\/a><\/li>\n<li id=\"menu-item-54585\" class=\"menu-item menu-item-type-post_type menu-item-object-page menu-item-54585\"><a href=\"https:\/\/www.medellin.gov.co\/es\/pqrsd\/\">PQRSD<\/a><\/li>\n<li id=\"menu-item-54586\" class=\"menu-item menu-item-type-post_type menu-item-object-page menu-item-54586\"><a href=\"https:\/\/www.medellin.gov.co\/es\/historia-y-simbolos-de-medellin\/\">Medell\u00edn<\/a><\/li>\n<li id=\"menu-item-75733\" class=\"menu-item menu-item-type-custom menu-item-object-custom menu-item-75733\"><a href=\"https:\/\/www.medellin.gov.co\/es\/pago-de-impuestos-alcaldia-de-medellin\/\">Impuestos<\/a><\/li>\n<li id=\"menu-item-42197\" class=\"menu-item menu-item-type-post_type menu-item-object-page menu-item-42197\"><a href=\"https:\/\/www.medellin.gov.co\/es\/tramites-y-servicios\/\">Tr\u00e1mites y Servicios de la ciudadan\u00eda<\/a><\/li>\n<li id=\"menu-item-54587\" class=\"menu-item menu-item-type-post_type menu-item-object-page menu-item-54587\"><a href=\"https:\/\/www.medellin.gov.co\/es\/temas-de-ciudad\/\">Temas de Ciudad<\/a><\/li>\n<li id=\"menu-item-42196\" class=\"menu-item menu-item-type-post_type menu-item-object-page menu-item-42196\"><a href=\"https:\/\/www.medellin.gov.co\/es\/eventos\/\">Eventos<\/a><\/li>\n<\/ul><\/div>                    <li data-toggle=\"collapse\" href=\"#togglesecretarias\" role=\"button\" aria-expanded=\"false\" aria-controls=\"togglesecretarias\" class=\"linktoggle_menumob\"><a href=\"#\">Secretar\u00edas y Dependencias <ion-icon name=\"chevron-down-outline\"><\/ion-icon><\/a><\/li>\n                    <div class=\"collapse\" id=\"togglesecretarias\">\n                      <div class=\"menu-secretarias-menu-container\"><ul id=\"menu-secretarias-menu\" class=\"menu\"><li id=\"menu-item-23359\" class=\"titulo_ente_ menu-item menu-item-type-custom menu-item-object-custom menu-item-23359\"><a><b>Despachos<\/b><\/a><\/li>\n<li id=\"menu-item-50199\" class=\"menu-item menu-item-type-post_type menu-item-object-page menu-item-50199\"><a href=\"https:\/\/www.medellin.gov.co\/es\/nuestro-alcalde\/\">Despacho del Alcalde<\/a><\/li>\n<li id=\"menu-item-328011\" class=\"menu-item menu-item-type-custom menu-item-object-custom menu-item-328011\"><a href=\"https:\/\/www.medellin.gov.co\/es\/despacho-de-la-primera-dama\/\">Despacho de la  Primera Dama<\/a><\/li>\n<li id=\"menu-item-23361\" class=\"titulo_ente_ menu-item menu-item-type-custom menu-item-object-custom menu-item-23361\"><a><b>Secretar\u00edas<\/b><\/a><\/li>\n<li id=\"menu-item-21915\" class=\"menu-item menu-item-type-post_type menu-item-object-page menu-item-21915\"><a href=\"https:\/\/www.medellin.gov.co\/es\/dagrd\/\"><span id=\"HDepAdmGRD\" alt=\"Departamento Administrativo de Gesti\u00f3n del Riesgo y Desastres\" title=\"Departamento Administrativo de Gesti\u00f3n del Riesgo y Desastres\">Departamento Administrativo de Gesti\u00f3n del Riesgo de Desastres<\/span><\/a><\/li>\n<li id=\"menu-item-16038\" class=\"menu-item menu-item-type-post_type menu-item-object-page menu-item-16038\"><a href=\"https:\/\/www.medellin.gov.co\/es\/departamento-administrativo-de-planeacion\/\"><span id=\"HDepAdmP\" alt=\"Departamento Administrativo de Planeaci\u00f3n\" title=\"Departamento Administrativo de Planeaci\u00f3n\">Departamento Administrativo de Planeaci\u00f3n<\/span><\/a><\/li>\n<li id=\"menu-item-31644\" class=\"menu-item menu-item-type-post_type menu-item-object-page menu-item-31644\"><a href=\"https:\/\/www.medellin.gov.co\/es\/secretaria-de-comunicaciones\/\"><span id=\"HSecComuni\" alt=\"Secretar\u00eda de Comunicaciones\" title=\"Secretar\u00eda de Comunicaciones\">Secretar\u00eda de Comunicaciones<\/span><\/a><\/li>\n<li id=\"menu-item-299809\" class=\"menu-item menu-item-type-post_type menu-item-object-page menu-item-299809\"><a href=\"https:\/\/www.medellin.gov.co\/es\/secretaria-cultura-ciudadana\/\">Secretar\u00eda de Cultura Ciudadana<\/a><\/li>\n<li id=\"menu-item-349074\" class=\"menu-item menu-item-type-custom menu-item-object-custom menu-item-349074\"><a href=\"https:\/\/www.medellin.gov.co\/es\/secretaria-desarrollo-economico\/\">Secretar\u00eda de Desarrollo Econ\u00f3mico<\/a><\/li>\n<li id=\"menu-item-24492\" class=\"menu-item menu-item-type-post_type menu-item-object-page menu-item-24492\"><a href=\"https:\/\/www.medellin.gov.co\/es\/secretaria-de-educacion\/\"><span id=\"HSecEdu\" alt=\"Secretar\u00eda de Educaci\u00f3n\" title=\"Secretar\u00eda de Educaci\u00f3n\">Secretar\u00eda de Educaci\u00f3n<\/span><\/a><\/li>\n<li id=\"menu-item-22526\" class=\"menu-item menu-item-type-post_type menu-item-object-page menu-item-22526\"><a href=\"https:\/\/www.medellin.gov.co\/es\/secretaria-de-evaluacion-y-control\/\"><span id=\"HSecEvCo\" alt=\"Secretar\u00eda de Evaluaci\u00f3n y Control\" title=\"Secretar\u00eda de Evaluaci\u00f3n y Control\">Secretar\u00eda de Evaluaci\u00f3n y Control<\/span><\/a><\/li>\n<li id=\"menu-item-11230\" class=\"menu-item menu-item-type-post_type menu-item-object-page menu-item-11230\"><a href=\"https:\/\/www.medellin.gov.co\/es\/secretaria-general\/\"><span id=\"HSecGen\" alt=\"Secretar\u00eda General\" title=\"Secretar\u00eda General\">Secretar\u00eda General<\/span><\/a><\/li>\n<li id=\"menu-item-15665\" class=\"menu-item menu-item-type-post_type menu-item-object-page menu-item-15665\"><a href=\"https:\/\/www.medellin.gov.co\/es\/secretaria-de-gestion-humana\/\"><span id=\"HSecGeHSC\" alt=\"Secretar\u00eda de Gesti\u00f3n Humana y Servicio a la Ciudadan\u00eda\" title=\"Secretar\u00eda de Gesti\u00f3n Humana y Servicio a la Ciudadan\u00eda\">Secretar\u00eda de Gesti\u00f3n Humana y Servicio a la Ciudadan\u00eda<\/span><\/a><\/li>\n<li id=\"menu-item-23115\" class=\"menu-item menu-item-type-post_type menu-item-object-page menu-item-23115\"><a href=\"https:\/\/www.medellin.gov.co\/es\/secretaria-gestion-y-control-territorial\/\">Secretar\u00eda de Gesti\u00f3n y Control Territorial<\/a><\/li>\n<li id=\"menu-item-12580\" class=\"menu-item menu-item-type-post_type menu-item-object-page menu-item-12580\"><a href=\"https:\/\/www.medellin.gov.co\/es\/secretaria-de-gobierno\/\"><span id=\"HSecGoGG\" alt=\"Secretar\u00eda de Gobierno y Gesti\u00f3n del Gabinete\" title=\"Secretar\u00eda de Gobierno y Gesti\u00f3n del Gabinete\">Secretar\u00eda de Gobierno y Gesti\u00f3n del Gabinete<\/span><\/a><\/li>\n<li id=\"menu-item-17720\" class=\"menu-item menu-item-type-post_type menu-item-object-page menu-item-17720\"><a href=\"https:\/\/www.medellin.gov.co\/es\/secretaria-de-hacienda\/\"><span id=\"HSecHa\" alt=\"Secretar\u00eda de Hacienda\" title=\"Secretar\u00eda de Hacienda\">Secretar\u00eda de Hacienda<\/span><\/a><\/li>\n<li id=\"menu-item-343018\" class=\"menu-item menu-item-type-custom menu-item-object-custom menu-item-343018\"><a href=\"https:\/\/www.medellin.gov.co\/es\/secretaria-de-inclusion-social-y-familia\/\">Secretar\u00eda de Inclusi\u00f3n Social y Familia<\/a><\/li>\n<li id=\"menu-item-12270\" class=\"menu-item menu-item-type-post_type menu-item-object-page menu-item-12270\"><a href=\"https:\/\/www.medellin.gov.co\/es\/secretaria-infraestructura-fisica\/\"><span id=\"HSecInfFi\" alt=\"Secretar\u00eda de Infraestructura F\u00edsica\" title=\"Secretar\u00eda de Infraestructura F\u00edsica\">Secretar\u00eda de Infraestructura F\u00edsica<\/span><\/a><\/li>\n<li id=\"menu-item-31643\" class=\"menu-item menu-item-type-post_type menu-item-object-page menu-item-31643\"><a href=\"https:\/\/www.medellin.gov.co\/es\/secretaria-de-innovacion-digital\/\">Secretar\u00eda de Innovaci\u00f3n Digital<\/a><\/li>\n<li id=\"menu-item-12853\" class=\"menu-item menu-item-type-post_type menu-item-object-page menu-item-12853\"><a href=\"https:\/\/www.medellin.gov.co\/es\/secretaria-juventud\/\"><span id=\"HSecJuv\" alt=\"Secretar\u00eda de La Juventud\" title=\"Secretar\u00eda de La Juventud\">Secretar\u00eda de La Juventud<\/span><\/a><\/li>\n<li id=\"menu-item-14813\" class=\"menu-item menu-item-type-post_type menu-item-object-page menu-item-14813\"><a href=\"https:\/\/www.medellin.gov.co\/es\/secretaria-mujeres\/\"><span id=\"HSecMuje\" alt=\"Secretar\u00eda de las Mujeres\" title=\"Secretar\u00eda de las Mujeres\">Secretar\u00eda de las Mujeres<\/span><\/a><\/li>\n<li id=\"menu-item-17342\" class=\"menu-item menu-item-type-post_type menu-item-object-page menu-item-17342\"><a href=\"https:\/\/www.medellin.gov.co\/es\/secretaria-medio-ambiente\/\"><span id=\"HSecMedAmb\" alt=\"Secretar\u00eda de Medio Ambiente\" title=\"Secretar\u00eda de Medio Ambiente\">Secretar\u00eda de Medio Ambiente<\/span><\/a><\/li>\n<li id=\"menu-item-21013\" class=\"menu-item menu-item-type-post_type menu-item-object-page menu-item-21013\"><a href=\"https:\/\/www.medellin.gov.co\/es\/secretaria-de-movilidad\/\"><span id=\"HSecMov\" alt=\"Secretar\u00eda de Movilidad\" title=\"Secretar\u00eda de Movilidad\">Secretar\u00eda de Movilidad<\/span><\/a><\/li>\n<li id=\"menu-item-14948\" class=\"menu-item menu-item-type-post_type menu-item-object-page menu-item-14948\"><a href=\"https:\/\/www.medellin.gov.co\/es\/secretaria-participacion-ciudadana\/\"><span id=\"HSecPartCiu\" alt=\"Secretar\u00eda de Participaci\u00f3n Ciudadana\" title=\"Secretar\u00eda de Participaci\u00f3n Ciudadana\">Secretar\u00eda de Participaci\u00f3n Ciudadana<\/span><\/a><\/li>\n<li id=\"menu-item-343009\" class=\"menu-item menu-item-type-custom menu-item-object-custom menu-item-343009\"><a href=\"https:\/\/www.medellin.gov.co\/es\/secretaria-de-paz-y-derechos-humanos\/\">Secretar\u00eda de Paz y Derechos Humanos<\/a><\/li>\n<li id=\"menu-item-12975\" class=\"menu-item menu-item-type-post_type menu-item-object-page menu-item-12975\"><a href=\"https:\/\/www.medellin.gov.co\/es\/secretaria-privada\/\"><span id=\"HSecPriv\" alt=\"Secretar\u00eda Privada\" title=\"Secretar\u00eda Privada\">Secretar\u00eda Privada<\/span><\/a><\/li>\n<li id=\"menu-item-18587\" class=\"menu-item menu-item-type-post_type menu-item-object-page menu-item-18587\"><a href=\"https:\/\/www.medellin.gov.co\/es\/secretaria-de-salud\/\"><span id=\"HSecSalud\" alt=\"Secretar\u00eda de Salud\" title=\"Secretar\u00eda de Salud\">Secretar\u00eda de Salud<\/span><\/a><\/li>\n<li id=\"menu-item-20782\" class=\"menu-item menu-item-type-post_type menu-item-object-page menu-item-20782\"><a href=\"https:\/\/www.medellin.gov.co\/es\/secretaria-seguridad\/\"><span id=\"HSecSegConv\" alt=\"Secretar\u00eda de Seguridad y Convivencia\" title=\"Secretar\u00eda de Seguridad y Convivencia\">Secretar\u00eda de Seguridad y Convivencia<\/span><\/a><\/li>\n<li id=\"menu-item-13211\" class=\"menu-item menu-item-type-post_type menu-item-object-page menu-item-13211\"><a href=\"https:\/\/www.medellin.gov.co\/es\/secretaria-suministros-y-servicios\/\"><span id=\"HSecSumServ\" alt=\"Secretar\u00eda de Suministros y Servicios\" title=\"Secretar\u00eda de Suministros y Servicios\">Secretar\u00eda de Suministros y Servicios<\/span><\/a><\/li>\n<li id=\"menu-item-354891\" class=\"menu-item menu-item-type-custom menu-item-object-custom menu-item-354891\"><a href=\"https:\/\/www.medellin.gov.co\/es\/secretaria-de-turismo-y-entretenimiento\/\">Secretar\u00eda de Turismo y Entretenimiento<\/a><\/li>\n<li id=\"menu-item-23360\" class=\"titulo_ente_ menu-item menu-item-type-custom menu-item-object-custom menu-item-23360\"><a><b>Gerencias<\/b><\/a><\/li>\n<li id=\"menu-item-14968\" class=\"menu-item menu-item-type-post_type menu-item-object-page menu-item-14968\"><a href=\"https:\/\/www.medellin.gov.co\/es\/gerencia-del-centro\/\"><span id=\"HGerCentro\" alt=\"Gerencia del Centro\" title=\"Gerencia del Centro\">Gerencia del Centro<\/span><\/a><\/li>\n<li id=\"menu-item-18597\" class=\"menu-item menu-item-type-post_type menu-item-object-page menu-item-18597\"><a href=\"https:\/\/www.medellin.gov.co\/es\/corregimientos\/\"><span id=\"HGerCorreg\" alt=\"Gerencia de Corregimientos\" title=\"Gerencia de Corregimientos\">Gerencia de Corregimientos<\/span><\/a><\/li>\n<li id=\"menu-item-23035\" class=\"menu-item menu-item-type-post_type menu-item-object-page menu-item-23035\"><a href=\"https:\/\/www.medellin.gov.co\/es\/diversidades-sexualidades-e-identidad-de-genero\/\"><span id=\"HGerDivSexIdeGe\" alt=\"Gerencia de Diversidad Sexual e Identidad de G\u00e9nero\" title=\"Gerencia de Diversidades Sexuales e Identidad de G\u00e9nero\">Gerencia de Diversidades Sexuales e Identidad de G\u00e9nero<\/span><\/a><\/li>\n<li id=\"menu-item-22957\" class=\"menu-item menu-item-type-post_type menu-item-object-page menu-item-22957\"><a href=\"https:\/\/www.medellin.gov.co\/es\/gerencia-etnica\/\"><span id=\"HGerEtnica\" alt=\"Gerencia \u00c9tnica\" title=\"Gerencia \u00c9tnica\">Gerencia \u00c9tnica<\/span><\/a><\/li>\n<li id=\"menu-item-13107\" class=\"menu-item menu-item-type-post_type menu-item-object-page menu-item-13107\"><a href=\"https:\/\/www.medellin.gov.co\/es\/gerencia-de-proyectos-estrategicos\/\"><span id=\"HGerProyEstra\" alt=\"Gerencia de Proyectos Estrat\u00e9gicos\" title=\"Gerencia de Proyectos Estrat\u00e9gicos\">Gerencia de Proyectos Estrat\u00e9gicos<\/span><\/a><\/li>\n<li id=\"menu-item-19380\" class=\"menu-item menu-item-type-post_type menu-item-object-page menu-item-19380\"><a href=\"https:\/\/www.medellin.gov.co\/es\/unidad-administrativa-especial-buen-comienzo\/\"><span id=\"HUnidadAdmEspBuenCom\" alt=\"Unidad Administrativa Especial de Buen Comienzo\" title=\"Unidad Administrativa Especial de Buen Comienzo\">Unidad Administrativa Especial de Buen Comienzo<\/span><\/a><\/li>\n<li id=\"menu-item-191780\" class=\"titulo_ente_ menu-item menu-item-type-custom menu-item-object-custom menu-item-191780\"><a href=\"https:\/\/www.medellin.gov.co\/es\/secretaria-privada\/conglomerado-publico\/\"><b>Conglomerado p\u00fablico<\/b><\/a><\/li>\n<li id=\"menu-item-191779\" class=\"menu-item menu-item-type-custom menu-item-object-custom menu-item-191779\"><a href=\"https:\/\/www.medellin.gov.co\/infantil\">Portal de ni\u00f1os<\/a><\/li>\n<\/ul><\/div>                    <\/div>\n                  <\/ul>\n                <\/div>\n\n                <div class=\"social_mobile\">\n                  <li><a href=\"https:\/\/twitter.com\/AlcaldiadeMed\" target=\"_black\"><ion-icon name=\"logo-twitter\"><\/ion-icon><\/a><\/li>\n                  <li><a href=\"https:\/\/www.facebook.com\/AlcaldiadeMed\" target=\"_black\"><ion-icon name=\"logo-facebook\"><\/ion-icon><\/a><\/li>\n                  <li><a href=\"https:\/\/www.instagram.com\/alcaldiademed\/\" target=\"_black\"><ion-icon name=\"logo-instagram\"><\/ion-icon><\/a><\/li>\n                  <li><a href=\"https:\/\/www.youtube.com\/user\/alcaldiademed\" target=\"_black\"><ion-icon name=\"logo-youtube\"><\/ion-icon><\/a><\/li>\n                  <li><a href=\"https:\/\/vimeo.com\/user118558690\" target=\"_black\"><ion-icon name=\"logo-vimeo\"><\/ion-icon><\/a><\/li>\n                <\/div>\n\n                <div class=\"zocalo_menu\">\n                  <div class=\"z_alcalmed\">\n                    <div class=\"iconosmed_\">\n                      <a href=\"https:\/\/www.medellin.gov.co\/es\">\n                        <img src=\"https:\/\/www.medellin.gov.co\/es\/wp-content\/themes\/theme_alcaldia\/img\/escudo-de-armas.svg\" alt=\"\">\n                      <\/a>\n                    <\/div>\n                    <a href=\"https:\/\/www.medellin.gov.co\/es\">\n                      <span class=\"namealcaldia\">Alcald\u00eda de Medell\u00edn<\/span>\n                    <\/a>\n                  <\/div>\n                  <div class=\"z_govier\">\n                    <img src=\"https:\/\/www.medellin.gov.co\/es\/wp-content\/themes\/theme_alcaldia\/img\/logo_gov.png\" alt=\"\">\n                  <\/div>\n                <\/div>\n              <\/div>\n            <\/div>\n\n\n          <\/div>\n\n        <\/div>\n      <\/div>\n    <\/div>\n\t\t<\/div>\n\t\t\t\t<\/div>\n\t\t<\/div><div class=\"elementor-element elementor-element-6f2ea7f e-container--column e-container\" data-id=\"6f2ea7f\" data-element_type=\"container\">\t\t\t\t<div class=\"elementor-element elementor-element-1047839 elementor-widget elementor-widget-text-editor\" data-id=\"1047839\" data-element_type=\"widget\" data-widget_type=\"text-editor.default\">\n\t\t\t\t<div class=\"elementor-widget-container\">\n\t\t\t\t\t\t\t\t<div class=\"elementor-text-editor elementor-clearfix\">\n\t\t\t\t<p style=\"text-align: right;\"><a href=\"https:\/\/www.medellin.gov.co\/es\/corregimientos\/comer-conexion-medellin-rural\/gestiona-tu-ruralidad\/politica-publica-de-los-corregimientos-de-medellin\/\">Pol\u00edtica p\u00fablica<\/a> | <a href=\"https:\/\/www.medellin.gov.co\/es\/corregimientos\/comer-conexion-medellin-rural\/gestiona-tu-ruralidad\/distrito-rural-campesino\/\">Distrito rural campesino<\/a> | <a href=\"https:\/\/www.medellin.gov.co\/es\/corregimientos\/comer-conexion-medellin-rural\/gestiona-tu-ruralidad\/normograma-de-las-dinamicas-rurales\/\">Normograma<\/a><\/p>\t\t\t\t\t<\/div>\n\t\t\t\t\t\t<\/div>\n\t\t\t\t<\/div>\n\t\t<\/div><div class=\"elementor-element elementor-element-6f452be e-container--column e-container\" data-id=\"6f452be\" data-element_type=\"container\">\t\t\t\t<div class=\"elementor-element elementor-element-f04b439 elementor-widget elementor-widget-heading\" data-id=\"f04b439\" data-element_type=\"widget\" data-widget_type=\"heading.default\">\n\t\t\t\t<div class=\"elementor-widget-container\">\n\t\t\t<h1 class=\"elementor-heading-title elementor-size-default\">Gestiona tu ruralidad<\/h1>\t\t<\/div>\n\t\t\t\t<\/div>\n\t\t\t\t<div class=\"elementor-element elementor-element-b5827b1 elementor-widget elementor-widget-text-editor\" data-id=\"b5827b1\" data-element_type=\"widget\" data-widget_type=\"text-editor.default\">\n\t\t\t\t<div class=\"elementor-widget-container\">\n\t\t\t\t\t\t\t\t<div class=\"elementor-text-editor elementor-clearfix\">\n\t\t\t\t<p>Encuentra c\u00f3mo se gestiona la ruralidad de la mano de Gerencia de Corregimientos en el marco de las pol\u00edticas p\u00fablicas, el reconocimiento del Distrito Rural Campesino y las distintas normas que permiten una integraci\u00f3n urbano-rural.<\/p>\t\t\t\t\t<\/div>\n\t\t\t\t\t\t<\/div>\n\t\t\t\t<\/div>\n\t\t<\/div>\t\t<section class=\"elementor-section elementor-top-section elementor-element elementor-element-fddd02b elementor-section-boxed elementor-section-height-default elementor-section-height-default\" data-id=\"fddd02b\" data-element_type=\"section\">\n\t\t\t\t\t\t<div class=\"elementor-container elementor-column-gap-default\">\n\t\t\t\t\t\t\t<div class=\"elementor-row\">\n\t\t\t\t\t<div class=\"elementor-column elementor-col-100 elementor-top-column elementor-element elementor-element-58ceaf99\" data-id=\"58ceaf99\" data-element_type=\"column\">\n\t\t\t<div class=\"elementor-column-wrap elementor-element-populated\">\n\t\t\t\t\t\t\t<div class=\"elementor-widget-wrap\">\n\t\t\t\t\t\t<section class=\"elementor-section elementor-inner-section elementor-element elementor-element-4443663a elementor-reverse-mobile elementor-section-full_width elementor-reverse-tablet elementor-section-height-default elementor-section-height-default\" data-id=\"4443663a\" data-element_type=\"section\">\n\t\t\t\t\t\t<div class=\"elementor-container elementor-column-gap-default\">\n\t\t\t\t\t\t\t<div class=\"elementor-row\">\n\t\t\t\t\t<div class=\"elementor-column elementor-col-50 elementor-inner-column elementor-element elementor-element-51b35867\" data-id=\"51b35867\" data-element_type=\"column\">\n\t\t\t<div class=\"elementor-column-wrap elementor-element-populated\">\n\t\t\t\t\t\t\t<div class=\"elementor-widget-wrap\">\n\t\t\t\t\t\t<div class=\"elementor-element elementor-element-515998f6 elementor-widget elementor-widget-image\" data-id=\"515998f6\" data-element_type=\"widget\" data-widget_type=\"image.default\">\n\t\t\t\t<div class=\"elementor-widget-container\">\n\t\t\t\t\t\t\t\t<div class=\"elementor-image\">\n\t\t\t\t\t\t\t\t\t\t\t\t\t<a href=\"https:\/\/whatsapp.com\/channel\/0029VantYwR7z4klAaEEE91z\" target=\"_blank\">\n\t\t\t\t\t\t\t<img src=\"https:\/\/www.medellin.gov.co\/es\/wp-content\/uploads\/2023\/10\/Proceso-Poli%CC%81tica-Pu%CC%81blica--1024x683.jpg\" title=\"\" alt=\"\" \/>\t\t\t\t\t\t\t\t<\/a>\n\t\t\t\t\t\t\t\t\t\t\t\t\t\t<\/div>\n\t\t\t\t\t\t<\/div>\n\t\t\t\t<\/div>\n\t\t\t\t<div class=\"elementor-element elementor-element-5545e849 elementor-widget elementor-widget-text-editor\" data-id=\"5545e849\" data-element_type=\"widget\" data-widget_type=\"text-editor.default\">\n\t\t\t\t<div class=\"elementor-widget-container\">\n\t\t\t\t\t\t\t\t<div class=\"elementor-text-editor elementor-clearfix\">\n\t\t\t\t<p style=\"text-align: left;\"><span style=\"color: #3366ff;\">Distrito rural campesino<\/span><\/p>\t\t\t\t\t<\/div>\n\t\t\t\t\t\t<\/div>\n\t\t\t\t<\/div>\n\t\t\t\t<div class=\"elementor-element elementor-element-6507d59 elementor-widget elementor-widget-text-editor\" data-id=\"6507d59\" data-element_type=\"widget\" data-widget_type=\"text-editor.default\">\n\t\t\t\t<div class=\"elementor-widget-container\">\n\t\t\t\t\t\t\t\t<div class=\"elementor-text-editor elementor-clearfix\">\n\t\t\t\t<p>La gesti\u00f3n del territorio rural y campesino ocurre gracias a distintas herramientas, instrumentos, objetivos, marcos estrat\u00e9gicos, enfoques y modelos \u00a1Ent\u00e9rate!<\/p>\t\t\t\t\t<\/div>\n\t\t\t\t\t\t<\/div>\n\t\t\t\t<\/div>\n\t\t\t\t<div class=\"elementor-element elementor-element-df62676 elementor-tablet-align-left elementor-mobile-align-center elementor-widget elementor-widget-button\" data-id=\"df62676\" data-element_type=\"widget\" data-widget_type=\"button.default\">\n\t\t\t\t<div class=\"elementor-widget-container\">\n\t\t\t\t\t<div class=\"elementor-button-wrapper\">\n\t\t\t<a href=\"https:\/\/www.medellin.gov.co\/es\/corregimientos\/comer-conexion-medellin-rural\/gestiona-tu-ruralidad\/distrito-rural-campesino\/\" class=\"elementor-button-link elementor-button elementor-size-sm\" role=\"button\">\n\t\t\t\t\t\t<span class=\"elementor-button-content-wrapper\">\n\t\t\t\t\t\t<span class=\"elementor-button-text\">CONOCE M\u00c1S<\/span>\n\t\t<\/span>\n\t\t\t\t\t<\/a>\n\t\t<\/div>\n\t\t\t\t<\/div>\n\t\t\t\t<\/div>\n\t\t\t\t\t\t<\/div>\n\t\t\t\t\t<\/div>\n\t\t<\/div>\n\t\t\t\t<div class=\"elementor-column elementor-col-50 elementor-inner-column elementor-element elementor-element-21987568\" data-id=\"21987568\" data-element_type=\"column\">\n\t\t\t<div class=\"elementor-column-wrap elementor-element-populated\">\n\t\t\t\t\t\t\t<div class=\"elementor-widget-wrap\">\n\t\t\t\t\t\t<div class=\"elementor-element elementor-element-93a9995 elementor-widget elementor-widget-image\" data-id=\"93a9995\" data-element_type=\"widget\" data-widget_type=\"image.default\">\n\t\t\t\t<div class=\"elementor-widget-container\">\n\t\t\t\t\t\t\t\t<div class=\"elementor-image\">\n\t\t\t\t\t\t\t\t\t\t\t\t\t<a href=\"https:\/\/whatsapp.com\/channel\/0029VantYwR7z4klAaEEE91z\" target=\"_blank\">\n\t\t\t\t\t\t\t<img width=\"1024\" height=\"683\" src=\"https:\/\/www.medellin.gov.co\/es\/wp-content\/uploads\/2023\/10\/Portada_Normograma-1024x683.jpeg\" class=\"attachment-large size-large\" alt=\"Casa de gobierno Santa Elena\" loading=\"lazy\" srcset=\"https:\/\/www.medellin.gov.co\/es\/wp-content\/uploads\/2023\/10\/Portada_Normograma-1024x683.jpeg 1024w, https:\/\/www.medellin.gov.co\/es\/wp-content\/uploads\/2023\/10\/Portada_Normograma-300x200.jpeg 300w, https:\/\/www.medellin.gov.co\/es\/wp-content\/uploads\/2023\/10\/Portada_Normograma-150x100.jpeg 150w, https:\/\/www.medellin.gov.co\/es\/wp-content\/uploads\/2023\/10\/Portada_Normograma-768x512.jpeg 768w, https:\/\/www.medellin.gov.co\/es\/wp-content\/uploads\/2023\/10\/Portada_Normograma.jpeg 1200w\" sizes=\"(max-width: 1024px) 100vw, 1024px\" \/>\t\t\t\t\t\t\t\t<\/a>\n\t\t\t\t\t\t\t\t\t\t\t\t\t\t<\/div>\n\t\t\t\t\t\t<\/div>\n\t\t\t\t<\/div>\n\t\t\t\t<div class=\"elementor-element elementor-element-2246f46 elementor-widget elementor-widget-text-editor\" data-id=\"2246f46\" data-element_type=\"widget\" data-widget_type=\"text-editor.default\">\n\t\t\t\t<div class=\"elementor-widget-container\">\n\t\t\t\t\t\t\t\t<div class=\"elementor-text-editor elementor-clearfix\">\n\t\t\t\t<p style=\"text-align: left;\"><span style=\"color: #3366ff;\">Normograma<\/span><\/p>\t\t\t\t\t<\/div>\n\t\t\t\t\t\t<\/div>\n\t\t\t\t<\/div>\n\t\t\t\t<div class=\"elementor-element elementor-element-1e4e692 elementor-widget elementor-widget-text-editor\" data-id=\"1e4e692\" data-element_type=\"widget\" data-widget_type=\"text-editor.default\">\n\t\t\t\t<div class=\"elementor-widget-container\">\n\t\t\t\t\t\t\t\t<div class=\"elementor-text-editor elementor-clearfix\">\n\t\t\t\t<p>Encontrar\u00e1s las normas y regulaciones asociadas con los corregimientos y los temas rurales-campesinos de nuestra ciudad.\u00a0<\/p>\t\t\t\t\t<\/div>\n\t\t\t\t\t\t<\/div>\n\t\t\t\t<\/div>\n\t\t\t\t<div class=\"elementor-element elementor-element-875abc4 elementor-tablet-align-left elementor-mobile-align-center elementor-widget elementor-widget-button\" data-id=\"875abc4\" data-element_type=\"widget\" data-widget_type=\"button.default\">\n\t\t\t\t<div class=\"elementor-widget-container\">\n\t\t\t\t\t<div class=\"elementor-button-wrapper\">\n\t\t\t<a href=\"https:\/\/www.medellin.gov.co\/es\/corregimientos\/comer-conexion-medellin-rural\/gestiona-tu-ruralidad\/normograma-de-las-dinamicas-rurales\/\" class=\"elementor-button-link elementor-button elementor-size-sm\" role=\"button\">\n\t\t\t\t\t\t<span class=\"elementor-button-content-wrapper\">\n\t\t\t\t\t\t<span class=\"elementor-button-text\">CONOCE M\u00c1S<\/span>\n\t\t<\/span>\n\t\t\t\t\t<\/a>\n\t\t<\/div>\n\t\t\t\t<\/div>\n\t\t\t\t<\/div>\n\t\t\t\t\t\t<\/div>\n\t\t\t\t\t<\/div>\n\t\t<\/div>\n\t\t\t\t\t\t\t\t<\/div>\n\t\t\t\t\t<\/div>\n\t\t<\/section>\n\t\t\t\t\t\t<\/div>\n\t\t\t\t\t<\/div>\n\t\t<\/div>\n\t\t\t\t\t\t\t\t<\/div>\n\t\t\t\t\t<\/div>\n\t\t<\/section>\n\t\t\t\t<section class=\"elementor-section elementor-top-section elementor-element elementor-element-233066b elementor-section-boxed elementor-section-height-default elementor-section-height-default\" data-id=\"233066b\" data-element_type=\"section\">\n\t\t\t\t\t\t<div class=\"elementor-container elementor-column-gap-default\">\n\t\t\t\t\t\t\t<div class=\"elementor-row\">\n\t\t\t\t\t<div class=\"elementor-column elementor-col-100 elementor-top-column elementor-element elementor-element-7542243b\" data-id=\"7542243b\" data-element_type=\"column\">\n\t\t\t<div class=\"elementor-column-wrap\">\n\t\t\t\t\t\t\t<div class=\"elementor-widget-wrap\">\n\t\t\t\t\t\t\t\t<\/div>\n\t\t\t\t\t<\/div>\n\t\t<\/div>\n\t\t\t\t\t\t\t\t<\/div>\n\t\t\t\t\t<\/div>\n\t\t<\/section>\n\t\t<div class=\"elementor-element elementor-element-56a9e01 e-container--column e-container\" data-id=\"56a9e01\" data-element_type=\"container\" data-settings=\"{&quot;background_background&quot;:&quot;classic&quot;}\">\t\t<div class=\"elementor-element elementor-element-c731895 e-container--row e-container\" data-id=\"c731895\" data-element_type=\"container\">\t\t\t\t<div class=\"elementor-element elementor-element-de3d07f elementor-widget__width-initial elementor-widget elementor-widget-heading\" data-id=\"de3d07f\" data-element_type=\"widget\" data-widget_type=\"heading.default\">\n\t\t\t\t<div class=\"elementor-widget-container\">\n\t\t\t<p class=\"elementor-heading-title elementor-size-default\"><b>Conoce nuestro libro \"Campesinos de ciudad\"<\/b> y ent\u00e9rate sobre las historias del campo y su gente<\/p>\t\t<\/div>\n\t\t\t\t<\/div>\n\t\t\t\t<div class=\"elementor-element elementor-element-0062a63 elementor-align-center elementor-widget__width-initial elementor-widget elementor-widget-button\" data-id=\"0062a63\" data-element_type=\"widget\" data-widget_type=\"button.default\">\n\t\t\t\t<div class=\"elementor-widget-container\">\n\t\t\t\t\t<div class=\"elementor-button-wrapper\">\n\t\t\t<a href=\"https:\/\/www.medellin.gov.co\/es\/wp-content\/uploads\/2023\/10\/Corregimientos_Vdefinitiva_muestra.pdf\" target=\"_blank\" class=\"elementor-button-link elementor-button elementor-size-sm\" role=\"button\">\n\t\t\t\t\t\t<span class=\"elementor-button-content-wrapper\">\n\t\t\t\t\t\t<span class=\"elementor-button-text\">\u00a1Descargar libro!<\/span>\n\t\t<\/span>\n\t\t\t\t\t<\/a>\n\t\t<\/div>\n\t\t\t\t<\/div>\n\t\t\t\t<\/div>\n\t\t<\/div><\/div><div class=\"elementor-element elementor-element-1b0e673 e-container--column e-container\" data-id=\"1b0e673\" data-element_type=\"container\">\t\t<div class=\"elementor-element elementor-element-b99124d e-container--column e-container\" data-id=\"b99124d\" data-element_type=\"container\" data-settings=\"{&quot;background_background&quot;:&quot;classic&quot;}\">\t\t\t\t<div class=\"elementor-element elementor-element-f634ad6 elementor-widget elementor-widget-text-editor\" data-id=\"f634ad6\" data-element_type=\"widget\" data-widget_type=\"text-editor.default\">\n\t\t\t\t<div class=\"elementor-widget-container\">\n\t\t\t\t\t\t\t\t<div class=\"elementor-text-editor elementor-clearfix\">\n\t\t\t\t<p><span data-contrast=\"auto\">Rosalba se lamenta de que no solo se est\u00e9 perdiendo el cultivo y uso de ciertas plantas medicinales sino de t\u00e9cnicas y trucos que le ense\u00f1aron sus ancestros. \u201cPor ejemplo, en menguante se siembra y se cosecha. En creciente se limpia, se abona y se controlan plagas. Es un saber que no solo es \u00fatil para aplicar a las plantas sino para nuestra relaci\u00f3n con los dem\u00e1s seres vivos, para criar animales de granja, para parir y hasta para cortarse el pelo\u201d, concluye con una risa maliciosa.<\/span><span data-ccp-props=\"{\">\u00a0<\/span><\/p><p style=\"text-align: right;\"><em><b>Al rescate de la sabidur\u00eda natural<\/b>\u00a0<br \/>Por Francisco Javier Saldarriaga G\u00f3mez\u00a0<\/em><\/p>\t\t\t\t\t<\/div>\n\t\t\t\t\t\t<\/div>\n\t\t\t\t<\/div>\n\t\t<\/div><\/div>\t\t\t\t\t\t\t<\/div>\n\t\t\t<\/div>\n\t\t\t\t\t<\/div>\n\t\t","protected":false},"excerpt":{"rendered":"<p>Item #1 Alcald\u00eda de Medell\u00edn Distrito de Ciencia, tecnolog\u00eda e innovaci\u00f3n Iniciar Sesi\u00f3n &nbsp; Reg\u00edstrese Item #1 Transparencia Participa Servicio a la Ciudadan\u00eda Sala de prensa PQRSD Medell\u00edn Impuestos Tr\u00e1mites y Servicios de la ciudadan\u00eda &#8230;<\/p>\n","protected":false},"author":1,"featured_media":245779,"parent":264089,"menu_order":0,"comment_status":"closed","ping_status":"closed","template":"sec-corregimientos\/elementor-fao.php","meta":[],"acf":[],"_links":{"self":[{"href":"https:\/\/www.medellin.gov.co\/es\/wp-json\/wp\/v2\/pages\/264422"}],"collection":[{"href":"https:\/\/www.medellin.gov.co\/es\/wp-json\/wp\/v2\/pages"}],"about":[{"href":"https:\/\/www.medellin.gov.co\/es\/wp-json\/wp\/v2\/types\/page"}],"author":[{"embeddable":true,"href":"https:\/\/www.medellin.gov.co\/es\/wp-json\/wp\/v2\/users\/1"}],"replies":[{"embeddable":true,"href":"https:\/\/www.medellin.gov.co\/es\/wp-json\/wp\/v2\/comments?post=264422"}],"version-history":[{"count":10,"href":"https:\/\/www.medellin.gov.co\/es\/wp-json\/wp\/v2\/pages\/264422\/revisions"}],"predecessor-version":[{"id":372118,"href":"https:\/\/www.medellin.gov.co\/es\/wp-json\/wp\/v2\/pages\/264422\/revisions\/372118"}],"up":[{"embeddable":true,"href":"https:\/\/www.medellin.gov.co\/es\/wp-json\/wp\/v2\/pages\/264089"}],"wp:featuredmedia":[{"embeddable":true,"href":"https:\/\/www.medellin.gov.co\/es\/wp-json\/wp\/v2\/media\/245779"}],"wp:attachment":[{"href":"https:\/\/www.medellin.gov.co\/es\/wp-json\/wp\/v2\/media?parent=264422"}],"curies":[{"name":"wp","href":"https:\/\/api.w.org\/{rel}","templated":true}]}}