{"id":264632,"date":"2023-10-12T14:15:22","date_gmt":"2023-10-12T19:15:22","guid":{"rendered":"https:\/\/www.medellin.gov.co\/es\/?page_id=264632"},"modified":"2023-11-16T15:55:12","modified_gmt":"2023-11-16T20:55:12","slug":"normograma-de-las-dinamicas-rurales","status":"publish","type":"page","link":"https:\/\/www.medellin.gov.co\/es\/corregimientos\/comer-conexion-medellin-rural\/gestiona-tu-ruralidad\/normograma-de-las-dinamicas-rurales\/","title":{"rendered":"Normograma de las din\u00e1micas rurales"},"content":{"rendered":"\t\t<div data-elementor-type=\"wp-page\" data-elementor-id=\"264632\" class=\"elementor elementor-264632\">\n\t\t\t\t\t\t<div class=\"elementor-inner\">\n\t\t\t\t<div class=\"elementor-section-wrap\">\n\t\t\t\t\t\t\t<div class=\"elementor-element elementor-element-1d16fae e-container--column e-container\" data-id=\"1d16fae\" data-element_type=\"container\">\t\t\t\t<div class=\"elementor-element elementor-element-9b9cc80 elementor-widget elementor-widget-text-editor\" data-id=\"9b9cc80\" data-element_type=\"widget\" data-widget_type=\"text-editor.default\">\n\t\t\t\t<div class=\"elementor-widget-container\">\n\t\t\t\t\t\t\t\t<div class=\"elementor-text-editor elementor-clearfix\">\n\t\t\t\t<p style=\"text-align: right;\"><a href=\"https:\/\/www.medellin.gov.co\/es\/corregimientos\/comer-conexion-medellin-rural\/gestiona-tu-ruralidad\/politica-publica-de-los-corregimientos-de-medellin\/\">Pol\u00edtica p\u00fablica<\/a> | <a href=\"https:\/\/www.medellin.gov.co\/es\/corregimientos\/comer-conexion-medellin-rural\/gestiona-tu-ruralidad\/distrito-rural-campesino\/\">Distrito rural campesino<\/a> | <a href=\"#\">Normograma<\/a><\/p>\t\t\t\t\t<\/div>\n\t\t\t\t\t\t<\/div>\n\t\t\t\t<\/div>\n\t\t<\/div><div class=\"elementor-element elementor-element-5a42665 e-container--column e-container\" data-id=\"5a42665\" data-element_type=\"container\">\t\t<div class=\"elementor-element elementor-element-b3116d2 e-container--column e-container\" data-id=\"b3116d2\" data-element_type=\"container\">\t\t\t\t<div class=\"elementor-element elementor-element-8cd4c7f elementor-widget elementor-widget-heading\" data-id=\"8cd4c7f\" data-element_type=\"widget\" data-widget_type=\"heading.default\">\n\t\t\t\t<div class=\"elementor-widget-container\">\n\t\t\t<h1 class=\"elementor-heading-title elementor-size-default\">Normograma de las din\u00e1micas rurales de Medell\u00edn<\/h1>\t\t<\/div>\n\t\t\t\t<\/div>\n\t\t<div class=\"elementor-element elementor-element-b696de9 e-container--row e-container\" data-id=\"b696de9\" data-element_type=\"container\">\t\t<div class=\"elementor-element elementor-element-0dc5fdb e-container--column e-container\" data-id=\"0dc5fdb\" data-element_type=\"container\" data-settings=\"{&quot;background_background&quot;:&quot;classic&quot;}\">\t\t\t\t<div class=\"elementor-element elementor-element-71929e8 elementor-widget elementor-widget-text-editor\" data-id=\"71929e8\" data-element_type=\"widget\" data-widget_type=\"text-editor.default\">\n\t\t\t\t<div class=\"elementor-widget-container\">\n\t\t\t\t\t\t\t\t<div class=\"elementor-text-editor elementor-clearfix\">\n\t\t\t\t<b>Explorando el Normograma: <\/b><br>Normas y regulaciones para los corregimientos y temas rurales de Medell\u00edn\t\t\t\t\t<\/div>\n\t\t\t\t\t\t<\/div>\n\t\t\t\t<\/div>\n\t\t<\/div><div class=\"elementor-element elementor-element-06707f0 e-container--column e-container\" data-id=\"06707f0\" data-element_type=\"container\">\t\t\t\t<div class=\"elementor-element elementor-element-4fa3806 elementor-widget elementor-widget-text-editor\" data-id=\"4fa3806\" data-element_type=\"widget\" data-widget_type=\"text-editor.default\">\n\t\t\t\t<div class=\"elementor-widget-container\">\n\t\t\t\t\t\t\t\t<div class=\"elementor-text-editor elementor-clearfix\">\n\t\t\t\t<p><strong>Bienvenidos al Normograma de las din\u00e1micas rurales de Medell\u00edn<\/strong>, una valiosa herramienta que re\u00fane y organiza las normas y regulaciones relacionadas con los corregimientos y temas rurales de nuestra ciudad.<\/p><p>En este espacio virtual, podr\u00e1s acceder de manera r\u00e1pida y sencilla a las normas y disposiciones legales que rigen los asuntos espec\u00edficos de los corregimientos. Desde aspectos t\u00e9cnicos hasta pol\u00edticas p\u00fablicas acerca del sistema agroalimentario, el Normograma abarca una amplia gama de temas vitales para el bienestar y la prosperidad de nuestros corregimientos.<\/p><p>Nuestro objetivo es proporcionar una herramienta \u00fatil y de f\u00e1cil acceso para que los residentes, l\u00edderes comunitarios, empresarios y todos los interesados en el desarrollo rural de Medell\u00edn puedan comprender y cumplir con las normas establecidas. Adem\u00e1s, el Normograma tambi\u00e9n facilita la identificaci\u00f3n de posibles oportunidades y desaf\u00edos, fomentando as\u00ed un di\u00e1logo constructivo y una toma de decisiones informada.<\/p><p>Nos enorgullece presentar este recurso integral, que se actualiza regularmente para reflejar los cambios y adiciones en la normativa vigente. A trav\u00e9s del Normograma, esperamos fortalecer la transparencia, la participaci\u00f3n ciudadana y el desarrollo sostenible en nuestros corregimientos rurales.<\/p>\t\t\t\t\t<\/div>\n\t\t\t\t\t\t<\/div>\n\t\t\t\t<\/div>\n\t\t<\/div><\/div><\/div><\/div><div class=\"elementor-element elementor-element-bab489b e-container--column e-container\" data-id=\"bab489b\" data-element_type=\"container\">\t\t<div class=\"elementor-element elementor-element-d21cf05 e-container--row e-container\" data-id=\"d21cf05\" data-element_type=\"container\" data-settings=\"{&quot;background_background&quot;:&quot;classic&quot;}\">\t\t\t\t<div class=\"elementor-element elementor-element-d8c1a5c elementor-widget__width-initial elementor-widget elementor-widget-text-editor\" data-id=\"d8c1a5c\" data-element_type=\"widget\" data-widget_type=\"text-editor.default\">\n\t\t\t\t<div class=\"elementor-widget-container\">\n\t\t\t\t\t\t\t\t<div class=\"elementor-text-editor elementor-clearfix\">\n\t\t\t\t<p>Te invitamos a explorar el Normograma y aprovechar su potencial para el progreso y el crecimiento de nuestras comunidades rurales. Juntos, construiremos un futuro pr\u00f3spero y sostenible para Medell\u00edn.\u00a0<\/p>\t\t\t\t\t<\/div>\n\t\t\t\t\t\t<\/div>\n\t\t\t\t<\/div>\n\t\t\t\t<div class=\"elementor-element elementor-element-1718c43 elementor-view-default elementor-widget elementor-widget-icon\" data-id=\"1718c43\" data-element_type=\"widget\" data-widget_type=\"icon.default\">\n\t\t\t\t<div class=\"elementor-widget-container\">\n\t\t\t\t\t<div class=\"elementor-icon-wrapper\">\n\t\t\t<div class=\"elementor-icon\">\n\t\t\t<svg xmlns=\"http:\/\/www.w3.org\/2000\/svg\" height=\"512pt\" viewBox=\"0 0 512 512\" width=\"512pt\"><path d=\"m448 471.902344c-35.347656 0-64-28.652344-64-64 0-35.34375 28.652344-64 64-64s64 28.65625 64 64c-.039062 35.332031-28.671875 63.960937-64 64zm0-112c-26.507812 0-48 21.492187-48 48 0 26.511718 21.492188 48 48 48s48-21.488282 48-48c-.03125-26.496094-21.503906-47.96875-48-48zm0 0\"><\/path><path d=\"m512 407.902344h-16v-304c0-26.507813-21.492188-48-48-48s-48 21.492187-48 48v304h-16v-304c0-35.34375 28.652344-64 64-64s64 28.65625 64 64zm0 0\"><\/path><path d=\"m448 439.902344c-17.671875 0-32-14.324219-32-32 0-17.671875 14.328125-32 32-32s32 14.328125 32 32c0 17.675781-14.328125 32-32 32zm0-48c-8.835938 0-16 7.164062-16 16 0 8.839844 7.164062 16 16 16s16-7.160156 16-16c0-8.835938-7.164062-16-16-16zm0 0\"><\/path><path d=\"m40 471.902344h-32c-4.417969 0-8-3.578125-8-8v-352c0-4.417969 3.582031-8 8-8h208v16h-200v336h24zm0 0\"><\/path><path d=\"m256 423.902344h144v16h-144zm0 0\"><\/path><path d=\"m48 191.902344h-16v-48c0-4.417969 3.582031-8 8-8h144v16h-136zm0 0\"><\/path><path d=\"m328 511.902344h-288c-4.417969 0-8-3.578125-8-8v-288c0-3.234375 1.949219-6.148438 4.9375-7.386719s6.429688-.554687 8.71875 1.734375l288 288c2.285156 2.285156 2.972656 5.726562 1.734375 8.714844-1.238281 2.988281-4.15625 4.9375-7.390625 4.9375zm-280-16h260.6875l-260.6875-260.6875zm0 0\"><\/path><path d=\"m288 455.902344h160v16h-160zm0 0\"><\/path><path d=\"m232 471.902344h-152c-4.417969 0-8-3.578125-8-8v-152c0-3.234375 1.949219-6.148438 4.9375-7.386719s6.429688-.554687 8.71875 1.734375l152 152c2.285156 2.285156 2.972656 5.726562 1.734375 8.714844-1.238281 2.988281-4.15625 4.9375-7.390625 4.9375zm-144-16h124.6875l-124.6875-124.6875zm0 0\"><\/path><path d=\"m80 423.902344h120v16h-120zm0 0\"><\/path><path d=\"m173.894531 232.503906c-3.457031 0-6.523437-2.226562-7.597656-5.511718l-5.167969-15.769532-8.800781-9-15.417969-5.238281c-2.601562-.882813-4.570312-3.042969-5.210937-5.71875-.636719-2.675781.144531-5.492187 2.070312-7.457031l178.078125-181.503906c3.1875-3.074219 8.234375-3.074219 11.425782 0l34.398437 35.09375c3.050781 3.113281 3.050781 8.089843 0 11.203124l-178.0625 181.503907c-1.503906 1.535156-3.5625 2.398437-5.714844 2.398437zm-19.816406-46.574218 5.167969 1.757812c1.191406.402344 2.265625 1.082031 3.144531 1.976562l11.480469 11.695313c.859375.878906 1.507812 1.945313 1.890625 3.113281l1.644531 5.03125 163.394531-166.503906-23.199219-23.671875zm0 0\"><\/path><path d=\"m116.496094 255.902344c-2.644532 0-5.117188-1.304688-6.609375-3.492188-1.488281-2.183594-1.804688-4.964844-.839844-7.425781l22.960937-58.496094 14.886719 5.839844-16.140625 41.121094 40.109375-16.34375 6.058594 14.796875-57.402344 23.410156c-.960937.390625-1.988281.589844-3.023437.589844zm0 0\"><\/path><path d=\"m277.417969 48.605469 11.421875-11.207031 34.433594 35.09375-11.421876 11.207031zm0 0\"><\/path><path d=\"m260.199219 66.152344 11.421875-11.207032 34.433594 35.097657-11.417969 11.203125zm0 0\"><\/path><path d=\"m256 335.902344h-16v-24c-.007812-4.25 3.3125-7.765625 7.558594-8l29.320312-1.597656c2.449219-8.339844 5.800782-16.386719 9.992188-24l-19.632813-21.90625c-2.835937-3.164063-2.703125-7.996094.304688-11l33.914062-33.917969c3-3.003907 7.828125-3.136719 10.992188-.304688l21.949219 19.609375c7.613281-4.199218 15.660156-7.554687 24-10l1.601562-29.320312c.234375-4.246094 3.746094-7.566406 8-7.5625h24v16h-16.425781l-1.511719 27.5625c-.191406 3.535156-2.6875 6.523437-6.132812 7.34375-10.742188 2.5625-21.003907 6.828125-30.402344 12.632812-3.015625 1.851563-6.890625 1.5-9.527344-.863281l-20.601562-18.464844-23.199219 23.199219 18.480469 20.589844c2.359374 2.640625 2.703124 6.515625.847656 9.53125-5.800782 9.394531-10.066406 19.65625-12.632813 30.398437-.820312 3.441407-3.808593 5.933594-7.34375 6.128907l-27.550781 1.511718zm0 0\"><\/path><path d=\"m328 335.902344h-16c.054688-44.160156 35.839844-79.945313 80-80v16c-35.328125.042968-63.960938 28.671875-64 64zm0 0\"><\/path><path d=\"m160 327.902344h232v16h-232zm0 0\"><\/path><path d=\"m352 359.902344h16v16h-16zm0 0\"><\/path><path d=\"m320 359.902344h16v16h-16zm0 0\"><\/path><path d=\"m288 359.902344h16v16h-16zm0 0\"><\/path><path d=\"m264 391.902344h104v16h-104zm0 0\"><\/path><path d=\"m208 335.902344h-16v-24c0-4.417969-3.582031-8-8-8h-8c-13.253906 0-24-10.742188-24-24 0-13.253906 10.746094-24 24-24h40c4.417969 0 8-3.578125 8-8v-16h16v16c0 13.257812-10.746094 24-24 24h-40c-4.417969 0-8 3.582031-8 8 0 4.421875 3.582031 8 8 8h8c13.253906 0 24 10.746094 24 24zm0 0\"><\/path><path d=\"m224 199.902344h16v16h-16zm0 0\"><\/path><path d=\"m288 103.902344h104v16h-104zm0 0\"><\/path><path d=\"m256 135.902344h136v16h-136zm0 0\"><\/path><\/svg>\t\t\t<\/div>\n\t\t<\/div>\n\t\t\t\t<\/div>\n\t\t\t\t<\/div>\n\t\t<\/div><\/div><div class=\"elementor-element elementor-element-ea36ebd e-container--column e-container\" data-id=\"ea36ebd\" data-element_type=\"container\">\t\t\t\t<div class=\"elementor-element elementor-element-b7f53c4 elementor-search-form-skin-default elementor-widget elementor-widget-bdt-search\" data-id=\"b7f53c4\" data-element_type=\"widget\" data-widget_type=\"bdt-search.default\">\n\t\t\t\t<div class=\"elementor-widget-container\">\n\t\t\t\t\t<div class=\"bdt-search-container\">\n\t\t\t\n\t\t\t\n\t\t\t<form class=\"bdt-search bdt-search-default\" role=\"search\" method=\"get\" action=\"https:\/\/www.medellin.gov.co\/es\/\">\n\t\t\t\t<div class=\"bdt-position-relative\">\n\t\t\t\t\t<span class=\"\" data-bdt-search-icon><\/span>\t\t\t\t\t\t\t\t\t\t\t<input name=\"post_type\" id=\"post_type\" type=\"hidden\" value=\"normativa-fao\">\n\t\t\t\t\t\t\t\t\t\t<input placeholder=\"Busca aqu\u00ed\" class=\"bdt-search-input\" type=\"search\" name=\"s\" title=\"Search\" value=\"\">\n\t\t\t\t\t\t\t\t\t<\/div>\n\n\n\t\t\t\t\t\t\t<\/form>\n\n\t\t\t\t<\/div>\n\t\t\t\t<\/div>\n\t\t\t\t<\/div>\n\t\t<\/div><div class=\"elementor-element elementor-element-7d27bfd e-container--column e-container\" data-id=\"7d27bfd\" data-element_type=\"container\">\t\t\t\t<div class=\"elementor-element elementor-element-87f650b elementor-widget elementor-widget-pp-advanced-tabs\" data-id=\"87f650b\" data-element_type=\"widget\" data-widget_type=\"pp-advanced-tabs.default\">\n\t\t\t\t<div class=\"elementor-widget-container\">\n\t\t\t\t\t<div class=\"pp-advanced-tabs pp-style-0 pp-tabs-responsive-tablet pp-advabced-tabs-responsive\" role=\"tablist\">\n\t\t\t<div class=\"pp-advanced-tabs-wrapper pp-tabs-labels at-vertical  at-no-hover\">\n\t\t\t\t\t\t\t\t\t\t\t<div id=\"pp-advanced-tabs-title-1421\" class=\"pp-advanced-tabs-title pp-tabs-label pp-advanced-tabs-desktop-title pp-tab-active\" data-tab=\"1\" data-index=\"1421\" tabindex=\"1421\" role=\"tab\" aria-controls=\"pp-advanced-tabs-content-1421\">\n\n\t\t\t\t\t\t\t\t\t\t\t<span class=\"pp-icon-img pp-advanced-tabs-icon-left\">\n\t\t\t<img width=\"216\" height=\"216\" src=\"https:\/\/www.medellin.gov.co\/es\/wp-content\/uploads\/2023\/07\/Icono-turismo-2.png\" class=\"attachment-full size-full\" alt=\"Icono turismo\" loading=\"lazy\" \/>\t\t\t<\/span>\n\t\t\t\n\t\t\t\t\t\t\t\t<span class=\"pp-advanced-tabs-title-text\">Decreto Distrital<\/span>\n\t\t\t\t\t\t\t\t\t\t\t\t\t\t\t<\/div>\n\t\t\t\t\t\t\t\t\t\t\t\t\t<div id=\"pp-advanced-tabs-title-1422\" class=\"pp-advanced-tabs-title pp-tabs-label pp-advanced-tabs-desktop-title \" data-tab=\"2\" data-index=\"1422\" tabindex=\"1422\" role=\"tab\" aria-controls=\"pp-advanced-tabs-content-1422\">\n\n\t\t\t\t\t\t\t\t\t\t\t<span class=\"pp-icon-img pp-advanced-tabs-icon-left\">\n\t\t\t<img width=\"216\" height=\"216\" src=\"https:\/\/www.medellin.gov.co\/es\/wp-content\/uploads\/2023\/07\/Icono-turismo-2.png\" class=\"attachment-full size-full\" alt=\"Icono turismo\" loading=\"lazy\" \/>\t\t\t<\/span>\n\t\t\t\n\t\t\t\t\t\t\t\t<span class=\"pp-advanced-tabs-title-text\">Concepto Distrital<\/span>\n\t\t\t\t\t\t\t\t\t\t\t\t\t\t\t<\/div>\n\t\t\t\t\t\t\t\t\t\t\t\t\t<div id=\"pp-advanced-tabs-title-1423\" class=\"pp-advanced-tabs-title pp-tabs-label pp-advanced-tabs-desktop-title \" data-tab=\"3\" data-index=\"1423\" tabindex=\"1423\" role=\"tab\" aria-controls=\"pp-advanced-tabs-content-1423\">\n\n\t\t\t\t\t\t\t\t\t\t\t<span class=\"pp-icon-img pp-advanced-tabs-icon-left\">\n\t\t\t<img width=\"216\" height=\"216\" src=\"https:\/\/www.medellin.gov.co\/es\/wp-content\/uploads\/2023\/07\/Icono-turismo-2.png\" class=\"attachment-full size-full\" alt=\"Icono turismo\" loading=\"lazy\" \/>\t\t\t<\/span>\n\t\t\t\n\t\t\t\t\t\t\t\t<span class=\"pp-advanced-tabs-title-text\">Circular Distrital<\/span>\n\t\t\t\t\t\t\t\t\t\t\t\t\t\t\t<\/div>\n\t\t\t\t\t\t\t\t\t\t\t\t\t<div id=\"pp-advanced-tabs-title-1424\" class=\"pp-advanced-tabs-title pp-tabs-label pp-advanced-tabs-desktop-title \" data-tab=\"4\" data-index=\"1424\" tabindex=\"1424\" role=\"tab\" aria-controls=\"pp-advanced-tabs-content-1424\">\n\n\t\t\t\t\t\t\t\t\t\t\t<span class=\"pp-icon-img pp-advanced-tabs-icon-left\">\n\t\t\t<img width=\"216\" height=\"216\" src=\"https:\/\/www.medellin.gov.co\/es\/wp-content\/uploads\/2023\/07\/Icono-turismo-2.png\" class=\"attachment-full size-full\" alt=\"Icono turismo\" loading=\"lazy\" \/>\t\t\t<\/span>\n\t\t\t\n\t\t\t\t\t\t\t\t<span class=\"pp-advanced-tabs-title-text\">Acuerdo Metropolitano<\/span>\n\t\t\t\t\t\t\t\t\t\t\t\t\t\t\t<\/div>\n\t\t\t\t\t\t\t\t\t\t\t\t\t<div id=\"pp-advanced-tabs-title-1425\" class=\"pp-advanced-tabs-title pp-tabs-label pp-advanced-tabs-desktop-title \" data-tab=\"5\" data-index=\"1425\" tabindex=\"1425\" role=\"tab\" aria-controls=\"pp-advanced-tabs-content-1425\">\n\n\t\t\t\t\t\t\t\t\t\t\t<span class=\"pp-icon-img pp-advanced-tabs-icon-left\">\n\t\t\t<img width=\"216\" height=\"216\" src=\"https:\/\/www.medellin.gov.co\/es\/wp-content\/uploads\/2023\/07\/Icono-turismo-2.png\" class=\"attachment-full size-full\" alt=\"Icono turismo\" loading=\"lazy\" \/>\t\t\t<\/span>\n\t\t\t\n\t\t\t\t\t\t\t\t<span class=\"pp-advanced-tabs-title-text\">Acuerdo Distrital<\/span>\n\t\t\t\t\t\t\t\t\t\t\t\t\t\t\t<\/div>\n\t\t\t\t\t\t\t\t\t<\/div>\n\t\t\t<div class=\"pp-advanced-tabs-content-wrapper pp-tabs-panels at-vertical-content\">\n\t\t\t\t\t\t\t\t\t<div class=\"pp-tabs-panel\">\n\t\t\t\t\t<div class=\"pp-advanced-tabs-title pp-tabs-label pp-tab-responsive pp-tab-active at-no-hover\" data-index =\"1421\">\n\t\t\t\t\t\t<div class=\"pp-advanced-tabs-title-inner\">\n\t\t\t\t\t\t\t\t\t\t<span class=\"pp-icon-img pp-advanced-tabs-icon-left\">\n\t\t\t<img width=\"216\" height=\"216\" src=\"https:\/\/www.medellin.gov.co\/es\/wp-content\/uploads\/2023\/07\/Icono-turismo-2.png\" class=\"attachment-full size-full\" alt=\"Icono turismo\" loading=\"lazy\" \/>\t\t\t<\/span>\n\t\t\t\n\t\t\t\t\t\t\t<span class=\"pp-advanced-tabs-title-text\">Decreto Distrital<\/span>\n\t\t\t\t\t\t\t<i class=\"pp-toggle-icon pp-tab-open fa\"><\/i>\n\t\t\t\t\t\t<\/div>\n\t\t\t\t\t<\/div>\n\t\t\t\t\t<div id=\"pp-advanced-tabs-content-1421\" class=\"pp-advanced-tabs-content elementor-clearfix pp-advanced-tabs-tab_content pp-tab-active\" data-tab=\"1\" data-index=\"1421\" role=\"tabpanel\" aria-labelledby=\"pp-advanced-tabs-title-1421\">\n\t\t\t\t\t\t<ul><li><a href=\"https:\/\/www.medellin.gov.co\/es\/wp-content\/uploads\/2023\/11\/Vivienda-campestre-y-sus-normas-urbani\u0301sticas_0342_2007.pdf\">Vivienda campestre y sus normas urban\u00edsticas_0342_2007<\/a><\/li><li><a href=\"https:\/\/www.medellin.gov.co\/es\/wp-content\/uploads\/2023\/11\/Urgencia-por-lluvias-manifiesta-para-atencio\u0301n-de-puntos-cri\u0301ticos_0473_2022.pdf\">Urgencia por lluvias manifiesta para atenci\u00f3n de puntos cr\u00edticos_0473_2022<\/a><\/li><li><a href=\"https:\/\/www.medellin.gov.co\/es\/wp-content\/uploads\/2023\/11\/Urgencia-por-lluvias-manifiesta-Corregimiento-de-San-Antonio-de-Prado_0499_2022.pdf\">Urgencia por lluvias manifiesta Corregimiento de San Antonio de Prado_0499_2022<\/a><\/li><li><a href=\"https:\/\/www.medellin.gov.co\/es\/wp-content\/uploads\/2023\/11\/Situacio\u0301n-de-urgencia-para-adquisicio\u0301n-de-inmuebles-con-destino-a-ande\u0301n_0224_2011.pdf\">Situaci\u00f3n de urgencia para adquisici\u00f3n de inmuebles con destino a and\u00e9n_0224_2011<\/a><\/li><li><a href=\"https:\/\/www.medellin.gov.co\/es\/wp-content\/uploads\/2023\/11\/Sedes-de-establecimientos-educativos-rurales_0427_2014.pdf\">Sedes de establecimientos educativos rurales_0427_2014<\/a><\/li><li><a href=\"https:\/\/www.medellin.gov.co\/es\/wp-content\/uploads\/2023\/11\/Restriccio\u0301n-de-tricimoto-y-cuatrimoto-en-algunas-vi\u0301as-veredales_0588_2008.pdf\">Restricci\u00f3n de tricimoto y cuatrimoto en algunas v\u00edas veredales_0588_2008<\/a><\/li><li><a href=\"https:\/\/www.medellin.gov.co\/es\/wp-content\/uploads\/2023\/11\/Reglamento-para-el-di\u0301a-del-Silletero-y-la-Silletera_1274_2007.pdf\">Reglamento para el d\u00eda del Silletero y la Silletera_1274_2007<\/a><\/li><li><a href=\"https:\/\/www.medellin.gov.co\/es\/wp-content\/uploads\/2023\/11\/Reglamento-de-los-juegos-localizados-y-las-galleras_0725_2006.pdf\">Reglamento de los juegos localizados y las galleras_0725_2006<\/a><\/li><li><a href=\"https:\/\/www.medellin.gov.co\/es\/wp-content\/uploads\/2023\/11\/Reglamento-para-el-di\u0301a-del-Silletero-y-la-Silletera_1274_2007.pdf\">Reglamento de funcionamiento del Programa \u201cBanco de los Pobres\u201d_0136_2022<\/a><\/li><li><a href=\"https:\/\/www.medellin.gov.co\/es\/wp-content\/uploads\/2023\/11\/Reglamento-para-el-di\u0301a-del-Silletero-y-la-Silletera_1274_2007.pdf\">Reglamentaci\u00f3n del Dia del Silleterito_1352_1996<\/a><\/li><li><a href=\"https:\/\/www.medellin.gov.co\/es\/wp-content\/uploads\/2023\/11\/Reglamenta-la-institucionalizacio\u0301n-del-Festival-de-la-Silleta-Santa-Elena-Hecha-Tradicio\u0301n_0670_2010.pdf\">Reglamenta la institucionalizaci\u00f3n del Festival de la Silleta \u201cSanta Elena Hecha Tradici\u00f3n\u201d_0670_2010<\/a><\/li><li><a href=\"https:\/\/www.medellin.gov.co\/es\/wp-content\/uploads\/2023\/11\/Reglamenta-Acuerdo-que-establece-acciones-para-preservacio\u0301n-de-cultura-silletera_0677_2021.pdf\">Reglamenta Acuerdo que establece acciones para preservaci\u00f3n de cultura silletera_0677_2021<\/a><\/li><li><a href=\"https:\/\/www.medellin.gov.co\/es\/wp-content\/uploads\/2023\/11\/Proyectos-del-programa-cinturo\u0301n-verde-metropolitano_1117_2013.pdf\">Proyectos del programa cintur\u00f3n verde metropolitano_1117_2013<\/a><\/li><li><a href=\"https:\/\/www.medellin.gov.co\/es\/wp-content\/uploads\/2023\/11\/Poli\u0301tica-Pu\u0301blica-de-Desarrollo-Rural_2009.pdf\">Pol\u00edtica P\u00fablica de Desarrollo Rural_2009<\/a><\/li><li><a href=\"https:\/\/www.medellin.gov.co\/es\/wp-content\/uploads\/2023\/11\/Plan-especial-Rural-en-San-Sebastia\u0301n-de-Palmitas_0397_2009.pdf\">Plan especial Rural en San Sebasti\u00e1n de Palmitas_0397_2009<\/a><\/li><li><a href=\"https:\/\/www.medellin.gov.co\/es\/wp-content\/uploads\/2023\/11\/Plan-de-Gestio\u0301n-Integral-de-Residuos-So\u0301lidos_2059_2015.pdf\">Plan de Gesti\u00f3n Integral de Residuos S\u00f3lidos_2059_2015<\/a><\/li><li><a href=\"https:\/\/www.medellin.gov.co\/es\/wp-content\/uploads\/2023\/11\/Permiso-excepcional-para-venta-y-consumo-de-licores-en-Feria-de-Flores-2021_0651_2021.pdf\">Permiso excepcional para venta y consumo de licores en Feria de Flores 2021_0651_2021<\/a><\/li><li><a href=\"https:\/\/www.medellin.gov.co\/es\/wp-content\/uploads\/2023\/11\/Permiso-excepcional-para-venta-y-consumo-de-licores-en-Feria-de-Flores-2021_0644_2021.pdf\">Permiso excepcional para venta y consumo de licores en Feria de Flores 2021_0644_2021<\/a><\/li><li><a href=\"https:\/\/www.medellin.gov.co\/es\/wp-content\/uploads\/2023\/11\/Permiso-especial-y-transitorio-para-la-prestacio\u0301n-de-un-servicio-pu\u0301blico-de-transporte_1157_2008.pdf\">Permiso especial y transitorio para la prestaci\u00f3n de un servicio p\u00fablico de transporte_1157_2008<\/a><\/li><li><a href=\"https:\/\/www.medellin.gov.co\/es\/wp-content\/uploads\/2023\/11\/Modifica-Consejo-Municipal-de-Desarrollo-Rural\u2013-0197_2018.pdf\">Modifica Consejo Municipal de Desarrollo Rural\u2013 0197_2018<\/a><\/li><li><a href=\"https:\/\/www.medellin.gov.co\/es\/wp-content\/uploads\/2023\/11\/Modelo-de-gestio\u0301n-de-los-inmuebles-destinados-a-Plazas-de-Mercado-Pu\u0301blicas_0819_2022.pdf\">Modelo de gesti\u00f3n de los inmuebles destinados a Plazas de Mercado P\u00fablicas_0819_2022<\/a><\/li><li><a href=\"https:\/\/www.medellin.gov.co\/es\/wp-content\/uploads\/2023\/11\/Medida-de-transito_1946_2011.pdf\">Medida de transito_1946_2011<\/a><\/li><li><a href=\"https:\/\/www.medellin.gov.co\/es\/wp-content\/uploads\/2023\/11\/Manual-de-Convivencia-Ciudadana-para-Medelli\u0301n_1324_2006.pdf\">Manual de Convivencia Ciudadana para Medell\u00edn_1324_2006<\/a><\/li><li><a href=\"https:\/\/www.medellin.gov.co\/es\/wp-content\/uploads\/2023\/11\/Intere\u0301s-cultural-de-inmueble-en-Vereda-Mazo-de-Santa-Elena_0332_2012.pdf\">Inter\u00e9s cultural de inmueble en Vereda Mazo de Santa Elena_0332_2012<\/a><\/li><li><a href=\"https:\/\/www.medellin.gov.co\/es\/wp-content\/uploads\/2023\/11\/Estratificacio\u0301n-socioecono\u0301mica-en-los-centros-poblados-de-la-zona-rural_0226_2000.pdf\">Estratificaci\u00f3n socioecon\u00f3mica en los centros poblados de la zona rural_0226_2000<\/a><\/li><li><a href=\"https:\/\/www.medellin.gov.co\/es\/wp-content\/uploads\/2023\/11\/Designacio\u0301n-de-Corregidores-en-la-ciudad-de-Medelli\u0301n_0237_2020.pdf\">Designaci\u00f3n de Corregidores en la ciudad de Medell\u00edn_0237_2020<\/a><\/li><li><a href=\"https:\/\/www.medellin.gov.co\/es\/wp-content\/uploads\/2023\/11\/Creacio\u0301n-y-reglamentacio\u0301n-del-Consejo-Municipal-de-Desarrollo-Rural_0680_1994.pdf\">Creaci\u00f3n y reglamentaci\u00f3n del Consejo Municipal de Desarrollo Rural_0680_1994<\/a><\/li><li><a href=\"https:\/\/www.medellin.gov.co\/es\/wp-content\/uploads\/2023\/11\/Creacio\u0301n-de-cargo-de-corregidor_0665_1995.pdf\">Creaci\u00f3n de cargo de corregidor_0665_1995<\/a><\/li><li><a href=\"https:\/\/www.medellin.gov.co\/es\/wp-content\/uploads\/2023\/11\/Crea-el-consejo-municipal-de-desarrollo-Rural\u2013-CMDR_1138_2017.pdf\">Crea el consejo municipal de desarrollo Rural\u2013 CMDR_1138_2017<\/a><\/li><li><a href=\"https:\/\/www.medellin.gov.co\/es\/wp-content\/uploads\/2023\/11\/Conservacio\u0301n-de-estrato-socioecono\u0301mico-de-habitantes-reubicados-en-Pajarito_2557_2006.pdf\">Conservaci\u00f3n de estrato socioecon\u00f3mico de habitantes reubicados en Pajarito_2557_2006<\/a><\/li><li><a href=\"https:\/\/www.medellin.gov.co\/es\/wp-content\/uploads\/2023\/11\/Ciclo-Paseo-de-las-Flores_2125_2019.pdf\">Ciclo Paseo de las Flores_2125_2019<\/a><\/li><li><a href=\"https:\/\/www.medellin.gov.co\/es\/wp-content\/uploads\/2023\/11\/Censo-oficial-de-familias-afectadas-con-la-obra-conexio\u0301n-vial-Tu\u0301nel-de-Occidente_0698_2007-1.pdf\">Censo oficial de familias afectadas con la obra conexi\u00f3n vial T\u00fanel de Occidente_0698_2007<\/a><\/li><li><a href=\"https:\/\/www.medellin.gov.co\/es\/wp-content\/uploads\/2023\/11\/Autorizacio\u0301n-excepcional-de-venta-y-consumo-de-licor-en-Feria-de-Flores_0511_2022.pdf\">Autorizaci\u00f3n excepcional de venta y consumo de licor en Feria de Flores_0511_2022<\/a><\/li><li><a href=\"https:\/\/www.medellin.gov.co\/es\/wp-content\/uploads\/2023\/11\/Autorizacio\u0301n-de-instalacio\u0301n-de-elementos-publicitarios_0526_2022.pdf\">Autorizaci\u00f3n de instalaci\u00f3n de elementos publicitarios_0526_2022<\/a><\/li><li><a href=\"https:\/\/www.medellin.gov.co\/es\/wp-content\/uploads\/2023\/11\/Ajuste-al-Plan-Parcial-de-Desarrollo-Pajarito_1775_2012.pdf\">Ajuste al Plan Parcial de Desarrollo Pajarito_1775_2012<\/a><\/li><\/ul>\t\t\t\t\t<\/div>\n\t\t\t\t\t<\/div>\n\t\t\t\t\t\t\t\t\t<div class=\"pp-tabs-panel\">\n\t\t\t\t\t<div class=\"pp-advanced-tabs-title pp-tabs-label pp-tab-responsive  at-no-hover\" data-index =\"1422\">\n\t\t\t\t\t\t<div class=\"pp-advanced-tabs-title-inner\">\n\t\t\t\t\t\t\t\t\t\t<span class=\"pp-icon-img pp-advanced-tabs-icon-left\">\n\t\t\t<img width=\"216\" height=\"216\" src=\"https:\/\/www.medellin.gov.co\/es\/wp-content\/uploads\/2023\/07\/Icono-turismo-2.png\" class=\"attachment-full size-full\" alt=\"Icono turismo\" loading=\"lazy\" \/>\t\t\t<\/span>\n\t\t\t\n\t\t\t\t\t\t\t<span class=\"pp-advanced-tabs-title-text\">Concepto Distrital<\/span>\n\t\t\t\t\t\t\t<i class=\"pp-toggle-icon pp-tab-open fa\"><\/i>\n\t\t\t\t\t\t<\/div>\n\t\t\t\t\t<\/div>\n\t\t\t\t\t<div id=\"pp-advanced-tabs-content-1422\" class=\"pp-advanced-tabs-content elementor-clearfix pp-advanced-tabs-tab_content \" data-tab=\"2\" data-index=\"1422\" role=\"tabpanel\" aria-labelledby=\"pp-advanced-tabs-title-1422\">\n\t\t\t\t\t\t<ul><li><a href=\"https:\/\/www.medellin.gov.co\/es\/wp-content\/uploads\/2023\/10\/Concepto-sobre-Unidad-Municipal-de-Asistencia-Te\u0301cnica-Agropecuaria-UMATA-y-Entidad-Prestadora-del-Servicio_0000001_2021.pdf\">Concepto sobre Unidad Municipal de Asistencia T\u00e9cnica Agropecuaria (UMATA)<\/a><\/li><li><a href=\"https:\/\/www.medellin.gov.co\/es\/wp-content\/uploads\/2023\/10\/Concepto-sobre-terrazas-verdes-sostenibles-y-productivas_0000156_2015.pdf\">Concepto sobre terrazas verdes sostenibles y productivas_0000156_2015<\/a><\/li><li><a href=\"https:\/\/www.medellin.gov.co\/es\/wp-content\/uploads\/2023\/10\/Concepto-sobre-Sistema-de-Listado-Positivo-de-animales-de-compan\u0303i\u0301a_0000051_2021.pdf\">Concepto sobre Sistema de Listado Positivo de animales de compa\u00f1\u00eda_0000051_2021<\/a><\/li><li><a href=\"https:\/\/www.medellin.gov.co\/es\/wp-content\/uploads\/2023\/10\/Concepto-sobre-Sapiencia_0000056_2018.pdf\">Concepto sobre Sapiencia_0000056_2018<\/a><\/li><li><a href=\"https:\/\/www.medellin.gov.co\/es\/wp-content\/uploads\/2023\/10\/Concepto-sobre-poli\u0301tica-pu\u0301blica-del-Sistema-Agroalimentario_0000058_2020.pdf\">Concepto sobre pol\u00edtica p\u00fablica del Sistema Agroalimentario_0000058_2020<\/a><\/li><li><a href=\"https:\/\/www.medellin.gov.co\/es\/wp-content\/uploads\/2023\/10\/Concepto-sobre-poli\u0301tica-pu\u0301blica-de-prevencio\u0301n-y-reduccio\u0301n-de-la-pe\u0301rdida-y-el-desperdicio-de-alimentos_0000002_2021.pdf\">Concepto sobre pol\u00edtica p\u00fablica de prevenci\u00f3n y reducci\u00f3n de la p\u00e9rdida y el desperdicio de alimentos_0000002_2021<\/a><\/li><li><a href=\"https:\/\/www.medellin.gov.co\/es\/wp-content\/uploads\/2023\/10\/Concepto-sobre-mercados-campesinos_0000053_2020.pdf\">Concepto sobre mercados campesinos_0000053_2020<\/a><\/li><li><a href=\"https:\/\/www.medellin.gov.co\/es\/wp-content\/uploads\/2023\/10\/Concepto-sobre-Casa-Familiar-Rural-en-San-Antonio-de-Prado_0000040_2014.pdf\">Concepto sobre Casa Familiar Rural en San Antonio de Prado_0000040_2014<\/a><\/li><li><a href=\"https:\/\/www.medellin.gov.co\/es\/wp-content\/uploads\/2023\/10\/Concepto-sobre-asistencia-te\u0301cnica-directa-rural-agropecuaria_0000035_2016.pdf\">Concepto sobre asistencia t\u00e9cnica directa rural agropecuaria_0000035_2016<\/a><\/li><li><a href=\"https:\/\/www.medellin.gov.co\/es\/wp-content\/uploads\/2023\/10\/Concepto-sobre-agricultura-regenerativa_0000048_2022.pdf\">Concepto sobre agricultura regenerativa_0000048_2022<\/a><\/li><li><a href=\"https:\/\/www.medellin.gov.co\/es\/wp-content\/uploads\/2023\/10\/Concepto-mercados-campesinos_0000011_2019.pdf\">Concepto mercados campesinos_0000011_2019<\/a><\/li><\/ul>\t\t\t\t\t<\/div>\n\t\t\t\t\t<\/div>\n\t\t\t\t\t\t\t\t\t<div class=\"pp-tabs-panel\">\n\t\t\t\t\t<div class=\"pp-advanced-tabs-title pp-tabs-label pp-tab-responsive  at-no-hover\" data-index =\"1423\">\n\t\t\t\t\t\t<div class=\"pp-advanced-tabs-title-inner\">\n\t\t\t\t\t\t\t\t\t\t<span class=\"pp-icon-img pp-advanced-tabs-icon-left\">\n\t\t\t<img width=\"216\" height=\"216\" src=\"https:\/\/www.medellin.gov.co\/es\/wp-content\/uploads\/2023\/07\/Icono-turismo-2.png\" class=\"attachment-full size-full\" alt=\"Icono turismo\" loading=\"lazy\" \/>\t\t\t<\/span>\n\t\t\t\n\t\t\t\t\t\t\t<span class=\"pp-advanced-tabs-title-text\">Circular Distrital<\/span>\n\t\t\t\t\t\t\t<i class=\"pp-toggle-icon pp-tab-open fa\"><\/i>\n\t\t\t\t\t\t<\/div>\n\t\t\t\t\t<\/div>\n\t\t\t\t\t<div id=\"pp-advanced-tabs-content-1423\" class=\"pp-advanced-tabs-content elementor-clearfix pp-advanced-tabs-tab_content \" data-tab=\"3\" data-index=\"1423\" role=\"tabpanel\" aria-labelledby=\"pp-advanced-tabs-title-1423\">\n\t\t\t\t\t\t<ul><li><a href=\"https:\/\/www.medellin.gov.co\/es\/wp-content\/uploads\/2023\/10\/Modelo-de-Gerencia-Juri\u0301dica-Pu\u0301blica_0005_2020-4.pdf\">Modelo de Gerencia Jur\u00eddica P\u00fablica_0005_2020<\/a><\/li><\/ul>\t\t\t\t\t<\/div>\n\t\t\t\t\t<\/div>\n\t\t\t\t\t\t\t\t\t<div class=\"pp-tabs-panel\">\n\t\t\t\t\t<div class=\"pp-advanced-tabs-title pp-tabs-label pp-tab-responsive  at-no-hover\" data-index =\"1424\">\n\t\t\t\t\t\t<div class=\"pp-advanced-tabs-title-inner\">\n\t\t\t\t\t\t\t\t\t\t<span class=\"pp-icon-img pp-advanced-tabs-icon-left\">\n\t\t\t<img width=\"216\" height=\"216\" src=\"https:\/\/www.medellin.gov.co\/es\/wp-content\/uploads\/2023\/07\/Icono-turismo-2.png\" class=\"attachment-full size-full\" alt=\"Icono turismo\" loading=\"lazy\" \/>\t\t\t<\/span>\n\t\t\t\n\t\t\t\t\t\t\t<span class=\"pp-advanced-tabs-title-text\">Acuerdo Metropolitano<\/span>\n\t\t\t\t\t\t\t<i class=\"pp-toggle-icon pp-tab-open fa\"><\/i>\n\t\t\t\t\t\t<\/div>\n\t\t\t\t\t<\/div>\n\t\t\t\t\t<div id=\"pp-advanced-tabs-content-1424\" class=\"pp-advanced-tabs-content elementor-clearfix pp-advanced-tabs-tab_content \" data-tab=\"4\" data-index=\"1424\" role=\"tabpanel\" aria-labelledby=\"pp-advanced-tabs-title-1424\">\n\t\t\t\t\t\t<ul><li><a href=\"https:\/\/www.medellin.gov.co\/es\/wp-content\/uploads\/2023\/10\/Tarifas-del-Subsistema-de-Transporte-publico-Colectivo-2023_0017_2022.pdf\">Tarifas del Subsistema de Transporte publico Colectivo 2023_0017_2022<\/a><\/li><li><a href=\"https:\/\/www.medellin.gov.co\/es\/wp-content\/uploads\/2023\/10\/Sistema-Integrado-de-Transporte-del-Valle-de-Aburra\u0301-SITVA_0026_2009.pdf\">Sistema Integrado de Transporte del Valle de Aburra\u0301 &#8211; SITVA_0026_2009<\/a><\/li><li><a href=\"https:\/\/www.medellin.gov.co\/es\/wp-content\/uploads\/2023\/11\/Plan-maestro-de-espacios-Pu\u0301blicos-Verdes-Urbanos-del-A\u0301rea-Metropolitana-del-Valle-de-Aburra\u0301_0015_2006_compressed.pdf\">Plan maestro de espacios P\u00fablicos Verdes Urbanos del \u00c1rea Metropolitana del Valle de Aburr\u00e1_0015_2006<\/a><\/li><li><a href=\"https:\/\/www.medellin.gov.co\/es\/wp-content\/uploads\/2023\/11\/Plan-Integral-de-Gestio\u0301n-de-la-Calidad-del-Aire-en-el-Valle-de-Aburra\u0301-\u2013-PIGECA_0016_2017.pdf\">Plan Integral de Gesti\u00f3n de la Calidad del Aire en el Valle de Aburr\u00e1 \u2013 PIGECA_0016_2017<\/a><\/li><li><a href=\"https:\/\/www.medellin.gov.co\/es\/wp-content\/uploads\/2023\/10\/Plan-Integral-de-Desarrollo-Metropolitano-Aburra\u0301-2021-\u2013-2032_0025_2020.pdf\">Plan Integral de Desarrollo Metropolitano Aburr\u00e1 2021 \u2013 2032_0025_2020<\/a><\/li><li><a href=\"https:\/\/www.medellin.gov.co\/es\/wp-content\/uploads\/2023\/11\/Plan-de-Gestio\u0301n-Integral-de-Residuos-So\u0301lidos-PGIRS_0023_2018.pdf\">Plan de Gesti\u00f3n Integral de Residuos S\u00f3lidos &#8211; PGIRS_0023_2018<\/a><\/li><li><a href=\"https:\/\/www.medellin.gov.co\/es\/wp-content\/uploads\/2023\/11\/Declara-de-intere\u0301s-metropolitano-el-Cerro-de-las-Tres-Cruces-o-Morro-Pelo\u0301n_0007_2019.pdf\">Declara de inter\u00e9s metropolitano el Cerro de las Tres Cruces o Morro Pel\u00f3n_0007_2019<\/a><\/li><li><a href=\"https:\/\/www.medellin.gov.co\/es\/wp-content\/uploads\/2023\/10\/Consejo-Ambiental-Metropolitano-CONSAM_0017_2018.pdf\">Consejo Ambiental Metropolitano &#8211; CONSAM_0017_2018<\/a><\/li><\/ul>\t\t\t\t\t<\/div>\n\t\t\t\t\t<\/div>\n\t\t\t\t\t\t\t\t\t<div class=\"pp-tabs-panel\">\n\t\t\t\t\t<div class=\"pp-advanced-tabs-title pp-tabs-label pp-tab-responsive  at-no-hover\" data-index =\"1425\">\n\t\t\t\t\t\t<div class=\"pp-advanced-tabs-title-inner\">\n\t\t\t\t\t\t\t\t\t\t<span class=\"pp-icon-img pp-advanced-tabs-icon-left\">\n\t\t\t<img width=\"216\" height=\"216\" src=\"https:\/\/www.medellin.gov.co\/es\/wp-content\/uploads\/2023\/07\/Icono-turismo-2.png\" class=\"attachment-full size-full\" alt=\"Icono turismo\" loading=\"lazy\" \/>\t\t\t<\/span>\n\t\t\t\n\t\t\t\t\t\t\t<span class=\"pp-advanced-tabs-title-text\">Acuerdo Distrital<\/span>\n\t\t\t\t\t\t\t<i class=\"pp-toggle-icon pp-tab-open fa\"><\/i>\n\t\t\t\t\t\t<\/div>\n\t\t\t\t\t<\/div>\n\t\t\t\t\t<div id=\"pp-advanced-tabs-content-1425\" class=\"pp-advanced-tabs-content elementor-clearfix pp-advanced-tabs-tab_content \" data-tab=\"5\" data-index=\"1425\" role=\"tabpanel\" aria-labelledby=\"pp-advanced-tabs-title-1425\">\n\t\t\t\t\t\t<ul><li><a href=\"https:\/\/www.medellin.gov.co\/es\/wp-content\/uploads\/2023\/10\/Vigencias-futuras-para-construccio\u0301n-de-unidad-hospitalaria-de-San-Cristo\u0301bal_0051_2010.pdf\">Vigencias futuras para construcci\u00f3n de unidad hospitalaria de San Crist\u00f3bal_0051_2010<\/a><\/li><li><a href=\"https:\/\/www.medellin.gov.co\/es\/wp-content\/uploads\/2023\/10\/Sobretasa-para-proteccio\u0301n-del-medio-ambiente-2016_0036_2015.pdf\">Sobretasa para protecci\u00f3n del medio ambiente 2022<\/a><\/li><li><a href=\"https:\/\/www.medellin.gov.co\/es\/wp-content\/uploads\/2023\/10\/Sobretasa-para-proteccio\u0301n-del-medio-ambiente-2020_0141_2019.pdf\">Sobretasa para protecci\u00f3n del medio ambiente 2020_0141_2019<\/a><\/li><li><a href=\"https:\/\/www.medellin.gov.co\/es\/wp-content\/uploads\/2023\/10\/Sobretasa-para-proteccio\u0301n-del-medio-ambiente-2019_0093_2018.pdf\">Sobretasa para protecci\u00f3n del medio ambiente 2019_0093_2018<\/a><\/li><li><a href=\"https:\/\/www.medellin.gov.co\/es\/wp-content\/uploads\/2023\/10\/Sobretasa-para-proteccio\u0301n-del-medio-ambiente-2017_0013_2016.pdf\">Sobretasa para protecci\u00f3n del medio ambiente 2017_0013_2016<\/a><\/li><li><a href=\"https:\/\/www.medellin.gov.co\/es\/wp-content\/uploads\/2023\/10\/Sobretasa-para-proteccio\u0301n-del-medio-ambiente-2016_0036_2015.pdf\">Sobretasa para protecci\u00f3n del medio ambiente 2016_0036_2015<\/a><\/li><li><a href=\"https:\/\/www.medellin.gov.co\/es\/wp-content\/uploads\/2023\/10\/Sobretasa-para-proteccio\u0301n-del-medio-ambiente-2015-_0024_2014.pdf\">Sobretasa para protecci\u00f3n del medio ambiente 2015 _0024_2014<\/a><\/li><li><a href=\"https:\/\/www.medellin.gov.co\/es\/wp-content\/uploads\/2023\/10\/Sobretasa-para-proteccio\u0301n-del-medio-ambiente-2014_0076_2013.pdf\">Sobretasa para protecci\u00f3n del medio ambiente 2014_0076_2013<\/a><\/li><li><a href=\"https:\/\/www.medellin.gov.co\/es\/wp-content\/uploads\/2023\/10\/Revisio\u0301n-y-ajuste-de-largo-plazo-del-Plan-de-Ordenamiento-Territorial_0048_2014.pdf\">Revisi\u00f3n y ajuste de largo plazo del Plan de Ordenamiento Territorial_0048_2014<\/a><\/li><li><a href=\"https:\/\/www.medellin.gov.co\/es\/wp-content\/uploads\/2023\/10\/reglamenta-las-Juntas-Administradoras-Locales-_0032_1988.pdf\">reglamenta las Juntas Administradoras Locales _0032_1988<\/a><\/li><li><a href=\"https:\/\/www.medellin.gov.co\/es\/wp-content\/uploads\/2023\/10\/Promueve-una-alimentacio\u0301n-verde_0076_2017.pdf\">Promueve una alimentaci\u00f3n verde_0076_2017<\/a><\/li><li><a href=\"https:\/\/www.medellin.gov.co\/es\/wp-content\/uploads\/2023\/10\/programas-de-Asistencia-Te\u0301cnica-Agropecuaria-a-pequen\u0303os-productores_0029_1991.pdf\">programas de Asistencia T\u00e9cnica Agropecuaria a peque\u00f1os productores_0029_1991<\/a><\/li><li><a href=\"https:\/\/www.medellin.gov.co\/es\/wp-content\/uploads\/2023\/10\/Programa-red-de-Centros-Comunales-Solidarios_0007_1998.pdf\">Programa \u201cred de Centros Comunales Solidarios\u201d_0007_1998<\/a><\/li><li><a href=\"https:\/\/www.medellin.gov.co\/es\/wp-content\/uploads\/2023\/10\/Programa-Corredores-ecolo\u0301gicos-para-Avifauna_0041_2015.pdf\">Programa \u201cCorredores ecol\u00f3gicos para Avifauna\u201d_0041_2015<\/a><\/li><li><a href=\"https:\/\/www.medellin.gov.co\/es\/wp-content\/uploads\/2023\/10\/prevencio\u0301n-y-reduccio\u0301n-de-la-pe\u0301rdida-y-el-desperdicio-de-alimentos_0049_2021.pdf\">prevenci\u00f3n y reducci\u00f3n de la p\u00e9rdida y el desperdicio de alimentos_0049_2021<\/a><\/li><li><a href=\"https:\/\/www.medellin.gov.co\/es\/wp-content\/uploads\/2023\/10\/Presupuesto-General-del-Municipio-2019_0095_2018.pdf\">Presupuesto General del Municipio 2019_0095_2018<\/a><\/li><li><a href=\"https:\/\/www.medellin.gov.co\/es\/wp-content\/uploads\/2023\/10\/Prestacio\u0301n-del-servicio-de-asistencia-te\u0301cnico-agropecuaria_0012_1989.pdf\">Prestaci\u00f3n del servicio de asistencia t\u00e9cnico-agropecuaria_0012_1989.pdf<\/a><\/li><li><a href=\"https:\/\/www.medellin.gov.co\/es\/wp-content\/uploads\/2023\/10\/Poli\u0301tica-subsectorial-integral-para-el-desarrollo-agropecuario-y-agroindustrial-de-los-corregimientos_0037_2006.pdf\">Pol\u00edtica subsectorial integral para el desarrollo agropecuario y agroindustrial de los corregimientos_0037_2006<\/a><\/li><li><a href=\"https:\/\/www.medellin.gov.co\/es\/wp-content\/uploads\/2023\/10\/Poli\u0301tica-Pu\u0301blica-para-la-Igualdad-de-Ge\u0301nero-de-las-Mujeres-Urbanas-y-Rurales_0102_2018.pdf\">Pol\u00edtica P\u00fablica para la Igualdad de G\u00e9nero de las Mujeres Urbanas y Rurales_0102_2018<\/a><\/li><li><a href=\"https:\/\/www.medellin.gov.co\/es\/wp-content\/uploads\/2023\/10\/Poli\u0301tica-pu\u0301blica-municipal-de-Educacio\u0301n-Ambiental_0045_2012.pdf\">Pol\u00edtica p\u00fablica municipal de Educaci\u00f3n Ambiental_0045_2012<\/a><\/li><li><a href=\"https:\/\/www.medellin.gov.co\/es\/wp-content\/uploads\/2023\/10\/Poli\u0301tica-Pu\u0301blica-del-Sistema-Agroalimentario_0022_2020.pdf\">Pol\u00edtica P\u00fablica del Sistema Agroalimentario_0022_2020<\/a><\/li><li><a href=\"https:\/\/www.medellin.gov.co\/es\/wp-content\/uploads\/2023\/10\/Poli\u0301tica-Pu\u0301blica-de-Turismo_0020_2015.pdf\">Pol\u00edtica P\u00fablica de Turismo_0020_2015<\/a><\/li><li><a href=\"https:\/\/www.medellin.gov.co\/es\/wp-content\/uploads\/2023\/10\/Poli\u0301tica-Pu\u0301blica-de-Trabajo-Decente_0064_2013.pdf\">Pol\u00edtica P\u00fablica de Trabajo Decente_0064_2013<\/a><\/li><li><a href=\"https:\/\/www.medellin.gov.co\/es\/wp-content\/uploads\/2023\/10\/Poli\u0301tica-pu\u0301blica-de-seguridad-y-soberani\u0301a-alimentaria-y-nutricional_0038_2005.pdf\">Pol\u00edtica p\u00fablica de seguridad y soberan\u00eda alimentaria y nutricional_0038_2005<\/a><\/li><li><a href=\"https:\/\/www.medellin.gov.co\/es\/wp-content\/uploads\/2023\/10\/Poli\u0301tica-Pu\u0301blica-de-Desarrollo-Econo\u0301mico_0074_2017.pdf\">Pol\u00edtica P\u00fablica de Desarrollo Econ\u00f3mico_0074_2017<\/a><\/li><li><a href=\"https:\/\/www.medellin.gov.co\/es\/wp-content\/uploads\/2023\/10\/Poli\u0301tica-Pu\u0301blica-de-Medelli\u0301n-Ciudad-Verde-y-Sostenible_0023_2012.pdf\">Pol\u00edtica P\u00fablica de \u201cMedell\u00edn Ciudad Verde y Sostenible_0023_2012<\/a><\/li><li><a href=\"https:\/\/www.medellin.gov.co\/es\/wp-content\/uploads\/2023\/10\/Poli\u0301tica-pu\u0301blica-ambiental-de-intervencio\u0301n-integral-de-laderas-y-bordes-para-la-sostenibilidad-ambiental_0039_2008.pdf\">Pol\u00edtica p\u00fablica ambiental de intervenci\u00f3n integral de laderas y bordes para la sostenibilidad ambiental_0039_2008<\/a><\/li><li><a href=\"https:\/\/www.medellin.gov.co\/es\/wp-content\/uploads\/2023\/10\/Poli\u0301tica-de-juventud-_0019_2014.pdf\">Pol\u00edtica de juventud _0019_2014<\/a><\/li><li><a href=\"https:\/\/www.medellin.gov.co\/es\/wp-content\/uploads\/2023\/10\/Poli\u0301tica-de-Biodiversidad_0010_2014.pdf\">Pol\u00edtica de Biodiversidad_0010_2014<\/a><\/li><li><a href=\"https:\/\/www.medellin.gov.co\/es\/wp-content\/uploads\/2023\/10\/Plan-de-Ordenamiento-Territorial-1999_0062_1999.pdf\">Plan de Ordenamiento Territorial 1999_0062_1999<\/a><\/li><li><a href=\"https:\/\/www.medellin.gov.co\/es\/wp-content\/uploads\/2023\/10\/Plan-de-Ordenamiento-Territorial-1999_0062_1999.pdf\">Plan de Desarrollo cultural a 2020_0049_2015<\/a><\/li><li><a href=\"https:\/\/www.medellin.gov.co\/es\/wp-content\/uploads\/2023\/10\/Plan-de-Desarrollo-2020-2023_0002_2020.pdf\">Plan de Desarrollo 2020-2023_0002_2020<\/a><\/li><li><a href=\"https:\/\/www.medellin.gov.co\/es\/wp-content\/uploads\/2023\/10\/Parque-ecolo\u0301gico-en-Vereda-la-Loma-San-Cristo\u0301bal_0001_1996.pdf\">Parque ecol\u00f3gico en Vereda la Loma, San Crist\u00f3bal_0001_1996<\/a><\/li><li><a href=\"https:\/\/www.medellin.gov.co\/es\/wp-content\/uploads\/2023\/10\/Modificacio\u0301n-de-uso-de-suelo-en-San-Cristo\u0301bal-_0042_1994.pdf\">Modificaci\u00f3n de uso de suelo en San Crist\u00f3bal _0042_1994<\/a><\/li><li><a href=\"https:\/\/www.medellin.gov.co\/es\/wp-content\/uploads\/2023\/10\/Modificacio\u0301n-de-uso-de-suelo-en-San-Cristo\u0301bal-_0042_1994.pdf\">Modifica Consejo Territorial de Paz, Reconciliaci\u00f3n Convivencia, CONPAZ_0053_2022<\/a><\/li><li><a href=\"https:\/\/www.medellin.gov.co\/es\/wp-content\/uploads\/2023\/10\/modifica-Consejo-Municipal-de-Desarrollo-Rural-CMDR_0023_2017.pdf\">modifica Consejo Municipal de Desarrollo Rural -CMDR_0023_2017<\/a><\/li><li><a href=\"https:\/\/www.medellin.gov.co\/es\/wp-content\/uploads\/2023\/10\/lineamientos-para-la-preservacio\u0301n-y-restauracio\u0301n-de-los-ecosistemas-estrate\u0301gicos-de-Medelli\u0301n_0106_2018.pdf\">lineamientos para la preservaci\u00f3n y restauraci\u00f3n de los ecosistemas estrat\u00e9gicos de Medell\u00edn_0106_2018<\/a><\/li><li><a href=\"https:\/\/www.medellin.gov.co\/es\/wp-content\/uploads\/2023\/10\/lineamientos-para-la-preservacio\u0301n-y-restauracio\u0301n-de-los-ecosistemas-estrate\u0301gicos-de-Medelli\u0301n_0106_2018.pdf\">lineamientos para la construcci\u00f3n de la pol\u00edtica de desarrollo rural y creaci\u00f3n del distrito rural_0016_2007<\/a><\/li><li><a href=\"https:\/\/www.medellin.gov.co\/es\/wp-content\/uploads\/2023\/10\/lineamientos-de-compra-pu\u0301blica-_0016_2020.pdf\">lineamientos de compra p\u00fablica _0016_2020<\/a><\/li><li><a href=\"https:\/\/www.medellin.gov.co\/es\/wp-content\/uploads\/2023\/10\/Institucionalizacio\u0301n-de-fiestas-de-San-Antonio-de-Prado_0003_2014.pdf\">Institucionalizaci\u00f3n de fiestas de San Antonio de Prado_0003_2014<\/a><\/li><li><a href=\"https:\/\/www.medellin.gov.co\/es\/wp-content\/uploads\/2023\/10\/institucionaliza-el-di\u0301a-del-Silleterito-_0023_1996.pdf\">institucionaliza el d\u00eda del Silleterito _0023_1996<\/a><\/li><li><a href=\"https:\/\/www.medellin.gov.co\/es\/wp-content\/uploads\/2023\/10\/Incrementa-partida-para-el-desfile-de-silleteros_0049_1990.pdf\">Incrementa partida para el desfile de silleteros_0049_1990<\/a><\/li><li><a href=\"https:\/\/www.medellin.gov.co\/es\/wp-content\/uploads\/2023\/10\/Homenaje-al-silletero_0053_1996.pdf\">Homenaje al silletero_0053_1996<\/a><\/li><li><a href=\"https:\/\/www.medellin.gov.co\/es\/wp-content\/uploads\/2023\/10\/Fiestas-culturales-en-San-Sebastia\u0301n-de-Palmitas_0013_2014.pdf\">Fiestas culturales en San Sebasti\u00e1n de Palmitas_0013_2014<\/a><\/li><li><a href=\"https:\/\/www.medellin.gov.co\/es\/wp-content\/uploads\/2023\/10\/Festival-Municipal-de-la-Cometa-en-el-corregimiento-de-Altavista_0047_2001.pdf\">Festival Municipal de la Cometa en el corregimiento de Altavista_0047_2001<\/a><\/li><li><a href=\"https:\/\/www.medellin.gov.co\/es\/wp-content\/uploads\/2023\/10\/Festival-de-las-Aves-en-el-municipio-de-Medelli\u0301n_0039_2015.pdf\">Festival de las Aves en el municipio de Medell\u00edn_0039_2015<\/a><\/li><li><a href=\"https:\/\/www.medellin.gov.co\/es\/wp-content\/uploads\/2023\/10\/Feria-exposicio\u0301n-Agropecuaria-e-Idustrial-de-los-corregimientos_0063_1993.pdf\">Feria exposici\u00f3n Agropecuaria e Idustrial de los corregimientos_0063_1993<\/a><\/li><li><a href=\"https:\/\/www.medellin.gov.co\/es\/wp-content\/uploads\/2023\/10\/Exencio\u0301n-tributaria-para-inmuebles-que-hayan-sido-evacuados-temporal-o-definitivamente-por-orden-de-autoridad-competente_0036_2021.pdf\">Exenci\u00f3n tributaria para inmuebles que hayan sido evacuados temporal o definitivamente por orden de autoridad competente_0036_2021<\/a><\/li><li><a href=\"https:\/\/www.medellin.gov.co\/es\/wp-content\/uploads\/2023\/10\/Equipamiento-de-culto-en-Vereda-Travesi\u0301as-San-Cristo\u0301bal_0004_2011.pdf\">Equipamiento de culto en Vereda Traves\u00edas, San Crist\u00f3bal_0004_2011<\/a><\/li><li><a href=\"https:\/\/www.medellin.gov.co\/es\/wp-content\/uploads\/2023\/10\/Desafectacio\u0301n-de-inmueble-en-Altavista_0043_1994.pdf\">Desafectaci\u00f3n de inmueble en Altavista_0043_1994<\/a><\/li><li><a href=\"https:\/\/www.medellin.gov.co\/es\/wp-content\/uploads\/2023\/10\/Deroga-consejo-municipal-de-desarrollo-rural-CMDR_0050_2017.pdf\">Deroga consejo municipal de desarrollo rural CMDR_0050_2017<\/a><\/li><li><a href=\"https:\/\/www.medellin.gov.co\/es\/wp-content\/uploads\/2023\/10\/Creacio\u0301n-y-asignacio\u0301n-de-nombres-a-las-nuevas-instituciones-educativas_0048_2007.pdf\">Creaci\u00f3n y asignaci\u00f3n de nombres a las nuevas instituciones educativas_0048_2007<\/a><\/li><li><a href=\"https:\/\/www.medellin.gov.co\/es\/wp-content\/uploads\/2023\/10\/crea-el-parque-ecolo\u0301gico-La-Perla_0025_2002.pdf\">crea el parque ecol\u00f3gico La Perla_0025_2002<\/a><\/li><li><a href=\"https:\/\/www.medellin.gov.co\/es\/wp-content\/uploads\/2023\/10\/Crea-el-Consejo-Municipal-de-Desarrollo-Rural-\u2013-CMDR_0065_2013.pdf\">Crea el Consejo Municipal de Desarrollo Rural \u2013 CMDR_0065_2013<\/a><\/li><li><a href=\"https:\/\/www.medellin.gov.co\/es\/wp-content\/uploads\/2023\/10\/Crea-Consejo-Territorial-de-Salud-Ambiental-COTSAM_0067_2017.pdf\">Crea Consejo Territorial de Salud Ambiental &#8211; COTSAM_0067_2017<\/a><\/li><li><a href=\"https:\/\/www.medellin.gov.co\/es\/wp-content\/uploads\/2023\/10\/Consejo-Territorial-de-Paz-Reconciliacio\u0301n-y-Convivencia-CONPAZ_0049_2017.pdf\">Consejo Territorial de Paz, Reconciliaci\u00f3n y Convivencia -CONPAZ_0049_2017<\/a><\/li><li><a href=\"https:\/\/www.medellin.gov.co\/es\/wp-content\/uploads\/2023\/10\/complementa-la-Poli\u0301tica-Pu\u0301blica-de-Seguridad-y-Soberani\u0301a-Alimentaria-y-Nutricional_0100_2013.pdf\">complementa la Pol\u00edtica P\u00fablica de Seguridad y Soberan\u00eda Alimentaria y Nutricional_0100_2013<\/a><\/li><\/ul>\t\t\t\t\t<\/div>\n\t\t\t\t\t<\/div>\n\t\t\t\t\t\t\t<\/div>\n\t\t<\/div>\n\t\t\t\t<\/div>\n\t\t\t\t<\/div>\n\t\t<\/div>\t\t\t\t\t\t\t<\/div>\n\t\t\t<\/div>\n\t\t\t\t\t<\/div>\n\t\t","protected":false},"excerpt":{"rendered":"<p>Pol\u00edtica p\u00fablica | Distrito rural campesino | Normograma Normograma de las din\u00e1micas rurales de Medell\u00edn Explorando el Normograma: Normas y regulaciones para los corregimientos y temas rurales de Medell\u00edn Bienvenidos al Normograma de las din\u00e1micas &#8230;<\/p>\n","protected":false},"author":31,"featured_media":245779,"parent":264422,"menu_order":0,"comment_status":"closed","ping_status":"closed","template":"sec-corregimientos\/elementor-fao.php","meta":[],"acf":[],"_links":{"self":[{"href":"https:\/\/www.medellin.gov.co\/es\/wp-json\/wp\/v2\/pages\/264632"}],"collection":[{"href":"https:\/\/www.medellin.gov.co\/es\/wp-json\/wp\/v2\/pages"}],"about":[{"href":"https:\/\/www.medellin.gov.co\/es\/wp-json\/wp\/v2\/types\/page"}],"author":[{"embeddable":true,"href":"https:\/\/www.medellin.gov.co\/es\/wp-json\/wp\/v2\/users\/31"}],"replies":[{"embeddable":true,"href":"https:\/\/www.medellin.gov.co\/es\/wp-json\/wp\/v2\/comments?post=264632"}],"version-history":[{"count":10,"href":"https:\/\/www.medellin.gov.co\/es\/wp-json\/wp\/v2\/pages\/264632\/revisions"}],"predecessor-version":[{"id":279581,"href":"https:\/\/www.medellin.gov.co\/es\/wp-json\/wp\/v2\/pages\/264632\/revisions\/279581"}],"up":[{"embeddable":true,"href":"https:\/\/www.medellin.gov.co\/es\/wp-json\/wp\/v2\/pages\/264422"}],"wp:featuredmedia":[{"embeddable":true,"href":"https:\/\/www.medellin.gov.co\/es\/wp-json\/wp\/v2\/media\/245779"}],"wp:attachment":[{"href":"https:\/\/www.medellin.gov.co\/es\/wp-json\/wp\/v2\/media?parent=264632"}],"curies":[{"name":"wp","href":"https:\/\/api.w.org\/{rel}","templated":true}]}}