{"id":264641,"date":"2023-10-12T14:17:19","date_gmt":"2023-10-12T19:17:19","guid":{"rendered":"https:\/\/www.medellin.gov.co\/es\/?page_id=264641"},"modified":"2023-10-26T16:09:56","modified_gmt":"2023-10-26T21:09:56","slug":"cultura-e-identidad-de-los-corregimientos","status":"publish","type":"page","link":"https:\/\/www.medellin.gov.co\/es\/corregimientos\/comer-conexion-medellin-rural\/cultura-e-identidad-de-los-corregimientos\/","title":{"rendered":"Cultura e identidad de los corregimientos"},"content":{"rendered":"\t\t<div data-elementor-type=\"wp-page\" data-elementor-id=\"264641\" class=\"elementor elementor-264641\">\n\t\t\t\t\t\t<div class=\"elementor-inner\">\n\t\t\t\t<div class=\"elementor-section-wrap\">\n\t\t\t\t\t\t\t<div class=\"elementor-element elementor-element-72c245b e-container--column e-container\" data-id=\"72c245b\" data-element_type=\"container\">\t\t\t\t<div class=\"elementor-element elementor-element-898d556 elementor-widget elementor-widget-text-editor\" data-id=\"898d556\" data-element_type=\"widget\" data-widget_type=\"text-editor.default\">\n\t\t\t\t<div class=\"elementor-widget-container\">\n\t\t\t\t\t\t\t\t<div class=\"elementor-text-editor elementor-clearfix\">\n\t\t\t\t<p style=\"text-align: right;\"><a href=\"https:\/\/www.medellin.gov.co\/es\/corregimientos\/comer-conexion-medellin-rural\/cultura-e-identidad-de-los-corregimientos\/corregimientos-de-medellin\/\">Corregimientos de Medell\u00edn<\/a> | <a href=\"https:\/\/www.medellin.gov.co\/es\/corregimientos\/comer-conexion-medellin-rural\/cultura-e-identidad-de-los-corregimientos\/cronologia-de-los-corregimientos-de-medellin\/\">Cronolog\u00eda<\/a>\u00a0| <a href=\"https:\/\/www.medellin.gov.co\/es\/corregimientos\/comer-conexion-medellin-rural\/cultura-e-identidad-de-los-corregimientos\/historias-de-los-corregimientos-de-medellin\/\">Historias de los corregimientos<\/a><\/p>\t\t\t\t\t<\/div>\n\t\t\t\t\t\t<\/div>\n\t\t\t\t<\/div>\n\t\t<\/div><div class=\"elementor-element elementor-element-7ec01c0 e-container--column e-container\" data-id=\"7ec01c0\" data-element_type=\"container\">\t\t\t\t<div class=\"elementor-element elementor-element-97c247b elementor-widget elementor-widget-heading\" data-id=\"97c247b\" data-element_type=\"widget\" data-widget_type=\"heading.default\">\n\t\t\t\t<div class=\"elementor-widget-container\">\n\t\t\t<h1 class=\"elementor-heading-title elementor-size-default\">Cultura e identidad<\/h1>\t\t<\/div>\n\t\t\t\t<\/div>\n\t\t<\/div><div class=\"elementor-element elementor-element-ba8f44d e-container--row e-container\" data-id=\"ba8f44d\" data-element_type=\"container\">\t\t<div class=\"elementor-element elementor-element-2a8763c e-container--column e-container\" data-id=\"2a8763c\" data-element_type=\"container\">\t\t\t\t<div class=\"elementor-element elementor-element-5208e65 elementor-widget elementor-widget-text-editor\" data-id=\"5208e65\" data-element_type=\"widget\" data-widget_type=\"text-editor.default\">\n\t\t\t\t<div class=\"elementor-widget-container\">\n\t\t\t\t\t\t\t\t<div class=\"elementor-text-editor elementor-clearfix\">\n\t\t\t\t<p>La ruralidad en Medell\u00edn ocupa el 70% del territorio. Por eso, preguntarnos por nuestra ciudad, es preguntarnos por el campo, sus gentes y nuestros 5 corregimientos. Te invitamos a conocer la historia que hay detr\u00e1s de nuestro quehacer rural, as\u00ed como tambi\u00e9n sobre la cotidianidad en el campo y lo que ocurre en los fogones, las brasas, la tierra y el humo que hacen de nuestra cultura e identidad un acervo rico y amplio, que dan cuenta de nuestra eterna primavera.<\/p>\t\t\t\t\t<\/div>\n\t\t\t\t\t\t<\/div>\n\t\t\t\t<\/div>\n\t\t<\/div><div class=\"elementor-element elementor-element-a8fc372 e-container--column e-container\" data-id=\"a8fc372\" data-element_type=\"container\">\t\t\t\t<div class=\"elementor-element elementor-element-cb8f354 elementor-aspect-ratio-169 elementor-widget elementor-widget-video\" data-id=\"cb8f354\" data-element_type=\"widget\" data-settings=\"{&quot;youtube_url&quot;:&quot;https:\\\/\\\/youtu.be\\\/DtFpV9Kkb2Y?si=TEtqwDlzgXOzV56D&quot;,&quot;video_type&quot;:&quot;youtube&quot;,&quot;controls&quot;:&quot;yes&quot;,&quot;aspect_ratio&quot;:&quot;169&quot;}\" data-widget_type=\"video.default\">\n\t\t\t\t<div class=\"elementor-widget-container\">\n\t\t\t\t\t<div class=\"elementor-wrapper elementor-fit-aspect-ratio elementor-open-inline\">\n\t\t\t<div class=\"elementor-video\"><\/div>\t\t<\/div>\n\t\t\t\t<\/div>\n\t\t\t\t<\/div>\n\t\t<\/div><\/div><div class=\"elementor-element elementor-element-134e24f e-container--column e-container\" data-id=\"134e24f\" data-element_type=\"container\">\t\t\t\t<div class=\"elementor-element elementor-element-dff8a68 elementor-widget elementor-widget-html\" data-id=\"dff8a68\" data-element_type=\"widget\" data-widget_type=\"html.default\">\n\t\t\t\t<div class=\"elementor-widget-container\">\n\t\t\t<div class=\"contendor_cads\">\n        <div class=\"carticas medd\">\n          <div class=\"grid\">\n            <a href=\"https:\/\/www.medellin.gov.co\/es\/corregimientos\/comer-conexion-medellin-rural\/cultura-e-identidad-de-los-corregimientos\/corregimientos-de-medellin\/\">\n                <div class=\"showcont\">\n                    <p>La ciudad de Medell\u00edn es un territorio h\u00edbrido entre lo urbano y lo rural \u00a1Conoce sobre su ruralidad a trav\u00e9s de sus 5 corregimientos<\/p>\n                <\/div>\n            <\/a>\n                <div class=\"imgcont\">\n                    <img src=\"https:\/\/www.medellin.gov.co\/es\/wp-content\/uploads\/2023\/10\/San-Antonio-de-prado-parque-principal.jpg\" alt=\"Parque san Antonio\">\n                <\/div>\n                <h2 class=\"titulocart\">Corregimientos<\/h2>\n          <\/div>\n        <\/div>\n        <div class=\"carticas medd\">\n          <div class=\"grid\">\n            <a href=\"https:\/\/www.medellin.gov.co\/es\/corregimientos\/comer-conexion-medellin-rural\/cultura-e-identidad-de-los-corregimientos\/cronologia-de-los-corregimientos-de-medellin\/\">\n                <div class=\"showcont\">\n                    <p>Conoce c\u00f3mo una monta\u00f1a en el oriente de la cordillera se convirti\u00f3 en nuestro Medell\u00edn<\/p>\n                <\/div>\n            <\/a>\n                <div class=\"imgcont\">\n                    <img src=\"https:\/\/www.medellin.gov.co\/es\/wp-content\/uploads\/2023\/10\/Museo-Altavista.jpg\" alt=\"Museo Altavista\">\n                <\/div>\n                <h2 class=\"titulocart\">Cronolog\u00eda<\/h2>\n          <\/div>\n        <\/div>\n        <div class=\"carticas medd\">\n          <div class=\"grid\">\n            <a href=\"https:\/\/www.medellin.gov.co\/es\/corregimientos\/comer-conexion-medellin-rural\/cultura-e-identidad-de-los-corregimientos\/historias-de-los-corregimientos-de-medellin\/\">\n                <div class=\"showcont\">\n                    <p>Ent\u00e9rate sobre las historias del d\u00eda a d\u00eda que ocurren en el campo<\/p>\n                <\/div>\n            <\/a>\n                <div class=\"imgcont\">\n                    <img src=\"https:\/\/www.medellin.gov.co\/es\/wp-content\/uploads\/2023\/10\/Historias.jpg\" alt=\"Historias\">\n                <\/div>\n                <h2 class=\"titulocart\">Historias<\/h2>\n          <\/div>\n        <\/div>\n  <\/div>\t\t<\/div>\n\t\t\t\t<\/div>\n\t\t<\/div><div class=\"elementor-element elementor-element-88ef13e e-container--column e-container\" data-id=\"88ef13e\" data-element_type=\"container\" data-settings=\"{&quot;background_background&quot;:&quot;gradient&quot;}\">\t\t<div class=\"elementor-element elementor-element-96f8e88 e-container--column e-container\" data-id=\"96f8e88\" data-element_type=\"container\" data-settings=\"{&quot;background_background&quot;:&quot;classic&quot;}\">\t\t<div class=\"elementor-element elementor-element-12b4761 e-container--row e-container\" data-id=\"12b4761\" data-element_type=\"container\" data-settings=\"{&quot;background_background&quot;:&quot;classic&quot;}\">\t\t\t\t<div class=\"elementor-element elementor-element-87ac380 elementor-widget__width-initial elementor-widget elementor-widget-heading\" data-id=\"87ac380\" data-element_type=\"widget\" data-widget_type=\"heading.default\">\n\t\t\t\t<div class=\"elementor-widget-container\">\n\t\t\t<p class=\"elementor-heading-title elementor-size-default\"><b>Conoce nuestro libro \"Campesinos de ciudad\"<\/b> y ent\u00e9rate sobre el campo y sus gentes<\/p>\t\t<\/div>\n\t\t\t\t<\/div>\n\t\t\t\t<div class=\"elementor-element elementor-element-7645e9c elementor-align-center elementor-widget__width-initial elementor-widget elementor-widget-button\" data-id=\"7645e9c\" data-element_type=\"widget\" data-widget_type=\"button.default\">\n\t\t\t\t<div class=\"elementor-widget-container\">\n\t\t\t\t\t<div class=\"elementor-button-wrapper\">\n\t\t\t<a href=\"https:\/\/www.medellin.gov.co\/es\/wp-content\/uploads\/2023\/10\/Corregimientos_Vdefinitiva_muestra.pdf\" target=\"_blank\" class=\"elementor-button-link elementor-button elementor-size-sm\" role=\"button\">\n\t\t\t\t\t\t<span class=\"elementor-button-content-wrapper\">\n\t\t\t\t\t\t<span class=\"elementor-button-text\">\u00a1Descargar libro!<\/span>\n\t\t<\/span>\n\t\t\t\t\t<\/a>\n\t\t<\/div>\n\t\t\t\t<\/div>\n\t\t\t\t<\/div>\n\t\t<\/div><\/div><\/div>\t\t<section class=\"elementor-section elementor-top-section elementor-element elementor-element-1a1cd7d elementor-section-boxed elementor-section-height-default elementor-section-height-default\" data-id=\"1a1cd7d\" data-element_type=\"section\">\n\t\t\t\t\t\t<div class=\"elementor-container elementor-column-gap-default\">\n\t\t\t\t\t\t\t<div class=\"elementor-row\">\n\t\t\t\t\t<div class=\"elementor-column elementor-col-100 elementor-top-column elementor-element elementor-element-742cd08\" data-id=\"742cd08\" data-element_type=\"column\">\n\t\t\t<div class=\"elementor-column-wrap elementor-element-populated\">\n\t\t\t\t\t\t\t<div class=\"elementor-widget-wrap\">\n\t\t\t\t<div class=\"elementor-element elementor-element-ec11ed9 e-container--column e-container\" data-id=\"ec11ed9\" data-element_type=\"container\">\t\t<div class=\"elementor-element elementor-element-c0b00ee e-container--column e-container\" data-id=\"c0b00ee\" data-element_type=\"container\" data-settings=\"{&quot;background_background&quot;:&quot;classic&quot;}\">\t\t\t\t<div class=\"elementor-element elementor-element-40216cd elementor-widget elementor-widget-text-editor\" data-id=\"40216cd\" data-element_type=\"widget\" data-widget_type=\"text-editor.default\">\n\t\t\t\t<div class=\"elementor-widget-container\">\n\t\t\t\t\t\t\t\t<div class=\"elementor-text-editor elementor-clearfix\">\n\t\t\t\t<p>\u00abEn Antioquia hay sancochos de r\u00edo, mar y monta\u00f1a, pero quiz\u00e1s el m\u00e1s popular en Medell\u00edn y sus corregimientos es el sancocho paisa: lleva carne de res y costilla de res o cerdo; pl\u00e1tano verde, guineo, pl\u00e1tano maduro, papa, arracacha y mazorca; se condimenta con zanahoria, cebolla junca, hojas de repollo, comino, sal y pimienta; se decora con cilantro y se sirve con aguacate, arroz, ensalada y una rodaja de lim\u00f3n.\u00bb<\/p><p style=\"text-align: right;\"><em><strong>En b\u00fasqueda del plato perdido<\/strong><\/em><br \/><em>Por Estefan\u00eda Carvajal Restrepo<\/em><\/p>\t\t\t\t\t<\/div>\n\t\t\t\t\t\t<\/div>\n\t\t\t\t<\/div>\n\t\t<\/div><\/div>\t\t<div class=\"elementor-element elementor-element-b8bbe66 elementor-widget elementor-widget-gallery\" data-id=\"b8bbe66\" data-element_type=\"widget\" data-settings=\"{&quot;gallery_layout&quot;:&quot;grid&quot;,&quot;columns&quot;:4,&quot;columns_tablet&quot;:2,&quot;columns_mobile&quot;:1,&quot;gap&quot;:{&quot;unit&quot;:&quot;px&quot;,&quot;size&quot;:10,&quot;sizes&quot;:[]},&quot;gap_tablet&quot;:{&quot;unit&quot;:&quot;px&quot;,&quot;size&quot;:10,&quot;sizes&quot;:[]},&quot;gap_mobile&quot;:{&quot;unit&quot;:&quot;px&quot;,&quot;size&quot;:10,&quot;sizes&quot;:[]},&quot;link_to&quot;:&quot;file&quot;,&quot;aspect_ratio&quot;:&quot;3:2&quot;,&quot;overlay_background&quot;:&quot;yes&quot;,&quot;content_hover_animation&quot;:&quot;fade-in&quot;}\" data-widget_type=\"gallery.default\">\n\t\t\t\t<div class=\"elementor-widget-container\">\n\t\t\t\t\t<div class=\"elementor-gallery__container\">\n\t\t\t\t\t\t\t<a class=\"e-gallery-item elementor-gallery-item elementor-animated-content\" href=\"https:\/\/www.medellin.gov.co\/es\/wp-content\/uploads\/2023\/10\/Altavista-la-Perla.jpg\" data-elementor-open-lightbox=\"yes\" data-elementor-lightbox-slideshow=\"all-b8bbe66\" data-elementor-lightbox-title=\"Altavista la Perla\" e-action-hash=\"#elementor-action%3Aaction%3Dlightbox%26settings%3DeyJpZCI6MjY3MDcyLCJ1cmwiOiJodHRwczpcL1wvd3d3Lm1lZGVsbGluLmdvdi5jb1wvZXNcL3dwLWNvbnRlbnRcL3VwbG9hZHNcLzIwMjNcLzEwXC9BbHRhdmlzdGEtbGEtUGVybGEuanBnIiwic2xpZGVzaG93IjoiYWxsLWI4YmJlNjYifQ%3D%3D\">\n\t\t\t\t\t<div class=\"e-gallery-image elementor-gallery-item__image\" data-thumbnail=\"https:\/\/www.medellin.gov.co\/es\/wp-content\/uploads\/2023\/10\/Altavista-la-Perla-300x200.jpg\" data-width=\"300\" data-height=\"200\" alt=\"Mano con maices\" ><\/div>\n\t\t\t\t\t\t\t\t\t\t\t<div class=\"elementor-gallery-item__overlay\"><\/div>\n\t\t\t\t\t\t\t\t\t\t\t\t\t\t<\/a>\n\t\t\t\t\t\t\t<a class=\"e-gallery-item elementor-gallery-item elementor-animated-content\" href=\"https:\/\/www.medellin.gov.co\/es\/wp-content\/uploads\/2023\/10\/Arepas-Corregimientos-de-medelli\u0301n.jpg\" data-elementor-open-lightbox=\"yes\" data-elementor-lightbox-slideshow=\"all-b8bbe66\" data-elementor-lightbox-title=\"Arepas Corregimientos de Medell\u00edn\" e-action-hash=\"#elementor-action%3Aaction%3Dlightbox%26settings%3DeyJpZCI6MjY3MDc1LCJ1cmwiOiJodHRwczpcL1wvd3d3Lm1lZGVsbGluLmdvdi5jb1wvZXNcL3dwLWNvbnRlbnRcL3VwbG9hZHNcLzIwMjNcLzEwXC9BcmVwYXMtQ29ycmVnaW1pZW50b3MtZGUtbWVkZWxsaVx1MDMwMW4uanBnIiwic2xpZGVzaG93IjoiYWxsLWI4YmJlNjYifQ%3D%3D\">\n\t\t\t\t\t<div class=\"e-gallery-image elementor-gallery-item__image\" data-thumbnail=\"https:\/\/www.medellin.gov.co\/es\/wp-content\/uploads\/2023\/10\/Arepas-Corregimientos-de-medelli\u0301n-300x200.jpg\" data-width=\"300\" data-height=\"200\" alt=\"Arepas Corregimientos de Medell\u00edn\" ><\/div>\n\t\t\t\t\t\t\t\t\t\t\t<div class=\"elementor-gallery-item__overlay\"><\/div>\n\t\t\t\t\t\t\t\t\t\t\t\t\t\t<\/a>\n\t\t\t\t\t\t\t<a class=\"e-gallery-item elementor-gallery-item elementor-animated-content\" href=\"https:\/\/www.medellin.gov.co\/es\/wp-content\/uploads\/2023\/10\/Arepas-la-Perla.jpg\" data-elementor-open-lightbox=\"yes\" data-elementor-lightbox-slideshow=\"all-b8bbe66\" data-elementor-lightbox-title=\"Arepas la Perla\" e-action-hash=\"#elementor-action%3Aaction%3Dlightbox%26settings%3DeyJpZCI6MjY3MDc2LCJ1cmwiOiJodHRwczpcL1wvd3d3Lm1lZGVsbGluLmdvdi5jb1wvZXNcL3dwLWNvbnRlbnRcL3VwbG9hZHNcLzIwMjNcLzEwXC9BcmVwYXMtbGEtUGVybGEuanBnIiwic2xpZGVzaG93IjoiYWxsLWI4YmJlNjYifQ%3D%3D\">\n\t\t\t\t\t<div class=\"e-gallery-image elementor-gallery-item__image\" data-thumbnail=\"https:\/\/www.medellin.gov.co\/es\/wp-content\/uploads\/2023\/10\/Arepas-la-Perla-300x200.jpg\" data-width=\"300\" data-height=\"200\" alt=\"Arepas la Perla\" ><\/div>\n\t\t\t\t\t\t\t\t\t\t\t<div class=\"elementor-gallery-item__overlay\"><\/div>\n\t\t\t\t\t\t\t\t\t\t\t\t\t\t<\/a>\n\t\t\t\t\t\t\t<a class=\"e-gallery-item elementor-gallery-item elementor-animated-content\" href=\"https:\/\/www.medellin.gov.co\/es\/wp-content\/uploads\/2023\/10\/Chivero-San-Antonio-.jpg\" data-elementor-open-lightbox=\"yes\" data-elementor-lightbox-slideshow=\"all-b8bbe66\" data-elementor-lightbox-title=\"Chivero San Antonio de Prado\" e-action-hash=\"#elementor-action%3Aaction%3Dlightbox%26settings%3DeyJpZCI6MjY3MDc3LCJ1cmwiOiJodHRwczpcL1wvd3d3Lm1lZGVsbGluLmdvdi5jb1wvZXNcL3dwLWNvbnRlbnRcL3VwbG9hZHNcLzIwMjNcLzEwXC9DaGl2ZXJvLVNhbi1BbnRvbmlvLS5qcGciLCJzbGlkZXNob3ciOiJhbGwtYjhiYmU2NiJ9\">\n\t\t\t\t\t<div class=\"e-gallery-image elementor-gallery-item__image\" data-thumbnail=\"https:\/\/www.medellin.gov.co\/es\/wp-content\/uploads\/2023\/10\/Chivero-San-Antonio--300x200.jpg\" data-width=\"300\" data-height=\"200\" alt=\"Chivero San Antonio de Prado\" ><\/div>\n\t\t\t\t\t\t\t\t\t\t\t<div class=\"elementor-gallery-item__overlay\"><\/div>\n\t\t\t\t\t\t\t\t\t\t\t\t\t\t<\/a>\n\t\t\t\t\t\t\t<a class=\"e-gallery-item elementor-gallery-item elementor-animated-content\" href=\"https:\/\/www.medellin.gov.co\/es\/wp-content\/uploads\/2023\/10\/Chivero-San-Cristobal.jpg\" data-elementor-open-lightbox=\"yes\" data-elementor-lightbox-slideshow=\"all-b8bbe66\" data-elementor-lightbox-title=\"Chivero San Cristobal\" e-action-hash=\"#elementor-action%3Aaction%3Dlightbox%26settings%3DeyJpZCI6MjY3MDc4LCJ1cmwiOiJodHRwczpcL1wvd3d3Lm1lZGVsbGluLmdvdi5jb1wvZXNcL3dwLWNvbnRlbnRcL3VwbG9hZHNcLzIwMjNcLzEwXC9DaGl2ZXJvLVNhbi1DcmlzdG9iYWwuanBnIiwic2xpZGVzaG93IjoiYWxsLWI4YmJlNjYifQ%3D%3D\">\n\t\t\t\t\t<div class=\"e-gallery-image elementor-gallery-item__image\" data-thumbnail=\"https:\/\/www.medellin.gov.co\/es\/wp-content\/uploads\/2023\/10\/Chivero-San-Cristobal-300x197.jpg\" data-width=\"300\" data-height=\"197\" alt=\"Chivero San Cristobal\" ><\/div>\n\t\t\t\t\t\t\t\t\t\t\t<div class=\"elementor-gallery-item__overlay\"><\/div>\n\t\t\t\t\t\t\t\t\t\t\t\t\t\t<\/a>\n\t\t\t\t\t\t\t<a class=\"e-gallery-item elementor-gallery-item elementor-animated-content\" href=\"https:\/\/www.medellin.gov.co\/es\/wp-content\/uploads\/2023\/10\/Corregimientos.jpg\" data-elementor-open-lightbox=\"yes\" data-elementor-lightbox-slideshow=\"all-b8bbe66\" data-elementor-lightbox-title=\"Corregimientos de Medell\u00edn\" e-action-hash=\"#elementor-action%3Aaction%3Dlightbox%26settings%3DeyJpZCI6MjY3MDgwLCJ1cmwiOiJodHRwczpcL1wvd3d3Lm1lZGVsbGluLmdvdi5jb1wvZXNcL3dwLWNvbnRlbnRcL3VwbG9hZHNcLzIwMjNcLzEwXC9Db3JyZWdpbWllbnRvcy5qcGciLCJzbGlkZXNob3ciOiJhbGwtYjhiYmU2NiJ9\">\n\t\t\t\t\t<div class=\"e-gallery-image elementor-gallery-item__image\" data-thumbnail=\"https:\/\/www.medellin.gov.co\/es\/wp-content\/uploads\/2023\/10\/Corregimientos-300x200.jpg\" data-width=\"300\" data-height=\"200\" alt=\"Corregimientos de Medell\u00edn\" ><\/div>\n\t\t\t\t\t\t\t\t\t\t\t<div class=\"elementor-gallery-item__overlay\"><\/div>\n\t\t\t\t\t\t\t\t\t\t\t\t\t\t<\/a>\n\t\t\t\t\t\t\t<a class=\"e-gallery-item elementor-gallery-item elementor-animated-content\" href=\"https:\/\/www.medellin.gov.co\/es\/wp-content\/uploads\/2023\/10\/Cronologi\u0301a.jpg\" data-elementor-open-lightbox=\"yes\" data-elementor-lightbox-slideshow=\"all-b8bbe66\" data-elementor-lightbox-title=\"Cronologi\u0301a de los corregimientos de Medell\u00edn\" e-action-hash=\"#elementor-action%3Aaction%3Dlightbox%26settings%3DeyJpZCI6MjY3MDgxLCJ1cmwiOiJodHRwczpcL1wvd3d3Lm1lZGVsbGluLmdvdi5jb1wvZXNcL3dwLWNvbnRlbnRcL3VwbG9hZHNcLzIwMjNcLzEwXC9Dcm9ub2xvZ2lcdTAzMDFhLmpwZyIsInNsaWRlc2hvdyI6ImFsbC1iOGJiZTY2In0%3D\">\n\t\t\t\t\t<div class=\"e-gallery-image elementor-gallery-item__image\" data-thumbnail=\"https:\/\/www.medellin.gov.co\/es\/wp-content\/uploads\/2023\/10\/Cronologi\u0301a-300x200.jpg\" data-width=\"300\" data-height=\"200\" alt=\"Cronologi\u0301a de los corregimientos de Medell\u00edn\" ><\/div>\n\t\t\t\t\t\t\t\t\t\t\t<div class=\"elementor-gallery-item__overlay\"><\/div>\n\t\t\t\t\t\t\t\t\t\t\t\t\t\t<\/a>\n\t\t\t\t\t\t\t<a class=\"e-gallery-item elementor-gallery-item elementor-animated-content\" href=\"https:\/\/www.medellin.gov.co\/es\/wp-content\/uploads\/2023\/10\/Familia-Santa-Elena.jpg\" data-elementor-open-lightbox=\"yes\" data-elementor-lightbox-slideshow=\"all-b8bbe66\" data-elementor-lightbox-title=\"Familia de Santa Elena\" e-action-hash=\"#elementor-action%3Aaction%3Dlightbox%26settings%3DeyJpZCI6MjY3MDgyLCJ1cmwiOiJodHRwczpcL1wvd3d3Lm1lZGVsbGluLmdvdi5jb1wvZXNcL3dwLWNvbnRlbnRcL3VwbG9hZHNcLzIwMjNcLzEwXC9GYW1pbGlhLVNhbnRhLUVsZW5hLmpwZyIsInNsaWRlc2hvdyI6ImFsbC1iOGJiZTY2In0%3D\">\n\t\t\t\t\t<div class=\"e-gallery-image elementor-gallery-item__image\" data-thumbnail=\"https:\/\/www.medellin.gov.co\/es\/wp-content\/uploads\/2023\/10\/Familia-Santa-Elena-300x200.jpg\" data-width=\"300\" data-height=\"200\" alt=\"Familia de Santa Elena\" ><\/div>\n\t\t\t\t\t\t\t\t\t\t\t<div class=\"elementor-gallery-item__overlay\"><\/div>\n\t\t\t\t\t\t\t\t\t\t\t\t\t\t<\/a>\n\t\t\t\t\t\t\t<a class=\"e-gallery-item elementor-gallery-item elementor-animated-content\" href=\"https:\/\/www.medellin.gov.co\/es\/wp-content\/uploads\/2023\/10\/Historias.jpg\" data-elementor-open-lightbox=\"yes\" data-elementor-lightbox-slideshow=\"all-b8bbe66\" data-elementor-lightbox-title=\"Historias de los corregimientos\" e-action-hash=\"#elementor-action%3Aaction%3Dlightbox%26settings%3DeyJpZCI6MjY3MDgzLCJ1cmwiOiJodHRwczpcL1wvd3d3Lm1lZGVsbGluLmdvdi5jb1wvZXNcL3dwLWNvbnRlbnRcL3VwbG9hZHNcLzIwMjNcLzEwXC9IaXN0b3JpYXMuanBnIiwic2xpZGVzaG93IjoiYWxsLWI4YmJlNjYifQ%3D%3D\">\n\t\t\t\t\t<div class=\"e-gallery-image elementor-gallery-item__image\" data-thumbnail=\"https:\/\/www.medellin.gov.co\/es\/wp-content\/uploads\/2023\/10\/Historias-300x200.jpg\" data-width=\"300\" data-height=\"200\" alt=\"Historias de los corregimientos\" ><\/div>\n\t\t\t\t\t\t\t\t\t\t\t<div class=\"elementor-gallery-item__overlay\"><\/div>\n\t\t\t\t\t\t\t\t\t\t\t\t\t\t<\/a>\n\t\t\t\t\t\t\t<a class=\"e-gallery-item elementor-gallery-item elementor-animated-content\" href=\"https:\/\/www.medellin.gov.co\/es\/wp-content\/uploads\/2023\/10\/La-familia-Mun\u0303oz.jpg\" data-elementor-open-lightbox=\"yes\" data-elementor-lightbox-slideshow=\"all-b8bbe66\" data-elementor-lightbox-title=\"La familia Mun\u0303oz\" e-action-hash=\"#elementor-action%3Aaction%3Dlightbox%26settings%3DeyJpZCI6MjY3MDg0LCJ1cmwiOiJodHRwczpcL1wvd3d3Lm1lZGVsbGluLmdvdi5jb1wvZXNcL3dwLWNvbnRlbnRcL3VwbG9hZHNcLzIwMjNcLzEwXC9MYS1mYW1pbGlhLU11blx1MDMwM296LmpwZyIsInNsaWRlc2hvdyI6ImFsbC1iOGJiZTY2In0%3D\">\n\t\t\t\t\t<div class=\"e-gallery-image elementor-gallery-item__image\" data-thumbnail=\"https:\/\/www.medellin.gov.co\/es\/wp-content\/uploads\/2023\/10\/La-familia-Mun\u0303oz-300x200.jpg\" data-width=\"300\" data-height=\"200\" alt=\"La familia Mun\u0303oz\" ><\/div>\n\t\t\t\t\t\t\t\t\t\t\t<div class=\"elementor-gallery-item__overlay\"><\/div>\n\t\t\t\t\t\t\t\t\t\t\t\t\t\t<\/a>\n\t\t\t\t\t\t\t<a class=\"e-gallery-item elementor-gallery-item elementor-animated-content\" href=\"https:\/\/www.medellin.gov.co\/es\/wp-content\/uploads\/2023\/10\/Lavandera-Altavista.jpg\" data-elementor-open-lightbox=\"yes\" data-elementor-lightbox-slideshow=\"all-b8bbe66\" data-elementor-lightbox-title=\"Lavandera Altavista\" e-action-hash=\"#elementor-action%3Aaction%3Dlightbox%26settings%3DeyJpZCI6MjY3MDg1LCJ1cmwiOiJodHRwczpcL1wvd3d3Lm1lZGVsbGluLmdvdi5jb1wvZXNcL3dwLWNvbnRlbnRcL3VwbG9hZHNcLzIwMjNcLzEwXC9MYXZhbmRlcmEtQWx0YXZpc3RhLmpwZyIsInNsaWRlc2hvdyI6ImFsbC1iOGJiZTY2In0%3D\">\n\t\t\t\t\t<div class=\"e-gallery-image elementor-gallery-item__image\" data-thumbnail=\"https:\/\/www.medellin.gov.co\/es\/wp-content\/uploads\/2023\/10\/Lavandera-Altavista-300x200.jpg\" data-width=\"300\" data-height=\"200\" alt=\"Lavandera Altavista\" ><\/div>\n\t\t\t\t\t\t\t\t\t\t\t<div class=\"elementor-gallery-item__overlay\"><\/div>\n\t\t\t\t\t\t\t\t\t\t\t\t\t\t<\/a>\n\t\t\t\t\t\t\t<a class=\"e-gallery-item elementor-gallery-item elementor-animated-content\" href=\"https:\/\/www.medellin.gov.co\/es\/wp-content\/uploads\/2023\/10\/Lavandera-Corregimiento-Altavista.jpg\" data-elementor-open-lightbox=\"yes\" data-elementor-lightbox-slideshow=\"all-b8bbe66\" data-elementor-lightbox-title=\"Lavandera Corregimiento Altavista\" e-action-hash=\"#elementor-action%3Aaction%3Dlightbox%26settings%3DeyJpZCI6MjY3MDg2LCJ1cmwiOiJodHRwczpcL1wvd3d3Lm1lZGVsbGluLmdvdi5jb1wvZXNcL3dwLWNvbnRlbnRcL3VwbG9hZHNcLzIwMjNcLzEwXC9MYXZhbmRlcmEtQ29ycmVnaW1pZW50by1BbHRhdmlzdGEuanBnIiwic2xpZGVzaG93IjoiYWxsLWI4YmJlNjYifQ%3D%3D\">\n\t\t\t\t\t<div class=\"e-gallery-image elementor-gallery-item__image\" data-thumbnail=\"https:\/\/www.medellin.gov.co\/es\/wp-content\/uploads\/2023\/10\/Lavandera-Corregimiento-Altavista-300x201.jpg\" data-width=\"300\" data-height=\"201\" alt=\"Lavandera Corregimiento Altavista\" ><\/div>\n\t\t\t\t\t\t\t\t\t\t\t<div class=\"elementor-gallery-item__overlay\"><\/div>\n\t\t\t\t\t\t\t\t\t\t\t\t\t\t<\/a>\n\t\t\t\t\t\t\t<a class=\"e-gallery-item elementor-gallery-item elementor-animated-content\" href=\"https:\/\/www.medellin.gov.co\/es\/wp-content\/uploads\/2023\/10\/Los-Mun\u0303oz.jpg\" data-elementor-open-lightbox=\"yes\" data-elementor-lightbox-slideshow=\"all-b8bbe66\" data-elementor-lightbox-title=\"Familia Mun\u0303oz\" e-action-hash=\"#elementor-action%3Aaction%3Dlightbox%26settings%3DeyJpZCI6MjY3MDg4LCJ1cmwiOiJodHRwczpcL1wvd3d3Lm1lZGVsbGluLmdvdi5jb1wvZXNcL3dwLWNvbnRlbnRcL3VwbG9hZHNcLzIwMjNcLzEwXC9Mb3MtTXVuXHUwMzAzb3ouanBnIiwic2xpZGVzaG93IjoiYWxsLWI4YmJlNjYifQ%3D%3D\">\n\t\t\t\t\t<div class=\"e-gallery-image elementor-gallery-item__image\" data-thumbnail=\"https:\/\/www.medellin.gov.co\/es\/wp-content\/uploads\/2023\/10\/Los-Mun\u0303oz-300x197.jpg\" data-width=\"300\" data-height=\"197\" alt=\"Familia Mun\u0303oz\" ><\/div>\n\t\t\t\t\t\t\t\t\t\t\t<div class=\"elementor-gallery-item__overlay\"><\/div>\n\t\t\t\t\t\t\t\t\t\t\t\t\t\t<\/a>\n\t\t\t\t\t\t\t<a class=\"e-gallery-item elementor-gallery-item elementor-animated-content\" href=\"https:\/\/www.medellin.gov.co\/es\/wp-content\/uploads\/2023\/10\/Mujeres-San-Cristo\u0301bal.jpg\" data-elementor-open-lightbox=\"yes\" data-elementor-lightbox-slideshow=\"all-b8bbe66\" data-elementor-lightbox-title=\"Mujeres San Cristo\u0301bal\" e-action-hash=\"#elementor-action%3Aaction%3Dlightbox%26settings%3DeyJpZCI6MjY3MDg5LCJ1cmwiOiJodHRwczpcL1wvd3d3Lm1lZGVsbGluLmdvdi5jb1wvZXNcL3dwLWNvbnRlbnRcL3VwbG9hZHNcLzIwMjNcLzEwXC9NdWplcmVzLVNhbi1DcmlzdG9cdTAzMDFiYWwuanBnIiwic2xpZGVzaG93IjoiYWxsLWI4YmJlNjYifQ%3D%3D\">\n\t\t\t\t\t<div class=\"e-gallery-image elementor-gallery-item__image\" data-thumbnail=\"https:\/\/www.medellin.gov.co\/es\/wp-content\/uploads\/2023\/10\/Mujeres-San-Cristo\u0301bal-300x200.jpg\" data-width=\"300\" data-height=\"200\" alt=\"Mujeres San Cristo\u0301bal\" ><\/div>\n\t\t\t\t\t\t\t\t\t\t\t<div class=\"elementor-gallery-item__overlay\"><\/div>\n\t\t\t\t\t\t\t\t\t\t\t\t\t\t<\/a>\n\t\t\t\t\t\t\t<a class=\"e-gallery-item elementor-gallery-item elementor-animated-content\" href=\"https:\/\/www.medellin.gov.co\/es\/wp-content\/uploads\/2023\/10\/Mujeres-Siempre-vivas-San-Cristo\u0301bal.jpg\" data-elementor-open-lightbox=\"yes\" data-elementor-lightbox-slideshow=\"all-b8bbe66\" data-elementor-lightbox-title=\"Mujeres Siempre vivas San Cristo\u0301bal\" e-action-hash=\"#elementor-action%3Aaction%3Dlightbox%26settings%3DeyJpZCI6MjY3MDkwLCJ1cmwiOiJodHRwczpcL1wvd3d3Lm1lZGVsbGluLmdvdi5jb1wvZXNcL3dwLWNvbnRlbnRcL3VwbG9hZHNcLzIwMjNcLzEwXC9NdWplcmVzLVNpZW1wcmUtdml2YXMtU2FuLUNyaXN0b1x1MDMwMWJhbC5qcGciLCJzbGlkZXNob3ciOiJhbGwtYjhiYmU2NiJ9\">\n\t\t\t\t\t<div class=\"e-gallery-image elementor-gallery-item__image\" data-thumbnail=\"https:\/\/www.medellin.gov.co\/es\/wp-content\/uploads\/2023\/10\/Mujeres-Siempre-vivas-San-Cristo\u0301bal-300x197.jpg\" data-width=\"300\" data-height=\"197\" alt=\"Mujeres Siempre vivas San Cristo\u0301bal\" ><\/div>\n\t\t\t\t\t\t\t\t\t\t\t<div class=\"elementor-gallery-item__overlay\"><\/div>\n\t\t\t\t\t\t\t\t\t\t\t\t\t\t<\/a>\n\t\t\t\t\t\t\t<a class=\"e-gallery-item elementor-gallery-item elementor-animated-content\" href=\"https:\/\/www.medellin.gov.co\/es\/wp-content\/uploads\/2023\/10\/Mujeres-siempre-vivas.jpg\" data-elementor-open-lightbox=\"yes\" data-elementor-lightbox-slideshow=\"all-b8bbe66\" data-elementor-lightbox-title=\"Emprendimientos de las mujeres de los corregimientos\" e-action-hash=\"#elementor-action%3Aaction%3Dlightbox%26settings%3DeyJpZCI6MjY3MDkxLCJ1cmwiOiJodHRwczpcL1wvd3d3Lm1lZGVsbGluLmdvdi5jb1wvZXNcL3dwLWNvbnRlbnRcL3VwbG9hZHNcLzIwMjNcLzEwXC9NdWplcmVzLXNpZW1wcmUtdml2YXMuanBnIiwic2xpZGVzaG93IjoiYWxsLWI4YmJlNjYifQ%3D%3D\">\n\t\t\t\t\t<div class=\"e-gallery-image elementor-gallery-item__image\" data-thumbnail=\"https:\/\/www.medellin.gov.co\/es\/wp-content\/uploads\/2023\/10\/Mujeres-siempre-vivas-300x202.jpg\" data-width=\"300\" data-height=\"202\" alt=\"Emprendimientos de las mujeres de los corregimientos\" ><\/div>\n\t\t\t\t\t\t\t\t\t\t\t<div class=\"elementor-gallery-item__overlay\"><\/div>\n\t\t\t\t\t\t\t\t\t\t\t\t\t\t<\/a>\n\t\t\t\t\t\t\t<a class=\"e-gallery-item elementor-gallery-item elementor-animated-content\" href=\"https:\/\/www.medellin.gov.co\/es\/wp-content\/uploads\/2023\/10\/Pescado.jpg\" data-elementor-open-lightbox=\"yes\" data-elementor-lightbox-slideshow=\"all-b8bbe66\" data-elementor-lightbox-title=\"Pescado en los corregimientos\" e-action-hash=\"#elementor-action%3Aaction%3Dlightbox%26settings%3DeyJpZCI6MjY3MDkyLCJ1cmwiOiJodHRwczpcL1wvd3d3Lm1lZGVsbGluLmdvdi5jb1wvZXNcL3dwLWNvbnRlbnRcL3VwbG9hZHNcLzIwMjNcLzEwXC9QZXNjYWRvLmpwZyIsInNsaWRlc2hvdyI6ImFsbC1iOGJiZTY2In0%3D\">\n\t\t\t\t\t<div class=\"e-gallery-image elementor-gallery-item__image\" data-thumbnail=\"https:\/\/www.medellin.gov.co\/es\/wp-content\/uploads\/2023\/10\/Pescado-300x200.jpg\" data-width=\"300\" data-height=\"200\" alt=\"Pescado en los corregimientos\" ><\/div>\n\t\t\t\t\t\t\t\t\t\t\t<div class=\"elementor-gallery-item__overlay\"><\/div>\n\t\t\t\t\t\t\t\t\t\t\t\t\t\t<\/a>\n\t\t\t\t\t\t\t<a class=\"e-gallery-item elementor-gallery-item elementor-animated-content\" href=\"https:\/\/www.medellin.gov.co\/es\/wp-content\/uploads\/2023\/10\/Puente-San-Cristo\u0301bal.jpg\" data-elementor-open-lightbox=\"yes\" data-elementor-lightbox-slideshow=\"all-b8bbe66\" data-elementor-lightbox-title=\"Puente San Cristo\u0301bal\" e-action-hash=\"#elementor-action%3Aaction%3Dlightbox%26settings%3DeyJpZCI6MjY3MDkzLCJ1cmwiOiJodHRwczpcL1wvd3d3Lm1lZGVsbGluLmdvdi5jb1wvZXNcL3dwLWNvbnRlbnRcL3VwbG9hZHNcLzIwMjNcLzEwXC9QdWVudGUtU2FuLUNyaXN0b1x1MDMwMWJhbC5qcGciLCJzbGlkZXNob3ciOiJhbGwtYjhiYmU2NiJ9\">\n\t\t\t\t\t<div class=\"e-gallery-image elementor-gallery-item__image\" data-thumbnail=\"https:\/\/www.medellin.gov.co\/es\/wp-content\/uploads\/2023\/10\/Puente-San-Cristo\u0301bal-300x200.jpg\" data-width=\"300\" data-height=\"200\" alt=\"Puente San Cristo\u0301bal\" ><\/div>\n\t\t\t\t\t\t\t\t\t\t\t<div class=\"elementor-gallery-item__overlay\"><\/div>\n\t\t\t\t\t\t\t\t\t\t\t\t\t\t<\/a>\n\t\t\t\t\t\t\t<a class=\"e-gallery-item elementor-gallery-item elementor-animated-content\" href=\"https:\/\/www.medellin.gov.co\/es\/wp-content\/uploads\/2023\/10\/Transporte-San-Cristo\u0301bal.jpg\" data-elementor-open-lightbox=\"yes\" data-elementor-lightbox-slideshow=\"all-b8bbe66\" data-elementor-lightbox-title=\"Transporte San Cristo\u0301bal\" e-action-hash=\"#elementor-action%3Aaction%3Dlightbox%26settings%3DeyJpZCI6MjY3MDk0LCJ1cmwiOiJodHRwczpcL1wvd3d3Lm1lZGVsbGluLmdvdi5jb1wvZXNcL3dwLWNvbnRlbnRcL3VwbG9hZHNcLzIwMjNcLzEwXC9UcmFuc3BvcnRlLVNhbi1DcmlzdG9cdTAzMDFiYWwuanBnIiwic2xpZGVzaG93IjoiYWxsLWI4YmJlNjYifQ%3D%3D\">\n\t\t\t\t\t<div class=\"e-gallery-image elementor-gallery-item__image\" data-thumbnail=\"https:\/\/www.medellin.gov.co\/es\/wp-content\/uploads\/2023\/10\/Transporte-San-Cristo\u0301bal-300x200.jpg\" data-width=\"300\" data-height=\"200\" alt=\"Transporte San Cristo\u0301bal\" ><\/div>\n\t\t\t\t\t\t\t\t\t\t\t<div class=\"elementor-gallery-item__overlay\"><\/div>\n\t\t\t\t\t\t\t\t\t\t\t\t\t\t<\/a>\n\t\t\t\t\t<\/div>\n\t\t\t<\/div>\n\t\t\t\t<\/div>\n\t\t\t\t\t\t<\/div>\n\t\t\t\t\t<\/div>\n\t\t<\/div>\n\t\t\t\t\t\t\t\t<\/div>\n\t\t\t\t\t<\/div>\n\t\t<\/section>\n\t\t\t\t\t\t\t\t\t<\/div>\n\t\t\t<\/div>\n\t\t\t\t\t<\/div>\n\t\t","protected":false},"excerpt":{"rendered":"<p>Corregimientos de Medell\u00edn | Cronolog\u00eda\u00a0| Historias de los corregimientos Cultura e identidad La ruralidad en Medell\u00edn ocupa el 70% del territorio. Por eso, preguntarnos por nuestra ciudad, es preguntarnos por el campo, sus gentes y &#8230;<\/p>\n","protected":false},"author":31,"featured_media":245779,"parent":264089,"menu_order":0,"comment_status":"closed","ping_status":"closed","template":"sec-corregimientos\/elementor-fao.php","meta":[],"acf":[],"_links":{"self":[{"href":"https:\/\/www.medellin.gov.co\/es\/wp-json\/wp\/v2\/pages\/264641"}],"collection":[{"href":"https:\/\/www.medellin.gov.co\/es\/wp-json\/wp\/v2\/pages"}],"about":[{"href":"https:\/\/www.medellin.gov.co\/es\/wp-json\/wp\/v2\/types\/page"}],"author":[{"embeddable":true,"href":"https:\/\/www.medellin.gov.co\/es\/wp-json\/wp\/v2\/users\/31"}],"replies":[{"embeddable":true,"href":"https:\/\/www.medellin.gov.co\/es\/wp-json\/wp\/v2\/comments?post=264641"}],"version-history":[{"count":11,"href":"https:\/\/www.medellin.gov.co\/es\/wp-json\/wp\/v2\/pages\/264641\/revisions"}],"predecessor-version":[{"id":277121,"href":"https:\/\/www.medellin.gov.co\/es\/wp-json\/wp\/v2\/pages\/264641\/revisions\/277121"}],"up":[{"embeddable":true,"href":"https:\/\/www.medellin.gov.co\/es\/wp-json\/wp\/v2\/pages\/264089"}],"wp:featuredmedia":[{"embeddable":true,"href":"https:\/\/www.medellin.gov.co\/es\/wp-json\/wp\/v2\/media\/245779"}],"wp:attachment":[{"href":"https:\/\/www.medellin.gov.co\/es\/wp-json\/wp\/v2\/media?parent=264641"}],"curies":[{"name":"wp","href":"https:\/\/api.w.org\/{rel}","templated":true}]}}