{"id":264644,"date":"2023-10-12T14:23:32","date_gmt":"2023-10-12T19:23:32","guid":{"rendered":"https:\/\/www.medellin.gov.co\/es\/?page_id=264644"},"modified":"2023-11-08T10:51:23","modified_gmt":"2023-11-08T15:51:23","slug":"corregimientos-de-medellin","status":"publish","type":"page","link":"https:\/\/www.medellin.gov.co\/es\/corregimientos\/comer-conexion-medellin-rural\/cultura-e-identidad-de-los-corregimientos\/corregimientos-de-medellin\/","title":{"rendered":"Corregimientos de Medell\u00edn"},"content":{"rendered":"\t\t<div data-elementor-type=\"wp-page\" data-elementor-id=\"264644\" class=\"elementor elementor-264644\">\n\t\t\t\t\t\t<div class=\"elementor-inner\">\n\t\t\t\t<div class=\"elementor-section-wrap\">\n\t\t\t\t\t\t\t<div class=\"elementor-element elementor-element-b2724fb e-container--column e-container\" data-id=\"b2724fb\" data-element_type=\"container\">\t\t\t\t<div class=\"elementor-element elementor-element-d24240f elementor-widget elementor-widget-text-editor\" data-id=\"d24240f\" data-element_type=\"widget\" data-widget_type=\"text-editor.default\">\n\t\t\t\t<div class=\"elementor-widget-container\">\n\t\t\t\t\t\t\t\t<div class=\"elementor-text-editor elementor-clearfix\">\n\t\t\t\t<p style=\"text-align: right;\"><a href=\"#\">Corregimientos de Medell\u00edn<\/a> | <a href=\"https:\/\/www.medellin.gov.co\/es\/corregimientos\/comer-conexion-medellin-rural\/cultura-e-identidad-de-los-corregimientos\/cronologia-de-los-corregimientos-de-medellin\/\">Cronolog\u00eda<\/a>\u00a0| <a href=\"https:\/\/www.medellin.gov.co\/es\/corregimientos\/comer-conexion-medellin-rural\/cultura-e-identidad-de-los-corregimientos\/historias-de-los-corregimientos-de-medellin\/\">Historias de los corregimientos<\/a><\/p>\t\t\t\t\t<\/div>\n\t\t\t\t\t\t<\/div>\n\t\t\t\t<\/div>\n\t\t<\/div><div class=\"elementor-element elementor-element-f358a93 e-container--column e-container\" data-id=\"f358a93\" data-element_type=\"container\">\t\t\t\t<div class=\"elementor-element elementor-element-0b38d29 elementor-widget elementor-widget-heading\" data-id=\"0b38d29\" data-element_type=\"widget\" data-widget_type=\"heading.default\">\n\t\t\t\t<div class=\"elementor-widget-container\">\n\t\t\t<h1 class=\"elementor-heading-title elementor-size-default\">Corregimientos de Medell\u00edn<\/h1>\t\t<\/div>\n\t\t\t\t<\/div>\n\t\t\t\t<div class=\"elementor-element elementor-element-2f53770 elementor-widget elementor-widget-text-editor\" data-id=\"2f53770\" data-element_type=\"widget\" data-widget_type=\"text-editor.default\">\n\t\t\t\t<div class=\"elementor-widget-container\">\n\t\t\t\t\t\t\t\t<div class=\"elementor-text-editor elementor-clearfix\">\n\t\t\t\t<p>Se estima que, entre el 2013 y 2014, en Medell\u00edn viv\u00edan alrededor de 50.000 campesinos y campesinas, distribu\u00eddas en 12.500 familias. Durante ese intervalo de tiempo, la movilizaci\u00f3n campesina solicit\u00f3 a la administraci\u00f3n y al Concejo Municipal de Medell\u00edn la defensa y protecci\u00f3n de las zonas de producci\u00f3n agropecuaria, y del acervo cultural campesino que all\u00ed ocurre. Por esta raz\u00f3n, se cre\u00f3 el Distrito Rural Campesino. Sin embargo, sin la existencia geogr\u00e1fica y pol\u00edtica de nuestros 5 corregimientos, no hubiese sido posible esta nueva dimensi\u00f3n de la ruralidad medellinense. Es gracias a los corregimientos que el aire fresco, el agua limpia, y los alimentos coloridos y sabrosos, desembocan en la zona urbana de la ciudad de Medell\u00edn. Es gracias a ellos \u2013y a sus gentes\u2013 que el lech\u00f3n se sirve caliente en la mesa, y la tela blanca de la arepa nos acaricia la panza y el paladar.<\/p>\t\t\t\t\t<\/div>\n\t\t\t\t\t\t<\/div>\n\t\t\t\t<\/div>\n\t\t\t\t<div class=\"elementor-element elementor-element-5043563 elementor-widget elementor-widget-text-editor\" data-id=\"5043563\" data-element_type=\"widget\" data-widget_type=\"text-editor.default\">\n\t\t\t\t<div class=\"elementor-widget-container\">\n\t\t\t\t\t\t\t\t<div class=\"elementor-text-editor elementor-clearfix\">\n\t\t\t\t<p style=\"text-align: center;\"><strong>\u00a1Conoce m\u00e1s sobre los corregimientos que anidan entre las monta\u00f1as de nuestra ciudad!<\/strong><\/p>\t\t\t\t\t<\/div>\n\t\t\t\t\t\t<\/div>\n\t\t\t\t<\/div>\n\t\t<\/div>\t\t<section class=\"elementor-section elementor-top-section elementor-element elementor-element-37008db elementor-section-full_width elementor-section-height-default elementor-section-height-default\" data-id=\"37008db\" data-element_type=\"section\">\n\t\t\t\t\t\t<div class=\"elementor-container elementor-column-gap-default\">\n\t\t\t\t\t\t\t<div class=\"elementor-row\">\n\t\t\t\t\t<div class=\"elementor-column elementor-col-100 elementor-top-column elementor-element elementor-element-acfe6cf\" data-id=\"acfe6cf\" data-element_type=\"column\">\n\t\t\t<div class=\"elementor-column-wrap elementor-element-populated\">\n\t\t\t\t\t\t\t<div class=\"elementor-widget-wrap\">\n\t\t\t\t<div class=\"elementor-element elementor-element-b6b8344 e-container--column e-container\" data-id=\"b6b8344\" data-element_type=\"container\" data-settings=\"{&quot;background_background&quot;:&quot;classic&quot;}\">\t\t<div class=\"elementor-element elementor-element-bc22722 e-container--column e-container\" data-id=\"bc22722\" data-element_type=\"container\">\t\t\t\t<div class=\"elementor-element elementor-element-7609ebd elementor-widget elementor-widget-heading\" data-id=\"7609ebd\" data-element_type=\"widget\" data-widget_type=\"heading.default\">\n\t\t\t\t<div class=\"elementor-widget-container\">\n\t\t\t<h2 class=\"elementor-heading-title elementor-size-default\"><b>Corregimiento <\/b>San Sebasti\u00e1n de Palmitas<\/h2>\t\t<\/div>\n\t\t\t\t<\/div>\n\t\t<\/div><\/div>\t\t\t\t<\/div>\n\t\t\t\t\t<\/div>\n\t\t<\/div>\n\t\t\t\t\t\t\t\t<\/div>\n\t\t\t\t\t<\/div>\n\t\t<\/section>\n\t\t\t\t<section class=\"elementor-section elementor-top-section elementor-element elementor-element-dfbc33f elementor-section-boxed elementor-section-height-default elementor-section-height-default\" data-id=\"dfbc33f\" data-element_type=\"section\">\n\t\t\t\t\t\t<div class=\"elementor-container elementor-column-gap-default\">\n\t\t\t\t\t\t\t<div class=\"elementor-row\">\n\t\t\t\t\t<div class=\"elementor-column elementor-col-100 elementor-top-column elementor-element elementor-element-a03fe95\" data-id=\"a03fe95\" data-element_type=\"column\">\n\t\t\t<div class=\"elementor-column-wrap elementor-element-populated\">\n\t\t\t\t\t\t\t<div class=\"elementor-widget-wrap\">\n\t\t\t\t<div class=\"elementor-element elementor-element-be3bb05 e-container--column e-container\" data-id=\"be3bb05\" data-element_type=\"container\">\t\t<div class=\"elementor-element elementor-element-91c5c98 e-container--column e-container\" data-id=\"91c5c98\" data-element_type=\"container\" data-settings=\"{&quot;background_background&quot;:&quot;classic&quot;}\">\t\t\t\t<div class=\"elementor-element elementor-element-bee7f52 elementor-widget elementor-widget-text-editor\" data-id=\"bee7f52\" data-element_type=\"widget\" data-widget_type=\"text-editor.default\">\n\t\t\t\t<div class=\"elementor-widget-container\">\n\t\t\t\t\t\t\t\t<div class=\"elementor-text-editor elementor-clearfix\">\n\t\t\t\t<p>\u00abA las cinco de la ma\u00f1ana, dice Juan Jos\u00e9 \u00c1lvarez, San Sebasti\u00e1n de Palmitas parece un taz\u00f3n lleno de leche. Es una blancura universal. Ser el lugar en el que nacen las nubes es indicio de una tierra capaz de hacer brotar desde florestas hasta semillas de hortalizas, de frutas o de vegetales que estallan en las laderas.\u00bb<\/p><p style=\"text-align: right;\"><strong><em>Todo lo nuestro ha quedado en los caminos.<\/em><\/strong><br \/><em>Por Daniela Jimenez<\/em><\/p>\t\t\t\t\t<\/div>\n\t\t\t\t\t\t<\/div>\n\t\t\t\t<\/div>\n\t\t<\/div><\/div>\t\t\t\t<\/div>\n\t\t\t\t\t<\/div>\n\t\t<\/div>\n\t\t\t\t\t\t\t\t<\/div>\n\t\t\t\t\t<\/div>\n\t\t<\/section>\n\t\t<div class=\"elementor-element elementor-element-81a0213 e-container--column e-container\" data-id=\"81a0213\" data-element_type=\"container\">\t\t\t\t<div class=\"elementor-element elementor-element-6007294 elementor-widget elementor-widget-text-editor\" data-id=\"6007294\" data-element_type=\"widget\" data-widget_type=\"text-editor.default\">\n\t\t\t\t<div class=\"elementor-widget-container\">\n\t\t\t\t\t\t\t\t<div class=\"elementor-text-editor elementor-clearfix\">\n\t\t\t\t<p style=\"text-align: center;\"><span class=\"elementor-icon-list-text\"><b>Total de habitantes:<\/b>\u00a07.819 (Mujeres: 4.140 \/ Hombres: 3.679)<\/span><\/p><p style=\"text-align: center;\"><span class=\"elementor-icon-list-text\">En este corregimiento habita el 0,3% del total de poblaci\u00f3n de Medell\u00edn.<\/span><\/p><p style=\"text-align: center;\"><span class=\"elementor-icon-list-text\">35,65 % hogares con jefatura femenina.<\/span><\/p>\t\t\t\t\t<\/div>\n\t\t\t\t\t\t<\/div>\n\t\t\t\t<\/div>\n\t\t\t\t<div class=\"elementor-element elementor-element-85ef6be elementor-tablet-align-left elementor-mobile-align-center elementor-align-center elementor-widget elementor-widget-button\" data-id=\"85ef6be\" data-element_type=\"widget\" data-widget_type=\"button.default\">\n\t\t\t\t<div class=\"elementor-widget-container\">\n\t\t\t\t\t<div class=\"elementor-button-wrapper\">\n\t\t\t<a href=\"https:\/\/www.medellin.gov.co\/es\/corregimientos\/gerencia\/san-sebastian-de-palmitas\/\" class=\"elementor-button-link elementor-button elementor-size-sm\" role=\"button\">\n\t\t\t\t\t\t<span class=\"elementor-button-content-wrapper\">\n\t\t\t\t\t\t<span class=\"elementor-button-text\">conoce m\u00e1s sobre este corregimiento<\/span>\n\t\t<\/span>\n\t\t\t\t\t<\/a>\n\t\t<\/div>\n\t\t\t\t<\/div>\n\t\t\t\t<\/div>\n\t\t\t\t<div class=\"elementor-element elementor-element-af0bb7d elementor-widget elementor-widget-gallery\" data-id=\"af0bb7d\" data-element_type=\"widget\" data-settings=\"{&quot;columns_mobile&quot;:4,&quot;gallery_layout&quot;:&quot;grid&quot;,&quot;columns&quot;:4,&quot;columns_tablet&quot;:2,&quot;gap&quot;:{&quot;unit&quot;:&quot;px&quot;,&quot;size&quot;:10,&quot;sizes&quot;:[]},&quot;gap_tablet&quot;:{&quot;unit&quot;:&quot;px&quot;,&quot;size&quot;:10,&quot;sizes&quot;:[]},&quot;gap_mobile&quot;:{&quot;unit&quot;:&quot;px&quot;,&quot;size&quot;:10,&quot;sizes&quot;:[]},&quot;link_to&quot;:&quot;file&quot;,&quot;aspect_ratio&quot;:&quot;3:2&quot;,&quot;overlay_background&quot;:&quot;yes&quot;,&quot;content_hover_animation&quot;:&quot;fade-in&quot;}\" data-widget_type=\"gallery.default\">\n\t\t\t\t<div class=\"elementor-widget-container\">\n\t\t\t\t\t<div class=\"elementor-gallery__container\">\n\t\t\t\t\t\t\t<a class=\"e-gallery-item elementor-gallery-item elementor-animated-content\" href=\"https:\/\/www.medellin.gov.co\/es\/wp-content\/uploads\/2023\/10\/San-Sebastia\u0301n-de-Palmitas-arboles.jpg\" data-elementor-open-lightbox=\"yes\" data-elementor-lightbox-slideshow=\"all-af0bb7d\" data-elementor-lightbox-title=\"San Sebastia\u0301n de Palmitas arboles\" e-action-hash=\"#elementor-action%3Aaction%3Dlightbox%26settings%3DeyJpZCI6MjY3MTA2LCJ1cmwiOiJodHRwczpcL1wvd3d3Lm1lZGVsbGluLmdvdi5jb1wvZXNcL3dwLWNvbnRlbnRcL3VwbG9hZHNcLzIwMjNcLzEwXC9TYW4tU2ViYXN0aWFcdTAzMDFuLWRlLVBhbG1pdGFzLWFyYm9sZXMuanBnIiwic2xpZGVzaG93IjoiYWxsLWFmMGJiN2QifQ%3D%3D\">\n\t\t\t\t\t<div class=\"e-gallery-image elementor-gallery-item__image\" data-thumbnail=\"https:\/\/www.medellin.gov.co\/es\/wp-content\/uploads\/2023\/10\/San-Sebastia\u0301n-de-Palmitas-arboles-300x225.jpg\" data-width=\"300\" data-height=\"225\" alt=\"San Sebastia\u0301n de Palmitas arboles\" ><\/div>\n\t\t\t\t\t\t\t\t\t\t\t<div class=\"elementor-gallery-item__overlay\"><\/div>\n\t\t\t\t\t\t\t\t\t\t\t\t\t\t<\/a>\n\t\t\t\t\t\t\t<a class=\"e-gallery-item elementor-gallery-item elementor-animated-content\" href=\"https:\/\/www.medellin.gov.co\/es\/wp-content\/uploads\/2023\/10\/San-Sebastia\u0301n-de-Palmitas-Casas-colores.jpg\" data-elementor-open-lightbox=\"yes\" data-elementor-lightbox-slideshow=\"all-af0bb7d\" data-elementor-lightbox-title=\"San Sebastia\u0301n de Palmitas Casas colores\" e-action-hash=\"#elementor-action%3Aaction%3Dlightbox%26settings%3DeyJpZCI6MjY3MTA4LCJ1cmwiOiJodHRwczpcL1wvd3d3Lm1lZGVsbGluLmdvdi5jb1wvZXNcL3dwLWNvbnRlbnRcL3VwbG9hZHNcLzIwMjNcLzEwXC9TYW4tU2ViYXN0aWFcdTAzMDFuLWRlLVBhbG1pdGFzLUNhc2FzLWNvbG9yZXMuanBnIiwic2xpZGVzaG93IjoiYWxsLWFmMGJiN2QifQ%3D%3D\">\n\t\t\t\t\t<div class=\"e-gallery-image elementor-gallery-item__image\" data-thumbnail=\"https:\/\/www.medellin.gov.co\/es\/wp-content\/uploads\/2023\/10\/San-Sebastia\u0301n-de-Palmitas-Casas-colores-300x200.jpg\" data-width=\"300\" data-height=\"200\" alt=\"San Sebastia\u0301n de Palmitas Casas colores\" ><\/div>\n\t\t\t\t\t\t\t\t\t\t\t<div class=\"elementor-gallery-item__overlay\"><\/div>\n\t\t\t\t\t\t\t\t\t\t\t\t\t\t<\/a>\n\t\t\t\t\t\t\t<a class=\"e-gallery-item elementor-gallery-item elementor-animated-content\" href=\"https:\/\/www.medellin.gov.co\/es\/wp-content\/uploads\/2023\/10\/San-Sebastia\u0301n-de-Palmitas-corregimiento.jpg\" data-elementor-open-lightbox=\"yes\" data-elementor-lightbox-slideshow=\"all-af0bb7d\" data-elementor-lightbox-title=\"San Sebastia\u0301n de Palmitas corregimiento\" e-action-hash=\"#elementor-action%3Aaction%3Dlightbox%26settings%3DeyJpZCI6MjY3MTExLCJ1cmwiOiJodHRwczpcL1wvd3d3Lm1lZGVsbGluLmdvdi5jb1wvZXNcL3dwLWNvbnRlbnRcL3VwbG9hZHNcLzIwMjNcLzEwXC9TYW4tU2ViYXN0aWFcdTAzMDFuLWRlLVBhbG1pdGFzLWNvcnJlZ2ltaWVudG8uanBnIiwic2xpZGVzaG93IjoiYWxsLWFmMGJiN2QifQ%3D%3D\">\n\t\t\t\t\t<div class=\"e-gallery-image elementor-gallery-item__image\" data-thumbnail=\"https:\/\/www.medellin.gov.co\/es\/wp-content\/uploads\/2023\/10\/San-Sebastia\u0301n-de-Palmitas-corregimiento-300x225.jpg\" data-width=\"300\" data-height=\"225\" alt=\"San Sebastia\u0301n de Palmitas corregimiento\" ><\/div>\n\t\t\t\t\t\t\t\t\t\t\t<div class=\"elementor-gallery-item__overlay\"><\/div>\n\t\t\t\t\t\t\t\t\t\t\t\t\t\t<\/a>\n\t\t\t\t\t\t\t<a class=\"e-gallery-item elementor-gallery-item elementor-animated-content\" href=\"https:\/\/www.medellin.gov.co\/es\/wp-content\/uploads\/2023\/10\/San-Sebastia\u0301n-de-Palmitas-iglesia-amarilla.jpg\" data-elementor-open-lightbox=\"yes\" data-elementor-lightbox-slideshow=\"all-af0bb7d\" data-elementor-lightbox-title=\"San Sebastia\u0301n de Palmitas iglesia amarilla\" e-action-hash=\"#elementor-action%3Aaction%3Dlightbox%26settings%3DeyJpZCI6MjY3MTEyLCJ1cmwiOiJodHRwczpcL1wvd3d3Lm1lZGVsbGluLmdvdi5jb1wvZXNcL3dwLWNvbnRlbnRcL3VwbG9hZHNcLzIwMjNcLzEwXC9TYW4tU2ViYXN0aWFcdTAzMDFuLWRlLVBhbG1pdGFzLWlnbGVzaWEtYW1hcmlsbGEuanBnIiwic2xpZGVzaG93IjoiYWxsLWFmMGJiN2QifQ%3D%3D\">\n\t\t\t\t\t<div class=\"e-gallery-image elementor-gallery-item__image\" data-thumbnail=\"https:\/\/www.medellin.gov.co\/es\/wp-content\/uploads\/2023\/10\/San-Sebastia\u0301n-de-Palmitas-iglesia-amarilla-300x200.jpg\" data-width=\"300\" data-height=\"200\" alt=\"San Sebastia\u0301n de Palmitas iglesia amarilla\" ><\/div>\n\t\t\t\t\t\t\t\t\t\t\t<div class=\"elementor-gallery-item__overlay\"><\/div>\n\t\t\t\t\t\t\t\t\t\t\t\t\t\t<\/a>\n\t\t\t\t\t\t\t<a class=\"e-gallery-item elementor-gallery-item elementor-animated-content\" href=\"https:\/\/www.medellin.gov.co\/es\/wp-content\/uploads\/2023\/10\/San-Sebastia\u0301n-de-palmitas-metrocable.jpg\" data-elementor-open-lightbox=\"yes\" data-elementor-lightbox-slideshow=\"all-af0bb7d\" data-elementor-lightbox-title=\"San Sebastia\u0301n de palmitas metrocable\" e-action-hash=\"#elementor-action%3Aaction%3Dlightbox%26settings%3DeyJpZCI6MjY3MTE0LCJ1cmwiOiJodHRwczpcL1wvd3d3Lm1lZGVsbGluLmdvdi5jb1wvZXNcL3dwLWNvbnRlbnRcL3VwbG9hZHNcLzIwMjNcLzEwXC9TYW4tU2ViYXN0aWFcdTAzMDFuLWRlLXBhbG1pdGFzLW1ldHJvY2FibGUuanBnIiwic2xpZGVzaG93IjoiYWxsLWFmMGJiN2QifQ%3D%3D\">\n\t\t\t\t\t<div class=\"e-gallery-image elementor-gallery-item__image\" data-thumbnail=\"https:\/\/www.medellin.gov.co\/es\/wp-content\/uploads\/2023\/10\/San-Sebastia\u0301n-de-palmitas-metrocable-300x225.jpg\" data-width=\"300\" data-height=\"225\" alt=\"San Sebastia\u0301n de palmitas metrocable\" ><\/div>\n\t\t\t\t\t\t\t\t\t\t\t<div class=\"elementor-gallery-item__overlay\"><\/div>\n\t\t\t\t\t\t\t\t\t\t\t\t\t\t<\/a>\n\t\t\t\t\t\t\t<a class=\"e-gallery-item elementor-gallery-item elementor-animated-content\" href=\"https:\/\/www.medellin.gov.co\/es\/wp-content\/uploads\/2023\/10\/San-Sebastia\u0301n-de-Palmitas-Transporte.jpg\" data-elementor-open-lightbox=\"yes\" data-elementor-lightbox-slideshow=\"all-af0bb7d\" data-elementor-lightbox-title=\"San Sebastia\u0301n de Palmitas Transporte\" e-action-hash=\"#elementor-action%3Aaction%3Dlightbox%26settings%3DeyJpZCI6MjY3MTE3LCJ1cmwiOiJodHRwczpcL1wvd3d3Lm1lZGVsbGluLmdvdi5jb1wvZXNcL3dwLWNvbnRlbnRcL3VwbG9hZHNcLzIwMjNcLzEwXC9TYW4tU2ViYXN0aWFcdTAzMDFuLWRlLVBhbG1pdGFzLVRyYW5zcG9ydGUuanBnIiwic2xpZGVzaG93IjoiYWxsLWFmMGJiN2QifQ%3D%3D\">\n\t\t\t\t\t<div class=\"e-gallery-image elementor-gallery-item__image\" data-thumbnail=\"https:\/\/www.medellin.gov.co\/es\/wp-content\/uploads\/2023\/10\/San-Sebastia\u0301n-de-Palmitas-Transporte-300x225.jpg\" data-width=\"300\" data-height=\"225\" alt=\"San Sebastia\u0301n de Palmitas Transporte\" ><\/div>\n\t\t\t\t\t\t\t\t\t\t\t<div class=\"elementor-gallery-item__overlay\"><\/div>\n\t\t\t\t\t\t\t\t\t\t\t\t\t\t<\/a>\n\t\t\t\t\t\t\t<a class=\"e-gallery-item elementor-gallery-item elementor-animated-content\" href=\"https:\/\/www.medellin.gov.co\/es\/wp-content\/uploads\/2023\/10\/San-Sebastia\u0301n-de-Palmitas-igesia.jpg\" data-elementor-open-lightbox=\"yes\" data-elementor-lightbox-slideshow=\"all-af0bb7d\" data-elementor-lightbox-title=\"San Sebastia\u0301n de Palmitas iglesia\" e-action-hash=\"#elementor-action%3Aaction%3Dlightbox%26settings%3DeyJpZCI6MjY3MTE4LCJ1cmwiOiJodHRwczpcL1wvd3d3Lm1lZGVsbGluLmdvdi5jb1wvZXNcL3dwLWNvbnRlbnRcL3VwbG9hZHNcLzIwMjNcLzEwXC9TYW4tU2ViYXN0aWFcdTAzMDFuLWRlLVBhbG1pdGFzLWlnZXNpYS5qcGciLCJzbGlkZXNob3ciOiJhbGwtYWYwYmI3ZCJ9\">\n\t\t\t\t\t<div class=\"e-gallery-image elementor-gallery-item__image\" data-thumbnail=\"https:\/\/www.medellin.gov.co\/es\/wp-content\/uploads\/2023\/10\/San-Sebastia\u0301n-de-Palmitas-igesia-300x225.jpg\" data-width=\"300\" data-height=\"225\" alt=\"San Sebastia\u0301n de Palmitas iglesia\" ><\/div>\n\t\t\t\t\t\t\t\t\t\t\t<div class=\"elementor-gallery-item__overlay\"><\/div>\n\t\t\t\t\t\t\t\t\t\t\t\t\t\t<\/a>\n\t\t\t\t\t\t\t<a class=\"e-gallery-item elementor-gallery-item elementor-animated-content\" href=\"https:\/\/www.medellin.gov.co\/es\/wp-content\/uploads\/2023\/10\/San-Sebastia\u0301n-de-Palmitas-corregimiento-1.jpg\" data-elementor-open-lightbox=\"yes\" data-elementor-lightbox-slideshow=\"all-af0bb7d\" data-elementor-lightbox-title=\"San Sebastia\u0301n de Palmitas\" e-action-hash=\"#elementor-action%3Aaction%3Dlightbox%26settings%3DeyJpZCI6MjY3MTE5LCJ1cmwiOiJodHRwczpcL1wvd3d3Lm1lZGVsbGluLmdvdi5jb1wvZXNcL3dwLWNvbnRlbnRcL3VwbG9hZHNcLzIwMjNcLzEwXC9TYW4tU2ViYXN0aWFcdTAzMDFuLWRlLVBhbG1pdGFzLWNvcnJlZ2ltaWVudG8tMS5qcGciLCJzbGlkZXNob3ciOiJhbGwtYWYwYmI3ZCJ9\">\n\t\t\t\t\t<div class=\"e-gallery-image elementor-gallery-item__image\" data-thumbnail=\"https:\/\/www.medellin.gov.co\/es\/wp-content\/uploads\/2023\/10\/San-Sebastia\u0301n-de-Palmitas-corregimiento-1-300x200.jpg\" data-width=\"300\" data-height=\"200\" alt=\"San Sebastia\u0301n de Palmitas\" ><\/div>\n\t\t\t\t\t\t\t\t\t\t\t<div class=\"elementor-gallery-item__overlay\"><\/div>\n\t\t\t\t\t\t\t\t\t\t\t\t\t\t<\/a>\n\t\t\t\t\t<\/div>\n\t\t\t<\/div>\n\t\t\t\t<\/div>\n\t\t<\/div><div class=\"ep-section-eql-height elementor-element elementor-element-8b41797 e-container--column e-container\" bdt-height-match=\"target: .ep-section-eql-height .elementor-widget-wrap .elementor-widget &gt; .elementor-widget-container\" data-id=\"8b41797\" data-element_type=\"container\" data-settings=\"{&quot;background_background&quot;:&quot;classic&quot;}\">\t\t<div class=\"elementor-element elementor-element-de8354a e-container--column e-container\" data-id=\"de8354a\" data-element_type=\"container\">\t\t\t\t<div class=\"elementor-element elementor-element-c2a6df9 elementor-widget elementor-widget-heading\" data-id=\"c2a6df9\" data-element_type=\"widget\" data-widget_type=\"heading.default\">\n\t\t\t\t<div class=\"elementor-widget-container\">\n\t\t\t<h2 class=\"elementor-heading-title elementor-size-default\"><b>Corregimiento <\/b>San Crist\u00f3bal<\/h2>\t\t<\/div>\n\t\t\t\t<\/div>\n\t\t<\/div><\/div>\t\t<section class=\"elementor-section elementor-top-section elementor-element elementor-element-b684410 elementor-section-boxed elementor-section-height-default elementor-section-height-default\" data-id=\"b684410\" data-element_type=\"section\">\n\t\t\t\t\t\t<div class=\"elementor-container elementor-column-gap-default\">\n\t\t\t\t\t\t\t<div class=\"elementor-row\">\n\t\t\t\t\t<div class=\"elementor-column elementor-col-100 elementor-top-column elementor-element elementor-element-a4b5853\" data-id=\"a4b5853\" data-element_type=\"column\">\n\t\t\t<div class=\"elementor-column-wrap elementor-element-populated\">\n\t\t\t\t\t\t\t<div class=\"elementor-widget-wrap\">\n\t\t\t\t<div class=\"elementor-element elementor-element-e3665e7 e-container--column e-container\" data-id=\"e3665e7\" data-element_type=\"container\">\t\t<div class=\"elementor-element elementor-element-9959484 e-container--column e-container\" data-id=\"9959484\" data-element_type=\"container\" data-settings=\"{&quot;background_background&quot;:&quot;classic&quot;}\">\t\t\t\t<div class=\"elementor-element elementor-element-a8e01da elementor-widget elementor-widget-text-editor\" data-id=\"a8e01da\" data-element_type=\"widget\" data-widget_type=\"text-editor.default\">\n\t\t\t\t<div class=\"elementor-widget-container\">\n\t\t\t\t\t\t\t\t<div class=\"elementor-text-editor elementor-clearfix\">\n\t\t\t\t<p>\u00abSan Crist\u00f3bal es, como todo asentamiento humano contempor\u00e1neo, un lugar para nacer y sobrevivir. En el medio cada individuo es medianamente libre para decidir si crece y se reproduce en ese espacio. El corregimiento es acogedor y es buen proveedor de servicios. Como dice Teresita, \u201cno necesitamos ir a Medell\u00edn para nada, aqu\u00ed hay de todo, hospitales, transporte para todo lado, colegios, bibliotecas, almacenes, hasta restaurante chino hay; yo me he pasado seis meses sin ir al centro\u201d.\u00bb<\/p><p style=\"text-align: right;\"><em><strong>Devenir campo, devenir ciudad<\/strong><\/em><br \/><em>Por Gloria Estrada<\/em><\/p>\t\t\t\t\t<\/div>\n\t\t\t\t\t\t<\/div>\n\t\t\t\t<\/div>\n\t\t\t\t<div class=\"elementor-element elementor-element-09abca2 elementor-widget elementor-widget-text-editor\" data-id=\"09abca2\" data-element_type=\"widget\" data-widget_type=\"text-editor.default\">\n\t\t\t\t<div class=\"elementor-widget-container\">\n\t\t\t\t\t\t\t\t<div class=\"elementor-text-editor elementor-clearfix\">\n\t\t\t\t<p style=\"text-align: center;\"><span class=\"elementor-icon-list-text\"><b>Total de habitantes:<\/b>\u00a0105.977 (Mujeres: 55.684 \/ Hombres: 50.293)<\/span><\/p><p style=\"text-align: center;\"><span class=\"elementor-icon-list-text\">En este corregimiento habita el 4,2% del total de poblaci\u00f3n de Medell\u00edn.<\/span><\/p><p style=\"text-align: center;\"><span class=\"elementor-icon-list-text\">45,92% hogares con jefatura femenina<\/span><\/p>\t\t\t\t\t<\/div>\n\t\t\t\t\t\t<\/div>\n\t\t\t\t<\/div>\n\t\t\t\t<div class=\"elementor-element elementor-element-4bccc77 elementor-tablet-align-left elementor-mobile-align-center elementor-align-center elementor-widget elementor-widget-button\" data-id=\"4bccc77\" data-element_type=\"widget\" data-widget_type=\"button.default\">\n\t\t\t\t<div class=\"elementor-widget-container\">\n\t\t\t\t\t<div class=\"elementor-button-wrapper\">\n\t\t\t<a href=\"https:\/\/www.medellin.gov.co\/es\/corregimientos\/gerencia\/san-cristobal\/\" class=\"elementor-button-link elementor-button elementor-size-sm\" role=\"button\">\n\t\t\t\t\t\t<span class=\"elementor-button-content-wrapper\">\n\t\t\t\t\t\t<span class=\"elementor-button-text\">conoce m\u00e1s sobre este corregimiento<\/span>\n\t\t<\/span>\n\t\t\t\t\t<\/a>\n\t\t<\/div>\n\t\t\t\t<\/div>\n\t\t\t\t<\/div>\n\t\t\t\t<div class=\"elementor-element elementor-element-cef7534 elementor-widget elementor-widget-gallery\" data-id=\"cef7534\" data-element_type=\"widget\" data-settings=\"{&quot;columns_mobile&quot;:4,&quot;gallery_layout&quot;:&quot;grid&quot;,&quot;columns&quot;:4,&quot;columns_tablet&quot;:2,&quot;gap&quot;:{&quot;unit&quot;:&quot;px&quot;,&quot;size&quot;:10,&quot;sizes&quot;:[]},&quot;gap_tablet&quot;:{&quot;unit&quot;:&quot;px&quot;,&quot;size&quot;:10,&quot;sizes&quot;:[]},&quot;gap_mobile&quot;:{&quot;unit&quot;:&quot;px&quot;,&quot;size&quot;:10,&quot;sizes&quot;:[]},&quot;link_to&quot;:&quot;file&quot;,&quot;aspect_ratio&quot;:&quot;3:2&quot;,&quot;overlay_background&quot;:&quot;yes&quot;,&quot;content_hover_animation&quot;:&quot;fade-in&quot;}\" data-widget_type=\"gallery.default\">\n\t\t\t\t<div class=\"elementor-widget-container\">\n\t\t\t\t\t<div class=\"elementor-gallery__container\">\n\t\t\t\t\t\t\t<a class=\"e-gallery-item elementor-gallery-item elementor-animated-content\" href=\"https:\/\/www.medellin.gov.co\/es\/wp-content\/uploads\/2023\/10\/San-Cristo\u0301bal-arriero.jpg\" data-elementor-open-lightbox=\"yes\" data-elementor-lightbox-slideshow=\"all-cef7534\" data-elementor-lightbox-title=\"San Cristo\u0301bal arriero\" e-action-hash=\"#elementor-action%3Aaction%3Dlightbox%26settings%3DeyJpZCI6MjY3MTM2LCJ1cmwiOiJodHRwczpcL1wvd3d3Lm1lZGVsbGluLmdvdi5jb1wvZXNcL3dwLWNvbnRlbnRcL3VwbG9hZHNcLzIwMjNcLzEwXC9TYW4tQ3Jpc3RvXHUwMzAxYmFsLWFycmllcm8uanBnIiwic2xpZGVzaG93IjoiYWxsLWNlZjc1MzQifQ%3D%3D\">\n\t\t\t\t\t<div class=\"e-gallery-image elementor-gallery-item__image\" data-thumbnail=\"https:\/\/www.medellin.gov.co\/es\/wp-content\/uploads\/2023\/10\/San-Cristo\u0301bal-arriero-300x200.jpg\" data-width=\"300\" data-height=\"200\" alt=\"San Cristo\u0301bal arriero\" ><\/div>\n\t\t\t\t\t\t\t\t\t\t\t<div class=\"elementor-gallery-item__overlay\"><\/div>\n\t\t\t\t\t\t\t\t\t\t\t\t\t\t<\/a>\n\t\t\t\t\t\t\t<a class=\"e-gallery-item elementor-gallery-item elementor-animated-content\" href=\"https:\/\/www.medellin.gov.co\/es\/wp-content\/uploads\/2023\/10\/San-cristo\u0301bal-iglesia.jpg\" data-elementor-open-lightbox=\"yes\" data-elementor-lightbox-slideshow=\"all-cef7534\" data-elementor-lightbox-title=\"San cristo\u0301bal iglesia\" e-action-hash=\"#elementor-action%3Aaction%3Dlightbox%26settings%3DeyJpZCI6MjY3MTM5LCJ1cmwiOiJodHRwczpcL1wvd3d3Lm1lZGVsbGluLmdvdi5jb1wvZXNcL3dwLWNvbnRlbnRcL3VwbG9hZHNcLzIwMjNcLzEwXC9TYW4tY3Jpc3RvXHUwMzAxYmFsLWlnbGVzaWEuanBnIiwic2xpZGVzaG93IjoiYWxsLWNlZjc1MzQifQ%3D%3D\">\n\t\t\t\t\t<div class=\"e-gallery-image elementor-gallery-item__image\" data-thumbnail=\"https:\/\/www.medellin.gov.co\/es\/wp-content\/uploads\/2023\/10\/San-cristo\u0301bal-iglesia-300x211.jpg\" data-width=\"300\" data-height=\"211\" alt=\"San cristo\u0301bal iglesia\" ><\/div>\n\t\t\t\t\t\t\t\t\t\t\t<div class=\"elementor-gallery-item__overlay\"><\/div>\n\t\t\t\t\t\t\t\t\t\t\t\t\t\t<\/a>\n\t\t\t\t\t\t\t<a class=\"e-gallery-item elementor-gallery-item elementor-animated-content\" href=\"https:\/\/www.medellin.gov.co\/es\/wp-content\/uploads\/2023\/10\/San-Cristobal-productor-cebolla.jpg\" data-elementor-open-lightbox=\"yes\" data-elementor-lightbox-slideshow=\"all-cef7534\" data-elementor-lightbox-title=\"San Crist\u00f3bal productor cebolla\" e-action-hash=\"#elementor-action%3Aaction%3Dlightbox%26settings%3DeyJpZCI6MjY3MTQwLCJ1cmwiOiJodHRwczpcL1wvd3d3Lm1lZGVsbGluLmdvdi5jb1wvZXNcL3dwLWNvbnRlbnRcL3VwbG9hZHNcLzIwMjNcLzEwXC9TYW4tQ3Jpc3RvYmFsLXByb2R1Y3Rvci1jZWJvbGxhLmpwZyIsInNsaWRlc2hvdyI6ImFsbC1jZWY3NTM0In0%3D\">\n\t\t\t\t\t<div class=\"e-gallery-image elementor-gallery-item__image\" data-thumbnail=\"https:\/\/www.medellin.gov.co\/es\/wp-content\/uploads\/2023\/10\/San-Cristobal-productor-cebolla-300x225.jpg\" data-width=\"300\" data-height=\"225\" alt=\"San Crist\u00f3bal productor cebolla\" ><\/div>\n\t\t\t\t\t\t\t\t\t\t\t<div class=\"elementor-gallery-item__overlay\"><\/div>\n\t\t\t\t\t\t\t\t\t\t\t\t\t\t<\/a>\n\t\t\t\t\t\t\t<a class=\"e-gallery-item elementor-gallery-item elementor-animated-content\" href=\"https:\/\/www.medellin.gov.co\/es\/wp-content\/uploads\/2023\/10\/San-Cristo\u0301bal-Puente.jpg\" data-elementor-open-lightbox=\"yes\" data-elementor-lightbox-slideshow=\"all-cef7534\" data-elementor-lightbox-title=\"San Cristo\u0301bal Puente\" e-action-hash=\"#elementor-action%3Aaction%3Dlightbox%26settings%3DeyJpZCI6MjY3MTQxLCJ1cmwiOiJodHRwczpcL1wvd3d3Lm1lZGVsbGluLmdvdi5jb1wvZXNcL3dwLWNvbnRlbnRcL3VwbG9hZHNcLzIwMjNcLzEwXC9TYW4tQ3Jpc3RvXHUwMzAxYmFsLVB1ZW50ZS5qcGciLCJzbGlkZXNob3ciOiJhbGwtY2VmNzUzNCJ9\">\n\t\t\t\t\t<div class=\"e-gallery-image elementor-gallery-item__image\" data-thumbnail=\"https:\/\/www.medellin.gov.co\/es\/wp-content\/uploads\/2023\/10\/San-Cristo\u0301bal-Puente-300x200.jpg\" data-width=\"300\" data-height=\"200\" alt=\"San Cristo\u0301bal Puente\" ><\/div>\n\t\t\t\t\t\t\t\t\t\t\t<div class=\"elementor-gallery-item__overlay\"><\/div>\n\t\t\t\t\t\t\t\t\t\t\t\t\t\t<\/a>\n\t\t\t\t\t\t\t<a class=\"e-gallery-item elementor-gallery-item elementor-animated-content\" href=\"https:\/\/www.medellin.gov.co\/es\/wp-content\/uploads\/2023\/10\/San-Cristobal-vias.jpg\" data-elementor-open-lightbox=\"yes\" data-elementor-lightbox-slideshow=\"all-cef7534\" data-elementor-lightbox-title=\"V\u00edas San Crist\u00f3bal\" e-action-hash=\"#elementor-action%3Aaction%3Dlightbox%26settings%3DeyJpZCI6MjY3MTQyLCJ1cmwiOiJodHRwczpcL1wvd3d3Lm1lZGVsbGluLmdvdi5jb1wvZXNcL3dwLWNvbnRlbnRcL3VwbG9hZHNcLzIwMjNcLzEwXC9TYW4tQ3Jpc3RvYmFsLXZpYXMuanBnIiwic2xpZGVzaG93IjoiYWxsLWNlZjc1MzQifQ%3D%3D\">\n\t\t\t\t\t<div class=\"e-gallery-image elementor-gallery-item__image\" data-thumbnail=\"https:\/\/www.medellin.gov.co\/es\/wp-content\/uploads\/2023\/10\/San-Cristobal-vias-300x225.jpg\" data-width=\"300\" data-height=\"225\" alt=\"V\u00edas San Crist\u00f3bal\" ><\/div>\n\t\t\t\t\t\t\t\t\t\t\t<div class=\"elementor-gallery-item__overlay\"><\/div>\n\t\t\t\t\t\t\t\t\t\t\t\t\t\t<\/a>\n\t\t\t\t\t\t\t<a class=\"e-gallery-item elementor-gallery-item elementor-animated-content\" href=\"https:\/\/www.medellin.gov.co\/es\/wp-content\/uploads\/2023\/10\/San-cristobal-productor.jpg\" data-elementor-open-lightbox=\"yes\" data-elementor-lightbox-slideshow=\"all-cef7534\" data-elementor-lightbox-title=\"San Crist\u00f3bal productor\" e-action-hash=\"#elementor-action%3Aaction%3Dlightbox%26settings%3DeyJpZCI6MjY3MTQ0LCJ1cmwiOiJodHRwczpcL1wvd3d3Lm1lZGVsbGluLmdvdi5jb1wvZXNcL3dwLWNvbnRlbnRcL3VwbG9hZHNcLzIwMjNcLzEwXC9TYW4tY3Jpc3RvYmFsLXByb2R1Y3Rvci5qcGciLCJzbGlkZXNob3ciOiJhbGwtY2VmNzUzNCJ9\">\n\t\t\t\t\t<div class=\"e-gallery-image elementor-gallery-item__image\" data-thumbnail=\"https:\/\/www.medellin.gov.co\/es\/wp-content\/uploads\/2023\/10\/San-cristobal-productor-300x200.jpg\" data-width=\"300\" data-height=\"200\" alt=\"San Crist\u00f3bal productor\" ><\/div>\n\t\t\t\t\t\t\t\t\t\t\t<div class=\"elementor-gallery-item__overlay\"><\/div>\n\t\t\t\t\t\t\t\t\t\t\t\t\t\t<\/a>\n\t\t\t\t\t\t\t<a class=\"e-gallery-item elementor-gallery-item elementor-animated-content\" href=\"https:\/\/www.medellin.gov.co\/es\/wp-content\/uploads\/2023\/10\/San-Cristo\u0301bal-transporte.jpg\" data-elementor-open-lightbox=\"yes\" data-elementor-lightbox-slideshow=\"all-cef7534\" data-elementor-lightbox-title=\"San Cristo\u0301bal - transporte\" e-action-hash=\"#elementor-action%3Aaction%3Dlightbox%26settings%3DeyJpZCI6MjY3MTQ2LCJ1cmwiOiJodHRwczpcL1wvd3d3Lm1lZGVsbGluLmdvdi5jb1wvZXNcL3dwLWNvbnRlbnRcL3VwbG9hZHNcLzIwMjNcLzEwXC9TYW4tQ3Jpc3RvXHUwMzAxYmFsLXRyYW5zcG9ydGUuanBnIiwic2xpZGVzaG93IjoiYWxsLWNlZjc1MzQifQ%3D%3D\">\n\t\t\t\t\t<div class=\"e-gallery-image elementor-gallery-item__image\" data-thumbnail=\"https:\/\/www.medellin.gov.co\/es\/wp-content\/uploads\/2023\/10\/San-Cristo\u0301bal-transporte-300x200.jpg\" data-width=\"300\" data-height=\"200\" alt=\"San Cristo\u0301bal - transporte\" ><\/div>\n\t\t\t\t\t\t\t\t\t\t\t<div class=\"elementor-gallery-item__overlay\"><\/div>\n\t\t\t\t\t\t\t\t\t\t\t\t\t\t<\/a>\n\t\t\t\t\t\t\t<a class=\"e-gallery-item elementor-gallery-item elementor-animated-content\" href=\"https:\/\/www.medellin.gov.co\/es\/wp-content\/uploads\/2023\/10\/panoramica-san-cristobal-.jpg\" data-elementor-open-lightbox=\"yes\" data-elementor-lightbox-slideshow=\"all-cef7534\" data-elementor-lightbox-title=\"Panoramica San Crist\u00f3bal\" e-action-hash=\"#elementor-action%3Aaction%3Dlightbox%26settings%3DeyJpZCI6MjY3MTQ4LCJ1cmwiOiJodHRwczpcL1wvd3d3Lm1lZGVsbGluLmdvdi5jb1wvZXNcL3dwLWNvbnRlbnRcL3VwbG9hZHNcLzIwMjNcLzEwXC9wYW5vcmFtaWNhLXNhbi1jcmlzdG9iYWwtLmpwZyIsInNsaWRlc2hvdyI6ImFsbC1jZWY3NTM0In0%3D\">\n\t\t\t\t\t<div class=\"e-gallery-image elementor-gallery-item__image\" data-thumbnail=\"https:\/\/www.medellin.gov.co\/es\/wp-content\/uploads\/2023\/10\/panoramica-san-cristobal--300x225.jpg\" data-width=\"300\" data-height=\"225\" alt=\"Panoramica San Crist\u00f3bal\" ><\/div>\n\t\t\t\t\t\t\t\t\t\t\t<div class=\"elementor-gallery-item__overlay\"><\/div>\n\t\t\t\t\t\t\t\t\t\t\t\t\t\t<\/a>\n\t\t\t\t\t<\/div>\n\t\t\t<\/div>\n\t\t\t\t<\/div>\n\t\t<\/div><\/div>\t\t\t\t<\/div>\n\t\t\t\t\t<\/div>\n\t\t<\/div>\n\t\t\t\t\t\t\t\t<\/div>\n\t\t\t\t\t<\/div>\n\t\t<\/section>\n\t\t<div class=\"elementor-element elementor-element-8a1615c e-container--column e-container\" data-id=\"8a1615c\" data-element_type=\"container\" data-settings=\"{&quot;background_background&quot;:&quot;classic&quot;}\">\t\t<div class=\"elementor-element elementor-element-f598e61 e-container--column e-container\" data-id=\"f598e61\" data-element_type=\"container\">\t\t\t\t<div class=\"elementor-element elementor-element-03fe8e0 elementor-widget elementor-widget-heading\" data-id=\"03fe8e0\" data-element_type=\"widget\" data-widget_type=\"heading.default\">\n\t\t\t\t<div class=\"elementor-widget-container\">\n\t\t\t<h2 class=\"elementor-heading-title elementor-size-default\"><b>Corregimiento <\/b>Altavista<\/h2>\t\t<\/div>\n\t\t\t\t<\/div>\n\t\t<\/div><\/div>\t\t<section class=\"elementor-section elementor-top-section elementor-element elementor-element-e1e046f elementor-section-boxed elementor-section-height-default elementor-section-height-default\" data-id=\"e1e046f\" data-element_type=\"section\">\n\t\t\t\t\t\t<div class=\"elementor-container elementor-column-gap-default\">\n\t\t\t\t\t\t\t<div class=\"elementor-row\">\n\t\t\t\t\t<div class=\"elementor-column elementor-col-100 elementor-top-column elementor-element elementor-element-a58fece\" data-id=\"a58fece\" data-element_type=\"column\">\n\t\t\t<div class=\"elementor-column-wrap elementor-element-populated\">\n\t\t\t\t\t\t\t<div class=\"elementor-widget-wrap\">\n\t\t\t\t<div class=\"elementor-element elementor-element-439babf e-container--column e-container\" data-id=\"439babf\" data-element_type=\"container\">\t\t<div class=\"elementor-element elementor-element-fb39cd9 e-container--column e-container\" data-id=\"fb39cd9\" data-element_type=\"container\" data-settings=\"{&quot;background_background&quot;:&quot;classic&quot;}\">\t\t\t\t<div class=\"elementor-element elementor-element-9357c25 elementor-widget elementor-widget-text-editor\" data-id=\"9357c25\" data-element_type=\"widget\" data-widget_type=\"text-editor.default\">\n\t\t\t\t<div class=\"elementor-widget-container\">\n\t\t\t\t\t\t\t\t<div class=\"elementor-text-editor elementor-clearfix\">\n\t\t\t\t<p>\u00abA esas monta\u00f1as se llega despu\u00e9s de serpentear por calles estrechas en las que a lado y lado hay casas ape\u00f1uscadas, sin solares ni jard\u00edn, algunas con uno o dos pisos encima, que se combinan con ebanister\u00edas, tiendas, billares, licoreras y otros comercios populares. Un escenario t\u00edpico de barrio popular de las periferias de Medell\u00edn que empieza a revelar su cara rural cuando se avanza hacia arriba y adentro y se abre la vista a las cumbres cercanas.\u00bb<\/p><p style=\"text-align: right;\"><em><strong>Labrar cultura para cosechar vida<\/strong><\/em><br \/><em>Por Carlos A. Serna Quintana<\/em><\/p>\t\t\t\t\t<\/div>\n\t\t\t\t\t\t<\/div>\n\t\t\t\t<\/div>\n\t\t\t\t<div class=\"elementor-element elementor-element-91133cb elementor-widget elementor-widget-text-editor\" data-id=\"91133cb\" data-element_type=\"widget\" data-widget_type=\"text-editor.default\">\n\t\t\t\t<div class=\"elementor-widget-container\">\n\t\t\t\t\t\t\t\t<div class=\"elementor-text-editor elementor-clearfix\">\n\t\t\t\t<p style=\"text-align: center;\"><span class=\"elementor-icon-list-text\"><b>Total de habitantes:<\/b>\u00a040.911 (Mujeres: 21.369 \/ Hombres: 19.542)<\/span><\/p><p style=\"text-align: center;\"><span class=\"elementor-icon-list-text\">En este corregimiento habita el 1,6% del total de poblaci\u00f3n de Medell\u00edn.<\/span><\/p><p style=\"text-align: center;\"><span class=\"elementor-icon-list-text\">44,73% hogares con jefatura femenina<\/span><\/p>\t\t\t\t\t<\/div>\n\t\t\t\t\t\t<\/div>\n\t\t\t\t<\/div>\n\t\t\t\t<div class=\"elementor-element elementor-element-ba95f4e elementor-tablet-align-left elementor-mobile-align-center elementor-align-center elementor-widget elementor-widget-button\" data-id=\"ba95f4e\" data-element_type=\"widget\" data-widget_type=\"button.default\">\n\t\t\t\t<div class=\"elementor-widget-container\">\n\t\t\t\t\t<div class=\"elementor-button-wrapper\">\n\t\t\t<a href=\"https:\/\/www.medellin.gov.co\/es\/corregimientos\/gerencia\/altavista\/\" class=\"elementor-button-link elementor-button elementor-size-sm\" role=\"button\">\n\t\t\t\t\t\t<span class=\"elementor-button-content-wrapper\">\n\t\t\t\t\t\t<span class=\"elementor-button-text\">conoce m\u00e1s sobre este corregimiento<\/span>\n\t\t<\/span>\n\t\t\t\t\t<\/a>\n\t\t<\/div>\n\t\t\t\t<\/div>\n\t\t\t\t<\/div>\n\t\t\t\t<div class=\"elementor-element elementor-element-75b8404 elementor-widget elementor-widget-gallery\" data-id=\"75b8404\" data-element_type=\"widget\" data-settings=\"{&quot;columns_mobile&quot;:4,&quot;gallery_layout&quot;:&quot;grid&quot;,&quot;columns&quot;:4,&quot;columns_tablet&quot;:2,&quot;gap&quot;:{&quot;unit&quot;:&quot;px&quot;,&quot;size&quot;:10,&quot;sizes&quot;:[]},&quot;gap_tablet&quot;:{&quot;unit&quot;:&quot;px&quot;,&quot;size&quot;:10,&quot;sizes&quot;:[]},&quot;gap_mobile&quot;:{&quot;unit&quot;:&quot;px&quot;,&quot;size&quot;:10,&quot;sizes&quot;:[]},&quot;link_to&quot;:&quot;file&quot;,&quot;aspect_ratio&quot;:&quot;3:2&quot;,&quot;overlay_background&quot;:&quot;yes&quot;,&quot;content_hover_animation&quot;:&quot;fade-in&quot;}\" data-widget_type=\"gallery.default\">\n\t\t\t\t<div class=\"elementor-widget-container\">\n\t\t\t\t\t<div class=\"elementor-gallery__container\">\n\t\t\t\t\t\t\t<a class=\"e-gallery-item elementor-gallery-item elementor-animated-content\" href=\"https:\/\/www.medellin.gov.co\/es\/wp-content\/uploads\/2023\/10\/Altavista-Bus.jpg\" data-elementor-open-lightbox=\"yes\" data-elementor-lightbox-slideshow=\"all-75b8404\" data-elementor-lightbox-title=\"Altavista Bus\" e-action-hash=\"#elementor-action%3Aaction%3Dlightbox%26settings%3DeyJpZCI6MjY3MTYwLCJ1cmwiOiJodHRwczpcL1wvd3d3Lm1lZGVsbGluLmdvdi5jb1wvZXNcL3dwLWNvbnRlbnRcL3VwbG9hZHNcLzIwMjNcLzEwXC9BbHRhdmlzdGEtQnVzLmpwZyIsInNsaWRlc2hvdyI6ImFsbC03NWI4NDA0In0%3D\">\n\t\t\t\t\t<div class=\"e-gallery-image elementor-gallery-item__image\" data-thumbnail=\"https:\/\/www.medellin.gov.co\/es\/wp-content\/uploads\/2023\/10\/Altavista-Bus-300x200.jpg\" data-width=\"300\" data-height=\"200\" alt=\"Altavista Bus\" ><\/div>\n\t\t\t\t\t\t\t\t\t\t\t<div class=\"elementor-gallery-item__overlay\"><\/div>\n\t\t\t\t\t\t\t\t\t\t\t\t\t\t<\/a>\n\t\t\t\t\t\t\t<a class=\"e-gallery-item elementor-gallery-item elementor-animated-content\" href=\"https:\/\/www.medellin.gov.co\/es\/wp-content\/uploads\/2023\/10\/Altavista-Cancha.jpg\" data-elementor-open-lightbox=\"yes\" data-elementor-lightbox-slideshow=\"all-75b8404\" data-elementor-lightbox-title=\"Altavista Cancha\" e-action-hash=\"#elementor-action%3Aaction%3Dlightbox%26settings%3DeyJpZCI6MjY3MTYzLCJ1cmwiOiJodHRwczpcL1wvd3d3Lm1lZGVsbGluLmdvdi5jb1wvZXNcL3dwLWNvbnRlbnRcL3VwbG9hZHNcLzIwMjNcLzEwXC9BbHRhdmlzdGEtQ2FuY2hhLmpwZyIsInNsaWRlc2hvdyI6ImFsbC03NWI4NDA0In0%3D\">\n\t\t\t\t\t<div class=\"e-gallery-image elementor-gallery-item__image\" data-thumbnail=\"https:\/\/www.medellin.gov.co\/es\/wp-content\/uploads\/2023\/10\/Altavista-Cancha-300x200.jpg\" data-width=\"300\" data-height=\"200\" alt=\"Altavista Cancha\" ><\/div>\n\t\t\t\t\t\t\t\t\t\t\t<div class=\"elementor-gallery-item__overlay\"><\/div>\n\t\t\t\t\t\t\t\t\t\t\t\t\t\t<\/a>\n\t\t\t\t\t\t\t<a class=\"e-gallery-item elementor-gallery-item elementor-animated-content\" href=\"https:\/\/www.medellin.gov.co\/es\/wp-content\/uploads\/2023\/10\/Altavista-Casa-de-Gobierno.jpg\" data-elementor-open-lightbox=\"yes\" data-elementor-lightbox-slideshow=\"all-75b8404\" data-elementor-lightbox-title=\"Altavista Casa de Gobierno\" e-action-hash=\"#elementor-action%3Aaction%3Dlightbox%26settings%3DeyJpZCI6MjY3MTY0LCJ1cmwiOiJodHRwczpcL1wvd3d3Lm1lZGVsbGluLmdvdi5jb1wvZXNcL3dwLWNvbnRlbnRcL3VwbG9hZHNcLzIwMjNcLzEwXC9BbHRhdmlzdGEtQ2FzYS1kZS1Hb2JpZXJuby5qcGciLCJzbGlkZXNob3ciOiJhbGwtNzViODQwNCJ9\">\n\t\t\t\t\t<div class=\"e-gallery-image elementor-gallery-item__image\" data-thumbnail=\"https:\/\/www.medellin.gov.co\/es\/wp-content\/uploads\/2023\/10\/Altavista-Casa-de-Gobierno-300x225.jpg\" data-width=\"300\" data-height=\"225\" alt=\"Altavista Casa de Gobierno\" ><\/div>\n\t\t\t\t\t\t\t\t\t\t\t<div class=\"elementor-gallery-item__overlay\"><\/div>\n\t\t\t\t\t\t\t\t\t\t\t\t\t\t<\/a>\n\t\t\t\t\t\t\t<a class=\"e-gallery-item elementor-gallery-item elementor-animated-content\" href=\"https:\/\/www.medellin.gov.co\/es\/wp-content\/uploads\/2023\/10\/Altavista-casas.jpg\" data-elementor-open-lightbox=\"yes\" data-elementor-lightbox-slideshow=\"all-75b8404\" data-elementor-lightbox-title=\"Altavista casas\" e-action-hash=\"#elementor-action%3Aaction%3Dlightbox%26settings%3DeyJpZCI6MjY3MTY2LCJ1cmwiOiJodHRwczpcL1wvd3d3Lm1lZGVsbGluLmdvdi5jb1wvZXNcL3dwLWNvbnRlbnRcL3VwbG9hZHNcLzIwMjNcLzEwXC9BbHRhdmlzdGEtY2FzYXMuanBnIiwic2xpZGVzaG93IjoiYWxsLTc1Yjg0MDQifQ%3D%3D\">\n\t\t\t\t\t<div class=\"e-gallery-image elementor-gallery-item__image\" data-thumbnail=\"https:\/\/www.medellin.gov.co\/es\/wp-content\/uploads\/2023\/10\/Altavista-casas-300x225.jpg\" data-width=\"300\" data-height=\"225\" alt=\"Altavista casas\" ><\/div>\n\t\t\t\t\t\t\t\t\t\t\t<div class=\"elementor-gallery-item__overlay\"><\/div>\n\t\t\t\t\t\t\t\t\t\t\t\t\t\t<\/a>\n\t\t\t\t\t\t\t<a class=\"e-gallery-item elementor-gallery-item elementor-animated-content\" href=\"https:\/\/www.medellin.gov.co\/es\/wp-content\/uploads\/2023\/10\/Altavista-iglesia.jpg\" data-elementor-open-lightbox=\"yes\" data-elementor-lightbox-slideshow=\"all-75b8404\" data-elementor-lightbox-title=\"Altavista iglesia\" e-action-hash=\"#elementor-action%3Aaction%3Dlightbox%26settings%3DeyJpZCI6MjY3MTY3LCJ1cmwiOiJodHRwczpcL1wvd3d3Lm1lZGVsbGluLmdvdi5jb1wvZXNcL3dwLWNvbnRlbnRcL3VwbG9hZHNcLzIwMjNcLzEwXC9BbHRhdmlzdGEtaWdsZXNpYS5qcGciLCJzbGlkZXNob3ciOiJhbGwtNzViODQwNCJ9\">\n\t\t\t\t\t<div class=\"e-gallery-image elementor-gallery-item__image\" data-thumbnail=\"https:\/\/www.medellin.gov.co\/es\/wp-content\/uploads\/2023\/10\/Altavista-iglesia-300x225.jpg\" data-width=\"300\" data-height=\"225\" alt=\"Altavista iglesia\" ><\/div>\n\t\t\t\t\t\t\t\t\t\t\t<div class=\"elementor-gallery-item__overlay\"><\/div>\n\t\t\t\t\t\t\t\t\t\t\t\t\t\t<\/a>\n\t\t\t\t\t\t\t<a class=\"e-gallery-item elementor-gallery-item elementor-animated-content\" href=\"https:\/\/www.medellin.gov.co\/es\/wp-content\/uploads\/2023\/10\/Altavista-Productor.jpg\" data-elementor-open-lightbox=\"yes\" data-elementor-lightbox-slideshow=\"all-75b8404\" data-elementor-lightbox-title=\"Altavista Productor\" e-action-hash=\"#elementor-action%3Aaction%3Dlightbox%26settings%3DeyJpZCI6MjY3MTcwLCJ1cmwiOiJodHRwczpcL1wvd3d3Lm1lZGVsbGluLmdvdi5jb1wvZXNcL3dwLWNvbnRlbnRcL3VwbG9hZHNcLzIwMjNcLzEwXC9BbHRhdmlzdGEtUHJvZHVjdG9yLmpwZyIsInNsaWRlc2hvdyI6ImFsbC03NWI4NDA0In0%3D\">\n\t\t\t\t\t<div class=\"e-gallery-image elementor-gallery-item__image\" data-thumbnail=\"https:\/\/www.medellin.gov.co\/es\/wp-content\/uploads\/2023\/10\/Altavista-Productor-300x225.jpg\" data-width=\"300\" data-height=\"225\" alt=\"Altavista Productor\" ><\/div>\n\t\t\t\t\t\t\t\t\t\t\t<div class=\"elementor-gallery-item__overlay\"><\/div>\n\t\t\t\t\t\t\t\t\t\t\t\t\t\t<\/a>\n\t\t\t\t\t\t\t<a class=\"e-gallery-item elementor-gallery-item elementor-animated-content\" href=\"https:\/\/www.medellin.gov.co\/es\/wp-content\/uploads\/2023\/10\/Altavista-plantas.jpg\" data-elementor-open-lightbox=\"yes\" data-elementor-lightbox-slideshow=\"all-75b8404\" data-elementor-lightbox-title=\"Altavista plantas\" e-action-hash=\"#elementor-action%3Aaction%3Dlightbox%26settings%3DeyJpZCI6MjY3MTczLCJ1cmwiOiJodHRwczpcL1wvd3d3Lm1lZGVsbGluLmdvdi5jb1wvZXNcL3dwLWNvbnRlbnRcL3VwbG9hZHNcLzIwMjNcLzEwXC9BbHRhdmlzdGEtcGxhbnRhcy5qcGciLCJzbGlkZXNob3ciOiJhbGwtNzViODQwNCJ9\">\n\t\t\t\t\t<div class=\"e-gallery-image elementor-gallery-item__image\" data-thumbnail=\"https:\/\/www.medellin.gov.co\/es\/wp-content\/uploads\/2023\/10\/Altavista-plantas-300x200.jpg\" data-width=\"300\" data-height=\"200\" alt=\"Altavista plantas\" ><\/div>\n\t\t\t\t\t\t\t\t\t\t\t<div class=\"elementor-gallery-item__overlay\"><\/div>\n\t\t\t\t\t\t\t\t\t\t\t\t\t\t<\/a>\n\t\t\t\t\t\t\t<a class=\"e-gallery-item elementor-gallery-item elementor-animated-content\" href=\"https:\/\/www.medellin.gov.co\/es\/wp-content\/uploads\/2023\/10\/Altavista-Panora\u0301mika.jpg\" data-elementor-open-lightbox=\"yes\" data-elementor-lightbox-slideshow=\"all-75b8404\" data-elementor-lightbox-title=\"Altavista Panora\u0301mica\" e-action-hash=\"#elementor-action%3Aaction%3Dlightbox%26settings%3DeyJpZCI6MjY3MTc1LCJ1cmwiOiJodHRwczpcL1wvd3d3Lm1lZGVsbGluLmdvdi5jb1wvZXNcL3dwLWNvbnRlbnRcL3VwbG9hZHNcLzIwMjNcLzEwXC9BbHRhdmlzdGEtUGFub3JhXHUwMzAxbWlrYS5qcGciLCJzbGlkZXNob3ciOiJhbGwtNzViODQwNCJ9\">\n\t\t\t\t\t<div class=\"e-gallery-image elementor-gallery-item__image\" data-thumbnail=\"https:\/\/www.medellin.gov.co\/es\/wp-content\/uploads\/2023\/10\/Altavista-Panora\u0301mika-300x225.jpg\" data-width=\"300\" data-height=\"225\" alt=\"Altavista Panora\u0301mica\" ><\/div>\n\t\t\t\t\t\t\t\t\t\t\t<div class=\"elementor-gallery-item__overlay\"><\/div>\n\t\t\t\t\t\t\t\t\t\t\t\t\t\t<\/a>\n\t\t\t\t\t<\/div>\n\t\t\t<\/div>\n\t\t\t\t<\/div>\n\t\t<\/div><\/div>\t\t\t\t<\/div>\n\t\t\t\t\t<\/div>\n\t\t<\/div>\n\t\t\t\t\t\t\t\t<\/div>\n\t\t\t\t\t<\/div>\n\t\t<\/section>\n\t\t<div class=\"elementor-element elementor-element-d988573 e-container--column e-container\" data-id=\"d988573\" data-element_type=\"container\" data-settings=\"{&quot;background_background&quot;:&quot;classic&quot;}\">\t\t<div class=\"elementor-element elementor-element-4de11d9 e-container--column e-container\" data-id=\"4de11d9\" data-element_type=\"container\">\t\t\t\t<div class=\"elementor-element elementor-element-3a997c4 elementor-widget elementor-widget-heading\" data-id=\"3a997c4\" data-element_type=\"widget\" data-widget_type=\"heading.default\">\n\t\t\t\t<div class=\"elementor-widget-container\">\n\t\t\t<h2 class=\"elementor-heading-title elementor-size-default\"><b>Corregimiento<\/b> San Antonio de Prado<\/h2>\t\t<\/div>\n\t\t\t\t<\/div>\n\t\t<\/div><\/div>\t\t<section class=\"elementor-section elementor-top-section elementor-element elementor-element-88ff8b8 elementor-section-boxed elementor-section-height-default elementor-section-height-default\" data-id=\"88ff8b8\" data-element_type=\"section\">\n\t\t\t\t\t\t<div class=\"elementor-container elementor-column-gap-default\">\n\t\t\t\t\t\t\t<div class=\"elementor-row\">\n\t\t\t\t\t<div class=\"elementor-column elementor-col-100 elementor-top-column elementor-element elementor-element-0512a0e\" data-id=\"0512a0e\" data-element_type=\"column\">\n\t\t\t<div class=\"elementor-column-wrap elementor-element-populated\">\n\t\t\t\t\t\t\t<div class=\"elementor-widget-wrap\">\n\t\t\t\t<div class=\"elementor-element elementor-element-28dc250 e-container--column e-container\" data-id=\"28dc250\" data-element_type=\"container\">\t\t<div class=\"elementor-element elementor-element-af59b3a e-container--column e-container\" data-id=\"af59b3a\" data-element_type=\"container\" data-settings=\"{&quot;background_background&quot;:&quot;classic&quot;}\">\t\t\t\t<div class=\"elementor-element elementor-element-799b6df elementor-widget elementor-widget-text-editor\" data-id=\"799b6df\" data-element_type=\"widget\" data-widget_type=\"text-editor.default\">\n\t\t\t\t<div class=\"elementor-widget-container\">\n\t\t\t\t\t\t\t\t<div class=\"elementor-text-editor elementor-clearfix\">\n\t\t\t\t<p>\u00abLa monta\u00f1a en la que est\u00e1 empotrado el corregimiento de San Antonio de Prado semeja una potente muralla, un muro fortificado de verde y coronado por nubes espesas. La geograf\u00eda es un lateral de la cordillera central. Luego de coronada la monta\u00f1a y siguiendo hacia el occidente se llega al ca\u00f1\u00f3n del r\u00edo del Cauca.\u202fSi a San Antonio de Prado se sube en transporte p\u00fablico, hay que tomar en la estaci\u00f3n del metro de La Estrella. Al pagar el pasaje se tiene una clara sensaci\u00f3n: a estos carros no se sube, se trepa. Y menos mal.\u00bb<\/p><p style=\"text-align: right;\"><em><strong>Cargar las monta\u00f1as en un malet\u00edn.<\/strong><\/em><br \/><em>Por Andr\u00e9s Delgado<\/em><\/p>\t\t\t\t\t<\/div>\n\t\t\t\t\t\t<\/div>\n\t\t\t\t<\/div>\n\t\t\t\t<div class=\"elementor-element elementor-element-89d92f9 elementor-widget elementor-widget-text-editor\" data-id=\"89d92f9\" data-element_type=\"widget\" data-widget_type=\"text-editor.default\">\n\t\t\t\t<div class=\"elementor-widget-container\">\n\t\t\t\t\t\t\t\t<div class=\"elementor-text-editor elementor-clearfix\">\n\t\t\t\t<div class=\"elementor-element elementor-element-2d210e5 e-container--column e-container\" data-id=\"2d210e5\" data-element_type=\"container\"><div class=\"elementor-element elementor-element-a497d63 e-container--column e-container\" data-id=\"a497d63\" data-element_type=\"container\" data-settings=\"{&quot;background_background&quot;:&quot;classic&quot;}\"><div class=\"elementor-element elementor-element-9e8dda6 elementor-widget elementor-widget-text-editor\" data-id=\"9e8dda6\" data-element_type=\"widget\" data-widget_type=\"text-editor.default\">\u00a0<\/div><\/div><\/div><div class=\"elementor-element elementor-element-2a803a3 e-container--column e-container\" data-id=\"2a803a3\" data-element_type=\"container\"><div class=\"elementor-element elementor-element-c4f5b56 e-container--column e-container\" data-id=\"c4f5b56\" data-element_type=\"container\"><div class=\"elementor-element elementor-element-85b379f e-container--column e-container\" data-id=\"85b379f\" data-element_type=\"container\"><div class=\"elementor-element elementor-element-4ce1df1 elementor-align-center elementor-mobile-align-left elementor-icon-list--layout-traditional elementor-list-item-link-full_width elementor-widget elementor-widget-icon-list\" data-id=\"4ce1df1\" data-element_type=\"widget\" data-widget_type=\"icon-list.default\"><div class=\"elementor-widget-container\"><p style=\"text-align: center;\"><span class=\"elementor-icon-list-text\"><b>Total de habitantes:<\/b>\u00a0126.285 (Mujeres: 66.055 \/ Hombres: 60.230)<\/span><\/p><p style=\"text-align: center;\"><span class=\"elementor-icon-list-text\">En este corregimiento habita el 5.0% del total de poblaci\u00f3n de Medell\u00edn.<\/span><\/p><p style=\"text-align: center;\"><span class=\"elementor-icon-list-text\">37,85% hogares con jefatura femenina<\/span><\/p><\/div><\/div><\/div><\/div><\/div>\t\t\t\t\t<\/div>\n\t\t\t\t\t\t<\/div>\n\t\t\t\t<\/div>\n\t\t\t\t<div class=\"elementor-element elementor-element-d24c561 elementor-tablet-align-left elementor-mobile-align-center elementor-align-center elementor-widget elementor-widget-button\" data-id=\"d24c561\" data-element_type=\"widget\" data-widget_type=\"button.default\">\n\t\t\t\t<div class=\"elementor-widget-container\">\n\t\t\t\t\t<div class=\"elementor-button-wrapper\">\n\t\t\t<a href=\"https:\/\/www.medellin.gov.co\/es\/corregimientos\/gerencia\/san-antonio-de-prado\/\" class=\"elementor-button-link elementor-button elementor-size-sm\" role=\"button\">\n\t\t\t\t\t\t<span class=\"elementor-button-content-wrapper\">\n\t\t\t\t\t\t<span class=\"elementor-button-text\">conoce m\u00e1s sobre este corregimiento<\/span>\n\t\t<\/span>\n\t\t\t\t\t<\/a>\n\t\t<\/div>\n\t\t\t\t<\/div>\n\t\t\t\t<\/div>\n\t\t\t\t<div class=\"elementor-element elementor-element-3ef4faf elementor-widget elementor-widget-gallery\" data-id=\"3ef4faf\" data-element_type=\"widget\" data-settings=\"{&quot;columns_mobile&quot;:4,&quot;gallery_layout&quot;:&quot;grid&quot;,&quot;columns&quot;:4,&quot;columns_tablet&quot;:2,&quot;gap&quot;:{&quot;unit&quot;:&quot;px&quot;,&quot;size&quot;:10,&quot;sizes&quot;:[]},&quot;gap_tablet&quot;:{&quot;unit&quot;:&quot;px&quot;,&quot;size&quot;:10,&quot;sizes&quot;:[]},&quot;gap_mobile&quot;:{&quot;unit&quot;:&quot;px&quot;,&quot;size&quot;:10,&quot;sizes&quot;:[]},&quot;link_to&quot;:&quot;file&quot;,&quot;aspect_ratio&quot;:&quot;3:2&quot;,&quot;overlay_background&quot;:&quot;yes&quot;,&quot;content_hover_animation&quot;:&quot;fade-in&quot;}\" data-widget_type=\"gallery.default\">\n\t\t\t\t<div class=\"elementor-widget-container\">\n\t\t\t\t\t<div class=\"elementor-gallery__container\">\n\t\t\t\t\t\t\t<a class=\"e-gallery-item elementor-gallery-item elementor-animated-content\" href=\"https:\/\/www.medellin.gov.co\/es\/wp-content\/uploads\/2023\/10\/San-Antonio-de-prado-parque-principal.jpg\" data-elementor-open-lightbox=\"yes\" data-elementor-lightbox-slideshow=\"all-3ef4faf\" data-elementor-lightbox-title=\"San Antonio de prado parque principal\" e-action-hash=\"#elementor-action%3Aaction%3Dlightbox%26settings%3DeyJpZCI6MjY3MTgyLCJ1cmwiOiJodHRwczpcL1wvd3d3Lm1lZGVsbGluLmdvdi5jb1wvZXNcL3dwLWNvbnRlbnRcL3VwbG9hZHNcLzIwMjNcLzEwXC9TYW4tQW50b25pby1kZS1wcmFkby1wYXJxdWUtcHJpbmNpcGFsLmpwZyIsInNsaWRlc2hvdyI6ImFsbC0zZWY0ZmFmIn0%3D\">\n\t\t\t\t\t<div class=\"e-gallery-image elementor-gallery-item__image\" data-thumbnail=\"https:\/\/www.medellin.gov.co\/es\/wp-content\/uploads\/2023\/10\/San-Antonio-de-prado-parque-principal-300x195.jpg\" data-width=\"300\" data-height=\"195\" alt=\"San Antonio de prado parque principal\" ><\/div>\n\t\t\t\t\t\t\t\t\t\t\t<div class=\"elementor-gallery-item__overlay\"><\/div>\n\t\t\t\t\t\t\t\t\t\t\t\t\t\t<\/a>\n\t\t\t\t\t\t\t<a class=\"e-gallery-item elementor-gallery-item elementor-animated-content\" href=\"https:\/\/www.medellin.gov.co\/es\/wp-content\/uploads\/2023\/10\/San-Antonio-de-prado-mujeres.jpg\" data-elementor-open-lightbox=\"yes\" data-elementor-lightbox-slideshow=\"all-3ef4faf\" data-elementor-lightbox-title=\"San Antonio de prado mujeres\" e-action-hash=\"#elementor-action%3Aaction%3Dlightbox%26settings%3DeyJpZCI6MjY3MTgzLCJ1cmwiOiJodHRwczpcL1wvd3d3Lm1lZGVsbGluLmdvdi5jb1wvZXNcL3dwLWNvbnRlbnRcL3VwbG9hZHNcLzIwMjNcLzEwXC9TYW4tQW50b25pby1kZS1wcmFkby1tdWplcmVzLmpwZyIsInNsaWRlc2hvdyI6ImFsbC0zZWY0ZmFmIn0%3D\">\n\t\t\t\t\t<div class=\"e-gallery-image elementor-gallery-item__image\" data-thumbnail=\"https:\/\/www.medellin.gov.co\/es\/wp-content\/uploads\/2023\/10\/San-Antonio-de-prado-mujeres-300x225.jpg\" data-width=\"300\" data-height=\"225\" alt=\"San Antonio de prado mujeres\" ><\/div>\n\t\t\t\t\t\t\t\t\t\t\t<div class=\"elementor-gallery-item__overlay\"><\/div>\n\t\t\t\t\t\t\t\t\t\t\t\t\t\t<\/a>\n\t\t\t\t\t\t\t<a class=\"e-gallery-item elementor-gallery-item elementor-animated-content\" href=\"https:\/\/www.medellin.gov.co\/es\/wp-content\/uploads\/2023\/10\/San-Antonio-de-prado-ruralidad.jpg\" data-elementor-open-lightbox=\"yes\" data-elementor-lightbox-slideshow=\"all-3ef4faf\" data-elementor-lightbox-title=\"San Antonio de prado - ruralidad\" e-action-hash=\"#elementor-action%3Aaction%3Dlightbox%26settings%3DeyJpZCI6MjY3MTg0LCJ1cmwiOiJodHRwczpcL1wvd3d3Lm1lZGVsbGluLmdvdi5jb1wvZXNcL3dwLWNvbnRlbnRcL3VwbG9hZHNcLzIwMjNcLzEwXC9TYW4tQW50b25pby1kZS1wcmFkby1ydXJhbGlkYWQuanBnIiwic2xpZGVzaG93IjoiYWxsLTNlZjRmYWYifQ%3D%3D\">\n\t\t\t\t\t<div class=\"e-gallery-image elementor-gallery-item__image\" data-thumbnail=\"https:\/\/www.medellin.gov.co\/es\/wp-content\/uploads\/2023\/10\/San-Antonio-de-prado-ruralidad-300x225.jpg\" data-width=\"300\" data-height=\"225\" alt=\"San Antonio de prado - ruralidad\" ><\/div>\n\t\t\t\t\t\t\t\t\t\t\t<div class=\"elementor-gallery-item__overlay\"><\/div>\n\t\t\t\t\t\t\t\t\t\t\t\t\t\t<\/a>\n\t\t\t\t\t\t\t<a class=\"e-gallery-item elementor-gallery-item elementor-animated-content\" href=\"https:\/\/www.medellin.gov.co\/es\/wp-content\/uploads\/2023\/10\/San-Antonio-de-prado-Mujeres-1.jpg\" data-elementor-open-lightbox=\"yes\" data-elementor-lightbox-slideshow=\"all-3ef4faf\" data-elementor-lightbox-title=\"San Antonio de prado - Mujeres\" e-action-hash=\"#elementor-action%3Aaction%3Dlightbox%26settings%3DeyJpZCI6MjY3MTg2LCJ1cmwiOiJodHRwczpcL1wvd3d3Lm1lZGVsbGluLmdvdi5jb1wvZXNcL3dwLWNvbnRlbnRcL3VwbG9hZHNcLzIwMjNcLzEwXC9TYW4tQW50b25pby1kZS1wcmFkby1NdWplcmVzLTEuanBnIiwic2xpZGVzaG93IjoiYWxsLTNlZjRmYWYifQ%3D%3D\">\n\t\t\t\t\t<div class=\"e-gallery-image elementor-gallery-item__image\" data-thumbnail=\"https:\/\/www.medellin.gov.co\/es\/wp-content\/uploads\/2023\/10\/San-Antonio-de-prado-Mujeres-1-300x225.jpg\" data-width=\"300\" data-height=\"225\" alt=\"San Antonio de prado - Mujeres\" ><\/div>\n\t\t\t\t\t\t\t\t\t\t\t<div class=\"elementor-gallery-item__overlay\"><\/div>\n\t\t\t\t\t\t\t\t\t\t\t\t\t\t<\/a>\n\t\t\t\t\t\t\t<a class=\"e-gallery-item elementor-gallery-item elementor-animated-content\" href=\"https:\/\/www.medellin.gov.co\/es\/wp-content\/uploads\/2023\/10\/San-Antonio-de-prado-iglesia.jpg\" data-elementor-open-lightbox=\"yes\" data-elementor-lightbox-slideshow=\"all-3ef4faf\" data-elementor-lightbox-title=\"San Antonio de prado - iglesia\" e-action-hash=\"#elementor-action%3Aaction%3Dlightbox%26settings%3DeyJpZCI6MjY3MTg4LCJ1cmwiOiJodHRwczpcL1wvd3d3Lm1lZGVsbGluLmdvdi5jb1wvZXNcL3dwLWNvbnRlbnRcL3VwbG9hZHNcLzIwMjNcLzEwXC9TYW4tQW50b25pby1kZS1wcmFkby1pZ2xlc2lhLmpwZyIsInNsaWRlc2hvdyI6ImFsbC0zZWY0ZmFmIn0%3D\">\n\t\t\t\t\t<div class=\"e-gallery-image elementor-gallery-item__image\" data-thumbnail=\"https:\/\/www.medellin.gov.co\/es\/wp-content\/uploads\/2023\/10\/San-Antonio-de-prado-iglesia-300x229.jpg\" data-width=\"300\" data-height=\"229\" alt=\"San Antonio de prado - iglesia\" ><\/div>\n\t\t\t\t\t\t\t\t\t\t\t<div class=\"elementor-gallery-item__overlay\"><\/div>\n\t\t\t\t\t\t\t\t\t\t\t\t\t\t<\/a>\n\t\t\t\t\t\t\t<a class=\"e-gallery-item elementor-gallery-item elementor-animated-content\" href=\"https:\/\/www.medellin.gov.co\/es\/wp-content\/uploads\/2023\/10\/San-Antonio-de-prado-el-Vergel.jpg\" data-elementor-open-lightbox=\"yes\" data-elementor-lightbox-slideshow=\"all-3ef4faf\" data-elementor-lightbox-title=\"San Antonio de prado - el Vergel\" e-action-hash=\"#elementor-action%3Aaction%3Dlightbox%26settings%3DeyJpZCI6MjY3MTg5LCJ1cmwiOiJodHRwczpcL1wvd3d3Lm1lZGVsbGluLmdvdi5jb1wvZXNcL3dwLWNvbnRlbnRcL3VwbG9hZHNcLzIwMjNcLzEwXC9TYW4tQW50b25pby1kZS1wcmFkby1lbC1WZXJnZWwuanBnIiwic2xpZGVzaG93IjoiYWxsLTNlZjRmYWYifQ%3D%3D\">\n\t\t\t\t\t<div class=\"e-gallery-image elementor-gallery-item__image\" data-thumbnail=\"https:\/\/www.medellin.gov.co\/es\/wp-content\/uploads\/2023\/10\/San-Antonio-de-prado-el-Vergel-300x225.jpg\" data-width=\"300\" data-height=\"225\" alt=\"San Antonio de prado - el Vergel\" ><\/div>\n\t\t\t\t\t\t\t\t\t\t\t<div class=\"elementor-gallery-item__overlay\"><\/div>\n\t\t\t\t\t\t\t\t\t\t\t\t\t\t<\/a>\n\t\t\t\t\t\t\t<a class=\"e-gallery-item elementor-gallery-item elementor-animated-content\" href=\"https:\/\/www.medellin.gov.co\/es\/wp-content\/uploads\/2023\/10\/San-Antonio-de-Prado.jpg\" data-elementor-open-lightbox=\"yes\" data-elementor-lightbox-slideshow=\"all-3ef4faf\" data-elementor-lightbox-title=\"San Antonio de Prado\" e-action-hash=\"#elementor-action%3Aaction%3Dlightbox%26settings%3DeyJpZCI6MjY3MTkwLCJ1cmwiOiJodHRwczpcL1wvd3d3Lm1lZGVsbGluLmdvdi5jb1wvZXNcL3dwLWNvbnRlbnRcL3VwbG9hZHNcLzIwMjNcLzEwXC9TYW4tQW50b25pby1kZS1QcmFkby5qcGciLCJzbGlkZXNob3ciOiJhbGwtM2VmNGZhZiJ9\">\n\t\t\t\t\t<div class=\"e-gallery-image elementor-gallery-item__image\" data-thumbnail=\"https:\/\/www.medellin.gov.co\/es\/wp-content\/uploads\/2023\/10\/San-Antonio-de-Prado-300x225.jpg\" data-width=\"300\" data-height=\"225\" alt=\"San Antonio de Prado\" ><\/div>\n\t\t\t\t\t\t\t\t\t\t\t<div class=\"elementor-gallery-item__overlay\"><\/div>\n\t\t\t\t\t\t\t\t\t\t\t\t\t\t<\/a>\n\t\t\t\t\t\t\t<a class=\"e-gallery-item elementor-gallery-item elementor-animated-content\" href=\"https:\/\/www.medellin.gov.co\/es\/wp-content\/uploads\/2023\/10\/San-Antonio-de-prado-rural.jpg\" data-elementor-open-lightbox=\"yes\" data-elementor-lightbox-slideshow=\"all-3ef4faf\" data-elementor-lightbox-title=\"San Antonio de prado rural\" e-action-hash=\"#elementor-action%3Aaction%3Dlightbox%26settings%3DeyJpZCI6MjY3MTkyLCJ1cmwiOiJodHRwczpcL1wvd3d3Lm1lZGVsbGluLmdvdi5jb1wvZXNcL3dwLWNvbnRlbnRcL3VwbG9hZHNcLzIwMjNcLzEwXC9TYW4tQW50b25pby1kZS1wcmFkby1ydXJhbC5qcGciLCJzbGlkZXNob3ciOiJhbGwtM2VmNGZhZiJ9\">\n\t\t\t\t\t<div class=\"e-gallery-image elementor-gallery-item__image\" data-thumbnail=\"https:\/\/www.medellin.gov.co\/es\/wp-content\/uploads\/2023\/10\/San-Antonio-de-prado-rural-300x225.jpg\" data-width=\"300\" data-height=\"225\" alt=\"San Antonio de prado rural\" ><\/div>\n\t\t\t\t\t\t\t\t\t\t\t<div class=\"elementor-gallery-item__overlay\"><\/div>\n\t\t\t\t\t\t\t\t\t\t\t\t\t\t<\/a>\n\t\t\t\t\t<\/div>\n\t\t\t<\/div>\n\t\t\t\t<\/div>\n\t\t<\/div><\/div>\t\t\t\t<\/div>\n\t\t\t\t\t<\/div>\n\t\t<\/div>\n\t\t\t\t\t\t\t\t<\/div>\n\t\t\t\t\t<\/div>\n\t\t<\/section>\n\t\t<div class=\"elementor-element elementor-element-a8f9f6d e-container--column e-container\" data-id=\"a8f9f6d\" data-element_type=\"container\" data-settings=\"{&quot;background_background&quot;:&quot;classic&quot;}\">\t\t<div class=\"elementor-element elementor-element-84c8454 e-container--column e-container\" data-id=\"84c8454\" data-element_type=\"container\">\t\t\t\t<div class=\"elementor-element elementor-element-b1d6966 elementor-widget elementor-widget-heading\" data-id=\"b1d6966\" data-element_type=\"widget\" data-widget_type=\"heading.default\">\n\t\t\t\t<div class=\"elementor-widget-container\">\n\t\t\t<h2 class=\"elementor-heading-title elementor-size-default\"><b>Corregimiento <\/b>Santa Elena<\/h2>\t\t<\/div>\n\t\t\t\t<\/div>\n\t\t<\/div><\/div>\t\t<section class=\"elementor-section elementor-top-section elementor-element elementor-element-29696db elementor-section-boxed elementor-section-height-default elementor-section-height-default\" data-id=\"29696db\" data-element_type=\"section\">\n\t\t\t\t\t\t<div class=\"elementor-container elementor-column-gap-default\">\n\t\t\t\t\t\t\t<div class=\"elementor-row\">\n\t\t\t\t\t<div class=\"elementor-column elementor-col-100 elementor-top-column elementor-element elementor-element-d39ffd8\" data-id=\"d39ffd8\" data-element_type=\"column\">\n\t\t\t<div class=\"elementor-column-wrap elementor-element-populated\">\n\t\t\t\t\t\t\t<div class=\"elementor-widget-wrap\">\n\t\t\t\t<div class=\"elementor-element elementor-element-3cd09ef e-container--column e-container\" data-id=\"3cd09ef\" data-element_type=\"container\">\t\t<div class=\"elementor-element elementor-element-8e9b9cc e-container--column e-container\" data-id=\"8e9b9cc\" data-element_type=\"container\" data-settings=\"{&quot;background_background&quot;:&quot;classic&quot;}\">\t\t\t\t<div class=\"elementor-element elementor-element-a509302 elementor-widget elementor-widget-text-editor\" data-id=\"a509302\" data-element_type=\"widget\" data-widget_type=\"text-editor.default\">\n\t\t\t\t<div class=\"elementor-widget-container\">\n\t\t\t\t\t\t\t\t<div class=\"elementor-text-editor elementor-clearfix\">\n\t\t\t\t<p>\u00abEl paseo familiar a Santa Elena es un recuerdo que tiene la mayor\u00eda en su memoria, tanto a la Laguna de Guarne como al Chorro Clar\u00edn. Y si bien el sancocho ya no es tanto de grabadora de pilas y le\u00f1a recogida, sino en elegantes zonas acondicionadas para picnic, el encuadre natural es el mismo: un buc\u00f3lico paraje de agua corriente en medio de torneados cipreses.\u00bb<\/p><p style=\"text-align: right;\"><strong><em>Santa Elena o el gen del caminar<\/em><\/strong><br \/><em>Por Ignacio Piedrah\u00edta<\/em><\/p>\t\t\t\t\t<\/div>\n\t\t\t\t\t\t<\/div>\n\t\t\t\t<\/div>\n\t\t\t\t<div class=\"elementor-element elementor-element-a234f0b elementor-widget elementor-widget-text-editor\" data-id=\"a234f0b\" data-element_type=\"widget\" data-widget_type=\"text-editor.default\">\n\t\t\t\t<div class=\"elementor-widget-container\">\n\t\t\t\t\t\t\t\t<div class=\"elementor-text-editor elementor-clearfix\">\n\t\t\t\t<p style=\"text-align: center;\"><span class=\"elementor-icon-list-text\"><b>Total de habitantes:<\/b>\u00a021.081 (Mujeres: 11.028 \/ Hombres: 10.053)<\/span><\/p><p style=\"text-align: center;\"><span class=\"elementor-icon-list-text\">En este corregimiento habita el 0,8% del total de poblaci\u00f3n de Medell\u00edn.<\/span><\/p><p style=\"text-align: center;\"><span class=\"elementor-icon-list-text\">34,54 % hogares con jefatura femenina<\/span><\/p>\t\t\t\t\t<\/div>\n\t\t\t\t\t\t<\/div>\n\t\t\t\t<\/div>\n\t\t\t\t<div class=\"elementor-element elementor-element-9b37402 elementor-tablet-align-left elementor-mobile-align-center elementor-align-center elementor-widget elementor-widget-button\" data-id=\"9b37402\" data-element_type=\"widget\" data-widget_type=\"button.default\">\n\t\t\t\t<div class=\"elementor-widget-container\">\n\t\t\t\t\t<div class=\"elementor-button-wrapper\">\n\t\t\t<a href=\"https:\/\/www.medellin.gov.co\/es\/corregimientos\/gerencia\/santa-elena\/\" class=\"elementor-button-link elementor-button elementor-size-sm\" role=\"button\">\n\t\t\t\t\t\t<span class=\"elementor-button-content-wrapper\">\n\t\t\t\t\t\t<span class=\"elementor-button-text\">conoce m\u00e1s sobre este corregimiento<\/span>\n\t\t<\/span>\n\t\t\t\t\t<\/a>\n\t\t<\/div>\n\t\t\t\t<\/div>\n\t\t\t\t<\/div>\n\t\t\t\t<div class=\"elementor-element elementor-element-0d7f3bb elementor-widget elementor-widget-gallery\" data-id=\"0d7f3bb\" data-element_type=\"widget\" data-settings=\"{&quot;columns_mobile&quot;:4,&quot;gallery_layout&quot;:&quot;grid&quot;,&quot;columns&quot;:4,&quot;columns_tablet&quot;:2,&quot;gap&quot;:{&quot;unit&quot;:&quot;px&quot;,&quot;size&quot;:10,&quot;sizes&quot;:[]},&quot;gap_tablet&quot;:{&quot;unit&quot;:&quot;px&quot;,&quot;size&quot;:10,&quot;sizes&quot;:[]},&quot;gap_mobile&quot;:{&quot;unit&quot;:&quot;px&quot;,&quot;size&quot;:10,&quot;sizes&quot;:[]},&quot;link_to&quot;:&quot;file&quot;,&quot;aspect_ratio&quot;:&quot;3:2&quot;,&quot;overlay_background&quot;:&quot;yes&quot;,&quot;content_hover_animation&quot;:&quot;fade-in&quot;}\" data-widget_type=\"gallery.default\">\n\t\t\t\t<div class=\"elementor-widget-container\">\n\t\t\t\t\t<div class=\"elementor-gallery__container\">\n\t\t\t\t\t\t\t<a class=\"e-gallery-item elementor-gallery-item elementor-animated-content\" href=\"https:\/\/www.medellin.gov.co\/es\/wp-content\/uploads\/2023\/10\/Santa-Elena-casa-de-gobierno.jpg\" data-elementor-open-lightbox=\"yes\" data-elementor-lightbox-slideshow=\"all-0d7f3bb\" data-elementor-lightbox-title=\"Santa Elena casa de gobierno\" e-action-hash=\"#elementor-action%3Aaction%3Dlightbox%26settings%3DeyJpZCI6MjY3MjIzLCJ1cmwiOiJodHRwczpcL1wvd3d3Lm1lZGVsbGluLmdvdi5jb1wvZXNcL3dwLWNvbnRlbnRcL3VwbG9hZHNcLzIwMjNcLzEwXC9TYW50YS1FbGVuYS1jYXNhLWRlLWdvYmllcm5vLmpwZyIsInNsaWRlc2hvdyI6ImFsbC0wZDdmM2JiIn0%3D\">\n\t\t\t\t\t<div class=\"e-gallery-image elementor-gallery-item__image\" data-thumbnail=\"https:\/\/www.medellin.gov.co\/es\/wp-content\/uploads\/2023\/10\/Santa-Elena-casa-de-gobierno-300x236.jpg\" data-width=\"300\" data-height=\"236\" alt=\"Santa Elena casa de gobierno\" ><\/div>\n\t\t\t\t\t\t\t\t\t\t\t<div class=\"elementor-gallery-item__overlay\"><\/div>\n\t\t\t\t\t\t\t\t\t\t\t\t\t\t<\/a>\n\t\t\t\t\t\t\t<a class=\"e-gallery-item elementor-gallery-item elementor-animated-content\" href=\"https:\/\/www.medellin.gov.co\/es\/wp-content\/uploads\/2023\/10\/Santa-Elena-escultura.jpg\" data-elementor-open-lightbox=\"yes\" data-elementor-lightbox-slideshow=\"all-0d7f3bb\" data-elementor-lightbox-title=\"Santa Elena escultura\" e-action-hash=\"#elementor-action%3Aaction%3Dlightbox%26settings%3DeyJpZCI6MjY3MjI0LCJ1cmwiOiJodHRwczpcL1wvd3d3Lm1lZGVsbGluLmdvdi5jb1wvZXNcL3dwLWNvbnRlbnRcL3VwbG9hZHNcLzIwMjNcLzEwXC9TYW50YS1FbGVuYS1lc2N1bHR1cmEuanBnIiwic2xpZGVzaG93IjoiYWxsLTBkN2YzYmIifQ%3D%3D\">\n\t\t\t\t\t<div class=\"e-gallery-image elementor-gallery-item__image\" data-thumbnail=\"https:\/\/www.medellin.gov.co\/es\/wp-content\/uploads\/2023\/10\/Santa-Elena-escultura-300x200.jpg\" data-width=\"300\" data-height=\"200\" alt=\"Santa Elena escultura\" ><\/div>\n\t\t\t\t\t\t\t\t\t\t\t<div class=\"elementor-gallery-item__overlay\"><\/div>\n\t\t\t\t\t\t\t\t\t\t\t\t\t\t<\/a>\n\t\t\t\t\t\t\t<a class=\"e-gallery-item elementor-gallery-item elementor-animated-content\" href=\"https:\/\/www.medellin.gov.co\/es\/wp-content\/uploads\/2023\/10\/Santa-elena-Hortalizas.jpg\" data-elementor-open-lightbox=\"yes\" data-elementor-lightbox-slideshow=\"all-0d7f3bb\" data-elementor-lightbox-title=\"Santa elena Hortalizas\" e-action-hash=\"#elementor-action%3Aaction%3Dlightbox%26settings%3DeyJpZCI6MjY3MjI1LCJ1cmwiOiJodHRwczpcL1wvd3d3Lm1lZGVsbGluLmdvdi5jb1wvZXNcL3dwLWNvbnRlbnRcL3VwbG9hZHNcLzIwMjNcLzEwXC9TYW50YS1lbGVuYS1Ib3J0YWxpemFzLmpwZyIsInNsaWRlc2hvdyI6ImFsbC0wZDdmM2JiIn0%3D\">\n\t\t\t\t\t<div class=\"e-gallery-image elementor-gallery-item__image\" data-thumbnail=\"https:\/\/www.medellin.gov.co\/es\/wp-content\/uploads\/2023\/10\/Santa-elena-Hortalizas-300x200.jpg\" data-width=\"300\" data-height=\"200\" alt=\"Santa elena Hortalizas\" ><\/div>\n\t\t\t\t\t\t\t\t\t\t\t<div class=\"elementor-gallery-item__overlay\"><\/div>\n\t\t\t\t\t\t\t\t\t\t\t\t\t\t<\/a>\n\t\t\t\t\t\t\t<a class=\"e-gallery-item elementor-gallery-item elementor-animated-content\" href=\"https:\/\/www.medellin.gov.co\/es\/wp-content\/uploads\/2023\/10\/Santa-elena-productor-flores.jpg\" data-elementor-open-lightbox=\"yes\" data-elementor-lightbox-slideshow=\"all-0d7f3bb\" data-elementor-lightbox-title=\"Santa elena productor flores\" e-action-hash=\"#elementor-action%3Aaction%3Dlightbox%26settings%3DeyJpZCI6MjY3MjI2LCJ1cmwiOiJodHRwczpcL1wvd3d3Lm1lZGVsbGluLmdvdi5jb1wvZXNcL3dwLWNvbnRlbnRcL3VwbG9hZHNcLzIwMjNcLzEwXC9TYW50YS1lbGVuYS1wcm9kdWN0b3ItZmxvcmVzLmpwZyIsInNsaWRlc2hvdyI6ImFsbC0wZDdmM2JiIn0%3D\">\n\t\t\t\t\t<div class=\"e-gallery-image elementor-gallery-item__image\" data-thumbnail=\"https:\/\/www.medellin.gov.co\/es\/wp-content\/uploads\/2023\/10\/Santa-elena-productor-flores-300x200.jpg\" data-width=\"300\" data-height=\"200\" alt=\"Santa elena productor flores\" ><\/div>\n\t\t\t\t\t\t\t\t\t\t\t<div class=\"elementor-gallery-item__overlay\"><\/div>\n\t\t\t\t\t\t\t\t\t\t\t\t\t\t<\/a>\n\t\t\t\t\t\t\t<a class=\"e-gallery-item elementor-gallery-item elementor-animated-content\" href=\"https:\/\/www.medellin.gov.co\/es\/wp-content\/uploads\/2023\/10\/Santa-elena-productor.jpg\" data-elementor-open-lightbox=\"yes\" data-elementor-lightbox-slideshow=\"all-0d7f3bb\" data-elementor-lightbox-title=\"Santa elena productor\" e-action-hash=\"#elementor-action%3Aaction%3Dlightbox%26settings%3DeyJpZCI6MjY3MjI3LCJ1cmwiOiJodHRwczpcL1wvd3d3Lm1lZGVsbGluLmdvdi5jb1wvZXNcL3dwLWNvbnRlbnRcL3VwbG9hZHNcLzIwMjNcLzEwXC9TYW50YS1lbGVuYS1wcm9kdWN0b3IuanBnIiwic2xpZGVzaG93IjoiYWxsLTBkN2YzYmIifQ%3D%3D\">\n\t\t\t\t\t<div class=\"e-gallery-image elementor-gallery-item__image\" data-thumbnail=\"https:\/\/www.medellin.gov.co\/es\/wp-content\/uploads\/2023\/10\/Santa-elena-productor-300x200.jpg\" data-width=\"300\" data-height=\"200\" alt=\"Santa elena productor\" ><\/div>\n\t\t\t\t\t\t\t\t\t\t\t<div class=\"elementor-gallery-item__overlay\"><\/div>\n\t\t\t\t\t\t\t\t\t\t\t\t\t\t<\/a>\n\t\t\t\t\t\t\t<a class=\"e-gallery-item elementor-gallery-item elementor-animated-content\" href=\"https:\/\/www.medellin.gov.co\/es\/wp-content\/uploads\/2023\/10\/Silleteros-Santa-elena.jpg\" data-elementor-open-lightbox=\"yes\" data-elementor-lightbox-slideshow=\"all-0d7f3bb\" data-elementor-lightbox-title=\"Silleteros Santa elena\" e-action-hash=\"#elementor-action%3Aaction%3Dlightbox%26settings%3DeyJpZCI6MjY3MjI4LCJ1cmwiOiJodHRwczpcL1wvd3d3Lm1lZGVsbGluLmdvdi5jb1wvZXNcL3dwLWNvbnRlbnRcL3VwbG9hZHNcLzIwMjNcLzEwXC9TaWxsZXRlcm9zLVNhbnRhLWVsZW5hLmpwZyIsInNsaWRlc2hvdyI6ImFsbC0wZDdmM2JiIn0%3D\">\n\t\t\t\t\t<div class=\"e-gallery-image elementor-gallery-item__image\" data-thumbnail=\"https:\/\/www.medellin.gov.co\/es\/wp-content\/uploads\/2023\/10\/Silleteros-Santa-elena-300x200.jpg\" data-width=\"300\" data-height=\"200\" alt=\"Silleteros Santa elena\" ><\/div>\n\t\t\t\t\t\t\t\t\t\t\t<div class=\"elementor-gallery-item__overlay\"><\/div>\n\t\t\t\t\t\t\t\t\t\t\t\t\t\t<\/a>\n\t\t\t\t\t\t\t<a class=\"e-gallery-item elementor-gallery-item elementor-animated-content\" href=\"https:\/\/www.medellin.gov.co\/es\/wp-content\/uploads\/2023\/10\/Santa-Elena-Silleteros.jpg\" data-elementor-open-lightbox=\"yes\" data-elementor-lightbox-slideshow=\"all-0d7f3bb\" data-elementor-lightbox-title=\"Santa Elena Silleteros\" e-action-hash=\"#elementor-action%3Aaction%3Dlightbox%26settings%3DeyJpZCI6MjY3MjMxLCJ1cmwiOiJodHRwczpcL1wvd3d3Lm1lZGVsbGluLmdvdi5jb1wvZXNcL3dwLWNvbnRlbnRcL3VwbG9hZHNcLzIwMjNcLzEwXC9TYW50YS1FbGVuYS1TaWxsZXRlcm9zLmpwZyIsInNsaWRlc2hvdyI6ImFsbC0wZDdmM2JiIn0%3D\">\n\t\t\t\t\t<div class=\"e-gallery-image elementor-gallery-item__image\" data-thumbnail=\"https:\/\/www.medellin.gov.co\/es\/wp-content\/uploads\/2023\/10\/Santa-Elena-Silleteros-300x236.jpg\" data-width=\"300\" data-height=\"236\" alt=\"Santa Elena Silleteros\" ><\/div>\n\t\t\t\t\t\t\t\t\t\t\t<div class=\"elementor-gallery-item__overlay\"><\/div>\n\t\t\t\t\t\t\t\t\t\t\t\t\t\t<\/a>\n\t\t\t\t\t\t\t<a class=\"e-gallery-item elementor-gallery-item elementor-animated-content\" href=\"https:\/\/www.medellin.gov.co\/es\/wp-content\/uploads\/2023\/10\/Santa-elena-productos.jpg\" data-elementor-open-lightbox=\"yes\" data-elementor-lightbox-slideshow=\"all-0d7f3bb\" data-elementor-lightbox-title=\"Santa elena productos\" e-action-hash=\"#elementor-action%3Aaction%3Dlightbox%26settings%3DeyJpZCI6MjY3MjMyLCJ1cmwiOiJodHRwczpcL1wvd3d3Lm1lZGVsbGluLmdvdi5jb1wvZXNcL3dwLWNvbnRlbnRcL3VwbG9hZHNcLzIwMjNcLzEwXC9TYW50YS1lbGVuYS1wcm9kdWN0b3MuanBnIiwic2xpZGVzaG93IjoiYWxsLTBkN2YzYmIifQ%3D%3D\">\n\t\t\t\t\t<div class=\"e-gallery-image elementor-gallery-item__image\" data-thumbnail=\"https:\/\/www.medellin.gov.co\/es\/wp-content\/uploads\/2023\/10\/Santa-elena-productos-300x200.jpg\" data-width=\"300\" data-height=\"200\" alt=\"Santa elena productos\" ><\/div>\n\t\t\t\t\t\t\t\t\t\t\t<div class=\"elementor-gallery-item__overlay\"><\/div>\n\t\t\t\t\t\t\t\t\t\t\t\t\t\t<\/a>\n\t\t\t\t\t<\/div>\n\t\t\t<\/div>\n\t\t\t\t<\/div>\n\t\t<\/div><\/div>\t\t\t\t<\/div>\n\t\t\t\t\t<\/div>\n\t\t<\/div>\n\t\t\t\t\t\t\t\t<\/div>\n\t\t\t\t\t<\/div>\n\t\t<\/section>\n\t\t\t\t\t\t\t\t\t<\/div>\n\t\t\t<\/div>\n\t\t\t\t\t<\/div>\n\t\t","protected":false},"excerpt":{"rendered":"<p>Corregimientos de Medell\u00edn | Cronolog\u00eda\u00a0| Historias de los corregimientos Corregimientos de Medell\u00edn Se estima que, entre el 2013 y 2014, en Medell\u00edn viv\u00edan alrededor de 50.000 campesinos y campesinas, distribu\u00eddas en 12.500 familias. Durante ese &#8230;<\/p>\n","protected":false},"author":31,"featured_media":245779,"parent":264641,"menu_order":0,"comment_status":"closed","ping_status":"closed","template":"sec-corregimientos\/elementor-fao.php","meta":[],"acf":[],"_links":{"self":[{"href":"https:\/\/www.medellin.gov.co\/es\/wp-json\/wp\/v2\/pages\/264644"}],"collection":[{"href":"https:\/\/www.medellin.gov.co\/es\/wp-json\/wp\/v2\/pages"}],"about":[{"href":"https:\/\/www.medellin.gov.co\/es\/wp-json\/wp\/v2\/types\/page"}],"author":[{"embeddable":true,"href":"https:\/\/www.medellin.gov.co\/es\/wp-json\/wp\/v2\/users\/31"}],"replies":[{"embeddable":true,"href":"https:\/\/www.medellin.gov.co\/es\/wp-json\/wp\/v2\/comments?post=264644"}],"version-history":[{"count":11,"href":"https:\/\/www.medellin.gov.co\/es\/wp-json\/wp\/v2\/pages\/264644\/revisions"}],"predecessor-version":[{"id":277593,"href":"https:\/\/www.medellin.gov.co\/es\/wp-json\/wp\/v2\/pages\/264644\/revisions\/277593"}],"up":[{"embeddable":true,"href":"https:\/\/www.medellin.gov.co\/es\/wp-json\/wp\/v2\/pages\/264641"}],"wp:featuredmedia":[{"embeddable":true,"href":"https:\/\/www.medellin.gov.co\/es\/wp-json\/wp\/v2\/media\/245779"}],"wp:attachment":[{"href":"https:\/\/www.medellin.gov.co\/es\/wp-json\/wp\/v2\/media?parent=264644"}],"curies":[{"name":"wp","href":"https:\/\/api.w.org\/{rel}","templated":true}]}}