{"id":264664,"date":"2023-10-12T14:31:19","date_gmt":"2023-10-12T19:31:19","guid":{"rendered":"https:\/\/www.medellin.gov.co\/es\/?page_id=264664"},"modified":"2023-11-08T10:15:25","modified_gmt":"2023-11-08T15:15:25","slug":"caracterizacion-rural-de-medellin","status":"publish","type":"page","link":"https:\/\/www.medellin.gov.co\/es\/corregimientos\/comer-conexion-medellin-rural\/datos-de-la-ruralidad-de-medellin\/caracterizacion-rural-de-medellin\/","title":{"rendered":"Caracterizaci\u00f3n rural de Medell\u00edn"},"content":{"rendered":"\t\t<div data-elementor-type=\"wp-page\" data-elementor-id=\"264664\" class=\"elementor elementor-264664\">\n\t\t\t\t\t\t<div class=\"elementor-inner\">\n\t\t\t\t<div class=\"elementor-section-wrap\">\n\t\t\t\t\t\t\t<div class=\"elementor-element elementor-element-ec5369c e-container--column e-container\" data-id=\"ec5369c\" data-element_type=\"container\">\t\t\t\t<div class=\"elementor-element elementor-element-e8b3f2b elementor-widget elementor-widget-text-editor\" data-id=\"e8b3f2b\" data-element_type=\"widget\" data-widget_type=\"text-editor.default\">\n\t\t\t\t<div class=\"elementor-widget-container\">\n\t\t\t\t\t\t\t\t<div class=\"elementor-text-editor elementor-clearfix\">\n\t\t\t\t<p style=\"text-align: right;\"><a href=\"#\">Caracterizaci\u00f3n rural<\/a>\u00a0| <a href=\"https:\/\/www.medellin.gov.co\/es\/corregimientos\/comer-conexion-medellin-rural\/datos-de-la-ruralidad-de-medellin\/alimentos-que-conectan\/\">Alimentos que conectan<\/a><\/p>\t\t\t\t\t<\/div>\n\t\t\t\t\t\t<\/div>\n\t\t\t\t<\/div>\n\t\t<\/div><div class=\"elementor-element elementor-element-de0a20e e-container--column e-container\" data-id=\"de0a20e\" data-element_type=\"container\">\t\t\t\t<div class=\"elementor-element elementor-element-a1b6e1d elementor-widget elementor-widget-heading\" data-id=\"a1b6e1d\" data-element_type=\"widget\" data-widget_type=\"heading.default\">\n\t\t\t\t<div class=\"elementor-widget-container\">\n\t\t\t<h1 class=\"elementor-heading-title elementor-size-default\">Caracterizaci\u00f3n Socio Econ\u00f3mica<\/h1>\t\t<\/div>\n\t\t\t\t<\/div>\n\t\t<\/div><div class=\"elementor-element elementor-element-22e7460 e-container--row e-container\" data-id=\"22e7460\" data-element_type=\"container\">\t\t<div class=\"elementor-element elementor-element-7ce0273 e-container--column e-container\" data-id=\"7ce0273\" data-element_type=\"container\">\t\t\t\t<div class=\"elementor-element elementor-element-f992220 elementor-widget elementor-widget-image\" data-id=\"f992220\" data-element_type=\"widget\" data-widget_type=\"image.default\">\n\t\t\t\t<div class=\"elementor-widget-container\">\n\t\t\t\t\t\t\t\t<div class=\"elementor-image\">\n\t\t\t\t\t\t\t\t\t\t\t\t<img width=\"800\" height=\"600\" src=\"https:\/\/www.medellin.gov.co\/es\/wp-content\/uploads\/2023\/10\/Caracterizacio\u0301n-en-los-corregimientos.jpg\" class=\"attachment-large size-large\" alt=\"Caracterizacio\u0301n en los corregimientos\" loading=\"lazy\" srcset=\"https:\/\/www.medellin.gov.co\/es\/wp-content\/uploads\/2023\/10\/Caracterizacio\u0301n-en-los-corregimientos.jpg 800w, https:\/\/www.medellin.gov.co\/es\/wp-content\/uploads\/2023\/10\/Caracterizacio\u0301n-en-los-corregimientos-300x225.jpg 300w, https:\/\/www.medellin.gov.co\/es\/wp-content\/uploads\/2023\/10\/Caracterizacio\u0301n-en-los-corregimientos-150x113.jpg 150w, https:\/\/www.medellin.gov.co\/es\/wp-content\/uploads\/2023\/10\/Caracterizacio\u0301n-en-los-corregimientos-768x576.jpg 768w\" sizes=\"(max-width: 800px) 100vw, 800px\" \/>\t\t\t\t\t\t\t\t\t\t\t\t\t\t<\/div>\n\t\t\t\t\t\t<\/div>\n\t\t\t\t<\/div>\n\t\t<\/div><div class=\"elementor-element elementor-element-7f886a7 e-container--column e-container\" data-id=\"7f886a7\" data-element_type=\"container\">\t\t\t\t<div class=\"elementor-element elementor-element-4468078 elementor-widget elementor-widget-text-editor\" data-id=\"4468078\" data-element_type=\"widget\" data-widget_type=\"text-editor.default\">\n\t\t\t\t<div class=\"elementor-widget-container\">\n\t\t\t\t\t\t\t\t<div class=\"elementor-text-editor elementor-clearfix\">\n\t\t\t\t<p><span data-contrast=\"auto\">Este estudio se desarroll\u00f3 con el objetivo de obtener informaci\u00f3n actualizada sobre las <\/span><b><span data-contrast=\"auto\">condiciones integrales de vida y producci\u00f3n de las familias productoras <\/span><\/b><span data-contrast=\"auto\">en los corregimientos de la ciudad de Medell\u00edn. Descubre c\u00f3mo estas familias enfrentan los desaf\u00edos y aprovechan las oportunidades en el campo.<\/span><\/p>\t\t\t\t\t<\/div>\n\t\t\t\t\t\t<\/div>\n\t\t\t\t<\/div>\n\t\t\t\t<div class=\"elementor-element elementor-element-c0f9e70 elementor-tablet-align-left elementor-mobile-align-center elementor-widget elementor-widget-button\" data-id=\"c0f9e70\" data-element_type=\"widget\" data-widget_type=\"button.default\">\n\t\t\t\t<div class=\"elementor-widget-container\">\n\t\t\t\t\t<div class=\"elementor-button-wrapper\">\n\t\t\t<a href=\"https:\/\/www.medellin.gov.co\/es\/wp-content\/uploads\/2023\/11\/Ficha-te\u0301cnica-Caracterizacio\u0301n.pdf\" target=\"_blank\" class=\"elementor-button-link elementor-button elementor-size-sm\" role=\"button\">\n\t\t\t\t\t\t<span class=\"elementor-button-content-wrapper\">\n\t\t\t\t\t\t<span class=\"elementor-button-text\">Ficha t\u00e9cnica de la caracterizaci\u00f3n<\/span>\n\t\t<\/span>\n\t\t\t\t\t<\/a>\n\t\t<\/div>\n\t\t\t\t<\/div>\n\t\t\t\t<\/div>\n\t\t<\/div><\/div><div class=\"elementor-element elementor-element-bb148b4 e-container--column e-container\" data-id=\"bb148b4\" data-element_type=\"container\" data-settings=\"{&quot;background_background&quot;:&quot;classic&quot;}\">\t\t\t\t<div class=\"elementor-element elementor-element-d72e2d8 elementor-widget elementor-widget-heading\" data-id=\"d72e2d8\" data-element_type=\"widget\" data-widget_type=\"heading.default\">\n\t\t\t\t<div class=\"elementor-widget-container\">\n\t\t\t<h2 class=\"elementor-heading-title elementor-size-default\"><b>\u00bfQu\u00e9 encontramos?  <\/b> Visualiza algunos datos\n\t\n\n<\/h2>\t\t<\/div>\n\t\t\t\t<\/div>\n\t\t<\/div><div class=\"elementor-element elementor-element-4769b65 e-container--column e-container\" data-id=\"4769b65\" data-element_type=\"container\">\t\t\t\t<div class=\"elementor-element elementor-element-d628d68 elementor-position-left elementor-vertical-align-middle bdt-icon-type-icon bdt-icon-effect-none elementor-widget elementor-widget-bdt-advanced-icon-box\" data-id=\"d628d68\" data-element_type=\"widget\" data-widget_type=\"bdt-advanced-icon-box.default\">\n\t\t\t\t<div class=\"elementor-widget-container\">\n\t\t\t\t\t<div class=\"bdt-ep-advanced-icon-box\">\n\n\t\t\t\t\t\t\t\n\t\t\t\t\t<div class=\"bdt-ep-advanced-icon-box-icon\">\n\t\t\t\t<span class=\"bdt-ep-advanced-icon-box-icon-wrap\">\n\n\n\t\t\t\t\t\n\t\t\t\t\t\t<i aria-hidden=\"true\" class=\"fas fa-home\"><\/i>\n\n\t\t\t\t\t\t\t\t\t<\/span>\n\t\t\t<\/div>\n\t\t\n\t\t\t\t\n\t\t\t<div class=\"bdt-ep-advanced-icon-box-content\">\n\n\t\t\t\t\t\t\t\t\t\n\t\t\t\t\t<h3 class=\"bdt-ep-advanced-icon-box-title\">\n\t\t\t\t<span >\n\t\t\t\t\tHogares que alimentan la ciudad\t\t\t\t<\/span>\n\t\t\t<\/h3>\n\t\t\n\n\t\t\n\t\t\t\t\t\n\t\t\t\t\n\t\t\t\t\n\t\t\t\t\t\t\t<\/div>\n\t\t<\/div>\n\n\t\t\n\t\t\n\t\t<\/div>\n\t\t\t\t<\/div>\n\t\t\t\t<div class=\"elementor-element elementor-element-3ba69b1 elementor-widget elementor-widget-text-editor\" data-id=\"3ba69b1\" data-element_type=\"widget\" data-widget_type=\"text-editor.default\">\n\t\t\t\t<div class=\"elementor-widget-container\">\n\t\t\t\t\t\t\t\t<div class=\"elementor-text-editor elementor-clearfix\">\n\t\t\t\t<p><span data-sheets-value=\"{\" data-sheets-userformat=\"{\">Descubre c\u00f3mo est\u00e1n conformados los hogares de la poblaci\u00f3n rural dedicados a la producci\u00f3n de alimentos de Medell\u00edn. Explora y analiza las variables sociodemogr\u00e1ficas, condiciones de vivienda, acceso a salud, educaci\u00f3n, trabajo e ingresos de la comunidad productora integrante de estos hogares. Obt\u00e9n una visi\u00f3n completa de la realidad de estos hogares y su contribuci\u00f3n al sustento de la ciudad. <strong>\u00a1Explora el tablero ahora y ad\u00e9ntrate en el apasionante mundo de la producci\u00f3n de alimentos en Medell\u00edn!<\/strong><\/span><\/p>\t\t\t\t\t<\/div>\n\t\t\t\t\t\t<\/div>\n\t\t\t\t<\/div>\n\t\t\t\t<div class=\"elementor-element elementor-element-d4d0467 elementor-widget elementor-widget-pp-advanced-tabs\" data-id=\"d4d0467\" data-element_type=\"widget\" data-widget_type=\"pp-advanced-tabs.default\">\n\t\t\t\t<div class=\"elementor-widget-container\">\n\t\t\t\t\t<div class=\"pp-advanced-tabs pp-style-0 pp-tabs-responsive-tablet pp-advabced-tabs-responsive\" role=\"tablist\">\n\t\t\t<div class=\"pp-advanced-tabs-wrapper pp-tabs-labels at-vertical  at-no-hover\">\n\t\t\t\t\t\t\t\t\t\t\t<div id=\"pp-advanced-tabs-title-2231\" class=\"pp-advanced-tabs-title pp-tabs-label pp-advanced-tabs-desktop-title pp-tab-active\" data-tab=\"1\" data-index=\"2231\" tabindex=\"2231\" role=\"tab\" aria-controls=\"pp-advanced-tabs-content-2231\">\n\n\t\t\t\t\t\t\t\t\n\t\t\t\t\t\t\t\t<span class=\"pp-advanced-tabs-title-text\">Habitantes<\/span>\n\t\t\t\t\t\t\t\t\t\t\t\t\t\t\t<\/div>\n\t\t\t\t\t\t\t\t\t\t\t\t\t<div id=\"pp-advanced-tabs-title-2232\" class=\"pp-advanced-tabs-title pp-tabs-label pp-advanced-tabs-desktop-title \" data-tab=\"2\" data-index=\"2232\" tabindex=\"2232\" role=\"tab\" aria-controls=\"pp-advanced-tabs-content-2232\">\n\n\t\t\t\t\t\t\t\t\n\t\t\t\t\t\t\t\t<span class=\"pp-advanced-tabs-title-text\">Viviendas<\/span>\n\t\t\t\t\t\t\t\t\t\t\t\t\t\t\t<\/div>\n\t\t\t\t\t\t\t\t\t\t\t\t\t<div id=\"pp-advanced-tabs-title-2233\" class=\"pp-advanced-tabs-title pp-tabs-label pp-advanced-tabs-desktop-title \" data-tab=\"3\" data-index=\"2233\" tabindex=\"2233\" role=\"tab\" aria-controls=\"pp-advanced-tabs-content-2233\">\n\n\t\t\t\t\t\t\t\t\n\t\t\t\t\t\t\t\t<span class=\"pp-advanced-tabs-title-text\">Manejo de Residuos<\/span>\n\t\t\t\t\t\t\t\t\t\t\t\t\t\t\t<\/div>\n\t\t\t\t\t\t\t\t\t\t\t\t\t<div id=\"pp-advanced-tabs-title-2234\" class=\"pp-advanced-tabs-title pp-tabs-label pp-advanced-tabs-desktop-title \" data-tab=\"4\" data-index=\"2234\" tabindex=\"2234\" role=\"tab\" aria-controls=\"pp-advanced-tabs-content-2234\">\n\n\t\t\t\t\t\t\t\t\n\t\t\t\t\t\t\t\t<span class=\"pp-advanced-tabs-title-text\">Educaci\u00f3n<\/span>\n\t\t\t\t\t\t\t\t\t\t\t\t\t\t\t<\/div>\n\t\t\t\t\t\t\t\t\t\t\t\t\t<div id=\"pp-advanced-tabs-title-2235\" class=\"pp-advanced-tabs-title pp-tabs-label pp-advanced-tabs-desktop-title \" data-tab=\"5\" data-index=\"2235\" tabindex=\"2235\" role=\"tab\" aria-controls=\"pp-advanced-tabs-content-2235\">\n\n\t\t\t\t\t\t\t\t\n\t\t\t\t\t\t\t\t<span class=\"pp-advanced-tabs-title-text\">Salud<\/span>\n\t\t\t\t\t\t\t\t\t\t\t\t\t\t\t<\/div>\n\t\t\t\t\t\t\t\t\t\t\t\t\t<div id=\"pp-advanced-tabs-title-2236\" class=\"pp-advanced-tabs-title pp-tabs-label pp-advanced-tabs-desktop-title \" data-tab=\"6\" data-index=\"2236\" tabindex=\"2236\" role=\"tab\" aria-controls=\"pp-advanced-tabs-content-2236\">\n\n\t\t\t\t\t\t\t\t\n\t\t\t\t\t\t\t\t<span class=\"pp-advanced-tabs-title-text\">Ingresos<\/span>\n\t\t\t\t\t\t\t\t\t\t\t\t\t\t\t<\/div>\n\t\t\t\t\t\t\t\t\t\t\t\t\t<div id=\"pp-advanced-tabs-title-2237\" class=\"pp-advanced-tabs-title pp-tabs-label pp-advanced-tabs-desktop-title \" data-tab=\"7\" data-index=\"2237\" tabindex=\"2237\" role=\"tab\" aria-controls=\"pp-advanced-tabs-content-2237\">\n\n\t\t\t\t\t\t\t\t\n\t\t\t\t\t\t\t\t<span class=\"pp-advanced-tabs-title-text\">Seguridad alimentaria<\/span>\n\t\t\t\t\t\t\t\t\t\t\t\t\t\t\t<\/div>\n\t\t\t\t\t\t\t\t\t<\/div>\n\t\t\t<div class=\"pp-advanced-tabs-content-wrapper pp-tabs-panels at-vertical-content\">\n\t\t\t\t\t\t\t\t\t<div class=\"pp-tabs-panel\">\n\t\t\t\t\t<div class=\"pp-advanced-tabs-title pp-tabs-label pp-tab-responsive pp-tab-active at-no-hover\" data-index =\"2231\">\n\t\t\t\t\t\t<div class=\"pp-advanced-tabs-title-inner\">\n\t\t\t\t\t\t\t\n\t\t\t\t\t\t\t<span class=\"pp-advanced-tabs-title-text\">Habitantes<\/span>\n\t\t\t\t\t\t\t<i class=\"pp-toggle-icon pp-tab-open fa\"><\/i>\n\t\t\t\t\t\t<\/div>\n\t\t\t\t\t<\/div>\n\t\t\t\t\t<div id=\"pp-advanced-tabs-content-2231\" class=\"pp-advanced-tabs-content elementor-clearfix pp-advanced-tabs-tab_photo pp-tab-active\" data-tab=\"1\" data-index=\"2231\" role=\"tabpanel\" aria-labelledby=\"pp-advanced-tabs-title-2231\">\n\t\t\t\t\t\t<img width=\"1024\" height=\"880\" src=\"https:\/\/www.medellin.gov.co\/es\/wp-content\/uploads\/2023\/10\/1.-HOGARES-QUE-ALIMENTAN-LA-CIUDAD-1-1-1024x880.jpg\" class=\"attachment-large size-large\" alt=\"\" loading=\"lazy\" \/>\t\t\t\t\t<\/div>\n\t\t\t\t\t<\/div>\n\t\t\t\t\t\t\t\t\t<div class=\"pp-tabs-panel\">\n\t\t\t\t\t<div class=\"pp-advanced-tabs-title pp-tabs-label pp-tab-responsive  at-no-hover\" data-index =\"2232\">\n\t\t\t\t\t\t<div class=\"pp-advanced-tabs-title-inner\">\n\t\t\t\t\t\t\t\n\t\t\t\t\t\t\t<span class=\"pp-advanced-tabs-title-text\">Viviendas<\/span>\n\t\t\t\t\t\t\t<i class=\"pp-toggle-icon pp-tab-open fa\"><\/i>\n\t\t\t\t\t\t<\/div>\n\t\t\t\t\t<\/div>\n\t\t\t\t\t<div id=\"pp-advanced-tabs-content-2232\" class=\"pp-advanced-tabs-content elementor-clearfix pp-advanced-tabs-tab_photo \" data-tab=\"2\" data-index=\"2232\" role=\"tabpanel\" aria-labelledby=\"pp-advanced-tabs-title-2232\">\n\t\t\t\t\t\t<img width=\"1024\" height=\"881\" src=\"https:\/\/www.medellin.gov.co\/es\/wp-content\/uploads\/2023\/10\/1.-HOGARES-QUE-ALIMENTAN-LA-CIUDAD-2-1024x881.jpg\" class=\"attachment-large size-large\" alt=\"Infograf\u00eda Viviendas\" loading=\"lazy\" \/>\t\t\t\t\t<\/div>\n\t\t\t\t\t<\/div>\n\t\t\t\t\t\t\t\t\t<div class=\"pp-tabs-panel\">\n\t\t\t\t\t<div class=\"pp-advanced-tabs-title pp-tabs-label pp-tab-responsive  at-no-hover\" data-index =\"2233\">\n\t\t\t\t\t\t<div class=\"pp-advanced-tabs-title-inner\">\n\t\t\t\t\t\t\t\n\t\t\t\t\t\t\t<span class=\"pp-advanced-tabs-title-text\">Manejo de Residuos<\/span>\n\t\t\t\t\t\t\t<i class=\"pp-toggle-icon pp-tab-open fa\"><\/i>\n\t\t\t\t\t\t<\/div>\n\t\t\t\t\t<\/div>\n\t\t\t\t\t<div id=\"pp-advanced-tabs-content-2233\" class=\"pp-advanced-tabs-content elementor-clearfix pp-advanced-tabs-tab_photo \" data-tab=\"3\" data-index=\"2233\" role=\"tabpanel\" aria-labelledby=\"pp-advanced-tabs-title-2233\">\n\t\t\t\t\t\t<img width=\"1024\" height=\"879\" src=\"https:\/\/www.medellin.gov.co\/es\/wp-content\/uploads\/2023\/10\/1.-HOGARES-QUE-ALIMENTAN-LA-CIUDAD-3-1024x879.jpg\" class=\"attachment-large size-large\" alt=\"Infograf\u00eda Manejo de Residuos\" loading=\"lazy\" \/>\t\t\t\t\t<\/div>\n\t\t\t\t\t<\/div>\n\t\t\t\t\t\t\t\t\t<div class=\"pp-tabs-panel\">\n\t\t\t\t\t<div class=\"pp-advanced-tabs-title pp-tabs-label pp-tab-responsive  at-no-hover\" data-index =\"2234\">\n\t\t\t\t\t\t<div class=\"pp-advanced-tabs-title-inner\">\n\t\t\t\t\t\t\t\n\t\t\t\t\t\t\t<span class=\"pp-advanced-tabs-title-text\">Educaci\u00f3n<\/span>\n\t\t\t\t\t\t\t<i class=\"pp-toggle-icon pp-tab-open fa\"><\/i>\n\t\t\t\t\t\t<\/div>\n\t\t\t\t\t<\/div>\n\t\t\t\t\t<div id=\"pp-advanced-tabs-content-2234\" class=\"pp-advanced-tabs-content elementor-clearfix pp-advanced-tabs-tab_photo \" data-tab=\"4\" data-index=\"2234\" role=\"tabpanel\" aria-labelledby=\"pp-advanced-tabs-title-2234\">\n\t\t\t\t\t\t<img width=\"1024\" height=\"879\" src=\"https:\/\/www.medellin.gov.co\/es\/wp-content\/uploads\/2023\/10\/1.-HOGARES-QUE-ALIMENTAN-LA-CIUDAD-4-1024x879.jpg\" class=\"attachment-large size-large\" alt=\"Infograf\u00eda Educaci\u00f3n\" loading=\"lazy\" \/>\t\t\t\t\t<\/div>\n\t\t\t\t\t<\/div>\n\t\t\t\t\t\t\t\t\t<div class=\"pp-tabs-panel\">\n\t\t\t\t\t<div class=\"pp-advanced-tabs-title pp-tabs-label pp-tab-responsive  at-no-hover\" data-index =\"2235\">\n\t\t\t\t\t\t<div class=\"pp-advanced-tabs-title-inner\">\n\t\t\t\t\t\t\t\n\t\t\t\t\t\t\t<span class=\"pp-advanced-tabs-title-text\">Salud<\/span>\n\t\t\t\t\t\t\t<i class=\"pp-toggle-icon pp-tab-open fa\"><\/i>\n\t\t\t\t\t\t<\/div>\n\t\t\t\t\t<\/div>\n\t\t\t\t\t<div id=\"pp-advanced-tabs-content-2235\" class=\"pp-advanced-tabs-content elementor-clearfix pp-advanced-tabs-tab_photo \" data-tab=\"5\" data-index=\"2235\" role=\"tabpanel\" aria-labelledby=\"pp-advanced-tabs-title-2235\">\n\t\t\t\t\t\t<img width=\"1024\" height=\"879\" src=\"https:\/\/www.medellin.gov.co\/es\/wp-content\/uploads\/2023\/10\/1.-HOGARES-QUE-ALIMENTAN-LA-CIUDAD-5-1024x879.jpg\" class=\"attachment-large size-large\" alt=\"Infograf\u00eda Salud\" loading=\"lazy\" \/>\t\t\t\t\t<\/div>\n\t\t\t\t\t<\/div>\n\t\t\t\t\t\t\t\t\t<div class=\"pp-tabs-panel\">\n\t\t\t\t\t<div class=\"pp-advanced-tabs-title pp-tabs-label pp-tab-responsive  at-no-hover\" data-index =\"2236\">\n\t\t\t\t\t\t<div class=\"pp-advanced-tabs-title-inner\">\n\t\t\t\t\t\t\t\n\t\t\t\t\t\t\t<span class=\"pp-advanced-tabs-title-text\">Ingresos<\/span>\n\t\t\t\t\t\t\t<i class=\"pp-toggle-icon pp-tab-open fa\"><\/i>\n\t\t\t\t\t\t<\/div>\n\t\t\t\t\t<\/div>\n\t\t\t\t\t<div id=\"pp-advanced-tabs-content-2236\" class=\"pp-advanced-tabs-content elementor-clearfix pp-advanced-tabs-tab_photo \" data-tab=\"6\" data-index=\"2236\" role=\"tabpanel\" aria-labelledby=\"pp-advanced-tabs-title-2236\">\n\t\t\t\t\t\t<img width=\"1024\" height=\"879\" src=\"https:\/\/www.medellin.gov.co\/es\/wp-content\/uploads\/2023\/10\/1.-HOGARES-QUE-ALIMENTAN-LA-CIUDAD-6-1024x879.jpg\" class=\"attachment-large size-large\" alt=\"Infograf\u00eda Ingresos\" loading=\"lazy\" \/>\t\t\t\t\t<\/div>\n\t\t\t\t\t<\/div>\n\t\t\t\t\t\t\t\t\t<div class=\"pp-tabs-panel\">\n\t\t\t\t\t<div class=\"pp-advanced-tabs-title pp-tabs-label pp-tab-responsive  at-no-hover\" data-index =\"2237\">\n\t\t\t\t\t\t<div class=\"pp-advanced-tabs-title-inner\">\n\t\t\t\t\t\t\t\n\t\t\t\t\t\t\t<span class=\"pp-advanced-tabs-title-text\">Seguridad alimentaria<\/span>\n\t\t\t\t\t\t\t<i class=\"pp-toggle-icon pp-tab-open fa\"><\/i>\n\t\t\t\t\t\t<\/div>\n\t\t\t\t\t<\/div>\n\t\t\t\t\t<div id=\"pp-advanced-tabs-content-2237\" class=\"pp-advanced-tabs-content elementor-clearfix pp-advanced-tabs-tab_photo \" data-tab=\"7\" data-index=\"2237\" role=\"tabpanel\" aria-labelledby=\"pp-advanced-tabs-title-2237\">\n\t\t\t\t\t\t<img width=\"1024\" height=\"879\" src=\"https:\/\/www.medellin.gov.co\/es\/wp-content\/uploads\/2023\/10\/1.-HOGARES-QUE-ALIMENTAN-LA-CIUDAD-7-1024x879.jpg\" class=\"attachment-large size-large\" alt=\"Infograf\u00eda Seguridad Alimentaria\" loading=\"lazy\" \/>\t\t\t\t\t<\/div>\n\t\t\t\t\t<\/div>\n\t\t\t\t\t\t\t<\/div>\n\t\t<\/div>\n\t\t\t\t<\/div>\n\t\t\t\t<\/div>\n\t\t<\/div><div class=\"elementor-element elementor-element-b1d0b31 e-container--column e-container\" data-id=\"b1d0b31\" data-element_type=\"container\">\t\t\t\t<div class=\"elementor-element elementor-element-e4440ce elementor-position-left elementor-vertical-align-middle bdt-icon-type-icon bdt-icon-effect-none elementor-widget elementor-widget-bdt-advanced-icon-box\" data-id=\"e4440ce\" data-element_type=\"widget\" data-widget_type=\"bdt-advanced-icon-box.default\">\n\t\t\t\t<div class=\"elementor-widget-container\">\n\t\t\t\t\t<div class=\"bdt-ep-advanced-icon-box\">\n\n\t\t\t\t\t\t\t\n\t\t\t\t\t<div class=\"bdt-ep-advanced-icon-box-icon\">\n\t\t\t\t<span class=\"bdt-ep-advanced-icon-box-icon-wrap\">\n\n\n\t\t\t\t\t\n\t\t\t\t\t\t<i aria-hidden=\"true\" class=\"fas fa-globe-americas\"><\/i>\n\n\t\t\t\t\t\t\t\t\t<\/span>\n\t\t\t<\/div>\n\t\t\n\t\t\t\t\n\t\t\t<div class=\"bdt-ep-advanced-icon-box-content\">\n\n\t\t\t\t\t\t\t\t\t\n\t\t\t\t\t<h3 class=\"bdt-ep-advanced-icon-box-title\">\n\t\t\t\t<span >\n\t\t\t\t\tTierra y mujer: Un v\u00ednculo productivo \t\t\t\t<\/span>\n\t\t\t<\/h3>\n\t\t\n\n\t\t\n\t\t\t\t\t\n\t\t\t\t\n\t\t\t\t\n\t\t\t\t\t\t\t<\/div>\n\t\t<\/div>\n\n\t\t\n\t\t\n\t\t<\/div>\n\t\t\t\t<\/div>\n\t\t\t\t<div class=\"elementor-element elementor-element-e0fad6c elementor-widget elementor-widget-text-editor\" data-id=\"e0fad6c\" data-element_type=\"widget\" data-widget_type=\"text-editor.default\">\n\t\t\t\t<div class=\"elementor-widget-container\">\n\t\t\t\t\t\t\t\t<div class=\"elementor-text-editor elementor-clearfix\">\n\t\t\t\t<p><span data-sheets-value=\"{\" data-sheets-userformat=\"{\">Descubre el poder de la mujer en los sistemas de abastecimiento agroalimentario y su contribuci\u00f3n a la seguridad y soberan\u00eda alimentaria, la conservaci\u00f3n de la biodiversidad y la transmisi\u00f3n de saberes. Sum\u00e9rgete en un recorrido \u00fanico que devela las brechas de g\u00e9nero en las zonas rurales de Medell\u00edn, poniendo en relieve el papel fundamental de las mujeres en la producci\u00f3n de alimentos y su participaci\u00f3n en espacios y grupos asociativos. Admira su fortaleza y determinaci\u00f3n mientras exploras las oportunidades de empoderamiento y equidad a\u00fan por conquistar. <strong>\u00a1Emb\u00e1rcate en esta experiencia y s\u00e9 testigo del invaluable impacto de las mujeres en la producci\u00f3n de alimentos y su v\u00ednculo transformador con la comunidad y la tierra misma!<\/strong><\/span><\/p>\t\t\t\t\t<\/div>\n\t\t\t\t\t\t<\/div>\n\t\t\t\t<\/div>\n\t\t\t\t<div class=\"elementor-element elementor-element-99bb140 elementor-widget elementor-widget-pp-advanced-tabs\" data-id=\"99bb140\" data-element_type=\"widget\" data-widget_type=\"pp-advanced-tabs.default\">\n\t\t\t\t<div class=\"elementor-widget-container\">\n\t\t\t\t\t<div class=\"pp-advanced-tabs pp-style-0 pp-tabs-responsive-tablet pp-advabced-tabs-responsive\" role=\"tablist\">\n\t\t\t<div class=\"pp-advanced-tabs-wrapper pp-tabs-labels at-vertical  at-no-hover\">\n\t\t\t\t\t\t\t\t\t\t\t<div id=\"pp-advanced-tabs-title-1611\" class=\"pp-advanced-tabs-title pp-tabs-label pp-advanced-tabs-desktop-title pp-tab-active\" data-tab=\"1\" data-index=\"1611\" tabindex=\"1611\" role=\"tab\" aria-controls=\"pp-advanced-tabs-content-1611\">\n\n\t\t\t\t\t\t\t\t\n\t\t\t\t\t\t\t\t<span class=\"pp-advanced-tabs-title-text\">Mujer <\/span>\n\t\t\t\t\t\t\t\t\t\t\t\t\t\t\t<\/div>\n\t\t\t\t\t\t\t\t\t\t\t\t\t<div id=\"pp-advanced-tabs-title-1612\" class=\"pp-advanced-tabs-title pp-tabs-label pp-advanced-tabs-desktop-title \" data-tab=\"2\" data-index=\"1612\" tabindex=\"1612\" role=\"tab\" aria-controls=\"pp-advanced-tabs-content-1612\">\n\n\t\t\t\t\t\t\t\t\n\t\t\t\t\t\t\t\t<span class=\"pp-advanced-tabs-title-text\">Trabajo Dom\u00e9stico- Roles <\/span>\n\t\t\t\t\t\t\t\t\t\t\t\t\t\t\t<\/div>\n\t\t\t\t\t\t\t\t\t\t\t\t\t<div id=\"pp-advanced-tabs-title-1613\" class=\"pp-advanced-tabs-title pp-tabs-label pp-advanced-tabs-desktop-title \" data-tab=\"3\" data-index=\"1613\" tabindex=\"1613\" role=\"tab\" aria-controls=\"pp-advanced-tabs-content-1613\">\n\n\t\t\t\t\t\t\t\t\n\t\t\t\t\t\t\t\t<span class=\"pp-advanced-tabs-title-text\">Productora <\/span>\n\t\t\t\t\t\t\t\t\t\t\t\t\t\t\t<\/div>\n\t\t\t\t\t\t\t\t\t\t\t\t\t<div id=\"pp-advanced-tabs-title-1614\" class=\"pp-advanced-tabs-title pp-tabs-label pp-advanced-tabs-desktop-title \" data-tab=\"4\" data-index=\"1614\" tabindex=\"1614\" role=\"tab\" aria-controls=\"pp-advanced-tabs-content-1614\">\n\n\t\t\t\t\t\t\t\t\n\t\t\t\t\t\t\t\t<span class=\"pp-advanced-tabs-title-text\">Comercializadora <\/span>\n\t\t\t\t\t\t\t\t\t\t\t\t\t\t\t<\/div>\n\t\t\t\t\t\t\t\t\t\t\t\t\t<div id=\"pp-advanced-tabs-title-1615\" class=\"pp-advanced-tabs-title pp-tabs-label pp-advanced-tabs-desktop-title \" data-tab=\"5\" data-index=\"1615\" tabindex=\"1615\" role=\"tab\" aria-controls=\"pp-advanced-tabs-content-1615\">\n\n\t\t\t\t\t\t\t\t\n\t\t\t\t\t\t\t\t<span class=\"pp-advanced-tabs-title-text\">Manejo de recursos <\/span>\n\t\t\t\t\t\t\t\t\t\t\t\t\t\t\t<\/div>\n\t\t\t\t\t\t\t\t\t\t\t\t\t<div id=\"pp-advanced-tabs-title-1616\" class=\"pp-advanced-tabs-title pp-tabs-label pp-advanced-tabs-desktop-title \" data-tab=\"6\" data-index=\"1616\" tabindex=\"1616\" role=\"tab\" aria-controls=\"pp-advanced-tabs-content-1616\">\n\n\t\t\t\t\t\t\t\t\n\t\t\t\t\t\t\t\t<span class=\"pp-advanced-tabs-title-text\">Redes y Capital Social <\/span>\n\t\t\t\t\t\t\t\t\t\t\t\t\t\t\t<\/div>\n\t\t\t\t\t\t\t\t\t\t\t\t\t<div id=\"pp-advanced-tabs-title-1617\" class=\"pp-advanced-tabs-title pp-tabs-label pp-advanced-tabs-desktop-title \" data-tab=\"7\" data-index=\"1617\" tabindex=\"1617\" role=\"tab\" aria-controls=\"pp-advanced-tabs-content-1617\">\n\n\t\t\t\t\t\t\t\t\n\t\t\t\t\t\t\t\t<span class=\"pp-advanced-tabs-title-text\">Brechas <\/span>\n\t\t\t\t\t\t\t\t\t\t\t\t\t\t\t<\/div>\n\t\t\t\t\t\t\t\t\t<\/div>\n\t\t\t<div class=\"pp-advanced-tabs-content-wrapper pp-tabs-panels at-vertical-content\">\n\t\t\t\t\t\t\t\t\t<div class=\"pp-tabs-panel\">\n\t\t\t\t\t<div class=\"pp-advanced-tabs-title pp-tabs-label pp-tab-responsive pp-tab-active at-no-hover\" data-index =\"1611\">\n\t\t\t\t\t\t<div class=\"pp-advanced-tabs-title-inner\">\n\t\t\t\t\t\t\t\n\t\t\t\t\t\t\t<span class=\"pp-advanced-tabs-title-text\">Mujer <\/span>\n\t\t\t\t\t\t\t<i class=\"pp-toggle-icon pp-tab-open fa\"><\/i>\n\t\t\t\t\t\t<\/div>\n\t\t\t\t\t<\/div>\n\t\t\t\t\t<div id=\"pp-advanced-tabs-content-1611\" class=\"pp-advanced-tabs-content elementor-clearfix pp-advanced-tabs-tab_photo pp-tab-active\" data-tab=\"1\" data-index=\"1611\" role=\"tabpanel\" aria-labelledby=\"pp-advanced-tabs-title-1611\">\n\t\t\t\t\t\t<img width=\"1024\" height=\"898\" src=\"https:\/\/www.medellin.gov.co\/es\/wp-content\/uploads\/2023\/10\/TIERRA-Y-MUJER-UN-VINCULO-PRODUCTIVO-1-1024x898.jpg\" class=\"attachment-large size-large\" alt=\"Mujeres Productoras\" loading=\"lazy\" \/>\t\t\t\t\t<\/div>\n\t\t\t\t\t<\/div>\n\t\t\t\t\t\t\t\t\t<div class=\"pp-tabs-panel\">\n\t\t\t\t\t<div class=\"pp-advanced-tabs-title pp-tabs-label pp-tab-responsive  at-no-hover\" data-index =\"1612\">\n\t\t\t\t\t\t<div class=\"pp-advanced-tabs-title-inner\">\n\t\t\t\t\t\t\t\n\t\t\t\t\t\t\t<span class=\"pp-advanced-tabs-title-text\">Trabajo Dom\u00e9stico- Roles <\/span>\n\t\t\t\t\t\t\t<i class=\"pp-toggle-icon pp-tab-open fa\"><\/i>\n\t\t\t\t\t\t<\/div>\n\t\t\t\t\t<\/div>\n\t\t\t\t\t<div id=\"pp-advanced-tabs-content-1612\" class=\"pp-advanced-tabs-content elementor-clearfix pp-advanced-tabs-tab_photo \" data-tab=\"2\" data-index=\"1612\" role=\"tabpanel\" aria-labelledby=\"pp-advanced-tabs-title-1612\">\n\t\t\t\t\t\t<img width=\"1024\" height=\"898\" src=\"https:\/\/www.medellin.gov.co\/es\/wp-content\/uploads\/2023\/10\/TIERRA-Y-MUJER-UN-VINCULO-PRODUCTIVO-2-1024x898.jpg\" class=\"attachment-large size-large\" alt=\"Infogr\u00e1fico mujeres y campo\" loading=\"lazy\" \/>\t\t\t\t\t<\/div>\n\t\t\t\t\t<\/div>\n\t\t\t\t\t\t\t\t\t<div class=\"pp-tabs-panel\">\n\t\t\t\t\t<div class=\"pp-advanced-tabs-title pp-tabs-label pp-tab-responsive  at-no-hover\" data-index =\"1613\">\n\t\t\t\t\t\t<div class=\"pp-advanced-tabs-title-inner\">\n\t\t\t\t\t\t\t\n\t\t\t\t\t\t\t<span class=\"pp-advanced-tabs-title-text\">Productora <\/span>\n\t\t\t\t\t\t\t<i class=\"pp-toggle-icon pp-tab-open fa\"><\/i>\n\t\t\t\t\t\t<\/div>\n\t\t\t\t\t<\/div>\n\t\t\t\t\t<div id=\"pp-advanced-tabs-content-1613\" class=\"pp-advanced-tabs-content elementor-clearfix pp-advanced-tabs-tab_photo \" data-tab=\"3\" data-index=\"1613\" role=\"tabpanel\" aria-labelledby=\"pp-advanced-tabs-title-1613\">\n\t\t\t\t\t\t<img width=\"1024\" height=\"898\" src=\"https:\/\/www.medellin.gov.co\/es\/wp-content\/uploads\/2023\/10\/TIERRA-Y-MUJER-UN-VINCULO-PRODUCTIVO-3-1024x898.jpg\" class=\"attachment-large size-large\" alt=\"Infogr\u00e1fico rubros\" loading=\"lazy\" \/>\t\t\t\t\t<\/div>\n\t\t\t\t\t<\/div>\n\t\t\t\t\t\t\t\t\t<div class=\"pp-tabs-panel\">\n\t\t\t\t\t<div class=\"pp-advanced-tabs-title pp-tabs-label pp-tab-responsive  at-no-hover\" data-index =\"1614\">\n\t\t\t\t\t\t<div class=\"pp-advanced-tabs-title-inner\">\n\t\t\t\t\t\t\t\n\t\t\t\t\t\t\t<span class=\"pp-advanced-tabs-title-text\">Comercializadora <\/span>\n\t\t\t\t\t\t\t<i class=\"pp-toggle-icon pp-tab-open fa\"><\/i>\n\t\t\t\t\t\t<\/div>\n\t\t\t\t\t<\/div>\n\t\t\t\t\t<div id=\"pp-advanced-tabs-content-1614\" class=\"pp-advanced-tabs-content elementor-clearfix pp-advanced-tabs-tab_photo \" data-tab=\"4\" data-index=\"1614\" role=\"tabpanel\" aria-labelledby=\"pp-advanced-tabs-title-1614\">\n\t\t\t\t\t\t<img width=\"1024\" height=\"898\" src=\"https:\/\/www.medellin.gov.co\/es\/wp-content\/uploads\/2023\/10\/TIERRA-Y-MUJER-UN-VINCULO-PRODUCTIVO-4-1024x898.jpg\" class=\"attachment-large size-large\" alt=\"Mujer y vinculo productivo\" loading=\"lazy\" \/>\t\t\t\t\t<\/div>\n\t\t\t\t\t<\/div>\n\t\t\t\t\t\t\t\t\t<div class=\"pp-tabs-panel\">\n\t\t\t\t\t<div class=\"pp-advanced-tabs-title pp-tabs-label pp-tab-responsive  at-no-hover\" data-index =\"1615\">\n\t\t\t\t\t\t<div class=\"pp-advanced-tabs-title-inner\">\n\t\t\t\t\t\t\t\n\t\t\t\t\t\t\t<span class=\"pp-advanced-tabs-title-text\">Manejo de recursos <\/span>\n\t\t\t\t\t\t\t<i class=\"pp-toggle-icon pp-tab-open fa\"><\/i>\n\t\t\t\t\t\t<\/div>\n\t\t\t\t\t<\/div>\n\t\t\t\t\t<div id=\"pp-advanced-tabs-content-1615\" class=\"pp-advanced-tabs-content elementor-clearfix pp-advanced-tabs-tab_photo \" data-tab=\"5\" data-index=\"1615\" role=\"tabpanel\" aria-labelledby=\"pp-advanced-tabs-title-1615\">\n\t\t\t\t\t\t<img width=\"1024\" height=\"898\" src=\"https:\/\/www.medellin.gov.co\/es\/wp-content\/uploads\/2023\/10\/TIERRA-Y-MUJER-UN-VINCULO-PRODUCTIVO-5-1024x898.jpg\" class=\"attachment-large size-large\" alt=\"Mujer y vinculo productivo\" loading=\"lazy\" \/>\t\t\t\t\t<\/div>\n\t\t\t\t\t<\/div>\n\t\t\t\t\t\t\t\t\t<div class=\"pp-tabs-panel\">\n\t\t\t\t\t<div class=\"pp-advanced-tabs-title pp-tabs-label pp-tab-responsive  at-no-hover\" data-index =\"1616\">\n\t\t\t\t\t\t<div class=\"pp-advanced-tabs-title-inner\">\n\t\t\t\t\t\t\t\n\t\t\t\t\t\t\t<span class=\"pp-advanced-tabs-title-text\">Redes y Capital Social <\/span>\n\t\t\t\t\t\t\t<i class=\"pp-toggle-icon pp-tab-open fa\"><\/i>\n\t\t\t\t\t\t<\/div>\n\t\t\t\t\t<\/div>\n\t\t\t\t\t<div id=\"pp-advanced-tabs-content-1616\" class=\"pp-advanced-tabs-content elementor-clearfix pp-advanced-tabs-tab_photo \" data-tab=\"6\" data-index=\"1616\" role=\"tabpanel\" aria-labelledby=\"pp-advanced-tabs-title-1616\">\n\t\t\t\t\t\t<img width=\"1024\" height=\"898\" src=\"https:\/\/www.medellin.gov.co\/es\/wp-content\/uploads\/2023\/10\/TIERRA-Y-MUJER-UN-VINCULO-PRODUCTIVO-6-1024x898.jpg\" class=\"attachment-large size-large\" alt=\"Mujer y vinculo productivo\" loading=\"lazy\" \/>\t\t\t\t\t<\/div>\n\t\t\t\t\t<\/div>\n\t\t\t\t\t\t\t\t\t<div class=\"pp-tabs-panel\">\n\t\t\t\t\t<div class=\"pp-advanced-tabs-title pp-tabs-label pp-tab-responsive  at-no-hover\" data-index =\"1617\">\n\t\t\t\t\t\t<div class=\"pp-advanced-tabs-title-inner\">\n\t\t\t\t\t\t\t\n\t\t\t\t\t\t\t<span class=\"pp-advanced-tabs-title-text\">Brechas <\/span>\n\t\t\t\t\t\t\t<i class=\"pp-toggle-icon pp-tab-open fa\"><\/i>\n\t\t\t\t\t\t<\/div>\n\t\t\t\t\t<\/div>\n\t\t\t\t\t<div id=\"pp-advanced-tabs-content-1617\" class=\"pp-advanced-tabs-content elementor-clearfix pp-advanced-tabs-tab_photo \" data-tab=\"7\" data-index=\"1617\" role=\"tabpanel\" aria-labelledby=\"pp-advanced-tabs-title-1617\">\n\t\t\t\t\t\t<img width=\"1024\" height=\"898\" src=\"https:\/\/www.medellin.gov.co\/es\/wp-content\/uploads\/2023\/10\/TIERRA-Y-MUJER-UN-VINCULO-PRODUCTIVO-7-1024x898.jpg\" class=\"attachment-large size-large\" alt=\"Mujer y vinculo productivo\" loading=\"lazy\" \/>\t\t\t\t\t<\/div>\n\t\t\t\t\t<\/div>\n\t\t\t\t\t\t\t<\/div>\n\t\t<\/div>\n\t\t\t\t<\/div>\n\t\t\t\t<\/div>\n\t\t<\/div><div class=\"elementor-element elementor-element-390c0f6 e-container--column e-container\" data-id=\"390c0f6\" data-element_type=\"container\">\t\t\t\t<div class=\"elementor-element elementor-element-7068914 elementor-position-left elementor-vertical-align-middle bdt-icon-type-icon bdt-icon-effect-none elementor-widget elementor-widget-bdt-advanced-icon-box\" data-id=\"7068914\" data-element_type=\"widget\" data-widget_type=\"bdt-advanced-icon-box.default\">\n\t\t\t\t<div class=\"elementor-widget-container\">\n\t\t\t\t\t<div class=\"bdt-ep-advanced-icon-box\">\n\n\t\t\t\t\t\t\t\n\t\t\t\t\t<div class=\"bdt-ep-advanced-icon-box-icon\">\n\t\t\t\t<span class=\"bdt-ep-advanced-icon-box-icon-wrap\">\n\n\n\t\t\t\t\t\n\t\t\t\t\t\t<i aria-hidden=\"true\" class=\"fas fa-cubes\"><\/i>\n\n\t\t\t\t\t\t\t\t\t<\/span>\n\t\t\t<\/div>\n\t\t\n\t\t\t\t\n\t\t\t<div class=\"bdt-ep-advanced-icon-box-content\">\n\n\t\t\t\t\t\t\t\t\t\n\t\t\t\t\t<h3 class=\"bdt-ep-advanced-icon-box-title\">\n\t\t\t\t<span >\n\t\t\t\t\tRecursos y saberes de la Medell\u00edn rural \t\t\t\t<\/span>\n\t\t\t<\/h3>\n\t\t\n\n\t\t\n\t\t\t\t\t\n\t\t\t\t\n\t\t\t\t\n\t\t\t\t\t\t\t<\/div>\n\t\t<\/div>\n\n\t\t\n\t\t\n\t\t<\/div>\n\t\t\t\t<\/div>\n\t\t\t\t<div class=\"elementor-element elementor-element-a614992 elementor-widget elementor-widget-text-editor\" data-id=\"a614992\" data-element_type=\"widget\" data-widget_type=\"text-editor.default\">\n\t\t\t\t<div class=\"elementor-widget-container\">\n\t\t\t\t\t\t\t\t<div class=\"elementor-text-editor elementor-clearfix\">\n\t\t\t\t<p><span data-sheets-value=\"{\" data-sheets-userformat=\"{\">Descubre los recursos y conocimientos clave de los productores y productoras de alimentos en la ruralidad de Medell\u00edn. Conoce la disponibilidad de tierra, infraestructura productiva, recursos financieros, conocimiento en pr\u00e1cticas de producci\u00f3n, acceso a extensi\u00f3n agropecuaria y capacitaci\u00f3n en general. Este an\u00e1lisis exhaustivo te mostrar\u00e1 la s\u00f3lida base sobre la cual estos hombres y mujeres valientes agricultores llevan a cabo su labor. <strong>\u00a1Explora y aprecia los recursos que impulsan la producci\u00f3n de alimentos en la ruralidad de Medell\u00edn!<\/strong> No pierdas esta oportunidad \u00fanica de comprender la diversidad de herramientas que respaldan su trabajo.<\/span><\/p>\t\t\t\t\t<\/div>\n\t\t\t\t\t\t<\/div>\n\t\t\t\t<\/div>\n\t\t\t\t<div class=\"elementor-element elementor-element-d2b7379 elementor-widget elementor-widget-pp-advanced-tabs\" data-id=\"d2b7379\" data-element_type=\"widget\" data-widget_type=\"pp-advanced-tabs.default\">\n\t\t\t\t<div class=\"elementor-widget-container\">\n\t\t\t\t\t<div class=\"pp-advanced-tabs pp-style-0 pp-tabs-responsive-tablet pp-advabced-tabs-responsive\" role=\"tablist\">\n\t\t\t<div class=\"pp-advanced-tabs-wrapper pp-tabs-labels at-vertical  at-no-hover\">\n\t\t\t\t\t\t\t\t\t\t\t<div id=\"pp-advanced-tabs-title-2201\" class=\"pp-advanced-tabs-title pp-tabs-label pp-advanced-tabs-desktop-title pp-tab-active\" data-tab=\"1\" data-index=\"2201\" tabindex=\"2201\" role=\"tab\" aria-controls=\"pp-advanced-tabs-content-2201\">\n\n\t\t\t\t\t\t\t\t\n\t\t\t\t\t\t\t\t<span class=\"pp-advanced-tabs-title-text\">Parcela <\/span>\n\t\t\t\t\t\t\t\t\t\t\t\t\t\t\t<\/div>\n\t\t\t\t\t\t\t\t\t\t\t\t\t<div id=\"pp-advanced-tabs-title-2202\" class=\"pp-advanced-tabs-title pp-tabs-label pp-advanced-tabs-desktop-title \" data-tab=\"2\" data-index=\"2202\" tabindex=\"2202\" role=\"tab\" aria-controls=\"pp-advanced-tabs-content-2202\">\n\n\t\t\t\t\t\t\t\t\n\t\t\t\t\t\t\t\t<span class=\"pp-advanced-tabs-title-text\">Parcelas adicionales <\/span>\n\t\t\t\t\t\t\t\t\t\t\t\t\t\t\t<\/div>\n\t\t\t\t\t\t\t\t\t\t\t\t\t<div id=\"pp-advanced-tabs-title-2203\" class=\"pp-advanced-tabs-title pp-tabs-label pp-advanced-tabs-desktop-title \" data-tab=\"3\" data-index=\"2203\" tabindex=\"2203\" role=\"tab\" aria-controls=\"pp-advanced-tabs-content-2203\">\n\n\t\t\t\t\t\t\t\t\n\t\t\t\t\t\t\t\t<span class=\"pp-advanced-tabs-title-text\">Infraestructura para la producci\u00f3n <\/span>\n\t\t\t\t\t\t\t\t\t\t\t\t\t\t\t<\/div>\n\t\t\t\t\t\t\t\t\t\t\t\t\t<div id=\"pp-advanced-tabs-title-2204\" class=\"pp-advanced-tabs-title pp-tabs-label pp-advanced-tabs-desktop-title \" data-tab=\"4\" data-index=\"2204\" tabindex=\"2204\" role=\"tab\" aria-controls=\"pp-advanced-tabs-content-2204\">\n\n\t\t\t\t\t\t\t\t\n\t\t\t\t\t\t\t\t<span class=\"pp-advanced-tabs-title-text\">Capacitaci\u00f3n y conocimientos <\/span>\n\t\t\t\t\t\t\t\t\t\t\t\t\t\t\t<\/div>\n\t\t\t\t\t\t\t\t\t\t\t\t\t<div id=\"pp-advanced-tabs-title-2205\" class=\"pp-advanced-tabs-title pp-tabs-label pp-advanced-tabs-desktop-title \" data-tab=\"5\" data-index=\"2205\" tabindex=\"2205\" role=\"tab\" aria-controls=\"pp-advanced-tabs-content-2205\">\n\n\t\t\t\t\t\t\t\t\n\t\t\t\t\t\t\t\t<span class=\"pp-advanced-tabs-title-text\">Mano de obra y empleo <\/span>\n\t\t\t\t\t\t\t\t\t\t\t\t\t\t\t<\/div>\n\t\t\t\t\t\t\t\t\t<\/div>\n\t\t\t<div class=\"pp-advanced-tabs-content-wrapper pp-tabs-panels at-vertical-content\">\n\t\t\t\t\t\t\t\t\t<div class=\"pp-tabs-panel\">\n\t\t\t\t\t<div class=\"pp-advanced-tabs-title pp-tabs-label pp-tab-responsive pp-tab-active at-no-hover\" data-index =\"2201\">\n\t\t\t\t\t\t<div class=\"pp-advanced-tabs-title-inner\">\n\t\t\t\t\t\t\t\n\t\t\t\t\t\t\t<span class=\"pp-advanced-tabs-title-text\">Parcela <\/span>\n\t\t\t\t\t\t\t<i class=\"pp-toggle-icon pp-tab-open fa\"><\/i>\n\t\t\t\t\t\t<\/div>\n\t\t\t\t\t<\/div>\n\t\t\t\t\t<div id=\"pp-advanced-tabs-content-2201\" class=\"pp-advanced-tabs-content elementor-clearfix pp-advanced-tabs-tab_photo pp-tab-active\" data-tab=\"1\" data-index=\"2201\" role=\"tabpanel\" aria-labelledby=\"pp-advanced-tabs-title-2201\">\n\t\t\t\t\t\t<img width=\"1024\" height=\"890\" src=\"https:\/\/www.medellin.gov.co\/es\/wp-content\/uploads\/2023\/10\/3.-RECURSOS-Y-SABERES-DE-LA-MEDELLIN-RURAL-1-1024x890.jpg\" class=\"attachment-large size-large\" alt=\"Recursos y saberes de la Medell\u00edn Rural\" loading=\"lazy\" \/>\t\t\t\t\t<\/div>\n\t\t\t\t\t<\/div>\n\t\t\t\t\t\t\t\t\t<div class=\"pp-tabs-panel\">\n\t\t\t\t\t<div class=\"pp-advanced-tabs-title pp-tabs-label pp-tab-responsive  at-no-hover\" data-index =\"2202\">\n\t\t\t\t\t\t<div class=\"pp-advanced-tabs-title-inner\">\n\t\t\t\t\t\t\t\n\t\t\t\t\t\t\t<span class=\"pp-advanced-tabs-title-text\">Parcelas adicionales <\/span>\n\t\t\t\t\t\t\t<i class=\"pp-toggle-icon pp-tab-open fa\"><\/i>\n\t\t\t\t\t\t<\/div>\n\t\t\t\t\t<\/div>\n\t\t\t\t\t<div id=\"pp-advanced-tabs-content-2202\" class=\"pp-advanced-tabs-content elementor-clearfix pp-advanced-tabs-tab_photo \" data-tab=\"2\" data-index=\"2202\" role=\"tabpanel\" aria-labelledby=\"pp-advanced-tabs-title-2202\">\n\t\t\t\t\t\t<img width=\"1024\" height=\"889\" src=\"https:\/\/www.medellin.gov.co\/es\/wp-content\/uploads\/2023\/10\/3.-RECURSOS-Y-SABERES-DE-LA-MEDELLIN-RURAL-2-1024x889.jpg\" class=\"attachment-large size-large\" alt=\"Recursos y saberes de la Medell\u00edn Rural\" loading=\"lazy\" \/>\t\t\t\t\t<\/div>\n\t\t\t\t\t<\/div>\n\t\t\t\t\t\t\t\t\t<div class=\"pp-tabs-panel\">\n\t\t\t\t\t<div class=\"pp-advanced-tabs-title pp-tabs-label pp-tab-responsive  at-no-hover\" data-index =\"2203\">\n\t\t\t\t\t\t<div class=\"pp-advanced-tabs-title-inner\">\n\t\t\t\t\t\t\t\n\t\t\t\t\t\t\t<span class=\"pp-advanced-tabs-title-text\">Infraestructura para la producci\u00f3n <\/span>\n\t\t\t\t\t\t\t<i class=\"pp-toggle-icon pp-tab-open fa\"><\/i>\n\t\t\t\t\t\t<\/div>\n\t\t\t\t\t<\/div>\n\t\t\t\t\t<div id=\"pp-advanced-tabs-content-2203\" class=\"pp-advanced-tabs-content elementor-clearfix pp-advanced-tabs-tab_photo \" data-tab=\"3\" data-index=\"2203\" role=\"tabpanel\" aria-labelledby=\"pp-advanced-tabs-title-2203\">\n\t\t\t\t\t\t<img width=\"1024\" height=\"889\" src=\"https:\/\/www.medellin.gov.co\/es\/wp-content\/uploads\/2023\/10\/3.-RECURSOS-Y-SABERES-DE-LA-MEDELLIN-RURAL-3-1024x889.jpg\" class=\"attachment-large size-large\" alt=\"Recursos y saberes de la Medell\u00edn Rural\" loading=\"lazy\" \/>\t\t\t\t\t<\/div>\n\t\t\t\t\t<\/div>\n\t\t\t\t\t\t\t\t\t<div class=\"pp-tabs-panel\">\n\t\t\t\t\t<div class=\"pp-advanced-tabs-title pp-tabs-label pp-tab-responsive  at-no-hover\" data-index =\"2204\">\n\t\t\t\t\t\t<div class=\"pp-advanced-tabs-title-inner\">\n\t\t\t\t\t\t\t\n\t\t\t\t\t\t\t<span class=\"pp-advanced-tabs-title-text\">Capacitaci\u00f3n y conocimientos <\/span>\n\t\t\t\t\t\t\t<i class=\"pp-toggle-icon pp-tab-open fa\"><\/i>\n\t\t\t\t\t\t<\/div>\n\t\t\t\t\t<\/div>\n\t\t\t\t\t<div id=\"pp-advanced-tabs-content-2204\" class=\"pp-advanced-tabs-content elementor-clearfix pp-advanced-tabs-tab_photo \" data-tab=\"4\" data-index=\"2204\" role=\"tabpanel\" aria-labelledby=\"pp-advanced-tabs-title-2204\">\n\t\t\t\t\t\t<img width=\"1024\" height=\"889\" src=\"https:\/\/www.medellin.gov.co\/es\/wp-content\/uploads\/2023\/10\/3.-RECURSOS-Y-SABERES-DE-LA-MEDELLIN-RURAL-4-1024x889.jpg\" class=\"attachment-large size-large\" alt=\"Recursos y saberes de la Medell\u00edn Rural\" loading=\"lazy\" \/>\t\t\t\t\t<\/div>\n\t\t\t\t\t<\/div>\n\t\t\t\t\t\t\t\t\t<div class=\"pp-tabs-panel\">\n\t\t\t\t\t<div class=\"pp-advanced-tabs-title pp-tabs-label pp-tab-responsive  at-no-hover\" data-index =\"2205\">\n\t\t\t\t\t\t<div class=\"pp-advanced-tabs-title-inner\">\n\t\t\t\t\t\t\t\n\t\t\t\t\t\t\t<span class=\"pp-advanced-tabs-title-text\">Mano de obra y empleo <\/span>\n\t\t\t\t\t\t\t<i class=\"pp-toggle-icon pp-tab-open fa\"><\/i>\n\t\t\t\t\t\t<\/div>\n\t\t\t\t\t<\/div>\n\t\t\t\t\t<div id=\"pp-advanced-tabs-content-2205\" class=\"pp-advanced-tabs-content elementor-clearfix pp-advanced-tabs-tab_photo \" data-tab=\"5\" data-index=\"2205\" role=\"tabpanel\" aria-labelledby=\"pp-advanced-tabs-title-2205\">\n\t\t\t\t\t\t<img width=\"1024\" height=\"889\" src=\"https:\/\/www.medellin.gov.co\/es\/wp-content\/uploads\/2023\/10\/3.-RECURSOS-Y-SABERES-DE-LA-MEDELLIN-RURAL-5-1024x889.jpg\" class=\"attachment-large size-large\" alt=\"Recursos y saberes de la Medell\u00edn Rural\" loading=\"lazy\" \/>\t\t\t\t\t<\/div>\n\t\t\t\t\t<\/div>\n\t\t\t\t\t\t\t<\/div>\n\t\t<\/div>\n\t\t\t\t<\/div>\n\t\t\t\t<\/div>\n\t\t<\/div><div class=\"elementor-element elementor-element-e54c6b1 e-container--column e-container\" data-id=\"e54c6b1\" data-element_type=\"container\">\t\t\t\t<div class=\"elementor-element elementor-element-ce34e1b elementor-position-left elementor-vertical-align-middle bdt-icon-type-icon bdt-icon-effect-none elementor-widget elementor-widget-bdt-advanced-icon-box\" data-id=\"ce34e1b\" data-element_type=\"widget\" data-widget_type=\"bdt-advanced-icon-box.default\">\n\t\t\t\t<div class=\"elementor-widget-container\">\n\t\t\t\t\t<div class=\"bdt-ep-advanced-icon-box\">\n\n\t\t\t\t\t\t\t\n\t\t\t\t\t<div class=\"bdt-ep-advanced-icon-box-icon\">\n\t\t\t\t<span class=\"bdt-ep-advanced-icon-box-icon-wrap\">\n\n\n\t\t\t\t\t\n\t\t\t\t\t\t<i aria-hidden=\"true\" class=\"fas fa-carrot\"><\/i>\n\n\t\t\t\t\t\t\t\t\t<\/span>\n\t\t\t<\/div>\n\t\t\n\t\t\t\t\n\t\t\t<div class=\"bdt-ep-advanced-icon-box-content\">\n\n\t\t\t\t\t\t\t\t\t\n\t\t\t\t\t<h3 class=\"bdt-ep-advanced-icon-box-title\">\n\t\t\t\t<span >\n\t\t\t\t\tAlimentos para la conexi\u00f3n Medell\u00edn rural (COMER) \t\t\t\t<\/span>\n\t\t\t<\/h3>\n\t\t\n\n\t\t\n\t\t\t\t\t\n\t\t\t\t\n\t\t\t\t\n\t\t\t\t\t\t\t<\/div>\n\t\t<\/div>\n\n\t\t\n\t\t\n\t\t<\/div>\n\t\t\t\t<\/div>\n\t\t\t\t<div class=\"elementor-element elementor-element-6242114 elementor-widget elementor-widget-text-editor\" data-id=\"6242114\" data-element_type=\"widget\" data-widget_type=\"text-editor.default\">\n\t\t\t\t<div class=\"elementor-widget-container\">\n\t\t\t\t\t\t\t\t<div class=\"elementor-text-editor elementor-clearfix\">\n\t\t\t\t<p><span data-sheets-value=\"{\" data-sheets-userformat=\"{\">Conoce la esencia de la producci\u00f3n agr\u00edcola, pecuaria y forestal en la ruralidad de Medell\u00edn. Descubre los cultivos de nuestros territorios corregimentales, las \u00e1reas disponibles y los costos de producci\u00f3n. Ad\u00e9ntrate en un mundo donde el alimento se convierte en el enlace que une comunidades y territorios. Explora las conexiones comerciales y territoriales que se entrelazan alrededor de esta fuente vital. <strong>\u00a1Despierta tu curiosidad sobre los cultivos y la producci\u00f3n en la ruralidad de Medell\u00edn!<\/strong><\/span><\/p>\t\t\t\t\t<\/div>\n\t\t\t\t\t\t<\/div>\n\t\t\t\t<\/div>\n\t\t\t\t<div class=\"elementor-element elementor-element-74eb4c6 elementor-widget elementor-widget-pp-advanced-tabs\" data-id=\"74eb4c6\" data-element_type=\"widget\" data-widget_type=\"pp-advanced-tabs.default\">\n\t\t\t\t<div class=\"elementor-widget-container\">\n\t\t\t\t\t<div class=\"pp-advanced-tabs pp-style-0 pp-tabs-responsive-tablet pp-advabced-tabs-responsive\" role=\"tablist\">\n\t\t\t<div class=\"pp-advanced-tabs-wrapper pp-tabs-labels at-vertical  at-no-hover\">\n\t\t\t\t\t\t\t\t\t\t\t<div id=\"pp-advanced-tabs-title-1221\" class=\"pp-advanced-tabs-title pp-tabs-label pp-advanced-tabs-desktop-title pp-tab-active\" data-tab=\"1\" data-index=\"1221\" tabindex=\"1221\" role=\"tab\" aria-controls=\"pp-advanced-tabs-content-1221\">\n\n\t\t\t\t\t\t\t\t\n\t\t\t\t\t\t\t\t<span class=\"pp-advanced-tabs-title-text\">Sistemas productivos <\/span>\n\t\t\t\t\t\t\t\t\t\t\t\t\t\t\t<\/div>\n\t\t\t\t\t\t\t\t\t\t\t\t\t<div id=\"pp-advanced-tabs-title-1222\" class=\"pp-advanced-tabs-title pp-tabs-label pp-advanced-tabs-desktop-title \" data-tab=\"2\" data-index=\"1222\" tabindex=\"1222\" role=\"tab\" aria-controls=\"pp-advanced-tabs-content-1222\">\n\n\t\t\t\t\t\t\t\t\n\t\t\t\t\t\t\t\t<span class=\"pp-advanced-tabs-title-text\">Producci\u00f3n actual <\/span>\n\t\t\t\t\t\t\t\t\t\t\t\t\t\t\t<\/div>\n\t\t\t\t\t\t\t\t\t\t\t\t\t<div id=\"pp-advanced-tabs-title-1223\" class=\"pp-advanced-tabs-title pp-tabs-label pp-advanced-tabs-desktop-title \" data-tab=\"3\" data-index=\"1223\" tabindex=\"1223\" role=\"tab\" aria-controls=\"pp-advanced-tabs-content-1223\">\n\n\t\t\t\t\t\t\t\t\n\t\t\t\t\t\t\t\t<span class=\"pp-advanced-tabs-title-text\">Pr\u00e1cticas de producci\u00f3n <\/span>\n\t\t\t\t\t\t\t\t\t\t\t\t\t\t\t<\/div>\n\t\t\t\t\t\t\t\t\t\t\t\t\t<div id=\"pp-advanced-tabs-title-1224\" class=\"pp-advanced-tabs-title pp-tabs-label pp-advanced-tabs-desktop-title \" data-tab=\"4\" data-index=\"1224\" tabindex=\"1224\" role=\"tab\" aria-controls=\"pp-advanced-tabs-content-1224\">\n\n\t\t\t\t\t\t\t\t\n\t\t\t\t\t\t\t\t<span class=\"pp-advanced-tabs-title-text\">Relaciones comerciales <\/span>\n\t\t\t\t\t\t\t\t\t\t\t\t\t\t\t<\/div>\n\t\t\t\t\t\t\t\t\t\t\t\t\t<div id=\"pp-advanced-tabs-title-1225\" class=\"pp-advanced-tabs-title pp-tabs-label pp-advanced-tabs-desktop-title \" data-tab=\"5\" data-index=\"1225\" tabindex=\"1225\" role=\"tab\" aria-controls=\"pp-advanced-tabs-content-1225\">\n\n\t\t\t\t\t\t\t\t\n\t\t\t\t\t\t\t\t<span class=\"pp-advanced-tabs-title-text\">Manejo sostenible (residuos) <\/span>\n\t\t\t\t\t\t\t\t\t\t\t\t\t\t\t<\/div>\n\t\t\t\t\t\t\t\t\t<\/div>\n\t\t\t<div class=\"pp-advanced-tabs-content-wrapper pp-tabs-panels at-vertical-content\">\n\t\t\t\t\t\t\t\t\t<div class=\"pp-tabs-panel\">\n\t\t\t\t\t<div class=\"pp-advanced-tabs-title pp-tabs-label pp-tab-responsive pp-tab-active at-no-hover\" data-index =\"1221\">\n\t\t\t\t\t\t<div class=\"pp-advanced-tabs-title-inner\">\n\t\t\t\t\t\t\t\n\t\t\t\t\t\t\t<span class=\"pp-advanced-tabs-title-text\">Sistemas productivos <\/span>\n\t\t\t\t\t\t\t<i class=\"pp-toggle-icon pp-tab-open fa\"><\/i>\n\t\t\t\t\t\t<\/div>\n\t\t\t\t\t<\/div>\n\t\t\t\t\t<div id=\"pp-advanced-tabs-content-1221\" class=\"pp-advanced-tabs-content elementor-clearfix pp-advanced-tabs-tab_photo pp-tab-active\" data-tab=\"1\" data-index=\"1221\" role=\"tabpanel\" aria-labelledby=\"pp-advanced-tabs-title-1221\">\n\t\t\t\t\t\t<img width=\"1024\" height=\"898\" src=\"https:\/\/www.medellin.gov.co\/es\/wp-content\/uploads\/2023\/10\/ALIMENTOS-PARA-LA-CONEXION-MEDELLIN-RURAL-1-1024x898.jpg\" class=\"attachment-large size-large\" alt=\"Alimentos que conectan\" loading=\"lazy\" \/>\t\t\t\t\t<\/div>\n\t\t\t\t\t<\/div>\n\t\t\t\t\t\t\t\t\t<div class=\"pp-tabs-panel\">\n\t\t\t\t\t<div class=\"pp-advanced-tabs-title pp-tabs-label pp-tab-responsive  at-no-hover\" data-index =\"1222\">\n\t\t\t\t\t\t<div class=\"pp-advanced-tabs-title-inner\">\n\t\t\t\t\t\t\t\n\t\t\t\t\t\t\t<span class=\"pp-advanced-tabs-title-text\">Producci\u00f3n actual <\/span>\n\t\t\t\t\t\t\t<i class=\"pp-toggle-icon pp-tab-open fa\"><\/i>\n\t\t\t\t\t\t<\/div>\n\t\t\t\t\t<\/div>\n\t\t\t\t\t<div id=\"pp-advanced-tabs-content-1222\" class=\"pp-advanced-tabs-content elementor-clearfix pp-advanced-tabs-tab_photo \" data-tab=\"2\" data-index=\"1222\" role=\"tabpanel\" aria-labelledby=\"pp-advanced-tabs-title-1222\">\n\t\t\t\t\t\t<img width=\"1024\" height=\"898\" src=\"https:\/\/www.medellin.gov.co\/es\/wp-content\/uploads\/2023\/10\/ALIMENTOS-PARA-LA-CONEXION-MEDELLIN-RURAL-2-1024x898.jpg\" class=\"attachment-large size-large\" alt=\"Alimentos que conectan\" loading=\"lazy\" \/>\t\t\t\t\t<\/div>\n\t\t\t\t\t<\/div>\n\t\t\t\t\t\t\t\t\t<div class=\"pp-tabs-panel\">\n\t\t\t\t\t<div class=\"pp-advanced-tabs-title pp-tabs-label pp-tab-responsive  at-no-hover\" data-index =\"1223\">\n\t\t\t\t\t\t<div class=\"pp-advanced-tabs-title-inner\">\n\t\t\t\t\t\t\t\n\t\t\t\t\t\t\t<span class=\"pp-advanced-tabs-title-text\">Pr\u00e1cticas de producci\u00f3n <\/span>\n\t\t\t\t\t\t\t<i class=\"pp-toggle-icon pp-tab-open fa\"><\/i>\n\t\t\t\t\t\t<\/div>\n\t\t\t\t\t<\/div>\n\t\t\t\t\t<div id=\"pp-advanced-tabs-content-1223\" class=\"pp-advanced-tabs-content elementor-clearfix pp-advanced-tabs-tab_photo \" data-tab=\"3\" data-index=\"1223\" role=\"tabpanel\" aria-labelledby=\"pp-advanced-tabs-title-1223\">\n\t\t\t\t\t\t<img width=\"1024\" height=\"898\" src=\"https:\/\/www.medellin.gov.co\/es\/wp-content\/uploads\/2023\/10\/ALIMENTOS-PARA-LA-CONEXION-MEDELLIN-RURAL-3-1024x898.jpg\" class=\"attachment-large size-large\" alt=\"Alimentos que conectan\" loading=\"lazy\" \/>\t\t\t\t\t<\/div>\n\t\t\t\t\t<\/div>\n\t\t\t\t\t\t\t\t\t<div class=\"pp-tabs-panel\">\n\t\t\t\t\t<div class=\"pp-advanced-tabs-title pp-tabs-label pp-tab-responsive  at-no-hover\" data-index =\"1224\">\n\t\t\t\t\t\t<div class=\"pp-advanced-tabs-title-inner\">\n\t\t\t\t\t\t\t\n\t\t\t\t\t\t\t<span class=\"pp-advanced-tabs-title-text\">Relaciones comerciales <\/span>\n\t\t\t\t\t\t\t<i class=\"pp-toggle-icon pp-tab-open fa\"><\/i>\n\t\t\t\t\t\t<\/div>\n\t\t\t\t\t<\/div>\n\t\t\t\t\t<div id=\"pp-advanced-tabs-content-1224\" class=\"pp-advanced-tabs-content elementor-clearfix pp-advanced-tabs-tab_photo \" data-tab=\"4\" data-index=\"1224\" role=\"tabpanel\" aria-labelledby=\"pp-advanced-tabs-title-1224\">\n\t\t\t\t\t\t<img width=\"1024\" height=\"898\" src=\"https:\/\/www.medellin.gov.co\/es\/wp-content\/uploads\/2023\/10\/ALIMENTOS-PARA-LA-CONEXION-MEDELLIN-RURAL-4-1024x898.jpg\" class=\"attachment-large size-large\" alt=\"Alimentos que conectan\" loading=\"lazy\" \/>\t\t\t\t\t<\/div>\n\t\t\t\t\t<\/div>\n\t\t\t\t\t\t\t\t\t<div class=\"pp-tabs-panel\">\n\t\t\t\t\t<div class=\"pp-advanced-tabs-title pp-tabs-label pp-tab-responsive  at-no-hover\" data-index =\"1225\">\n\t\t\t\t\t\t<div class=\"pp-advanced-tabs-title-inner\">\n\t\t\t\t\t\t\t\n\t\t\t\t\t\t\t<span class=\"pp-advanced-tabs-title-text\">Manejo sostenible (residuos) <\/span>\n\t\t\t\t\t\t\t<i class=\"pp-toggle-icon pp-tab-open fa\"><\/i>\n\t\t\t\t\t\t<\/div>\n\t\t\t\t\t<\/div>\n\t\t\t\t\t<div id=\"pp-advanced-tabs-content-1225\" class=\"pp-advanced-tabs-content elementor-clearfix pp-advanced-tabs-tab_photo \" data-tab=\"5\" data-index=\"1225\" role=\"tabpanel\" aria-labelledby=\"pp-advanced-tabs-title-1225\">\n\t\t\t\t\t\t<img width=\"1024\" height=\"898\" src=\"https:\/\/www.medellin.gov.co\/es\/wp-content\/uploads\/2023\/10\/ALIMENTOS-PARA-LA-CONEXION-MEDELLIN-RURAL-8-1024x898.jpg\" class=\"attachment-large size-large\" alt=\"Alimentos que conectan\" loading=\"lazy\" \/>\t\t\t\t\t<\/div>\n\t\t\t\t\t<\/div>\n\t\t\t\t\t\t\t<\/div>\n\t\t<\/div>\n\t\t\t\t<\/div>\n\t\t\t\t<\/div>\n\t\t<\/div><div class=\"elementor-element elementor-element-8be6a71 e-container--column e-container\" data-id=\"8be6a71\" data-element_type=\"container\">\t\t\t\t<div class=\"elementor-element elementor-element-c9ba11c elementor-position-left elementor-vertical-align-middle bdt-icon-type-icon bdt-icon-effect-none elementor-widget elementor-widget-bdt-advanced-icon-box\" data-id=\"c9ba11c\" data-element_type=\"widget\" data-widget_type=\"bdt-advanced-icon-box.default\">\n\t\t\t\t<div class=\"elementor-widget-container\">\n\t\t\t\t\t<div class=\"bdt-ep-advanced-icon-box\">\n\n\t\t\t\t\t\t\t\n\t\t\t\t\t<div class=\"bdt-ep-advanced-icon-box-icon\">\n\t\t\t\t<span class=\"bdt-ep-advanced-icon-box-icon-wrap\">\n\n\n\t\t\t\t\t\n\t\t\t\t\t\t<i aria-hidden=\"true\" class=\"fas fa-paperclip\"><\/i>\n\n\t\t\t\t\t\t\t\t\t<\/span>\n\t\t\t<\/div>\n\t\t\n\t\t\t\t\n\t\t\t<div class=\"bdt-ep-advanced-icon-box-content\">\n\n\t\t\t\t\t\t\t\t\t\n\t\t\t\t\t<h3 class=\"bdt-ep-advanced-icon-box-title\">\n\t\t\t\t<span >\n\t\t\t\t\tCapital Social para ruralizar lo urbano \t\t\t\t<\/span>\n\t\t\t<\/h3>\n\t\t\n\n\t\t\n\t\t\t\t\t\n\t\t\t\t\n\t\t\t\t\n\t\t\t\t\t\t\t<\/div>\n\t\t<\/div>\n\n\t\t\n\t\t\n\t\t<\/div>\n\t\t\t\t<\/div>\n\t\t\t\t<div class=\"elementor-element elementor-element-cb77c23 elementor-widget elementor-widget-text-editor\" data-id=\"cb77c23\" data-element_type=\"widget\" data-widget_type=\"text-editor.default\">\n\t\t\t\t<div class=\"elementor-widget-container\">\n\t\t\t\t\t\t\t\t<div class=\"elementor-text-editor elementor-clearfix\">\n\t\t\t\t<p><span data-sheets-value=\"{\" data-sheets-userformat=\"{\">Descubre la cohesi\u00f3n social de los territorios, el valioso capital asociativo de las productoras y los productores rurales y las ventajas del trabajo colaborativo y la participaci\u00f3n en espacios p\u00fablicos. Despierta tu curiosidad y ad\u00e9ntrate en un mundo donde la uni\u00f3n fortalece, la colaboraci\u00f3n impulsa y la participaci\u00f3n transforma. <strong>\u00a1Ad\u00e9ntrate en los datos que develan el poder de la comunidad en la ruralidad de Medell\u00edn!<\/strong><\/span><\/p>\t\t\t\t\t<\/div>\n\t\t\t\t\t\t<\/div>\n\t\t\t\t<\/div>\n\t\t\t\t<div class=\"elementor-element elementor-element-e0f276e elementor-widget elementor-widget-pp-advanced-tabs\" data-id=\"e0f276e\" data-element_type=\"widget\" data-widget_type=\"pp-advanced-tabs.default\">\n\t\t\t\t<div class=\"elementor-widget-container\">\n\t\t\t\t\t<div class=\"pp-advanced-tabs pp-style-0 pp-tabs-responsive-tablet pp-advabced-tabs-responsive\" role=\"tablist\">\n\t\t\t<div class=\"pp-advanced-tabs-wrapper pp-tabs-labels at-vertical  at-no-hover\">\n\t\t\t\t\t\t\t\t\t\t\t<div id=\"pp-advanced-tabs-title-2351\" class=\"pp-advanced-tabs-title pp-tabs-label pp-advanced-tabs-desktop-title pp-tab-active\" data-tab=\"1\" data-index=\"2351\" tabindex=\"2351\" role=\"tab\" aria-controls=\"pp-advanced-tabs-content-2351\">\n\n\t\t\t\t\t\t\t\t\n\t\t\t\t\t\t\t\t<span class=\"pp-advanced-tabs-title-text\">Espacios de participaci\u00f3n <\/span>\n\t\t\t\t\t\t\t\t\t\t\t\t\t\t\t<\/div>\n\t\t\t\t\t\t\t\t\t\t\t\t\t<div id=\"pp-advanced-tabs-title-2352\" class=\"pp-advanced-tabs-title pp-tabs-label pp-advanced-tabs-desktop-title \" data-tab=\"2\" data-index=\"2352\" tabindex=\"2352\" role=\"tab\" aria-controls=\"pp-advanced-tabs-content-2352\">\n\n\t\t\t\t\t\t\t\t\n\t\t\t\t\t\t\t\t<span class=\"pp-advanced-tabs-title-text\">Percepci\u00f3n acciones institucionales <\/span>\n\t\t\t\t\t\t\t\t\t\t\t\t\t\t\t<\/div>\n\t\t\t\t\t\t\t\t\t\t\t\t\t<div id=\"pp-advanced-tabs-title-2353\" class=\"pp-advanced-tabs-title pp-tabs-label pp-advanced-tabs-desktop-title \" data-tab=\"3\" data-index=\"2353\" tabindex=\"2353\" role=\"tab\" aria-controls=\"pp-advanced-tabs-content-2353\">\n\n\t\t\t\t\t\t\t\t\n\t\t\t\t\t\t\t\t<span class=\"pp-advanced-tabs-title-text\">Identificaci\u00f3n de Ideas Rurales <\/span>\n\t\t\t\t\t\t\t\t\t\t\t\t\t\t\t<\/div>\n\t\t\t\t\t\t\t\t\t<\/div>\n\t\t\t<div class=\"pp-advanced-tabs-content-wrapper pp-tabs-panels at-vertical-content\">\n\t\t\t\t\t\t\t\t\t<div class=\"pp-tabs-panel\">\n\t\t\t\t\t<div class=\"pp-advanced-tabs-title pp-tabs-label pp-tab-responsive pp-tab-active at-no-hover\" data-index =\"2351\">\n\t\t\t\t\t\t<div class=\"pp-advanced-tabs-title-inner\">\n\t\t\t\t\t\t\t\n\t\t\t\t\t\t\t<span class=\"pp-advanced-tabs-title-text\">Espacios de participaci\u00f3n <\/span>\n\t\t\t\t\t\t\t<i class=\"pp-toggle-icon pp-tab-open fa\"><\/i>\n\t\t\t\t\t\t<\/div>\n\t\t\t\t\t<\/div>\n\t\t\t\t\t<div id=\"pp-advanced-tabs-content-2351\" class=\"pp-advanced-tabs-content elementor-clearfix pp-advanced-tabs-tab_photo pp-tab-active\" data-tab=\"1\" data-index=\"2351\" role=\"tabpanel\" aria-labelledby=\"pp-advanced-tabs-title-2351\">\n\t\t\t\t\t\t<img width=\"1024\" height=\"887\" src=\"https:\/\/www.medellin.gov.co\/es\/wp-content\/uploads\/2023\/10\/CAPITAL-SOCIAL-PARA-RURALIZAR-LO-URBANO-1-1024x887.png\" class=\"attachment-large size-large\" alt=\"\" loading=\"lazy\" \/>\t\t\t\t\t<\/div>\n\t\t\t\t\t<\/div>\n\t\t\t\t\t\t\t\t\t<div class=\"pp-tabs-panel\">\n\t\t\t\t\t<div class=\"pp-advanced-tabs-title pp-tabs-label pp-tab-responsive  at-no-hover\" data-index =\"2352\">\n\t\t\t\t\t\t<div class=\"pp-advanced-tabs-title-inner\">\n\t\t\t\t\t\t\t\n\t\t\t\t\t\t\t<span class=\"pp-advanced-tabs-title-text\">Percepci\u00f3n acciones institucionales <\/span>\n\t\t\t\t\t\t\t<i class=\"pp-toggle-icon pp-tab-open fa\"><\/i>\n\t\t\t\t\t\t<\/div>\n\t\t\t\t\t<\/div>\n\t\t\t\t\t<div id=\"pp-advanced-tabs-content-2352\" class=\"pp-advanced-tabs-content elementor-clearfix pp-advanced-tabs-tab_photo \" data-tab=\"2\" data-index=\"2352\" role=\"tabpanel\" aria-labelledby=\"pp-advanced-tabs-title-2352\">\n\t\t\t\t\t\t<img width=\"1024\" height=\"887\" src=\"https:\/\/www.medellin.gov.co\/es\/wp-content\/uploads\/2023\/10\/CAPITAL-SOCIAL-PARA-RURALIZAR-LO-URBANO-2-1024x887.png\" class=\"attachment-large size-large\" alt=\"\" loading=\"lazy\" \/>\t\t\t\t\t<\/div>\n\t\t\t\t\t<\/div>\n\t\t\t\t\t\t\t\t\t<div class=\"pp-tabs-panel\">\n\t\t\t\t\t<div class=\"pp-advanced-tabs-title pp-tabs-label pp-tab-responsive  at-no-hover\" data-index =\"2353\">\n\t\t\t\t\t\t<div class=\"pp-advanced-tabs-title-inner\">\n\t\t\t\t\t\t\t\n\t\t\t\t\t\t\t<span class=\"pp-advanced-tabs-title-text\">Identificaci\u00f3n de Ideas Rurales <\/span>\n\t\t\t\t\t\t\t<i class=\"pp-toggle-icon pp-tab-open fa\"><\/i>\n\t\t\t\t\t\t<\/div>\n\t\t\t\t\t<\/div>\n\t\t\t\t\t<div id=\"pp-advanced-tabs-content-2353\" class=\"pp-advanced-tabs-content elementor-clearfix pp-advanced-tabs-tab_photo \" data-tab=\"3\" data-index=\"2353\" role=\"tabpanel\" aria-labelledby=\"pp-advanced-tabs-title-2353\">\n\t\t\t\t\t\t<img width=\"1024\" height=\"887\" src=\"https:\/\/www.medellin.gov.co\/es\/wp-content\/uploads\/2023\/10\/CAPITAL-SOCIAL-PARA-RURALIZAR-LO-URBANO-3-1024x887.png\" class=\"attachment-large size-large\" alt=\"\" loading=\"lazy\" \/>\t\t\t\t\t<\/div>\n\t\t\t\t\t<\/div>\n\t\t\t\t\t\t\t<\/div>\n\t\t<\/div>\n\t\t\t\t<\/div>\n\t\t\t\t<\/div>\n\t\t<\/div><div class=\"elementor-element elementor-element-7c2e9dc e-container--column e-container\" data-id=\"7c2e9dc\" data-element_type=\"container\">\t\t\t\t<div class=\"elementor-element elementor-element-9dc378f elementor-arrows-position-inside elementor-widget elementor-widget-image-carousel\" data-id=\"9dc378f\" data-element_type=\"widget\" data-settings=\"{&quot;slides_to_show&quot;:&quot;4&quot;,&quot;navigation&quot;:&quot;arrows&quot;,&quot;image_spacing_custom&quot;:{&quot;unit&quot;:&quot;px&quot;,&quot;size&quot;:5,&quot;sizes&quot;:[]},&quot;slides_to_show_mobile&quot;:&quot;1&quot;,&quot;autoplay&quot;:&quot;no&quot;,&quot;infinite&quot;:&quot;yes&quot;,&quot;speed&quot;:500}\" data-widget_type=\"image-carousel.default\">\n\t\t\t\t<div class=\"elementor-widget-container\">\n\t\t\t\t\t<div class=\"elementor-image-carousel-wrapper swiper-container\" dir=\"ltr\">\n\t\t\t<div class=\"elementor-image-carousel swiper-wrapper\">\n\t\t\t\t\t\t\t\t<div class=\"swiper-slide\"><figure class=\"swiper-slide-inner\"><img class=\"swiper-slide-image\" src=\"https:\/\/www.medellin.gov.co\/es\/wp-content\/uploads\/2023\/10\/burbuja-compra-hecho-2.jpg\" alt=\"Burbuja Compra Hecho en Medell\u00edn\" \/><\/figure><\/div><div class=\"swiper-slide\"><figure class=\"swiper-slide-inner\"><img class=\"swiper-slide-image\" src=\"https:\/\/www.medellin.gov.co\/es\/wp-content\/uploads\/2023\/10\/burbuja-compra-hecho-1.jpg\" alt=\"Burbuja Compra Hecho en Medell\u00edn\" \/><\/figure><\/div><div class=\"swiper-slide\"><figure class=\"swiper-slide-inner\"><img class=\"swiper-slide-image\" src=\"https:\/\/www.medellin.gov.co\/es\/wp-content\/uploads\/2023\/10\/Santa-elena-productor.jpg\" alt=\"Santa elena productor\" \/><\/figure><\/div><div class=\"swiper-slide\"><figure class=\"swiper-slide-inner\"><img class=\"swiper-slide-image\" src=\"https:\/\/www.medellin.gov.co\/es\/wp-content\/uploads\/2023\/10\/Santa-elena-Hortalizas.jpg\" alt=\"Santa elena Hortalizas\" \/><\/figure><\/div>\t\t\t<\/div>\n\t\t\t\t\t\t\t\t\t\t\t\t\t\t\t\t<div class=\"elementor-swiper-button elementor-swiper-button-prev\">\n\t\t\t\t\t\t<i aria-hidden=\"true\" class=\"eicon-chevron-left\"><\/i>\t\t\t\t\t\t<span class=\"elementor-screen-only\">Anterior<\/span>\n\t\t\t\t\t<\/div>\n\t\t\t\t\t<div class=\"elementor-swiper-button elementor-swiper-button-next\">\n\t\t\t\t\t\t<i aria-hidden=\"true\" class=\"eicon-chevron-right\"><\/i>\t\t\t\t\t\t<span class=\"elementor-screen-only\">Siguiente<\/span>\n\t\t\t\t\t<\/div>\n\t\t\t\t\t\t\t\t\t<\/div>\n\t\t\t\t<\/div>\n\t\t\t\t<\/div>\n\t\t<\/div><div class=\"elementor-element elementor-element-c3dddc8 e-container--column e-container\" data-id=\"c3dddc8\" data-element_type=\"container\">\t\t\t\t<div class=\"elementor-element elementor-element-6987a4c elementor-widget elementor-widget-heading\" data-id=\"6987a4c\" data-element_type=\"widget\" data-widget_type=\"heading.default\">\n\t\t\t\t<div class=\"elementor-widget-container\">\n\t\t\t<h2 class=\"elementor-heading-title elementor-size-default\"><b><\/b><b>\u00bfC\u00f3mo la realizamos? <\/b> <\/h2>\t\t<\/div>\n\t\t\t\t<\/div>\n\t\t\t\t<div class=\"elementor-element elementor-element-7074f4e elementor-position-left elementor-vertical-align-middle bdt-title-link-yes bdt-icon-type-icon bdt-icon-effect-none elementor-widget elementor-widget-bdt-advanced-icon-box\" data-id=\"7074f4e\" data-element_type=\"widget\" data-widget_type=\"bdt-advanced-icon-box.default\">\n\t\t\t\t<div class=\"elementor-widget-container\">\n\t\t\t\t\t<div class=\"bdt-ep-advanced-icon-box\">\n\n\t\t\t\t\t\t\t\n\t\t\t\t\t<div class=\"bdt-ep-advanced-icon-box-icon\">\n\t\t\t\t<span class=\"bdt-ep-advanced-icon-box-icon-wrap\">\n\n\n\t\t\t\t\t\n\t\t\t\t\t\t<i aria-hidden=\"true\" class=\"fas fa-book-open\"><\/i>\n\n\t\t\t\t\t\t\t\t\t<\/span>\n\t\t\t<\/div>\n\t\t\n\t\t\t\t\n\t\t\t<div class=\"bdt-ep-advanced-icon-box-content\">\n\n\t\t\t\t\t\t\t\t\t\n\t\t\t\t\t<h3 class=\"bdt-ep-advanced-icon-box-title\" onclick=\"window.open(&#039;https:\/\/www.medellin.gov.co\/es\/wp-content\/uploads\/2023\/11\/Ficha-te\u0301cnica-Caracterizacio\u0301n.pdf&#039;, &#039;_self&#039;)\">\n\t\t\t\t<span >\n\t\t\t\t\tFicha T\u00e9cnica\t\t\t\t<\/span>\n\t\t\t<\/h3>\n\t\t\n\n\t\t\n\t\t\t\t\t\n\t\t\t\t\n\t\t\t\t\t\t\t\t\t<div class=\"bdt-ep-advanced-icon-box-description\">\n\t\t\t\t\t\t<p>La caracterizaci\u00f3n rural en los cinco corregimientos del Distrito de Medell\u00edn es un ejercicio desarrollado con el objetivo fue obtener informaci\u00f3n actualizada sobre las condiciones de vida y producci\u00f3n en los corregimientos para orientar la pol\u00edtica p\u00fablica hacia las necesidades de los campesinos. A continuaci\u00f3n, se puede consultar un marco general del ejercicio realizado y que sirve de referencia para futuras investigaciones y acciones destinadas a mejorar las condiciones de vida y producci\u00f3n en los corregimientos rurales del Distrito de Medell\u00edn.<\/p>\t\t\t\t\t<\/div>\n\t\t\t\t\n\t\t\t\t\t\t\t\t\t<a class=\"bdt-ep-advanced-icon-box-readmore bdt-display-inline-block\" href=\"#\">\n\t\t\t\t\t\tDESCARGAR\n\t\t\t\t\t\t\t\t\t\t\t<\/a>\n\t\t\t\t\t\t\t<\/div>\n\t\t<\/div>\n\n\t\t\n\t\t\n\t\t<\/div>\n\t\t\t\t<\/div>\n\t\t\t\t<div class=\"elementor-element elementor-element-633a447 elementor-position-left elementor-vertical-align-middle bdt-title-link-yes bdt-icon-type-icon bdt-icon-effect-none elementor-widget elementor-widget-bdt-advanced-icon-box\" data-id=\"633a447\" data-element_type=\"widget\" data-widget_type=\"bdt-advanced-icon-box.default\">\n\t\t\t\t<div class=\"elementor-widget-container\">\n\t\t\t\t\t<div class=\"bdt-ep-advanced-icon-box\">\n\n\t\t\t\t\t\t\t\n\t\t\t\t\t<div class=\"bdt-ep-advanced-icon-box-icon\">\n\t\t\t\t<span class=\"bdt-ep-advanced-icon-box-icon-wrap\">\n\n\n\t\t\t\t\t\n\t\t\t\t\t\t<i aria-hidden=\"true\" class=\"fas fa-book-open\"><\/i>\n\n\t\t\t\t\t\t\t\t\t<\/span>\n\t\t\t<\/div>\n\t\t\n\t\t\t\t\n\t\t\t<div class=\"bdt-ep-advanced-icon-box-content\">\n\n\t\t\t\t\t\t\t\t\t\n\t\t\t\t\t<h3 class=\"bdt-ep-advanced-icon-box-title\" onclick=\"window.open(&#039;https:\/\/www.medellin.gov.co\/es\/wp-content\/uploads\/2023\/11\/1.3.3_Instrumento-levantamiento-de-informacio\u0301n-1.pdf&#039;, &#039;_self&#039;)\">\n\t\t\t\t<span >\n\t\t\t\t\tInstrumento de recolecci\u00f3n de informaci\u00f3n\t\t\t\t<\/span>\n\t\t\t<\/h3>\n\t\t\n\n\t\t\n\t\t\t\t\t\n\t\t\t\t\n\t\t\t\t\t\t\t\t\t<div class=\"bdt-ep-advanced-icon-box-description\">\n\t\t\t\t\t\t<p>Instrumento de recolecci\u00f3n de informaci\u00f3n aplicado en la Caracterizaci\u00f3n Rural, que aborda los siguientes bloques tem\u00e1ticos: caracterizaci\u00f3n de parcelas, producci\u00f3n agroecon\u00f3mica, viviendas, hogares productores, seguridad alimentaria, salud p\u00fablica y participaci\u00f3n ciudadana e institucional. El instrumento recopila datos detallados sobre cada bloque tem\u00e1tico, proporcionando una visi\u00f3n integral del entorno rural. Su aplicaci\u00f3n permiti\u00f3 obtener informaci\u00f3n actualizada y relevante para orientar pol\u00edticas y acciones que mejoren la calidad de vida y promuevan el desarrollo sostenible en las zonas rurales.<\/p>\t\t\t\t\t<\/div>\n\t\t\t\t\n\t\t\t\t\t\t\t\t\t<a class=\"bdt-ep-advanced-icon-box-readmore bdt-display-inline-block\" href=\"#\">\n\t\t\t\t\t\tDESCARGAR\n\t\t\t\t\t\t\t\t\t\t\t<\/a>\n\t\t\t\t\t\t\t<\/div>\n\t\t<\/div>\n\n\t\t\n\t\t\n\t\t<\/div>\n\t\t\t\t<\/div>\n\t\t\t\t<div class=\"elementor-element elementor-element-4b2b9f6 elementor-position-left elementor-vertical-align-middle bdt-title-link-yes bdt-icon-type-icon bdt-icon-effect-none elementor-widget elementor-widget-bdt-advanced-icon-box\" data-id=\"4b2b9f6\" data-element_type=\"widget\" data-widget_type=\"bdt-advanced-icon-box.default\">\n\t\t\t\t<div class=\"elementor-widget-container\">\n\t\t\t\t\t<div class=\"bdt-ep-advanced-icon-box\">\n\n\t\t\t\t\t\t\t\n\t\t\t\t\t<div class=\"bdt-ep-advanced-icon-box-icon\">\n\t\t\t\t<span class=\"bdt-ep-advanced-icon-box-icon-wrap\">\n\n\n\t\t\t\t\t\n\t\t\t\t\t\t<i aria-hidden=\"true\" class=\"fas fa-book-open\"><\/i>\n\n\t\t\t\t\t\t\t\t\t<\/span>\n\t\t\t<\/div>\n\t\t\n\t\t\t\t\n\t\t\t<div class=\"bdt-ep-advanced-icon-box-content\">\n\n\t\t\t\t\t\t\t\t\t\n\t\t\t\t\t<h3 class=\"bdt-ep-advanced-icon-box-title\" onclick=\"window.open(&#039;https:\/\/www.medellin.gov.co\/es\/wp-content\/uploads\/2023\/11\/Archivos-de-datos-caracterizacio\u0301n.zip&#039;, &#039;_self&#039;)\">\n\t\t\t\t<span >\n\t\t\t\t\tArchivo de datos\t\t\t\t<\/span>\n\t\t\t<\/h3>\n\t\t\n\n\t\t\n\t\t\t\t\t\n\t\t\t\t\n\t\t\t\t\t\t\t\t\t<div class=\"bdt-ep-advanced-icon-box-description\">\n\t\t\t\t\t\t<p>Herramienta que permite consultar y descargar archivos planos con la informaci\u00f3n estad\u00edstica levantada en el ejercicio de caracterizaci\u00f3n rural. Accede y aprovecha esta valiosa fuente de datos para comprender y analizar en profundidad las realidades de nuestras zonas rurales. \u00a1Explora, descarga y \u00fanete a nosotros en nuestro esfuerzo por promover el desarrollo rural del Distrito!<\/p>\t\t\t\t\t<\/div>\n\t\t\t\t\n\t\t\t\t\t\t\t\t\t<a class=\"bdt-ep-advanced-icon-box-readmore bdt-display-inline-block\" href=\"#\">\n\t\t\t\t\t\tDESCARGAR\n\t\t\t\t\t\t\t\t\t\t\t<\/a>\n\t\t\t\t\t\t\t<\/div>\n\t\t<\/div>\n\n\t\t\n\t\t\n\t\t<\/div>\n\t\t\t\t<\/div>\n\t\t<\/div>\t\t\t\t\t\t\t<\/div>\n\t\t\t<\/div>\n\t\t\t\t\t<\/div>\n\t\t","protected":false},"excerpt":{"rendered":"<p>Caracterizaci\u00f3n rural\u00a0| Alimentos que conectan Caracterizaci\u00f3n Socio Econ\u00f3mica Este estudio se desarroll\u00f3 con el objetivo de obtener informaci\u00f3n actualizada sobre las condiciones integrales de vida y producci\u00f3n de las familias productoras en los corregimientos de &#8230;<\/p>\n","protected":false},"author":31,"featured_media":245779,"parent":264659,"menu_order":0,"comment_status":"closed","ping_status":"closed","template":"sec-corregimientos\/elementor-fao.php","meta":[],"acf":[],"_links":{"self":[{"href":"https:\/\/www.medellin.gov.co\/es\/wp-json\/wp\/v2\/pages\/264664"}],"collection":[{"href":"https:\/\/www.medellin.gov.co\/es\/wp-json\/wp\/v2\/pages"}],"about":[{"href":"https:\/\/www.medellin.gov.co\/es\/wp-json\/wp\/v2\/types\/page"}],"author":[{"embeddable":true,"href":"https:\/\/www.medellin.gov.co\/es\/wp-json\/wp\/v2\/users\/31"}],"replies":[{"embeddable":true,"href":"https:\/\/www.medellin.gov.co\/es\/wp-json\/wp\/v2\/comments?post=264664"}],"version-history":[{"count":10,"href":"https:\/\/www.medellin.gov.co\/es\/wp-json\/wp\/v2\/pages\/264664\/revisions"}],"predecessor-version":[{"id":277406,"href":"https:\/\/www.medellin.gov.co\/es\/wp-json\/wp\/v2\/pages\/264664\/revisions\/277406"}],"up":[{"embeddable":true,"href":"https:\/\/www.medellin.gov.co\/es\/wp-json\/wp\/v2\/pages\/264659"}],"wp:featuredmedia":[{"embeddable":true,"href":"https:\/\/www.medellin.gov.co\/es\/wp-json\/wp\/v2\/media\/245779"}],"wp:attachment":[{"href":"https:\/\/www.medellin.gov.co\/es\/wp-json\/wp\/v2\/media?parent=264664"}],"curies":[{"name":"wp","href":"https:\/\/api.w.org\/{rel}","templated":true}]}}