{"id":264675,"date":"2023-10-12T14:32:39","date_gmt":"2023-10-12T19:32:39","guid":{"rendered":"https:\/\/www.medellin.gov.co\/es\/?page_id=264675"},"modified":"2023-10-26T14:47:09","modified_gmt":"2023-10-26T19:47:09","slug":"fomentando-la-asociatividad","status":"publish","type":"page","link":"https:\/\/www.medellin.gov.co\/es\/corregimientos\/comer-conexion-medellin-rural\/datos-de-la-ruralidad-de-medellin\/alimentos-que-conectan\/fomentando-la-asociatividad\/","title":{"rendered":"Fomentando la asociatividad"},"content":{"rendered":"\t\t<div data-elementor-type=\"wp-page\" data-elementor-id=\"264675\" class=\"elementor elementor-264675\">\n\t\t\t\t\t\t<div class=\"elementor-inner\">\n\t\t\t\t<div class=\"elementor-section-wrap\">\n\t\t\t\t\t\t\t<div class=\"elementor-element elementor-element-fae6af2 e-container--column e-container\" data-id=\"fae6af2\" data-element_type=\"container\">\t\t\t\t<div class=\"elementor-element elementor-element-905a75f elementor-widget elementor-widget-heading\" data-id=\"905a75f\" data-element_type=\"widget\" data-widget_type=\"heading.default\">\n\t\t\t\t<div class=\"elementor-widget-container\">\n\t\t\t<h1 class=\"elementor-heading-title elementor-size-default\">Fomentando la asociatividad <\/h1>\t\t<\/div>\n\t\t\t\t<\/div>\n\t\t<\/div><div class=\"elementor-element elementor-element-3a6f979 e-container--row e-container\" data-id=\"3a6f979\" data-element_type=\"container\">\t\t<div class=\"elementor-element elementor-element-871432b e-container--column e-container\" data-id=\"871432b\" data-element_type=\"container\">\t\t\t\t<div class=\"elementor-element elementor-element-f362635 elementor-widget elementor-widget-text-editor\" data-id=\"f362635\" data-element_type=\"widget\" data-widget_type=\"text-editor.default\">\n\t\t\t\t<div class=\"elementor-widget-container\">\n\t\t\t\t\t\t\t\t<div class=\"elementor-text-editor elementor-clearfix\">\n\t\t\t\t<div class=\"elementor-element elementor-element-98f1b1a e-container--column e-container\" data-id=\"98f1b1a\" data-element_type=\"container\"><div class=\"elementor-element elementor-element-874b795 elementor-widget elementor-widget-text-editor\" data-id=\"874b795\" data-element_type=\"widget\" data-widget_type=\"text-editor.default\"><div class=\"elementor-widget-container\"><div class=\"elementor-element elementor-element-c997f19 e-container--column e-container\" data-id=\"c997f19\" data-element_type=\"container\"><div class=\"elementor-element elementor-element-e6b0ef7 animated-slow elementor-widget elementor-widget-text-editor\" data-id=\"e6b0ef7\" data-element_type=\"widget\" data-settings=\"{&quot;_animation_mobile&quot;:&quot;slideInUp&quot;,&quot;_animation&quot;:&quot;none&quot;}\" data-widget_type=\"text-editor.default\"><div class=\"elementor-widget-container\"><p>En la b\u00fasqueda constante por fortalecer la comercializaci\u00f3n y promover la asociaci\u00f3n en cinco corregimientos, la cooperativa COPACORMED se ha convertido en un referente.<\/p><p>El enfoque principal de COPACORMED se centra en la producci\u00f3n, transformaci\u00f3n, distribuci\u00f3n (agro log\u00edstica compartida) y comercializaci\u00f3n de productos agr\u00edcolas y pecuarios. La cooperativa garantiza que los productos cumplan con los est\u00e1ndares m\u00e1s exigentes, llegando a los mercados de manera eficiente y rentable.<\/p><p>Pero la labor de COPACORMED es brindar el acompa\u00f1amiento en aras de fortalecer la producci\u00f3n y comercializaci\u00f3n de bienes alimentarios para que sus asociados cuenten con el apoyo necesario para prosperar en sus emprendimientos.<\/p><\/div><\/div><\/div><\/div><\/div><\/div>\t\t\t\t\t<\/div>\n\t\t\t\t\t\t<\/div>\n\t\t\t\t<\/div>\n\t\t<\/div><div class=\"elementor-element elementor-element-f8793fe e-container--column e-container\" data-id=\"f8793fe\" data-element_type=\"container\">\t\t\t\t<div class=\"elementor-element elementor-element-d6192d9 elementor-widget elementor-widget-image\" data-id=\"d6192d9\" data-element_type=\"widget\" data-widget_type=\"image.default\">\n\t\t\t\t<div class=\"elementor-widget-container\">\n\t\t\t\t\t\t\t\t<div class=\"elementor-image\">\n\t\t\t\t\t\t\t\t\t\t\t\t<img width=\"1024\" height=\"768\" src=\"https:\/\/www.medellin.gov.co\/es\/wp-content\/uploads\/2023\/10\/San-Antonio-de-prado-mujeres-1024x768.jpg\" class=\"attachment-large size-large\" alt=\"San Antonio de prado mujeres\" loading=\"lazy\" srcset=\"https:\/\/www.medellin.gov.co\/es\/wp-content\/uploads\/2023\/10\/San-Antonio-de-prado-mujeres-1024x768.jpg 1024w, https:\/\/www.medellin.gov.co\/es\/wp-content\/uploads\/2023\/10\/San-Antonio-de-prado-mujeres-300x225.jpg 300w, https:\/\/www.medellin.gov.co\/es\/wp-content\/uploads\/2023\/10\/San-Antonio-de-prado-mujeres-150x112.jpg 150w, https:\/\/www.medellin.gov.co\/es\/wp-content\/uploads\/2023\/10\/San-Antonio-de-prado-mujeres-768x576.jpg 768w, https:\/\/www.medellin.gov.co\/es\/wp-content\/uploads\/2023\/10\/San-Antonio-de-prado-mujeres.jpg 1067w\" sizes=\"(max-width: 1024px) 100vw, 1024px\" \/>\t\t\t\t\t\t\t\t\t\t\t\t\t\t<\/div>\n\t\t\t\t\t\t<\/div>\n\t\t\t\t<\/div>\n\t\t<\/div><\/div><div class=\"elementor-element elementor-element-b6e3342 e-container--column e-container\" data-id=\"b6e3342\" data-element_type=\"container\" data-settings=\"{&quot;background_background&quot;:&quot;classic&quot;}\">\t\t\t\t<div class=\"elementor-element elementor-element-ea822ad elementor-widget elementor-widget-heading\" data-id=\"ea822ad\" data-element_type=\"widget\" data-widget_type=\"heading.default\">\n\t\t\t\t<div class=\"elementor-widget-container\">\n\t\t\t<h2 class=\"elementor-heading-title elementor-size-default\"><b>Lusitania <\/b><\/h2>\t\t<\/div>\n\t\t\t\t<\/div>\n\t\t\t\t<div class=\"elementor-element elementor-element-6ed569a elementor-widget elementor-widget-text-editor\" data-id=\"6ed569a\" data-element_type=\"widget\" data-widget_type=\"text-editor.default\">\n\t\t\t\t<div class=\"elementor-widget-container\">\n\t\t\t\t\t\t\t\t<div class=\"elementor-text-editor elementor-clearfix\">\n\t\t\t\t<div class=\"elementor-element elementor-element-398c911 elementor-widget elementor-widget-text-editor\" data-id=\"398c911\" data-element_type=\"widget\" data-settings=\"{&quot;_animation_mobile&quot;:&quot;slideInUp&quot;}\" data-widget_type=\"text-editor.default\"><div class=\"elementor-widget-container\"><p>El Centro Integral de Abastecimiento Lusitania nace como propuesta de intercambio comercial entre los productores del \u00e1rea de influencia y los establecimientos de comercio local y regional, su objetivo es la generaci\u00f3n de valor a los bienes alimentarios producidos en la zona realizando proceso de selecci\u00f3n, clasificaci\u00f3n, empaque y despacho.<\/p><p>El espacio est\u00e1 concebido para ponerlo a disposici\u00f3n de los productores agropecuarios de su zona de influencia que son los corregimientos de San Crist\u00f3bal y san Jos\u00e9 de Palmitas en donde podr\u00e1n tener\u00a0 oferta permanente de bienes alimentarios locales a los residentes de la zona en donde habitan alrededor de <strong>120.000 personas <\/strong>y sigue en permanente expansi\u00f3n.<\/p><\/div><\/div>\t\t\t\t\t<\/div>\n\t\t\t\t\t\t<\/div>\n\t\t\t\t<\/div>\n\t\t<\/div><div class=\"elementor-element elementor-element-0344e95 e-container--column e-container\" data-id=\"0344e95\" data-element_type=\"container\">\t\t\t\t<div class=\"elementor-element elementor-element-c739eda elementor-arrows-position-inside elementor-widget elementor-widget-image-carousel\" data-id=\"c739eda\" data-element_type=\"widget\" data-settings=\"{&quot;slides_to_show&quot;:&quot;4&quot;,&quot;navigation&quot;:&quot;arrows&quot;,&quot;autoplay&quot;:&quot;no&quot;,&quot;image_spacing_custom&quot;:{&quot;unit&quot;:&quot;px&quot;,&quot;size&quot;:5,&quot;sizes&quot;:[]},&quot;infinite&quot;:&quot;yes&quot;,&quot;speed&quot;:500}\" data-widget_type=\"image-carousel.default\">\n\t\t\t\t<div class=\"elementor-widget-container\">\n\t\t\t\t\t<div class=\"elementor-image-carousel-wrapper swiper-container\" dir=\"ltr\">\n\t\t\t<div class=\"elementor-image-carousel swiper-wrapper\">\n\t\t\t\t\t\t\t\t<div class=\"swiper-slide\"><figure class=\"swiper-slide-inner\"><img class=\"swiper-slide-image\" src=\"https:\/\/www.medellin.gov.co\/es\/wp-content\/uploads\/2023\/10\/Santa-elena-productos-1024x683.jpg\" alt=\"Santa elena productos\" \/><\/figure><\/div><div class=\"swiper-slide\"><figure class=\"swiper-slide-inner\"><img class=\"swiper-slide-image\" src=\"https:\/\/www.medellin.gov.co\/es\/wp-content\/uploads\/2023\/10\/Silleteros-Santa-elena-1024x683.jpg\" alt=\"Silleteros Santa elena\" \/><\/figure><\/div><div class=\"swiper-slide\"><figure class=\"swiper-slide-inner\"><img class=\"swiper-slide-image\" src=\"https:\/\/www.medellin.gov.co\/es\/wp-content\/uploads\/2023\/10\/San-Cristo\u0301bal-Puente-1024x683.jpg\" alt=\"San Cristo\u0301bal Puente\" \/><\/figure><\/div><div class=\"swiper-slide\"><figure class=\"swiper-slide-inner\"><img class=\"swiper-slide-image\" src=\"https:\/\/www.medellin.gov.co\/es\/wp-content\/uploads\/2023\/10\/Altavista-Bus-1024x683.jpg\" alt=\"Altavista Bus\" \/><\/figure><\/div>\t\t\t<\/div>\n\t\t\t\t\t\t\t\t\t\t\t\t\t\t\t\t<div class=\"elementor-swiper-button elementor-swiper-button-prev\">\n\t\t\t\t\t\t<i aria-hidden=\"true\" class=\"eicon-chevron-left\"><\/i>\t\t\t\t\t\t<span class=\"elementor-screen-only\">Anterior<\/span>\n\t\t\t\t\t<\/div>\n\t\t\t\t\t<div class=\"elementor-swiper-button elementor-swiper-button-next\">\n\t\t\t\t\t\t<i aria-hidden=\"true\" class=\"eicon-chevron-right\"><\/i>\t\t\t\t\t\t<span class=\"elementor-screen-only\">Siguiente<\/span>\n\t\t\t\t\t<\/div>\n\t\t\t\t\t\t\t\t\t<\/div>\n\t\t\t\t<\/div>\n\t\t\t\t<\/div>\n\t\t<\/div><div class=\"elementor-element elementor-element-50996f3 e-container--row e-container\" data-id=\"50996f3\" data-element_type=\"container\" data-settings=\"{&quot;background_background&quot;:&quot;classic&quot;}\">\t\t<div class=\"elementor-element elementor-element-69f5f73 e-container--column e-container\" data-id=\"69f5f73\" data-element_type=\"container\">\t\t\t\t<div class=\"elementor-element elementor-element-0711335 elementor-widget elementor-widget-text-editor\" data-id=\"0711335\" data-element_type=\"widget\" data-widget_type=\"text-editor.default\">\n\t\t\t\t<div class=\"elementor-widget-container\">\n\t\t\t\t\t\t\t\t<div class=\"elementor-text-editor elementor-clearfix\">\n\t\t\t\t<p>Este es un espacio pensado tambi\u00e9n para ciclos formativos en torno a la alimentaci\u00f3n saludable, vejez saludable, manejo de p\u00e9rdidas y desperdicios, cocinas itinerantes y educaci\u00f3n alimentaria en general.\u00a0<\/p><p>En el centro integral de Lusitania, COPACORMED desarrolla diversos procesos clave:<\/p>\t\t\t\t\t<\/div>\n\t\t\t\t\t\t<\/div>\n\t\t\t\t<\/div>\n\t\t\t\t<div class=\"elementor-element elementor-element-b98f438 elementor-icon-list--layout-traditional elementor-list-item-link-full_width elementor-widget elementor-widget-icon-list\" data-id=\"b98f438\" data-element_type=\"widget\" data-widget_type=\"icon-list.default\">\n\t\t\t\t<div class=\"elementor-widget-container\">\n\t\t\t\t\t<ul class=\"elementor-icon-list-items\">\n\t\t\t\t\t\t\t<li class=\"elementor-icon-list-item\">\n\t\t\t\t\t\t\t\t\t\t\t<span class=\"elementor-icon-list-icon\">\n\t\t\t\t\t\t\t<i aria-hidden=\"true\" class=\"far fa-dot-circle\"><\/i>\t\t\t\t\t\t<\/span>\n\t\t\t\t\t\t\t\t\t\t<span class=\"elementor-icon-list-text\">Oferta de rutas de agro-log\u00edstica compartida.<\/span>\n\t\t\t\t\t\t\t\t\t<\/li>\n\t\t\t\t\t\t\t\t<li class=\"elementor-icon-list-item\">\n\t\t\t\t\t\t\t\t\t\t\t<span class=\"elementor-icon-list-icon\">\n\t\t\t\t\t\t\t<i aria-hidden=\"true\" class=\"far fa-dot-circle\"><\/i>\t\t\t\t\t\t<\/span>\n\t\t\t\t\t\t\t\t\t\t<span class=\"elementor-icon-list-text\">Selecci\u00f3n, clasificaci\u00f3n, recibimiento, empaque y promoci\u00f3n de los productos.<\/span>\n\t\t\t\t\t\t\t\t\t<\/li>\n\t\t\t\t\t\t\t\t<li class=\"elementor-icon-list-item\">\n\t\t\t\t\t\t\t\t\t\t\t<span class=\"elementor-icon-list-icon\">\n\t\t\t\t\t\t\t<i aria-hidden=\"true\" class=\"far fa-dot-circle\"><\/i>\t\t\t\t\t\t<\/span>\n\t\t\t\t\t\t\t\t\t\t<span class=\"elementor-icon-list-text\">B\u00fasqueda y gesti\u00f3n con clientes institucionales.<\/span>\n\t\t\t\t\t\t\t\t\t<\/li>\n\t\t\t\t\t\t\t\t<li class=\"elementor-icon-list-item\">\n\t\t\t\t\t\t\t\t\t\t\t<span class=\"elementor-icon-list-icon\">\n\t\t\t\t\t\t\t<i aria-hidden=\"true\" class=\"far fa-dot-circle\"><\/i>\t\t\t\t\t\t<\/span>\n\t\t\t\t\t\t\t\t\t\t<span class=\"elementor-icon-list-text\">Generaci\u00f3n de facturaci\u00f3n electr\u00f3nica y de cartera.<\/span>\n\t\t\t\t\t\t\t\t\t<\/li>\n\t\t\t\t\t\t\t\t<li class=\"elementor-icon-list-item\">\n\t\t\t\t\t\t\t\t\t\t\t<span class=\"elementor-icon-list-icon\">\n\t\t\t\t\t\t\t<i aria-hidden=\"true\" class=\"far fa-dot-circle\"><\/i>\t\t\t\t\t\t<\/span>\n\t\t\t\t\t\t\t\t\t\t<span class=\"elementor-icon-list-text\">Gesti\u00f3n de relaciones comerciales.<\/span>\n\t\t\t\t\t\t\t\t\t<\/li>\n\t\t\t\t\t\t<\/ul>\n\t\t\t\t<\/div>\n\t\t\t\t<\/div>\n\t\t<\/div><div class=\"elementor-element elementor-element-2e552df e-container--column e-container\" data-id=\"2e552df\" data-element_type=\"container\">\t\t\t\t<div class=\"elementor-element elementor-element-8603fd2 elementor-widget elementor-widget-bdt-image-magnifier\" data-id=\"8603fd2\" data-element_type=\"widget\" data-widget_type=\"bdt-image-magnifier.default\">\n\t\t\t\t<div class=\"elementor-widget-container\">\n\t\t\t            <div data-settings=\"{&quot;type&quot;:&quot;standard&quot;,&quot;bigImageSrc&quot;:&quot;https:\\\/\\\/www.medellin.gov.co\\\/es\\\/wp-content\\\/uploads\\\/2023\\\/10\\\/Pajarito.jpg&quot;,&quot;smoothMove&quot;:true,&quot;preload&quot;:true,&quot;position&quot;:&quot;right&quot;,&quot;zoomSize&quot;:[0,0],&quot;offset&quot;:[0,0]}\" class=\"bdt-image-magnifier bdt-position-relative\">\n                <img class=\"bdt-image-magnifier-image\" src=\"https:\/\/www.medellin.gov.co\/es\/wp-content\/uploads\/2023\/10\/Mapa-corregimientos-medelli\u0301n.webp\" alt=\"\">\n            <\/div>\n            \t\t<\/div>\n\t\t\t\t<\/div>\n\t\t<\/div><\/div><div class=\"elementor-element elementor-element-7ca3740 e-container--column e-container\" data-id=\"7ca3740\" data-element_type=\"container\">\t\t\t\t<div class=\"elementor-element elementor-element-933000c elementor-widget elementor-widget-heading\" data-id=\"933000c\" data-element_type=\"widget\" data-widget_type=\"heading.default\">\n\t\t\t\t<div class=\"elementor-widget-container\">\n\t\t\t<h2 class=\"elementor-heading-title elementor-size-default\"><b>El proceso <\/b> en el Centro integral de Lusitania <\/h2>\t\t<\/div>\n\t\t\t\t<\/div>\n\t\t\t\t<div class=\"elementor-element elementor-element-5be710a elementor-widget elementor-widget-image\" data-id=\"5be710a\" data-element_type=\"widget\" data-widget_type=\"image.default\">\n\t\t\t\t<div class=\"elementor-widget-container\">\n\t\t\t\t\t\t\t\t<div class=\"elementor-image\">\n\t\t\t\t\t\t\t\t\t\t\t\t<img width=\"1164\" height=\"800\" src=\"https:\/\/www.medellin.gov.co\/es\/wp-content\/uploads\/2023\/10\/Proceso_iconos-02.jpg\" class=\"attachment-full size-full\" alt=\"Iconos del proceso\" loading=\"lazy\" srcset=\"https:\/\/www.medellin.gov.co\/es\/wp-content\/uploads\/2023\/10\/Proceso_iconos-02.jpg 1164w, https:\/\/www.medellin.gov.co\/es\/wp-content\/uploads\/2023\/10\/Proceso_iconos-02-300x206.jpg 300w, https:\/\/www.medellin.gov.co\/es\/wp-content\/uploads\/2023\/10\/Proceso_iconos-02-1024x704.jpg 1024w, https:\/\/www.medellin.gov.co\/es\/wp-content\/uploads\/2023\/10\/Proceso_iconos-02-150x103.jpg 150w, https:\/\/www.medellin.gov.co\/es\/wp-content\/uploads\/2023\/10\/Proceso_iconos-02-768x528.jpg 768w\" sizes=\"(max-width: 1164px) 100vw, 1164px\" \/>\t\t\t\t\t\t\t\t\t\t\t\t\t\t<\/div>\n\t\t\t\t\t\t<\/div>\n\t\t\t\t<\/div>\n\t\t\t\t<div class=\"elementor-element elementor-element-ceb1fe2 elementor-widget elementor-widget-text-editor\" data-id=\"ceb1fe2\" data-element_type=\"widget\" data-widget_type=\"text-editor.default\">\n\t\t\t\t<div class=\"elementor-widget-container\">\n\t\t\t\t\t\t\t\t<div class=\"elementor-text-editor elementor-clearfix\">\n\t\t\t\t<p>La agregaci\u00f3n de valor en los alimentos rurales ofrece m\u00faltiples beneficios. Fortalece las asociaciones, brinda oportunidades de comercializaci\u00f3n y aumenta el valor y los ingresos de los productores. Mejora la calidad y presentaci\u00f3n de los alimentos, diferenci\u00e1ndolos en el mercado y obteniendo mejores precios. Estos procesos fomentan la colaboraci\u00f3n, solidaridad y fortalecimiento de las comunidades rurales.<\/p>\t\t\t\t\t<\/div>\n\t\t\t\t\t\t<\/div>\n\t\t\t\t<\/div>\n\t\t<\/div><div class=\"elementor-element elementor-element-b1014a3 e-container--column e-container\" data-id=\"b1014a3\" data-element_type=\"container\">\t\t<div class=\"elementor-element elementor-element-1497251 e-container--column e-container\" data-id=\"1497251\" data-element_type=\"container\" data-settings=\"{&quot;background_background&quot;:&quot;classic&quot;}\">\t\t\t\t<div class=\"elementor-element elementor-element-f4f0b29 elementor-widget__width-inherit elementor-widget-tablet__width-inherit elementor-widget elementor-widget-heading\" data-id=\"f4f0b29\" data-element_type=\"widget\" data-widget_type=\"heading.default\">\n\t\t\t\t<div class=\"elementor-widget-container\">\n\t\t\t<p class=\"elementor-heading-title elementor-size-default\"><b>El centro integral <\/b> de abastecimiento de Lusitania se convierte en una vitrina<\/p>\t\t<\/div>\n\t\t\t\t<\/div>\n\t\t\t\t<div class=\"elementor-element elementor-element-a55e7d9 elementor-widget elementor-widget-text-editor\" data-id=\"a55e7d9\" data-element_type=\"widget\" data-widget_type=\"text-editor.default\">\n\t\t\t\t<div class=\"elementor-widget-container\">\n\t\t\t\t\t\t\t\t<div class=\"elementor-text-editor elementor-clearfix\">\n\t\t\t\t<p>Para que los productores vendan directamente sus productos a las comunidades que residen all\u00ed. En el espacio se crean paquetes alimentarios como estrategia de reducci\u00f3n del hambre. Estos son distribuidos en diferentes canales de la ciudad, como lo son la academia y los mercados sociales.<\/p>\t\t\t\t\t<\/div>\n\t\t\t\t\t\t<\/div>\n\t\t\t\t<\/div>\n\t\t<\/div><\/div>\t\t\t\t\t\t\t<\/div>\n\t\t\t<\/div>\n\t\t\t\t\t<\/div>\n\t\t","protected":false},"excerpt":{"rendered":"<p>Fomentando la asociatividad En la b\u00fasqueda constante por fortalecer la comercializaci\u00f3n y promover la asociaci\u00f3n en cinco corregimientos, la cooperativa COPACORMED se ha convertido en un referente. El enfoque principal de COPACORMED se centra en &#8230;<\/p>\n","protected":false},"author":31,"featured_media":245779,"parent":264670,"menu_order":0,"comment_status":"closed","ping_status":"closed","template":"sec-corregimientos\/elementor-fao.php","meta":[],"acf":[],"_links":{"self":[{"href":"https:\/\/www.medellin.gov.co\/es\/wp-json\/wp\/v2\/pages\/264675"}],"collection":[{"href":"https:\/\/www.medellin.gov.co\/es\/wp-json\/wp\/v2\/pages"}],"about":[{"href":"https:\/\/www.medellin.gov.co\/es\/wp-json\/wp\/v2\/types\/page"}],"author":[{"embeddable":true,"href":"https:\/\/www.medellin.gov.co\/es\/wp-json\/wp\/v2\/users\/31"}],"replies":[{"embeddable":true,"href":"https:\/\/www.medellin.gov.co\/es\/wp-json\/wp\/v2\/comments?post=264675"}],"version-history":[{"count":10,"href":"https:\/\/www.medellin.gov.co\/es\/wp-json\/wp\/v2\/pages\/264675\/revisions"}],"predecessor-version":[{"id":272304,"href":"https:\/\/www.medellin.gov.co\/es\/wp-json\/wp\/v2\/pages\/264675\/revisions\/272304"}],"up":[{"embeddable":true,"href":"https:\/\/www.medellin.gov.co\/es\/wp-json\/wp\/v2\/pages\/264670"}],"wp:featuredmedia":[{"embeddable":true,"href":"https:\/\/www.medellin.gov.co\/es\/wp-json\/wp\/v2\/media\/245779"}],"wp:attachment":[{"href":"https:\/\/www.medellin.gov.co\/es\/wp-json\/wp\/v2\/media?parent=264675"}],"curies":[{"name":"wp","href":"https:\/\/api.w.org\/{rel}","templated":true}]}}