{"id":264693,"date":"2023-10-12T14:35:59","date_gmt":"2023-10-12T19:35:59","guid":{"rendered":"https:\/\/www.medellin.gov.co\/es\/?page_id=264693"},"modified":"2023-10-26T16:35:35","modified_gmt":"2023-10-26T21:35:35","slug":"ideas-rurales","status":"publish","type":"page","link":"https:\/\/www.medellin.gov.co\/es\/corregimientos\/comer-conexion-medellin-rural\/gestiona-tu-proyecto\/ideas-rurales\/","title":{"rendered":"Ideas rurales"},"content":{"rendered":"\t\t<div data-elementor-type=\"wp-page\" data-elementor-id=\"264693\" class=\"elementor elementor-264693\">\n\t\t\t\t\t\t<div class=\"elementor-inner\">\n\t\t\t\t<div class=\"elementor-section-wrap\">\n\t\t\t\t\t\t\t<div class=\"elementor-element elementor-element-f77d2f4 e-container--column e-container\" data-id=\"f77d2f4\" data-element_type=\"container\">\t\t\t\t<div class=\"elementor-element elementor-element-4f62ff2 elementor-widget elementor-widget-text-editor\" data-id=\"4f62ff2\" data-element_type=\"widget\" data-widget_type=\"text-editor.default\">\n\t\t\t\t<div class=\"elementor-widget-container\">\n\t\t\t\t\t\t\t\t<div class=\"elementor-text-editor elementor-clearfix\">\n\t\t\t\t<p style=\"text-align: right;\"><a href=\"https:\/\/www.medellin.gov.co\/es\/corregimientos\/comer-conexion-medellin-rural\/gestiona-tu-proyecto\/formula-tu-proyecto\/\">Formula tu proyecto<\/a> | <a href=\"#\">Ideas rurales<\/a> | <a href=\"https:\/\/www.medellin.gov.co\/es\/corregimientos\/comer-conexion-medellin-rural\/gestiona-tu-proyecto\/banco-de-cooperantes\/\">Banco de cooperantes<\/a><\/p>\t\t\t\t\t<\/div>\n\t\t\t\t\t\t<\/div>\n\t\t\t\t<\/div>\n\t\t<\/div><div class=\"elementor-element elementor-element-b46702a e-container--column e-container\" data-id=\"b46702a\" data-element_type=\"container\">\t\t\t\t<div class=\"elementor-element elementor-element-ae6008a elementor-widget elementor-widget-heading\" data-id=\"ae6008a\" data-element_type=\"widget\" data-widget_type=\"heading.default\">\n\t\t\t\t<div class=\"elementor-widget-container\">\n\t\t\t<h1 class=\"elementor-heading-title elementor-size-default\">\u00bfQu\u00e9 son las ideas rurales?<\/h1>\t\t<\/div>\n\t\t\t\t<\/div>\n\t\t<\/div><div class=\"elementor-element elementor-element-48103c6 e-container--row e-container\" data-id=\"48103c6\" data-element_type=\"container\">\t\t<div class=\"elementor-element elementor-element-b6ef5ad e-container--column e-container\" data-id=\"b6ef5ad\" data-element_type=\"container\">\t\t\t\t<div class=\"elementor-element elementor-element-76f8023 elementor-widget elementor-widget-text-editor\" data-id=\"76f8023\" data-element_type=\"widget\" data-widget_type=\"text-editor.default\">\n\t\t\t\t<div class=\"elementor-widget-container\">\n\t\t\t\t\t\t\t\t<div class=\"elementor-text-editor elementor-clearfix\">\n\t\t\t\t<p><span data-contrast=\"auto\">La Oficina de Gesti\u00f3n de proyectos (PMO) denominada <\/span><b><span data-contrast=\"auto\">Ideas Rurales Corregimientos Futuro<\/span><\/b><span data-contrast=\"auto\"> surge como una necesidad de apoyar la creaci\u00f3n de proyectos con alto valor de innovaci\u00f3n social y tecnol\u00f3gica estrechamente relacionados con el sector agropecuario en la ruralidad de Medell\u00edn. Es un motor de desarrollo de capacidades en los territorios y mejorando las condiciones de vida de la poblaci\u00f3n rural de la ciudad. La PMO hace parte de la estructura interna de la Gerencia de Corregimientos y cumple con la funci\u00f3n de definir normas, directrices, procedimientos, estandarizaci\u00f3n de gesti\u00f3n y mecanismos de financiamiento que permitan una adecuada planeaci\u00f3n, medici\u00f3n y control de proyectos con el fin de generar valor para los territorios corregimentales y lograr una alta tasa de \u00e9xito en t\u00e9rminos de tiempo, costo, alcance y calidad esperada.<\/span><span data-ccp-props=\"{\">\u00a0<\/span><\/p>\t\t\t\t\t<\/div>\n\t\t\t\t\t\t<\/div>\n\t\t\t\t<\/div>\n\t\t<\/div><div class=\"elementor-element elementor-element-25b3e08 e-container--column e-container\" data-id=\"25b3e08\" data-element_type=\"container\">\t\t\t\t<div class=\"elementor-element elementor-element-efe3e35 elementor-widget elementor-widget-image\" data-id=\"efe3e35\" data-element_type=\"widget\" data-widget_type=\"image.default\">\n\t\t\t\t<div class=\"elementor-widget-container\">\n\t\t\t\t\t\t\t\t<div class=\"elementor-image\">\n\t\t\t\t\t\t\t\t\t\t\t\t<img width=\"900\" height=\"600\" src=\"https:\/\/www.medellin.gov.co\/es\/wp-content\/uploads\/2023\/10\/ideas-rurales.jpg\" class=\"attachment-large size-large\" alt=\"Familia campesina\" loading=\"lazy\" srcset=\"https:\/\/www.medellin.gov.co\/es\/wp-content\/uploads\/2023\/10\/ideas-rurales.jpg 900w, https:\/\/www.medellin.gov.co\/es\/wp-content\/uploads\/2023\/10\/ideas-rurales-300x200.jpg 300w, https:\/\/www.medellin.gov.co\/es\/wp-content\/uploads\/2023\/10\/ideas-rurales-150x100.jpg 150w, https:\/\/www.medellin.gov.co\/es\/wp-content\/uploads\/2023\/10\/ideas-rurales-768x512.jpg 768w\" sizes=\"(max-width: 900px) 100vw, 900px\" \/>\t\t\t\t\t\t\t\t\t\t\t\t\t\t<\/div>\n\t\t\t\t\t\t<\/div>\n\t\t\t\t<\/div>\n\t\t<\/div><\/div><div class=\"elementor-element elementor-element-dcc8715 e-container--column e-container\" data-id=\"dcc8715\" data-element_type=\"container\">\t\t<div class=\"elementor-element elementor-element-a19a9fb e-container--column e-container\" data-id=\"a19a9fb\" data-element_type=\"container\">\t\t\t\t<div class=\"elementor-element elementor-element-2216131 elementor-widget elementor-widget-heading\" data-id=\"2216131\" data-element_type=\"widget\" data-widget_type=\"heading.default\">\n\t\t\t\t<div class=\"elementor-widget-container\">\n\t\t\t<h2 class=\"elementor-heading-title elementor-size-default\">Convocatoria ideas rurales<\/h2>\t\t<\/div>\n\t\t\t\t<\/div>\n\t\t<\/div><\/div><div class=\"elementor-element elementor-element-deb3fc8 e-container--column e-container\" data-id=\"deb3fc8\" data-element_type=\"container\">\t\t\t\t<div class=\"elementor-element elementor-element-a15d24c elementor-widget elementor-widget-text-editor\" data-id=\"a15d24c\" data-element_type=\"widget\" data-widget_type=\"text-editor.default\">\n\t\t\t\t<div class=\"elementor-widget-container\">\n\t\t\t\t\t\t\t\t<div class=\"elementor-text-editor elementor-clearfix\">\n\t\t\t\t<p><span data-contrast=\"auto\">Como parte del convenio de cooperaci\u00f3n internacional COMER, la Gerencia de Corregimientos, en articulaci\u00f3n con la Organizaci\u00f3n de las Naciones Unidas para la Alimentaci\u00f3n y la Agricultura (FAO), en el mes de <\/span><b><span data-contrast=\"auto\">diciembre de 2022<\/span><\/b><span data-contrast=\"auto\"> realiz\u00f3 la convocatoria Ideas Rurales Corregimientos Futuro para promover las iniciativas en los territorios corregimentales que tuvieran un impacto positivo en la calidad de vida de las comunidades rurales.<\/span><span data-ccp-props=\"{\">\u00a0<\/span><\/p>\t\t\t\t\t<\/div>\n\t\t\t\t\t\t<\/div>\n\t\t\t\t<\/div>\n\t\t<\/div><div class=\"elementor-element elementor-element-37a04b5 e-container--row e-container\" data-id=\"37a04b5\" data-element_type=\"container\" data-settings=\"{&quot;background_background&quot;:&quot;classic&quot;}\">\t\t<div class=\"elementor-element elementor-element-d62584a e-container--column e-container\" data-id=\"d62584a\" data-element_type=\"container\">\t\t\t\t<div class=\"elementor-element elementor-element-c87eb38 elementor-widget elementor-widget-image\" data-id=\"c87eb38\" data-element_type=\"widget\" data-widget_type=\"image.default\">\n\t\t\t\t<div class=\"elementor-widget-container\">\n\t\t\t\t\t\t\t\t<div class=\"elementor-image\">\n\t\t\t\t\t\t\t\t\t\t\t\t<img width=\"1200\" height=\"800\" src=\"https:\/\/www.medellin.gov.co\/es\/wp-content\/uploads\/2023\/10\/Ideas-Rurales-Tour-Panelero.jpg\" class=\"attachment-full size-full\" alt=\"Ideas Rurales Tour Panelero\" loading=\"lazy\" srcset=\"https:\/\/www.medellin.gov.co\/es\/wp-content\/uploads\/2023\/10\/Ideas-Rurales-Tour-Panelero.jpg 1200w, https:\/\/www.medellin.gov.co\/es\/wp-content\/uploads\/2023\/10\/Ideas-Rurales-Tour-Panelero-300x200.jpg 300w, https:\/\/www.medellin.gov.co\/es\/wp-content\/uploads\/2023\/10\/Ideas-Rurales-Tour-Panelero-1024x683.jpg 1024w, https:\/\/www.medellin.gov.co\/es\/wp-content\/uploads\/2023\/10\/Ideas-Rurales-Tour-Panelero-150x100.jpg 150w, https:\/\/www.medellin.gov.co\/es\/wp-content\/uploads\/2023\/10\/Ideas-Rurales-Tour-Panelero-768x512.jpg 768w\" sizes=\"(max-width: 1200px) 100vw, 1200px\" \/>\t\t\t\t\t\t\t\t\t\t\t\t\t\t<\/div>\n\t\t\t\t\t\t<\/div>\n\t\t\t\t<\/div>\n\t\t<\/div><div class=\"elementor-element elementor-element-e5e4a96 e-container--column e-container\" data-id=\"e5e4a96\" data-element_type=\"container\">\t\t\t\t<div class=\"elementor-element elementor-element-04bc841 elementor-widget elementor-widget-text-editor\" data-id=\"04bc841\" data-element_type=\"widget\" data-widget_type=\"text-editor.default\">\n\t\t\t\t<div class=\"elementor-widget-container\">\n\t\t\t\t\t\t\t\t<div class=\"elementor-text-editor elementor-clearfix\">\n\t\t\t\t<p><span data-contrast=\"auto\">A la convocatoria se presentaron <\/span><b><span data-contrast=\"auto\">120 proyectos del Distrito Rural Campesino<\/span><\/b> <b><span data-contrast=\"auto\">de los 5 corregimientos de Medell\u00edn<\/span><\/b><span data-contrast=\"auto\"> de los cuales, entre marzo y abril de 2023, la Oficina de Proyectos Ideas Corregimientos Futuro <\/span><b><span data-contrast=\"auto\">preseleccion\u00f3 50 finalistas <\/span><\/b><span data-contrast=\"auto\">que cumpl\u00edan con los criterios de selecci\u00f3n establecidos a los que se les realiz\u00f3 una visita t\u00e9cnica para conocer de cerca sus objetivos y alcances que, posteriormente, fueron evaluados para seleccionar los<\/span><b><span data-contrast=\"auto\"> 9 proyectos que se beneficiaron<\/span><\/b><span data-contrast=\"auto\"> de un acompa\u00f1amiento directo para su formulaci\u00f3n y <\/span><b><span data-contrast=\"auto\">30 seleccionados <\/span><\/b><span data-contrast=\"auto\">que a trav\u00e9s del diplomado en Formulaci\u00f3n de Proyectos en la Universidad de Antioquia formularon su proyecto.\u00a0<\/span><span data-ccp-props=\"{\">\u00a0<\/span><\/p>\t\t\t\t\t<\/div>\n\t\t\t\t\t\t<\/div>\n\t\t\t\t<\/div>\n\t\t<\/div><\/div><div class=\"elementor-element elementor-element-11d3a49 e-container--row e-container\" data-id=\"11d3a49\" data-element_type=\"container\">\t\t<div class=\"elementor-element elementor-element-61c3db0 e-container--column e-container\" data-id=\"61c3db0\" data-element_type=\"container\">\t\t\t\t<div class=\"elementor-element elementor-element-c87d69b elementor-widget elementor-widget-heading\" data-id=\"c87d69b\" data-element_type=\"widget\" data-widget_type=\"heading.default\">\n\t\t\t\t<div class=\"elementor-widget-container\">\n\t\t\t<span class=\"elementor-heading-title elementor-size-default\">Criterios de selecci\u00f3n<\/span>\t\t<\/div>\n\t\t\t\t<\/div>\n\t\t\t\t<div class=\"elementor-element elementor-element-cff8b6e elementor-view-default elementor-widget elementor-widget-icon\" data-id=\"cff8b6e\" data-element_type=\"widget\" data-widget_type=\"icon.default\">\n\t\t\t\t<div class=\"elementor-widget-container\">\n\t\t\t\t\t<div class=\"elementor-icon-wrapper\">\n\t\t\t<div class=\"elementor-icon\">\n\t\t\t<i aria-hidden=\"true\" class=\"fas fa-book\"><\/i>\t\t\t<\/div>\n\t\t<\/div>\n\t\t\t\t<\/div>\n\t\t\t\t<\/div>\n\t\t<\/div><div class=\"elementor-element elementor-element-cac3524 e-container--column e-container\" data-id=\"cac3524\" data-element_type=\"container\">\t\t\t\t<div class=\"elementor-element elementor-element-fdb043e elementor-icon-list--layout-traditional elementor-list-item-link-full_width elementor-widget elementor-widget-icon-list\" data-id=\"fdb043e\" data-element_type=\"widget\" data-widget_type=\"icon-list.default\">\n\t\t\t\t<div class=\"elementor-widget-container\">\n\t\t\t\t\t<ul class=\"elementor-icon-list-items\">\n\t\t\t\t\t\t\t<li class=\"elementor-icon-list-item\">\n\t\t\t\t\t\t\t\t\t\t\t<span class=\"elementor-icon-list-icon\">\n\t\t\t\t\t\t\t<i aria-hidden=\"true\" class=\"far fa-arrow-alt-circle-right\"><\/i>\t\t\t\t\t\t<\/span>\n\t\t\t\t\t\t\t\t\t\t<span class=\"elementor-icon-list-text\"> Tener una problem\u00e1tica justificada.<\/span>\n\t\t\t\t\t\t\t\t\t<\/li>\n\t\t\t\t\t\t\t\t<li class=\"elementor-icon-list-item\">\n\t\t\t\t\t\t\t\t\t\t\t<span class=\"elementor-icon-list-icon\">\n\t\t\t\t\t\t\t<i aria-hidden=\"true\" class=\"far fa-arrow-alt-circle-right\"><\/i>\t\t\t\t\t\t<\/span>\n\t\t\t\t\t\t\t\t\t\t<span class=\"elementor-icon-list-text\"> Causas y efectos coherentes y claros.<\/span>\n\t\t\t\t\t\t\t\t\t<\/li>\n\t\t\t\t\t\t\t\t<li class=\"elementor-icon-list-item\">\n\t\t\t\t\t\t\t\t\t\t\t<span class=\"elementor-icon-list-icon\">\n\t\t\t\t\t\t\t<i aria-hidden=\"true\" class=\"far fa-arrow-alt-circle-right\"><\/i>\t\t\t\t\t\t<\/span>\n\t\t\t\t\t\t\t\t\t\t<span class=\"elementor-icon-list-text\"> Valor diferenciador relevante frente a otros proyectos del mismo rubro.<\/span>\n\t\t\t\t\t\t\t\t\t<\/li>\n\t\t\t\t\t\t\t\t<li class=\"elementor-icon-list-item\">\n\t\t\t\t\t\t\t\t\t\t\t<span class=\"elementor-icon-list-icon\">\n\t\t\t\t\t\t\t<i aria-hidden=\"true\" class=\"far fa-arrow-alt-circle-right\"><\/i>\t\t\t\t\t\t<\/span>\n\t\t\t\t\t\t\t\t\t\t<span class=\"elementor-icon-list-text\"> Agricultura no tradicional que incorpore nuevas tecnolog\u00edas, pr\u00e1cticas limpias u org\u00e1nicas responsables con los ecosistemas.<\/span>\n\t\t\t\t\t\t\t\t\t<\/li>\n\t\t\t\t\t\t\t\t<li class=\"elementor-icon-list-item\">\n\t\t\t\t\t\t\t\t\t\t\t<span class=\"elementor-icon-list-icon\">\n\t\t\t\t\t\t\t<i aria-hidden=\"true\" class=\"far fa-arrow-alt-circle-right\"><\/i>\t\t\t\t\t\t<\/span>\n\t\t\t\t\t\t\t\t\t\t<span class=\"elementor-icon-list-text\"> Tener un impacto positivo desde el punto de vista econ\u00f3mico, social y ambiental, que contribuyan al crecimiento y desarrollo sostenible del territorio vinculando a j\u00f3venes, mujeres y, a trav\u00e9s de esto, propiciar la integraci\u00f3n generacional.<\/span>\n\t\t\t\t\t\t\t\t\t<\/li>\n\t\t\t\t\t\t\t\t<li class=\"elementor-icon-list-item\">\n\t\t\t\t\t\t\t\t\t\t\t<span class=\"elementor-icon-list-icon\">\n\t\t\t\t\t\t\t<i aria-hidden=\"true\" class=\"far fa-arrow-alt-circle-right\"><\/i>\t\t\t\t\t\t<\/span>\n\t\t\t\t\t\t\t\t\t\t<span class=\"elementor-icon-list-text\"> Generar productos con perfil exportador y que se perfilen con proyecci\u00f3n de internacionalizaci\u00f3n.<\/span>\n\t\t\t\t\t\t\t\t\t<\/li>\n\t\t\t\t\t\t<\/ul>\n\t\t\t\t<\/div>\n\t\t\t\t<\/div>\n\t\t<\/div><\/div><div class=\"elementor-element elementor-element-fb5252b e-container--column e-container\" data-id=\"fb5252b\" data-element_type=\"container\">\t\t\t\t<div class=\"elementor-element elementor-element-60c7cda elementor-widget elementor-widget-heading\" data-id=\"60c7cda\" data-element_type=\"widget\" data-widget_type=\"heading.default\">\n\t\t\t\t<div class=\"elementor-widget-container\">\n\t\t\t<h2 class=\"elementor-heading-title elementor-size-default\"><b>I<\/b><b>niciativas <\/b>beneficiadas<\/h2>\t\t<\/div>\n\t\t\t\t<\/div>\n\t\t\t\t<div class=\"elementor-element elementor-element-835529b elementor-widget elementor-widget-text-editor\" data-id=\"835529b\" data-element_type=\"widget\" data-widget_type=\"text-editor.default\">\n\t\t\t\t<div class=\"elementor-widget-container\">\n\t\t\t\t\t\t\t\t<div class=\"elementor-text-editor elementor-clearfix\">\n\t\t\t\t<p>El acompa\u00f1amiento directo a las 9 ideas beneficiadas se realiz\u00f3 con profesionales expertos que dieron su orientaci\u00f3n empleando diferentes metodolog\u00edas de formulaci\u00f3n de proyectos para alcanzar las rutas de financiaci\u00f3n con las entidades p\u00fablicas y privadas pertinentes para que se logren implementar estas iniciativas de forma exitosa.<\/p>\t\t\t\t\t<\/div>\n\t\t\t\t\t\t<\/div>\n\t\t\t\t<\/div>\n\t\t<\/div><div class=\"elementor-element elementor-element-f980664 e-container--column e-container\" data-id=\"f980664\" data-element_type=\"container\">\t\t\t\t<div class=\"elementor-element elementor-element-53c42b4 elementor-widget elementor-widget-contenidos-destacados\" data-id=\"53c42b4\" data-element_type=\"widget\" data-widget_type=\"contenidos-destacados.default\">\n\t\t\t\t<div class=\"elementor-widget-container\">\n\t\t\t\t\t<div class=\"pp-advanced-tabs pp-style-0 pp-tabs-responsive-mobile pp-advanced-tabs-responsive\" role=\"tablist\">\n\t\t\t\t\t\t<div class=\"pp-advanced-tabs-wrapper pp-tabs-labels pp-toggle-icon-align-right at-horizontal \">\n\t\t\t\t\t\t\t<div id=\"pp-advanced-tabs-title-8781\" class=\"pp-advanced-tabs-title pp-tabs-label pp-advanced-tabs-desktop-title \" data-tab=\"1\" data-wrapper=\"1\" data-index=\"8781\" tabindex=\"8781\" role=\"tab\" aria-controls=\"pp-advanced-tabs-content-8781\">\n\t\t\t\t<div class=\"cd-top-text\">\n\t\t\t\t\t<h2 class=\"pp-advanced-tabs-title-text\">\n\t\t\t\t\t\tIniciativa productiva Huerta Escuela El Uvito\t\t\t\t\t<\/h2>\n\t\t\t\t\t\t\t<div class=\"pp-accordion-toggle-icon\">\n\t\t\t\t<span class='pp-accordion-toggle-icon-open pp-icon'>\n\t\t\t\t\t<i class=\"fas fa-chevron-up\" aria-hidden=\"true\"><\/i>\t\t\t\t<\/span>\n\t\t\t\t<span class='pp-accordion-toggle-icon-close pp-icon'>\n\t\t\t\t\t<i class=\"fas fa-chevron-down\" aria-hidden=\"true\"><\/i>\t\t\t\t<\/span>\n\t\t<\/div>\n\t\t\t\t\t\t<\/div>\n\t\t\t\t<div class=\"cd-title-text\">\n                    \t\t\t<span class=\"pp-icon pp-advanced-tabs-icon-left\">\n\t\t\t<i aria-hidden=\"true\" class=\"fas fa-file-powerpoint\"><\/i>\t\t\t<\/span>\n\t\t\t                    <h3 class=\"cd-title-text-lines\">\n                                                                <div class=\"cd-title-text-line-2\">Proyecto 1<\/div>\n                                        <\/h3>\n                <\/div>\n\t\t\t<\/div>\n\t\t\t\t\t\t<div id=\"pp-advanced-tabs-title-8782\" class=\"pp-advanced-tabs-title pp-tabs-label pp-advanced-tabs-desktop-title \" data-tab=\"2\" data-wrapper=\"1\" data-index=\"8782\" tabindex=\"8782\" role=\"tab\" aria-controls=\"pp-advanced-tabs-content-8782\">\n\t\t\t\t<div class=\"cd-top-text\">\n\t\t\t\t\t<h2 class=\"pp-advanced-tabs-title-text\">\n\t\t\t\t\t\tUna P\u00f3cima De Amor Para Curar El Cuerpo y El Alma\t\t\t\t\t<\/h2>\n\t\t\t\t\t\t\t<div class=\"pp-accordion-toggle-icon\">\n\t\t\t\t<span class='pp-accordion-toggle-icon-open pp-icon'>\n\t\t\t\t\t<i class=\"fas fa-chevron-up fas fa-chevron-up\" aria-hidden=\"true true\"><\/i>\t\t\t\t<\/span>\n\t\t\t\t<span class='pp-accordion-toggle-icon-close pp-icon'>\n\t\t\t\t\t<i class=\"fas fa-chevron-down fas fa-chevron-down\" aria-hidden=\"true true\"><\/i>\t\t\t\t<\/span>\n\t\t<\/div>\n\t\t\t\t\t\t<\/div>\n\t\t\t\t<div class=\"cd-title-text\">\n                    \t\t\t<span class=\"pp-icon pp-advanced-tabs-icon-left\">\n\t\t\t<i aria-hidden=\"true\" class=\"fas fa-file-powerpoint\"><\/i>\t\t\t<\/span>\n\t\t\t                    <h3 class=\"cd-title-text-lines\">\n                                                                <div class=\"cd-title-text-line-2\">Proyecto 2<\/div>\n                                        <\/h3>\n                <\/div>\n\t\t\t<\/div>\n\t\t\t\t\t\t<div id=\"pp-advanced-tabs-title-8783\" class=\"pp-advanced-tabs-title pp-tabs-label pp-advanced-tabs-desktop-title \" data-tab=\"3\" data-wrapper=\"1\" data-index=\"8783\" tabindex=\"8783\" role=\"tab\" aria-controls=\"pp-advanced-tabs-content-8783\">\n\t\t\t\t<div class=\"cd-top-text\">\n\t\t\t\t\t<h2 class=\"pp-advanced-tabs-title-text\">\n\t\t\t\t\t\tProducci\u00f3n de Hongo Shiitake Bajo Condiciones Controladas\t\t\t\t\t<\/h2>\n\t\t\t\t\t\t\t<div class=\"pp-accordion-toggle-icon\">\n\t\t\t\t<span class='pp-accordion-toggle-icon-open pp-icon'>\n\t\t\t\t\t<i class=\"fas fa-chevron-up fas fa-chevron-up fas fa-chevron-up\" aria-hidden=\"true true true\"><\/i>\t\t\t\t<\/span>\n\t\t\t\t<span class='pp-accordion-toggle-icon-close pp-icon'>\n\t\t\t\t\t<i class=\"fas fa-chevron-down fas fa-chevron-down fas fa-chevron-down\" aria-hidden=\"true true true\"><\/i>\t\t\t\t<\/span>\n\t\t<\/div>\n\t\t\t\t\t\t<\/div>\n\t\t\t\t<div class=\"cd-title-text\">\n                    \t\t\t<span class=\"pp-icon pp-advanced-tabs-icon-left\">\n\t\t\t<i aria-hidden=\"true\" class=\"fas fa-file-powerpoint\"><\/i>\t\t\t<\/span>\n\t\t\t                    <h3 class=\"cd-title-text-lines\">\n                                                                <div class=\"cd-title-text-line-2\">Proyecto 3<\/div>\n                                        <\/h3>\n                <\/div>\n\t\t\t<\/div>\n\t\t\t\t\t\t<div id=\"pp-advanced-tabs-title-8784\" class=\"pp-advanced-tabs-title pp-tabs-label pp-advanced-tabs-desktop-title \" data-tab=\"4\" data-wrapper=\"1\" data-index=\"8784\" tabindex=\"8784\" role=\"tab\" aria-controls=\"pp-advanced-tabs-content-8784\">\n\t\t\t\t<div class=\"cd-top-text\">\n\t\t\t\t\t<h2 class=\"pp-advanced-tabs-title-text\">\n\t\t\t\t\t\tYac\u00f3n sostenible para la producci\u00f3n de endulzante natural\t\t\t\t\t<\/h2>\n\t\t\t\t\t\t\t<div class=\"pp-accordion-toggle-icon\">\n\t\t\t\t<span class='pp-accordion-toggle-icon-open pp-icon'>\n\t\t\t\t\t<i class=\"fas fa-chevron-up fas fa-chevron-up fas fa-chevron-up fas fa-chevron-up\" aria-hidden=\"true true true true\"><\/i>\t\t\t\t<\/span>\n\t\t\t\t<span class='pp-accordion-toggle-icon-close pp-icon'>\n\t\t\t\t\t<i class=\"fas fa-chevron-down fas fa-chevron-down fas fa-chevron-down fas fa-chevron-down\" aria-hidden=\"true true true true\"><\/i>\t\t\t\t<\/span>\n\t\t<\/div>\n\t\t\t\t\t\t<\/div>\n\t\t\t\t<div class=\"cd-title-text\">\n                    \t\t\t<span class=\"pp-icon pp-advanced-tabs-icon-left\">\n\t\t\t<i aria-hidden=\"true\" class=\"fas fa-file-powerpoint\"><\/i>\t\t\t<\/span>\n\t\t\t                    <h3 class=\"cd-title-text-lines\">\n                                                                <div class=\"cd-title-text-line-2\">Proyecto 4<\/div>\n                                        <\/h3>\n                <\/div>\n\t\t\t<\/div>\n\t\t\t\t\t\t<\/div>\n\t\t\t<div class=\"pp-advanced-tabs-content-wrapper cd-tabs-content-wrapper-1 pp-tabs-panels at-horizontal-content\">\n\t\t\t\t\t\t\t<div class=\"pp-tabs-panel\">\n\t\t\t<div class=\"pp-advanced-tabs-title pp-tabs-label pp-tab-responsive \" data-index =\"8781\">\n\t\t\t\t<div class=\"cd-top-text\">\n\t\t\t\t\t<h2 class=\"pp-advanced-tabs-title-inner\">\n\t\t\t\t\t\tIniciativa productiva Huerta Escuela El Uvito\t\t\t\t\t<\/h2>\n\t\t\t\t\t\t\t<div class=\"pp-accordion-toggle-icon\">\n\t\t\t\t<span class='pp-accordion-toggle-icon-open pp-icon'>\n\t\t\t\t\t<i class=\"fas fa-chevron-up fas fa-chevron-up fas fa-chevron-up fas fa-chevron-up fas fa-chevron-up\" aria-hidden=\"true true true true true\"><\/i>\t\t\t\t<\/span>\n\t\t\t\t<span class='pp-accordion-toggle-icon-close pp-icon'>\n\t\t\t\t\t<i class=\"fas fa-chevron-down fas fa-chevron-down fas fa-chevron-down fas fa-chevron-down fas fa-chevron-down\" aria-hidden=\"true true true true true\"><\/i>\t\t\t\t<\/span>\n\t\t<\/div>\n\t\t\t\t\t\t<\/div>\n\t\t\t\t<div class=\"cd-title-text\">\n\t\t\t\t\t\t\t\t<span class=\"pp-icon pp-advanced-tabs-icon-left\">\n\t\t\t<i aria-hidden=\"true\" class=\"fas fa-file-powerpoint\"><\/i>\t\t\t<\/span>\n\t\t\t\t\t\t\t\t<h3 class=\"cd-title-text-lines\">\n\t\t\t\t\t\t\t\t\t\t\t\t\t\t\t\t<div class=\"cd-title-text-line-2\">Proyecto 1<\/div>\n\t\t\t\t\t\t\t\t\t\t<\/h3>\n\t\t\t\t<\/div>\n\t\t\t<\/div>\n\t\t\t<div id=\"pp-advanced-tabs-content-8781\" class=\"pp-advanced-tabs-content elementor-clearfix pp-advanced-tabs-tab_content \" data-tab=\"1\" role=\"tabpanel\" aria-labelledby=\"pp-advanced-tabs-title-8781\">\n\t\t\t\t<div class=\"cd-content sin-imagen\">\n\t\t\t\t\t<h2 class=\"cd-content-title\">\n\t\t\t\t\t\tIniciativa productiva Huerta Escuela El Uvito\t\t\t\t\t<\/h2>\n\t\t\t\t\t<p><span style=\"color: #ff8803;\"><strong>Juan David Cardona Echeverri<\/strong><\/span><\/p><p><strong>Corregimiento:<\/strong> San Crist\u00f3bal vereda El Uvito<\/p><p><strong>Resumen del proyecto:<\/strong> Producir y comercializar frutas y verduras bajo un modelo agroecol\u00f3gico y compartir saberes patrimoniales sobre la agricultura, el campo y propiedades de las plantas principalmente a los j\u00f3venes del corregimiento para promover la integraci\u00f3n generacional teniendo en cuenta los ritmos de la naturaliza y estar m\u00e1s cerca de los ritmos de la vida.<\/p><p><div class=\"iframe-container\"><iframe title=\"YouTube video player\" src=\"https:\/\/www.youtube.com\/embed\/acbZ65lDqZg?si=QLQZDBS-6CbC6yJA\" width=\"560\" height=\"315\" frameborder=\"0\" allowfullscreen=\"allowfullscreen\"><\/iframe><\/div><\/p>\t\t\t\t\t\t\t\t\t\t<a class=\"cd-button elementor-button elementor-size-md\" href=\"https:\/\/www.youtube.com\/watch?v=acbZ65lDqZg&#038;list=PLJV6GIPhUy6L3AeroHjDSE038Rt5Uwy8q&#038;ind\">\n\t\t\t\t\t\t<span class=\"pp-button-text\">CONOCE M\u00c1S<\/span>\n\t\t\t\t\t<\/a>\n\t\t\t\t\t\t\t\t\t<\/div>\n\t\t\t\t\t\t\t<\/div>\n\t\t\t<\/div>\n\t\t\t\t\t\t\t\t<div class=\"pp-tabs-panel\">\n\t\t\t<div class=\"pp-advanced-tabs-title pp-tabs-label pp-tab-responsive \" data-index =\"8782\">\n\t\t\t\t<div class=\"cd-top-text\">\n\t\t\t\t\t<h2 class=\"pp-advanced-tabs-title-inner\">\n\t\t\t\t\t\tUna P\u00f3cima De Amor Para Curar El Cuerpo y El Alma\t\t\t\t\t<\/h2>\n\t\t\t\t\t\t\t<div class=\"pp-accordion-toggle-icon\">\n\t\t\t\t<span class='pp-accordion-toggle-icon-open pp-icon'>\n\t\t\t\t\t<i class=\"fas fa-chevron-up fas fa-chevron-up fas fa-chevron-up fas fa-chevron-up fas fa-chevron-up fas fa-chevron-up\" aria-hidden=\"true true true true true true\"><\/i>\t\t\t\t<\/span>\n\t\t\t\t<span class='pp-accordion-toggle-icon-close pp-icon'>\n\t\t\t\t\t<i class=\"fas fa-chevron-down fas fa-chevron-down fas fa-chevron-down fas fa-chevron-down fas fa-chevron-down fas fa-chevron-down\" aria-hidden=\"true true true true true true\"><\/i>\t\t\t\t<\/span>\n\t\t<\/div>\n\t\t\t\t\t\t<\/div>\n\t\t\t\t<div class=\"cd-title-text\">\n\t\t\t\t\t\t\t\t<span class=\"pp-icon pp-advanced-tabs-icon-left\">\n\t\t\t<i aria-hidden=\"true\" class=\"fas fa-file-powerpoint\"><\/i>\t\t\t<\/span>\n\t\t\t\t\t\t\t\t<h3 class=\"cd-title-text-lines\">\n\t\t\t\t\t\t\t\t\t\t\t\t\t\t\t\t<div class=\"cd-title-text-line-2\">Proyecto 2<\/div>\n\t\t\t\t\t\t\t\t\t\t<\/h3>\n\t\t\t\t<\/div>\n\t\t\t<\/div>\n\t\t\t<div id=\"pp-advanced-tabs-content-8782\" class=\"pp-advanced-tabs-content elementor-clearfix pp-advanced-tabs-tab_content \" data-tab=\"2\" role=\"tabpanel\" aria-labelledby=\"pp-advanced-tabs-title-8782\">\n\t\t\t\t<div class=\"cd-content sin-imagen\">\n\t\t\t\t\t<h2 class=\"cd-content-title\">\n\t\t\t\t\t\tUna P\u00f3cima De Amor Para Curar El Cuerpo y El Alma\t\t\t\t\t<\/h2>\n\t\t\t\t\t<p><span style=\"color: #ff8803;\"><strong>Corporaci\u00f3n de Mujeres Arcoiris Cormuaris<\/strong><\/span><\/p>\n\n<p><strong>Corregimiento:<\/strong> San Sebasti\u00e1n de Palmitas vereda La Aldea<\/p>\n\n<p><strong>Resumen del proyecto:\u00a0<\/strong>Crear la Escuela Itinerante de Medicina Tradicional Arcoiris, basada en las propiedades curativas de las plantas medicinales que crecen de manera espont\u00e1nea en el Corregimiento, mediante talleres formativos presenciales y virtuales y, un kit de plantas medicinales identificando propiedades, beneficios y formas de preparaci\u00f3n para el bienestar psicosocial.<\/p>\n\n<p><div class=\"iframe-container\"><iframe width=\"560\" height=\"315\" src=\"https:\/\/www.youtube.com\/embed\/qhu-FFQHl6U?si=tC0ijN2adtEA-YKB\" title=\"YouTube video player\" frameborder=\"0\" allow=\"accelerometer; autoplay; clipboard-write; encrypted-media; gyroscope; picture-in-picture; web-share\" allowfullscreen><\/iframe><\/div><\/p>\n\t\t\t\t\t\t\t\t\t\t<a class=\"cd-button elementor-button elementor-size-md\" href=\"https:\/\/youtu.be\/qhu-FFQHl6U?si=WiH5DucyYYNiac6-\">\n\t\t\t\t\t\t<span class=\"pp-button-text\">CONOCE M\u00c1S<\/span>\n\t\t\t\t\t<\/a>\n\t\t\t\t\t\t\t\t\t<\/div>\n\t\t\t\t\t\t\t<\/div>\n\t\t\t<\/div>\n\t\t\t\t\t\t\t\t<div class=\"pp-tabs-panel\">\n\t\t\t<div class=\"pp-advanced-tabs-title pp-tabs-label pp-tab-responsive \" data-index =\"8783\">\n\t\t\t\t<div class=\"cd-top-text\">\n\t\t\t\t\t<h2 class=\"pp-advanced-tabs-title-inner\">\n\t\t\t\t\t\tProducci\u00f3n de Hongo Shiitake Bajo Condiciones Controladas\t\t\t\t\t<\/h2>\n\t\t\t\t\t\t\t<div class=\"pp-accordion-toggle-icon\">\n\t\t\t\t<span class='pp-accordion-toggle-icon-open pp-icon'>\n\t\t\t\t\t<i class=\"fas fa-chevron-up fas fa-chevron-up fas fa-chevron-up fas fa-chevron-up fas fa-chevron-up fas fa-chevron-up fas fa-chevron-up\" aria-hidden=\"true true true true true true true\"><\/i>\t\t\t\t<\/span>\n\t\t\t\t<span class='pp-accordion-toggle-icon-close pp-icon'>\n\t\t\t\t\t<i class=\"fas fa-chevron-down fas fa-chevron-down fas fa-chevron-down fas fa-chevron-down fas fa-chevron-down fas fa-chevron-down fas fa-chevron-down\" aria-hidden=\"true true true true true true true\"><\/i>\t\t\t\t<\/span>\n\t\t<\/div>\n\t\t\t\t\t\t<\/div>\n\t\t\t\t<div class=\"cd-title-text\">\n\t\t\t\t\t\t\t\t<span class=\"pp-icon pp-advanced-tabs-icon-left\">\n\t\t\t<i aria-hidden=\"true\" class=\"fas fa-file-powerpoint\"><\/i>\t\t\t<\/span>\n\t\t\t\t\t\t\t\t<h3 class=\"cd-title-text-lines\">\n\t\t\t\t\t\t\t\t\t\t\t\t\t\t\t\t<div class=\"cd-title-text-line-2\">Proyecto 3<\/div>\n\t\t\t\t\t\t\t\t\t\t<\/h3>\n\t\t\t\t<\/div>\n\t\t\t<\/div>\n\t\t\t<div id=\"pp-advanced-tabs-content-8783\" class=\"pp-advanced-tabs-content elementor-clearfix pp-advanced-tabs-tab_content \" data-tab=\"3\" role=\"tabpanel\" aria-labelledby=\"pp-advanced-tabs-title-8783\">\n\t\t\t\t<div class=\"cd-content sin-imagen\">\n\t\t\t\t\t<h2 class=\"cd-content-title\">\n\t\t\t\t\t\tProducci\u00f3n de Hongo Shiitake Bajo Condiciones Controladas\t\t\t\t\t<\/h2>\n\t\t\t\t\t<p><span style=\"color: #ff8803;\"><strong>Juan Carlos Mar\u00edn Ortiz<\/strong><\/span><\/p>\n\n<p><strong>Corregimiento:<\/strong> San Crist\u00f3bal vereda San Jos\u00e9 de la Monta\u00f1a<\/p>\n\n<p><strong>Resumen del proyecto:\u00a0<\/strong>Cultivar el hongo shiitake bajo condiciones controladas por automatizaci\u00f3n de variables, creando un proyecto piloto que puede replicarse a otras familias del corregimiento con el objetivo de promover la integraci\u00f3n generacional en el campo y la diversificaci\u00f3n de cultivos con productos de alto valor exportador.<\/p>\n\n<div class=\"iframe-container\"><iframe width=\"560\" height=\"315\" src=\"https:\/\/www.youtube.com\/embed\/tZ-P-jNGHdI?si=Wo-n09gRLALAh99Y\" title=\"YouTube video player\" frameborder=\"0\" allow=\"accelerometer; autoplay; clipboard-write; encrypted-media; gyroscope; picture-in-picture; web-share\" allowfullscreen><\/iframe><\/div>\t\t\t\t\t\t\t\t\t\t<a class=\"cd-button elementor-button elementor-size-md\" href=\"https:\/\/www.youtube.com\/watch?v=acbZ65lDqZg&#038;listhttps:\/\/youtu.be\/tZ-P-jNGHdI?si=fkDVEZa9DRn_eE07\">\n\t\t\t\t\t\t<span class=\"pp-button-text\">CONOCE M\u00c1S<\/span>\n\t\t\t\t\t<\/a>\n\t\t\t\t\t\t\t\t\t<\/div>\n\t\t\t\t\t\t\t<\/div>\n\t\t\t<\/div>\n\t\t\t\t\t\t\t\t<div class=\"pp-tabs-panel\">\n\t\t\t<div class=\"pp-advanced-tabs-title pp-tabs-label pp-tab-responsive \" data-index =\"8784\">\n\t\t\t\t<div class=\"cd-top-text\">\n\t\t\t\t\t<h2 class=\"pp-advanced-tabs-title-inner\">\n\t\t\t\t\t\tYac\u00f3n sostenible para la producci\u00f3n de endulzante natural\t\t\t\t\t<\/h2>\n\t\t\t\t\t\t\t<div class=\"pp-accordion-toggle-icon\">\n\t\t\t\t<span class='pp-accordion-toggle-icon-open pp-icon'>\n\t\t\t\t\t<i class=\"fas fa-chevron-up fas fa-chevron-up fas fa-chevron-up fas fa-chevron-up fas fa-chevron-up fas fa-chevron-up fas fa-chevron-up fas fa-chevron-up\" aria-hidden=\"true true true true true true true true\"><\/i>\t\t\t\t<\/span>\n\t\t\t\t<span class='pp-accordion-toggle-icon-close pp-icon'>\n\t\t\t\t\t<i class=\"fas fa-chevron-down fas fa-chevron-down fas fa-chevron-down fas fa-chevron-down fas fa-chevron-down fas fa-chevron-down fas fa-chevron-down fas fa-chevron-down\" aria-hidden=\"true true true true true true true true\"><\/i>\t\t\t\t<\/span>\n\t\t<\/div>\n\t\t\t\t\t\t<\/div>\n\t\t\t\t<div class=\"cd-title-text\">\n\t\t\t\t\t\t\t\t<span class=\"pp-icon pp-advanced-tabs-icon-left\">\n\t\t\t<i aria-hidden=\"true\" class=\"fas fa-file-powerpoint\"><\/i>\t\t\t<\/span>\n\t\t\t\t\t\t\t\t<h3 class=\"cd-title-text-lines\">\n\t\t\t\t\t\t\t\t\t\t\t\t\t\t\t\t<div class=\"cd-title-text-line-2\">Proyecto 4<\/div>\n\t\t\t\t\t\t\t\t\t\t<\/h3>\n\t\t\t\t<\/div>\n\t\t\t<\/div>\n\t\t\t<div id=\"pp-advanced-tabs-content-8784\" class=\"pp-advanced-tabs-content elementor-clearfix pp-advanced-tabs-tab_content \" data-tab=\"4\" role=\"tabpanel\" aria-labelledby=\"pp-advanced-tabs-title-8784\">\n\t\t\t\t<div class=\"cd-content sin-imagen\">\n\t\t\t\t\t<h2 class=\"cd-content-title\">\n\t\t\t\t\t\tYac\u00f3n sostenible para la producci\u00f3n de endulzante natural\t\t\t\t\t<\/h2>\n\t\t\t\t\t<p><span style=\"color: #ff8803;\"><strong>Corporaci\u00f3n COAS Colombia<\/strong><\/span><\/p>\n\n<p><strong>Corregimiento:<\/strong> Santa Elena Sector Central<\/p>\n\n<p><strong>Resumen del proyecto:\u00a0<\/strong>Promover la siembra de yac\u00f3n en el corregimiento con asistencia t\u00e9cnica para la producci\u00f3n de endulzante natural saludable. La transformaci\u00f3n el yac\u00f3n en endulzante se realizar\u00e1 en la misma fina productora donde se dar\u00e1 el valor agregado de tal manera que las familias campesinas productoras se beneficiar\u00e1n de todo el ciclo de producci\u00f3n.<\/p>\n\n<p><div class=\"iframe-container\"><iframe width=\"560\" height=\"315\" src=\"https:\/\/www.youtube.com\/embed\/xEURli1YKOk?si=dULr2Y_yWlsoTbnV\" title=\"YouTube video player\" frameborder=\"0\" allow=\"accelerometer; autoplay; clipboard-write; encrypted-media; gyroscope; picture-in-picture; web-share\" allowfullscreen><\/iframe><\/div><\/p>\t\t\t\t\t\t\t\t\t\t<a class=\"cd-button elementor-button elementor-size-md\" href=\"https:\/\/youtu.be\/xEURli1YKOk?si=yoH8O457VIpsvcGN\">\n\t\t\t\t\t\t<span class=\"pp-button-text\">CONOCE M\u00c1S<\/span>\n\t\t\t\t\t<\/a>\n\t\t\t\t\t\t\t\t\t<\/div>\n\t\t\t\t\t\t\t<\/div>\n\t\t\t<\/div>\n\t\t\t\t\t\t<\/div>\n\t\t\t\t\t<\/div>\n\t\t\t\t<\/div>\n\t\t\t\t<\/div>\n\t\t<\/div><div class=\"elementor-element elementor-element-02e7bf1 e-container--column e-container\" data-id=\"02e7bf1\" data-element_type=\"container\">\t\t\t\t<div class=\"elementor-element elementor-element-6858eab elementor-widget elementor-widget-contenidos-destacados\" data-id=\"6858eab\" data-element_type=\"widget\" data-widget_type=\"contenidos-destacados.default\">\n\t\t\t\t<div class=\"elementor-widget-container\">\n\t\t\t\t\t<div class=\"pp-advanced-tabs pp-style-0 pp-tabs-responsive-mobile pp-advanced-tabs-responsive\" role=\"tablist\">\n\t\t\t\t\t\t<div class=\"pp-advanced-tabs-wrapper pp-tabs-labels pp-toggle-icon-align-right at-horizontal \">\n\t\t\t\t\t\t\t<div id=\"pp-advanced-tabs-title-1091\" class=\"pp-advanced-tabs-title pp-tabs-label pp-advanced-tabs-desktop-title \" data-tab=\"1\" data-wrapper=\"1\" data-index=\"1091\" tabindex=\"1091\" role=\"tab\" aria-controls=\"pp-advanced-tabs-content-1091\">\n\t\t\t\t<div class=\"cd-top-text\">\n\t\t\t\t\t<h2 class=\"pp-advanced-tabs-title-text\">\n\t\t\t\t\t\tAgrofoaves\t\t\t\t\t<\/h2>\n\t\t\t\t\t\t\t<div class=\"pp-accordion-toggle-icon\">\n\t\t\t\t<span class='pp-accordion-toggle-icon-open pp-icon'>\n\t\t\t\t\t<i class=\"fas fa-chevron-up\" aria-hidden=\"true\"><\/i>\t\t\t\t<\/span>\n\t\t\t\t<span class='pp-accordion-toggle-icon-close pp-icon'>\n\t\t\t\t\t<i class=\"fas fa-chevron-down\" aria-hidden=\"true\"><\/i>\t\t\t\t<\/span>\n\t\t<\/div>\n\t\t\t\t\t\t<\/div>\n\t\t\t\t<div class=\"cd-title-text\">\n                    \t\t\t<span class=\"pp-icon pp-advanced-tabs-icon-left\">\n\t\t\t<i aria-hidden=\"true\" class=\"fas fa-file-powerpoint\"><\/i>\t\t\t<\/span>\n\t\t\t                    <h3 class=\"cd-title-text-lines\">\n                                                                <div class=\"cd-title-text-line-2\">Proyecto 5<\/div>\n                                        <\/h3>\n                <\/div>\n\t\t\t<\/div>\n\t\t\t\t\t\t<div id=\"pp-advanced-tabs-title-1092\" class=\"pp-advanced-tabs-title pp-tabs-label pp-advanced-tabs-desktop-title \" data-tab=\"2\" data-wrapper=\"1\" data-index=\"1092\" tabindex=\"1092\" role=\"tab\" aria-controls=\"pp-advanced-tabs-content-1092\">\n\t\t\t\t<div class=\"cd-top-text\">\n\t\t\t\t\t<h2 class=\"pp-advanced-tabs-title-text\">\n\t\t\t\t\t\tTour Panelero La Arrinconada\t\t\t\t\t<\/h2>\n\t\t\t\t\t\t\t<div class=\"pp-accordion-toggle-icon\">\n\t\t\t\t<span class='pp-accordion-toggle-icon-open pp-icon'>\n\t\t\t\t\t<i class=\"fas fa-chevron-up fas fa-chevron-up\" aria-hidden=\"true true\"><\/i>\t\t\t\t<\/span>\n\t\t\t\t<span class='pp-accordion-toggle-icon-close pp-icon'>\n\t\t\t\t\t<i class=\"fas fa-chevron-down fas fa-chevron-down\" aria-hidden=\"true true\"><\/i>\t\t\t\t<\/span>\n\t\t<\/div>\n\t\t\t\t\t\t<\/div>\n\t\t\t\t<div class=\"cd-title-text\">\n                    \t\t\t<span class=\"pp-icon pp-advanced-tabs-icon-left\">\n\t\t\t<i aria-hidden=\"true\" class=\"fas fa-file-powerpoint\"><\/i>\t\t\t<\/span>\n\t\t\t                    <h3 class=\"cd-title-text-lines\">\n                                                                <div class=\"cd-title-text-line-2\">Proyecto 6<\/div>\n                                        <\/h3>\n                <\/div>\n\t\t\t<\/div>\n\t\t\t\t\t\t<div id=\"pp-advanced-tabs-title-1093\" class=\"pp-advanced-tabs-title pp-tabs-label pp-advanced-tabs-desktop-title \" data-tab=\"3\" data-wrapper=\"1\" data-index=\"1093\" tabindex=\"1093\" role=\"tab\" aria-controls=\"pp-advanced-tabs-content-1093\">\n\t\t\t\t<div class=\"cd-top-text\">\n\t\t\t\t\t<h2 class=\"pp-advanced-tabs-title-text\">\n\t\t\t\t\t\tCaf\u00e9 Atardecer\t\t\t\t\t<\/h2>\n\t\t\t\t\t\t\t<div class=\"pp-accordion-toggle-icon\">\n\t\t\t\t<span class='pp-accordion-toggle-icon-open pp-icon'>\n\t\t\t\t\t<i class=\"fas fa-chevron-up fas fa-chevron-up fas fa-chevron-up\" aria-hidden=\"true true true\"><\/i>\t\t\t\t<\/span>\n\t\t\t\t<span class='pp-accordion-toggle-icon-close pp-icon'>\n\t\t\t\t\t<i class=\"fas fa-chevron-down fas fa-chevron-down fas fa-chevron-down\" aria-hidden=\"true true true\"><\/i>\t\t\t\t<\/span>\n\t\t<\/div>\n\t\t\t\t\t\t<\/div>\n\t\t\t\t<div class=\"cd-title-text\">\n                    \t\t\t<span class=\"pp-icon pp-advanced-tabs-icon-left\">\n\t\t\t<i aria-hidden=\"true\" class=\"fas fa-file-powerpoint\"><\/i>\t\t\t<\/span>\n\t\t\t                    <h3 class=\"cd-title-text-lines\">\n                                                                <div class=\"cd-title-text-line-2\">Proyecto 7<\/div>\n                                        <\/h3>\n                <\/div>\n\t\t\t<\/div>\n\t\t\t\t\t\t<div id=\"pp-advanced-tabs-title-1094\" class=\"pp-advanced-tabs-title pp-tabs-label pp-advanced-tabs-desktop-title \" data-tab=\"4\" data-wrapper=\"1\" data-index=\"1094\" tabindex=\"1094\" role=\"tab\" aria-controls=\"pp-advanced-tabs-content-1094\">\n\t\t\t\t<div class=\"cd-top-text\">\n\t\t\t\t\t<h2 class=\"pp-advanced-tabs-title-text\">\n\t\t\t\t\t\tApicultura y Meliponicultura\t\t\t\t\t<\/h2>\n\t\t\t\t\t\t\t<div class=\"pp-accordion-toggle-icon\">\n\t\t\t\t<span class='pp-accordion-toggle-icon-open pp-icon'>\n\t\t\t\t\t<i class=\"fas fa-chevron-up fas fa-chevron-up fas fa-chevron-up fas fa-chevron-up\" aria-hidden=\"true true true true\"><\/i>\t\t\t\t<\/span>\n\t\t\t\t<span class='pp-accordion-toggle-icon-close pp-icon'>\n\t\t\t\t\t<i class=\"fas fa-chevron-down fas fa-chevron-down fas fa-chevron-down fas fa-chevron-down\" aria-hidden=\"true true true true\"><\/i>\t\t\t\t<\/span>\n\t\t<\/div>\n\t\t\t\t\t\t<\/div>\n\t\t\t\t<div class=\"cd-title-text\">\n                    \t\t\t<span class=\"pp-icon pp-advanced-tabs-icon-left\">\n\t\t\t<i aria-hidden=\"true\" class=\"fas fa-file-powerpoint\"><\/i>\t\t\t<\/span>\n\t\t\t                    <h3 class=\"cd-title-text-lines\">\n                                                                <div class=\"cd-title-text-line-2\">Proyecto 8<\/div>\n                                        <\/h3>\n                <\/div>\n\t\t\t<\/div>\n\t\t\t\t\t\t<\/div>\n\t\t\t<div class=\"pp-advanced-tabs-content-wrapper cd-tabs-content-wrapper-1 pp-tabs-panels at-horizontal-content\">\n\t\t\t\t\t\t\t<div class=\"pp-tabs-panel\">\n\t\t\t<div class=\"pp-advanced-tabs-title pp-tabs-label pp-tab-responsive \" data-index =\"1091\">\n\t\t\t\t<div class=\"cd-top-text\">\n\t\t\t\t\t<h2 class=\"pp-advanced-tabs-title-inner\">\n\t\t\t\t\t\tAgrofoaves\t\t\t\t\t<\/h2>\n\t\t\t\t\t\t\t<div class=\"pp-accordion-toggle-icon\">\n\t\t\t\t<span class='pp-accordion-toggle-icon-open pp-icon'>\n\t\t\t\t\t<i class=\"fas fa-chevron-up fas fa-chevron-up fas fa-chevron-up fas fa-chevron-up fas fa-chevron-up\" aria-hidden=\"true true true true true\"><\/i>\t\t\t\t<\/span>\n\t\t\t\t<span class='pp-accordion-toggle-icon-close pp-icon'>\n\t\t\t\t\t<i class=\"fas fa-chevron-down fas fa-chevron-down fas fa-chevron-down fas fa-chevron-down fas fa-chevron-down\" aria-hidden=\"true true true true true\"><\/i>\t\t\t\t<\/span>\n\t\t<\/div>\n\t\t\t\t\t\t<\/div>\n\t\t\t\t<div class=\"cd-title-text\">\n\t\t\t\t\t\t\t\t<span class=\"pp-icon pp-advanced-tabs-icon-left\">\n\t\t\t<i aria-hidden=\"true\" class=\"fas fa-file-powerpoint\"><\/i>\t\t\t<\/span>\n\t\t\t\t\t\t\t\t<h3 class=\"cd-title-text-lines\">\n\t\t\t\t\t\t\t\t\t\t\t\t\t\t\t\t<div class=\"cd-title-text-line-2\">Proyecto 5<\/div>\n\t\t\t\t\t\t\t\t\t\t<\/h3>\n\t\t\t\t<\/div>\n\t\t\t<\/div>\n\t\t\t<div id=\"pp-advanced-tabs-content-1091\" class=\"pp-advanced-tabs-content elementor-clearfix pp-advanced-tabs-tab_content \" data-tab=\"1\" role=\"tabpanel\" aria-labelledby=\"pp-advanced-tabs-title-1091\">\n\t\t\t\t<div class=\"cd-content sin-imagen\">\n\t\t\t\t\t<h2 class=\"cd-content-title\">\n\t\t\t\t\t\tAgrofoaves\t\t\t\t\t<\/h2>\n\t\t\t\t\t<p><span style=\"color: #ff8803;\"><strong>Laura Cristina Chaverra Chancy<\/strong><\/span><\/p>\n\n<p><strong>Corregimiento:<\/strong> San Sebasti\u00e1n de Palmitas Sector Central<\/p>\n\n<p><strong>Resumen del proyecto:<\/strong> Producci\u00f3n de caf\u00e9 de altura con alto valor exportador bajo un sistema agroforestal sostenible. Se promueve la siembra de \u00e1rboles nativos para la protecci\u00f3n del ecosistema y el avistamiento de avifauna en el corregimiento, creando senderos ecol\u00f3gicos e infraestructura para el agroturismo y la consciencia de conservaci\u00f3n en los visitantes del proyecto.<\/p>\n\n<p><div class=\"iframe-container\"><iframe width=\"560\" height=\"315\" src=\"https:\/\/www.youtube.com\/embed\/AIU2xH_T9Ec?si=jLYtjHXyte6TwP1U\" title=\"YouTube video player\" frameborder=\"0\" allow=\"accelerometer; autoplay; clipboard-write; encrypted-media; gyroscope; picture-in-picture; web-share\" allowfullscreen><\/iframe><\/div><\/p>\t\t\t\t\t\t\t\t\t\t<a class=\"cd-button elementor-button elementor-size-md\" href=\"https:\/\/www.youtube.com\/watch?v=acbZ65lDqZg&#038;list=PLJV6GIPhUy6L3AeroHjDSE038Rt5Uwy8q&#038;indexhttps:\/\/youtu.be\/AIU2xH_T9Ec?si=pMEbBds5SXHU9X1e\">\n\t\t\t\t\t\t<span class=\"pp-button-text\">CONOCE M\u00c1S<\/span>\n\t\t\t\t\t<\/a>\n\t\t\t\t\t\t\t\t\t<\/div>\n\t\t\t\t\t\t\t<\/div>\n\t\t\t<\/div>\n\t\t\t\t\t\t\t\t<div class=\"pp-tabs-panel\">\n\t\t\t<div class=\"pp-advanced-tabs-title pp-tabs-label pp-tab-responsive \" data-index =\"1092\">\n\t\t\t\t<div class=\"cd-top-text\">\n\t\t\t\t\t<h2 class=\"pp-advanced-tabs-title-inner\">\n\t\t\t\t\t\tTour Panelero La Arrinconada\t\t\t\t\t<\/h2>\n\t\t\t\t\t\t\t<div class=\"pp-accordion-toggle-icon\">\n\t\t\t\t<span class='pp-accordion-toggle-icon-open pp-icon'>\n\t\t\t\t\t<i class=\"fas fa-chevron-up fas fa-chevron-up fas fa-chevron-up fas fa-chevron-up fas fa-chevron-up fas fa-chevron-up\" aria-hidden=\"true true true true true true\"><\/i>\t\t\t\t<\/span>\n\t\t\t\t<span class='pp-accordion-toggle-icon-close pp-icon'>\n\t\t\t\t\t<i class=\"fas fa-chevron-down fas fa-chevron-down fas fa-chevron-down fas fa-chevron-down fas fa-chevron-down fas fa-chevron-down\" aria-hidden=\"true true true true true true\"><\/i>\t\t\t\t<\/span>\n\t\t<\/div>\n\t\t\t\t\t\t<\/div>\n\t\t\t\t<div class=\"cd-title-text\">\n\t\t\t\t\t\t\t\t<span class=\"pp-icon pp-advanced-tabs-icon-left\">\n\t\t\t<i aria-hidden=\"true\" class=\"fas fa-file-powerpoint\"><\/i>\t\t\t<\/span>\n\t\t\t\t\t\t\t\t<h3 class=\"cd-title-text-lines\">\n\t\t\t\t\t\t\t\t\t\t\t\t\t\t\t\t<div class=\"cd-title-text-line-2\">Proyecto 6<\/div>\n\t\t\t\t\t\t\t\t\t\t<\/h3>\n\t\t\t\t<\/div>\n\t\t\t<\/div>\n\t\t\t<div id=\"pp-advanced-tabs-content-1092\" class=\"pp-advanced-tabs-content elementor-clearfix pp-advanced-tabs-tab_content \" data-tab=\"2\" role=\"tabpanel\" aria-labelledby=\"pp-advanced-tabs-title-1092\">\n\t\t\t\t<div class=\"cd-content sin-imagen\">\n\t\t\t\t\t<h2 class=\"cd-content-title\">\n\t\t\t\t\t\tTour Panelero La Arrinconada\t\t\t\t\t<\/h2>\n\t\t\t\t\t<p><span style=\"color: #ff8803;\"><strong>Cristian David Cano Cano<\/strong><\/span><\/p>\n\n<p><strong>Corregimiento:<\/strong> San Sebasti\u00e1n de Palmitas vereda La Aldea<\/p>\n\n<p><strong>Resumen del proyecto:\u00a0<\/strong>El Tour Panelero de la Finca la Arrinconada busca transmitir a las personas extranjeras y locales el proceso de producci\u00f3n de la panela desde la siembre de ca\u00f1a hasta el producto final. Ser \u00abpanelero por un d\u00eda\u00bb para vivir las costumbres de los arrieros antioque\u00f1os y el paisaje del corregimiento.<\/p>\n\n<p><div class=\"iframe-container\"><iframe width=\"560\" height=\"315\" src=\"https:\/\/www.youtube.com\/embed\/HkrRfLUo3H8?si=Sd7vsItW4ZPryV_k\" title=\"YouTube video player\" frameborder=\"0\" allow=\"accelerometer; autoplay; clipboard-write; encrypted-media; gyroscope; picture-in-picture; web-share\" allowfullscreen><\/iframe><\/div><\/p>\t\t\t\t\t\t\t\t\t\t<a class=\"cd-button elementor-button elementor-size-md\" href=\"https:\/\/youtu.be\/HkrRfLUo3H8?si=pL5gywYbjbMnEopJ\">\n\t\t\t\t\t\t<span class=\"pp-button-text\">CONOCE M\u00c1S<\/span>\n\t\t\t\t\t<\/a>\n\t\t\t\t\t\t\t\t\t<\/div>\n\t\t\t\t\t\t\t<\/div>\n\t\t\t<\/div>\n\t\t\t\t\t\t\t\t<div class=\"pp-tabs-panel\">\n\t\t\t<div class=\"pp-advanced-tabs-title pp-tabs-label pp-tab-responsive \" data-index =\"1093\">\n\t\t\t\t<div class=\"cd-top-text\">\n\t\t\t\t\t<h2 class=\"pp-advanced-tabs-title-inner\">\n\t\t\t\t\t\tCaf\u00e9 Atardecer\t\t\t\t\t<\/h2>\n\t\t\t\t\t\t\t<div class=\"pp-accordion-toggle-icon\">\n\t\t\t\t<span class='pp-accordion-toggle-icon-open pp-icon'>\n\t\t\t\t\t<i class=\"fas fa-chevron-up fas fa-chevron-up fas fa-chevron-up fas fa-chevron-up fas fa-chevron-up fas fa-chevron-up fas fa-chevron-up\" aria-hidden=\"true true true true true true true\"><\/i>\t\t\t\t<\/span>\n\t\t\t\t<span class='pp-accordion-toggle-icon-close pp-icon'>\n\t\t\t\t\t<i class=\"fas fa-chevron-down fas fa-chevron-down fas fa-chevron-down fas fa-chevron-down fas fa-chevron-down fas fa-chevron-down fas fa-chevron-down\" aria-hidden=\"true true true true true true true\"><\/i>\t\t\t\t<\/span>\n\t\t<\/div>\n\t\t\t\t\t\t<\/div>\n\t\t\t\t<div class=\"cd-title-text\">\n\t\t\t\t\t\t\t\t<span class=\"pp-icon pp-advanced-tabs-icon-left\">\n\t\t\t<i aria-hidden=\"true\" class=\"fas fa-file-powerpoint\"><\/i>\t\t\t<\/span>\n\t\t\t\t\t\t\t\t<h3 class=\"cd-title-text-lines\">\n\t\t\t\t\t\t\t\t\t\t\t\t\t\t\t\t<div class=\"cd-title-text-line-2\">Proyecto 7<\/div>\n\t\t\t\t\t\t\t\t\t\t<\/h3>\n\t\t\t\t<\/div>\n\t\t\t<\/div>\n\t\t\t<div id=\"pp-advanced-tabs-content-1093\" class=\"pp-advanced-tabs-content elementor-clearfix pp-advanced-tabs-tab_content \" data-tab=\"3\" role=\"tabpanel\" aria-labelledby=\"pp-advanced-tabs-title-1093\">\n\t\t\t\t<div class=\"cd-content sin-imagen\">\n\t\t\t\t\t<h2 class=\"cd-content-title\">\n\t\t\t\t\t\tCaf\u00e9 Atardecer\t\t\t\t\t<\/h2>\n\t\t\t\t\t<p><span style=\"color: #ff8803;\"><strong>Luis Heinar Varela Correa<\/strong><\/span><\/p>\n\n<p><strong>Corregimiento:<\/strong> San Sebasti\u00e1n de Palmitas Vereda La Aldea<\/p>\n\n<p><strong>Resumen del proyecto: <\/strong>El proyecto busca mejorar su infraestructura de producci\u00f3n de caf\u00e9 y senderos al interior del cultivo para crear un \u00abtour cafetero\u00bb y dar a conocer el proceso de producci\u00f3n desde la planta hasta la taza a los visitantes generando una vitrina para visibilizar a los productores de caf\u00e9 del corregimiento.<\/p>\n\n<p><div class=\"iframe-container\"><iframe width=\"560\" height=\"315\" src=\"https:\/\/www.youtube.com\/embed\/LySuzWo_o0o?si=fJs9wHoE2tOJhYVJ\" title=\"YouTube video player\" frameborder=\"0\" allow=\"accelerometer; autoplay; clipboard-write; encrypted-media; gyroscope; picture-in-picture; web-share\" allowfullscreen><\/iframe><\/div><\/p>\t\t\t\t\t\t\t\t\t\t<a class=\"cd-button elementor-button elementor-size-md\" href=\"https:\/\/youtu.be\/LySuzWo_o0o?si=ww6Bxo8P9xihn3pE\">\n\t\t\t\t\t\t<span class=\"pp-button-text\">CONOCE M\u00c1S<\/span>\n\t\t\t\t\t<\/a>\n\t\t\t\t\t\t\t\t\t<\/div>\n\t\t\t\t\t\t\t<\/div>\n\t\t\t<\/div>\n\t\t\t\t\t\t\t\t<div class=\"pp-tabs-panel\">\n\t\t\t<div class=\"pp-advanced-tabs-title pp-tabs-label pp-tab-responsive \" data-index =\"1094\">\n\t\t\t\t<div class=\"cd-top-text\">\n\t\t\t\t\t<h2 class=\"pp-advanced-tabs-title-inner\">\n\t\t\t\t\t\tApicultura y Meliponicultura\t\t\t\t\t<\/h2>\n\t\t\t\t\t\t\t<div class=\"pp-accordion-toggle-icon\">\n\t\t\t\t<span class='pp-accordion-toggle-icon-open pp-icon'>\n\t\t\t\t\t<i class=\"fas fa-chevron-up fas fa-chevron-up fas fa-chevron-up fas fa-chevron-up fas fa-chevron-up fas fa-chevron-up fas fa-chevron-up fas fa-chevron-up\" aria-hidden=\"true true true true true true true true\"><\/i>\t\t\t\t<\/span>\n\t\t\t\t<span class='pp-accordion-toggle-icon-close pp-icon'>\n\t\t\t\t\t<i class=\"fas fa-chevron-down fas fa-chevron-down fas fa-chevron-down fas fa-chevron-down fas fa-chevron-down fas fa-chevron-down fas fa-chevron-down fas fa-chevron-down\" aria-hidden=\"true true true true true true true true\"><\/i>\t\t\t\t<\/span>\n\t\t<\/div>\n\t\t\t\t\t\t<\/div>\n\t\t\t\t<div class=\"cd-title-text\">\n\t\t\t\t\t\t\t\t<span class=\"pp-icon pp-advanced-tabs-icon-left\">\n\t\t\t<i aria-hidden=\"true\" class=\"fas fa-file-powerpoint\"><\/i>\t\t\t<\/span>\n\t\t\t\t\t\t\t\t<h3 class=\"cd-title-text-lines\">\n\t\t\t\t\t\t\t\t\t\t\t\t\t\t\t\t<div class=\"cd-title-text-line-2\">Proyecto 8<\/div>\n\t\t\t\t\t\t\t\t\t\t<\/h3>\n\t\t\t\t<\/div>\n\t\t\t<\/div>\n\t\t\t<div id=\"pp-advanced-tabs-content-1094\" class=\"pp-advanced-tabs-content elementor-clearfix pp-advanced-tabs-tab_content \" data-tab=\"4\" role=\"tabpanel\" aria-labelledby=\"pp-advanced-tabs-title-1094\">\n\t\t\t\t<div class=\"cd-content sin-imagen\">\n\t\t\t\t\t<h2 class=\"cd-content-title\">\n\t\t\t\t\t\tApicultura y Meliponicultura\t\t\t\t\t<\/h2>\n\t\t\t\t\t<p><span style=\"color: #ff8803;\"><strong>Camilo Betancur Betancur<\/strong><\/span><\/p>\n\n<p><strong>Corregimiento:<\/strong> San Antonio de Prado vereda El Salado<\/p>\n\n<p><strong>Resumen del proyecto: <\/strong>El proyecto busca crear un modelo productivo sostenible de apicultura que va de la mano con la dotaci\u00f3n de un laboratorio ap\u00edcola que permita la ejecuci\u00f3n de los procesos de post cosecha, almacenamiento, procesamiento y distribuci\u00f3n de los productos derivados de las abejas.<\/p>\n\n<div class=\"iframe-container\"><iframe width=\"560\" height=\"315\" src=\"https:\/\/www.youtube.com\/embed\/84n3GUITAyk?si=ZZ4fzAlS06iUnHs8\" title=\"YouTube video player\" frameborder=\"0\" allow=\"accelerometer; autoplay; clipboard-write; encrypted-media; gyroscope; picture-in-picture; web-share\" allowfullscreen><\/iframe><\/div>\n\n\t\t\t\t\t\t\t\t\t\t<a class=\"cd-button elementor-button elementor-size-md\" href=\"https:\/\/youtu.be\/84n3GUITAyk?si=OdJkCyczQLwKtKyD\">\n\t\t\t\t\t\t<span class=\"pp-button-text\">CONOCE M\u00c1S<\/span>\n\t\t\t\t\t<\/a>\n\t\t\t\t\t\t\t\t\t<\/div>\n\t\t\t\t\t\t\t<\/div>\n\t\t\t<\/div>\n\t\t\t\t\t\t<\/div>\n\t\t\t\t\t<\/div>\n\t\t\t\t<\/div>\n\t\t\t\t<\/div>\n\t\t<\/div><div class=\"elementor-element elementor-element-f85f88a e-container--column e-container\" data-id=\"f85f88a\" data-element_type=\"container\">\t\t\t\t<div class=\"elementor-element elementor-element-5a9d767 elementor-widget elementor-widget-contenidos-destacados\" data-id=\"5a9d767\" data-element_type=\"widget\" data-widget_type=\"contenidos-destacados.default\">\n\t\t\t\t<div class=\"elementor-widget-container\">\n\t\t\t\t\t<div class=\"pp-advanced-tabs pp-style-0 pp-tabs-responsive-mobile pp-advanced-tabs-responsive\" role=\"tablist\">\n\t\t\t\t\t\t<div class=\"pp-advanced-tabs-wrapper pp-tabs-labels pp-toggle-icon-align-right at-horizontal \">\n\t\t\t\t\t\t\t<div id=\"pp-advanced-tabs-title-9501\" class=\"pp-advanced-tabs-title pp-tabs-label pp-advanced-tabs-desktop-title \" data-tab=\"1\" data-wrapper=\"1\" data-index=\"9501\" tabindex=\"9501\" role=\"tab\" aria-controls=\"pp-advanced-tabs-content-9501\">\n\t\t\t\t<div class=\"cd-top-text\">\n\t\t\t\t\t<h2 class=\"pp-advanced-tabs-title-text\">\n\t\t\t\t\t\tAura Verde Hidropon\u00eda\t\t\t\t\t<\/h2>\n\t\t\t\t\t\t\t<div class=\"pp-accordion-toggle-icon\">\n\t\t\t\t<span class='pp-accordion-toggle-icon-open pp-icon'>\n\t\t\t\t\t<i class=\"fas fa-chevron-up\" aria-hidden=\"true\"><\/i>\t\t\t\t<\/span>\n\t\t\t\t<span class='pp-accordion-toggle-icon-close pp-icon'>\n\t\t\t\t\t<i class=\"fas fa-chevron-down\" aria-hidden=\"true\"><\/i>\t\t\t\t<\/span>\n\t\t<\/div>\n\t\t\t\t\t\t<\/div>\n\t\t\t\t<div class=\"cd-title-text\">\n                    \t\t\t<span class=\"pp-icon pp-advanced-tabs-icon-left\">\n\t\t\t<i aria-hidden=\"true\" class=\"fas fa-file-powerpoint\"><\/i>\t\t\t<\/span>\n\t\t\t                    <h3 class=\"cd-title-text-lines\">\n                                                                <div class=\"cd-title-text-line-2\">Proyecto 9<\/div>\n                                        <\/h3>\n                <\/div>\n\t\t\t<\/div>\n\t\t\t\t\t\t<\/div>\n\t\t\t<div class=\"pp-advanced-tabs-content-wrapper cd-tabs-content-wrapper-1 pp-tabs-panels at-horizontal-content\">\n\t\t\t\t\t\t\t<div class=\"pp-tabs-panel\">\n\t\t\t<div class=\"pp-advanced-tabs-title pp-tabs-label pp-tab-responsive \" data-index =\"9501\">\n\t\t\t\t<div class=\"cd-top-text\">\n\t\t\t\t\t<h2 class=\"pp-advanced-tabs-title-inner\">\n\t\t\t\t\t\tAura Verde Hidropon\u00eda\t\t\t\t\t<\/h2>\n\t\t\t\t\t\t\t<div class=\"pp-accordion-toggle-icon\">\n\t\t\t\t<span class='pp-accordion-toggle-icon-open pp-icon'>\n\t\t\t\t\t<i class=\"fas fa-chevron-up fas fa-chevron-up\" aria-hidden=\"true true\"><\/i>\t\t\t\t<\/span>\n\t\t\t\t<span class='pp-accordion-toggle-icon-close pp-icon'>\n\t\t\t\t\t<i class=\"fas fa-chevron-down fas fa-chevron-down\" aria-hidden=\"true true\"><\/i>\t\t\t\t<\/span>\n\t\t<\/div>\n\t\t\t\t\t\t<\/div>\n\t\t\t\t<div class=\"cd-title-text\">\n\t\t\t\t\t\t\t\t<span class=\"pp-icon pp-advanced-tabs-icon-left\">\n\t\t\t<i aria-hidden=\"true\" class=\"fas fa-file-powerpoint\"><\/i>\t\t\t<\/span>\n\t\t\t\t\t\t\t\t<h3 class=\"cd-title-text-lines\">\n\t\t\t\t\t\t\t\t\t\t\t\t\t\t\t\t<div class=\"cd-title-text-line-2\">Proyecto 9<\/div>\n\t\t\t\t\t\t\t\t\t\t<\/h3>\n\t\t\t\t<\/div>\n\t\t\t<\/div>\n\t\t\t<div id=\"pp-advanced-tabs-content-9501\" class=\"pp-advanced-tabs-content elementor-clearfix pp-advanced-tabs-tab_content \" data-tab=\"1\" role=\"tabpanel\" aria-labelledby=\"pp-advanced-tabs-title-9501\">\n\t\t\t\t<div class=\"cd-content sin-imagen\">\n\t\t\t\t\t<h2 class=\"cd-content-title\">\n\t\t\t\t\t\tAura Verde Hidropon\u00eda\t\t\t\t\t<\/h2>\n\t\t\t\t\t<p><span style=\"color: #ff8803;\"><strong>Sandra Liliana Rojo Santa<\/strong><\/span><\/p>\n\n<p><strong>Corregimiento:<\/strong> San Crist\u00f3bal vereda Pedregal Alto<\/p>\n\n<p><strong>Resumen del proyecto: <\/strong>\u00a0Producir albahaca para el mercado local, nacional e internacional, usando la hidropon\u00eda como m\u00e9todo de cultivo eficiente y tecnificado, que favorece la recolecci\u00f3n de datos para la toma de decisiones, la autosostenibilidad y la mejora de procesos en pro de la formaci\u00f3n de empresarios y empresarias j\u00f3venes rurales.<\/p>\n\n<p><div class=\"iframe-container\"><iframe width=\"560\" height=\"315\" src=\"https:\/\/www.youtube.com\/embed\/_RJYAQK7dLw?si=C7d7o5LDoc-PqLYo\" title=\"YouTube video player\" frameborder=\"0\" allow=\"accelerometer; autoplay; clipboard-write; encrypted-media; gyroscope; picture-in-picture; web-share\" allowfullscreen><\/iframe><\/div><\/p>\n\n&nbsp;\t\t\t\t\t\t\t\t\t\t<a class=\"cd-button elementor-button elementor-size-md\" href=\"https:\/\/youtu.be\/_RJYAQK7dLw?si=V3l6WrDzscODeBfB\">\n\t\t\t\t\t\t<span class=\"pp-button-text\">CONOCE M\u00c1S<\/span>\n\t\t\t\t\t<\/a>\n\t\t\t\t\t\t\t\t\t<\/div>\n\t\t\t\t\t\t\t<\/div>\n\t\t\t<\/div>\n\t\t\t\t\t\t\t\t\t\t<\/div>\n\t\t\t\t\t<\/div>\n\t\t\t\t<\/div>\n\t\t\t\t<\/div>\n\t\t<\/div>\t\t\t\t\t\t\t<\/div>\n\t\t\t<\/div>\n\t\t\t\t\t<\/div>\n\t\t","protected":false},"excerpt":{"rendered":"<p>Formula tu proyecto | Ideas rurales | Banco de cooperantes \u00bfQu\u00e9 son las ideas rurales? La Oficina de Gesti\u00f3n de proyectos (PMO) denominada Ideas Rurales Corregimientos Futuro surge como una necesidad de apoyar la creaci\u00f3n &#8230;<\/p>\n","protected":false},"author":31,"featured_media":245779,"parent":264686,"menu_order":0,"comment_status":"closed","ping_status":"closed","template":"sec-corregimientos\/elementor-fao.php","meta":[],"acf":[],"_links":{"self":[{"href":"https:\/\/www.medellin.gov.co\/es\/wp-json\/wp\/v2\/pages\/264693"}],"collection":[{"href":"https:\/\/www.medellin.gov.co\/es\/wp-json\/wp\/v2\/pages"}],"about":[{"href":"https:\/\/www.medellin.gov.co\/es\/wp-json\/wp\/v2\/types\/page"}],"author":[{"embeddable":true,"href":"https:\/\/www.medellin.gov.co\/es\/wp-json\/wp\/v2\/users\/31"}],"replies":[{"embeddable":true,"href":"https:\/\/www.medellin.gov.co\/es\/wp-json\/wp\/v2\/comments?post=264693"}],"version-history":[{"count":10,"href":"https:\/\/www.medellin.gov.co\/es\/wp-json\/wp\/v2\/pages\/264693\/revisions"}],"predecessor-version":[{"id":272626,"href":"https:\/\/www.medellin.gov.co\/es\/wp-json\/wp\/v2\/pages\/264693\/revisions\/272626"}],"up":[{"embeddable":true,"href":"https:\/\/www.medellin.gov.co\/es\/wp-json\/wp\/v2\/pages\/264686"}],"wp:featuredmedia":[{"embeddable":true,"href":"https:\/\/www.medellin.gov.co\/es\/wp-json\/wp\/v2\/media\/245779"}],"wp:attachment":[{"href":"https:\/\/www.medellin.gov.co\/es\/wp-json\/wp\/v2\/media?parent=264693"}],"curies":[{"name":"wp","href":"https:\/\/api.w.org\/{rel}","templated":true}]}}