{"id":329151,"date":"2024-08-01T22:47:51","date_gmt":"2024-08-02T03:47:51","guid":{"rendered":"https:\/\/www.medellin.gov.co\/es\/?page_id=329151"},"modified":"2026-01-28T14:32:34","modified_gmt":"2026-01-28T19:32:34","slug":"tejiendo-hogares-prevencion-violencias","status":"publish","type":"page","link":"https:\/\/www.medellin.gov.co\/es\/tejiendo-hogares-prevencion-violencias\/","title":{"rendered":"Tejiendo Hogares &#8211; Prevenci\u00f3n de las violencias en contra de los ni\u00f1os y adolescentes"},"content":{"rendered":"\t\t<div data-elementor-type=\"wp-page\" data-elementor-id=\"329151\" class=\"elementor elementor-329151\">\n\t\t\t\t\t\t<div class=\"elementor-inner\">\n\t\t\t\t<div class=\"elementor-section-wrap\">\n\t\t\t\t\t\t\t<div class=\"elementor-element elementor-element-cd0a1ba e-container--column e-container\" data-id=\"cd0a1ba\" data-element_type=\"container\">\t\t\t\t<div class=\"elementor-element elementor-element-60de1bc elementor-widget elementor-widget-spacer\" data-id=\"60de1bc\" data-element_type=\"widget\" data-widget_type=\"spacer.default\">\n\t\t\t\t<div class=\"elementor-widget-container\">\n\t\t\t\t\t<div class=\"elementor-spacer\">\n\t\t\t<div class=\"elementor-spacer-inner\"><\/div>\n\t\t<\/div>\n\t\t\t\t<\/div>\n\t\t\t\t<\/div>\n\t\t\t\t<div class=\"elementor-element elementor-element-71f761e elementor-widget elementor-widget-image\" data-id=\"71f761e\" data-element_type=\"widget\" data-widget_type=\"image.default\">\n\t\t\t\t<div class=\"elementor-widget-container\">\n\t\t\t\t\t\t\t\t<div class=\"elementor-image\">\n\t\t\t\t\t\t\t\t\t\t\t\t\t<a href=\"https:\/\/www.medellin.gov.co\/es\/tejiendo-hogares\/\">\n\t\t\t\t\t\t\t<img width=\"1024\" height=\"160\" src=\"https:\/\/www.medellin.gov.co\/es\/wp-content\/uploads\/2024\/07\/nies_Infancia_1a-1024x160.jpg\" class=\"attachment-large size-large\" alt=\"\" loading=\"lazy\" srcset=\"https:\/\/www.medellin.gov.co\/es\/wp-content\/uploads\/2024\/07\/nies_Infancia_1a-1024x160.jpg 1024w, https:\/\/www.medellin.gov.co\/es\/wp-content\/uploads\/2024\/07\/nies_Infancia_1a-300x47.jpg 300w, https:\/\/www.medellin.gov.co\/es\/wp-content\/uploads\/2024\/07\/nies_Infancia_1a-150x23.jpg 150w, https:\/\/www.medellin.gov.co\/es\/wp-content\/uploads\/2024\/07\/nies_Infancia_1a-768x120.jpg 768w, https:\/\/www.medellin.gov.co\/es\/wp-content\/uploads\/2024\/07\/nies_Infancia_1a.jpg 1280w\" sizes=\"(max-width: 1024px) 100vw, 1024px\" \/>\t\t\t\t\t\t\t\t<\/a>\n\t\t\t\t\t\t\t\t\t\t\t\t\t\t<\/div>\n\t\t\t\t\t\t<\/div>\n\t\t\t\t<\/div>\n\t\t<\/div>\t\t<section class=\"elementor-section elementor-top-section elementor-element elementor-element-b2f6b37 elementor-section-boxed elementor-section-height-default elementor-section-height-default\" data-id=\"b2f6b37\" data-element_type=\"section\">\n\t\t\t\t\t\t<div class=\"elementor-container elementor-column-gap-default\">\n\t\t\t\t\t\t\t<div class=\"elementor-row\">\n\t\t\t\t\t<div class=\"elementor-column elementor-col-100 elementor-top-column elementor-element elementor-element-8bc219d\" data-id=\"8bc219d\" data-element_type=\"column\">\n\t\t\t<div class=\"elementor-column-wrap elementor-element-populated\">\n\t\t\t\t\t\t\t<div class=\"elementor-widget-wrap\">\n\t\t\t\t\t\t<div class=\"elementor-element elementor-element-ff0e610 elementor-widget elementor-widget-spacer\" data-id=\"ff0e610\" data-element_type=\"widget\" data-widget_type=\"spacer.default\">\n\t\t\t\t<div class=\"elementor-widget-container\">\n\t\t\t\t\t<div class=\"elementor-spacer\">\n\t\t\t<div class=\"elementor-spacer-inner\"><\/div>\n\t\t<\/div>\n\t\t\t\t<\/div>\n\t\t\t\t<\/div>\n\t\t\t\t<div class=\"elementor-element elementor-element-f9be2f8 elementor-widget elementor-widget-heading\" data-id=\"f9be2f8\" data-element_type=\"widget\" data-widget_type=\"heading.default\">\n\t\t\t\t<div class=\"elementor-widget-container\">\n\t\t\t<h1 class=\"elementor-heading-title elementor-size-default\">Todos Los Protegemos<\/h1>\t\t<\/div>\n\t\t\t\t<\/div>\n\t\t\t\t<section class=\"elementor-section elementor-inner-section elementor-element elementor-element-7284560 elementor-section-boxed elementor-section-height-default elementor-section-height-default\" data-id=\"7284560\" data-element_type=\"section\">\n\t\t\t\t\t\t<div class=\"elementor-container elementor-column-gap-default\">\n\t\t\t\t\t\t\t<div class=\"elementor-row\">\n\t\t\t\t\t<div class=\"elementor-column elementor-col-100 elementor-inner-column elementor-element elementor-element-8279b70\" data-id=\"8279b70\" data-element_type=\"column\">\n\t\t\t<div class=\"elementor-column-wrap elementor-element-populated\">\n\t\t\t\t\t\t\t<div class=\"elementor-widget-wrap\">\n\t\t\t\t\t\t<div class=\"elementor-element elementor-element-9085e72 elementor-widget elementor-widget-image\" data-id=\"9085e72\" data-element_type=\"widget\" data-widget_type=\"image.default\">\n\t\t\t\t<div class=\"elementor-widget-container\">\n\t\t\t\t\t\t\t\t<div class=\"elementor-image\">\n\t\t\t\t\t\t\t\t\t\t\t\t<img width=\"1024\" height=\"524\" src=\"https:\/\/www.medellin.gov.co\/es\/wp-content\/uploads\/2026\/01\/Imagen-Todos-Los-Protegemos-1024x524.jpg\" class=\"attachment-large size-large\" alt=\"Imagen Todos Los Protegemos\" loading=\"lazy\" srcset=\"https:\/\/www.medellin.gov.co\/es\/wp-content\/uploads\/2026\/01\/Imagen-Todos-Los-Protegemos-1024x524.jpg 1024w, https:\/\/www.medellin.gov.co\/es\/wp-content\/uploads\/2026\/01\/Imagen-Todos-Los-Protegemos-300x154.jpg 300w, https:\/\/www.medellin.gov.co\/es\/wp-content\/uploads\/2026\/01\/Imagen-Todos-Los-Protegemos-150x77.jpg 150w, https:\/\/www.medellin.gov.co\/es\/wp-content\/uploads\/2026\/01\/Imagen-Todos-Los-Protegemos-768x393.jpg 768w, https:\/\/www.medellin.gov.co\/es\/wp-content\/uploads\/2026\/01\/Imagen-Todos-Los-Protegemos.jpg 1280w\" sizes=\"(max-width: 1024px) 100vw, 1024px\" \/>\t\t\t\t\t\t\t\t\t\t\t\t\t\t<\/div>\n\t\t\t\t\t\t<\/div>\n\t\t\t\t<\/div>\n\t\t\t\t<div class=\"elementor-element elementor-element-2e7f861 elementor-widget elementor-widget-text-editor\" data-id=\"2e7f861\" data-element_type=\"widget\" data-widget_type=\"text-editor.default\">\n\t\t\t\t<div class=\"elementor-widget-container\">\n\t\t\t\t\t\t\t\t<div class=\"elementor-text-editor elementor-clearfix\">\n\t\t\t\t<p><b>Estrategia de Prevenci\u00f3n y Atenci\u00f3n de Violencias Sexuales<\/b><\/p><p><span style=\"font-weight: 400;\">Desde el proyecto Estrat\u00e9gico Tejiendo Hogares del Despacho de la Primera Dama, implementamos la Estrategia de Prevenci\u00f3n y Atenci\u00f3n de Violencias Sexuales, para promover los derechos de los ni\u00f1os y ni\u00f1as, prevenir el maltrato, fomentar entornos protectores y acompa\u00f1ar a las v\u00edctimas, para que sanen el trauma y resignifiquen su historia de vida.<\/span><span style=\"font-weight: 400;\">\u00a0<\/span><\/p><p><span style=\"font-weight: 400;\">Implementamos esta estrategia a partir de los siguientes enfoques:<\/span><\/p><p>\u00a0<\/p>\t\t\t\t\t<\/div>\n\t\t\t\t\t\t<\/div>\n\t\t\t\t<\/div>\n\t\t\t\t\t\t<\/div>\n\t\t\t\t\t<\/div>\n\t\t<\/div>\n\t\t\t\t\t\t\t\t<\/div>\n\t\t\t\t\t<\/div>\n\t\t<\/section>\n\t\t\t\t\t\t<\/div>\n\t\t\t\t\t<\/div>\n\t\t<\/div>\n\t\t\t\t\t\t\t\t<\/div>\n\t\t\t\t\t<\/div>\n\t\t<\/section>\n\t\t<div class=\"elementor-element elementor-element-1e5838b e-container--row e-container\" data-id=\"1e5838b\" data-element_type=\"container\">\t\t<div class=\"elementor-element elementor-element-611404b e-container--column e-container\" data-id=\"611404b\" data-element_type=\"container\">\t\t\t\t<div class=\"elementor-element elementor-element-4a7e1fc elementor-widget elementor-widget-text-editor\" data-id=\"4a7e1fc\" data-element_type=\"widget\" data-widget_type=\"text-editor.default\">\n\t\t\t\t<div class=\"elementor-widget-container\">\n\t\t\t\t\t\t\t\t<div class=\"elementor-text-editor elementor-clearfix\">\n\t\t\t\t<p><b>Todos los protegemos:<\/b><span style=\"font-weight: 400;\"> realizamos talleres, jornadas de sensibilizaci\u00f3n y seminarios acad\u00e9micos con padres, madres de familia, agentes educativos, docentes, directivos, profesionales y ciudadan\u00eda en general; para ense\u00f1arles a prevenir, identificar y denunciar las violencias sexuales.<\/span><\/p>\t\t\t\t\t<\/div>\n\t\t\t\t\t\t<\/div>\n\t\t\t\t<\/div>\n\t\t<\/div><div class=\"elementor-element elementor-element-63082ba e-container--column e-container\" data-id=\"63082ba\" data-element_type=\"container\">\t\t\t\t<div class=\"elementor-element elementor-element-3f5bf7c elementor-widget elementor-widget-image\" data-id=\"3f5bf7c\" data-element_type=\"widget\" data-widget_type=\"image.default\">\n\t\t\t\t<div class=\"elementor-widget-container\">\n\t\t\t\t\t\t\t\t<div class=\"elementor-image\">\n\t\t\t\t\t\t\t\t\t\t\t\t<img width=\"1024\" height=\"682\" src=\"https:\/\/www.medellin.gov.co\/es\/wp-content\/uploads\/2026\/01\/Imagen-Contratista-Todos-los-Protegemos-1024x682.jpg\" class=\"attachment-large size-large\" alt=\"\" loading=\"lazy\" srcset=\"https:\/\/www.medellin.gov.co\/es\/wp-content\/uploads\/2026\/01\/Imagen-Contratista-Todos-los-Protegemos-1024x682.jpg 1024w, https:\/\/www.medellin.gov.co\/es\/wp-content\/uploads\/2026\/01\/Imagen-Contratista-Todos-los-Protegemos-300x200.jpg 300w, https:\/\/www.medellin.gov.co\/es\/wp-content\/uploads\/2026\/01\/Imagen-Contratista-Todos-los-Protegemos-150x100.jpg 150w, https:\/\/www.medellin.gov.co\/es\/wp-content\/uploads\/2026\/01\/Imagen-Contratista-Todos-los-Protegemos-768x512.jpg 768w, https:\/\/www.medellin.gov.co\/es\/wp-content\/uploads\/2026\/01\/Imagen-Contratista-Todos-los-Protegemos.jpg 1280w\" sizes=\"(max-width: 1024px) 100vw, 1024px\" \/>\t\t\t\t\t\t\t\t\t\t\t\t\t\t<\/div>\n\t\t\t\t\t\t<\/div>\n\t\t\t\t<\/div>\n\t\t<\/div><\/div><div class=\"elementor-element elementor-element-d7362bb e-container--row e-container\" data-id=\"d7362bb\" data-element_type=\"container\">\t\t<div class=\"elementor-element elementor-element-3ef34c0 e-container--column e-container\" data-id=\"3ef34c0\" data-element_type=\"container\">\t\t\t\t<div class=\"elementor-element elementor-element-ebe87e4 elementor-widget elementor-widget-image\" data-id=\"ebe87e4\" data-element_type=\"widget\" data-widget_type=\"image.default\">\n\t\t\t\t<div class=\"elementor-widget-container\">\n\t\t\t\t\t\t\t\t<div class=\"elementor-image\">\n\t\t\t\t\t\t\t\t\t\t\t\t<img width=\"1024\" height=\"682\" src=\"https:\/\/www.medellin.gov.co\/es\/wp-content\/uploads\/2026\/01\/Imagen-Congreso-Internacional-Todos-los-protegemos-1024x682.jpg\" class=\"attachment-large size-large\" alt=\"Imagen Congreso Internacional \u201cTodos los protegemos\u201d\" loading=\"lazy\" srcset=\"https:\/\/www.medellin.gov.co\/es\/wp-content\/uploads\/2026\/01\/Imagen-Congreso-Internacional-Todos-los-protegemos-1024x682.jpg 1024w, https:\/\/www.medellin.gov.co\/es\/wp-content\/uploads\/2026\/01\/Imagen-Congreso-Internacional-Todos-los-protegemos-300x200.jpg 300w, https:\/\/www.medellin.gov.co\/es\/wp-content\/uploads\/2026\/01\/Imagen-Congreso-Internacional-Todos-los-protegemos-150x100.jpg 150w, https:\/\/www.medellin.gov.co\/es\/wp-content\/uploads\/2026\/01\/Imagen-Congreso-Internacional-Todos-los-protegemos-768x512.jpg 768w, https:\/\/www.medellin.gov.co\/es\/wp-content\/uploads\/2026\/01\/Imagen-Congreso-Internacional-Todos-los-protegemos.jpg 1280w\" sizes=\"(max-width: 1024px) 100vw, 1024px\" \/>\t\t\t\t\t\t\t\t\t\t\t\t\t\t<\/div>\n\t\t\t\t\t\t<\/div>\n\t\t\t\t<\/div>\n\t\t<\/div><div class=\"elementor-element elementor-element-a774df9 e-container--column e-container\" data-id=\"a774df9\" data-element_type=\"container\">\t\t\t\t<div class=\"elementor-element elementor-element-01f6f31 elementor-widget elementor-widget-text-editor\" data-id=\"01f6f31\" data-element_type=\"widget\" data-widget_type=\"text-editor.default\">\n\t\t\t\t<div class=\"elementor-widget-container\">\n\t\t\t\t\t\t\t\t<div class=\"elementor-text-editor elementor-clearfix\">\n\t\t\t\t<p><b>Congreso Internacional \u201cTodos los protegemos\u201d: <\/b><span style=\"font-weight: 400;\">Cada a\u00f1o desarrollamos este espacio acad\u00e9mico para fomentar el buen trato y cualificar a los profesionales responsables de la atenci\u00f3n de ni\u00f1os y adolescente en la ciudad y en la regi\u00f3n.<\/span><\/p>\t\t\t\t\t<\/div>\n\t\t\t\t\t\t<\/div>\n\t\t\t\t<\/div>\n\t\t<\/div><\/div><div class=\"elementor-element elementor-element-62631ae e-container--row e-container\" data-id=\"62631ae\" data-element_type=\"container\">\t\t<div class=\"elementor-element elementor-element-316689d e-container--column e-container\" data-id=\"316689d\" data-element_type=\"container\">\t\t\t\t<div class=\"elementor-element elementor-element-b282acc elementor-widget elementor-widget-text-editor\" data-id=\"b282acc\" data-element_type=\"widget\" data-widget_type=\"text-editor.default\">\n\t\t\t\t<div class=\"elementor-widget-container\">\n\t\t\t\t\t\t\t\t<div class=\"elementor-text-editor elementor-clearfix\">\n\t\t\t\t<p><b>Atenci\u00f3n especializada a v\u00edctimas:<\/b><span style=\"font-weight: 400;\"> ofrecemos primeros auxilios emocionales a las v\u00edctimas que llegan al CAIVAS de la Fiscal\u00eda. All\u00ed contamos con un equipo de profesionales que acompa\u00f1an a las familias en la activaci\u00f3n de rutas y que remiten a los ni\u00f1os y adolescentes a la atenci\u00f3n terap\u00e9utica especializada.<\/span><\/p>\t\t\t\t\t<\/div>\n\t\t\t\t\t\t<\/div>\n\t\t\t\t<\/div>\n\t\t<\/div><div class=\"elementor-element elementor-element-e62bbfa e-container--column e-container\" data-id=\"e62bbfa\" data-element_type=\"container\">\t\t\t\t<div class=\"elementor-element elementor-element-5a9f38d elementor-widget elementor-widget-image\" data-id=\"5a9f38d\" data-element_type=\"widget\" data-widget_type=\"image.default\">\n\t\t\t\t<div class=\"elementor-widget-container\">\n\t\t\t\t\t\t\t\t<div class=\"elementor-image\">\n\t\t\t\t\t\t\t\t\t\t\t\t<img width=\"1024\" height=\"682\" src=\"https:\/\/www.medellin.gov.co\/es\/wp-content\/uploads\/2026\/01\/Atencion-especializada-a-victima-1024x682.jpg\" class=\"attachment-large size-large\" alt=\"\" loading=\"lazy\" srcset=\"https:\/\/www.medellin.gov.co\/es\/wp-content\/uploads\/2026\/01\/Atencion-especializada-a-victima-1024x682.jpg 1024w, https:\/\/www.medellin.gov.co\/es\/wp-content\/uploads\/2026\/01\/Atencion-especializada-a-victima-300x200.jpg 300w, https:\/\/www.medellin.gov.co\/es\/wp-content\/uploads\/2026\/01\/Atencion-especializada-a-victima-150x100.jpg 150w, https:\/\/www.medellin.gov.co\/es\/wp-content\/uploads\/2026\/01\/Atencion-especializada-a-victima-768x512.jpg 768w, https:\/\/www.medellin.gov.co\/es\/wp-content\/uploads\/2026\/01\/Atencion-especializada-a-victima.jpg 1280w\" sizes=\"(max-width: 1024px) 100vw, 1024px\" \/>\t\t\t\t\t\t\t\t\t\t\t\t\t\t<\/div>\n\t\t\t\t\t\t<\/div>\n\t\t\t\t<\/div>\n\t\t<\/div><\/div><div class=\"elementor-element elementor-element-62babcc e-container--row e-container\" data-id=\"62babcc\" data-element_type=\"container\">\t\t<div class=\"elementor-element elementor-element-6dfac90 e-container--column e-container\" data-id=\"6dfac90\" data-element_type=\"container\">\t\t\t\t<div class=\"elementor-element elementor-element-603f9a2 elementor-widget elementor-widget-image\" data-id=\"603f9a2\" data-element_type=\"widget\" data-widget_type=\"image.default\">\n\t\t\t\t<div class=\"elementor-widget-container\">\n\t\t\t\t\t\t\t\t<div class=\"elementor-image\">\n\t\t\t\t\t\t\t\t\t\t\t\t<img width=\"1024\" height=\"682\" src=\"https:\/\/www.medellin.gov.co\/es\/wp-content\/uploads\/2026\/01\/imagen-Acompanamiento-profesional-1024x682.jpg\" class=\"attachment-large size-large\" alt=\"\" loading=\"lazy\" srcset=\"https:\/\/www.medellin.gov.co\/es\/wp-content\/uploads\/2026\/01\/imagen-Acompanamiento-profesional-1024x682.jpg 1024w, https:\/\/www.medellin.gov.co\/es\/wp-content\/uploads\/2026\/01\/imagen-Acompanamiento-profesional-300x200.jpg 300w, https:\/\/www.medellin.gov.co\/es\/wp-content\/uploads\/2026\/01\/imagen-Acompanamiento-profesional-150x100.jpg 150w, https:\/\/www.medellin.gov.co\/es\/wp-content\/uploads\/2026\/01\/imagen-Acompanamiento-profesional-768x512.jpg 768w, https:\/\/www.medellin.gov.co\/es\/wp-content\/uploads\/2026\/01\/imagen-Acompanamiento-profesional.jpg 1280w\" sizes=\"(max-width: 1024px) 100vw, 1024px\" \/>\t\t\t\t\t\t\t\t\t\t\t\t\t\t<\/div>\n\t\t\t\t\t\t<\/div>\n\t\t\t\t<\/div>\n\t\t<\/div><div class=\"elementor-element elementor-element-94c5d20 e-container--column e-container\" data-id=\"94c5d20\" data-element_type=\"container\">\t\t\t\t<div class=\"elementor-element elementor-element-f564975 elementor-widget elementor-widget-text-editor\" data-id=\"f564975\" data-element_type=\"widget\" data-widget_type=\"text-editor.default\">\n\t\t\t\t<div class=\"elementor-widget-container\">\n\t\t\t\t\t\t\t\t<div class=\"elementor-text-editor elementor-clearfix\">\n\t\t\t\t<p><b>Acompa\u00f1amiento profesional: <\/b><span style=\"font-weight: 400;\">Cada ni\u00f1o cuenta con un acompa\u00f1amiento profesional individual de 10 sesiones terap\u00e9uticas, para sanar el trauma y resignificar su historia de vida.<\/span><\/p>\t\t\t\t\t<\/div>\n\t\t\t\t\t\t<\/div>\n\t\t\t\t<\/div>\n\t\t<\/div><\/div><div class=\"elementor-element elementor-element-294f55b e-container--row e-container\" data-id=\"294f55b\" data-element_type=\"container\">\t\t<div class=\"elementor-element elementor-element-6c3e962 e-container--column e-container\" data-id=\"6c3e962\" data-element_type=\"container\">\t\t\t\t<div class=\"elementor-element elementor-element-aa09bde elementor-widget elementor-widget-text-editor\" data-id=\"aa09bde\" data-element_type=\"widget\" data-widget_type=\"text-editor.default\">\n\t\t\t\t<div class=\"elementor-widget-container\">\n\t\t\t\t\t\t\t\t<div class=\"elementor-text-editor elementor-clearfix\">\n\t\t\t\t<p><b>Alianzas p\u00fablicas y privadas:<\/b><span style=\"font-weight: 400;\"> gestamos acciones conjuntas con cl\u00ednicas, empresas y organizaciones sociales y medios de comunicaci\u00f3n, para visibilizar y prevenir las violencias sexuales. <\/span><\/p>\t\t\t\t\t<\/div>\n\t\t\t\t\t\t<\/div>\n\t\t\t\t<\/div>\n\t\t<\/div><div class=\"elementor-element elementor-element-25238fd e-container--column e-container\" data-id=\"25238fd\" data-element_type=\"container\">\t\t\t\t<div class=\"elementor-element elementor-element-fbd2414 elementor-widget elementor-widget-image\" data-id=\"fbd2414\" data-element_type=\"widget\" data-widget_type=\"image.default\">\n\t\t\t\t<div class=\"elementor-widget-container\">\n\t\t\t\t\t\t\t\t<div class=\"elementor-image\">\n\t\t\t\t\t\t\t\t\t\t\t\t<img width=\"1024\" height=\"682\" src=\"https:\/\/www.medellin.gov.co\/es\/wp-content\/uploads\/2026\/01\/Imagen-Alianzas-publicas-y-privadas-1024x682.jpg\" class=\"attachment-large size-large\" alt=\"\" loading=\"lazy\" srcset=\"https:\/\/www.medellin.gov.co\/es\/wp-content\/uploads\/2026\/01\/Imagen-Alianzas-publicas-y-privadas-1024x682.jpg 1024w, https:\/\/www.medellin.gov.co\/es\/wp-content\/uploads\/2026\/01\/Imagen-Alianzas-publicas-y-privadas-300x200.jpg 300w, https:\/\/www.medellin.gov.co\/es\/wp-content\/uploads\/2026\/01\/Imagen-Alianzas-publicas-y-privadas-150x100.jpg 150w, https:\/\/www.medellin.gov.co\/es\/wp-content\/uploads\/2026\/01\/Imagen-Alianzas-publicas-y-privadas-768x512.jpg 768w, https:\/\/www.medellin.gov.co\/es\/wp-content\/uploads\/2026\/01\/Imagen-Alianzas-publicas-y-privadas.jpg 1280w\" sizes=\"(max-width: 1024px) 100vw, 1024px\" \/>\t\t\t\t\t\t\t\t\t\t\t\t\t\t<\/div>\n\t\t\t\t\t\t<\/div>\n\t\t\t\t<\/div>\n\t\t<\/div><\/div><div class=\"elementor-element elementor-element-f1e67dd e-container--row e-container\" data-id=\"f1e67dd\" data-element_type=\"container\">\t\t<div class=\"elementor-element elementor-element-55f156e e-container--column e-container\" data-id=\"55f156e\" data-element_type=\"container\">\t\t\t\t<div class=\"elementor-element elementor-element-297ea09 elementor-widget elementor-widget-image\" data-id=\"297ea09\" data-element_type=\"widget\" data-widget_type=\"image.default\">\n\t\t\t\t<div class=\"elementor-widget-container\">\n\t\t\t\t\t\t\t\t<div class=\"elementor-image\">\n\t\t\t\t\t\t\t\t\t\t\t\t<img width=\"1024\" height=\"682\" src=\"https:\/\/www.medellin.gov.co\/es\/wp-content\/uploads\/2026\/01\/imagen-Con-mi-cuerpo-nadie-se-mete-1024x682.jpg\" class=\"attachment-large size-large\" alt=\"\" loading=\"lazy\" srcset=\"https:\/\/www.medellin.gov.co\/es\/wp-content\/uploads\/2026\/01\/imagen-Con-mi-cuerpo-nadie-se-mete-1024x682.jpg 1024w, https:\/\/www.medellin.gov.co\/es\/wp-content\/uploads\/2026\/01\/imagen-Con-mi-cuerpo-nadie-se-mete-300x200.jpg 300w, https:\/\/www.medellin.gov.co\/es\/wp-content\/uploads\/2026\/01\/imagen-Con-mi-cuerpo-nadie-se-mete-150x100.jpg 150w, https:\/\/www.medellin.gov.co\/es\/wp-content\/uploads\/2026\/01\/imagen-Con-mi-cuerpo-nadie-se-mete-768x512.jpg 768w, https:\/\/www.medellin.gov.co\/es\/wp-content\/uploads\/2026\/01\/imagen-Con-mi-cuerpo-nadie-se-mete.jpg 1280w\" sizes=\"(max-width: 1024px) 100vw, 1024px\" \/>\t\t\t\t\t\t\t\t\t\t\t\t\t\t<\/div>\n\t\t\t\t\t\t<\/div>\n\t\t\t\t<\/div>\n\t\t<\/div><div class=\"elementor-element elementor-element-a2402e6 e-container--column e-container\" data-id=\"a2402e6\" data-element_type=\"container\">\t\t\t\t<div class=\"elementor-element elementor-element-5156662 elementor-widget elementor-widget-text-editor\" data-id=\"5156662\" data-element_type=\"widget\" data-widget_type=\"text-editor.default\">\n\t\t\t\t<div class=\"elementor-widget-container\">\n\t\t\t\t\t\t\t\t<div class=\"elementor-text-editor elementor-clearfix\">\n\t\t\t\t<p><b>Con mi cuerpo nadie se mete: <\/b><span style=\"font-weight: 400;\">desarrollamos espacios formativos l\u00fadicos y art\u00edsticos en establecimientos educativos, jardines infantiles y organizaciones sociales, de promoci\u00f3n de derechos y prevenci\u00f3n de violencias sexuales con ni\u00f1as, ni\u00f1os y adolescentes.<\/span><\/p>\t\t\t\t\t<\/div>\n\t\t\t\t\t\t<\/div>\n\t\t\t\t<\/div>\n\t\t<\/div><\/div><div class=\"elementor-element elementor-element-8636c42 e-container--row e-container\" data-id=\"8636c42\" data-element_type=\"container\">\t\t<div class=\"elementor-element elementor-element-f73faed e-container--column e-container\" data-id=\"f73faed\" data-element_type=\"container\">\t\t\t\t<div class=\"elementor-element elementor-element-17d2487 elementor-widget elementor-widget-text-editor\" data-id=\"17d2487\" data-element_type=\"widget\" data-widget_type=\"text-editor.default\">\n\t\t\t\t<div class=\"elementor-widget-container\">\n\t\t\t\t\t\t\t\t<div class=\"elementor-text-editor elementor-clearfix\">\n\t\t\t\t<p><b>Concurso digital \u201cCon mi cuerpo nadie se mete\u201d<\/b><span style=\"font-weight: 400;\">: Realizamos anualmente este concurso con el que formamos a los l\u00edderes estudiantiles de establecimientos educativos p\u00fablicos y privados de Medell\u00edn y el Valle de Aburr\u00e1.<\/span><\/p>\t\t\t\t\t<\/div>\n\t\t\t\t\t\t<\/div>\n\t\t\t\t<\/div>\n\t\t<\/div><div class=\"elementor-element elementor-element-6bcd715 e-container--column e-container\" data-id=\"6bcd715\" data-element_type=\"container\">\t\t\t\t<div class=\"elementor-element elementor-element-f1e7c2f elementor-widget elementor-widget-image\" data-id=\"f1e7c2f\" data-element_type=\"widget\" data-widget_type=\"image.default\">\n\t\t\t\t<div class=\"elementor-widget-container\">\n\t\t\t\t\t\t\t\t<div class=\"elementor-image\">\n\t\t\t\t\t\t\t\t\t\t\t\t<img width=\"1024\" height=\"682\" src=\"https:\/\/www.medellin.gov.co\/es\/wp-content\/uploads\/2026\/01\/Concurso-digital-Con-mi-cuerpo-nadie-se-mete-1024x682.jpg\" class=\"attachment-large size-large\" alt=\"\" loading=\"lazy\" srcset=\"https:\/\/www.medellin.gov.co\/es\/wp-content\/uploads\/2026\/01\/Concurso-digital-Con-mi-cuerpo-nadie-se-mete-1024x682.jpg 1024w, https:\/\/www.medellin.gov.co\/es\/wp-content\/uploads\/2026\/01\/Concurso-digital-Con-mi-cuerpo-nadie-se-mete-300x200.jpg 300w, https:\/\/www.medellin.gov.co\/es\/wp-content\/uploads\/2026\/01\/Concurso-digital-Con-mi-cuerpo-nadie-se-mete-150x100.jpg 150w, https:\/\/www.medellin.gov.co\/es\/wp-content\/uploads\/2026\/01\/Concurso-digital-Con-mi-cuerpo-nadie-se-mete-768x512.jpg 768w, https:\/\/www.medellin.gov.co\/es\/wp-content\/uploads\/2026\/01\/Concurso-digital-Con-mi-cuerpo-nadie-se-mete.jpg 1280w\" sizes=\"(max-width: 1024px) 100vw, 1024px\" \/>\t\t\t\t\t\t\t\t\t\t\t\t\t\t<\/div>\n\t\t\t\t\t\t<\/div>\n\t\t\t\t<\/div>\n\t\t<\/div><\/div><div class=\"elementor-element elementor-element-8e7e147 e-container--column e-container\" data-id=\"8e7e147\" data-element_type=\"container\">\t\t\t\t<div class=\"elementor-element elementor-element-7ea3563 elementor-widget elementor-widget-spacer\" data-id=\"7ea3563\" data-element_type=\"widget\" data-widget_type=\"spacer.default\">\n\t\t\t\t<div class=\"elementor-widget-container\">\n\t\t\t\t\t<div class=\"elementor-spacer\">\n\t\t\t<div class=\"elementor-spacer-inner\"><\/div>\n\t\t<\/div>\n\t\t\t\t<\/div>\n\t\t\t\t<\/div>\n\t\t<\/div>\t\t<section class=\"elementor-section elementor-top-section elementor-element elementor-element-df5ff87 elementor-section-boxed elementor-section-height-default elementor-section-height-default\" data-id=\"df5ff87\" data-element_type=\"section\">\n\t\t\t\t\t\t<div class=\"elementor-container elementor-column-gap-default\">\n\t\t\t\t\t\t\t<div class=\"elementor-row\">\n\t\t\t\t\t<div class=\"elementor-column elementor-col-100 elementor-top-column elementor-element elementor-element-1fba0b8\" data-id=\"1fba0b8\" data-element_type=\"column\">\n\t\t\t<div class=\"elementor-column-wrap elementor-element-populated\">\n\t\t\t\t\t\t\t<div class=\"elementor-widget-wrap\">\n\t\t\t\t\t\t<div class=\"elementor-element elementor-element-f8b4fa7 elementor-widget elementor-widget-heading\" data-id=\"f8b4fa7\" data-element_type=\"widget\" data-widget_type=\"heading.default\">\n\t\t\t\t<div class=\"elementor-widget-container\">\n\t\t\t<h2 class=\"elementor-heading-title elementor-size-default\"><b>Videos<\/b>  de campa\u00f1a<\/h2>\t\t<\/div>\n\t\t\t\t<\/div>\n\t\t\t\t\t\t<\/div>\n\t\t\t\t\t<\/div>\n\t\t<\/div>\n\t\t\t\t\t\t\t\t<\/div>\n\t\t\t\t\t<\/div>\n\t\t<\/section>\n\t\t<div class=\"elementor-element elementor-element-a94cedd e-container--column e-container\" data-id=\"a94cedd\" data-element_type=\"container\">\t\t\t\t<div class=\"elementor-element elementor-element-b3852bd elementor-aspect-ratio-169 elementor-widget elementor-widget-video\" data-id=\"b3852bd\" data-element_type=\"widget\" data-settings=\"{&quot;youtube_url&quot;:&quot;https:\\\/\\\/www.youtube.com\\\/watch?v=jy1a6_tsoIU&quot;,&quot;video_type&quot;:&quot;youtube&quot;,&quot;controls&quot;:&quot;yes&quot;,&quot;aspect_ratio&quot;:&quot;169&quot;}\" data-widget_type=\"video.default\">\n\t\t\t\t<div class=\"elementor-widget-container\">\n\t\t\t\t\t<div class=\"elementor-wrapper elementor-fit-aspect-ratio elementor-open-inline\">\n\t\t\t<div class=\"elementor-video\"><\/div>\t\t<\/div>\n\t\t\t\t<\/div>\n\t\t\t\t<\/div>\n\t\t<\/div>\t\t<section class=\"elementor-section elementor-top-section elementor-element elementor-element-61a58b3 elementor-section-boxed elementor-section-height-default elementor-section-height-default\" data-id=\"61a58b3\" data-element_type=\"section\">\n\t\t\t\t\t\t<div class=\"elementor-container elementor-column-gap-default\">\n\t\t\t\t\t\t\t<div class=\"elementor-row\">\n\t\t\t\t\t<div class=\"elementor-column elementor-col-100 elementor-top-column elementor-element elementor-element-d4771c6\" data-id=\"d4771c6\" data-element_type=\"column\">\n\t\t\t<div class=\"elementor-column-wrap elementor-element-populated\">\n\t\t\t\t\t\t\t<div class=\"elementor-widget-wrap\">\n\t\t\t\t\t\t<section class=\"elementor-section elementor-inner-section elementor-element elementor-element-8decd27 elementor-section-boxed elementor-section-height-default elementor-section-height-default\" data-id=\"8decd27\" data-element_type=\"section\">\n\t\t\t\t\t\t<div class=\"elementor-container elementor-column-gap-default\">\n\t\t\t\t\t\t\t<div class=\"elementor-row\">\n\t\t\t\t\t<div class=\"elementor-column elementor-col-33 elementor-inner-column elementor-element elementor-element-50c6481\" data-id=\"50c6481\" data-element_type=\"column\" data-settings=\"{&quot;background_background&quot;:&quot;classic&quot;}\">\n\t\t\t<div class=\"elementor-column-wrap elementor-element-populated\">\n\t\t\t\t\t\t\t<div class=\"elementor-widget-wrap\">\n\t\t\t\t\t\t<div class=\"elementor-element elementor-element-d08c301 elementor-widget elementor-widget-heading\" data-id=\"d08c301\" data-element_type=\"widget\" data-widget_type=\"heading.default\">\n\t\t\t\t<div class=\"elementor-widget-container\">\n\t\t\t<div class=\"elementor-heading-title elementor-size-default\"><a href=\"https:\/\/www.medellin.gov.co\/es\/wp-content\/uploads\/2025\/03\/ABC-ALIADOS-V2.pdf\" target=\"_blank\">ABC de las violencias sexuales<\/a><\/div>\t\t<\/div>\n\t\t\t\t<\/div>\n\t\t\t\t\t\t<\/div>\n\t\t\t\t\t<\/div>\n\t\t<\/div>\n\t\t\t\t<div class=\"elementor-column elementor-col-33 elementor-inner-column elementor-element elementor-element-9c93563\" data-id=\"9c93563\" data-element_type=\"column\" data-settings=\"{&quot;background_background&quot;:&quot;classic&quot;}\">\n\t\t\t<div class=\"elementor-column-wrap elementor-element-populated\">\n\t\t\t\t\t\t\t<div class=\"elementor-widget-wrap\">\n\t\t\t\t\t\t<div class=\"elementor-element elementor-element-0914028 elementor-widget elementor-widget-heading\" data-id=\"0914028\" data-element_type=\"widget\" data-widget_type=\"heading.default\">\n\t\t\t\t<div class=\"elementor-widget-container\">\n\t\t\t<div class=\"elementor-heading-title elementor-size-default\"><a href=\"https:\/\/www.medellin.gov.co\/es\/wp-content\/uploads\/2025\/03\/RUTAS-DE-ATENCION-png.png\" target=\"_blank\">Rutas de atenci\u00f3n <\/a><\/div>\t\t<\/div>\n\t\t\t\t<\/div>\n\t\t\t\t\t\t<\/div>\n\t\t\t\t\t<\/div>\n\t\t<\/div>\n\t\t\t\t<div class=\"elementor-column elementor-col-33 elementor-inner-column elementor-element elementor-element-99566e1\" data-id=\"99566e1\" data-element_type=\"column\" data-settings=\"{&quot;background_background&quot;:&quot;classic&quot;}\">\n\t\t\t<div class=\"elementor-column-wrap elementor-element-populated\">\n\t\t\t\t\t\t\t<div class=\"elementor-widget-wrap\">\n\t\t\t\t\t\t<div class=\"elementor-element elementor-element-d007be8 elementor-widget elementor-widget-heading\" data-id=\"d007be8\" data-element_type=\"widget\" data-widget_type=\"heading.default\">\n\t\t\t\t<div class=\"elementor-widget-container\">\n\t\t\t<div class=\"elementor-heading-title elementor-size-default\"><a href=\"https:\/\/drive.google.com\/drive\/folders\/1-BjIIQutQfbJcNVwnnH5_3XD_S_P9H8v?usp=share_link\" target=\"_blank\">Kit de campa\u00f1a <\/a><\/div>\t\t<\/div>\n\t\t\t\t<\/div>\n\t\t\t\t\t\t<\/div>\n\t\t\t\t\t<\/div>\n\t\t<\/div>\n\t\t\t\t\t\t\t\t<\/div>\n\t\t\t\t\t<\/div>\n\t\t<\/section>\n\t\t\t\t\t\t<\/div>\n\t\t\t\t\t<\/div>\n\t\t<\/div>\n\t\t\t\t\t\t\t\t<\/div>\n\t\t\t\t\t<\/div>\n\t\t<\/section>\n\t\t\t\t<section class=\"elementor-section elementor-top-section elementor-element elementor-element-38dedb6 elementor-section-boxed elementor-section-height-default elementor-section-height-default\" data-id=\"38dedb6\" data-element_type=\"section\">\n\t\t\t\t\t\t<div class=\"elementor-container elementor-column-gap-default\">\n\t\t\t\t\t\t\t<div class=\"elementor-row\">\n\t\t\t\t\t<div class=\"elementor-column elementor-col-100 elementor-top-column elementor-element elementor-element-43b13d8\" data-id=\"43b13d8\" data-element_type=\"column\">\n\t\t\t<div class=\"elementor-column-wrap elementor-element-populated\">\n\t\t\t\t\t\t\t<div class=\"elementor-widget-wrap\">\n\t\t\t\t\t\t<div class=\"elementor-element elementor-element-4beebd7 elementor-widget elementor-widget-heading\" data-id=\"4beebd7\" data-element_type=\"widget\" data-widget_type=\"heading.default\">\n\t\t\t\t<div class=\"elementor-widget-container\">\n\t\t\t<h2 class=\"elementor-heading-title elementor-size-default\"><b>Conoce la campa\u00f1a:<\/b>  Con mi cuerpo nadie se mete - Galer\u00eda de im\u00e1genes<\/h2>\t\t<\/div>\n\t\t\t\t<\/div>\n\t\t\t\t<div class=\"elementor-element elementor-element-f5f7a4f elementor-grid-4 elementor-grid-tablet-2 elementor-grid-mobile-1 pp-ins-normal elementor-invisible elementor-widget elementor-widget-pp-image-gallery\" data-id=\"f5f7a4f\" data-element_type=\"widget\" data-settings=\"{&quot;columns&quot;:&quot;4&quot;,&quot;pagination&quot;:&quot;yes&quot;,&quot;_animation&quot;:&quot;fadeInUp&quot;,&quot;columns_tablet&quot;:&quot;2&quot;,&quot;columns_mobile&quot;:&quot;1&quot;}\" data-widget_type=\"pp-image-gallery.default\">\n\t\t\t\t<div class=\"elementor-widget-container\">\n\t\t\t\t\t<div class=\"pp-image-gallery-container\" data-settings=\"{&quot;tilt_enable&quot;:&quot;no&quot;,&quot;layout&quot;:&quot;grid&quot;,&quot;pagination&quot;:&quot;yes&quot;,&quot;per_page&quot;:&quot;8&quot;,&quot;post_id&quot;:329151,&quot;template_id&quot;:329151,&quot;widget_id&quot;:&quot;f5f7a4f&quot;}\">\n\t\t\t\t\t\t<div class=\"pp-image-gallery-wrapper\">\n\t\t\t\t\t\t\t\t<div class=\"pp-image-gallery pp-elementor-grid\" id=\"pp-image-gallery-f5f7a4f\">\n\t\t\t\t\t\n\t\t\t<div class=\"pp-grid-item-wrap pp-group-1\" data-item-id=\"394450\">\n\t\t\t\t<div class=\"pp-grid-item pp-image\">\n\t\t\t\t\t<div class=\"pp-image-gallery-thumbnail-wrap pp-ins-filter-hover\">\n\t\t\t\t\t\t<a data-elementor-open-lightbox=\"default\" data-elementor-lightbox-slideshow=\"f5f7a4f\" class=\"elementor-clickable pp-image-gallery-item-link\" href=\"https:\/\/www.medellin.gov.co\/es\/wp-content\/uploads\/2025\/03\/Cuerpo_nadie_se_mete-1.jpg\"><\/a><div class=\"pp-ins-filter-target pp-image-gallery-thumbnail\"><img class=\"pp-gallery-slide-image\" src=\"https:\/\/www.medellin.gov.co\/es\/wp-content\/uploads\/2025\/03\/Cuerpo_nadie_se_mete-1.jpg\" alt=\"\" data-no-lazy=\"1\" \/><\/div><div class=\"pp-image-overlay pp-media-overlay\"><\/div><div class=\"pp-gallery-image-content pp-media-content\"><\/div>\t\t\t\t\t<\/div>\n\t\t\t\t<\/div>\n\t\t\t<\/div>\n\t\t\t\n\t\t\t<div class=\"pp-grid-item-wrap pp-group-1\" data-item-id=\"394449\">\n\t\t\t\t<div class=\"pp-grid-item pp-image\">\n\t\t\t\t\t<div class=\"pp-image-gallery-thumbnail-wrap pp-ins-filter-hover\">\n\t\t\t\t\t\t<a data-elementor-open-lightbox=\"default\" data-elementor-lightbox-slideshow=\"f5f7a4f\" class=\"elementor-clickable pp-image-gallery-item-link\" href=\"https:\/\/www.medellin.gov.co\/es\/wp-content\/uploads\/2025\/03\/Cuerpo_nadie_se_mete-15.jpg\"><\/a><div class=\"pp-ins-filter-target pp-image-gallery-thumbnail\"><img class=\"pp-gallery-slide-image\" src=\"https:\/\/www.medellin.gov.co\/es\/wp-content\/uploads\/2025\/03\/Cuerpo_nadie_se_mete-15.jpg\" alt=\"\" data-no-lazy=\"1\" \/><\/div><div class=\"pp-image-overlay pp-media-overlay\"><\/div><div class=\"pp-gallery-image-content pp-media-content\"><\/div>\t\t\t\t\t<\/div>\n\t\t\t\t<\/div>\n\t\t\t<\/div>\n\t\t\t\n\t\t\t<div class=\"pp-grid-item-wrap pp-group-1\" data-item-id=\"394447\">\n\t\t\t\t<div class=\"pp-grid-item pp-image\">\n\t\t\t\t\t<div class=\"pp-image-gallery-thumbnail-wrap pp-ins-filter-hover\">\n\t\t\t\t\t\t<a data-elementor-open-lightbox=\"default\" data-elementor-lightbox-slideshow=\"f5f7a4f\" class=\"elementor-clickable pp-image-gallery-item-link\" href=\"https:\/\/www.medellin.gov.co\/es\/wp-content\/uploads\/2025\/03\/Cuerpo_nadie_se_mete-14.jpg\"><\/a><div class=\"pp-ins-filter-target pp-image-gallery-thumbnail\"><img class=\"pp-gallery-slide-image\" src=\"https:\/\/www.medellin.gov.co\/es\/wp-content\/uploads\/2025\/03\/Cuerpo_nadie_se_mete-14.jpg\" alt=\"\" data-no-lazy=\"1\" \/><\/div><div class=\"pp-image-overlay pp-media-overlay\"><\/div><div class=\"pp-gallery-image-content pp-media-content\"><\/div>\t\t\t\t\t<\/div>\n\t\t\t\t<\/div>\n\t\t\t<\/div>\n\t\t\t\n\t\t\t<div class=\"pp-grid-item-wrap pp-group-1\" data-item-id=\"394444\">\n\t\t\t\t<div class=\"pp-grid-item pp-image\">\n\t\t\t\t\t<div class=\"pp-image-gallery-thumbnail-wrap pp-ins-filter-hover\">\n\t\t\t\t\t\t<a data-elementor-open-lightbox=\"default\" data-elementor-lightbox-slideshow=\"f5f7a4f\" class=\"elementor-clickable pp-image-gallery-item-link\" href=\"https:\/\/www.medellin.gov.co\/es\/wp-content\/uploads\/2025\/03\/Cuerpo_nadie_se_mete-13.jpg\"><\/a><div class=\"pp-ins-filter-target pp-image-gallery-thumbnail\"><img class=\"pp-gallery-slide-image\" src=\"https:\/\/www.medellin.gov.co\/es\/wp-content\/uploads\/2025\/03\/Cuerpo_nadie_se_mete-13.jpg\" alt=\"\" data-no-lazy=\"1\" \/><\/div><div class=\"pp-image-overlay pp-media-overlay\"><\/div><div class=\"pp-gallery-image-content pp-media-content\"><\/div>\t\t\t\t\t<\/div>\n\t\t\t\t<\/div>\n\t\t\t<\/div>\n\t\t\t\n\t\t\t<div class=\"pp-grid-item-wrap pp-group-1\" data-item-id=\"394443\">\n\t\t\t\t<div class=\"pp-grid-item pp-image\">\n\t\t\t\t\t<div class=\"pp-image-gallery-thumbnail-wrap pp-ins-filter-hover\">\n\t\t\t\t\t\t<a data-elementor-open-lightbox=\"default\" data-elementor-lightbox-slideshow=\"f5f7a4f\" class=\"elementor-clickable pp-image-gallery-item-link\" href=\"https:\/\/www.medellin.gov.co\/es\/wp-content\/uploads\/2025\/03\/Cuerpo_nadie_se_mete-12.jpg\"><\/a><div class=\"pp-ins-filter-target pp-image-gallery-thumbnail\"><img class=\"pp-gallery-slide-image\" src=\"https:\/\/www.medellin.gov.co\/es\/wp-content\/uploads\/2025\/03\/Cuerpo_nadie_se_mete-12.jpg\" alt=\"\" data-no-lazy=\"1\" \/><\/div><div class=\"pp-image-overlay pp-media-overlay\"><\/div><div class=\"pp-gallery-image-content pp-media-content\"><\/div>\t\t\t\t\t<\/div>\n\t\t\t\t<\/div>\n\t\t\t<\/div>\n\t\t\t\n\t\t\t<div class=\"pp-grid-item-wrap pp-group-1\" data-item-id=\"394442\">\n\t\t\t\t<div class=\"pp-grid-item pp-image\">\n\t\t\t\t\t<div class=\"pp-image-gallery-thumbnail-wrap pp-ins-filter-hover\">\n\t\t\t\t\t\t<a data-elementor-open-lightbox=\"default\" data-elementor-lightbox-slideshow=\"f5f7a4f\" class=\"elementor-clickable pp-image-gallery-item-link\" href=\"https:\/\/www.medellin.gov.co\/es\/wp-content\/uploads\/2025\/03\/Cuerpo_nadie_se_mete-11.jpg\"><\/a><div class=\"pp-ins-filter-target pp-image-gallery-thumbnail\"><img class=\"pp-gallery-slide-image\" src=\"https:\/\/www.medellin.gov.co\/es\/wp-content\/uploads\/2025\/03\/Cuerpo_nadie_se_mete-11.jpg\" alt=\"\" data-no-lazy=\"1\" \/><\/div><div class=\"pp-image-overlay pp-media-overlay\"><\/div><div class=\"pp-gallery-image-content pp-media-content\"><\/div>\t\t\t\t\t<\/div>\n\t\t\t\t<\/div>\n\t\t\t<\/div>\n\t\t\t\n\t\t\t<div class=\"pp-grid-item-wrap pp-group-1\" data-item-id=\"394440\">\n\t\t\t\t<div class=\"pp-grid-item pp-image\">\n\t\t\t\t\t<div class=\"pp-image-gallery-thumbnail-wrap pp-ins-filter-hover\">\n\t\t\t\t\t\t<a data-elementor-open-lightbox=\"default\" data-elementor-lightbox-slideshow=\"f5f7a4f\" class=\"elementor-clickable pp-image-gallery-item-link\" href=\"https:\/\/www.medellin.gov.co\/es\/wp-content\/uploads\/2025\/03\/Cuerpo_nadie_se_mete-10.jpg\"><\/a><div class=\"pp-ins-filter-target pp-image-gallery-thumbnail\"><img class=\"pp-gallery-slide-image\" src=\"https:\/\/www.medellin.gov.co\/es\/wp-content\/uploads\/2025\/03\/Cuerpo_nadie_se_mete-10.jpg\" alt=\"\" data-no-lazy=\"1\" \/><\/div><div class=\"pp-image-overlay pp-media-overlay\"><\/div><div class=\"pp-gallery-image-content pp-media-content\"><\/div>\t\t\t\t\t<\/div>\n\t\t\t\t<\/div>\n\t\t\t<\/div>\n\t\t\t\n\t\t\t<div class=\"pp-grid-item-wrap pp-group-1\" data-item-id=\"394438\">\n\t\t\t\t<div class=\"pp-grid-item pp-image\">\n\t\t\t\t\t<div class=\"pp-image-gallery-thumbnail-wrap pp-ins-filter-hover\">\n\t\t\t\t\t\t<a data-elementor-open-lightbox=\"default\" data-elementor-lightbox-slideshow=\"f5f7a4f\" class=\"elementor-clickable pp-image-gallery-item-link\" href=\"https:\/\/www.medellin.gov.co\/es\/wp-content\/uploads\/2025\/03\/Cuerpo_nadie_se_mete-9.jpg\"><\/a><div class=\"pp-ins-filter-target pp-image-gallery-thumbnail\"><img class=\"pp-gallery-slide-image\" src=\"https:\/\/www.medellin.gov.co\/es\/wp-content\/uploads\/2025\/03\/Cuerpo_nadie_se_mete-9.jpg\" alt=\"\" data-no-lazy=\"1\" \/><\/div><div class=\"pp-image-overlay pp-media-overlay\"><\/div><div class=\"pp-gallery-image-content pp-media-content\"><\/div>\t\t\t\t\t<\/div>\n\t\t\t\t<\/div>\n\t\t\t<\/div>\n\t\t\t\t\t\t\t<\/div>\n\t\t\t\t\t\t<div class=\"pp-gallery-pagination\">\n\t\t\t<a href=\"#\" class=\"pp-gallery-load-more elementor-button elementor-size-md\">\n\t\t\t\t<span class=\"pp-button-loader\"><\/span>\n\t\t\t\t\t\t\t\t<span class=\"pp-gallery-load-more-text\">\n\t\t\t\t\tVER M\u00c1S\t\t\t\t<\/span>\n\t\t\t\t\t\t\t<\/a>\n\t\t<\/div>\n\t\t\t\t\t\t<\/div>\n\t\t\t\t\t\t<\/div>\n\t\t\t\t<\/div>\n\t\t\t\t<\/div>\n\t\t\t\t\t\t<\/div>\n\t\t\t\t\t<\/div>\n\t\t<\/div>\n\t\t\t\t\t\t\t\t<\/div>\n\t\t\t\t\t<\/div>\n\t\t<\/section>\n\t\t\t\t\t\t\t\t\t<\/div>\n\t\t\t<\/div>\n\t\t\t\t\t<\/div>\n\t\t","protected":false},"excerpt":{"rendered":"<p>Todos Los Protegemos Estrategia de Prevenci\u00f3n y Atenci\u00f3n de Violencias Sexuales Desde el proyecto Estrat\u00e9gico Tejiendo Hogares del Despacho de la Primera Dama, implementamos la Estrategia de Prevenci\u00f3n y Atenci\u00f3n de Violencias Sexuales, para promover &#8230;<\/p>\n","protected":false},"author":17,"featured_media":190267,"parent":0,"menu_order":0,"comment_status":"closed","ping_status":"closed","template":"","meta":[],"acf":[],"_links":{"self":[{"href":"https:\/\/www.medellin.gov.co\/es\/wp-json\/wp\/v2\/pages\/329151"}],"collection":[{"href":"https:\/\/www.medellin.gov.co\/es\/wp-json\/wp\/v2\/pages"}],"about":[{"href":"https:\/\/www.medellin.gov.co\/es\/wp-json\/wp\/v2\/types\/page"}],"author":[{"embeddable":true,"href":"https:\/\/www.medellin.gov.co\/es\/wp-json\/wp\/v2\/users\/17"}],"replies":[{"embeddable":true,"href":"https:\/\/www.medellin.gov.co\/es\/wp-json\/wp\/v2\/comments?post=329151"}],"version-history":[{"count":10,"href":"https:\/\/www.medellin.gov.co\/es\/wp-json\/wp\/v2\/pages\/329151\/revisions"}],"predecessor-version":[{"id":494681,"href":"https:\/\/www.medellin.gov.co\/es\/wp-json\/wp\/v2\/pages\/329151\/revisions\/494681"}],"wp:featuredmedia":[{"embeddable":true,"href":"https:\/\/www.medellin.gov.co\/es\/wp-json\/wp\/v2\/media\/190267"}],"wp:attachment":[{"href":"https:\/\/www.medellin.gov.co\/es\/wp-json\/wp\/v2\/media?parent=329151"}],"curies":[{"name":"wp","href":"https:\/\/api.w.org\/{rel}","templated":true}]}}