{"id":329822,"date":"2024-08-03T08:43:59","date_gmt":"2024-08-03T13:43:59","guid":{"rendered":"https:\/\/www.medellin.gov.co\/es\/?page_id=329822"},"modified":"2026-04-27T12:11:26","modified_gmt":"2026-04-27T17:11:26","slug":"convocatoria-movilizacion","status":"publish","type":"page","link":"https:\/\/www.medellin.gov.co\/es\/secretaria-de-comunicaciones\/convocatoria-movilizacion\/","title":{"rendered":"Convocatoria Territorios que Inspiran 2026"},"content":{"rendered":"\t\t<div data-elementor-type=\"wp-page\" data-elementor-id=\"329822\" class=\"elementor elementor-329822\">\n\t\t\t\t\t\t<div class=\"elementor-inner\">\n\t\t\t\t<div class=\"elementor-section-wrap\">\n\t\t\t\t\t\t\t\t\t<section class=\"elementor-section elementor-top-section elementor-element elementor-element-2e9ab96 elementor-section-boxed elementor-section-height-default elementor-section-height-default\" data-id=\"2e9ab96\" data-element_type=\"section\">\n\t\t\t\t\t\t<div class=\"elementor-container elementor-column-gap-default\">\n\t\t\t\t\t\t\t<div class=\"elementor-row\">\n\t\t\t\t\t<div class=\"elementor-column elementor-col-100 elementor-top-column elementor-element elementor-element-271d0e9\" data-id=\"271d0e9\" data-element_type=\"column\">\n\t\t\t<div class=\"elementor-column-wrap elementor-element-populated\">\n\t\t\t\t\t\t\t<div class=\"elementor-widget-wrap\">\n\t\t\t\t\t\t<div class=\"elementor-element elementor-element-aa2d6d4 elementor-widget elementor-widget-heading\" data-id=\"aa2d6d4\" data-element_type=\"widget\" data-widget_type=\"heading.default\">\n\t\t\t\t<div class=\"elementor-widget-container\">\n\t\t\t<h1 class=\"elementor-heading-title elementor-size-default\">Convocatoria Territorios que Inspiran 2026<\/h1>\t\t<\/div>\n\t\t\t\t<\/div>\n\t\t\t\t<section class=\"elementor-section elementor-inner-section elementor-element elementor-element-12b7fd3 elementor-section-boxed elementor-section-height-default elementor-section-height-default\" data-id=\"12b7fd3\" data-element_type=\"section\">\n\t\t\t\t\t\t<div class=\"elementor-container elementor-column-gap-default\">\n\t\t\t\t\t\t\t<div class=\"elementor-row\">\n\t\t\t\t\t<div class=\"elementor-column elementor-col-50 elementor-inner-column elementor-element elementor-element-5408f9d\" data-id=\"5408f9d\" data-element_type=\"column\">\n\t\t\t<div class=\"elementor-column-wrap elementor-element-populated\">\n\t\t\t\t\t\t\t<div class=\"elementor-widget-wrap\">\n\t\t\t\t\t\t<div class=\"elementor-element elementor-element-9821fa2 elementor-widget elementor-widget-image\" data-id=\"9821fa2\" data-element_type=\"widget\" data-widget_type=\"image.default\">\n\t\t\t\t<div class=\"elementor-widget-container\">\n\t\t\t\t\t\t\t\t<div class=\"elementor-image\">\n\t\t\t\t\t\t\t\t\t\t\t\t<img width=\"1024\" height=\"683\" src=\"https:\/\/www.medellin.gov.co\/es\/wp-content\/uploads\/2026\/04\/Imagen-de-joven-fotografo-1024x683.jpg\" class=\"attachment-large size-large\" alt=\"Imagen de joven fot\u00f3grafo\" loading=\"lazy\" srcset=\"https:\/\/www.medellin.gov.co\/es\/wp-content\/uploads\/2026\/04\/Imagen-de-joven-fotografo-1024x683.jpg 1024w, https:\/\/www.medellin.gov.co\/es\/wp-content\/uploads\/2026\/04\/Imagen-de-joven-fotografo-300x200.jpg 300w, https:\/\/www.medellin.gov.co\/es\/wp-content\/uploads\/2026\/04\/Imagen-de-joven-fotografo-150x100.jpg 150w, https:\/\/www.medellin.gov.co\/es\/wp-content\/uploads\/2026\/04\/Imagen-de-joven-fotografo-768x512.jpg 768w, https:\/\/www.medellin.gov.co\/es\/wp-content\/uploads\/2026\/04\/Imagen-de-joven-fotografo.jpg 1140w\" sizes=\"(max-width: 1024px) 100vw, 1024px\" \/>\t\t\t\t\t\t\t\t\t\t\t\t\t\t<\/div>\n\t\t\t\t\t\t<\/div>\n\t\t\t\t<\/div>\n\t\t\t\t\t\t<\/div>\n\t\t\t\t\t<\/div>\n\t\t<\/div>\n\t\t\t\t<div class=\"elementor-column elementor-col-50 elementor-inner-column elementor-element elementor-element-3ef1ac5\" data-id=\"3ef1ac5\" data-element_type=\"column\">\n\t\t\t<div class=\"elementor-column-wrap elementor-element-populated\">\n\t\t\t\t\t\t\t<div class=\"elementor-widget-wrap\">\n\t\t\t\t\t\t<div class=\"elementor-element elementor-element-ce95996 elementor-widget elementor-widget-text-editor\" data-id=\"ce95996\" data-element_type=\"widget\" data-widget_type=\"text-editor.default\">\n\t\t\t\t<div class=\"elementor-widget-container\">\n\t\t\t\t\t\t\t\t<div class=\"elementor-text-editor elementor-clearfix\">\n\t\t\t\t<p>Desde la Secretar\u00eda de Comunicaciones nos sentimos orgullosos de continuar impulsando la comunicaci\u00f3n comunitaria, alternativa, ciudadana e independiente con la convocatoria \u201cTerritorios que Inspiran 2026\u201d.<\/p><p>Nuestra gesti\u00f3n adquiere mayor sentido al estimular esa labor que los medios y procesos comunitarios, alternativos, independientes y ciudadanos y quienes trabajan en ellos, desarrollan d\u00eda tras d\u00eda, para narrar sus territorios\u00a0y\u00a0ayudar a que los actores sociales se involucren activamente en los programas y proyectos del Plan de Desarrollo \u00abMedell\u00edn Te Quiere\u00bb.\u202f\u00a0<\/p><p>Esta iniciativa invita a la identificaci\u00f3n de capacidades y competencias de los medios y procesos territoriales para planear y ejecutar estrategias orientadas al cambio social.<\/p>\t\t\t\t\t<\/div>\n\t\t\t\t\t\t<\/div>\n\t\t\t\t<\/div>\n\t\t\t\t\t\t<\/div>\n\t\t\t\t\t<\/div>\n\t\t<\/div>\n\t\t\t\t\t\t\t\t<\/div>\n\t\t\t\t\t<\/div>\n\t\t<\/section>\n\t\t\t\t<div class=\"elementor-element elementor-element-9db1cdf elementor-widget elementor-widget-text-editor\" data-id=\"9db1cdf\" data-element_type=\"widget\" data-widget_type=\"text-editor.default\">\n\t\t\t\t<div class=\"elementor-widget-container\">\n\t\t\t\t\t\t\t\t<div class=\"elementor-text-editor elementor-clearfix\">\n\t\t\t\t<p>Esto, en el entendido de que en las comunas y corregimientos de la ciudad se agencian medios que conocen de primera mano las necesidades comunitarias\u00a0en t\u00e9rminos de informaci\u00f3n, formaci\u00f3n y movilizaci\u00f3n.\u00a0En este sentido, la\u00a0convocatoria\u00a0respalda\u00a0el compromiso que estos agentes tienen con sus comunidades para el dise\u00f1o de\u00a0mecanismos de fortalecimiento y transformaci\u00f3n social.\u00a0\u00a0<\/p><p><strong>Plazos para postular tus propuestas 5<\/strong><strong>\u00a0de mayo al 9 de junio<\/strong><strong>\u00a0de 2026. Hora de cierre: 11:59 p. m.\u00a0<\/strong><strong>\u00a0<\/strong><\/p>\t\t\t\t\t<\/div>\n\t\t\t\t\t\t<\/div>\n\t\t\t\t<\/div>\n\t\t\t\t<div class=\"elementor-element elementor-element-87fee6e elementor-widget elementor-widget-heading\" data-id=\"87fee6e\" data-element_type=\"widget\" data-widget_type=\"heading.default\">\n\t\t\t\t<div class=\"elementor-widget-container\">\n\t\t\t<h2 class=\"elementor-heading-title elementor-size-default\"><b>Objetivo de la convocatoria <\/b> Territorios que Inspiran 2026<\/h2>\t\t<\/div>\n\t\t\t\t<\/div>\n\t\t\t\t<section class=\"elementor-section elementor-inner-section elementor-element elementor-element-15ffdeb elementor-section-boxed elementor-section-height-default elementor-section-height-default\" data-id=\"15ffdeb\" data-element_type=\"section\">\n\t\t\t\t\t\t<div class=\"elementor-container elementor-column-gap-default\">\n\t\t\t\t\t\t\t<div class=\"elementor-row\">\n\t\t\t\t\t<div class=\"elementor-column elementor-col-50 elementor-inner-column elementor-element elementor-element-960b700\" data-id=\"960b700\" data-element_type=\"column\">\n\t\t\t<div class=\"elementor-column-wrap elementor-element-populated\">\n\t\t\t\t\t\t\t<div class=\"elementor-widget-wrap\">\n\t\t\t\t\t\t<div class=\"elementor-element elementor-element-90291e2 elementor-widget elementor-widget-text-editor\" data-id=\"90291e2\" data-element_type=\"widget\" data-widget_type=\"text-editor.default\">\n\t\t\t\t<div class=\"elementor-widget-container\">\n\t\t\t\t\t\t\t\t<div class=\"elementor-text-editor elementor-clearfix\">\n\t\t\t\t<p>Fomentar la formulaci\u00f3n y ejecuci\u00f3n de estrategias de comunicaci\u00f3n para la movilizaci\u00f3n desarrolladas por los\u200b \u200b\u200bMedios y Procesos\u200b de comunicaci\u00f3n Alternativos, Independientes, Comunitarios y Ciudadanos \u2013MAICC\u2013 de Medell\u00edn, as\u00ed como por aquellas redes ciudadanas con enfoque o componente comunicacional en la ciudad, convirtiendo a estos actores de la comunicaci\u00f3n territorial en aliados institucionales y ciudadanos. Dichas estrategias deben propender por el mejoramiento de las condiciones de vida de los habitantes de la ciudad, a trav\u00e9s de la articulaci\u00f3n con programas estrat\u00e9gicos del plan de Desarrollo \u201cMedell\u00edn Te Quiere 2024-2027\u201d.<\/p>\t\t\t\t\t<\/div>\n\t\t\t\t\t\t<\/div>\n\t\t\t\t<\/div>\n\t\t\t\t\t\t<\/div>\n\t\t\t\t\t<\/div>\n\t\t<\/div>\n\t\t\t\t<div class=\"elementor-column elementor-col-50 elementor-inner-column elementor-element elementor-element-df70ecf\" data-id=\"df70ecf\" data-element_type=\"column\">\n\t\t\t<div class=\"elementor-column-wrap elementor-element-populated\">\n\t\t\t\t\t\t\t<div class=\"elementor-widget-wrap\">\n\t\t\t\t\t\t<div class=\"elementor-element elementor-element-7fe5911 elementor-widget elementor-widget-image\" data-id=\"7fe5911\" data-element_type=\"widget\" data-widget_type=\"image.default\">\n\t\t\t\t<div class=\"elementor-widget-container\">\n\t\t\t\t\t\t\t\t<div class=\"elementor-image\">\n\t\t\t\t\t\t\t\t\t\t\t\t<img width=\"1024\" height=\"683\" src=\"https:\/\/www.medellin.gov.co\/es\/wp-content\/uploads\/2026\/04\/Imagen-de-grabacion-de-un-podcast-1024x683.jpg\" class=\"attachment-large size-large\" alt=\"Imagen de grabaci\u00f3n de un podcast\" loading=\"lazy\" srcset=\"https:\/\/www.medellin.gov.co\/es\/wp-content\/uploads\/2026\/04\/Imagen-de-grabacion-de-un-podcast-1024x683.jpg 1024w, https:\/\/www.medellin.gov.co\/es\/wp-content\/uploads\/2026\/04\/Imagen-de-grabacion-de-un-podcast-300x200.jpg 300w, https:\/\/www.medellin.gov.co\/es\/wp-content\/uploads\/2026\/04\/Imagen-de-grabacion-de-un-podcast-150x100.jpg 150w, https:\/\/www.medellin.gov.co\/es\/wp-content\/uploads\/2026\/04\/Imagen-de-grabacion-de-un-podcast-768x512.jpg 768w, https:\/\/www.medellin.gov.co\/es\/wp-content\/uploads\/2026\/04\/Imagen-de-grabacion-de-un-podcast.jpg 1140w\" sizes=\"(max-width: 1024px) 100vw, 1024px\" \/>\t\t\t\t\t\t\t\t\t\t\t\t\t\t<\/div>\n\t\t\t\t\t\t<\/div>\n\t\t\t\t<\/div>\n\t\t\t\t\t\t<\/div>\n\t\t\t\t\t<\/div>\n\t\t<\/div>\n\t\t\t\t\t\t\t\t<\/div>\n\t\t\t\t\t<\/div>\n\t\t<\/section>\n\t\t\t\t<div class=\"elementor-element elementor-element-2ffc935 elementor-widget elementor-widget-heading\" data-id=\"2ffc935\" data-element_type=\"widget\" data-widget_type=\"heading.default\">\n\t\t\t\t<div class=\"elementor-widget-container\">\n\t\t\t<h2 class=\"elementor-heading-title elementor-size-default\"><b>Categor\u00edas<\/b><\/h2>\t\t<\/div>\n\t\t\t\t<\/div>\n\t\t\t\t<div class=\"elementor-element elementor-element-48fff87 elementor-widget elementor-widget-text-editor\" data-id=\"48fff87\" data-element_type=\"widget\" data-widget_type=\"text-editor.default\">\n\t\t\t\t<div class=\"elementor-widget-container\">\n\t\t\t\t\t\t\t\t<div class=\"elementor-text-editor elementor-clearfix\">\n\t\t\t\t<p>La convocatoria Territorios que Inspiran 2026 cuenta con cuatro categor\u00edas, de la que podr\u00e1n ser ganadoras 31 propuestas as\u00ed:<\/p>\t\t\t\t\t<\/div>\n\t\t\t\t\t\t<\/div>\n\t\t\t\t<\/div>\n\t\t\t\t<div class=\"elementor-element elementor-element-3d69a41 elementor-widget elementor-widget-text-editor\" data-id=\"3d69a41\" data-element_type=\"widget\" data-widget_type=\"text-editor.default\">\n\t\t\t\t<div class=\"elementor-widget-container\">\n\t\t\t\t\t\t\t\t<div class=\"elementor-text-editor elementor-clearfix\">\n\t\t\t\t<ul><li><p>Categor\u00eda Estrategias de Movilizaci\u00f3n MAICC &#8211; formatos convencionales (medios zona urbana). Quince (15) ganadores de $15.000.000, cada uno.<\/p><\/li><\/ul>\t\t\t\t\t<\/div>\n\t\t\t\t\t\t<\/div>\n\t\t\t\t<\/div>\n\t\t\t\t<div class=\"elementor-element elementor-element-82d00f8 elementor-tablet-align-left elementor-mobile-align-center elementor-widget elementor-widget-button\" data-id=\"82d00f8\" data-element_type=\"widget\" data-widget_type=\"button.default\">\n\t\t\t\t<div class=\"elementor-widget-container\">\n\t\t\t\t\t<div class=\"elementor-button-wrapper\">\n\t\t\t<a class=\"elementor-button elementor-size-sm\" role=\"button\">\n\t\t\t\t\t\t<span class=\"elementor-button-content-wrapper\">\n\t\t\t\t\t\t<span class=\"elementor-button-text\">Inscr\u00edbete aqu\u00ed<\/span>\n\t\t<\/span>\n\t\t\t\t\t<\/a>\n\t\t<\/div>\n\t\t\t\t<\/div>\n\t\t\t\t<\/div>\n\t\t\t\t<div class=\"elementor-element elementor-element-624c79d elementor-widget elementor-widget-text-editor\" data-id=\"624c79d\" data-element_type=\"widget\" data-widget_type=\"text-editor.default\">\n\t\t\t\t<div class=\"elementor-widget-container\">\n\t\t\t\t\t\t\t\t<div class=\"elementor-text-editor elementor-clearfix\">\n\t\t\t\t<ul><li><p>Categor\u00eda Estrategias de Movilizaci\u00f3n MAICC &#8211; formatos convencionales (medios corregimentales). Seis (6) ganadores de $15.000.000, cada uno.<\/p><\/li><\/ul>\t\t\t\t\t<\/div>\n\t\t\t\t\t\t<\/div>\n\t\t\t\t<\/div>\n\t\t\t\t<div class=\"elementor-element elementor-element-9befc02 elementor-tablet-align-left elementor-mobile-align-center elementor-widget elementor-widget-button\" data-id=\"9befc02\" data-element_type=\"widget\" data-widget_type=\"button.default\">\n\t\t\t\t<div class=\"elementor-widget-container\">\n\t\t\t\t\t<div class=\"elementor-button-wrapper\">\n\t\t\t<a class=\"elementor-button elementor-size-sm\" role=\"button\">\n\t\t\t\t\t\t<span class=\"elementor-button-content-wrapper\">\n\t\t\t\t\t\t<span class=\"elementor-button-text\">Inscr\u00edbete aqu\u00ed<\/span>\n\t\t<\/span>\n\t\t\t\t\t<\/a>\n\t\t<\/div>\n\t\t\t\t<\/div>\n\t\t\t\t<\/div>\n\t\t\t\t<div class=\"elementor-element elementor-element-28908f5 elementor-widget elementor-widget-text-editor\" data-id=\"28908f5\" data-element_type=\"widget\" data-widget_type=\"text-editor.default\">\n\t\t\t\t<div class=\"elementor-widget-container\">\n\t\t\t\t\t\t\t\t<div class=\"elementor-text-editor elementor-clearfix\">\n\t\t\t\t<ul><li><p>Categor\u00eda Estrategias de Movilizaci\u00f3n Procesos de comunicaci\u00f3n &#8211; formatos no convencionales. Cinco (5) ganadores de $10.000.000, cada uno.<\/p><\/li><\/ul>\t\t\t\t\t<\/div>\n\t\t\t\t\t\t<\/div>\n\t\t\t\t<\/div>\n\t\t\t\t<div class=\"elementor-element elementor-element-f16e0e8 elementor-tablet-align-left elementor-mobile-align-center elementor-widget elementor-widget-button\" data-id=\"f16e0e8\" data-element_type=\"widget\" data-widget_type=\"button.default\">\n\t\t\t\t<div class=\"elementor-widget-container\">\n\t\t\t\t\t<div class=\"elementor-button-wrapper\">\n\t\t\t<a class=\"elementor-button elementor-size-sm\" role=\"button\">\n\t\t\t\t\t\t<span class=\"elementor-button-content-wrapper\">\n\t\t\t\t\t\t<span class=\"elementor-button-text\">Inscr\u00edbete aqu\u00ed<\/span>\n\t\t<\/span>\n\t\t\t\t\t<\/a>\n\t\t<\/div>\n\t\t\t\t<\/div>\n\t\t\t\t<\/div>\n\t\t\t\t<div class=\"elementor-element elementor-element-8f45a28 elementor-widget elementor-widget-text-editor\" data-id=\"8f45a28\" data-element_type=\"widget\" data-widget_type=\"text-editor.default\">\n\t\t\t\t<div class=\"elementor-widget-container\">\n\t\t\t\t\t\t\t\t<div class=\"elementor-text-editor elementor-clearfix\">\n\t\t\t\t<ul><li><p>Categor\u00eda estrategias de Movilizaci\u00f3n Redes Ciudadanas con enfoque o componente comunicacional &#8211; formatos no convencionales. Cinco (5) ganadores de $5.000.000, cada uno.<\/p><\/li><\/ul>\t\t\t\t\t<\/div>\n\t\t\t\t\t\t<\/div>\n\t\t\t\t<\/div>\n\t\t\t\t<div class=\"elementor-element elementor-element-7df6b6e elementor-tablet-align-left elementor-mobile-align-center elementor-widget elementor-widget-button\" data-id=\"7df6b6e\" data-element_type=\"widget\" data-widget_type=\"button.default\">\n\t\t\t\t<div class=\"elementor-widget-container\">\n\t\t\t\t\t<div class=\"elementor-button-wrapper\">\n\t\t\t<a class=\"elementor-button elementor-size-sm\" role=\"button\">\n\t\t\t\t\t\t<span class=\"elementor-button-content-wrapper\">\n\t\t\t\t\t\t<span class=\"elementor-button-text\">Inscr\u00edbete aqu\u00ed<\/span>\n\t\t<\/span>\n\t\t\t\t\t<\/a>\n\t\t<\/div>\n\t\t\t\t<\/div>\n\t\t\t\t<\/div>\n\t\t\t\t<div class=\"elementor-element elementor-element-7b28874 elementor-widget elementor-widget-heading\" data-id=\"7b28874\" data-element_type=\"widget\" data-widget_type=\"heading.default\">\n\t\t\t\t<div class=\"elementor-widget-container\">\n\t\t\t<h2 class=\"elementor-heading-title elementor-size-default\"><b>Cronograma de la Convocatoria <\/b> Territorios que Inspiran 2026<\/h2>\t\t<\/div>\n\t\t\t\t<\/div>\n\t\t\t\t<div class=\"elementor-element elementor-element-1e2e0a2 elementor-widget elementor-widget-image\" data-id=\"1e2e0a2\" data-element_type=\"widget\" data-widget_type=\"image.default\">\n\t\t\t\t<div class=\"elementor-widget-container\">\n\t\t\t\t\t\t\t\t<div class=\"elementor-image\">\n\t\t\t\t\t\t\t\t\t\t\t\t<img width=\"1140\" height=\"760\" src=\"https:\/\/www.medellin.gov.co\/es\/wp-content\/uploads\/2026\/04\/Imagen-de-dos-jovenes-en-una-cabina-de-radio.jpg\" class=\"attachment-full size-full\" alt=\"\" loading=\"lazy\" srcset=\"https:\/\/www.medellin.gov.co\/es\/wp-content\/uploads\/2026\/04\/Imagen-de-dos-jovenes-en-una-cabina-de-radio.jpg 1140w, https:\/\/www.medellin.gov.co\/es\/wp-content\/uploads\/2026\/04\/Imagen-de-dos-jovenes-en-una-cabina-de-radio-300x200.jpg 300w, https:\/\/www.medellin.gov.co\/es\/wp-content\/uploads\/2026\/04\/Imagen-de-dos-jovenes-en-una-cabina-de-radio-1024x683.jpg 1024w, https:\/\/www.medellin.gov.co\/es\/wp-content\/uploads\/2026\/04\/Imagen-de-dos-jovenes-en-una-cabina-de-radio-150x100.jpg 150w, https:\/\/www.medellin.gov.co\/es\/wp-content\/uploads\/2026\/04\/Imagen-de-dos-jovenes-en-una-cabina-de-radio-768x512.jpg 768w\" sizes=\"(max-width: 1140px) 100vw, 1140px\" \/>\t\t\t\t\t\t\t\t\t\t\t\t\t\t<\/div>\n\t\t\t\t\t\t<\/div>\n\t\t\t\t<\/div>\n\t\t\t\t<div class=\"elementor-element elementor-element-9a8de25 elementor-widget elementor-widget-text-editor\" data-id=\"9a8de25\" data-element_type=\"widget\" data-widget_type=\"text-editor.default\">\n\t\t\t\t<div class=\"elementor-widget-container\">\n\t\t\t\t\t\t\t\t<div class=\"elementor-text-editor elementor-clearfix\">\n\t\t\t\t<p>La convocatoria se desarrollar\u00e1 conforme al siguiente cronograma. Te invitamos a estar atento a cada una de sus etapas y a realizar seguimiento permanente a las publicaciones que se efectuar\u00e1n en las fechas establecidas a trav\u00e9s de esta p\u00e1gina. <a href=\"https:\/\/www.medellin.gov.co\/es\/secretaria-de-comunicaciones\/convocatoria-movilizacion\/\">https:\/\/www.medellin.gov.co\/es\/secretaria-de-comunicaciones\/convocatoria-movilizacion\/<\/a><\/p>\t\t\t\t\t<\/div>\n\t\t\t\t\t\t<\/div>\n\t\t\t\t<\/div>\n\t\t\t\t\t\t<\/div>\n\t\t\t\t\t<\/div>\n\t\t<\/div>\n\t\t\t\t\t\t\t\t<\/div>\n\t\t\t\t\t<\/div>\n\t\t<\/section>\n\t\t<div class=\"elementor-element elementor-element-6633ede e-container--column e-container\" data-id=\"6633ede\" data-element_type=\"container\">\t\t<div class=\"elementor-element elementor-element-95e9453 e-container--column e-container\" data-id=\"95e9453\" data-element_type=\"container\">\t\t\t\t<div class=\"elementor-element elementor-element-4e4902c elementor-widget elementor-widget-text-editor\" data-id=\"4e4902c\" data-element_type=\"widget\" data-widget_type=\"text-editor.default\">\n\t\t\t\t<div class=\"elementor-widget-container\">\n\t\t\t\t\t\t\t\t<div class=\"elementor-text-editor elementor-clearfix\">\n\t\t\t\t<table style=\"border-collapse: collapse; width: 100%; height: 100%; border-color: #7e8c8d; border-style: solid;\" border=\"1\" width=\"100%\" cellspacing=\"5\" cellpadding=\"5\"><tbody><tr><td width=\"150\"><p style=\"text-align: center;\"><strong>Actividad<\/strong><\/p><\/td><td width=\"150\"><p style=\"text-align: center;\"><strong>Fecha<\/strong><\/p><\/td><td width=\"274\"><p style=\"text-align: center;\"><strong>Observaci\u00f3n<\/strong><\/p><\/td><\/tr><tr><td width=\"150\"><p>Publicaci\u00f3n del borrador de lineamientos.\u00a0\u00a0<\/p><p>Las observaciones recibidas no son vinculantes para la Secretar\u00eda de Comunicaciones\u00a0\u00a0<\/p><\/td><td width=\"150\"><p>27 de abril al 1 mayo \u00a0de 2026\u00a0<\/p><\/td><td width=\"274\"><p>Enviar observaciones al correo\u00a0<a href=\"mailto:convocatorias.movilizacion@gmail.com\" target=\"_blank\" rel=\"noopener\">convocatorias.movilizacion@gmail.com<\/a>\u00a0\u00a0<\/p><p><u>Este es el \u00fanico correo oficial de la convocatoria, no se recibir\u00e1n observaciones en otra cuenta de correo electr\u00f3nico.<\/u>\u00a0\u00a0<\/p><p>Las observaciones se responder\u00e1n al correo electr\u00f3nico.\u00a0\u00a0<\/p><\/td><\/tr><tr><td width=\"150\"><p>Apertura de la convocatoria. Evento en vivo y publicaci\u00f3n de lineamientos y formatos de participaci\u00f3n\u00a0\u00a0<\/p><\/td><td width=\"150\"><p>5 de mayo de 2026\u00a0<\/p><\/td><td width=\"274\"><p><a href=\"https:\/\/www.medellin.gov.co\/convocatoria-movilizacion\" target=\"_blank\" rel=\"noopener\">www.medellin.gov.co\/convocatoria-movilizacion<\/a>\u00a0\u00a0\u00a0<\/p><\/td><\/tr><tr><td width=\"150\"><p>Asesor\u00edas zonales\u00a0\u00a0<\/p><\/td><td width=\"150\"><p>7 al 19 de mayo\u00a0de 2026\u00a0<\/p><\/td><td width=\"274\"><p>Se informar\u00e1 a trav\u00e9s del grupo de Prensa Alcald\u00eda MAICC y de los gestores territoriales de la Secretar\u00eda de Comunicaciones.\u00a0\u00a0<\/p><\/td><\/tr><tr><td width=\"150\"><p>Presentaci\u00f3n de propuestas (documentos administrativos y propuesta t\u00e9cnica)\u00a0\u00a0<\/p><\/td><td width=\"150\"><p>5 de mayo al 9 de junio de 2026. Hora de cierre: 11:59 p. m.\u00a0\u00a0<\/p><\/td><td width=\"274\"><p><a href=\"https:\/\/www.medellin.gov.co\/convocatoria-movilizacion\" target=\"_blank\" rel=\"noopener\">www.medellin.gov.co\/convocatoria-movilizacion<\/a>\u00a0\u00a0\u00a0<\/p><\/td><\/tr><tr><td width=\"150\"><p>Publicaci\u00f3n de informe de propuestas recibidas.\u00a0\u00a0<\/p><\/td><td width=\"150\"><p>16 de junio\u00a0de 2026\u00a0<\/p><\/td><td width=\"274\"><p>Publicaci\u00f3n en el sitio de la convocatoria\u00a0<a href=\"https:\/\/www.medellin.gov.co\/convocatoria-movilizacion\" target=\"_blank\" rel=\"noopener\">www.medellin.gov.co\/convocatoria-movilizacion<\/a>\u00a0\u00a0<\/p><\/td><\/tr><tr><td width=\"150\"><p>Publicaci\u00f3n del informe de verificaci\u00f3n de los documentos administrativos y propuesta t\u00e9cnica (Propuestas que deben subsanar documentaci\u00f3n)\u00a0\u00a0<\/p><\/td><td width=\"150\"><p>16 de junio\u00a0de 2026\u00a0\u00a0<\/p><\/td><td width=\"274\"><p>Publicaci\u00f3n en el sitio de la convocatoria\u00a0<a href=\"https:\/\/www.medellin.gov.co\/convocatoria-movilizacion\" target=\"_blank\" rel=\"noopener\">www.medellin.gov.co\/convocatoria-movilizacion<\/a>\u00a0\u00a0<\/p><\/td><\/tr><tr><td width=\"150\"><p>Subsanaci\u00f3n de documentos\u00a0\u00a0<\/p><\/td><td width=\"150\"><p>Del 1 julio al 9 de julio, hasta las 11:59 p. m.\u00a0\u00a0<\/p><\/td><td width=\"274\"><p>La subsanaci\u00f3n de documentos y observaciones se deben remitir al correo electr\u00f3nico habilitado para ello:\u00a0\u00a0<\/p><p><a href=\"mailto:convocatorias.movilizacion@gmail.com\" target=\"_blank\" rel=\"noopener\">convocatorias.movilizacion@gmail.com<\/a>\u00a0\u00a0<\/p><p><u>Este es el \u00fanico correo oficial de la convocatoria, no se recibir\u00e1n observaciones en otra cuenta de correo electr\u00f3nico.<\/u>\u00a0\u00a0<\/p><\/td><\/tr><tr><td width=\"150\"><p>Publicaci\u00f3n del informe final de propuestas que pasan a evaluaci\u00f3n de jurados.\u00a0\u00a0<\/p><\/td><td width=\"150\"><p>16 de julio\u00a0de 2026\u00a0\u00a0<\/p><\/td><td width=\"274\"><p>Publicaci\u00f3n de las propuestas que pasan al proceso de evaluaci\u00f3n\u00a0<a href=\"https:\/\/www.medellin.gov.co\/convocatoria-movilizacion\" target=\"_blank\" rel=\"noopener\">www.medellin.gov.co\/convocatoria-movilizacion<\/a>\u00a0\u00a0<\/p><\/td><\/tr><tr><td width=\"150\"><p>Evaluaci\u00f3n de propuestas\u00a0\u00a0<\/p><\/td><td width=\"150\"><p>21 de julio al 14 de agosto\u00a0de 2026\u00a0\u00a0<\/p><\/td><td width=\"274\"><p>Publicaci\u00f3n de las propuestas que pasan al proceso de evaluaci\u00f3n\u00a0<a href=\"https:\/\/www.medellin.gov.co\/convocatoria-movilizacion\" target=\"_blank\" rel=\"noopener\">www.medellin.gov.co\/convocatoria-movilizacion<\/a>\u00a0\u00a0<\/p><\/td><\/tr><tr><td width=\"150\"><p>Publicaci\u00f3n de los resultados de la evaluaci\u00f3n de las propuestas presentadas\u00a0\u00a0<\/p><\/td><td width=\"150\"><p>19 de agosto\u00a0de 2026\u00a0\u00a0\u00a0<\/p><\/td><td width=\"274\"><p>Publicaci\u00f3n de resultados en p\u00e1gina web de la Alcald\u00eda de Medell\u00edn\u00a0 \u00a0\u00a0<\/p><\/td><\/tr><tr><td width=\"150\"><p>Socializaci\u00f3n de resultados con jurados \u2013 Evento en vivo por\u00a0Teams.\u00a0\u00a0<\/p><\/td><td width=\"150\"><p>21 de agosto de 2026\u00a0\u00a0<\/p><\/td><td width=\"274\"><p>Se informar\u00e1 a trav\u00e9s del grupo de Prensa Alcald\u00eda MAICC y de los gestores territoriales de la Secretar\u00eda de Comunicaciones.\u00a0\u00a0<\/p><\/td><\/tr><tr><td width=\"150\"><p>Ejecuci\u00f3n de propuestas ganadoras\u00a0\u00a0<\/p><\/td><td width=\"150\"><p>Entre septiembre, octubre y noviembre de 2026. (dependiendo de la fecha de inicio del contrato)\u00a0\u00a0<\/p><\/td><td width=\"274\"><p>A partir de la publicaci\u00f3n de las estrategias ganadoras, se proceder\u00e1 con el proceso de contrataci\u00f3n, y una vez inicie el contrato, se tendr\u00e1n tres (3) meses de ejecuci\u00f3n.\u00a0\u00a0<\/p><\/td><\/tr><tr><td width=\"150\"><p>Es de obligatorio cumplimiento asistir y participar en la socializaci\u00f3n de los resultados de ejecuci\u00f3n de las propuestas ganadoras, la cual se realizar\u00e1 de manera presencial.\u00a0\u00a0<\/p><\/td><td width=\"150\"><p>Durante la semana de la comunicaci\u00f3n. (Dependiendo de la fecha de inicio del contrato).\u00a0\u00a0\u00a0<\/p><\/td><td width=\"274\"><p>Se acordar\u00e1 la fecha con el operador que contrate la ejecuci\u00f3n de las estrategias ganadoras y se informar\u00e1 con m\u00ednimo dos semanas de antelaci\u00f3n.\u00a0<\/p><\/td><\/tr><\/tbody><\/table>\t\t\t\t\t<\/div>\n\t\t\t\t\t\t<\/div>\n\t\t\t\t<\/div>\n\t\t\t\t<div class=\"elementor-element elementor-element-5e28bda elementor-widget elementor-widget-image\" data-id=\"5e28bda\" data-element_type=\"widget\" data-widget_type=\"image.default\">\n\t\t\t\t<div class=\"elementor-widget-container\">\n\t\t\t\t\t\t\t\t<div class=\"elementor-image\">\n\t\t\t\t\t\t\t\t\t\t\t\t<img width=\"1280\" height=\"850\" src=\"https:\/\/www.medellin.gov.co\/es\/wp-content\/uploads\/2026\/04\/Banner-convocatoria-Territorios-que-Inspiran-2026.jpeg\" class=\"attachment-full size-full\" alt=\"\" loading=\"lazy\" srcset=\"https:\/\/www.medellin.gov.co\/es\/wp-content\/uploads\/2026\/04\/Banner-convocatoria-Territorios-que-Inspiran-2026.jpeg 1280w, https:\/\/www.medellin.gov.co\/es\/wp-content\/uploads\/2026\/04\/Banner-convocatoria-Territorios-que-Inspiran-2026-300x199.jpeg 300w, https:\/\/www.medellin.gov.co\/es\/wp-content\/uploads\/2026\/04\/Banner-convocatoria-Territorios-que-Inspiran-2026-1024x680.jpeg 1024w, https:\/\/www.medellin.gov.co\/es\/wp-content\/uploads\/2026\/04\/Banner-convocatoria-Territorios-que-Inspiran-2026-150x100.jpeg 150w, https:\/\/www.medellin.gov.co\/es\/wp-content\/uploads\/2026\/04\/Banner-convocatoria-Territorios-que-Inspiran-2026-768x510.jpeg 768w\" sizes=\"(max-width: 1280px) 100vw, 1280px\" \/>\t\t\t\t\t\t\t\t\t\t\t\t\t\t<\/div>\n\t\t\t\t\t\t<\/div>\n\t\t\t\t<\/div>\n\t\t\t\t<div class=\"elementor-element elementor-element-ab67e80 elementor-widget elementor-widget-heading\" data-id=\"ab67e80\" data-element_type=\"widget\" data-widget_type=\"heading.default\">\n\t\t\t\t<div class=\"elementor-widget-container\">\n\t\t\t<h2 class=\"elementor-heading-title elementor-size-default\"><b>Descarga y diligencia los documentos<\/b>  para presentar tu propuesta<\/h2>\t\t<\/div>\n\t\t\t\t<\/div>\n\t\t\t\t<div class=\"elementor-element elementor-element-c2f3bd5 elementor-widget elementor-widget-text-editor\" data-id=\"c2f3bd5\" data-element_type=\"widget\" data-widget_type=\"text-editor.default\">\n\t\t\t\t<div class=\"elementor-widget-container\">\n\t\t\t\t\t\t\t\t<div class=\"elementor-text-editor elementor-clearfix\">\n\t\t\t\t<ul><li><a href=\"https:\/\/www.medellin.gov.co\/es\/wp-content\/uploads\/2026\/04\/V6_-BORRADOR-FINAL-Lineamientos-convocatoria-TQI-2026_.pdf\" target=\"_blank\" rel=\"noopener\">Descarga borrador Lineamientos convocatoria Territorios que Inspiran 2026<\/a><\/li><li>Descarga Lineamientos convocatoria Territorios que Inspiran 2026<\/li><li>Descarga Anexo especificaciones t\u00e9cnicas de productos comunicacionales<\/li><li>Descarga Anexo de Recomendaciones de uso de Inteligencia Artificial para MAICC<\/li><li>Descarga Anexo Protocolo de propiedad intelectual para MAICC\u00a0<\/li><li>Descarga Formato Propuesta in\u00e9dita<\/li><li>Descarga Formato Rese\u00f1a estrategia de movilizaci\u00f3n realizada<\/li><li>Descarga Formato Evidencias de productos comunicacionales<\/li><li>Descarga Formato Estrategia de Movilizaci\u00f3n<\/li><\/ul>\t\t\t\t\t<\/div>\n\t\t\t\t\t\t<\/div>\n\t\t\t\t<\/div>\n\t\t<\/div><\/div><div class=\"elementor-element elementor-element-3d2ef81 e-container--column e-container\" data-id=\"3d2ef81\" data-element_type=\"container\">\t\t\t\t<div class=\"elementor-element elementor-element-faf8b9b elementor-widget elementor-widget-heading\" data-id=\"faf8b9b\" data-element_type=\"widget\" data-widget_type=\"heading.default\">\n\t\t\t\t<div class=\"elementor-widget-container\">\n\t\t\t<h2 class=\"elementor-heading-title elementor-size-default\"><b>Comunicados y resultados<\/b> de la convocatoria Territorios que inspiran 2026<\/h2>\t\t<\/div>\n\t\t\t\t<\/div>\n\t\t\t\t<div class=\"elementor-element elementor-element-e332de6 elementor-widget elementor-widget-text-editor\" data-id=\"e332de6\" data-element_type=\"widget\" data-widget_type=\"text-editor.default\">\n\t\t\t\t<div class=\"elementor-widget-container\">\n\t\t\t\t\t\t\t\t<div class=\"elementor-text-editor elementor-clearfix\">\n\t\t\t\t\t\t\t\t\t<\/div>\n\t\t\t\t\t\t<\/div>\n\t\t\t\t<\/div>\n\t\t\t\t<div class=\"elementor-element elementor-element-d98cdcd elementor-widget elementor-widget-heading\" data-id=\"d98cdcd\" data-element_type=\"widget\" data-widget_type=\"heading.default\">\n\t\t\t\t<div class=\"elementor-widget-container\">\n\t\t\t<h2 class=\"elementor-heading-title elementor-size-default\"><b>Conoce algunos ganadores <\/b> de la Convocatoria Territorios que Inspiran 2025<\/h2>\t\t<\/div>\n\t\t\t\t<\/div>\n\t\t<\/div>\t\t<section class=\"elementor-section elementor-top-section elementor-element elementor-element-f1c04c3 elementor-section-boxed elementor-section-height-default elementor-section-height-default\" data-id=\"f1c04c3\" data-element_type=\"section\">\n\t\t\t\t\t\t<div class=\"elementor-container elementor-column-gap-default\">\n\t\t\t\t\t\t\t<div class=\"elementor-row\">\n\t\t\t\t\t<div class=\"elementor-column elementor-col-100 elementor-top-column elementor-element elementor-element-152b23d\" data-id=\"152b23d\" data-element_type=\"column\">\n\t\t\t<div class=\"elementor-column-wrap elementor-element-populated\">\n\t\t\t\t\t\t\t<div class=\"elementor-widget-wrap\">\n\t\t\t\t<div class=\"elementor-element elementor-element-b41a96a e-container--column e-container\" data-id=\"b41a96a\" data-element_type=\"container\">\t\t\t\t<div class=\"elementor-element elementor-element-3aac053 e-tabs-view-vertical elementor-layout-right elementor-widget elementor-widget-video-playlist\" data-id=\"3aac053\" data-element_type=\"widget\" data-settings=\"{&quot;playlist_title&quot;:&quot;Convocatoria Territorios que Inspiran 2025&quot;,&quot;tabs&quot;:[{&quot;_id&quot;:&quot;7b8bcf2&quot;,&quot;youtube_url&quot;:&quot;https:\\\/\\\/www.youtube.com\\\/watch?v=wRW-ImrCKTs&quot;,&quot;vimeo_url&quot;:null,&quot;title&quot;:&quot;Fredy Loaiza \\\/ Medio Altavista mi Casa &quot;,&quot;duration&quot;:&quot;0:30&quot;,&quot;thumbnail&quot;:{&quot;url&quot;:&quot;https:\\\/\\\/www.medellin.gov.co\\\/es\\\/wp-content\\\/uploads\\\/2026\\\/04\\\/Medio-Altavista-Mi-Casa.png&quot;,&quot;id&quot;:522893,&quot;alt&quot;:&quot;Medio Altavista Mi Casa&quot;,&quot;source&quot;:&quot;library&quot;},&quot;type&quot;:&quot;youtube&quot;,&quot;is_external_url&quot;:null,&quot;hosted_url&quot;:null,&quot;external_url&quot;:null,&quot;inner_tab_is_content_visible&quot;:&quot;&quot;,&quot;inner_tab_content_1&quot;:null,&quot;inner_tab_content_2&quot;:null},{&quot;youtube_url&quot;:&quot;https:\\\/\\\/www.youtube.com\\\/watch?v=P7DpXkaIRek&quot;,&quot;vimeo_url&quot;:null,&quot;title&quot;:&quot;Jennifer Hern\\u00e1ndez \\\/ Corporaci\\u00f3n Nacional de Cine Casa del Sol &quot;,&quot;duration&quot;:&quot;0:28&quot;,&quot;thumbnail&quot;:{&quot;url&quot;:&quot;https:\\\/\\\/www.medellin.gov.co\\\/es\\\/wp-content\\\/uploads\\\/2026\\\/04\\\/Medio-Casa-del-Sol.png&quot;,&quot;id&quot;:522894,&quot;alt&quot;:&quot;Medio Casa del Sol&quot;,&quot;source&quot;:&quot;library&quot;},&quot;_id&quot;:&quot;4709e69&quot;,&quot;type&quot;:&quot;youtube&quot;,&quot;is_external_url&quot;:null,&quot;hosted_url&quot;:null,&quot;external_url&quot;:null,&quot;inner_tab_is_content_visible&quot;:&quot;&quot;,&quot;inner_tab_content_1&quot;:null,&quot;inner_tab_content_2&quot;:null},{&quot;_id&quot;:&quot;470cd5f&quot;,&quot;youtube_url&quot;:&quot;https:\\\/\\\/www.youtube.com\\\/watch?v=_yrHoJgDppA&quot;,&quot;vimeo_url&quot;:null,&quot;title&quot;:&quot;Giovanni Figueroa \\\/ Medio la Pupila &quot;,&quot;duration&quot;:&quot;0:21&quot;,&quot;thumbnail&quot;:{&quot;url&quot;:&quot;https:\\\/\\\/www.medellin.gov.co\\\/es\\\/wp-content\\\/uploads\\\/2026\\\/04\\\/Medio-La-Pupila.png&quot;,&quot;id&quot;:522892,&quot;alt&quot;:&quot;Medio La Pupila&quot;,&quot;source&quot;:&quot;library&quot;},&quot;type&quot;:&quot;youtube&quot;,&quot;is_external_url&quot;:null,&quot;hosted_url&quot;:null,&quot;external_url&quot;:null,&quot;inner_tab_is_content_visible&quot;:&quot;&quot;,&quot;inner_tab_content_1&quot;:null,&quot;inner_tab_content_2&quot;:null}],&quot;inner_tab_title_1&quot;:&quot;Pesta\\u00f1a 1&quot;,&quot;inner_tab_title_2&quot;:&quot;Pesta\\u00f1a 2&quot;}\" data-widget_type=\"video-playlist.default\">\n\t\t\t\t<div class=\"elementor-widget-container\">\n\t\t\t\n\t\t<div class=\"e-tabs\">\n\t\t\t<div class=\"e-tabs-main-area\">\n\t\t\t\t<div class=\"e-tabs-wrapper\">\n\t\t\t\t\t<div class=\"e-tabs-header\">\n\t\t\t\t\t\t\t\t\t\t\t\t<h2 class=\"e-tabs-title\">Convocatoria Territorios que Inspiran 2025<\/h2>\n\t\t\t\t\t\t<div class=\"e-tabs-header-right-side\">\n\t\t\t\t\t\t\t\t\t\t\t\t\t\t\t<span class=\"e-tabs-videos-count\">3 V\u00eddeos<\/span>\n\t\t\t\t\t\t\t\t\t\t\t\t\t\t<i aria-hidden=\"true\" class=\"e-tabs-toggle-videos-display-button rotate-down eicon-caret-down\"><\/i>\t\t\t\t\t\t<\/div>\n\t\t\t\t\t<\/div>\n\t\t\t\t\t<div class=\"e-tabs-items-wrapper\">\n\t\t\t\t\t\t<div class=\"e-tabs-items\" role=\"tablist\">\n\t\t\t\t\t\t\t\t\t\t\t\t\t\t\t\t\t\t\t\t\t\t\t\t<div id=\"e-tab-title-6151\" class=\"e-tab-title e-tab-desktop-title\" aria-selected=\"true\" data-tab=\"1\" role=\"tab\" tabindex=\"0\" aria-controls=\"e-tab-content-6151\">\n\t\t\t\t\t\t\t\t\t\t\t\t\t\t\t\t\t\t\t\t\t<div class=\"e-tab-thumbnail\">\n\t\t\t\t\t\t\t\t\t\t\t\t\t\t\t\t\t\t\t\t\t\t\t\t\t<img src=\"https:\/\/www.medellin.gov.co\/es\/wp-content\/uploads\/2026\/04\/Medio-Altavista-Mi-Casa.png\" \/>\n\t\t\t\t\t\t\t\t\t\t\t\t\t\t\t\t\t\t\t\t\t\t\t\t<span class=\"icon-play\"><i aria-hidden=\"true\" class=\"fas fa-play-circle\"><\/i><\/span>\n\t\t\t\t\t\t\t\t\t\t\t\t<span class=\"icon-watched\"><i aria-hidden=\"true\" class=\"fas fa-check-circle\"><\/i><\/span>\n\t\t\t\t\t\t\t\t\t\t\t<\/div>\n\t\t\t\t\t\t\t\t\t\t\t\t\t\t\t\t\t\t\t\t<h4 class=\"e-tab-title-text\" title=\"Fredy Loaiza \/ Medio Altavista mi Casa \">\n\t\t\t\t\t\t\t\t\t\t\t<a href=\"\">\n\t\t\t\t\t\t\t\t\t\t\t\t\t\t\t\t\t\t\t\t\t\t\t\tFredy Loaiza \/ Medio Altavista mi Casa \t\t\t\t\t\t\t\t\t\t\t<\/a>\n\t\t\t\t\t\t\t\t\t\t<\/h4>\n\t\t\t\t\t\t\t\t\t\t\t\t\t\t\t\t\t\t\t\t\t<span class=\"e-tab-duration\">0:30<\/span>\n\t\t\t\t\t\t\t\t\t\t\t\t\t\t\t\t\t\t\t<\/div>\n\t\t\t\t\t\t\t\t\t\t\t\t\t\t\t\t\t\t\t\t\t\t\t\t\t\t\t\t\t\t\t\t<div id=\"e-tab-title-6152\" class=\"e-tab-title e-tab-desktop-title\" aria-selected=\"false\" data-tab=\"2\" role=\"tab\" tabindex=\"-1\" aria-controls=\"e-tab-content-6152\">\n\t\t\t\t\t\t\t\t\t\t\t\t\t\t\t\t\t\t\t\t\t<div class=\"e-tab-thumbnail\">\n\t\t\t\t\t\t\t\t\t\t\t\t\t\t\t\t\t\t\t\t\t\t\t\t\t<img src=\"https:\/\/www.medellin.gov.co\/es\/wp-content\/uploads\/2026\/04\/Medio-Casa-del-Sol.png\" \/>\n\t\t\t\t\t\t\t\t\t\t\t\t\t\t\t\t\t\t\t\t\t\t\t\t<span class=\"icon-play\"><i aria-hidden=\"true\" class=\"fas fa-play-circle\"><\/i><\/span>\n\t\t\t\t\t\t\t\t\t\t\t\t<span class=\"icon-watched\"><i aria-hidden=\"true\" class=\"fas fa-check-circle\"><\/i><\/span>\n\t\t\t\t\t\t\t\t\t\t\t<\/div>\n\t\t\t\t\t\t\t\t\t\t\t\t\t\t\t\t\t\t\t\t<h4 class=\"e-tab-title-text\" title=\"Jennifer Hern\u00e1ndez \/ Corporaci\u00f3n Nacional de Cine Casa del Sol \">\n\t\t\t\t\t\t\t\t\t\t\t<a href=\"\">\n\t\t\t\t\t\t\t\t\t\t\t\t\t\t\t\t\t\t\t\t\t\t\t\tJennifer Hern\u00e1ndez \/ Corporaci\u00f3n Nacional de Cine Casa del Sol \t\t\t\t\t\t\t\t\t\t\t<\/a>\n\t\t\t\t\t\t\t\t\t\t<\/h4>\n\t\t\t\t\t\t\t\t\t\t\t\t\t\t\t\t\t\t\t\t\t<span class=\"e-tab-duration\">0:28<\/span>\n\t\t\t\t\t\t\t\t\t\t\t\t\t\t\t\t\t\t\t<\/div>\n\t\t\t\t\t\t\t\t\t\t\t\t\t\t\t\t\t\t\t\t\t\t\t\t\t\t\t\t\t\t\t\t<div id=\"e-tab-title-6153\" class=\"e-tab-title e-tab-desktop-title\" aria-selected=\"false\" data-tab=\"3\" role=\"tab\" tabindex=\"-1\" aria-controls=\"e-tab-content-6153\">\n\t\t\t\t\t\t\t\t\t\t\t\t\t\t\t\t\t\t\t\t\t<div class=\"e-tab-thumbnail\">\n\t\t\t\t\t\t\t\t\t\t\t\t\t\t\t\t\t\t\t\t\t\t\t\t\t<img src=\"https:\/\/www.medellin.gov.co\/es\/wp-content\/uploads\/2026\/04\/Medio-La-Pupila.png\" \/>\n\t\t\t\t\t\t\t\t\t\t\t\t\t\t\t\t\t\t\t\t\t\t\t\t<span class=\"icon-play\"><i aria-hidden=\"true\" class=\"fas fa-play-circle\"><\/i><\/span>\n\t\t\t\t\t\t\t\t\t\t\t\t<span class=\"icon-watched\"><i aria-hidden=\"true\" class=\"fas fa-check-circle\"><\/i><\/span>\n\t\t\t\t\t\t\t\t\t\t\t<\/div>\n\t\t\t\t\t\t\t\t\t\t\t\t\t\t\t\t\t\t\t\t<h4 class=\"e-tab-title-text\" title=\"Giovanni Figueroa \/ Medio la Pupila \">\n\t\t\t\t\t\t\t\t\t\t\t<a href=\"\">\n\t\t\t\t\t\t\t\t\t\t\t\t\t\t\t\t\t\t\t\t\t\t\t\tGiovanni Figueroa \/ Medio la Pupila \t\t\t\t\t\t\t\t\t\t\t<\/a>\n\t\t\t\t\t\t\t\t\t\t<\/h4>\n\t\t\t\t\t\t\t\t\t\t\t\t\t\t\t\t\t\t\t\t\t<span class=\"e-tab-duration\">0:21<\/span>\n\t\t\t\t\t\t\t\t\t\t\t\t\t\t\t\t\t\t\t<\/div>\n\t\t\t\t\t\t\t\t\t\t\t\t\t\t\t\t\t\t\t\t\t<\/div>\n\t\t\t\t\t\t<div class=\"shadow shadow-top\" aria-hidden=\"true\"><\/div>\n\t\t\t\t\t\t<div class=\"shadow shadow-bottom\" aria-hidden=\"true\"><\/div>\n\t\t\t\t\t<\/div>\n\t\t\t\t<\/div>\n\n\t\t\t\t<div class=\"e-tabs-content-wrapper\" role=\"tablist\" aria-orientation=\"vertical\">\n\t\t\t\t\t\t\t\t\t\t\t<div id=\"e-tab-content-6151\" class=\"e-tab-content elementor-clearfix\" data-tab=\"1\" role=\"tabpanel\" aria-labelledby=\"e-tab-title-6151\" tabindex=\"0\" data-video-url=\"https:\/\/www.youtube.com\/watch?v=wRW-ImrCKTs\" data-video-type=\"youtube\" data-video-title=\"Fredy Loaiza \/ Medio Altavista mi Casa \" data-video-duration=\"0:30\">\n\t\t\t\t\t\t\t<div><\/div>\n\t\t\t\t\t\t\t\t\t\t\t\t\t<\/div>\n\t\t\t\t\t\t\t\t\t\t\t<div id=\"e-tab-content-6152\" class=\"e-tab-content elementor-clearfix\" data-tab=\"2\" role=\"tabpanel\" aria-labelledby=\"e-tab-title-6152\" tabindex=\"0\" data-video-url=\"https:\/\/www.youtube.com\/watch?v=P7DpXkaIRek\" data-video-type=\"youtube\" data-video-title=\"Jennifer Hern\u00e1ndez \/ Corporaci\u00f3n Nacional de Cine Casa del Sol \" data-video-duration=\"0:28\" hidden=\"hidden\">\n\t\t\t\t\t\t\t<div><\/div>\n\t\t\t\t\t\t\t\t\t\t\t\t\t<\/div>\n\t\t\t\t\t\t\t\t\t\t\t<div id=\"e-tab-content-6153\" class=\"e-tab-content elementor-clearfix\" data-tab=\"3\" role=\"tabpanel\" aria-labelledby=\"e-tab-title-6153\" tabindex=\"0\" data-video-url=\"https:\/\/www.youtube.com\/watch?v=_yrHoJgDppA\" data-video-type=\"youtube\" data-video-title=\"Giovanni Figueroa \/ Medio la Pupila \" data-video-duration=\"0:21\" hidden=\"hidden\">\n\t\t\t\t\t\t\t<div><\/div>\n\t\t\t\t\t\t\t\t\t\t\t\t\t<\/div>\n\t\t\t\t\t\t\t\t\t<\/div>\n\t\t\t<\/div>\n\n\t\t\t<div class=\"e-tabs-inner-tabs\" >\n\t\t\t\t\t\t\t\t\t\t\t\t\t\t\t\t\t\t\t\t\t\t\t\t\t\t\t\t\t\t\t\t\t\t<\/div>\n\t\t<\/div>\n\t\t\t\t<\/div>\n\t\t\t\t<\/div>\n\t\t<\/div>\t\t\t\t<\/div>\n\t\t\t\t\t<\/div>\n\t\t<\/div>\n\t\t\t\t\t\t\t\t<\/div>\n\t\t\t\t\t<\/div>\n\t\t<\/section>\n\t\t\t\t\t\t\t\t\t<\/div>\n\t\t\t<\/div>\n\t\t\t\t\t<\/div>\n\t\t","protected":false},"excerpt":{"rendered":"<p>Convocatoria Territorios que Inspiran 2026 Desde la Secretar\u00eda de Comunicaciones nos sentimos orgullosos de continuar impulsando la comunicaci\u00f3n comunitaria, alternativa, ciudadana e independiente con la convocatoria \u201cTerritorios que Inspiran 2026\u201d. Nuestra gesti\u00f3n adquiere mayor sentido &#8230;<\/p>\n","protected":false},"author":21,"featured_media":246615,"parent":20158,"menu_order":0,"comment_status":"closed","ping_status":"closed","template":"sec-comunicaciones\/elementor.php","meta":[],"acf":[],"_links":{"self":[{"href":"https:\/\/www.medellin.gov.co\/es\/wp-json\/wp\/v2\/pages\/329822"}],"collection":[{"href":"https:\/\/www.medellin.gov.co\/es\/wp-json\/wp\/v2\/pages"}],"about":[{"href":"https:\/\/www.medellin.gov.co\/es\/wp-json\/wp\/v2\/types\/page"}],"author":[{"embeddable":true,"href":"https:\/\/www.medellin.gov.co\/es\/wp-json\/wp\/v2\/users\/21"}],"replies":[{"embeddable":true,"href":"https:\/\/www.medellin.gov.co\/es\/wp-json\/wp\/v2\/comments?post=329822"}],"version-history":[{"count":11,"href":"https:\/\/www.medellin.gov.co\/es\/wp-json\/wp\/v2\/pages\/329822\/revisions"}],"predecessor-version":[{"id":524459,"href":"https:\/\/www.medellin.gov.co\/es\/wp-json\/wp\/v2\/pages\/329822\/revisions\/524459"}],"up":[{"embeddable":true,"href":"https:\/\/www.medellin.gov.co\/es\/wp-json\/wp\/v2\/pages\/20158"}],"wp:featuredmedia":[{"embeddable":true,"href":"https:\/\/www.medellin.gov.co\/es\/wp-json\/wp\/v2\/media\/246615"}],"wp:attachment":[{"href":"https:\/\/www.medellin.gov.co\/es\/wp-json\/wp\/v2\/media?parent=329822"}],"curies":[{"name":"wp","href":"https:\/\/api.w.org\/{rel}","templated":true}]}}