{"id":333170,"date":"2025-04-28T15:23:11","date_gmt":"2025-04-28T20:23:11","guid":{"rendered":"https:\/\/www.medellin.gov.co\/es\/?page_id=333170"},"modified":"2026-03-18T11:23:33","modified_gmt":"2026-03-18T16:23:33","slug":"directorio-empresarial","status":"publish","type":"page","link":"https:\/\/www.medellin.gov.co\/es\/secretaria-desarrollo-economico\/direccion-de-negocios\/directorio-empresarial\/","title":{"rendered":"Directorio Empresarial"},"content":{"rendered":"\t\t<div data-elementor-type=\"wp-page\" data-elementor-id=\"333170\" class=\"elementor elementor-333170\">\n\t\t\t\t\t\t<div class=\"elementor-inner\">\n\t\t\t\t<div class=\"elementor-section-wrap\">\n\t\t\t\t\t\t\t<div class=\"elementor-element elementor-element-92e15b0 e-container--column e-container\" data-id=\"92e15b0\" data-element_type=\"container\">\t\t\t\t<div class=\"elementor-element elementor-element-1d3cf42 elementor-widget elementor-widget-image\" data-id=\"1d3cf42\" data-element_type=\"widget\" data-widget_type=\"image.default\">\n\t\t\t\t<div class=\"elementor-widget-container\">\n\t\t\t\t\t\t\t\t<div class=\"elementor-image\">\n\t\t\t\t\t\t\t\t\t\t\t\t<img src=\"https:\/\/www.medellin.gov.co\/es\/wp-content\/uploads\/elementor\/thumbs\/bannersHM-r65gfi8hkucx3vvpkag4v9rnqyjbj9ki84slfc5rrk.png\" title=\"bannersHM\" alt=\"bannersHM\" \/>\t\t\t\t\t\t\t\t\t\t\t\t\t\t<\/div>\n\t\t\t\t\t\t<\/div>\n\t\t\t\t<\/div>\n\t\t\t\t<div class=\"elementor-element elementor-element-fb3e8e4 elementor-widget elementor-widget-spacer\" data-id=\"fb3e8e4\" data-element_type=\"widget\" data-widget_type=\"spacer.default\">\n\t\t\t\t<div class=\"elementor-widget-container\">\n\t\t\t\t\t<div class=\"elementor-spacer\">\n\t\t\t<div class=\"elementor-spacer-inner\"><\/div>\n\t\t<\/div>\n\t\t\t\t<\/div>\n\t\t\t\t<\/div>\n\t\t<\/div>\t\t<section class=\"elementor-section elementor-top-section elementor-element elementor-element-58e3b6c elementor-section-boxed elementor-section-height-default elementor-section-height-default\" data-id=\"58e3b6c\" data-element_type=\"section\">\n\t\t\t\t\t\t<div class=\"elementor-container elementor-column-gap-default\">\n\t\t\t\t\t\t\t<div class=\"elementor-row\">\n\t\t\t\t\t<div class=\"elementor-column elementor-col-100 elementor-top-column elementor-element elementor-element-5cb2096a\" data-id=\"5cb2096a\" data-element_type=\"column\">\n\t\t\t<div class=\"elementor-column-wrap elementor-element-populated\">\n\t\t\t\t\t\t\t<div class=\"elementor-widget-wrap\">\n\t\t\t\t\t\t<div class=\"elementor-element elementor-element-c58fce6 elementor-widget elementor-widget-heading\" data-id=\"c58fce6\" data-element_type=\"widget\" data-widget_type=\"heading.default\">\n\t\t\t\t<div class=\"elementor-widget-container\">\n\t\t\t<h2 class=\"elementor-heading-title elementor-size-default\">Directorio empresarial | Talento\u00a0Hecho en Medell\u00edn<\/h2>\t\t<\/div>\n\t\t\t\t<\/div>\n\t\t\t\t<div class=\"elementor-element elementor-element-cd8b564 elementor-widget elementor-widget-spacer\" data-id=\"cd8b564\" data-element_type=\"widget\" data-widget_type=\"spacer.default\">\n\t\t\t\t<div class=\"elementor-widget-container\">\n\t\t\t\t\t<div class=\"elementor-spacer\">\n\t\t\t<div class=\"elementor-spacer-inner\"><\/div>\n\t\t<\/div>\n\t\t\t\t<\/div>\n\t\t\t\t<\/div>\n\t\t\t\t<div class=\"elementor-element elementor-element-4c82ec1 elementor-widget elementor-widget-text-editor\" data-id=\"4c82ec1\" data-element_type=\"widget\" data-widget_type=\"text-editor.default\">\n\t\t\t\t<div class=\"elementor-widget-container\">\n\t\t\t\t\t\t\t\t<div class=\"elementor-text-editor elementor-clearfix\">\n\t\t\t\t<h2>Talento&nbsp;Hecho en Medell\u00edn: el Directorio Empresarial que re\u00fane creatividad e innovaci\u00f3n local<p><\/p>\n<\/h2>\n<p>Desde la Alcald\u00eda de Medell\u00edn, apoyamos a nuestros emprendedores y empresarios para que sus productos y servicios trasciendan fronteras y se consoliden en mercados locales, nacionales e internacionales.<\/p>\n<p>El sello \u00abHecho en Medell\u00edn\u00bb representa identidad, creatividad y emprendimiento. Es mucho m\u00e1s que un distintivo de origen, es una declaraci\u00f3n de apoyo a quienes con esfuerzo e innovaci\u00f3n aportan al crecimiento econ\u00f3mico, cultural y social de nuestra regi\u00f3n, fortaleciendo un ecosistema empresarial vibrante y en constante evoluci\u00f3n.<\/p>\t\t\t\t\t<\/div>\n\t\t\t\t\t\t<\/div>\n\t\t\t\t<\/div>\n\t\t<div class=\"elementor-element elementor-element-e80fbb7 e-container--column e-container\" data-id=\"e80fbb7\" data-element_type=\"container\">\t\t<div class=\"elementor-element elementor-element-6371d7f e-container--column e-container\" data-id=\"6371d7f\" data-element_type=\"container\">\t\t<div class=\"elementor-element elementor-element-0ec008d e-container--column e-container\" data-id=\"0ec008d\" data-element_type=\"container\">\t\t\t\t<div class=\"elementor-element elementor-element-ccdcef4 elementor-widget elementor-widget-html\" data-id=\"ccdcef4\" data-element_type=\"widget\" data-widget_type=\"html.default\">\n\t\t\t\t<div class=\"elementor-widget-container\">\n\t\t\t<div class=\"contendor_cads\">\n  <div class=\"carticas medd\">\n    <div class=\"grid\">\n      <a href=\"https:\/\/www.medellin.gov.co\/es\/secretaria-desarrollo-economico\/direccion-de-negocios\/directorio-empresarial\/alimentos\/\">\n        <div class=\"showcont\">\n          <p>Sabores con tradici\u00f3n y sello local, listos para disfrutar.<\/p>\n        <\/div>\n      <\/a>\n      <div class=\"imgcont\">\n        <img src=\"https:\/\/www.medellin.gov.co\/es\/wp-content\/uploads\/2025\/07\/ALIMENTOS-2-1.jpg\" alt=\"Cateoria Alimentos\">\n      <\/div>\n      <h3 class=\"titulocart\">Alimentos<\/h3>\n    <\/div>\n  <\/div>\n\n  <div class=\"carticas medd\">\n    <div class=\"grid\">\n      <a href=\"https:\/\/www.medellin.gov.co\/es\/secretaria-desarrollo-economico\/direccion-de-negocios\/directorio-empresarial\/artesanias\/\">\n        <div class=\"showcont\">\n          <p>Productos hechos a mano que conservan tradici\u00f3n, identidad y creatividad local.<\/p>\n        <\/div>\n      <\/a>\n      <div class=\"imgcont\">\n        <img src=\"https:\/\/www.medellin.gov.co\/es\/wp-content\/uploads\/2025\/07\/ARTESANIAS.jpg\" alt=\"Artesan\u00edas\">\n      <\/div>\n      <h3 class=\"titulocart\">Artesan\u00edas<\/h3>\n    <\/div>\n  <\/div>\n\n  <div class=\"carticas medd\">\n    <div class=\"grid\">\n      <a href=\"https:\/\/www.medellin.gov.co\/es\/secretaria-desarrollo-economico\/direccion-de-negocios\/directorio-empresarial\/moda\/\">\n        <div class=\"showcont\">\n          <p>Moda local sostenible, con dise\u00f1o y versatilidad.<\/p>\n        <\/div>\n      <\/a>\n      <div class=\"imgcont\">\n        <img src=\"https:\/\/www.medellin.gov.co\/es\/wp-content\/uploads\/2025\/07\/MODA-2.jpg\" alt=\"Moda\">\n      <\/div>\n      <h3 class=\"titulocart\">Moda<\/h3>\n    <\/div>\n  <\/div>\n\n  <div class=\"carticas medd\">\n    <div class=\"grid\">\n      <a href=\"https:\/\/www.medellin.gov.co\/es\/secretaria-desarrollo-economico\/direccion-de-negocios\/directorio-empresarial\/cosmeticos\/\">\n        <div class=\"showcont\">\n          <p>Belleza natural y consciente con productos hechos en Medell\u00edn.<\/p>\n        <\/div>\n      <\/a>\n      <div class=\"imgcont\">\n        <img src=\"https:\/\/www.medellin.gov.co\/es\/wp-content\/uploads\/2025\/07\/COSMETICOS.jpg\" alt=\"\">\n      <\/div>\n      <h3 class=\"titulocart\">Cosm\u00e9ticos<\/h3>\n    <\/div>\n  <\/div>\n\n  <div class=\"carticas medd\">\n    <div class=\"grid\">\n      <a href=\"https:\/\/www.medellin.gov.co\/es\/secretaria-desarrollo-economico\/direccion-de-negocios\/directorio-empresarial\/joyeria\/\">\n        <div class=\"showcont\">\n          <p>Dise\u00f1os y transformaci\u00f3n de materiales para crear joyas \u00fanicas.<\/p>\n        <\/div>\n      <\/a>\n      <div class=\"imgcont\">\n        <img src=\"https:\/\/www.medellin.gov.co\/es\/wp-content\/uploads\/2025\/07\/JOYERI\u0301A.jpg\" alt=\"Mariposa en jard\u00edn\">\n      <\/div>\n      <h3 class=\"titulocart\">Joyer\u00eda - Bisuter\u00eda<\/h3>\n    <\/div>\n  <\/div>\n\n  <div class=\"carticas medd\">\n    <div class=\"grid\">\n      <a href=\"https:\/\/www.medellin.gov.co\/es\/secretaria-desarrollo-economico\/direccion-de-negocios\/directorio-empresarial\/cuidado-personal\/\">\n        <div class=\"showcont\">\n          <p>Maquillaje y cuidado personal para la belleza y el bienestar.<\/p>\n        <\/div>\n      <\/a>\n      <div class=\"imgcont\">\n        <img src=\"https:\/\/www.medellin.gov.co\/es\/wp-content\/uploads\/2025\/08\/maquillaje.jpg\" alt=\"Madre, hija y mu\u00f1eca\">\n      <\/div>\n      <h3 class=\"titulocart\">Maquillaje y cuidado personal<\/h3>\n    <\/div>\n  <\/div>\n\n  <div class=\"carticas medd\">\n    <div class=\"grid\">\n      <a href=\"https:\/\/www.medellin.gov.co\/es\/secretaria-desarrollo-economico\/direccion-de-negocios\/directorio-empresarial\/marroquineria-calzado\/\">\n        <div class=\"showcont\">\n          <p>Tradici\u00f3n artesanal y dise\u00f1o en cuero, calzado y accesorios funcionales.<\/p>\n        <\/div>\n      <\/a>\n      <div class=\"imgcont\">\n        <img src=\"https:\/\/www.medellin.gov.co\/es\/wp-content\/uploads\/2025\/07\/MARROQUINERIA-Y-CALZADO-2.jpg\" alt=\"Aguacero en Medell\u00edn\">\n      <\/div>\n      <h3 class=\"titulocart\">Marroquiner\u00eda - Calzado<\/h3>\n    <\/div>\n  <\/div>\n\n  <div class=\"carticas medd\">\n    <div class=\"grid\">\n      <a href=\"https:\/\/www.medellin.gov.co\/es\/secretaria-desarrollo-economico\/direccion-de-negocios\/directorio-empresarial\/articulos-para-el-hogar\/\">\n        <div class=\"showcont\">\n          <p>Dise\u00f1o local con art\u00edculos para el hogar funcionales, sostenibles y con estilo propio.<\/p>\n        <\/div>\n      <\/a>\n      <div class=\"imgcont\">\n        <img src=\"https:\/\/www.medellin.gov.co\/es\/wp-content\/uploads\/2025\/07\/ARTICULOS-PARA-EL-HOGAR-3.jpg\" alt=\"Vista de Medell\u00edn desde las monta\u00f1as\">\n      <\/div>\n      <h3 class=\"titulocart\">Articulos para el hogar<\/h3>\n    <\/div>\n  <\/div>\n\n  <div class=\"carticas medd\">\n    <div class=\"grid\">\n      <a href=\"https:\/\/www.medellin.gov.co\/es\/secretaria-desarrollo-economico\/direccion-de-negocios\/directorio-empresarial\/mascotas\/\">\n        <div class=\"showcont\">\n          <p>Comodidad y cuidado para el bienestar de las mascotas.<\/p>\n        <\/div>\n      <\/a>\n      <div class=\"imgcont\">\n        <img src=\"https:\/\/www.medellin.gov.co\/es\/wp-content\/uploads\/2025\/07\/MASCOTAS.jpg\" alt=\"Mujer podando plantas\">\n      <\/div>\n      <h3 class=\"titulocart\">Muebles y accesorios para animales<\/h3>\n    <\/div>\n  <\/div>\n\n  <div class=\"carticas medd\">\n    <div class=\"grid\">\n      <a href=\"https:\/\/www.medellin.gov.co\/es\/secretaria-desarrollo-economico\/direccion-de-negocios\/directorio-empresarial\/servicios\/\">\n        <div class=\"showcont\">\n          <p>Soluciones locales de confianza para el bienestar de personas y empresas.<\/p>\n        <\/div>\n      <\/a>\n      <div class=\"imgcont\">\n        <img src=\"https:\/\/www.medellin.gov.co\/es\/wp-content\/uploads\/2025\/08\/IMG_4173-1-scaled.jpg\">\n      <\/div>\n      <h3 class=\"titulocart\">Servicios<\/h3>\n    <\/div>\n  <\/div>\n\n  <div class=\"carticas medd\">\n    <div class=\"grid\">\n      <a href=\"https:\/\/www.medellin.gov.co\/es\/secretaria-desarrollo-economico\/direccion-de-negocios\/directorio-empresarial\/agroindustria\/\">\n        <div class=\"showcont\">\n          <p>Producci\u00f3n local para un agro innovador y sostenible.<\/p>\n        <\/div>\n      <\/a>\n      <div class=\"imgcont\">\n        <img src=\"https:\/\/www.medellin.gov.co\/es\/wp-content\/uploads\/2025\/07\/AGROINDUSTRIA.jpg\" alt=\"Quebrada en Medell\u00edn\">\n      <\/div>\n      <h3 class=\"titulocart\">Agroindustria<\/h3>\n    <\/div>\n  <\/div>\n<\/div>\t\t<\/div>\n\t\t\t\t<\/div>\n\t\t<\/div><\/div><\/div>\t\t\t\t<\/div>\n\t\t\t\t\t<\/div>\n\t\t<\/div>\n\t\t\t\t\t\t\t\t<\/div>\n\t\t\t\t\t<\/div>\n\t\t<\/section>\n\t\t<div class=\"elementor-element elementor-element-939e527 e-container--column e-container\" data-id=\"939e527\" data-element_type=\"container\">\t\t\t\t<div class=\"elementor-element elementor-element-8e63aee elementor-widget elementor-widget-text-editor\" data-id=\"8e63aee\" data-element_type=\"widget\" data-widget_type=\"text-editor.default\">\n\t\t\t\t<div class=\"elementor-widget-container\">\n\t\t\t\t\t\t\t\t<div class=\"elementor-text-editor elementor-clearfix\">\n\t\t\t\t<p style=\"color: #49adff; text-align: center;\"><strong style=\"color: #49adff; font-family: -apple-system, sans-serif; word-spacing: 1px; font-size: 1.5rem;\">Descargo de responsabilidad<\/strong><span style=\"color: #313131; font-family: -apple-system, sans-serif; word-spacing: 1px;\">\u00a0<\/span><\/p><div style=\"color: #222222; text-align: center; font-family: Arial, Helvetica, sans-serif; font-size: medium;\"><span style=\"color: #313131; font-family: -apple-system, sans-serif; word-spacing: 1px;\">La presente plataforma tiene como prop\u00f3sito la visibilizaci\u00f3n de emprendimientos apoyados por la Secretar\u00eda de Desarrollo Econ\u00f3mico.\u00a0<\/span><\/div><div style=\"color: #222222; text-align: center; font-family: Arial, Helvetica, sans-serif; font-size: medium;\"><span style=\"color: #313131; font-family: -apple-system, sans-serif; word-spacing: 1px;\">No se realizan ventas ni intermediaci\u00f3n comercial a trav\u00e9s de este espacio. Para procesos de comercializaci\u00f3n, los interesados deber\u00e1n contactar directamente a los emprendedores o empresarios.<\/span><\/div>\t\t\t\t\t<\/div>\n\t\t\t\t\t\t<\/div>\n\t\t\t\t<\/div>\n\t\t<\/div>\t\t<section class=\"elementor-section elementor-top-section elementor-element elementor-element-1ff7000 elementor-section-boxed elementor-section-height-default elementor-section-height-default\" data-id=\"1ff7000\" data-element_type=\"section\">\n\t\t\t\t\t\t<div class=\"elementor-container elementor-column-gap-default\">\n\t\t\t\t\t\t\t<div class=\"elementor-row\">\n\t\t\t\t\t<div class=\"elementor-column elementor-col-100 elementor-top-column elementor-element elementor-element-7efbcf1\" data-id=\"7efbcf1\" data-element_type=\"column\">\n\t\t\t<div class=\"elementor-column-wrap elementor-element-populated\">\n\t\t\t\t\t\t\t<div class=\"elementor-widget-wrap\">\n\t\t\t\t\t\t<div class=\"elementor-element elementor-element-f08dca8 elementor-widget elementor-widget-spacer\" data-id=\"f08dca8\" data-element_type=\"widget\" data-widget_type=\"spacer.default\">\n\t\t\t\t<div class=\"elementor-widget-container\">\n\t\t\t\t\t<div class=\"elementor-spacer\">\n\t\t\t<div class=\"elementor-spacer-inner\"><\/div>\n\t\t<\/div>\n\t\t\t\t<\/div>\n\t\t\t\t<\/div>\n\t\t\t\t<div class=\"elementor-element elementor-element-94f0fd0 elementor-align-center elementor-widget elementor-widget-button\" data-id=\"94f0fd0\" data-element_type=\"widget\" data-widget_type=\"button.default\">\n\t\t\t\t<div class=\"elementor-widget-container\">\n\t\t\t\t\t<div class=\"elementor-button-wrapper\">\n\t\t\t<a href=\"https:\/\/www.medellin.gov.co\/es\/secretaria-desarrollo-economico\/directorio-empresarial\/\" class=\"elementor-button-link elementor-button elementor-size-sm\" role=\"button\">\n\t\t\t\t\t\t<span class=\"elementor-button-content-wrapper\">\n\t\t\t\t\t\t<span class=\"elementor-button-text\">Volver al inicio del directorio<\/span>\n\t\t<\/span>\n\t\t\t\t\t<\/a>\n\t\t<\/div>\n\t\t\t\t<\/div>\n\t\t\t\t<\/div>\n\t\t\t\t\t\t<\/div>\n\t\t\t\t\t<\/div>\n\t\t<\/div>\n\t\t\t\t\t\t\t\t<\/div>\n\t\t\t\t\t<\/div>\n\t\t<\/section>\n\t\t\t\t\t\t\t\t\t<\/div>\n\t\t\t<\/div>\n\t\t\t\t\t<\/div>\n\t\t","protected":false},"excerpt":{"rendered":"<p>Directorio empresarial | Talento\u00a0Hecho en Medell\u00edn Talento&nbsp;Hecho en Medell\u00edn: el Directorio Empresarial que re\u00fane creatividad e innovaci\u00f3n local Desde la Alcald\u00eda de Medell\u00edn, apoyamos a nuestros emprendedores y empresarios para que sus productos y servicios &#8230;<\/p>\n","protected":false},"author":82,"featured_media":333506,"parent":502706,"menu_order":0,"comment_status":"closed","ping_status":"closed","template":"sec-desarrolloeconomico\/elementor26092024backup.php","meta":[],"acf":[],"_links":{"self":[{"href":"https:\/\/www.medellin.gov.co\/es\/wp-json\/wp\/v2\/pages\/333170"}],"collection":[{"href":"https:\/\/www.medellin.gov.co\/es\/wp-json\/wp\/v2\/pages"}],"about":[{"href":"https:\/\/www.medellin.gov.co\/es\/wp-json\/wp\/v2\/types\/page"}],"author":[{"embeddable":true,"href":"https:\/\/www.medellin.gov.co\/es\/wp-json\/wp\/v2\/users\/82"}],"replies":[{"embeddable":true,"href":"https:\/\/www.medellin.gov.co\/es\/wp-json\/wp\/v2\/comments?post=333170"}],"version-history":[{"count":10,"href":"https:\/\/www.medellin.gov.co\/es\/wp-json\/wp\/v2\/pages\/333170\/revisions"}],"predecessor-version":[{"id":510006,"href":"https:\/\/www.medellin.gov.co\/es\/wp-json\/wp\/v2\/pages\/333170\/revisions\/510006"}],"up":[{"embeddable":true,"href":"https:\/\/www.medellin.gov.co\/es\/wp-json\/wp\/v2\/pages\/502706"}],"wp:featuredmedia":[{"embeddable":true,"href":"https:\/\/www.medellin.gov.co\/es\/wp-json\/wp\/v2\/media\/333506"}],"wp:attachment":[{"href":"https:\/\/www.medellin.gov.co\/es\/wp-json\/wp\/v2\/media?parent=333170"}],"curies":[{"name":"wp","href":"https:\/\/api.w.org\/{rel}","templated":true}]}}