{"id":367461,"date":"2024-11-22T12:22:34","date_gmt":"2024-11-22T17:22:34","guid":{"rendered":"https:\/\/www.medellin.gov.co\/es\/?page_id=367461"},"modified":"2024-12-17T09:46:28","modified_gmt":"2024-12-17T14:46:28","slug":"retos-de-evaluacion-y-control-en-el-plan-de-desarrollo","status":"publish","type":"page","link":"https:\/\/www.medellin.gov.co\/es\/secretaria-de-evaluacion-y-control\/retos-de-evaluacion-y-control-en-el-plan-de-desarrollo\/","title":{"rendered":"Retos de Evaluaci\u00f3n y Control en el Plan de Desarrollo"},"content":{"rendered":"\t\t<div data-elementor-type=\"wp-page\" data-elementor-id=\"367461\" class=\"elementor elementor-367461\">\n\t\t\t\t\t\t<div class=\"elementor-inner\">\n\t\t\t\t<div class=\"elementor-section-wrap\">\n\t\t\t\t\t\t\t<div class=\"elementor-element elementor-element-d7b9237 e-container--column e-container\" data-id=\"d7b9237\" data-element_type=\"container\">\t\t\t\t<div class=\"elementor-element elementor-element-34e194f elementor-widget elementor-widget-heading\" data-id=\"34e194f\" data-element_type=\"widget\" data-widget_type=\"heading.default\">\n\t\t\t\t<div class=\"elementor-widget-container\">\n\t\t\t<h1 class=\"elementor-heading-title elementor-size-large\">Retos de la Secretar\u00eda de Evaluaci\u00f3n y Control <br>en el Plan de Desarrollo 2024-2027<\/h1>\t\t<\/div>\n\t\t\t\t<\/div>\n\t\t\t\t<div class=\"elementor-element elementor-element-1094896 elementor-widget-divider--view-line elementor-widget elementor-widget-divider\" data-id=\"1094896\" data-element_type=\"widget\" data-widget_type=\"divider.default\">\n\t\t\t\t<div class=\"elementor-widget-container\">\n\t\t\t\t\t<div class=\"elementor-divider\">\n\t\t\t<span class=\"elementor-divider-separator\">\n\t\t\t\t\t\t<\/span>\n\t\t<\/div>\n\t\t\t\t<\/div>\n\t\t\t\t<\/div>\n\t\t\t\t<div class=\"elementor-element elementor-element-b982b9b elementor-widget elementor-widget-text-editor\" data-id=\"b982b9b\" data-element_type=\"widget\" data-widget_type=\"text-editor.default\">\n\t\t\t\t<div class=\"elementor-widget-container\">\n\t\t\t\t\t\t\t\t<div class=\"elementor-text-editor elementor-clearfix\">\n\t\t\t\t<p>La Secretar\u00eda de Evaluaci\u00f3n y Control juega un papel fundamental en el Plan de Desarrollo de Medell\u00edn, asumiendo la responsabilidad de optimizar la capacidad institucional del Distrito Especial de Ciencia, Tecnolog\u00eda e Innovaci\u00f3n. A trav\u00e9s de un control interno eficiente, la Secretar\u00eda se encarga de proteger los recursos p\u00fablicos y garantizar el cumplimiento de la misi\u00f3n del Distrito. Adem\u00e1s, implementa soluciones tecnol\u00f3gicas inteligentes para mejorar la auditor\u00eda interna y el seguimiento de las acciones correctivas, con el fin de fortalecer la transparencia, la confianza ciudadana y alcanzar los objetivos estrat\u00e9gicos de la ciudad\u200b.<\/p>\t\t\t\t\t<\/div>\n\t\t\t\t\t\t<\/div>\n\t\t\t\t<\/div>\n\t\t<div class=\"elementor-element elementor-element-2462ec8 e-container--row e-container\" data-id=\"2462ec8\" data-element_type=\"container\">\t\t\t\t<div class=\"elementor-element elementor-element-95b9998 elementor-widget elementor-widget-image\" data-id=\"95b9998\" data-element_type=\"widget\" data-widget_type=\"image.default\">\n\t\t\t\t<div class=\"elementor-widget-container\">\n\t\t\t\t\t\t\t\t<div class=\"elementor-image\">\n\t\t\t\t\t\t\t\t\t\t\t\t<img width=\"580\" height=\"230\" src=\"https:\/\/www.medellin.gov.co\/es\/wp-content\/uploads\/2024\/11\/Retos-de-la-secretaria-plan-de-desarrollo-para-la-web-4.jpg\" class=\"attachment-large size-large\" alt=\"\" loading=\"lazy\" srcset=\"https:\/\/www.medellin.gov.co\/es\/wp-content\/uploads\/2024\/11\/Retos-de-la-secretaria-plan-de-desarrollo-para-la-web-4.jpg 580w, https:\/\/www.medellin.gov.co\/es\/wp-content\/uploads\/2024\/11\/Retos-de-la-secretaria-plan-de-desarrollo-para-la-web-4-300x119.jpg 300w, https:\/\/www.medellin.gov.co\/es\/wp-content\/uploads\/2024\/11\/Retos-de-la-secretaria-plan-de-desarrollo-para-la-web-4-150x59.jpg 150w\" sizes=\"(max-width: 580px) 100vw, 580px\" \/>\t\t\t\t\t\t\t\t\t\t\t\t\t\t<\/div>\n\t\t\t\t\t\t<\/div>\n\t\t\t\t<\/div>\n\t\t<div class=\"elementor-element elementor-element-2219959 e-container--column e-container\" data-id=\"2219959\" data-element_type=\"container\">\t\t\t\t<div class=\"elementor-element elementor-element-3362a45 elementor-widget elementor-widget-heading\" data-id=\"3362a45\" data-element_type=\"widget\" data-widget_type=\"heading.default\">\n\t\t\t\t<div class=\"elementor-widget-container\">\n\t\t\t<h2 class=\"elementor-heading-title elementor-size-default\">Visi\u00f3n del Plan de Desarrollo<\/h2>\t\t<\/div>\n\t\t\t\t<\/div>\n\t\t\t\t<div class=\"elementor-element elementor-element-b854fd4 elementor-widget-divider--view-line elementor-widget elementor-widget-divider\" data-id=\"b854fd4\" data-element_type=\"widget\" data-widget_type=\"divider.default\">\n\t\t\t\t<div class=\"elementor-widget-container\">\n\t\t\t\t\t<div class=\"elementor-divider\">\n\t\t\t<span class=\"elementor-divider-separator\">\n\t\t\t\t\t\t<\/span>\n\t\t<\/div>\n\t\t\t\t<\/div>\n\t\t\t\t<\/div>\n\t\t\t\t<div class=\"elementor-element elementor-element-09b61fa elementor-widget elementor-widget-text-editor\" data-id=\"09b61fa\" data-element_type=\"widget\" data-widget_type=\"text-editor.default\">\n\t\t\t\t<div class=\"elementor-widget-container\">\n\t\t\t\t\t\t\t\t<div class=\"elementor-text-editor elementor-clearfix\">\n\t\t\t\t<p><strong style=\"text-align: var(--text-align)\">CREEMOS en un nuevo modelo de ciudad:<\/strong><span style=\"text-align: var(--text-align)\"> Medell\u00edn unida con confianza, transparencia y cultura ciudadana.<\/span><\/p><p>Una ciudad que apunta al crecimiento econ\u00f3mico sustentable, al desarrollo humano integral en ejercicio de los derechos humanos, al urbanismo con vocaci\u00f3n social, ambiental y sostenible, a un distrito que detona la vocaci\u00f3n en ciencia, tecnolog\u00eda e innovaci\u00f3n en un territorio por y para la gente.<\/p><p>\u00a0<\/p>\t\t\t\t\t<\/div>\n\t\t\t\t\t\t<\/div>\n\t\t\t\t<\/div>\n\t\t<\/div><\/div>\t\t<div class=\"elementor-element elementor-element-206e529 elementor-widget elementor-widget-text-editor\" data-id=\"206e529\" data-element_type=\"widget\" data-widget_type=\"text-editor.default\">\n\t\t\t\t<div class=\"elementor-widget-container\">\n\t\t\t\t\t\t\t\t<div class=\"elementor-text-editor elementor-clearfix\">\n\t\t\t\t<p>Somos primera l\u00ednea en el pilar 3: <strong>Confianza y transparencia<\/strong> porque <strong>CREEMOS EN EL TRABAJO EN EQUIPO CON LA CIUDADAN\u00cdA<\/strong> y pertenecemos a una alcald\u00eda que promueve la cultura ciudadana para generar transparencia, seguridad y confianza.<\/p>\t\t\t\t\t<\/div>\n\t\t\t\t\t\t<\/div>\n\t\t\t\t<\/div>\n\t\t\t\t<div class=\"elementor-element elementor-element-a0adba2 elementor-widget-divider--view-line elementor-widget elementor-widget-divider\" data-id=\"a0adba2\" data-element_type=\"widget\" data-widget_type=\"divider.default\">\n\t\t\t\t<div class=\"elementor-widget-container\">\n\t\t\t\t\t<div class=\"elementor-divider\">\n\t\t\t<span class=\"elementor-divider-separator\">\n\t\t\t\t\t\t<\/span>\n\t\t<\/div>\n\t\t\t\t<\/div>\n\t\t\t\t<\/div>\n\t\t\t\t<div class=\"elementor-element elementor-element-e23a67f elementor-widget elementor-widget-heading\" data-id=\"e23a67f\" data-element_type=\"widget\" data-widget_type=\"heading.default\">\n\t\t\t\t<div class=\"elementor-widget-container\">\n\t\t\t<h1 class=\"elementor-heading-title elementor-size-medium\">Hacemos parte del componente confianza ciudadana en la gesti\u00f3n p\u00fablica institucional<\/h1>\t\t<\/div>\n\t\t\t\t<\/div>\n\t\t\t\t<div class=\"elementor-element elementor-element-4293644 elementor-widget-divider--view-line elementor-widget elementor-widget-divider\" data-id=\"4293644\" data-element_type=\"widget\" data-widget_type=\"divider.default\">\n\t\t\t\t<div class=\"elementor-widget-container\">\n\t\t\t\t\t<div class=\"elementor-divider\">\n\t\t\t<span class=\"elementor-divider-separator\">\n\t\t\t\t\t\t<\/span>\n\t\t<\/div>\n\t\t\t\t<\/div>\n\t\t\t\t<\/div>\n\t\t\t\t<div class=\"elementor-element elementor-element-63e0b42 elementor-widget elementor-widget-text-editor\" data-id=\"63e0b42\" data-element_type=\"widget\" data-widget_type=\"text-editor.default\">\n\t\t\t\t<div class=\"elementor-widget-container\">\n\t\t\t\t\t\t\t\t<div class=\"elementor-text-editor elementor-clearfix\">\n\t\t\t\t<p>Nuestra responsabilidad fundamental se dirige hacia el programa <strong>Protecci\u00f3n de los Recursos P\u00fablicos desde el Control Interno, <\/strong>cuyo objetivo principal es optimizar la capacidad institucional del Distrito Especial de Ciencia, Tecnolog\u00eda e Innovaci\u00f3n de Medell\u00edn desde el control interno para la protecci\u00f3n de los recursos p\u00fablicos y el cumplimiento de la misi\u00f3n.<\/p><p>El Proyecto orientador que nos gu\u00eda es la innovaci\u00f3n de la actividad de auditor\u00eda interna como tercera l\u00ednea para fortalecer el control interno distrital.<\/p>\t\t\t\t\t<\/div>\n\t\t\t\t\t\t<\/div>\n\t\t\t\t<\/div>\n\t\t\t\t<div class=\"elementor-element elementor-element-7141e6e elementor-widget elementor-widget-heading\" data-id=\"7141e6e\" data-element_type=\"widget\" data-widget_type=\"heading.default\">\n\t\t\t\t<div class=\"elementor-widget-container\">\n\t\t\t<h1 class=\"elementor-heading-title elementor-size-medium\">Indicadores de productos<\/h1>\t\t<\/div>\n\t\t\t\t<\/div>\n\t\t\t\t<div class=\"elementor-element elementor-element-7332512 elementor-widget elementor-widget-text-editor\" data-id=\"7332512\" data-element_type=\"widget\" data-widget_type=\"text-editor.default\">\n\t\t\t\t<div class=\"elementor-widget-container\">\n\t\t\t\t\t\t\t\t<div class=\"elementor-text-editor elementor-clearfix\">\n\t\t\t\t<p style=\"text-align: left\"><span style=\"color: #ff6600\"><strong>1-<\/strong><\/span> Soluciones en tecnolog\u00eda\u00a0 inteligente para la actividad de auditor\u00eda interna y el seguimiento del progreso de las acciones de mejora adoptadas.<\/p><p style=\"text-align: left\"><span style=\"color: #ff6600\"><strong>2-<\/strong><\/span> Plan de auditor\u00edas, basado en riesgos estrat\u00e9gicos, formulado y ejecutado.<\/p><p style=\"text-align: left\"><span style=\"color: #ff6600\"><strong>3-<\/strong><\/span> Recomendaciones aplicadas para el logro de los objetivos estrat\u00e9gicos del Distrito de Medell\u00edn, producto de los trabajos de auditor\u00eda interna.<\/p>\t\t\t\t\t<\/div>\n\t\t\t\t\t\t<\/div>\n\t\t\t\t<\/div>\n\t\t\t\t<div class=\"elementor-element elementor-element-a86d02b elementor-widget-divider--view-line elementor-widget elementor-widget-divider\" data-id=\"a86d02b\" data-element_type=\"widget\" data-widget_type=\"divider.default\">\n\t\t\t\t<div class=\"elementor-widget-container\">\n\t\t\t\t\t<div class=\"elementor-divider\">\n\t\t\t<span class=\"elementor-divider-separator\">\n\t\t\t\t\t\t<\/span>\n\t\t<\/div>\n\t\t\t\t<\/div>\n\t\t\t\t<\/div>\n\t\t<\/div><div class=\"elementor-element elementor-element-486c6dc e-container--row e-container\" data-id=\"486c6dc\" data-element_type=\"container\">\t\t<div class=\"elementor-element elementor-element-1db2d88 e-container--column e-container\" data-id=\"1db2d88\" data-element_type=\"container\">\t\t\t\t<div class=\"elementor-element elementor-element-5958823 elementor-widget elementor-widget-image\" data-id=\"5958823\" data-element_type=\"widget\" data-widget_type=\"image.default\">\n\t\t\t\t<div class=\"elementor-widget-container\">\n\t\t\t\t\t\t\t\t<div class=\"elementor-image\">\n\t\t\t\t\t\t\t\t\t\t\t\t<img width=\"1024\" height=\"369\" src=\"https:\/\/www.medellin.gov.co\/es\/wp-content\/uploads\/2024\/11\/3-Diseno-Plan-de-Desarrollo-1-1024x369.jpg\" class=\"attachment-large size-large\" alt=\"\" loading=\"lazy\" srcset=\"https:\/\/www.medellin.gov.co\/es\/wp-content\/uploads\/2024\/11\/3-Diseno-Plan-de-Desarrollo-1-1024x369.jpg 1024w, https:\/\/www.medellin.gov.co\/es\/wp-content\/uploads\/2024\/11\/3-Diseno-Plan-de-Desarrollo-1-300x108.jpg 300w, https:\/\/www.medellin.gov.co\/es\/wp-content\/uploads\/2024\/11\/3-Diseno-Plan-de-Desarrollo-1-150x54.jpg 150w, https:\/\/www.medellin.gov.co\/es\/wp-content\/uploads\/2024\/11\/3-Diseno-Plan-de-Desarrollo-1-768x276.jpg 768w, https:\/\/www.medellin.gov.co\/es\/wp-content\/uploads\/2024\/11\/3-Diseno-Plan-de-Desarrollo-1-1536x553.jpg 1536w, https:\/\/www.medellin.gov.co\/es\/wp-content\/uploads\/2024\/11\/3-Diseno-Plan-de-Desarrollo-1-2048x737.jpg 2048w\" sizes=\"(max-width: 1024px) 100vw, 1024px\" \/>\t\t\t\t\t\t\t\t\t\t\t\t\t\t<\/div>\n\t\t\t\t\t\t<\/div>\n\t\t\t\t<\/div>\n\t\t\t\t<div class=\"elementor-element elementor-element-49a4167 elementor-widget elementor-widget-image\" data-id=\"49a4167\" data-element_type=\"widget\" data-widget_type=\"image.default\">\n\t\t\t\t<div class=\"elementor-widget-container\">\n\t\t\t\t\t\t\t\t<div class=\"elementor-image\">\n\t\t\t\t\t\t\t\t\t\t\t\t<img width=\"1024\" height=\"355\" src=\"https:\/\/www.medellin.gov.co\/es\/wp-content\/uploads\/2024\/11\/3-Diseno-Plan-de-Desarrollo-3-1024x355.jpg\" class=\"attachment-large size-large\" alt=\"\" loading=\"lazy\" srcset=\"https:\/\/www.medellin.gov.co\/es\/wp-content\/uploads\/2024\/11\/3-Diseno-Plan-de-Desarrollo-3-1024x355.jpg 1024w, https:\/\/www.medellin.gov.co\/es\/wp-content\/uploads\/2024\/11\/3-Diseno-Plan-de-Desarrollo-3-300x104.jpg 300w, https:\/\/www.medellin.gov.co\/es\/wp-content\/uploads\/2024\/11\/3-Diseno-Plan-de-Desarrollo-3-150x52.jpg 150w, https:\/\/www.medellin.gov.co\/es\/wp-content\/uploads\/2024\/11\/3-Diseno-Plan-de-Desarrollo-3-768x266.jpg 768w, https:\/\/www.medellin.gov.co\/es\/wp-content\/uploads\/2024\/11\/3-Diseno-Plan-de-Desarrollo-3-1536x533.jpg 1536w, https:\/\/www.medellin.gov.co\/es\/wp-content\/uploads\/2024\/11\/3-Diseno-Plan-de-Desarrollo-3-2048x710.jpg 2048w\" sizes=\"(max-width: 1024px) 100vw, 1024px\" \/>\t\t\t\t\t\t\t\t\t\t\t\t\t\t<\/div>\n\t\t\t\t\t\t<\/div>\n\t\t\t\t<\/div>\n\t\t<\/div><div class=\"elementor-element elementor-element-76705c2 e-container--column e-container\" data-id=\"76705c2\" data-element_type=\"container\">\t\t\t\t<div class=\"elementor-element elementor-element-d968b0e elementor-widget elementor-widget-image\" data-id=\"d968b0e\" data-element_type=\"widget\" data-widget_type=\"image.default\">\n\t\t\t\t<div class=\"elementor-widget-container\">\n\t\t\t\t\t\t\t\t<div class=\"elementor-image\">\n\t\t\t\t\t\t\t\t\t\t\t\t<img width=\"1024\" height=\"370\" src=\"https:\/\/www.medellin.gov.co\/es\/wp-content\/uploads\/2024\/11\/Sello-1024x370.jpg\" class=\"attachment-large size-large\" alt=\"\" loading=\"lazy\" srcset=\"https:\/\/www.medellin.gov.co\/es\/wp-content\/uploads\/2024\/11\/Sello-1024x370.jpg 1024w, https:\/\/www.medellin.gov.co\/es\/wp-content\/uploads\/2024\/11\/Sello-300x108.jpg 300w, https:\/\/www.medellin.gov.co\/es\/wp-content\/uploads\/2024\/11\/Sello-150x54.jpg 150w, https:\/\/www.medellin.gov.co\/es\/wp-content\/uploads\/2024\/11\/Sello-768x277.jpg 768w, https:\/\/www.medellin.gov.co\/es\/wp-content\/uploads\/2024\/11\/Sello.jpg 1114w\" sizes=\"(max-width: 1024px) 100vw, 1024px\" \/>\t\t\t\t\t\t\t\t\t\t\t\t\t\t<\/div>\n\t\t\t\t\t\t<\/div>\n\t\t\t\t<\/div>\n\t\t\t\t<div class=\"elementor-element elementor-element-f30917f elementor-widget elementor-widget-text-editor\" data-id=\"f30917f\" data-element_type=\"widget\" data-widget_type=\"text-editor.default\">\n\t\t\t\t<div class=\"elementor-widget-container\">\n\t\t\t\t\t\t\t\t<div class=\"elementor-text-editor elementor-clearfix\">\n\t\t\t\t<p><strong>Transversalidades Program\u00e1ticas:<\/strong> Este sello busca promover la eficiencia de los recursos del Distrito para presentar alternativas integrales de soluci\u00f3n a las problem\u00e1ticas y enriquecer el accionar institucional.<\/p><p><strong>\u00bfQu\u00e9 significa tener este sello?<\/strong><\/p><p>Es la oportunidad para articular distintas capacidades administrativas en proyectos que atienden integralmente las problem\u00e1ticas del distrito.<\/p>\t\t\t\t\t<\/div>\n\t\t\t\t\t\t<\/div>\n\t\t\t\t<\/div>\n\t\t<\/div>\t\t<div class=\"elementor-element elementor-element-acbf118 elementor-widget-divider--view-line elementor-widget elementor-widget-divider\" data-id=\"acbf118\" data-element_type=\"widget\" data-widget_type=\"divider.default\">\n\t\t\t\t<div class=\"elementor-widget-container\">\n\t\t\t\t\t<div class=\"elementor-divider\">\n\t\t\t<span class=\"elementor-divider-separator\">\n\t\t\t\t\t\t<\/span>\n\t\t<\/div>\n\t\t\t\t<\/div>\n\t\t\t\t<\/div>\n\t\t\t\t<div class=\"elementor-element elementor-element-8cd3b2a elementor-widget-divider--view-line elementor-widget elementor-widget-divider\" data-id=\"8cd3b2a\" data-element_type=\"widget\" data-widget_type=\"divider.default\">\n\t\t\t\t<div class=\"elementor-widget-container\">\n\t\t\t\t\t<div class=\"elementor-divider\">\n\t\t\t<span class=\"elementor-divider-separator\">\n\t\t\t\t\t\t<\/span>\n\t\t<\/div>\n\t\t\t\t<\/div>\n\t\t\t\t<\/div>\n\t\t\t\t<div class=\"elementor-element elementor-element-b60ca4a elementor-widget-divider--view-line elementor-widget elementor-widget-divider\" data-id=\"b60ca4a\" data-element_type=\"widget\" data-widget_type=\"divider.default\">\n\t\t\t\t<div class=\"elementor-widget-container\">\n\t\t\t\t\t<div class=\"elementor-divider\">\n\t\t\t<span class=\"elementor-divider-separator\">\n\t\t\t\t\t\t<\/span>\n\t\t<\/div>\n\t\t\t\t<\/div>\n\t\t\t\t<\/div>\n\t\t<\/div><div class=\"elementor-element elementor-element-efd9502 e-container--column e-container\" data-id=\"efd9502\" data-element_type=\"container\">\t\t\t\t<div class=\"elementor-element elementor-element-029afb1 elementor-widget-divider--view-line elementor-widget elementor-widget-divider\" data-id=\"029afb1\" data-element_type=\"widget\" data-widget_type=\"divider.default\">\n\t\t\t\t<div class=\"elementor-widget-container\">\n\t\t\t\t\t<div class=\"elementor-divider\">\n\t\t\t<span class=\"elementor-divider-separator\">\n\t\t\t\t\t\t<\/span>\n\t\t<\/div>\n\t\t\t\t<\/div>\n\t\t\t\t<\/div>\n\t\t<\/div>\t\t\t\t\t\t\t<\/div>\n\t\t\t<\/div>\n\t\t\t\t\t<\/div>\n\t\t","protected":false},"excerpt":{"rendered":"<p>Retos de la Secretar\u00eda de Evaluaci\u00f3n y Control en el Plan de Desarrollo 2024-2027 La Secretar\u00eda de Evaluaci\u00f3n y Control juega un papel fundamental en el Plan de Desarrollo de Medell\u00edn, asumiendo la responsabilidad de &#8230;<\/p>\n","protected":false},"author":94,"featured_media":367680,"parent":20200,"menu_order":0,"comment_status":"closed","ping_status":"closed","template":"sec-evaluacion-control\/elementor.php","meta":[],"acf":[],"_links":{"self":[{"href":"https:\/\/www.medellin.gov.co\/es\/wp-json\/wp\/v2\/pages\/367461"}],"collection":[{"href":"https:\/\/www.medellin.gov.co\/es\/wp-json\/wp\/v2\/pages"}],"about":[{"href":"https:\/\/www.medellin.gov.co\/es\/wp-json\/wp\/v2\/types\/page"}],"author":[{"embeddable":true,"href":"https:\/\/www.medellin.gov.co\/es\/wp-json\/wp\/v2\/users\/94"}],"replies":[{"embeddable":true,"href":"https:\/\/www.medellin.gov.co\/es\/wp-json\/wp\/v2\/comments?post=367461"}],"version-history":[{"count":10,"href":"https:\/\/www.medellin.gov.co\/es\/wp-json\/wp\/v2\/pages\/367461\/revisions"}],"predecessor-version":[{"id":376736,"href":"https:\/\/www.medellin.gov.co\/es\/wp-json\/wp\/v2\/pages\/367461\/revisions\/376736"}],"up":[{"embeddable":true,"href":"https:\/\/www.medellin.gov.co\/es\/wp-json\/wp\/v2\/pages\/20200"}],"wp:featuredmedia":[{"embeddable":true,"href":"https:\/\/www.medellin.gov.co\/es\/wp-json\/wp\/v2\/media\/367680"}],"wp:attachment":[{"href":"https:\/\/www.medellin.gov.co\/es\/wp-json\/wp\/v2\/media?parent=367461"}],"curies":[{"name":"wp","href":"https:\/\/api.w.org\/{rel}","templated":true}]}}