{"id":401875,"date":"2025-07-28T10:50:33","date_gmt":"2025-07-28T15:50:33","guid":{"rendered":"https:\/\/www.medellin.gov.co\/es\/?page_id=401875"},"modified":"2025-07-28T10:50:33","modified_gmt":"2025-07-28T15:50:33","slug":"mecanismos-de-atencion-y-proteccion-contra-las-violencias-hacia-las-mujeres","status":"publish","type":"page","link":"https:\/\/www.medellin.gov.co\/es\/secretaria-mujeres\/mecanismos-de-atencion-y-proteccion-contra-las-violencias-hacia-las-mujeres\/","title":{"rendered":"Mecanismos de atenci\u00f3n y protecci\u00f3n contra las violencias hacia las Mujeres"},"content":{"rendered":"\t\t<div data-elementor-type=\"wp-page\" data-elementor-id=\"401875\" class=\"elementor elementor-401875\">\n\t\t\t\t\t\t<div class=\"elementor-inner\">\n\t\t\t\t<div class=\"elementor-section-wrap\">\n\t\t\t\t\t\t\t<div class=\"elementor-element elementor-element-229043c e-container--column e-container\" data-id=\"229043c\" data-element_type=\"container\">\t\t\t\t<div class=\"elementor-element elementor-element-f584afa elementor-widget elementor-widget-spacer\" data-id=\"f584afa\" data-element_type=\"widget\" data-widget_type=\"spacer.default\">\n\t\t\t\t<div class=\"elementor-widget-container\">\n\t\t\t\t\t<div class=\"elementor-spacer\">\n\t\t\t<div class=\"elementor-spacer-inner\"><\/div>\n\t\t<\/div>\n\t\t\t\t<\/div>\n\t\t\t\t<\/div>\n\t\t<\/div><div class=\"elementor-element elementor-element-4f55d2d e-container--column e-container\" data-id=\"4f55d2d\" data-element_type=\"container\">\t\t\t\t<div class=\"elementor-element elementor-element-ea5bbff elementor-widget elementor-widget-heading\" data-id=\"ea5bbff\" data-element_type=\"widget\" data-widget_type=\"heading.default\">\n\t\t\t\t<div class=\"elementor-widget-container\">\n\t\t\t<h2 class=\"elementor-heading-title elementor-size-default\">Mecanismos de atenci\u00f3n y protecci\u00f3n contra las violencias hacia las Mujeres<\/h2>\t\t<\/div>\n\t\t\t\t<\/div>\n\t\t<\/div><div class=\"elementor-element elementor-element-6488574 e-container--column e-container\" data-id=\"6488574\" data-element_type=\"container\">\t\t\t\t<div class=\"elementor-element elementor-element-38c6c31 elementor-widget elementor-widget-spacer\" data-id=\"38c6c31\" data-element_type=\"widget\" data-widget_type=\"spacer.default\">\n\t\t\t\t<div class=\"elementor-widget-container\">\n\t\t\t\t\t<div class=\"elementor-spacer\">\n\t\t\t<div class=\"elementor-spacer-inner\"><\/div>\n\t\t<\/div>\n\t\t\t\t<\/div>\n\t\t\t\t<\/div>\n\t\t<\/div><div class=\"elementor-element elementor-element-a665fbb e-container--column e-container\" data-id=\"a665fbb\" data-element_type=\"container\">\t\t\t\t<div class=\"elementor-element elementor-element-493a70e elementor-widget elementor-widget-text-editor\" data-id=\"493a70e\" data-element_type=\"widget\" data-widget_type=\"text-editor.default\">\n\t\t\t\t<div class=\"elementor-widget-container\">\n\t\t\t\t\t\t\t\t<div class=\"elementor-text-editor elementor-clearfix\">\n\t\t\t\t<p>La Alcald\u00eda de Medell\u00edn, a trav\u00e9s de la Secretar\u00eda de las Mujeres, ofrece apoyo integral a mujeres en riesgo o sobrevivientes de violencias. Contamos con cinco mecanismos para su protecci\u00f3n, orientaci\u00f3n y acceso a la justicia.<\/p>\t\t\t\t\t<\/div>\n\t\t\t\t\t\t<\/div>\n\t\t\t\t<\/div>\n\t\t<\/div>\t\t<section class=\"elementor-section elementor-top-section elementor-element elementor-element-475ae6c elementor-section-boxed elementor-section-height-default elementor-section-height-default\" data-id=\"475ae6c\" data-element_type=\"section\">\n\t\t\t\t\t\t<div class=\"elementor-container elementor-column-gap-default\">\n\t\t\t\t\t\t\t<div class=\"elementor-row\">\n\t\t\t\t\t<div class=\"elementor-column elementor-col-100 elementor-top-column elementor-element elementor-element-c6c7500\" data-id=\"c6c7500\" data-element_type=\"column\">\n\t\t\t<div class=\"elementor-column-wrap elementor-element-populated\">\n\t\t\t\t\t\t\t<div class=\"elementor-widget-wrap\">\n\t\t\t\t\t\t<div class=\"elementor-element elementor-element-94f849d elementor-widget elementor-widget-heading\" data-id=\"94f849d\" data-element_type=\"widget\" data-widget_type=\"heading.default\">\n\t\t\t\t<div class=\"elementor-widget-container\">\n\t\t\t<h2 class=\"elementor-heading-title elementor-size-default\"><b>Atenci\u00f3n  <\/b> Psicol\u00f3gica y Jur\u00eddica en Territorios<\/h2>\t\t<\/div>\n\t\t\t\t<\/div>\n\t\t\t\t\t\t<\/div>\n\t\t\t\t\t<\/div>\n\t\t<\/div>\n\t\t\t\t\t\t\t\t<\/div>\n\t\t\t\t\t<\/div>\n\t\t<\/section>\n\t\t<div class=\"elementor-element elementor-element-c5702c9 e-container--row e-container\" data-id=\"c5702c9\" data-element_type=\"container\">\t\t<div class=\"elementor-element elementor-element-f6e4223 e-container--column e-container\" data-id=\"f6e4223\" data-element_type=\"container\">\t\t\t\t<div class=\"elementor-element elementor-element-e8f163f elementor-widget elementor-widget-text-editor\" data-id=\"e8f163f\" data-element_type=\"widget\" data-widget_type=\"text-editor.default\">\n\t\t\t\t<div class=\"elementor-widget-container\">\n\t\t\t\t\t\t\t\t<div class=\"elementor-text-editor elementor-clearfix\">\n\t\t\t\t<p>Si eres v\u00edctima de violencias, puedes acceder a nuestro equipo de profesionales que brinda orientaci\u00f3n psicol\u00f3gica y asesor\u00eda jur\u00eddica gratuita en distintos puntos de la ciudad.<\/p>\t\t\t\t\t<\/div>\n\t\t\t\t\t\t<\/div>\n\t\t\t\t<\/div>\n\t\t\t\t<div class=\"elementor-element elementor-element-2e1640c elementor-widget elementor-widget-text-editor\" data-id=\"2e1640c\" data-element_type=\"widget\" data-widget_type=\"text-editor.default\">\n\t\t\t\t<div class=\"elementor-widget-container\">\n\t\t\t\t\t\t\t\t<div class=\"elementor-text-editor elementor-clearfix\">\n\t\t\t\t<ul><li><strong>Tel\u00e9fonos:<\/strong> (604) 385 55 52 | 300 587 52 19 | 321 467 70 71<\/li><li><strong>WhatsApp:<\/strong> (+57) 300 474 05 30<\/li><li><strong>Correo:<\/strong>mujeres@medellin.gov.co<\/li><li><strong>Horario de atenci\u00f3n:<\/strong> Lunes a viernes de 8:00 a.m. a 5:00 p.m.<\/li><li><strong>Emergencias:<\/strong> Fuera de este horario, comun\u00edcate a la <strong>L\u00ednea 123 Agencia Mujer<\/strong>.<\/li><\/ul>\t\t\t\t\t<\/div>\n\t\t\t\t\t\t<\/div>\n\t\t\t\t<\/div>\n\t\t<\/div><div class=\"elementor-element elementor-element-9732882 e-container--column e-container\" data-id=\"9732882\" data-element_type=\"container\">\t\t\t\t<div class=\"elementor-element elementor-element-21820d7 elementor-widget elementor-widget-image\" data-id=\"21820d7\" data-element_type=\"widget\" data-widget_type=\"image.default\">\n\t\t\t\t<div class=\"elementor-widget-container\">\n\t\t\t\t\t\t\t\t<div class=\"elementor-image\">\n\t\t\t\t\t\t\t\t\t\t\t\t<img width=\"1024\" height=\"683\" src=\"https:\/\/www.medellin.gov.co\/es\/wp-content\/uploads\/2025\/04\/Imagen-APJ.jpg\" class=\"attachment-large size-large\" alt=\"Imagen APJ\" loading=\"lazy\" srcset=\"https:\/\/www.medellin.gov.co\/es\/wp-content\/uploads\/2025\/04\/Imagen-APJ.jpg 1024w, https:\/\/www.medellin.gov.co\/es\/wp-content\/uploads\/2025\/04\/Imagen-APJ-300x200.jpg 300w, https:\/\/www.medellin.gov.co\/es\/wp-content\/uploads\/2025\/04\/Imagen-APJ-150x100.jpg 150w, https:\/\/www.medellin.gov.co\/es\/wp-content\/uploads\/2025\/04\/Imagen-APJ-768x512.jpg 768w\" sizes=\"(max-width: 1024px) 100vw, 1024px\" \/>\t\t\t\t\t\t\t\t\t\t\t\t\t\t<\/div>\n\t\t\t\t\t\t<\/div>\n\t\t\t\t<\/div>\n\t\t<\/div><\/div>\t\t<section class=\"elementor-section elementor-top-section elementor-element elementor-element-90ef922 elementor-section-boxed elementor-section-height-default elementor-section-height-default\" data-id=\"90ef922\" data-element_type=\"section\">\n\t\t\t\t\t\t<div class=\"elementor-container elementor-column-gap-default\">\n\t\t\t\t\t\t\t<div class=\"elementor-row\">\n\t\t\t\t\t<div class=\"elementor-column elementor-col-100 elementor-top-column elementor-element elementor-element-3b1fab1\" data-id=\"3b1fab1\" data-element_type=\"column\">\n\t\t\t<div class=\"elementor-column-wrap elementor-element-populated\">\n\t\t\t\t\t\t\t<div class=\"elementor-widget-wrap\">\n\t\t\t\t\t\t<div class=\"elementor-element elementor-element-52848fe elementor-widget elementor-widget-heading\" data-id=\"52848fe\" data-element_type=\"widget\" data-widget_type=\"heading.default\">\n\t\t\t\t<div class=\"elementor-widget-container\">\n\t\t\t<h2 class=\"elementor-heading-title elementor-size-default\"><b>Defensa T\u00e9cnica<\/b> <\/h2>\t\t<\/div>\n\t\t\t\t<\/div>\n\t\t\t\t\t\t<\/div>\n\t\t\t\t\t<\/div>\n\t\t<\/div>\n\t\t\t\t\t\t\t\t<\/div>\n\t\t\t\t\t<\/div>\n\t\t<\/section>\n\t\t<div class=\"elementor-element elementor-element-21cd1dd e-container--row e-container\" data-id=\"21cd1dd\" data-element_type=\"container\">\t\t<div class=\"elementor-element elementor-element-0665ff2 e-container--column e-container\" data-id=\"0665ff2\" data-element_type=\"container\">\t\t\t\t<div class=\"elementor-element elementor-element-66f4389 elementor-widget elementor-widget-image\" data-id=\"66f4389\" data-element_type=\"widget\" data-widget_type=\"image.default\">\n\t\t\t\t<div class=\"elementor-widget-container\">\n\t\t\t\t\t\t\t\t<div class=\"elementor-image\">\n\t\t\t\t\t\t\t\t\t\t\t\t<img width=\"1024\" height=\"683\" src=\"https:\/\/www.medellin.gov.co\/es\/wp-content\/uploads\/2025\/04\/Imagen-Defensa-Tecnica.jpg\" class=\"attachment-large size-large\" alt=\"\u25cf WhatsApp: (+57) 312 6021141 | (+57) 312 263 37 46 \u25cf Correo: defensatecnica.mujeres@medellin.gov.co \u25cf Horario de atenci\u00f3n: Lunes a viernes de 8:00 a.m. a 5:00 p.m. \u25cf Emergencias: Fuera de este horario, comun\u00edcate a la L\u00ednea 123 Agencia Mujer.\" loading=\"lazy\" srcset=\"https:\/\/www.medellin.gov.co\/es\/wp-content\/uploads\/2025\/04\/Imagen-Defensa-Tecnica.jpg 1024w, https:\/\/www.medellin.gov.co\/es\/wp-content\/uploads\/2025\/04\/Imagen-Defensa-Tecnica-300x200.jpg 300w, https:\/\/www.medellin.gov.co\/es\/wp-content\/uploads\/2025\/04\/Imagen-Defensa-Tecnica-150x100.jpg 150w, https:\/\/www.medellin.gov.co\/es\/wp-content\/uploads\/2025\/04\/Imagen-Defensa-Tecnica-768x512.jpg 768w\" sizes=\"(max-width: 1024px) 100vw, 1024px\" \/>\t\t\t\t\t\t\t\t\t\t\t\t\t\t<\/div>\n\t\t\t\t\t\t<\/div>\n\t\t\t\t<\/div>\n\t\t<\/div><div class=\"elementor-element elementor-element-b4651a9 e-container--column e-container\" data-id=\"b4651a9\" data-element_type=\"container\">\t\t\t\t<div class=\"elementor-element elementor-element-4f091cc elementor-widget elementor-widget-text-editor\" data-id=\"4f091cc\" data-element_type=\"widget\" data-widget_type=\"text-editor.default\">\n\t\t\t\t<div class=\"elementor-widget-container\">\n\t\t\t\t\t\t\t\t<div class=\"elementor-text-editor elementor-clearfix\">\n\t\t\t\t<p>Si eres v\u00edctima o sobreviviente de violencias y necesitas representaci\u00f3n legal gratuita, te ofrecemos apoyo en tus procesos jur\u00eddicos para garantizar el acceso a la justicia.<\/p>\t\t\t\t\t<\/div>\n\t\t\t\t\t\t<\/div>\n\t\t\t\t<\/div>\n\t\t\t\t<div class=\"elementor-element elementor-element-9c147d4 elementor-widget elementor-widget-text-editor\" data-id=\"9c147d4\" data-element_type=\"widget\" data-widget_type=\"text-editor.default\">\n\t\t\t\t<div class=\"elementor-widget-container\">\n\t\t\t\t\t\t\t\t<div class=\"elementor-text-editor elementor-clearfix\">\n\t\t\t\t<ul><li><strong>WhatsApp:<\/strong>(+57) 312 6021141 | (+57) 312 263 37 46<\/li><li><strong>Correo:<\/strong>mujeres@medellin.gov.co<\/li><li><strong>Horario de atenci\u00f3n:<\/strong> Lunes a viernes de 8:00 a.m. a 5:00 p.m.<\/li><li><strong>Emergencias:<\/strong> Fuera de este horario, comun\u00edcate a la <strong>L\u00ednea 123 Agencia Mujer<\/strong>.<\/li><\/ul>\t\t\t\t\t<\/div>\n\t\t\t\t\t\t<\/div>\n\t\t\t\t<\/div>\n\t\t<\/div><\/div>\t\t<section class=\"elementor-section elementor-top-section elementor-element elementor-element-789dd8f elementor-section-boxed elementor-section-height-default elementor-section-height-default\" data-id=\"789dd8f\" data-element_type=\"section\">\n\t\t\t\t\t\t<div class=\"elementor-container elementor-column-gap-default\">\n\t\t\t\t\t\t\t<div class=\"elementor-row\">\n\t\t\t\t\t<div class=\"elementor-column elementor-col-100 elementor-top-column elementor-element elementor-element-0b7223a\" data-id=\"0b7223a\" data-element_type=\"column\">\n\t\t\t<div class=\"elementor-column-wrap elementor-element-populated\">\n\t\t\t\t\t\t\t<div class=\"elementor-widget-wrap\">\n\t\t\t\t\t\t<div class=\"elementor-element elementor-element-bbb07d5 elementor-widget elementor-widget-heading\" data-id=\"bbb07d5\" data-element_type=\"widget\" data-widget_type=\"heading.default\">\n\t\t\t\t<div class=\"elementor-widget-container\">\n\t\t\t<h2 class=\"elementor-heading-title elementor-size-default\"><b>Hogares de Acogida<\/b> <\/h2>\t\t<\/div>\n\t\t\t\t<\/div>\n\t\t\t\t\t\t<\/div>\n\t\t\t\t\t<\/div>\n\t\t<\/div>\n\t\t\t\t\t\t\t\t<\/div>\n\t\t\t\t\t<\/div>\n\t\t<\/section>\n\t\t<div class=\"elementor-element elementor-element-adcd935 e-container--row e-container\" data-id=\"adcd935\" data-element_type=\"container\">\t\t<div class=\"elementor-element elementor-element-a00a7e7 e-container--column e-container\" data-id=\"a00a7e7\" data-element_type=\"container\">\t\t\t\t<div class=\"elementor-element elementor-element-3e12783 elementor-widget elementor-widget-text-editor\" data-id=\"3e12783\" data-element_type=\"widget\" data-widget_type=\"text-editor.default\">\n\t\t\t\t<div class=\"elementor-widget-container\">\n\t\t\t\t\t\t\t\t<div class=\"elementor-text-editor elementor-clearfix\">\n\t\t\t\t<p>Si tu seguridad o integridad est\u00e1 en riesgo, contamos con espacios seguros y confidenciales donde puedes recibir protecci\u00f3n y acompa\u00f1amiento integral.<\/p>\t\t\t\t\t<\/div>\n\t\t\t\t\t\t<\/div>\n\t\t\t\t<\/div>\n\t\t\t\t<div class=\"elementor-element elementor-element-402b1e8 elementor-widget elementor-widget-text-editor\" data-id=\"402b1e8\" data-element_type=\"widget\" data-widget_type=\"text-editor.default\">\n\t\t\t\t<div class=\"elementor-widget-container\">\n\t\t\t\t\t\t\t\t<div class=\"elementor-text-editor elementor-clearfix\">\n\t\t\t\t<ul><li><strong>Tel\u00e9fonos:<\/strong> 321 850 79 05 | 310 375 38 25<\/li><li><strong>Correo:<\/strong> hogaresdeacogida@medellin.gov.co<\/li><li><strong>Horario de atenci\u00f3n:<\/strong> Lunes a viernes de 8:00 a.m. a 5:00 p.m.<\/li><li><strong>Emergencias:<\/strong> Fuera de este horario, comun\u00edcate a la <strong>L\u00ednea 123 Agencia Mujer<\/strong>.<\/li><\/ul>\t\t\t\t\t<\/div>\n\t\t\t\t\t\t<\/div>\n\t\t\t\t<\/div>\n\t\t<\/div><div class=\"elementor-element elementor-element-05bbaf8 e-container--column e-container\" data-id=\"05bbaf8\" data-element_type=\"container\">\t\t\t\t<div class=\"elementor-element elementor-element-11f73e2 elementor-widget elementor-widget-image\" data-id=\"11f73e2\" data-element_type=\"widget\" data-widget_type=\"image.default\">\n\t\t\t\t<div class=\"elementor-widget-container\">\n\t\t\t\t\t\t\t\t<div class=\"elementor-image\">\n\t\t\t\t\t\t\t\t\t\t\t\t<img width=\"1024\" height=\"683\" src=\"https:\/\/www.medellin.gov.co\/es\/wp-content\/uploads\/2025\/04\/Imagen-Hogares-de-Acogida.jpg\" class=\"attachment-large size-large\" alt=\"Imagen Hogares de Acogida\" loading=\"lazy\" srcset=\"https:\/\/www.medellin.gov.co\/es\/wp-content\/uploads\/2025\/04\/Imagen-Hogares-de-Acogida.jpg 1024w, https:\/\/www.medellin.gov.co\/es\/wp-content\/uploads\/2025\/04\/Imagen-Hogares-de-Acogida-300x200.jpg 300w, https:\/\/www.medellin.gov.co\/es\/wp-content\/uploads\/2025\/04\/Imagen-Hogares-de-Acogida-150x100.jpg 150w, https:\/\/www.medellin.gov.co\/es\/wp-content\/uploads\/2025\/04\/Imagen-Hogares-de-Acogida-768x512.jpg 768w\" sizes=\"(max-width: 1024px) 100vw, 1024px\" \/>\t\t\t\t\t\t\t\t\t\t\t\t\t\t<\/div>\n\t\t\t\t\t\t<\/div>\n\t\t\t\t<\/div>\n\t\t<\/div><\/div>\t\t<section class=\"elementor-section elementor-top-section elementor-element elementor-element-cd0fcb2 elementor-section-boxed elementor-section-height-default elementor-section-height-default\" data-id=\"cd0fcb2\" data-element_type=\"section\">\n\t\t\t\t\t\t<div class=\"elementor-container elementor-column-gap-default\">\n\t\t\t\t\t\t\t<div class=\"elementor-row\">\n\t\t\t\t\t<div class=\"elementor-column elementor-col-100 elementor-top-column elementor-element elementor-element-7373efe\" data-id=\"7373efe\" data-element_type=\"column\">\n\t\t\t<div class=\"elementor-column-wrap elementor-element-populated\">\n\t\t\t\t\t\t\t<div class=\"elementor-widget-wrap\">\n\t\t\t\t\t\t<div class=\"elementor-element elementor-element-6b52b42 elementor-widget elementor-widget-heading\" data-id=\"6b52b42\" data-element_type=\"widget\" data-widget_type=\"heading.default\">\n\t\t\t\t<div class=\"elementor-widget-container\">\n\t\t\t<h2 class=\"elementor-heading-title elementor-size-default\"><b>L\u00ednea 123 Agencia Mujer  <\/b> <\/h2>\t\t<\/div>\n\t\t\t\t<\/div>\n\t\t\t\t\t\t<\/div>\n\t\t\t\t\t<\/div>\n\t\t<\/div>\n\t\t\t\t\t\t\t\t<\/div>\n\t\t\t\t\t<\/div>\n\t\t<\/section>\n\t\t<div class=\"elementor-element elementor-element-981d6c1 e-container--row e-container\" data-id=\"981d6c1\" data-element_type=\"container\">\t\t<div class=\"elementor-element elementor-element-174a708 e-container--column e-container\" data-id=\"174a708\" data-element_type=\"container\">\t\t\t\t<div class=\"elementor-element elementor-element-99dfa3c elementor-widget elementor-widget-image\" data-id=\"99dfa3c\" data-element_type=\"widget\" data-widget_type=\"image.default\">\n\t\t\t\t<div class=\"elementor-widget-container\">\n\t\t\t\t\t\t\t\t<div class=\"elementor-image\">\n\t\t\t\t\t\t\t\t\t\t\t\t<img width=\"1024\" height=\"683\" src=\"https:\/\/www.medellin.gov.co\/es\/wp-content\/uploads\/2025\/04\/Imagen-LINEA-123.jpg\" class=\"attachment-large size-large\" alt=\"Imagen LINEA 123\" loading=\"lazy\" srcset=\"https:\/\/www.medellin.gov.co\/es\/wp-content\/uploads\/2025\/04\/Imagen-LINEA-123.jpg 1024w, https:\/\/www.medellin.gov.co\/es\/wp-content\/uploads\/2025\/04\/Imagen-LINEA-123-300x200.jpg 300w, https:\/\/www.medellin.gov.co\/es\/wp-content\/uploads\/2025\/04\/Imagen-LINEA-123-150x100.jpg 150w, https:\/\/www.medellin.gov.co\/es\/wp-content\/uploads\/2025\/04\/Imagen-LINEA-123-768x512.jpg 768w\" sizes=\"(max-width: 1024px) 100vw, 1024px\" \/>\t\t\t\t\t\t\t\t\t\t\t\t\t\t<\/div>\n\t\t\t\t\t\t<\/div>\n\t\t\t\t<\/div>\n\t\t<\/div><div class=\"elementor-element elementor-element-360f758 e-container--column e-container\" data-id=\"360f758\" data-element_type=\"container\">\t\t\t\t<div class=\"elementor-element elementor-element-3fc5643 elementor-widget elementor-widget-text-editor\" data-id=\"3fc5643\" data-element_type=\"widget\" data-widget_type=\"text-editor.default\">\n\t\t\t\t<div class=\"elementor-widget-container\">\n\t\t\t\t\t\t\t\t<div class=\"elementor-text-editor elementor-clearfix\">\n\t\t\t\t<p>Un servicio de emergencia gratuito y disponible <strong>24\/7<\/strong> para brindar orientaci\u00f3n inmediata a mujeres en situaciones de violencia.<\/p>\t\t\t\t\t<\/div>\n\t\t\t\t\t\t<\/div>\n\t\t\t\t<\/div>\n\t\t\t\t<div class=\"elementor-element elementor-element-89a9822 elementor-widget elementor-widget-text-editor\" data-id=\"89a9822\" data-element_type=\"widget\" data-widget_type=\"text-editor.default\">\n\t\t\t\t<div class=\"elementor-widget-container\">\n\t\t\t\t\t\t\t\t<div class=\"elementor-text-editor elementor-clearfix\">\n\t\t\t\t<ul><li><strong>Tel\u00e9fono:<\/strong> 123 (Pregunta por la Agencia Mujer)<\/li><\/ul>\t\t\t\t\t<\/div>\n\t\t\t\t\t\t<\/div>\n\t\t\t\t<\/div>\n\t\t<\/div><\/div>\t\t<section class=\"elementor-section elementor-top-section elementor-element elementor-element-40be8db elementor-section-boxed elementor-section-height-default elementor-section-height-default\" data-id=\"40be8db\" data-element_type=\"section\">\n\t\t\t\t\t\t<div class=\"elementor-container elementor-column-gap-default\">\n\t\t\t\t\t\t\t<div class=\"elementor-row\">\n\t\t\t\t\t<div class=\"elementor-column elementor-col-100 elementor-top-column elementor-element elementor-element-578f792\" data-id=\"578f792\" data-element_type=\"column\">\n\t\t\t<div class=\"elementor-column-wrap elementor-element-populated\">\n\t\t\t\t\t\t\t<div class=\"elementor-widget-wrap\">\n\t\t\t\t\t\t<div class=\"elementor-element elementor-element-b475c8c elementor-widget elementor-widget-heading\" data-id=\"b475c8c\" data-element_type=\"widget\" data-widget_type=\"heading.default\">\n\t\t\t\t<div class=\"elementor-widget-container\">\n\t\t\t<h2 class=\"elementor-heading-title elementor-size-default\"><b>Medidas de atenci\u00f3n<\/b> <\/h2>\t\t<\/div>\n\t\t\t\t<\/div>\n\t\t\t\t\t\t<\/div>\n\t\t\t\t\t<\/div>\n\t\t<\/div>\n\t\t\t\t\t\t\t\t<\/div>\n\t\t\t\t\t<\/div>\n\t\t<\/section>\n\t\t<div class=\"elementor-element elementor-element-c72f0e9 e-container--row e-container\" data-id=\"c72f0e9\" data-element_type=\"container\">\t\t<div class=\"elementor-element elementor-element-3381017 e-container--column e-container\" data-id=\"3381017\" data-element_type=\"container\">\t\t\t\t<div class=\"elementor-element elementor-element-a51e8d7 elementor-widget elementor-widget-text-editor\" data-id=\"a51e8d7\" data-element_type=\"widget\" data-widget_type=\"text-editor.default\">\n\t\t\t\t<div class=\"elementor-widget-container\">\n\t\t\t\t\t\t\t\t<div class=\"elementor-text-editor elementor-clearfix\">\n\t\t\t\t<p>Este mecanismo est\u00e1 dise\u00f1ado para apoyar a mujeres en situaci\u00f3n de riesgo. Este mecanismo permite dos tipos de ayuda:<\/p>\t\t\t\t\t<\/div>\n\t\t\t\t\t\t<\/div>\n\t\t\t\t<\/div>\n\t\t\t\t<div class=\"elementor-element elementor-element-3b44242 elementor-widget elementor-widget-text-editor\" data-id=\"3b44242\" data-element_type=\"widget\" data-widget_type=\"text-editor.default\">\n\t\t\t\t<div class=\"elementor-widget-container\">\n\t\t\t\t\t\t\t\t<div class=\"elementor-text-editor elementor-clearfix\">\n\t\t\t\t<ol><li><strong>Subsidio Monetario<\/strong>: Un apoyo econ\u00f3mico equivalente a un salario m\u00ednimo mensual, otorgado hasta por seis meses (prorrogable otros seis), para mujeres que necesitan salir de su hogar y encontrar una soluci\u00f3n independiente.<\/li><li><strong>Hospedaje en Hotel<\/strong>: Un espacio seguro en hoteles para la mujer y su c\u00edrculo familiar, con alojamiento cubierto hasta por seis meses (tambi\u00e9n prorrogable).<\/li><\/ol><p><strong>Tel\u00e9fonos:<\/strong><\/p><p><strong>Administrativo:<\/strong> 3102378921<br \/><strong>Psicosocial:<\/strong> 3102378923<\/p><p><strong>Correo:<\/strong> cmedidasdeatencion.med@gmail.com<\/p>\t\t\t\t\t<\/div>\n\t\t\t\t\t\t<\/div>\n\t\t\t\t<\/div>\n\t\t<\/div><div class=\"elementor-element elementor-element-97ff975 e-container--column e-container\" data-id=\"97ff975\" data-element_type=\"container\">\t\t\t\t<div class=\"elementor-element elementor-element-39924de elementor-widget elementor-widget-image\" data-id=\"39924de\" data-element_type=\"widget\" data-widget_type=\"image.default\">\n\t\t\t\t<div class=\"elementor-widget-container\">\n\t\t\t\t\t\t\t\t<div class=\"elementor-image\">\n\t\t\t\t\t\t\t\t\t\t\t\t<img width=\"1024\" height=\"576\" src=\"https:\/\/www.medellin.gov.co\/es\/wp-content\/uploads\/2025\/04\/Imagen-Medidas-de-atencion.jpg\" class=\"attachment-large size-large\" alt=\"Imagen Medidas de atenci\u00f3n\" loading=\"lazy\" srcset=\"https:\/\/www.medellin.gov.co\/es\/wp-content\/uploads\/2025\/04\/Imagen-Medidas-de-atencion.jpg 1024w, https:\/\/www.medellin.gov.co\/es\/wp-content\/uploads\/2025\/04\/Imagen-Medidas-de-atencion-300x169.jpg 300w, https:\/\/www.medellin.gov.co\/es\/wp-content\/uploads\/2025\/04\/Imagen-Medidas-de-atencion-150x84.jpg 150w, https:\/\/www.medellin.gov.co\/es\/wp-content\/uploads\/2025\/04\/Imagen-Medidas-de-atencion-768x432.jpg 768w\" sizes=\"(max-width: 1024px) 100vw, 1024px\" \/>\t\t\t\t\t\t\t\t\t\t\t\t\t\t<\/div>\n\t\t\t\t\t\t<\/div>\n\t\t\t\t<\/div>\n\t\t<\/div><\/div>\t\t<section class=\"elementor-section elementor-top-section elementor-element elementor-element-2da68fa elementor-section-boxed elementor-section-height-default elementor-section-height-default\" data-id=\"2da68fa\" data-element_type=\"section\">\n\t\t\t\t\t\t<div class=\"elementor-container elementor-column-gap-default\">\n\t\t\t\t\t\t\t<div class=\"elementor-row\">\n\t\t\t\t\t<div class=\"elementor-column elementor-col-100 elementor-top-column elementor-element elementor-element-44abdfb\" data-id=\"44abdfb\" data-element_type=\"column\">\n\t\t\t<div class=\"elementor-column-wrap elementor-element-populated\">\n\t\t\t\t\t\t\t<div class=\"elementor-widget-wrap\">\n\t\t\t\t\t\t<div class=\"elementor-element elementor-element-a36dc36 elementor-widget elementor-widget-heading\" data-id=\"a36dc36\" data-element_type=\"widget\" data-widget_type=\"heading.default\">\n\t\t\t\t<div class=\"elementor-widget-container\">\n\t\t\t<h2 class=\"elementor-heading-title elementor-size-default\"><b>Preguntas Frecuentes<\/b> <\/h2>\t\t<\/div>\n\t\t\t\t<\/div>\n\t\t\t\t\t\t<\/div>\n\t\t\t\t\t<\/div>\n\t\t<\/div>\n\t\t\t\t\t\t\t\t<\/div>\n\t\t\t\t\t<\/div>\n\t\t<\/section>\n\t\t<div class=\"elementor-element elementor-element-ab5f0f5 e-container--column e-container\" data-id=\"ab5f0f5\" data-element_type=\"container\">\t\t\t\t<div class=\"elementor-element elementor-element-4a5fbe7 elementor-widget elementor-widget-text-editor\" data-id=\"4a5fbe7\" data-element_type=\"widget\" data-widget_type=\"text-editor.default\">\n\t\t\t\t<div class=\"elementor-widget-container\">\n\t\t\t\t\t\t\t\t<div class=\"elementor-text-editor elementor-clearfix\">\n\t\t\t\t<h3><strong>\u00bfQu\u00e9 debo hacer si conozco a una mujer que es v\u00edctima de violencia?<\/strong><\/h3><ul><li>Acomp\u00e1\u00f1ala sin juzgarla y br\u00edndale informaci\u00f3n sobre nuestros mecanismos de atenci\u00f3n.<\/li><li>Puede comunicarse con nuestros servicios para recibir ayuda profesional.<\/li><\/ul><h3><strong>\u00bfLos servicios tienen alg\u00fan costo?<\/strong><\/h3><p><strong>No.<\/strong> Todos nuestros mecanismos de atenci\u00f3n y protecci\u00f3n son completamente gratuitos para mujeres v\u00edctimas de violencias.<\/p><h3><strong>\u00bfPuedo recibir atenci\u00f3n en cualquier parte de Medell\u00edn?<\/strong><\/h3><p>S\u00ed, nuestros mecanismos est\u00e1n disponibles en todas las comunas y corregimientos de la ciudad.<\/p><h3><strong>\u00bfQu\u00e9 debo hacer si tengo una emergencia fuera del horario de atenci\u00f3n?<\/strong><\/h3><p>Llama a la <strong>L\u00ednea 123<\/strong> y pregunta por la <strong>Agencia Mujer<\/strong>. Este servicio est\u00e1 disponible <strong>las 24 horas del d\u00eda, todos los d\u00edas<\/strong>.<\/p>\t\t\t\t\t<\/div>\n\t\t\t\t\t\t<\/div>\n\t\t\t\t<\/div>\n\t\t<\/div>\t\t\t\t\t\t\t<\/div>\n\t\t\t<\/div>\n\t\t\t\t\t<\/div>\n\t\t","protected":false},"excerpt":{"rendered":"<p>Mecanismos de atenci\u00f3n y protecci\u00f3n contra las violencias hacia las Mujeres La Alcald\u00eda de Medell\u00edn, a trav\u00e9s de la Secretar\u00eda de las Mujeres, ofrece apoyo integral a mujeres en riesgo o sobrevivientes de violencias. Contamos &#8230;<\/p>\n","protected":false},"author":97,"featured_media":428442,"parent":8736,"menu_order":0,"comment_status":"closed","ping_status":"closed","template":"sec-mujeres\/elementor.php","meta":[],"acf":[],"_links":{"self":[{"href":"https:\/\/www.medellin.gov.co\/es\/wp-json\/wp\/v2\/pages\/401875"}],"collection":[{"href":"https:\/\/www.medellin.gov.co\/es\/wp-json\/wp\/v2\/pages"}],"about":[{"href":"https:\/\/www.medellin.gov.co\/es\/wp-json\/wp\/v2\/types\/page"}],"author":[{"embeddable":true,"href":"https:\/\/www.medellin.gov.co\/es\/wp-json\/wp\/v2\/users\/97"}],"replies":[{"embeddable":true,"href":"https:\/\/www.medellin.gov.co\/es\/wp-json\/wp\/v2\/comments?post=401875"}],"version-history":[{"count":8,"href":"https:\/\/www.medellin.gov.co\/es\/wp-json\/wp\/v2\/pages\/401875\/revisions"}],"predecessor-version":[{"id":401944,"href":"https:\/\/www.medellin.gov.co\/es\/wp-json\/wp\/v2\/pages\/401875\/revisions\/401944"}],"up":[{"embeddable":true,"href":"https:\/\/www.medellin.gov.co\/es\/wp-json\/wp\/v2\/pages\/8736"}],"wp:featuredmedia":[{"embeddable":true,"href":"https:\/\/www.medellin.gov.co\/es\/wp-json\/wp\/v2\/media\/428442"}],"wp:attachment":[{"href":"https:\/\/www.medellin.gov.co\/es\/wp-json\/wp\/v2\/media?parent=401875"}],"curies":[{"name":"wp","href":"https:\/\/api.w.org\/{rel}","templated":true}]}}