{"id":423982,"date":"2025-07-04T11:22:03","date_gmt":"2025-07-04T16:22:03","guid":{"rendered":"https:\/\/www.medellin.gov.co\/es\/?page_id=423982"},"modified":"2025-07-06T20:26:15","modified_gmt":"2025-07-07T01:26:15","slug":"memorias-xii-seminario-internacional-de-auditoria-interna-mas-alla-del-riesgo-estrategias-en-accion","status":"publish","type":"page","link":"https:\/\/www.medellin.gov.co\/es\/secretaria-de-evaluacion-y-control\/subsecretaria-de-asesoria-y-acompanamiento\/memorias-xii-seminario-internacional-de-auditoria-interna-mas-alla-del-riesgo-estrategias-en-accion\/","title":{"rendered":"Memorias XII Seminario Internacional de Auditor\u00eda Interna M\u00e1s all\u00e1 del riesgo \u00a1Estrategias en acci\u00f3n!"},"content":{"rendered":"\t\t<div data-elementor-type=\"wp-page\" data-elementor-id=\"423982\" class=\"elementor elementor-423982\">\n\t\t\t\t\t\t<div class=\"elementor-inner\">\n\t\t\t\t<div class=\"elementor-section-wrap\">\n\t\t\t\t\t\t\t<div class=\"elementor-element elementor-element-f0925cc e-container--column e-container\" data-id=\"f0925cc\" data-element_type=\"container\">\t\t\t\t<div class=\"elementor-element elementor-element-c9fdfa7 elementor-widget elementor-widget-heading\" data-id=\"c9fdfa7\" data-element_type=\"widget\" data-widget_type=\"heading.default\">\n\t\t\t\t<div class=\"elementor-widget-container\">\n\t\t\t<h1 class=\"elementor-heading-title elementor-size-large\">Memorias XII Seminario Internacional de Auditor\u00eda Interna:<br>M\u00e1s all\u00e1 del riesgo \u00a1Estrategias en acci\u00f3n!<\/h1>\t\t<\/div>\n\t\t\t\t<\/div>\n\t\t<\/div><div class=\"elementor-element elementor-element-42fae34 e-container--column e-container\" data-id=\"42fae34\" data-element_type=\"container\">\t\t\t\t<div class=\"elementor-element elementor-element-e2fa93b elementor-widget-divider--view-line elementor-widget elementor-widget-divider\" data-id=\"e2fa93b\" data-element_type=\"widget\" data-widget_type=\"divider.default\">\n\t\t\t\t<div class=\"elementor-widget-container\">\n\t\t\t\t\t<div class=\"elementor-divider\">\n\t\t\t<span class=\"elementor-divider-separator\">\n\t\t\t\t\t\t<\/span>\n\t\t<\/div>\n\t\t\t\t<\/div>\n\t\t\t\t<\/div>\n\t\t<\/div><div class=\"elementor-element elementor-element-ca4d0fd e-container--column e-container\" data-id=\"ca4d0fd\" data-element_type=\"container\">\t\t\t\t<div class=\"elementor-element elementor-element-a4cbadb elementor-widget elementor-widget-image\" data-id=\"a4cbadb\" data-element_type=\"widget\" data-widget_type=\"image.default\">\n\t\t\t\t<div class=\"elementor-widget-container\">\n\t\t\t\t\t\t\t\t<div class=\"elementor-image\">\n\t\t\t\t\t\t\t\t\t\t\t\t<img width=\"1024\" height=\"161\" src=\"https:\/\/www.medellin.gov.co\/es\/wp-content\/uploads\/2025\/07\/Banner-superior-Memorias-Micrositio-1024x161.jpg\" class=\"attachment-large size-large\" alt=\"\" loading=\"lazy\" srcset=\"https:\/\/www.medellin.gov.co\/es\/wp-content\/uploads\/2025\/07\/Banner-superior-Memorias-Micrositio-1024x161.jpg 1024w, https:\/\/www.medellin.gov.co\/es\/wp-content\/uploads\/2025\/07\/Banner-superior-Memorias-Micrositio-300x47.jpg 300w, https:\/\/www.medellin.gov.co\/es\/wp-content\/uploads\/2025\/07\/Banner-superior-Memorias-Micrositio-150x24.jpg 150w, https:\/\/www.medellin.gov.co\/es\/wp-content\/uploads\/2025\/07\/Banner-superior-Memorias-Micrositio-768x121.jpg 768w, https:\/\/www.medellin.gov.co\/es\/wp-content\/uploads\/2025\/07\/Banner-superior-Memorias-Micrositio-1536x241.jpg 1536w, https:\/\/www.medellin.gov.co\/es\/wp-content\/uploads\/2025\/07\/Banner-superior-Memorias-Micrositio-2048x322.jpg 2048w\" sizes=\"(max-width: 1024px) 100vw, 1024px\" \/>\t\t\t\t\t\t\t\t\t\t\t\t\t\t<\/div>\n\t\t\t\t\t\t<\/div>\n\t\t\t\t<\/div>\n\t\t<\/div><div class=\"elementor-element elementor-element-541b0fc e-container--column e-container\" data-id=\"541b0fc\" data-element_type=\"container\">\t\t\t\t<div class=\"elementor-element elementor-element-0345885 elementor-widget elementor-widget-spacer\" data-id=\"0345885\" data-element_type=\"widget\" data-widget_type=\"spacer.default\">\n\t\t\t\t<div class=\"elementor-widget-container\">\n\t\t\t\t\t<div class=\"elementor-spacer\">\n\t\t\t<div class=\"elementor-spacer-inner\"><\/div>\n\t\t<\/div>\n\t\t\t\t<\/div>\n\t\t\t\t<\/div>\n\t\t\t\t<div class=\"elementor-element elementor-element-7dac516 elementor-widget elementor-widget-text-editor\" data-id=\"7dac516\" data-element_type=\"widget\" data-widget_type=\"text-editor.default\">\n\t\t\t\t<div class=\"elementor-widget-container\">\n\t\t\t\t\t\t\t\t<div class=\"elementor-text-editor elementor-clearfix\">\n\t\t\t\t<p>La Secretar\u00eda de Evaluaci\u00f3n y Control realiza anualmente el Seminario Internacional de Auditor\u00eda Interna, <strong>con el prop\u00f3sito de visibilizar las tendencias globales en buenas pr\u00e1cticas del ejercicio auditor.<\/strong> Este espacio acad\u00e9mico promueve la articulaci\u00f3n interinstitucional y la construcci\u00f3n colectiva de conocimiento, y est\u00e1 dirigido a jefes de control interno o auditor\u00eda interna, as\u00ed como a sus equipos de trabajo, de entidades p\u00fablicas del orden territorial y nacional.<\/p><p>En su duod\u00e9cima (XII) versi\u00f3n, el seminario llev\u00f3 por t\u00edtulo <strong>\u201cM\u00e1s all\u00e1 del riesgo \u00a1Estrategias en acci\u00f3n!\u201d<\/strong> y cont\u00f3 con la participaci\u00f3n de expertos, provenientes de Argentina, Chile, Estados Unidos y Colombia. Durante la jornada se abordaron nuevas perspectivas para enfrentar los riesgos en un entorno global cada vez m\u00e1s complejo, caracterizado por conflictos e impactos significativos en lo econ\u00f3mico, social, cultural y ambiental. <strong>Este contexto exige a la auditor\u00eda interna superar enfoques tradicionales y adoptar estrategias innovadoras para el fortalecimiento del control institucional.<\/strong><\/p>\t\t\t\t\t<\/div>\n\t\t\t\t\t\t<\/div>\n\t\t\t\t<\/div>\n\t\t<\/div><div class=\"elementor-element elementor-element-42ce24a e-container--column e-container\" data-id=\"42ce24a\" data-element_type=\"container\">\t\t\t\t<div class=\"elementor-element elementor-element-66fc1b4 elementor-widget-divider--view-line elementor-widget elementor-widget-divider\" data-id=\"66fc1b4\" data-element_type=\"widget\" data-widget_type=\"divider.default\">\n\t\t\t\t<div class=\"elementor-widget-container\">\n\t\t\t\t\t<div class=\"elementor-divider\">\n\t\t\t<span class=\"elementor-divider-separator\">\n\t\t\t\t\t\t<\/span>\n\t\t<\/div>\n\t\t\t\t<\/div>\n\t\t\t\t<\/div>\n\t\t<\/div><div class=\"elementor-element elementor-element-46daa9f e-container--column e-container\" data-id=\"46daa9f\" data-element_type=\"container\">\t\t\t\t<div class=\"elementor-element elementor-element-8e96478 elementor-widget elementor-widget-heading\" data-id=\"8e96478\" data-element_type=\"widget\" data-widget_type=\"heading.default\">\n\t\t\t\t<div class=\"elementor-widget-container\">\n\t\t\t<h1 class=\"elementor-heading-title elementor-size-medium\">Descargar presentaci\u00f3n de ponentes invitados<\/h1>\t\t<\/div>\n\t\t\t\t<\/div>\n\t\t<\/div><div class=\"elementor-element elementor-element-0f97cda e-container--row e-container\" data-id=\"0f97cda\" data-element_type=\"container\">\t\t\t\t<div class=\"elementor-element elementor-element-6a80b91 elementor-widget elementor-widget-image\" data-id=\"6a80b91\" data-element_type=\"widget\" data-widget_type=\"image.default\">\n\t\t\t\t<div class=\"elementor-widget-container\">\n\t\t\t\t\t\t\t\t<div class=\"elementor-image\">\n\t\t\t\t\t\t\t\t\t\t\t\t\t<a href=\"https:\/\/www.medellin.gov.co\/es\/wp-content\/uploads\/2025\/07\/Ponente-Alan-Kato-Estrategia-de-la-auditoria-interna.pdf\">\n\t\t\t\t\t\t\t<img width=\"768\" height=\"421\" src=\"https:\/\/www.medellin.gov.co\/es\/wp-content\/uploads\/2025\/07\/Alan-Auditor-768x421.jpg\" class=\"attachment-medium_large size-medium_large\" alt=\"\" loading=\"lazy\" srcset=\"https:\/\/www.medellin.gov.co\/es\/wp-content\/uploads\/2025\/07\/Alan-Auditor-768x421.jpg 768w, https:\/\/www.medellin.gov.co\/es\/wp-content\/uploads\/2025\/07\/Alan-Auditor-300x164.jpg 300w, https:\/\/www.medellin.gov.co\/es\/wp-content\/uploads\/2025\/07\/Alan-Auditor-1024x561.jpg 1024w, https:\/\/www.medellin.gov.co\/es\/wp-content\/uploads\/2025\/07\/Alan-Auditor-150x82.jpg 150w, https:\/\/www.medellin.gov.co\/es\/wp-content\/uploads\/2025\/07\/Alan-Auditor.jpg 1426w\" sizes=\"(max-width: 768px) 100vw, 768px\" \/>\t\t\t\t\t\t\t\t<\/a>\n\t\t\t\t\t\t\t\t\t\t\t\t\t\t<\/div>\n\t\t\t\t\t\t<\/div>\n\t\t\t\t<\/div>\n\t\t\t\t<div class=\"elementor-element elementor-element-82ec30d elementor-widget elementor-widget-image\" data-id=\"82ec30d\" data-element_type=\"widget\" data-widget_type=\"image.default\">\n\t\t\t\t<div class=\"elementor-widget-container\">\n\t\t\t\t\t\t\t\t<div class=\"elementor-image\">\n\t\t\t\t\t\t\t\t\t\t\t\t\t<a href=\"https:\/\/www.medellin.gov.co\/es\/wp-content\/uploads\/2025\/07\/Ponente-Mario-Ernst-La-transformacion-digital-de-la-auditoria-interna-1.pdf\">\n\t\t\t\t\t\t\t<img width=\"768\" height=\"421\" src=\"https:\/\/www.medellin.gov.co\/es\/wp-content\/uploads\/2025\/07\/Mario-Chile-768x421.jpg\" class=\"attachment-medium_large size-medium_large\" alt=\"\" loading=\"lazy\" srcset=\"https:\/\/www.medellin.gov.co\/es\/wp-content\/uploads\/2025\/07\/Mario-Chile-768x421.jpg 768w, https:\/\/www.medellin.gov.co\/es\/wp-content\/uploads\/2025\/07\/Mario-Chile-300x164.jpg 300w, https:\/\/www.medellin.gov.co\/es\/wp-content\/uploads\/2025\/07\/Mario-Chile-1024x561.jpg 1024w, https:\/\/www.medellin.gov.co\/es\/wp-content\/uploads\/2025\/07\/Mario-Chile-150x82.jpg 150w, https:\/\/www.medellin.gov.co\/es\/wp-content\/uploads\/2025\/07\/Mario-Chile.jpg 1426w\" sizes=\"(max-width: 768px) 100vw, 768px\" \/>\t\t\t\t\t\t\t\t<\/a>\n\t\t\t\t\t\t\t\t\t\t\t\t\t\t<\/div>\n\t\t\t\t\t\t<\/div>\n\t\t\t\t<\/div>\n\t\t\t\t<div class=\"elementor-element elementor-element-b5a1cef elementor-widget elementor-widget-image\" data-id=\"b5a1cef\" data-element_type=\"widget\" data-widget_type=\"image.default\">\n\t\t\t\t<div class=\"elementor-widget-container\">\n\t\t\t\t\t\t\t\t<div class=\"elementor-image\">\n\t\t\t\t\t\t\t\t\t\t\t\t\t<a href=\"https:\/\/www.medellin.gov.co\/es\/wp-content\/uploads\/2025\/07\/Ponente-Isabel-Giraldo-Gestion-estrategica-de-la-auditoria-interna-en-lo-publico-1.pdf\">\n\t\t\t\t\t\t\t<img width=\"768\" height=\"421\" src=\"https:\/\/www.medellin.gov.co\/es\/wp-content\/uploads\/2025\/07\/Isabel-Epm-768x421.jpg\" class=\"attachment-medium_large size-medium_large\" alt=\"\" loading=\"lazy\" srcset=\"https:\/\/www.medellin.gov.co\/es\/wp-content\/uploads\/2025\/07\/Isabel-Epm-768x421.jpg 768w, https:\/\/www.medellin.gov.co\/es\/wp-content\/uploads\/2025\/07\/Isabel-Epm-300x164.jpg 300w, https:\/\/www.medellin.gov.co\/es\/wp-content\/uploads\/2025\/07\/Isabel-Epm-1024x561.jpg 1024w, https:\/\/www.medellin.gov.co\/es\/wp-content\/uploads\/2025\/07\/Isabel-Epm-150x82.jpg 150w, https:\/\/www.medellin.gov.co\/es\/wp-content\/uploads\/2025\/07\/Isabel-Epm.jpg 1426w\" sizes=\"(max-width: 768px) 100vw, 768px\" \/>\t\t\t\t\t\t\t\t<\/a>\n\t\t\t\t\t\t\t\t\t\t\t\t\t\t<\/div>\n\t\t\t\t\t\t<\/div>\n\t\t\t\t<\/div>\n\t\t<\/div><div class=\"elementor-element elementor-element-3b6f030 e-container--row e-container\" data-id=\"3b6f030\" data-element_type=\"container\">\t\t\t\t<div class=\"elementor-element elementor-element-b2c2f80 elementor-widget elementor-widget-image\" data-id=\"b2c2f80\" data-element_type=\"widget\" data-widget_type=\"image.default\">\n\t\t\t\t<div class=\"elementor-widget-container\">\n\t\t\t\t\t\t\t\t<div class=\"elementor-image\">\n\t\t\t\t\t\t\t\t\t\t\t\t\t<a href=\"https:\/\/www.medellin.gov.co\/es\/wp-content\/uploads\/2025\/07\/Ponente-Nicolas-Jerkovic-Desafios-de-la-auditoria-interna-en-la-gestion-de-riesgos-ambientales-ESG-1.pdf\">\n\t\t\t\t\t\t\t<img width=\"768\" height=\"421\" src=\"https:\/\/www.medellin.gov.co\/es\/wp-content\/uploads\/2025\/07\/Nicolas-Jerkovic-1-768x421.jpg\" class=\"attachment-medium_large size-medium_large\" alt=\"\" loading=\"lazy\" srcset=\"https:\/\/www.medellin.gov.co\/es\/wp-content\/uploads\/2025\/07\/Nicolas-Jerkovic-1-768x421.jpg 768w, https:\/\/www.medellin.gov.co\/es\/wp-content\/uploads\/2025\/07\/Nicolas-Jerkovic-1-300x164.jpg 300w, https:\/\/www.medellin.gov.co\/es\/wp-content\/uploads\/2025\/07\/Nicolas-Jerkovic-1-1024x561.jpg 1024w, https:\/\/www.medellin.gov.co\/es\/wp-content\/uploads\/2025\/07\/Nicolas-Jerkovic-1-150x82.jpg 150w, https:\/\/www.medellin.gov.co\/es\/wp-content\/uploads\/2025\/07\/Nicolas-Jerkovic-1.jpg 1426w\" sizes=\"(max-width: 768px) 100vw, 768px\" \/>\t\t\t\t\t\t\t\t<\/a>\n\t\t\t\t\t\t\t\t\t\t\t\t\t\t<\/div>\n\t\t\t\t\t\t<\/div>\n\t\t\t\t<\/div>\n\t\t\t\t<div class=\"elementor-element elementor-element-7983d7e elementor-widget elementor-widget-image\" data-id=\"7983d7e\" data-element_type=\"widget\" data-widget_type=\"image.default\">\n\t\t\t\t<div class=\"elementor-widget-container\">\n\t\t\t\t\t\t\t\t<div class=\"elementor-image\">\n\t\t\t\t\t\t\t\t\t\t\t\t\t<a href=\"https:\/\/www.medellin.gov.co\/es\/wp-content\/uploads\/2025\/07\/Ponente-Alex-Gacheche-IA-El-arte-de-lo-posible-3.pdf\">\n\t\t\t\t\t\t\t<img width=\"768\" height=\"421\" src=\"https:\/\/www.medellin.gov.co\/es\/wp-content\/uploads\/2025\/07\/Alexander-Gacheche-768x421.jpg\" class=\"attachment-medium_large size-medium_large\" alt=\"\" loading=\"lazy\" srcset=\"https:\/\/www.medellin.gov.co\/es\/wp-content\/uploads\/2025\/07\/Alexander-Gacheche-768x421.jpg 768w, https:\/\/www.medellin.gov.co\/es\/wp-content\/uploads\/2025\/07\/Alexander-Gacheche-300x164.jpg 300w, https:\/\/www.medellin.gov.co\/es\/wp-content\/uploads\/2025\/07\/Alexander-Gacheche-1024x561.jpg 1024w, https:\/\/www.medellin.gov.co\/es\/wp-content\/uploads\/2025\/07\/Alexander-Gacheche-150x82.jpg 150w, https:\/\/www.medellin.gov.co\/es\/wp-content\/uploads\/2025\/07\/Alexander-Gacheche.jpg 1426w\" sizes=\"(max-width: 768px) 100vw, 768px\" \/>\t\t\t\t\t\t\t\t<\/a>\n\t\t\t\t\t\t\t\t\t\t\t\t\t\t<\/div>\n\t\t\t\t\t\t<\/div>\n\t\t\t\t<\/div>\n\t\t\t\t<div class=\"elementor-element elementor-element-0963438 elementor-widget elementor-widget-image\" data-id=\"0963438\" data-element_type=\"widget\" data-widget_type=\"image.default\">\n\t\t\t\t<div class=\"elementor-widget-container\">\n\t\t\t\t\t\t\t\t<div class=\"elementor-image\">\n\t\t\t\t\t\t\t\t\t\t\t\t\t<a href=\"https:\/\/www.medellin.gov.co\/es\/wp-content\/uploads\/2025\/07\/Ponente-Jorge-Badillo-Sistema-de-alertas-para-la-deteccion-de-riesgos-de-fraude-1.pdf\">\n\t\t\t\t\t\t\t<img width=\"768\" height=\"421\" src=\"https:\/\/www.medellin.gov.co\/es\/wp-content\/uploads\/2025\/07\/jorge-Badillo-768x421.jpg\" class=\"attachment-medium_large size-medium_large\" alt=\"\" loading=\"lazy\" srcset=\"https:\/\/www.medellin.gov.co\/es\/wp-content\/uploads\/2025\/07\/jorge-Badillo-768x421.jpg 768w, https:\/\/www.medellin.gov.co\/es\/wp-content\/uploads\/2025\/07\/jorge-Badillo-300x164.jpg 300w, https:\/\/www.medellin.gov.co\/es\/wp-content\/uploads\/2025\/07\/jorge-Badillo-1024x561.jpg 1024w, https:\/\/www.medellin.gov.co\/es\/wp-content\/uploads\/2025\/07\/jorge-Badillo-150x82.jpg 150w, https:\/\/www.medellin.gov.co\/es\/wp-content\/uploads\/2025\/07\/jorge-Badillo.jpg 1426w\" sizes=\"(max-width: 768px) 100vw, 768px\" \/>\t\t\t\t\t\t\t\t<\/a>\n\t\t\t\t\t\t\t\t\t\t\t\t\t\t<\/div>\n\t\t\t\t\t\t<\/div>\n\t\t\t\t<\/div>\n\t\t<\/div><div class=\"elementor-element elementor-element-72f2551 e-container--column e-container\" data-id=\"72f2551\" data-element_type=\"container\">\t\t\t\t<div class=\"elementor-element elementor-element-7f35602 elementor-widget elementor-widget-spacer\" data-id=\"7f35602\" data-element_type=\"widget\" data-widget_type=\"spacer.default\">\n\t\t\t\t<div class=\"elementor-widget-container\">\n\t\t\t\t\t<div class=\"elementor-spacer\">\n\t\t\t<div class=\"elementor-spacer-inner\"><\/div>\n\t\t<\/div>\n\t\t\t\t<\/div>\n\t\t\t\t<\/div>\n\t\t\t\t<div class=\"elementor-element elementor-element-75185c4 elementor-widget elementor-widget-image\" data-id=\"75185c4\" data-element_type=\"widget\" data-widget_type=\"image.default\">\n\t\t\t\t<div class=\"elementor-widget-container\">\n\t\t\t\t\t\t\t\t<div class=\"elementor-image\">\n\t\t\t\t\t\t\t\t\t\t\t\t\t<a href=\"https:\/\/www.medellin.gov.co\/es\/wp-content\/uploads\/2025\/07\/Brochure2025.pdf\">\n\t\t\t\t\t\t\t<img width=\"1024\" height=\"36\" src=\"https:\/\/www.medellin.gov.co\/es\/wp-content\/uploads\/2025\/07\/Descargar-brochure-1024x36.jpg\" class=\"attachment-large size-large\" alt=\"\" loading=\"lazy\" srcset=\"https:\/\/www.medellin.gov.co\/es\/wp-content\/uploads\/2025\/07\/Descargar-brochure-1024x36.jpg 1024w, https:\/\/www.medellin.gov.co\/es\/wp-content\/uploads\/2025\/07\/Descargar-brochure-300x10.jpg 300w, https:\/\/www.medellin.gov.co\/es\/wp-content\/uploads\/2025\/07\/Descargar-brochure-150x5.jpg 150w, https:\/\/www.medellin.gov.co\/es\/wp-content\/uploads\/2025\/07\/Descargar-brochure-768x27.jpg 768w, https:\/\/www.medellin.gov.co\/es\/wp-content\/uploads\/2025\/07\/Descargar-brochure-1536x54.jpg 1536w, https:\/\/www.medellin.gov.co\/es\/wp-content\/uploads\/2025\/07\/Descargar-brochure-2048x71.jpg 2048w\" sizes=\"(max-width: 1024px) 100vw, 1024px\" \/>\t\t\t\t\t\t\t\t<\/a>\n\t\t\t\t\t\t\t\t\t\t\t\t\t\t<\/div>\n\t\t\t\t\t\t<\/div>\n\t\t\t\t<\/div>\n\t\t<\/div><div class=\"elementor-element elementor-element-1e2be4b e-container--column e-container\" data-id=\"1e2be4b\" data-element_type=\"container\">\t\t\t\t<div class=\"elementor-element elementor-element-146d352 elementor-widget elementor-widget-spacer\" data-id=\"146d352\" data-element_type=\"widget\" data-widget_type=\"spacer.default\">\n\t\t\t\t<div class=\"elementor-widget-container\">\n\t\t\t\t\t<div class=\"elementor-spacer\">\n\t\t\t<div class=\"elementor-spacer-inner\"><\/div>\n\t\t<\/div>\n\t\t\t\t<\/div>\n\t\t\t\t<\/div>\n\t\t<\/div><div class=\"elementor-element elementor-element-feee472 e-container--column e-container\" data-id=\"feee472\" data-element_type=\"container\">\t\t\t\t<div class=\"elementor-element elementor-element-64d7abd elementor-widget elementor-widget-spacer\" data-id=\"64d7abd\" data-element_type=\"widget\" data-widget_type=\"spacer.default\">\n\t\t\t\t<div class=\"elementor-widget-container\">\n\t\t\t\t\t<div class=\"elementor-spacer\">\n\t\t\t<div class=\"elementor-spacer-inner\"><\/div>\n\t\t<\/div>\n\t\t\t\t<\/div>\n\t\t\t\t<\/div>\n\t\t\t\t<div class=\"elementor-element elementor-element-f497f8d elementor-widget elementor-widget-heading\" data-id=\"f497f8d\" data-element_type=\"widget\" data-widget_type=\"heading.default\">\n\t\t\t\t<div class=\"elementor-widget-container\">\n\t\t\t<h1 class=\"elementor-heading-title elementor-size-medium\">Videos de ponencias<\/h1>\t\t<\/div>\n\t\t\t\t<\/div>\n\t\t<\/div><div class=\"elementor-element elementor-element-843c843 e-container--column e-container\" data-id=\"843c843\" data-element_type=\"container\">\t\t\t\t<div class=\"elementor-element elementor-element-be13488 elementor-widget-divider--view-line elementor-widget elementor-widget-divider\" data-id=\"be13488\" data-element_type=\"widget\" data-widget_type=\"divider.default\">\n\t\t\t\t<div class=\"elementor-widget-container\">\n\t\t\t\t\t<div class=\"elementor-divider\">\n\t\t\t<span class=\"elementor-divider-separator\">\n\t\t\t\t\t\t<\/span>\n\t\t<\/div>\n\t\t\t\t<\/div>\n\t\t\t\t<\/div>\n\t\t<\/div><div class=\"elementor-element elementor-element-a9d972b e-container--column e-container\" data-id=\"a9d972b\" data-element_type=\"container\">\t\t\t\t<div class=\"elementor-element elementor-element-16d5b53 e-tabs-view-vertical elementor-layout-right elementor-widget elementor-widget-video-playlist\" data-id=\"16d5b53\" data-element_type=\"widget\" data-settings=\"{&quot;playlist_title&quot;:&quot;Lista de reproducci\\u00f3n&quot;,&quot;tabs&quot;:[{&quot;title&quot;:&quot;Alan Kato&quot;,&quot;youtube_url&quot;:&quot;https:\\\/\\\/youtu.be\\\/-_erk09AJis&quot;,&quot;duration&quot;:&quot;0:16&quot;,&quot;thumbnail&quot;:{&quot;url&quot;:&quot;https:\\\/\\\/www.medellin.gov.co\\\/es\\\/wp-content\\\/uploads\\\/2025\\\/07\\\/Alan-Auditor.jpg&quot;,&quot;id&quot;:&quot;424912&quot;,&quot;alt&quot;:&quot;&quot;,&quot;source&quot;:&quot;library&quot;},&quot;_id&quot;:&quot;b85d48e&quot;,&quot;vimeo_url&quot;:null,&quot;type&quot;:&quot;youtube&quot;,&quot;is_external_url&quot;:null,&quot;hosted_url&quot;:null,&quot;external_url&quot;:null,&quot;inner_tab_is_content_visible&quot;:&quot;&quot;,&quot;inner_tab_content_1&quot;:null,&quot;inner_tab_content_2&quot;:null},{&quot;title&quot;:&quot;Mario Ernst&quot;,&quot;youtube_url&quot;:&quot;https:\\\/\\\/youtu.be\\\/ig7M3fXQaJo&quot;,&quot;duration&quot;:&quot;0:16&quot;,&quot;thumbnail&quot;:{&quot;url&quot;:&quot;https:\\\/\\\/www.medellin.gov.co\\\/es\\\/wp-content\\\/uploads\\\/2025\\\/07\\\/Mario-Chile.jpg&quot;,&quot;id&quot;:&quot;424913&quot;,&quot;alt&quot;:&quot;&quot;,&quot;source&quot;:&quot;library&quot;},&quot;vimeo_url&quot;:null,&quot;_id&quot;:&quot;7aaa928&quot;,&quot;type&quot;:&quot;youtube&quot;,&quot;is_external_url&quot;:null,&quot;hosted_url&quot;:null,&quot;external_url&quot;:null,&quot;inner_tab_is_content_visible&quot;:&quot;&quot;,&quot;inner_tab_content_1&quot;:null,&quot;inner_tab_content_2&quot;:null},{&quot;title&quot;:&quot;Isabel Giraldo&quot;,&quot;youtube_url&quot;:&quot;https:\\\/\\\/youtu.be\\\/UtfIJs0MEiI&quot;,&quot;duration&quot;:&quot;0:16&quot;,&quot;thumbnail&quot;:{&quot;url&quot;:&quot;https:\\\/\\\/www.medellin.gov.co\\\/es\\\/wp-content\\\/uploads\\\/2025\\\/07\\\/Isabel-Epm.jpg&quot;,&quot;id&quot;:&quot;424909&quot;,&quot;alt&quot;:&quot;&quot;,&quot;source&quot;:&quot;library&quot;},&quot;_id&quot;:&quot;a5445f8&quot;,&quot;vimeo_url&quot;:null,&quot;type&quot;:&quot;youtube&quot;,&quot;is_external_url&quot;:null,&quot;hosted_url&quot;:null,&quot;external_url&quot;:null,&quot;inner_tab_is_content_visible&quot;:&quot;&quot;,&quot;inner_tab_content_1&quot;:null,&quot;inner_tab_content_2&quot;:null},{&quot;title&quot;:&quot;Nicol\\u00e1s Jerkovic&quot;,&quot;youtube_url&quot;:&quot;https:\\\/\\\/youtu.be\\\/iKsaDYT2ZcQ&quot;,&quot;duration&quot;:&quot;0:16&quot;,&quot;thumbnail&quot;:{&quot;url&quot;:&quot;https:\\\/\\\/www.medellin.gov.co\\\/es\\\/wp-content\\\/uploads\\\/2025\\\/07\\\/Nicolas-Jerkovic-1.jpg&quot;,&quot;id&quot;:&quot;424886&quot;,&quot;alt&quot;:&quot;&quot;,&quot;source&quot;:&quot;library&quot;},&quot;vimeo_url&quot;:null,&quot;_id&quot;:&quot;a1e36ee&quot;,&quot;type&quot;:&quot;youtube&quot;,&quot;is_external_url&quot;:null,&quot;hosted_url&quot;:null,&quot;external_url&quot;:null,&quot;inner_tab_is_content_visible&quot;:&quot;&quot;,&quot;inner_tab_content_1&quot;:null,&quot;inner_tab_content_2&quot;:null},{&quot;title&quot;:&quot;Alex Gacheche&quot;,&quot;youtube_url&quot;:&quot;https:\\\/\\\/youtu.be\\\/KH6urJ6q6eU&quot;,&quot;duration&quot;:&quot;0:16&quot;,&quot;thumbnail&quot;:{&quot;url&quot;:&quot;https:\\\/\\\/www.medellin.gov.co\\\/es\\\/wp-content\\\/uploads\\\/2025\\\/07\\\/Alexander-Gacheche.jpg&quot;,&quot;id&quot;:&quot;424915&quot;,&quot;alt&quot;:&quot;&quot;,&quot;source&quot;:&quot;library&quot;},&quot;vimeo_url&quot;:null,&quot;_id&quot;:&quot;9d17147&quot;,&quot;type&quot;:&quot;youtube&quot;,&quot;is_external_url&quot;:null,&quot;hosted_url&quot;:null,&quot;external_url&quot;:null,&quot;inner_tab_is_content_visible&quot;:&quot;&quot;,&quot;inner_tab_content_1&quot;:null,&quot;inner_tab_content_2&quot;:null},{&quot;title&quot;:&quot;Jorge Badillo&quot;,&quot;youtube_url&quot;:&quot;https:\\\/\\\/youtu.be\\\/K0YcIFPahGc&quot;,&quot;duration&quot;:&quot;0:16&quot;,&quot;thumbnail&quot;:{&quot;url&quot;:&quot;https:\\\/\\\/www.medellin.gov.co\\\/es\\\/wp-content\\\/uploads\\\/2025\\\/07\\\/jorge-Badillo.jpg&quot;,&quot;id&quot;:&quot;424882&quot;,&quot;alt&quot;:&quot;&quot;,&quot;source&quot;:&quot;library&quot;},&quot;vimeo_url&quot;:null,&quot;_id&quot;:&quot;b802c88&quot;,&quot;type&quot;:&quot;youtube&quot;,&quot;is_external_url&quot;:null,&quot;hosted_url&quot;:null,&quot;external_url&quot;:null,&quot;inner_tab_is_content_visible&quot;:&quot;&quot;,&quot;inner_tab_content_1&quot;:null,&quot;inner_tab_content_2&quot;:null}],&quot;inner_tab_title_1&quot;:&quot;Pesta\\u00f1a 1&quot;,&quot;inner_tab_title_2&quot;:&quot;Pesta\\u00f1a 2&quot;}\" data-widget_type=\"video-playlist.default\">\n\t\t\t\t<div class=\"elementor-widget-container\">\n\t\t\t\n\t\t<div class=\"e-tabs\">\n\t\t\t<div class=\"e-tabs-main-area\">\n\t\t\t\t<div class=\"e-tabs-wrapper\">\n\t\t\t\t\t<div class=\"e-tabs-header\">\n\t\t\t\t\t\t\t\t\t\t\t\t<h2 class=\"e-tabs-title\">Lista de reproducci\u00f3n<\/h2>\n\t\t\t\t\t\t<div class=\"e-tabs-header-right-side\">\n\t\t\t\t\t\t\t\t\t\t\t\t\t\t\t<span class=\"e-tabs-videos-count\">6 V\u00eddeos<\/span>\n\t\t\t\t\t\t\t\t\t\t\t\t\t\t<i aria-hidden=\"true\" class=\"e-tabs-toggle-videos-display-button rotate-down eicon-caret-down\"><\/i>\t\t\t\t\t\t<\/div>\n\t\t\t\t\t<\/div>\n\t\t\t\t\t<div class=\"e-tabs-items-wrapper\">\n\t\t\t\t\t\t<div class=\"e-tabs-items\" role=\"tablist\">\n\t\t\t\t\t\t\t\t\t\t\t\t\t\t\t\t\t\t\t\t\t\t\t\t<div id=\"e-tab-title-2391\" class=\"e-tab-title e-tab-desktop-title\" aria-selected=\"true\" data-tab=\"1\" role=\"tab\" tabindex=\"0\" aria-controls=\"e-tab-content-2391\">\n\t\t\t\t\t\t\t\t\t\t\t\t\t\t\t\t\t\t\t\t\t<div class=\"e-tab-thumbnail\">\n\t\t\t\t\t\t\t\t\t\t\t\t\t\t\t\t\t\t\t\t\t\t\t\t\t<img src=\"https:\/\/www.medellin.gov.co\/es\/wp-content\/uploads\/2025\/07\/Alan-Auditor.jpg\" \/>\n\t\t\t\t\t\t\t\t\t\t\t\t\t\t\t\t\t\t\t\t\t\t\t\t<span class=\"icon-play\"><i aria-hidden=\"true\" class=\"fas fa-play-circle\"><\/i><\/span>\n\t\t\t\t\t\t\t\t\t\t\t\t<span class=\"icon-watched\"><i aria-hidden=\"true\" class=\"fas fa-check-circle\"><\/i><\/span>\n\t\t\t\t\t\t\t\t\t\t\t<\/div>\n\t\t\t\t\t\t\t\t\t\t\t\t\t\t\t\t\t\t\t\t<h4 class=\"e-tab-title-text\" title=\"Alan Kato\">\n\t\t\t\t\t\t\t\t\t\t\t<a href=\"\">\n\t\t\t\t\t\t\t\t\t\t\t\t\t\t\t\t\t\t\t\t\t\t\t\tAlan Kato\t\t\t\t\t\t\t\t\t\t\t<\/a>\n\t\t\t\t\t\t\t\t\t\t<\/h4>\n\t\t\t\t\t\t\t\t\t\t\t\t\t\t\t\t\t\t\t\t\t<span class=\"e-tab-duration\">0:16<\/span>\n\t\t\t\t\t\t\t\t\t\t\t\t\t\t\t\t\t\t\t<\/div>\n\t\t\t\t\t\t\t\t\t\t\t\t\t\t\t\t\t\t\t\t\t\t\t\t\t\t\t\t\t\t\t\t<div id=\"e-tab-title-2392\" class=\"e-tab-title e-tab-desktop-title\" aria-selected=\"false\" data-tab=\"2\" role=\"tab\" tabindex=\"-1\" aria-controls=\"e-tab-content-2392\">\n\t\t\t\t\t\t\t\t\t\t\t\t\t\t\t\t\t\t\t\t\t<div class=\"e-tab-thumbnail\">\n\t\t\t\t\t\t\t\t\t\t\t\t\t\t\t\t\t\t\t\t\t\t\t\t\t<img src=\"https:\/\/www.medellin.gov.co\/es\/wp-content\/uploads\/2025\/07\/Mario-Chile.jpg\" \/>\n\t\t\t\t\t\t\t\t\t\t\t\t\t\t\t\t\t\t\t\t\t\t\t\t<span class=\"icon-play\"><i aria-hidden=\"true\" class=\"fas fa-play-circle\"><\/i><\/span>\n\t\t\t\t\t\t\t\t\t\t\t\t<span class=\"icon-watched\"><i aria-hidden=\"true\" class=\"fas fa-check-circle\"><\/i><\/span>\n\t\t\t\t\t\t\t\t\t\t\t<\/div>\n\t\t\t\t\t\t\t\t\t\t\t\t\t\t\t\t\t\t\t\t<h4 class=\"e-tab-title-text\" title=\"Mario Ernst\">\n\t\t\t\t\t\t\t\t\t\t\t<a href=\"\">\n\t\t\t\t\t\t\t\t\t\t\t\t\t\t\t\t\t\t\t\t\t\t\t\tMario Ernst\t\t\t\t\t\t\t\t\t\t\t<\/a>\n\t\t\t\t\t\t\t\t\t\t<\/h4>\n\t\t\t\t\t\t\t\t\t\t\t\t\t\t\t\t\t\t\t\t\t<span class=\"e-tab-duration\">0:16<\/span>\n\t\t\t\t\t\t\t\t\t\t\t\t\t\t\t\t\t\t\t<\/div>\n\t\t\t\t\t\t\t\t\t\t\t\t\t\t\t\t\t\t\t\t\t\t\t\t\t\t\t\t\t\t\t\t<div id=\"e-tab-title-2393\" class=\"e-tab-title e-tab-desktop-title\" aria-selected=\"false\" data-tab=\"3\" role=\"tab\" tabindex=\"-1\" aria-controls=\"e-tab-content-2393\">\n\t\t\t\t\t\t\t\t\t\t\t\t\t\t\t\t\t\t\t\t\t<div class=\"e-tab-thumbnail\">\n\t\t\t\t\t\t\t\t\t\t\t\t\t\t\t\t\t\t\t\t\t\t\t\t\t<img src=\"https:\/\/www.medellin.gov.co\/es\/wp-content\/uploads\/2025\/07\/Isabel-Epm.jpg\" \/>\n\t\t\t\t\t\t\t\t\t\t\t\t\t\t\t\t\t\t\t\t\t\t\t\t<span class=\"icon-play\"><i aria-hidden=\"true\" class=\"fas fa-play-circle\"><\/i><\/span>\n\t\t\t\t\t\t\t\t\t\t\t\t<span class=\"icon-watched\"><i aria-hidden=\"true\" class=\"fas fa-check-circle\"><\/i><\/span>\n\t\t\t\t\t\t\t\t\t\t\t<\/div>\n\t\t\t\t\t\t\t\t\t\t\t\t\t\t\t\t\t\t\t\t<h4 class=\"e-tab-title-text\" title=\"Isabel Giraldo\">\n\t\t\t\t\t\t\t\t\t\t\t<a href=\"\">\n\t\t\t\t\t\t\t\t\t\t\t\t\t\t\t\t\t\t\t\t\t\t\t\tIsabel Giraldo\t\t\t\t\t\t\t\t\t\t\t<\/a>\n\t\t\t\t\t\t\t\t\t\t<\/h4>\n\t\t\t\t\t\t\t\t\t\t\t\t\t\t\t\t\t\t\t\t\t<span class=\"e-tab-duration\">0:16<\/span>\n\t\t\t\t\t\t\t\t\t\t\t\t\t\t\t\t\t\t\t<\/div>\n\t\t\t\t\t\t\t\t\t\t\t\t\t\t\t\t\t\t\t\t\t\t\t\t\t\t\t\t\t\t\t\t<div id=\"e-tab-title-2394\" class=\"e-tab-title e-tab-desktop-title\" aria-selected=\"false\" data-tab=\"4\" role=\"tab\" tabindex=\"-1\" aria-controls=\"e-tab-content-2394\">\n\t\t\t\t\t\t\t\t\t\t\t\t\t\t\t\t\t\t\t\t\t<div class=\"e-tab-thumbnail\">\n\t\t\t\t\t\t\t\t\t\t\t\t\t\t\t\t\t\t\t\t\t\t\t\t\t<img src=\"https:\/\/www.medellin.gov.co\/es\/wp-content\/uploads\/2025\/07\/Nicolas-Jerkovic-1.jpg\" \/>\n\t\t\t\t\t\t\t\t\t\t\t\t\t\t\t\t\t\t\t\t\t\t\t\t<span class=\"icon-play\"><i aria-hidden=\"true\" class=\"fas fa-play-circle\"><\/i><\/span>\n\t\t\t\t\t\t\t\t\t\t\t\t<span class=\"icon-watched\"><i aria-hidden=\"true\" class=\"fas fa-check-circle\"><\/i><\/span>\n\t\t\t\t\t\t\t\t\t\t\t<\/div>\n\t\t\t\t\t\t\t\t\t\t\t\t\t\t\t\t\t\t\t\t<h4 class=\"e-tab-title-text\" title=\"Nicol\u00e1s Jerkovic\">\n\t\t\t\t\t\t\t\t\t\t\t<a href=\"\">\n\t\t\t\t\t\t\t\t\t\t\t\t\t\t\t\t\t\t\t\t\t\t\t\tNicol\u00e1s Jerkovic\t\t\t\t\t\t\t\t\t\t\t<\/a>\n\t\t\t\t\t\t\t\t\t\t<\/h4>\n\t\t\t\t\t\t\t\t\t\t\t\t\t\t\t\t\t\t\t\t\t<span class=\"e-tab-duration\">0:16<\/span>\n\t\t\t\t\t\t\t\t\t\t\t\t\t\t\t\t\t\t\t<\/div>\n\t\t\t\t\t\t\t\t\t\t\t\t\t\t\t\t\t\t\t\t\t\t\t\t\t\t\t\t\t\t\t\t<div id=\"e-tab-title-2395\" class=\"e-tab-title e-tab-desktop-title\" aria-selected=\"false\" data-tab=\"5\" role=\"tab\" tabindex=\"-1\" aria-controls=\"e-tab-content-2395\">\n\t\t\t\t\t\t\t\t\t\t\t\t\t\t\t\t\t\t\t\t\t<div class=\"e-tab-thumbnail\">\n\t\t\t\t\t\t\t\t\t\t\t\t\t\t\t\t\t\t\t\t\t\t\t\t\t<img src=\"https:\/\/www.medellin.gov.co\/es\/wp-content\/uploads\/2025\/07\/Alexander-Gacheche.jpg\" \/>\n\t\t\t\t\t\t\t\t\t\t\t\t\t\t\t\t\t\t\t\t\t\t\t\t<span class=\"icon-play\"><i aria-hidden=\"true\" class=\"fas fa-play-circle\"><\/i><\/span>\n\t\t\t\t\t\t\t\t\t\t\t\t<span class=\"icon-watched\"><i aria-hidden=\"true\" class=\"fas fa-check-circle\"><\/i><\/span>\n\t\t\t\t\t\t\t\t\t\t\t<\/div>\n\t\t\t\t\t\t\t\t\t\t\t\t\t\t\t\t\t\t\t\t<h4 class=\"e-tab-title-text\" title=\"Alex Gacheche\">\n\t\t\t\t\t\t\t\t\t\t\t<a href=\"\">\n\t\t\t\t\t\t\t\t\t\t\t\t\t\t\t\t\t\t\t\t\t\t\t\tAlex Gacheche\t\t\t\t\t\t\t\t\t\t\t<\/a>\n\t\t\t\t\t\t\t\t\t\t<\/h4>\n\t\t\t\t\t\t\t\t\t\t\t\t\t\t\t\t\t\t\t\t\t<span class=\"e-tab-duration\">0:16<\/span>\n\t\t\t\t\t\t\t\t\t\t\t\t\t\t\t\t\t\t\t<\/div>\n\t\t\t\t\t\t\t\t\t\t\t\t\t\t\t\t\t\t\t\t\t\t\t\t\t\t\t\t\t\t\t\t<div id=\"e-tab-title-2396\" class=\"e-tab-title e-tab-desktop-title\" aria-selected=\"false\" data-tab=\"6\" role=\"tab\" tabindex=\"-1\" aria-controls=\"e-tab-content-2396\">\n\t\t\t\t\t\t\t\t\t\t\t\t\t\t\t\t\t\t\t\t\t<div class=\"e-tab-thumbnail\">\n\t\t\t\t\t\t\t\t\t\t\t\t\t\t\t\t\t\t\t\t\t\t\t\t\t<img src=\"https:\/\/www.medellin.gov.co\/es\/wp-content\/uploads\/2025\/07\/jorge-Badillo.jpg\" \/>\n\t\t\t\t\t\t\t\t\t\t\t\t\t\t\t\t\t\t\t\t\t\t\t\t<span class=\"icon-play\"><i aria-hidden=\"true\" class=\"fas fa-play-circle\"><\/i><\/span>\n\t\t\t\t\t\t\t\t\t\t\t\t<span class=\"icon-watched\"><i aria-hidden=\"true\" class=\"fas fa-check-circle\"><\/i><\/span>\n\t\t\t\t\t\t\t\t\t\t\t<\/div>\n\t\t\t\t\t\t\t\t\t\t\t\t\t\t\t\t\t\t\t\t<h4 class=\"e-tab-title-text\" title=\"Jorge Badillo\">\n\t\t\t\t\t\t\t\t\t\t\t<a href=\"\">\n\t\t\t\t\t\t\t\t\t\t\t\t\t\t\t\t\t\t\t\t\t\t\t\tJorge Badillo\t\t\t\t\t\t\t\t\t\t\t<\/a>\n\t\t\t\t\t\t\t\t\t\t<\/h4>\n\t\t\t\t\t\t\t\t\t\t\t\t\t\t\t\t\t\t\t\t\t<span class=\"e-tab-duration\">0:16<\/span>\n\t\t\t\t\t\t\t\t\t\t\t\t\t\t\t\t\t\t\t<\/div>\n\t\t\t\t\t\t\t\t\t\t\t\t\t\t\t\t\t\t\t\t\t<\/div>\n\t\t\t\t\t\t<div class=\"shadow shadow-top\" aria-hidden=\"true\"><\/div>\n\t\t\t\t\t\t<div class=\"shadow shadow-bottom\" aria-hidden=\"true\"><\/div>\n\t\t\t\t\t<\/div>\n\t\t\t\t<\/div>\n\n\t\t\t\t<div class=\"e-tabs-content-wrapper\" role=\"tablist\" aria-orientation=\"vertical\">\n\t\t\t\t\t\t\t\t\t\t\t<div id=\"e-tab-content-2391\" class=\"e-tab-content elementor-clearfix\" data-tab=\"1\" role=\"tabpanel\" aria-labelledby=\"e-tab-title-2391\" tabindex=\"0\" data-video-url=\"https:\/\/youtu.be\/-_erk09AJis\" data-video-type=\"youtube\" data-video-title=\"Alan Kato\" data-video-duration=\"0:16\">\n\t\t\t\t\t\t\t<div><\/div>\n\t\t\t\t\t\t\t\t\t\t\t\t\t<\/div>\n\t\t\t\t\t\t\t\t\t\t\t<div id=\"e-tab-content-2392\" class=\"e-tab-content elementor-clearfix\" data-tab=\"2\" role=\"tabpanel\" aria-labelledby=\"e-tab-title-2392\" tabindex=\"0\" data-video-url=\"https:\/\/youtu.be\/ig7M3fXQaJo\" data-video-type=\"youtube\" data-video-title=\"Mario Ernst\" data-video-duration=\"0:16\" hidden=\"hidden\">\n\t\t\t\t\t\t\t<div><\/div>\n\t\t\t\t\t\t\t\t\t\t\t\t\t<\/div>\n\t\t\t\t\t\t\t\t\t\t\t<div id=\"e-tab-content-2393\" class=\"e-tab-content elementor-clearfix\" data-tab=\"3\" role=\"tabpanel\" aria-labelledby=\"e-tab-title-2393\" tabindex=\"0\" data-video-url=\"https:\/\/youtu.be\/UtfIJs0MEiI\" data-video-type=\"youtube\" data-video-title=\"Isabel Giraldo\" data-video-duration=\"0:16\" hidden=\"hidden\">\n\t\t\t\t\t\t\t<div><\/div>\n\t\t\t\t\t\t\t\t\t\t\t\t\t<\/div>\n\t\t\t\t\t\t\t\t\t\t\t<div id=\"e-tab-content-2394\" class=\"e-tab-content elementor-clearfix\" data-tab=\"4\" role=\"tabpanel\" aria-labelledby=\"e-tab-title-2394\" tabindex=\"0\" data-video-url=\"https:\/\/youtu.be\/iKsaDYT2ZcQ\" data-video-type=\"youtube\" data-video-title=\"Nicol\u00e1s Jerkovic\" data-video-duration=\"0:16\" hidden=\"hidden\">\n\t\t\t\t\t\t\t<div><\/div>\n\t\t\t\t\t\t\t\t\t\t\t\t\t<\/div>\n\t\t\t\t\t\t\t\t\t\t\t<div id=\"e-tab-content-2395\" class=\"e-tab-content elementor-clearfix\" data-tab=\"5\" role=\"tabpanel\" aria-labelledby=\"e-tab-title-2395\" tabindex=\"0\" data-video-url=\"https:\/\/youtu.be\/KH6urJ6q6eU\" data-video-type=\"youtube\" data-video-title=\"Alex Gacheche\" data-video-duration=\"0:16\" hidden=\"hidden\">\n\t\t\t\t\t\t\t<div><\/div>\n\t\t\t\t\t\t\t\t\t\t\t\t\t<\/div>\n\t\t\t\t\t\t\t\t\t\t\t<div id=\"e-tab-content-2396\" class=\"e-tab-content elementor-clearfix\" data-tab=\"6\" role=\"tabpanel\" aria-labelledby=\"e-tab-title-2396\" tabindex=\"0\" data-video-url=\"https:\/\/youtu.be\/K0YcIFPahGc\" data-video-type=\"youtube\" data-video-title=\"Jorge Badillo\" data-video-duration=\"0:16\" hidden=\"hidden\">\n\t\t\t\t\t\t\t<div><\/div>\n\t\t\t\t\t\t\t\t\t\t\t\t\t<\/div>\n\t\t\t\t\t\t\t\t\t<\/div>\n\t\t\t<\/div>\n\n\t\t\t<div class=\"e-tabs-inner-tabs\" >\n\t\t\t\t\t\t\t\t\t\t\t\t\t\t\t\t\t\t\t\t\t\t\t\t\t\t\t\t\t\t\t\t\t\t\t\t\t\t\t\t\t\t\t\t\t\t\t\t\t\t\t\t\t\t\t\t\t\t\t\t\t<\/div>\n\t\t<\/div>\n\t\t\t\t<\/div>\n\t\t\t\t<\/div>\n\t\t<\/div><div class=\"elementor-element elementor-element-beb56f0 e-container--column e-container\" data-id=\"beb56f0\" data-element_type=\"container\">\t\t\t\t<div class=\"elementor-element elementor-element-76277fd elementor-widget elementor-widget-spacer\" data-id=\"76277fd\" data-element_type=\"widget\" data-widget_type=\"spacer.default\">\n\t\t\t\t<div class=\"elementor-widget-container\">\n\t\t\t\t\t<div class=\"elementor-spacer\">\n\t\t\t<div class=\"elementor-spacer-inner\"><\/div>\n\t\t<\/div>\n\t\t\t\t<\/div>\n\t\t\t\t<\/div>\n\t\t<\/div><div class=\"elementor-element elementor-element-adab6f6 e-container--column e-container\" data-id=\"adab6f6\" data-element_type=\"container\">\t\t\t\t<div class=\"elementor-element elementor-element-61012d7 elementor-widget elementor-widget-spacer\" data-id=\"61012d7\" data-element_type=\"widget\" data-widget_type=\"spacer.default\">\n\t\t\t\t<div class=\"elementor-widget-container\">\n\t\t\t\t\t<div class=\"elementor-spacer\">\n\t\t\t<div class=\"elementor-spacer-inner\"><\/div>\n\t\t<\/div>\n\t\t\t\t<\/div>\n\t\t\t\t<\/div>\n\t\t<\/div><div class=\"elementor-element elementor-element-bff9a15 e-container--column e-container\" data-id=\"bff9a15\" data-element_type=\"container\">\t\t\t\t<div class=\"elementor-element elementor-element-0896897 elementor-widget elementor-widget-heading\" data-id=\"0896897\" data-element_type=\"widget\" data-widget_type=\"heading.default\">\n\t\t\t\t<div class=\"elementor-widget-container\">\n\t\t\t<h1 class=\"elementor-heading-title elementor-size-medium\">Registro fotogr\u00e1fico<\/h1>\t\t<\/div>\n\t\t\t\t<\/div>\n\t\t<\/div><div class=\"elementor-element elementor-element-d57c9e9 e-container--column e-container\" data-id=\"d57c9e9\" data-element_type=\"container\">\t\t\t\t<div class=\"elementor-element elementor-element-9ff5fae elementor-widget-divider--view-line elementor-widget elementor-widget-divider\" data-id=\"9ff5fae\" data-element_type=\"widget\" data-widget_type=\"divider.default\">\n\t\t\t\t<div class=\"elementor-widget-container\">\n\t\t\t\t\t<div class=\"elementor-divider\">\n\t\t\t<span class=\"elementor-divider-separator\">\n\t\t\t\t\t\t<\/span>\n\t\t<\/div>\n\t\t\t\t<\/div>\n\t\t\t\t<\/div>\n\t\t<\/div><div class=\"elementor-element elementor-element-c412092 e-container--column e-container\" data-id=\"c412092\" data-element_type=\"container\">\t\t\t\t<div class=\"elementor-element elementor-element-b9f3b9e elementor-skin-carousel elementor-arrows-yes elementor-pagination-type-bullets elementor-pagination-position-outside elementor-widget elementor-widget-media-carousel\" data-id=\"b9f3b9e\" data-element_type=\"widget\" data-settings=\"{&quot;skin&quot;:&quot;carousel&quot;,&quot;effect&quot;:&quot;slide&quot;,&quot;show_arrows&quot;:&quot;yes&quot;,&quot;pagination&quot;:&quot;bullets&quot;,&quot;speed&quot;:500,&quot;autoplay&quot;:&quot;yes&quot;,&quot;autoplay_speed&quot;:5000,&quot;loop&quot;:&quot;yes&quot;,&quot;pause_on_hover&quot;:&quot;yes&quot;,&quot;pause_on_interaction&quot;:&quot;yes&quot;,&quot;space_between&quot;:{&quot;unit&quot;:&quot;px&quot;,&quot;size&quot;:10,&quot;sizes&quot;:[]},&quot;space_between_tablet&quot;:{&quot;unit&quot;:&quot;px&quot;,&quot;size&quot;:10,&quot;sizes&quot;:[]},&quot;space_between_mobile&quot;:{&quot;unit&quot;:&quot;px&quot;,&quot;size&quot;:10,&quot;sizes&quot;:[]}}\" data-widget_type=\"media-carousel.default\">\n\t\t\t\t<div class=\"elementor-widget-container\">\n\t\t\t\t\t<div class=\"elementor-swiper\">\n\t\t\t<div class=\"elementor-main-swiper swiper-container\">\n\t\t\t\t<div class=\"swiper-wrapper\">\n\t\t\t\t\t\t\t\t\t\t\t<div class=\"swiper-slide\">\n\t\t\t\t\t\t\t<a href=\"https:\/\/www.medellin.gov.co\/es\/wp-content\/uploads\/2025\/07\/1-scaled.jpg\">\t\t<div class=\"elementor-carousel-image\" style=\"background-image: url(https:\/\/www.medellin.gov.co\/es\/wp-content\/uploads\/2025\/07\/1-scaled.jpg)\">\n\t\t\t\t\t<\/div>\n\t\t<\/a>\t\t\t\t\t\t<\/div>\n\t\t\t\t\t\t\t\t\t\t\t<div class=\"swiper-slide\">\n\t\t\t\t\t\t\t<a href=\"https:\/\/www.medellin.gov.co\/es\/wp-content\/uploads\/2025\/07\/7.jpg\">\t\t<div class=\"elementor-carousel-image\" style=\"background-image: url(https:\/\/www.medellin.gov.co\/es\/wp-content\/uploads\/2025\/07\/7.jpg)\">\n\t\t\t\t\t<\/div>\n\t\t<\/a>\t\t\t\t\t\t<\/div>\n\t\t\t\t\t\t\t\t\t\t\t<div class=\"swiper-slide\">\n\t\t\t\t\t\t\t<a href=\"https:\/\/www.medellin.gov.co\/es\/wp-content\/uploads\/2025\/07\/6-scaled.jpg\">\t\t<div class=\"elementor-carousel-image\" style=\"background-image: url(https:\/\/www.medellin.gov.co\/es\/wp-content\/uploads\/2025\/07\/6-scaled.jpg)\">\n\t\t\t\t\t<\/div>\n\t\t<\/a>\t\t\t\t\t\t<\/div>\n\t\t\t\t\t\t\t\t\t\t\t<div class=\"swiper-slide\">\n\t\t\t\t\t\t\t<a href=\"https:\/\/www.medellin.gov.co\/es\/wp-content\/uploads\/2025\/07\/4-scaled.jpg\">\t\t<div class=\"elementor-carousel-image\" style=\"background-image: url(https:\/\/www.medellin.gov.co\/es\/wp-content\/uploads\/2025\/07\/4-scaled.jpg)\">\n\t\t\t\t\t<\/div>\n\t\t<\/a>\t\t\t\t\t\t<\/div>\n\t\t\t\t\t\t\t\t\t\t\t<div class=\"swiper-slide\">\n\t\t\t\t\t\t\t<a href=\"https:\/\/www.medellin.gov.co\/es\/wp-content\/uploads\/2025\/07\/7-1.jpeg\">\t\t<div class=\"elementor-carousel-image\" style=\"background-image: url(https:\/\/www.medellin.gov.co\/es\/wp-content\/uploads\/2025\/07\/7-1.jpeg)\">\n\t\t\t\t\t<\/div>\n\t\t<\/a>\t\t\t\t\t\t<\/div>\n\t\t\t\t\t\t\t\t\t\t\t<div class=\"swiper-slide\">\n\t\t\t\t\t\t\t<a href=\"https:\/\/www.medellin.gov.co\/es\/wp-content\/uploads\/2025\/07\/2-scaled.jpg\">\t\t<div class=\"elementor-carousel-image\" style=\"background-image: url(https:\/\/www.medellin.gov.co\/es\/wp-content\/uploads\/2025\/07\/2-scaled.jpg)\">\n\t\t\t\t\t<\/div>\n\t\t<\/a>\t\t\t\t\t\t<\/div>\n\t\t\t\t\t\t\t\t\t\t\t<div class=\"swiper-slide\">\n\t\t\t\t\t\t\t<a href=\"https:\/\/www.medellin.gov.co\/es\/wp-content\/uploads\/2025\/07\/5-scaled.jpg\">\t\t<div class=\"elementor-carousel-image\" style=\"background-image: url(https:\/\/www.medellin.gov.co\/es\/wp-content\/uploads\/2025\/07\/5-scaled.jpg)\">\n\t\t\t\t\t<\/div>\n\t\t<\/a>\t\t\t\t\t\t<\/div>\n\t\t\t\t\t\t\t\t\t\t\t<div class=\"swiper-slide\">\n\t\t\t\t\t\t\t<a href=\"https:\/\/www.medellin.gov.co\/es\/wp-content\/uploads\/2025\/07\/3-scaled.jpg\">\t\t<div class=\"elementor-carousel-image\" style=\"background-image: url(https:\/\/www.medellin.gov.co\/es\/wp-content\/uploads\/2025\/07\/3-scaled.jpg)\">\n\t\t\t\t\t<\/div>\n\t\t<\/a>\t\t\t\t\t\t<\/div>\n\t\t\t\t\t\t\t\t\t<\/div>\n\t\t\t\t\t\t\t\t\t\t\t\t\t\t\t<div class=\"swiper-pagination\"><\/div>\n\t\t\t\t\t\t\t\t\t\t\t\t\t\t\t\t<div class=\"elementor-swiper-button elementor-swiper-button-prev\">\n\t\t\t\t\t\t\t<i aria-hidden=\"true\" class=\"eicon-chevron-left\"><\/i>\t\t\t\t\t\t\t<span class=\"elementor-screen-only\">Anterior<\/span>\n\t\t\t\t\t\t<\/div>\n\t\t\t\t\t\t<div class=\"elementor-swiper-button elementor-swiper-button-next\">\n\t\t\t\t\t\t\t<i aria-hidden=\"true\" class=\"eicon-chevron-right\"><\/i>\t\t\t\t\t\t\t<span class=\"elementor-screen-only\">Siguiente<\/span>\n\t\t\t\t\t\t<\/div>\n\t\t\t\t\t\t\t\t\t\t\t\t<\/div>\n\t\t<\/div>\n\t\t\t\t<\/div>\n\t\t\t\t<\/div>\n\t\t<\/div>\t\t\t\t\t\t\t<\/div>\n\t\t\t<\/div>\n\t\t\t\t\t<\/div>\n\t\t","protected":false},"excerpt":{"rendered":"<p>Memorias XII Seminario Internacional de Auditor\u00eda Interna:M\u00e1s all\u00e1 del riesgo \u00a1Estrategias en acci\u00f3n! La Secretar\u00eda de Evaluaci\u00f3n y Control realiza anualmente el Seminario Internacional de Auditor\u00eda Interna, con el prop\u00f3sito de visibilizar las tendencias globales &#8230;<\/p>\n","protected":false},"author":94,"featured_media":0,"parent":20206,"menu_order":0,"comment_status":"closed","ping_status":"closed","template":"sec-evaluacion-control\/elementor.php","meta":[],"acf":[],"_links":{"self":[{"href":"https:\/\/www.medellin.gov.co\/es\/wp-json\/wp\/v2\/pages\/423982"}],"collection":[{"href":"https:\/\/www.medellin.gov.co\/es\/wp-json\/wp\/v2\/pages"}],"about":[{"href":"https:\/\/www.medellin.gov.co\/es\/wp-json\/wp\/v2\/types\/page"}],"author":[{"embeddable":true,"href":"https:\/\/www.medellin.gov.co\/es\/wp-json\/wp\/v2\/users\/94"}],"replies":[{"embeddable":true,"href":"https:\/\/www.medellin.gov.co\/es\/wp-json\/wp\/v2\/comments?post=423982"}],"version-history":[{"count":11,"href":"https:\/\/www.medellin.gov.co\/es\/wp-json\/wp\/v2\/pages\/423982\/revisions"}],"predecessor-version":[{"id":431517,"href":"https:\/\/www.medellin.gov.co\/es\/wp-json\/wp\/v2\/pages\/423982\/revisions\/431517"}],"up":[{"embeddable":true,"href":"https:\/\/www.medellin.gov.co\/es\/wp-json\/wp\/v2\/pages\/20206"}],"wp:attachment":[{"href":"https:\/\/www.medellin.gov.co\/es\/wp-json\/wp\/v2\/media?parent=423982"}],"curies":[{"name":"wp","href":"https:\/\/api.w.org\/{rel}","templated":true}]}}